{"id":9327,"date":"2023-03-20T22:45:38","date_gmt":"2023-03-20T21:45:38","guid":{"rendered":"https:\/\/meeteu.eu\/?page_id=9327"},"modified":"2025-10-22T11:58:08","modified_gmt":"2025-10-22T09:58:08","slug":"privacy-policy","status":"publish","type":"page","link":"https:\/\/meeteu.eu\/tr\/privacy-policy\/","title":{"rendered":"Gizlilik Politikas\u0131"},"content":{"rendered":"<div data-elementor-type=\"wp-page\" data-elementor-id=\"9327\" class=\"elementor elementor-9327\" data-elementor-post-type=\"page\">\n\t\t\t\t\t\t<section class=\"elementor-section elementor-top-section elementor-element elementor-element-07c6254 elementor-section-full_width elementor-section-height-default elementor-section-height-default\" data-id=\"07c6254\" data-element_type=\"section\">\n\t\t\t\t\t\t<div class=\"elementor-container elementor-column-gap-default\">\n\t\t\t\t\t<div class=\"aux-parallax-section elementor-column elementor-col-100 elementor-top-column elementor-element elementor-element-eeeb35b\" data-id=\"eeeb35b\" data-element_type=\"column\">\n\t\t\t<div class=\"elementor-widget-wrap elementor-element-populated\">\n\t\t\t\t\t\t<div class=\"elementor-element elementor-element-6e5895a elementor-widget elementor-widget-text-editor\" data-id=\"6e5895a\" data-element_type=\"widget\" data-widget_type=\"text-editor.default\">\n\t\t\t\t<div class=\"elementor-widget-container\">\n\t\t\t\t\t\t\t\t\t<p><strong>Son g\u00fcncelleme 26 Ocak 2022<\/strong><\/p>\n<p><!-- \/wp:paragraph --><!-- wp:paragraph --><\/p>\n<p>Bu gizlilik politikas\u0131 Termly'nin\u00a0<a href=\"https:\/\/termly.io\/products\/privacy-policy-generator\" rel=\"noopener\">Gizlilik Politikas\u0131 Olu\u015fturucu<\/a>.<\/p>\n<p><!-- \/wp:paragraph --><!-- wp:paragraph --><\/p>\n<p>MeetEU.eu (\") adresindeki toplulu\u011fumuzun bir par\u00e7as\u0131 olmay\u0131 se\u00e7ti\u011finiz i\u00e7in te\u015fekk\u00fcr ederiz.<strong>\u015eirket<\/strong>,\" \"<strong>Biz<\/strong>,\" \"<strong>Biz<\/strong>\" veya \"<strong>bizim<\/strong>\"). Ki\u015fisel bilgilerinizi ve gizlilik hakk\u0131n\u0131z\u0131 korumaya kararl\u0131y\u0131z. Bu gizlilik bildirimi veya ki\u015fisel bilgilerinizle ilgili uygulamalar\u0131m\u0131z hakk\u0131nda herhangi bir sorunuz veya endi\u015feniz varsa, l\u00fctfen bizimle \u015fu adresten ileti\u015fime ge\u00e7in\u00a0<a href=\"mailto:dataprotection@meeteu.eu\">dataprotection@meeteu.eu<\/a><\/p>\n<p><!-- \/wp:paragraph --><!-- wp:paragraph --><\/p>\n<p>Bu gizlilik bildirimi, a\u015fa\u011f\u0131daki durumlarda bilgilerinizi nas\u0131l kullanabilece\u011fimizi a\u00e7\u0131klamaktad\u0131r:<\/p>\n<p><!-- \/wp:paragraph --><!-- wp:list --><\/p>\n<ul><!-- wp:list-item -->\n<li>Web sitemizi ziyaret edin\u00a0<a href=\"https:\/\/meeteu.eu\/tr\/\" target=\"_blank\" rel=\"noreferrer noopener\">https:\/\/meeteu.eu\/<\/a><\/li>\n<!-- \/wp:list-item --><!-- wp:list-item -->\n<li>Herhangi bir sat\u0131\u015f, pazarlama veya etkinlik dahil olmak \u00fczere di\u011fer ilgili yollarla bizimle etkile\u015fime ge\u00e7in<\/li>\n<!-- \/wp:list-item --><\/ul>\n<p><!-- \/wp:list --><!-- wp:paragraph --><\/p>\n<p>Bu gizlilik bildiriminde, e\u011fer at\u0131fta bulunursak:<\/p>\n<p><!-- \/wp:paragraph --><!-- wp:list --><\/p>\n<ul><!-- wp:list-item -->\n<li>\"<strong>Web sitesi<\/strong>\"bu politikaya at\u0131fta bulunan veya ba\u011flant\u0131 veren herhangi bir web sitemize at\u0131fta bulunuyoruz<\/li>\n<!-- \/wp:list-item --><!-- wp:list-item -->\n<li>\"<strong>Hizmetler<\/strong>\"Web sitemize ve her t\u00fcrl\u00fc sat\u0131\u015f, pazarlama veya etkinlik dahil olmak \u00fczere di\u011fer ilgili hizmetlere at\u0131fta bulunuyoruz<\/li>\n<!-- \/wp:list-item --><\/ul>\n<p><!-- \/wp:list --><!-- wp:paragraph --><\/p>\n<p>Bu gizlilik bildiriminin amac\u0131, hangi bilgileri toplad\u0131\u011f\u0131m\u0131z\u0131, bunlar\u0131 nas\u0131l kulland\u0131\u011f\u0131m\u0131z\u0131 ve bunlarla ilgili olarak hangi haklara sahip oldu\u011funuzu size m\u00fcmk\u00fcn olan en a\u00e7\u0131k \u015fekilde a\u00e7\u0131klamakt\u0131r. Bu gizlilik bildiriminde kabul etmedi\u011finiz herhangi bir \u015fart varsa, l\u00fctfen Hizmetlerimizi kullanmay\u0131 derhal b\u0131rak\u0131n.<\/p>\n<p><!-- \/wp:paragraph --><!-- wp:paragraph --><\/p>\n<p><strong>Toplad\u0131\u011f\u0131m\u0131z bilgilerle ne yapt\u0131\u011f\u0131m\u0131z\u0131 anlaman\u0131za yard\u0131mc\u0131 olaca\u011f\u0131ndan, l\u00fctfen bu gizlilik bildirimini dikkatlice okuyun.<\/strong><\/p>\n<p><!-- \/wp:paragraph --><!-- wp:paragraph --><\/p>\n<p><!-- \/wp:paragraph --><!-- wp:paragraph --><\/p>\n<p><strong>1. HANGI\u0307 BI\u0307LGI\u0307LERI\u0307 TOPLUYORUZ?<\/strong><\/p>\n<p><!-- \/wp:paragraph --><!-- wp:paragraph --><\/p>\n<p><strong>Bize if\u015fa etti\u011finiz ki\u015fisel bilgiler<\/strong><\/p>\n<p><!-- \/wp:paragraph --><!-- wp:paragraph --><\/p>\n<p><strong><em>K\u0131sacas\u0131:\u00a0\u00a0<\/em><\/strong><em>Bize sa\u011flad\u0131\u011f\u0131n\u0131z ki\u015fisel bilgileri toplar\u0131z.<\/em><\/p>\n<p><!-- \/wp:paragraph --><!-- wp:paragraph --><\/p>\n<p>Bizimle veya \u00fcr\u00fcnlerimizle ve Hizmetlerimizle ilgili bilgi almak istedi\u011finizi belirtti\u011finizde, Web Sitesindeki etkinliklere kat\u0131ld\u0131\u011f\u0131n\u0131zda veya ba\u015fka bir \u015fekilde bizimle ileti\u015fime ge\u00e7ti\u011finizde bize g\u00f6n\u00fcll\u00fc olarak sa\u011flad\u0131\u011f\u0131n\u0131z ki\u015fisel bilgileri toplar\u0131z.<\/p>\n<p><!-- \/wp:paragraph --><!-- wp:paragraph --><\/p>\n<p>Toplad\u0131\u011f\u0131m\u0131z ki\u015fisel bilgiler, bizimle ve Web Sitesiyle olan etkile\u015fimlerinizin ba\u011flam\u0131na, yapt\u0131\u011f\u0131n\u0131z se\u00e7imlere ve kulland\u0131\u011f\u0131n\u0131z \u00fcr\u00fcn ve \u00f6zelliklere ba\u011fl\u0131d\u0131r. Toplad\u0131\u011f\u0131m\u0131z ki\u015fisel bilgiler a\u015fa\u011f\u0131dakileri i\u00e7erebilir:<\/p>\n<p><!-- \/wp:paragraph --><!-- wp:paragraph --><\/p>\n<p><strong>Taraf\u0131n\u0131zdan Sa\u011flanan Ki\u015fisel Bilgiler.<\/strong>\u00a0E-posta adresleri; \u00fclke; ya\u015f ve di\u011fer benzer bilgileri topluyoruz.<\/p>\n<p><!-- \/wp:paragraph --><!-- wp:paragraph --><\/p>\n<p>Bize sa\u011flad\u0131\u011f\u0131n\u0131z t\u00fcm ki\u015fisel bilgiler ger\u00e7ek, eksiksiz ve do\u011fru olmal\u0131 ve bu t\u00fcr ki\u015fisel bilgilerdeki her t\u00fcrl\u00fc de\u011fi\u015fikli\u011fi bize bildirmelisiniz.<\/p>\n<p><!-- \/wp:paragraph --><!-- wp:paragraph --><\/p>\n<p><strong>2. BI\u0307LGI\u0307LERI\u0307NI\u0307ZI\u0307 NASIL KULLANIYORUZ?<\/strong><\/p>\n<p><!-- \/wp:paragraph --><!-- wp:paragraph --><\/p>\n<p><strong><em>K\u0131sacas\u0131: \u00a0<\/em><\/strong><em>Bilgilerinizi me\u015fru ticari menfaatler, sizinle olan s\u00f6zle\u015fmemizin yerine getirilmesi, yasal y\u00fck\u00fcml\u00fcl\u00fcklerimize uygunluk ve\/veya izninize dayal\u0131 ama\u00e7lar do\u011frultusunda i\u015flemekteyiz.<\/em><\/p>\n<p><!-- \/wp:paragraph --><!-- wp:paragraph --><\/p>\n<p>Web sitemiz arac\u0131l\u0131\u011f\u0131yla toplanan ki\u015fisel bilgileri a\u015fa\u011f\u0131da a\u00e7\u0131klanan \u00e7e\u015fitli i\u015f ama\u00e7lar\u0131 i\u00e7in kullan\u0131r\u0131z. Ki\u015fisel bilgilerinizi bu ama\u00e7lar do\u011frultusunda me\u015fru ticari menfaatlerimize dayanarak, sizinle bir s\u00f6zle\u015fme yapmak veya ger\u00e7ekle\u015ftirmek i\u00e7in, sizin izninizle ve\/veya yasal y\u00fck\u00fcml\u00fcl\u00fcklerimize uymak i\u00e7in i\u015fleriz. A\u015fa\u011f\u0131da listelenen her bir amac\u0131n yan\u0131nda dayand\u0131\u011f\u0131m\u0131z belirli i\u015fleme gerek\u00e7elerini belirtiyoruz.<\/p>\n<p><!-- \/wp:paragraph --><!-- wp:paragraph --><\/p>\n<p>Yasal a\u00e7\u0131dan, ger\u00e7ekle\u015ftirdi\u011fimiz veri i\u015flemenin ara\u00e7lar\u0131n\u0131 ve\/veya ama\u00e7lar\u0131n\u0131 biz belirledi\u011fimiz i\u00e7in Avrupa veri koruma yasalar\u0131 kapsam\u0131nda genellikle \"veri denetleyicisi\" biziz. Bununla birlikte, size kurumsal hizmetlerin sa\u011flanmas\u0131 i\u00e7in bir veri i\u015fleme s\u00f6zle\u015fmesi imzalad\u0131\u011f\u0131m\u0131z bir ticari m\u00fc\u015fteriyseniz, talimatlar\u0131n\u0131za uygun olarak sizin ad\u0131n\u0131za veri i\u015fleyece\u011fimiz i\u00e7in Avrupa veri koruma yasalar\u0131 kapsam\u0131nda \"veri denetleyicisi\" siz, \"veri i\u015fleyen\" ise biz oluruz.<\/p>\n<p><!-- \/wp:paragraph --><!-- wp:paragraph --><\/p>\n<p>Toplad\u0131\u011f\u0131m\u0131z veya ald\u0131\u011f\u0131m\u0131z bilgileri kullan\u0131r\u0131z:<\/p>\n<p><!-- \/wp:paragraph --><!-- wp:list --><\/p>\n<ul><!-- wp:list-item -->\n<li><strong>Size pazarlama ve promosyon ileti\u015fimleri g\u00f6ndermek i\u00e7in.<\/strong>\u00a0Biz ve\/veya \u00fc\u00e7\u00fcnc\u00fc taraf pazarlama ortaklar\u0131m\u0131z, pazarlama tercihlerinize uygun olmas\u0131 halinde, bize g\u00f6nderdi\u011finiz ki\u015fisel bilgileri pazarlama ama\u00e7lar\u0131m\u0131z do\u011frultusunda kullanabiliriz. \u00d6rne\u011fin, bizimle veya Web Sitemizle ilgili bilgi almakla ilgilendi\u011finizi ifade etti\u011finizde, pazarlamaya abone oldu\u011funuzda veya ba\u015fka bir \u015fekilde bizimle ileti\u015fime ge\u00e7ti\u011finizde, sizden ki\u015fisel bilgiler toplayaca\u011f\u0131z. Pazarlama e-postalar\u0131m\u0131zdan istedi\u011finiz zaman vazge\u00e7ebilirsiniz (a\u015fa\u011f\u0131daki \"G\u0130ZL\u0130L\u0130K HAKLARINIZ NELERD\u0130R?\" b\u00f6l\u00fcm\u00fcne bak\u0131n\u0131z).<\/li>\n<!-- \/wp:list-item --><!-- wp:list-item -->\n<li><strong>Size hedefli reklamlar sunmak.<\/strong>\u00a0Bilgilerinizi, ilgi alanlar\u0131n\u0131za ve\/veya konumunuza g\u00f6re uyarlanm\u0131\u015f ki\u015fiselle\u015ftirilmi\u015f i\u00e7erik ve reklamlar geli\u015ftirmek ve g\u00f6r\u00fcnt\u00fclemek (ve bunu yapan \u00fc\u00e7\u00fcnc\u00fc taraflarla \u00e7al\u0131\u015fmak) ve bunlar\u0131n etkinli\u011fini \u00f6l\u00e7mek i\u00e7in kullanabiliriz.<\/li>\n<!-- \/wp:list-item --><\/ul>\n<p><!-- \/wp:list --><!-- wp:paragraph --><\/p>\n<p><strong>3. BI\u0307LGI\u0307LERI\u0307NI\u0307Z HERHANGI\u0307 BI\u0307RI\u0307YLE PAYLA\u015eILACAK MI?<\/strong><\/p>\n<p><!-- \/wp:paragraph --><!-- wp:paragraph --><\/p>\n<p><strong><em>K\u0131sacas\u0131:<\/em><\/strong><em>\u00a0 Bilgileri yaln\u0131zca sizin izninizle, yasalara uymak, size hizmet sunmak, haklar\u0131n\u0131z\u0131 korumak veya i\u015f y\u00fck\u00fcml\u00fcl\u00fcklerini yerine getirmek i\u00e7in payla\u015f\u0131r\u0131z.<\/em><\/p>\n<p><!-- \/wp:paragraph --><!-- wp:paragraph --><\/p>\n<p>Elimizde bulunan verilerinizi a\u015fa\u011f\u0131daki yasal dayanaklara g\u00f6re i\u015fleyebilir veya payla\u015fabiliriz:<\/p>\n<p><!-- \/wp:paragraph --><!-- wp:list --><\/p>\n<ul><!-- wp:list-item -->\n<li><strong>R\u0131za:<\/strong>\u00a0Ki\u015fisel bilgilerinizi belirli bir ama\u00e7 i\u00e7in kullanmam\u0131z i\u00e7in bize \u00f6zel izin verdiyseniz verilerinizi i\u015fleyebiliriz.<\/li>\n<!-- \/wp:list-item --><!-- wp:list-item -->\n<li><strong>Me\u015fru Menfaatler:<\/strong>\u00a0Me\u015fru ticari \u00e7\u0131karlar\u0131m\u0131za ula\u015fmak i\u00e7in makul \u00f6l\u00e7\u00fcde gerekli oldu\u011funda verilerinizi i\u015fleyebiliriz.<\/li>\n<!-- \/wp:list-item --><!-- wp:list-item -->\n<li><strong>Bir S\u00f6zle\u015fmenin \u0130fas\u0131:<\/strong>\u00a0Sizinle bir s\u00f6zle\u015fme imzalad\u0131\u011f\u0131m\u0131z durumlarda, ki\u015fisel bilgilerinizi s\u00f6zle\u015fmemizin \u015fartlar\u0131n\u0131 yerine getirmek i\u00e7in i\u015fleyebiliriz.<\/li>\n<!-- \/wp:list-item --><!-- wp:list-item -->\n<li><strong>Yasal Y\u00fck\u00fcml\u00fcl\u00fckler:<\/strong>\u00a0Y\u00fcr\u00fcrl\u00fckteki yasalara, h\u00fck\u00fcmet taleplerine, adli bir i\u015fleme, mahkeme karar\u0131na veya mahkeme emri veya mahkeme celbi gibi yasal s\u00fcre\u00e7lere uymak i\u00e7in yasal olarak bunu yapmam\u0131z gereken durumlarda bilgilerinizi if\u015fa edebiliriz (ulusal g\u00fcvenlik veya yasa uygulama gerekliliklerini kar\u015f\u0131lamak i\u00e7in kamu makamlar\u0131na yan\u0131t vermek dahil).<\/li>\n<!-- \/wp:list-item --><!-- wp:list-item -->\n<li><strong>Hayati \u0130lgi Alanlar\u0131:<\/strong>\u00a0Politikalar\u0131m\u0131z\u0131n olas\u0131 ihlallerini, \u015f\u00fcpheli doland\u0131r\u0131c\u0131l\u0131\u011f\u0131, herhangi bir ki\u015finin g\u00fcvenli\u011fine y\u00f6nelik potansiyel tehditleri i\u00e7eren durumlar\u0131 ve yasa d\u0131\u015f\u0131 faaliyetleri ara\u015ft\u0131rmak, \u00f6nlemek veya bunlarla ilgili i\u015flem yapmak i\u00e7in veya dahil oldu\u011fumuz davalarda kan\u0131t olarak gerekli oldu\u011funa inand\u0131\u011f\u0131m\u0131z durumlarda bilgilerinizi if\u015fa edebiliriz.<\/li>\n<!-- \/wp:list-item --><\/ul>\n<p><!-- \/wp:list --><!-- wp:paragraph --><\/p>\n<p>Daha spesifik olarak, a\u015fa\u011f\u0131daki durumlarda verilerinizi i\u015flememiz veya ki\u015fisel bilgilerinizi payla\u015fmam\u0131z gerekebilir:<\/p>\n<p><!-- \/wp:paragraph --><!-- wp:list --><\/p>\n<ul><!-- wp:list-item -->\n<li><strong>Di\u011fer \u00dc\u00e7\u00fcnc\u00fc Taraf Hizmet Sa\u011flay\u0131c\u0131lar\u0131.<\/strong>\u00a0Verilerinizi bizim i\u00e7in veya bizim ad\u0131m\u0131za hizmet veren ve bu i\u015fi yapmak i\u00e7in bu t\u00fcr bilgilere eri\u015fmesi gereken arac\u0131larla payla\u015fabiliriz. \u00d6rnekler aras\u0131nda \u00f6deme i\u015flemleri, veri analizi, e-posta g\u00f6nderimi, bar\u0131nd\u0131rma hizmetleri, m\u00fc\u015fteri hizmetleri ve pazarlama \u00e7al\u0131\u015fmalar\u0131 yer almaktad\u0131r. Se\u00e7ilen \u00fc\u00e7\u00fcnc\u00fc taraflar\u0131n Web Sitesinde izleme teknolojisini kullanmalar\u0131na izin verebiliriz, bu da zaman i\u00e7inde Web Sitemizle nas\u0131l etkile\u015fimde bulundu\u011funuz hakk\u0131nda bizim ad\u0131m\u0131za veri toplamalar\u0131n\u0131 sa\u011flayacakt\u0131r. Bu bilgiler, di\u011fer \u015feylerin yan\u0131 s\u0131ra, verileri analiz etmek ve izlemek, belirli i\u00e7eriklerin, sayfalar\u0131n veya \u00f6zelliklerin pop\u00fclerli\u011fini belirlemek ve \u00e7evrimi\u00e7i etkinli\u011fi daha iyi anlamak i\u00e7in kullan\u0131labilir. Bu bildirimde a\u00e7\u0131klanmad\u0131\u011f\u0131 s\u00fcrece, bilgilerinizin hi\u00e7birini tan\u0131t\u0131m amac\u0131yla \u00fc\u00e7\u00fcnc\u00fc taraflarla payla\u015fmay\u0131z, satmay\u0131z, kiralamay\u0131z veya takas etmeyiz. Veri i\u015fleyicilerimizle, ki\u015fisel bilgilerinizin korunmas\u0131na yard\u0131mc\u0131 olmak i\u00e7in tasarlanm\u0131\u015f s\u00f6zle\u015fmelerimiz bulunmaktad\u0131r. Bu, biz talimat vermedi\u011fimiz s\u00fcrece ki\u015fisel bilgilerinizle hi\u00e7bir \u015fey yapamayacaklar\u0131 anlam\u0131na gelir. Ayr\u0131ca ki\u015fisel bilgilerinizi bizim d\u0131\u015f\u0131m\u0131zda hi\u00e7bir kurulu\u015fla payla\u015fmayacaklard\u0131r. Ayr\u0131ca, bizim ad\u0131m\u0131za tuttuklar\u0131 verileri korumay\u0131 ve talimat verdi\u011fimiz s\u00fcre boyunca saklamay\u0131 taahh\u00fct ederler.<\/li>\n<!-- \/wp:list-item --><\/ul>\n<p><!-- \/wp:list --><!-- wp:paragraph --><\/p>\n<p><strong>4. BI\u0307LGI\u0307LERI\u0307NI\u0307Z KI\u0307MLERLE PAYLA\u015eILACAK?<\/strong>\u00a0\u00a0\u00a0\u00a0\u00a0<\/p>\n<p><!-- \/wp:paragraph --><!-- wp:paragraph --><\/p>\n<p><strong><em>K\u0131sacas\u0131:<\/em><\/strong><em>\u00a0 Bilgileri yaln\u0131zca a\u015fa\u011f\u0131daki \u00fc\u00e7\u00fcnc\u00fc taraflarla payla\u015f\u0131yoruz.<\/em><\/p>\n<p><!-- \/wp:paragraph --><!-- wp:paragraph --><\/p>\n<p>Bilgilerinizi yaln\u0131zca a\u015fa\u011f\u0131daki \u00fc\u00e7\u00fcnc\u00fc taraflarla payla\u015f\u0131yor ve if\u015fa ediyoruz. Verilerinizi izninize dayal\u0131 olarak i\u015flediysek ve izninizi iptal etmek istiyorsan\u0131z, l\u00fctfen a\u015fa\u011f\u0131daki \"BU B\u0130LD\u0130R\u0130M HAKKINDA B\u0130Z\u0130MLE NASIL \u0130LET\u0130\u015e\u0130ME GE\u00c7EB\u0130L\u0130RS\u0130N\u0130Z?\" ba\u015fl\u0131kl\u0131 b\u00f6l\u00fcmde verilen ileti\u015fim bilgilerini kullanarak bizimle ileti\u015fime ge\u00e7in.<\/p>\n<p><!-- \/wp:paragraph --><!-- wp:list --><\/p>\n<ul><!-- wp:list-item -->\n<li><strong>Etkinlik Kay\u0131tlar\u0131:<\/strong><\/li>\n<!-- \/wp:list-item --><\/ul>\n<p><!-- \/wp:list --><!-- wp:paragraph --><\/p>\n<p>Sendinblue SAS - Politique de confidentialit\u00e9<\/p>\n<p><!-- \/wp:paragraph --><!-- wp:paragraph --><\/p>\n<p>7 rue de Madrid, 75008 Paris, Fransa<\/p>\n<p><!-- \/wp:paragraph --><!-- wp:paragraph --><\/p>\n<p>privacy@sendinblue.com<\/p>\n<p><!-- \/wp:paragraph --><!-- wp:paragraph --><\/p>\n<p><strong>5. \u00c7EREZLER VE DI\u0307\u011eER TAKI\u0307P TEKNOLOJI\u0307LERI\u0307 KULLANIYOR MUYUZ?<\/strong><\/p>\n<p><!-- \/wp:paragraph --><!-- wp:paragraph --><\/p>\n<p><strong><em>K\u0131sacas\u0131:\u00a0<\/em><\/strong><em>\u00a0Bilgilerinizi toplamak ve saklamak i\u00e7in \u00e7erezleri ve di\u011fer izleme teknolojilerini kullanabiliriz.<\/em><\/p>\n<p><!-- \/wp:paragraph --><!-- wp:paragraph --><\/p>\n<p>Bilgilere eri\u015fmek veya bunlar\u0131 saklamak i\u00e7in \u00e7erezleri ve benzer izleme teknolojilerini (web i\u015faret\u00e7ileri ve pikseller gibi) kullanabiliriz.<\/p>\n<p><!-- \/wp:paragraph --><!-- wp:paragraph --><\/p>\n<p>Yaln\u0131zca toplama s\u0131ras\u0131nda belirtilen ama\u00e7lar\u0131 yerine getirmek i\u00e7in ihtiya\u00e7 duydu\u011fumuz bilgileri toplar\u0131z ve bu bilgileri istedi\u011finiz zaman g\u00fcncelleyebilirsiniz.<\/p>\n<p><!-- \/wp:paragraph --><!-- wp:paragraph --><\/p>\n<p>Sizden a\u015fa\u011f\u0131daki \u015fekillerde bilgi toplayaca\u011f\u0131z:<\/p>\n<p><!-- \/wp:paragraph --><!-- wp:list --><\/p>\n<ul><!-- wp:list-item -->\n<li>\u015eahsen ve\/veya telefonla<\/li>\n<!-- \/wp:list-item --><!-- wp:list-item -->\n<li>Sitemize kay\u0131t oldu\u011funuzda<\/li>\n<!-- \/wp:list-item --><\/ul>\n<p><!-- \/wp:list --><!-- wp:paragraph --><\/p>\n<p>A\u015fa\u011f\u0131da, izninizle sizden toplayabilece\u011fimiz bilgiler yer almaktad\u0131r:<\/p>\n<p><!-- \/wp:paragraph --><!-- wp:list --><\/p>\n<ul><!-- wp:list-item -->\n<li>Ad\u0131 ve Soyad\u0131;<\/li>\n<!-- \/wp:list-item --><!-- wp:list-item -->\n<li>\u0130leti\u015fim bilgileri (\u00f6rn. e-posta adresi, ikamet yeri, telefon numaras\u0131, vb;)<\/li>\n<!-- \/wp:list-item --><!-- wp:list-item -->\n<li>Abonelik tercihleri ve daha fazla bilgi almaya karar verdi\u011finiz bir veya daha fazla say\u0131da alt kategori konular\u0131ndaki ilgi alanlar\u0131 dahil olmak \u00fczere gelecekteki ileti\u015fim tercihleri (iste\u011fe ba\u011fl\u0131)<\/li>\n<!-- \/wp:list-item --><\/ul>\n<p><!-- \/wp:list --><!-- wp:paragraph --><\/p>\n<p>\u00c7erezler ve yerel depolama<\/p>\n<p><!-- \/wp:paragraph --><!-- wp:paragraph --><\/p>\n<p>Bu web sitesi yaln\u0131zca i\u015flevleri etkinle\u015ftirmek veya geli\u015ftirmek veya kullan\u0131c\u0131 i\u00e7in gezinme deneyimini iyile\u015ftirmek amac\u0131yla \u00e7erezler ayarlar. Hi\u00e7bir ko\u015fulda \u00e7erezleri ki\u015fisel verileri toplamak, i\u015flemek, yaymak veya kaydetmek i\u00e7in kullanmay\u0131z.<\/p>\n<p><!-- \/wp:paragraph --><!-- wp:paragraph --><\/p>\n<p>Bilgisayar\u0131n\u0131zda \u00e7erezlerin ayarlanmas\u0131n\u0131 istemiyorsan\u0131z ne yapmal\u0131s\u0131n\u0131z?<\/p>\n<p><!-- \/wp:paragraph --><!-- wp:paragraph --><\/p>\n<p>Baz\u0131 ki\u015filer bilgisayarlar\u0131nda veya mobil cihazlar\u0131nda bilgi depolanmas\u0131 fikrini biraz rahats\u0131z edici bulmaktad\u0131r, \u00f6zellikle de bu bilgiler kendilerinin bilgisi olmadan \u00fc\u00e7\u00fcnc\u00fc bir taraf\u00e7a depolan\u0131p kullan\u0131ld\u0131\u011f\u0131nda. \u0130sterseniz, \u00e7erezlerin bir k\u0131sm\u0131n\u0131 veya tamam\u0131n\u0131 engellemeniz, hatta \u00f6nceden ayarlanm\u0131\u015f \u00e7erezleri silmeniz m\u00fcmk\u00fcnd\u00fcr, ancak baz\u0131 i\u015flevleri kaybedebilece\u011finizi bilmelisiniz. Bunu yapmak i\u00e7in taray\u0131c\u0131n\u0131z\u0131n gizlilik ayarlar\u0131n\u0131 de\u011fi\u015ftirmeniz gerekir.<\/p>\n<p><!-- \/wp:paragraph --><!-- wp:paragraph --><\/p>\n<p>Baz\u0131 \u00fc\u00e7\u00fcnc\u00fc taraf operat\u00f6rler, mod\u00fclleri arac\u0131l\u0131\u011f\u0131yla veri toplama ve kullan\u0131m\u0131n\u0131 devre d\u0131\u015f\u0131 b\u0131rakmak i\u00e7in ara\u00e7lar geli\u015ftirmi\u015ftir.<\/p>\n<p><!-- \/wp:paragraph --><!-- wp:paragraph --><\/p>\n<p>\u00dc\u00e7\u00fcnc\u00fc taraf \u00e7erezleri<\/p>\n<p><!-- \/wp:paragraph --><!-- wp:paragraph --><\/p>\n<p>Facebook, Twitter, Discord, Youtube, Google Map, sosyal a\u011flarda i\u00e7erik payla\u015fmak veya eri\u015fim istatistikleri \u00fcretmek i\u00e7in \u00e7erezler ayarlayabilir. \u00c7erezlerin varl\u0131\u011f\u0131, say\u0131s\u0131 ve durumu, web sitemizi ziyaret etmeden \u00f6nce veya ziyaret ederken ilgili platformlar\u0131 nas\u0131l kulland\u0131\u011f\u0131n\u0131za ba\u011fl\u0131 olabilir. Bu \u00fc\u00e7\u00fcnc\u00fc taraf \u00e7erezlerini kabul ederek potansiyel olarak reklam ama\u00e7l\u0131 hedefleneceksiniz.<\/p>\n<p><!-- \/wp:paragraph --><!-- wp:paragraph --><\/p>\n<p>Kurabiye nedir?<\/p>\n<p><!-- \/wp:paragraph --><!-- wp:paragraph --><\/p>\n<p>Ziyaret etti\u011finiz \u00e7o\u011fu web sitesi, kullan\u0131c\u0131 deneyiminizi geli\u015ftirmek i\u00e7in \u00e7erezler kullanacakt\u0131r. Bunlar web sitelerinin sizi \"hat\u0131rlamas\u0131n\u0131\" sa\u011flar - ya ziyaretiniz s\u00fcresince (\"oturum \u00e7erezi\" kullanarak) ya da tekrar ziyaretlerinizde (\"kal\u0131c\u0131 \u00e7erez\" kullanarak).<\/p>\n<p><!-- \/wp:paragraph --><!-- wp:paragraph --><\/p>\n<p>\u00c7erezlerin bir\u00e7ok farkl\u0131 i\u015flevi olabilir. Sayfalar aras\u0131nda verimli bir \u015fekilde gezinmenizi sa\u011flar, tercihlerinizi kaydeder ve genel olarak bir web sitesi deneyiminizi geli\u015ftirirler. \u00c7erezler, siz ve web sitesi aras\u0131ndaki etkile\u015fimi daha h\u0131zl\u0131 ve kolay hale getirir. Bir web sitesi \u00e7erez kullanm\u0131yorsa, sitede her yeni sayfaya ge\u00e7ti\u011finizde yeni bir ziyaret\u00e7i oldu\u011funuzu d\u00fc\u015f\u00fcnecektir - \u00f6rne\u011fin, bir men\u00fcy\u00fc kapat\u0131p ba\u015fka bir sayfaya ge\u00e7ti\u011finizde, \u00f6nceki sayfadaki men\u00fcy\u00fc kapatt\u0131\u011f\u0131n\u0131z\u0131 hat\u0131rlamayacak ve bir sonraki sayfay\u0131 o sayfan\u0131n men\u00fcs\u00fc a\u00e7\u0131k olarak g\u00f6r\u00fcnt\u00fcleyecektir.<\/p>\n<p><!-- \/wp:paragraph --><!-- wp:paragraph --><\/p>\n<p>Baz\u0131 web siteleri, \u00f6rne\u011fin konumunuza ve\/veya tarama al\u0131\u015fkanl\u0131klar\u0131n\u0131za dayal\u0131 olarak reklamlar\u0131n\u0131 veya pazarlama mesajlar\u0131n\u0131 hedeflemelerini sa\u011flamak i\u00e7in \u00e7erezleri de kullanacakt\u0131r.<\/p>\n<p><!-- \/wp:paragraph --><!-- wp:paragraph --><\/p>\n<p>\u00c7erezler, ziyaret etti\u011finiz web sitesi taraf\u0131ndan (\"birinci taraf \u00e7erezleri\") veya g\u00f6r\u00fcnt\u00fcledi\u011finiz sayfada i\u00e7erik \u00e7al\u0131\u015ft\u0131ran di\u011fer web siteleri (\"\u00fc\u00e7\u00fcnc\u00fc taraf \u00e7erezleri\") taraf\u0131ndan yerle\u015ftirilebilir.<\/p>\n<p><!-- \/wp:paragraph --><!-- wp:paragraph --><\/p>\n<p>.<\/p>\n<p><!-- \/wp:paragraph --><!-- wp:paragraph --><\/p>\n<p><strong>6. BI\u0307LGI\u0307LERI\u0307NI\u0307ZI\u0307 NE KADAR S\u00dcREYLE SAKLIYORUZ?<\/strong><\/p>\n<p><!-- \/wp:paragraph --><!-- wp:paragraph --><\/p>\n<p><strong><em>K\u0131sacas\u0131:\u00a0<\/em><\/strong><em>\u00a0Yasalar aksini gerektirmedik\u00e7e, bilgilerinizi bu gizlilik bildiriminde belirtilen ama\u00e7lar\u0131 yerine getirmek i\u00e7in gerekli oldu\u011fu s\u00fcrece saklar\u0131z.<\/em><\/p>\n<p><!-- \/wp:paragraph --><!-- wp:paragraph --><\/p>\n<p>Yasalar (vergi, muhasebe veya di\u011fer yasal gereklilikler gibi) daha uzun bir saklama s\u00fcresi gerektirmedi\u011fi veya izin vermedi\u011fi s\u00fcrece, ki\u015fisel bilgilerinizi yaln\u0131zca bu gizlilik bildiriminde belirtilen ama\u00e7lar i\u00e7in gerekli oldu\u011fu s\u00fcrece saklayaca\u011f\u0131z.<\/p>\n<p><!-- \/wp:paragraph --><!-- wp:paragraph --><\/p>\n<p>Ki\u015fisel bilgilerinizi i\u015flemek i\u00e7in devam eden me\u015fru bir i\u015f ihtiyac\u0131m\u0131z olmad\u0131\u011f\u0131nda, bu t\u00fcr bilgileri silecek veya anonimle\u015ftirece\u011fiz ya da bu m\u00fcmk\u00fcn de\u011filse (\u00f6rne\u011fin, ki\u015fisel bilgileriniz yedek ar\u015fivlerde sakland\u0131\u011f\u0131 i\u00e7in), ki\u015fisel bilgilerinizi g\u00fcvenli bir \u015fekilde saklayaca\u011f\u0131z ve silme i\u015flemi m\u00fcmk\u00fcn olana kadar ba\u015fka herhangi bir i\u015flemden izole edece\u011fiz.<\/p>\n<p><!-- \/wp:paragraph --><!-- wp:paragraph --><\/p>\n<p><strong>7. BI\u0307LGI\u0307LERI\u0307NI\u0307ZI\u0307 NASIL G\u00dcVENDE TUTUYORUZ?<\/strong><\/p>\n<p><!-- \/wp:paragraph --><!-- wp:paragraph --><\/p>\n<p><strong><em>K\u0131sacas\u0131:\u00a0<\/em><\/strong><em>\u00a0Ki\u015fisel bilgilerinizi bir kurumsal ve teknik g\u00fcvenlik \u00f6nlemleri sistemi arac\u0131l\u0131\u011f\u0131yla korumay\u0131 ama\u00e7l\u0131yoruz.<\/em><\/p>\n<p><!-- \/wp:paragraph --><!-- wp:paragraph --><\/p>\n<p>\u0130\u015fledi\u011fimiz ki\u015fisel bilgilerin g\u00fcvenli\u011fini korumak i\u00e7in tasarlanm\u0131\u015f uygun teknik ve organizasyonel g\u00fcvenlik \u00f6nlemlerini uygulad\u0131k. Ancak, g\u00fcvenlik \u00f6nlemlerimize ve bilgilerinizi g\u00fcvence alt\u0131na alma \u00e7abalar\u0131m\u0131za ra\u011fmen, \u0130nternet \u00fczerinden hi\u00e7bir elektronik iletimin veya bilgi depolama teknolojisinin 100% g\u00fcvenli oldu\u011fu garanti edilemez, bu nedenle bilgisayar korsanlar\u0131n\u0131n, siber su\u00e7lular\u0131n veya di\u011fer yetkisiz \u00fc\u00e7\u00fcnc\u00fc taraflar\u0131n g\u00fcvenli\u011fimizi yenemeyece\u011fini ve bilgilerinizi uygunsuz bir \u015fekilde toplayamayaca\u011f\u0131n\u0131, eri\u015femeyece\u011fini, \u00e7alamayaca\u011f\u0131n\u0131 veya de\u011fi\u015ftiremeyece\u011fini garanti edemeyiz. Ki\u015fisel bilgilerinizi korumak i\u00e7in elimizden gelenin en iyisini yapacak olsak da, ki\u015fisel bilgilerin Web Sitemize veya Web Sitemizden iletilmesinin riski size aittir. Web Sitesine yaln\u0131zca g\u00fcvenli bir ortamda eri\u015fmelisiniz.<\/p>\n<p><!-- \/wp:paragraph --><!-- wp:paragraph --><\/p>\n<p><strong>8. RE\u015eI\u0307T OLMAYANLARDAN BI\u0307LGI\u0307 TOPLUYOR MUYUZ?<\/strong><\/p>\n<p><!-- \/wp:paragraph --><!-- wp:paragraph --><\/p>\n<p><strong><em>K\u0131sacas\u0131:<\/em><\/strong><em>\u00a0 Bilerek 18 ya\u015f\u0131ndan k\u00fc\u00e7\u00fck \u00e7ocuklardan veri toplam\u0131yor veya bu \u00e7ocuklara veri pazarlam\u0131yoruz.<\/em><\/p>\n<p><!-- \/wp:paragraph --><!-- wp:paragraph --><\/p>\n<p>Bilerek 18 ya\u015f\u0131ndan k\u00fc\u00e7\u00fck \u00e7ocuklardan veri talep etmiyoruz veya onlara pazarlam\u0131yoruz. Web Sitesini kullanarak, en az 18 ya\u015f\u0131nda oldu\u011funuzu veya re\u015fit olmayan bir ki\u015finin ebeveyni veya vasisi oldu\u011funuzu ve s\u00f6z konusu re\u015fit olmayan ki\u015finin Web Sitesini kullanmas\u0131na izin verdi\u011finizi beyan edersiniz. E\u011fer 18 ya\u015f\u0131ndan k\u00fc\u00e7\u00fck kullan\u0131c\u0131lardan ki\u015fisel bilgi topland\u0131\u011f\u0131n\u0131 \u00f6\u011frenirsek, hesab\u0131 devre d\u0131\u015f\u0131 b\u0131rakaca\u011f\u0131z ve bu t\u00fcr verileri kay\u0131tlar\u0131m\u0131zdan derhal silmek i\u00e7in makul \u00f6nlemleri alaca\u011f\u0131z. E\u011fer 18 ya\u015f\u0131ndan k\u00fc\u00e7\u00fck \u00e7ocuklardan toplam\u0131\u015f olabilece\u011fimiz herhangi bir verinin fark\u0131na var\u0131rsan\u0131z, l\u00fctfen dataprotection@meeteu.eu adresinden bizimle ileti\u015fime ge\u00e7in.<\/p>\n<p><!-- \/wp:paragraph --><!-- wp:paragraph --><\/p>\n<p><strong>9. GI\u0307ZLI\u0307LI\u0307K HAKLARINIZ NELERDI\u0307R?<\/strong><\/p>\n<p><!-- \/wp:paragraph --><!-- wp:paragraph --><\/p>\n<p><strong><em>K\u0131sacas\u0131:<\/em><\/strong><em>\u00a0\u00a0Avrupa Ekonomik Alan\u0131 (EEA) ve Birle\u015fik Krall\u0131k (UK) gibi baz\u0131 b\u00f6lgelerde, ki\u015fisel bilgilerinize daha fazla eri\u015fmenizi ve bunlar\u0131 kontrol etmenizi sa\u011flayan haklara sahipsiniz. Hesab\u0131n\u0131z\u0131 istedi\u011finiz zaman g\u00f6zden ge\u00e7irebilir, de\u011fi\u015ftirebilir veya feshedebilirsiniz.<\/em><\/p>\n<p><!-- \/wp:paragraph --><!-- wp:paragraph --><\/p>\n<p>Baz\u0131 b\u00f6lgelerde (AEA ve Birle\u015fik Krall\u0131k gibi), y\u00fcr\u00fcrl\u00fckteki veri koruma yasalar\u0131 kapsam\u0131nda belirli haklara sahipsiniz. Bunlar (i) ki\u015fisel bilgilerinize eri\u015fim talep etme ve bir kopyas\u0131n\u0131 alma, (ii) d\u00fczeltme veya silme talep etme; (iii) ki\u015fisel bilgilerinizin i\u015flenmesini k\u0131s\u0131tlama; ve (iv) varsa, veri ta\u015f\u0131nabilirli\u011fi haklar\u0131n\u0131 i\u00e7erebilir. Belirli durumlarda, ki\u015fisel bilgilerinizin i\u015flenmesine itiraz etme hakk\u0131na da sahip olabilirsiniz. B\u00f6yle bir talepte bulunmak i\u00e7in l\u00fctfen a\u015fa\u011f\u0131da verilen ileti\u015fim bilgilerini kullan\u0131n. Y\u00fcr\u00fcrl\u00fckteki veri koruma yasalar\u0131na uygun olarak herhangi bir talebi de\u011ferlendirecek ve buna g\u00f6re hareket edece\u011fiz.<\/p>\n<p><!-- \/wp:paragraph --><!-- wp:paragraph --><\/p>\n<p>Ki\u015fisel bilgilerinizi i\u015flemek i\u00e7in izninize g\u00fcveniyorsak, izninizi istedi\u011finiz zaman geri \u00e7ekme hakk\u0131na sahipsiniz. Ancak bunun, geri \u00e7ekilmeden \u00f6nceki i\u015flemenin yasall\u0131\u011f\u0131n\u0131 etkilemeyece\u011fini ve ki\u015fisel bilgilerinizin r\u0131za d\u0131\u015f\u0131ndaki yasal i\u015fleme gerek\u00e7elerine dayan\u0131larak i\u015flenmesini etkilemeyece\u011fini l\u00fctfen unutmay\u0131n.<\/p>\n<p><!-- \/wp:paragraph --><!-- wp:paragraph --><\/p>\n<p>AEA veya Birle\u015fik Krall\u0131k'ta ikamet ediyorsan\u0131z ve ki\u015fisel bilgilerinizi yasalara ayk\u0131r\u0131 bir \u015fekilde i\u015fledi\u011fimizi d\u00fc\u015f\u00fcn\u00fcyorsan\u0131z, yerel veri koruma denetim makam\u0131n\u0131za \u015fikayette bulunma hakk\u0131na da sahipsiniz. \u0130leti\u015fim bilgilerini burada bulabilirsiniz:\u00a0<a href=\"https:\/\/ec.europa.eu\/justice\/data-protection\/bodies\/authorities\/index_en.htm\" target=\"_blank\" rel=\"noreferrer noopener\">https:\/\/ec.europa.eu\/justice\/data-protection\/bodies\/authorities\/index_en.htm<\/a>.<\/p>\n<p><!-- \/wp:paragraph --><!-- wp:paragraph --><\/p>\n<p>\u0130svi\u00e7re'de ikamet ediyorsan\u0131z, veri koruma yetkililerinin ileti\u015fim bilgilerine buradan ula\u015fabilirsiniz:\u00a0<a href=\"https:\/\/www.edoeb.admin.ch\/edoeb\/en\/home.html\" target=\"_blank\" rel=\"noreferrer noopener\">https:\/\/www.edoeb.admin.ch\/edoeb\/en\/home.html<\/a>.<\/p>\n<p><!-- \/wp:paragraph --><!-- wp:paragraph --><\/p>\n<p><strong>\u00c7erezler ve benzer teknolojiler:<\/strong>\u00a0\u00c7o\u011fu Web taray\u0131c\u0131s\u0131 varsay\u0131lan olarak \u00e7erezleri kabul edecek \u015fekilde ayarlanm\u0131\u015ft\u0131r. Tercih ederseniz, genellikle taray\u0131c\u0131n\u0131z\u0131 \u00e7erezleri kald\u0131racak ve \u00e7erezleri reddedecek \u015fekilde ayarlamay\u0131 se\u00e7ebilirsiniz. \u00c7erezleri kald\u0131rmay\u0131 veya \u00e7erezleri reddetmeyi se\u00e7erseniz, bu Web Sitemizin belirli \u00f6zelliklerini veya hizmetlerini etkileyebilir. Web sitemizdeki reklamc\u0131lar taraf\u0131ndan yap\u0131lan ilgi alan\u0131na dayal\u0131 reklamlar\u0131 devre d\u0131\u015f\u0131 b\u0131rakmak i\u00e7in \u015fu adresi ziyaret edin\u00a0<a href=\"http:\/\/www.aboutads.info\/choices\/\" target=\"_blank\" rel=\"noreferrer noopener\">http:\/\/www.aboutads.info\/choices\/<\/a>.<\/p>\n<p><!-- \/wp:paragraph --><!-- wp:paragraph --><\/p>\n<p><strong>10. I\u0307ZLEME YAPMAMA \u00d6ZELLI\u0307KLERI\u0307 I\u0307\u00c7I\u0307N KONTROLLER<\/strong><\/p>\n<p><!-- \/wp:paragraph --><!-- wp:paragraph --><\/p>\n<p>\u00c7o\u011fu web taray\u0131c\u0131s\u0131 ve baz\u0131 mobil i\u015fletim sistemleri ve mobil uygulamalar, \u00e7evrimi\u00e7i tarama faaliyetlerinizle ilgili verilerin izlenmesini ve toplanmas\u0131n\u0131 istemedi\u011finize dair gizlilik tercihinizi belirtmek i\u00e7in etkinle\u015ftirebilece\u011finiz bir Do-Not-Track (\"DNT\") \u00f6zelli\u011fi veya ayar\u0131 i\u00e7erir. Bu a\u015famada DNT sinyallerini tan\u0131mak ve uygulamak i\u00e7in tek tip bir teknoloji standard\u0131 nihai hale getirilmemi\u015ftir. Bu nedenle, \u015fu anda DNT taray\u0131c\u0131 sinyallerine veya \u00e7evrimi\u00e7i izlenmeme tercihinizi otomatik olarak ileten ba\u015fka herhangi bir mekanizmaya yan\u0131t vermiyoruz. Gelecekte takip etmemiz gereken bir \u00e7evrimi\u00e7i izleme standard\u0131 kabul edilirse, bu gizlilik bildiriminin g\u00f6zden ge\u00e7irilmi\u015f bir versiyonunda sizi bu uygulama hakk\u0131nda bilgilendirece\u011fiz.\u00a0<\/p>\n<p><!-- \/wp:paragraph --><!-- wp:paragraph --><\/p>\n<p><strong>11. KALI\u0307FORNI\u0307YA'DA YA\u015eAYANLARIN \u00d6ZEL GI\u0307ZLI\u0307LI\u0307K HAKLARI VAR MI?<\/strong><\/p>\n<p><!-- \/wp:paragraph --><!-- wp:paragraph --><\/p>\n<p><strong><em>K\u0131sacas\u0131:\u00a0<\/em><\/strong><em>\u00a0Evet, Kaliforniya'da ikamet ediyorsan\u0131z, ki\u015fisel bilgilerinize eri\u015fim konusunda size belirli haklar tan\u0131n\u0131r.<\/em><\/p>\n<p><!-- \/wp:paragraph --><!-- wp:paragraph --><\/p>\n<p>\"Shine The Light\" yasas\u0131 olarak da bilinen Kaliforniya Medeni Kanunu B\u00f6l\u00fcm 1798.83, Kaliforniya'da ikamet eden kullan\u0131c\u0131lar\u0131m\u0131z\u0131n bizden y\u0131lda bir kez ve \u00fccretsiz olarak, do\u011frudan pazarlama amac\u0131yla \u00fc\u00e7\u00fcnc\u00fc taraflara if\u015fa etti\u011fimiz ki\u015fisel bilgi kategorileri (varsa) ve hemen \u00f6nceki takvim y\u0131l\u0131nda ki\u015fisel bilgileri payla\u015ft\u0131\u011f\u0131m\u0131z t\u00fcm \u00fc\u00e7\u00fcnc\u00fc taraflar\u0131n adlar\u0131 ve adresleri hakk\u0131nda bilgi talep etmelerine ve almalar\u0131na izin verir. Kaliforniya'da ikamet ediyorsan\u0131z ve b\u00f6yle bir talepte bulunmak istiyorsan\u0131z, l\u00fctfen talebinizi a\u015fa\u011f\u0131da verilen ileti\u015fim bilgilerini kullanarak bize yaz\u0131l\u0131 olarak iletin.<\/p>\n<p><!-- \/wp:paragraph --><!-- wp:paragraph --><\/p>\n<p>18 ya\u015f\u0131ndan k\u00fc\u00e7\u00fckseniz, Kaliforniya'da ikamet ediyorsan\u0131z ve Web Sitesinde kay\u0131tl\u0131 bir hesab\u0131n\u0131z varsa, Web Sitesinde herkese a\u00e7\u0131k olarak yay\u0131nlad\u0131\u011f\u0131n\u0131z istenmeyen verilerin kald\u0131r\u0131lmas\u0131n\u0131 talep etme hakk\u0131na sahipsiniz. Bu t\u00fcr verilerin kald\u0131r\u0131lmas\u0131n\u0131 talep etmek i\u00e7in, l\u00fctfen a\u015fa\u011f\u0131da verilen ileti\u015fim bilgilerini kullanarak bizimle ileti\u015fime ge\u00e7in ve hesab\u0131n\u0131zla ili\u015fkili e-posta adresini ve Kaliforniya'da ikamet etti\u011finize dair bir beyan\u0131 ekleyin. Verilerin Web Sitesinde herkese a\u00e7\u0131k olarak g\u00f6r\u00fcnt\u00fclenmemesini sa\u011flayaca\u011f\u0131z, ancak verilerin t\u00fcm sistemlerimizden (\u00f6rne\u011fin yedeklemeler vb.) tamamen veya kapsaml\u0131 bir \u015fekilde kald\u0131r\u0131lamayabilece\u011fini l\u00fctfen unutmay\u0131n.<\/p>\n<p><!-- \/wp:paragraph --><!-- wp:paragraph --><\/p>\n<p><strong>12. BU BI\u0307LDI\u0307RI\u0307MDE G\u00dcNCELLEME YAPIYOR MUYUZ?<\/strong>\u00a0\u00a0\u00a0\u00a0\u00a0<\/p>\n<p><!-- \/wp:paragraph --><!-- wp:paragraph --><\/p>\n<p><strong><em>K\u0131sacas\u0131:\u00a0<\/em><\/strong><em>\u00a0Evet, ilgili yasalarla uyumlu kalmak i\u00e7in bu bildirimi gerekti\u011fi \u015fekilde g\u00fcncelleyece\u011fiz.<\/em><\/p>\n<p><!-- \/wp:paragraph --><!-- wp:paragraph --><\/p>\n<p>Bu gizlilik bildirimini zaman zaman g\u00fcncelleyebiliriz. G\u00fcncellenmi\u015f versiyon, g\u00fcncellenmi\u015f bir \"Revize Edildi\" tarihi ile belirtilecek ve g\u00fcncellenmi\u015f versiyon eri\u015filebilir olur olmaz y\u00fcr\u00fcrl\u00fc\u011fe girecektir. Bu gizlilik bildiriminde \u00f6nemli de\u011fi\u015fiklikler yaparsak, bu t\u00fcr de\u011fi\u015fikliklerin bir bildirimini belirgin bir \u015fekilde yay\u0131nlayarak veya size do\u011frudan bir bildirim g\u00f6ndererek sizi bilgilendirebiliriz. Bilgilerinizi nas\u0131l korudu\u011fumuzdan haberdar olmak i\u00e7in bu gizlilik bildirimini s\u0131k s\u0131k g\u00f6zden ge\u00e7irmenizi \u00f6neririz.<\/p>\n<p><!-- \/wp:paragraph --><!-- wp:paragraph --><\/p>\n<p><strong>13. BU BI\u0307LDI\u0307RI\u0307M HAKKINDA BI\u0307ZE NASIL ULA\u015eABI\u0307LI\u0307RSI\u0307NI\u0307Z?<\/strong>\u00a0\u00a0\u00a0\u00a0\u00a0<\/p>\n<p><!-- \/wp:paragraph --><!-- wp:paragraph --><\/p>\n<p>Bu bildirim hakk\u0131nda sorular\u0131n\u0131z veya yorumlar\u0131n\u0131z varsa, bize dataprotection@meeteu.eu adresinden e-posta g\u00f6nderebilirsiniz.<\/p>\n<p><!-- \/wp:paragraph --><!-- wp:paragraph --><\/p>\n<p>Avrupa Ekonomik Alan\u0131'nda ikamet ediyorsan\u0131z, ki\u015fisel bilgilerinizin \"veri denetleyicisi\" MeetEU.eu'dur. MeetEU.eu, Tina L\u00f6hr'\u00fc EEA'daki temsilcisi olarak atam\u0131\u015ft\u0131r. Bilgilerinizin MeetEU.eu taraf\u0131ndan i\u015flenmesiyle ilgili olarak kendileriyle do\u011frudan dataprotection@meeteu.eu adresine e-posta g\u00f6ndererek veya \u015fu adresi ziyaret ederek ileti\u015fime ge\u00e7ebilirsiniz\u00a0<a href=\"https:\/\/meeteu.eu\/tr\/contact\/\" target=\"_blank\" rel=\"noreferrer noopener\">https:\/\/meeteu.eu\/contact\/<\/a>veya posta yoluyla Tina L\u00f6hr, Sch\u00e4ftlarnstr. 10, 81371 M\u00fcnchen, Almanya<\/p>\n<p><!-- \/wp:paragraph --><!-- wp:paragraph --><\/p>\n<p><!-- \/wp:paragraph --><!-- wp:paragraph --><\/p>\n<p><!-- \/wp:paragraph --><!-- wp:paragraph --><\/p>\n<p><!-- \/wp:paragraph --><!-- wp:paragraph --><\/p>\n<p><!-- \/wp:paragraph --><!-- wp:paragraph --><\/p>\n<p><strong>14. SI\u0307ZDEN TOPLADI\u011eIMIZ VERI\u0307LERI\u0307 NASIL G\u00d6ZDEN GE\u00c7I\u0307REBI\u0307LI\u0307R, G\u00dcNCELLEYEBI\u0307LI\u0307R VEYA SI\u0307LEBI\u0307LI\u0307RSI\u0307NI\u0307Z?<\/strong>\u00a0\u00a0\u00a0\u00a0\u00a0<\/p>\n<p><!-- \/wp:paragraph --><!-- wp:paragraph --><\/p>\n<p>\u00dclkenizin y\u00fcr\u00fcrl\u00fckteki yasalar\u0131na ba\u011fl\u0131 olarak, sizden toplad\u0131\u011f\u0131m\u0131z ki\u015fisel bilgilere eri\u015fim talep etme, bu bilgileri de\u011fi\u015ftirme veya baz\u0131 durumlarda silme hakk\u0131na sahip olabilirsiniz. Ki\u015fisel bilgilerinizi g\u00f6zden ge\u00e7irme, g\u00fcncelleme veya silme talebinde bulunmak i\u00e7in l\u00fctfen \u015fu adresi ziyaret edin:\u00a0<a href=\"https:\/\/www.sendinblue.com\/\" target=\"_blank\" rel=\"noreferrer noopener\">https:\/\/www.sendinblue.com\/<\/a>.<\/p>\n<p><!-- \/wp:paragraph --><!-- wp:paragraph --><\/p>\n<p>Bu gizlilik politikas\u0131 Termly'nin\u00a0<a href=\"https:\/\/termly.io\/products\/privacy-policy-generator\" rel=\"noopener\">Gizlilik Politikas\u0131 Olu\u015fturucu<\/a>.<!-- \/wp:paragraph --><\/p>\t\t\t\t\t\t\t\t<\/div>\n\t\t\t\t<\/div>\n\t\t\t\t\t<\/div>\n\t\t<\/div>\n\t\t\t\t\t<\/div>\n\t\t<\/section>\n\t\t\t\t<\/div>","protected":false},"excerpt":{"rendered":"<p>Son g\u00fcncelleme 26 Ocak 2022 Bu gizlilik politikas\u0131 Termly'nin Gizlilik Politikas\u0131 Olu\u015fturucusu kullan\u0131larak olu\u015fturulmu\u015ftur. MeetEU.eu'da (\"\u015eirket\", \"biz\", \"bize\" veya \"bizim\") toplulu\u011fumuzun bir par\u00e7as\u0131 olmay\u0131 se\u00e7ti\u011finiz i\u00e7in te\u015fekk\u00fcr ederiz. Ki\u015fisel bilgilerinizi ve gizlilik hakk\u0131n\u0131z\u0131 korumaya kararl\u0131y\u0131z. Bu gizlilik bildirimi veya uygulamalar\u0131m\u0131z hakk\u0131nda herhangi bir sorunuz veya endi\u015feniz varsa [...]<\/p>","protected":false},"author":2,"featured_media":0,"parent":0,"menu_order":0,"comment_status":"closed","ping_status":"closed","template":"","meta":{"iawp_total_views":0,"footnotes":""},"class_list":["post-9327","page","type-page","status-publish","hentry"],"_links":{"self":[{"href":"https:\/\/meeteu.eu\/tr\/wp-json\/wp\/v2\/pages\/9327","targetHints":{"allow":["GET"]}}],"collection":[{"href":"https:\/\/meeteu.eu\/tr\/wp-json\/wp\/v2\/pages"}],"about":[{"href":"https:\/\/meeteu.eu\/tr\/wp-json\/wp\/v2\/types\/page"}],"author":[{"embeddable":true,"href":"https:\/\/meeteu.eu\/tr\/wp-json\/wp\/v2\/users\/2"}],"replies":[{"embeddable":true,"href":"https:\/\/meeteu.eu\/tr\/wp-json\/wp\/v2\/comments?post=9327"}],"version-history":[{"count":13,"href":"https:\/\/meeteu.eu\/tr\/wp-json\/wp\/v2\/pages\/9327\/revisions"}],"predecessor-version":[{"id":12793,"href":"https:\/\/meeteu.eu\/tr\/wp-json\/wp\/v2\/pages\/9327\/revisions\/12793"}],"wp:attachment":[{"href":"https:\/\/meeteu.eu\/tr\/wp-json\/wp\/v2\/media?parent=9327"}],"curies":[{"name":"wp","href":"https:\/\/api.w.org\/{rel}","templated":true}]}}