{"id":8203,"date":"2022-09-08T02:25:22","date_gmt":"2022-09-08T01:25:22","guid":{"rendered":"http:\/\/dev.meeteu.eu\/?page_id=8203"},"modified":"2022-10-10T10:35:46","modified_gmt":"2022-10-10T08:35:46","slug":"events-archive","status":"publish","type":"page","link":"https:\/\/meeteu.eu\/tr\/events-archive\/","title":{"rendered":"Events Archive"},"content":{"rendered":"<div data-elementor-type=\"wp-page\" data-elementor-id=\"8203\" class=\"elementor elementor-8203\" data-elementor-post-type=\"page\">\n\t\t\t\t\t\t<section class=\"elementor-section elementor-top-section elementor-element elementor-element-1af6f7e elementor-section-boxed elementor-section-height-default elementor-section-height-default\" data-id=\"1af6f7e\" data-element_type=\"section\">\n\t\t\t\t\t\t<div class=\"elementor-container elementor-column-gap-default\">\n\t\t\t\t\t<div class=\"aux-parallax-section elementor-column elementor-col-100 elementor-top-column elementor-element elementor-element-76bfb25\" data-id=\"76bfb25\" data-element_type=\"column\">\n\t\t\t<div class=\"elementor-widget-wrap elementor-element-populated\">\n\t\t\t\t\t\t<div class=\"elementor-element elementor-element-dab1756 elementor-widget elementor-widget-shortcode\" data-id=\"dab1756\" data-element_type=\"widget\" data-widget_type=\"shortcode.default\">\n\t\t\t\t<div class=\"elementor-widget-container\">\n\t\t\t\t\t\t\t<div class=\"elementor-shortcode\">\n<div class=\"elementor-container elementor-column-gap-default\">\n    <div class=\"elementor-row\">\n        <div class=\"aux-parallax-section elementor-column elementor-col-100 elementor-top-column elementor-element elementor-element-meeteu-events-page-1\" data-id=\"meeteu-events-page-1\" data-element_type=\"column\">\n            <div class=\"elementor-column-wrap elementor-element-populated\">\n            <div class=\"elementor-widget-wrap\">\n                <div class=\"elementor-element elementor-element-meeteu-events-page-2 elementor-widget elementor-widget-aux_recent_posts_land_style\" data-id=\"meeteu-events-page-2\" data-element_type=\"widget\" data-widget_type=\"aux_recent_posts_land_style.default\">\n                    <div class=\"elementor-widget-container\">\n                        <section class=\"widget-container aux-widget-recent-posts-land aux-parent-meeteu\">\n                        <div data-element-id=\"meeteu\" class=\"aux-blog-land-style aux-ajax-view\">\n\n                            \n                                <div id=\"post-12863\" class=\"aux-col post-12863\">\n                                    <article class=\"post column-entry post-12863 event_listing type-event_listing status-expired has-post-thumbnail hentry\">\n                                        <div class=\"entry-media\">\n                                            <div class=\"aux-media-frame aux-media-image aux-image-mask\">\n                                                <img decoding=\"async\"\n                                                loading=\"lazy\"\n                                                src=\"https:\/\/meeteu.eu\/wp-content\/uploads\/2026\/01\/Decoding-The-Digital-Background.png\"\n                                                class=\"aux-attachment aux-featured-image aux-attachment-id-12864 aux-preload aux-has-preview\"\n                                                alt=\"\"\n                                                data-src=\"https:\/\/meeteu.eu\/wp-content\/uploads\/2026\/01\/Decoding-The-Digital-Background.png\"\n                                                \/>\n                                            <\/div>\n                                        <\/div>\n\n                                        <header class=\"entry-header\">\n                                            <h4 class=\"entry-title\">\n                                                Dijitalin \u015eifresini \u00c7\u00f6zmek. AI-Deepfakes, Clickbait ve Siz                                            <\/h4>\n                                        <\/header>\n\n                                        <div class=\"entry-main\">\n                                            <div class=\"entry-info\">\n                                                <div class=\"event-date\">\n                                                                                                            <i class=\"fas fa-calendar-alt\"><\/i>&nbsp;\n                                                    \n                                                                                                            <span>27 Ocak 2026<\/span>\n                                                                                                                                                                <span>19:00 (CEST)<\/span>\n                                                    \n                                                                                                            <span> - <\/span>\n                                                    \n                                                                                                            <span>27 Ocak 2026<\/span>\n                                                                                                                                                                <span>20:30 (CEST)<\/span>\n                                                                                                    <\/div>\n\n                                                                                                    <div class=\"event-location\">\n                                                                                                                    <i class=\"fas fa-thumbtack\"><\/i>&nbsp;\n                                                            <span>Zoom'da sanal etkinlik<\/span>\n                                                                                                            <\/div>\n\n                                                    <div class=\"event-language\">\n                                                                                                                    <i class=\"fas fa-globe\"><\/i>&nbsp;\n                                                            <span>\u0130ngilizce, \u00e7ok dilli altyaz\u0131larla<\/span>\n                                                                                                            <\/div>\n                                                                                            <\/div>\n\n                                            <div class=\"entry-content\">\n                                                <p>\n<p>Yapay zeka saniyeler i\u00e7inde sahte haberler, sesler ve g\u00f6r\u00fcnt\u00fcler \u00fcretebiliyor ve neyin ger\u00e7ek oldu\u011funu anlamak giderek zorla\u015f\u0131yor. Payla\u015fmadan \u00f6nce yapay zeka kaynakl\u0131 yanl\u0131\u015f bilgileri tespit etmenize yard\u0131mc\u0131 olacak h\u0131zl\u0131 kontrolleri \u00f6\u011frenmek i\u00e7in bu interaktif oturuma kat\u0131l\u0131n. <br><br>Deepfakes ve sentetik medyan\u0131n nas\u0131l \u00e7al\u0131\u015ft\u0131\u011f\u0131n\u0131, ba\u015fl\u0131klar\u0131n ve g\u00f6rsellerin nas\u0131l ustaca manip\u00fcle edildi\u011fini ve ba\u011flam\u0131n nas\u0131l \u00e7arp\u0131t\u0131labilece\u011fini g\u00f6receksiniz. Teknoloji ge\u00e7mi\u015fine gerek yok, sadece kayd\u0131rma yaparken veya grup sohbetlerinde hemen kullanabilece\u011finiz pratik al\u0131\u015fkanl\u0131klar. <br><br>Yapay zeka g\u00fcvenlik uzman\u0131 Eoin Reid'in konuk oldu\u011fu bu e\u011fitimde ger\u00e7ek d\u00fcnyadan \u00f6rnekler ve pratik ipu\u00e7lar\u0131 yer al\u0131yor. Neye g\u00fcvenece\u011finize, neyi do\u011frulayaca\u011f\u0131n\u0131za ve emin olmad\u0131\u011f\u0131n\u0131zda ne yapaca\u011f\u0131n\u0131za karar vermek i\u00e7in basit bir ara\u00e7 seti ile ayr\u0131lacaks\u0131n\u0131z. Eoin, kurulu\u015flar\u0131n sald\u0131r\u0131lar\u0131 tespit etmesine ve durdurmas\u0131na yard\u0131mc\u0131 olan bir siber g\u00fcvenlik \u015firketi olan Vectra AI'da G\u00fcvenlik Analisti olarak \u00e7al\u0131\u015f\u0131yor.<\/p>\n\n\n\n<p>Bu \u00fc\u00e7\u00fcnc\u00fc <strong>alt\u0131 ERASMUS+ \u00f6zel etkinli\u011fi<\/strong> AB'nin ERASMUS+ Program\u0131 taraf\u0131ndan finanse edilen dijital d\u00fcnyan\u0131n nas\u0131l size ait k\u0131l\u0131naca\u011f\u0131 \u00fczerine.<\/p>\n\n\n\n<p><em>30'un alt\u0131ndaki t\u00fcm kat\u0131l\u0131mc\u0131lar <a href=\"https:\/\/www.youthpass.eu\" rel=\"noopener\">Youthpass<\/a> Sertifika - CV'nizde harika g\u00f6r\u00fcnen yayg\u0131n e\u011fitimin Avrupa \u00e7ap\u0131nda tan\u0131nmas\u0131.<\/em><\/p>\n\n\n\n<p><\/p>\n<\/p>\n                                                <div class=\"clear\"><\/div>\n                                            <\/div>\n\n                                                                                    <\/div>\n                                    <\/article>\n                                <\/div>\n                            \n                                <div id=\"post-12653\" class=\"aux-col post-12653\">\n                                    <article class=\"post column-entry post-12653 event_listing type-event_listing status-expired has-post-thumbnail hentry\">\n                                        <div class=\"entry-media\">\n                                            <div class=\"aux-media-frame aux-media-image aux-image-mask\">\n                                                <img decoding=\"async\"\n                                                loading=\"lazy\"\n                                                src=\"https:\/\/meeteu.eu\/wp-content\/uploads\/2025\/10\/Impartial-Political-Analysis_background.png\"\n                                                class=\"aux-attachment aux-featured-image aux-attachment-id-12654 aux-preload aux-has-preview\"\n                                                alt=\"\"\n                                                data-src=\"https:\/\/meeteu.eu\/wp-content\/uploads\/2025\/10\/Impartial-Political-Analysis_background.png\"\n                                                \/>\n                                            <\/div>\n                                        <\/div>\n\n                                        <header class=\"entry-header\">\n                                            <h4 class=\"entry-title\">\n                                                Kutupla\u015fm\u0131\u015f Bir D\u00fcnyada Nas\u0131l Net G\u00f6r\u00fcl\u00fcr?                                            <\/h4>\n                                        <\/header>\n\n                                        <div class=\"entry-main\">\n                                            <div class=\"entry-info\">\n                                                <div class=\"event-date\">\n                                                                                                            <i class=\"fas fa-calendar-alt\"><\/i>&nbsp;\n                                                    \n                                                                                                            <span>16 Aral\u0131k 2025<\/span>\n                                                                                                                                                                <span>19:00 (CEST)<\/span>\n                                                    \n                                                                                                            <span> - <\/span>\n                                                    \n                                                                                                            <span>16 Aral\u0131k 2025<\/span>\n                                                                                                                                                                <span>20:00 (CEST)<\/span>\n                                                                                                    <\/div>\n\n                                                                                                    <div class=\"event-location\">\n                                                                                                                    <i class=\"fas fa-thumbtack\"><\/i>&nbsp;\n                                                            <span>Zoom'da sanal etkinlik<\/span>\n                                                                                                            <\/div>\n\n                                                    <div class=\"event-language\">\n                                                                                                                    <i class=\"fas fa-globe\"><\/i>&nbsp;\n                                                            <span>\u0130ngilizce, \u00e7ok dilli altyaz\u0131larla<\/span>\n                                                                                                            <\/div>\n                                                                                            <\/div>\n\n                                            <div class=\"entry-content\">\n                                                <p>\n<p>G\u00fcn\u00fcm\u00fcz siyasi olaylar\u0131n\u0131n ard\u0131ndaki resmin tamam\u0131n\u0131 nas\u0131l g\u00f6rebilirsiniz? Politikac\u0131lar\u0131n s\u00f6ylediklerini ele\u015ftirel bir g\u00f6zle nas\u0131l de\u011ferlendirir ve tek tarafl\u0131 arg\u00fcmanlar\u0131 nas\u0131l tespit edersiniz? Ve anlat\u0131 tuzaklar\u0131ndan ve ki\u015fisel \u00f6nyarg\u0131lardan nas\u0131l ka\u00e7\u0131nabilirsiniz?<\/p>\n\n\n\n<p>Siyasi ekonomist ve analist Chavdar Vlachkov, ba\u011f\u0131ms\u0131z bir ses olarak Bulgar televizyonlar\u0131nda d\u00fczenli olarak yer almaktad\u0131r. Tarafs\u0131z analiz sanat\u0131n\u0131 derinlemesine inceledi ve ger\u00e7e\u011fe yakla\u015fmak i\u00e7in sorman\u0131z gereken kilit sorular\u0131 payla\u015facak.<\/p>\n\n\n\n<p><\/p>\n<\/p>\n                                                <div class=\"clear\"><\/div>\n                                            <\/div>\n\n                                                                                    <\/div>\n                                    <\/article>\n                                <\/div>\n                            \n                                <div id=\"post-12849\" class=\"aux-col post-12849\">\n                                    <article class=\"post column-entry post-12849 event_listing type-event_listing status-expired has-post-thumbnail hentry\">\n                                        <div class=\"entry-media\">\n                                            <div class=\"aux-media-frame aux-media-image aux-image-mask\">\n                                                <img decoding=\"async\"\n                                                loading=\"lazy\"\n                                                src=\"https:\/\/meeteu.eu\/wp-content\/uploads\/2025\/12\/Copy-of-Background-C-Green_Blue.png\"\n                                                class=\"aux-attachment aux-featured-image aux-attachment-id-12850 aux-preload aux-has-preview\"\n                                                alt=\"\"\n                                                data-src=\"https:\/\/meeteu.eu\/wp-content\/uploads\/2025\/12\/Copy-of-Background-C-Green_Blue.png\"\n                                                \/>\n                                            <\/div>\n                                        <\/div>\n\n                                        <header class=\"entry-header\">\n                                            <h4 class=\"entry-title\">\n                                                Bir Sonraki Avrupal\u0131 Youtuber Siz mi Olacaks\u0131n\u0131z?                                            <\/h4>\n                                        <\/header>\n\n                                        <div class=\"entry-main\">\n                                            <div class=\"entry-info\">\n                                                <div class=\"event-date\">\n                                                                                                            <i class=\"fas fa-calendar-alt\"><\/i>&nbsp;\n                                                    \n                                                                                                            <span>9 Aral\u0131k 2025<\/span>\n                                                                                                                                                                <span>19:00 (CEST)<\/span>\n                                                    \n                                                                                                            <span> - <\/span>\n                                                    \n                                                                                                            <span>9 Aral\u0131k 2025<\/span>\n                                                                                                                                                                <span>20:00 (CEST)<\/span>\n                                                                                                    <\/div>\n\n                                                                                                    <div class=\"event-location\">\n                                                                                                                    <i class=\"fas fa-thumbtack\"><\/i>&nbsp;\n                                                            <span>Zoom'da sanal etkinlik<\/span>\n                                                                                                            <\/div>\n\n                                                    <div class=\"event-language\">\n                                                                                                                    <i class=\"fas fa-globe\"><\/i>&nbsp;\n                                                            <span>\u0130ngilizce, \u00e7ok dilli altyaz\u0131larla<\/span>\n                                                                                                            <\/div>\n                                                                                            <\/div>\n\n                                            <div class=\"entry-content\">\n                                                <p>\n<p>Hi\u00e7 YouTuber olmay\u0131 d\u00fc\u015f\u00fcnd\u00fcn\u00fcz m\u00fc? Bu hayali ger\u00e7ekle\u015ftirmek i\u00e7in ne gerekli? Hangi hatalardan ka\u00e7\u0131n\u0131labilir? Sal\u0131, Lambertus \"<a href=\"https:\/\/www.youtube.com\/c\/theeumadesimple\" rel=\"noopener\">AB Basitle\u015ftirildi<\/a>\" (EUMS) bize yolculu\u011fu hakk\u0131nda her \u015feyi anlatacak. Bize kat\u0131l\u0131n ve onun ba\u015far\u0131l\u0131 bir Avrupal\u0131 YouTuber olma hikayesini \u00f6\u011frenin. EU Made Simple, Avrupa siyasetiyle ilgili en b\u00fcy\u00fck YouTube kanallar\u0131ndan biridir.<\/p>\n\n\n\n<p><\/p>\n\n\n\n<p><\/p>\n\n\n\n<p><\/p>\n<\/p>\n                                                <div class=\"clear\"><\/div>\n                                            <\/div>\n\n                                                                                    <\/div>\n                                    <\/article>\n                                <\/div>\n                            \n                                <div id=\"post-12816\" class=\"aux-col post-12816\">\n                                    <article class=\"post column-entry post-12816 event_listing type-event_listing status-expired has-post-thumbnail hentry\">\n                                        <div class=\"entry-media\">\n                                            <div class=\"aux-media-frame aux-media-image aux-image-mask\">\n                                                <img decoding=\"async\"\n                                                loading=\"lazy\"\n                                                src=\"https:\/\/meeteu.eu\/wp-content\/uploads\/2025\/11\/Copy-of-Background-B-Yellow_Blue-12.png\"\n                                                class=\"aux-attachment aux-featured-image aux-attachment-id-12818 aux-preload aux-has-preview\"\n                                                alt=\"\"\n                                                data-src=\"https:\/\/meeteu.eu\/wp-content\/uploads\/2025\/11\/Copy-of-Background-B-Yellow_Blue-12.png\"\n                                                \/>\n                                            <\/div>\n                                        <\/div>\n\n                                        <header class=\"entry-header\">\n                                            <h4 class=\"entry-title\">\n                                                Estonya - Avrupa'n\u0131n Rusya ile Bulu\u015ftu\u011fu Yer                                            <\/h4>\n                                        <\/header>\n\n                                        <div class=\"entry-main\">\n                                            <div class=\"entry-info\">\n                                                <div class=\"event-date\">\n                                                                                                            <i class=\"fas fa-calendar-alt\"><\/i>&nbsp;\n                                                    \n                                                                                                            <span>25 Kas\u0131m 2025<\/span>\n                                                                                                                                                                <span>19:00 (CEST)<\/span>\n                                                    \n                                                    \n                                                                                                                                                        <\/div>\n\n                                                                                                    <div class=\"event-location\">\n                                                                                                                    <i class=\"fas fa-thumbtack\"><\/i>&nbsp;\n                                                            <span>Zoom'da sanal etkinlik<\/span>\n                                                                                                            <\/div>\n\n                                                    <div class=\"event-language\">\n                                                                                                                    <i class=\"fas fa-globe\"><\/i>&nbsp;\n                                                            <span>\u0130ngilizce, \u00e7ok dilli altyaz\u0131larla<\/span>\n                                                                                                            <\/div>\n                                                                                            <\/div>\n\n                                            <div class=\"entry-content\">\n                                                <p>\n<p>Balt\u0131k \u00fclkelerinin 2004 y\u0131l\u0131ndaki kat\u0131l\u0131m\u0131yla AB ve NATO ilk kez eski Sovyetler Birli\u011fi'nin halef devleti olan Rusya Federasyonu ile do\u011frudan bir s\u0131n\u0131ra sahip oldu ve ayn\u0131 zamanda \u00f6nemli bir Rus az\u0131nl\u0131k n\u00fcfusuna sahip \u00fcye devletler haline geldi. Balt\u0131k \u00fclkeleri bu kat\u0131l\u0131m ad\u0131m\u0131n\u0131, Sovyetler Birli\u011fi'nin \u00e7\u00f6k\u00fc\u015f\u00fcnden sonra Rusya'n\u0131n kendi \u00fclkeleri \u00fczerinde yeniden hegemonya kurma giri\u015fimlerine kar\u015f\u0131 bir hayat sigortas\u0131 olarak g\u00f6rm\u00fc\u015ft\u00fcr. En ge\u00e7 2007'den itibaren Rusya Federasyonu, Balt\u0131k \u00fclkelerinin AB ve NATO \u00fcyeli\u011fini bir g\u00fcvenlik tehdidi olarak g\u00f6rd\u00fc\u011f\u00fcn\u00fc a\u00e7\u0131k\u00e7a ortaya koymu\u015ftur.<\/p>\n\n\n\n<p>O zamandan bu yana ge\u00e7en y\u0131llarda AB\/NATO ve Rusya aras\u0131ndaki gerilim artm\u0131\u015f ve Rusya'n\u0131n 2014 ve 2022'de Ukrayna'ya sald\u0131rmas\u0131 ve eskiden tarafs\u0131z olan \u0130sve\u00e7 ve Finlandiya'n\u0131n NATO'ya kat\u0131lmas\u0131yla yeni bir zirveye ula\u015fm\u0131\u015ft\u0131r.<\/p>\n\n\n\n<p>\u0130\u015fte b\u00f6yle bir ortamda, Estonya'n\u0131n ba\u015fkenti Tallinn'in \u00f6nde gelen serbest gazetecilerinden Maris Hellrand'\u0131, yeni DO\u011eU-BATI geriliminin odak noktas\u0131ndaki ya\u015fam hakk\u0131nda konu\u015fmak \u00fczere davet ettik.<\/p>\n\n\n\n<p><\/p>\n<\/p>\n                                                <div class=\"clear\"><\/div>\n                                            <\/div>\n\n                                                                                    <\/div>\n                                    <\/article>\n                                <\/div>\n                            \n                                <div id=\"post-12814\" class=\"aux-col post-12814\">\n                                    <article class=\"post column-entry post-12814 event_listing type-event_listing status-expired has-post-thumbnail hentry\">\n                                        <div class=\"entry-media\">\n                                            <div class=\"aux-media-frame aux-media-image aux-image-mask\">\n                                                <img decoding=\"async\"\n                                                loading=\"lazy\"\n                                                src=\"https:\/\/meeteu.eu\/wp-content\/uploads\/2025\/11\/MERCOSUR-Trade-Agreement-Event-2025-2.png\"\n                                                class=\"aux-attachment aux-featured-image aux-attachment-id-12815 aux-preload aux-has-preview\"\n                                                alt=\"\"\n                                                data-src=\"https:\/\/meeteu.eu\/wp-content\/uploads\/2025\/11\/MERCOSUR-Trade-Agreement-Event-2025-2.png\"\n                                                \/>\n                                            <\/div>\n                                        <\/div>\n\n                                        <header class=\"entry-header\">\n                                            <h4 class=\"entry-title\">\n                                                Mercosur Ticaret Anla\u015fmas\u0131 - Bir AB Can Simidi mi?                                            <\/h4>\n                                        <\/header>\n\n                                        <div class=\"entry-main\">\n                                            <div class=\"entry-info\">\n                                                <div class=\"event-date\">\n                                                                                                            <i class=\"fas fa-calendar-alt\"><\/i>&nbsp;\n                                                    \n                                                                                                            <span>18 Kas\u0131m 2025<\/span>\n                                                                                                                                                                <span>19:00 (CEST)<\/span>\n                                                    \n                                                    \n                                                                                                                                                        <\/div>\n\n                                                                                                    <div class=\"event-location\">\n                                                                                                                    <i class=\"fas fa-thumbtack\"><\/i>&nbsp;\n                                                            <span>Zoom'da sanal etkinlik<\/span>\n                                                                                                            <\/div>\n\n                                                    <div class=\"event-language\">\n                                                                                                                    <i class=\"fas fa-globe\"><\/i>&nbsp;\n                                                            <span>\u0130ngilizce, \u00e7ok dilli altyaz\u0131larla<\/span>\n                                                                                                            <\/div>\n                                                                                            <\/div>\n\n                                            <div class=\"entry-content\">\n                                                <p>\n<p>1999'da ba\u015flayan ve 2019'da prensip anla\u015fmas\u0131na var\u0131lan AB-Mercosur Ticaret m\u00fczakereleri hen\u00fcz biti\u015f \u00e7izgisini ge\u00e7emedi. Son olarak Aral\u0131k 2024'te serbest ticaret anla\u015fmas\u0131na ili\u015fkin bir anla\u015fma a\u00e7\u0131kland\u0131 ve 27 AB \u00fcyesi \u00fclkeden en az 15'inin onay\u0131n\u0131\/onaylamas\u0131n\u0131 bekliyor.&nbsp;<\/p>\n\n\n\n<p>Ba\u015fkan Trump y\u00f6netimindeki yeni ABD y\u00f6netiminin korumac\u0131 ticaret ve g\u00fcmr\u00fck tarifesi politikalar\u0131, anla\u015fman\u0131n tamamlanmas\u0131n\u0131n \u00f6n\u00fcndeki son engellerin kald\u0131r\u0131lmas\u0131 i\u00e7in her iki tarafa da yeni bir te\u015fvik ve aciliyet kazand\u0131rd\u0131.<\/p>\n\n\n\n<p>Avrupa Komisyonu Ticaret Genel M\u00fcd\u00fcrl\u00fc\u011f\u00fc'nden Paolo Garzotti'yi mevcut durum, kalan engeller ve her iki taraf i\u00e7in potansiyel faydalar hakk\u0131nda bilgi vermesi i\u00e7in davet ettik.<\/p>\n\n\n\n<p><sup><a href=\"https:\/\/en.wikipedia.org\/wiki\/EU%E2%80%93Mercosur_Association_Agreement#cite_note-:0-7\" rel=\"noopener\"><\/a><\/sup><\/p>\n\n\n\n<p><\/p>\n<\/p>\n                                                <div class=\"clear\"><\/div>\n                                            <\/div>\n\n                                                                                    <\/div>\n                                    <\/article>\n                                <\/div>\n                            \n                                <div id=\"post-12810\" class=\"aux-col post-12810\">\n                                    <article class=\"post column-entry post-12810 event_listing type-event_listing status-expired has-post-thumbnail hentry\">\n                                        <div class=\"entry-media\">\n                                            <div class=\"aux-media-frame aux-media-image aux-image-mask\">\n                                                <img decoding=\"async\"\n                                                loading=\"lazy\"\n                                                src=\"https:\/\/meeteu.eu\/wp-content\/uploads\/2025\/11\/Copy-of-Background-A-Pink_Blue-9.png\"\n                                                class=\"aux-attachment aux-featured-image aux-attachment-id-12812 aux-preload aux-has-preview\"\n                                                alt=\"\"\n                                                data-src=\"https:\/\/meeteu.eu\/wp-content\/uploads\/2025\/11\/Copy-of-Background-A-Pink_Blue-9.png\"\n                                                \/>\n                                            <\/div>\n                                        <\/div>\n\n                                        <header class=\"entry-header\">\n                                            <h4 class=\"entry-title\">\n                                                Sonbahar Tatili - Bir Hafta Ara Veriyoruz                                            <\/h4>\n                                        <\/header>\n\n                                        <div class=\"entry-main\">\n                                            <div class=\"entry-info\">\n                                                <div class=\"event-date\">\n                                                                                                            <i class=\"fas fa-calendar-alt\"><\/i>&nbsp;\n                                                    \n                                                                                                            <span>11 Kas\u0131m 2025<\/span>\n                                                                                                        \n                                                    \n                                                                                                                                                        <\/div>\n\n                                                                                                    <div class=\"event-location\">\n                                                                                                                    <i class=\"fas fa-thumbtack\"><\/i>&nbsp;\n                                                            <span>Zoom'da sanal etkinlik<\/span>\n                                                                                                            <\/div>\n\n                                                    <div class=\"event-language\">\n                                                                                                                    <i class=\"fas fa-globe\"><\/i>&nbsp;\n                                                            <span>\u0130ngilizce, \u00e7ok dilli altyaz\u0131larla<\/span>\n                                                                                                            <\/div>\n                                                                                            <\/div>\n\n                                            <div class=\"entry-content\">\n                                                <p>\n<p>Haftal\u0131k Etkinliklerimizin 100% g\u00f6n\u00fcll\u00fc destekli oldu\u011funu biliyor muydunuz? \u015eu anda ekipteki herkes \u00e7ok me\u015fgul: Aile ziyaretleri, s\u0131nav d\u00f6nemi, i\u015fteki son teslim tarihleri... Bu nedenle, Kas\u0131m ay\u0131n\u0131n ba\u015f\u0131ndaki renkli g\u00fcnlerin tad\u0131n\u0131 \u00e7\u0131karabilece\u011fimiz bir hafta ara vermeye karar verdik. \u00d6n\u00fcm\u00fczdeki hafta sizler i\u00e7in geri d\u00f6nece\u011fiz!<\/p>\n\n\n\n<p><\/p>\n<\/p>\n                                                <div class=\"clear\"><\/div>\n                                            <\/div>\n\n                                                                                    <\/div>\n                                    <\/article>\n                                <\/div>\n                            \n                                <div id=\"post-12805\" class=\"aux-col post-12805\">\n                                    <article class=\"post column-entry post-12805 event_listing type-event_listing status-expired has-post-thumbnail hentry\">\n                                        <div class=\"entry-media\">\n                                            <div class=\"aux-media-frame aux-media-image aux-image-mask\">\n                                                <img decoding=\"async\"\n                                                loading=\"lazy\"\n                                                src=\"https:\/\/meeteu.eu\/wp-content\/uploads\/2025\/10\/Norway-Elections-2025-1.png\"\n                                                class=\"aux-attachment aux-featured-image aux-attachment-id-12804 aux-preload aux-has-preview\"\n                                                alt=\"\"\n                                                data-src=\"https:\/\/meeteu.eu\/wp-content\/uploads\/2025\/10\/Norway-Elections-2025-1.png\"\n                                                \/>\n                                            <\/div>\n                                        <\/div>\n\n                                        <header class=\"entry-header\">\n                                            <h4 class=\"entry-title\">\n                                                Norve\u00e7'te Se\u00e7im \u015eoku: Az \u00d6nce Ne Oldu?!                                            <\/h4>\n                                        <\/header>\n\n                                        <div class=\"entry-main\">\n                                            <div class=\"entry-info\">\n                                                <div class=\"event-date\">\n                                                                                                            <i class=\"fas fa-calendar-alt\"><\/i>&nbsp;\n                                                    \n                                                                                                            <span>4 Kas\u0131m 2025<\/span>\n                                                                                                                                                                <span>19:00 (CEST)<\/span>\n                                                    \n                                                    \n                                                                                                                                                        <\/div>\n\n                                                                                                    <div class=\"event-location\">\n                                                                                                                    <i class=\"fas fa-thumbtack\"><\/i>&nbsp;\n                                                            <span>Zoom'da sanal etkinlik<\/span>\n                                                                                                            <\/div>\n\n                                                    <div class=\"event-language\">\n                                                                                                                    <i class=\"fas fa-globe\"><\/i>&nbsp;\n                                                            <span>\u0130ngilizce, \u00e7ok dilli altyaz\u0131larla<\/span>\n                                                                                                            <\/div>\n                                                                                            <\/div>\n\n                                            <div class=\"entry-content\">\n                                                <p>\n<p>Rekor kat\u0131l\u0131m. Zorluklara ra\u011fmen hayatta kalan solcu bir ba\u015fbakan. Destek patlamas\u0131 ya\u015fayan ve muhalefetin en g\u00fcr sesi haline gelen sa\u011f-pop\u00fclist bir parti. Ve t\u00fcm bunlara bir avu\u00e7 koltuk karar veriyor. \u0130\u015fte 8 Eyl\u00fcl 2025'te Norve\u00e7 buydu.<\/p>\n\n\n\n<p><\/p>\n<\/p>\n                                                <div class=\"clear\"><\/div>\n                                            <\/div>\n\n                                                                                    <\/div>\n                                    <\/article>\n                                <\/div>\n                            \n                                <div id=\"post-12723\" class=\"aux-col post-12723\">\n                                    <article class=\"post column-entry post-12723 event_listing type-event_listing status-expired has-post-thumbnail hentry\">\n                                        <div class=\"entry-media\">\n                                            <div class=\"aux-media-frame aux-media-image aux-image-mask\">\n                                                <img decoding=\"async\"\n                                                loading=\"lazy\"\n                                                src=\"https:\/\/meeteu.eu\/wp-content\/uploads\/2025\/10\/Copy-of-Background-C-Green_Blue-9.png\"\n                                                class=\"aux-attachment aux-featured-image aux-attachment-id-12795 aux-preload aux-has-preview\"\n                                                alt=\"\"\n                                                data-src=\"https:\/\/meeteu.eu\/wp-content\/uploads\/2025\/10\/Copy-of-Background-C-Green_Blue-9.png\"\n                                                \/>\n                                            <\/div>\n                                        <\/div>\n\n                                        <header class=\"entry-header\">\n                                            <h4 class=\"entry-title\">\n                                                Dijital Siz                                            <\/h4>\n                                        <\/header>\n\n                                        <div class=\"entry-main\">\n                                            <div class=\"entry-info\">\n                                                <div class=\"event-date\">\n                                                                                                            <i class=\"fas fa-calendar-alt\"><\/i>&nbsp;\n                                                    \n                                                                                                            <span>28 Ekim 2025<\/span>\n                                                                                                                                                                <span>19:00 (CEST)<\/span>\n                                                    \n                                                                                                            <span> - <\/span>\n                                                    \n                                                                                                            <span>28 Ekim 2025<\/span>\n                                                                                                                                                                <span>20:30 (CEST)<\/span>\n                                                                                                    <\/div>\n\n                                                                                                    <div class=\"event-location\">\n                                                                                                                    <i class=\"fas fa-thumbtack\"><\/i>&nbsp;\n                                                            <span>Zoom'da sanal etkinlik<\/span>\n                                                                                                            <\/div>\n\n                                                    <div class=\"event-language\">\n                                                                                                                    <i class=\"fas fa-globe\"><\/i>&nbsp;\n                                                            <span>\u0130ngilizce, \u00e7ok dilli altyaz\u0131larla<\/span>\n                                                                                                            <\/div>\n                                                                                            <\/div>\n\n                                            <div class=\"entry-content\">\n                                                <p>\n<p>Dijital ayak iziniz sizin hakk\u0131n\u0131zda neyi ortaya koyuyor ve bunu kim takip ediyor? Avrupa'n\u0131n d\u00f6rt bir yan\u0131ndan gen\u00e7lerle birlikte verilerinizin nas\u0131l topland\u0131\u011f\u0131n\u0131, bundan kimlerin kazan\u00e7 sa\u011flad\u0131\u011f\u0131n\u0131 ve dijital d\u00fcnyay\u0131 nas\u0131l kendinize ait hale getirebilece\u011finizi ke\u015ffedeceksiniz. Dijital d\u00fcnyada g\u00fcvenli ve \u00f6zg\u00fcvenli bir \u015fekilde gezinmenize yard\u0131mc\u0131 olacak ki\u015fisel bir Gizlilik Eylem Plan\u0131 ile uzakla\u015facaks\u0131n\u0131z.<\/p>\n\n\n\n<p>Elina Eickst\u00e4dt liderli\u011finde, yaz\u0131l\u0131m m\u00fchendisi, bilgisayar bilimcisi ve <a href=\"https:\/\/www.ccc.de\/en\" rel=\"noopener\">Kaos Bilgisayar Kul\u00fcb\u00fc<\/a> (CCC), Avrupa'n\u0131n en b\u00fcy\u00fck etik bilgisayar korsanlar\u0131 derne\u011fi.<br><br>Bu, T\u00fcrkiye'deki ilk <strong>alt\u0131 ERASMUS+ \u00f6zel etkinli\u011fi<\/strong> AB'nin Erasmus+ Program\u0131 taraf\u0131ndan finanse edilen dijital d\u00fcnyan\u0131n nas\u0131l size ait hale getirilece\u011fi \u00fczerine.<\/p>\n\n\n\n<p><em>30'un alt\u0131ndaki t\u00fcm kat\u0131l\u0131mc\u0131lara <a href=\"https:\/\/www.youthpass.eu\" rel=\"noopener\">Youthpass<\/a> Sertifika - CV'nizde harika g\u00f6r\u00fcnen yayg\u0131n e\u011fitimin Avrupa \u00e7ap\u0131nda tan\u0131nmas\u0131.<\/em><\/p>\n\n\n\n<p><\/p>\n\n\n<div class=\"wp-block-image\">\n<figure class=\"alignright size-full\"><img decoding=\"async\" width=\"300\" height=\"63\" src=\"https:\/\/meeteu.eu\/wp-content\/uploads\/2025\/10\/grafik-2.png\" alt=\"Funded by the European Union\" class=\"wp-image-12758\" srcset=\"https:\/\/meeteu.eu\/wp-content\/uploads\/2025\/10\/grafik-2.png 300w, https:\/\/meeteu.eu\/wp-content\/uploads\/2025\/10\/grafik-2-18x4.png 18w\" sizes=\"(max-width: 300px) 100vw, 300px\" \/><\/figure>\n<\/div>\n\n\n<p><\/p>\n<\/p>\n                                                <div class=\"clear\"><\/div>\n                                            <\/div>\n\n                                                                                    <\/div>\n                                    <\/article>\n                                <\/div>\n                            \n                                <div id=\"post-12424\" class=\"aux-col post-12424\">\n                                    <article class=\"post column-entry post-12424 event_listing type-event_listing status-expired has-post-thumbnail hentry\">\n                                        <div class=\"entry-media\">\n                                            <div class=\"aux-media-frame aux-media-image aux-image-mask\">\n                                                <img decoding=\"async\"\n                                                loading=\"lazy\"\n                                                src=\"https:\/\/meeteu.eu\/wp-content\/uploads\/2025\/10\/Copy-of-Background-A-Pink_Blue-8.png\"\n                                                class=\"aux-attachment aux-featured-image aux-attachment-id-12425 aux-preload aux-has-preview\"\n                                                alt=\"\"\n                                                data-src=\"https:\/\/meeteu.eu\/wp-content\/uploads\/2025\/10\/Copy-of-Background-A-Pink_Blue-8.png\"\n                                                \/>\n                                            <\/div>\n                                        <\/div>\n\n                                        <header class=\"entry-header\">\n                                            <h4 class=\"entry-title\">\n                                                Vatanda\u015f Paneli: Avrupa'y\u0131 T\u00fcm Nesiller \u0130\u00e7in Daha Adil Hale Getirin                                            <\/h4>\n                                        <\/header>\n\n                                        <div class=\"entry-main\">\n                                            <div class=\"entry-info\">\n                                                <div class=\"event-date\">\n                                                                                                            <i class=\"fas fa-calendar-alt\"><\/i>&nbsp;\n                                                    \n                                                                                                            <span>14 Ekim 2025<\/span>\n                                                                                                                                                                <span>19:00 (CEST)<\/span>\n                                                    \n                                                                                                            <span> - <\/span>\n                                                    \n                                                                                                            <span>1 Kas\u0131m 2025<\/span>\n                                                                                                                                                        <\/div>\n\n                                                                                                    <div class=\"event-location\">\n                                                                                                                    <i class=\"fas fa-thumbtack\"><\/i>&nbsp;\n                                                            <span>Zoom'da sanal etkinlik<\/span>\n                                                                                                            <\/div>\n\n                                                    <div class=\"event-language\">\n                                                                                                                    <i class=\"fas fa-globe\"><\/i>&nbsp;\n                                                            <span>\u0130ngilizce, \u00e7ok dilli altyaz\u0131larla<\/span>\n                                                                                                            <\/div>\n                                                                                            <\/div>\n\n                                            <div class=\"entry-content\">\n                                                <p>\n<p>\u0130klim De\u011fi\u015fikli\u011fi, Emeklilik Sistemleri ve Ya\u015f Ayr\u0131mc\u0131l\u0131\u011f\u0131 - Avrupa genelinde, toplumlar\u0131m\u0131z\u0131n t\u00fcm nesiller i\u00e7in e\u015fit derecede ya\u015fanabilir ve f\u0131rsatlarla dolu olmas\u0131n\u0131 sa\u011flamak \u00fczere nas\u0131l tasarlanmas\u0131 gerekti\u011fini tart\u0131\u015f\u0131yoruz. \u00c7o\u011fumuz ayn\u0131 fikirdeyiz: Toplumlar adil olmal\u0131d\u0131r. Ancak, kaynak da\u011f\u0131l\u0131m\u0131 ve karar alma mekanizmalar\u0131na eri\u015fim konusunda neyin adil oldu\u011funa dair g\u00f6r\u00fc\u015f\u00fcn\u00fcz, ya\u015f grubunuza ve ya\u015fam deneyiminize g\u00f6re farkl\u0131l\u0131k g\u00f6sterebilir.<\/p>\n\n\n\n<p>Avrupa Komisyonu, nesiller aras\u0131 adaleti te\u015fvik etmek ve tart\u0131\u015fmak amac\u0131yla AB \u00e7ap\u0131nda \u00e7evrimi\u00e7i ve y\u00fcz y\u00fcze bir dan\u0131\u015fma s\u00fcreci ba\u015flatt\u0131: Avrupa Vatanda\u015f Paneli. Br\u00fcksel'de bir araya gelen 150 kat\u0131l\u0131mc\u0131dan 2'sini Avrupa'da nesiller aras\u0131 adalet hakk\u0131nda konu\u015fmaya davet ettik. Kendileri \u00fczerinde \u00e7al\u0131\u015ft\u0131klar\u0131 konular\u0131 payla\u015facaklar.<\/p>\n\n\n\n<p>Daha sonra, sesinizi duyurma s\u0131ras\u0131 sizde. Ara odalarda, nesiller aras\u0131 adaletin nas\u0131l geli\u015ftirilebilece\u011fine dair fikirler geli\u015ftirmeniz ve bunlar\u0131 Avrupa Komisyonu'nun dijital \"Have Your Say\" platformunda payla\u015fman\u0131z istenecek.<\/p>\n<\/p>\n                                                <div class=\"clear\"><\/div>\n                                            <\/div>\n\n                                                                                    <\/div>\n                                    <\/article>\n                                <\/div>\n                            \n                                <div id=\"post-12417\" class=\"aux-col post-12417\">\n                                    <article class=\"post column-entry post-12417 event_listing type-event_listing status-expired has-post-thumbnail hentry\">\n                                        <div class=\"entry-media\">\n                                            <div class=\"aux-media-frame aux-media-image aux-image-mask\">\n                                                <img decoding=\"async\"\n                                                loading=\"lazy\"\n                                                src=\"https:\/\/meeteu.eu\/wp-content\/uploads\/2025\/10\/AI_event_BACKGROUND.png\"\n                                                class=\"aux-attachment aux-featured-image aux-attachment-id-12419 aux-preload aux-has-preview\"\n                                                alt=\"\"\n                                                data-src=\"https:\/\/meeteu.eu\/wp-content\/uploads\/2025\/10\/AI_event_BACKGROUND.png\"\n                                                \/>\n                                            <\/div>\n                                        <\/div>\n\n                                        <header class=\"entry-header\">\n                                            <h4 class=\"entry-title\">\n                                                Yapay Zeka - Yoksa Bildi\u011fimiz \u0130\u015fin Sonu mu?                                            <\/h4>\n                                        <\/header>\n\n                                        <div class=\"entry-main\">\n                                            <div class=\"entry-info\">\n                                                <div class=\"event-date\">\n                                                                                                            <i class=\"fas fa-calendar-alt\"><\/i>&nbsp;\n                                                    \n                                                                                                            <span>7 Ekim 2025<\/span>\n                                                                                                                                                                <span>19:00 (CEST)<\/span>\n                                                    \n                                                                                                            <span> - <\/span>\n                                                    \n                                                                                                            <span>7 Ekim 2025<\/span>\n                                                                                                                                                                <span>20:00 (CEST)<\/span>\n                                                                                                    <\/div>\n\n                                                                                                    <div class=\"event-location\">\n                                                                                                                    <i class=\"fas fa-thumbtack\"><\/i>&nbsp;\n                                                            <span>Zoom'da sanal etkinlik<\/span>\n                                                                                                            <\/div>\n\n                                                    <div class=\"event-language\">\n                                                                                                                    <i class=\"fas fa-globe\"><\/i>&nbsp;\n                                                            <span>\u0130ngilizce, \u00e7ok dilli altyaz\u0131larla<\/span>\n                                                                                                            <\/div>\n                                                                                            <\/div>\n\n                                            <div class=\"entry-content\">\n                                                <p>\n<p>Yapay zeka i\u015flerimiz i\u00e7in mi geliyor? Kitlesel i\u015fsizli\u011fe mi neden olacak yoksa yeni i\u015f t\u00fcrlerine b\u00fcy\u00fck bir kap\u0131 m\u0131 a\u00e7acak? Hepimiz yeniden beceri kazanmal\u0131 m\u0131y\u0131z? Okullar ve \u00fcniversiteler nas\u0131l haz\u0131rlanmal\u0131? YZ bizi rutin g\u00f6revlerden kurtarabilir ve hayat\u0131 daha anlaml\u0131 hale getirebilir mi? E\u011fer \u00f6yleyse, \u00e7al\u0131\u015fanlar\u0131 YZ'nin yapamayaca\u011f\u0131 i\u015fleri \u00fcstlenmeleri i\u00e7in nas\u0131l motive edece\u011fiz? Ko\u015fulsuz Temel Gelire (UBI) ihtiyac\u0131m\u0131z var m\u0131? Ve AB politikas\u0131 bu b\u00fcy\u00fck i\u015fg\u00fcc\u00fc piyasas\u0131 d\u00f6n\u00fc\u015f\u00fcm\u00fcnde nas\u0131l bir rol oynamal\u0131? <\/p>\n\n\n\n<p>Bu sorular\u0131 AB ajans\u0131nda Ara\u015ft\u0131rma G\u00f6revlisi olan Drago\u0219 Ad\u0103sc\u0103li\u021bei'ye soraca\u011f\u0131z <a href=\"https:\/\/www.eurofound.europa.eu\/en\/home\" rel=\"noopener\">Eurofound<\/a> (Avrupa Ya\u015fam ve \u00c7al\u0131\u015fma Ko\u015fullar\u0131n\u0131 \u0130yile\u015ftirme Vakf\u0131). Drago\u0219 i\u015fin gelece\u011fi \u00fczerine \u00e7al\u0131\u015fmaktad\u0131r: yapay zekan\u0131n i\u015fler \u00fczerindeki etkisi ve otomasyonun istihdam \u00fczerindeki etkileri.<\/p>\n\n\n\n<p><\/p>\n<\/p>\n                                                <div class=\"clear\"><\/div>\n                                            <\/div>\n\n                                                                                    <\/div>\n                                    <\/article>\n                                <\/div>\n                            \n                                <div id=\"post-12412\" class=\"aux-col post-12412\">\n                                    <article class=\"post column-entry post-12412 event_listing type-event_listing status-expired has-post-thumbnail hentry\">\n                                        <div class=\"entry-media\">\n                                            <div class=\"aux-media-frame aux-media-image aux-image-mask\">\n                                                <img decoding=\"async\"\n                                                loading=\"lazy\"\n                                                src=\"https:\/\/meeteu.eu\/wp-content\/uploads\/2025\/09\/Copy-of-Background-C-Green_Blue-7.png\"\n                                                class=\"aux-attachment aux-featured-image aux-attachment-id-12414 aux-preload aux-has-preview\"\n                                                alt=\"\"\n                                                data-src=\"https:\/\/meeteu.eu\/wp-content\/uploads\/2025\/09\/Copy-of-Background-C-Green_Blue-7.png\"\n                                                \/>\n                                            <\/div>\n                                        <\/div>\n\n                                        <header class=\"entry-header\">\n                                            <h4 class=\"entry-title\">\n                                                Topluluk Etkinli\u011fi: AB Tatil Yerlerini Co\u011frafi Olarak Tahmin Edin                                            <\/h4>\n                                        <\/header>\n\n                                        <div class=\"entry-main\">\n                                            <div class=\"entry-info\">\n                                                <div class=\"event-date\">\n                                                                                                            <i class=\"fas fa-calendar-alt\"><\/i>&nbsp;\n                                                    \n                                                                                                            <span>30 Eyl\u00fcl 2025<\/span>\n                                                                                                                                                                <span>19:00 (CEST)<\/span>\n                                                    \n                                                    \n                                                                                                                                                        <\/div>\n\n                                                                                                    <div class=\"event-location\">\n                                                                                                                    <i class=\"fas fa-thumbtack\"><\/i>&nbsp;\n                                                            <span>Zoom'da sanal etkinlik<\/span>\n                                                                                                            <\/div>\n\n                                                    <div class=\"event-language\">\n                                                                                                                    <i class=\"fas fa-globe\"><\/i>&nbsp;\n                                                            <span>\u0130ngilizce, \u00e7ok dilli altyaz\u0131larla<\/span>\n                                                                                                            <\/div>\n                                                                                            <\/div>\n\n                                            <div class=\"entry-content\">\n                                                <p>\n<p>Avrupa \u015fehirlerini co\u011frafi olarak tahmin etmede ne kadar iyisiniz? Topluluk \u00fcyelerimizin \u00e7o\u011fu MeetEU yaz tatilini yeni ufuklar ke\u015ffetmek i\u00e7in kulland\u0131. Daha \u00f6nce hi\u00e7 g\u00f6rmedikleri \u015fehirleri ve yerleri ke\u015ffettiler, y\u00fcr\u00fcy\u00fc\u015f yapt\u0131lar ve Avrupa'n\u0131n sunduklar\u0131n\u0131n tad\u0131n\u0131 \u00e7\u0131kard\u0131lar. Onlardan baz\u0131 foto\u011fraflar\u0131 bizimle payla\u015fmalar\u0131n\u0131 istedik. \u015eimdi nerede olduklar\u0131n\u0131 tahmin etmek size kalm\u0131\u015f.<\/p>\n\n\n\n<p>Sizi topluluk etkinli\u011fimize kat\u0131lmaya ve toplulu\u011fumuzun tatil yerlerinden baz\u0131lar\u0131n\u0131 co\u011frafi olarak tahmin etmeye davet ediyoruz.<\/p>\n<\/p>\n                                                <div class=\"clear\"><\/div>\n                                            <\/div>\n\n                                                                                    <\/div>\n                                    <\/article>\n                                <\/div>\n                            \n                                <div id=\"post-12401\" class=\"aux-col post-12401\">\n                                    <article class=\"post column-entry post-12401 event_listing type-event_listing status-expired has-post-thumbnail hentry\">\n                                        <div class=\"entry-media\">\n                                            <div class=\"aux-media-frame aux-media-image aux-image-mask\">\n                                                <img decoding=\"async\"\n                                                loading=\"lazy\"\n                                                src=\"https:\/\/meeteu.eu\/wp-content\/uploads\/2025\/09\/Copy-of-Background-A-Pink_Blue-6.png\"\n                                                class=\"aux-attachment aux-featured-image aux-attachment-id-12402 aux-preload aux-has-preview\"\n                                                alt=\"\"\n                                                data-src=\"https:\/\/meeteu.eu\/wp-content\/uploads\/2025\/09\/Copy-of-Background-A-Pink_Blue-6.png\"\n                                                \/>\n                                            <\/div>\n                                        <\/div>\n\n                                        <header class=\"entry-header\">\n                                            <h4 class=\"entry-title\">\n                                                Bekle... Sosyal Medya Avrupa'da m\u0131 \u00dcretildi?                                            <\/h4>\n                                        <\/header>\n\n                                        <div class=\"entry-main\">\n                                            <div class=\"entry-info\">\n                                                <div class=\"event-date\">\n                                                                                                            <i class=\"fas fa-calendar-alt\"><\/i>&nbsp;\n                                                    \n                                                                                                            <span>23 Eyl\u00fcl 2025<\/span>\n                                                                                                                                                                <span>19:00 (CEST)<\/span>\n                                                    \n                                                    \n                                                                                                                                                        <\/div>\n\n                                                                                                    <div class=\"event-location\">\n                                                                                                                    <i class=\"fas fa-thumbtack\"><\/i>&nbsp;\n                                                            <span>Zoom'da sanal etkinlik<\/span>\n                                                                                                            <\/div>\n\n                                                    <div class=\"event-language\">\n                                                                                                                    <i class=\"fas fa-globe\"><\/i>&nbsp;\n                                                            <span>\u0130ngilizce, \u00e7ok dilli altyaz\u0131larla<\/span>\n                                                                                                            <\/div>\n                                                                                            <\/div>\n\n                                            <div class=\"entry-content\">\n                                                <p>\n<p>2025 y\u0131l\u0131nday\u0131z. <br>Sosyal medya ABD ve \u00c7in taraf\u0131ndan domine edilmektedir. <br>T\u00fcm d\u00fcnya onlar\u0131n uygulamalar\u0131n\u0131 kullan\u0131yor. <br><br>...T\u00fcm d\u00fcnya m\u0131?<br><br>Pek say\u0131lmaz.<\/p>\n\n\n\n<p>Avrupal\u0131 idealistlerden olu\u015fan k\u00fc\u00e7\u00fck, kararl\u0131 bir ekip geri ad\u0131m at\u0131yor - ve b\u00fcy\u00fck hedefler koyuyor: Sosyal Medya, Made in Europe. <\/p>\n\n\n\n<p>Christos Floros liderli\u011finde Instagram ve Facebook'a bir alternatif olu\u015fturuyorlar - ba\u011f\u0131ml\u0131l\u0131k yaratan algoritmalar yok, sonu gelmeyen reklamlar yok, gizli siyasi \u00f6nyarg\u0131lar yok. En az\u0131ndan Christos b\u00f6yle tan\u0131ml\u0131yor. <br><br>Ama ger\u00e7ekten i\u015fe yarayabilir mi?<br>Hangi \u00f6zellikleri sunacak?<br>Peki \"insan \u00f6ncelikli\" bir sosyal medya platformu ger\u00e7ekten neye benziyor?<br><br>\u00d6\u011frenmek i\u00e7in Christos ile konu\u015fuyoruz - ve siz de davetlisiniz.<\/p>\n\n\n\n<p><\/p>\n\n\n\n<p><\/p>\n<\/p>\n                                                <div class=\"clear\"><\/div>\n                                            <\/div>\n\n                                                                                    <\/div>\n                                    <\/article>\n                                <\/div>\n                            \n                                <div id=\"post-12386\" class=\"aux-col post-12386\">\n                                    <article class=\"post column-entry post-12386 event_listing type-event_listing status-expired has-post-thumbnail hentry\">\n                                        <div class=\"entry-media\">\n                                            <div class=\"aux-media-frame aux-media-image aux-image-mask\">\n                                                <img decoding=\"async\"\n                                                loading=\"lazy\"\n                                                src=\"https:\/\/meeteu.eu\/wp-content\/uploads\/2025\/07\/Background-B-Yellow_Blue-1.png\"\n                                                class=\"aux-attachment aux-featured-image aux-attachment-id-12387 aux-preload aux-has-preview\"\n                                                alt=\"\"\n                                                data-src=\"https:\/\/meeteu.eu\/wp-content\/uploads\/2025\/07\/Background-B-Yellow_Blue-1.png\"\n                                                \/>\n                                            <\/div>\n                                        <\/div>\n\n                                        <header class=\"entry-header\">\n                                            <h4 class=\"entry-title\">\n                                                Gen\u00e7lik Projeleri i\u00e7in ERASMUS+: Nas\u0131l \u00c7al\u0131\u015f\u0131r?                                            <\/h4>\n                                        <\/header>\n\n                                        <div class=\"entry-main\">\n                                            <div class=\"entry-info\">\n                                                <div class=\"event-date\">\n                                                                                                            <i class=\"fas fa-calendar-alt\"><\/i>&nbsp;\n                                                    \n                                                                                                            <span>29 Temmuz 2025<\/span>\n                                                                                                                                                                <span>19:00 (CEST)<\/span>\n                                                    \n                                                                                                            <span> - <\/span>\n                                                    \n                                                                                                            <span>29 Temmuz 2025<\/span>\n                                                                                                                                                                <span>20:00 (CEST)<\/span>\n                                                                                                    <\/div>\n\n                                                                                                    <div class=\"event-location\">\n                                                                                                                    <i class=\"fas fa-thumbtack\"><\/i>&nbsp;\n                                                            <span>Zoom'da sanal etkinlik<\/span>\n                                                                                                            <\/div>\n\n                                                    <div class=\"event-language\">\n                                                                                                                    <i class=\"fas fa-globe\"><\/i>&nbsp;\n                                                            <span>\u0130ngilizce, \u00e7ok dilli altyaz\u0131larla<\/span>\n                                                                                                            <\/div>\n                                                                                            <\/div>\n\n                                            <div class=\"entry-content\">\n                                                <p>\n<p>Gen\u00e7lerin bir araya gelmelerini ve birlikte \u00f6\u011frenmelerini sa\u011flamak i\u00e7in para bulmak bazen ger\u00e7ekten zor olabilir. Ancak iyi haber: Bir\u00e7ok durumda ERASMUS+ size yard\u0131mc\u0131 olabilir. Ve bundan faydalanmak sand\u0131\u011f\u0131n\u0131zdan daha kolay olabilir.<\/p>\n\n\n\n<p>Avrupa Komisyonu'ndan Katarina ile birlikte hibe ba\u015fvurular\u0131 ve \u00e7a\u011fr\u0131lar\u0131 d\u00fcnyas\u0131na girece\u011fiz. Kendisi bize ERASMUS+'\u0131n gen\u00e7lik projesi fikrinizin hayata ge\u00e7irilmesini destekleyebilece\u011fi \u00e7e\u015fitli yollar hakk\u0131nda k\u0131sa bir genel bak\u0131\u015f sunacak.<\/p>\n\n\n\n<p>En iyisi: Katarina y\u0131llar\u0131n deneyimine sahip! Sorular\u0131n\u0131z\u0131 yazmay\u0131 unutmay\u0131n, \u00e7\u00fcnk\u00fc sunumundan sonra kendisiyle bir soru-cevap oturumu d\u00fczenleyece\u011fiz.<\/p>\n\n\n\n<p><\/p>\n<\/p>\n                                                <div class=\"clear\"><\/div>\n                                            <\/div>\n\n                                                                                    <\/div>\n                                    <\/article>\n                                <\/div>\n                            \n                                <div id=\"post-12382\" class=\"aux-col post-12382\">\n                                    <article class=\"post column-entry post-12382 event_listing type-event_listing status-expired has-post-thumbnail hentry\">\n                                        <div class=\"entry-media\">\n                                            <div class=\"aux-media-frame aux-media-image aux-image-mask\">\n                                                <img decoding=\"async\"\n                                                loading=\"lazy\"\n                                                src=\"https:\/\/meeteu.eu\/wp-content\/uploads\/2025\/07\/Copy-of-Background-C-Green_Blue-5.png\"\n                                                class=\"aux-attachment aux-featured-image aux-attachment-id-12383 aux-preload aux-has-preview\"\n                                                alt=\"\"\n                                                data-src=\"https:\/\/meeteu.eu\/wp-content\/uploads\/2025\/07\/Copy-of-Background-C-Green_Blue-5.png\"\n                                                \/>\n                                            <\/div>\n                                        <\/div>\n\n                                        <header class=\"entry-header\">\n                                            <h4 class=\"entry-title\">\n                                                G\u00fcrcistan'\u0131n Demokrasi M\u00fccadelesi: Sizin \u0130\u00e7in Neden \u00d6nemli Olmal\u0131!                                            <\/h4>\n                                        <\/header>\n\n                                        <div class=\"entry-main\">\n                                            <div class=\"entry-info\">\n                                                <div class=\"event-date\">\n                                                                                                            <i class=\"fas fa-calendar-alt\"><\/i>&nbsp;\n                                                    \n                                                                                                            <span>22 Temmuz 2025<\/span>\n                                                                                                                                                                <span>19:00 (CEST)<\/span>\n                                                    \n                                                                                                            <span> - <\/span>\n                                                    \n                                                                                                            <span>22 Temmuz 2025<\/span>\n                                                                                                                                                                <span>20:00 (CEST)<\/span>\n                                                                                                    <\/div>\n\n                                                                                                    <div class=\"event-location\">\n                                                                                                                    <i class=\"fas fa-thumbtack\"><\/i>&nbsp;\n                                                            <span>Zoom'da sanal etkinlik<\/span>\n                                                                                                            <\/div>\n\n                                                    <div class=\"event-language\">\n                                                                                                                    <i class=\"fas fa-globe\"><\/i>&nbsp;\n                                                            <span>\u0130ngilizce, \u00e7ok dilli altyaz\u0131larla<\/span>\n                                                                                                            <\/div>\n                                                                                            <\/div>\n\n                                            <div class=\"entry-content\">\n                                                <p>\n<p>G\u00fcrcistan'da giderek artan otoriterli\u011fe kar\u015f\u0131 protestolar patlak verdi\u011finde sivil toplum kar\u015f\u0131l\u0131k verdi ve d\u00fcnya bunu fark etti. Peki ger\u00e7ekten ne oldu, tam olarak ne i\u015fe yarad\u0131, ne yaramad\u0131 ve di\u011ferleri bundan ne \u00f6\u011frenebilir? <\/p>\n\n\n\n<p>Konuk konu\u015fmac\u0131lar\u0131m\u0131zla birlikte G\u00fcrcistan deneyimi hakk\u0131nda daha fazla bilgi edinecek ve Avrupa'daki yurtta\u015flar\u0131n, hareketlerin ve demokrasilerin benzer zorluklara nas\u0131l yan\u0131t verebilece\u011fini ara\u015ft\u0131raca\u011f\u0131z. Protesto stratejilerinden uzun vadeli sivil kat\u0131l\u0131ma kadar, demokratik gerilemeye direnmek i\u00e7in ne gerekiyor?<\/p>\n<\/p>\n                                                <div class=\"clear\"><\/div>\n                                            <\/div>\n\n                                                                                    <\/div>\n                                    <\/article>\n                                <\/div>\n                            \n                                <div id=\"post-12341\" class=\"aux-col post-12341\">\n                                    <article class=\"post column-entry post-12341 event_listing type-event_listing status-expired has-post-thumbnail hentry\">\n                                        <div class=\"entry-media\">\n                                            <div class=\"aux-media-frame aux-media-image aux-image-mask\">\n                                                <img decoding=\"async\"\n                                                loading=\"lazy\"\n                                                src=\"https:\/\/meeteu.eu\/wp-content\/uploads\/2025\/07\/Visual-ENISA-1A.png\"\n                                                class=\"aux-attachment aux-featured-image aux-attachment-id-12342 aux-preload aux-has-preview\"\n                                                alt=\"\"\n                                                data-src=\"https:\/\/meeteu.eu\/wp-content\/uploads\/2025\/07\/Visual-ENISA-1A.png\"\n                                                \/>\n                                            <\/div>\n                                        <\/div>\n\n                                        <header class=\"entry-header\">\n                                            <h4 class=\"entry-title\">\n                                                Siber G\u00fcvenlik: G\u00fcvendi\u011finiz Altyap\u0131y\u0131 Kim Koruyor?                                            <\/h4>\n                                        <\/header>\n\n                                        <div class=\"entry-main\">\n                                            <div class=\"entry-info\">\n                                                <div class=\"event-date\">\n                                                                                                            <i class=\"fas fa-calendar-alt\"><\/i>&nbsp;\n                                                    \n                                                                                                            <span>15 Temmuz 2025<\/span>\n                                                                                                                                                                <span>19:00 (CEST)<\/span>\n                                                    \n                                                                                                            <span> - <\/span>\n                                                    \n                                                                                                            <span>15 Temmuz 2025<\/span>\n                                                                                                                                                                <span>20:00 (CEST)<\/span>\n                                                                                                    <\/div>\n\n                                                                                                    <div class=\"event-location\">\n                                                                                                                    <i class=\"fas fa-thumbtack\"><\/i>&nbsp;\n                                                            <span>Zoom'da sanal etkinlik<\/span>\n                                                                                                            <\/div>\n\n                                                    <div class=\"event-language\">\n                                                                                                                    <i class=\"fas fa-globe\"><\/i>&nbsp;\n                                                            <span>\u0130ngilizce, \u00e7ok dilli altyaz\u0131larla<\/span>\n                                                                                                            <\/div>\n                                                                                            <\/div>\n\n                                            <div class=\"entry-content\">\n                                                <p>\n<p>2024 y\u0131l\u0131nda, binlerce dijital sald\u0131r\u0131 hepimizin bildi\u011fi g\u00fcnl\u00fck ya\u015fam i\u00e7in tehlike olu\u015fturdu. Hastanelerin g\u00fcvenilirli\u011fini etkilediler, devlet hizmetlerini yava\u015flatt\u0131lar ve bizi en ki\u015fisel verilerimize kimin eri\u015febilece\u011fi \u00fczerindeki kontrol\u00fcm\u00fcz\u00fc kaybetme riskiyle kar\u015f\u0131 kar\u015f\u0131ya b\u0131rakt\u0131lar. Her siber sald\u0131r\u0131 hepimiz i\u00e7in acil bir tehdit olu\u015fturuyor. Ama bizi kim koruyor?<\/p>\n\n\n\n<p>Ulusal kurumlar\u0131n yan\u0131 s\u0131ra, Avrupa Birli\u011fi Siber G\u00fcvenlik Ajans\u0131 (ENISA) Avrupa d\u00fczeyindeki ana akt\u00f6rlerden biridir. \u00dcye Devletler ve AB organlar\u0131yla i\u015fbirli\u011fi yaparak Avrupa'n\u0131n yar\u0131n\u0131n siber zorluklar\u0131na haz\u0131rlanmas\u0131na yard\u0131mc\u0131 olur.<\/p>\n\n\n\n<p>ENISA uzmanlar\u0131 Laura Heuvinck ve Evangelos Kantas ile yapt\u0131\u011f\u0131m\u0131z g\u00f6r\u00fc\u015fmeye kat\u0131l\u0131n ve Avrupa Birli\u011fi'nin siber uzay\u0131 ve hayatlar\u0131m\u0131z\u0131 daha g\u00fcvenli hale getirmek i\u00e7in neler planlad\u0131\u011f\u0131n\u0131 ke\u015ffedin.<\/p>\n\n\n\n<p><\/p>\n<\/p>\n                                                <div class=\"clear\"><\/div>\n                                            <\/div>\n\n                                                                                    <\/div>\n                                    <\/article>\n                                <\/div>\n                            \n                                <div id=\"post-12335\" class=\"aux-col post-12335\">\n                                    <article class=\"post column-entry post-12335 event_listing type-event_listing status-expired has-post-thumbnail hentry\">\n                                        <div class=\"entry-media\">\n                                            <div class=\"aux-media-frame aux-media-image aux-image-mask\">\n                                                <img decoding=\"async\"\n                                                loading=\"lazy\"\n                                                src=\"https:\/\/meeteu.eu\/wp-content\/uploads\/2025\/06\/Background-B-Yellow_Blue.png\"\n                                                class=\"aux-attachment aux-featured-image aux-attachment-id-12336 aux-preload aux-has-preview\"\n                                                alt=\"\"\n                                                data-src=\"https:\/\/meeteu.eu\/wp-content\/uploads\/2025\/06\/Background-B-Yellow_Blue.png\"\n                                                \/>\n                                            <\/div>\n                                        <\/div>\n\n                                        <header class=\"entry-header\">\n                                            <h4 class=\"entry-title\">\n                                                1,5\u00b0C hedefine ula\u015fabilir misiniz? Bir \u0130klim Politikas\u0131 Sim\u00fclasyonu                                            <\/h4>\n                                        <\/header>\n\n                                        <div class=\"entry-main\">\n                                            <div class=\"entry-info\">\n                                                <div class=\"event-date\">\n                                                                                                            <i class=\"fas fa-calendar-alt\"><\/i>&nbsp;\n                                                    \n                                                                                                            <span>8 Temmuz 2025<\/span>\n                                                                                                                                                                <span>19:00 (CEST)<\/span>\n                                                    \n                                                                                                            <span> - <\/span>\n                                                    \n                                                                                                            <span>8 Temmuz 2025<\/span>\n                                                                                                                                                                <span>20:00 (CEST)<\/span>\n                                                                                                    <\/div>\n\n                                                                                                    <div class=\"event-location\">\n                                                                                                                    <i class=\"fas fa-thumbtack\"><\/i>&nbsp;\n                                                            <span>Zoom'da sanal etkinlik<\/span>\n                                                                                                            <\/div>\n\n                                                    <div class=\"event-language\">\n                                                                                                                    <i class=\"fas fa-globe\"><\/i>&nbsp;\n                                                            <span>\u0130ngilizce, \u00e7ok dilli altyaz\u0131larla<\/span>\n                                                                                                            <\/div>\n                                                                                            <\/div>\n\n                                            <div class=\"entry-content\">\n                                                <p>\n<p>\u0130klim krizini \u00e7\u00f6zmekle g\u00f6revli d\u00fcnya lideri siz olsayd\u0131n\u0131z ne olurdu? Fikirlerinizi test edin&nbsp;<a href=\"https:\/\/www.climateinteractive.org\/en-roads\/\" rel=\"noopener\">En-ROADS iklim sim\u00fclasyonu<\/a>&nbsp;at\u00f6lye \u00e7al\u0131\u015fmas\u0131. Enerji verimlili\u011fi, karbon fiyatland\u0131rmas\u0131, fosil yak\u0131t vergileri, ormans\u0131zla\u015fman\u0131n azalt\u0131lmas\u0131 veya karbondioksit giderimi gibi \u00e7\u00f6z\u00fcmler \u00f6nerin ve bunlar\u0131n k\u00fcresel s\u0131cakl\u0131k \u00fczerindeki ger\u00e7ek zamanl\u0131 etkilerini g\u00f6r\u00fcn. 1,5\u00b0C hedefine ula\u015fabilir misiniz?<\/p>\n\n\n\n<p>Bu \u00e7al\u0131\u015ftaya h\u00fck\u00fcmet, sivil toplum kurulu\u015flar\u0131, i\u015f d\u00fcnyas\u0131 ve akademiden 6.500'den fazla lider kat\u0131lm\u0131\u015ft\u0131r.<\/p>\n\n\n\n<p>Kolayla\u015ft\u0131r\u0131c\u0131n\u0131z, En-ROADS El\u00e7isi&nbsp;<a href=\"https:\/\/www.climateinteractive.org\/en-roads\/climate-ambassadors\/ambassador\/bas-tuenter\/\" rel=\"noopener\">Bas Tuenter<\/a>laboratuvar tek kullan\u0131ml\u0131k malzemelerinin yeniden kullan\u0131m\u0131na odaklanan bir start-up olan Sustainables'\u0131n kurucusudur. En-ROADS sim\u00fclat\u00f6r\u00fcn\u00fc COP25'teki BM gen\u00e7lik iklim alan\u0131nda g\u00f6n\u00fcll\u00fc olarak \u00e7al\u0131\u015f\u0131rken ke\u015ffetmi\u015ftir.<\/p>\n<\/p>\n                                                <div class=\"clear\"><\/div>\n                                            <\/div>\n\n                                                                                    <\/div>\n                                    <\/article>\n                                <\/div>\n                            \n                                <div id=\"post-12333\" class=\"aux-col post-12333\">\n                                    <article class=\"post column-entry post-12333 event_listing type-event_listing status-expired has-post-thumbnail hentry\">\n                                        <div class=\"entry-media\">\n                                            <div class=\"aux-media-frame aux-media-image aux-image-mask\">\n                                                <img decoding=\"async\"\n                                                loading=\"lazy\"\n                                                src=\"https:\/\/meeteu.eu\/wp-content\/uploads\/2025\/06\/Copy-of-Background-C-Green_Blue-4.png\"\n                                                class=\"aux-attachment aux-featured-image aux-attachment-id-12334 aux-preload aux-has-preview\"\n                                                alt=\"\"\n                                                data-src=\"https:\/\/meeteu.eu\/wp-content\/uploads\/2025\/06\/Copy-of-Background-C-Green_Blue-4.png\"\n                                                \/>\n                                            <\/div>\n                                        <\/div>\n\n                                        <header class=\"entry-header\">\n                                            <h4 class=\"entry-title\">\n                                                Avrupa Gen\u00e7lik Etkinli\u011fi 2025: Uzun S\u0131ralar, B\u00fcy\u00fck Anlar, Ger\u00e7ek Hikayeler                                            <\/h4>\n                                        <\/header>\n\n                                        <div class=\"entry-main\">\n                                            <div class=\"entry-info\">\n                                                <div class=\"event-date\">\n                                                                                                            <i class=\"fas fa-calendar-alt\"><\/i>&nbsp;\n                                                    \n                                                                                                            <span>1 Temmuz 2025<\/span>\n                                                                                                                                                                <span>19:00 (CEST)<\/span>\n                                                    \n                                                                                                            <span> - <\/span>\n                                                    \n                                                                                                            <span>1 Temmuz 2025<\/span>\n                                                                                                                                                                <span>20:00 (CEST)<\/span>\n                                                                                                    <\/div>\n\n                                                                                                    <div class=\"event-location\">\n                                                                                                                    <i class=\"fas fa-thumbtack\"><\/i>&nbsp;\n                                                            <span>Zoom'da sanal etkinlik<\/span>\n                                                                                                            <\/div>\n\n                                                    <div class=\"event-language\">\n                                                                                                                    <i class=\"fas fa-globe\"><\/i>&nbsp;\n                                                            <span>\u0130ngilizce, \u00e7ok dilli altyaz\u0131larla<\/span>\n                                                                                                            <\/div>\n                                                                                            <\/div>\n\n                                            <div class=\"entry-content\">\n                                                <p>\n<p>\u0130ki hafta \u00f6nce, ya\u015flar\u0131 18 ila 30 aras\u0131nda de\u011fi\u015fen bir grup gen\u00e7 Berlinli, MeetEU ile birlikte Avrupa'n\u0131n en b\u00fcy\u00fck demokrasi festivaline gitti. Hepsi kalplerine yak\u0131n bir ama\u00e7 i\u00e7in g\u00f6n\u00fcll\u00fc oldu: g\u00f6\u00e7menlere dil dersleri vermek, Ukrayna'y\u0131 desteklemek ya da kamusal alanlar\u0131 sanat yoluyla daha ya\u015fanabilir hale getirmek. <\/p>\n\n\n\n<p>MeetEU'nun uluslararas\u0131 ekibiyle birlikte Strazburg'daki Avrupa Parlamentosu'na giderek \"\u00e7e\u015fitlilik i\u00e7inde birle\u015fme \"nin AB d\u00fczeyinde ne anlama geldi\u011fini bizzat deneyimlediler: K\u0131ta genelinde ve \u00f6tesinde binlerce g\u00f6n\u00fcll\u00fc ve gen\u00e7 kat\u0131l\u0131mc\u0131yla bir araya geldiler.<\/p>\n\n\n\n<p>Bu haftaki etkinlikte, seyahatin nas\u0131l ge\u00e7ti\u011fini, Avrupa Gen\u00e7lik Etkinli\u011finin ne oldu\u011funu ve bu yolculu\u011fun arkas\u0131ndaki fikri sizlerle payla\u015faca\u011f\u0131z. <\/p>\n\n\n\n<p><\/p>\n<\/p>\n                                                <div class=\"clear\"><\/div>\n                                            <\/div>\n\n                                                                                    <\/div>\n                                    <\/article>\n                                <\/div>\n                            \n                                <div id=\"post-12311\" class=\"aux-col post-12311\">\n                                    <article class=\"post column-entry post-12311 event_listing type-event_listing status-expired has-post-thumbnail hentry\">\n                                        <div class=\"entry-media\">\n                                            <div class=\"aux-media-frame aux-media-image aux-image-mask\">\n                                                <img decoding=\"async\"\n                                                loading=\"lazy\"\n                                                src=\"https:\/\/meeteu.eu\/wp-content\/uploads\/2025\/06\/Buy_European_pink_background.png\"\n                                                class=\"aux-attachment aux-featured-image aux-attachment-id-12312 aux-preload aux-has-preview\"\n                                                alt=\"\"\n                                                data-src=\"https:\/\/meeteu.eu\/wp-content\/uploads\/2025\/06\/Buy_European_pink_background.png\"\n                                                \/>\n                                            <\/div>\n                                        <\/div>\n\n                                        <header class=\"entry-header\">\n                                            <h4 class=\"entry-title\">\n                                                Avrupal\u0131 Sat\u0131n Al\u0131n - Yeni Bir T\u00fcketici Hareketi mi?                                            <\/h4>\n                                        <\/header>\n\n                                        <div class=\"entry-main\">\n                                            <div class=\"entry-info\">\n                                                <div class=\"event-date\">\n                                                                                                            <i class=\"fas fa-calendar-alt\"><\/i>&nbsp;\n                                                    \n                                                                                                            <span>24 Haziran 2025<\/span>\n                                                                                                                                                                <span>19:00 (CEST)<\/span>\n                                                    \n                                                                                                            <span> - <\/span>\n                                                    \n                                                                                                            <span>24 Haziran 2025<\/span>\n                                                                                                                                                                <span>20:00 (CEST)<\/span>\n                                                                                                    <\/div>\n\n                                                                                                    <div class=\"event-location\">\n                                                                                                                    <i class=\"fas fa-thumbtack\"><\/i>&nbsp;\n                                                            <span>Zoom'da sanal etkinlik<\/span>\n                                                                                                            <\/div>\n\n                                                    <div class=\"event-language\">\n                                                                                                                    <i class=\"fas fa-globe\"><\/i>&nbsp;\n                                                            <span>\u0130ngilizce, \u00e7ok dilli altyaz\u0131larla<\/span>\n                                                                                                            <\/div>\n                                                                                            <\/div>\n\n                                            <div class=\"entry-content\">\n                                                <p>\n<p>Ba\u015fkan Trump d\u00fcnyay\u0131 g\u00fcmr\u00fck vergileriyle tehdit etmeye ba\u015flad\u0131\u011f\u0131ndan beri, t\u00fcketim bir kez politik hale geldi. Buna yan\u0131t olarak bir Reddit forumunun \u00fcyeleri Amerikan \u00fcr\u00fcnlerine Avrupal\u0131 alternatifler aramaya ba\u015flad\u0131.<\/p>\n\n\n\n<p>Pazarlama m\u00fcd\u00fcr\u00fc Laura Catz, 60 g\u00f6n\u00fcll\u00fcyle birlikte bu fikir koleksiyonunu \u00e7evrimi\u00e7i rehbere d\u00f6n\u00fc\u015ft\u00fcrd\u00fc <em>Avrupa'ya git<\/em>. Bug\u00fcn, e-posta hizmetlerinden spor k\u0131yafetlerine kadar Avrupa'daki ikameler i\u00e7in 2.300'den fazla \u00f6neri sunuyor.<\/p>\n\n\n\n<p>Laura Catz ile projesi, \"Avrupal\u0131 Sat\u0131n Al\" hareketinin etkisi, Avrupa \u00fcr\u00fcnlerinin fiyat konusunda rekabet edip edemeyece\u011fi, s\u00fcrd\u00fcr\u00fclebilirli\u011fin ne kadar \u00f6nemli oldu\u011fu ve Avrupa'n\u0131n hala kendine yeterli olmad\u0131\u011f\u0131 sekt\u00f6rler hakk\u0131nda konu\u015ftuk.<\/p>\n\n\n\n<p><\/p>\n<\/p>\n                                                <div class=\"clear\"><\/div>\n                                            <\/div>\n\n                                                                                    <\/div>\n                                    <\/article>\n                                <\/div>\n                            \n                                <div id=\"post-12314\" class=\"aux-col post-12314\">\n                                    <article class=\"post column-entry post-12314 event_listing type-event_listing status-expired has-post-thumbnail hentry\">\n                                        <div class=\"entry-media\">\n                                            <div class=\"aux-media-frame aux-media-image aux-image-mask\">\n                                                <img decoding=\"async\"\n                                                loading=\"lazy\"\n                                                src=\"https:\/\/meeteu.eu\/wp-content\/uploads\/2025\/06\/Copy-of-Background-B-Yellow_Blue-7.png\"\n                                                class=\"aux-attachment aux-featured-image aux-attachment-id-12315 aux-preload aux-has-preview\"\n                                                alt=\"\"\n                                                data-src=\"https:\/\/meeteu.eu\/wp-content\/uploads\/2025\/06\/Copy-of-Background-B-Yellow_Blue-7.png\"\n                                                \/>\n                                            <\/div>\n                                        <\/div>\n\n                                        <header class=\"entry-header\">\n                                            <h4 class=\"entry-title\">\n                                                Berlin'i Avrupa Gen\u00e7lik Etkinli\u011fine ta\u015f\u0131d\u0131k                                            <\/h4>\n                                        <\/header>\n\n                                        <div class=\"entry-main\">\n                                            <div class=\"entry-info\">\n                                                <div class=\"event-date\">\n                                                                                                            <i class=\"fas fa-calendar-alt\"><\/i>&nbsp;\n                                                    \n                                                                                                            <span>12 Haziran 2025<\/span>\n                                                                                                                                                                <span>10:00 (CEST)<\/span>\n                                                    \n                                                                                                            <span> - <\/span>\n                                                    \n                                                                                                            <span>15 Haziran 2025<\/span>\n                                                                                                                                                                <span>22:30 (CEST)<\/span>\n                                                                                                    <\/div>\n\n                                                                                            <\/div>\n\n                                            <div class=\"entry-content\">\n                                                <p>\n<p>Avrupa Gen\u00e7lik Etkinli\u011fi 2025'e bu y\u0131l 8.000'den fazla ki\u015fi dijital olarak ve \u015fahsen kat\u0131ld\u0131. Berlin Senatosu taraf\u0131ndan desteklenen MeetEU, ya\u015flar\u0131 18 ila 30 aras\u0131nda de\u011fi\u015fen 20 gen\u00e7 Berlinliyi Avrupa'n\u0131n gen\u00e7lere y\u00f6nelik en b\u00fcy\u00fck Demokrasi Festivaline kat\u0131lmaya davet etti.<\/p>\n\n\n\n<p>Her kat\u0131l\u0131mc\u0131 kalbine yak\u0131n bir ama\u00e7 i\u00e7in g\u00f6n\u00fcll\u00fc olur: Dil \u00f6\u011fretmek, m\u00fcltecilere yard\u0131m etmek ya da sanat yaratmak gibi. Avrupa Gen\u00e7lik Etkinli\u011fi, benzer alanlarda, ancak farkl\u0131 \u00fclkelerde faaliyet g\u00f6steren Avrupal\u0131 dostlarla bir araya gelmek, ilham vermek ve ilham almak i\u00e7in e\u015fsiz bir f\u0131rsatt\u0131.<\/p>\n\n\n\n<p><em>Berlin Avrupa Devlet \u015eans\u00f6lyeli\u011fi taraf\u0131ndan desteklenmektedir<\/em><\/p>\n<\/p>\n                                                <div class=\"clear\"><\/div>\n                                            <\/div>\n\n                                                                                    <\/div>\n                                    <\/article>\n                                <\/div>\n                            \n                                <div id=\"post-12316\" class=\"aux-col post-12316\">\n                                    <article class=\"post column-entry post-12316 event_listing type-event_listing status-expired has-post-thumbnail hentry\">\n                                        <div class=\"entry-media\">\n                                            <div class=\"aux-media-frame aux-media-image aux-image-mask\">\n                                                <img decoding=\"async\"\n                                                loading=\"lazy\"\n                                                src=\"https:\/\/meeteu.eu\/wp-content\/uploads\/2025\/06\/Copy-of-Background-B-Yellow_Blue-8.png\"\n                                                class=\"aux-attachment aux-featured-image aux-attachment-id-12319 aux-preload aux-has-preview\"\n                                                alt=\"\"\n                                                data-src=\"https:\/\/meeteu.eu\/wp-content\/uploads\/2025\/06\/Copy-of-Background-B-Yellow_Blue-8.png\"\n                                                \/>\n                                            <\/div>\n                                        <\/div>\n\n                                        <header class=\"entry-header\">\n                                            <h4 class=\"entry-title\">\n                                                Berlin'de Arkada\u015flarla Yemek Pi\u015firmek                                            <\/h4>\n                                        <\/header>\n\n                                        <div class=\"entry-main\">\n                                            <div class=\"entry-info\">\n                                                <div class=\"event-date\">\n                                                                                                            <i class=\"fas fa-calendar-alt\"><\/i>&nbsp;\n                                                    \n                                                                                                            <span>10 Haziran 2025<\/span>\n                                                                                                                                                                <span>19:00 (CEST)<\/span>\n                                                    \n                                                                                                            <span> - <\/span>\n                                                    \n                                                                                                            <span>10 Haziran 2025<\/span>\n                                                                                                                                                                <span>23:00 (CEST)<\/span>\n                                                                                                    <\/div>\n\n                                                                                            <\/div>\n\n                                            <div class=\"entry-content\">\n                                                <p>\n<p>#BerlinGoesEYE25 kapsam\u0131nda Berlin'den g\u00f6n\u00fcll\u00fclerle uygun bir bulu\u015fma d\u00fczenledik. Ama\u00e7lar\u0131m\u0131z: Birbirimizi tan\u0131mak, Avrupa Birli\u011fi hakk\u0131nda daha fazla bilgi edinmek ve en iyi PadThai'yi pi\u015firmek. <\/p>\n\n\n\n<p>Etkinlik, Berlin merkezli bir Grassroots D\u0131\u015f \u0130li\u015fkiler d\u00fc\u015f\u00fcnce kurulu\u015fu olan Polis180 ile i\u015fbirli\u011fi i\u00e7inde d\u00fczenlendi. Berlin'deki Avrupa Parlamentosu \u0130rtibat B\u00fcrosu Ba\u015fkan\u0131 Georg Pfeifer'i uzman konu\u011fumuz olarak a\u011f\u0131rlamaktan mutluluk duyduk. <\/p>\n\n\n\n<p><em>Berlin Avrupa Devlet \u015eans\u00f6lyeli\u011fi taraf\u0131ndan desteklenmektedir<\/em><\/p>\n\n\n\n<p><\/p>\n<\/p>\n                                                <div class=\"clear\"><\/div>\n                                            <\/div>\n\n                                                                                    <\/div>\n                                    <\/article>\n                                <\/div>\n                            \n                                <div id=\"post-12306\" class=\"aux-col post-12306\">\n                                    <article class=\"post column-entry post-12306 event_listing type-event_listing status-expired has-post-thumbnail hentry\">\n                                        <div class=\"entry-media\">\n                                            <div class=\"aux-media-frame aux-media-image aux-image-mask\">\n                                                <img decoding=\"async\"\n                                                loading=\"lazy\"\n                                                src=\"https:\/\/meeteu.eu\/wp-content\/uploads\/2025\/05\/EU-Turkey-Relations-II.png\"\n                                                class=\"aux-attachment aux-featured-image aux-attachment-id-12307 aux-preload aux-has-preview\"\n                                                alt=\"\"\n                                                data-src=\"https:\/\/meeteu.eu\/wp-content\/uploads\/2025\/05\/EU-Turkey-Relations-II.png\"\n                                                \/>\n                                            <\/div>\n                                        <\/div>\n\n                                        <header class=\"entry-header\">\n                                            <h4 class=\"entry-title\">\n                                                T\u00fcrkiye ve Avrupa Birli\u011fi: 2025 ve Sonras\u0131                                            <\/h4>\n                                        <\/header>\n\n                                        <div class=\"entry-main\">\n                                            <div class=\"entry-info\">\n                                                <div class=\"event-date\">\n                                                                                                            <i class=\"fas fa-calendar-alt\"><\/i>&nbsp;\n                                                    \n                                                                                                            <span>27 May\u0131s 2025<\/span>\n                                                                                                                                                                <span>19:00 (CEST)<\/span>\n                                                    \n                                                                                                            <span> - <\/span>\n                                                    \n                                                                                                            <span>27 May\u0131s 2025<\/span>\n                                                                                                                                                                <span>20:00 (CEST)<\/span>\n                                                                                                    <\/div>\n\n                                                                                                    <div class=\"event-location\">\n                                                                                                                    <i class=\"fas fa-thumbtack\"><\/i>&nbsp;\n                                                            <span>Zoom'da sanal etkinlik<\/span>\n                                                                                                            <\/div>\n\n                                                    <div class=\"event-language\">\n                                                                                                                    <i class=\"fas fa-globe\"><\/i>&nbsp;\n                                                            <span>\u0130ngilizce, \u00e7ok dilli altyaz\u0131larla<\/span>\n                                                                                                            <\/div>\n                                                                                            <\/div>\n\n                                            <div class=\"entry-content\">\n                                                <p>\n<p>K\u00fcresel dinamikler de\u011fi\u015fmeye devam ederken, T\u00fcrkiye ile Avrupa Birli\u011fi aras\u0131ndaki ili\u015fkiler de yeni bir d\u00f6neme giriyor. Bir sonraki a\u015famay\u0131 hangi g\u00fc\u00e7ler \u015fekillendirecek? <br><br>T\u00fcrkiye-AB ili\u015fkilerinin bug\u00fcn\u00fc ve gelece\u011finin siyasi, ekonomik ve sosyal a\u00e7\u0131lardan ele al\u0131naca\u011f\u0131 bir tart\u0131\u015fma i\u00e7in bize kat\u0131l\u0131n. Gaziantep \u00dcniversitesi'nden (GA\u00dcN) Co\u015fkun Soysal bu \u00f6nemli ortakl\u0131\u011fa ili\u015fkin de\u011ferli g\u00f6r\u00fc\u015fler sunacak.<\/p>\n<\/p>\n                                                <div class=\"clear\"><\/div>\n                                            <\/div>\n\n                                                                                    <\/div>\n                                    <\/article>\n                                <\/div>\n                            \n                                <div id=\"post-12300\" class=\"aux-col post-12300\">\n                                    <article class=\"post column-entry post-12300 event_listing type-event_listing status-expired has-post-thumbnail hentry\">\n                                        <div class=\"entry-media\">\n                                            <div class=\"aux-media-frame aux-media-image aux-image-mask\">\n                                                <img decoding=\"async\"\n                                                loading=\"lazy\"\n                                                src=\"https:\/\/meeteu.eu\/wp-content\/uploads\/2025\/05\/European-Draft-Web-2.png\"\n                                                class=\"aux-attachment aux-featured-image aux-attachment-id-12303 aux-preload aux-has-preview\"\n                                                alt=\"\"\n                                                data-src=\"https:\/\/meeteu.eu\/wp-content\/uploads\/2025\/05\/European-Draft-Web-2.png\"\n                                                \/>\n                                            <\/div>\n                                        <\/div>\n\n                                        <header class=\"entry-header\">\n                                            <h4 class=\"entry-title\">\n                                                Silahlanma \u00c7a\u011fr\u0131s\u0131 - Avrupa Askere Gitmeyi Geri mi Getiriyor?                                            <\/h4>\n                                        <\/header>\n\n                                        <div class=\"entry-main\">\n                                            <div class=\"entry-info\">\n                                                <div class=\"event-date\">\n                                                                                                            <i class=\"fas fa-calendar-alt\"><\/i>&nbsp;\n                                                    \n                                                                                                            <span>20 May\u0131s 2025<\/span>\n                                                                                                                                                                <span>19:00 (CEST)<\/span>\n                                                    \n                                                                                                            <span> - <\/span>\n                                                    \n                                                                                                            <span>20 May\u0131s 2025<\/span>\n                                                                                                                                                                <span>20:00 (CEST)<\/span>\n                                                                                                    <\/div>\n\n                                                                                                    <div class=\"event-location\">\n                                                                                                                    <i class=\"fas fa-thumbtack\"><\/i>&nbsp;\n                                                            <span>Zoom'da sanal etkinlik<\/span>\n                                                                                                            <\/div>\n\n                                                    <div class=\"event-language\">\n                                                                                                                    <i class=\"fas fa-globe\"><\/i>&nbsp;\n                                                            <span>\u0130ngilizce, \u00e7ok dilli altyaz\u0131larla<\/span>\n                                                                                                            <\/div>\n                                                                                            <\/div>\n\n                                            <div class=\"entry-content\">\n                                                <p>\n<p>Zorunlu askerlik bir\u00e7ok Avrupa \u00fclkesinde bir zamanlar ge\u00e7mi\u015fte kalm\u0131\u015ft\u0131. Ancak yeni k\u00fcresel tehditler ve g\u00fcvenlikle ilgili artan kayg\u0131larla birlikte bu konu yeniden g\u00fcndeme gelmeye ba\u015flad\u0131. Herkes askere gitmeye haz\u0131r olmal\u0131 m\u0131? Bu, Avrupa'n\u0131n savunmas\u0131 i\u00e7in daha b\u00fcy\u00fck bir plan\u0131n par\u00e7as\u0131 olabilir mi?<\/p>\n\n\n\n<p>Panos Politis Lamprou canl\u0131 bir sohbet i\u00e7in bize kat\u0131lacak. Kendisi Hellenic Foundation for European &amp; Foreign Policy'de (ELIAMEP) Gen\u00e7 Ara\u015ft\u0131rma G\u00f6revlisidir. Avrupa Parlamentosu Ara\u015ft\u0131rma Servisi'ndeki Robert Schuman staj\u0131 s\u0131ras\u0131nda \"Avrupa Birli\u011fi Haz\u0131rl\u0131\u011f\u0131nda Bir Unsur Olarak Zorunlu Askerlik\" ba\u015fl\u0131kl\u0131 bir brifingin ortak yazarl\u0131\u011f\u0131n\u0131 yapt\u0131.<\/p>\n\n\n\n<p>Bug\u00fcn Avrupa'da zorunlu askerli\u011fin nas\u0131l i\u015fledi\u011fini inceleyecek ve AB d\u00fczeyinde bir yakla\u015f\u0131m\u0131n benimsenip benimsenemeyece\u011fini tart\u0131\u015facak.<\/p>\n\n\n\n<p>Gibi sorulara cevap arayaca\u011f\u0131z:<\/p>\n\n\n\n<ul class=\"wp-block-list\">\n<li>Askerlik ulusal bir mesele olarak m\u0131 kalmal\u0131 yoksa bir Avrupa meselesi haline mi gelmeli?<\/li>\n\n\n\n<li>Zorunlu askerlik daha g\u00fc\u00e7l\u00fc, daha ba\u011f\u0131ms\u0131z bir Avrupa'n\u0131n kurulmas\u0131na yard\u0131mc\u0131 olabilir mi?<\/li>\n\n\n\n<li>AB d\u00fczeyinde zorunlu askerli\u011fi d\u00fc\u015f\u00fcnmeden \u00f6nce bir Avrupa ordusuna ihtiyac\u0131m\u0131z var m\u0131?<\/li>\n<\/ul>\n\n\n\n<p>\u0130ster destekleyin, ister tamamen kar\u015f\u0131 olun ya da sadece merak edin, savunman\u0131n gelece\u011fi ve Avrupa i\u00e7in \"haz\u0131rl\u0131kl\u0131\" olman\u0131n ne anlama geldi\u011fi konusundaki sohbetimize kat\u0131l\u0131n.<\/p>\n\n\n\n<p><\/p>\n<\/p>\n                                                <div class=\"clear\"><\/div>\n                                            <\/div>\n\n                                                                                    <\/div>\n                                    <\/article>\n                                <\/div>\n                            \n                                <div id=\"post-12275\" class=\"aux-col post-12275\">\n                                    <article class=\"post column-entry post-12275 event_listing type-event_listing status-expired has-post-thumbnail hentry\">\n                                        <div class=\"entry-media\">\n                                            <div class=\"aux-media-frame aux-media-image aux-image-mask\">\n                                                <img decoding=\"async\"\n                                                loading=\"lazy\"\n                                                src=\"https:\/\/meeteu.eu\/wp-content\/uploads\/2025\/04\/Copy-of-Background-A-Pink_Blue-4.png\"\n                                                class=\"aux-attachment aux-featured-image aux-attachment-id-12276 aux-preload aux-has-preview\"\n                                                alt=\"\"\n                                                data-src=\"https:\/\/meeteu.eu\/wp-content\/uploads\/2025\/04\/Copy-of-Background-A-Pink_Blue-4.png\"\n                                                \/>\n                                            <\/div>\n                                        <\/div>\n\n                                        <header class=\"entry-header\">\n                                            <h4 class=\"entry-title\">\n                                                Avrupa Savunmas\u0131n\u0131n Gelece\u011fi                                            <\/h4>\n                                        <\/header>\n\n                                        <div class=\"entry-main\">\n                                            <div class=\"entry-info\">\n                                                <div class=\"event-date\">\n                                                                                                            <i class=\"fas fa-calendar-alt\"><\/i>&nbsp;\n                                                    \n                                                                                                            <span>29 Nisan 2025<\/span>\n                                                                                                                                                                <span>19:00 (CEST)<\/span>\n                                                    \n                                                                                                            <span> - <\/span>\n                                                    \n                                                                                                            <span>29 Nisan 2025<\/span>\n                                                                                                                                                                <span>20:00 (CEST)<\/span>\n                                                                                                    <\/div>\n\n                                                                                                    <div class=\"event-location\">\n                                                                                                                    <i class=\"fas fa-thumbtack\"><\/i>&nbsp;\n                                                            <span>Zoom'da sanal etkinlik<\/span>\n                                                                                                            <\/div>\n\n                                                    <div class=\"event-language\">\n                                                                                                                    <i class=\"fas fa-globe\"><\/i>&nbsp;\n                                                            <span>\u0130ngilizce, \u00e7ok dilli altyaz\u0131larla<\/span>\n                                                                                                            <\/div>\n                                                                                            <\/div>\n\n                                            <div class=\"entry-content\">\n                                                <p>\n<p>Jeopolitik manzara son y\u0131llarda dramatik bir \u015fekilde de\u011fi\u015fti. Rusya'n\u0131n Ukrayna'y\u0131 i\u015fgali ve Trump y\u00f6netiminin politikalar\u0131 Avrupa'n\u0131n g\u00fcvenlik dinamiklerini temelden de\u011fi\u015ftirdi. Bu arada Macron gibi liderler Avrupal\u0131 m\u00fcttefikler i\u00e7in bir n\u00fckleer \u015femsiyeyi tart\u0131\u015f\u0131yor ve Tusk Ottawa ve Dublin s\u00f6zle\u015fmelerinden \u00e7\u0131kmay\u0131 d\u00fc\u015f\u00fcn\u00fcyor. <\/p>\n\n\n\n<p>T\u00fcm bunlar savunma harcamalar\u0131ndaki \u00f6nemli art\u0131\u015flar\u0131n ortas\u0131nda ger\u00e7ekle\u015fiyor. Bu Avrupa ve AB savunmas\u0131n\u0131n gelece\u011fi i\u00e7in ne anlama geliyor? \u015eu anda ne gibi de\u011fi\u015fiklikler oluyor ve \u00f6n\u00fcm\u00fczdeki y\u0131llarda neler bekleyebiliriz? <\/p>\n\n\n\n<p>D\u0131\u015f \u0130li\u015fkiler Konseyi'nden savunma ve g\u00fcvenlik politikalar\u0131 uzman\u0131 Rafael Loss ile ger\u00e7ekle\u015ftirece\u011fimiz ayd\u0131nlat\u0131c\u0131 tart\u0131\u015fma i\u00e7in bize kat\u0131l\u0131n. Birlikte g\u00fcncel olaylar\u0131 inceleyecek, ger\u00e7ekleri spek\u00fclasyonlardan ay\u0131racak ve Avrupa savunmas\u0131n\u0131 nelerin bekledi\u011fine dair daha net bir resim elde edece\u011fiz.\"<\/p>\n<\/p>\n                                                <div class=\"clear\"><\/div>\n                                            <\/div>\n\n                                                                                    <\/div>\n                                    <\/article>\n                                <\/div>\n                            \n                                <div id=\"post-12278\" class=\"aux-col post-12278\">\n                                    <article class=\"post column-entry post-12278 event_listing type-event_listing status-expired has-post-thumbnail hentry\">\n                                        <div class=\"entry-media\">\n                                            <div class=\"aux-media-frame aux-media-image aux-image-mask\">\n                                                <img decoding=\"async\"\n                                                loading=\"lazy\"\n                                                src=\"https:\/\/meeteu.eu\/wp-content\/uploads\/2025\/04\/Copy-of-Background-B-Yellow_Blue-4.png\"\n                                                class=\"aux-attachment aux-featured-image aux-attachment-id-12279 aux-preload aux-has-preview\"\n                                                alt=\"\"\n                                                data-src=\"https:\/\/meeteu.eu\/wp-content\/uploads\/2025\/04\/Copy-of-Background-B-Yellow_Blue-4.png\"\n                                                \/>\n                                            <\/div>\n                                        <\/div>\n\n                                        <header class=\"entry-header\">\n                                            <h4 class=\"entry-title\">\n                                                Paskalya tatilindeyiz                                            <\/h4>\n                                        <\/header>\n\n                                        <div class=\"entry-main\">\n                                            <div class=\"entry-info\">\n                                                <div class=\"event-date\">\n                                                                                                            <i class=\"fas fa-calendar-alt\"><\/i>&nbsp;\n                                                    \n                                                                                                            <span>15 Nisan 2025<\/span>\n                                                                                                        \n                                                                                                            <span> - <\/span>\n                                                    \n                                                                                                            <span>22 Nisan 2025<\/span>\n                                                                                                                                                        <\/div>\n\n                                                                                            <\/div>\n\n                                            <div class=\"entry-content\">\n                                                <p>\n<p>2025'in ilk g\u00fcne\u015fli haftalar\u0131n\u0131n tad\u0131n\u0131 \u00e7\u0131karmak ve tatilleri ailemiz ve sevdiklerimizle ge\u00e7irmek i\u00e7in iki hafta ay\u0131r\u0131yoruz. \u0130leti\u015fimde kalmak i\u00e7in bizimle Discord'da ba\u011flant\u0131 kurun. <\/p>\n<\/p>\n                                                <div class=\"clear\"><\/div>\n                                            <\/div>\n\n                                                                                    <\/div>\n                                    <\/article>\n                                <\/div>\n                            \n                                <div id=\"post-12262\" class=\"aux-col post-12262\">\n                                    <article class=\"post column-entry post-12262 event_listing type-event_listing status-expired has-post-thumbnail hentry\">\n                                        <div class=\"entry-media\">\n                                            <div class=\"aux-media-frame aux-media-image aux-image-mask\">\n                                                <img decoding=\"async\"\n                                                loading=\"lazy\"\n                                                src=\"https:\/\/meeteu.eu\/wp-content\/uploads\/2025\/03\/EUDA-Event-2-1.png\"\n                                                class=\"aux-attachment aux-featured-image aux-attachment-id-12269 aux-preload aux-has-preview\"\n                                                alt=\"\"\n                                                data-src=\"https:\/\/meeteu.eu\/wp-content\/uploads\/2025\/03\/EUDA-Event-2-1.png\"\n                                                \/>\n                                            <\/div>\n                                        <\/div>\n\n                                        <header class=\"entry-header\">\n                                            <h4 class=\"entry-title\">\n                                                Avrupa ve uyu\u015fturucu: Yasad\u0131\u015f\u0131 uyu\u015fturucular sizi nas\u0131l etkiliyor?                                            <\/h4>\n                                        <\/header>\n\n                                        <div class=\"entry-main\">\n                                            <div class=\"entry-info\">\n                                                <div class=\"event-date\">\n                                                                                                            <i class=\"fas fa-calendar-alt\"><\/i>&nbsp;\n                                                    \n                                                                                                            <span>1 Nisan 2025<\/span>\n                                                                                                                                                                <span>19:00 (CEST)<\/span>\n                                                    \n                                                                                                            <span> - <\/span>\n                                                    \n                                                                                                                                                                <span>20:00 (CEST)<\/span>\n                                                                                                    <\/div>\n\n                                                                                                    <div class=\"event-location\">\n                                                                                                                    <i class=\"fas fa-thumbtack\"><\/i>&nbsp;\n                                                            <span>Zoom'da sanal etkinlik<\/span>\n                                                                                                            <\/div>\n\n                                                    <div class=\"event-language\">\n                                                                                                                    <i class=\"fas fa-globe\"><\/i>&nbsp;\n                                                            <span>\u0130ngilizce, \u00e7ok dilli altyaz\u0131larla<\/span>\n                                                                                                            <\/div>\n                                                                                            <\/div>\n\n                                            <div class=\"entry-content\">\n                                                <p>\n<p><a id=\"_msocom_1\"><\/a><\/p>\n\n\n\n<p>Avrupa limanlar\u0131nda uyu\u015fturucu ele ge\u00e7irme vakalar\u0131 art\u0131yor. Ayn\u0131 zamanda, Avrupa i\u00e7inde daha fazla t\u00fcrde yasad\u0131\u015f\u0131 madde \u00fcretilmekte ve kullan\u0131lmaktad\u0131r. Bu da b\u00fcy\u00fcyen bir soruna i\u015faret ediyor: Yasad\u0131\u015f\u0131 uyu\u015fturucular AB'deki herkesi etkileyebilir - siz de dahil.<\/p>\n\n\n\n<p>Belki de \u00f6zellikle savunmas\u0131z gen\u00e7ler aras\u0131nda su\u00e7 oran\u0131n\u0131n artmas\u0131ndan endi\u015fe ediyorsunuz. Artan tedavi masraflar\u0131 nedeniyle sa\u011fl\u0131k sistemlerine daha fazla \u00f6deme yap\u0131lmas\u0131ndan da endi\u015fe ediyor olabilirsiniz. Yasad\u0131\u015f\u0131 uyu\u015fturucular sadece onlar\u0131 kullanan insanlara zarar vermez; toplumun tamam\u0131n\u0131 etkiler.<\/p>\n\n\n\n<p>Bir tart\u0131\u015fma i\u00e7in bize kat\u0131l\u0131n <strong>Alexis Goosdeel, Avrupa Birli\u011fi Uyu\u015fturucu Ajans\u0131 \u0130cra Direkt\u00f6r\u00fc.<\/strong> Avrupa'n\u0131n k\u00fcresel yasad\u0131\u015f\u0131 uyu\u015fturucu ak\u0131\u015f\u0131ndaki rol\u00fc, EUDA'n\u0131n yan\u0131t\u0131 ve bu e\u011filimlerin hepimiz i\u00e7in ne anlama geldi\u011fine ili\u015fkin g\u00fcncellemeleri payla\u015facak.<\/p>\n\n\n\n<p><\/p>\n<\/p>\n                                                <div class=\"clear\"><\/div>\n                                            <\/div>\n\n                                                                                    <\/div>\n                                    <\/article>\n                                <\/div>\n                            \n                                <div id=\"post-12258\" class=\"aux-col post-12258\">\n                                    <article class=\"post column-entry post-12258 event_listing type-event_listing status-expired has-post-thumbnail hentry\">\n                                        <div class=\"entry-media\">\n                                            <div class=\"aux-media-frame aux-media-image aux-image-mask\">\n                                                <img decoding=\"async\"\n                                                loading=\"lazy\"\n                                                src=\"https:\/\/meeteu.eu\/wp-content\/uploads\/2025\/03\/Copy-of-Background-C-Green_Blue.png\"\n                                                class=\"aux-attachment aux-featured-image aux-attachment-id-12261 aux-preload aux-has-preview\"\n                                                alt=\"\"\n                                                data-src=\"https:\/\/meeteu.eu\/wp-content\/uploads\/2025\/03\/Copy-of-Background-C-Green_Blue.png\"\n                                                \/>\n                                            <\/div>\n                                        <\/div>\n\n                                        <header class=\"entry-header\">\n                                            <h4 class=\"entry-title\">\n                                                MeetEU Y\u0131ll\u0131k Toplant\u0131s\u0131                                            <\/h4>\n                                        <\/header>\n\n                                        <div class=\"entry-main\">\n                                            <div class=\"entry-info\">\n                                                <div class=\"event-date\">\n                                                                                                            <i class=\"fas fa-calendar-alt\"><\/i>&nbsp;\n                                                    \n                                                                                                            <span>25 Mart 2025<\/span>\n                                                                                                                                                                <span>19:00 (CEST)<\/span>\n                                                    \n                                                                                                            <span> - <\/span>\n                                                    \n                                                                                                            <span>25 Mart 2025<\/span>\n                                                                                                                                                                <span>22:00 (CEST)<\/span>\n                                                                                                    <\/div>\n\n                                                                                                    <div class=\"event-location\">\n                                                                                                                    <i class=\"fas fa-thumbtack\"><\/i>&nbsp;\n                                                            <span>Zoom'da sanal etkinlik<\/span>\n                                                                                                            <\/div>\n\n                                                    <div class=\"event-language\">\n                                                                                                                    <i class=\"fas fa-globe\"><\/i>&nbsp;\n                                                            <span>\u0130ngilizce, \u00e7ok dilli altyaz\u0131larla<\/span>\n                                                                                                            <\/div>\n                                                                                            <\/div>\n\n                                            <div class=\"entry-content\">\n                                                <p>\n<p>Y\u0131lda bir kez, \u00fcyelerimiz MeetEU'nun gelece\u011fini etkileyen \u00f6nemli kararlar\u0131 oylamak i\u00e7in toplan\u0131r. Sizi g\u00fcncel tutaca\u011f\u0131z. Yakla\u015fan etkinlikler i\u00e7in bizi izlemeye devam edin ve raporumuzu yak\u0131nda okuyun!<\/p>\n\n\n\n<p><strong>Sadece \u00fcyeler i\u00e7in dahili etkinlik.<\/strong><\/p>\n\n\n\n<p><\/p>\n<\/p>\n                                                <div class=\"clear\"><\/div>\n                                            <\/div>\n\n                                                                                    <\/div>\n                                    <\/article>\n                                <\/div>\n                            \n                                <div id=\"post-12251\" class=\"aux-col post-12251\">\n                                    <article class=\"post column-entry post-12251 event_listing type-event_listing status-expired has-post-thumbnail hentry\">\n                                        <div class=\"entry-media\">\n                                            <div class=\"aux-media-frame aux-media-image aux-image-mask\">\n                                                <img decoding=\"async\"\n                                                loading=\"lazy\"\n                                                src=\"https:\/\/meeteu.eu\/wp-content\/uploads\/2025\/03\/Central_Asia_Background_Rahmen.png\"\n                                                class=\"aux-attachment aux-featured-image aux-attachment-id-12252 aux-preload aux-has-preview\"\n                                                alt=\"\"\n                                                data-src=\"https:\/\/meeteu.eu\/wp-content\/uploads\/2025\/03\/Central_Asia_Background_Rahmen.png\"\n                                                \/>\n                                            <\/div>\n                                        <\/div>\n\n                                        <header class=\"entry-header\">\n                                            <h4 class=\"entry-title\">\n                                                AB'nin Stratejik \u00d6zerkli\u011fi: Orta Asya'dan Dersler                                            <\/h4>\n                                        <\/header>\n\n                                        <div class=\"entry-main\">\n                                            <div class=\"entry-info\">\n                                                <div class=\"event-date\">\n                                                                                                            <i class=\"fas fa-calendar-alt\"><\/i>&nbsp;\n                                                    \n                                                                                                            <span>11 Mart 2025<\/span>\n                                                                                                                                                                <span>18:30 (CEST)<\/span>\n                                                    \n                                                                                                            <span> - <\/span>\n                                                    \n                                                                                                            <span>11 Mart 2025<\/span>\n                                                                                                                                                                <span>19:30 (CEST)<\/span>\n                                                                                                    <\/div>\n\n                                                                                                    <div class=\"event-location\">\n                                                                                                                    <i class=\"fas fa-thumbtack\"><\/i>&nbsp;\n                                                            <span>Zoom'da sanal etkinlik<\/span>\n                                                                                                            <\/div>\n\n                                                    <div class=\"event-language\">\n                                                                                                                    <i class=\"fas fa-globe\"><\/i>&nbsp;\n                                                            <span>\u0130ngilizce, \u00e7ok dilli altyaz\u0131larla<\/span>\n                                                                                                            <\/div>\n                                                                                            <\/div>\n\n                                            <div class=\"entry-content\">\n                                                <p>\n<p>\u00c7in, Rusya ve ABD'nin etkisini dengelemek kula\u011fa tan\u0131d\u0131k geliyor mu? Bu, Tacikistan, K\u0131rg\u0131zistan ve \u00d6zbekistan'\u0131n onlarca y\u0131ld\u0131r \u00fczerinde y\u00fcr\u00fcd\u00fc\u011f\u00fc jeopolitik bir ip. Bu \u00fclkelerin deneyimleri, stratejik \u00f6zerklik aray\u0131\u015f\u0131nda olan Avrupa Birli\u011fi i\u00e7in de\u011ferli bilgiler sunmaktad\u0131r.<\/p>\n\n\n\n<p>Ke\u015ffetmek i\u00e7in bize kat\u0131l\u0131n:<\/p>\n\n\n\n<p>AB'nin bu \u00fclkelerin deneyimlerinden \u00e7\u0131karabilece\u011fi ve kendi jeopolitik konumuna uygulayabilece\u011fi dersler<br>\u26aaAvrupa'n\u0131n b\u00f6lgeye artan stratejik ilgisi<br>\u26aaAB'nin Orta Asya ile tarihsel ili\u015fkisi<\/p>\n\n\n\n<p>Konu\u015fmac\u0131: Richard Schmidt, Do\u011fu Avrupa ve Uluslararas\u0131 \u00c7al\u0131\u015fmalar Merkezi, Berlin<\/p>\n\n\n\n<p>Saat diliminizi se\u00e7in: <br>Orta Avrupa Saatiyle 18:30 | 17:30 \u0130rlanda, Portekiz, Birle\u015fik Krall\u0131k | 19:30 Bulgaristan, K\u0131br\u0131s, Estonya, Finlandiya, Yunanistan, Letonya, Litvanya, Romanya<\/p>\n\n\n\n<p><\/p>\n<\/p>\n                                                <div class=\"clear\"><\/div>\n                                            <\/div>\n\n                                                                                    <\/div>\n                                    <\/article>\n                                <\/div>\n                            \n                                <div id=\"post-12241\" class=\"aux-col post-12241\">\n                                    <article class=\"post column-entry post-12241 event_listing type-event_listing status-expired has-post-thumbnail hentry\">\n                                        <div class=\"entry-media\">\n                                            <div class=\"aux-media-frame aux-media-image aux-image-mask\">\n                                                <img decoding=\"async\"\n                                                loading=\"lazy\"\n                                                src=\"https:\/\/meeteu.eu\/wp-content\/uploads\/2025\/02\/Copy-of-Background-C-Green_Blue.png\"\n                                                class=\"aux-attachment aux-featured-image aux-attachment-id-12242 aux-preload aux-has-preview\"\n                                                alt=\"\"\n                                                data-src=\"https:\/\/meeteu.eu\/wp-content\/uploads\/2025\/02\/Copy-of-Background-C-Green_Blue.png\"\n                                                \/>\n                                            <\/div>\n                                        <\/div>\n\n                                        <header class=\"entry-header\">\n                                            <h4 class=\"entry-title\">\n                                                YouTube'dan Br\u00fcksel'e. Siyaseti Y\u0131kmak m\u0131 Yoksa Sadece Viral Bir G\u00f6steri mi?                                            <\/h4>\n                                        <\/header>\n\n                                        <div class=\"entry-main\">\n                                            <div class=\"entry-info\">\n                                                <div class=\"event-date\">\n                                                                                                            <i class=\"fas fa-calendar-alt\"><\/i>&nbsp;\n                                                    \n                                                                                                            <span>4 Mart 2025<\/span>\n                                                                                                        \n                                                                                                            <span> - <\/span>\n                                                    \n                                                                                                            <span>4 Mart 2025<\/span>\n                                                                                                                                                        <\/div>\n\n                                                                                                    <div class=\"event-location\">\n                                                                                                                    <i class=\"fas fa-thumbtack\"><\/i>&nbsp;\n                                                            <span>Zoom'da sanal etkinlik<\/span>\n                                                                                                            <\/div>\n\n                                                    <div class=\"event-language\">\n                                                                                                                    <i class=\"fas fa-globe\"><\/i>&nbsp;\n                                                            <span>\u0130ngilizce, \u00e7ok dilli altyaz\u0131larla<\/span>\n                                                                                                            <\/div>\n                                                                                            <\/div>\n\n                                            <div class=\"entry-content\">\n                                                <p>\n<p>Nas\u0131l oldu da 2.7 milyon abonesi olan \u00e7\u0131lg\u0131n bir YouTuber Avrupa siyasetine girdi? Hen\u00fcz 24 ya\u015f\u0131nda olan Fidias Panayiotou K\u0131br\u0131s'\u0131n en s\u0131ra d\u0131\u015f\u0131 yeni AP \u00fcyesi. \u0130zleyicilerinin \u00e7evrimi\u00e7i anketler arac\u0131l\u0131\u011f\u0131yla kararlar\u0131 oylamas\u0131na izin vermekten Elon Musk'\u0131n dijital \u00f6zg\u00fcrl\u00fck ve b\u00fcrokrasinin azalt\u0131lmas\u0131 konusundaki g\u00f6r\u00fc\u015flerine uyum sa\u011flamaya kadar, Fidias Strazburg ve Br\u00fcksel'i sars\u0131yor. <\/p>\n\n\n\n<p>Aday olmas\u0131 i\u00e7in ona ne ilham verdi? Avrupa Parlamentosu \u00dcyesi olarak hayat\u0131nda onu en \u00e7ok \u015fa\u015f\u0131rtan \u015fey neydi? Ve se\u00e7ilmi\u015f bir yetkili olarak ger\u00e7ekten neyi temsil ediyor?<\/p>\n<\/p>\n                                                <div class=\"clear\"><\/div>\n                                            <\/div>\n\n                                                                                    <\/div>\n                                    <\/article>\n                                <\/div>\n                            \n                                <div id=\"post-12212\" class=\"aux-col post-12212\">\n                                    <article class=\"post column-entry post-12212 event_listing type-event_listing status-expired has-post-thumbnail hentry\">\n                                        <div class=\"entry-media\">\n                                            <div class=\"aux-media-frame aux-media-image aux-image-mask\">\n                                                <img decoding=\"async\"\n                                                loading=\"lazy\"\n                                                src=\"https:\/\/meeteu.eu\/wp-content\/uploads\/2025\/02\/Copy-of-Background-A-Pink_Blue-1.png\"\n                                                class=\"aux-attachment aux-featured-image aux-attachment-id-12213 aux-preload aux-has-preview\"\n                                                alt=\"\"\n                                                data-src=\"https:\/\/meeteu.eu\/wp-content\/uploads\/2025\/02\/Copy-of-Background-A-Pink_Blue-1.png\"\n                                                \/>\n                                            <\/div>\n                                        <\/div>\n\n                                        <header class=\"entry-header\">\n                                            <h4 class=\"entry-title\">\n                                                AB B\u00fct\u00e7esi 2025 - Sizin i\u00e7in ne var?                                            <\/h4>\n                                        <\/header>\n\n                                        <div class=\"entry-main\">\n                                            <div class=\"entry-info\">\n                                                <div class=\"event-date\">\n                                                                                                            <i class=\"fas fa-calendar-alt\"><\/i>&nbsp;\n                                                    \n                                                                                                            <span>18 \u015eubat 2025<\/span>\n                                                                                                                                                                <span>19:00 (CEST)<\/span>\n                                                    \n                                                                                                            <span> - <\/span>\n                                                    \n                                                                                                            <span>18 \u015eubat 2025<\/span>\n                                                                                                                                                                <span>20:00 (CEST)<\/span>\n                                                                                                    <\/div>\n\n                                                                                                    <div class=\"event-location\">\n                                                                                                                    <i class=\"fas fa-thumbtack\"><\/i>&nbsp;\n                                                            <span>Zoom'da sanal etkinlik<\/span>\n                                                                                                            <\/div>\n\n                                                    <div class=\"event-language\">\n                                                                                                                    <i class=\"fas fa-globe\"><\/i>&nbsp;\n                                                            <span>\u0130ngilizce, \u00e7ok dilli altyaz\u0131larla<\/span>\n                                                                                                            <\/div>\n                                                                                            <\/div>\n\n                                            <div class=\"entry-content\">\n                                                <p>\n<p>2025 y\u0131l\u0131nda Avrupa Birli\u011fi, ki\u015fi ba\u015f\u0131na yakla\u015f\u0131k 444\u20ac olmak \u00fczere 199 milyar \u20ac harcamay\u0131 planl\u0131yor. AB\u2019nin b\u00fct\u00e7esini nas\u0131l tahsis etti\u011fi, \u00f6rne\u011fin, market al\u0131\u015fveri\u015flerini uygun fiyatl\u0131 tutarak, zor zamanlarda i\u015fletmelerimizi destekleyerek, Avrupa\u2019n\u0131n en parlak ara\u015ft\u0131rmac\u0131lar\u0131n\u0131 te\u015fvik ederek ve ekolojik ge\u00e7i\u015fi destekleyerek hayat\u0131m\u0131z\u0131 \u00f6nemli \u00f6l\u00e7\u00fcde etkiliyor.<\/p>\n\n\n\n<p>Bu kadar y\u00fcksek say\u0131lar\u0131 hayal etmek zor, b\u00fct\u00e7eyi belirlemek ise daha da zor. Bu nedenle Avrupa Parlamentosu \u00dcyesi (Volt Almanya) Kai\u2019yi AB\u2019nin y\u0131ll\u0131k b\u00fct\u00e7elerini nas\u0131l belirledi\u011fini i\u00e7eriden bir bak\u0131\u015f a\u00e7\u0131s\u0131yla payla\u015fmas\u0131 i\u00e7in davet ettik. Oy veren ve tart\u0131\u015fan karar vericilerden biri olan Kai, sizin i\u00e7in neyin iyi oldu\u011fu konusundaki me\u015fru soruyu da yan\u0131tlayacakt\u0131r.<\/p>\n\n\n\n<p>Bu b\u00fct\u00e7e Avrupa Birli\u011fi i\u00e7indeki t\u00fcm vatanda\u015flar\u0131 etkiliyor. Kai ile yapt\u0131\u011f\u0131m\u0131z s\u00f6yle\u015fiye kat\u0131l\u0131n, sorular\u0131n\u0131z\u0131 do\u011frudan Avrupa Parlamentosu \u00dcyesine sorun ve k\u0131tan\u0131n her yerinden insanlarla fikirlerinizi tart\u0131\u015f\u0131n.<\/p>\n<\/p>\n                                                <div class=\"clear\"><\/div>\n                                            <\/div>\n\n                                                                                    <\/div>\n                                    <\/article>\n                                <\/div>\n                            \n                                <div id=\"post-12203\" class=\"aux-col post-12203\">\n                                    <article class=\"post column-entry post-12203 event_listing type-event_listing status-expired has-post-thumbnail hentry\">\n                                        <div class=\"entry-media\">\n                                            <div class=\"aux-media-frame aux-media-image aux-image-mask\">\n                                                <img decoding=\"async\"\n                                                loading=\"lazy\"\n                                                src=\"https:\/\/meeteu.eu\/wp-content\/uploads\/2025\/02\/Copy-of-Background-B-Yellow_Blue.png\"\n                                                class=\"aux-attachment aux-featured-image aux-attachment-id-12204 aux-preload aux-has-preview\"\n                                                alt=\"\"\n                                                data-src=\"https:\/\/meeteu.eu\/wp-content\/uploads\/2025\/02\/Copy-of-Background-B-Yellow_Blue.png\"\n                                                \/>\n                                            <\/div>\n                                        <\/div>\n\n                                        <header class=\"entry-header\">\n                                            <h4 class=\"entry-title\">\n                                                Bir Sonraki Maceran\u0131z: Avrupa Dayan\u0131\u015fma Birli\u011fi                                            <\/h4>\n                                        <\/header>\n\n                                        <div class=\"entry-main\">\n                                            <div class=\"entry-info\">\n                                                <div class=\"event-date\">\n                                                                                                            <i class=\"fas fa-calendar-alt\"><\/i>&nbsp;\n                                                    \n                                                                                                            <span>11 \u015eubat 2025<\/span>\n                                                                                                                                                                <span>19:00 (CEST)<\/span>\n                                                    \n                                                                                                            <span> - <\/span>\n                                                    \n                                                                                                            <span>11 \u015eubat 2025<\/span>\n                                                                                                                                                                <span>20:00 (CEST)<\/span>\n                                                                                                    <\/div>\n\n                                                                                                    <div class=\"event-location\">\n                                                                                                                    <i class=\"fas fa-thumbtack\"><\/i>&nbsp;\n                                                            <span>Zoom'da sanal etkinlik<\/span>\n                                                                                                            <\/div>\n\n                                                    <div class=\"event-language\">\n                                                                                                                    <i class=\"fas fa-globe\"><\/i>&nbsp;\n                                                            <span>\u0130ngilizce, \u00e7ok dilli altyaz\u0131larla<\/span>\n                                                                                                            <\/div>\n                                                                                            <\/div>\n\n                                            <div class=\"entry-content\">\n                                                <p>\n<p><strong>Hi\u00e7 yurt d\u0131\u015f\u0131nda ya\u015famay\u0131, bir etki yaratmay\u0131 ve harika insanlarla tan\u0131\u015fmay\u0131 hayal ettiniz mi? Avrupa Dayan\u0131\u015fma Birli\u011fi, gen\u00e7lere Avrupa'n\u0131n d\u00f6rt bir yan\u0131nda ve \u00f6tesinde g\u00f6n\u00fcll\u00fc olma veya projelere kat\u0131lma \u015fans\u0131 sunuyor. Peki ama ger\u00e7ekte nas\u0131l i\u015fliyor?<\/strong><\/p>\n\n\n\n<p>Bize kat\u0131l\u0131n&nbsp;<strong>Yak\u0131nla\u015ft\u0131r<\/strong>&nbsp;<strong>SORU-CEVAP<\/strong>&nbsp;Avrupa Dayan\u0131\u015fma Birli\u011fi hakk\u0131nda<strong>&nbsp;<\/strong>t\u00fcm sorular\u0131n\u0131za cevap almak i\u00e7in:<\/p>\n\n\n\n<ul class=\"wp-block-list\">\n<li>Ne t\u00fcr etkinliklere kat\u0131laca\u011f\u0131m?<\/li>\n\n\n\n<li>Nereye gidebilirim ve ne kadar s\u00fcreyle?<\/li>\n\n\n\n<li>Mali destek alacak m\u0131y\u0131m?<\/li>\n\n\n\n<li>Dil bir engel mi?<\/li>\n\n\n\n<li>Bu deneyim gelece\u011fimi nas\u0131l \u015fekillendirebilir?<\/li>\n<\/ul>\n\n\n\n<p><strong>Konu\u015fmac\u0131: Katarina Brajdic,<\/strong>&nbsp;E\u011fitim, Gen\u00e7lik, Spor ve K\u00fclt\u00fcr Genel M\u00fcd\u00fcrl\u00fc\u011f\u00fc, Avrupa Komisyonu<\/p>\n\n\n\n<p><strong>11 \u015eubat Sal\u0131 | 19:00-20:00 CET<\/strong><br>Zoom ba\u011flant\u0131n\u0131z i\u00e7in buradan kaydolun:&nbsp;<a href=\"https:\/\/urldefense.com\/v3\/__https:\/meeteu.eu\/registration__;!!DOxrgLBm!Ar41SpOUknvneeyJ8r9IXKnC5vh_T2CLo6sNlwX8aMnqRfpkmE-4WIS8zxGQZjcy6BVjytKCnluHBxmd_0-rOE4$\">https:\/\/meeteu.eu\/registration<\/a><\/p>\n<\/p>\n                                                <div class=\"clear\"><\/div>\n                                            <\/div>\n\n                                                                                    <\/div>\n                                    <\/article>\n                                <\/div>\n                            \n                                <div id=\"post-12187\" class=\"aux-col post-12187\">\n                                    <article class=\"post column-entry post-12187 event_listing type-event_listing status-expired has-post-thumbnail hentry\">\n                                        <div class=\"entry-media\">\n                                            <div class=\"aux-media-frame aux-media-image aux-image-mask\">\n                                                <img decoding=\"async\"\n                                                loading=\"lazy\"\n                                                src=\"https:\/\/meeteu.eu\/wp-content\/uploads\/2025\/01\/Milad-2.png\"\n                                                class=\"aux-attachment aux-featured-image aux-attachment-id-12188 aux-preload aux-has-preview\"\n                                                alt=\"\"\n                                                data-src=\"https:\/\/meeteu.eu\/wp-content\/uploads\/2025\/01\/Milad-2.png\"\n                                                \/>\n                                            <\/div>\n                                        <\/div>\n\n                                        <header class=\"entry-header\">\n                                            <h4 class=\"entry-title\">\n                                                AB Bat\u0131 Balkanlar\u0131 D\u0131\u015flama Riskini Alabilir mi? \u00d6rnek: Kuzey Makedonya                                            <\/h4>\n                                        <\/header>\n\n                                        <div class=\"entry-main\">\n                                            <div class=\"entry-info\">\n                                                <div class=\"event-date\">\n                                                                                                            <i class=\"fas fa-calendar-alt\"><\/i>&nbsp;\n                                                    \n                                                                                                            <span>4 \u015eubat 2025<\/span>\n                                                                                                                                                                <span>19:00 (CEST)<\/span>\n                                                    \n                                                                                                            <span> - <\/span>\n                                                    \n                                                                                                            <span>4 \u015eubat 2025<\/span>\n                                                                                                                                                                <span>20:00 (CEST)<\/span>\n                                                                                                    <\/div>\n\n                                                                                                    <div class=\"event-location\">\n                                                                                                                    <i class=\"fas fa-thumbtack\"><\/i>&nbsp;\n                                                            <span>Zoom'da sanal etkinlik<\/span>\n                                                                                                            <\/div>\n\n                                                    <div class=\"event-language\">\n                                                                                                                    <i class=\"fas fa-globe\"><\/i>&nbsp;\n                                                            <span>\u0130ngilizce, \u00e7ok dilli altyaz\u0131larla<\/span>\n                                                                                                            <\/div>\n                                                                                            <\/div>\n\n                                            <div class=\"entry-content\">\n                                                <p>\n<p>Rusya ve \u00c7in, be\u015f \u00fclkenin AB'ye kat\u0131lmak i\u00e7in \u00e7abalad\u0131\u011f\u0131 Bat\u0131 Balkanlar'da aktif olarak n\u00fcfuz m\u00fccadelesi veriyor. AB \u00fcyeli\u011fine y\u00f6nelik g\u00fc\u00e7l\u00fc kamuoyu deste\u011fine ra\u011fmen, kat\u0131 kabul kriterleri bu aday \u00fclkelerdeki ilerlemeyi yava\u015flatt\u0131k\u00e7a hayal k\u0131r\u0131kl\u0131\u011f\u0131 art\u0131yor.<\/p>\n\n\n\n<p>Bu dinamikleri anlamam\u0131za yard\u0131mc\u0131 olmas\u0131 i\u00e7in Makedonya Uluslararas\u0131 \u0130\u015fbirli\u011fi Merkezi (MCIC) Direkt\u00f6r\u00fc Say\u0131n Aleksandar Kr\u017ealovski bize kat\u0131ld\u0131. MCIC, Kuzey Makedonya'n\u0131n AB \u00fcyeli\u011fini ve uluslararas\u0131 entegrasyonunu ilerletmeye odaklanm\u0131\u015f bir sivil toplum kurulu\u015fudur. Say\u0131n Kr\u017ealovski bizimle s\u00fcrecin inceliklerinin yan\u0131 s\u0131ra kendi \u00fclkesinin vatanda\u015flar\u0131n\u0131n umutlar\u0131n\u0131 ve hayal k\u0131r\u0131kl\u0131klar\u0131n\u0131 payla\u015facak.<\/p>\n\n\n\n<p><\/p>\n<\/p>\n                                                <div class=\"clear\"><\/div>\n                                            <\/div>\n\n                                                                                    <\/div>\n                                    <\/article>\n                                <\/div>\n                            \n                                <div id=\"post-12195\" class=\"aux-col post-12195\">\n                                    <article class=\"post column-entry post-12195 event_listing type-event_listing status-expired has-post-thumbnail hentry\">\n                                        <div class=\"entry-media\">\n                                            <div class=\"aux-media-frame aux-media-image aux-image-mask\">\n                                                <img decoding=\"async\"\n                                                loading=\"lazy\"\n                                                src=\"https:\/\/meeteu.eu\/wp-content\/uploads\/2025\/01\/Copy-of-Background-A-Pink_Blue.jpg\"\n                                                class=\"aux-attachment aux-featured-image aux-attachment-id-12196 aux-preload aux-has-preview\"\n                                                alt=\"\"\n                                                data-src=\"https:\/\/meeteu.eu\/wp-content\/uploads\/2025\/01\/Copy-of-Background-A-Pink_Blue.jpg\"\n                                                \/>\n                                            <\/div>\n                                        <\/div>\n\n                                        <header class=\"entry-header\">\n                                            <h4 class=\"entry-title\">\n                                                B\u00f6l\u00fcnm\u00fc\u015f Bir D\u00fcnyada Yeni Avrupa Medyas\u0131                                            <\/h4>\n                                        <\/header>\n\n                                        <div class=\"entry-main\">\n                                            <div class=\"entry-info\">\n                                                <div class=\"event-date\">\n                                                                                                            <i class=\"fas fa-calendar-alt\"><\/i>&nbsp;\n                                                    \n                                                                                                            <span>28 Ocak 2025<\/span>\n                                                                                                                                                                <span>19:00 (CEST)<\/span>\n                                                    \n                                                                                                            <span> - <\/span>\n                                                    \n                                                                                                            <span>28 Ocak 2025<\/span>\n                                                                                                                                                                <span>20:00 (CEST)<\/span>\n                                                                                                    <\/div>\n\n                                                                                                    <div class=\"event-location\">\n                                                                                                                    <i class=\"fas fa-thumbtack\"><\/i>&nbsp;\n                                                            <span>Zoom'da sanal etkinlik<\/span>\n                                                                                                            <\/div>\n\n                                                    <div class=\"event-language\">\n                                                                                                                    <i class=\"fas fa-globe\"><\/i>&nbsp;\n                                                            <span>\u0130ngilizce, \u00e7ok dilli altyaz\u0131larla<\/span>\n                                                                                                            <\/div>\n                                                                                            <\/div>\n\n                                            <div class=\"entry-content\">\n                                                <p>\n<p>Coen ve arkada\u015flar\u0131, 100.000'den fazla takip\u00e7isi olan AB odakl\u0131 Reddit gruplar\u0131ndan olu\u015fan geni\u015f bir a\u011f olan \"Forum Gotterfunken \"i yaratt\u0131lar. r\/EuropeanArmy, r\/europeanunion ve r\/EuropeanCulture gibi alt redditlerde, sayg\u0131n kaynaklardan se\u00e7ilmi\u015f haberleri payla\u015fmak i\u00e7in botlar kullanarak AB haberlerini daha eri\u015filebilir hale getiriyorlar. Bu alanlar ayn\u0131 zamanda AB hakk\u0131nda canl\u0131 tart\u0131\u015fmalara da yol a\u00e7\u0131yor.<\/p>\n\n\n\n<p>Subredditleri y\u00f6netmenin \u00f6tesinde, g\u00fcncel konular\u0131 tart\u0131\u015fmak i\u00e7in Discord sunucular\u0131nda podcast'lere ev sahipli\u011fi yap\u0131yorlar. Bu hafta, \"B\u00f6l\u00fcnm\u00fc\u015f Bir D\u00fcnyada AB Medyas\u0131 \"n\u0131 incelemek \u00fczere Zoom oturumumuza kat\u0131lacaklar. Dinlemek, \u00f6\u011frenmek, d\u00fc\u015f\u00fcncelerinizi payla\u015fmak ve soru sormak i\u00e7in bize kat\u0131l\u0131n!<\/p>\n<\/p>\n                                                <div class=\"clear\"><\/div>\n                                            <\/div>\n\n                                                                                    <\/div>\n                                    <\/article>\n                                <\/div>\n                            \n                                <div id=\"post-12176\" class=\"aux-col post-12176\">\n                                    <article class=\"post column-entry post-12176 event_listing type-event_listing status-expired has-post-thumbnail hentry\">\n                                        <div class=\"entry-media\">\n                                            <div class=\"aux-media-frame aux-media-image aux-image-mask\">\n                                                <img decoding=\"async\"\n                                                loading=\"lazy\"\n                                                src=\"https:\/\/meeteu.eu\/wp-content\/uploads\/2025\/01\/Copy-of-Background-B-Yellow_Blue-2.png\"\n                                                class=\"aux-attachment aux-featured-image aux-attachment-id-12177 aux-preload aux-has-preview\"\n                                                alt=\"\"\n                                                data-src=\"https:\/\/meeteu.eu\/wp-content\/uploads\/2025\/01\/Copy-of-Background-B-Yellow_Blue-2.png\"\n                                                \/>\n                                            <\/div>\n                                        <\/div>\n\n                                        <header class=\"entry-header\">\n                                            <h4 class=\"entry-title\">\n                                                Avrupa'da Milliyet\u00e7ili\u011fe Kar\u015f\u0131 Bir Kalkan Olarak E\u011fitim                                            <\/h4>\n                                        <\/header>\n\n                                        <div class=\"entry-main\">\n                                            <div class=\"entry-info\">\n                                                <div class=\"event-date\">\n                                                                                                            <i class=\"fas fa-calendar-alt\"><\/i>&nbsp;\n                                                    \n                                                                                                            <span>21 Ocak 2025<\/span>\n                                                                                                                                                                <span>19:00 (CEST)<\/span>\n                                                    \n                                                                                                            <span> - <\/span>\n                                                    \n                                                                                                            <span>21 Ocak 2025<\/span>\n                                                                                                                                                                <span>20:00 (CEST)<\/span>\n                                                                                                    <\/div>\n\n                                                                                                    <div class=\"event-location\">\n                                                                                                                    <i class=\"fas fa-thumbtack\"><\/i>&nbsp;\n                                                            <span>Zoom'da sanal etkinlik<\/span>\n                                                                                                            <\/div>\n\n                                                    <div class=\"event-language\">\n                                                                                                                    <i class=\"fas fa-globe\"><\/i>&nbsp;\n                                                            <span>\u0130ngilizce, \u00e7ok dilli altyaz\u0131larla<\/span>\n                                                                                                            <\/div>\n                                                                                            <\/div>\n\n                                            <div class=\"entry-content\">\n                                                <p>\n<p><br>Milad Tabesch'in bir misyonu var: \u00d6\u011frencileri Avrupa fikriyle bulu\u015fturmak ve a\u015f\u0131r\u0131 sa\u011f milliyet\u00e7ili\u011fe kar\u015f\u0131 diren\u00e7lerini g\u00fc\u00e7lendirmek.<br><br>Kendisi ve \"Ruhrpott f\u00fcr Europa\" ekibi 2023'ten bu yana okullar\u0131 ziyaret ederek gen\u00e7ler aras\u0131nda siyaset ve sivil kat\u0131l\u0131m konular\u0131na ilgi uyand\u0131r\u0131yor.<br><br>\u00d6\u011frencilerin dikkatini nas\u0131l \u00e7ekiyorlar? Nas\u0131l bir etki yarat\u0131yorlar?<br><br>\u0130ster \u00f6\u011frenci, ister aktivist olun, ya da sadece daha birle\u015fik bir Avrupa'ya katk\u0131da bulunmay\u0131 merak ediyor olun, bu etkinlik size toplumunuzda bir fark yaratmak i\u00e7in ilham verecektir.<\/p>\n\n\n\n<p><\/p>\n<\/p>\n                                                <div class=\"clear\"><\/div>\n                                            <\/div>\n\n                                                                                    <\/div>\n                                    <\/article>\n                                <\/div>\n                            \n                                <div id=\"post-12174\" class=\"aux-col post-12174\">\n                                    <article class=\"post column-entry post-12174 event_listing type-event_listing status-expired has-post-thumbnail hentry\">\n                                        <div class=\"entry-media\">\n                                            <div class=\"aux-media-frame aux-media-image aux-image-mask\">\n                                                <img decoding=\"async\"\n                                                loading=\"lazy\"\n                                                src=\"https:\/\/meeteu.eu\/wp-content\/uploads\/2025\/01\/HousingCrisis.png\"\n                                                class=\"aux-attachment aux-featured-image aux-attachment-id-12175 aux-preload aux-has-preview\"\n                                                alt=\"\"\n                                                data-src=\"https:\/\/meeteu.eu\/wp-content\/uploads\/2025\/01\/HousingCrisis.png\"\n                                                \/>\n                                            <\/div>\n                                        <\/div>\n\n                                        <header class=\"entry-header\">\n                                            <h4 class=\"entry-title\">\n                                                AB Konut Krizi nas\u0131l \u00e7\u00f6z\u00fcl\u00fcr?                                            <\/h4>\n                                        <\/header>\n\n                                        <div class=\"entry-main\">\n                                            <div class=\"entry-info\">\n                                                <div class=\"event-date\">\n                                                                                                            <i class=\"fas fa-calendar-alt\"><\/i>&nbsp;\n                                                    \n                                                                                                            <span>14 Ocak 2025<\/span>\n                                                                                                                                                                <span>19:00 (CEST)<\/span>\n                                                    \n                                                                                                            <span> - <\/span>\n                                                    \n                                                                                                            <span>14 Ocak 2025<\/span>\n                                                                                                                                                                <span>20:00 (CEST)<\/span>\n                                                                                                    <\/div>\n\n                                                                                                    <div class=\"event-location\">\n                                                                                                                    <i class=\"fas fa-thumbtack\"><\/i>&nbsp;\n                                                            <span>Zoom'da sanal etkinlik<\/span>\n                                                                                                            <\/div>\n\n                                                    <div class=\"event-language\">\n                                                                                                                    <i class=\"fas fa-globe\"><\/i>&nbsp;\n                                                            <span>\u0130ngilizce, \u00e7ok dilli altyaz\u0131larla<\/span>\n                                                                                                            <\/div>\n                                                                                            <\/div>\n\n                                            <div class=\"entry-content\">\n                                                <p>\n<p>Aileler b\u00fcy\u00fcyor, ancak uygun fiyatl\u0131 bir ev bulmak hala ula\u015f\u0131lamaz durumda. \u00d6\u011frenciler sadece ortak dairelerini kar\u015f\u0131layabilmek i\u00e7in \u00e7ok \u00e7al\u0131\u015f\u0131yor. Emekliler, kiralar artmaya devam ettik\u00e7e al\u0131\u015ft\u0131klar\u0131 mahalleleri kaybetmekten korkuyor. <\/p>\n\n\n\n<p>\u015eehirlerimizin sadece ayr\u0131cal\u0131kl\u0131 az\u0131nl\u0131k i\u00e7in de\u011fil, herkes i\u00e7in bir yer olarak kalmas\u0131n\u0131 nas\u0131l sa\u011flayabiliriz? Cans\u0131z beton ormanlar\u0131na teslim olmadan konutlar\u0131 hem uygun fiyatl\u0131 hem de s\u00fcrd\u00fcr\u00fclebilir k\u0131lmak m\u00fcmk\u00fcn m\u00fc?<\/p>\n\n\n\n<p>Mimar, \u015fehir planc\u0131s\u0131 ve 2020'den beri Avrupa Parlamentosu \u00dcyesi olan Marcos Ros Sempere ile sohbet etmek i\u00e7in bize kat\u0131l\u0131n. Birlikte, herkesin kendini ger\u00e7ekten evinde hissedebilece\u011fi \u015fehirler hayal edelim.<\/p>\n\n\n\n<p><\/p>\n<\/p>\n                                                <div class=\"clear\"><\/div>\n                                            <\/div>\n\n                                                                                    <\/div>\n                                    <\/article>\n                                <\/div>\n                            \n                                <div id=\"post-12143\" class=\"aux-col post-12143\">\n                                    <article class=\"post column-entry post-12143 event_listing type-event_listing status-expired has-post-thumbnail hentry\">\n                                        <div class=\"entry-media\">\n                                            <div class=\"aux-media-frame aux-media-image aux-image-mask\">\n                                                <img decoding=\"async\"\n                                                loading=\"lazy\"\n                                                src=\"https:\/\/meeteu.eu\/wp-content\/uploads\/2024\/12\/Klaus-Event-Identity-Website.jpg\"\n                                                class=\"aux-attachment aux-featured-image aux-attachment-id-12145 aux-preload aux-has-preview\"\n                                                alt=\"\"\n                                                data-src=\"https:\/\/meeteu.eu\/wp-content\/uploads\/2024\/12\/Klaus-Event-Identity-Website.jpg\"\n                                                \/>\n                                            <\/div>\n                                        <\/div>\n\n                                        <header class=\"entry-header\">\n                                            <h4 class=\"entry-title\">\n                                                Kimli\u011finiz: Avrupal\u0131 m\u0131, Ulusal m\u0131, Yoksa Her \u0130kisi de mi?                                            <\/h4>\n                                        <\/header>\n\n                                        <div class=\"entry-main\">\n                                            <div class=\"entry-info\">\n                                                <div class=\"event-date\">\n                                                                                                            <i class=\"fas fa-calendar-alt\"><\/i>&nbsp;\n                                                    \n                                                                                                            <span>17 Aral\u0131k 2024<\/span>\n                                                                                                                                                                <span>19:00 (CEST)<\/span>\n                                                    \n                                                                                                            <span> - <\/span>\n                                                    \n                                                                                                            <span>17 Aral\u0131k 2024<\/span>\n                                                                                                                                                                <span>20:00 (CEST)<\/span>\n                                                                                                    <\/div>\n\n                                                                                                    <div class=\"event-location\">\n                                                                                                                    <i class=\"fas fa-thumbtack\"><\/i>&nbsp;\n                                                            <span>Zoom'da sanal etkinlik<\/span>\n                                                                                                            <\/div>\n\n                                                    <div class=\"event-language\">\n                                                                                                                    <i class=\"fas fa-globe\"><\/i>&nbsp;\n                                                            <span>\u0130ngilizce, \u00e7ok dilli altyaz\u0131larla<\/span>\n                                                                                                            <\/div>\n                                                                                            <\/div>\n\n                                            <div class=\"entry-content\">\n                                                <p>\n<p>K\u00fcreselle\u015fme ve uluslararas\u0131 i\u015fbirli\u011fine y\u00f6nelik co\u015fkulu bir d\u00f6nemin ard\u0131ndan milliyet\u00e7ilik Avrupa'ya geri d\u00f6nd\u00fc.<\/p>\n\n\n\n<p>Kimli\u011finiz hakk\u0131nda ne hissediyorsunuz - ulusal m\u0131, Avrupal\u0131 m\u0131, yoksa her ikisi birden mi? Milliyet\u00e7ili\u011fin yeniden canlanmas\u0131 Avrupa i\u00e7in ne anlama geliyor? Ger\u00e7ekten birle\u015fmi\u015f bir Avrupa vizyonuna ka\u00e7\u0131n\u0131lmaz olarak meydan okuyor mu? <br><br>Sohbete kat\u0131l\u0131n ve Avrupa'n\u0131n d\u00f6rt bir yan\u0131ndan gelen insanlarla bu konuyu tart\u0131\u015f\u0131n!<br><\/p>\n\n\n\n<p><\/p>\n<\/p>\n                                                <div class=\"clear\"><\/div>\n                                            <\/div>\n\n                                                                                    <\/div>\n                                    <\/article>\n                                <\/div>\n                            \n                                <div id=\"post-12139\" class=\"aux-col post-12139\">\n                                    <article class=\"post column-entry post-12139 event_listing type-event_listing status-expired has-post-thumbnail hentry\">\n                                        <div class=\"entry-media\">\n                                            <div class=\"aux-media-frame aux-media-image aux-image-mask\">\n                                                <img decoding=\"async\"\n                                                loading=\"lazy\"\n                                                src=\"https:\/\/meeteu.eu\/wp-content\/uploads\/2024\/12\/ERASMUS_event_10Dec2024_web.png\"\n                                                class=\"aux-attachment aux-featured-image aux-attachment-id-12140 aux-preload aux-has-preview\"\n                                                alt=\"\"\n                                                data-src=\"https:\/\/meeteu.eu\/wp-content\/uploads\/2024\/12\/ERASMUS_event_10Dec2024_web.png\"\n                                                \/>\n                                            <\/div>\n                                        <\/div>\n\n                                        <header class=\"entry-header\">\n                                            <h4 class=\"entry-title\">\n                                                ERASMUS+ Maceran\u0131z: Bilmeniz Gereken Her \u015eey                                            <\/h4>\n                                        <\/header>\n\n                                        <div class=\"entry-main\">\n                                            <div class=\"entry-info\">\n                                                <div class=\"event-date\">\n                                                                                                            <i class=\"fas fa-calendar-alt\"><\/i>&nbsp;\n                                                    \n                                                                                                            <span>10 Aral\u0131k 2024<\/span>\n                                                                                                                                                                <span>19:00 (CEST)<\/span>\n                                                    \n                                                                                                            <span> - <\/span>\n                                                    \n                                                                                                            <span>10 Aral\u0131k 2024<\/span>\n                                                                                                                                                                <span>20:00 (CEST)<\/span>\n                                                                                                    <\/div>\n\n                                                                                                    <div class=\"event-location\">\n                                                                                                                    <i class=\"fas fa-thumbtack\"><\/i>&nbsp;\n                                                            <span>Zoom'da sanal etkinlik<\/span>\n                                                                                                            <\/div>\n\n                                                    <div class=\"event-language\">\n                                                                                                                    <i class=\"fas fa-globe\"><\/i>&nbsp;\n                                                            <span>\u0130ngilizce, \u00e7ok dilli altyaz\u0131larla<\/span>\n                                                                                                            <\/div>\n                                                                                            <\/div>\n\n                                            <div class=\"entry-content\">\n                                                <p>\n<p>ERASMUS+ \u00f6\u011frenci de\u011fi\u015fim program\u0131n\u0131 merak m\u0131 ediyorsunuz? Kat\u0131laca\u011f\u0131n\u0131z Zoom oturumu i\u00e7in bize kat\u0131l\u0131n:<\/p>\n\n\n\n<p>\u2705 ERASMUS+'tan ne bekleyece\u011finizi \u00f6\u011frenin<br>\u2705 Dil becerilerini geli\u015ftirmekten ki\u015fisel geli\u015fime kadar hayat\u0131n\u0131z\u0131 nas\u0131l etkileyebilece\u011fini ke\u015ffedin<br>\u2705 A\u015fa\u011f\u0131daki gibi yak\u0131c\u0131 sorulara cevap al\u0131n: Kira ve ya\u015fam masraflar\u0131 i\u00e7in s\u00fcbvansiyon var m\u0131? Ne t\u00fcr konaklama imkanlar\u0131 mevcut? K\u0131sa s\u00fcreli konaklamalar m\u00fcmk\u00fcn m\u00fc? Sa\u011fl\u0131k sigortas\u0131 dahil mi? Yerel dili bilmesem de kat\u0131labilir miyim? Ba\u015fvuru s\u00fcreci nas\u0131l i\u015fliyor? ...<\/p>\n\n\n\n<p><strong>\u00d6zel Konuk:<\/strong> ERASMUS \u00d6\u011frenci A\u011f\u0131'ndan Giuliana, uzman yan\u0131tlar\u0131 ve de\u011ferli i\u00e7g\u00f6r\u00fcler sunmak \u00fczere haz\u0131r bulunacak.<\/p>\n\n\n\n<p><\/p>\n<\/p>\n                                                <div class=\"clear\"><\/div>\n                                            <\/div>\n\n                                                                                    <\/div>\n                                    <\/article>\n                                <\/div>\n                            \n                                <div id=\"post-12095\" class=\"aux-col post-12095\">\n                                    <article class=\"post column-entry post-12095 event_listing type-event_listing status-expired has-post-thumbnail hentry\">\n                                        <div class=\"entry-media\">\n                                            <div class=\"aux-media-frame aux-media-image aux-image-mask\">\n                                                <img decoding=\"async\"\n                                                loading=\"lazy\"\n                                                src=\"https:\/\/meeteu.eu\/wp-content\/uploads\/2024\/10\/Evin-Incir-B.jpg\"\n                                                class=\"aux-attachment aux-featured-image aux-attachment-id-12096 aux-preload aux-has-preview\"\n                                                alt=\"\"\n                                                data-src=\"https:\/\/meeteu.eu\/wp-content\/uploads\/2024\/10\/Evin-Incir-B.jpg\"\n                                                \/>\n                                            <\/div>\n                                        <\/div>\n\n                                        <header class=\"entry-header\">\n                                            <h4 class=\"entry-title\">\n                                                Avrupa Etnik E\u015fitsizli\u011fi Nas\u0131l Ele Al\u0131yor?                                            <\/h4>\n                                        <\/header>\n\n                                        <div class=\"entry-main\">\n                                            <div class=\"entry-info\">\n                                                <div class=\"event-date\">\n                                                                                                            <i class=\"fas fa-calendar-alt\"><\/i>&nbsp;\n                                                    \n                                                                                                            <span>29 Ekim 2024<\/span>\n                                                                                                                                                                <span>19:00 (CEST)<\/span>\n                                                    \n                                                                                                            <span> - <\/span>\n                                                    \n                                                                                                            <span>29 Ekim 2024<\/span>\n                                                                                                                                                                <span>20:00 (CEST)<\/span>\n                                                                                                    <\/div>\n\n                                                                                                    <div class=\"event-location\">\n                                                                                                                    <i class=\"fas fa-thumbtack\"><\/i>&nbsp;\n                                                            <span>Zoom'da sanal etkinlik<\/span>\n                                                                                                            <\/div>\n\n                                                    <div class=\"event-language\">\n                                                                                                                    <i class=\"fas fa-globe\"><\/i>&nbsp;\n                                                            <span>\u0130ngilizce, \u00e7ok dilli altyaz\u0131larla<\/span>\n                                                                                                            <\/div>\n                                                                                            <\/div>\n\n                                            <div class=\"entry-content\">\n                                                <p>\n<p>Hi\u00e7 sadece kim oldu\u011funuzdan dolay\u0131 yarg\u0131land\u0131\u011f\u0131n\u0131z\u0131 hissettiniz mi? Etnik ayr\u0131mc\u0131l\u0131k Avrupa'daki pek \u00e7ok ki\u015fi i\u00e7in hala g\u00fcnl\u00fck bir ger\u00e7eklik. AB'yi \u0131rk\u00e7\u0131l\u0131\u011fa kar\u015f\u0131 daha kararl\u0131 ad\u0131mlar atmaya zorlayan \u0130sve\u00e7li AP \u00fcyesi Evin \u0130ncir'e kat\u0131l\u0131n. <\/p>\n\n\n\n<p>1TP5AB'nin \"\u00c7e\u015fitlilikte Birlik\" slogan\u0131na ra\u011fmen \u0131rk\u00e7\u0131l\u0131k yayg\u0131nl\u0131\u011f\u0131n\u0131 korumakta ve insanlar\u0131 becerileri nedeniyle de\u011fil, derilerinin rengi nedeniyle i\u015f, konut ve f\u0131rsatlardan al\u0131koymaktad\u0131r. <\/p>\n\n\n\n<p>Irk\u00e7\u0131l\u0131kla m\u00fccadele konusunda kaydedilen ilerleme ve \u00fcye devletlerin bu konuda att\u0131klar\u0131 ad\u0131mlar hakk\u0131nda daha fazla bilgi edinmek i\u00e7in bize kat\u0131l\u0131n.<\/p>\n\n\n\n<p><\/p>\n<\/p>\n                                                <div class=\"clear\"><\/div>\n                                            <\/div>\n\n                                                                                    <\/div>\n                                    <\/article>\n                                <\/div>\n                            \n                                <div id=\"post-12092\" class=\"aux-col post-12092\">\n                                    <article class=\"post column-entry post-12092 event_listing type-event_listing status-expired has-post-thumbnail hentry\">\n                                        <div class=\"entry-media\">\n                                            <div class=\"aux-media-frame aux-media-image aux-image-mask\">\n                                                <img decoding=\"async\"\n                                                loading=\"lazy\"\n                                                src=\"https:\/\/meeteu.eu\/wp-content\/uploads\/2024\/10\/Timea-Szabo-Event-B-1.png\"\n                                                class=\"aux-attachment aux-featured-image aux-attachment-id-12094 aux-preload aux-has-preview\"\n                                                alt=\"\"\n                                                data-src=\"https:\/\/meeteu.eu\/wp-content\/uploads\/2024\/10\/Timea-Szabo-Event-B-1.png\"\n                                                \/>\n                                            <\/div>\n                                        <\/div>\n\n                                        <header class=\"entry-header\">\n                                            <h4 class=\"entry-title\">\n                                                Macaristan ve AB - \u00c7at\u0131\u015fmal\u0131 Bir Konsey Ba\u015fkanl\u0131\u011f\u0131                                            <\/h4>\n                                        <\/header>\n\n                                        <div class=\"entry-main\">\n                                            <div class=\"entry-info\">\n                                                <div class=\"event-date\">\n                                                                                                            <i class=\"fas fa-calendar-alt\"><\/i>&nbsp;\n                                                    \n                                                                                                            <span>22 Ekim 2024<\/span>\n                                                                                                        \n                                                                                                            <span> - <\/span>\n                                                    \n                                                                                                            <span>22 Ekim 2024<\/span>\n                                                                                                                                                        <\/div>\n\n                                                                                                    <div class=\"event-location\">\n                                                                                                                    <i class=\"fas fa-thumbtack\"><\/i>&nbsp;\n                                                            <span>Zoom'da sanal etkinlik<\/span>\n                                                                                                            <\/div>\n\n                                                    <div class=\"event-language\">\n                                                                                                                    <i class=\"fas fa-globe\"><\/i>&nbsp;\n                                                            <span>\u0130ngilizce, \u00e7ok dilli altyaz\u0131larla<\/span>\n                                                                                                            <\/div>\n                                                                                            <\/div>\n\n                                            <div class=\"entry-content\">\n                                                <p>\n<p>Dialog partisinden Macar Parlamento \u00dcyesi T\u00edmea Szab\u00f3 ile bu konu\u015fmay\u0131 ka\u00e7\u0131rmay\u0131n! Szab\u00f3, hibrid demokrasi kavram\u0131n\u0131 ve Macaristan'\u0131n AB Konseyi d\u00f6nem ba\u015fkanl\u0131\u011f\u0131n\u0131n Avrupa'n\u0131n gelece\u011fi \u00fczerindeki etkisini tart\u0131\u015facak. <\/p>\n\n\n\n<p>Ne de\u011fi\u015fti? T\u00edmea, Macaristan'da demokrasi hakk\u0131nda yak\u0131n zamanda \u00e7ekilen bir belgeselden elde edilen temel bilgileri ve belgeselin yay\u0131nlanmas\u0131ndan bu yana nelerin de\u011fi\u015fti\u011fini de\u011ferlendirecek.<\/p>\n\n\n\n<p>Bug\u00fcn Macaristan - Macaristan'\u0131n siyasi manzaras\u0131 nas\u0131l de\u011fi\u015fiyor ve AB Konseyi ba\u015fkanl\u0131\u011f\u0131 Avrupa'n\u0131n geri kalan\u0131 i\u00e7in ne anlama geliyor? Bu de\u011fi\u015fikliklerin AB genelindeki politikalar\u0131 nas\u0131l etkileyebilece\u011fini ara\u015ft\u0131raca\u011f\u0131z.<\/p>\n\n\n\n<p>\u0130leriye bakmak - T\u00edmea'n\u0131n Macaristan'\u0131n gelece\u011fine ili\u015fkin umutlar\u0131 nelerdir? Macaristan \u00f6n\u00fcm\u00fczdeki y\u0131llarda AB'yi nas\u0131l \u015fekillendirebilir? T\u00edmea'n\u0131n hem Macaristan hem de Avrupa Birli\u011fi i\u00e7in vizyonunu \u00f6n s\u0131radan dinleyin. <\/p>\n\n\n\n<p>22 Ekim Sal\u0131 g\u00fcn\u00fc saat 19:00'da Zoom'da | 18:00'de \u0130rlanda, Portekiz, Birle\u015fik Krall\u0131k | 20:00'de Bulgaristan, K\u0131br\u0131s, Estonya, Finlandiya, Yunanistan, Letonya, Litvanya, Romanya<\/p>\n<\/p>\n                                                <div class=\"clear\"><\/div>\n                                            <\/div>\n\n                                                                                    <\/div>\n                                    <\/article>\n                                <\/div>\n                            \n                                <div id=\"post-12067\" class=\"aux-col post-12067\">\n                                    <article class=\"post column-entry post-12067 event_listing type-event_listing status-expired has-post-thumbnail hentry\">\n                                        <div class=\"entry-media\">\n                                            <div class=\"aux-media-frame aux-media-image aux-image-mask\">\n                                                <img decoding=\"async\"\n                                                loading=\"lazy\"\n                                                src=\"https:\/\/meeteu.eu\/wp-content\/uploads\/2024\/10\/Copy-of-Background-B-Yellow_Blue-1.png\"\n                                                class=\"aux-attachment aux-featured-image aux-attachment-id-12068 aux-preload aux-has-preview\"\n                                                alt=\"\"\n                                                data-src=\"https:\/\/meeteu.eu\/wp-content\/uploads\/2024\/10\/Copy-of-Background-B-Yellow_Blue-1.png\"\n                                                \/>\n                                            <\/div>\n                                        <\/div>\n\n                                        <header class=\"entry-header\">\n                                            <h4 class=\"entry-title\">\n                                                T\u00fcm Bu Nefreti Nas\u0131l Durdurabiliriz?                                            <\/h4>\n                                        <\/header>\n\n                                        <div class=\"entry-main\">\n                                            <div class=\"entry-info\">\n                                                <div class=\"event-date\">\n                                                                                                            <i class=\"fas fa-calendar-alt\"><\/i>&nbsp;\n                                                    \n                                                                                                            <span>10 Ekim 2024<\/span>\n                                                                                                                                                                <span>19:00 (CEST)<\/span>\n                                                    \n                                                                                                            <span> - <\/span>\n                                                    \n                                                                                                            <span>10 Ekim 2024<\/span>\n                                                                                                                                                                <span>20:00 (CEST)<\/span>\n                                                                                                    <\/div>\n\n                                                                                                    <div class=\"event-location\">\n                                                                                                                    <i class=\"fas fa-thumbtack\"><\/i>&nbsp;\n                                                            <span>Zoom'da sanal etkinlik<\/span>\n                                                                                                            <\/div>\n\n                                                    <div class=\"event-language\">\n                                                                                                                    <i class=\"fas fa-globe\"><\/i>&nbsp;\n                                                            <span>\u0130ngilizce, \u00e7ok dilli altyaz\u0131larla<\/span>\n                                                                                                            <\/div>\n                                                                                            <\/div>\n\n                                            <div class=\"entry-content\">\n                                                <p>\n<p>\u0130ster sosyal medyadaki \u0131rk\u00e7\u0131 yorumlar, ister kamusal alanda cinsiyete dayal\u0131 \u015fiddet ya da siyasi a\u015f\u0131r\u0131c\u0131l\u0131k olsun: Bunlar toplumdaki nefretin sadece birka\u00e7 \u00f6rne\u011fi. Bu nefret d\u0131\u015flanmaya ve korkuya neden olmakta, demokratik ya\u015fam tarz\u0131m\u0131za tehdit olu\u015fturmaktad\u0131r. Bu kabul edilemez bir durumdur. \u0130\u015fte bu y\u00fczden \u015fimdi harekete ge\u00e7meliyiz. <\/p>\n\n\n\n<p>Demokratik toplumumuzda herkes s\u00f6zl\u00fc ya da fiziksel \u015fiddetten korkmadan fikrini \u00f6zg\u00fcrce s\u00f6yleyebilmelidir. \u0130\u015fte bu y\u00fczden \u015fimdi harekete ge\u00e7meliyiz. <\/p>\n\n\n\n<p>TED-Talk Konu\u015fmac\u0131s\u0131 ve travma psikolojisi uzman\u0131 Arun Mansukhani ve Avrupa Komisyonu politika uzman\u0131 Tommasso Chiamparino ile birlikte Avrupa'da artan bu nefretle m\u00fccadele i\u00e7in somut \u00f6neriler geli\u015ftirmek istiyoruz. <\/p>\n\n\n\n<p>Bu teklifleri Avrupa Komisyonu'nun Vatanda\u015f Kat\u0131l\u0131m Platformu'na sunaca\u011f\u0131z. Yeterli deste\u011fi toplamalar\u0131 halinde, toplumsal nefretle m\u00fccadele etmek \u00fczere yeni yasalar\u0131n olu\u015fturulmas\u0131 i\u00e7in de\u011ferlendirilecekler.<\/p>\n\n\n\n<figure class=\"wp-block-image size-large is-resized\"><img decoding=\"async\" width=\"105\" height=\"28\" src=\"https:\/\/meeteu.eu\/wp-content\/uploads\/2024\/04\/Logo_Eurometropole_Strasbourg.svg\" alt=\"\" class=\"wp-image-11694\" style=\"width:302px;height:auto\"\/><figcaption class=\"wp-element-caption\"><em>Bu etkinlik Strasbourg Belediyesi'nin deste\u011fiyle ger\u00e7ekle\u015ftirilmi\u015ftir<\/em><\/figcaption><\/figure>\n\n\n\n<p><\/p>\n<\/p>\n                                                <div class=\"clear\"><\/div>\n                                            <\/div>\n\n                                                                                    <\/div>\n                                    <\/article>\n                                <\/div>\n                            \n                                <div id=\"post-12065\" class=\"aux-col post-12065\">\n                                    <article class=\"post column-entry post-12065 event_listing type-event_listing status-expired has-post-thumbnail hentry\">\n                                        <div class=\"entry-media\">\n                                            <div class=\"aux-media-frame aux-media-image aux-image-mask\">\n                                                <img decoding=\"async\"\n                                                loading=\"lazy\"\n                                                src=\"https:\/\/meeteu.eu\/wp-content\/uploads\/2024\/09\/Copy-of-Background-C-Green_Blue.png\"\n                                                class=\"aux-attachment aux-featured-image aux-attachment-id-12066 aux-preload aux-has-preview\"\n                                                alt=\"\"\n                                                data-src=\"https:\/\/meeteu.eu\/wp-content\/uploads\/2024\/09\/Copy-of-Background-C-Green_Blue.png\"\n                                                \/>\n                                            <\/div>\n                                        <\/div>\n\n                                        <header class=\"entry-header\">\n                                            <h4 class=\"entry-title\">\n                                                Discord'da Topluluk Bulu\u015fmas\u0131 ve Tan\u0131\u015fma                                            <\/h4>\n                                        <\/header>\n\n                                        <div class=\"entry-main\">\n                                            <div class=\"entry-info\">\n                                                <div class=\"event-date\">\n                                                                                                            <i class=\"fas fa-calendar-alt\"><\/i>&nbsp;\n                                                    \n                                                                                                            <span>1 Ekim 2024<\/span>\n                                                                                                                                                                <span>19:00 (CEST)<\/span>\n                                                    \n                                                                                                            <span> - <\/span>\n                                                    \n                                                                                                            <span>1 Ekim 2024<\/span>\n                                                                                                                                                                <span>20:00 (CEST)<\/span>\n                                                                                                    <\/div>\n\n                                                                                                    <div class=\"event-location\">\n                                                                                                                    <i class=\"fas fa-thumbtack\"><\/i>&nbsp;\n                                                            <span>Zoom'da sanal etkinlik<\/span>\n                                                                                                            <\/div>\n\n                                                    <div class=\"event-language\">\n                                                                                                                    <i class=\"fas fa-globe\"><\/i>&nbsp;\n                                                            <span>\u0130ngilizce, \u00e7ok dilli altyaz\u0131larla<\/span>\n                                                                                                            <\/div>\n                                                                                            <\/div>\n\n                                            <div class=\"entry-content\">\n                                                <p>\n<p>Ge\u00e7en hafta \u00fcst d\u00fczey bir konu\u015fmac\u0131y\u0131 a\u011f\u0131rlad\u0131ktan sonra, bu haftan\u0131n Sal\u0131 g\u00fcn\u00fcn\u00fc hayattaki en \u00f6nemli konulardan birini tart\u0131\u015fmak \u00fczere gayri resmi bir topluluk bulu\u015fmas\u0131 i\u00e7in kullan\u0131yoruz: yemek. Bu y\u00fczden en sevdi\u011finiz yerel tarifi unutmay\u0131n! <br><br>Topluluk platformumuz Discord'da bize kat\u0131l\u0131n ve k\u0131tan\u0131n her k\u00f6\u015fesinden 700'den fazla \u00fcyemizden baz\u0131lar\u0131yla sohbet edin.<\/p>\n<\/p>\n                                                <div class=\"clear\"><\/div>\n                                            <\/div>\n\n                                                                                    <\/div>\n                                    <\/article>\n                                <\/div>\n                            \n                                <div id=\"post-12059\" class=\"aux-col post-12059\">\n                                    <article class=\"post column-entry post-12059 event_listing type-event_listing status-expired has-post-thumbnail hentry\">\n                                        <div class=\"entry-media\">\n                                            <div class=\"aux-media-frame aux-media-image aux-image-mask\">\n                                                <img decoding=\"async\"\n                                                loading=\"lazy\"\n                                                src=\"https:\/\/meeteu.eu\/wp-content\/uploads\/2024\/09\/Copy-of-Background-A-Pink_Blue.jpg\"\n                                                class=\"aux-attachment aux-featured-image aux-attachment-id-12062 aux-preload aux-has-preview\"\n                                                alt=\"\"\n                                                data-src=\"https:\/\/meeteu.eu\/wp-content\/uploads\/2024\/09\/Copy-of-Background-A-Pink_Blue.jpg\"\n                                                \/>\n                                            <\/div>\n                                        <\/div>\n\n                                        <header class=\"entry-header\">\n                                            <h4 class=\"entry-title\">\n                                                Avrupa Tarihine Uzun Bir Yol                                            <\/h4>\n                                        <\/header>\n\n                                        <div class=\"entry-main\">\n                                            <div class=\"entry-info\">\n                                                <div class=\"event-date\">\n                                                                                                            <i class=\"fas fa-calendar-alt\"><\/i>&nbsp;\n                                                    \n                                                                                                            <span>24 Eyl\u00fcl 2024<\/span>\n                                                                                                                                                                <span>19:00 (CEST)<\/span>\n                                                    \n                                                                                                            <span> - <\/span>\n                                                    \n                                                                                                            <span>24 Eyl\u00fcl 2024<\/span>\n                                                                                                                                                                <span>20:00 (CEST)<\/span>\n                                                                                                    <\/div>\n\n                                                                                                    <div class=\"event-location\">\n                                                                                                                    <i class=\"fas fa-thumbtack\"><\/i>&nbsp;\n                                                            <span>Zoom'da sanal etkinlik<\/span>\n                                                                                                            <\/div>\n\n                                                    <div class=\"event-language\">\n                                                                                                                    <i class=\"fas fa-globe\"><\/i>&nbsp;\n                                                            <span>\u0130ngilizce, \u00e7ok dilli altyaz\u0131larla<\/span>\n                                                                                                            <\/div>\n                                                                                            <\/div>\n\n                                            <div class=\"entry-content\">\n                                                <p>\n<p>Br\u00fcksel'de Avrupa Tarihi Evi'ni bulacaks\u0131n\u0131z. Sadece ba\u015fka bir m\u00fcze mi? Kesinlikle de\u011fil. Buras\u0131 Avrupa'n\u0131n ge\u00e7mi\u015fi hakk\u0131nda bir ke\u015fif ve tart\u0131\u015fma alan\u0131. Neden mi? \u00c7\u00fcnk\u00fc Avrupa tarihi tek bir hikaye de\u011fil, ge\u00e7mi\u015fe dair farkl\u0131 bak\u0131\u015f a\u00e7\u0131lar\u0131n\u0131n bir toplam\u0131d\u0131r. Bu farkl\u0131 g\u00f6r\u00fc\u015fleri nas\u0131l ele alabiliriz? Farkl\u0131 hikayeler nas\u0131l tek bir hikaye haline gelir? Ve ziyaret\u00e7iler burada sunulan ger\u00e7eklere nas\u0131l tepki veriyor? Avrupa Tarihi Evi Direkt\u00f6r\u00fc Constanze Itzel, \u00e7al\u0131\u015fmalar\u0131na perde arkas\u0131ndan bir bak\u0131\u015f sunacak.<\/p>\n<\/p>\n                                                <div class=\"clear\"><\/div>\n                                            <\/div>\n\n                                                                                    <\/div>\n                                    <\/article>\n                                <\/div>\n                            \n                                <div id=\"post-12047\" class=\"aux-col post-12047\">\n                                    <article class=\"post column-entry post-12047 event_listing type-event_listing status-expired has-post-thumbnail hentry\">\n                                        <div class=\"entry-media\">\n                                            <div class=\"aux-media-frame aux-media-image aux-image-mask\">\n                                                <img decoding=\"async\"\n                                                loading=\"lazy\"\n                                                src=\"https:\/\/meeteu.eu\/wp-content\/uploads\/2024\/08\/Summer-Break-2024-scaled.jpg\"\n                                                class=\"aux-attachment aux-featured-image aux-attachment-id-12048 aux-preload aux-has-preview\"\n                                                alt=\"\"\n                                                data-src=\"https:\/\/meeteu.eu\/wp-content\/uploads\/2024\/08\/Summer-Break-2024-scaled.jpg\"\n                                                \/>\n                                            <\/div>\n                                        <\/div>\n\n                                        <header class=\"entry-header\">\n                                            <h4 class=\"entry-title\">\n                                                Tatil - MeetEU i\u00e7in Yaz                                            <\/h4>\n                                        <\/header>\n\n                                        <div class=\"entry-main\">\n                                            <div class=\"entry-info\">\n                                                <div class=\"event-date\">\n                                                                                                            <i class=\"fas fa-calendar-alt\"><\/i>&nbsp;\n                                                    \n                                                                                                            <span>30 Temmuz 2024<\/span>\n                                                                                                        \n                                                                                                            <span> - <\/span>\n                                                    \n                                                                                                            <span>17 Eyl\u00fcl 2024<\/span>\n                                                                                                                                                        <\/div>\n\n                                                                                                    <div class=\"event-location\">\n                                                                                                                    <i class=\"fas fa-thumbtack\"><\/i>&nbsp;\n                                                            <span>Zoom'da sanal etkinlik<\/span>\n                                                                                                            <\/div>\n\n                                                    <div class=\"event-language\">\n                                                                                                                    <i class=\"fas fa-globe\"><\/i>&nbsp;\n                                                            <span>\u0130ngilizce, \u00e7ok dilli altyaz\u0131larla<\/span>\n                                                                                                            <\/div>\n                                                                                            <\/div>\n\n                                            <div class=\"entry-content\">\n                                                <p>\n<p>Sevgili dostlar,<\/p>\n\n\n\n<p>Bu harika 2023\/2024 y\u0131l\u0131 i\u00e7in te\u015fekk\u00fcr ederiz. Sizlerle birlikte, k\u0131tan\u0131n d\u00f6rt bir yan\u0131ndan Avrupal\u0131lar\u0131 dijital ortamda ve y\u00fcz y\u00fcze g\u00f6r\u00fc\u015fmek \u00fczere bir araya getirdik. Karar vericilerle do\u011frudan temas kurduk ve siyasi, nesiller aras\u0131 ve dilsel s\u0131n\u0131rlar\u0131 a\u015fmay\u0131 ba\u015fard\u0131k. \u00d6n\u00fcm\u00fczdeki sezon da buna devam edelim!<\/p>\n\n\n\n<p>~ MeetEU Ekibi<\/p>\n<\/p>\n                                                <div class=\"clear\"><\/div>\n                                            <\/div>\n\n                                                                                    <\/div>\n                                    <\/article>\n                                <\/div>\n                            \n                                <div id=\"post-11971\" class=\"aux-col post-11971\">\n                                    <article class=\"post column-entry post-11971 event_listing type-event_listing status-expired has-post-thumbnail hentry\">\n                                        <div class=\"entry-media\">\n                                            <div class=\"aux-media-frame aux-media-image aux-image-mask\">\n                                                <img decoding=\"async\"\n                                                loading=\"lazy\"\n                                                src=\"https:\/\/meeteu.eu\/wp-content\/uploads\/2024\/06\/Visual-Cliamte-Change-Risk-Visual-Website_1-.jpg\"\n                                                class=\"aux-attachment aux-featured-image aux-attachment-id-12004 aux-preload aux-has-preview\"\n                                                alt=\"\"\n                                                data-src=\"https:\/\/meeteu.eu\/wp-content\/uploads\/2024\/06\/Visual-Cliamte-Change-Risk-Visual-Website_1-.jpg\"\n                                                \/>\n                                            <\/div>\n                                        <\/div>\n\n                                        <header class=\"entry-header\">\n                                            <h4 class=\"entry-title\">\n                                                \u0130klim De\u011fi\u015fikli\u011fi Bizi Hasta m\u0131 Ediyor?                                            <\/h4>\n                                        <\/header>\n\n                                        <div class=\"entry-main\">\n                                            <div class=\"entry-info\">\n                                                <div class=\"event-date\">\n                                                                                                            <i class=\"fas fa-calendar-alt\"><\/i>&nbsp;\n                                                    \n                                                                                                            <span>23 Temmuz 2024<\/span>\n                                                                                                                                                                <span>19:00 (CEST)<\/span>\n                                                    \n                                                                                                            <span> - <\/span>\n                                                    \n                                                                                                            <span>23 Temmuz 2024<\/span>\n                                                                                                                                                                <span>20:00 (CEST)<\/span>\n                                                                                                    <\/div>\n\n                                                                                                    <div class=\"event-location\">\n                                                                                                                    <i class=\"fas fa-thumbtack\"><\/i>&nbsp;\n                                                            <span>Zoom'da sanal etkinlik<\/span>\n                                                                                                            <\/div>\n\n                                                    <div class=\"event-language\">\n                                                                                                                    <i class=\"fas fa-globe\"><\/i>&nbsp;\n                                                            <span>\u0130ngilizce, \u00e7ok dilli altyaz\u0131larla<\/span>\n                                                                                                            <\/div>\n                                                                                            <\/div>\n\n                                            <div class=\"entry-content\">\n                                                <p>\n<p>\u0130klim de\u011fi\u015fikli\u011fi s\u00f6z konusu oldu\u011funda \u00e7o\u011fu insan\u0131n akl\u0131na y\u00fckselen deniz seviyeleri geliyor, ancak \u00e7ok az\u0131 bunun sa\u011fl\u0131klar\u0131 \u00fczerindeki etkisini dikkate al\u0131yor. Avrupa \u00c7evre Ajans\u0131 (A\u00c7A) \u0131s\u0131nan atmosferle ili\u015fkili sa\u011fl\u0131k risklerini ara\u015ft\u0131rm\u0131\u015ft\u0131r. Daha s\u0131k ve \u015fiddetli seller, s\u0131cak hava dalgalar\u0131 ve orman yang\u0131nlar\u0131 gibi baz\u0131lar\u0131 bariz olmakla birlikte, bunlar aras\u0131nda artan enfeksiyonlar ve \u00f6nemli ruh sa\u011fl\u0131\u011f\u0131 sorunlar\u0131 da yer almaktad\u0131r. <\/p>\n\n\n\n<p>A\u00c7A'da iklim de\u011fi\u015fikli\u011fi riskleri ve adaptasyon uzman\u0131 olan Hans-Martin Fuessel, gelecekte kar\u015f\u0131la\u015faca\u011f\u0131m\u0131z zorluklar\u0131 ve refah\u0131m\u0131z\u0131 korumak i\u00e7in atabilece\u011fimiz ad\u0131mlar\u0131 a\u00e7\u0131kl\u0131yor.<\/p>\n<\/p>\n                                                <div class=\"clear\"><\/div>\n                                            <\/div>\n\n                                                                                    <\/div>\n                                    <\/article>\n                                <\/div>\n                            \n                                <div id=\"post-12032\" class=\"aux-col post-12032\">\n                                    <article class=\"post column-entry post-12032 event_listing type-event_listing status-expired has-post-thumbnail hentry\">\n                                        <div class=\"entry-media\">\n                                            <div class=\"aux-media-frame aux-media-image aux-image-mask\">\n                                                <img decoding=\"async\"\n                                                loading=\"lazy\"\n                                                src=\"https:\/\/meeteu.eu\/wp-content\/uploads\/2024\/07\/Event-ERASMUS-Consultant-1-Website.jpg\"\n                                                class=\"aux-attachment aux-featured-image aux-attachment-id-12033 aux-preload aux-has-preview\"\n                                                alt=\"\"\n                                                data-src=\"https:\/\/meeteu.eu\/wp-content\/uploads\/2024\/07\/Event-ERASMUS-Consultant-1-Website.jpg\"\n                                                \/>\n                                            <\/div>\n                                        <\/div>\n\n                                        <header class=\"entry-header\">\n                                            <h4 class=\"entry-title\">\n                                                Gen\u00e7 ve Avrupal\u0131: \u00d6n\u00fcm\u00fczde Parlak Bir Gelecek mi Var?                                            <\/h4>\n                                        <\/header>\n\n                                        <div class=\"entry-main\">\n                                            <div class=\"entry-info\">\n                                                <div class=\"event-date\">\n                                                                                                            <i class=\"fas fa-calendar-alt\"><\/i>&nbsp;\n                                                    \n                                                                                                            <span>16 Temmuz 2024<\/span>\n                                                                                                                                                                <span>19:00 (CEST)<\/span>\n                                                    \n                                                                                                            <span> - <\/span>\n                                                    \n                                                                                                            <span>16 Temmuz 2024<\/span>\n                                                                                                                                                                <span>20:00 (CEST)<\/span>\n                                                                                                    <\/div>\n\n                                                                                                    <div class=\"event-location\">\n                                                                                                                    <i class=\"fas fa-thumbtack\"><\/i>&nbsp;\n                                                            <span>Zoom'da sanal etkinlik<\/span>\n                                                                                                            <\/div>\n\n                                                    <div class=\"event-language\">\n                                                                                                                    <i class=\"fas fa-globe\"><\/i>&nbsp;\n                                                            <span>\u0130ngilizce, \u00e7ok dilli altyaz\u0131larla<\/span>\n                                                                                                            <\/div>\n                                                                                            <\/div>\n\n                                            <div class=\"entry-content\">\n                                                <p>\n<p>Avrupa'da gen\u00e7lik ba\u011fl\u0131l\u0131\u011f\u0131 \u00fczerine bir tart\u0131\u015fma i\u00e7in bize kat\u0131l\u0131n. Sizin gibi gen\u00e7lerin nas\u0131l dahil olduklar\u0131n\u0131 ve fark yaratt\u0131klar\u0131n\u0131 ke\u015ffedin. ERASMUS+ da dahil olmak \u00fczere \u00f6\u011frenciler ve gen\u00e7 profesyoneller i\u00e7in harika f\u0131rsatlar sunan \u00e7e\u015fitli programlar hakk\u0131nda bilgi edinin. AB'nin tutkular\u0131n\u0131z\u0131 ve gelecek planlar\u0131n\u0131z\u0131 nas\u0131l destekledi\u011fini \u00f6\u011frenin. ERASMUS+'tan kimlerin yararland\u0131\u011f\u0131n\u0131 ve \u00fcniversite mezunu olmayan daha fazla gencin programlardan yararlanmaya nas\u0131l te\u015fvik edilebilece\u011fini \u00f6\u011frenin.<\/p>\n<\/p>\n                                                <div class=\"clear\"><\/div>\n                                            <\/div>\n\n                                                                                    <\/div>\n                                    <\/article>\n                                <\/div>\n                            \n                                <div id=\"post-11999\" class=\"aux-col post-11999\">\n                                    <article class=\"post column-entry post-11999 event_listing type-event_listing status-expired has-post-thumbnail hentry\">\n                                        <div class=\"entry-media\">\n                                            <div class=\"aux-media-frame aux-media-image aux-image-mask\">\n                                                <img decoding=\"async\"\n                                                loading=\"lazy\"\n                                                src=\"https:\/\/meeteu.eu\/wp-content\/uploads\/2024\/07\/Visual-NextGenEu.jpg\"\n                                                class=\"aux-attachment aux-featured-image aux-attachment-id-12000 aux-preload aux-has-preview\"\n                                                alt=\"\"\n                                                data-src=\"https:\/\/meeteu.eu\/wp-content\/uploads\/2024\/07\/Visual-NextGenEu.jpg\"\n                                                \/>\n                                            <\/div>\n                                        <\/div>\n\n                                        <header class=\"entry-header\">\n                                            <h4 class=\"entry-title\">\n                                                NextGenerationEU Avrupa'n\u0131n gelece\u011fini nas\u0131l de\u011fi\u015ftiriyor?                                            <\/h4>\n                                        <\/header>\n\n                                        <div class=\"entry-main\">\n                                            <div class=\"entry-info\">\n                                                <div class=\"event-date\">\n                                                                                                            <i class=\"fas fa-calendar-alt\"><\/i>&nbsp;\n                                                    \n                                                                                                            <span>9 Temmuz 2024<\/span>\n                                                                                                                                                                <span>19:00 (CEST)<\/span>\n                                                    \n                                                                                                            <span> - <\/span>\n                                                    \n                                                                                                            <span>9 Temmuz 2024<\/span>\n                                                                                                                                                                <span>20:00 (CEST)<\/span>\n                                                                                                    <\/div>\n\n                                                                                                    <div class=\"event-location\">\n                                                                                                                    <i class=\"fas fa-thumbtack\"><\/i>&nbsp;\n                                                            <span>Zoom'da sanal etkinlik<\/span>\n                                                                                                            <\/div>\n\n                                                    <div class=\"event-language\">\n                                                                                                                    <i class=\"fas fa-globe\"><\/i>&nbsp;\n                                                            <span>\u0130ngilizce, \u00e7ok dilli altyaz\u0131larla<\/span>\n                                                                                                            <\/div>\n                                                                                            <\/div>\n\n                                            <div class=\"entry-content\">\n                                                <p>\n<p>Temmuz 2024, \u00fclkelerin salg\u0131ndan kurtulmalar\u0131na yard\u0131mc\u0131 olmak ve gelecek Avrupa nesli i\u00e7in daha iyi bir gelecek in\u015fa etmek \u00fczere tasarlanan e\u015fi benzeri g\u00f6r\u00fclmemi\u015f 750 milyar Avroluk bir plan olan 'NextGenerationEU' \u00fczerinde Konsey'in anla\u015fmas\u0131n\u0131n d\u00f6rt y\u0131l d\u00f6n\u00fcm\u00fcne i\u015faret ediyor. Bu d\u00f6rt y\u0131l i\u00e7inde ne kadar ilerleme kaydedildi ve \u00f6n\u00fcm\u00fczde hala ne gibi zorluklar var?<br> <br>NextGenerationEU kurtarma plan\u0131n\u0131n uygulanmas\u0131ndan sorumlu g\u00f6rev g\u00fcc\u00fcnde bir direkt\u00f6r olan Maria Teresa Fabregas Fernandez, devam eden \u00e7al\u0131\u015fmalar\u0131 ve elde ettikleri ba\u015far\u0131lara ili\u015fkin g\u00f6r\u00fc\u015flerini payla\u015facak.<\/p>\n<\/p>\n                                                <div class=\"clear\"><\/div>\n                                            <\/div>\n\n                                                                                    <\/div>\n                                    <\/article>\n                                <\/div>\n                            \n                                <div id=\"post-12003\" class=\"aux-col post-12003\">\n                                    <article class=\"post column-entry post-12003 event_listing type-event_listing status-expired has-post-thumbnail hentry\">\n                                        <div class=\"entry-media\">\n                                            <div class=\"aux-media-frame aux-media-image aux-image-mask\">\n                                                <img decoding=\"async\"\n                                                loading=\"lazy\"\n                                                src=\"https:\/\/meeteu.eu\/wp-content\/uploads\/2024\/02\/Mardi-Gras-Break.jpg\"\n                                                class=\"aux-attachment aux-featured-image aux-attachment-id-11572 aux-preload aux-has-preview\"\n                                                alt=\"\"\n                                                data-src=\"https:\/\/meeteu.eu\/wp-content\/uploads\/2024\/02\/Mardi-Gras-Break.jpg\"\n                                                \/>\n                                            <\/div>\n                                        <\/div>\n\n                                        <header class=\"entry-header\">\n                                            <h4 class=\"entry-title\">\n                                                Ara verdik!                                            <\/h4>\n                                        <\/header>\n\n                                        <div class=\"entry-main\">\n                                            <div class=\"entry-info\">\n                                                <div class=\"event-date\">\n                                                                                                            <i class=\"fas fa-calendar-alt\"><\/i>&nbsp;\n                                                    \n                                                                                                            <span>2 Temmuz 2024<\/span>\n                                                                                                        \n                                                                                                            <span> - <\/span>\n                                                    \n                                                                                                            <span>2 Temmuz 2024<\/span>\n                                                                                                                                                        <\/div>\n\n                                                                                                    <div class=\"event-location\">\n                                                                                                                    <i class=\"fas fa-thumbtack\"><\/i>&nbsp;\n                                                            <span>Zoom'da sanal etkinlik<\/span>\n                                                                                                            <\/div>\n\n                                                    <div class=\"event-language\">\n                                                                                                                    <i class=\"fas fa-globe\"><\/i>&nbsp;\n                                                            <span>\u0130ngilizce, \u00e7ok dilli altyaz\u0131larla<\/span>\n                                                                                                            <\/div>\n                                                                                            <\/div>\n\n                                            <div class=\"entry-content\">\n                                                <p>\n<p>Ama endi\u015felenmeyin; sizin i\u00e7in heyecan verici etkinlikler \u00fczerinde \u00e7al\u0131\u015fmaya devam ediyoruz. Daha fazla heyecan verici f\u0131rsat i\u00e7in \u00f6n\u00fcm\u00fczdeki g\u00fcnlerde web sitemize g\u00f6z at\u0131n. <\/p>\n<\/p>\n                                                <div class=\"clear\"><\/div>\n                                            <\/div>\n\n                                                                                    <\/div>\n                                    <\/article>\n                                <\/div>\n                            \n                                <div id=\"post-11975\" class=\"aux-col post-11975\">\n                                    <article class=\"post column-entry post-11975 event_listing type-event_listing status-expired has-post-thumbnail hentry\">\n                                        <div class=\"entry-media\">\n                                            <div class=\"aux-media-frame aux-media-image aux-image-mask\">\n                                                <img decoding=\"async\"\n                                                loading=\"lazy\"\n                                                src=\"https:\/\/meeteu.eu\/wp-content\/uploads\/2024\/06\/Dirk-Visual-Website.jpg\"\n                                                class=\"aux-attachment aux-featured-image aux-attachment-id-11976 aux-preload aux-has-preview\"\n                                                alt=\"\"\n                                                data-src=\"https:\/\/meeteu.eu\/wp-content\/uploads\/2024\/06\/Dirk-Visual-Website.jpg\"\n                                                \/>\n                                            <\/div>\n                                        <\/div>\n\n                                        <header class=\"entry-header\">\n                                            <h4 class=\"entry-title\">\n                                                Hey Avrupa - D\u00fcnya D\u00fc\u015f\u00fcnd\u00fc\u011f\u00fcn\u00fczden Daha \u0130yi                                            <\/h4>\n                                        <\/header>\n\n                                        <div class=\"entry-main\">\n                                            <div class=\"entry-info\">\n                                                <div class=\"event-date\">\n                                                                                                            <i class=\"fas fa-calendar-alt\"><\/i>&nbsp;\n                                                    \n                                                                                                            <span>25 Haziran 2024<\/span>\n                                                                                                                                                                <span>19:00 (CEST)<\/span>\n                                                    \n                                                                                                            <span> - <\/span>\n                                                    \n                                                                                                            <span>25 Haziran 2024<\/span>\n                                                                                                                                                                <span>20:00 (CEST)<\/span>\n                                                                                                    <\/div>\n\n                                                                                                    <div class=\"event-location\">\n                                                                                                                    <i class=\"fas fa-thumbtack\"><\/i>&nbsp;\n                                                            <span>Zoom'da sanal etkinlik<\/span>\n                                                                                                            <\/div>\n\n                                                    <div class=\"event-language\">\n                                                                                                                    <i class=\"fas fa-globe\"><\/i>&nbsp;\n                                                            <span>\u0130ngilizce, \u00e7ok dilli altyaz\u0131larla<\/span>\n                                                                                                            <\/div>\n                                                                                            <\/div>\n\n                                            <div class=\"entry-content\">\n                                                <p>\n<p>Sava\u015f, iklim de\u011fi\u015fikli\u011fi ve siyasi krizler - Avrupa huzursuz. Bu ayn\u0131 zamanda sadece k\u00f6t\u00fcy\u00fc g\u00f6ren ve \u00e7\u00f6z\u00fcm yerine su\u00e7lu ve sansasyon arayan bir\u00e7ok medya kurulu\u015funun da hatas\u0131d\u0131r. \"Korkun\u00e7 D\u00fcnya Sendromu\" insanlar\u0131 \u00f6\u011frenilmi\u015f \u00e7aresizli\u011fe ya da demagoglar\u0131n kollar\u0131na itebilir. Yap\u0131c\u0131 gazetecilik i\u015fleri farkl\u0131 \u015fekilde ele al\u0131r ve \"Nas\u0131l devam edebiliriz?\" diye sorar.<\/p>\n\n\n\n<p>Perspective Daily 7 y\u0131ld\u0131r yap\u0131c\u0131 gazetecili\u011fi Almanya'ya ta\u015f\u0131yor. Yazar Dirk Walbr\u00fchl, bu yeni gazetecilik t\u00fcr\u00fcn\u00fcn nas\u0131l i\u015fledi\u011fini, kar\u015f\u0131la\u015f\u0131lan zorluklar\u0131 ve bak\u0131\u015f a\u00e7\u0131s\u0131 de\u011fi\u015fikli\u011finin demokrasimizi nas\u0131l g\u00fc\u00e7lendirebilece\u011fini anlat\u0131yor.<\/p>\n<\/p>\n                                                <div class=\"clear\"><\/div>\n                                            <\/div>\n\n                                                                                    <\/div>\n                                    <\/article>\n                                <\/div>\n                            \n                                <div id=\"post-11931\" class=\"aux-col post-11931\">\n                                    <article class=\"post column-entry post-11931 event_listing type-event_listing status-expired has-post-thumbnail hentry\">\n                                        <div class=\"entry-media\">\n                                            <div class=\"aux-media-frame aux-media-image aux-image-mask\">\n                                                <img decoding=\"async\"\n                                                loading=\"lazy\"\n                                                src=\"https:\/\/meeteu.eu\/wp-content\/uploads\/2024\/06\/Simulation-Climate-Visual_Website-.jpg\"\n                                                class=\"aux-attachment aux-featured-image aux-attachment-id-11932 aux-preload aux-has-preview\"\n                                                alt=\"\"\n                                                data-src=\"https:\/\/meeteu.eu\/wp-content\/uploads\/2024\/06\/Simulation-Climate-Visual_Website-.jpg\"\n                                                \/>\n                                            <\/div>\n                                        <\/div>\n\n                                        <header class=\"entry-header\">\n                                            <h4 class=\"entry-title\">\n                                                1,5\u00b0C hedefine ula\u015fabilir misiniz? Bir \u0130klim Politikas\u0131 Sim\u00fclasyonu                                            <\/h4>\n                                        <\/header>\n\n                                        <div class=\"entry-main\">\n                                            <div class=\"entry-info\">\n                                                <div class=\"event-date\">\n                                                                                                            <i class=\"fas fa-calendar-alt\"><\/i>&nbsp;\n                                                    \n                                                                                                            <span>18 Haziran 2024<\/span>\n                                                                                                                                                                <span>19:00 (CEST)<\/span>\n                                                    \n                                                                                                            <span> - <\/span>\n                                                    \n                                                                                                                                                                <span>20:00 (CEST)<\/span>\n                                                                                                    <\/div>\n\n                                                                                                    <div class=\"event-location\">\n                                                                                                                    <i class=\"fas fa-thumbtack\"><\/i>&nbsp;\n                                                            <span>Zoom'da sanal etkinlik<\/span>\n                                                                                                            <\/div>\n\n                                                    <div class=\"event-language\">\n                                                                                                                    <i class=\"fas fa-globe\"><\/i>&nbsp;\n                                                            <span>\u0130ngilizce, \u00e7ok dilli altyaz\u0131larla<\/span>\n                                                                                                            <\/div>\n                                                                                            <\/div>\n\n                                            <div class=\"entry-content\">\n                                                <p>\n<p>\u0130klim krizini \u00e7\u00f6zmekle g\u00f6revli d\u00fcnya lideri siz olsayd\u0131n\u0131z ne olurdu? Fikirlerinizi test edin <a href=\"https:\/\/www.climateinteractive.org\/en-roads\/\" rel=\"noopener\">En-ROADS iklim sim\u00fclasyonu<\/a> at\u00f6lye \u00e7al\u0131\u015fmas\u0131. Enerji verimlili\u011fi, karbon fiyatland\u0131rmas\u0131, fosil yak\u0131t vergileri, ormans\u0131zla\u015fman\u0131n azalt\u0131lmas\u0131 veya karbondioksit giderimi gibi \u00e7\u00f6z\u00fcmler \u00f6nerin ve bunlar\u0131n k\u00fcresel s\u0131cakl\u0131k \u00fczerindeki ger\u00e7ek zamanl\u0131 etkilerini g\u00f6r\u00fcn. 1,5\u00b0C hedefine ula\u015fabilir misiniz? <\/p>\n\n\n\n<p>Bu \u00e7al\u0131\u015ftaya h\u00fck\u00fcmet, sivil toplum kurulu\u015flar\u0131, i\u015f d\u00fcnyas\u0131 ve akademiden 6.500'den fazla lider kat\u0131lm\u0131\u015ft\u0131r.<\/p>\n\n\n\n<p>Kolayla\u015ft\u0131r\u0131c\u0131n\u0131z, En-ROADS El\u00e7isi <a href=\"https:\/\/www.climateinteractive.org\/en-roads\/climate-ambassadors\/ambassador\/bas-tuenter\/\" rel=\"noopener\">Bas Tuenter<\/a>laboratuvar tek kullan\u0131ml\u0131k malzemelerinin yeniden kullan\u0131m\u0131na odaklanan bir start-up olan Sustainables'\u0131n kurucusudur. En-ROADS sim\u00fclat\u00f6r\u00fcn\u00fc COP25'teki BM gen\u00e7lik iklim alan\u0131nda g\u00f6n\u00fcll\u00fc olarak \u00e7al\u0131\u015f\u0131rken ke\u015ffetmi\u015ftir.<\/p>\n<\/p>\n                                                <div class=\"clear\"><\/div>\n                                            <\/div>\n\n                                                                                    <\/div>\n                                    <\/article>\n                                <\/div>\n                            \n                                <div id=\"post-11962\" class=\"aux-col post-11962\">\n                                    <article class=\"post column-entry post-11962 event_listing type-event_listing status-expired has-post-thumbnail hentry\">\n                                        <div class=\"entry-media\">\n                                            <div class=\"aux-media-frame aux-media-image aux-image-mask\">\n                                                <img decoding=\"async\"\n                                                loading=\"lazy\"\n                                                src=\"https:\/\/meeteu.eu\/wp-content\/uploads\/2024\/06\/Citzen-Panel-Event-Marie_Website.jpg\"\n                                                class=\"aux-attachment aux-featured-image aux-attachment-id-11963 aux-preload aux-has-preview\"\n                                                alt=\"\"\n                                                data-src=\"https:\/\/meeteu.eu\/wp-content\/uploads\/2024\/06\/Citzen-Panel-Event-Marie_Website.jpg\"\n                                                \/>\n                                            <\/div>\n                                        <\/div>\n\n                                        <header class=\"entry-header\">\n                                            <h4 class=\"entry-title\">\n                                                Vatanda\u015flar yasa yap\u0131yor - bu nas\u0131l i\u015fliyor?                                            <\/h4>\n                                        <\/header>\n\n                                        <div class=\"entry-main\">\n                                            <div class=\"entry-info\">\n                                                <div class=\"event-date\">\n                                                                                                            <i class=\"fas fa-calendar-alt\"><\/i>&nbsp;\n                                                    \n                                                                                                            <span>11 Haziran 2024<\/span>\n                                                                                                                                                                <span>19:00 (CEST)<\/span>\n                                                    \n                                                                                                            <span> - <\/span>\n                                                    \n                                                                                                                                                                <span>20:00 (CEST)<\/span>\n                                                                                                    <\/div>\n\n                                                                                                    <div class=\"event-location\">\n                                                                                                                    <i class=\"fas fa-thumbtack\"><\/i>&nbsp;\n                                                            <span>Zoom'da sanal etkinlik<\/span>\n                                                                                                            <\/div>\n\n                                                    <div class=\"event-language\">\n                                                                                                                    <i class=\"fas fa-globe\"><\/i>&nbsp;\n                                                            <span>\u0130ngilizce, \u00e7ok dilli altyaz\u0131larla<\/span>\n                                                                                                            <\/div>\n                                                                                            <\/div>\n\n                                            <div class=\"entry-content\">\n                                                <p>\n<p>Her 23,000 y\u0131lda bir - bu, bir Avrupal\u0131n\u0131n Avrupa Komisyonu'nun Vatanda\u015f Panellerine se\u00e7ilme \u015fans\u0131d\u0131r. Marie Louise se\u00e7ildi. Kas\u0131m 2023'te kendisini enerji verimlili\u011fi konusundaki g\u00f6r\u00fc\u015flerini payla\u015fmaya davet eden bir \u00e7a\u011fr\u0131 ald\u0131. Gen\u00e7ler, ebeveynler, emekliler gibi farkl\u0131 ge\u00e7mi\u015flere sahip di\u011fer 150 AB vatanda\u015f\u0131yla birlikte politika fikirleri geli\u015ftirdi. Bu fikir ve \u00f6nerilerin, enerji verimlili\u011fine ili\u015fkin yeni yasalar\u0131n olu\u015fturulmas\u0131nda Avrupa Komisyonu'na yol g\u00f6stermesi bekleniyor.<br><br>Bu kadar farkl\u0131 bir grup nas\u0131l birlikte \u00e7al\u0131\u015f\u0131yor, bilmedikleri konular\u0131 tart\u0131\u015f\u0131yor ve \u00f6neriler geli\u015ftiriyor? Marie Luise oradayd\u0131 ve izlenimlerini bizimle payla\u015facak.<\/p>\n<\/p>\n                                                <div class=\"clear\"><\/div>\n                                            <\/div>\n\n                                                                                    <\/div>\n                                    <\/article>\n                                <\/div>\n                            \n                                <div id=\"post-11876\" class=\"aux-col post-11876\">\n                                    <article class=\"post column-entry post-11876 event_listing type-event_listing status-expired has-post-thumbnail hentry\">\n                                        <div class=\"entry-media\">\n                                            <div class=\"aux-media-frame aux-media-image aux-image-mask\">\n                                                <img decoding=\"async\"\n                                                loading=\"lazy\"\n                                                src=\"https:\/\/meeteu.eu\/wp-content\/uploads\/2024\/05\/Klaus-Welle-Website.jpg\"\n                                                class=\"aux-attachment aux-featured-image aux-attachment-id-11877 aux-preload aux-has-preview\"\n                                                alt=\"\"\n                                                data-src=\"https:\/\/meeteu.eu\/wp-content\/uploads\/2024\/05\/Klaus-Welle-Website.jpg\"\n                                                \/>\n                                            <\/div>\n                                        <\/div>\n\n                                        <header class=\"entry-header\">\n                                            <h4 class=\"entry-title\">\n                                                Yeni Zorluklarla Y\u00fczle\u015fmek - Bug\u00fcn\u00fcn AB'si Kal\u0131c\u0131 Olmaya Haz\u0131r m\u0131?                                            <\/h4>\n                                        <\/header>\n\n                                        <div class=\"entry-main\">\n                                            <div class=\"entry-info\">\n                                                <div class=\"event-date\">\n                                                                                                            <i class=\"fas fa-calendar-alt\"><\/i>&nbsp;\n                                                    \n                                                                                                            <span>4 Haziran 2024<\/span>\n                                                                                                                                                                <span>19:00 (CEST)<\/span>\n                                                    \n                                                                                                            <span> - <\/span>\n                                                    \n                                                                                                                                                                <span>20:00 (CEST)<\/span>\n                                                                                                    <\/div>\n\n                                                                                                    <div class=\"event-location\">\n                                                                                                                    <i class=\"fas fa-thumbtack\"><\/i>&nbsp;\n                                                            <span>Zoom'da sanal etkinlik<\/span>\n                                                                                                            <\/div>\n\n                                                    <div class=\"event-language\">\n                                                                                                                    <i class=\"fas fa-globe\"><\/i>&nbsp;\n                                                            <span>\u0130ngilizce, \u00e7ok dilli altyaz\u0131larla<\/span>\n                                                                                                            <\/div>\n                                                                                            <\/div>\n\n                                            <div class=\"entry-content\">\n                                                <p>\n<p>Bu hafta yakla\u015f\u0131k 400 Milyon Avrupal\u0131, yeni Avrupa Parlamentosu i\u00e7in oy kullanarak k\u0131talar\u0131n\u0131n gelece\u011fini \u015fekillendirecek. Klaus Welle, 13 y\u0131l\u0131 a\u015fk\u0131n bir s\u00fcredir Avrupa Parlamentosu Genel Sekreteri olarak bu kurumu idari a\u00e7\u0131dan AB demokrasisinin kalbine yerle\u015ftirmi\u015ftir.<\/p>\n\n\n\n<p>Welle, daha fazla yetkiye sahip daha g\u00fc\u00e7l\u00fc bir parlamentoyu savunurken, kurumu daha \u015feffaf hale getirmek i\u00e7in fiziksel karakterini de \u015fekillendirdi: AP'nin Br\u00fcksel'deki yeni ziyaret\u00e7i merkezi olan Tarih Evi. Siyasi olarak, yedi D-Nosyonu ile birlikte kal\u0131c\u0131 olmaya haz\u0131r s\u00fcrd\u00fcr\u00fclebilir bir Avrupa Birli\u011fi \u00e7a\u011fr\u0131s\u0131nda bulunuyor: Bor\u00e7, Savunma, Demokrasi, Demografi, Dijital, Karbondan Ar\u0131nd\u0131rma ve K\u00fcreselle\u015fmeden Ar\u0131nd\u0131rma.<\/p>\n\n\n\n<p>Avrupa Parlamentosu'nun i\u015fleyi\u015fini yak\u0131ndan bilen biriyle Avrupa Birli\u011fi'nin Gelece\u011fini tart\u0131\u015fmak i\u00e7in \u00f6zel se\u00e7im etkinli\u011fimize kat\u0131l\u0131n. Avrupa Birli\u011fi'ni gelecek nesiller i\u00e7in kal\u0131c\u0131 bir ba\u015far\u0131 haline getirmek i\u00e7in neler gerekti\u011fi konusundaki g\u00f6r\u00fc\u015flerinizi payla\u015f\u0131n. <\/p>\n<\/p>\n                                                <div class=\"clear\"><\/div>\n                                            <\/div>\n\n                                                                                    <\/div>\n                                    <\/article>\n                                <\/div>\n                            \n                                <div id=\"post-11875\" class=\"aux-col post-11875\">\n                                    <article class=\"post column-entry post-11875 event_listing type-event_listing status-expired has-post-thumbnail hentry\">\n                                        <div class=\"entry-media\">\n                                            <div class=\"aux-media-frame aux-media-image aux-image-mask\">\n                                                <img decoding=\"async\"\n                                                loading=\"lazy\"\n                                                src=\"https:\/\/meeteu.eu\/wp-content\/uploads\/2024\/02\/Mardi-Gras-Break.jpg\"\n                                                class=\"aux-attachment aux-featured-image aux-attachment-id-11572 aux-preload aux-has-preview\"\n                                                alt=\"\"\n                                                data-src=\"https:\/\/meeteu.eu\/wp-content\/uploads\/2024\/02\/Mardi-Gras-Break.jpg\"\n                                                \/>\n                                            <\/div>\n                                        <\/div>\n\n                                        <header class=\"entry-header\">\n                                            <h4 class=\"entry-title\">\n                                                Bir haftal\u0131\u011f\u0131na gidiyoruz.                                            <\/h4>\n                                        <\/header>\n\n                                        <div class=\"entry-main\">\n                                            <div class=\"entry-info\">\n                                                <div class=\"event-date\">\n                                                                                                            <i class=\"fas fa-calendar-alt\"><\/i>&nbsp;\n                                                    \n                                                                                                            <span>28 May\u0131s 2024<\/span>\n                                                                                                        \n                                                                                                            <span> - <\/span>\n                                                    \n                                                                                                            <span>28 May\u0131s 2024<\/span>\n                                                                                                                                                        <\/div>\n\n                                                                                                    <div class=\"event-location\">\n                                                                                                                    <i class=\"fas fa-thumbtack\"><\/i>&nbsp;\n                                                            <span>Zoom'da sanal etkinlik<\/span>\n                                                                                                            <\/div>\n\n                                                    <div class=\"event-language\">\n                                                                                                                    <i class=\"fas fa-globe\"><\/i>&nbsp;\n                                                            <span>\u0130ngilizce, \u00e7ok dilli altyaz\u0131larla<\/span>\n                                                                                                            <\/div>\n                                                                                            <\/div>\n\n                                            <div class=\"entry-content\">\n                                                <p>\n<p>\u00d6n\u00fcm\u00fczdeki hafta AB se\u00e7imlerine \u00f6zel olarak haz\u0131rlanmak i\u00e7in bir hafta ara veriyoruz! Gelecek Sal\u0131 i\u00e7in bizi izlemeye devam edin ve arkada\u015flar\u0131n\u0131za anlat\u0131n. Discord'da hala yan\u0131n\u0131zday\u0131z ve <\/p>\n<\/p>\n                                                <div class=\"clear\"><\/div>\n                                            <\/div>\n\n                                                                                    <\/div>\n                                    <\/article>\n                                <\/div>\n                            \n                                <div id=\"post-11868\" class=\"aux-col post-11868\">\n                                    <article class=\"post column-entry post-11868 event_listing type-event_listing status-expired has-post-thumbnail hentry\">\n                                        <div class=\"entry-media\">\n                                            <div class=\"aux-media-frame aux-media-image aux-image-mask\">\n                                                <img decoding=\"async\"\n                                                loading=\"lazy\"\n                                                src=\"https:\/\/meeteu.eu\/wp-content\/uploads\/2024\/05\/Website_Disinformation.jpg\"\n                                                class=\"aux-attachment aux-featured-image aux-attachment-id-11872 aux-preload aux-has-preview\"\n                                                alt=\"\"\n                                                data-src=\"https:\/\/meeteu.eu\/wp-content\/uploads\/2024\/05\/Website_Disinformation.jpg\"\n                                                \/>\n                                            <\/div>\n                                        <\/div>\n\n                                        <header class=\"entry-header\">\n                                            <h4 class=\"entry-title\">\n                                                Dezenformasyon D\u00f6neminde AB Se\u00e7imleri                                            <\/h4>\n                                        <\/header>\n\n                                        <div class=\"entry-main\">\n                                            <div class=\"entry-info\">\n                                                <div class=\"event-date\">\n                                                                                                            <i class=\"fas fa-calendar-alt\"><\/i>&nbsp;\n                                                    \n                                                                                                            <span>14 May\u0131s 2024<\/span>\n                                                                                                                                                                <span>19:00 (CEST)<\/span>\n                                                    \n                                                                                                            <span> - <\/span>\n                                                    \n                                                                                                            <span>14 May\u0131s 2024<\/span>\n                                                                                                                                                                <span>20:00 (CEST)<\/span>\n                                                                                                    <\/div>\n\n                                                                                                    <div class=\"event-location\">\n                                                                                                                    <i class=\"fas fa-thumbtack\"><\/i>&nbsp;\n                                                            <span>Zoom'da sanal etkinlik<\/span>\n                                                                                                            <\/div>\n\n                                                    <div class=\"event-language\">\n                                                                                                                    <i class=\"fas fa-globe\"><\/i>&nbsp;\n                                                            <span>\u0130ngilizce, \u00e7ok dilli altyaz\u0131larla<\/span>\n                                                                                                            <\/div>\n                                                                                            <\/div>\n\n                                            <div class=\"entry-content\">\n                                                <p>\n<p>\ud83e\udd25\ud83d\uddf32024 Avrupa Parlamentosu se\u00e7im kampanyas\u0131 dezenformasyonun g\u00f6lgesinde kalarak demokrasinin temeli olan vatanda\u015flar\u0131n ortak ger\u00e7ekli\u011fine zarar veriyor.<\/p>\n\n\n\n<p>\ud83d\udd0d\ud83d\udd0eAvrupa Dijital Medya G\u00f6zlemevi (EDMO) \"dezenformasyon, kamu g\u00fcveni, medya okuryazarl\u0131\u011f\u0131 ve kaliteli bilgi konular\u0131nda veri ve politikalar i\u00e7in bir referans noktas\u0131 olmay\u0131\" ama\u00e7lamaktad\u0131r. Bu konunun ele al\u0131nmas\u0131nda \u00f6n saflarda yer almaktad\u0131r.<\/p>\n\n\n\n<p>EDMO Program Direkt\u00f6r\u00fc Say\u0131n Paolo Cesarini'yi stratejilerini ve AB se\u00e7imleri ve demokrasisine y\u00f6nelik dezenformasyon sald\u0131r\u0131lar\u0131n\u0131n risklerini en aza indirmek i\u00e7in h\u00fck\u00fcmet ve sivil toplum kurulu\u015flar\u0131n\u0131n nas\u0131l i\u015fbirli\u011fi yapt\u0131\u011f\u0131n\u0131 tart\u0131\u015fmak \u00fczere davet ettik.<\/p>\n\n\n\n<p>K\u00f6t\u00fc akt\u00f6rlere, sahte haber fabrikalar\u0131na ve yapay zekaya kar\u015f\u0131 verilen bu \"sava\u015f\" kazan\u0131labilir mi?<\/p>\n<\/p>\n                                                <div class=\"clear\"><\/div>\n                                            <\/div>\n\n                                                                                    <\/div>\n                                    <\/article>\n                                <\/div>\n                            \n                                <div id=\"post-11873\" class=\"aux-col post-11873\">\n                                    <article class=\"post column-entry post-11873 event_listing type-event_listing status-expired has-post-thumbnail hentry\">\n                                        <div class=\"entry-media\">\n                                            <div class=\"aux-media-frame aux-media-image aux-image-mask\">\n                                                <img decoding=\"async\"\n                                                loading=\"lazy\"\n                                                src=\"https:\/\/meeteu.eu\/wp-content\/uploads\/2024\/05\/Recipe.jpg\"\n                                                class=\"aux-attachment aux-featured-image aux-attachment-id-11874 aux-preload aux-has-preview\"\n                                                alt=\"\"\n                                                data-src=\"https:\/\/meeteu.eu\/wp-content\/uploads\/2024\/05\/Recipe.jpg\"\n                                                \/>\n                                            <\/div>\n                                        <\/div>\n\n                                        <header class=\"entry-header\">\n                                            <h4 class=\"entry-title\">\n                                                AB Demokrasisini G\u00fc\u00e7lendirmek i\u00e7in Kolay Tarifler                                            <\/h4>\n                                        <\/header>\n\n                                        <div class=\"entry-main\">\n                                            <div class=\"entry-info\">\n                                                <div class=\"event-date\">\n                                                                                                            <i class=\"fas fa-calendar-alt\"><\/i>&nbsp;\n                                                    \n                                                                                                            <span>14 May\u0131s 2024<\/span>\n                                                                                                                                                                <span>19:00 (CEST)<\/span>\n                                                    \n                                                                                                            <span> - <\/span>\n                                                    \n                                                                                                            <span>14 May\u0131s 2024<\/span>\n                                                                                                                                                                <span>20:00 (CEST)<\/span>\n                                                                                                    <\/div>\n\n                                                                                                    <div class=\"event-location\">\n                                                                                                                    <i class=\"fas fa-thumbtack\"><\/i>&nbsp;\n                                                            <span>Zoom'da sanal etkinlik<\/span>\n                                                                                                            <\/div>\n\n                                                    <div class=\"event-language\">\n                                                                                                                    <i class=\"fas fa-globe\"><\/i>&nbsp;\n                                                            <span>\u0130ngilizce, \u00e7ok dilli altyaz\u0131larla<\/span>\n                                                                                                            <\/div>\n                                                                                            <\/div>\n\n                                            <div class=\"entry-content\">\n                                                <p>\n<p>Avrupa'da 30 g\u00fcnden az bir s\u00fcre kald\u0131! Peki kimler oy kullan\u0131yor? A\u011f\u0131rl\u0131kl\u0131 olarak akademisyenler ve m\u00fckemmel sosyo-ekonomik konumlara sahip insanlar. Gen\u00e7 ve sosyal a\u00e7\u0131dan dezavantajl\u0131 insanlar oy kullanma haklar\u0131n\u0131 daha az kullan\u0131yor, ancak sadece birlikte yar\u0131n\u0131n Avrupa's\u0131na giden yolu bulabiliriz.<\/p>\n\n\n\n<p>Berlin Senatosu taraf\u0131ndan finanse edilen MeetEU DemocracyLab 2024 s\u0131ras\u0131nda 16 \u00fclkeden 35 Avrupal\u0131, sosyal ge\u00e7mi\u015fleri ne olursa olsun herkesi oy kullanmaya motive edecek fikirler geli\u015ftirdi.<\/p>\n\n\n\n<p>G\u00fc\u00e7l\u00fc bir demokrasi i\u00e7in bu tarifleri kendi \u015fehrinizde, \u00fcniversitenizde ya da k\u00f6y\u00fcn\u00fczde kullanabilmeniz i\u00e7in sunuyoruz.<\/p>\n\n\n\n<p><\/p>\n<\/p>\n                                                <div class=\"clear\"><\/div>\n                                            <\/div>\n\n                                                                                    <\/div>\n                                    <\/article>\n                                <\/div>\n                            \n                                <div id=\"post-11861\" class=\"aux-col post-11861\">\n                                    <article class=\"post column-entry post-11861 event_listing type-event_listing status-expired has-post-thumbnail hentry\">\n                                        <div class=\"entry-media\">\n                                            <div class=\"aux-media-frame aux-media-image aux-image-mask\">\n                                                <img decoding=\"async\"\n                                                loading=\"lazy\"\n                                                src=\"https:\/\/meeteu.eu\/wp-content\/uploads\/2024\/04\/Adam_Website-Event.jpg\"\n                                                class=\"aux-attachment aux-featured-image aux-attachment-id-11863 aux-preload aux-has-preview\"\n                                                alt=\"\"\n                                                data-src=\"https:\/\/meeteu.eu\/wp-content\/uploads\/2024\/04\/Adam_Website-Event.jpg\"\n                                                \/>\n                                            <\/div>\n                                        <\/div>\n\n                                        <header class=\"entry-header\">\n                                            <h4 class=\"entry-title\">\n                                                Adam: Yeni Ufuklar\u0131 Demiryolu ile Ke\u015ffetmek                                            <\/h4>\n                                        <\/header>\n\n                                        <div class=\"entry-main\">\n                                            <div class=\"entry-info\">\n                                                <div class=\"event-date\">\n                                                                                                            <i class=\"fas fa-calendar-alt\"><\/i>&nbsp;\n                                                    \n                                                                                                            <span>7 May\u0131s 2024<\/span>\n                                                                                                                                                                <span>19:00 (CEST)<\/span>\n                                                    \n                                                                                                            <span> - <\/span>\n                                                    \n                                                                                                            <span>7 May\u0131s 2024<\/span>\n                                                                                                                                                                <span>20:00 (CEST)<\/span>\n                                                                                                    <\/div>\n\n                                                                                                    <div class=\"event-location\">\n                                                                                                                    <i class=\"fas fa-thumbtack\"><\/i>&nbsp;\n                                                            <span>Zoom'da sanal etkinlik<\/span>\n                                                                                                            <\/div>\n\n                                                    <div class=\"event-language\">\n                                                                                                                    <i class=\"fas fa-globe\"><\/i>&nbsp;\n                                                            <span>\u0130ngilizce, \u00e7ok dilli altyaz\u0131larla<\/span>\n                                                                                                            <\/div>\n                                                                                            <\/div>\n\n                                            <div class=\"entry-content\">\n                                                <p>\n<p>Bu hafta, bir AB-Gen\u00e7 olan Adam'\u0131 davet ettik. Ve size bir mesaj\u0131 var: <\/p>\n\n\n\n<p>Merhaba, ben Adam ve g\u00fczel \u00c7ek Cumhuriyeti'nden geliyorum! Ge\u00e7en y\u0131l DiscoverEU sayesinde Avrupa'da 21 g\u00fcnl\u00fck \u00e7\u0131lg\u0131n bir tren maceras\u0131na \u00e7\u0131kt\u0131m! Bu sal\u0131, edindi\u011fim en ilham verici deneyimleri sizlerle payla\u015faca\u011f\u0131m ve hayat\u0131mda ilk kez \"Avrupa\" ile tan\u0131\u015ft\u0131\u011f\u0131mda neler oldu\u011funu anlataca\u011f\u0131m! Bana g\u00fcvenin, hikayelerimi, ipu\u00e7lar\u0131m\u0131 ve her y\u00f6nden iyi hislerimi ka\u00e7\u0131rmak istemezsiniz. \u00d6yleyse, bir koltuk kap\u0131n ve sohbet edelim!<\/p>\n\n\n\n<p><\/p>\n<\/p>\n                                                <div class=\"clear\"><\/div>\n                                            <\/div>\n\n                                                                                    <\/div>\n                                    <\/article>\n                                <\/div>\n                            \n                                <div id=\"post-11865\" class=\"aux-col post-11865\">\n                                    <article class=\"post column-entry post-11865 event_listing type-event_listing status-expired has-post-thumbnail hentry\">\n                                        <div class=\"entry-media\">\n                                            <div class=\"aux-media-frame aux-media-image aux-image-mask\">\n                                                <img decoding=\"async\"\n                                                loading=\"lazy\"\n                                                src=\"https:\/\/meeteu.eu\/wp-content\/uploads\/2024\/04\/Break-Yellow.jpg\"\n                                                class=\"aux-attachment aux-featured-image aux-attachment-id-11866 aux-preload aux-has-preview\"\n                                                alt=\"\"\n                                                data-src=\"https:\/\/meeteu.eu\/wp-content\/uploads\/2024\/04\/Break-Yellow.jpg\"\n                                                \/>\n                                            <\/div>\n                                        <\/div>\n\n                                        <header class=\"entry-header\">\n                                            <h4 class=\"entry-title\">\n                                                Ekibimiz i\u00e7in k\u00fc\u00e7\u00fck bir mola                                            <\/h4>\n                                        <\/header>\n\n                                        <div class=\"entry-main\">\n                                            <div class=\"entry-info\">\n                                                <div class=\"event-date\">\n                                                                                                            <i class=\"fas fa-calendar-alt\"><\/i>&nbsp;\n                                                    \n                                                                                                            <span>30 Nisan 2024<\/span>\n                                                                                                        \n                                                                                                            <span> - <\/span>\n                                                    \n                                                                                                            <span>30 Nisan 2024<\/span>\n                                                                                                                                                        <\/div>\n\n                                                                                                    <div class=\"event-location\">\n                                                                                                                    <i class=\"fas fa-thumbtack\"><\/i>&nbsp;\n                                                            <span>Zoom'da sanal etkinlik<\/span>\n                                                                                                            <\/div>\n\n                                                    <div class=\"event-language\">\n                                                                                                                    <i class=\"fas fa-globe\"><\/i>&nbsp;\n                                                            <span>\u0130ngilizce, \u00e7ok dilli altyaz\u0131larla<\/span>\n                                                                                                            <\/div>\n                                                                                            <\/div>\n\n                                            <div class=\"entry-content\">\n                                                <p>\n<p>MeetEU'nun g\u00f6n\u00fcll\u00fcler taraf\u0131ndan d\u00fczenlenen 100% oldu\u011funu biliyor muydunuz? K\u0131tan\u0131n d\u00f6rt bir yan\u0131ndan gelen insanlar, size heyecan verici etkinlikler ve di\u011fer Avrupal\u0131larla AB konular\u0131n\u0131 tart\u0131\u015fma olanaklar\u0131 sunmak i\u00e7in birlikte \u00e7al\u0131\u015f\u0131yorlar. E\u011fer yapt\u0131\u011f\u0131n\u0131z i\u015fi seviyorsan\u0131z, bizi desteklemekten \u00e7ekinmeyin. <\/p>\n\n\n\n<p>Bu projeyi ancak sizin yard\u0131m\u0131n\u0131zla s\u00fcrd\u00fcrebiliriz. <\/p>\n<\/p>\n                                                <div class=\"clear\"><\/div>\n                                            <\/div>\n\n                                                                                    <\/div>\n                                    <\/article>\n                                <\/div>\n                            \n                                <div id=\"post-11669\" class=\"aux-col post-11669\">\n                                    <article class=\"post column-entry post-11669 event_listing type-event_listing status-expired has-post-thumbnail hentry\">\n                                        <div class=\"entry-media\">\n                                            <div class=\"aux-media-frame aux-media-image aux-image-mask\">\n                                                <img decoding=\"async\"\n                                                loading=\"lazy\"\n                                                src=\"https:\/\/meeteu.eu\/wp-content\/uploads\/2024\/04\/Adam-Visual-Website.jpg\"\n                                                class=\"aux-attachment aux-featured-image aux-attachment-id-11670 aux-preload aux-has-preview\"\n                                                alt=\"\"\n                                                data-src=\"https:\/\/meeteu.eu\/wp-content\/uploads\/2024\/04\/Adam-Visual-Website.jpg\"\n                                                \/>\n                                            <\/div>\n                                        <\/div>\n\n                                        <header class=\"entry-header\">\n                                            <h4 class=\"entry-title\">\n                                                Avrupa i\u00e7in Yeni Bir Nesil                                            <\/h4>\n                                        <\/header>\n\n                                        <div class=\"entry-main\">\n                                            <div class=\"entry-info\">\n                                                <div class=\"event-date\">\n                                                                                                            <i class=\"fas fa-calendar-alt\"><\/i>&nbsp;\n                                                    \n                                                                                                            <span>23 Nisan 2024<\/span>\n                                                                                                                                                                <span>19:00 (CEST)<\/span>\n                                                    \n                                                                                                            <span> - <\/span>\n                                                    \n                                                                                                            <span>23 Nisan 2024<\/span>\n                                                                                                                                                                <span>20:00 (CEST)<\/span>\n                                                                                                    <\/div>\n\n                                                                                                    <div class=\"event-location\">\n                                                                                                                    <i class=\"fas fa-thumbtack\"><\/i>&nbsp;\n                                                            <span>Zoom'da sanal etkinlik<\/span>\n                                                                                                            <\/div>\n\n                                                    <div class=\"event-language\">\n                                                                                                                    <i class=\"fas fa-globe\"><\/i>&nbsp;\n                                                            <span>\u0130ngilizce, \u00e7ok dilli altyaz\u0131larla<\/span>\n                                                                                                            <\/div>\n                                                                                            <\/div>\n\n                                            <div class=\"entry-content\">\n                                                <p>\n<p>Aktivizmden siyasete uzanan yolculu\u011funu payla\u015fan 24 ya\u015f\u0131ndaki \u00c7ek AP milletvekili aday\u0131 Adam Trune\u010dka ile sohbet etmek i\u00e7in bize kat\u0131l\u0131n. Onu Avrupa Parlamentosu'nda gen\u00e7lerin perspektiflerini savunmaya iten \u015feyin ne oldu\u011funu ve yar\u0131n\u0131n Avrupas\u0131 i\u00e7in g\u00f6r\u00fc\u015flerinin neler oldu\u011funu \u00f6\u011frenin. <\/p>\n\n\n\n<p>Her zamanki gibi, Adam'a AB Ye\u015fil Anla\u015fmas\u0131 veya LGBTQ haklar\u0131 gibi konulardaki g\u00f6r\u00fc\u015fleri de dahil olmak \u00fczere her \u015feyi ve her \u015feyi sorman\u0131za olanak tan\u0131yan rahat bir sohbet yapaca\u011f\u0131z.<\/p>\n<\/p>\n                                                <div class=\"clear\"><\/div>\n                                            <\/div>\n\n                                                                                    <\/div>\n                                    <\/article>\n                                <\/div>\n                            \n                                <div id=\"post-11623\" class=\"aux-col post-11623\">\n                                    <article class=\"post column-entry post-11623 event_listing type-event_listing status-expired has-post-thumbnail hentry\">\n                                        <div class=\"entry-media\">\n                                            <div class=\"aux-media-frame aux-media-image aux-image-mask\">\n                                                <img decoding=\"async\"\n                                                loading=\"lazy\"\n                                                src=\"https:\/\/meeteu.eu\/wp-content\/uploads\/2024\/03\/Lobbyist-in-the-EU_Website.jpg\"\n                                                class=\"aux-attachment aux-featured-image aux-attachment-id-11624 aux-preload aux-has-preview\"\n                                                alt=\"\"\n                                                data-src=\"https:\/\/meeteu.eu\/wp-content\/uploads\/2024\/03\/Lobbyist-in-the-EU_Website.jpg\"\n                                                \/>\n                                            <\/div>\n                                        <\/div>\n\n                                        <header class=\"entry-header\">\n                                            <h4 class=\"entry-title\">\n                                                AB-Lobicili\u011fine \u0130\u00e7eriden Bir Bak\u0131\u015f                                            <\/h4>\n                                        <\/header>\n\n                                        <div class=\"entry-main\">\n                                            <div class=\"entry-info\">\n                                                <div class=\"event-date\">\n                                                                                                            <i class=\"fas fa-calendar-alt\"><\/i>&nbsp;\n                                                    \n                                                                                                            <span>16 Nisan 2024<\/span>\n                                                                                                                                                                <span>19:00 (CEST)<\/span>\n                                                    \n                                                                                                            <span> - <\/span>\n                                                    \n                                                                                                            <span>16 Nisan 2024<\/span>\n                                                                                                                                                                <span>20:00 (CEST)<\/span>\n                                                                                                    <\/div>\n\n                                                                                                    <div class=\"event-location\">\n                                                                                                                    <i class=\"fas fa-thumbtack\"><\/i>&nbsp;\n                                                            <span>Zoom'da sanal etkinlik<\/span>\n                                                                                                            <\/div>\n\n                                                    <div class=\"event-language\">\n                                                                                                                    <i class=\"fas fa-globe\"><\/i>&nbsp;\n                                                            <span>\u0130ngilizce, \u00e7ok dilli altyaz\u0131larla<\/span>\n                                                                                                            <\/div>\n                                                                                            <\/div>\n\n                                            <div class=\"entry-content\">\n                                                <p>\n<p>\"AB - Lobicilik\" ba\u015fl\u0131kl\u0131 \u00f6zel etkinli\u011fimizde Daniel Gu\u00e9guen ile Avrupa Birli\u011fi lobicili\u011finin kalbine dal\u0131n: \u0130\u00e7eriden Bir Bak\u0131\u015f A\u00e7\u0131s\u0131\" ba\u015fl\u0131kl\u0131 etkinli\u011fimizde 16 Nisan'da. <\/p>\n\n\n\n<p>Uzmanl\u0131\u011f\u0131yla AB politika yap\u0131m\u0131n\u0131n katmanlar\u0131n\u0131 soymas\u0131yla tan\u0131nan Gu\u00e9guen, en son g\u00f6r\u00fc\u015flerini do\u011frudan size getiriyor. AB lobicili\u011fi anlay\u0131\u015f\u0131n\u0131 \u015fekillendiren bir kariyere sahip olan Gu\u00e9guen'in \u00e7al\u0131\u015fmalar\u0131, Avrupa g\u00fcc\u00fcn\u00fcn karma\u015f\u0131k koridorlar\u0131nda gezinmek isteyen herkes i\u00e7in bir yol g\u00f6stericidir. Lobicilik stratejilerine \u00f6nc\u00fcl\u00fck etmekten AB siyaseti \u00fczerine temel eserlerin yazarl\u0131\u011f\u0131na kadar, Gu\u00e9guen'in g\u00f6r\u00fc\u015fleri Avrupa'n\u0131n kalbindeki etki sanat\u0131na nadir bir bak\u0131\u015f sunuyor. <\/p>\n\n\n\n<p>Kendisini Avrupa yanl\u0131s\u0131 olarak g\u00f6ren, ancak AB y\u00f6neti\u015fimine ele\u015ftirel bir bak\u0131\u015f a\u00e7\u0131s\u0131yla, AB lobicili\u011fine bak\u0131\u015f\u0131n\u0131z\u0131 de\u011fi\u015ftirmeyi vaat eden bir oturuma haz\u0131rlan\u0131n. Etkinlik i\u00e7in yerinizi \u015fimdiden ay\u0131rt\u0131n!<\/p>\n<\/p>\n                                                <div class=\"clear\"><\/div>\n                                            <\/div>\n\n                                                                                    <\/div>\n                                    <\/article>\n                                <\/div>\n                            \n                                <div id=\"post-11626\" class=\"aux-col post-11626\">\n                                    <article class=\"post column-entry post-11626 event_listing type-event_listing status-expired has-post-thumbnail hentry\">\n                                        <div class=\"entry-media\">\n                                            <div class=\"aux-media-frame aux-media-image aux-image-mask\">\n                                                <img decoding=\"async\"\n                                                loading=\"lazy\"\n                                                src=\"https:\/\/meeteu.eu\/wp-content\/uploads\/2024\/03\/First-time-MEP-Austria_Website.jpg\"\n                                                class=\"aux-attachment aux-featured-image aux-attachment-id-11625 aux-preload aux-has-preview\"\n                                                alt=\"\"\n                                                data-src=\"https:\/\/meeteu.eu\/wp-content\/uploads\/2024\/03\/First-time-MEP-Austria_Website.jpg\"\n                                                \/>\n                                            <\/div>\n                                        <\/div>\n\n                                        <header class=\"entry-header\">\n                                            <h4 class=\"entry-title\">\n                                                Gen\u00e7, ilk kez AP \u00fcyesi olan?                                            <\/h4>\n                                        <\/header>\n\n                                        <div class=\"entry-main\">\n                                            <div class=\"entry-info\">\n                                                <div class=\"event-date\">\n                                                                                                            <i class=\"fas fa-calendar-alt\"><\/i>&nbsp;\n                                                    \n                                                                                                            <span>9 Nisan 2024<\/span>\n                                                                                                                                                                <span>19:00 (CEST)<\/span>\n                                                    \n                                                                                                            <span> - <\/span>\n                                                    \n                                                                                                            <span>9 Nisan 2024<\/span>\n                                                                                                                                                                <span>20:00 (CEST)<\/span>\n                                                                                                    <\/div>\n\n                                                                                                    <div class=\"event-location\">\n                                                                                                                    <i class=\"fas fa-thumbtack\"><\/i>&nbsp;\n                                                            <span>Zoom'da sanal etkinlik<\/span>\n                                                                                                            <\/div>\n\n                                                    <div class=\"event-language\">\n                                                                                                                    <i class=\"fas fa-globe\"><\/i>&nbsp;\n                                                            <span>\u0130ngilizce, \u00e7ok dilli altyaz\u0131larla<\/span>\n                                                                                                            <\/div>\n                                                                                            <\/div>\n\n                                            <div class=\"entry-content\">\n                                                <p>\n<p>MEP i\u00e7in ilk kez aday olman\u0131n nas\u0131l bir duygu oldu\u011funu hi\u00e7 merak ettiniz mi? Kendiniz aday olma d\u00fc\u015f\u00fcncesiyle oynad\u0131n\u0131z m\u0131? Bunu yapan biriyle tart\u0131\u015fmak i\u00e7in bu Sal\u0131 g\u00fcnk\u00fc Zoom oturumunda bize kat\u0131l\u0131n. <\/p>\n\n\n\n<p>Anna St\u00fcrgkh partisinin listesinde ikinci s\u0131rada yer al\u0131yor ve Haziran ay\u0131ndaki AB Parlamentosu se\u00e7imlerinde AP milletvekili olabilir. Anna'n\u0131n ya\u015fad\u0131\u011f\u0131 zorluklar\u0131, beklentilerini ve umutlar\u0131n\u0131 \u00f6\u011frenmek i\u00e7in bizi dinleyin.<\/p>\n<\/p>\n                                                <div class=\"clear\"><\/div>\n                                            <\/div>\n\n                                                                                    <\/div>\n                                    <\/article>\n                                <\/div>\n                            \n                                <div id=\"post-11616\" class=\"aux-col post-11616\">\n                                    <article class=\"post column-entry post-11616 event_listing type-event_listing status-expired has-post-thumbnail hentry\">\n                                        <div class=\"entry-media\">\n                                            <div class=\"aux-media-frame aux-media-image aux-image-mask\">\n                                                <img decoding=\"async\"\n                                                loading=\"lazy\"\n                                                src=\"https:\/\/meeteu.eu\/wp-content\/uploads\/2024\/03\/MeetEU-Easter-Bunny.jpg\"\n                                                class=\"aux-attachment aux-featured-image aux-attachment-id-11617 aux-preload aux-has-preview\"\n                                                alt=\"\"\n                                                data-src=\"https:\/\/meeteu.eu\/wp-content\/uploads\/2024\/03\/MeetEU-Easter-Bunny.jpg\"\n                                                \/>\n                                            <\/div>\n                                        <\/div>\n\n                                        <header class=\"entry-header\">\n                                            <h4 class=\"entry-title\">\n                                                Paskalya tatilindeyiz - Haftaya g\u00f6r\u00fc\u015fmek \u00fczere!                                            <\/h4>\n                                        <\/header>\n\n                                        <div class=\"entry-main\">\n                                            <div class=\"entry-info\">\n                                                <div class=\"event-date\">\n                                                                                                            <i class=\"fas fa-calendar-alt\"><\/i>&nbsp;\n                                                    \n                                                                                                            <span>2 Nisan 2024<\/span>\n                                                                                                                                                                <span>19:00 (CEST)<\/span>\n                                                    \n                                                                                                            <span> - <\/span>\n                                                    \n                                                                                                            <span>2 Nisan 2024<\/span>\n                                                                                                                                                                <span>20:00 (CEST)<\/span>\n                                                                                                    <\/div>\n\n                                                                                                    <div class=\"event-location\">\n                                                                                                                    <i class=\"fas fa-thumbtack\"><\/i>&nbsp;\n                                                            <span>Zoom'da sanal etkinlik<\/span>\n                                                                                                            <\/div>\n\n                                                    <div class=\"event-language\">\n                                                                                                                    <i class=\"fas fa-globe\"><\/i>&nbsp;\n                                                            <span>\u0130ngilizce, \u00e7ok dilli altyaz\u0131larla<\/span>\n                                                                                                            <\/div>\n                                                                                            <\/div>\n\n                                            <div class=\"entry-content\">\n                                                <p>\n<p>Size bir Paskalya kartpostal\u0131 g\u00f6ndermek istiyorduk ama sonra kumbaram\u0131z\u0131n bo\u015f oldu\u011funu fark ettik. E\u011fer Paskalya tav\u015fan\u0131m\u0131z olmak isterseniz, neden bize bir kahve ba\u011f\u0131\u015flam\u0131yorsunuz (sol altta)?<\/p>\n<\/p>\n                                                <div class=\"clear\"><\/div>\n                                            <\/div>\n\n                                                                                    <\/div>\n                                    <\/article>\n                                <\/div>\n                            \n                                <div id=\"post-11612\" class=\"aux-col post-11612\">\n                                    <article class=\"post column-entry post-11612 event_listing type-event_listing status-expired has-post-thumbnail hentry\">\n                                        <div class=\"entry-media\">\n                                            <div class=\"aux-media-frame aux-media-image aux-image-mask\">\n                                                <img decoding=\"async\"\n                                                loading=\"lazy\"\n                                                src=\"https:\/\/meeteu.eu\/wp-content\/uploads\/2024\/03\/eID_visual.jpg\"\n                                                class=\"aux-attachment aux-featured-image aux-attachment-id-11613 aux-preload aux-has-preview\"\n                                                alt=\"\"\n                                                data-src=\"https:\/\/meeteu.eu\/wp-content\/uploads\/2024\/03\/eID_visual.jpg\"\n                                                \/>\n                                            <\/div>\n                                        <\/div>\n\n                                        <header class=\"entry-header\">\n                                            <h4 class=\"entry-title\">\n                                                MEP Sohbet: eIDAS 2.0: Kimli\u011finizi Dijital D\u00fcnyaya Ta\u015f\u0131y\u0131n                                            <\/h4>\n                                        <\/header>\n\n                                        <div class=\"entry-main\">\n                                            <div class=\"entry-info\">\n                                                <div class=\"event-date\">\n                                                                                                            <i class=\"fas fa-calendar-alt\"><\/i>&nbsp;\n                                                    \n                                                                                                            <span>26 Mart 2024<\/span>\n                                                                                                                                                                <span>19:00 (CEST)<\/span>\n                                                    \n                                                                                                            <span> - <\/span>\n                                                    \n                                                                                                            <span>26 Mart 2024<\/span>\n                                                                                                                                                                <span>20:00 (CEST)<\/span>\n                                                                                                    <\/div>\n\n                                                                                                    <div class=\"event-location\">\n                                                                                                                    <i class=\"fas fa-thumbtack\"><\/i>&nbsp;\n                                                            <span>Zoom'da sanal etkinlik<\/span>\n                                                                                                            <\/div>\n\n                                                    <div class=\"event-language\">\n                                                                                                                    <i class=\"fas fa-globe\"><\/i>&nbsp;\n                                                            <span>\u0130ngilizce, \u00e7ok dilli altyaz\u0131larla<\/span>\n                                                                                                            <\/div>\n                                                                                            <\/div>\n\n                                            <div class=\"entry-content\">\n                                                <p>\n<p>Ba\u015fka bir AB \u00fclkesinde bir \u00fcniversite kursuna m\u0131 ba\u015fvuruyorsunuz? Yurtd\u0131\u015f\u0131nda tatildesiniz ve t\u0131bbi re\u00e7etenizi mi unuttunuz? \u00c7evrimi\u00e7i bir ma\u011fazan\u0131n ger\u00e7ek olup olmad\u0131\u011f\u0131ndan emin de\u011fil misiniz? Ba\u015fka bir kart ta\u015f\u0131madan ara\u00e7 kullanma izniniz oldu\u011funu kan\u0131tlaman\u0131z m\u0131 gerekiyor? Evde ka\u011f\u0131t sertifikalar biriktirmekten b\u0131kt\u0131n\u0131z m\u0131? <\/p>\n\n\n\n<p>G\u00fcncellenmi\u015f AB kimlik \u00e7er\u00e7evesi olan eIDAS 2.0'\u0131n haz\u0131rlanmas\u0131ndan sorumlu Avrupa Parlamentosu (S&amp;D) \u00dcyesi Romana Jerkovi\u0107 ile Zoom etkinli\u011fimize kat\u0131l\u0131n. Bahsedilen senaryolara ve daha fazlas\u0131na nas\u0131l yard\u0131mc\u0131 oldu\u011funu \u00f6\u011frenin.<\/p>\n<\/p>\n                                                <div class=\"clear\"><\/div>\n                                            <\/div>\n\n                                                                                    <\/div>\n                                    <\/article>\n                                <\/div>\n                            \n                                <div id=\"post-11610\" class=\"aux-col post-11610\">\n                                    <article class=\"post column-entry post-11610 event_listing type-event_listing status-expired has-post-thumbnail hentry\">\n                                        <div class=\"entry-media\">\n                                            <div class=\"aux-media-frame aux-media-image aux-image-mask\">\n                                                <img decoding=\"async\"\n                                                loading=\"lazy\"\n                                                src=\"https:\/\/meeteu.eu\/wp-content\/uploads\/2024\/03\/Event-ILOT_Website.jpg\"\n                                                class=\"aux-attachment aux-featured-image aux-attachment-id-11611 aux-preload aux-has-preview\"\n                                                alt=\"\"\n                                                data-src=\"https:\/\/meeteu.eu\/wp-content\/uploads\/2024\/03\/Event-ILOT_Website.jpg\"\n                                                \/>\n                                            <\/div>\n                                        <\/div>\n\n                                        <header class=\"entry-header\">\n                                            <h4 class=\"entry-title\">\n                                                Engelleri A\u015fmak - Cezaevinden Rehabilitasyona                                            <\/h4>\n                                        <\/header>\n\n                                        <div class=\"entry-main\">\n                                            <div class=\"entry-info\">\n                                                <div class=\"event-date\">\n                                                                                                            <i class=\"fas fa-calendar-alt\"><\/i>&nbsp;\n                                                    \n                                                                                                            <span>19 Mart 2024<\/span>\n                                                                                                                                                                <span>19:00 (CEST)<\/span>\n                                                    \n                                                                                                            <span> - <\/span>\n                                                    \n                                                                                                            <span>19 Mart 2024<\/span>\n                                                                                                                                                                <span>20:00 (CEST)<\/span>\n                                                                                                    <\/div>\n\n                                                                                                    <div class=\"event-location\">\n                                                                                                                    <i class=\"fas fa-thumbtack\"><\/i>&nbsp;\n                                                            <span>Zoom'da sanal etkinlik<\/span>\n                                                                                                            <\/div>\n\n                                                    <div class=\"event-language\">\n                                                                                                                    <i class=\"fas fa-globe\"><\/i>&nbsp;\n                                                            <span>\u0130ngilizce, \u00e7ok dilli altyaz\u0131larla<\/span>\n                                                                                                            <\/div>\n                                                                                            <\/div>\n\n                                            <div class=\"entry-content\">\n                                                <p>\n<p>Fransa'da mahkumlar\u0131n yakla\u015f\u0131k 11.5%'sinin hapishaneye geri d\u00f6nd\u00fc\u011f\u00fcn\u00fc ve a\u015f\u0131r\u0131 kalabal\u0131\u011fa katk\u0131da bulundu\u011funu biliyor muydunuz? Frans\u0131z hapishanelerinin ciddi \u015fekilde yetersiz finanse edilmesi ile birle\u015fti\u011finde, bu durum hem mahkumlar hem de hapishane personeli i\u00e7in endi\u015fe verici zorluklar yaratmaktad\u0131r. Bug\u00fcn, genellikle sesi duyulmayanlar\u0131n sesini y\u00fckseltmeyi ama\u00e7l\u0131yoruz: medyada nadiren temsil edilen ve genellikle umutsuz vakalar olarak g\u00f6r\u00fclen toplumun marjinalle\u015ftirilmi\u015f \u00fcyeleri.<\/p>\n\n\n\n<p>Hapsedilme ge\u00e7mi\u015fi olanlar\u0131n topluma ba\u015far\u0131l\u0131 bir \u015fekilde yeniden entegre edilmesinin m\u00fcmk\u00fcn olup olmad\u0131\u011f\u0131n\u0131 ve bu endi\u015fe verici yeniden su\u00e7 i\u015fleme sorunuyla nas\u0131l ba\u015fa \u00e7\u0131k\u0131labilece\u011fini g\u00f6rmek istiyoruz. Frans\u0131z yarg\u0131 sistemi konusunda uzman Olivier Caquineau, eski mahkumlar\u0131 rehabilite etmeye adanm\u0131\u015f Ilot derne\u011fi ve eski bir mahkum olan Ludovic ile bir tart\u0131\u015fma i\u00e7in bize kat\u0131l\u0131n. <\/p>\n\n\n\n<p>Parmakl\u0131klar ard\u0131nda ya\u015faman\u0131n nas\u0131l bir \u015fey oldu\u011fu ve topluma yeniden kat\u0131ld\u0131ktan sonra kar\u015f\u0131la\u015f\u0131lan zorluklar\u0131n \u00fcstesinden gelme s\u00fcreci hakk\u0131nda i\u00e7eriden bir bak\u0131\u015f a\u00e7\u0131s\u0131 kazan\u0131n.<\/p>\n<\/p>\n                                                <div class=\"clear\"><\/div>\n                                            <\/div>\n\n                                                                                    <\/div>\n                                    <\/article>\n                                <\/div>\n                            \n                                <div id=\"post-11606\" class=\"aux-col post-11606\">\n                                    <article class=\"post column-entry post-11606 event_listing type-event_listing status-expired has-post-thumbnail hentry\">\n                                        <div class=\"entry-media\">\n                                            <div class=\"aux-media-frame aux-media-image aux-image-mask\">\n                                                <img decoding=\"async\"\n                                                loading=\"lazy\"\n                                                src=\"https:\/\/meeteu.eu\/wp-content\/uploads\/2024\/03\/Visual-Election-TALK-Website-.jpg\"\n                                                class=\"aux-attachment aux-featured-image aux-attachment-id-11607 aux-preload aux-has-preview\"\n                                                alt=\"\"\n                                                data-src=\"https:\/\/meeteu.eu\/wp-content\/uploads\/2024\/03\/Visual-Election-TALK-Website-.jpg\"\n                                                \/>\n                                            <\/div>\n                                        <\/div>\n\n                                        <header class=\"entry-header\">\n                                            <h4 class=\"entry-title\">\n                                                Oy Pusulas\u0131ndaki Sesler: AB Se\u00e7imleri Dijital Diyalo\u011fu                                            <\/h4>\n                                        <\/header>\n\n                                        <div class=\"entry-main\">\n                                            <div class=\"entry-info\">\n                                                <div class=\"event-date\">\n                                                                                                            <i class=\"fas fa-calendar-alt\"><\/i>&nbsp;\n                                                    \n                                                                                                            <span>5 Mart 2024<\/span>\n                                                                                                                                                                <span>19:00 (CEST)<\/span>\n                                                    \n                                                                                                            <span> - <\/span>\n                                                    \n                                                                                                            <span>5 Mart 2024<\/span>\n                                                                                                                                                                <span>20:00 (CEST)<\/span>\n                                                                                                    <\/div>\n\n                                                                                                    <div class=\"event-location\">\n                                                                                                                    <i class=\"fas fa-thumbtack\"><\/i>&nbsp;\n                                                            <span>Zoom'da sanal etkinlik<\/span>\n                                                                                                            <\/div>\n\n                                                    <div class=\"event-language\">\n                                                                                                                    <i class=\"fas fa-globe\"><\/i>&nbsp;\n                                                            <span>\u0130ngilizce, \u00e7ok dilli altyaz\u0131larla<\/span>\n                                                                                                            <\/div>\n                                                                                            <\/div>\n\n                                            <div class=\"entry-content\">\n                                                <p>\n<p>Zoom \u00fczerinden ger\u00e7ekle\u015ftirilecek bu dijital oturumda, son AB se\u00e7imleri derinlemesine incelenecek, sonu\u00e7lar\u0131, etkileri ve Avrupa demokrasisinin gelece\u011fini \u015fekillendirmede oynad\u0131klar\u0131 hayati rol ele al\u0131nacak. Bu interaktif forumda, AB vatanda\u015flar\u0131 bir araya gelerek se\u00e7men kat\u0131l\u0131m\u0131n\u0131 art\u0131rmaya y\u00f6nelik stratejileri tart\u0131\u015facak ve daha kat\u0131l\u0131mc\u0131 bir AB i\u00e7in ileriye d\u00f6n\u00fck bir yol \u00f6ng\u00f6recekler. Canl\u0131 tart\u0131\u015fmalara kat\u0131l\u0131n, g\u00f6r\u00fc\u015flerinizi payla\u015f\u0131n ve Avrupa genelinde demokrasiyi g\u00fc\u00e7lendirme konusunda tutkulu bir toplulukla ba\u011flant\u0131 kurun.<\/p>\n\n\n\n<p>AB'de demokratik kat\u0131l\u0131m ve y\u00f6neti\u015fimin gelece\u011fine ili\u015fkin kritik bir tart\u0131\u015fmaya katk\u0131da bulunmak i\u00e7in bu f\u0131rsat\u0131 ka\u00e7\u0131rmay\u0131n. Daha kapsay\u0131c\u0131, canl\u0131 ve demokratik bir Avrupa Birli\u011fi'ni te\u015fvik etmeye y\u00f6nelik kolektif \u00e7abam\u0131zda sesiniz \u00f6nemli.<\/p>\n<\/p>\n                                                <div class=\"clear\"><\/div>\n                                            <\/div>\n\n                                                                                    <\/div>\n                                    <\/article>\n                                <\/div>\n                            \n                                <div id=\"post-11574\" class=\"aux-col post-11574\">\n                                    <article class=\"post column-entry post-11574 event_listing type-event_listing status-expired has-post-thumbnail hentry\">\n                                        <div class=\"entry-media\">\n                                            <div class=\"aux-media-frame aux-media-image aux-image-mask\">\n                                                <img decoding=\"async\"\n                                                loading=\"lazy\"\n                                                src=\"https:\/\/meeteu.eu\/wp-content\/uploads\/2024\/02\/Guy-Webseite-Visual.jpg\"\n                                                class=\"aux-attachment aux-featured-image aux-attachment-id-11576 aux-preload aux-has-preview\"\n                                                alt=\"\"\n                                                data-src=\"https:\/\/meeteu.eu\/wp-content\/uploads\/2024\/02\/Guy-Webseite-Visual.jpg\"\n                                                \/>\n                                            <\/div>\n                                        <\/div>\n\n                                        <header class=\"entry-header\">\n                                            <h4 class=\"entry-title\">\n                                                Guy Verhofstadt ile Sohbet: Avrupa Birle\u015fik Devletleri - G\u00fcn\u00fcm\u00fcz Jeopoliti\u011finde Bir Zorunluluk                                            <\/h4>\n                                        <\/header>\n\n                                        <div class=\"entry-main\">\n                                            <div class=\"entry-info\">\n                                                <div class=\"event-date\">\n                                                                                                            <i class=\"fas fa-calendar-alt\"><\/i>&nbsp;\n                                                    \n                                                                                                            <span>20 \u015eubat 2024<\/span>\n                                                                                                                                                                <span>19:00 (CEST)<\/span>\n                                                    \n                                                                                                            <span> - <\/span>\n                                                    \n                                                                                                            <span>20 \u015eubat 2024<\/span>\n                                                                                                                                                                <span>20:00 (CEST)<\/span>\n                                                                                                    <\/div>\n\n                                                                                                    <div class=\"event-location\">\n                                                                                                                    <i class=\"fas fa-thumbtack\"><\/i>&nbsp;\n                                                            <span>Zoom'da sanal etkinlik<\/span>\n                                                                                                            <\/div>\n\n                                                    <div class=\"event-language\">\n                                                                                                                    <i class=\"fas fa-globe\"><\/i>&nbsp;\n                                                            <span>\u0130ngilizce, \u00e7ok dilli altyaz\u0131larla<\/span>\n                                                                                                            <\/div>\n                                                                                            <\/div>\n\n                                            <div class=\"entry-content\">\n                                                <p>\n<p>\u00c7in Tayvan'\u0131 ve G\u00fcney \u00c7in Denizi'nin kontrol\u00fcn\u00fc istiyor. Rusya ise Do\u011fu Avrupa'da Sovyet d\u00f6nemindeki hegemonyas\u0131n\u0131 yeniden tesis etmeye \u00e7al\u0131\u015f\u0131yor. Bu arada ba\u015fkan aday\u0131 Donald Trump, k\u00fc\u00e7\u00fck NATO m\u00fcttefiklerini ya da savunmaya yeterince harcama yapmayanlar\u0131 savunmayabilece\u011fini s\u00f6yl\u00fcyor.<\/p>\n\n\n\n<p> Amerika Birle\u015fik Devletleri Avrupa'dan \u00e7ekilirse ne olur? AB, Do\u011fu Avrupal\u0131 \u00fcyelerinin g\u00fcvenli\u011fini garanti edebilir mi? AB mevcut haliyle bu k\u00fcresel timsah havuzunda ayakta kalabilir mi? Pek \u00e7ok ki\u015fi k\u0131ta i\u00e7in yeni ve g\u00fc\u00e7l\u00fc bir vizyona ihtiyac\u0131m\u0131z oldu\u011funu savunuyor. Avrupa Birli\u011fi'ni \"Avrupa Birle\u015fik Devletleri\" olarak yeniden in\u015fa etmenin zaman\u0131 geldi mi? <\/p>\n\n\n\n<p>Bu konular hakk\u0131nda bilgi edinmek i\u00e7in kimden daha iyi olabilir? <strong>Renew AP \u00dcyesi Guy Verhofstadt<\/strong>Bel\u00e7ika eski Ba\u015fbakan\u0131 ve Avrupa Federalistleri Spinelli Grubu Y\u00f6netim Kurulu \u00dcyesi.<\/p>\n<\/p>\n                                                <div class=\"clear\"><\/div>\n                                            <\/div>\n\n                                                                                    <\/div>\n                                    <\/article>\n                                <\/div>\n                            \n                                <div id=\"post-11614\" class=\"aux-col post-11614\">\n                                    <article class=\"post column-entry post-11614 event_listing type-event_listing status-expired has-post-thumbnail hentry\">\n                                        <div class=\"entry-media\">\n                                            <div class=\"aux-media-frame aux-media-image aux-image-mask\">\n                                                <img decoding=\"async\"\n                                                loading=\"lazy\"\n                                                src=\"https:\/\/meeteu.eu\/wp-content\/uploads\/2024\/03\/DemocracyLab-Website.jpg\"\n                                                class=\"aux-attachment aux-featured-image aux-attachment-id-11615 aux-preload aux-has-preview\"\n                                                alt=\"\"\n                                                data-src=\"https:\/\/meeteu.eu\/wp-content\/uploads\/2024\/03\/DemocracyLab-Website.jpg\"\n                                                \/>\n                                            <\/div>\n                                        <\/div>\n\n                                        <header class=\"entry-header\">\n                                            <h4 class=\"entry-title\">\n                                                DemocracyLab2024 - Yar\u0131n\u0131n Avrupas\u0131 i\u00e7in Birlikte                                            <\/h4>\n                                        <\/header>\n\n                                        <div class=\"entry-main\">\n                                            <div class=\"entry-info\">\n                                                <div class=\"event-date\">\n                                                                                                            <i class=\"fas fa-calendar-alt\"><\/i>&nbsp;\n                                                    \n                                                                                                            <span>18 \u015eubat 2024<\/span>\n                                                                                                                                                                <span>08:00 (CEST)<\/span>\n                                                    \n                                                                                                            <span> - <\/span>\n                                                    \n                                                                                                            <span>22 \u015eubat 2024<\/span>\n                                                                                                                                                                <span>20:00 (CEST)<\/span>\n                                                                                                    <\/div>\n\n                                                                                            <\/div>\n\n                                            <div class=\"entry-content\">\n                                                <p>\n<p>Ya\u015flar\u0131 16 ila 75 aras\u0131nda de\u011fi\u015fen, 17'den fazla farkl\u0131 \u00fclkeden 35 Avrupal\u0131, 2024 AB Se\u00e7imleri i\u00e7in se\u00e7men kat\u0131l\u0131m\u0131n\u0131n nas\u0131l art\u0131r\u0131labilece\u011fine dair fikirlerini geli\u015ftirdi<\/p>\n<\/p>\n                                                <div class=\"clear\"><\/div>\n                                            <\/div>\n\n                                                                                    <\/div>\n                                    <\/article>\n                                <\/div>\n                            \n                                <div id=\"post-11571\" class=\"aux-col post-11571\">\n                                    <article class=\"post column-entry post-11571 event_listing type-event_listing status-expired has-post-thumbnail hentry\">\n                                        <div class=\"entry-media\">\n                                            <div class=\"aux-media-frame aux-media-image aux-image-mask\">\n                                                <img decoding=\"async\"\n                                                loading=\"lazy\"\n                                                src=\"https:\/\/meeteu.eu\/wp-content\/uploads\/2024\/02\/Mardi-Gras-Break.jpg\"\n                                                class=\"aux-attachment aux-featured-image aux-attachment-id-11572 aux-preload aux-has-preview\"\n                                                alt=\"\"\n                                                data-src=\"https:\/\/meeteu.eu\/wp-content\/uploads\/2024\/02\/Mardi-Gras-Break.jpg\"\n                                                \/>\n                                            <\/div>\n                                        <\/div>\n\n                                        <header class=\"entry-header\">\n                                            <h4 class=\"entry-title\">\n                                                Mardi Gras - Mola Veriyoruz                                            <\/h4>\n                                        <\/header>\n\n                                        <div class=\"entry-main\">\n                                            <div class=\"entry-info\">\n                                                <div class=\"event-date\">\n                                                                                                            <i class=\"fas fa-calendar-alt\"><\/i>&nbsp;\n                                                    \n                                                                                                            <span>13 \u015eubat 2024<\/span>\n                                                                                                                                                                <span>19:00 (CEST)<\/span>\n                                                    \n                                                                                                            <span> - <\/span>\n                                                    \n                                                                                                            <span>13 \u015eubat 2024<\/span>\n                                                                                                                                                                <span>20:00 (CEST)<\/span>\n                                                                                                    <\/div>\n\n                                                                                                    <div class=\"event-location\">\n                                                                                                                    <i class=\"fas fa-thumbtack\"><\/i>&nbsp;\n                                                            <span>Zoom'da sanal etkinlik<\/span>\n                                                                                                            <\/div>\n\n                                                    <div class=\"event-language\">\n                                                                                                                    <i class=\"fas fa-globe\"><\/i>&nbsp;\n                                                            <span>\u0130ngilizce, \u00e7ok dilli altyaz\u0131larla<\/span>\n                                                                                                            <\/div>\n                                                                                            <\/div>\n\n                                            <div class=\"entry-content\">\n                                                <p>\n<p>Her y\u0131l oldu\u011fu gibi, MeetEU ekibi \u00fcyeleri AB Konseyi Zirvesini sim\u00fcle etmek i\u00e7in AB Politikac\u0131lar\u0131 gibi giyiniyor. Ne yaz\u0131k ki bu g\u00f6sterinin biletleri \u00e7oktan t\u00fckendi - \u00fczg\u00fcn\u00fcz. Ancak bize bir ba\u011f\u0131\u015f g\u00f6ndererek harika yarat\u0131c\u0131l\u0131\u011f\u0131m\u0131z\u0131 ve bunun yan\u0131nda yapt\u0131\u011f\u0131m\u0131z t\u00fcm \u00e7al\u0131\u015fmalar\u0131 destekleyebilirsiniz.<\/p>\n<\/p>\n                                                <div class=\"clear\"><\/div>\n                                            <\/div>\n\n                                                                                    <\/div>\n                                    <\/article>\n                                <\/div>\n                            \n                                <div id=\"post-11336\" class=\"aux-col post-11336\">\n                                    <article class=\"post column-entry post-11336 event_listing type-event_listing status-expired has-post-thumbnail hentry\">\n                                        <div class=\"entry-media\">\n                                            <div class=\"aux-media-frame aux-media-image aux-image-mask\">\n                                                <img decoding=\"async\"\n                                                loading=\"lazy\"\n                                                src=\"https:\/\/meeteu.eu\/wp-content\/uploads\/2024\/01\/ANotherrussia-.jpg\"\n                                                class=\"aux-attachment aux-featured-image aux-attachment-id-11337 aux-preload aux-has-preview\"\n                                                alt=\"\"\n                                                data-src=\"https:\/\/meeteu.eu\/wp-content\/uploads\/2024\/01\/ANotherrussia-.jpg\"\n                                                \/>\n                                            <\/div>\n                                        <\/div>\n\n                                        <header class=\"entry-header\">\n                                            <h4 class=\"entry-title\">\n                                                Ba\u015fka Bir Rusya Var - Rus Sivil Toplumuna Bak\u0131\u015f                                            <\/h4>\n                                        <\/header>\n\n                                        <div class=\"entry-main\">\n                                            <div class=\"entry-info\">\n                                                <div class=\"event-date\">\n                                                                                                            <i class=\"fas fa-calendar-alt\"><\/i>&nbsp;\n                                                    \n                                                                                                            <span>6 \u015eubat 2024<\/span>\n                                                                                                                                                                <span>19:00 (CEST)<\/span>\n                                                    \n                                                                                                            <span> - <\/span>\n                                                    \n                                                                                                            <span>6 \u015eubat 2024<\/span>\n                                                                                                                                                                <span>20:00 (CEST)<\/span>\n                                                                                                    <\/div>\n\n                                                                                                    <div class=\"event-location\">\n                                                                                                                    <i class=\"fas fa-thumbtack\"><\/i>&nbsp;\n                                                            <span>Zoom'da sanal etkinlik<\/span>\n                                                                                                            <\/div>\n\n                                                    <div class=\"event-language\">\n                                                                                                                    <i class=\"fas fa-globe\"><\/i>&nbsp;\n                                                            <span>\u0130ngilizce, \u00e7ok dilli altyaz\u0131larla<\/span>\n                                                                                                            <\/div>\n                                                                                            <\/div>\n\n                                            <div class=\"entry-content\">\n                                                <p>\n<p>Rusya'n\u0131n K\u0131r\u0131m'\u0131 ilhak\u0131, 2014'te Do\u011fu Ukrayna'ya m\u00fcdahalesi ve son olarak \u015eubat 2022'de Ukrayna'ya kar\u015f\u0131 giri\u015fti\u011fi topyek\u00fbn sald\u0131r\u0131 sava\u015f\u0131yla birlikte Rusya ile uygulanabilir bir ortakl\u0131\u011fa dair t\u00fcm hayaller tamamen yok olmu\u015ftur. Rusya yeniden 1989'dan \u00f6nceki rol\u00fcne b\u00fcr\u00fcnd\u00fc: Avrupa Birli\u011fi'nin monolitik sistemik d\u00fc\u015fman\u0131. Putin sahay\u0131 kontrol ediyor. Muhalefet ac\u0131mas\u0131zca bast\u0131r\u0131l\u0131yor.<\/p>\n\n\n\n<p>Bu ak\u015famki etkinli\u011fimizde, merkezi N\u00fcrnberg'de bulunan ve \u00e7o\u011funlukla Rus g\u00f6\u00e7menlerden olu\u015fan bir Alman kurulu\u015fu olan \"\u00d6zg\u00fcr ve Demokratik Rusya i\u00e7in \u0130ttifak\" temsilcisi Bayan Elizaveta Shlosberg ile konu\u015faca\u011f\u0131z. Kendisi bize Avrupa'daki Rus g\u00f6\u00e7men \u00f6rg\u00fctlerinin faaliyetleri ve ba\u015fkanl\u0131k se\u00e7imleri \u00f6ncesi Rusya'daki sivil toplum geli\u015fmeleri hakk\u0131nda bilgi verecek.<\/p>\n<\/p>\n                                                <div class=\"clear\"><\/div>\n                                            <\/div>\n\n                                                                                    <\/div>\n                                    <\/article>\n                                <\/div>\n                            \n                                <div id=\"post-11330\" class=\"aux-col post-11330\">\n                                    <article class=\"post column-entry post-11330 event_listing type-event_listing status-expired has-post-thumbnail hentry\">\n                                        <div class=\"entry-media\">\n                                            <div class=\"aux-media-frame aux-media-image aux-image-mask\">\n                                                <img decoding=\"async\"\n                                                loading=\"lazy\"\n                                                src=\"https:\/\/meeteu.eu\/wp-content\/uploads\/2024\/01\/EU-Turkey-Relations_website-1.jpg\"\n                                                class=\"aux-attachment aux-featured-image aux-attachment-id-11339 aux-preload aux-has-preview\"\n                                                alt=\"\"\n                                                data-src=\"https:\/\/meeteu.eu\/wp-content\/uploads\/2024\/01\/EU-Turkey-Relations_website-1.jpg\"\n                                                \/>\n                                            <\/div>\n                                        <\/div>\n\n                                        <header class=\"entry-header\">\n                                            <h4 class=\"entry-title\">\n                                                AB - T\u00fcrkiye \u0130li\u015fkisi, Bir R\u00fcyan\u0131n Sonu mu?                                            <\/h4>\n                                        <\/header>\n\n                                        <div class=\"entry-main\">\n                                            <div class=\"entry-info\">\n                                                <div class=\"event-date\">\n                                                                                                            <i class=\"fas fa-calendar-alt\"><\/i>&nbsp;\n                                                    \n                                                                                                            <span>30 Ocak 2024<\/span>\n                                                                                                                                                                <span>19:00 (CEST)<\/span>\n                                                    \n                                                                                                            <span> - <\/span>\n                                                    \n                                                                                                            <span>30 Ocak 2024<\/span>\n                                                                                                                                                                <span>20:00 (CEST)<\/span>\n                                                                                                    <\/div>\n\n                                                                                                    <div class=\"event-location\">\n                                                                                                                    <i class=\"fas fa-thumbtack\"><\/i>&nbsp;\n                                                            <span>Zoom'da sanal etkinlik<\/span>\n                                                                                                            <\/div>\n\n                                                    <div class=\"event-language\">\n                                                                                                                    <i class=\"fas fa-globe\"><\/i>&nbsp;\n                                                            <span>\u0130ngilizce, \u00e7ok dilli altyaz\u0131larla<\/span>\n                                                                                                            <\/div>\n                                                                                            <\/div>\n\n                                            <div class=\"entry-content\">\n                                                <p>\n<p>Hangi r\u00fcya muhtemelen sona eriyor? T\u00fcrkiye'nin AB \u00fcyesi olma hayali mi? Yoksa Avrupa'n\u0131n Avrupa ve Asya aras\u0131nda k\u00f6pr\u00fc kuran g\u00fc\u00e7l\u00fc bir orta\u011fa sahip olma hayali mi? Ve Cumhurba\u015fkan\u0131 Erdo\u011fan y\u00f6netimindeki T\u00fcrkiye nereye gidiyor? \u0130\u015fte bu etkinlikte tart\u0131\u015fmak istedi\u011fimiz sorular bunlar. T\u00fcrk perspektifini temsil etmek \u00fczere T\u00fcrkiye'den ekip \u00fcyemiz Hira bize T\u00fcrk bak\u0131\u015f a\u00e7\u0131s\u0131ndan bilgiler sunacak.<\/p>\n\n\n\n<p><\/p>\n<\/p>\n                                                <div class=\"clear\"><\/div>\n                                            <\/div>\n\n                                                                                    <\/div>\n                                    <\/article>\n                                <\/div>\n                            \n                                <div id=\"post-11327\" class=\"aux-col post-11327\">\n                                    <article class=\"post column-entry post-11327 event_listing type-event_listing status-expired has-post-thumbnail hentry\">\n                                        <div class=\"entry-media\">\n                                            <div class=\"aux-media-frame aux-media-image aux-image-mask\">\n                                                <img decoding=\"async\"\n                                                loading=\"lazy\"\n                                                src=\"https:\/\/meeteu.eu\/wp-content\/uploads\/2024\/01\/butikofer-evetnt-visual-website-.jpg\"\n                                                class=\"aux-attachment aux-featured-image aux-attachment-id-11328 aux-preload aux-has-preview\"\n                                                alt=\"\"\n                                                data-src=\"https:\/\/meeteu.eu\/wp-content\/uploads\/2024\/01\/butikofer-evetnt-visual-website-.jpg\"\n                                                \/>\n                                            <\/div>\n                                        <\/div>\n\n                                        <header class=\"entry-header\">\n                                            <h4 class=\"entry-title\">\n                                                AP Konu\u015fmas\u0131: AB-\u00c7in \u0130li\u015fkileri: Ufukta Ne Var?                                            <\/h4>\n                                        <\/header>\n\n                                        <div class=\"entry-main\">\n                                            <div class=\"entry-info\">\n                                                <div class=\"event-date\">\n                                                                                                            <i class=\"fas fa-calendar-alt\"><\/i>&nbsp;\n                                                    \n                                                                                                            <span>23 Ocak 2024<\/span>\n                                                                                                                                                                <span>19:00 (CEST)<\/span>\n                                                    \n                                                                                                            <span> - <\/span>\n                                                    \n                                                                                                            <span>23 Ocak 2024<\/span>\n                                                                                                                                                                <span>20:00 (CEST)<\/span>\n                                                                                                    <\/div>\n\n                                                                                                    <div class=\"event-location\">\n                                                                                                                    <i class=\"fas fa-thumbtack\"><\/i>&nbsp;\n                                                            <span>Zoom'da sanal etkinlik<\/span>\n                                                                                                            <\/div>\n\n                                                    <div class=\"event-language\">\n                                                                                                                    <i class=\"fas fa-globe\"><\/i>&nbsp;\n                                                            <span>\u0130ngilizce, \u00e7ok dilli altyaz\u0131larla<\/span>\n                                                                                                            <\/div>\n                                                                                            <\/div>\n\n                                            <div class=\"entry-content\">\n                                                <p><p>AB'nin 3. b\u00fcy\u00fck ihracat merkezi olarak geli\u015fen \u00c7in ve AB aras\u0131nda g\u00fc\u00e7l\u00fc bir ticari ba\u011f bulunmaktad\u0131r. Ancak ekonomik ba\u011flar\u0131n yan\u0131 s\u0131ra AB Parlamentosu'nun dikkatli g\u00f6zleri de \u00c7in'deki insan haklar\u0131 endi\u015felerine sabitlenmi\u015f durumda. Bu hassas dans, AB'nin \u00c7in ile devam eden diplomatik diyalog yoluyla ticaret ve ilkeleri dengeleme taahh\u00fcd\u00fcn\u00fc yans\u0131tmaktad\u0131r.<\/p>\n<p>Avrupa Parlamentosu \u00dcyesi ve \u00c7in Halk Cumhuriyeti ile \u0130li\u015fkiler Delegasyonu Ba\u015fkan\u0131 Say\u0131n Reinhard B\u00dcTIKOFER ile Zoom g\u00f6r\u00fc\u015fmesi i\u00e7in bize kat\u0131l\u0131n. Bu etkinlik, Avrupa ve \u00c7in aras\u0131nda geli\u015fen dinamiklere \u0131\u015f\u0131k tutacakt\u0131r.<\/p>\n<\/p>\n                                                <div class=\"clear\"><\/div>\n                                            <\/div>\n\n                                                                                    <\/div>\n                                    <\/article>\n                                <\/div>\n                            \n                                <div id=\"post-11322\" class=\"aux-col post-11322\">\n                                    <article class=\"post column-entry post-11322 event_listing type-event_listing status-expired has-post-thumbnail hentry\">\n                                        <div class=\"entry-media\">\n                                            <div class=\"aux-media-frame aux-media-image aux-image-mask\">\n                                                <img decoding=\"async\"\n                                                loading=\"lazy\"\n                                                src=\"https:\/\/meeteu.eu\/wp-content\/uploads\/2023\/12\/Visual-Christmas-Website.jpg\"\n                                                class=\"aux-attachment aux-featured-image aux-attachment-id-11323 aux-preload aux-has-preview\"\n                                                alt=\"\"\n                                                data-src=\"https:\/\/meeteu.eu\/wp-content\/uploads\/2023\/12\/Visual-Christmas-Website.jpg\"\n                                                \/>\n                                            <\/div>\n                                        <\/div>\n\n                                        <header class=\"entry-header\">\n                                            <h4 class=\"entry-title\">\n                                                MeetEU Toplulu\u011fu ile Noel So\u011fu\u011fu                                            <\/h4>\n                                        <\/header>\n\n                                        <div class=\"entry-main\">\n                                            <div class=\"entry-info\">\n                                                <div class=\"event-date\">\n                                                                                                            <i class=\"fas fa-calendar-alt\"><\/i>&nbsp;\n                                                    \n                                                                                                            <span>19 Aral\u0131k 2023<\/span>\n                                                                                                                                                                <span>19:00 (CEST)<\/span>\n                                                    \n                                                                                                            <span> - <\/span>\n                                                    \n                                                                                                            <span>19 Aral\u0131k 2023<\/span>\n                                                                                                                                                                <span>20:00 (CEST)<\/span>\n                                                                                                    <\/div>\n\n                                                                                                    <div class=\"event-location\">\n                                                                                                                    <i class=\"fas fa-thumbtack\"><\/i>&nbsp;\n                                                            <span>Zoom'da sanal etkinlik<\/span>\n                                                                                                            <\/div>\n\n                                                    <div class=\"event-language\">\n                                                                                                                    <i class=\"fas fa-globe\"><\/i>&nbsp;\n                                                            <span>\u0130ngilizce, \u00e7ok dilli altyaz\u0131larla<\/span>\n                                                                                                            <\/div>\n                                                                                            <\/div>\n\n                                            <div class=\"entry-content\">\n                                                <p><p>2023 boyunca AB siyaset d\u00fcnyas\u0131n\u0131 ke\u015ffettik. Bu gece, spot \u0131\u015f\u0131klar\u0131n\u0131 kendimize \u00e7evirece\u011fiz. <\/p>\n<p>\u00dclkelerimizde Noel'i nas\u0131l kutlad\u0131\u011f\u0131m\u0131z\u0131, tatil planlar\u0131m\u0131z\u0131 ve kalplerimizi dolduran di\u011fer her \u015feyi payla\u015fal\u0131m. <\/p>\n<p>Rahat bir i\u00e7ki ve biraz Panettone, Kerststol, Lebkuchen, B\u00fbche de No\u00ebl, Kourabiedes, Makowiec - ad\u0131n\u0131 siz koyun. Her \u015fey ve her \u015fey hakk\u0131nda (ve biraz da Avrupa hakk\u0131nda) rahat sohbetler yapal\u0131m. <\/p>\n<p>Y\u0131l boyunca verdi\u011finiz destek bizim i\u00e7in d\u00fcnyalara bedel. Her \u015fey i\u00e7in te\u015fekk\u00fcr ederiz! <\/p>\n<p>Bu ak\u015fam birlikte ge\u00e7irece\u011fimiz zaman\u0131 d\u00f6rt g\u00f6zle bekliyorum! <\/p>\n<\/p>\n                                                <div class=\"clear\"><\/div>\n                                            <\/div>\n\n                                                                                    <\/div>\n                                    <\/article>\n                                <\/div>\n                            \n                                <div id=\"post-11142\" class=\"aux-col post-11142\">\n                                    <article class=\"post column-entry post-11142 event_listing type-event_listing status-expired has-post-thumbnail hentry\">\n                                        <div class=\"entry-media\">\n                                            <div class=\"aux-media-frame aux-media-image aux-image-mask\">\n                                                <img decoding=\"async\"\n                                                loading=\"lazy\"\n                                                src=\"https:\/\/meeteu.eu\/wp-content\/uploads\/2023\/11\/Platform-Workers-Website.jpg\"\n                                                class=\"aux-attachment aux-featured-image aux-attachment-id-11141 aux-preload aux-has-preview\"\n                                                alt=\"\"\n                                                data-src=\"https:\/\/meeteu.eu\/wp-content\/uploads\/2023\/11\/Platform-Workers-Website.jpg\"\n                                                \/>\n                                            <\/div>\n                                        <\/div>\n\n                                        <header class=\"entry-header\">\n                                            <h4 class=\"entry-title\">\n                                                Ger\u00e7ek Teslimat Maliyetleri - Avrupa Gen\u00e7li\u011fi Bedel \u00d6d\u00fcyor                                            <\/h4>\n                                        <\/header>\n\n                                        <div class=\"entry-main\">\n                                            <div class=\"entry-info\">\n                                                <div class=\"event-date\">\n                                                                                                            <i class=\"fas fa-calendar-alt\"><\/i>&nbsp;\n                                                    \n                                                                                                            <span>12 Aral\u0131k 2023<\/span>\n                                                                                                                                                                <span>19:00 (CEST)<\/span>\n                                                    \n                                                                                                            <span> - <\/span>\n                                                    \n                                                                                                            <span>12 Aral\u0131k 2023<\/span>\n                                                                                                                                                                <span>20:00 (CEST)<\/span>\n                                                                                                    <\/div>\n\n                                                                                                    <div class=\"event-location\">\n                                                                                                                    <i class=\"fas fa-thumbtack\"><\/i>&nbsp;\n                                                            <span>Zoom'da sanal etkinlik<\/span>\n                                                                                                            <\/div>\n\n                                                    <div class=\"event-language\">\n                                                                                                                    <i class=\"fas fa-globe\"><\/i>&nbsp;\n                                                            <span>\u0130ngilizce, \u00e7ok dilli altyaz\u0131larla<\/span>\n                                                                                                            <\/div>\n                                                                                            <\/div>\n\n                                            <div class=\"entry-content\">\n                                                <p><p>Uzun bir i\u015f g\u00fcn\u00fcn\u00fcn ard\u0131ndan, yeme\u011finizin evinize teslim edilmesi kolay bir alternatif gibi g\u00f6r\u00fcn\u00fcyor. Uygulaman\u0131z\u0131n ger\u00e7ek zamanl\u0131 teslimat durumunu takip ederken ayaklar\u0131n\u0131z\u0131 masaya uzatabilirsiniz. \u00dcstelik fiyat etiketi de d\u00fc\u015f\u00fck: Bir\u00e7ok platform \u00fccretsiz teslimat bile sunuyor. Peki, bedeli kim \u00f6d\u00fcyor?<\/p>\n<p>\u00c7o\u011fu durumda bu ki\u015filer Avrupa'n\u0131n gen\u00e7leri. Avrupa Gen\u00e7lik Forumu taraf\u0131ndan yap\u0131lan bir ara\u015ft\u0131rmaya g\u00f6re, platform i\u015f\u00e7ileri olarak adland\u0131r\u0131lan on ki\u015fiden be\u015fi - bisiklet \u00fczerinde oturup yemek da\u011f\u0131tanlar - gen\u00e7 Avrupal\u0131lardan olu\u015fuyor. <\/p>\n<p>Ekonomik ve sosyal marjinalle\u015fme nedeniyle, pek \u00e7ok ki\u015fi sosyal g\u00fcvencesi ve g\u00fcvenli olmayan \u00e7al\u0131\u015fma ko\u015fullar\u0131 olmayan bu g\u00fcvensiz i\u015fi kabul etmek zorunda kal\u0131yor. Peki, gen\u00e7leri korumak i\u00e7in ne yap\u0131labilir? Da\u011f\u0131t\u0131m hizmetlerinin do\u011fas\u0131nda su\u00e7luluk duygusu mu var, yoksa \u00e7\u00f6z\u00fcmler var m\u0131?<\/p>\n<p>Bu sorular\u0131 Alex ile tart\u0131\u015fal\u0131m; kendisi Avrupa Gen\u00e7lik Forumu'nda uzman ve politika dan\u0131\u015fman\u0131 olarak pozitif de\u011fi\u015fimi savunuyor. <\/p>\n<\/p>\n                                                <div class=\"clear\"><\/div>\n                                            <\/div>\n\n                                                                                    <\/div>\n                                    <\/article>\n                                <\/div>\n                            \n                                <div id=\"post-11143\" class=\"aux-col post-11143\">\n                                    <article class=\"post column-entry post-11143 event_listing type-event_listing status-expired has-post-thumbnail hentry\">\n                                        <div class=\"entry-media\">\n                                            <div class=\"aux-media-frame aux-media-image aux-image-mask\">\n                                                <img decoding=\"async\"\n                                                loading=\"lazy\"\n                                                src=\"https:\/\/meeteu.eu\/wp-content\/uploads\/2023\/11\/Knaus_Website__.jpg\"\n                                                class=\"aux-attachment aux-featured-image aux-attachment-id-11140 aux-preload aux-has-preview\"\n                                                alt=\"\"\n                                                data-src=\"https:\/\/meeteu.eu\/wp-content\/uploads\/2023\/11\/Knaus_Website__.jpg\"\n                                                \/>\n                                            <\/div>\n                                        <\/div>\n\n                                        <header class=\"entry-header\">\n                                            <h4 class=\"entry-title\">\n                                                G\u00f6\u00e7 paradigmas\u0131nda de\u011fi\u015fim 2024 - Korku, m\u00fclteciler ve liberal demokrasi                                            <\/h4>\n                                        <\/header>\n\n                                        <div class=\"entry-main\">\n                                            <div class=\"entry-info\">\n                                                <div class=\"event-date\">\n                                                                                                            <i class=\"fas fa-calendar-alt\"><\/i>&nbsp;\n                                                    \n                                                                                                            <span>5 Aral\u0131k 2023<\/span>\n                                                                                                                                                                <span>19:00 (CEST)<\/span>\n                                                    \n                                                                                                            <span> - <\/span>\n                                                    \n                                                                                                            <span>5 Aral\u0131k 2023<\/span>\n                                                                                                                                                                <span>20:00 (CEST)<\/span>\n                                                                                                    <\/div>\n\n                                                                                                    <div class=\"event-location\">\n                                                                                                                    <i class=\"fas fa-thumbtack\"><\/i>&nbsp;\n                                                            <span>Zoom'da sanal etkinlik<\/span>\n                                                                                                            <\/div>\n\n                                                    <div class=\"event-language\">\n                                                                                                                    <i class=\"fas fa-globe\"><\/i>&nbsp;\n                                                            <span>\u0130ngilizce, \u00e7ok dilli altyaz\u0131larla<\/span>\n                                                                                                            <\/div>\n                                                                                            <\/div>\n\n                                            <div class=\"entry-content\">\n                                                <p><p>Avrupa \u0130stikrar Giri\u015fimi adl\u0131 d\u00fc\u015f\u00fcnce kurulu\u015funun Ba\u015fkan\u0131 ve AB-T\u00fcrkiye G\u00f6\u00e7 Bildirisi'nin mimar\u0131 Gerald Knaus ile.<\/p>\n<p>D\u00fczensiz g\u00f6\u00e7 hem AB hem de \u00fcye devletler i\u00e7in bir sorun olmaya devam etmekte ve k\u0131ta i\u00e7in liberal olmayan bir vizyona sahip sa\u011fc\u0131 pop\u00fclist partilerin y\u00fckselmesine neden olmaktad\u0131r. Yine de AB bir strateji aray\u0131\u015f\u0131nda.<\/p>\n<p>Knaus, \"AB g\u00f6\u00e7 politikas\u0131nda, s\u0131\u011f\u0131nma ba\u015fvurular\u0131ndaki ve Akdeniz'den d\u00fczensiz ge\u00e7i\u015flerdeki art\u0131\u015f\u0131 ele alan bir paradigma de\u011fi\u015fikli\u011fine ihtiyac\u0131m\u0131z oldu\u011funu savunuyor. Kilit tedbirler aras\u0131nda Ukrayna'n\u0131n desteklenmesi, Ukraynal\u0131 m\u00fcltecilerle Avrupa dayan\u0131\u015fmas\u0131n\u0131n artt\u0131r\u0131lmas\u0131 ve AB'ye d\u00fczensiz g\u00f6\u00e7\u00fcn cayd\u0131r\u0131lmas\u0131 yer almaktad\u0131r. Bunu ba\u015farmak i\u00e7in T\u00fcrkiye ile yenilenmi\u015f bir i\u015fbirli\u011fine, son tarihlerden sonra stratejik s\u0131n\u0131r d\u0131\u015f\u0131 etmelere, ciddi yasal hareketlilik tekliflerine ve g\u00fcvenli \u00fc\u00e7\u00fcnc\u00fc \u00fclkelerde iltica prosed\u00fcrlerine ihtiyac\u0131m\u0131z var.\"<\/p>\n<\/p>\n                                                <div class=\"clear\"><\/div>\n                                            <\/div>\n\n                                                                                    <\/div>\n                                    <\/article>\n                                <\/div>\n                            \n                                <div id=\"post-10772\" class=\"aux-col post-10772\">\n                                    <article class=\"post column-entry post-10772 event_listing type-event_listing status-expired has-post-thumbnail hentry\">\n                                        <div class=\"entry-media\">\n                                            <div class=\"aux-media-frame aux-media-image aux-image-mask\">\n                                                <img decoding=\"async\"\n                                                loading=\"lazy\"\n                                                src=\"https:\/\/meeteu.eu\/wp-content\/uploads\/2023\/11\/trump-2-ecr-website.jpg\"\n                                                class=\"aux-attachment aux-featured-image aux-attachment-id-10773 aux-preload aux-has-preview\"\n                                                alt=\"\"\n                                                data-src=\"https:\/\/meeteu.eu\/wp-content\/uploads\/2023\/11\/trump-2-ecr-website.jpg\"\n                                                \/>\n                                            <\/div>\n                                        <\/div>\n\n                                        <header class=\"entry-header\">\n                                            <h4 class=\"entry-title\">\n                                                Avrupa Trump 2.0'a Haz\u0131r m\u0131?                                            <\/h4>\n                                        <\/header>\n\n                                        <div class=\"entry-main\">\n                                            <div class=\"entry-info\">\n                                                <div class=\"event-date\">\n                                                                                                            <i class=\"fas fa-calendar-alt\"><\/i>&nbsp;\n                                                    \n                                                                                                            <span>28 Kas\u0131m 2023<\/span>\n                                                                                                                                                                <span>19:00 (CEST)<\/span>\n                                                    \n                                                                                                            <span> - <\/span>\n                                                    \n                                                                                                            <span>28 Kas\u0131m 2023<\/span>\n                                                                                                                                                                <span>20:00 (CEST)<\/span>\n                                                                                                    <\/div>\n\n                                                                                                    <div class=\"event-location\">\n                                                                                                                    <i class=\"fas fa-thumbtack\"><\/i>&nbsp;\n                                                            <span>Zoom'da sanal etkinlik<\/span>\n                                                                                                            <\/div>\n\n                                                    <div class=\"event-language\">\n                                                                                                                    <i class=\"fas fa-globe\"><\/i>&nbsp;\n                                                            <span>\u0130ngilizce, \u00e7ok dilli altyaz\u0131larla<\/span>\n                                                                                                            <\/div>\n                                                                                            <\/div>\n\n                                            <div class=\"entry-content\">\n                                                <p><p>Bir sonraki ABD se\u00e7imlerine sadece bir y\u0131l kalm\u0131\u015fken, Avrupa'da pek \u00e7ok ki\u015fi tedirgin: Trump yeniden kazan\u0131rsa ne olur? Amerikan d\u0131\u015f ve ticaret politikalar\u0131 nas\u0131l de\u011fi\u015febilir? Ve bu Avrupa i\u00e7in ne anlama gelebilir? <\/p>\n<p>Trump'\u0131n bir kez daha k\u00fcresel siyaseti kar\u0131\u015ft\u0131rabilece\u011fi bir d\u00fcnyada, Amerikan politikalar\u0131ndaki potansiyel de\u011fi\u015fimleri ve Avrupa'n\u0131n bunlara haz\u0131r olup olmad\u0131\u011f\u0131n\u0131 ara\u015ft\u0131r\u0131yoruz.<\/p>\n<p>Avrupa D\u0131\u015f \u0130li\u015fkiler Konseyi ABD Program\u0131 Direkt\u00f6r\u00fc Jeremy Shapiro ile Zoom g\u00f6r\u00fc\u015fmesi i\u00e7in bize kat\u0131l\u0131n. Jeremy, ABD D\u0131\u015fi\u015fleri Bakanl\u0131\u011f\u0131'na Kuzey Afrika ve Levant politikalar\u0131 konusunda dan\u0131\u015fmanl\u0131k yapmak da dahil olmak \u00fczere zengin bir uzmanl\u0131\u011fa sahiptir. Kendisi bize bu acil sorulara ili\u015fkin i\u00e7g\u00f6r\u00fcler sunacak.<\/p>\n<\/p>\n                                                <div class=\"clear\"><\/div>\n                                            <\/div>\n\n                                                                                    <\/div>\n                                    <\/article>\n                                <\/div>\n                            \n                                <div id=\"post-10779\" class=\"aux-col post-10779\">\n                                    <article class=\"post column-entry post-10779 event_listing type-event_listing status-expired has-post-thumbnail hentry\">\n                                        <div class=\"entry-media\">\n                                            <div class=\"aux-media-frame aux-media-image aux-image-mask\">\n                                                <img decoding=\"async\"\n                                                loading=\"lazy\"\n                                                src=\"https:\/\/meeteu.eu\/wp-content\/uploads\/2023\/11\/Ukraine-Bookclub-1-.jpg\"\n                                                class=\"aux-attachment aux-featured-image aux-attachment-id-10780 aux-preload aux-has-preview\"\n                                                alt=\"\"\n                                                data-src=\"https:\/\/meeteu.eu\/wp-content\/uploads\/2023\/11\/Ukraine-Bookclub-1-.jpg\"\n                                                \/>\n                                            <\/div>\n                                        <\/div>\n\n                                        <header class=\"entry-header\">\n                                            <h4 class=\"entry-title\">\n                                                Bir Bomba S\u0131\u011f\u0131na\u011f\u0131nda Yap\u0131lmas\u0131 Mant\u0131kl\u0131 Olan \u015eeyler                                            <\/h4>\n                                        <\/header>\n\n                                        <div class=\"entry-main\">\n                                            <div class=\"entry-info\">\n                                                <div class=\"event-date\">\n                                                                                                            <i class=\"fas fa-calendar-alt\"><\/i>&nbsp;\n                                                    \n                                                                                                            <span>21 Kas\u0131m 2023<\/span>\n                                                                                                                                                                <span>19:00 (CEST)<\/span>\n                                                    \n                                                                                                            <span> - <\/span>\n                                                    \n                                                                                                            <span>21 Kas\u0131m 2023<\/span>\n                                                                                                                                                                <span>20:00 (CEST)<\/span>\n                                                                                                    <\/div>\n\n                                                                                                    <div class=\"event-location\">\n                                                                                                                    <i class=\"fas fa-thumbtack\"><\/i>&nbsp;\n                                                            <span>Zoom'da sanal etkinlik<\/span>\n                                                                                                            <\/div>\n\n                                                    <div class=\"event-language\">\n                                                                                                                    <i class=\"fas fa-globe\"><\/i>&nbsp;\n                                                            <span>\u0130ngilizce, \u00e7ok dilli altyaz\u0131larla<\/span>\n                                                                                                            <\/div>\n                                                                                            <\/div>\n\n                                            <div class=\"entry-content\">\n                                                <p><p>\"Rusya \u00fclkem Ukrayna'y\u0131 i\u015fgal etti\u011finde, ailem, k\u00f6pe\u011fim ve ben bana tuhaftan da \u00f6te gelen bir s\u0131\u011f\u0131na\u011fa ka\u00e7t\u0131k. WiFi oldu\u011fu ve g\u00fcnler \u00e7ok uzun ve ayn\u0131 zamanda s\u0131k\u0131c\u0131 oldu\u011fu i\u00e7in yeni evimi tan\u0131tmak i\u00e7in [TikTok'ta] videolar yay\u0131nlad\u0131m - hatta baz\u0131lar\u0131 d\u00fcnyan\u0131n d\u00f6rt bir yan\u0131na gitti.\" <\/p>\n<p>Ukraynal\u0131 21 ya\u015f\u0131ndaki Valeria Shashenok, TikTok'ta bug\u00fcn\u00fcn Avrupa's\u0131nda g\u00f6rece\u011fimizi hi\u00e7 d\u00fc\u015f\u00fcnmedi\u011fimiz videolar yay\u0131nlad\u0131. Bombalar, tahliyeler, ya\u015fam, \u00f6l\u00fcm ve sadece bir s\u0131\u011f\u0131nakta anlaml\u0131 olan \u015feylerle ilgili hikayesini 1.3 milyondan fazla ki\u015fi takip etti.<\/p>\n<p>\u015eimdi g\u00fcvenli bir \u015fekilde Bat\u0131 Avrupa'da, g\u00fcnl\u00fc\u011f\u00fcn\u00fc ve foto\u011fraflar\u0131n\u0131 bir kitaba d\u00f6n\u00fc\u015ft\u00fcrd\u00fc. Hikayesini 21 Kas\u0131m Sal\u0131 g\u00fcn\u00fc saat 19:00'da Zoom'da dinleyin<\/p>\n<\/p>\n                                                <div class=\"clear\"><\/div>\n                                            <\/div>\n\n                                                                                    <\/div>\n                                    <\/article>\n                                <\/div>\n                            \n                                <div id=\"post-10724\" class=\"aux-col post-10724\">\n                                    <article class=\"post column-entry post-10724 event_listing type-event_listing status-expired has-post-thumbnail hentry\">\n                                        <div class=\"entry-media\">\n                                            <div class=\"aux-media-frame aux-media-image aux-image-mask\">\n                                                <img decoding=\"async\"\n                                                loading=\"lazy\"\n                                                src=\"https:\/\/meeteu.eu\/wp-content\/uploads\/2023\/11\/Deliberative-Democracy_W.jpg\"\n                                                class=\"aux-attachment aux-featured-image aux-attachment-id-10722 aux-preload aux-has-preview\"\n                                                alt=\"\"\n                                                data-src=\"https:\/\/meeteu.eu\/wp-content\/uploads\/2023\/11\/Deliberative-Democracy_W.jpg\"\n                                                \/>\n                                            <\/div>\n                                        <\/div>\n\n                                        <header class=\"entry-header\">\n                                            <h4 class=\"entry-title\">\n                                                Do\u011frudan Demokrasi - Oyun De\u011fi\u015ftirici mi yoksa Pandora Kutusu mu?                                            <\/h4>\n                                        <\/header>\n\n                                        <div class=\"entry-main\">\n                                            <div class=\"entry-info\">\n                                                <div class=\"event-date\">\n                                                                                                            <i class=\"fas fa-calendar-alt\"><\/i>&nbsp;\n                                                    \n                                                                                                            <span>14 Kas\u0131m 2023<\/span>\n                                                                                                                                                                <span>19:00 (CEST)<\/span>\n                                                    \n                                                                                                            <span> - <\/span>\n                                                    \n                                                                                                            <span>14 Kas\u0131m 2023<\/span>\n                                                                                                                                                                <span>20:00 (CEST)<\/span>\n                                                                                                    <\/div>\n\n                                                                                                    <div class=\"event-location\">\n                                                                                                                    <i class=\"fas fa-thumbtack\"><\/i>&nbsp;\n                                                            <span>Zoom'da sanal etkinlik<\/span>\n                                                                                                            <\/div>\n\n                                                    <div class=\"event-language\">\n                                                                                                                    <i class=\"fas fa-globe\"><\/i>&nbsp;\n                                                            <span>\u0130ngilizce, \u00e7ok dilli altyaz\u0131larla<\/span>\n                                                                                                            <\/div>\n                                                                                            <\/div>\n\n                                            <div class=\"entry-content\">\n                                                <p><p>Son se\u00e7imde oy kulland\u0131n\u0131z m\u0131? Y\u00fcksek \u00e7ekimserlik oranlar\u0131, demokratik kurumlara g\u00fcven kayb\u0131 ve artan siyasi kutupla\u015fma - demokrasi bug\u00fcn bir\u00e7ok zorlukla kar\u015f\u0131 kar\u015f\u0131ya. Baz\u0131lar\u0131na g\u00f6re \u00e7\u00f6z\u00fcm, vatanda\u015flar\u0131n daha do\u011frudan kat\u0131l\u0131m\u0131. Ancak ihtiyac\u0131m\u0131z olan \u00e7\u00f6z\u00fcm bu mu?<\/p>\n<p>Vatanda\u015flar referandumlara kat\u0131larak, isti\u015farelerin bir par\u00e7as\u0131 olarak veya farkl\u0131 politikalar i\u00e7in do\u011frudan oy kullanarak a\u00e7\u0131k karar alma s\u00fcrecinin bir par\u00e7as\u0131 haline gelirler. \u00d6te yandan, baz\u0131lar\u0131 bunun halihaz\u0131rda s\u00fcrece dahil olan ve pasif vatanda\u015flar aras\u0131ndaki u\u00e7urumu art\u0131raca\u011f\u0131n\u0131 savunmaktad\u0131r.<\/p>\n<p>Sizlerle birlikte m\u00fczakereci demokrasi d\u00fcnyas\u0131na bir dal\u0131\u015f yapaca\u011f\u0131z ve arada kalm\u0131\u015f bir \u00e7\u00f6z\u00fcm\u00fc analiz edece\u011fiz: Vatanda\u015f isti\u015fareleri.<\/p>\n<\/p>\n                                                <div class=\"clear\"><\/div>\n                                            <\/div>\n\n                                                                                    <\/div>\n                                    <\/article>\n                                <\/div>\n                            \n                                <div id=\"post-10720\" class=\"aux-col post-10720\">\n                                    <article class=\"post column-entry post-10720 event_listing type-event_listing status-expired has-post-thumbnail hentry\">\n                                        <div class=\"entry-media\">\n                                            <div class=\"aux-media-frame aux-media-image aux-image-mask\">\n                                                <img decoding=\"async\"\n                                                loading=\"lazy\"\n                                                src=\"https:\/\/meeteu.eu\/wp-content\/uploads\/2023\/11\/Event-Look-Behind-the-Scene_W.jpg\"\n                                                class=\"aux-attachment aux-featured-image aux-attachment-id-10721 aux-preload aux-has-preview\"\n                                                alt=\"\"\n                                                data-src=\"https:\/\/meeteu.eu\/wp-content\/uploads\/2023\/11\/Event-Look-Behind-the-Scene_W.jpg\"\n                                                \/>\n                                            <\/div>\n                                        <\/div>\n\n                                        <header class=\"entry-header\">\n                                            <h4 class=\"entry-title\">\n                                                MeetEU Ekibiyle Tan\u0131\u015f\u0131n - Perde Arkas\u0131nda Neler Oluyor?                                            <\/h4>\n                                        <\/header>\n\n                                        <div class=\"entry-main\">\n                                            <div class=\"entry-info\">\n                                                <div class=\"event-date\">\n                                                                                                            <i class=\"fas fa-calendar-alt\"><\/i>&nbsp;\n                                                    \n                                                                                                            <span>7 Kas\u0131m 2023<\/span>\n                                                                                                                                                                <span>19:00 (CEST)<\/span>\n                                                    \n                                                                                                            <span> - <\/span>\n                                                    \n                                                                                                            <span>7 Kas\u0131m 2023<\/span>\n                                                                                                                                                                <span>20:00 (CEST)<\/span>\n                                                                                                    <\/div>\n\n                                                                                                    <div class=\"event-location\">\n                                                                                                                    <i class=\"fas fa-thumbtack\"><\/i>&nbsp;\n                                                            <span>Zoom'da sanal etkinlik<\/span>\n                                                                                                            <\/div>\n\n                                                    <div class=\"event-language\">\n                                                                                                                    <i class=\"fas fa-globe\"><\/i>&nbsp;\n                                                            <span>\u0130ngilizce, \u00e7ok dilli altyaz\u0131larla<\/span>\n                                                                                                            <\/div>\n                                                                                            <\/div>\n\n                                            <div class=\"entry-content\">\n                                                <p><p>MeetEU'nun tam olarak ne oldu\u011funu hi\u00e7 merak ettiniz mi? Nas\u0131l \u00e7al\u0131\u015ft\u0131\u011f\u0131n\u0131? Etkinlikleri kim buluyor ve bunun gibi metinleri kim yaz\u0131yor? Bu Sal\u0131, \u015fa\u015f\u0131rt\u0131c\u0131 cevaplar\u0131 bulacaks\u0131n\u0131z.<\/p>\n<p>Genellikle haftal\u0131k etkinliklerimizi y\u00f6neten Ba\u015fkan Yard\u0131mc\u0131m\u0131z Tina, size mevcut ve gelecekteki kampanyalar, 15 \u00fclkeden g\u00f6n\u00fcll\u00fclerin nas\u0131l i\u015fbirli\u011fi yapt\u0131\u011f\u0131 ve bizim kim oldu\u011fumuz hakk\u0131nda ilk elden bilgiler verecek. Ayr\u0131ca MeetEU'nun nas\u0131l ba\u015flad\u0131\u011f\u0131na ve bug\u00fcne kadar kar\u015f\u0131la\u015ft\u0131\u011f\u0131 en zorlu m\u00fccadelelere dair baz\u0131 komik hik\u00e2yeleri de sizlerle payla\u015facak.<\/p>\n<p>MeetEU Ekibine ister sadece ilgi duyuyor olun ister kat\u0131lmay\u0131 d\u00fc\u015f\u00fcn\u00fcyor olun, bu f\u0131rsat\u0131 ka\u00e7\u0131rmay\u0131n.<\/p>\n<\/p>\n                                                <div class=\"clear\"><\/div>\n                                            <\/div>\n\n                                                                                    <\/div>\n                                    <\/article>\n                                <\/div>\n                            \n                                <div id=\"post-10692\" class=\"aux-col post-10692\">\n                                    <article class=\"post column-entry post-10692 event_listing type-event_listing status-expired has-post-thumbnail hentry\">\n                                        <div class=\"entry-media\">\n                                            <div class=\"aux-media-frame aux-media-image aux-image-mask\">\n                                                <img decoding=\"async\"\n                                                loading=\"lazy\"\n                                                src=\"https:\/\/meeteu.eu\/wp-content\/uploads\/2023\/10\/Halloween-Website.-jpg.jpg\"\n                                                class=\"aux-attachment aux-featured-image aux-attachment-id-10688 aux-preload aux-has-preview\"\n                                                alt=\"\"\n                                                data-src=\"https:\/\/meeteu.eu\/wp-content\/uploads\/2023\/10\/Halloween-Website.-jpg.jpg\"\n                                                \/>\n                                            <\/div>\n                                        <\/div>\n\n                                        <header class=\"entry-header\">\n                                            <h4 class=\"entry-title\">\n                                                Cad\u0131lar Bayram\u0131 \u015eakas\u0131                                            <\/h4>\n                                        <\/header>\n\n                                        <div class=\"entry-main\">\n                                            <div class=\"entry-info\">\n                                                <div class=\"event-date\">\n                                                                                                            <i class=\"fas fa-calendar-alt\"><\/i>&nbsp;\n                                                    \n                                                                                                            <span>31 Ekim 2023<\/span>\n                                                                                                        \n                                                                                                            <span> - <\/span>\n                                                    \n                                                                                                            <span>31 Ekim 2023<\/span>\n                                                                                                                                                        <\/div>\n\n                                                                                                    <div class=\"event-location\">\n                                                                                                                    <i class=\"fas fa-thumbtack\"><\/i>&nbsp;\n                                                            <span>Zoom'da sanal etkinlik<\/span>\n                                                                                                            <\/div>\n\n                                                    <div class=\"event-language\">\n                                                                                                                    <i class=\"fas fa-globe\"><\/i>&nbsp;\n                                                            <span>\u0130ngilizce, \u00e7ok dilli altyaz\u0131larla<\/span>\n                                                                                                            <\/div>\n                                                                                            <\/div>\n\n                                            <div class=\"entry-content\">\n                                                <p><p>Hepimiz maa\u015f almad\u0131\u011f\u0131m\u0131z i\u00e7in, Cad\u0131lar Bayram\u0131 MeetEU ekibinin \u015feker alabilmesi i\u00e7in tek f\u0131rsat. Bu y\u00fczden ekip her y\u0131l \u015feker mi \u015faka m\u0131 i\u00e7in bulu\u015fuyor - belki sizin zilinizi de \u00e7alar\u0131z? \ud83c\udf83<\/p>\n<\/p>\n                                                <div class=\"clear\"><\/div>\n                                            <\/div>\n\n                                                                                    <\/div>\n                                    <\/article>\n                                <\/div>\n                            \n                                <div id=\"post-10691\" class=\"aux-col post-10691\">\n                                    <article class=\"post column-entry post-10691 event_listing type-event_listing status-expired has-post-thumbnail hentry\">\n                                        <div class=\"entry-media\">\n                                            <div class=\"aux-media-frame aux-media-image aux-image-mask\">\n                                                <img decoding=\"async\"\n                                                loading=\"lazy\"\n                                                src=\"https:\/\/meeteu.eu\/wp-content\/uploads\/2023\/10\/Website_Hey-Europe-Where-are-you-going.jpg\"\n                                                class=\"aux-attachment aux-featured-image aux-attachment-id-10689 aux-preload aux-has-preview\"\n                                                alt=\"\"\n                                                data-src=\"https:\/\/meeteu.eu\/wp-content\/uploads\/2023\/10\/Website_Hey-Europe-Where-are-you-going.jpg\"\n                                                \/>\n                                            <\/div>\n                                        <\/div>\n\n                                        <header class=\"entry-header\">\n                                            <h4 class=\"entry-title\">\n                                                Hey EU - Nereye gidiyorsun?                                            <\/h4>\n                                        <\/header>\n\n                                        <div class=\"entry-main\">\n                                            <div class=\"entry-info\">\n                                                <div class=\"event-date\">\n                                                                                                            <i class=\"fas fa-calendar-alt\"><\/i>&nbsp;\n                                                    \n                                                                                                            <span>24 Ekim 2023<\/span>\n                                                                                                                                                                <span>19:00 (CEST)<\/span>\n                                                    \n                                                                                                            <span> - <\/span>\n                                                    \n                                                                                                            <span>24 Ekim 2023<\/span>\n                                                                                                                                                                <span>20:00 (CEST)<\/span>\n                                                                                                    <\/div>\n\n                                                                                                    <div class=\"event-location\">\n                                                                                                                    <i class=\"fas fa-thumbtack\"><\/i>&nbsp;\n                                                            <span>Zoom'da sanal etkinlik<\/span>\n                                                                                                            <\/div>\n\n                                                    <div class=\"event-language\">\n                                                                                                                    <i class=\"fas fa-globe\"><\/i>&nbsp;\n                                                            <span>\u0130ngilizce, \u00e7ok dilli altyaz\u0131larla<\/span>\n                                                                                                            <\/div>\n                                                                                            <\/div>\n\n                                            <div class=\"entry-content\">\n                                                <p><p>D\u00fcnya \u00e7alkant\u0131l\u0131 bir d\u00f6neme girdi ve AB bu ortamda ayakta durmaya pek haz\u0131r de\u011fil. Ya da haz\u0131r m\u0131? AB ideallerini koruyabilir ve insanl\u0131\u011f\u0131n iyili\u011fine katk\u0131da bulunan \u00f6nemli bir k\u00fcresel oyuncu olmaya devam edebilir mi? Yoksa AB, \u00fcye \u00fclkelerdeki milliyet\u00e7i duygular\u0131n giderek g\u00fc\u00e7lenen sald\u0131r\u0131s\u0131 alt\u0131nda par\u00e7alanacak m\u0131?<br \/>\nBug\u00fcnk\u00fc etkinlikte, AB'nin 25 y\u0131l sonra nas\u0131l g\u00f6r\u00fcnmesini bekledi\u011finizi sizden duymak istiyoruz. K\u00fc\u00e7\u00fck gruplar halinde g\u00f6r\u00fc\u015flerinizi ifade etme ve ortaya \u00e7\u0131kan eylem \u00f6nceliklerini tart\u0131\u015fma f\u0131rsat\u0131n\u0131z olacak.<\/p>\n<\/p>\n                                                <div class=\"clear\"><\/div>\n                                            <\/div>\n\n                                                                                    <\/div>\n                                    <\/article>\n                                <\/div>\n                            \n                                <div id=\"post-10687\" class=\"aux-col post-10687\">\n                                    <article class=\"post column-entry post-10687 event_listing type-event_listing status-expired has-post-thumbnail hentry\">\n                                        <div class=\"entry-media\">\n                                            <div class=\"aux-media-frame aux-media-image aux-image-mask\">\n                                                <img decoding=\"async\"\n                                                loading=\"lazy\"\n                                                src=\"https:\/\/meeteu.eu\/wp-content\/uploads\/2023\/10\/Proton-Event_Website.jpg\"\n                                                class=\"aux-attachment aux-featured-image aux-attachment-id-10690 aux-preload aux-has-preview\"\n                                                alt=\"\"\n                                                data-src=\"https:\/\/meeteu.eu\/wp-content\/uploads\/2023\/10\/Proton-Event_Website.jpg\"\n                                                \/>\n                                            <\/div>\n                                        <\/div>\n\n                                        <header class=\"entry-header\">\n                                            <h4 class=\"entry-title\">\n                                                TikTok ve Gizlili\u011fim - Kimin Umurunda?                                            <\/h4>\n                                        <\/header>\n\n                                        <div class=\"entry-main\">\n                                            <div class=\"entry-info\">\n                                                <div class=\"event-date\">\n                                                                                                            <i class=\"fas fa-calendar-alt\"><\/i>&nbsp;\n                                                    \n                                                                                                            <span>17 Ekim 2023<\/span>\n                                                                                                                                                                <span>19:00 (CEST)<\/span>\n                                                    \n                                                                                                            <span> - <\/span>\n                                                    \n                                                                                                            <span>17 Ekim 2023<\/span>\n                                                                                                                                                                <span>20:00 (CEST)<\/span>\n                                                                                                    <\/div>\n\n                                                                                                    <div class=\"event-location\">\n                                                                                                                    <i class=\"fas fa-thumbtack\"><\/i>&nbsp;\n                                                            <span>Zoom'da sanal etkinlik<\/span>\n                                                                                                            <\/div>\n\n                                                    <div class=\"event-language\">\n                                                                                                                    <i class=\"fas fa-globe\"><\/i>&nbsp;\n                                                            <span>\u0130ngilizce, \u00e7ok dilli altyaz\u0131larla<\/span>\n                                                                                                            <\/div>\n                                                                                            <\/div>\n\n                                            <div class=\"entry-content\">\n                                                <p><p>Verilerinizin kapan\u0131n elinde olup olmad\u0131\u011f\u0131n\u0131 hi\u00e7 merak ettiniz mi? \u015eifrelemenin \u00f6nc\u00fcs\u00fc Proton'dan Marc ile g\u00f6z a\u00e7\u0131c\u0131 bir etkinli\u011fe haz\u0131r olun:<br \/>\n\ud83c\udf10 TikTok, Instagram, BeReal ve di\u011fer platformlar verilerimi herkese satabilir mi? Marc size d\u00fczenlemelerin ne oldu\u011funu anlat\u0131yor<br \/>\n\ud83d\udd2e GDPR - ne? AB'nin Genel Veri Koruma Y\u00f6netmeli\u011fi'nin arkas\u0131ndaki sihri ortaya \u00e7\u0131kar\u0131n. Koruma katmanlar\u0131n\u0131 anlay\u0131n ve dijital haklar\u0131n\u0131z\u0131n s\u0131n\u0131rlar\u0131n\u0131 ke\u015ffedin.<br \/>\n\ud83d\udd12 Sosyal platformlar\u0131n yasalara uymas\u0131n\u0131 kim sa\u011fl\u0131yor? Dijital haklar\u0131n\u0131z\u0131 kimin korudu\u011funu ke\u015ffedin.<br \/>\n\ud83d\udc49AB Vatanda\u015f\u0131 olarak haklar\u0131n\u0131z\u0131 nas\u0131l kullanaca\u011f\u0131n\u0131z\u0131 \u00f6\u011frenin. Se\u00e7im sizin - \u00fcr\u00fcn haline gelmeyin.<\/p>\n<\/p>\n                                                <div class=\"clear\"><\/div>\n                                            <\/div>\n\n                                                                                    <\/div>\n                                    <\/article>\n                                <\/div>\n                            \n                                <div id=\"post-10679\" class=\"aux-col post-10679\">\n                                    <article class=\"post column-entry post-10679 event_listing type-event_listing status-expired has-post-thumbnail hentry\">\n                                        <div class=\"entry-media\">\n                                            <div class=\"aux-media-frame aux-media-image aux-image-mask\">\n                                                <img decoding=\"async\"\n                                                loading=\"lazy\"\n                                                src=\"https:\/\/meeteu.eu\/wp-content\/uploads\/2023\/10\/Chemical-Risks-Website.jpg\"\n                                                class=\"aux-attachment aux-featured-image aux-attachment-id-10680 aux-preload aux-has-preview\"\n                                                alt=\"\"\n                                                data-src=\"https:\/\/meeteu.eu\/wp-content\/uploads\/2023\/10\/Chemical-Risks-Website.jpg\"\n                                                \/>\n                                            <\/div>\n                                        <\/div>\n\n                                        <header class=\"entry-header\">\n                                            <h4 class=\"entry-title\">\n                                                Avrupa Birli\u011fi Kimyasal Riskleri Nas\u0131l Y\u00f6netiyor?                                            <\/h4>\n                                        <\/header>\n\n                                        <div class=\"entry-main\">\n                                            <div class=\"entry-info\">\n                                                <div class=\"event-date\">\n                                                                                                            <i class=\"fas fa-calendar-alt\"><\/i>&nbsp;\n                                                    \n                                                                                                            <span>10 Ekim 2023<\/span>\n                                                                                                                                                                <span>19:00 (CEST)<\/span>\n                                                    \n                                                                                                            <span> - <\/span>\n                                                    \n                                                                                                            <span>10 Ekim 2023<\/span>\n                                                                                                                                                                <span>20:00 (CEST)<\/span>\n                                                                                                    <\/div>\n\n                                                                                                    <div class=\"event-location\">\n                                                                                                                    <i class=\"fas fa-thumbtack\"><\/i>&nbsp;\n                                                            <span>Zoom'da sanal etkinlik<\/span>\n                                                                                                            <\/div>\n\n                                                    <div class=\"event-language\">\n                                                                                                                    <i class=\"fas fa-globe\"><\/i>&nbsp;\n                                                            <span>\u0130ngilizce, \u00e7ok dilli altyaz\u0131larla<\/span>\n                                                                                                            <\/div>\n                                                                                            <\/div>\n\n                                            <div class=\"entry-content\">\n                                                <p><p>Kimyasallar, aletlerden \ud83d\udcf1 kozmetik \u00fcr\u00fcnlerine kadar hayat\u0131m\u0131z\u0131n her yerindedir\ud83e\uddf4 . Peki hi\u00e7 g\u00fcvenliklerini merak ettiniz mi? \ud83e\udd14 Kimyasal risklerin de\u011ferlendirilmesi, kimyasal yasaklarla ilgili kararlar\u0131n nas\u0131l al\u0131nd\u0131\u011f\u0131 ve PFA'lar\u0131n, o \"sonsuza kadar kimyasallar\u0131n\" neden hala kullan\u0131mda oldu\u011fu hakk\u0131nda konu\u015fal\u0131m.<\/p>\n<p>AB'nin Kimya Ajans\u0131 ECHA'dan Hanna-Kaisa Torkkeli'nin g\u00f6r\u00fc\u015flerine kat\u0131l\u0131n.<\/p>\n<p>\ud83d\uddd3\ufe0f Tarih: 10 Ekim Sal\u0131 \ud83d\udd56 Saat: 19:00 CEST<\/p>\n<\/p>\n                                                <div class=\"clear\"><\/div>\n                                            <\/div>\n\n                                                                                    <\/div>\n                                    <\/article>\n                                <\/div>\n                            \n                                <div id=\"post-10651\" class=\"aux-col post-10651\">\n                                    <article class=\"post column-entry post-10651 event_listing type-event_listing status-expired has-post-thumbnail hentry\">\n                                        <div class=\"entry-media\">\n                                            <div class=\"aux-media-frame aux-media-image aux-image-mask\">\n                                                <img decoding=\"async\"\n                                                loading=\"lazy\"\n                                                src=\"https:\/\/meeteu.eu\/wp-content\/uploads\/2023\/08\/Inclusive-Europe-Website.jpg\"\n                                                class=\"aux-attachment aux-featured-image aux-attachment-id-10648 aux-preload aux-has-preview\"\n                                                alt=\"\"\n                                                data-src=\"https:\/\/meeteu.eu\/wp-content\/uploads\/2023\/08\/Inclusive-Europe-Website.jpg\"\n                                                \/>\n                                            <\/div>\n                                        <\/div>\n\n                                        <header class=\"entry-header\">\n                                            <h4 class=\"entry-title\">\n                                                Kapsay\u0131c\u0131 Bir Gelece\u011fe Do\u011fru Birlikte: Stratejiler ve \u00c7\u00f6z\u00fcmler                                            <\/h4>\n                                        <\/header>\n\n                                        <div class=\"entry-main\">\n                                            <div class=\"entry-info\">\n                                                <div class=\"event-date\">\n                                                                                                            <i class=\"fas fa-calendar-alt\"><\/i>&nbsp;\n                                                    \n                                                                                                            <span>3 Ekim 2023<\/span>\n                                                                                                                                                                <span>19:00 (CEST)<\/span>\n                                                    \n                                                                                                            <span> - <\/span>\n                                                    \n                                                                                                            <span>3 Ekim 2023<\/span>\n                                                                                                                                                                <span>20:00 (CEST)<\/span>\n                                                                                                    <\/div>\n\n                                                                                                    <div class=\"event-location\">\n                                                                                                                    <i class=\"fas fa-thumbtack\"><\/i>&nbsp;\n                                                            <span>Zoom'da sanal etkinlik<\/span>\n                                                                                                            <\/div>\n\n                                                    <div class=\"event-language\">\n                                                                                                                    <i class=\"fas fa-globe\"><\/i>&nbsp;\n                                                            <span>\u0130ngilizce, \u00e7ok dilli altyaz\u0131larla<\/span>\n                                                                                                            <\/div>\n                                                                                            <\/div>\n\n                                            <div class=\"entry-content\">\n                                                <p><p>\"Daha fazla kapsay\u0131c\u0131l\u0131\u011fa ihtiyac\u0131m\u0131z var\" - herkesin s\u00f6ylemekten ve duymaktan ho\u015fland\u0131\u011f\u0131 bir c\u00fcmle. Peki ama neden engelli insanlar\u0131n neredeyse yar\u0131s\u0131 yoksulluk i\u00e7inde ya\u015f\u0131yor, \u00e7\u00fcnk\u00fc i\u015fsizler ya da saatte 1 Avro kazan\u0131lan at\u00f6lyelerde \u00e7al\u0131\u015f\u0131yorlar? Neden hala ayr\u0131 okullar ve bo\u015f zaman tesisleri var? Engelli insanlar\u0131n siyasi temsili nerede? Ba\u011flay\u0131c\u0131 yasalar olmas\u0131na ra\u011fmen, AB'de i\u015fler pek de iyiye gitmiyor gibi g\u00f6r\u00fcn\u00fcyor.<\/p>\n<p>Bu konuyu Ye\u015filler AP \u00fcyesi Katrin Langensiepen ile konu\u015faca\u011f\u0131z. Kendisi Avrupa Parlamentosu'nda g\u00f6r\u00fcn\u00fcr bir engeli olan ilk ve tek AP \u00fcyesi ve siyasi temsili olmayanlar\u0131n unutulmad\u0131\u011f\u0131ndan emin olmak istiyor.<\/p>\n<p>Ger\u00e7ek kapsay\u0131c\u0131l\u0131\u011f\u0131 sa\u011flamak i\u00e7in ne gibi de\u011fi\u015fikliklere ihtiyac\u0131m\u0131z var ve AB'de kapsay\u0131c\u0131l\u0131\u011f\u0131n ger\u00e7ek durumu nedir? Bu kritik konuyu tart\u0131\u015fmak ve sorular\u0131n\u0131z\u0131 sormak i\u00e7in bize kat\u0131l\u0131n.<\/p>\n<\/p>\n                                                <div class=\"clear\"><\/div>\n                                            <\/div>\n\n                                                                                    <\/div>\n                                    <\/article>\n                                <\/div>\n                            \n                                <div id=\"post-10612\" class=\"aux-col post-10612\">\n                                    <article class=\"post column-entry post-10612 event_listing type-event_listing status-expired has-post-thumbnail hentry\">\n                                        <div class=\"entry-media\">\n                                            <div class=\"aux-media-frame aux-media-image aux-image-mask\">\n                                                <img decoding=\"async\"\n                                                loading=\"lazy\"\n                                                src=\"https:\/\/meeteu.eu\/wp-content\/uploads\/2023\/08\/Updated-Visual-Media-Freedoom-Website.jpg\"\n                                                class=\"aux-attachment aux-featured-image aux-attachment-id-10650 aux-preload aux-has-preview\"\n                                                alt=\"\"\n                                                data-src=\"https:\/\/meeteu.eu\/wp-content\/uploads\/2023\/08\/Updated-Visual-Media-Freedoom-Website.jpg\"\n                                                \/>\n                                            <\/div>\n                                        <\/div>\n\n                                        <header class=\"entry-header\">\n                                            <h4 class=\"entry-title\">\n                                                Avrupa'da Gazeteci Olmak - Demokrasinin Temel Dire\u011fi Tehlikede mi?                                            <\/h4>\n                                        <\/header>\n\n                                        <div class=\"entry-main\">\n                                            <div class=\"entry-info\">\n                                                <div class=\"event-date\">\n                                                                                                            <i class=\"fas fa-calendar-alt\"><\/i>&nbsp;\n                                                    \n                                                                                                            <span>26 Eyl\u00fcl 2023<\/span>\n                                                                                                                                                                <span>20:00 (CEST)<\/span>\n                                                    \n                                                                                                            <span> - <\/span>\n                                                    \n                                                                                                            <span>26 Eyl\u00fcl 2023<\/span>\n                                                                                                                                                                <span>21:00 (CEST)<\/span>\n                                                                                                    <\/div>\n\n                                                                                                    <div class=\"event-location\">\n                                                                                                                    <i class=\"fas fa-thumbtack\"><\/i>&nbsp;\n                                                            <span>Zoom'da sanal etkinlik<\/span>\n                                                                                                            <\/div>\n\n                                                    <div class=\"event-language\">\n                                                                                                                    <i class=\"fas fa-globe\"><\/i>&nbsp;\n                                                            <span>\u0130ngilizce, \u00e7ok dilli altyaz\u0131larla<\/span>\n                                                                                                            <\/div>\n                                                                                            <\/div>\n\n                                            <div class=\"entry-content\">\n                                                <p><p>Sosyal medyan\u0131n pop\u00fclerli\u011fine ra\u011fmen, her 10 Avrupal\u0131dan 7'si haber i\u00e7in hala televizyona g\u00fcveniyor. Ancak, haberleri sunan gazeteciler \u00e7o\u011fu zaman yasal sorunlar, mali bask\u0131lar ve hatta \u015fiddet gibi risklerle kar\u015f\u0131 kar\u015f\u0131ya kal\u0131yor.<\/p>\n<p>Bu sorunu ele almak \u00fczere Medya \u00d6zg\u00fcrl\u00fc\u011f\u00fc Yasas\u0131 haz\u0131rlanm\u0131\u015ft\u0131r. Yasan\u0131n hedefleri gazetecilere daha fazla g\u00fcvenlik sa\u011flamak, vatanda\u015flar i\u00e7in \u015feffafl\u0131\u011f\u0131 artt\u0131rmak ve giderek daha konsolide hale gelen Avrupa medya piyasas\u0131n\u0131 d\u00fczenlemektir.<\/p>\n<p>Avrupa'da bas\u0131n \u00f6zg\u00fcrl\u00fc\u011f\u00fc ile ilgili endi\u015feleri ve potansiyel \u00e7\u00f6z\u00fcmleri incelerken bize kat\u0131l\u0131n. Bu konuyu eski bir gazeteci ve Renew Europe'tan Avrupa Parlamentosu \u00dcyesi olan Irena Joveva ile ele alaca\u011f\u0131z.<\/p>\n<\/p>\n                                                <div class=\"clear\"><\/div>\n                                            <\/div>\n\n                                                                                    <\/div>\n                                    <\/article>\n                                <\/div>\n                            \n                                <div id=\"post-10643\" class=\"aux-col post-10643\">\n                                    <article class=\"post column-entry post-10643 event_listing type-event_listing status-expired has-post-thumbnail hentry\">\n                                        <div class=\"entry-media\">\n                                            <div class=\"aux-media-frame aux-media-image aux-image-mask\">\n                                                <img decoding=\"async\"\n                                                loading=\"lazy\"\n                                                src=\"https:\/\/meeteu.eu\/wp-content\/uploads\/2023\/09\/Citizens_SOTEU_19Sept.jpg\"\n                                                class=\"aux-attachment aux-featured-image aux-attachment-id-10645 aux-preload aux-has-preview\"\n                                                alt=\"\"\n                                                data-src=\"https:\/\/meeteu.eu\/wp-content\/uploads\/2023\/09\/Citizens_SOTEU_19Sept.jpg\"\n                                                \/>\n                                            <\/div>\n                                        <\/div>\n\n                                        <header class=\"entry-header\">\n                                            <h4 class=\"entry-title\">\n                                                Avrupa Birli\u011fi'nin Durumu - MeetEU Toplulu\u011fu Taraf\u0131ndan G\u00f6r\u00fcld\u00fc\u011f\u00fc \u015eekliyle                                            <\/h4>\n                                        <\/header>\n\n                                        <div class=\"entry-main\">\n                                            <div class=\"entry-info\">\n                                                <div class=\"event-date\">\n                                                                                                            <i class=\"fas fa-calendar-alt\"><\/i>&nbsp;\n                                                    \n                                                                                                            <span>19 Eyl\u00fcl 2023<\/span>\n                                                                                                                                                                <span>19:00 (CEST)<\/span>\n                                                    \n                                                                                                            <span> - <\/span>\n                                                    \n                                                                                                            <span>19 Eyl\u00fcl 2023<\/span>\n                                                                                                                                                                <span>20:00 (CEST)<\/span>\n                                                                                                    <\/div>\n\n                                                                                                    <div class=\"event-location\">\n                                                                                                                    <i class=\"fas fa-thumbtack\"><\/i>&nbsp;\n                                                            <span>Zoom'da sanal etkinlik<\/span>\n                                                                                                            <\/div>\n\n                                                    <div class=\"event-language\">\n                                                                                                                    <i class=\"fas fa-globe\"><\/i>&nbsp;\n                                                            <span>\u0130ngilizce, \u00e7ok dilli altyaz\u0131larla<\/span>\n                                                                                                            <\/div>\n                                                                                            <\/div>\n\n                                            <div class=\"entry-content\">\n                                                <p>\n<p>Avrupa Birli\u011fi'nin Durumu konu\u015fmas\u0131na benzersiz bir bak\u0131\u015f a\u00e7\u0131s\u0131 i\u00e7in bize kat\u0131l\u0131n! Ge\u00e7en hafta Avrupa Komisyonu Ba\u015fkan\u0131 Ursula von der Leyen g\u00f6r\u00fc\u015flerini ve planlar\u0131n\u0131 payla\u015ft\u0131. \u015eimdi s\u0131ra bizde.<\/p>\n\n\n\n<p>MeetEU'da Avrupa Birli\u011fi'ne vatanda\u015flar\u0131n g\u00f6z\u00fcnden bak\u0131yoruz. Ge\u00e7ti\u011fimiz y\u0131l neleri ba\u015fard\u0131k ve gelecekte hangi zorluklar\u0131n ele al\u0131nmas\u0131 gerekiyor?<\/p>\n\n\n\n<p>K\u00fc\u00e7\u00fck gruplar halinde kendi Vatanda\u015f\u0131n Avrupa Birli\u011fi'ni Durumu konu\u015fmam\u0131z\u0131 olu\u015fturaca\u011f\u0131z. Siz de kat\u0131l\u0131n, sohbet edelim ve e\u011flenelim!<\/p>\n<\/p>\n                                                <div class=\"clear\"><\/div>\n                                            <\/div>\n\n                                                                                    <\/div>\n                                    <\/article>\n                                <\/div>\n                            \n                                <div id=\"post-10557\" class=\"aux-col post-10557\">\n                                    <article class=\"post column-entry post-10557 event_listing type-event_listing status-expired has-post-thumbnail hentry\">\n                                        <div class=\"entry-media\">\n                                            <div class=\"aux-media-frame aux-media-image aux-image-mask\">\n                                                <img decoding=\"async\"\n                                                loading=\"lazy\"\n                                                src=\"https:\/\/meeteu.eu\/wp-content\/uploads\/2023\/07\/Doppelbauer_RailAgency_Website_2.jpg\"\n                                                class=\"aux-attachment aux-featured-image aux-attachment-id-10562 aux-preload aux-has-preview\"\n                                                alt=\"\"\n                                                data-src=\"https:\/\/meeteu.eu\/wp-content\/uploads\/2023\/07\/Doppelbauer_RailAgency_Website_2.jpg\"\n                                                \/>\n                                            <\/div>\n                                        <\/div>\n\n                                        <header class=\"entry-header\">\n                                            <h4 class=\"entry-title\">\n                                                Ye\u015fil Demiryolu Ta\u015f\u0131mac\u0131l\u0131\u011f\u0131 - Do\u011fru Yolda m\u0131y\u0131z?                                            <\/h4>\n                                        <\/header>\n\n                                        <div class=\"entry-main\">\n                                            <div class=\"entry-info\">\n                                                <div class=\"event-date\">\n                                                                                                            <i class=\"fas fa-calendar-alt\"><\/i>&nbsp;\n                                                    \n                                                                                                            <span>18 Temmuz 2023<\/span>\n                                                                                                                                                                <span>19:00 (CEST)<\/span>\n                                                    \n                                                                                                            <span> - <\/span>\n                                                    \n                                                                                                            <span>18 Temmuz 2023<\/span>\n                                                                                                                                                                <span>20:00 (CEST)<\/span>\n                                                                                                    <\/div>\n\n                                                                                                    <div class=\"event-location\">\n                                                                                                                    <i class=\"fas fa-thumbtack\"><\/i>&nbsp;\n                                                            <span>Zoom'da sanal etkinlik<\/span>\n                                                                                                            <\/div>\n\n                                                    <div class=\"event-language\">\n                                                                                                                    <i class=\"fas fa-globe\"><\/i>&nbsp;\n                                                            <span>\u0130ngilizce, \u00e7ok dilli altyaz\u0131larla<\/span>\n                                                                                                            <\/div>\n                                                                                            <\/div>\n\n                                            <div class=\"entry-content\">\n                                                <p><p>Gelece\u011fe do\u011fru raylarda! \u00c7o\u011fumuz trenlerin u\u00e7ak ve arabalara k\u0131yasla en \u00e7evreci ula\u015f\u0131m arac\u0131 oldu\u011fu konusunda hemfikiriz. Ancak trenle A noktas\u0131ndan B noktas\u0131na yolculuk zorlay\u0131c\u0131 olabilir: \u00fc\u00e7 farkl\u0131 ray tipi, uyumsuz sinyalizasyon teknolojisi ve voltaj farkl\u0131l\u0131klar\u0131 yolcular\u0131 yava\u015flat\u0131r ve Avrupa genelinde mallar\u0131n ta\u015f\u0131nmas\u0131n\u0131 engeller.<\/p>\n<p>\u015eimdi gelecek i\u00e7in raylar\u0131 d\u00f6\u015femenin tam zaman\u0131! S\u0131n\u0131r \u00f6tesi trenler onlarca y\u0131ld\u0131r var ve bir sonraki ad\u0131mlar \u015fimdiden belli: s\u0131n\u0131r \u00f6tesi biletleme i\u00e7in tek tip bir temel, uyumlu hidrojen trenleri ve tek tip sinyalizasyon sistemleri.<\/p>\n<p>Avrupa Demiryolu A\u011f\u0131 Ajans\u0131 Direkt\u00f6r\u00fc Josef Doppelbauer ile birlikte Avrupa'n\u0131n raylar\u0131nda bir yolculu\u011fa \u00e7\u0131kaca\u011f\u0131z ve sinyallerin nerede ye\u015fil, nerede hala k\u0131rm\u0131z\u0131 oldu\u011funu g\u00f6rece\u011fiz.<\/p>\n<p>Bavullar\u0131n\u0131z\u0131 deneyimler ve merakla doldurabilirsiniz; gerisini biz getiririz<\/p>\n<\/p>\n                                                <div class=\"clear\"><\/div>\n                                            <\/div>\n\n                                                                                    <\/div>\n                                    <\/article>\n                                <\/div>\n                            \n                                <div id=\"post-10614\" class=\"aux-col post-10614\">\n                                    <article class=\"post column-entry post-10614 event_listing type-event_listing status-expired has-post-thumbnail hentry\">\n                                        <div class=\"entry-media\">\n                                            <div class=\"aux-media-frame aux-media-image aux-image-mask\">\n                                                <img decoding=\"async\"\n                                                loading=\"lazy\"\n                                                src=\"https:\/\/meeteu.eu\/wp-content\/uploads\/2023\/08\/Summer1.jpg\"\n                                                class=\"aux-attachment aux-featured-image aux-attachment-id-10615 aux-preload aux-has-preview\"\n                                                alt=\"\"\n                                                data-src=\"https:\/\/meeteu.eu\/wp-content\/uploads\/2023\/08\/Summer1.jpg\"\n                                                \/>\n                                            <\/div>\n                                        <\/div>\n\n                                        <header class=\"entry-header\">\n                                            <h4 class=\"entry-title\">\n                                                Siz MeetEU'sunuz!                                            <\/h4>\n                                        <\/header>\n\n                                        <div class=\"entry-main\">\n                                            <div class=\"entry-info\">\n                                                <div class=\"event-date\">\n                                                                                                            <i class=\"fas fa-calendar-alt\"><\/i>&nbsp;\n                                                    \n                                                                                                            <span>18 Temmuz 2023<\/span>\n                                                                                                        \n                                                                                                            <span> - <\/span>\n                                                    \n                                                                                                            <span>18 Temmuz 2023<\/span>\n                                                                                                                                                        <\/div>\n\n                                                                                                    <div class=\"event-location\">\n                                                                                                                    <i class=\"fas fa-thumbtack\"><\/i>&nbsp;\n                                                            <span>Zoom'da sanal etkinlik<\/span>\n                                                                                                            <\/div>\n\n                                                    <div class=\"event-language\">\n                                                                                                                    <i class=\"fas fa-globe\"><\/i>&nbsp;\n                                                            <span>\u0130ngilizce, \u00e7ok dilli altyaz\u0131larla<\/span>\n                                                                                                            <\/div>\n                                                                                            <\/div>\n\n                                            <div class=\"entry-content\">\n                                                <p><p>150 etkinlik boyunca Avrupa'daki ortak gelece\u011fimizi tart\u0131\u015ft\u0131k. Sonu\u00e7 mu? S\u0131n\u0131r tan\u0131mayan dostluklar ve ili\u015fkiler. Sizlerle birlikte Avrupa'y\u0131 biraz daha yak\u0131nla\u015ft\u0131rd\u0131k. Bu yolculu\u011fun bir par\u00e7as\u0131 oldu\u011funuz i\u00e7in te\u015fekk\u00fcr ederiz! Birlikte devam edelim.<\/p>\n<\/p>\n                                                <div class=\"clear\"><\/div>\n                                            <\/div>\n\n                                                                                    <\/div>\n                                    <\/article>\n                                <\/div>\n                            \n                                <div id=\"post-10617\" class=\"aux-col post-10617\">\n                                    <article class=\"post column-entry post-10617 event_listing type-event_listing status-expired has-post-thumbnail hentry\">\n                                        <div class=\"entry-media\">\n                                            <div class=\"aux-media-frame aux-media-image aux-image-mask\">\n                                                <img decoding=\"async\"\n                                                loading=\"lazy\"\n                                                src=\"https:\/\/meeteu.eu\/wp-content\/uploads\/2023\/08\/Summer2.jpg\"\n                                                class=\"aux-attachment aux-featured-image aux-attachment-id-10618 aux-preload aux-has-preview\"\n                                                alt=\"\"\n                                                data-src=\"https:\/\/meeteu.eu\/wp-content\/uploads\/2023\/08\/Summer2.jpg\"\n                                                \/>\n                                            <\/div>\n                                        <\/div>\n\n                                        <header class=\"entry-header\">\n                                            <h4 class=\"entry-title\">\n                                                Yaz tatilindeyiz                                            <\/h4>\n                                        <\/header>\n\n                                        <div class=\"entry-main\">\n                                            <div class=\"entry-info\">\n                                                <div class=\"event-date\">\n                                                                                                            <i class=\"fas fa-calendar-alt\"><\/i>&nbsp;\n                                                    \n                                                                                                            <span>12 Temmuz 2023<\/span>\n                                                                                                        \n                                                                                                            <span> - <\/span>\n                                                    \n                                                                                                            <span>12 Eyl\u00fcl 2023<\/span>\n                                                                                                                                                        <\/div>\n\n                                                                                                    <div class=\"event-location\">\n                                                                                                                    <i class=\"fas fa-thumbtack\"><\/i>&nbsp;\n                                                            <span>Zoom'da sanal etkinlik<\/span>\n                                                                                                            <\/div>\n\n                                                    <div class=\"event-language\">\n                                                                                                                    <i class=\"fas fa-globe\"><\/i>&nbsp;\n                                                            <span>\u0130ngilizce, \u00e7ok dilli altyaz\u0131larla<\/span>\n                                                                                                            <\/div>\n                                                                                            <\/div>\n\n                                            <div class=\"entry-content\">\n                                                <p><p>Son \u00fc\u00e7 y\u0131lda iklim de\u011fi\u015fikli\u011finden savunmaya, kad\u0131n haklar\u0131ndan yurtta\u015f kat\u0131l\u0131m\u0131na ve gen\u00e7lerin kat\u0131l\u0131m\u0131na kadar \u00e7e\u015fitli konular\u0131 sizlerle ve 45'ten fazla \u00fclkeden bize kat\u0131lan di\u011fer kat\u0131l\u0131mc\u0131larla tart\u0131\u015ft\u0131k! Bir sonraki sezon i\u00e7in sab\u0131rs\u0131zlan\u0131yoruz... O zamana kadar MeetEU ekipleri yaz tatilinin tad\u0131n\u0131 \u00e7\u0131kar\u0131yor.<\/p>\n<\/p>\n                                                <div class=\"clear\"><\/div>\n                                            <\/div>\n\n                                                                                    <\/div>\n                                    <\/article>\n                                <\/div>\n                            \n                                <div id=\"post-10554\" class=\"aux-col post-10554\">\n                                    <article class=\"post column-entry post-10554 event_listing type-event_listing status-expired has-post-thumbnail hentry\">\n                                        <div class=\"entry-media\">\n                                            <div class=\"aux-media-frame aux-media-image aux-image-mask\">\n                                                <img decoding=\"async\"\n                                                loading=\"lazy\"\n                                                src=\"https:\/\/meeteu.eu\/wp-content\/uploads\/2023\/07\/Space-Agency-Website-Christina-Giannopapa.png\"\n                                                class=\"aux-attachment aux-featured-image aux-attachment-id-10556 aux-preload aux-has-preview\"\n                                                alt=\"\"\n                                                data-src=\"https:\/\/meeteu.eu\/wp-content\/uploads\/2023\/07\/Space-Agency-Website-Christina-Giannopapa.png\"\n                                                \/>\n                                            <\/div>\n                                        <\/div>\n\n                                        <header class=\"entry-header\">\n                                            <h4 class=\"entry-title\">\n                                                Avrupa ve Y\u0131ld\u0131zlar: G\u00fcnl\u00fck Hayat\u0131m\u0131zda Uzay\u0131 Ke\u015ffetmek                                            <\/h4>\n                                        <\/header>\n\n                                        <div class=\"entry-main\">\n                                            <div class=\"entry-info\">\n                                                <div class=\"event-date\">\n                                                                                                            <i class=\"fas fa-calendar-alt\"><\/i>&nbsp;\n                                                    \n                                                                                                            <span>11 Temmuz 2023<\/span>\n                                                                                                                                                                <span>19:00 (CEST)<\/span>\n                                                    \n                                                                                                            <span> - <\/span>\n                                                    \n                                                                                                            <span>11 Temmuz 2023<\/span>\n                                                                                                                                                                <span>20:00 (CEST)<\/span>\n                                                                                                    <\/div>\n\n                                                                                                    <div class=\"event-location\">\n                                                                                                                    <i class=\"fas fa-thumbtack\"><\/i>&nbsp;\n                                                            <span>Zoom'da sanal etkinlik<\/span>\n                                                                                                            <\/div>\n\n                                                    <div class=\"event-language\">\n                                                                                                                    <i class=\"fas fa-globe\"><\/i>&nbsp;\n                                                            <span>\u0130ngilizce, \u00e7ok dilli altyaz\u0131larla<\/span>\n                                                                                                            <\/div>\n                                                                                            <\/div>\n\n                                            <div class=\"entry-content\">\n                                                <p>\n<p>Uzay g\u00fcnl\u00fck hayat\u0131m\u0131z\u0131 nas\u0131l etkiliyor? Yeni bir \u015fehirde navigasyon i\u00e7in uydu sistemlerinin kullan\u0131lmas\u0131ndan, sel ve orman yang\u0131nlar\u0131 gibi do\u011fal afetler i\u00e7in h\u0131zl\u0131 m\u00fcdahale kabiliyetlerinin konu\u015fland\u0131r\u0131lmas\u0131na kadar, uzay \u00e7ok \u00f6nemli bir rol oynamaktad\u0131r. Bu nas\u0131l i\u015fliyor? Ve uzaydan bir bak\u0131\u015f iklim de\u011fi\u015fikli\u011fi hakk\u0131nda ne ortaya koyuyor? <\/p>\n\n\n\n<p>Dr. Christina Giannopapa ile Soru-Cevap i\u00e7in bize kat\u0131l\u0131n. <a href=\"https:\/\/www.euspa.europa.eu\/\" rel=\"noopener\">AB Uzay Program\u0131 Ajans\u0131<\/a>cevaplar\u0131 ortaya \u00e7\u0131kard\u0131\u011f\u0131m\u0131z yer. \u00dccretsiz Zoom ba\u011flant\u0131n\u0131z i\u00e7in buradan kaydolun.<\/p>\n<\/p>\n                                                <div class=\"clear\"><\/div>\n                                            <\/div>\n\n                                                                                    <\/div>\n                                    <\/article>\n                                <\/div>\n                            \n                                <div id=\"post-10551\" class=\"aux-col post-10551\">\n                                    <article class=\"post column-entry post-10551 event_listing type-event_listing status-expired has-post-thumbnail hentry\">\n                                        <div class=\"entry-media\">\n                                            <div class=\"aux-media-frame aux-media-image aux-image-mask\">\n                                                <img decoding=\"async\"\n                                                loading=\"lazy\"\n                                                src=\"https:\/\/meeteu.eu\/wp-content\/uploads\/2023\/07\/Huesmann_.jpg\"\n                                                class=\"aux-attachment aux-featured-image aux-attachment-id-10552 aux-preload aux-has-preview\"\n                                                alt=\"\"\n                                                data-src=\"https:\/\/meeteu.eu\/wp-content\/uploads\/2023\/07\/Huesmann_.jpg\"\n                                                \/>\n                                            <\/div>\n                                        <\/div>\n\n                                        <header class=\"entry-header\">\n                                            <h4 class=\"entry-title\">\n                                                AB Vatanda\u015flar\u0131n\u0131n Kat\u0131l\u0131m\u0131 - Etkili Olamayacak Kadar Par\u00e7al\u0131 m\u0131?                                            <\/h4>\n                                        <\/header>\n\n                                        <div class=\"entry-main\">\n                                            <div class=\"entry-info\">\n                                                <div class=\"event-date\">\n                                                                                                            <i class=\"fas fa-calendar-alt\"><\/i>&nbsp;\n                                                    \n                                                                                                            <span>4 Temmuz 2023<\/span>\n                                                                                                                                                                <span>19:00 (CEST)<\/span>\n                                                    \n                                                                                                            <span> - <\/span>\n                                                    \n                                                                                                            <span>4 Temmuz 2023<\/span>\n                                                                                                                                                                <span>20:00 (CEST)<\/span>\n                                                                                                    <\/div>\n\n                                                                                                    <div class=\"event-location\">\n                                                                                                                    <i class=\"fas fa-thumbtack\"><\/i>&nbsp;\n                                                            <span>Zoom'da sanal etkinlik<\/span>\n                                                                                                            <\/div>\n\n                                                    <div class=\"event-language\">\n                                                                                                                    <i class=\"fas fa-globe\"><\/i>&nbsp;\n                                                            <span>\u0130ngilizce, \u00e7ok dilli altyaz\u0131larla<\/span>\n                                                                                                            <\/div>\n                                                                                            <\/div>\n\n                                            <div class=\"entry-content\">\n                                                <p><p>\u270bSpeak up. ?Gelece\u011fimizi \u015eekillendirin. Evet, AB'de bu m\u00fcmk\u00fcn!<br \/>\n\u2753Ama kendi fikirlerimizle nas\u0131l katk\u0131da bulunabiliriz? Bunu yapman\u0131n etkili yollar\u0131 nelerdir? \u015eehirlerimizde veya b\u00f6lgelerimizde Avrupa'y\u0131 \u015fekillendirmek i\u00e7in ne gibi f\u0131rsatlar\u0131m\u0131z var? Ve ger\u00e7ekten bir fark yaratabilir miyiz? Yoksa vatanda\u015flar\u0131n AB'ye kat\u0131l\u0131m\u0131 \u00e7ok mu par\u00e7al\u0131? Ve e\u011fer \u00f6yleyse - nas\u0131l daha iyisini yapabiliriz?<\/p>\n<p>Bertelsmann Vakf\u0131'ndan demokrasi ve yurtta\u015f kat\u0131l\u0131m\u0131 uzman\u0131 Christian Huesmann bu sorulara \u0131\u015f\u0131k tutacak ve fikirlerinizi sizinle tart\u0131\u015facak.<\/p>\n<\/p>\n                                                <div class=\"clear\"><\/div>\n                                            <\/div>\n\n                                                                                    <\/div>\n                                    <\/article>\n                                <\/div>\n                            \n                                <div id=\"post-10530\" class=\"aux-col post-10530\">\n                                    <article class=\"post column-entry post-10530 event_listing type-event_listing status-expired has-post-thumbnail hentry\">\n                                        <div class=\"entry-media\">\n                                            <div class=\"aux-media-frame aux-media-image aux-image-mask\">\n                                                <img decoding=\"async\"\n                                                loading=\"lazy\"\n                                                src=\"https:\/\/meeteu.eu\/wp-content\/uploads\/2023\/06\/Sven-Mikser-Enlargement-Website.jpg\"\n                                                class=\"aux-attachment aux-featured-image aux-attachment-id-10529 aux-preload aux-has-preview\"\n                                                alt=\"\"\n                                                data-src=\"https:\/\/meeteu.eu\/wp-content\/uploads\/2023\/06\/Sven-Mikser-Enlargement-Website.jpg\"\n                                                \/>\n                                            <\/div>\n                                        <\/div>\n\n                                        <header class=\"entry-header\">\n                                            <h4 class=\"entry-title\">\n                                                Belirsiz Zamanlarda AB Geni\u015flemesi - Birlikte Daha \u0130yi mi Yoksa \u00c7ok Fazla Risk mi?                                            <\/h4>\n                                        <\/header>\n\n                                        <div class=\"entry-main\">\n                                            <div class=\"entry-info\">\n                                                <div class=\"event-date\">\n                                                                                                            <i class=\"fas fa-calendar-alt\"><\/i>&nbsp;\n                                                    \n                                                                                                            <span>27 Haziran 2023<\/span>\n                                                                                                                                                                <span>19:00 (CEST)<\/span>\n                                                    \n                                                                                                            <span> - <\/span>\n                                                    \n                                                                                                            <span>27 Haziran 2023<\/span>\n                                                                                                                                                                <span>20:00 (CEST)<\/span>\n                                                                                                    <\/div>\n\n                                                                                                    <div class=\"event-location\">\n                                                                                                                    <i class=\"fas fa-thumbtack\"><\/i>&nbsp;\n                                                            <span>Zoom'da sanal etkinlik<\/span>\n                                                                                                            <\/div>\n\n                                                    <div class=\"event-language\">\n                                                                                                                    <i class=\"fas fa-globe\"><\/i>&nbsp;\n                                                            <span>\u0130ngilizce, \u00e7ok dilli altyaz\u0131larla<\/span>\n                                                                                                            <\/div>\n                                                                                            <\/div>\n\n                                            <div class=\"entry-content\">\n                                                <p><p>2004 y\u0131l\u0131nda Kuzey Makedonya ilk kez Avrupa Birli\u011fi'ne kat\u0131lmak i\u00e7in ba\u015fvuruda bulundu. 16 y\u0131l\u0131 a\u015fk\u0131n bir s\u00fcre sonra 2020'de resmi m\u00fczakereler ba\u015flad\u0131 - AB geni\u015flemesi zaman alan bir s\u00fcre\u00e7tir.<\/p>\n<p>Ancak AB geni\u015flemesi ivme kazand\u0131 - Rusya'n\u0131n Ukrayna'y\u0131 i\u015fgal etmesinden bir y\u0131l sonra AB aday \u00fclke listesi be\u015ften sekize \u00e7\u0131kt\u0131. Yine de baz\u0131 siyasi ba\u015fkentler i\u00e7in yeni AB \u00fcye \u00fclkeleri, siyasi karar alma s\u00fcrecinin daha da karma\u015f\u0131kla\u015fmas\u0131yla birlikte gelen ek bir mali y\u00fck olarak g\u00f6r\u00fclmeye devam ediyor.<\/p>\n<p>AB geni\u015flemesi i\u00e7in do\u011fru zaman m\u0131? AB i\u00e7inde ve d\u0131\u015f\u0131nda geni\u015fleme s\u00fcrecini etkileyen fakt\u00f6rler nelerdir? H\u0131zl\u0131 bir kat\u0131l\u0131m prosed\u00fcr\u00fc olmal\u0131 m\u0131d\u0131r? Ayr\u0131ca, e\u011fer birlik onlar\u0131 kabul etmezse bunun sonu\u00e7lar\u0131 ne olur?<\/p>\n<p>Bu konuyu Avrupa Parlamentosu \u00fcyesi ve Estonya'n\u0131n eski savunma bakan\u0131 Sven Mikser ile tart\u0131\u015faca\u011f\u0131z. D\u0131\u015f \u0130li\u015fkiler Komitesi \u00fcyesi ve NATO ile ili\u015fkilerden sorumlu delegasyonun ba\u015fkan yard\u0131mc\u0131s\u0131 olan Mikser'in uzmanl\u0131\u011f\u0131 bize konuyla ilgili kapsaml\u0131 bir bak\u0131\u015f a\u00e7\u0131s\u0131 sa\u011flayacak.<\/p>\n<\/p>\n                                                <div class=\"clear\"><\/div>\n                                            <\/div>\n\n                                                                                    <\/div>\n                                    <\/article>\n                                <\/div>\n                            \n                                <div id=\"post-10523\" class=\"aux-col post-10523\">\n                                    <article class=\"post column-entry post-10523 event_listing type-event_listing status-expired has-post-thumbnail hentry\">\n                                        <div class=\"entry-media\">\n                                            <div class=\"aux-media-frame aux-media-image aux-image-mask\">\n                                                <img decoding=\"async\"\n                                                loading=\"lazy\"\n                                                src=\"https:\/\/meeteu.eu\/wp-content\/uploads\/2023\/06\/DemocracyAI_VWebsite_EngA.jpg\"\n                                                class=\"aux-attachment aux-featured-image aux-attachment-id-10524 aux-preload aux-has-preview\"\n                                                alt=\"\"\n                                                data-src=\"https:\/\/meeteu.eu\/wp-content\/uploads\/2023\/06\/DemocracyAI_VWebsite_EngA.jpg\"\n                                                \/>\n                                            <\/div>\n                                        <\/div>\n\n                                        <header class=\"entry-header\">\n                                            <h4 class=\"entry-title\">\n                                                Yapay Zeka ve Demokrasi - Avrupa Hangi Y\u00f6ne Gidiyor?                                            <\/h4>\n                                        <\/header>\n\n                                        <div class=\"entry-main\">\n                                            <div class=\"entry-info\">\n                                                <div class=\"event-date\">\n                                                                                                            <i class=\"fas fa-calendar-alt\"><\/i>&nbsp;\n                                                    \n                                                                                                            <span>15 Haziran 2023<\/span>\n                                                                                                                                                                <span>19:00 (CEST)<\/span>\n                                                    \n                                                                                                            <span> - <\/span>\n                                                    \n                                                                                                            <span>15 Haziran 2023<\/span>\n                                                                                                                                                                <span>20:00 (CEST)<\/span>\n                                                                                                    <\/div>\n\n                                                                                                    <div class=\"event-location\">\n                                                                                                                    <i class=\"fas fa-thumbtack\"><\/i>&nbsp;\n                                                            <span>Zoom'da sanal etkinlik<\/span>\n                                                                                                            <\/div>\n\n                                                    <div class=\"event-language\">\n                                                                                                                    <i class=\"fas fa-globe\"><\/i>&nbsp;\n                                                            <span>\u0130ngilizce, \u00e7ok dilli altyaz\u0131larla<\/span>\n                                                                                                            <\/div>\n                                                                                            <\/div>\n\n                                            <div class=\"entry-content\">\n                                                <p><p>Yapay zeka (AI) h\u0131zla ilerliyor. Temel haklar\u0131n korunmas\u0131 ve daha da geli\u015ftirilmesi i\u00e7in bir \u00e7er\u00e7eve olu\u015fturulmas\u0131 b\u00fcy\u00fck \u00f6nem ta\u015f\u0131maktad\u0131r.<\/p>\n<p>AB bu zorlu\u011fu \u00fcstleniyor ve d\u00fcnyan\u0131n ilk kapsaml\u0131 yapay zeka d\u00fczenlemesi \u00fczerinde \u00e7al\u0131\u015f\u0131yor. Bu bizi do\u011fru y\u00f6ne g\u00f6t\u00fcr\u00fcyor mu? Potansiyel riskleri d\u00fczenlemek yeterli mi, yoksa YZ'nin demokratik potansiyelini tam olarak ortaya \u00e7\u0131karmak i\u00e7in hangi ek \u00f6nlemler gerekiyor?<\/p>\n<p>A\u015fa\u011f\u0131daki konu\u015fmac\u0131lar\u0131n aram\u0131za kat\u0131lmas\u0131ndan b\u00fcy\u00fck mutluluk duyuyoruz:<br \/>\nAlexandra Geese, AP Milletvekili, Ye\u015filler<br \/>\nDaniel Leisegang, netzpolitik.org E\u015f Genel Yay\u0131n Y\u00f6netmeni<br \/>\n? Lajla Fetic, Yapay Zeka Uzman\u0131, Bertelsmann Vakf\u0131<br \/>\nFelix Karrte, AB Direkt\u00f6r\u00fc, Reset.tech<\/p>\n<p>Etkinlik Almanca olarak d\u00fczenlenmi\u015ftir, canl\u0131 \u0130ngilizce \u00e7eviri mevcuttur.<\/p>\n<\/p>\n                                                <div class=\"clear\"><\/div>\n                                            <\/div>\n\n                                                                                    <\/div>\n                                    <\/article>\n                                <\/div>\n                            \n                                <div id=\"post-10390\" class=\"aux-col post-10390\">\n                                    <article class=\"post column-entry post-10390 event_listing type-event_listing status-expired has-post-thumbnail hentry\">\n                                        <div class=\"entry-media\">\n                                            <div class=\"aux-media-frame aux-media-image aux-image-mask\">\n                                                <img decoding=\"async\"\n                                                loading=\"lazy\"\n                                                src=\"https:\/\/meeteu.eu\/wp-content\/uploads\/2023\/06\/AI_Act_Web.jpg\"\n                                                class=\"aux-attachment aux-featured-image aux-attachment-id-10389 aux-preload aux-has-preview\"\n                                                alt=\"\"\n                                                data-src=\"https:\/\/meeteu.eu\/wp-content\/uploads\/2023\/06\/AI_Act_Web.jpg\"\n                                                \/>\n                                            <\/div>\n                                        <\/div>\n\n                                        <header class=\"entry-header\">\n                                            <h4 class=\"entry-title\">\n                                                Yapay Zeka Yasas\u0131: Rekabet \u00dcst\u00fcnl\u00fc\u011f\u00fcn\u00fc Kaybetmek mi, \u0130nsanl\u0131\u011f\u0131 Savunmak m\u0131?                                            <\/h4>\n                                        <\/header>\n\n                                        <div class=\"entry-main\">\n                                            <div class=\"entry-info\">\n                                                <div class=\"event-date\">\n                                                                                                            <i class=\"fas fa-calendar-alt\"><\/i>&nbsp;\n                                                    \n                                                                                                            <span>13 Haziran 2023<\/span>\n                                                                                                                                                                <span>19:00 (CEST)<\/span>\n                                                    \n                                                                                                            <span> - <\/span>\n                                                    \n                                                                                                            <span>13 Haziran 2023<\/span>\n                                                                                                                                                                <span>20:00 (CEST)<\/span>\n                                                                                                    <\/div>\n\n                                                                                                    <div class=\"event-location\">\n                                                                                                                    <i class=\"fas fa-thumbtack\"><\/i>&nbsp;\n                                                            <span>Zoom'da sanal etkinlik<\/span>\n                                                                                                            <\/div>\n\n                                                    <div class=\"event-language\">\n                                                                                                                    <i class=\"fas fa-globe\"><\/i>&nbsp;\n                                                            <span>\u0130ngilizce, \u00e7ok dilli altyaz\u0131larla<\/span>\n                                                                                                            <\/div>\n                                                                                            <\/div>\n\n                                            <div class=\"entry-content\">\n                                                <p>\n<p>YZ taraf\u0131ndan olu\u015fturulan metinlerin veya g\u00f6r\u00fcnt\u00fclerin etiketlenmesi gerekiyor mu? Ki\u015fisel kullan\u0131c\u0131 verilerini kullanarak YZ sistemlerini e\u011fitmek yasal m\u0131? Bu sistemler su\u00e7lular, siyasi kampanyalar veya yabanc\u0131 h\u00fck\u00fcmetler taraf\u0131ndan kullan\u0131ld\u0131\u011f\u0131nda ne olur?<\/p>\n\n\n\n<p>Yapay zekan\u0131n d\u00fczenlenmesi gerekti\u011fi a\u00e7\u0131kt\u0131r. \"AI Act\" ad\u0131 verilen yeni bir AB yasas\u0131n\u0131n bunu yapmas\u0131 bekleniyor. Ancak, etkili \u00f6nlemler ile Avrupa'n\u0131n rekabet g\u00fcc\u00fcn\u00fc korumak aras\u0131nda bir denge bulmak \u00e7ok \u00f6nemli. Peki, yeni Yapay Zeka Yasas\u0131'ndan ne bekleyebiliriz? <\/p>\n\n\n\n<p>Yeni Yapay Zeka Yasas\u0131'n\u0131n haz\u0131rlanmas\u0131nda g\u00f6rev alan Avrupa Komisyonu'ndan (DG Connect) Martin Ulbrich'ten do\u011frudan bilgi al\u0131n. En son geli\u015fmeler hakk\u0131nda bilgi edinin ve sorular\u0131n\u0131z\u0131 yan\u0131tlay\u0131n.<\/p>\n<\/p>\n                                                <div class=\"clear\"><\/div>\n                                            <\/div>\n\n                                                                                    <\/div>\n                                    <\/article>\n                                <\/div>\n                            \n                                <div id=\"post-10384\" class=\"aux-col post-10384\">\n                                    <article class=\"post column-entry post-10384 event_listing type-event_listing status-expired has-post-thumbnail hentry\">\n                                        <div class=\"entry-media\">\n                                            <div class=\"aux-media-frame aux-media-image aux-image-mask\">\n                                                <img decoding=\"async\"\n                                                loading=\"lazy\"\n                                                src=\"https:\/\/meeteu.eu\/wp-content\/uploads\/2023\/06\/CommownWebsite.jpg\"\n                                                class=\"aux-attachment aux-featured-image aux-attachment-id-10385 aux-preload aux-has-preview\"\n                                                alt=\"\"\n                                                data-src=\"https:\/\/meeteu.eu\/wp-content\/uploads\/2023\/06\/CommownWebsite.jpg\"\n                                                \/>\n                                            <\/div>\n                                        <\/div>\n\n                                        <header class=\"entry-header\">\n                                            <h4 class=\"entry-title\">\n                                                Teknoloji Kiralama Made in EU - E-At\u0131klara Elveda Deyin!                                            <\/h4>\n                                        <\/header>\n\n                                        <div class=\"entry-main\">\n                                            <div class=\"entry-info\">\n                                                <div class=\"event-date\">\n                                                                                                            <i class=\"fas fa-calendar-alt\"><\/i>&nbsp;\n                                                    \n                                                                                                            <span>6 Haziran 2023<\/span>\n                                                                                                                                                                <span>19:00 (CEST)<\/span>\n                                                    \n                                                                                                            <span> - <\/span>\n                                                    \n                                                                                                            <span>6 Haziran 2023<\/span>\n                                                                                                                                                                <span>20:00 (CEST)<\/span>\n                                                                                                    <\/div>\n\n                                                                                                    <div class=\"event-location\">\n                                                                                                                    <i class=\"fas fa-thumbtack\"><\/i>&nbsp;\n                                                            <span>Zoom'da sanal etkinlik<\/span>\n                                                                                                            <\/div>\n\n                                                    <div class=\"event-language\">\n                                                                                                                    <i class=\"fas fa-globe\"><\/i>&nbsp;\n                                                            <span>\u0130ngilizce, \u00e7ok dilli altyaz\u0131larla<\/span>\n                                                                                                            <\/div>\n                                                                                            <\/div>\n\n                                            <div class=\"entry-content\">\n                                                <p><p>? 2020 y\u0131l\u0131nda AB, 470 Eyfel Kulesi in\u015fa etmeye yetecek kadar elektronik at\u0131k \u00fcreterek olumsuz bir rekora imza att\u0131. Toksik at\u0131klar\u0131n \u00e7\u00f6pl\u00fcklerde birikmesi ya da geli\u015fmekte olan \u00fclkelere g\u00f6nderilmesiyle ortaya \u00e7\u0131kan sonu\u00e7lar y\u0131k\u0131c\u0131 olmu\u015ftur.<\/p>\n<p>\u267b\ufe0fRecognizing harekete ge\u00e7me ihtiyac\u0131 duyan Frans\u0131z start-up ve kooperatif Commown farkl\u0131 bir yakla\u015f\u0131m benimsedi: de\u011fi\u015ftirmek yerine yeniden kullanmak. Strazburg merkezli \u015firket, s\u00fcrd\u00fcr\u00fclebilir ve adil bir \u015fekilde \u00fcretilmi\u015f diz\u00fcst\u00fc bilgisayarlar\u0131 ve telefonlar\u0131 i\u015fletmelere ve bireylere kiral\u0131yor.<\/p>\n<p>Peki ama bu i\u015f modeli nas\u0131l i\u015fliyor? S\u00fcrd\u00fcr\u00fclebilir t\u00fcketimin gelece\u011fi olabilir mi? Ve gen\u00e7 start-up liderleri Avrupa Birli\u011fi'nden ne bekliyor? Bu sorular\u0131 ara\u015ft\u0131rmak \u00fczere Commown'\u0131n kilit karar al\u0131c\u0131lar\u0131ndan Robin Angel\u00e9 ile bir araya geldik.<\/p>\n<p>Bu etkinlik, Avrupa'n\u0131n teknoloji end\u00fcstrisinin \u00e7e\u015fitlili\u011fini ve yenilik\u00e7i \u00e7\u00f6z\u00fcmlerini sergilemeyi ama\u00e7layan ve \u00e7e\u015fitli Avrupal\u0131 start-up'lar\u0131n yer ald\u0131\u011f\u0131 bir serinin par\u00e7as\u0131d\u0131r.<\/p>\n<\/p>\n                                                <div class=\"clear\"><\/div>\n                                            <\/div>\n\n                                                                                    <\/div>\n                                    <\/article>\n                                <\/div>\n                            \n                                <div id=\"post-10345\" class=\"aux-col post-10345\">\n                                    <article class=\"post column-entry post-10345 event_listing type-event_listing status-expired has-post-thumbnail hentry\">\n                                        <div class=\"entry-media\">\n                                            <div class=\"aux-media-frame aux-media-image aux-image-mask\">\n                                                <img decoding=\"async\"\n                                                loading=\"lazy\"\n                                                src=\"https:\/\/meeteu.eu\/wp-content\/uploads\/2023\/05\/Lila-Break.jpg\"\n                                                class=\"aux-attachment aux-featured-image aux-attachment-id-10346 aux-preload aux-has-preview\"\n                                                alt=\"\"\n                                                data-src=\"https:\/\/meeteu.eu\/wp-content\/uploads\/2023\/05\/Lila-Break.jpg\"\n                                                \/>\n                                            <\/div>\n                                        <\/div>\n\n                                        <header class=\"entry-header\">\n                                            <h4 class=\"entry-title\">\n                                                Mola veriyoruz!                                            <\/h4>\n                                        <\/header>\n\n                                        <div class=\"entry-main\">\n                                            <div class=\"entry-info\">\n                                                <div class=\"event-date\">\n                                                                                                            <i class=\"fas fa-calendar-alt\"><\/i>&nbsp;\n                                                    \n                                                                                                            <span>30 May\u0131s 2023<\/span>\n                                                                                                        \n                                                                                                            <span> - <\/span>\n                                                    \n                                                                                                            <span>30 May\u0131s 2023<\/span>\n                                                                                                                                                        <\/div>\n\n                                                                                                    <div class=\"event-location\">\n                                                                                                                    <i class=\"fas fa-thumbtack\"><\/i>&nbsp;\n                                                            <span>Zoom'da sanal etkinlik<\/span>\n                                                                                                            <\/div>\n\n                                                    <div class=\"event-language\">\n                                                                                                                    <i class=\"fas fa-globe\"><\/i>&nbsp;\n                                                            <span>\u0130ngilizce, \u00e7ok dilli altyaz\u0131larla<\/span>\n                                                                                                            <\/div>\n                                                                                            <\/div>\n\n                                            <div class=\"entry-content\">\n                                                <p><p>\u00dc\u00e7 g\u00fcnl\u00fck hafta sonu iyidir, d\u00f6rt g\u00fcn daha iyidir! Hafta sonumuzu biraz uzataca\u011f\u0131z, haftaya tekrar g\u00f6r\u00fc\u015fmek \u00fczere.<\/p>\n<\/p>\n                                                <div class=\"clear\"><\/div>\n                                            <\/div>\n\n                                                                                    <\/div>\n                                    <\/article>\n                                <\/div>\n                            \n                                <div id=\"post-10133\" class=\"aux-col post-10133\">\n                                    <article class=\"post column-entry post-10133 event_listing type-event_listing status-expired has-post-thumbnail hentry\">\n                                        <div class=\"entry-media\">\n                                            <div class=\"aux-media-frame aux-media-image aux-image-mask\">\n                                                <img decoding=\"async\"\n                                                loading=\"lazy\"\n                                                src=\"https:\/\/meeteu.eu\/wp-content\/uploads\/2023\/05\/Smart-Cities_.jpg\"\n                                                class=\"aux-attachment aux-featured-image aux-attachment-id-10134 aux-preload aux-has-preview\"\n                                                alt=\"\"\n                                                data-src=\"https:\/\/meeteu.eu\/wp-content\/uploads\/2023\/05\/Smart-Cities_.jpg\"\n                                                \/>\n                                            <\/div>\n                                        <\/div>\n\n                                        <header class=\"entry-header\">\n                                            <h4 class=\"entry-title\">\n                                                Ak\u0131ll\u0131 \u015eehirler - Kentsel Ya\u015fam Nas\u0131l De\u011fi\u015fecek?                                            <\/h4>\n                                        <\/header>\n\n                                        <div class=\"entry-main\">\n                                            <div class=\"entry-info\">\n                                                <div class=\"event-date\">\n                                                                                                            <i class=\"fas fa-calendar-alt\"><\/i>&nbsp;\n                                                    \n                                                                                                            <span>23 May\u0131s 2023<\/span>\n                                                                                                                                                                <span>19:00 (CEST)<\/span>\n                                                    \n                                                                                                            <span> - <\/span>\n                                                    \n                                                                                                            <span>23 May\u0131s 2023<\/span>\n                                                                                                                                                                <span>20:00 (CEST)<\/span>\n                                                                                                    <\/div>\n\n                                                                                                    <div class=\"event-location\">\n                                                                                                                    <i class=\"fas fa-thumbtack\"><\/i>&nbsp;\n                                                            <span>Zoom'da sanal etkinlik<\/span>\n                                                                                                            <\/div>\n\n                                                    <div class=\"event-language\">\n                                                                                                                    <i class=\"fas fa-globe\"><\/i>&nbsp;\n                                                            <span>\u0130ngilizce, \u00e7ok dilli altyaz\u0131larla<\/span>\n                                                                                                            <\/div>\n                                                                                            <\/div>\n\n                                            <div class=\"entry-content\">\n                                                <p><p>Avrupa'n\u0131n \u015fehirleri ne kadar ak\u0131ll\u0131? Yenilik\u00e7i teknolojinin kentsel ortamlardaki ya\u015famlar\u0131m\u0131z\u0131, i\u015flerimizi ve ili\u015fkilerimizi nas\u0131l d\u00f6n\u00fc\u015ft\u00fcrd\u00fc\u011f\u00fcn\u00fc ke\u015ffedin. S\u0131n\u0131rlar nerede? Sadece faydalar\u0131 m\u0131 var? Ve hi\u00e7 kimsenin geride kalmamas\u0131 nas\u0131l sa\u011flan\u0131r?<\/p>\n<p>Avrupa'n\u0131n d\u00f6rt bir yan\u0131ndan gelen vatanda\u015flarla bu heyecan verici alandaki en son trendler, zorluklar ve f\u0131rsatlar hakk\u0131nda tart\u0131\u015f\u0131n. \u0130lgi \u00e7ekici bir sunum ve samimi bir fikir al\u0131\u015fveri\u015fi s\u0131ras\u0131nda kentsel inovasyonun s\u0131n\u0131rlar\u0131n\u0131 ke\u015ffetmek i\u00e7in bu f\u0131rsat\u0131 ka\u00e7\u0131rmay\u0131n.<\/p>\n<p>Ekip \u00fcyelerimizden biri olan ve \u015fu anda Br\u00fcksel'de bir dan\u0131\u015fmanl\u0131k grubunda \u00e7al\u0131\u015fan Alessia bu oturuma ev sahipli\u011fi yapacak. Kendisi bir tart\u0131\u015fma ba\u015flatmaktan ve bilgilerini bizimle payla\u015fmaktan mutluluk duyacakt\u0131r.<\/p>\n<\/p>\n                                                <div class=\"clear\"><\/div>\n                                            <\/div>\n\n                                                                                    <\/div>\n                                    <\/article>\n                                <\/div>\n                            \n                                <div id=\"post-10135\" class=\"aux-col post-10135\">\n                                    <article class=\"post column-entry post-10135 event_listing type-event_listing status-expired has-post-thumbnail hentry\">\n                                        <div class=\"entry-media\">\n                                            <div class=\"aux-media-frame aux-media-image aux-image-mask\">\n                                                <img decoding=\"async\"\n                                                loading=\"lazy\"\n                                                src=\"https:\/\/meeteu.eu\/wp-content\/uploads\/2023\/05\/Inviting_MEPs_Website.jpg\"\n                                                class=\"aux-attachment aux-featured-image aux-attachment-id-10136 aux-preload aux-has-preview\"\n                                                alt=\"\"\n                                                data-src=\"https:\/\/meeteu.eu\/wp-content\/uploads\/2023\/05\/Inviting_MEPs_Website.jpg\"\n                                                \/>\n                                            <\/div>\n                                        <\/div>\n\n                                        <header class=\"entry-header\">\n                                            <h4 class=\"entry-title\">\n                                                AP \u00dcyelerini Davet Etmek Yemek Pi\u015firmek Kadar Kolay! (EU-Basics)                                            <\/h4>\n                                        <\/header>\n\n                                        <div class=\"entry-main\">\n                                            <div class=\"entry-info\">\n                                                <div class=\"event-date\">\n                                                                                                            <i class=\"fas fa-calendar-alt\"><\/i>&nbsp;\n                                                    \n                                                                                                            <span>16 May\u0131s 2023<\/span>\n                                                                                                                                                                <span>19:00 (CEST)<\/span>\n                                                    \n                                                                                                            <span> - <\/span>\n                                                    \n                                                                                                            <span>16 May\u0131s 2023<\/span>\n                                                                                                                                                                <span>20:00 (CEST)<\/span>\n                                                                                                    <\/div>\n\n                                                                                                    <div class=\"event-location\">\n                                                                                                                    <i class=\"fas fa-thumbtack\"><\/i>&nbsp;\n                                                            <span>Zoom'da sanal etkinlik<\/span>\n                                                                                                            <\/div>\n\n                                                    <div class=\"event-language\">\n                                                                                                                    <i class=\"fas fa-globe\"><\/i>&nbsp;\n                                                            <span>\u0130ngilizce, \u00e7ok dilli altyaz\u0131larla<\/span>\n                                                                                                            <\/div>\n                                                                                            <\/div>\n\n                                            <div class=\"entry-content\">\n                                                <p><p>Kat\u0131l\u0131m\u0131n\u0131z\u0131 art\u0131r\u0131n! Yerel ve dijital etkinlikler i\u00e7in Avrupa Parlamentosu \u00dcyelerini nas\u0131l davet edece\u011finizi \u00f6\u011fretece\u011fimiz rahat bir oturum i\u00e7in bize kat\u0131l\u0131n. Ekip \u00fcyelerimiz stratejilerini payla\u015facak, konu\u015fmac\u0131n\u0131z i\u00e7in m\u00fckemmel MEP'i nas\u0131l bulaca\u011f\u0131n\u0131z\u0131 g\u00f6sterecek ve etkinlikleriniz i\u00e7in do\u011fru konuyu se\u00e7menin \u00f6nemini a\u00e7\u0131klayacak.<\/p>\n<p>At\u00f6lyemiz, istedi\u011finiz sonuca ula\u015fman\u0131z i\u00e7in size ad\u0131m ad\u0131m rehberlik edece\u011fimiz bir yemek kursuna benziyor. \u00d6\u011frenmek ve etkinliklerinizi bir \u00fcst seviyeye ta\u015f\u0131mak i\u00e7in bu f\u0131rsat\u0131 ka\u00e7\u0131rmay\u0131n.<\/p>\n<p>Rahat at\u00f6lye ve topluluk etkinli\u011fimize kat\u0131l\u0131n.<\/p>\n<\/p>\n                                                <div class=\"clear\"><\/div>\n                                            <\/div>\n\n                                                                                    <\/div>\n                                    <\/article>\n                                <\/div>\n                            \n                                <div id=\"post-10069\" class=\"aux-col post-10069\">\n                                    <article class=\"post column-entry post-10069 event_listing type-event_listing status-expired has-post-thumbnail hentry\">\n                                        <div class=\"entry-media\">\n                                            <div class=\"aux-media-frame aux-media-image aux-image-mask\">\n                                                <img decoding=\"async\"\n                                                loading=\"lazy\"\n                                                src=\"https:\/\/meeteu.eu\/wp-content\/uploads\/2023\/04\/EPPO_Website.jpg\"\n                                                class=\"aux-attachment aux-featured-image aux-attachment-id-10070 aux-preload aux-has-preview\"\n                                                alt=\"\"\n                                                data-src=\"https:\/\/meeteu.eu\/wp-content\/uploads\/2023\/04\/EPPO_Website.jpg\"\n                                                \/>\n                                            <\/div>\n                                        <\/div>\n\n                                        <header class=\"entry-header\">\n                                            <h4 class=\"entry-title\">\n                                                Avrupal\u0131 Vergi M\u00fckelleflerinin Paras\u0131n\u0131 Su\u00e7lulardan Korumak                                            <\/h4>\n                                        <\/header>\n\n                                        <div class=\"entry-main\">\n                                            <div class=\"entry-info\">\n                                                <div class=\"event-date\">\n                                                                                                            <i class=\"fas fa-calendar-alt\"><\/i>&nbsp;\n                                                    \n                                                                                                            <span>9 May\u0131s 2023<\/span>\n                                                                                                                                                                <span>19:00 (CEST)<\/span>\n                                                    \n                                                                                                            <span> - <\/span>\n                                                    \n                                                                                                            <span>9 May\u0131s 2023<\/span>\n                                                                                                                                                                <span>20:00 (CEST)<\/span>\n                                                                                                    <\/div>\n\n                                                                                                    <div class=\"event-location\">\n                                                                                                                    <i class=\"fas fa-thumbtack\"><\/i>&nbsp;\n                                                            <span>Zoom'da sanal etkinlik<\/span>\n                                                                                                            <\/div>\n\n                                                    <div class=\"event-language\">\n                                                                                                                    <i class=\"fas fa-globe\"><\/i>&nbsp;\n                                                            <span>\u0130ngilizce, \u00e7ok dilli altyaz\u0131larla<\/span>\n                                                                                                            <\/div>\n                                                                                            <\/div>\n\n                                            <div class=\"entry-content\">\n                                                <p><p>Avrupa Savc\u0131l\u0131k Ofisi (EPPO) Kurumlar Aras\u0131 \u0130li\u015fkiler Dan\u0131\u015fman\u0131 Titus Poenaru ile Zoom etkinli\u011fimize kat\u0131lma \u015fans\u0131n\u0131 yakalay\u0131n. EPPO, AB fonlar\u0131n\u0131n k\u00f6t\u00fcye kullan\u0131m\u0131, kara para aklama ve KDV doland\u0131r\u0131c\u0131l\u0131\u011f\u0131 da dahil olmak \u00fczere \u00e7ok \u00e7e\u015fitli beyaz yakal\u0131 su\u00e7lar\u0131n soru\u015fturulmas\u0131 ve kovu\u015fturulmas\u0131ndan sorumludur.<\/p>\n<p>Haziran 2021'de faaliyete ge\u00e7mesinden bu yana EPPO, AB \u00dcye Devletleri ve \u00f6zel taraflardan 4.000'in \u00fczerinde su\u00e7 ihbar\u0131 alm\u0131\u015ft\u0131r. Sadece 2022 y\u0131l\u0131nda, \u015f\u00fcpheli su\u00e7lulardan elde edilen 359 milyon Avro dondurulmu\u015ftur.<\/p>\n<p>EPPO'nun AB'nin mali \u00e7\u0131karlar\u0131n\u0131 korumaya y\u00f6nelik \u00e7al\u0131\u015fmalar\u0131 hakk\u0131nda daha fazla bilgi edinmek i\u00e7in Zoom'da bize kat\u0131l\u0131n. Titus Poenaru, rol\u00fc ve bu t\u00fcr su\u00e7larla m\u00fccadelenin zorluklar\u0131 hakk\u0131ndaki sorular\u0131 yan\u0131tlayacak.<\/p>\n\n\n<p><\/p>\n<\/p>\n                                                <div class=\"clear\"><\/div>\n                                            <\/div>\n\n                                                                                    <\/div>\n                                    <\/article>\n                                <\/div>\n                            \n                                <div id=\"post-10066\" class=\"aux-col post-10066\">\n                                    <article class=\"post column-entry post-10066 event_listing type-event_listing status-expired has-post-thumbnail hentry\">\n                                        <div class=\"entry-media\">\n                                            <div class=\"aux-media-frame aux-media-image aux-image-mask\">\n                                                <img decoding=\"async\"\n                                                loading=\"lazy\"\n                                                src=\"https:\/\/meeteu.eu\/wp-content\/uploads\/2023\/04\/Lobbyismintheep-Website.jpg\"\n                                                class=\"aux-attachment aux-featured-image aux-attachment-id-10068 aux-preload aux-has-preview\"\n                                                alt=\"\"\n                                                data-src=\"https:\/\/meeteu.eu\/wp-content\/uploads\/2023\/04\/Lobbyismintheep-Website.jpg\"\n                                                \/>\n                                            <\/div>\n                                        <\/div>\n\n                                        <header class=\"entry-header\">\n                                            <h4 class=\"entry-title\">\n                                                AB'deki N\u00fcfuzun \u0130zlenmesi: AP \u00dcyeniz Kiminle G\u00f6r\u00fc\u015f\u00fcyor?                                            <\/h4>\n                                        <\/header>\n\n                                        <div class=\"entry-main\">\n                                            <div class=\"entry-info\">\n                                                <div class=\"event-date\">\n                                                                                                            <i class=\"fas fa-calendar-alt\"><\/i>&nbsp;\n                                                    \n                                                                                                            <span>2 May\u0131s 2023<\/span>\n                                                                                                                                                                <span>19:00 (CEST)<\/span>\n                                                    \n                                                                                                            <span> - <\/span>\n                                                    \n                                                                                                            <span>2 May\u0131s 2023<\/span>\n                                                                                                                                                                <span>20:00 (CEST)<\/span>\n                                                                                                    <\/div>\n\n                                                                                                    <div class=\"event-location\">\n                                                                                                                    <i class=\"fas fa-thumbtack\"><\/i>&nbsp;\n                                                            <span>Zoom'da sanal etkinlik<\/span>\n                                                                                                            <\/div>\n\n                                                    <div class=\"event-language\">\n                                                                                                                    <i class=\"fas fa-globe\"><\/i>&nbsp;\n                                                            <span>\u0130ngilizce, \u00e7ok dilli altyaz\u0131larla<\/span>\n                                                                                                            <\/div>\n                                                                                            <\/div>\n\n                                            <div class=\"entry-content\">\n                                                <p><p>AB lobicili\u011finin gizemli d\u00fcnyas\u0131n\u0131 merak ediyor musunuz? Yeni Avrupa Parlamentosu \u015feffafl\u0131k kurallar\u0131n\u0131 ke\u015ffetmek i\u00e7in bir at\u00f6lye \u00e7al\u0131\u015fmas\u0131 i\u00e7in bize kat\u0131l\u0131n. Birlikte bu kurallar\u0131n yeterince etkili olup olmad\u0131\u011f\u0131n\u0131 tart\u0131\u015faca\u011f\u0131z. Ayr\u0131ca, AP milletvekilinizin kimlerle g\u00f6r\u00fc\u015ft\u00fc\u011f\u00fcn\u00fc nas\u0131l \u00f6\u011frenebilece\u011finizi g\u00f6sterece\u011fiz.<\/p>\n<p>K\u00fc\u00e7\u00fck gruplar halinde, Avrupa Parlamentosu i\u00e7in \u015feffafl\u0131k kavramlar\u0131 \u00fczerine beyin f\u0131rt\u0131nas\u0131 yapaca\u011f\u0131z. Daha \u015feffaf bir AB tutkunuzu payla\u015fan di\u011fer ki\u015filerle birlikte fikir \u00fcretme f\u0131rsat\u0131n\u0131 yakalay\u0131n.<\/p>\n<\/p>\n                                                <div class=\"clear\"><\/div>\n                                            <\/div>\n\n                                                                                    <\/div>\n                                    <\/article>\n                                <\/div>\n                            \n                                <div id=\"post-9933\" class=\"aux-col post-9933\">\n                                    <article class=\"post column-entry post-9933 event_listing type-event_listing status-expired has-post-thumbnail hentry\">\n                                        <div class=\"entry-media\">\n                                            <div class=\"aux-media-frame aux-media-image aux-image-mask\">\n                                                <img decoding=\"async\"\n                                                loading=\"lazy\"\n                                                src=\"https:\/\/meeteu.eu\/wp-content\/uploads\/2023\/04\/GlobalGatewayVisualWebsite.jpg\"\n                                                class=\"aux-attachment aux-featured-image aux-attachment-id-9935 aux-preload aux-has-preview\"\n                                                alt=\"\"\n                                                data-src=\"https:\/\/meeteu.eu\/wp-content\/uploads\/2023\/04\/GlobalGatewayVisualWebsite.jpg\"\n                                                \/>\n                                            <\/div>\n                                        <\/div>\n\n                                        <header class=\"entry-header\">\n                                            <h4 class=\"entry-title\">\n                                                AB'nin D\u00fcnyay\u0131 Birbirine Ba\u011flama Plan\u0131 - Nas\u0131l \u0130\u015fliyor?                                            <\/h4>\n                                        <\/header>\n\n                                        <div class=\"entry-main\">\n                                            <div class=\"entry-info\">\n                                                <div class=\"event-date\">\n                                                                                                            <i class=\"fas fa-calendar-alt\"><\/i>&nbsp;\n                                                    \n                                                                                                            <span>25 Nisan 2023<\/span>\n                                                                                                                                                                <span>19:00 (CEST)<\/span>\n                                                    \n                                                                                                            <span> - <\/span>\n                                                    \n                                                                                                            <span>25 Nisan 2023<\/span>\n                                                                                                                                                                <span>20:00 (CEST)<\/span>\n                                                                                                    <\/div>\n\n                                                                                                    <div class=\"event-location\">\n                                                                                                                    <i class=\"fas fa-thumbtack\"><\/i>&nbsp;\n                                                            <span>Zoom'da sanal etkinlik<\/span>\n                                                                                                            <\/div>\n\n                                                    <div class=\"event-language\">\n                                                                                                                    <i class=\"fas fa-globe\"><\/i>&nbsp;\n                                                            <span>\u0130ngilizce, \u00e7ok dilli altyaz\u0131larla<\/span>\n                                                                                                            <\/div>\n                                                                                            <\/div>\n\n                                            <div class=\"entry-content\">\n                                                <p><p>Demokrasi, \u015feffafl\u0131k, e\u015fit ortakl\u0131klar ve s\u00fcrd\u00fcr\u00fclebilirlik Avrupa Birli\u011fi'ni karakterize eden temel de\u011ferlerden baz\u0131lar\u0131d\u0131r. AB'nin kilit rol\u00fc, bu ilkeleri AB alan\u0131nda g\u00fcvence alt\u0131na almak ve tam demokratik bir Birli\u011fin vatanda\u015flar taraf\u0131ndan ya\u015fanmas\u0131n\u0131 sa\u011flamakt\u0131r.<\/p>\n<p>Ancak AB s\u0131n\u0131rlar\u0131 d\u0131\u015f\u0131nda bu de\u011ferlere d\u00fcnya genelinde \u00e7o\u011fu zaman sayg\u0131 g\u00f6sterilmemektedir. Global Gateway stratejisi (GG), AB d\u0131\u015f eyleminin iki \u00f6nemli i\u015flevini birle\u015ftirerek bu sorunu \u00e7\u00f6zmeyi ama\u00e7lamaktad\u0131r. Bir yandan, \u00f6zellikle Afrika ve Asya k\u0131tas\u0131 ile ilgili olarak, d\u00fcnya genelinde di\u011fer \u00fclkelerle ortakl\u0131klar kurar. \u00d6te yandan GG'nin amac\u0131, bu ilkeleri AB d\u0131\u015f\u0131nda da g\u00fc\u00e7lendirmek ve ilgili yerel toplumlar i\u00e7in de\u011ferli ba\u011flant\u0131lar ve faydalar yaratmakt\u0131r.<\/p>\n<p>AB, 2027 y\u0131l\u0131 i\u00e7erisinde tamamen ba\u011flant\u0131l\u0131, demokratik ve s\u00fcrd\u00fcr\u00fclebilir bir a\u011fa ula\u015fmay\u0131 ba\u015farabilecek mi? D\u00fcnya genelinde farkl\u0131 \u00fclkelere yakla\u015fman\u0131n zorluklar\u0131yla nas\u0131l y\u00fczle\u015fecek? Di\u011fer benzer giri\u015fimlerle rekabet etmeyi nas\u0131l ba\u015faracak? GG \u015fu anda ne t\u00fcr projeler uyguluyor ve \u00f6n\u00fcm\u00fczdeki d\u00f6nemde bunlar\u0131n etkileri neler olacak? Ba\u011flanabilirlik ve dijital ge\u00e7i\u015ften sorumlu Global Gateway B\u00f6l\u00fcm Ba\u015fkan\u0131 David Ringrose, AB'nin GG arac\u0131l\u0131\u011f\u0131yla d\u0131\u015far\u0131da nas\u0131l hareket etti\u011fi hakk\u0131nda bize daha fazla bilgi verecek.<\/p>\n<\/p>\n                                                <div class=\"clear\"><\/div>\n                                            <\/div>\n\n                                                                                    <\/div>\n                                    <\/article>\n                                <\/div>\n                            \n                                <div id=\"post-9937\" class=\"aux-col post-9937\">\n                                    <article class=\"post column-entry post-9937 event_listing type-event_listing status-expired has-post-thumbnail hentry\">\n                                        <div class=\"entry-media\">\n                                            <div class=\"aux-media-frame aux-media-image aux-image-mask\">\n                                                <img decoding=\"async\"\n                                                loading=\"lazy\"\n                                                src=\"https:\/\/meeteu.eu\/wp-content\/uploads\/2023\/04\/CitizensPanelsEUCommissionW.jpg\"\n                                                class=\"aux-attachment aux-featured-image aux-attachment-id-9938 aux-preload aux-has-preview\"\n                                                alt=\"\"\n                                                data-src=\"https:\/\/meeteu.eu\/wp-content\/uploads\/2023\/04\/CitizensPanelsEUCommissionW.jpg\"\n                                                \/>\n                                            <\/div>\n                                        <\/div>\n\n                                        <header class=\"entry-header\">\n                                            <h4 class=\"entry-title\">\n                                                AB Vatanda\u015f Panelleri - Avrupal\u0131lar Politikalar\u0131n\u0131 Nas\u0131l Birlikte Yarat\u0131yor?                                            <\/h4>\n                                        <\/header>\n\n                                        <div class=\"entry-main\">\n                                            <div class=\"entry-info\">\n                                                <div class=\"event-date\">\n                                                                                                            <i class=\"fas fa-calendar-alt\"><\/i>&nbsp;\n                                                    \n                                                                                                            <span>18 Nisan 2023<\/span>\n                                                                                                                                                                <span>19:00 (CEST)<\/span>\n                                                    \n                                                                                                            <span> - <\/span>\n                                                    \n                                                                                                            <span>18 Nisan 2023<\/span>\n                                                                                                                                                                <span>20:00 (CEST)<\/span>\n                                                                                                    <\/div>\n\n                                                                                                    <div class=\"event-location\">\n                                                                                                                    <i class=\"fas fa-thumbtack\"><\/i>&nbsp;\n                                                            <span>Zoom'da sanal etkinlik<\/span>\n                                                                                                            <\/div>\n\n                                                    <div class=\"event-language\">\n                                                                                                                    <i class=\"fas fa-globe\"><\/i>&nbsp;\n                                                            <span>\u0130ngilizce, \u00e7ok dilli altyaz\u0131larla<\/span>\n                                                                                                            <\/div>\n                                                                                            <\/div>\n\n                                            <div class=\"entry-content\">\n                                                <p><p>Avrupa'n\u0131n en \u00f6nde gelen demokrasi projesi olan Avrupa'n\u0131n Gelece\u011fi Konferans\u0131, y\u00fcz binlerce Avrupal\u0131y\u0131 yar\u0131n\u0131n AB'sine ili\u015fkin fikirler geli\u015ftirmek \u00fczere bir araya getirdi. 18,800'den fazla \u00f6neri geli\u015ftirildi. Peki \u015fimdi ne olacak?<\/p>\n<p>S\u00fcrekli vatanda\u015f kat\u0131l\u0131m\u0131n\u0131n hayata ge\u00e7irilmesi vatanda\u015flar\u0131n \u00f6nceliklerinden biriydi. Aral\u0131k 2022'de Avrupa Komisyonu, Avrupal\u0131lar\u0131 g\u0131da at\u0131klar\u0131n\u0131n azalt\u0131lmas\u0131 gibi belirli alanlarda karar alma ve yasa haz\u0131rlama s\u00fcre\u00e7lerine do\u011frudan dahil eden yeni bir dan\u0131\u015fma s\u00fcreci ba\u015flatt\u0131.<\/p>\n<p>Ancak ana sorular hala a\u00e7\u0131k: Bu isti\u015farelerin sonu\u00e7lar\u0131na ne olacak? Bu panellerden ka\u00e7 tane planlan\u0131yor ve nas\u0131l organize ediliyor?<\/p>\n<p>Avrupa Komisyonu'nda K\u0131demli Uzman olarak Gaetane Ricard-Nihoul ile birlikte yeni vatanda\u015f panellerini koordine etmekte ve denetlemektedir.<\/p>\n<\/p>\n                                                <div class=\"clear\"><\/div>\n                                            <\/div>\n\n                                                                                    <\/div>\n                                    <\/article>\n                                <\/div>\n                            \n                                <div id=\"post-9906\" class=\"aux-col post-9906\">\n                                    <article class=\"post column-entry post-9906 event_listing type-event_listing status-expired has-post-thumbnail hentry\">\n                                        <div class=\"entry-media\">\n                                            <div class=\"aux-media-frame aux-media-image aux-image-mask\">\n                                                <img decoding=\"async\"\n                                                loading=\"lazy\"\n                                                src=\"https:\/\/meeteu.eu\/wp-content\/uploads\/2023\/03\/Break-1104.jpg\"\n                                                class=\"aux-attachment aux-featured-image aux-attachment-id-9907 aux-preload aux-has-preview\"\n                                                alt=\"\"\n                                                data-src=\"https:\/\/meeteu.eu\/wp-content\/uploads\/2023\/03\/Break-1104.jpg\"\n                                                \/>\n                                            <\/div>\n                                        <\/div>\n\n                                        <header class=\"entry-header\">\n                                            <h4 class=\"entry-title\">\n                                                Paskalya Tatili, haftaya g\u00f6r\u00fc\u015fmek \u00fczere!                                            <\/h4>\n                                        <\/header>\n\n                                        <div class=\"entry-main\">\n                                            <div class=\"entry-info\">\n                                                <div class=\"event-date\">\n                                                                                                            <i class=\"fas fa-calendar-alt\"><\/i>&nbsp;\n                                                    \n                                                                                                            <span>11 Nisan 2023<\/span>\n                                                                                                        \n                                                                                                            <span> - <\/span>\n                                                    \n                                                                                                            <span>11 Nisan 2023<\/span>\n                                                                                                                                                        <\/div>\n\n                                                                                                    <div class=\"event-location\">\n                                                                                                                    <i class=\"fas fa-thumbtack\"><\/i>&nbsp;\n                                                            <span>Zoom'da sanal etkinlik<\/span>\n                                                                                                            <\/div>\n\n                                                    <div class=\"event-language\">\n                                                                                                                    <i class=\"fas fa-globe\"><\/i>&nbsp;\n                                                            <span>\u0130ngilizce, \u00e7ok dilli altyaz\u0131larla<\/span>\n                                                                                                            <\/div>\n                                                                                            <\/div>\n\n                                            <div class=\"entry-content\">\n                                                <p><p>Size bir Paskalya kartpostal\u0131 g\u00f6ndermek istiyorduk ama sonra kumbaram\u0131z\u0131n bo\u015f oldu\u011funu fark ettik. E\u011fer Paskalya tav\u015fan\u0131m\u0131z olmak isterseniz, neden bize bir kahve ba\u011f\u0131\u015flam\u0131yorsunuz (sol altta)?<\/p>\n\n\n<p><\/p>\n<\/p>\n                                                <div class=\"clear\"><\/div>\n                                            <\/div>\n\n                                                                                    <\/div>\n                                    <\/article>\n                                <\/div>\n                            \n                                <div id=\"post-9903\" class=\"aux-col post-9903\">\n                                    <article class=\"post column-entry post-9903 event_listing type-event_listing status-expired has-post-thumbnail hentry\">\n                                        <div class=\"entry-media\">\n                                            <div class=\"aux-media-frame aux-media-image aux-image-mask\">\n                                                <img decoding=\"async\"\n                                                loading=\"lazy\"\n                                                src=\"https:\/\/meeteu.eu\/wp-content\/uploads\/2023\/03\/Visual_ClimatePact1_Website-1.jpg\"\n                                                class=\"aux-attachment aux-featured-image aux-attachment-id-9927 aux-preload aux-has-preview\"\n                                                alt=\"\"\n                                                data-src=\"https:\/\/meeteu.eu\/wp-content\/uploads\/2023\/03\/Visual_ClimatePact1_Website-1.jpg\"\n                                                \/>\n                                            <\/div>\n                                        <\/div>\n\n                                        <header class=\"entry-header\">\n                                            <h4 class=\"entry-title\">\n                                                Ye\u015fil Devrimi Toplulu\u011funuza Nas\u0131l Getirebilirsiniz?                                            <\/h4>\n                                        <\/header>\n\n                                        <div class=\"entry-main\">\n                                            <div class=\"entry-info\">\n                                                <div class=\"event-date\">\n                                                                                                            <i class=\"fas fa-calendar-alt\"><\/i>&nbsp;\n                                                    \n                                                                                                            <span>4 Nisan 2023<\/span>\n                                                                                                                                                                <span>19:00 (CEST)<\/span>\n                                                    \n                                                                                                            <span> - <\/span>\n                                                    \n                                                                                                            <span>4 Nisan 2023<\/span>\n                                                                                                                                                                <span>20:00 (CEST)<\/span>\n                                                                                                    <\/div>\n\n                                                                                                    <div class=\"event-location\">\n                                                                                                                    <i class=\"fas fa-thumbtack\"><\/i>&nbsp;\n                                                            <span>Zoom'da sanal etkinlik<\/span>\n                                                                                                            <\/div>\n\n                                                    <div class=\"event-language\">\n                                                                                                                    <i class=\"fas fa-globe\"><\/i>&nbsp;\n                                                            <span>\u0130ngilizce, \u00e7ok dilli altyaz\u0131larla<\/span>\n                                                                                                            <\/div>\n                                                                                            <\/div>\n\n                                            <div class=\"entry-content\">\n                                                <p><p>AB Ye\u015fil Mutabakat\u0131 y\u0131llard\u0131r \u00e7evre, iklim ve biyo\u00e7e\u015fitlilik hedeflerine ula\u015fmak i\u00e7in \u00e7abal\u0131yor. Peki ama insanlar\u0131 bu s\u00fcrece dahil olmalar\u0131 i\u00e7in nas\u0131l motive edebiliriz? Avrupa \u0130klim Pakt\u0131 size yard\u0131mc\u0131 olmak i\u00e7in burada. Bu, Avrupa'daki bireyleri g\u00fcnl\u00fck rutinlerinde iklim i\u00e7in harekete ge\u00e7meleri ve daha ye\u015fil bir Avrupa yarat\u0131lmas\u0131na katk\u0131da bulunmalar\u0131 i\u00e7in g\u00fc\u00e7lendiren AB \u00e7ap\u0131nda bir giri\u015fimdir.<\/p>\n<p>'Avrupa \u0130klim Pakt\u0131'n\u0131 ve nas\u0131l i\u015fledi\u011fini merak ediyor musunuz? Kimler kat\u0131labilir ve iklim hareketini (trans)ulusal d\u00fczeyde g\u00fc\u00e7lendirmede ne kadar etkilidir? Ayr\u0131ca, ye\u015fil eylemler i\u00e7in kaynaklar haz\u0131r m\u0131? Son olarak, sosyal seferberlik tek ba\u015f\u0131na net s\u0131f\u0131ra ula\u015fmam\u0131z\u0131 sa\u011flayabilir mi?<\/p>\n<p>\u0130klim Pakt\u0131 El\u00e7isi ve Bel\u00e7ika, L\u00fcksemburg ve Hollanda \u00fclke koordinat\u00f6r\u00fc Fons Janssen t\u00fcm cevaplara sahip. Program\u0131n iklim eylemi \u00e7abalar\u0131n\u0131z\u0131n etkinli\u011fini nas\u0131l art\u0131rabilece\u011fini a\u00e7\u0131klayacak<\/p>\n<\/p>\n                                                <div class=\"clear\"><\/div>\n                                            <\/div>\n\n                                                                                    <\/div>\n                                    <\/article>\n                                <\/div>\n                            \n                                <div id=\"post-9796\" class=\"aux-col post-9796\">\n                                    <article class=\"post column-entry post-9796 event_listing type-event_listing status-expired has-post-thumbnail hentry\">\n                                        <div class=\"entry-media\">\n                                            <div class=\"aux-media-frame aux-media-image aux-image-mask\">\n                                                <img decoding=\"async\"\n                                                loading=\"lazy\"\n                                                src=\"https:\/\/meeteu.eu\/wp-content\/uploads\/2023\/03\/ESM_Wesbite.jpg\"\n                                                class=\"aux-attachment aux-featured-image aux-attachment-id-9797 aux-preload aux-has-preview\"\n                                                alt=\"\"\n                                                data-src=\"https:\/\/meeteu.eu\/wp-content\/uploads\/2023\/03\/ESM_Wesbite.jpg\"\n                                                \/>\n                                            <\/div>\n                                        <\/div>\n\n                                        <header class=\"entry-header\">\n                                            <h4 class=\"entry-title\">\n                                                Avro B\u00f6lgesi Nas\u0131l Krize Dayan\u0131kl\u0131 Hale Getirilir?                                            <\/h4>\n                                        <\/header>\n\n                                        <div class=\"entry-main\">\n                                            <div class=\"entry-info\">\n                                                <div class=\"event-date\">\n                                                                                                            <i class=\"fas fa-calendar-alt\"><\/i>&nbsp;\n                                                    \n                                                                                                            <span>28 Mart 2023<\/span>\n                                                                                                                                                                <span>19:00 (CEST)<\/span>\n                                                    \n                                                                                                            <span> - <\/span>\n                                                    \n                                                                                                            <span>28 Mart 2023<\/span>\n                                                                                                                                                                <span>20:00 (CEST)<\/span>\n                                                                                                    <\/div>\n\n                                                                                                    <div class=\"event-location\">\n                                                                                                                    <i class=\"fas fa-thumbtack\"><\/i>&nbsp;\n                                                            <span>Zoom'da sanal etkinlik<\/span>\n                                                                                                            <\/div>\n\n                                                    <div class=\"event-language\">\n                                                                                                                    <i class=\"fas fa-globe\"><\/i>&nbsp;\n                                                            <span>\u0130ngilizce, \u00e7ok dilli altyaz\u0131larla<\/span>\n                                                                                                            <\/div>\n                                                                                            <\/div>\n\n                                            <div class=\"entry-content\">\n                                                <p>\n<p>Yakla\u015f\u0131k 340 milyon insan tek para birimi olarak Avro'yu payla\u015f\u0131yor. Ya para birli\u011fimizi yeni bir kriz vurursa? Buna haz\u0131rl\u0131kl\u0131 olmak i\u00e7in \u015funlar\u0131 tart\u0131\u015f\u0131yoruz <em>'Avro b\u00f6lgesi nas\u0131l krize dayan\u0131kl\u0131 hale getirilir?<\/em>&nbsp;Rolf Strauch ile. Rolf, L\u00fcksemburg'daki Avro Kriz Fonu - Avrupa \u0130stikrar Mekanizmas\u0131'nda (ESM) Ba\u015f Ekonomist olarak g\u00f6rev yapmaktad\u0131r.<\/p>\n\n\n\n<p>Bu konuda konu\u015faca\u011f\u0131z: Gelecekte krizlerin \u00fcstesinden gelebilmek i\u00e7in Avro b\u00f6lgesinin kurumsal mimarisindeki eksik par\u00e7alar nelerdir? Avrupa pandemiye iyi tepki verdi mi? Ve Avro kurtarma fonu ESM, bu ekonomik aksakl\u0131klarla m\u00fccadele etmek i\u00e7in hangi ara\u00e7lara sahip?<\/p>\n\n\n\n<p>Birlikte, hepimiz i\u00e7in m\u00fcreffeh ve g\u00fcvenli bir gelecek i\u00e7in zorluklar\u0131 ve \u00e7\u00f6z\u00fcmleri ke\u015ffedece\u011fiz.<\/p>\n\n\n\n<p>Sorular\u0131n\u0131z\u0131 sormak, \u00f6nerilerinizi payla\u015fmak veya Rolf ile g\u00f6r\u00fc\u015f al\u0131\u015fveri\u015finde bulunmak i\u00e7in bu f\u0131rsat\u0131 ka\u00e7\u0131rmay\u0131n!&nbsp;<\/p>\n\n\n\n<figure class=\"wp-block-image size-full is-resized\"><img decoding=\"async\" src=\"https:\/\/meeteu.eu\/wp-content\/uploads\/2023\/03\/download.png\" alt=\"\" class=\"wp-image-9799\" width=\"295\" height=\"101\"\/><\/figure>\n<\/p>\n                                                <div class=\"clear\"><\/div>\n                                            <\/div>\n\n                                                                                    <\/div>\n                                    <\/article>\n                                <\/div>\n                            \n                                <div id=\"post-9792\" class=\"aux-col post-9792\">\n                                    <article class=\"post column-entry post-9792 event_listing type-event_listing status-expired has-post-thumbnail hentry\">\n                                        <div class=\"entry-media\">\n                                            <div class=\"aux-media-frame aux-media-image aux-image-mask\">\n                                                <img decoding=\"async\"\n                                                loading=\"lazy\"\n                                                src=\"https:\/\/meeteu.eu\/wp-content\/uploads\/2023\/03\/voluteersfor.eu_wesbite.jpg\"\n                                                class=\"aux-attachment aux-featured-image aux-attachment-id-9794 aux-preload aux-has-preview\"\n                                                alt=\"\"\n                                                data-src=\"https:\/\/meeteu.eu\/wp-content\/uploads\/2023\/03\/voluteersfor.eu_wesbite.jpg\"\n                                                \/>\n                                            <\/div>\n                                        <\/div>\n\n                                        <header class=\"entry-header\">\n                                            <h4 class=\"entry-title\">\n                                                AB Aktivistleri i\u00e7in Bir Platform - Nas\u0131l Olmal\u0131?                                            <\/h4>\n                                        <\/header>\n\n                                        <div class=\"entry-main\">\n                                            <div class=\"entry-info\">\n                                                <div class=\"event-date\">\n                                                                                                            <i class=\"fas fa-calendar-alt\"><\/i>&nbsp;\n                                                    \n                                                                                                            <span>21 Mart 2023<\/span>\n                                                                                                                                                                <span>19:00 (CEST)<\/span>\n                                                    \n                                                                                                            <span> - <\/span>\n                                                    \n                                                                                                            <span>21 Mart 2023<\/span>\n                                                                                                                                                                <span>20:00 (CEST)<\/span>\n                                                                                                    <\/div>\n\n                                                                                                    <div class=\"event-location\">\n                                                                                                                    <i class=\"fas fa-thumbtack\"><\/i>&nbsp;\n                                                            <span>Zoom'da sanal etkinlik<\/span>\n                                                                                                            <\/div>\n\n                                                    <div class=\"event-language\">\n                                                                                                                    <i class=\"fas fa-globe\"><\/i>&nbsp;\n                                                            <span>\u0130ngilizce, \u00e7ok dilli altyaz\u0131larla<\/span>\n                                                                                                            <\/div>\n                                                                                            <\/div>\n\n                                            <div class=\"entry-content\">\n                                                <p>\n<p>Sivil toplum kurulu\u015flar\u0131 Avrupa'y\u0131 birbirine ba\u011fl\u0131yor: \u0130ster gen\u00e7lik de\u011fi\u015fiminin, ister sosyal projelerin, ister yerel Avrupa e\u011fitiminin, isterse Avrupa \u00e7ap\u0131nda kat\u0131l\u0131m bi\u00e7imlerinin te\u015fvik edilmesi yoluyla olsun. Binlerce g\u00f6n\u00fcll\u00fc, ba\u011fl\u0131l\u0131klar\u0131yla Avrupa entegrasyonuna katk\u0131da bulunmaktad\u0131r.<\/p>\n\n\n\n<p>Peki bu binlerce g\u00f6n\u00fcll\u00fc g\u00fcncel kampanyalar\u0131 tart\u0131\u015fmak i\u00e7in nerede bulu\u015fuyor? Yeni silah arkada\u015flar\u0131n\u0131 nerede bulabilir ve ortakl\u0131klar kurabilirler? Olduk\u00e7a aktif olan AB dernek ortam\u0131na ra\u011fmen, dernekler, kurumlar ve vak\u0131flar aras\u0131nda sinerjiyi te\u015fvik eden merkezi bir platform hala yok.<\/p>\n\n\n\n<p>Bunu de\u011fi\u015ftirebilir miyiz? Sizinle birlikte, inovasyon i\u00e7in bir merkeze d\u00f6n\u00fc\u015fecek bir konsept geli\u015ftirmek istiyoruz. Bunun bir par\u00e7as\u0131 olun, yarat\u0131c\u0131l\u0131\u011f\u0131n\u0131z\u0131 ortaya koyun ve Avrupa'y\u0131 ulusal s\u0131n\u0131rlar\u0131n \u00f6tesine ba\u011flamaya yard\u0131mc\u0131 olun,<\/p>\n<\/p>\n                                                <div class=\"clear\"><\/div>\n                                            <\/div>\n\n                                                                                    <\/div>\n                                    <\/article>\n                                <\/div>\n                            \n                                <div id=\"post-9790\" class=\"aux-col post-9790\">\n                                    <article class=\"post column-entry post-9790 event_listing type-event_listing status-expired has-post-thumbnail hentry\">\n                                        <div class=\"entry-media\">\n                                            <div class=\"aux-media-frame aux-media-image aux-image-mask\">\n                                                <img decoding=\"async\"\n                                                loading=\"lazy\"\n                                                src=\"https:\/\/meeteu.eu\/wp-content\/uploads\/2023\/03\/Digital-EU-Referendums_Website-.jpg\"\n                                                class=\"aux-attachment aux-featured-image aux-attachment-id-9791 aux-preload aux-has-preview\"\n                                                alt=\"\"\n                                                data-src=\"https:\/\/meeteu.eu\/wp-content\/uploads\/2023\/03\/Digital-EU-Referendums_Website-.jpg\"\n                                                \/>\n                                            <\/div>\n                                        <\/div>\n\n                                        <header class=\"entry-header\">\n                                            <h4 class=\"entry-title\">\n                                                Dijital AB Referandumlar\u0131 - Demokrasiyi G\u00fc\u00e7lendirici mi Yoksa Aptalca Bir Fikir mi?                                            <\/h4>\n                                        <\/header>\n\n                                        <div class=\"entry-main\">\n                                            <div class=\"entry-info\">\n                                                <div class=\"event-date\">\n                                                                                                            <i class=\"fas fa-calendar-alt\"><\/i>&nbsp;\n                                                    \n                                                                                                            <span>14 Mart 2023<\/span>\n                                                                                                                                                                <span>19:00 (CEST)<\/span>\n                                                    \n                                                                                                            <span> - <\/span>\n                                                    \n                                                                                                            <span>14 Mart 2023<\/span>\n                                                                                                                                                                <span>20:00 (CEST)<\/span>\n                                                                                                    <\/div>\n\n                                                                                                    <div class=\"event-location\">\n                                                                                                                    <i class=\"fas fa-thumbtack\"><\/i>&nbsp;\n                                                            <span>Zoom'da sanal etkinlik<\/span>\n                                                                                                            <\/div>\n\n                                                    <div class=\"event-language\">\n                                                                                                                    <i class=\"fas fa-globe\"><\/i>&nbsp;\n                                                            <span>\u0130ngilizce, \u00e7ok dilli altyaz\u0131larla<\/span>\n                                                                                                            <\/div>\n                                                                                            <\/div>\n\n                                            <div class=\"entry-content\">\n                                                <p>\n<p>Estonya'daki dijital oylaman\u0131n \u00fclkenin yeniden ba\u011f\u0131ms\u0131zl\u0131\u011f\u0131n\u0131 kazanmas\u0131ndan bu yana rekor bir kat\u0131l\u0131ma katk\u0131da bulunmas\u0131ndan bir hafta sonra, Avrupa d\u00fczeyinde bu y\u00f6nde d\u00fc\u015f\u00fcnceli bir ad\u0131m atmak istiyoruz: AB d\u00fczeyinde dijital referandumlar olmal\u0131 m\u0131?<\/p>\n\n\n\n<p>Bu bir saatlik tart\u0131\u015fma etkinli\u011finde sizlerle birlikte iki konuyu ele alaca\u011f\u0131z: Avrupa d\u00fczeyinde referandumlar\u0131n avantaj ve dezavantajlar\u0131 ile olas\u0131 teknik fizibilite. Avrupa \u00e7ap\u0131nda referandumlar g\u00fc\u00e7 dengesini tehlikeye atar m\u0131? Pop\u00fclistler i\u00e7in memnuniyetle kar\u015f\u0131lanan bir platform sa\u011flayabilirler mi? Ba\u011flay\u0131c\u0131 olmal\u0131lar m\u0131?<\/p>\n\n\n\n<p>Buna g\u00f6re <em>vatanda\u015flar taraf\u0131ndan, vatanda\u015flar i\u00e7in slogan\u0131<\/em>Bu etkinlik i\u00e7in \u00f6n bilgi gerekmiyor.  Sadece etkinli\u011fe kat\u0131l\u0131n, bir \u00e7ay al\u0131n ve s\u0131cac\u0131k bir grupta d\u00f6rt bir k\u00f6\u015feden gelen Avrupal\u0131larla tart\u0131\u015f\u0131n. <\/p>\n\n\n\n<p><\/p>\n<\/p>\n                                                <div class=\"clear\"><\/div>\n                                            <\/div>\n\n                                                                                    <\/div>\n                                    <\/article>\n                                <\/div>\n                            \n                                <div id=\"post-9787\" class=\"aux-col post-9787\">\n                                    <article class=\"post column-entry post-9787 event_listing type-event_listing status-expired has-post-thumbnail hentry\">\n                                        <div class=\"entry-media\">\n                                            <div class=\"aux-media-frame aux-media-image aux-image-mask\">\n                                                <img decoding=\"async\"\n                                                loading=\"lazy\"\n                                                src=\"https:\/\/meeteu.eu\/wp-content\/uploads\/2023\/03\/MeetEU-general-assambly_Website-.jpg\"\n                                                class=\"aux-attachment aux-featured-image aux-attachment-id-9788 aux-preload aux-has-preview\"\n                                                alt=\"\"\n                                                data-src=\"https:\/\/meeteu.eu\/wp-content\/uploads\/2023\/03\/MeetEU-general-assambly_Website-.jpg\"\n                                                \/>\n                                            <\/div>\n                                        <\/div>\n\n                                        <header class=\"entry-header\">\n                                            <h4 class=\"entry-title\">\n                                                MeetEU Genel Y\u0131ll\u0131k Kurulu                                            <\/h4>\n                                        <\/header>\n\n                                        <div class=\"entry-main\">\n                                            <div class=\"entry-info\">\n                                                <div class=\"event-date\">\n                                                                                                            <i class=\"fas fa-calendar-alt\"><\/i>&nbsp;\n                                                    \n                                                                                                            <span>7 Mart 2023<\/span>\n                                                                                                                                                                <span>19:00 (CEST)<\/span>\n                                                    \n                                                                                                            <span> - <\/span>\n                                                    \n                                                                                                            <span>7 Mart 2023<\/span>\n                                                                                                                                                                <span>20:00 (CEST)<\/span>\n                                                                                                    <\/div>\n\n                                                                                                    <div class=\"event-location\">\n                                                                                                                    <i class=\"fas fa-thumbtack\"><\/i>&nbsp;\n                                                            <span>Zoom'da sanal etkinlik<\/span>\n                                                                                                            <\/div>\n\n                                                    <div class=\"event-language\">\n                                                                                                                    <i class=\"fas fa-globe\"><\/i>&nbsp;\n                                                            <span>\u0130ngilizce, \u00e7ok dilli altyaz\u0131larla<\/span>\n                                                                                                            <\/div>\n                                                                                            <\/div>\n\n                                            <div class=\"entry-content\">\n                                                <p>\n<p>Avrupa Beceriler Y\u0131l\u0131, 2024 Avrupa se\u00e7imleri ve di\u011fer b\u00fcy\u00fck projeler MeetEU'yu me\u015fgul ediyor. Y\u0131ll\u0131k toplant\u0131m\u0131z s\u0131ras\u0131nda, MeetEU derne\u011finin \u00fcyeleri finansal planlama, stratejik y\u00f6nler ve idari planlama hakk\u0131nda karar verirler.<\/p>\n\n\n\n<p>Bunun yan\u0131 s\u0131ra, y\u0131ll\u0131k toplant\u0131y\u0131 ge\u00e7en y\u0131lki ba\u015far\u0131lar\u0131m\u0131z\u0131 \u00f6zetlemek ve mevcut zorluklara \u00e7\u00f6z\u00fcm bulmak i\u00e7in de kullan\u0131yoruz.<\/p>\n\n\n\n<p>L\u00fctfen dikkat: Bu etkinlik sadece MeetEU \u00dcyelerine ve MeetEU Ekibine a\u00e7\u0131kt\u0131r.<\/p>\n<\/p>\n                                                <div class=\"clear\"><\/div>\n                                            <\/div>\n\n                                                                                    <\/div>\n                                    <\/article>\n                                <\/div>\n                            \n                                <div id=\"post-9748\" class=\"aux-col post-9748\">\n                                    <article class=\"post column-entry post-9748 event_listing type-event_listing status-expired has-post-thumbnail hentry\">\n                                        <div class=\"entry-media\">\n                                            <div class=\"aux-media-frame aux-media-image aux-image-mask\">\n                                                <img decoding=\"async\"\n                                                loading=\"lazy\"\n                                                src=\"https:\/\/meeteu.eu\/wp-content\/uploads\/2023\/02\/The-Future-Of-Europe-Citizens-WEBSITE-1.jpg\"\n                                                class=\"aux-attachment aux-featured-image aux-attachment-id-9754 aux-preload aux-has-preview\"\n                                                alt=\"\"\n                                                data-src=\"https:\/\/meeteu.eu\/wp-content\/uploads\/2023\/02\/The-Future-Of-Europe-Citizens-WEBSITE-1.jpg\"\n                                                \/>\n                                            <\/div>\n                                        <\/div>\n\n                                        <header class=\"entry-header\">\n                                            <h4 class=\"entry-title\">\n                                                Avrupa'n\u0131n Gelece\u011fi: Vatanda\u015flar\u0131n Vizyonlar\u0131 Neler?                                            <\/h4>\n                                        <\/header>\n\n                                        <div class=\"entry-main\">\n                                            <div class=\"entry-info\">\n                                                <div class=\"event-date\">\n                                                                                                            <i class=\"fas fa-calendar-alt\"><\/i>&nbsp;\n                                                    \n                                                                                                            <span>28 \u015eubat 2023<\/span>\n                                                                                                                                                                <span>19:00 (CEST)<\/span>\n                                                    \n                                                                                                            <span> - <\/span>\n                                                    \n                                                                                                            <span>28 \u015eubat 2023<\/span>\n                                                                                                                                                                <span>20:00 (CEST)<\/span>\n                                                                                                    <\/div>\n\n                                                                                                    <div class=\"event-location\">\n                                                                                                                    <i class=\"fas fa-thumbtack\"><\/i>&nbsp;\n                                                            <span>Zoom'da sanal etkinlik<\/span>\n                                                                                                            <\/div>\n\n                                                    <div class=\"event-language\">\n                                                                                                                    <i class=\"fas fa-globe\"><\/i>&nbsp;\n                                                            <span>\u0130ngilizce, \u00e7ok dilli altyaz\u0131larla<\/span>\n                                                                                                            <\/div>\n                                                                                            <\/div>\n\n                                            <div class=\"entry-content\">\n                                                <p>\n<p>Avrupa'n\u0131n en \u00f6nde gelen demokrasi projesi olan Avrupa'n\u0131n Gelece\u011fi Konferans\u0131, y\u00fcz binlerce Avrupal\u0131y\u0131 yar\u0131n\u0131n AB'sine ili\u015fkin fikirler geli\u015ftirmek \u00fczere bir araya getirdi. 18,800'den fazla \u00f6neri geli\u015ftirildi. Peki \u015fimdi ne olacak?<\/p>\n\n\n\n<p>\u0130ster iklim de\u011fi\u015fikli\u011fi, ister g\u0131da g\u00fcvenli\u011fi, ister d\u0131\u015f politika ya da teknoloji olsun. Bir y\u0131l boyunca AB vatanda\u015flar\u0131 gelecekle ilgili t\u00fcm alanlarda fikirlerini payla\u015fmaya te\u015fvik edildi. \u00d6zetlenen sonu\u00e7lar\u0131n \u015fimdi Avrupa d\u00fczeyindeki politika yap\u0131c\u0131lar taraf\u0131ndan hayata ge\u00e7irilmesi gerekiyor. Bu s\u00fcre\u00e7 nas\u0131l ilerliyor? T\u00fcm fikirler hayata ge\u00e7irilecek mi ve bunlar\u0131n \u00e7ekmecelerde kalmayaca\u011f\u0131ndan nas\u0131l emin olabiliriz?<\/p>\n\n\n\n<p>Guillaume McLaughlin ile birlikte bu sorular\u0131 tart\u0131\u015faca\u011f\u0131z. Avrupa Parlamentosu Kurumlar Aras\u0131 Gelece\u011fi D\u00fc\u015f\u00fcnme Birimi'nde Birim Ba\u015fkan\u0131 olarak projenin \u015fekillendirilmesinde aktif olarak yer alm\u0131\u015ft\u0131r.<\/p>\n<\/p>\n                                                <div class=\"clear\"><\/div>\n                                            <\/div>\n\n                                                                                    <\/div>\n                                    <\/article>\n                                <\/div>\n                            \n                                <div id=\"post-9672\" class=\"aux-col post-9672\">\n                                    <article class=\"post column-entry post-9672 event_listing type-event_listing status-expired has-post-thumbnail hentry\">\n                                        <div class=\"entry-media\">\n                                            <div class=\"aux-media-frame aux-media-image aux-image-mask\">\n                                                <img decoding=\"async\"\n                                                loading=\"lazy\"\n                                                src=\"https:\/\/meeteu.eu\/wp-content\/uploads\/2023\/02\/Visual-mardi-gras.jpg\"\n                                                class=\"aux-attachment aux-featured-image aux-attachment-id-9673 aux-preload aux-has-preview\"\n                                                alt=\"\"\n                                                data-src=\"https:\/\/meeteu.eu\/wp-content\/uploads\/2023\/02\/Visual-mardi-gras.jpg\"\n                                                \/>\n                                            <\/div>\n                                        <\/div>\n\n                                        <header class=\"entry-header\">\n                                            <h4 class=\"entry-title\">\n                                                Bug\u00fcn resmi tatil!                                            <\/h4>\n                                        <\/header>\n\n                                        <div class=\"entry-main\">\n                                            <div class=\"entry-info\">\n                                                <div class=\"event-date\">\n                                                                                                            <i class=\"fas fa-calendar-alt\"><\/i>&nbsp;\n                                                    \n                                                                                                            <span>21 \u015eubat 2023<\/span>\n                                                                                                                                                                <span>19:00 (CEST)<\/span>\n                                                    \n                                                                                                            <span> - <\/span>\n                                                    \n                                                                                                            <span>21 \u015eubat 2023<\/span>\n                                                                                                                                                                <span>20:00 (CEST)<\/span>\n                                                                                                    <\/div>\n\n                                                                                                    <div class=\"event-location\">\n                                                                                                                    <i class=\"fas fa-thumbtack\"><\/i>&nbsp;\n                                                            <span>Zoom'da sanal etkinlik<\/span>\n                                                                                                            <\/div>\n\n                                                    <div class=\"event-language\">\n                                                                                                                    <i class=\"fas fa-globe\"><\/i>&nbsp;\n                                                            <span>\u0130ngilizce, \u00e7ok dilli altyaz\u0131larla<\/span>\n                                                                                                            <\/div>\n                                                                                            <\/div>\n\n                                            <div class=\"entry-content\">\n                                                <p>\n<p>Bu Sal\u0131 MeetEU etkinli\u011fi olmayacak, ancak endi\u015felenmeyin. Discord sunucumuzda her g\u00fcn ilgin\u00e7 tart\u0131\u015fmalar bulacaks\u0131n\u0131z. U\u011framaktan \u00e7ekinmeyin!<\/p>\n<\/p>\n                                                <div class=\"clear\"><\/div>\n                                            <\/div>\n\n                                                                                    <\/div>\n                                    <\/article>\n                                <\/div>\n                            \n                                <div id=\"post-9615\" class=\"aux-col post-9615\">\n                                    <article class=\"post column-entry post-9615 event_listing type-event_listing status-expired has-post-thumbnail hentry\">\n                                        <div class=\"entry-media\">\n                                            <div class=\"aux-media-frame aux-media-image aux-image-mask\">\n                                                <img decoding=\"async\"\n                                                loading=\"lazy\"\n                                                src=\"https:\/\/meeteu.eu\/wp-content\/uploads\/2023\/02\/ENG-Banner-Visual-EUIntern.jpg\"\n                                                class=\"aux-attachment aux-featured-image aux-attachment-id-9616 aux-preload aux-has-preview\"\n                                                alt=\"\"\n                                                data-src=\"https:\/\/meeteu.eu\/wp-content\/uploads\/2023\/02\/ENG-Banner-Visual-EUIntern.jpg\"\n                                                \/>\n                                            <\/div>\n                                        <\/div>\n\n                                        <header class=\"entry-header\">\n                                            <h4 class=\"entry-title\">\n                                                AB Kurumlar\u0131ndaki Staj Olanaklar\u0131n\u0131z                                            <\/h4>\n                                        <\/header>\n\n                                        <div class=\"entry-main\">\n                                            <div class=\"entry-info\">\n                                                <div class=\"event-date\">\n                                                                                                            <i class=\"fas fa-calendar-alt\"><\/i>&nbsp;\n                                                    \n                                                                                                            <span>14 \u015eubat 2023<\/span>\n                                                                                                                                                                <span>19:00 (CEST)<\/span>\n                                                    \n                                                                                                            <span> - <\/span>\n                                                    \n                                                                                                            <span>14 \u015eubat 2023<\/span>\n                                                                                                                                                                <span>20:00 (CEST)<\/span>\n                                                                                                    <\/div>\n\n                                                                                                    <div class=\"event-location\">\n                                                                                                                    <i class=\"fas fa-thumbtack\"><\/i>&nbsp;\n                                                            <span>Zoom'da sanal etkinlik<\/span>\n                                                                                                            <\/div>\n\n                                                    <div class=\"event-language\">\n                                                                                                                    <i class=\"fas fa-globe\"><\/i>&nbsp;\n                                                            <span>\u0130ngilizce, \u00e7ok dilli altyaz\u0131larla<\/span>\n                                                                                                            <\/div>\n                                                                                            <\/div>\n\n                                            <div class=\"entry-content\">\n                                                <p>\n<p>Staj\u0131n\u0131z yakla\u015f\u0131yor ve AB konular\u0131 kalbinize yak\u0131n m\u0131? O halde Avrupa Birli\u011fi Kurumlar\u0131ndan birinde staj ba\u015fvurusunda bulunmay\u0131 \u00e7oktan d\u00fc\u015f\u00fcnm\u00fc\u015fs\u00fcn\u00fczd\u00fcr.<\/p>\n\n\n\n<p>Bir\u00e7ok f\u0131rsat var ve hangisinin sizin i\u00e7in do\u011fru oldu\u011funu bilmek zor olabilir! Schumann ve Bluebook Stajyerli\u011fi aras\u0131ndaki fark nedir? Nas\u0131l ba\u015fvurabilirim? Ne zaman ba\u015fvurmal\u0131y\u0131m? Hangi kurum bana en uygun?<\/p>\n\n\n\n<p>Etkinli\u011fimiz s\u0131ras\u0131nda Katharina, Verena, Marko ve Mona sorular\u0131n\u0131z\u0131 yan\u0131tlayacak ve Avrupa Komisyonu, Parlamento, Konsey ve Almanya Federal Cumhuriyeti'nin AB Daimi Temsilcili\u011fi'ndeki deneyimlerini payla\u015facaklar.<\/p>\n\n\n\n<p>\u0130lgileniyor musunuz? Bize kat\u0131l\u0131n!<\/p>\n<\/p>\n                                                <div class=\"clear\"><\/div>\n                                            <\/div>\n\n                                                                                    <\/div>\n                                    <\/article>\n                                <\/div>\n                            \n                                <div id=\"post-9479\" class=\"aux-col post-9479\">\n                                    <article class=\"post column-entry post-9479 event_listing type-event_listing status-expired has-post-thumbnail hentry\">\n                                        <div class=\"entry-media\">\n                                            <div class=\"aux-media-frame aux-media-image aux-image-mask\">\n                                                <img decoding=\"async\"\n                                                loading=\"lazy\"\n                                                src=\"https:\/\/meeteu.eu\/wp-content\/uploads\/2023\/01\/Ask-me-anything-visual-wesbite.jpg\"\n                                                class=\"aux-attachment aux-featured-image aux-attachment-id-9480 aux-preload aux-has-preview\"\n                                                alt=\"\"\n                                                data-src=\"https:\/\/meeteu.eu\/wp-content\/uploads\/2023\/01\/Ask-me-anything-visual-wesbite.jpg\"\n                                                \/>\n                                            <\/div>\n                                        <\/div>\n\n                                        <header class=\"entry-header\">\n                                            <h4 class=\"entry-title\">\n                                                AB'de BT Proje Y\u00f6neticisiyim. Bana Her \u015eeyi Sor                                            <\/h4>\n                                        <\/header>\n\n                                        <div class=\"entry-main\">\n                                            <div class=\"entry-info\">\n                                                <div class=\"event-date\">\n                                                                                                            <i class=\"fas fa-calendar-alt\"><\/i>&nbsp;\n                                                    \n                                                                                                            <span>7 \u015eubat 2023<\/span>\n                                                                                                                                                                <span>19:00 (CEST)<\/span>\n                                                    \n                                                                                                            <span> - <\/span>\n                                                    \n                                                                                                            <span>7 \u015eubat 2023<\/span>\n                                                                                                                                                                <span>20:00 (CEST)<\/span>\n                                                                                                    <\/div>\n\n                                                                                                    <div class=\"event-location\">\n                                                                                                                    <i class=\"fas fa-thumbtack\"><\/i>&nbsp;\n                                                            <span>Zoom'da sanal etkinlik<\/span>\n                                                                                                            <\/div>\n\n                                                    <div class=\"event-language\">\n                                                                                                                    <i class=\"fas fa-globe\"><\/i>&nbsp;\n                                                            <span>\u0130ngilizce, \u00e7ok dilli altyaz\u0131larla<\/span>\n                                                                                                            <\/div>\n                                                                                            <\/div>\n\n                                            <div class=\"entry-content\">\n                                                <p>\n<p>Bastien, Br\u00fcksel'deki Avrupa Komisyonu'nda BT Proje Y\u00f6neticisi olarak g\u00f6rev yapmaktad\u0131r. Komisyon taraf\u0131ndan karar alma s\u00fcre\u00e7lerinde kullan\u0131lan bir ara\u00e7 \u00fczerinde \u00e7al\u0131\u015fan bir ekibin par\u00e7as\u0131d\u0131r. Yapt\u0131\u011f\u0131 i\u015f neleri i\u00e7eriyor? B\u00f6yle bir i\u015fe nas\u0131l girilir? Br\u00fcksel'de ya\u015famak nas\u0131l bir \u015fey? Bir saatlik oturum boyunca Bastien, i\u015fi, uzmanl\u0131k alanlar\u0131 ve aradaki her \u015fey hakk\u0131nda sorular\u0131n\u0131z\u0131 yan\u0131tlayacak. <\/p>\n\n\n\n<p>AB'deki bir BT uzman\u0131n\u0131n \u00e7al\u0131\u015fmalar\u0131 hakk\u0131nda bilgi edinme f\u0131rsat\u0131n\u0131 ka\u00e7\u0131rmay\u0131n.<\/p>\n<\/p>\n                                                <div class=\"clear\"><\/div>\n                                            <\/div>\n\n                                                                                    <\/div>\n                                    <\/article>\n                                <\/div>\n                            \n                                <div id=\"post-9469\" class=\"aux-col post-9469\">\n                                    <article class=\"post column-entry post-9469 event_listing type-event_listing status-expired has-post-thumbnail hentry\">\n                                        <div class=\"entry-media\">\n                                            <div class=\"aux-media-frame aux-media-image aux-image-mask\">\n                                                <img decoding=\"async\"\n                                                loading=\"lazy\"\n                                                src=\"https:\/\/meeteu.eu\/wp-content\/uploads\/2023\/01\/Michal-Wiezik_Website.jpg\"\n                                                class=\"aux-attachment aux-featured-image aux-attachment-id-9468 aux-preload aux-has-preview\"\n                                                alt=\"\"\n                                                data-src=\"https:\/\/meeteu.eu\/wp-content\/uploads\/2023\/01\/Michal-Wiezik_Website.jpg\"\n                                                \/>\n                                            <\/div>\n                                        <\/div>\n\n                                        <header class=\"entry-header\">\n                                            <h4 class=\"entry-title\">\n                                                T\u00fcm Ormanlar\u0131m\u0131z Nereye Gitti?                                            <\/h4>\n                                        <\/header>\n\n                                        <div class=\"entry-main\">\n                                            <div class=\"entry-info\">\n                                                <div class=\"event-date\">\n                                                                                                            <i class=\"fas fa-calendar-alt\"><\/i>&nbsp;\n                                                    \n                                                                                                            <span>31 Ocak 2023<\/span>\n                                                                                                                                                                <span>19:00 (CEST)<\/span>\n                                                    \n                                                                                                            <span> - <\/span>\n                                                    \n                                                                                                            <span>31 Ocak 2023<\/span>\n                                                                                                                                                                <span>20:00 (CEST)<\/span>\n                                                                                                    <\/div>\n\n                                                                                                    <div class=\"event-location\">\n                                                                                                                    <i class=\"fas fa-thumbtack\"><\/i>&nbsp;\n                                                            <span>Zoom'da sanal etkinlik<\/span>\n                                                                                                            <\/div>\n\n                                                    <div class=\"event-language\">\n                                                                                                                    <i class=\"fas fa-globe\"><\/i>&nbsp;\n                                                            <span>\u0130ngilizce, \u00e7ok dilli altyaz\u0131larla<\/span>\n                                                                                                            <\/div>\n                                                                                            <\/div>\n\n                                            <div class=\"entry-content\">\n                                                <p>\n<p>Orta ve Do\u011fu Avrupa'da ormanlar b\u00fcy\u00fck \u00f6l\u00e7ekte yok ediliyor. Yasal ve yasad\u0131\u015f\u0131 olarak. A\u011fa\u00e7lar sadece bir meta olarak g\u00f6r\u00fcl\u00fcyor. Y\u00fckselen enerji fiyatlar\u0131 da bu k\u0131\u015f a\u011fa\u00e7 kesimini art\u0131rabilir. \u00d6zellikle de pek \u00e7ok insan\u0131n evlerini odunla \u0131s\u0131tt\u0131\u011f\u0131 \u00fcye \u00fclkelerde.<\/p>\n\n\n\n<p>Avrupa'n\u0131n hassas ormanlar\u0131n\u0131 korumak i\u00e7in ne yapabiliriz? Bu konuyu Avrupa Parlamentosu \u00c7evre (ENVI) komitesi \u00fcyesi ve Yenileme Grubu Slovak milletvekili ekolog Michal Wiezik ile konu\u015fal\u0131m.<\/p>\n\n\n\n<p>Michal Wiezik ile sohbetimize kat\u0131l\u0131n!<\/p>\n<\/p>\n                                                <div class=\"clear\"><\/div>\n                                            <\/div>\n\n                                                                                    <\/div>\n                                    <\/article>\n                                <\/div>\n                            \n                                <div id=\"post-9466\" class=\"aux-col post-9466\">\n                                    <article class=\"post column-entry post-9466 event_listing type-event_listing status-expired has-post-thumbnail hentry\">\n                                        <div class=\"entry-media\">\n                                            <div class=\"aux-media-frame aux-media-image aux-image-mask\">\n                                                <img decoding=\"async\"\n                                                loading=\"lazy\"\n                                                src=\"https:\/\/meeteu.eu\/wp-content\/uploads\/2023\/01\/Ukraine_web_announcement.png\"\n                                                class=\"aux-attachment aux-featured-image aux-attachment-id-9510 aux-preload aux-has-preview\"\n                                                alt=\"\"\n                                                data-src=\"https:\/\/meeteu.eu\/wp-content\/uploads\/2023\/01\/Ukraine_web_announcement.png\"\n                                                \/>\n                                            <\/div>\n                                        <\/div>\n\n                                        <header class=\"entry-header\">\n                                            <h4 class=\"entry-title\">\n                                                Ukrayna'n\u0131n AB \u00dcyeli\u011fi: Perspektifler ve Zorluklar                                            <\/h4>\n                                        <\/header>\n\n                                        <div class=\"entry-main\">\n                                            <div class=\"entry-info\">\n                                                <div class=\"event-date\">\n                                                                                                            <i class=\"fas fa-calendar-alt\"><\/i>&nbsp;\n                                                    \n                                                                                                            <span>24 Ocak 2023<\/span>\n                                                                                                                                                                <span>19:00 (CEST)<\/span>\n                                                    \n                                                                                                            <span> - <\/span>\n                                                    \n                                                                                                            <span>24 Ocak 2023<\/span>\n                                                                                                                                                                <span>20:00 (CEST)<\/span>\n                                                                                                    <\/div>\n\n                                                                                                    <div class=\"event-location\">\n                                                                                                                    <i class=\"fas fa-thumbtack\"><\/i>&nbsp;\n                                                            <span>Zoom'da sanal etkinlik<\/span>\n                                                                                                            <\/div>\n\n                                                    <div class=\"event-language\">\n                                                                                                                    <i class=\"fas fa-globe\"><\/i>&nbsp;\n                                                            <span>\u0130ngilizce, \u00e7ok dilli altyaz\u0131larla<\/span>\n                                                                                                            <\/div>\n                                                                                            <\/div>\n\n                                            <div class=\"entry-content\">\n                                                <p>\n<p>Birlikte, mevcut sava\u015f alan\u0131 raporlar\u0131n\u0131n \u00f6tesine ge\u00e7erek Ukrayna'n\u0131n AB'deki gelece\u011fine bir g\u00f6z ataca\u011f\u0131z. Ukrayna'n\u0131n AB'ye kat\u0131l\u0131m\u0131n\u0131n \u00f6n\u00fcndeki zorluklar nelerdir? Bundan 10 ya da 20 y\u0131l sonra kazan-kazan sonucunu g\u00fcvence alt\u0131na almak i\u00e7in ger\u00e7ekle\u015fmesi gereken kritik olaylar nelerdir? <\/p>\n\n\n\n<p>Bize kat\u0131l\u0131n ve Victoria Vdovychenko (Do\u00e7ent, Hukuk ve Uluslararas\u0131 \u0130li\u015fkiler Fak\u00fcltesi, Borys Grinchenko Kiev \u00dcniversitesi) ile g\u00f6r\u00fc\u015f al\u0131\u015fveri\u015finde bulunun. Kendisi bize ilk elden bilgi verecektir. <\/p>\n<\/p>\n                                                <div class=\"clear\"><\/div>\n                                            <\/div>\n\n                                                                                    <\/div>\n                                    <\/article>\n                                <\/div>\n                            \n                                <div id=\"post-9458\" class=\"aux-col post-9458\">\n                                    <article class=\"post column-entry post-9458 event_listing type-event_listing status-expired has-post-thumbnail hentry\">\n                                        <div class=\"entry-media\">\n                                            <div class=\"aux-media-frame aux-media-image aux-image-mask\">\n                                                <img decoding=\"async\"\n                                                loading=\"lazy\"\n                                                src=\"https:\/\/meeteu.eu\/wp-content\/uploads\/2023\/01\/EU-Quiz-Fun-Edition-Website.jpg\"\n                                                class=\"aux-attachment aux-featured-image aux-attachment-id-9459 aux-preload aux-has-preview\"\n                                                alt=\"\"\n                                                data-src=\"https:\/\/meeteu.eu\/wp-content\/uploads\/2023\/01\/EU-Quiz-Fun-Edition-Website.jpg\"\n                                                \/>\n                                            <\/div>\n                                        <\/div>\n\n                                        <header class=\"entry-header\">\n                                            <h4 class=\"entry-title\">\n                                                AB S\u0131nav\u0131 - E\u011flence S\u00fcr\u00fcm\u00fc                                            <\/h4>\n                                        <\/header>\n\n                                        <div class=\"entry-main\">\n                                            <div class=\"entry-info\">\n                                                <div class=\"event-date\">\n                                                                                                            <i class=\"fas fa-calendar-alt\"><\/i>&nbsp;\n                                                    \n                                                                                                            <span>17 Ocak 2023<\/span>\n                                                                                                                                                                <span>19:00 (CEST)<\/span>\n                                                    \n                                                                                                            <span> - <\/span>\n                                                    \n                                                                                                            <span>17 Ocak 2023<\/span>\n                                                                                                                                                                <span>20:00 (CEST)<\/span>\n                                                                                                    <\/div>\n\n                                                                                                    <div class=\"event-location\">\n                                                                                                                    <i class=\"fas fa-thumbtack\"><\/i>&nbsp;\n                                                            <span>Zoom'da sanal etkinlik<\/span>\n                                                                                                            <\/div>\n\n                                                    <div class=\"event-language\">\n                                                                                                                    <i class=\"fas fa-globe\"><\/i>&nbsp;\n                                                            <span>\u0130ngilizce, \u00e7ok dilli altyaz\u0131larla<\/span>\n                                                                                                            <\/div>\n                                                                                            <\/div>\n\n                                            <div class=\"entry-content\">\n                                                <p>\n<p>Avrupa ile ilgileniyor musunuz? Bilgi yar\u0131\u015fmalar\u0131nda ba\u015far\u0131l\u0131 olur musunuz? O zaman takvimlerinizi 17 Ocak i\u00e7in i\u015faretleyin, \u00e7\u00fcnk\u00fc MeetEU, AB bilginizi test edebilece\u011finiz ve harika \u00f6d\u00fcller kazanabilece\u011finiz bir Kahoot Quiz'e ev sahipli\u011fi yap\u0131yor! Siyasetten k\u00fclt\u00fcre ve tarihe kadar bu bilgi yar\u0131\u015fmas\u0131 her \u015feyi kaps\u0131yor. <\/p>\n\n\n\n<p>Hepsinden iyisi, kat\u0131l\u0131m \u00fccretsizdir ve etkinlik \u0130ngilizce olarak ger\u00e7ekle\u015ftirilecektir. AB uzmanl\u0131\u011f\u0131n\u0131z\u0131 sergilemek ve baz\u0131 harika \u00f6d\u00fcllerle ayr\u0131lmak i\u00e7in bu heyecan verici f\u0131rsat\u0131 ka\u00e7\u0131rmay\u0131n. Yerinizi ay\u0131rtmak i\u00e7in \u015fimdi kaydolun!<\/p>\n<\/p>\n                                                <div class=\"clear\"><\/div>\n                                            <\/div>\n\n                                                                                    <\/div>\n                                    <\/article>\n                                <\/div>\n                            \n                                <div id=\"post-9436\" class=\"aux-col post-9436\">\n                                    <article class=\"post column-entry post-9436 event_listing type-event_listing status-expired has-post-thumbnail hentry\">\n                                        <div class=\"entry-media\">\n                                            <div class=\"aux-media-frame aux-media-image aux-image-mask\">\n                                                <img decoding=\"async\"\n                                                loading=\"lazy\"\n                                                src=\"https:\/\/meeteu.eu\/wp-content\/uploads\/2022\/12\/Visual-Website.jpg\"\n                                                class=\"aux-attachment aux-featured-image aux-attachment-id-9437 aux-preload aux-has-preview\"\n                                                alt=\"\"\n                                                data-src=\"https:\/\/meeteu.eu\/wp-content\/uploads\/2022\/12\/Visual-Website.jpg\"\n                                                \/>\n                                            <\/div>\n                                        <\/div>\n\n                                        <header class=\"entry-header\">\n                                            <h4 class=\"entry-title\">\n                                                Avrupa Birli\u011fi'ni Nesiller Boyu Tart\u0131\u015fal\u0131m - Ama Nas\u0131l?                                            <\/h4>\n                                        <\/header>\n\n                                        <div class=\"entry-main\">\n                                            <div class=\"entry-info\">\n                                                <div class=\"event-date\">\n                                                                                                            <i class=\"fas fa-calendar-alt\"><\/i>&nbsp;\n                                                    \n                                                                                                            <span>20 Aral\u0131k 2022<\/span>\n                                                                                                                                                                <span>19:00 (CEST)<\/span>\n                                                    \n                                                                                                            <span> - <\/span>\n                                                    \n                                                                                                            <span>20 Aral\u0131k 2022<\/span>\n                                                                                                                                                                <span>20:00 (CEST)<\/span>\n                                                                                                    <\/div>\n\n                                                                                                    <div class=\"event-location\">\n                                                                                                                    <i class=\"fas fa-thumbtack\"><\/i>&nbsp;\n                                                            <span>Zoom'da sanal etkinlik<\/span>\n                                                                                                            <\/div>\n\n                                                    <div class=\"event-language\">\n                                                                                                                    <i class=\"fas fa-globe\"><\/i>&nbsp;\n                                                            <span>\u0130ngilizce, \u00e7ok dilli altyaz\u0131larla<\/span>\n                                                                                                            <\/div>\n                                                                                            <\/div>\n\n                                            <div class=\"entry-content\">\n                                                <p>\n<p>Sizden 30 ya\u015f k\u00fc\u00e7\u00fck ya da b\u00fcy\u00fck biriyle Avrupa'y\u0131 tart\u0131\u015fmaya ne dersiniz? Bir kafede mi? Bir y\u00fcr\u00fcy\u00fc\u015f gezisi s\u0131ras\u0131nda? Bir Avrupa festivalinde? Ya da rastgele bir dijital platformda?<\/p>\n\n\n\n<p>Yar\u0131n i\u00e7inde ya\u015fayaca\u011f\u0131m\u0131z Avrupa hepimizi ilgilendiriyor! Bu y\u00fczden nas\u0131l g\u00f6r\u00fcnmesi gerekti\u011fi konusunda birlikte konu\u015fmal\u0131y\u0131z. Ancak genellikle ayn\u0131 ya\u015ftaki insanlarla tart\u0131\u015f\u0131yoruz; i\u015fte, \u00fcniversitede ya da arkada\u015flar aras\u0131nda...<\/p>\n\n\n\n<p><strong>Bu balondan \u00e7\u0131kal\u0131m! Ama nas\u0131l? Karar al\u0131c\u0131lar, uzmanlar ve sizlerle birlikte, Avrupa Birli\u011fi'ndeki ortak gelece\u011fimiz konusunda nesiller aras\u0131nda nas\u0131l bir fikir al\u0131\u015fveri\u015fi yap\u0131labilece\u011fine dair fikirler geli\u015ftirmek istiyoruz.<\/strong><\/p>\n\n\n\n<p>AB uzman\u0131 de\u011fil misiniz? Endi\u015felenmeyin, bu bir avantaj. Siz sadece yarat\u0131c\u0131l\u0131\u011f\u0131n\u0131z\u0131 ortaya koyun, gerisini biz hallederiz.<\/p>\n\n\n\n<p><strong>Vatanda\u015flar taraf\u0131ndan, vatanda\u015flarla birlikte, vatanda\u015flar i\u00e7in - orada olun ve \u00e7al\u0131\u015ftaya kat\u0131l\u0131n!<\/strong><\/p>\n<\/p>\n                                                <div class=\"clear\"><\/div>\n                                            <\/div>\n\n                                                                                    <\/div>\n                                    <\/article>\n                                <\/div>\n                            \n                                <div id=\"post-9399\" class=\"aux-col post-9399\">\n                                    <article class=\"post column-entry post-9399 event_listing type-event_listing status-expired has-post-thumbnail hentry\">\n                                        <div class=\"entry-media\">\n                                            <div class=\"aux-media-frame aux-media-image aux-image-mask\">\n                                                <img decoding=\"async\"\n                                                loading=\"lazy\"\n                                                src=\"https:\/\/meeteu.eu\/wp-content\/uploads\/2022\/12\/EU_Enlargement_Adnan_MeetEU_web.png\"\n                                                class=\"aux-attachment aux-featured-image aux-attachment-id-9400 aux-preload aux-has-preview\"\n                                                alt=\"\"\n                                                data-src=\"https:\/\/meeteu.eu\/wp-content\/uploads\/2022\/12\/EU_Enlargement_Adnan_MeetEU_web.png\"\n                                                \/>\n                                            <\/div>\n                                        <\/div>\n\n                                        <header class=\"entry-header\">\n                                            <h4 class=\"entry-title\">\n                                                AB Geni\u015flemesini H\u0131zland\u0131rmal\u0131 m\u0131y\u0131z?                                            <\/h4>\n                                        <\/header>\n\n                                        <div class=\"entry-main\">\n                                            <div class=\"entry-info\">\n                                                <div class=\"event-date\">\n                                                                                                            <i class=\"fas fa-calendar-alt\"><\/i>&nbsp;\n                                                    \n                                                                                                            <span>13 Aral\u0131k 2022<\/span>\n                                                                                                                                                                <span>19:00 (CEST)<\/span>\n                                                    \n                                                                                                            <span> - <\/span>\n                                                    \n                                                                                                            <span>13 Aral\u0131k 2022<\/span>\n                                                                                                                                                                <span>20:00 (CEST)<\/span>\n                                                                                                    <\/div>\n\n                                                                                                    <div class=\"event-location\">\n                                                                                                                    <i class=\"fas fa-thumbtack\"><\/i>&nbsp;\n                                                            <span>Zoom'da sanal etkinlik<\/span>\n                                                                                                            <\/div>\n\n                                                    <div class=\"event-language\">\n                                                                                                                    <i class=\"fas fa-globe\"><\/i>&nbsp;\n                                                            <span>\u0130ngilizce, \u00e7ok dilli altyaz\u0131larla<\/span>\n                                                                                                            <\/div>\n                                                                                            <\/div>\n\n                                            <div class=\"entry-content\">\n                                                <p>\n<p>Rusya'n\u0131n Ukrayna'y\u0131 i\u015fgali Avrupa'n\u0131n siyasi manzaras\u0131n\u0131 temelden de\u011fi\u015ftiriyor. Yeni bir demir perde \u00e7ekiliyor ve k\u0131tay\u0131 ikiye b\u00f6l\u00fcyor. Buna kar\u015f\u0131l\u0131k Avrupa Birli\u011fi Ukrayna, Moldova ve G\u00fcrcistan'a AB \u00fcyeli\u011fi yolunu a\u00e7t\u0131. Bu ne kadar ger\u00e7ek\u00e7i? Bat\u0131 Balkan \u00fclkelerine bakt\u0131\u011f\u0131m\u0131zda iyimser olmak i\u00e7in pek bir neden g\u00f6remiyoruz. Alt\u0131 Bat\u0131 Balkan \u00fclkesinin hepsi s\u0131k\u0131\u015fm\u0131\u015f durumda.  AB'nin bunu kabul etmesinin ve Bat\u0131 Balkanlar, Ukrayna, Moldova ve G\u00fcrcistan i\u00e7in s\u00fcreci geli\u015ftirmesinin zaman\u0131 geldi mi? Bu nas\u0131l yap\u0131labilir? Ve AB bundan neden fayda sa\u011flayacakt\u0131r?<\/p>\n\n\n\n<p>Bu sorular\u0131 d\u00fc\u015f\u00fcnce kurulu\u015fundan Adnan \u0106erimagi\u0107 ile tart\u0131\u015faca\u011f\u0131z <a href=\"https:\/\/www.esiweb.org\/\" data-type=\"URL\" data-id=\"https:\/\/www.esiweb.org\/\" rel=\"noopener\">Avrupa \u0130stikrar Giri\u015fimi<\/a> (ESI). Adnan (Bosna Hersekli) ESI'nin Bat\u0131 Balkanlar K\u0131demli Analisti ve AB'nin b\u00f6lgeye y\u00f6nelik politikalar\u0131n\u0131 ara\u015ft\u0131r\u0131yor.<\/p>\n<\/p>\n                                                <div class=\"clear\"><\/div>\n                                            <\/div>\n\n                                                                                    <\/div>\n                                    <\/article>\n                                <\/div>\n                            \n                                <div id=\"post-9324\" class=\"aux-col post-9324\">\n                                    <article class=\"post column-entry post-9324 event_listing type-event_listing status-expired has-post-thumbnail hentry\">\n                                        <div class=\"entry-media\">\n                                            <div class=\"aux-media-frame aux-media-image aux-image-mask\">\n                                                <img decoding=\"async\"\n                                                loading=\"lazy\"\n                                                src=\"https:\/\/meeteu.eu\/wp-content\/uploads\/2022\/11\/2-EU-Citizen-Participation.jpg\"\n                                                class=\"aux-attachment aux-featured-image aux-attachment-id-9344 aux-preload aux-has-preview\"\n                                                alt=\"\"\n                                                data-src=\"https:\/\/meeteu.eu\/wp-content\/uploads\/2022\/11\/2-EU-Citizen-Participation.jpg\"\n                                                \/>\n                                            <\/div>\n                                        <\/div>\n\n                                        <header class=\"entry-header\">\n                                            <h4 class=\"entry-title\">\n                                                AB Vatanda\u015f Kat\u0131l\u0131m\u0131-Demokrasi G\u00fc\u00e7lendirici mi, Fiyasko mu?                                            <\/h4>\n                                        <\/header>\n\n                                        <div class=\"entry-main\">\n                                            <div class=\"entry-info\">\n                                                <div class=\"event-date\">\n                                                                                                            <i class=\"fas fa-calendar-alt\"><\/i>&nbsp;\n                                                    \n                                                                                                            <span>6 Aral\u0131k 2022<\/span>\n                                                                                                                                                                <span>19:00 (CEST)<\/span>\n                                                    \n                                                                                                            <span> - <\/span>\n                                                    \n                                                                                                            <span>6 Aral\u0131k 2022<\/span>\n                                                                                                                                                                <span>20:00 (CEST)<\/span>\n                                                                                                    <\/div>\n\n                                                                                                    <div class=\"event-location\">\n                                                                                                                    <i class=\"fas fa-thumbtack\"><\/i>&nbsp;\n                                                            <span>Zoom'da sanal etkinlik<\/span>\n                                                                                                            <\/div>\n\n                                                    <div class=\"event-language\">\n                                                                                                                    <i class=\"fas fa-globe\"><\/i>&nbsp;\n                                                            <span>\u0130ngilizce, \u00e7ok dilli altyaz\u0131larla<\/span>\n                                                                                                            <\/div>\n                                                                                            <\/div>\n\n                                            <div class=\"entry-content\">\n                                                <p>\n<p>Bu <em>Avrupa'n\u0131n Gelece\u011fi Konferans\u0131<\/em> \u00e7ok say\u0131da vatanda\u015f \u00f6nerisinin yan\u0131 s\u0131ra \u00e7ok say\u0131da resim \u00fcretti. Bu resimler AB web sitelerinde, medyada ve hatta web sitemizde bulunabilir.<\/p>\n\n\n\n<p>Peki ya vatanda\u015flar\u0131n tavsiyeleri ne olacak? Avrupa Birli\u011fi'nin gelece\u011fini \u015fekillendirmek i\u00e7in kullan\u0131l\u0131yorlar m\u0131? Peki ya bunlar\u0131n uygulanmas\u0131? Yoksa bu sadece kameralar i\u00e7in vatanda\u015f kat\u0131l\u0131m\u0131 m\u0131yd\u0131?<\/p>\n\n\n\n<p>Her hal\u00fckarda <em>Konferans<\/em>AB, daha fazla vatanda\u015f kat\u0131l\u0131m\u0131 y\u00f6n\u00fcnde yeni bir ad\u0131m att\u0131. Bu s\u00fcre\u00e7 devam etmeli mi ve edecek mi? Ve e\u011fer \u00f6yleyse, nas\u0131l?<br> <br>Avrupa Parlamentosu \u00dcyesi (Volt) Damian B\u00f6selager ile vatanda\u015f kat\u0131l\u0131m\u0131n\u0131n hedefleri, olanaklar\u0131 ve s\u0131n\u0131rlar\u0131 hakk\u0131nda konu\u015fmak istiyoruz. Vatanda\u015f Panellerinin sonu\u00e7lar\u0131 Avrupa Parlamentosu'ndaki se\u00e7ilmi\u015f temsilcilerimizle nas\u0131l ili\u015fkilidir? Ve vatanda\u015f kat\u0131l\u0131m\u0131n\u0131n ba\u015far\u0131l\u0131 olmas\u0131 i\u00e7in ne olmas\u0131 gerekti\u011fini.<\/p>\n<\/p>\n                                                <div class=\"clear\"><\/div>\n                                            <\/div>\n\n                                                                                    <\/div>\n                                    <\/article>\n                                <\/div>\n                            \n                                <div id=\"post-9313\" class=\"aux-col post-9313\">\n                                    <article class=\"post column-entry post-9313 event_listing type-event_listing status-expired has-post-thumbnail hentry\">\n                                        <div class=\"entry-media\">\n                                            <div class=\"aux-media-frame aux-media-image aux-image-mask\">\n                                                <img decoding=\"async\"\n                                                loading=\"lazy\"\n                                                src=\"https:\/\/meeteu.eu\/wp-content\/uploads\/2022\/11\/WEBSITE-Home-Parliament-Enlargement-Education....jpg\"\n                                                class=\"aux-attachment aux-featured-image aux-attachment-id-9312 aux-preload aux-has-preview\"\n                                                alt=\"\"\n                                                data-src=\"https:\/\/meeteu.eu\/wp-content\/uploads\/2022\/11\/WEBSITE-Home-Parliament-Enlargement-Education....jpg\"\n                                                \/>\n                                            <\/div>\n                                        <\/div>\n\n                                        <header class=\"entry-header\">\n                                            <h4 class=\"entry-title\">\n                                                Ana Sayfa Parlamentolar - AB Tatili, E\u011fitim ve Daha Fazlas\u0131                                            <\/h4>\n                                        <\/header>\n\n                                        <div class=\"entry-main\">\n                                            <div class=\"entry-info\">\n                                                <div class=\"event-date\">\n                                                                                                            <i class=\"fas fa-calendar-alt\"><\/i>&nbsp;\n                                                    \n                                                                                                            <span>29 Kas\u0131m 2022<\/span>\n                                                                                                                                                                <span>19:00 (CEST)<\/span>\n                                                    \n                                                                                                            <span> - <\/span>\n                                                    \n                                                                                                            <span>29 Kas\u0131m 2022<\/span>\n                                                                                                                                                                <span>20:00 (CEST)<\/span>\n                                                                                                    <\/div>\n\n                                                                                                    <div class=\"event-location\">\n                                                                                                                    <i class=\"fas fa-thumbtack\"><\/i>&nbsp;\n                                                            <span>Zoom'da sanal etkinlik<\/span>\n                                                                                                            <\/div>\n\n                                                    <div class=\"event-language\">\n                                                                                                                    <i class=\"fas fa-globe\"><\/i>&nbsp;\n                                                            <span>\u0130ngilizce, \u00e7ok dilli altyaz\u0131larla<\/span>\n                                                                                                            <\/div>\n                                                                                            <\/div>\n\n                                            <div class=\"entry-content\">\n                                                <p>\n<h3 class=\"wp-block-heading\">Kapal\u0131 Oturum - \u00f6nceden kay\u0131t gereklidir!<\/h3>\n\n\n\n<p>\u00c7o\u011fumuz vatanda\u015f kat\u0131l\u0131m\u0131na y\u00f6nelik f\u0131rsatlardan yanay\u0131z. Pulse of Europe adl\u0131 kurulu\u015f \"ev parlamentolar\u0131\" ad\u0131n\u0131 verdikleri bir s\u00fcre\u00e7le tam da bunu kolayla\u015ft\u0131ran bir s\u00fcre\u00e7 geli\u015ftirdi. Mevcut oturum 6 Aral\u0131k'a kadar s\u00fcrecek ve a\u015fa\u011f\u0131daki 3 soruyu ele alacak:<\/p>\n\n\n\n<ol class=\"wp-block-list\">\n<li>Avrupa'n\u0131n ortak tarihini ve de\u011ferlerini anmak i\u00e7in ortak bir Avrupa Resmi Tatili olmal\u0131 m\u0131?<\/li>\n\n\n\n<li> Avrupa'daki okullarda tarih e\u011fitimi daha fazla ortak Avrupa i\u00e7eri\u011fi sa\u011flamal\u0131 ve ulusal anlat\u0131lar\u0131n \u00f6tesine ge\u00e7meli mi? <\/li>\n\n\n\n<li>Aday stat\u00fcs\u00fcndeki \u00fclkeler i\u00e7in AB geni\u015flemesi h\u0131zland\u0131r\u0131lmal\u0131 m\u0131? <\/li>\n<\/ol>\n\n\n\n<p>E\u011fer i\u00e7inizden biri<strong> Bu konular\u0131 tart\u0131\u015fmak ve tart\u0131\u015fmalar\u0131m\u0131z\u0131n sonu\u00e7lar\u0131n\u0131 \u00fcst d\u00fczey Avrupal\u0131 politikac\u0131lara iletmekle ilgileniyorsan\u0131z, bize niceto@meeteu.eu adresinden yazabilirsiniz.<\/strong>.<\/p>\n<\/p>\n                                                <div class=\"clear\"><\/div>\n                                            <\/div>\n\n                                                                                    <\/div>\n                                    <\/article>\n                                <\/div>\n                            \n                                <div id=\"post-9310\" class=\"aux-col post-9310\">\n                                    <article class=\"post column-entry post-9310 event_listing type-event_listing status-expired has-post-thumbnail hentry\">\n                                        <div class=\"entry-media\">\n                                            <div class=\"aux-media-frame aux-media-image aux-image-mask\">\n                                                <img decoding=\"async\"\n                                                loading=\"lazy\"\n                                                src=\"https:\/\/meeteu.eu\/wp-content\/uploads\/2022\/11\/WEBSITE-Africa-How-to-Create-Lasting-Change.jpg\"\n                                                class=\"aux-attachment aux-featured-image aux-attachment-id-9311 aux-preload aux-has-preview\"\n                                                alt=\"\"\n                                                data-src=\"https:\/\/meeteu.eu\/wp-content\/uploads\/2022\/11\/WEBSITE-Africa-How-to-Create-Lasting-Change.jpg\"\n                                                \/>\n                                            <\/div>\n                                        <\/div>\n\n                                        <header class=\"entry-header\">\n                                            <h4 class=\"entry-title\">\n                                                AB'nin D\u0131\u015f Yard\u0131mlar\u0131 - Kal\u0131c\u0131 De\u011fi\u015fim Nas\u0131l Yarat\u0131l\u0131r?                                            <\/h4>\n                                        <\/header>\n\n                                        <div class=\"entry-main\">\n                                            <div class=\"entry-info\">\n                                                <div class=\"event-date\">\n                                                                                                            <i class=\"fas fa-calendar-alt\"><\/i>&nbsp;\n                                                    \n                                                                                                            <span>22 Kas\u0131m 2022<\/span>\n                                                                                                                                                                <span>19:00 (CEST)<\/span>\n                                                    \n                                                                                                            <span> - <\/span>\n                                                    \n                                                                                                            <span>23 Kas\u0131m 2022<\/span>\n                                                                                                                                                                <span>20:00 (CEST)<\/span>\n                                                                                                    <\/div>\n\n                                                                                                    <div class=\"event-location\">\n                                                                                                                    <i class=\"fas fa-thumbtack\"><\/i>&nbsp;\n                                                            <span>Zoom'da sanal etkinlik<\/span>\n                                                                                                            <\/div>\n\n                                                    <div class=\"event-language\">\n                                                                                                                    <i class=\"fas fa-globe\"><\/i>&nbsp;\n                                                            <span>\u0130ngilizce, \u00e7ok dilli altyaz\u0131larla<\/span>\n                                                                                                            <\/div>\n                                                                                            <\/div>\n\n                                            <div class=\"entry-content\">\n                                                <p>\n<p>\u0130ster M\u0131s\u0131r'daki r\u00fczgar t\u00fcrbinleri gibi b\u00fcy\u00fck altyap\u0131 projelerini finanse etsin, ister Cameron'daki \u00e7ift\u00e7ileri desteklesin, Avrupa Birli\u011fi d\u00fcnyan\u0131n d\u00f6rt bir yan\u0131ndaki ortaklar\u0131yla birlikte \u00e7ok \u00e7e\u015fitli projeleri finanse ve koordine etmektedir. Bu konuyu Avrupa Komisyonu'ndan Maria ile konu\u015fal\u0131m.<\/p>\n\n\n\n<p>AB'nin kalk\u0131nma i\u015fbirli\u011fi sadece geli\u015fmekte olan b\u00f6lgelerdeki insanlar\u0131n ya\u015famlar\u0131n\u0131 iyile\u015ftirmeyi de\u011fil, ayn\u0131 zamanda s\u00fcrd\u00fcr\u00fclebilir giri\u015fimleri te\u015fvik ederek iklim dostu bir gelecek yarat\u0131lmas\u0131na yard\u0131mc\u0131 olmay\u0131 da ama\u00e7lamaktad\u0131r.<\/p>\n\n\n\n<p>AB, projeleri arac\u0131l\u0131\u011f\u0131yla kal\u0131c\u0131 de\u011fi\u015fiklikleri nas\u0131l uygulamaya \u00e7al\u0131\u015f\u0131yor? Hedefleri nelerdir ve geli\u015fmekte olan b\u00f6lgelerde bir projenin finansman\u0131 nas\u0131l ger\u00e7ekle\u015fir?<\/p>\n\n\n\n<p>Bize kat\u0131l\u0131n ve AB'nin kalk\u0131nma i\u015fbirli\u011fi alan\u0131ndaki \u00e7abalar\u0131 hakk\u0131nda daha fazla bilgi edinin.<\/p>\n<\/p>\n                                                <div class=\"clear\"><\/div>\n                                            <\/div>\n\n                                                                                    <\/div>\n                                    <\/article>\n                                <\/div>\n                            \n                                <div id=\"post-9296\" class=\"aux-col post-9296\">\n                                    <article class=\"post column-entry post-9296 event_listing type-event_listing status-expired has-post-thumbnail hentry\">\n                                        <div class=\"entry-media\">\n                                            <div class=\"aux-media-frame aux-media-image aux-image-mask\">\n                                                <img decoding=\"async\"\n                                                loading=\"lazy\"\n                                                src=\"https:\/\/meeteu.eu\/wp-content\/uploads\/2022\/11\/Visual-13.11-Website.jpg\"\n                                                class=\"aux-attachment aux-featured-image aux-attachment-id-9297 aux-preload aux-has-preview\"\n                                                alt=\"\"\n                                                data-src=\"https:\/\/meeteu.eu\/wp-content\/uploads\/2022\/11\/Visual-13.11-Website.jpg\"\n                                                \/>\n                                            <\/div>\n                                        <\/div>\n\n                                        <header class=\"entry-header\">\n                                            <h4 class=\"entry-title\">\n                                                Ye\u015fil Hidrojen - Ge\u00e7i\u015f Nas\u0131l Olmal\u0131?                                            <\/h4>\n                                        <\/header>\n\n                                        <div class=\"entry-main\">\n                                            <div class=\"entry-info\">\n                                                <div class=\"event-date\">\n                                                                                                            <i class=\"fas fa-calendar-alt\"><\/i>&nbsp;\n                                                    \n                                                                                                            <span>15 Kas\u0131m 2022<\/span>\n                                                                                                                                                                <span>19:00 (CEST)<\/span>\n                                                    \n                                                                                                            <span> - <\/span>\n                                                    \n                                                                                                            <span>15 Kas\u0131m 2022<\/span>\n                                                                                                                                                                <span>20:00 (CEST)<\/span>\n                                                                                                    <\/div>\n\n                                                                                                    <div class=\"event-location\">\n                                                                                                                    <i class=\"fas fa-thumbtack\"><\/i>&nbsp;\n                                                            <span>Zoom'da sanal etkinlik<\/span>\n                                                                                                            <\/div>\n\n                                                    <div class=\"event-language\">\n                                                                                                                    <i class=\"fas fa-globe\"><\/i>&nbsp;\n                                                            <span>\u0130ngilizce, \u00e7ok dilli altyaz\u0131larla<\/span>\n                                                                                                            <\/div>\n                                                                                            <\/div>\n\n                                            <div class=\"entry-content\">\n                                                <p>\n<p>Ye\u015fil hidrojen, ister u\u00e7aklar ve arabalar i\u00e7in yak\u0131t, ister gaz ikamesi, ister elektrik \u00fcretmek ve depolamak i\u00e7in olsun, herkesin dilinde. Bu kilit teknoloji, fosil yak\u0131tlardan yenilenebilir enerjilere ge\u00e7i\u015fi sa\u011flamak \u00fczere tasarlanm\u0131\u015ft\u0131r ve iklim de\u011fi\u015fikli\u011fiyle m\u00fccadelede \u00f6nemli bir unsurdur. Peki ama ye\u015fil hidrojen nedir?<\/p>\n\n\n\n<p>Bu konuyu Hollanda'da hidrojen teknolojilerinin kurulmas\u0131n\u0131 inceleyen Lars ile tart\u0131\u015faca\u011f\u0131z. Kendisi bize hidrojenin bir enerji kayna\u011f\u0131 olarak kullan\u0131m\u0131n\u0131n nas\u0131l i\u015fledi\u011fini, ger\u00e7ekten \u00e7evreci olup olmad\u0131\u011f\u0131n\u0131 ve ne zaman tam olarak uygulanaca\u011f\u0131n\u0131 a\u00e7\u0131klayacak.<\/p>\n\n\n\n<p>Bu konu hakk\u0131nda daha fazla bilgi edinmek ister misiniz? Biz de istiyoruz. Orada olun ve kaydolun.<br><br>Saat diliminizi bulun:<br>19:00 CET (Br\u00fcksel Saati) | 6pm \u0130rlanda, Portekiz, Birle\u015fik Krall\u0131k | 8pm Bulgaristan, K\u0131br\u0131s, Estonya, Finlandiya, Yunanistan, Letonya, Romanya, Litvanya<\/p>\n<\/p>\n                                                <div class=\"clear\"><\/div>\n                                            <\/div>\n\n                                                                                    <\/div>\n                                    <\/article>\n                                <\/div>\n                            \n                                <div id=\"post-9171\" class=\"aux-col post-9171\">\n                                    <article class=\"post column-entry post-9171 event_listing type-event_listing status-expired has-post-thumbnail hentry\">\n                                        <div class=\"entry-media\">\n                                            <div class=\"aux-media-frame aux-media-image aux-image-mask\">\n                                                <img decoding=\"async\"\n                                                loading=\"lazy\"\n                                                src=\"https:\/\/meeteu.eu\/wp-content\/uploads\/2022\/11\/National_Veto_MeetEU_website.png\"\n                                                class=\"aux-attachment aux-featured-image aux-attachment-id-9302 aux-preload aux-has-preview\"\n                                                alt=\"\"\n                                                data-src=\"https:\/\/meeteu.eu\/wp-content\/uploads\/2022\/11\/National_Veto_MeetEU_website.png\"\n                                                \/>\n                                            <\/div>\n                                        <\/div>\n\n                                        <header class=\"entry-header\">\n                                            <h4 class=\"entry-title\">\n                                                Ulusal Vetolar Olmadan Daha G\u00fc\u00e7l\u00fc Bir Avrupa?                                            <\/h4>\n                                        <\/header>\n\n                                        <div class=\"entry-main\">\n                                            <div class=\"entry-info\">\n                                                <div class=\"event-date\">\n                                                                                                            <i class=\"fas fa-calendar-alt\"><\/i>&nbsp;\n                                                    \n                                                                                                            <span>8 Kas\u0131m 2022<\/span>\n                                                                                                                                                                <span>19:00 (CEST)<\/span>\n                                                    \n                                                                                                            <span> - <\/span>\n                                                    \n                                                                                                            <span>8 Kas\u0131m 2022<\/span>\n                                                                                                                                                                <span>20:00 (CEST)<\/span>\n                                                                                                    <\/div>\n\n                                                                                                    <div class=\"event-location\">\n                                                                                                                    <i class=\"fas fa-thumbtack\"><\/i>&nbsp;\n                                                            <span>Zoom'da sanal etkinlik<\/span>\n                                                                                                            <\/div>\n\n                                                    <div class=\"event-language\">\n                                                                                                                    <i class=\"fas fa-globe\"><\/i>&nbsp;\n                                                            <span>\u0130ngilizce, \u00e7ok dilli altyaz\u0131larla<\/span>\n                                                                                                            <\/div>\n                                                                                            <\/div>\n\n                                            <div class=\"entry-content\">\n                                                <p>\n<p>Rusya'ya y\u00f6nelik yapt\u0131r\u0131m politikas\u0131 ya da \u00c7in'in Hong Kong'daki 'g\u00fcvenlik yasas\u0131n\u0131' ele\u015ftiren ortak bir deklarasyon - AB kararlar\u0131 d\u00fczenli olarak tek bir \u00fcye \u00fclkenin vetosuyla engelleniyor. Bir\u00e7ok AB vatanda\u015f\u0131 d\u0131\u015f politikadaki bu rehin alman\u0131n sona ermesi gerekti\u011fini s\u00f6yl\u00fcyor. \u00c7o\u011funluk oylamas\u0131n\u0131n kural haline getirilmesi \u00e7a\u011fr\u0131s\u0131nda bulunuyorlar. \u00d6te yandan, AB'nin k\u00fc\u00e7\u00fck \u00fcye devletleri de oylar\u0131n\u0131n az olmas\u0131ndan korkuyor. Bir de Avrupa entegrasyonunun \u00e7ok ileri gitti\u011fine inanan Avrupa \u015f\u00fcphecisi h\u00fck\u00fcmetler var.<\/p>\n\n\n\n<p>Sizin g\u00f6r\u00fc\u015f\u00fcn\u00fcz nedir? Ulusal vetolar olmasayd\u0131 AB daha g\u00fc\u00e7l\u00fc olur muydu? Ya da oybirli\u011fiyle al\u0131nan kararlar Avrupa entegrasyonunu ger\u00e7ekten g\u00fc\u00e7lendirir mi?<\/p>\n\n\n\n<p>Bunu konuklar\u0131m\u0131zla tart\u0131\u015fal\u0131m:<br>- Omri Preiss, Alliance4Europe Genel M\u00fcd\u00fcr\u00fc<br>- Gabriele Bischoff, Avrupa Parlamentosu \u00dcyesi (S&amp;D)<\/p>\n\n\n\n<p>? 08 Kas\u0131m Sal\u0131<br>? 19:00 CET (Br\u00fcksel Saati) on Zoom | 6pm \u0130rlanda, Portekiz, Birle\u015fik Krall\u0131k | 8pm Bulgaristan, K\u0131br\u0131s, Estonya, Finlandiya, Yunanistan, Letonya, Romanya, Litvanya<\/p>\n<\/p>\n                                                <div class=\"clear\"><\/div>\n                                            <\/div>\n\n                                                                                    <\/div>\n                                    <\/article>\n                                <\/div>\n                            \n                                <div id=\"post-9156\" class=\"aux-col post-9156\">\n                                    <article class=\"post column-entry post-9156 event_listing type-event_listing status-expired has-post-thumbnail hentry\">\n                                        <div class=\"entry-media\">\n                                            <div class=\"aux-media-frame aux-media-image aux-image-mask\">\n                                                <img decoding=\"async\"\n                                                loading=\"lazy\"\n                                                src=\"https:\/\/meeteu.eu\/wp-content\/uploads\/2022\/10\/MASK-Our-Trip-to-Brussels.jpg\"\n                                                class=\"aux-attachment aux-featured-image aux-attachment-id-9157 aux-preload aux-has-preview\"\n                                                alt=\"\"\n                                                data-src=\"https:\/\/meeteu.eu\/wp-content\/uploads\/2022\/10\/MASK-Our-Trip-to-Brussels.jpg\"\n                                                \/>\n                                            <\/div>\n                                        <\/div>\n\n                                        <header class=\"entry-header\">\n                                            <h4 class=\"entry-title\">\n                                                Br\u00fcksel Gezimiz-Ne ya\u015fad\u0131\u011f\u0131m\u0131z\u0131 \u00f6\u011frenin                                            <\/h4>\n                                        <\/header>\n\n                                        <div class=\"entry-main\">\n                                            <div class=\"entry-info\">\n                                                <div class=\"event-date\">\n                                                                                                            <i class=\"fas fa-calendar-alt\"><\/i>&nbsp;\n                                                    \n                                                                                                            <span>1 Kas\u0131m 2022<\/span>\n                                                                                                                                                                <span>19:00 (CEST)<\/span>\n                                                    \n                                                                                                            <span> - <\/span>\n                                                    \n                                                                                                            <span>1 Kas\u0131m 2022<\/span>\n                                                                                                                                                                <span>20:00 (CEST)<\/span>\n                                                                                                    <\/div>\n\n                                                                                                    <div class=\"event-location\">\n                                                                                                                    <i class=\"fas fa-thumbtack\"><\/i>&nbsp;\n                                                            <span>Zoom'da sanal etkinlik<\/span>\n                                                                                                            <\/div>\n\n                                                    <div class=\"event-language\">\n                                                                                                                    <i class=\"fas fa-globe\"><\/i>&nbsp;\n                                                            <span>\u0130ngilizce, \u00e7ok dilli altyaz\u0131larla<\/span>\n                                                                                                            <\/div>\n                                                                                            <\/div>\n\n                                            <div class=\"entry-content\">\n                                                <p>\n<p>Ge\u00e7ti\u011fimiz hafta MeetEU ekibi Br\u00fcksel'de d\u00fczenlenen LevelUp! Gen\u00e7lik Etkinli\u011fine kat\u0131ld\u0131. Orada ne yapt\u0131k? Hangi insanlarla tan\u0131\u015ft\u0131k? Vibe neydi? ...<\/p>\n\n\n\n<p>MeetEU'nun arkas\u0131ndaki ekiple tan\u0131\u015fmak ve Br\u00fcksel'de neler ya\u015fad\u0131\u011f\u0131m\u0131z\u0131 \u00f6\u011frenmek i\u00e7in gayri resmi sohbetimize kat\u0131l\u0131n. Bir \u00e7ay getirmeyi ve sohbete kat\u0131lmay\u0131 unutmay\u0131n!<\/p>\n<\/p>\n                                                <div class=\"clear\"><\/div>\n                                            <\/div>\n\n                                                                                    <\/div>\n                                    <\/article>\n                                <\/div>\n                            \n                                <div id=\"post-8831\" class=\"aux-col post-8831\">\n                                    <article class=\"post column-entry post-8831 event_listing type-event_listing status-expired has-post-thumbnail hentry\">\n                                        <div class=\"entry-media\">\n                                            <div class=\"aux-media-frame aux-media-image aux-image-mask\">\n                                                <img decoding=\"async\"\n                                                loading=\"lazy\"\n                                                src=\"https:\/\/meeteu.eu\/wp-content\/uploads\/2022\/10\/MASK-VI.-Stability-in-Unstable-Times.jpg\"\n                                                class=\"aux-attachment aux-featured-image aux-attachment-id-9158 aux-preload aux-has-preview\"\n                                                alt=\"\"\n                                                data-src=\"https:\/\/meeteu.eu\/wp-content\/uploads\/2022\/10\/MASK-VI.-Stability-in-Unstable-Times.jpg\"\n                                                \/>\n                                            <\/div>\n                                        <\/div>\n\n                                        <header class=\"entry-header\">\n                                            <h4 class=\"entry-title\">\n                                                \u0130stikrars\u0131z Zamanlarda \u0130stikrar? AMB'nin yapabilecekleri ve yapamayacaklar\u0131                                            <\/h4>\n                                        <\/header>\n\n                                        <div class=\"entry-main\">\n                                            <div class=\"entry-info\">\n                                                <div class=\"event-date\">\n                                                                                                            <i class=\"fas fa-calendar-alt\"><\/i>&nbsp;\n                                                    \n                                                                                                            <span>18 Ekim 2022<\/span>\n                                                                                                                                                                <span>19:00 (CEST)<\/span>\n                                                    \n                                                                                                            <span> - <\/span>\n                                                    \n                                                                                                            <span>18 Ekim 2022<\/span>\n                                                                                                                                                                <span>20:00 (CEST)<\/span>\n                                                                                                    <\/div>\n\n                                                                                                    <div class=\"event-location\">\n                                                                                                                    <i class=\"fas fa-thumbtack\"><\/i>&nbsp;\n                                                            <span>Zoom'da sanal etkinlik<\/span>\n                                                                                                            <\/div>\n\n                                                    <div class=\"event-language\">\n                                                                                                                    <i class=\"fas fa-globe\"><\/i>&nbsp;\n                                                            <span>\u0130ngilizce, \u00e7ok dilli altyaz\u0131larla<\/span>\n                                                                                                            <\/div>\n                                                                                            <\/div>\n\n                                            <div class=\"entry-content\">\n                                                <p>\n<p>Eyl\u00fcl 2022'de Avrupa Birli\u011fi'nde t\u00fcketici fiyatlar\u0131 bir \u00f6nceki y\u0131l\u0131n ayn\u0131 ay\u0131na g\u00f6re 10% (!) artt\u0131. Enflasyon maa\u015flar\u0131m\u0131z\u0131 ve birikimlerimizi yiyip bitiriyor. \u0130ster kasada ister elektrik faturas\u0131n\u0131 \u00f6derken. <\/p>\n\n\n\n<p>ABD ve \u0130ngiltere faiz oranlar\u0131n\u0131 keskin bir \u015fekilde art\u0131r\u0131rken, Avrupa Merkez Bankas\u0131 (ECB) nispeten k\u00fc\u00e7\u00fck art\u0131\u015flar yapt\u0131. Bu, durumu iyile\u015ftirmek i\u00e7in yeterli olacak m\u0131? <\/p>\n\n\n\n<p>Daha fazlas\u0131n\u0131 \u00f6\u011frenmek i\u00e7in Zoom'da bize kat\u0131l\u0131n: ECB Ba\u015f Dan\u0131\u015fman\u0131 Gabriel Gl\u00f6ckler ile ECB'nin bu krizle nas\u0131l ba\u015fa \u00e7\u0131kt\u0131\u011f\u0131n\u0131, ne gibi sonu\u00e7lar bekleyebilece\u011fimizi ve neden bu kadar temkinli ilerledi\u011fini tart\u0131\u015faca\u011f\u0131z.<\/p>\n<\/p>\n                                                <div class=\"clear\"><\/div>\n                                            <\/div>\n\n                                                                                    <\/div>\n                                    <\/article>\n                                <\/div>\n                            \n                                <div id=\"post-8830\" class=\"aux-col post-8830\">\n                                    <article class=\"post column-entry post-8830 event_listing type-event_listing status-expired has-post-thumbnail hentry\">\n                                        <div class=\"entry-media\">\n                                            <div class=\"aux-media-frame aux-media-image aux-image-mask\">\n                                                <img decoding=\"async\"\n                                                loading=\"lazy\"\n                                                src=\"https:\/\/meeteu.eu\/wp-content\/uploads\/2022\/10\/MASK-Green-Sustainable-Flying-Dream-or-Reality.jpg\"\n                                                class=\"aux-attachment aux-featured-image aux-attachment-id-8826 aux-preload aux-has-preview\"\n                                                alt=\"\"\n                                                data-src=\"https:\/\/meeteu.eu\/wp-content\/uploads\/2022\/10\/MASK-Green-Sustainable-Flying-Dream-or-Reality.jpg\"\n                                                \/>\n                                            <\/div>\n                                        <\/div>\n\n                                        <header class=\"entry-header\">\n                                            <h4 class=\"entry-title\">\n                                                Ye\u015fil ve S\u00fcrd\u00fcr\u00fclebilir U\u00e7u\u015f - M\u00fcmk\u00fcn m\u00fc, Hayal mi?                                            <\/h4>\n                                        <\/header>\n\n                                        <div class=\"entry-main\">\n                                            <div class=\"entry-info\">\n                                                <div class=\"event-date\">\n                                                                                                            <i class=\"fas fa-calendar-alt\"><\/i>&nbsp;\n                                                    \n                                                                                                            <span>11 Ekim 2022<\/span>\n                                                                                                                                                                <span>19:00 (CEST)<\/span>\n                                                    \n                                                                                                            <span> - <\/span>\n                                                    \n                                                                                                            <span>11 Ekim 2022<\/span>\n                                                                                                                                                                <span>20:00 (CEST)<\/span>\n                                                                                                    <\/div>\n\n                                                                                                    <div class=\"event-location\">\n                                                                                                                    <i class=\"fas fa-thumbtack\"><\/i>&nbsp;\n                                                            <span>Zoom'da sanal etkinlik<\/span>\n                                                                                                            <\/div>\n\n                                                    <div class=\"event-language\">\n                                                                                                                    <i class=\"fas fa-globe\"><\/i>&nbsp;\n                                                            <span>\u0130ngilizce, \u00e7ok dilli altyaz\u0131larla<\/span>\n                                                                                                            <\/div>\n                                                                                            <\/div>\n\n                                            <div class=\"entry-content\">\n                                                <p>\n<p>Tatile en son be\u015f y\u0131l \u00f6nce u\u00e7tunuz ve hala kendinizi su\u00e7lu mu hissediyorsunuz? Bu anla\u015f\u0131labilir bir durum: hava yolculu\u011fu \u00e7evreye en \u00e7ok zarar veren ula\u015f\u0131m yollar\u0131ndan biri, ancak ayn\u0131 zamanda \u00e7o\u011fu zaman tek se\u00e7enek ya da tren yolculu\u011fundan daha ucuz...<\/p>\n\n\n\n<p>Sizlerle birlikte havac\u0131l\u0131k d\u00fcnyas\u0131na do\u011fru yola \u00e7\u0131kmak ve hava yolculu\u011funun gelecekte daha \u00e7evre dostu olup olamayaca\u011f\u0131n\u0131 ya da bunun ye\u015fil g\u00f6z boyama olup olmad\u0131\u011f\u0131n\u0131 tart\u0131\u015fmak istiyoruz.<\/p>\n\n\n\n<p>Say\u0131n Pedro Castro'yu (Havac\u0131l\u0131k Dan\u0131\u015fman\u0131 ve Portekiz Milletvekili) a\u011f\u0131rlamaktan mutluluk duyuyoruz. Kendisi bu konuyla her g\u00fcn kritik bir \u015fekilde ilgileniyor ve bize havac\u0131l\u0131k sekt\u00f6r\u00fcndeki tek sorunun CO2 emisyonlar\u0131 olmad\u0131\u011f\u0131n\u0131 a\u00e7\u0131klayacak.<\/p>\n\n\n\n<p>Bu etkinlik s\u0131ras\u0131nda mil toplayamayacaks\u0131n\u0131z ama ilgin\u00e7 bilgiler edinebileceksiniz. Kay\u0131t olun ve yerinizi ay\u0131rt\u0131n (\u00fccretsiz...)<\/p>\n<\/p>\n                                                <div class=\"clear\"><\/div>\n                                            <\/div>\n\n                                                                                    <\/div>\n                                    <\/article>\n                                <\/div>\n                            \n                                <div id=\"post-8825\" class=\"aux-col post-8825\">\n                                    <article class=\"post column-entry post-8825 event_listing type-event_listing status-expired has-post-thumbnail hentry\">\n                                        <div class=\"entry-media\">\n                                            <div class=\"aux-media-frame aux-media-image aux-image-mask\">\n                                                <img decoding=\"async\"\n                                                loading=\"lazy\"\n                                                src=\"https:\/\/meeteu.eu\/wp-content\/uploads\/2022\/10\/MASKJ5.10-Lobby-Greener-Social-Europe-Alex-Braley.jpg\"\n                                                class=\"aux-attachment aux-featured-image aux-attachment-id-8827 aux-preload aux-has-preview\"\n                                                alt=\"\"\n                                                data-src=\"https:\/\/meeteu.eu\/wp-content\/uploads\/2022\/10\/MASKJ5.10-Lobby-Greener-Social-Europe-Alex-Braley.jpg\"\n                                                \/>\n                                            <\/div>\n                                        <\/div>\n\n                                        <header class=\"entry-header\">\n                                            <h4 class=\"entry-title\">\n                                                Daha Ye\u015fil ve Sosyal Bir Avrupa \u0130\u00e7in Nas\u0131l Lobi Yap\u0131l\u0131r?                                            <\/h4>\n                                        <\/header>\n\n                                        <div class=\"entry-main\">\n                                            <div class=\"entry-info\">\n                                                <div class=\"event-date\">\n                                                                                                            <i class=\"fas fa-calendar-alt\"><\/i>&nbsp;\n                                                    \n                                                                                                            <span>5 Ekim 2022<\/span>\n                                                                                                                                                                <span>19:00 (CEST)<\/span>\n                                                    \n                                                                                                            <span> - <\/span>\n                                                    \n                                                                                                                                                                <span>20:00 (CEST)<\/span>\n                                                                                                    <\/div>\n\n                                                                                                    <div class=\"event-location\">\n                                                                                                                    <i class=\"fas fa-thumbtack\"><\/i>&nbsp;\n                                                            <span>Zoom'da sanal etkinlik<\/span>\n                                                                                                            <\/div>\n\n                                                    <div class=\"event-language\">\n                                                                                                                    <i class=\"fas fa-globe\"><\/i>&nbsp;\n                                                            <span>\u0130ngilizce, \u00e7ok dilli altyaz\u0131larla<\/span>\n                                                                                                            <\/div>\n                                                                                            <\/div>\n\n                                            <div class=\"entry-content\">\n                                                <p>\n<p>Lobicilerin desteklemeyi se\u00e7tikleri \u015feylerin toplum i\u00e7in sonu\u00e7lar\u0131 vard\u0131r. Alex Braley, Br\u00fcksel'de yenilikler yapan ve S\u00fcrd\u00fcr\u00fclebilir Kamu \u0130\u015fleri - daha iddial\u0131 \u00e7evre politikalar\u0131 veya mevcut d\u00fczenlemelerin daha iyi uygulanmas\u0131 i\u00e7in lobi yapma uygulamas\u0131 - yapan yeni nesil lobicilerin bir par\u00e7as\u0131d\u0131r.<\/p>\n\n\n\n<p>Dan\u0131\u015fmanl\u0131k firmas\u0131 #SustainablePublicAffairs'in D\u00f6ng\u00fcsel Ekonomi Uygulama Ba\u015fkan\u0131 olan Alex, her g\u00fcn daha y\u00fcksek s\u00fcrd\u00fcr\u00fclebilirlik hedeflerini ve yakla\u015f\u0131mlar\u0131n\u0131 AB mevzuat\u0131na ta\u015f\u0131mak i\u00e7in \u00e7al\u0131\u015f\u0131yor.<\/p>\n\n\n\n<p>Ama lobicilik asl\u0131nda ne anlama geliyor? D\u00f6ng\u00fcsel ekonomi nedir? Mevzuat\u0131 nas\u0131l etkilersiniz ve bu t\u00fcr bir savunuculu\u011fu bu kadar \u00f6nemli k\u0131lan nedir?<\/p>\n\n\n\n<p>Alex Braley'nin bize g\u00fcnl\u00fck \u00e7al\u0131\u015fmalar\u0131 ve savundu\u011fu \u00f6nemli konular hakk\u0131nda bilgi verecek olmas\u0131ndan mutluluk duyuyoruz.<\/p>\n<\/p>\n                                                <div class=\"clear\"><\/div>\n                                            <\/div>\n\n                                                                                    <\/div>\n                                    <\/article>\n                                <\/div>\n                            \n                                <div id=\"post-8288\" class=\"aux-col post-8288\">\n                                    <article class=\"post column-entry post-8288 event_listing type-event_listing status-expired has-post-thumbnail hentry\">\n                                        <div class=\"entry-media\">\n                                            <div class=\"aux-media-frame aux-media-image aux-image-mask\">\n                                                <img decoding=\"async\"\n                                                loading=\"lazy\"\n                                                src=\"https:\/\/meeteu.eu\/wp-content\/uploads\/2022\/09\/Konig-DG-CONNECT-27.10.jpg\"\n                                                class=\"aux-attachment aux-featured-image aux-attachment-id-8289 aux-preload aux-has-preview\"\n                                                alt=\"\"\n                                                data-src=\"https:\/\/meeteu.eu\/wp-content\/uploads\/2022\/09\/Konig-DG-CONNECT-27.10.jpg\"\n                                                \/>\n                                            <\/div>\n                                        <\/div>\n\n                                        <header class=\"entry-header\">\n                                            <h4 class=\"entry-title\">\n                                                Dijital Piyasalar Yasas\u0131-F\u0131rsat m\u0131 S\u0131n\u0131rlama m\u0131?                                            <\/h4>\n                                        <\/header>\n\n                                        <div class=\"entry-main\">\n                                            <div class=\"entry-info\">\n                                                <div class=\"event-date\">\n                                                                                                            <i class=\"fas fa-calendar-alt\"><\/i>&nbsp;\n                                                    \n                                                                                                            <span>27 Eyl\u00fcl 2022<\/span>\n                                                                                                                                                                <span>19:00 (CEST)<\/span>\n                                                    \n                                                    \n                                                                                                                                                        <\/div>\n\n                                                                                                    <div class=\"event-location\">\n                                                                                                                    <i class=\"fas fa-thumbtack\"><\/i>&nbsp;\n                                                            <span>Zoom'da sanal etkinlik<\/span>\n                                                                                                            <\/div>\n\n                                                    <div class=\"event-language\">\n                                                                                                                    <i class=\"fas fa-globe\"><\/i>&nbsp;\n                                                            <span>\u0130ngilizce, \u00e7ok dilli altyaz\u0131larla<\/span>\n                                                                                                            <\/div>\n                                                                                            <\/div>\n\n                                            <div class=\"entry-content\">\n                                                <p>\n<p>Dijital Piyasalar Yasas\u0131, AB Komisyonu'nun bir teklifi olup AB Parlamentosu ve Avrupa Birli\u011fi Konseyi taraf\u0131ndan kabul edilmi\u015ftir. S\u00f6zde \"kap\u0131 bek\u00e7ileri\" ile ilgili sorunlar\u0131n \u00fcstesinden gelmeyi ama\u00e7lamakta ve b\u00fcy\u00fck platformlar ve bunlar\u0131n nas\u0131l faaliyet g\u00f6stermelerine izin verilece\u011fi konusunda yeni kurallar getirmektedir.<br><br>DMA (Dijital Piyasalar Yasas\u0131) t\u00fcm dijital \u015firketler i\u00e7in adil ve a\u00e7\u0131k piyasalar sa\u011flamal\u0131d\u0131r, ancak \"kap\u0131 bek\u00e7isi\" tam olarak nedir? Hangi kurallar uygulanacak ve bunlar Avrupa Birli\u011fi'nin gelece\u011fi i\u00e7in ne anlama geliyor? Mevzuat k\u00fcresel olarak nas\u0131l kar\u015f\u0131la\u015ft\u0131r\u0131l\u0131yor? Olmas\u0131 gereken f\u0131rsatlar\u0131 getirecek mi?<br><br>27'si Sal\u0131 g\u00fcn\u00fc bize kat\u0131l\u0131n<sup>inci<\/sup> Eyl\u00fcl saat 19:00'da (CEST) Avrupa Komisyonu DG CONNECT'te Platform Y\u00f6netmeli\u011fi ve Dijital Piyasalar Yasas\u0131 Dan\u0131\u015fman\u0131 Michael K\u00f6nig ile t\u00fcm bunlar\u0131 tart\u0131\u015fmak i\u00e7in. Dijital Piyasalar Yasas\u0131'n\u0131n \u00f6n saflardaki m\u00fczakerecisi olarak, DMA'y\u0131 ve etkilerini anlamam\u0131za yard\u0131mc\u0131 olabilecek.<\/p>\n\n\n\n<p><br>Bu \u00fccretsiz etkinlikte sizleri de aram\u0131zda g\u00f6rmek isteriz.<\/p>\n<\/p>\n                                                <div class=\"clear\"><\/div>\n                                            <\/div>\n\n                                                                                    <\/div>\n                                    <\/article>\n                                <\/div>\n                            \n                                <div id=\"post-8246\" class=\"aux-col post-8246\">\n                                    <article class=\"post column-entry post-8246 event_listing type-event_listing status-expired has-post-thumbnail hentry\">\n                                        <div class=\"entry-media\">\n                                            <div class=\"aux-media-frame aux-media-image aux-image-mask\">\n                                                <img decoding=\"async\"\n                                                loading=\"lazy\"\n                                                src=\"https:\/\/meeteu.eu\/wp-content\/uploads\/2022\/09\/Minister-one-Day-2.jpg\"\n                                                class=\"aux-attachment aux-featured-image aux-attachment-id-8247 aux-preload aux-has-preview\"\n                                                alt=\"\"\n                                                data-src=\"https:\/\/meeteu.eu\/wp-content\/uploads\/2022\/09\/Minister-one-Day-2.jpg\"\n                                                \/>\n                                            <\/div>\n                                        <\/div>\n\n                                        <header class=\"entry-header\">\n                                            <h4 class=\"entry-title\">\n                                                Bir g\u00fcnl\u00fc\u011f\u00fcne Bakan Olun - Bakanlar Kurulu Sim\u00fclasyonu                                            <\/h4>\n                                        <\/header>\n\n                                        <div class=\"entry-main\">\n                                            <div class=\"entry-info\">\n                                                <div class=\"event-date\">\n                                                                                                            <i class=\"fas fa-calendar-alt\"><\/i>&nbsp;\n                                                    \n                                                                                                            <span>24 Eyl\u00fcl 2022<\/span>\n                                                                                                                                                                <span>10:00 (CEST)<\/span>\n                                                    \n                                                    \n                                                                                                                                                        <\/div>\n\n                                                                                                    <div class=\"event-location\">\n                                                                                                                    <i class=\"fas fa-thumbtack\"><\/i>&nbsp;\n                                                            <span>Zoom'da sanal etkinlik<\/span>\n                                                                                                            <\/div>\n\n                                                    <div class=\"event-language\">\n                                                                                                                    <i class=\"fas fa-globe\"><\/i>&nbsp;\n                                                            <span>\u0130ngilizce, \u00e7ok dilli altyaz\u0131larla<\/span>\n                                                                                                            <\/div>\n                                                                                            <\/div>\n\n                                            <div class=\"entry-content\">\n                                                <p>\n<p><strong>Bir g\u00fcnl\u00fc\u011f\u00fcne Bakan Olun - Bakanlar Kurulu Sim\u00fclasyonu<\/strong><\/p>\n<\/p>\n                                                <div class=\"clear\"><\/div>\n                                            <\/div>\n\n                                                                                    <\/div>\n                                    <\/article>\n                                <\/div>\n                            \n                                <div id=\"post-8244\" class=\"aux-col post-8244\">\n                                    <article class=\"post column-entry post-8244 event_listing type-event_listing status-expired has-post-thumbnail hentry\">\n                                        <div class=\"entry-media\">\n                                            <div class=\"aux-media-frame aux-media-image aux-image-mask\">\n                                                <img decoding=\"async\"\n                                                loading=\"lazy\"\n                                                src=\"https:\/\/meeteu.eu\/wp-content\/uploads\/2022\/09\/Minister-one-Day-1.jpg\"\n                                                class=\"aux-attachment aux-featured-image aux-attachment-id-8245 aux-preload aux-has-preview\"\n                                                alt=\"\"\n                                                data-src=\"https:\/\/meeteu.eu\/wp-content\/uploads\/2022\/09\/Minister-one-Day-1.jpg\"\n                                                \/>\n                                            <\/div>\n                                        <\/div>\n\n                                        <header class=\"entry-header\">\n                                            <h4 class=\"entry-title\">\n                                                \"Bir G\u00fcnl\u00fc\u011f\u00fcne Bakan Ol\"\ufffc Haz\u0131rl\u0131k Toplant\u0131s\u0131                                            <\/h4>\n                                        <\/header>\n\n                                        <div class=\"entry-main\">\n                                            <div class=\"entry-info\">\n                                                <div class=\"event-date\">\n                                                                                                            <i class=\"fas fa-calendar-alt\"><\/i>&nbsp;\n                                                    \n                                                                                                            <span>20 Eyl\u00fcl 2022<\/span>\n                                                                                                                                                                <span>19:00 (CEST)<\/span>\n                                                    \n                                                                                                            <span> - <\/span>\n                                                    \n                                                                                                                                                                <span>20:00 (CEST)<\/span>\n                                                                                                    <\/div>\n\n                                                                                                    <div class=\"event-location\">\n                                                                                                                    <i class=\"fas fa-thumbtack\"><\/i>&nbsp;\n                                                            <span>Zoom'da sanal etkinlik<\/span>\n                                                                                                            <\/div>\n\n                                                    <div class=\"event-language\">\n                                                                                                                    <i class=\"fas fa-globe\"><\/i>&nbsp;\n                                                            <span>\u0130ngilizce, \u00e7ok dilli altyaz\u0131larla<\/span>\n                                                                                                            <\/div>\n                                                                                            <\/div>\n\n                                            <div class=\"entry-content\">\n                                                <p>\n<p>Avrupa Birli\u011fi Konseyi sim\u00fclasyonumuz i\u00e7in imrenilen yerlerden birini mi kapt\u0131n\u0131z? O halde tan\u0131t\u0131m toplant\u0131m\u0131za gelmeyi unutmay\u0131n. Burada t\u00fcm \u00f6nemli bilgileri alacaks\u0131n\u0131z - sizi d\u00f6rt g\u00f6zle bekliyoruz!&nbsp;<\/p>\n\n\n\n<p>BETA S\u0131rbistan ve BETA Polonya ile i\u015fbirli\u011fi i\u00e7inde.<\/p>\n<\/p>\n                                                <div class=\"clear\"><\/div>\n                                            <\/div>\n\n                                                                                    <\/div>\n                                    <\/article>\n                                <\/div>\n                            \n                                <div id=\"post-8242\" class=\"aux-col post-8242\">\n                                    <article class=\"post column-entry post-8242 event_listing type-event_listing status-expired has-post-thumbnail hentry\">\n                                        <div class=\"entry-media\">\n                                            <div class=\"aux-media-frame aux-media-image aux-image-mask\">\n                                                <img decoding=\"async\"\n                                                loading=\"lazy\"\n                                                src=\"https:\/\/meeteu.eu\/wp-content\/uploads\/2022\/09\/itly.jpg\"\n                                                class=\"aux-attachment aux-featured-image aux-attachment-id-8243 aux-preload aux-has-preview\"\n                                                alt=\"\"\n                                                data-src=\"https:\/\/meeteu.eu\/wp-content\/uploads\/2022\/09\/itly.jpg\"\n                                                \/>\n                                            <\/div>\n                                        <\/div>\n\n                                        <header class=\"entry-header\">\n                                            <h4 class=\"entry-title\">\n                                                \u0130talya Se\u00e7imleri - AB i\u00e7in neden \u00f6nemli?                                            <\/h4>\n                                        <\/header>\n\n                                        <div class=\"entry-main\">\n                                            <div class=\"entry-info\">\n                                                <div class=\"event-date\">\n                                                                                                            <i class=\"fas fa-calendar-alt\"><\/i>&nbsp;\n                                                    \n                                                                                                            <span>13 Eyl\u00fcl 2022<\/span>\n                                                                                                                                                                <span>19:00 (CEST)<\/span>\n                                                    \n                                                                                                            <span> - <\/span>\n                                                    \n                                                                                                                                                                <span>20:00 (CEST)<\/span>\n                                                                                                    <\/div>\n\n                                                                                                    <div class=\"event-location\">\n                                                                                                                    <i class=\"fas fa-thumbtack\"><\/i>&nbsp;\n                                                            <span>Zoom'da sanal etkinlik<\/span>\n                                                                                                            <\/div>\n\n                                                    <div class=\"event-language\">\n                                                                                                                    <i class=\"fas fa-globe\"><\/i>&nbsp;\n                                                            <span>\u0130ngilizce, \u00e7ok dilli altyaz\u0131larla<\/span>\n                                                                                                            <\/div>\n                                                                                            <\/div>\n\n                                            <div class=\"entry-content\">\n                                                <p>\n<p>\u0130talya oy veriyor! Avrupa'n\u0131n \u00fc\u00e7\u00fcnc\u00fc b\u00fcy\u00fck ekonomisi sadece ulusal siyaseti de\u011fil, yar\u0131n\u0131n Avrupa's\u0131n\u0131 da etkileyecek bir se\u00e7imle kar\u015f\u0131 kar\u015f\u0131ya.<\/p>\n\n\n\n<p>Yurt i\u00e7inde ise \u00f6n\u00fcm\u00fczde b\u00fcy\u00fck zorluklar var: \u0130\u015fsizlik, y\u00fcksek enerji fiyatlar\u0131, toplumsal b\u00f6l\u00fcnme ve artan hayat pahal\u0131l\u0131\u011f\u0131. Partiler bunlara nas\u0131l yan\u0131t verecek? Se\u00e7im programlar\u0131nda neler var? Ve g\u00fcncel anket sonu\u00e7lar\u0131 nedir?<\/p>\n\n\n\n<p>Topluluk etkinli\u011fimizde \u00f6\u011frenin! \u0130talya'dan MeetEU \u00fcyeleri taraf\u0131ndan d\u00fczenlenmi\u015ftir.<\/p>\n<\/p>\n                                                <div class=\"clear\"><\/div>\n                                            <\/div>\n\n                                                                                    <\/div>\n                                    <\/article>\n                                <\/div>\n                            \n                                <div id=\"post-8453\" class=\"aux-col post-8453\">\n                                    <article class=\"post column-entry post-8453 event_listing type-event_listing status-expired has-post-thumbnail hentry\">\n                                        <div class=\"entry-media\">\n                                            <div class=\"aux-media-frame aux-media-image aux-image-mask\">\n                                                <img decoding=\"async\"\n                                                loading=\"lazy\"\n                                                src=\"https:\/\/meeteu.eu\/wp-content\/uploads\/2022\/09\/Draft-Euro-1-scaled.jpg\"\n                                                class=\"aux-attachment aux-featured-image aux-attachment-id-8454 aux-preload aux-has-preview\"\n                                                alt=\"\"\n                                                data-src=\"https:\/\/meeteu.eu\/wp-content\/uploads\/2022\/09\/Draft-Euro-1-scaled.jpg\"\n                                                \/>\n                                            <\/div>\n                                        <\/div>\n\n                                        <header class=\"entry-header\">\n                                            <h4 class=\"entry-title\">\n                                                Avro: Yarat\u0131l\u0131\u015f\u0131, Y\u00f6netimi ve G\u00fcncel Zorluklar\ufffc                                            <\/h4>\n                                        <\/header>\n\n                                        <div class=\"entry-main\">\n                                            <div class=\"entry-info\">\n                                                <div class=\"event-date\">\n                                                                                                            <i class=\"fas fa-calendar-alt\"><\/i>&nbsp;\n                                                    \n                                                                                                            <span>12 Temmuz 2022<\/span>\n                                                                                                        \n                                                    \n                                                                                                                                                        <\/div>\n\n                                                                                                    <div class=\"event-location\">\n                                                                                                                    <i class=\"fas fa-thumbtack\"><\/i>&nbsp;\n                                                            <span>Zoom'da sanal etkinlik<\/span>\n                                                                                                            <\/div>\n\n                                                    <div class=\"event-language\">\n                                                                                                                    <i class=\"fas fa-globe\"><\/i>&nbsp;\n                                                            <span>\u0130ngilizce, \u00e7ok dilli altyaz\u0131larla<\/span>\n                                                                                                            <\/div>\n                                                                                            <\/div>\n\n                                            <div class=\"entry-content\">\n                                                <p>\n<p>E\u011fer 19 Avro \u00fclkesinden birinde ya\u015f\u0131yorsan\u0131z, muhtemelen kendinize s\u0131k s\u0131k \u00fczerinde rakam ve \u20ac i\u015fareti bulunan bu ka\u011f\u0131t par\u00e7as\u0131n\u0131n de\u011ferini nereden ald\u0131\u011f\u0131n\u0131 sormu\u015fsunuzdur. Bu etkinlikte Federal Almanya Cumhuriyeti Merkez Bankas\u0131 ile birlikte bu sorunun cevab\u0131n\u0131 bulmaya \u00e7al\u0131\u015faca\u011f\u0131z.<\/p>\n\n\n\n<p>Ortak etkinlikte, Avro'nun 2002'den bu yana ulusal para birimlerinin yerini nas\u0131l ald\u0131\u011f\u0131n\u0131 ve 300 milyondan fazla Avrupal\u0131 i\u00e7in g\u00fcnl\u00fck ya\u015fam\u0131n ayr\u0131lmaz bir par\u00e7as\u0131 haline geldi\u011fini inceleyece\u011fiz. Bazen endi\u015fe de duyulan g\u00fcndelik bir bile\u015fen. Yunanistan krizi, Korona ve Ukrayna'daki sava\u015f - ortak para birimi \u015fimdiden pek \u00e7ok krizi atlatt\u0131.<\/p>\n\n\n\n<p>Avrupa mali politikas\u0131 mevcut zorluklara ve artan fiyatlara nas\u0131l yan\u0131t veriyor? Ve bankalar Avrupa d\u00fczeyinde ve ulusal d\u00fczeyde nas\u0131l bir rol oynuyor?<\/p>\n\n\n\n<p>Hadi birlikte \u00f6\u011frenelim!<\/p>\n\n\n\n<p>ile i\u015fbirli\u011fi i\u00e7inde&nbsp;<strong>Federal Almanya Cumhuriyeti Merkez Bankas\u0131<\/strong><\/p>\n<\/p>\n                                                <div class=\"clear\"><\/div>\n                                            <\/div>\n\n                                                                                    <\/div>\n                                    <\/article>\n                                <\/div>\n                            \n                                <div id=\"post-8455\" class=\"aux-col post-8455\">\n                                    <article class=\"post column-entry post-8455 event_listing type-event_listing status-expired has-post-thumbnail hentry\">\n                                        <div class=\"entry-media\">\n                                            <div class=\"aux-media-frame aux-media-image aux-image-mask\">\n                                                <img decoding=\"async\"\n                                                loading=\"lazy\"\n                                                src=\"https:\/\/meeteu.eu\/wp-content\/uploads\/2022\/09\/7th-july-EEAS-scaled.jpg\"\n                                                class=\"aux-attachment aux-featured-image aux-attachment-id-8457 aux-preload aux-has-preview\"\n                                                alt=\"\"\n                                                data-src=\"https:\/\/meeteu.eu\/wp-content\/uploads\/2022\/09\/7th-july-EEAS-scaled.jpg\"\n                                                \/>\n                                            <\/div>\n                                        <\/div>\n\n                                        <header class=\"entry-header\">\n                                            <h4 class=\"entry-title\">\n                                                Avrupa Birli\u011fi'nde Rus Dezenformasyonu\u00a0                                            <\/h4>\n                                        <\/header>\n\n                                        <div class=\"entry-main\">\n                                            <div class=\"entry-info\">\n                                                <div class=\"event-date\">\n                                                                                                            <i class=\"fas fa-calendar-alt\"><\/i>&nbsp;\n                                                    \n                                                                                                            <span>7 Temmuz 2022<\/span>\n                                                                                                        \n                                                    \n                                                                                                                                                        <\/div>\n\n                                                                                            <\/div>\n\n                                            <div class=\"entry-content\">\n                                                <p>\n<p>\u0130ster medya yay\u0131nc\u0131lar\u0131 ister sosyal medya \u00fczerinden olsun, Rusya 2008 G\u00fcrcistan i\u015fgalinden bu yana dezenformasyon kampanyalar\u0131n\u0131 s\u00f6ylem yaratmak i\u00e7in kullanm\u0131\u015ft\u0131r. Stratejilerden biri: Belirsizlik yaratmak i\u00e7in olaylar hakk\u0131nda \u00e7eli\u015fkili hikayeler yaymak.<\/p>\n\n\n\n<p>Rus h\u00fck\u00fcmeti Ukrayna ihtilaf\u0131nda devlet taraf\u0131ndan finanse edilen medya kurulu\u015flar\u0131 \u00fczerindeki etkisini de kullanmaktad\u0131r. EUvsDisinfo taraf\u0131ndan 2014 y\u0131l\u0131ndan bu yana Ukrayna ile ilgili 5000'den fazla yanl\u0131\u015f bilgilendirme vakas\u0131 toplanm\u0131\u015ft\u0131r. Bu, Avrupa D\u0131\u015f Eylem Servisi'nin dezenformasyon kampanyalar\u0131na kar\u015f\u0131 koymaya y\u00f6nelik bir projesidir.<\/p>\n\n\n\n<p>Avrupa Birli\u011fi'nin bu kampanyalara nas\u0131l kar\u015f\u0131l\u0131k verdi\u011fi ve k\u0131ta s\u0131n\u0131rlar\u0131n\u0131n \u00f6tesinde ne gibi etkileri oldu\u011fu hakk\u0131nda daha fazla bilgi edinmek istiyoruz.<\/p>\n\n\n\n<p>Bu nedenle, sizleri a\u011f\u0131rlamaktan b\u00fcy\u00fck mutluluk duyuyoruz.<strong>&nbsp;Avrupa D\u0131\u015f Eylem Servisi'nden Lutz Guellner, Rusya konusunda uzman<\/strong>&nbsp;dezenformasyon.<\/p>\n\n\n\n<p>Bize kat\u0131l\u0131n ve bu \u00f6nemli konu hakk\u0131nda daha fazla bilgi edinin!<\/p>\n<\/p>\n                                                <div class=\"clear\"><\/div>\n                                            <\/div>\n\n                                                                                    <\/div>\n                                    <\/article>\n                                <\/div>\n                            \n                                <div id=\"post-8458\" class=\"aux-col post-8458\">\n                                    <article class=\"post column-entry post-8458 event_listing type-event_listing status-expired has-post-thumbnail hentry\">\n                                        <div class=\"entry-media\">\n                                            <div class=\"aux-media-frame aux-media-image aux-image-mask\">\n                                                <img decoding=\"async\"\n                                                loading=\"lazy\"\n                                                src=\"https:\/\/meeteu.eu\/wp-content\/uploads\/2022\/09\/05-07-Visual-Valerie-Drezet-Humez-French-EU-Presidency-3-EC-scaled.jpg\"\n                                                class=\"aux-attachment aux-featured-image aux-attachment-id-8459 aux-preload aux-has-preview\"\n                                                alt=\"\"\n                                                data-src=\"https:\/\/meeteu.eu\/wp-content\/uploads\/2022\/09\/05-07-Visual-Valerie-Drezet-Humez-French-EU-Presidency-3-EC-scaled.jpg\"\n                                                \/>\n                                            <\/div>\n                                        <\/div>\n\n                                        <header class=\"entry-header\">\n                                            <h4 class=\"entry-title\">\n                                                Fransa'n\u0131n 2022 Konsey Ba\u015fkanl\u0131\u011f\u0131 - Ocak ay\u0131ndan bu yana AB'de neler oldu?                                            <\/h4>\n                                        <\/header>\n\n                                        <div class=\"entry-main\">\n                                            <div class=\"entry-info\">\n                                                <div class=\"event-date\">\n                                                                                                            <i class=\"fas fa-calendar-alt\"><\/i>&nbsp;\n                                                    \n                                                                                                            <span>5 Temmuz 2022<\/span>\n                                                                                                        \n                                                    \n                                                                                                                                                        <\/div>\n\n                                                                                            <\/div>\n\n                                            <div class=\"entry-content\">\n                                                <p>\n<p>Fransa'n\u0131n AB D\u00f6nem Ba\u015fkanl\u0131\u011f\u0131na (PFUE), mevcut AB politikas\u0131ndaki \u00f6ncelikleri de\u011fi\u015ftiren Ukrayna'daki sava\u015f damgas\u0131n\u0131 vurdu. Ayn\u0131 zamanda Fransa'n\u0131n D\u00f6nem Ba\u015fkanl\u0131\u011f\u0131 son derece h\u0131rsl\u0131 olarak g\u00f6r\u00fclm\u00fc\u015f ve dijital alan i\u00e7in yeni yasalar, Bat\u0131 Balkanlar konferans\u0131 ve polis i\u015fbirli\u011finin g\u00fc\u00e7lendirilmesi gibi Avrupa Birli\u011fi'nin \u00f6nemli projelerini ilerletmek istemi\u015ftir. Bu kritik durumda Frans\u0131z h\u00fck\u00fcmet(ler)i Avrupa d\u00fczeyindeki yeni zorluklara yan\u0131t vermek zorundayd\u0131.&nbsp;<\/p>\n\n\n\n<p>Alt\u0131 ayl\u0131k PFUE'nin genel dengesi nedir, hangi ba\u015far\u0131lar elde edildi ve Fransa, D\u00f6nem Ba\u015fkanl\u0131\u011f\u0131 s\u0131ras\u0131nda Ukrayna'daki sava\u015fa nas\u0131l tepki verdi?&nbsp;<\/p>\n\n\n\n<p>Avrupa Komisyonu Paris Temsilcili\u011fi Ba\u015fkan\u0131 Val\u00e9rie Drezet-Humez, Avrupa perspektifinden neler olup bitti\u011fine dair \u00f6zel bir kavray\u0131\u015fa sahip. Webinar'a kat\u0131l\u0131n ve onunla fikir al\u0131\u015fveri\u015finde bulunun.<\/p>\n\n\n\n<p>Bayan ile.&nbsp;<strong>Val\u00e9rie DREZET-HUMEZ<\/strong>&nbsp;Avrupa Komisyonu Fransa Temsilcili\u011fi Ba\u015fkan\u0131&nbsp;<\/p>\n<\/p>\n                                                <div class=\"clear\"><\/div>\n                                            <\/div>\n\n                                                                                    <\/div>\n                                    <\/article>\n                                <\/div>\n                            \n                                <div id=\"post-8460\" class=\"aux-col post-8460\">\n                                    <article class=\"post column-entry post-8460 event_listing type-event_listing status-expired has-post-thumbnail hentry\">\n                                        <div class=\"entry-media\">\n                                            <div class=\"aux-media-frame aux-media-image aux-image-mask\">\n                                                <img decoding=\"async\"\n                                                loading=\"lazy\"\n                                                src=\"https:\/\/meeteu.eu\/wp-content\/uploads\/2022\/09\/Next-Gen-Democracy-Makers-2-scaled.jpg\"\n                                                class=\"aux-attachment aux-featured-image aux-attachment-id-8461 aux-preload aux-has-preview\"\n                                                alt=\"\"\n                                                data-src=\"https:\/\/meeteu.eu\/wp-content\/uploads\/2022\/09\/Next-Gen-Democracy-Makers-2-scaled.jpg\"\n                                                \/>\n                                            <\/div>\n                                        <\/div>\n\n                                        <header class=\"entry-header\">\n                                            <h4 class=\"entry-title\">\n                                                Yeni Nesil Demokrasi Yap\u0131c\u0131lar\u0131                                            <\/h4>\n                                        <\/header>\n\n                                        <div class=\"entry-main\">\n                                            <div class=\"entry-info\">\n                                                <div class=\"event-date\">\n                                                                                                            <i class=\"fas fa-calendar-alt\"><\/i>&nbsp;\n                                                    \n                                                                                                            <span>30 Haziran 2022<\/span>\n                                                                                                        \n                                                    \n                                                                                                                                                        <\/div>\n\n                                                                                            <\/div>\n\n                                            <div class=\"entry-content\">\n                                                <p>\n<p>Evet, t\u00fcm bunlar mevcut ve AB'nin d\u00f6rt bir yan\u0131ndan gelen g\u00f6n\u00fcll\u00fcler taraf\u0131ndan ger\u00e7ekle\u015ftiriliyor.<\/p>\n\n\n\n<p>Bu (dijital) taban projelerinin arkas\u0131ndaki beyinleri tan\u0131y\u0131n ve sorular\u0131n\u0131z\u0131 sorun.<\/p>\n\n\n\n<p>ile:<br><a href=\"https:\/\/www.twitch.tv\/mepassistant\" rel=\"noopener\">MEPAssistant<\/a><br><a href=\"https:\/\/www.youtube.com\/c\/Hoogromulus\" rel=\"noopener\">Hoog<\/a><br><a href=\"https:\/\/discord.gg\/pYb7a6P\" rel=\"noopener\">Forum G\u00f6tterfunken<\/a><br><a href=\"https:\/\/www.youtube.com\/c\/IntoEurope\" rel=\"noopener\">Avrupa'ya<\/a><br><a href=\"https:\/\/meeteu.eu\/tr\/\">Say\u0131larla<\/a><\/p>\n\n\n\n<p><strong>Vatanda\u015flar taraf\u0131ndan, vatanda\u015flarla birlikte, vatanda\u015flar i\u00e7in - orada olun ve tart\u0131\u015fmaya kat\u0131l\u0131n!<\/strong><\/p>\n\n\n\n<p>Kanepede oturup k\u0131tan\u0131n d\u00f6rt bir yan\u0131ndan gelen insanlarla Avrupa'y\u0131 tart\u0131\u015fmak m\u0131? Oyun oynayan ve g\u00fcncel meseleler hakk\u0131nda konu\u015fan milletvekillerini izlemek? Karma\u015f\u0131k AB konular\u0131nda kolay anla\u015f\u0131l\u0131r videolarla daha ak\u0131ll\u0131 hale gelmek mi? ...<\/p>\n\n\n\n<p>Evet, t\u00fcm bunlar mevcut ve AB'nin d\u00f6rt bir yan\u0131ndan gelen g\u00f6n\u00fcll\u00fcler taraf\u0131ndan ger\u00e7ekle\u015ftiriliyor.<\/p>\n\n\n\n<p>Bu (dijital) taban projelerinin arkas\u0131ndaki beyinleri tan\u0131y\u0131n ve sorular\u0131n\u0131z\u0131 sorun.<\/p>\n\n\n\n<p>ile:<br><a href=\"https:\/\/www.twitch.tv\/mepassistant\" rel=\"noopener\">MEPAssistant<\/a><br><a href=\"https:\/\/www.youtube.com\/c\/Hoogromulus\" rel=\"noopener\">Hoog<\/a><br><a href=\"https:\/\/discord.gg\/pYb7a6P\" rel=\"noopener\">Forum G\u00f6tterfunken<\/a><br><a href=\"https:\/\/www.youtube.com\/c\/IntoEurope\" rel=\"noopener\">Avrupa'ya<\/a><br><a href=\"https:\/\/meeteu.eu\/tr\/\">Say\u0131larla<\/a><\/p>\n\n\n\n<p><strong>Vatanda\u015flar taraf\u0131ndan, vatanda\u015flarla birlikte, vatanda\u015flar i\u00e7in - orada olun ve tart\u0131\u015fmaya kat\u0131l\u0131n!<\/strong><\/p>\n<\/p>\n                                                <div class=\"clear\"><\/div>\n                                            <\/div>\n\n                                                                                    <\/div>\n                                    <\/article>\n                                <\/div>\n                            \n                                <div id=\"post-8463\" class=\"aux-col post-8463\">\n                                    <article class=\"post column-entry post-8463 event_listing type-event_listing status-expired has-post-thumbnail hentry\">\n                                        <div class=\"entry-media\">\n                                            <div class=\"aux-media-frame aux-media-image aux-image-mask\">\n                                                <img decoding=\"async\"\n                                                loading=\"lazy\"\n                                                src=\"https:\/\/meeteu.eu\/wp-content\/uploads\/2022\/09\/21-6-Nuclear-scaled.jpg\"\n                                                class=\"aux-attachment aux-featured-image aux-attachment-id-8464 aux-preload aux-has-preview\"\n                                                alt=\"\"\n                                                data-src=\"https:\/\/meeteu.eu\/wp-content\/uploads\/2022\/09\/21-6-Nuclear-scaled.jpg\"\n                                                \/>\n                                            <\/div>\n                                        <\/div>\n\n                                        <header class=\"entry-header\">\n                                            <h4 class=\"entry-title\">\n                                                Yenilenebilir Enerji G\u00fcvenilir De\u011fil mi? N\u00fckleer Enerji \u00c7\u00f6z\u00fcm m\u00fc?                                            <\/h4>\n                                        <\/header>\n\n                                        <div class=\"entry-main\">\n                                            <div class=\"entry-info\">\n                                                <div class=\"event-date\">\n                                                                                                            <i class=\"fas fa-calendar-alt\"><\/i>&nbsp;\n                                                    \n                                                                                                            <span>21 Haziran 2022<\/span>\n                                                                                                        \n                                                    \n                                                                                                                                                        <\/div>\n\n                                                                                            <\/div>\n\n                                            <div class=\"entry-content\">\n                                                <p>\n<p>Avrupa Birli\u011fi'nde pek \u00e7ok alanda ortak bir yakla\u015f\u0131m bulmak m\u00fcmk\u00fcn olmu\u015ftur. Ancak (ye\u015fil), s\u00fcrd\u00fcr\u00fclebilir bir enerji politikas\u0131n\u0131n gelece\u011fi s\u00f6z konusu oldu\u011funda, ba\u015fkentlerde kilit bir konuya yakla\u015f\u0131mlar tamamen farkl\u0131 ele al\u0131nmaktad\u0131r: n\u00fckleer enerji.<\/p>\n\n\n\n<p>Baz\u0131 \u00fclkelerde n\u00fckleer enerji CO\u2082'den fakir uygun fiyatl\u0131 enerji \u00fcretmenin tek yolu olarak g\u00f6r\u00fcl\u00fcrken, di\u011ferleri g\u00fcvenli\u011finin yan\u0131 s\u0131ra ekonomik uygulanabilirli\u011fi ve \u00e7evre ile uyumlulu\u011fundan \u015f\u00fcphe duymaktad\u0131r.<\/p>\n\n\n\n<p>Peki n\u00fckleer enerjiye ihtiyac\u0131m\u0131z var m\u0131? Ve bu bizi ne kadar ba\u011f\u0131ms\u0131z k\u0131l\u0131yor?<\/p>\n\n\n\n<p>Bunu bir topluluk etkinli\u011finde tart\u0131\u015fal\u0131m.<\/p>\n<\/p>\n                                                <div class=\"clear\"><\/div>\n                                            <\/div>\n\n                                                                                    <\/div>\n                                    <\/article>\n                                <\/div>\n                            \n                                <div id=\"post-8465\" class=\"aux-col post-8465\">\n                                    <article class=\"post column-entry post-8465 event_listing type-event_listing status-expired has-post-thumbnail hentry\">\n                                        <div class=\"entry-media\">\n                                            <div class=\"aux-media-frame aux-media-image aux-image-mask\">\n                                                <img decoding=\"async\"\n                                                loading=\"lazy\"\n                                                src=\"https:\/\/meeteu.eu\/wp-content\/uploads\/2022\/09\/7-June-The-Conference-Is-Over-Whats-Next-MeetEU-scaled.jpg\"\n                                                class=\"aux-attachment aux-featured-image aux-attachment-id-8466 aux-preload aux-has-preview\"\n                                                alt=\"\"\n                                                data-src=\"https:\/\/meeteu.eu\/wp-content\/uploads\/2022\/09\/7-June-The-Conference-Is-Over-Whats-Next-MeetEU-scaled.jpg\"\n                                                \/>\n                                            <\/div>\n                                        <\/div>\n\n                                        <header class=\"entry-header\">\n                                            <h4 class=\"entry-title\">\n                                                Konferans Bitti, S\u0131rada Ne Var?                                            <\/h4>\n                                        <\/header>\n\n                                        <div class=\"entry-main\">\n                                            <div class=\"entry-info\">\n                                                <div class=\"event-date\">\n                                                                                                            <i class=\"fas fa-calendar-alt\"><\/i>&nbsp;\n                                                    \n                                                                                                            <span>7 Haziran 2022<\/span>\n                                                                                                        \n                                                    \n                                                                                                                                                        <\/div>\n\n                                                                                            <\/div>\n\n                                            <div class=\"entry-content\">\n                                                <p>\n<p>9 May\u0131s'ta Avrupa'n\u0131n Gelece\u011fi Konferans\u0131 \u015fu s\u00f6zlerle t\u00f6renle kapat\u0131ld\u0131: \"<em>Avrupa entegrasyonunun belirleyici bir an\u0131nday\u0131z ve hi\u00e7bir de\u011fi\u015fim \u00f6nerisi s\u0131n\u0131r d\u0131\u015f\u0131 olmamal\u0131\"<\/em>&nbsp;Roberta Metsola (Avrupa Parlamentosu Ba\u015fkan\u0131) taraf\u0131ndan.<\/p>\n\n\n\n<p>Bir y\u0131l boyunca Avrupa Birli\u011fi vatanda\u015flar\u0131na yar\u0131n\u0131n AB'sinin nas\u0131l olmas\u0131 gerekti\u011fi soruldu. Y\u00fcz binlerce ki\u015fi bu tarihi demokratik projeye kat\u0131larak fikirlerini tart\u0131\u015ft\u0131, di\u011fer Avrupal\u0131larla bir araya geldi ve mevcut ve gelecekteki zorluklara ili\u015fkin \u00f6neriler geli\u015ftirdi. &nbsp;<\/p>\n\n\n\n<p>Avrupa'n\u0131n Gelece\u011fi Konferans\u0131'n\u0131n nihai raporu AB kurumlar\u0131na sunuldu\u011funa g\u00f6re s\u0131rada ne var?<\/p>\n\n\n\n<p>T\u00fcm bu fikirlerle ne olacak?<\/p>\n\n\n\n<p>Bu soruyu Richard Corbett'e y\u00f6neltece\u011fiz. Kendisi Avrupa'n\u0131n Gelece\u011fi Konferans\u0131 Ortak Sekreteryas\u0131'n\u0131n bir \u00fcyesi ve bu s\u00fcrecin kilit isimlerinden biri.<\/p>\n<\/p>\n                                                <div class=\"clear\"><\/div>\n                                            <\/div>\n\n                                                                                    <\/div>\n                                    <\/article>\n                                <\/div>\n                            \n                                <div id=\"post-8467\" class=\"aux-col post-8467\">\n                                    <article class=\"post column-entry post-8467 event_listing type-event_listing status-expired has-post-thumbnail hentry\">\n                                        <div class=\"entry-media\">\n                                            <div class=\"aux-media-frame aux-media-image aux-image-mask\">\n                                                <img decoding=\"async\"\n                                                loading=\"lazy\"\n                                                src=\"https:\/\/meeteu.eu\/wp-content\/uploads\/2022\/09\/31-May-Communicating-the-EU-Asylum-and-Migration-Policy-2--scaled.jpg\"\n                                                class=\"aux-attachment aux-featured-image aux-attachment-id-8468 aux-preload aux-has-preview\"\n                                                alt=\"\"\n                                                data-src=\"https:\/\/meeteu.eu\/wp-content\/uploads\/2022\/09\/31-May-Communicating-the-EU-Asylum-and-Migration-Policy-2--scaled.jpg\"\n                                                \/>\n                                            <\/div>\n                                        <\/div>\n\n                                        <header class=\"entry-header\">\n                                            <h4 class=\"entry-title\">\n                                                AB \u0130ltica ve G\u00f6\u00e7 Politikas\u0131n\u0131n \u0130leti\u015fimi\u00a0\u00a0                                            <\/h4>\n                                        <\/header>\n\n                                        <div class=\"entry-main\">\n                                            <div class=\"entry-info\">\n                                                <div class=\"event-date\">\n                                                                                                            <i class=\"fas fa-calendar-alt\"><\/i>&nbsp;\n                                                    \n                                                                                                            <span>31 May\u0131s 2022<\/span>\n                                                                                                        \n                                                    \n                                                                                                                                                        <\/div>\n\n                                                                                            <\/div>\n\n                                            <div class=\"entry-content\">\n                                                <p>\n<p>Ukrayna'daki sava\u015f \u00f6zellikle Polonya, Romanya ve Bulgaristan'da milyonlarca m\u00fclteciye yol a\u00e7m\u0131\u015ft\u0131r. Bu \u00fclkeler, \u00fcye devletler aras\u0131ndaki dayan\u0131\u015fmay\u0131 kan\u0131tlarken onlar\u0131 a\u011f\u0131rlamak i\u00e7in ellerinden geleni yap\u0131yorlar.<\/p>\n\n\n\n<p>Mevcut durum Avrupa Birli\u011fi'nin g\u00f6\u00e7 ve iltica politikas\u0131nda bir d\u00f6n\u00fcm noktas\u0131n\u0131 m\u0131 temsil ediyor? AB bu krizle nas\u0131l ba\u015fa \u00e7\u0131k\u0131yor ve politikas\u0131n\u0131 AB vatanda\u015flar\u0131na anlatmakta ba\u015far\u0131l\u0131 m\u0131?<\/p>\n\n\n\n<p>Bu konuyu Avrupa Komisyonu'nun 'G\u00f6\u00e7 ve \u0130\u00e7i\u015fleri' b\u00f6l\u00fcm\u00fcnden Tina Zournatzi ile konu\u015fal\u0131m.<\/p>\n<\/p>\n                                                <div class=\"clear\"><\/div>\n                                            <\/div>\n\n                                                                                    <\/div>\n                                    <\/article>\n                                <\/div>\n                            \n                                <div id=\"post-8469\" class=\"aux-col post-8469\">\n                                    <article class=\"post column-entry post-8469 event_listing type-event_listing status-expired has-post-thumbnail hentry\">\n                                        <div class=\"entry-media\">\n                                            <div class=\"aux-media-frame aux-media-image aux-image-mask\">\n                                                <img decoding=\"async\"\n                                                loading=\"lazy\"\n                                                src=\"https:\/\/meeteu.eu\/wp-content\/uploads\/2022\/09\/26-May-Lets-Reduce-EU-Educational-Inqualities-but-How-EYY--scaled.jpg\"\n                                                class=\"aux-attachment aux-featured-image aux-attachment-id-8472 aux-preload aux-has-preview\"\n                                                alt=\"\"\n                                                data-src=\"https:\/\/meeteu.eu\/wp-content\/uploads\/2022\/09\/26-May-Lets-Reduce-EU-Educational-Inqualities-but-How-EYY--scaled.jpg\"\n                                                \/>\n                                            <\/div>\n                                        <\/div>\n\n                                        <header class=\"entry-header\">\n                                            <h4 class=\"entry-title\">\n                                                AB'deki e\u011fitim e\u015fitsizliklerini azaltal\u0131m - Ama nas\u0131l?                                            <\/h4>\n                                        <\/header>\n\n                                        <div class=\"entry-main\">\n                                            <div class=\"entry-info\">\n                                                <div class=\"event-date\">\n                                                                                                            <i class=\"fas fa-calendar-alt\"><\/i>&nbsp;\n                                                    \n                                                                                                            <span>26 May\u0131s 2022<\/span>\n                                                                                                        \n                                                    \n                                                                                                                                                        <\/div>\n\n                                                                                            <\/div>\n\n                                            <div class=\"entry-content\">\n                                                <p>\n<p>AB'de her 4 \u00e7ocuktan 1'i yoksulluk veya sosyal d\u0131\u015flanma riski alt\u0131ndad\u0131r. Bu \u00e7ocuklar\u0131n okulda d\u00fc\u015f\u00fck performans g\u00f6stermesi ve yeti\u015fkin olduklar\u0131nda iyi bir i\u015f bulmakta zorlanmas\u0131 daha olas\u0131d\u0131r.<\/p>\n\n\n\n<p>Bu e\u015fitsizlik, koronavir\u00fcs pandemisi s\u0131ras\u0131nda okullar\u0131n kapat\u0131lmas\u0131yla daha da peki\u015fmi\u015ftir. Dezavantajl\u0131 ailelerden gelen \u00e7ocuklar genellikle internet eri\u015fiminden, ebeveyn deste\u011finden veya yeterli e\u011fitim ortam\u0131ndan yoksundur, bu da \u00f6\u011frenmeyi onlar i\u00e7in daha zor hale getirmektedir.<\/p>\n\n\n\n<p>Bu e\u015fitsizlik sona ermelidir. \u00c7\u00fcnk\u00fc \u00e7ocuklar bizim gelece\u011fimizdir. AB, e\u015fit e\u011fitim f\u0131rsatlar\u0131n\u0131 te\u015fvik etmek ve sosyal ya da co\u011frafi ayr\u0131mc\u0131l\u0131\u011f\u0131 durdurmak i\u00e7in ne yapabilir?<\/p>\n\n\n\n<p>Bu konuyu K\u00fclt\u00fcr ve E\u011fitim Komitesi Ba\u015fkan Yard\u0131mc\u0131s\u0131 Victor Negrescu (MEP S&amp;D) ile g\u00f6r\u00fc\u015felim. Sorular\u0131n\u0131z\u0131 sorun ve fikirlerinizi payla\u015f\u0131n!<\/p>\n<\/p>\n                                                <div class=\"clear\"><\/div>\n                                            <\/div>\n\n                                                                                    <\/div>\n                                    <\/article>\n                                <\/div>\n                            \n                                <div id=\"post-8473\" class=\"aux-col post-8473\">\n                                    <article class=\"post column-entry post-8473 event_listing type-event_listing status-expired has-post-thumbnail hentry\">\n                                        <div class=\"entry-media\">\n                                            <div class=\"aux-media-frame aux-media-image aux-image-mask\">\n                                                <img decoding=\"async\"\n                                                loading=\"lazy\"\n                                                src=\"https:\/\/meeteu.eu\/wp-content\/uploads\/2022\/09\/Czech-ECP-Draft-scaled.jpg\"\n                                                class=\"aux-attachment aux-featured-image aux-attachment-id-8474 aux-preload aux-has-preview\"\n                                                alt=\"\"\n                                                data-src=\"https:\/\/meeteu.eu\/wp-content\/uploads\/2022\/09\/Czech-ECP-Draft-scaled.jpg\"\n                                                \/>\n                                            <\/div>\n                                        <\/div>\n\n                                        <header class=\"entry-header\">\n                                            <h4 class=\"entry-title\">\n                                                2022'de \u00c7ek Cumhuriyeti'nin AB d\u00f6nem ba\u015fkanl\u0131\u011f\u0131 - Ne bekleyebiliriz?                                            <\/h4>\n                                        <\/header>\n\n                                        <div class=\"entry-main\">\n                                            <div class=\"entry-info\">\n                                                <div class=\"event-date\">\n                                                                                                            <i class=\"fas fa-calendar-alt\"><\/i>&nbsp;\n                                                    \n                                                                                                            <span>17 May\u0131s 2022<\/span>\n                                                                                                        \n                                                    \n                                                                                                                                                        <\/div>\n\n                                                                                                    <div class=\"event-location\">\n                                                                                                                    <i class=\"fas fa-thumbtack\"><\/i>&nbsp;\n                                                            <span>Zoom'da sanal etkinlik<\/span>\n                                                                                                            <\/div>\n\n                                                    <div class=\"event-language\">\n                                                                                                                    <i class=\"fas fa-globe\"><\/i>&nbsp;\n                                                            <span>\u0130ngilizce, \u00e7ok dilli altyaz\u0131larla<\/span>\n                                                                                                            <\/div>\n                                                                                            <\/div>\n\n                                            <div class=\"entry-content\">\n                                                <p>\n<p>\u00c7ek Cumhuriyeti Temmuz 2022'den itibaren 'Avrupa Birli\u011fi Konseyi' D\u00f6nem Ba\u015fkanl\u0131\u011f\u0131n\u0131 devral\u0131yor. 'Konsey'de&nbsp;<strong>her AB \u00fclkesinden h\u00fck\u00fcmet bakanlar\u0131<\/strong>&nbsp;yasalar\u0131 kabul etmek ve politikalar\u0131 koordine etmek i\u00e7in toplan\u0131r.<\/p>\n\n\n\n<p>Bir AB \u00fclkesi i\u00e7in D\u00f6nem Ba\u015fkanl\u0131\u011f\u0131, AB siyasetini etkilemek i\u00e7in \u00f6nemli bir ara\u00e7t\u0131r. D\u00f6nem ba\u015fkanl\u0131\u011f\u0131n\u0131 y\u00fcr\u00fcten \u00fclke, bu s\u00fcre zarf\u0131nda AB'nin g\u00fcndemini ve \u00f6nceliklerini belirler. Ba\u015fka bir deyi\u015fle&nbsp;<strong>alt\u0131 ay boyunca AB politika olu\u015fturma s\u00fcrecinin merkezinde yer ald\u0131.<\/strong><\/p>\n\n\n\n<p><strong>Peki \u00c7ek Cumhuriyeti'nin g\u00fcndeminde ne var?<\/strong>&nbsp;Petr Fiala'n\u0131n Avrupa yanl\u0131s\u0131 yeni h\u00fck\u00fcmeti Bat\u0131 Balkanlar\u0131n daha fazla entegrasyonu i\u00e7in iddial\u0131 bir g\u00fcndem belirleyebilecek mi? Ukrayna'n\u0131n yeniden in\u015fas\u0131na nas\u0131l katk\u0131da bulunacak? Ve Avrupa'n\u0131n savunma kapasitesini g\u00fc\u00e7lendirmeye y\u00f6nelik planlar\u0131 nelerdir?<\/p>\n\n\n\n<p>\u00c7ek Cumhuriyeti Parlamento \u00dcyesi Martin Exner (STAN) ile.<\/p>\n<\/p>\n                                                <div class=\"clear\"><\/div>\n                                            <\/div>\n\n                                                                                    <\/div>\n                                    <\/article>\n                                <\/div>\n                            \n                                <div id=\"post-8475\" class=\"aux-col post-8475\">\n                                    <article class=\"post column-entry post-8475 event_listing type-event_listing status-expired has-post-thumbnail hentry\">\n                                        <div class=\"entry-media\">\n                                            <div class=\"aux-media-frame aux-media-image aux-image-mask\">\n                                                <img decoding=\"async\"\n                                                loading=\"lazy\"\n                                                src=\"https:\/\/meeteu.eu\/wp-content\/uploads\/2022\/09\/Europe-Day-2022-scaled.jpg\"\n                                                class=\"aux-attachment aux-featured-image aux-attachment-id-8476 aux-preload aux-has-preview\"\n                                                alt=\"\"\n                                                data-src=\"https:\/\/meeteu.eu\/wp-content\/uploads\/2022\/09\/Europe-Day-2022-scaled.jpg\"\n                                                \/>\n                                            <\/div>\n                                        <\/div>\n\n                                        <header class=\"entry-header\">\n                                            <h4 class=\"entry-title\">\n                                                Avrupa G\u00fcn\u00fc - Sizin \u0130\u00e7in Ne \u0130fade Ediyor?                                            <\/h4>\n                                        <\/header>\n\n                                        <div class=\"entry-main\">\n                                            <div class=\"entry-info\">\n                                                <div class=\"event-date\">\n                                                                                                            <i class=\"fas fa-calendar-alt\"><\/i>&nbsp;\n                                                    \n                                                                                                            <span>10 May\u0131s 2022<\/span>\n                                                                                                        \n                                                    \n                                                                                                                                                        <\/div>\n\n                                                                                            <\/div>\n\n                                            <div class=\"entry-content\">\n                                                <p>\n<p>9 May\u0131s Avrupa G\u00fcn\u00fc. Bu g\u00fcnde Avrupa'n\u0131n d\u00f6rt bir yan\u0131ndaki vatanda\u015flar, bug\u00fcnk\u00fc Avrupa Birli\u011fi'nin ba\u015flang\u0131c\u0131 olarak kabul edilen 'Schuman deklarasyonunu' kutluyor.<\/p>\n\n\n\n<p>Siz 2022 Avrupa G\u00fcn\u00fc'n\u00fc nas\u0131l ge\u00e7irdiniz? Bayra\u011f\u0131n\u0131z\u0131 dalgaland\u0131rd\u0131n\u0131z m\u0131? Herhangi bir Avrupa etkinli\u011fine veya kutlamas\u0131na kat\u0131ld\u0131n\u0131z m\u0131? Hatta belki de kendiniz bir etkinlik ba\u015flatt\u0131n\u0131z m\u0131? Yoksa Avrupa G\u00fcn\u00fc umurunuzda de\u011fil mi?<\/p>\n\n\n\n<p>Avrupa G\u00fcn\u00fc'n\u00fcn bizim i\u00e7in anlam\u0131 \u00fczerine sohbet edelim. May\u0131s 9'u resmi AB tatili yapman\u0131n iyi bir fikir olup olmayaca\u011f\u0131. Ve Avrupa G\u00fcn\u00fc'nde kutlad\u0131\u011f\u0131m\u0131z ortak bir Avrupa kimli\u011fi gibi bir \u015fey olup olmad\u0131\u011f\u0131n\u0131.<\/p>\n<\/p>\n                                                <div class=\"clear\"><\/div>\n                                            <\/div>\n\n                                                                                    <\/div>\n                                    <\/article>\n                                <\/div>\n                            \n                                <div id=\"post-8478\" class=\"aux-col post-8478\">\n                                    <article class=\"post column-entry post-8478 event_listing type-event_listing status-expired has-post-thumbnail hentry\">\n                                        <div class=\"entry-media\">\n                                            <div class=\"aux-media-frame aux-media-image aux-image-mask\">\n                                                <img decoding=\"async\"\n                                                loading=\"lazy\"\n                                                src=\"https:\/\/meeteu.eu\/wp-content\/uploads\/2022\/09\/Oberthur3may-scaled.jpg\"\n                                                class=\"aux-attachment aux-featured-image aux-attachment-id-8479 aux-preload aux-has-preview\"\n                                                alt=\"\"\n                                                data-src=\"https:\/\/meeteu.eu\/wp-content\/uploads\/2022\/09\/Oberthur3may-scaled.jpg\"\n                                                \/>\n                                            <\/div>\n                                        <\/div>\n\n                                        <header class=\"entry-header\">\n                                            <h4 class=\"entry-title\">\n                                                55 ya\u015f i\u00e7in uygun muyuz?                                            <\/h4>\n                                        <\/header>\n\n                                        <div class=\"entry-main\">\n                                            <div class=\"entry-info\">\n                                                <div class=\"event-date\">\n                                                                                                            <i class=\"fas fa-calendar-alt\"><\/i>&nbsp;\n                                                    \n                                                                                                            <span>3 May\u0131s 2022<\/span>\n                                                                                                        \n                                                    \n                                                                                                                                                        <\/div>\n\n                                                                                            <\/div>\n\n                                            <div class=\"entry-content\">\n                                                <p>\n<p>Bir s\u00fcredir sera gaz\u0131 emisyonlar\u0131n\u0131n 2030 y\u0131l\u0131na kadar (1990 seviyelerine k\u0131yasla) en az 55% azalt\u0131lmas\u0131 y\u00f6n\u00fcndeki iddial\u0131 plan\u0131 duyuyoruz.<\/p>\n\n\n\n<p>55'e uyum paketi, AB mevzuat\u0131n\u0131n g\u00f6zden ge\u00e7irilmesi ve g\u00fcncellenmesine y\u00f6nelik \u00e7e\u015fitli teklifler i\u00e7ermektedir. Sadece sera gaz\u0131 emisyonlar\u0131n\u0131 azaltmay\u0131 de\u011fil, ayn\u0131 zamanda sosyal olarak kabul edilebilir olmay\u0131 ve rekabet g\u00fcc\u00fcn\u00fc k\u0131s\u0131tlamamay\u0131 da ama\u00e7lamaktad\u0131r.<\/p>\n\n\n\n<p>Ukrayna'daki sava\u015fla birlikte durum bir kez daha \u00f6nemli \u00f6l\u00e7\u00fcde de\u011fi\u015fti. Peki, paketten ne bekleyebiliriz? Bu ve di\u011fer (sizin) sorular\u0131n\u0131z\u0131 yan\u0131tlamak \u00fczere Profes\u00f6r Sebastian Oberth\u00fcr'\u00fc davet ettik.<\/p>\n\n\n\n<p>Uluslararas\u0131 \u00e7evre politikalar\u0131 konusunda uzman olarak, plan\u0131 ve mevcut durumu daha iyi anlamam\u0131za yard\u0131mc\u0131 olacakt\u0131r.<\/p>\n<\/p>\n                                                <div class=\"clear\"><\/div>\n                                            <\/div>\n\n                                                                                    <\/div>\n                                    <\/article>\n                                <\/div>\n                            \n                                <div id=\"post-8480\" class=\"aux-col post-8480\">\n                                    <article class=\"post column-entry post-8480 event_listing type-event_listing status-expired has-post-thumbnail hentry\">\n                                        <div class=\"entry-media\">\n                                            <div class=\"aux-media-frame aux-media-image aux-image-mask\">\n                                                <img decoding=\"async\"\n                                                loading=\"lazy\"\n                                                src=\"https:\/\/meeteu.eu\/wp-content\/uploads\/2022\/09\/apr-12-defense.jpg\"\n                                                class=\"aux-attachment aux-featured-image aux-attachment-id-8481 aux-preload aux-has-preview\"\n                                                alt=\"\"\n                                                data-src=\"https:\/\/meeteu.eu\/wp-content\/uploads\/2022\/09\/apr-12-defense.jpg\"\n                                                \/>\n                                            <\/div>\n                                        <\/div>\n\n                                        <header class=\"entry-header\">\n                                            <h4 class=\"entry-title\">\n                                                AB Savunmas\u0131, Sizin \u0130\u00e7in Ne \u0130fade Ediyor?                                            <\/h4>\n                                        <\/header>\n\n                                        <div class=\"entry-main\">\n                                            <div class=\"entry-info\">\n                                                <div class=\"event-date\">\n                                                                                                            <i class=\"fas fa-calendar-alt\"><\/i>&nbsp;\n                                                    \n                                                                                                            <span>12 Nisan 2022<\/span>\n                                                                                                        \n                                                    \n                                                                                                                                                        <\/div>\n\n                                                                                            <\/div>\n\n                                            <div class=\"entry-content\">\n                                                <p>\n<p>Avrupa sava\u015f gruplar\u0131, \u00fcye devletler aras\u0131nda daha fazla i\u015fbirli\u011fi ya da hatta ortak bir Avrupa ordusu? AB'nin savunmas\u0131n\u0131 nas\u0131l d\u00fczenlemesi gerekti\u011fine ili\u015fkin fikirler \u00e7e\u015fitlilik g\u00f6stermektedir.<\/p>\n\n\n\n<p>Ancak ortak bir askeri stratejinin k\u00fcresel tehditlere kar\u015f\u0131l\u0131k vermek (cayd\u0131rmak) i\u00e7in temel \u00f6nemde oldu\u011fu en ge\u00e7 2014 y\u0131l\u0131ndan beri a\u00e7\u0131kt\u0131r. Mart ay\u0131nda yay\u0131nlanacak olan stratejik pusulan\u0131n bunun i\u00e7in uygun \u00e7er\u00e7eveyi olu\u015fturmas\u0131 ama\u00e7lanmaktad\u0131r.<\/p>\n\n\n\n<p>AB savunma sekt\u00f6r\u00fcnde daha yak\u0131n i\u015fbirli\u011fi yapmal\u0131 m\u0131? \u0130\u015fbirli\u011fi ne \u015fekilde olabilir ve hangi zorluklar\u0131 beraberinde getirir? Bizimle tart\u0131\u015f\u0131n!<\/p>\n<\/p>\n                                                <div class=\"clear\"><\/div>\n                                            <\/div>\n\n                                                                                    <\/div>\n                                    <\/article>\n                                <\/div>\n                            \n                                <div id=\"post-8482\" class=\"aux-col post-8482\">\n                                    <article class=\"post column-entry post-8482 event_listing type-event_listing status-expired has-post-thumbnail hentry\">\n                                        <div class=\"entry-media\">\n                                            <div class=\"aux-media-frame aux-media-image aux-image-mask\">\n                                                <img decoding=\"async\"\n                                                loading=\"lazy\"\n                                                src=\"https:\/\/meeteu.eu\/wp-content\/uploads\/2022\/09\/6th-April-Klaus-scaled.jpg\"\n                                                class=\"aux-attachment aux-featured-image aux-attachment-id-8483 aux-preload aux-has-preview\"\n                                                alt=\"\"\n                                                data-src=\"https:\/\/meeteu.eu\/wp-content\/uploads\/2022\/09\/6th-April-Klaus-scaled.jpg\"\n                                                \/>\n                                            <\/div>\n                                        <\/div>\n\n                                        <header class=\"entry-header\">\n                                            <h4 class=\"entry-title\">\n                                                Orban b\u00fcy\u00fck kazand\u0131! Quo vadis, Macaristan? Zor zamanlarda AB!                                            <\/h4>\n                                        <\/header>\n\n                                        <div class=\"entry-main\">\n                                            <div class=\"entry-info\">\n                                                <div class=\"event-date\">\n                                                                                                            <i class=\"fas fa-calendar-alt\"><\/i>&nbsp;\n                                                    \n                                                                                                            <span>6 Nisan 2022<\/span>\n                                                                                                        \n                                                    \n                                                                                                                                                        <\/div>\n\n                                                                                            <\/div>\n\n                                            <div class=\"entry-content\">\n                                                <p>\n<p>Rusya'n\u0131n Ukrayna'ya y\u00f6nelik sald\u0131r\u0131s\u0131 g\u00fcndemi me\u015fgul ediyor. AB, birlik ve strateji konusunda hayatta kalmas\u0131n\u0131 zorla\u015ft\u0131rabilecek b\u00fcy\u00fck bir meydan okumayla kar\u015f\u0131 kar\u015f\u0131ya. Bu kritik olaylar\u0131n \u00f6rt\u00fcs\u00fc alt\u0131nda Macaristan se\u00e7imleri hak etti\u011fi ilgiyi g\u00f6rmedi.<\/p>\n\n\n\n<p>Bu arada sonucu da biliyoruz: AB ve Br\u00fcksel'e her zaman meydan okuyan Victor Orban, ge\u00e7ti\u011fimiz hafta sonu kesin bir zafer kazand\u0131.<\/p>\n\n\n\n<p>Bug\u00fcnk\u00fc MeetEU etkinli\u011fi s\u0131ras\u0131nda, Macaristan se\u00e7imlerinin neden bu \u015fekilde sonu\u00e7land\u0131\u011f\u0131n\u0131 ve Macaristan'dan ileriye d\u00f6n\u00fck olarak neler bekleyebilece\u011fimizi daha iyi anlamak istiyoruz.<\/p>\n<\/p>\n                                                <div class=\"clear\"><\/div>\n                                            <\/div>\n\n                                                                                    <\/div>\n                                    <\/article>\n                                <\/div>\n                            \n                                <div id=\"post-8484\" class=\"aux-col post-8484\">\n                                    <article class=\"post column-entry post-8484 event_listing type-event_listing status-expired has-post-thumbnail hentry\">\n                                        <div class=\"entry-media\">\n                                            <div class=\"aux-media-frame aux-media-image aux-image-mask\">\n                                                <img decoding=\"async\"\n                                                loading=\"lazy\"\n                                                src=\"https:\/\/meeteu.eu\/wp-content\/uploads\/2022\/09\/5-April-AI.jpg\"\n                                                class=\"aux-attachment aux-featured-image aux-attachment-id-8485 aux-preload aux-has-preview\"\n                                                alt=\"\"\n                                                data-src=\"https:\/\/meeteu.eu\/wp-content\/uploads\/2022\/09\/5-April-AI.jpg\"\n                                                \/>\n                                            <\/div>\n                                        <\/div>\n\n                                        <header class=\"entry-header\">\n                                            <h4 class=\"entry-title\">\n                                                Avrupa de\u011ferlerine dayal\u0131 bir yapay zeka olabilir mi?                                            <\/h4>\n                                        <\/header>\n\n                                        <div class=\"entry-main\">\n                                            <div class=\"entry-info\">\n                                                <div class=\"event-date\">\n                                                                                                            <i class=\"fas fa-calendar-alt\"><\/i>&nbsp;\n                                                    \n                                                                                                            <span>5 Nisan 2022<\/span>\n                                                                                                        \n                                                    \n                                                                                                                                                        <\/div>\n\n                                                                                            <\/div>\n\n                                            <div class=\"entry-content\">\n                                                <p>\n<p>Yapay zeka bir\u00e7ok fayday\u0131 beraberinde getiriyor. Ancak, \u00f6rne\u011fin y\u00fcz tan\u0131ma ve algoritmalar\u0131n se\u00e7imleri etkilemesi gibi endi\u015feler de var.<\/p>\n\n\n\n<p>AB vatanda\u015flar\u0131n\u0131 bu risklerden nas\u0131l koruyabilir? K\u00fcresel teknoloji yar\u0131\u015f\u0131nda geride kalmadan Avrupa de\u011ferlerine dayanan bir yapay zeka yaratmak m\u00fcmk\u00fcn olacak m\u0131?<\/p>\n\n\n\n<p>Bu konuyu Avrupa Parlamentosu \u00dcyesi ve AB'nin yapay zeka mevzuat\u0131ndan sorumlu Brando Benifei ile konu\u015fal\u0131m.<\/p>\n<\/p>\n                                                <div class=\"clear\"><\/div>\n                                            <\/div>\n\n                                                                                    <\/div>\n                                    <\/article>\n                                <\/div>\n                            \n                                <div id=\"post-8487\" class=\"aux-col post-8487\">\n                                    <article class=\"post column-entry post-8487 event_listing type-event_listing status-expired has-post-thumbnail hentry\">\n                                        <div class=\"entry-media\">\n                                            <div class=\"aux-media-frame aux-media-image aux-image-mask\">\n                                                <img decoding=\"async\"\n                                                loading=\"lazy\"\n                                                src=\"https:\/\/meeteu.eu\/wp-content\/uploads\/2022\/09\/223-Sameday.jpg\"\n                                                class=\"aux-attachment aux-featured-image aux-attachment-id-8488 aux-preload aux-has-preview\"\n                                                alt=\"\"\n                                                data-src=\"https:\/\/meeteu.eu\/wp-content\/uploads\/2022\/09\/223-Sameday.jpg\"\n                                                \/>\n                                            <\/div>\n                                        <\/div>\n\n                                        <header class=\"entry-header\">\n                                            <h4 class=\"entry-title\">\n                                                Rus enerji kaynaklar\u0131na olan ba\u011f\u0131ml\u0131l\u0131\u011f\u0131m\u0131z\u0131 nas\u0131l azaltabiliriz?                                            <\/h4>\n                                        <\/header>\n\n                                        <div class=\"entry-main\">\n                                            <div class=\"entry-info\">\n                                                <div class=\"event-date\">\n                                                                                                            <i class=\"fas fa-calendar-alt\"><\/i>&nbsp;\n                                                    \n                                                                                                            <span>22 Mart 2022<\/span>\n                                                                                                        \n                                                    \n                                                                                                                                                        <\/div>\n\n                                                                                            <\/div>\n\n                                            <div class=\"entry-content\">\n                                                <p>\n<p>Avrupa Birli\u011fi'nin do\u011fal gaz ithalat\u0131n\u0131n 41%'si Rusya'dan gelmektedir (Eurostat 2019). AB \u00fcyesi \u00fclkeler her y\u0131l Moskova'ya milyarlarca dolar g\u00f6nderirken ayn\u0131 zamanda Putin h\u00fck\u00fcmetine bask\u0131 uygulamak amac\u0131yla ekonomik yapt\u0131r\u0131m karar\u0131 al\u0131yor. Bir\u00e7oklar\u0131 i\u00e7in bu durum \u00e7eli\u015fkili g\u00f6r\u00fcn\u00fcyor.<\/p>\n\n\n\n<p>Daha da k\u00f6t\u00fcs\u00fc: Rusya ayn\u0131 zamanda AB'nin \u00f6nemli bir petrol tedarik\u00e7isi. Peki AB daha ba\u011f\u0131ms\u0131z olmak i\u00e7in ne yapabilir? \u0130thalat kaynaklar\u0131m\u0131z ne kadar h\u0131zl\u0131 \u00e7e\u015fitlendirilebilir ve en \u00f6nemlisi, Rusya yar\u0131n gaz muslu\u011funu kapat\u0131rsa ne olur?<\/p>\n\n\n\n<p>Bu konuyu Avrupa Komisyonu'ndan bir uzmanla konu\u015fal\u0131m.<\/p>\n<\/p>\n                                                <div class=\"clear\"><\/div>\n                                            <\/div>\n\n                                                                                    <\/div>\n                                    <\/article>\n                                <\/div>\n                            \n                                <div id=\"post-8489\" class=\"aux-col post-8489\">\n                                    <article class=\"post column-entry post-8489 event_listing type-event_listing status-expired has-post-thumbnail hentry\">\n                                        <div class=\"entry-media\">\n                                            <div class=\"aux-media-frame aux-media-image aux-image-mask\">\n                                                <img decoding=\"async\"\n                                                loading=\"lazy\"\n                                                src=\"https:\/\/meeteu.eu\/wp-content\/uploads\/2022\/09\/15-March-CoFoE-Campaign.jpg\"\n                                                class=\"aux-attachment aux-featured-image aux-attachment-id-8490 aux-preload aux-has-preview\"\n                                                alt=\"\"\n                                                data-src=\"https:\/\/meeteu.eu\/wp-content\/uploads\/2022\/09\/15-March-CoFoE-Campaign.jpg\"\n                                                \/>\n                                            <\/div>\n                                        <\/div>\n\n                                        <header class=\"entry-header\">\n                                            <h4 class=\"entry-title\">\n                                                Daha fazla gen\u00e7 insana nas\u0131l ula\u015f\u0131l\u0131r? Avrupa'n\u0131n Gelece\u011fi Konferans\u0131                                            <\/h4>\n                                        <\/header>\n\n                                        <div class=\"entry-main\">\n                                            <div class=\"entry-info\">\n                                                <div class=\"event-date\">\n                                                                                                            <i class=\"fas fa-calendar-alt\"><\/i>&nbsp;\n                                                    \n                                                                                                            <span>15 Mart 2022<\/span>\n                                                                                                        \n                                                    \n                                                                                                                                                        <\/div>\n\n                                                                                            <\/div>\n\n                                            <div class=\"entry-content\">\n                                                <p>\n<p>Kas\u0131m ay\u0131nda, Avrupa'n\u0131n Gelece\u011fi Konferans\u0131 hakk\u0131nda gen\u00e7 Avrupal\u0131lar aras\u0131nda fark\u0131ndal\u0131k yaratmak \u00fczere bir kampanya ba\u015flatt\u0131k. Videolar, \u00f6\u011fretmenler i\u00e7in bir web sitesi ve \u00f6\u011frenciler i\u00e7in 24 AB dilinde bir e-posta \u015fablonu gibi materyaller haz\u0131rlad\u0131k. Ancak hen\u00fcz i\u015fimiz bitmedi, s\u0131rada ne oldu\u011funu ve nas\u0131l dahil olabilece\u011finizi \u00f6\u011frenin!<\/p>\n<\/p>\n                                                <div class=\"clear\"><\/div>\n                                            <\/div>\n\n                                                                                    <\/div>\n                                    <\/article>\n                                <\/div>\n                            \n                                <div id=\"post-8492\" class=\"aux-col post-8492\">\n                                    <article class=\"post column-entry post-8492 event_listing type-event_listing status-expired has-post-thumbnail hentry\">\n                                        <div class=\"entry-media\">\n                                            <div class=\"aux-media-frame aux-media-image aux-image-mask\">\n                                                <img decoding=\"async\"\n                                                loading=\"lazy\"\n                                                src=\"https:\/\/meeteu.eu\/wp-content\/uploads\/2022\/09\/8-Mar-Ukraine.jpg\"\n                                                class=\"aux-attachment aux-featured-image aux-attachment-id-8493 aux-preload aux-has-preview\"\n                                                alt=\"\"\n                                                data-src=\"https:\/\/meeteu.eu\/wp-content\/uploads\/2022\/09\/8-Mar-Ukraine.jpg\"\n                                                \/>\n                                            <\/div>\n                                        <\/div>\n\n                                        <header class=\"entry-header\">\n                                            <h4 class=\"entry-title\">\n                                                Ukrayna'da Sava\u015f - S\u0131rada ne var, AB?                                            <\/h4>\n                                        <\/header>\n\n                                        <div class=\"entry-main\">\n                                            <div class=\"entry-info\">\n                                                <div class=\"event-date\">\n                                                                                                            <i class=\"fas fa-calendar-alt\"><\/i>&nbsp;\n                                                    \n                                                                                                            <span>8 Mart 2022<\/span>\n                                                                                                        \n                                                    \n                                                                                                                                                        <\/div>\n\n                                                                                            <\/div>\n\n                                            <div class=\"entry-content\">\n                                                <p>\n<p>Ukrayna'dan gelen g\u00f6r\u00fcnt\u00fcler hepimizi \u015fok etti ve bu durum ka\u00e7\u0131n\u0131lmaz olarak AB i\u00e7inde de\u011fi\u015fikliklere yol a\u00e7acakt\u0131r. Bir yandan m\u00fcltecilerin entegrasyonu s\u00f6z konusu; di\u011fer yandan Rusya'n\u0131n i\u015fgali Avrupa'n\u0131n bug\u00fcne kadarki g\u00fcvenlik politikas\u0131n\u0131 da sorgulat\u0131yor.<\/p>\n\n\n\n<p>Bu \u00e7at\u0131\u015fma \u00fcye devletler aras\u0131nda daha yak\u0131n bir i\u015fbirli\u011fine yol a\u00e7acak m\u0131? Mevcut durum Avrupa Stratejik \u00d6zerkli\u011fi ve savunma kabiliyeti konusunu \u00f6n plana \u00e7\u0131karacak m\u0131?<\/p>\n<\/p>\n                                                <div class=\"clear\"><\/div>\n                                            <\/div>\n\n                                                                                    <\/div>\n                                    <\/article>\n                                <\/div>\n                            \n                                <div id=\"post-8494\" class=\"aux-col post-8494\">\n                                    <article class=\"post column-entry post-8494 event_listing type-event_listing status-expired has-post-thumbnail hentry\">\n                                        <div class=\"entry-media\">\n                                            <div class=\"aux-media-frame aux-media-image aux-image-mask\">\n                                                <img decoding=\"async\"\n                                                loading=\"lazy\"\n                                                src=\"https:\/\/meeteu.eu\/wp-content\/uploads\/2020\/09\/European_Home_Parliaments_Pulse_of_Europe.jpg\"\n                                                class=\"aux-attachment aux-featured-image aux-attachment-id-1670 aux-preload aux-has-preview\"\n                                                alt=\"\"\n                                                data-src=\"https:\/\/meeteu.eu\/wp-content\/uploads\/2020\/09\/European_Home_Parliaments_Pulse_of_Europe.jpg\"\n                                                \/>\n                                            <\/div>\n                                        <\/div>\n\n                                        <header class=\"entry-header\">\n                                            <h4 class=\"entry-title\">\n                                                Yar\u0131n\u0131n Avrupas\u0131, haydi \u00f6neriler \u00fczerinde \u00e7al\u0131\u015fal\u0131m! Homeparliament by Pulse of Europe                                            <\/h4>\n                                        <\/header>\n\n                                        <div class=\"entry-main\">\n                                            <div class=\"entry-info\">\n                                                <div class=\"event-date\">\n                                                                                                            <i class=\"fas fa-calendar-alt\"><\/i>&nbsp;\n                                                    \n                                                                                                            <span>22 \u015eubat 2022<\/span>\n                                                                                                        \n                                                    \n                                                                                                                                                        <\/div>\n\n                                                                                            <\/div>\n\n                                            <div class=\"entry-content\">\n                                                <p>\n<p>MeetEU ekibi \u00fcyesi ve Pulse of Europe'ta aktif olan Klaus ile birlikte bir sonraki Meclis Parlamentolar\u0131 turuna kat\u0131laca\u011f\u0131z. Ne tart\u0131\u015faca\u011f\u0131z? Konsey'in rol\u00fc, ekolojik konular ve daha fazlas\u0131. Kat\u0131ld\u0131\u011f\u0131n\u0131zda Pulse of Europe taraf\u0131ndan haz\u0131rlanan bir bilgi paketi alacaks\u0131n\u0131z.<\/p>\n\n\n\n<p>Bu etkinlik istisnai olarak herkese a\u00e7\u0131k bir etkinlik de\u011fildir, l\u00fctfen niceto@meeteu.eu adresinden \u00f6nceden kay\u0131t yapt\u0131r\u0131n.<\/p>\n<\/p>\n                                                <div class=\"clear\"><\/div>\n                                            <\/div>\n\n                                                                                    <\/div>\n                                    <\/article>\n                                <\/div>\n                            \n                                <div id=\"post-8496\" class=\"aux-col post-8496\">\n                                    <article class=\"post column-entry post-8496 event_listing type-event_listing status-expired has-post-thumbnail hentry\">\n                                        <div class=\"entry-media\">\n                                            <div class=\"aux-media-frame aux-media-image aux-image-mask\">\n                                                <img decoding=\"async\"\n                                                loading=\"lazy\"\n                                                src=\"https:\/\/meeteu.eu\/wp-content\/uploads\/2022\/09\/Feb.-15-Schumann.jpg\"\n                                                class=\"aux-attachment aux-featured-image aux-attachment-id-8497 aux-preload aux-has-preview\"\n                                                alt=\"\"\n                                                data-src=\"https:\/\/meeteu.eu\/wp-content\/uploads\/2022\/09\/Feb.-15-Schumann.jpg\"\n                                                \/>\n                                            <\/div>\n                                        <\/div>\n\n                                        <header class=\"entry-header\">\n                                            <h4 class=\"entry-title\">\n                                                Yeni Nesil Avrupa Parlamentosu Stajyerlerinin bir par\u00e7as\u0131 olun!\u00a0                                            <\/h4>\n                                        <\/header>\n\n                                        <div class=\"entry-main\">\n                                            <div class=\"entry-info\">\n                                                <div class=\"event-date\">\n                                                                                                            <i class=\"fas fa-calendar-alt\"><\/i>&nbsp;\n                                                    \n                                                                                                            <span>15 \u015eubat 2022<\/span>\n                                                                                                        \n                                                    \n                                                                                                                                                        <\/div>\n\n                                                                                            <\/div>\n\n                                            <div class=\"entry-content\">\n                                                <p>\n<h4 class=\"wp-block-heading\">Yeni Nesil Avrupa Parlamentosu Stajyerlerinin bir par\u00e7as\u0131 olun!\u00a0<\/h4>\n\n\n\n<p>Avrupa Parlamentosu'nun M\u00fcnih'teki irtibat b\u00fcrosunda \u00e7al\u0131\u015fan bir stajyerle birlikte Schumann staj\u0131na bir g\u00f6z ataca\u011f\u0131z: G\u00f6revler nelerdir? Neden ba\u015fvurmal\u0131s\u0131n\u0131z ve en \u00f6nemlisi: Nas\u0131l ba\u015fvurabilirsiniz?<\/p>\n<\/p>\n                                                <div class=\"clear\"><\/div>\n                                            <\/div>\n\n                                                                                    <\/div>\n                                    <\/article>\n                                <\/div>\n                            \n                                <div id=\"post-8500\" class=\"aux-col post-8500\">\n                                    <article class=\"post column-entry post-8500 event_listing type-event_listing status-expired has-post-thumbnail hentry\">\n                                        <div class=\"entry-media\">\n                                            <div class=\"aux-media-frame aux-media-image aux-image-mask\">\n                                                <img decoding=\"async\"\n                                                loading=\"lazy\"\n                                                src=\"https:\/\/meeteu.eu\/wp-content\/uploads\/2022\/09\/Neumann_8-Feb.jpg\"\n                                                class=\"aux-attachment aux-featured-image aux-attachment-id-8501 aux-preload aux-has-preview\"\n                                                alt=\"\"\n                                                data-src=\"https:\/\/meeteu.eu\/wp-content\/uploads\/2022\/09\/Neumann_8-Feb.jpg\"\n                                                \/>\n                                            <\/div>\n                                        <\/div>\n\n                                        <header class=\"entry-header\">\n                                            <h4 class=\"entry-title\">\n                                                Afganistan - AB Feminist D\u0131\u015f Politikas\u0131 i\u00e7in bir uyand\u0131rma \u00e7a\u011fr\u0131s\u0131 m\u0131?\u00a0                                            <\/h4>\n                                        <\/header>\n\n                                        <div class=\"entry-main\">\n                                            <div class=\"entry-info\">\n                                                <div class=\"event-date\">\n                                                                                                            <i class=\"fas fa-calendar-alt\"><\/i>&nbsp;\n                                                    \n                                                                                                            <span>8 \u015eubat 2022<\/span>\n                                                                                                        \n                                                    \n                                                                                                                                                        <\/div>\n\n                                                                                            <\/div>\n\n                                            <div class=\"entry-content\">\n                                                <p>\n<p>Geleneksel d\u0131\u015f politika askeri g\u00fcce ve ulusal \u00e7\u0131karlara odaklan\u0131r. \u0130nsan haklar\u0131 ikincil bir rol oynamaktad\u0131r. Bu nedenle giderek daha fazla \u00fclke 'feminist d\u0131\u015f politikay\u0131' destekliyor. Ancak bunun tam olarak ne olmas\u0131 gerekiyor? D\u00fcnyam\u0131z\u0131 daha bar\u0131\u015f\u00e7\u0131l hale getirecek mi? A\u011fustos 2021'de Taliban'\u0131n \u00fclkeyi ele ge\u00e7irmesi yeni bir feminist AB d\u0131\u015f politikas\u0131 i\u00e7in bir uyan\u0131\u015f \u00e7a\u011fr\u0131s\u0131 m\u0131yd\u0131?<\/p>\n\n\n\n<p>\u0130le bir sohbet&nbsp;<strong>Hannah Neumann, Avrupa Parlamentosu \u00dcyesi<\/strong>&nbsp;(Ye\u015filler\/EFA). Avrupa Parlamentosu \u0130nsan Haklar\u0131 Komitesi Ba\u015fkan Yard\u0131mc\u0131s\u0131d\u0131r. Avrupa Parlamentosu'na kat\u0131lmadan \u00f6nce bar\u0131\u015f projelerinde dan\u0131\u015fman olarak \u00e7al\u0131\u015fm\u0131\u015ft\u0131r.<\/p>\n<\/p>\n                                                <div class=\"clear\"><\/div>\n                                            <\/div>\n\n                                                                                    <\/div>\n                                    <\/article>\n                                <\/div>\n                            \n                                <div id=\"post-8502\" class=\"aux-col post-8502\">\n                                    <article class=\"post column-entry post-8502 event_listing type-event_listing status-expired has-post-thumbnail hentry\">\n                                        <div class=\"entry-media\">\n                                            <div class=\"aux-media-frame aux-media-image aux-image-mask\">\n                                                <img decoding=\"async\"\n                                                loading=\"lazy\"\n                                                src=\"https:\/\/meeteu.eu\/wp-content\/uploads\/2022\/09\/01-Feb.-I.jpg\"\n                                                class=\"aux-attachment aux-featured-image aux-attachment-id-8503 aux-preload aux-has-preview\"\n                                                alt=\"\"\n                                                data-src=\"https:\/\/meeteu.eu\/wp-content\/uploads\/2022\/09\/01-Feb.-I.jpg\"\n                                                \/>\n                                            <\/div>\n                                        <\/div>\n\n                                        <header class=\"entry-header\">\n                                            <h4 class=\"entry-title\">\n                                                Avrupa'da Evrensel Temel Gelir - M\u00fcmk\u00fcn m\u00fc yoksa bir \u00fctopya m\u0131?                                            <\/h4>\n                                        <\/header>\n\n                                        <div class=\"entry-main\">\n                                            <div class=\"entry-info\">\n                                                <div class=\"event-date\">\n                                                                                                            <i class=\"fas fa-calendar-alt\"><\/i>&nbsp;\n                                                    \n                                                                                                            <span>1 \u015eubat 2022<\/span>\n                                                                                                        \n                                                    \n                                                                                                                                                        <\/div>\n\n                                                                                            <\/div>\n\n                                            <div class=\"entry-content\">\n                                                <p>\n<p>Evrensel temel gelir, her vatanda\u015fa periyodik, sabit, do\u011frudan \u00f6demeler yoluyla yoksullu\u011fu azaltmaya y\u00f6nelik bir h\u00fck\u00fcmet program\u0131d\u0131r. Bunu Avrupa \u00f6l\u00e7e\u011finde uygulamak m\u00fcmk\u00fcn m\u00fc? Ne gibi avantaj ve dezavantajlar\u0131 vard\u0131r?<\/p>\n\n\n\n<p>Gelin bu konuyu Avrupa Parlamentosu \u00dcyesi Francisco Guerreiro (Ye\u015filler\/EFA) ile tart\u0131\u015f\u0131n.<\/p>\n\n\n\n<p>Francisco Guerreiro \"UBI\" adl\u0131 12 b\u00f6l\u00fcml\u00fck bir belgesel haz\u0131rl\u0131yor: \u00d6zg\u00fcrl\u00fc\u011fe giden yol\" adl\u0131 belgeselde, konuya farkl\u0131 bak\u0131\u015f a\u00e7\u0131lar\u0131na sahip 50'den fazla ki\u015fiyle g\u00f6r\u00fc\u015ferek konuya pragmatik bir \u015fekilde yakla\u015f\u0131yor.<\/p>\n<\/p>\n                                                <div class=\"clear\"><\/div>\n                                            <\/div>\n\n                                                                                    <\/div>\n                                    <\/article>\n                                <\/div>\n                            \n                                <div id=\"post-8504\" class=\"aux-col post-8504\">\n                                    <article class=\"post column-entry post-8504 event_listing type-event_listing status-expired has-post-thumbnail hentry\">\n                                        <div class=\"entry-media\">\n                                            <div class=\"aux-media-frame aux-media-image aux-image-mask\">\n                                                <img decoding=\"async\"\n                                                loading=\"lazy\"\n                                                src=\"https:\/\/meeteu.eu\/wp-content\/uploads\/2022\/09\/Klaus-25-Januar.jpg\"\n                                                class=\"aux-attachment aux-featured-image aux-attachment-id-8505 aux-preload aux-has-preview\"\n                                                alt=\"\"\n                                                data-src=\"https:\/\/meeteu.eu\/wp-content\/uploads\/2022\/09\/Klaus-25-Januar.jpg\"\n                                                \/>\n                                            <\/div>\n                                        <\/div>\n\n                                        <header class=\"entry-header\">\n                                            <h4 class=\"entry-title\">\n                                                Daha ye\u015fil bir Avrupa - Ne yap\u0131lmal\u0131?                                            <\/h4>\n                                        <\/header>\n\n                                        <div class=\"entry-main\">\n                                            <div class=\"entry-info\">\n                                                <div class=\"event-date\">\n                                                                                                            <i class=\"fas fa-calendar-alt\"><\/i>&nbsp;\n                                                    \n                                                                                                            <span>25 Ocak 2022<\/span>\n                                                                                                        \n                                                    \n                                                                                                                                                        <\/div>\n\n                                                                                            <\/div>\n\n                                            <div class=\"entry-content\">\n                                                <p>\n<p>May\u0131s 2020'de Avrupa Birli\u011fi, Avrupa'n\u0131n Gelece\u011fi Konferans\u0131n\u0131 ba\u015flatt\u0131, vatanda\u015flar taraf\u0131ndan 10 kategoride yakla\u015f\u0131k 13000 fikir payla\u015f\u0131ld\u0131. Etkinli\u011fimiz s\u0131ras\u0131nda iklim de\u011fi\u015fikli\u011fi ve \u00e7evre konusunda 2000'den fazla fikirden baz\u0131lar\u0131n\u0131 tart\u0131\u015faca\u011f\u0131z.<\/p>\n\n\n\n<p>En pop\u00fcler tekliflere daha yak\u0131ndan bakaca\u011f\u0131z ve neleri destekleyebilece\u011fimizi ve neleri eklemek isteyebilece\u011fimizi g\u00f6zden ge\u00e7irece\u011fiz. Siz sadece merak\u0131n\u0131z\u0131 getirin, gerisini biz haz\u0131rlayaca\u011f\u0131z!<\/p>\n\n\n\n<p>MeetEU \u00fcyesi Klaus taraf\u0131ndan d\u00fczenlenmi\u015ftir.&nbsp;<\/p>\n<\/p>\n                                                <div class=\"clear\"><\/div>\n                                            <\/div>\n\n                                                                                    <\/div>\n                                    <\/article>\n                                <\/div>\n                            \n                                <div id=\"post-8506\" class=\"aux-col post-8506\">\n                                    <article class=\"post column-entry post-8506 event_listing type-event_listing status-expired has-post-thumbnail hentry\">\n                                        <div class=\"entry-media\">\n                                            <div class=\"aux-media-frame aux-media-image aux-image-mask\">\n                                                <img decoding=\"async\"\n                                                loading=\"lazy\"\n                                                src=\"https:\/\/meeteu.eu\/wp-content\/uploads\/2022\/09\/17.-Jan.jpg\"\n                                                class=\"aux-attachment aux-featured-image aux-attachment-id-8507 aux-preload aux-has-preview\"\n                                                alt=\"\"\n                                                data-src=\"https:\/\/meeteu.eu\/wp-content\/uploads\/2022\/09\/17.-Jan.jpg\"\n                                                \/>\n                                            <\/div>\n                                        <\/div>\n\n                                        <header class=\"entry-header\">\n                                            <h4 class=\"entry-title\">\n                                                Portekiz'de erken se\u00e7imler - Gelecek neye benzeyecek?                                            <\/h4>\n                                        <\/header>\n\n                                        <div class=\"entry-main\">\n                                            <div class=\"entry-info\">\n                                                <div class=\"event-date\">\n                                                                                                            <i class=\"fas fa-calendar-alt\"><\/i>&nbsp;\n                                                    \n                                                                                                            <span>18 Ocak 2022<\/span>\n                                                                                                        \n                                                    \n                                                                                                                                                        <\/div>\n\n                                                                                            <\/div>\n\n                                            <div class=\"entry-content\">\n                                                <p>\n<p>Portekiz'in devlet b\u00fct\u00e7esi parlamento taraf\u0131ndan onaylanmad\u0131\u011f\u0131 i\u00e7in Portekiz Cumhurba\u015fkan\u0131 parlamentoyu feshetti ve vatanda\u015flar\u0131 30 Ocak'ta oy kullanmaya \u00e7a\u011f\u0131rd\u0131.<\/p>\n\n\n\n<p>Ant\u00f3nio Costa liderli\u011findeki Sosyalist Parti h\u00fck\u00fcmette kalabilecek ve \u00e7o\u011funlu\u011fu elde edebilecek mi, yoksa Portekiz farkl\u0131 bir h\u00fck\u00fcmete mi sahip olacak? Gelin 18 Ocak'ta Portekiz ve siyasi partileri hakk\u0131nda daha fazla bilgi edinin!<\/p>\n\n\n\n<p>Bu etkinlik, Portekiz'den iki siyaset bilimi \u00f6\u011frencisi ve MeetEU \u00fcyesi taraf\u0131ndan d\u00fczenlenmektedir.<\/p>\n<\/p>\n                                                <div class=\"clear\"><\/div>\n                                            <\/div>\n\n                                                                                    <\/div>\n                                    <\/article>\n                                <\/div>\n                            \n                                <div id=\"post-8508\" class=\"aux-col post-8508\">\n                                    <article class=\"post column-entry post-8508 event_listing type-event_listing status-expired has-post-thumbnail hentry\">\n                                        <div class=\"entry-media\">\n                                            <div class=\"aux-media-frame aux-media-image aux-image-mask\">\n                                                <img decoding=\"async\"\n                                                loading=\"lazy\"\n                                                src=\"https:\/\/meeteu.eu\/wp-content\/uploads\/2022\/09\/21st-December-Conference.jpg\"\n                                                class=\"aux-attachment aux-featured-image aux-attachment-id-8509 aux-preload aux-has-preview\"\n                                                alt=\"\"\n                                                data-src=\"https:\/\/meeteu.eu\/wp-content\/uploads\/2022\/09\/21st-December-Conference.jpg\"\n                                                \/>\n                                            <\/div>\n                                        <\/div>\n\n                                        <header class=\"entry-header\">\n                                            <h4 class=\"entry-title\">\n                                                Avrupa'n\u0131n Gelece\u011fi Konferans\u0131 - Bir kat\u0131l\u0131mc\u0131n\u0131n bak\u0131\u015f a\u00e7\u0131s\u0131ndan                                            <\/h4>\n                                        <\/header>\n\n                                        <div class=\"entry-main\">\n                                            <div class=\"entry-info\">\n                                                <div class=\"event-date\">\n                                                                                                            <i class=\"fas fa-calendar-alt\"><\/i>&nbsp;\n                                                    \n                                                                                                            <span>21 Aral\u0131k 2021<\/span>\n                                                                                                        \n                                                    \n                                                                                                                                                        <\/div>\n\n                                                                                            <\/div>\n\n                                            <div class=\"entry-content\">\n                                                <p>\n<p>Rastgele se\u00e7ilen y\u00fczlerce vatanda\u015f, AB'deki gelece\u011fimizin nas\u0131l olmas\u0131 gerekti\u011fini tart\u0131\u015fmak \u00fczere Avrupa'n\u0131n farkl\u0131 \u015fehirlerinde bir araya geldi. D\u00f6rt panel boyunca farkl\u0131 g\u00f6r\u00fc\u015f al\u0131\u015fveri\u015finde bulundular ve daha sonra genel kurulda tart\u0131\u015f\u0131lacak olan \u00f6neriler \u00fczerinde \u00e7al\u0131\u015ft\u0131lar.&nbsp;<\/p>\n\n\n\n<p>Kat\u0131l\u0131mc\u0131lardan biri deneyimlerini payla\u015facak, bize nelerden keyif ald\u0131\u011f\u0131n\u0131 ve kendisi i\u00e7in nelerin zor oldu\u011funu anlatacak.&nbsp;<\/p>\n\n\n\n<p>Avrupa'n\u0131n Gelece\u011fi Konferans\u0131'n\u0131n \"Dijital D\u00f6n\u00fc\u015f\u00fcm\" alan\u0131nda rastgele se\u00e7ilen temsilcisi Vasco ile soru-cevap oturumu.<\/p>\n\n\n\n<p><strong><a href=\"https:\/\/meeteu.eu\/tr\/registration\/\">Buradan kay\u0131t olun<\/a>&nbsp;- Etkinli\u011fe yak\u0131n bir zamanda size giri\u015f bilgilerini i\u00e7eren bir e-posta hat\u0131rlatmas\u0131 g\u00f6nderece\u011fiz.<\/strong><\/p>\n\n\n\n<p>(L\u00fctfen dikkat: Kay\u0131t olduktan sonra bir onay e-postas\u0131 almayacaks\u0131n\u0131z. Size sadece etkinlikten k\u0131sa bir s\u00fcre \u00f6nce kay\u0131t detaylar\u0131n\u0131 i\u00e7eren bir hat\u0131rlatma e-postas\u0131 g\u00f6nderece\u011fiz).&nbsp;<\/p>\n<\/p>\n                                                <div class=\"clear\"><\/div>\n                                            <\/div>\n\n                                                                                    <\/div>\n                                    <\/article>\n                                <\/div>\n                            \n                                <div id=\"post-8510\" class=\"aux-col post-8510\">\n                                    <article class=\"post column-entry post-8510 event_listing type-event_listing status-expired has-post-thumbnail hentry\">\n                                        <div class=\"entry-media\">\n                                            <div class=\"aux-media-frame aux-media-image aux-image-mask\">\n                                                <img decoding=\"async\"\n                                                loading=\"lazy\"\n                                                src=\"https:\/\/meeteu.eu\/wp-content\/uploads\/2022\/09\/07-December-Walsh.jpg\"\n                                                class=\"aux-attachment aux-featured-image aux-attachment-id-8511 aux-preload aux-has-preview\"\n                                                alt=\"\"\n                                                data-src=\"https:\/\/meeteu.eu\/wp-content\/uploads\/2022\/09\/07-December-Walsh.jpg\"\n                                                \/>\n                                            <\/div>\n                                        <\/div>\n\n                                        <header class=\"entry-header\">\n                                            <h4 class=\"entry-title\">\n                                                Bir Avrupa Parlamentosu \u00fcyesinin bir g\u00fcn\u00fc                                            <\/h4>\n                                        <\/header>\n\n                                        <div class=\"entry-main\">\n                                            <div class=\"entry-info\">\n                                                <div class=\"event-date\">\n                                                                                                            <i class=\"fas fa-calendar-alt\"><\/i>&nbsp;\n                                                    \n                                                                                                            <span>7 Aral\u0131k 2021<\/span>\n                                                                                                        \n                                                    \n                                                                                                                                                        <\/div>\n\n                                                                                            <\/div>\n\n                                            <div class=\"entry-content\">\n                                                <p>\n<p>AP milletvekilleri, AB'nin \u00fc\u00e7 yasama organ\u0131ndan biri olan Avrupa Parlamentosu'ndaki temsilcilerimizdir. Ama bu ne anlama geliyor? Bir AP \u00fcyesi ger\u00e7ekte ne yapar? Ve bir milletvekilinin bir g\u00fcn\u00fc nas\u0131l ge\u00e7er? \u0130rlanda'n\u0131n Midlands-Kuzeybat\u0131 se\u00e7im b\u00f6lgesinde Avrupa Halklar\u0131 Partisi'nin AP \u00fcyesi olan Maria Walsh'un hayat\u0131ndan bir g\u00fcn\u00fc anlat\u0131rken daha fazla bilgi edinin ve ona AP \u00fcyeli\u011fine ili\u015fkin sorular\u0131n\u0131z\u0131 sorun.<\/p>\n<\/p>\n                                                <div class=\"clear\"><\/div>\n                                            <\/div>\n\n                                                                                    <\/div>\n                                    <\/article>\n                                <\/div>\n                            \n                                <div id=\"post-8512\" class=\"aux-col post-8512\">\n                                    <article class=\"post column-entry post-8512 event_listing type-event_listing status-expired has-post-thumbnail hentry\">\n                                        <div class=\"entry-media\">\n                                            <div class=\"aux-media-frame aux-media-image aux-image-mask\">\n                                                <img decoding=\"async\"\n                                                loading=\"lazy\"\n                                                src=\"https:\/\/meeteu.eu\/wp-content\/uploads\/2022\/09\/2-dec-Visual-1.jpg\"\n                                                class=\"aux-attachment aux-featured-image aux-attachment-id-8513 aux-preload aux-has-preview\"\n                                                alt=\"\"\n                                                data-src=\"https:\/\/meeteu.eu\/wp-content\/uploads\/2022\/09\/2-dec-Visual-1.jpg\"\n                                                \/>\n                                            <\/div>\n                                        <\/div>\n\n                                        <header class=\"entry-header\">\n                                            <h4 class=\"entry-title\">\n                                                D\u0131\u015f M\u00fcdahaleye Nas\u0131l Kar\u015f\u0131 Koyulur?                                            <\/h4>\n                                        <\/header>\n\n                                        <div class=\"entry-main\">\n                                            <div class=\"entry-info\">\n                                                <div class=\"event-date\">\n                                                                                                            <i class=\"fas fa-calendar-alt\"><\/i>&nbsp;\n                                                    \n                                                                                                            <span>2 Aral\u0131k 2021<\/span>\n                                                                                                        \n                                                    \n                                                                                                                                                        <\/div>\n\n                                                                                            <\/div>\n\n                                            <div class=\"entry-content\">\n                                                <p>\n<p>D\u00fcnya genelinde d\u0131\u015f m\u00fcdahaleler art\u0131yor. Hem AB hem de Tayvan benzeri g\u00f6r\u00fclmemi\u015f zorluklar ve hibrid tehditlerle kar\u015f\u0131 kar\u015f\u0131ya. AB ne yap\u0131yor, Tayvan ne yap\u0131yor ve birlikte ne yapabiliriz?<\/p>\n\n\n\n<p>Bu konuyu Avrupa Parlamentosu \u00dcyesi ile konu\u015fal\u0131m&nbsp;<a href=\"https:\/\/www.europarl.europa.eu\/meps\/en\/197549\/MARKETA_GREGOROVA\/home\" rel=\"noopener\">Mark\u00e9ta Gregorov\u00e1<\/a>&nbsp;(Pir\u00e1ti \u00c7ekya\/Ye\u015filler Grubu\/EFA). Yak\u0131n zamanda, dezenformasyon ve d\u0131\u015f m\u00fcdahaleyi tart\u0131\u015fmak \u00fczere Avrupa Parlamentosu'nun Tayvan ziyaretine kat\u0131lm\u0131\u015ft\u0131r.<\/p>\n<\/p>\n                                                <div class=\"clear\"><\/div>\n                                            <\/div>\n\n                                                                                    <\/div>\n                                    <\/article>\n                                <\/div>\n                            \n                                <div id=\"post-8514\" class=\"aux-col post-8514\">\n                                    <article class=\"post column-entry post-8514 event_listing type-event_listing status-expired has-post-thumbnail hentry\">\n                                        <div class=\"entry-media\">\n                                            <div class=\"aux-media-frame aux-media-image aux-image-mask\">\n                                                <img decoding=\"async\"\n                                                loading=\"lazy\"\n                                                src=\"https:\/\/meeteu.eu\/wp-content\/uploads\/2022\/09\/Nov.-30-China-Propaganda.jpg\"\n                                                class=\"aux-attachment aux-featured-image aux-attachment-id-8515 aux-preload aux-has-preview\"\n                                                alt=\"\"\n                                                data-src=\"https:\/\/meeteu.eu\/wp-content\/uploads\/2022\/09\/Nov.-30-China-Propaganda.jpg\"\n                                                \/>\n                                            <\/div>\n                                        <\/div>\n\n                                        <header class=\"entry-header\">\n                                            <h4 class=\"entry-title\">\n                                                \u00c7in'in Avrupa Birli\u011fi'ndeki Propaganda \u00c7abalar\u0131                                            <\/h4>\n                                        <\/header>\n\n                                        <div class=\"entry-main\">\n                                            <div class=\"entry-info\">\n                                                <div class=\"event-date\">\n                                                                                                            <i class=\"fas fa-calendar-alt\"><\/i>&nbsp;\n                                                    \n                                                                                                            <span>30 Kas\u0131m 2021<\/span>\n                                                                                                        \n                                                    \n                                                                                                                                                        <\/div>\n\n                                                                                            <\/div>\n\n                                            <div class=\"entry-content\">\n                                                <p>\n<p>\u00c7in propaganda makinesinin Avrupa'daki siyasi g\u00f6r\u00fc\u015fler \u00fczerinde nas\u0131l bir etkisi var? Hangi alternatif anlat\u0131lar olu\u015fturulmaya \u00e7al\u0131\u015f\u0131l\u0131yor? Hangi sorunlar ortadan kald\u0131r\u0131lmaya \u00e7al\u0131\u015f\u0131l\u0131yor? Ve Avrupa bu giri\u015fimlere nas\u0131l kar\u015f\u0131l\u0131k verebilir?<\/p>\n\n\n\n<p>Gelin bu konuyu Ivana Kar\u00e1skov\u00e1 adl\u0131 analist ile konu\u015fal\u0131m.&nbsp;<a href=\"https:\/\/mapinfluence.eu\/en\/\" rel=\"noopener\">MapInfluenCE<\/a>\u00c7in'in Orta Avrupa'daki etkisini haritaland\u0131ran uluslararas\u0131 bir proje. Ivana ara\u015ft\u0131rmas\u0131n\u0131 Avrupa Parlamentosu ve ABD Kongresi \u00fcyelerine sunmu\u015ftur. Ara\u015ft\u0131rma bulgular\u0131 The New York Times ve Le Monde gibi uluslararas\u0131 gazetelerde yer ald\u0131.<\/p>\n<\/p>\n                                                <div class=\"clear\"><\/div>\n                                            <\/div>\n\n                                                                                    <\/div>\n                                    <\/article>\n                                <\/div>\n                            \n                                <div id=\"post-8516\" class=\"aux-col post-8516\">\n                                    <article class=\"post column-entry post-8516 event_listing type-event_listing status-expired has-post-thumbnail hentry\">\n                                        <div class=\"entry-media\">\n                                            <div class=\"aux-media-frame aux-media-image aux-image-mask\">\n                                                <img decoding=\"async\"\n                                                loading=\"lazy\"\n                                                src=\"https:\/\/meeteu.eu\/wp-content\/uploads\/2022\/09\/16.-Nov-CoFoE.jpg\"\n                                                class=\"aux-attachment aux-featured-image aux-attachment-id-8517 aux-preload aux-has-preview\"\n                                                alt=\"\"\n                                                data-src=\"https:\/\/meeteu.eu\/wp-content\/uploads\/2022\/09\/16.-Nov-CoFoE.jpg\"\n                                                \/>\n                                            <\/div>\n                                        <\/div>\n\n                                        <header class=\"entry-header\">\n                                            <h4 class=\"entry-title\">\n                                                Avrupa'n\u0131n Gelece\u011fi Konferans\u0131 - Mesaj\u0131 yayal\u0131m                                            <\/h4>\n                                        <\/header>\n\n                                        <div class=\"entry-main\">\n                                            <div class=\"entry-info\">\n                                                <div class=\"event-date\">\n                                                                                                            <i class=\"fas fa-calendar-alt\"><\/i>&nbsp;\n                                                    \n                                                                                                            <span>16 Kas\u0131m 2021<\/span>\n                                                                                                        \n                                                    \n                                                                                                                                                        <\/div>\n\n                                                                                            <\/div>\n\n                                            <div class=\"entry-content\">\n                                                <p>\n<p>Gelece\u011fimiz tehlikede, ancak ka\u00e7 arkada\u015f\u0131m\u0131z ve ailemiz onu \u015fekillendirme f\u0131rsat\u0131ndan haberdar? Yeterince de\u011fil! Program\u0131n b\u00fcy\u00fck bir k\u0131sm\u0131 geride kalm\u0131\u015f olsa da, daha fazla vatanda\u015f\u0131 Avrupa'n\u0131n Gelece\u011fi Konferans\u0131na kat\u0131lmaya motive etmek i\u00e7in son haftalara odaklanal\u0131m.<\/p>\n\n\n\n<p>Sizlerle birlikte, Avrupa vatanda\u015flar\u0131n\u0131n konferans\u0131n daha fazla tan\u0131nmas\u0131 i\u00e7in neler yapabilece\u011fini tart\u0131\u015fmak istiyoruz. Ayn\u0131 zamanda sizleri \u00f6n\u00fcm\u00fczdeki Sal\u0131 g\u00fcn\u00fc ba\u015flayacak olan yeni reklam projemize kat\u0131lmaya davet ediyoruz!<\/p>\n<\/p>\n                                                <div class=\"clear\"><\/div>\n                                            <\/div>\n\n                                                                                    <\/div>\n                                    <\/article>\n                                <\/div>\n                            \n                                <div id=\"post-8518\" class=\"aux-col post-8518\">\n                                    <article class=\"post column-entry post-8518 event_listing type-event_listing status-expired has-post-thumbnail hentry\">\n                                        <div class=\"entry-media\">\n                                            <div class=\"aux-media-frame aux-media-image aux-image-mask\">\n                                                <img decoding=\"async\"\n                                                loading=\"lazy\"\n                                                src=\"https:\/\/meeteu.eu\/wp-content\/uploads\/2022\/09\/9n-11-Klaus-2.jpg\"\n                                                class=\"aux-attachment aux-featured-image aux-attachment-id-8519 aux-preload aux-has-preview\"\n                                                alt=\"\"\n                                                data-src=\"https:\/\/meeteu.eu\/wp-content\/uploads\/2022\/09\/9n-11-Klaus-2.jpg\"\n                                                \/>\n                                            <\/div>\n                                        <\/div>\n\n                                        <header class=\"entry-header\">\n                                            <h4 class=\"entry-title\">\n                                                Federal bir Avrupa - Sen neden bahsediyorsun?                                            <\/h4>\n                                        <\/header>\n\n                                        <div class=\"entry-main\">\n                                            <div class=\"entry-info\">\n                                                <div class=\"event-date\">\n                                                                                                            <i class=\"fas fa-calendar-alt\"><\/i>&nbsp;\n                                                    \n                                                                                                            <span>9 Kas\u0131m 2021<\/span>\n                                                                                                        \n                                                    \n                                                                                                                                                        <\/div>\n\n                                                                                            <\/div>\n\n                                            <div class=\"entry-content\">\n                                                <p>\n<p>Federal bir Avrupa'dan, bir Avrupa Birle\u015fik Devletleri'nden \u00e7ok\u00e7a s\u00f6z ediliyor. Ama bu tam olarak nedir? Ve neden daha fazlas\u0131n\u0131 ya da daha az\u0131n\u0131 isteyebiliriz? Bu etkinlikte farkl\u0131 ulusal perspektifleri ke\u015ffetmek ve bir \u00f6rt\u00fc\u015fme aramak istiyoruz. Sizi de kat\u0131lmaya davet ediyoruz!<\/p>\n<\/p>\n                                                <div class=\"clear\"><\/div>\n                                            <\/div>\n\n                                                                                    <\/div>\n                                    <\/article>\n                                <\/div>\n                            \n                                <div id=\"post-8520\" class=\"aux-col post-8520\">\n                                    <article class=\"post column-entry post-8520 event_listing type-event_listing status-expired has-post-thumbnail hentry\">\n                                        <div class=\"entry-media\">\n                                            <div class=\"aux-media-frame aux-media-image aux-image-mask\">\n                                                <img decoding=\"async\"\n                                                loading=\"lazy\"\n                                                src=\"https:\/\/meeteu.eu\/wp-content\/uploads\/2022\/09\/2n-11-Lars.jpg\"\n                                                class=\"aux-attachment aux-featured-image aux-attachment-id-8521 aux-preload aux-has-preview\"\n                                                alt=\"\"\n                                                data-src=\"https:\/\/meeteu.eu\/wp-content\/uploads\/2022\/09\/2n-11-Lars.jpg\"\n                                                \/>\n                                            <\/div>\n                                        <\/div>\n\n                                        <header class=\"entry-header\">\n                                            <h4 class=\"entry-title\">\n                                                Ya AB federal bir devlet haline gelirse?                                            <\/h4>\n                                        <\/header>\n\n                                        <div class=\"entry-main\">\n                                            <div class=\"entry-info\">\n                                                <div class=\"event-date\">\n                                                                                                            <i class=\"fas fa-calendar-alt\"><\/i>&nbsp;\n                                                    \n                                                                                                            <span>2 Kas\u0131m 2021<\/span>\n                                                                                                        \n                                                    \n                                                                                                                                                        <\/div>\n\n                                                                                            <\/div>\n\n                                            <div class=\"entry-content\">\n                                                <p>\n<p>Bu y\u0131lki Avrupa Gen\u00e7lik Etkinli\u011finde en \u00e7ok desteklenen fikirlerden biri Avrupa Federasyonuydu. Nas\u0131l faaliyet g\u00f6sterecekti? Neleri hayata ge\u00e7irecekti? Ve Avrupa \u00dcye Devletlerinin gelece\u011fi i\u00e7in ne anlama gelirdi?<\/p>\n\n\n\n<p>\u00c7al\u0131\u015ftay\u0131m\u0131zda \u00f6ncelikle bu senaryonun art\u0131lar\u0131n\u0131 ve eksilerini inceleyece\u011fiz. Ard\u0131ndan Avrupa Federasyonu'nu g\u00f6z \u00f6n\u00fcnde bulundurarak Avrupa'n\u0131n gelece\u011fini yeniden \u015fekillendirmek i\u00e7in birlikte \u00e7al\u0131\u015faca\u011f\u0131z.<\/p>\n<\/p>\n                                                <div class=\"clear\"><\/div>\n                                            <\/div>\n\n                                                                                    <\/div>\n                                    <\/article>\n                                <\/div>\n                            \n                                <div id=\"post-8522\" class=\"aux-col post-8522\">\n                                    <article class=\"post column-entry post-8522 event_listing type-event_listing status-expired has-post-thumbnail hentry\">\n                                        <div class=\"entry-media\">\n                                            <div class=\"aux-media-frame aux-media-image aux-image-mask\">\n                                                <img decoding=\"async\"\n                                                loading=\"lazy\"\n                                                src=\"https:\/\/meeteu.eu\/wp-content\/uploads\/2022\/09\/EYE2021.jpg\"\n                                                class=\"aux-attachment aux-featured-image aux-attachment-id-8523 aux-preload aux-has-preview\"\n                                                alt=\"\"\n                                                data-src=\"https:\/\/meeteu.eu\/wp-content\/uploads\/2022\/09\/EYE2021.jpg\"\n                                                \/>\n                                            <\/div>\n                                        <\/div>\n\n                                        <header class=\"entry-header\">\n                                            <h4 class=\"entry-title\">\n                                                EYE2021 - Avrupa'ya bir gezi: Ne yapt\u0131k ve s\u0131rada ne var?                                            <\/h4>\n                                        <\/header>\n\n                                        <div class=\"entry-main\">\n                                            <div class=\"entry-info\">\n                                                <div class=\"event-date\">\n                                                                                                            <i class=\"fas fa-calendar-alt\"><\/i>&nbsp;\n                                                    \n                                                                                                            <span>26 Ekim 2021<\/span>\n                                                                                                        \n                                                    \n                                                                                                                                                        <\/div>\n\n                                                                                            <\/div>\n\n                                            <div class=\"entry-content\">\n                                                <p>\n<p>MeetEU bu y\u0131lki Avrupa Gen\u00e7lik Etkinli\u011fine kat\u0131lma f\u0131rsat\u0131 buldu. Strazburg'daki Avrupa Parlamentosu'nda 4,500'den fazla gen\u00e7, at\u00f6lye \u00e7al\u0131\u015fmalar\u0131 yapmak veya bunlara kat\u0131lmak, g\u00f6r\u00fc\u015f al\u0131\u015fveri\u015finde bulunmak, AB politika yap\u0131c\u0131lar\u0131yla tan\u0131\u015fmak ve birbirlerine ilham vermek \u00fczere bir araya geldi.<\/p>\n\n\n\n<p>Avrupa demokrasisinin tam kalbinde, buradaki faaliyetlerimiz hakk\u0131nda daha fazla bilgi edinmek i\u00e7in bize kat\u0131l\u0131n.<\/p>\n<\/p>\n                                                <div class=\"clear\"><\/div>\n                                            <\/div>\n\n                                                                                    <\/div>\n                                    <\/article>\n                                <\/div>\n                            \n                                <div id=\"post-8524\" class=\"aux-col post-8524\">\n                                    <article class=\"post column-entry post-8524 event_listing type-event_listing status-expired has-post-thumbnail hentry\">\n                                        <div class=\"entry-media\">\n                                            <div class=\"aux-media-frame aux-media-image aux-image-mask\">\n                                                <img decoding=\"async\"\n                                                loading=\"lazy\"\n                                                src=\"https:\/\/meeteu.eu\/wp-content\/uploads\/2022\/09\/Oct.-19-Mayor-Citizens-Talk-DE.jpg\"\n                                                class=\"aux-attachment aux-featured-image aux-attachment-id-8525 aux-preload aux-has-preview\"\n                                                alt=\"\"\n                                                data-src=\"https:\/\/meeteu.eu\/wp-content\/uploads\/2022\/09\/Oct.-19-Mayor-Citizens-Talk-DE.jpg\"\n                                                \/>\n                                            <\/div>\n                                        <\/div>\n\n                                        <header class=\"entry-header\">\n                                            <h4 class=\"entry-title\">\n                                                Vatanda\u015f-Belediye Ba\u015fkanlar\u0131 Konu\u015fuyor - Avrupa Kentlerinde Ye\u015fil Anla\u015fma Nas\u0131l Ger\u00e7ekle\u015ftirilir?                                            <\/h4>\n                                        <\/header>\n\n                                        <div class=\"entry-main\">\n                                            <div class=\"entry-info\">\n                                                <div class=\"event-date\">\n                                                                                                            <i class=\"fas fa-calendar-alt\"><\/i>&nbsp;\n                                                    \n                                                                                                            <span>19 Ekim 2021<\/span>\n                                                                                                        \n                                                    \n                                                                                                                                                        <\/div>\n\n                                                                                            <\/div>\n\n                                            <div class=\"entry-content\">\n                                                <p><p>Avrupa'n\u0131n Gelece\u011fi Konferans\u0131 kapsam\u0131nda MeetEU.eu adl\u0131 ulus\u00f6tesi proje taraf\u0131ndan bir vatanda\u015f-belediye ba\u015fkanlar\u0131 toplant\u0131s\u0131 d\u00fczenlendi<br \/>\nAvrupa Ye\u015filinin Avrupa \u015fehirlerinde uygulanmas\u0131 hakk\u0131nda \u00e7evrimi\u00e7i etkinlik. Konu\u015fmac\u0131lar olarak Jeanne<br \/>\nStrasbourg Belediye Ba\u015fkan\u0131 Barseghian ve M\u00fcnih'in ikinci Belediye Ba\u015fkan\u0131 Katrin Habenschaden. Etkinlik iki \u015fekilde yap\u0131land\u0131r\u0131lm\u0131\u015ft\u0131r<br \/>\nb\u00f6l\u00fcmleri, \u00f6nce bu sorular \u00fczerine bir Soru-Cevap ve Fikir al\u0131\u015fveri\u015fi:<\/p>\n<p>I. \u015eehriniz ye\u015fil a\u00e7\u0131k alanlar\u0131 nas\u0131l koruyor ve hatta en \u00fcst d\u00fczeye \u00e7\u0131kar\u0131yor?<br \/>\nbo\u015fluk mu?<br \/>\nII. \u015eehir ve banliy\u00f6leri karbonsuzla\u015ft\u0131rmak i\u00e7in \u015fehriniz ne yap\u0131yor?<br \/>\nUla\u015f\u0131m m\u0131?<br \/>\nIII. \u015eehriniz binalar\u0131 karbonsuzla\u015ft\u0131rmak i\u00e7in ne yap\u0131yor?<\/p>\n<p>Etkinli\u011fin ikinci yar\u0131s\u0131nda, vatanda\u015flar ara odalarda \u00fc\u00e7 konuya ili\u015fkin fikirler geli\u015ftirdiler. Daha sonra genel kurula geri d\u00f6nd\u00fck ve fikirleri Katrin Habenschaden ile tart\u0131\u015ft\u0131k.<\/p>\n<p>I. Ye\u015fil alanlar (Mevcut alanlar\u0131n korunmas\u0131 ve yenilerinin olu\u015fturulmas\u0131)<br \/>\nII. Mallar ve insanlar i\u00e7in yeni hareketlilik konseptleri<br \/>\nIII. Binalar\u0131n karbonsuzla\u015ft\u0131r\u0131lmas\u0131n\u0131 h\u0131zland\u0131r\u0131n<\/p>\n<\/p>\n                                                <div class=\"clear\"><\/div>\n                                            <\/div>\n\n                                                                                    <\/div>\n                                    <\/article>\n                                <\/div>\n                            \n                                <div id=\"post-8528\" class=\"aux-col post-8528\">\n                                    <article class=\"post column-entry post-8528 event_listing type-event_listing status-expired has-post-thumbnail hentry\">\n                                        <div class=\"entry-media\">\n                                            <div class=\"aux-media-frame aux-media-image aux-image-mask\">\n                                                <img decoding=\"async\"\n                                                loading=\"lazy\"\n                                                src=\"https:\/\/meeteu.eu\/wp-content\/uploads\/2022\/09\/MeetEU_-_Czech_Republic_Elections_2021.jpg\"\n                                                class=\"aux-attachment aux-featured-image aux-attachment-id-8529 aux-preload aux-has-preview\"\n                                                alt=\"\"\n                                                data-src=\"https:\/\/meeteu.eu\/wp-content\/uploads\/2022\/09\/MeetEU_-_Czech_Republic_Elections_2021.jpg\"\n                                                \/>\n                                            <\/div>\n                                        <\/div>\n\n                                        <header class=\"entry-header\">\n                                            <h4 class=\"entry-title\">\n                                                \u00c7ek Cumhuriyeti'ndeki se\u00e7imler: Avrupa i\u00e7in ne anlama geliyor                                            <\/h4>\n                                        <\/header>\n\n                                        <div class=\"entry-main\">\n                                            <div class=\"entry-info\">\n                                                <div class=\"event-date\">\n                                                                                                            <i class=\"fas fa-calendar-alt\"><\/i>&nbsp;\n                                                    \n                                                                                                            <span>5 Ekim 2021<\/span>\n                                                                                                        \n                                                    \n                                                                                                                                                        <\/div>\n\n                                                                                            <\/div>\n\n                                            <div class=\"entry-content\">\n                                                <p>\n<p>\u00d6n\u00fcm\u00fczdeki hafta sonu \u00c7ekler sand\u0131k ba\u015f\u0131na gidiyor. Bu se\u00e7imlerde nelerin tehlikede oldu\u011funu ilk elden \u00f6\u011frenmek i\u00e7in Mlad\u00ed Evropan\u00e9 - YEF CZ Ba\u015fkan Yard\u0131mc\u0131s\u0131 Adam Trune\u010dka ile konu\u015fuyoruz.<\/p>\n\n\n\n<p>Adam size \u00c7ek siyasi sahnesini, bir sonraki h\u00fck\u00fcmeti kimin kurabilece\u011fini ve bunun AB'yi nas\u0131l etkileyebilece\u011fini anlatacak.<\/p>\n\n\n\n<p>21 ya\u015f\u0131ndaki Adam, Prag'daki Charles \u00dcniversitesi'nde siyaset bilimi \u00f6\u011frencisi. \u015eu anda, gen\u00e7leri Avrupa'n\u0131n Gelece\u011fi Konferans\u0131'na kat\u0131lmaya te\u015fvik eden Stand For Something kampanyas\u0131nda aktivist olarak yer al\u0131yor.<\/p>\n<\/p>\n                                                <div class=\"clear\"><\/div>\n                                            <\/div>\n\n                                                                                    <\/div>\n                                    <\/article>\n                                <\/div>\n                            \n                                <div id=\"post-8530\" class=\"aux-col post-8530\">\n                                    <article class=\"post column-entry post-8530 event_listing type-event_listing status-expired has-post-thumbnail hentry\">\n                                        <div class=\"entry-media\">\n                                            <div class=\"aux-media-frame aux-media-image aux-image-mask\">\n                                                <img decoding=\"async\"\n                                                loading=\"lazy\"\n                                                src=\"https:\/\/meeteu.eu\/wp-content\/uploads\/2022\/09\/Stories-from-Europe.jpg\"\n                                                class=\"aux-attachment aux-featured-image aux-attachment-id-8531 aux-preload aux-has-preview\"\n                                                alt=\"\"\n                                                data-src=\"https:\/\/meeteu.eu\/wp-content\/uploads\/2022\/09\/Stories-from-Europe.jpg\"\n                                                \/>\n                                            <\/div>\n                                        <\/div>\n\n                                        <header class=\"entry-header\">\n                                            <h4 class=\"entry-title\">\n                                                Avrupa'dan Hikayeler - Bize yaz\u0131n\u0131z\u0131 anlat\u0131n!                                            <\/h4>\n                                        <\/header>\n\n                                        <div class=\"entry-main\">\n                                            <div class=\"entry-info\">\n                                                <div class=\"event-date\">\n                                                                                                            <i class=\"fas fa-calendar-alt\"><\/i>&nbsp;\n                                                    \n                                                                                                            <span>27 Eyl\u00fcl 2021<\/span>\n                                                                                                        \n                                                    \n                                                                                                                                                        <\/div>\n\n                                                                                            <\/div>\n\n                                            <div class=\"entry-content\">\n                                                <p>\n<p>\u00c7o\u011fumuz yaz\u0131n tad\u0131n\u0131 \u00e7\u0131kard\u0131k, seyahat etmek yeniden m\u00fcmk\u00fcn oldu, aileniz ve arkada\u015flar\u0131n\u0131zla bulu\u015fabilir veya s\u0131cak g\u00fcnleri b\u00f6lgenizde ge\u00e7irebilirsiniz. Hadi bunun hakk\u0131nda konu\u015fal\u0131m! K\u00fc\u00e7\u00fck bir turda resimler g\u00f6stermek, birlikte g\u00fclmek ve ilgin\u00e7 hikayelerinizi dinlemek istiyoruz.<\/p>\n\n\n\n<p>E\u011fer seyahat etmediyseniz endi\u015felenmeyin: hikayeleriniz daha eski olabilir.<\/p>\n<\/p>\n                                                <div class=\"clear\"><\/div>\n                                            <\/div>\n\n                                                                                    <\/div>\n                                    <\/article>\n                                <\/div>\n                            \n                                <div id=\"post-8532\" class=\"aux-col post-8532\">\n                                    <article class=\"post column-entry post-8532 event_listing type-event_listing status-expired has-post-thumbnail hentry\">\n                                        <div class=\"entry-media\">\n                                            <div class=\"aux-media-frame aux-media-image aux-image-mask\">\n                                                <img decoding=\"async\"\n                                                loading=\"lazy\"\n                                                src=\"https:\/\/meeteu.eu\/wp-content\/uploads\/2022\/09\/Bundestagswahl.jpg\"\n                                                class=\"aux-attachment aux-featured-image aux-attachment-id-8533 aux-preload aux-has-preview\"\n                                                alt=\"\"\n                                                data-src=\"https:\/\/meeteu.eu\/wp-content\/uploads\/2022\/09\/Bundestagswahl.jpg\"\n                                                \/>\n                                            <\/div>\n                                        <\/div>\n\n                                        <header class=\"entry-header\">\n                                            <h4 class=\"entry-title\">\n                                                Avrupa'n\u0131n Beklentileri - Yeni Almanya \u015eans\u00f6lyesi Ne Yapmal\u0131?\u00a0                                            <\/h4>\n                                        <\/header>\n\n                                        <div class=\"entry-main\">\n                                            <div class=\"entry-info\">\n                                                <div class=\"event-date\">\n                                                                                                            <i class=\"fas fa-calendar-alt\"><\/i>&nbsp;\n                                                    \n                                                                                                            <span>21 Eyl\u00fcl 2021<\/span>\n                                                                                                        \n                                                    \n                                                                                                                                                        <\/div>\n\n                                                                                            <\/div>\n\n                                            <div class=\"entry-content\">\n                                                <p>\n<p>Polonya'n\u0131n \u00f6zg\u00fcrl\u00fck ikonu Lech Walesa, olas\u0131 bir Brexit'in ard\u0131ndan g\u00fc\u00e7l\u00fc Almanya'n\u0131n ya k\u00f6kl\u00fc bir reforma ya da tamamen yeniden in\u015fa edilmi\u015f bir Avrupa Birli\u011fi'ne liderlik etmesi gerekti\u011fine inan\u0131yor. (Euractive 2016)<\/p>\n\n\n\n<p>veya<\/p>\n\n\n\n<p>Eurobondlar, ortak bor\u00e7lar ve harcamalar konusunda eli s\u0131k\u0131 bir yakla\u015f\u0131m sergileyen Almanya'n\u0131n aradan \u00e7ekilmesi ve Avrupa liderli\u011fini Fransa ve \u0130talya gibi daha ilerici \u00fclkelere b\u0131rakmas\u0131 gerekmektedir.\u00a0<\/p>\n\n\n\n<p>Avrupa vatanda\u015flar\u0131n\u0131n beklentileri bu iki pozisyon aras\u0131nda de\u011fi\u015fmektedir.<\/p>\n\n\n\n<p>L\u00fctfen yurtta\u015flar\u0131n\u0131z\u0131n ve kad\u0131nlar\u0131n\u0131z\u0131n beklentilerini tart\u0131\u015fmaya haz\u0131r olun! K\u0131sa bir giri\u015ften sonra g\u00f6r\u00fc\u015flerinizi ifade etme f\u0131rsat\u0131n\u0131z olacak.<\/p>\n<\/p>\n                                                <div class=\"clear\"><\/div>\n                                            <\/div>\n\n                                                                                    <\/div>\n                                    <\/article>\n                                <\/div>\n                            \n                                <div id=\"post-8534\" class=\"aux-col post-8534\">\n                                    <article class=\"post column-entry post-8534 event_listing type-event_listing status-expired has-post-thumbnail hentry\">\n                                        <div class=\"entry-media\">\n                                            <div class=\"aux-media-frame aux-media-image aux-image-mask\">\n                                                <img decoding=\"async\"\n                                                loading=\"lazy\"\n                                                src=\"https:\/\/meeteu.eu\/wp-content\/uploads\/2022\/09\/15-Sept.-Norway-Elections.jpg\"\n                                                class=\"aux-attachment aux-featured-image aux-attachment-id-8535 aux-preload aux-has-preview\"\n                                                alt=\"\"\n                                                data-src=\"https:\/\/meeteu.eu\/wp-content\/uploads\/2022\/09\/15-Sept.-Norway-Elections.jpg\"\n                                                \/>\n                                            <\/div>\n                                        <\/div>\n\n                                        <header class=\"entry-header\">\n                                            <h4 class=\"entry-title\">\n                                                Norve\u00e7 Se\u00e7imleri ve Petrol Sonras\u0131 Avrupa                                            <\/h4>\n                                        <\/header>\n\n                                        <div class=\"entry-main\">\n                                            <div class=\"entry-info\">\n                                                <div class=\"event-date\">\n                                                                                                            <i class=\"fas fa-calendar-alt\"><\/i>&nbsp;\n                                                    \n                                                                                                            <span>15 Eyl\u00fcl 2021<\/span>\n                                                                                                        \n                                                    \n                                                                                                                                                        <\/div>\n\n                                                                                            <\/div>\n\n                                            <div class=\"entry-content\">\n                                                <p>\n<p>Norve\u00e7 bug\u00fcn Rusya'n\u0131n ard\u0131ndan AB'nin en b\u00fcy\u00fck ikinci do\u011fal gaz ihracat\u00e7\u0131s\u0131 konumundad\u0131r. AB \u00fcyesi olmamas\u0131na ra\u011fmen, AEA ve EFTA arac\u0131l\u0131\u011f\u0131yla Norve\u00e7, AB'nin enerji politikas\u0131nda \u00f6nemli bir rol oynamakta ve AB'nin petrol ve gaz ihtiyac\u0131n\u0131n 18%-25%'sini kar\u015f\u0131lamaktad\u0131r. Norve\u00e7 i\u00e7in petrol ve gaz, ihracat\u0131n\u0131n toplam de\u011ferinin yakla\u015f\u0131k yar\u0131s\u0131na e\u015fittir ve bu da onlar\u0131 Norve\u00e7 ekonomisindeki en \u00f6nemli ihra\u00e7 mallar\u0131 haline getirmektedir.<\/p>\n\n\n\n<p>Ancak par\u00e7alanm\u0131\u015f bir se\u00e7men kitlesine sahip olan Norve\u00e7'te kurulacak herhangi bir koalisyon k\u00fc\u00e7\u00fck partilere ba\u011fl\u0131 olacak gibi g\u00f6r\u00fcn\u00fcyor ve bu partiler petrol ve do\u011falgaz aramalar\u0131na son verilmesi \u00e7a\u011fr\u0131s\u0131nda bulunuyor. G\u00f6revdeki Ba\u015fbakan Erna Solberg'in h\u00fck\u00fcmeti, anketlerde geride kald\u0131ktan sonra ve se\u00e7imlere sadece iki hafta kala s\u00fcrpriz bir hamleyle, petrol \u00e7\u0131karan \u015firketleri vergilendirme \u015feklini elden ge\u00e7irmeyi \u00f6nerdi.<\/p>\n\n\n\n<p>Baz\u0131lar\u0131na g\u00f6re bu de\u011fi\u015fiklikler, Norve\u00e7 mali sisteminin petrole dayal\u0131 temelinin istikrar\u0131n\u0131 \u015f\u00fcpheye d\u00fc\u015f\u00fcrme ve mevcut AB enerji politikas\u0131n\u0131 alt\u00fcst etme riski ta\u015f\u0131yor. Bu durum petrol sonras\u0131 Avrupa i\u00e7in ne anlama geliyor ve Norve\u00e7'in petrol ve gaz ithalat\u00e7\u0131lar\u0131n\u0131n (Almanya, Hollanda, \u0130sve\u00e7, Fransa, Bel\u00e7ika, Danimarka ve di\u011ferleri) politikalar\u0131n\u0131 nas\u0131l etkileyecek?<\/p>\n\n\n\n<p><\/p>\n<\/p>\n                                                <div class=\"clear\"><\/div>\n                                            <\/div>\n\n                                                                                    <\/div>\n                                    <\/article>\n                                <\/div>\n                            \n                                <div id=\"post-8537\" class=\"aux-col post-8537\">\n                                    <article class=\"post column-entry post-8537 event_listing type-event_listing status-expired has-post-thumbnail hentry\">\n                                        <div class=\"entry-media\">\n                                            <div class=\"aux-media-frame aux-media-image aux-image-mask\">\n                                                <img decoding=\"async\"\n                                                loading=\"lazy\"\n                                                src=\"https:\/\/meeteu.eu\/wp-content\/uploads\/2022\/09\/Bluebook.jpg\"\n                                                class=\"aux-attachment aux-featured-image aux-attachment-id-8538 aux-preload aux-has-preview\"\n                                                alt=\"\"\n                                                data-src=\"https:\/\/meeteu.eu\/wp-content\/uploads\/2022\/09\/Bluebook.jpg\"\n                                                \/>\n                                            <\/div>\n                                        <\/div>\n\n                                        <header class=\"entry-header\">\n                                            <h4 class=\"entry-title\">\n                                                <strong>AB'yi i\u00e7eriden deneyimleyin - Avrupa Komisyonu'nun eski Mavi Kitap Stajyeri Carolina ile Soru-Cevap<\/strong>                                            <\/h4>\n                                        <\/header>\n\n                                        <div class=\"entry-main\">\n                                            <div class=\"entry-info\">\n                                                <div class=\"event-date\">\n                                                                                                            <i class=\"fas fa-calendar-alt\"><\/i>&nbsp;\n                                                    \n                                                                                                            <span>20 Temmuz 2021<\/span>\n                                                                                                        \n                                                    \n                                                                                                                                                        <\/div>\n\n                                                                                            <\/div>\n\n                                            <div class=\"entry-content\">\n                                                <p>\n<p>Avrupa Birli\u011fi'nin kalbinde \u00e7al\u0131\u015fmak ister misiniz? \u00c7ok k\u00fclt\u00fcrl\u00fc bir ortamda toplant\u0131lara ve halka a\u00e7\u0131k oturumlara kat\u0131lmak? S\u0131cak siyasi konular\u0131 ara\u015ft\u0131rmak ve AB \u00e7ap\u0131nda projelerin y\u00f6netimine destek olmak? Hayal kurmay\u0131n - deneyin! Ya\u015f\u0131 ne olursa olsun herkes Avrupa Komisyonu'nda Mavi Kitap stajyerli\u011fine ba\u015fvurabilir. Lisans derecesi ve iyi dil becerileri gereklidir. Staj s\u00fcresi be\u015f ayd\u0131r. Ba\u015fvurular 2 A\u011fustos'tan itibaren kabul edilecektir.<\/p>\n\n\n\n<p>2020'de Blue Book stajyeri olan Carolina size nas\u0131l ba\u015fvuraca\u011f\u0131n\u0131z\u0131, hangi becerilerin gerekli oldu\u011funu ve ba\u015fka neleri bilmeniz gerekti\u011fini anlat\u0131yor.<\/p>\n\n\n\n<p>Kat\u0131lmak i\u00e7in kaydolun!&nbsp;<a href=\"https:\/\/meeteu.eu\/tr\/registration\/\">https:\/\/meeteu.eu\/registration\/<\/a><\/p>\n\n\n\n<p>Carolina sorular\u0131n\u0131z\u0131 yan\u0131tlamak i\u00e7in sab\u0131rs\u0131zlan\u0131yor!<\/p>\n<\/p>\n                                                <div class=\"clear\"><\/div>\n                                            <\/div>\n\n                                                                                    <\/div>\n                                    <\/article>\n                                <\/div>\n                            \n                                <div id=\"post-8666\" class=\"aux-col post-8666\">\n                                    <article class=\"post column-entry post-8666 event_listing type-event_listing status-expired has-post-thumbnail hentry\">\n                                        <div class=\"entry-media\">\n                                            <div class=\"aux-media-frame aux-media-image aux-image-mask\">\n                                                <img decoding=\"async\"\n                                                loading=\"lazy\"\n                                                src=\"https:\/\/meeteu.eu\/wp-content\/uploads\/2022\/09\/EU-Elections.png\"\n                                                class=\"aux-attachment aux-featured-image aux-attachment-id-8667 aux-preload aux-has-preview\"\n                                                alt=\"\"\n                                                data-src=\"https:\/\/meeteu.eu\/wp-content\/uploads\/2022\/09\/EU-Elections.png\"\n                                                \/>\n                                            <\/div>\n                                        <\/div>\n\n                                        <header class=\"entry-header\">\n                                            <h4 class=\"entry-title\">\n                                                AB Se\u00e7im \u00d6nerisi - Bug\u00fcn nerede duruyoruz?                                            <\/h4>\n                                        <\/header>\n\n                                        <div class=\"entry-main\">\n                                            <div class=\"entry-info\">\n                                                <div class=\"event-date\">\n                                                                                                            <i class=\"fas fa-calendar-alt\"><\/i>&nbsp;\n                                                    \n                                                                                                            <span>13 Temmuz 2021<\/span>\n                                                                                                                                                                <span>19:00 (BST)<\/span>\n                                                    \n                                                    \n                                                                                                                                                        <\/div>\n\n                                                                                            <\/div>\n\n                                            <div class=\"entry-content\">\n                                                <p>\n<p>Teklifi geli\u015ftirmeye ba\u015flad\u0131\u011f\u0131m\u0131zdan bu yana \u00e7ok \u015fey oldu: AP \u00fcyesi Daniel Freund ile bir fikir al\u0131\u015fveri\u015fi, ayr\u0131nt\u0131l\u0131 bir \u00e7al\u0131\u015fma belgesi, sizinle ve Avrupa hukuku uzmanlar\u0131yla \u00e7ok say\u0131da tart\u0131\u015fma - yolumuza devam ediyoruz.<\/p>\n\n\n\n<p>Geri bildirimler bizi \u015fu soruyla ba\u015f ba\u015fa b\u0131rakt\u0131: Avrupa siyasi partileri \u00f6nerimizde nas\u0131l bir rol oynuyor? Sadece Avrupal\u0131 siyasi gruplara bakmak yeterli mi? Bu sorulara cevap ar\u0131yoruz ve siz de bulmam\u0131za yard\u0131mc\u0131 olabilirsiniz!<\/p>\n\n\n\n<p>Teklifi okuyun ve etkinlik s\u0131ras\u0131nda g\u00f6r\u00fc\u015flerinizi payla\u015f\u0131n.<\/p>\n<\/p>\n                                                <div class=\"clear\"><\/div>\n                                            <\/div>\n\n                                                                                    <\/div>\n                                    <\/article>\n                                <\/div>\n                            \n                                <div id=\"post-8541\" class=\"aux-col post-8541\">\n                                    <article class=\"post column-entry post-8541 event_listing type-event_listing status-expired has-post-thumbnail hentry\">\n                                        <div class=\"entry-media\">\n                                            <div class=\"aux-media-frame aux-media-image aux-image-mask\">\n                                                <img decoding=\"async\"\n                                                loading=\"lazy\"\n                                                src=\"https:\/\/meeteu.eu\/wp-content\/uploads\/2022\/09\/Slovenia.JPG.jpg\"\n                                                class=\"aux-attachment aux-featured-image aux-attachment-id-8542 aux-preload aux-has-preview\"\n                                                alt=\"\"\n                                                data-src=\"https:\/\/meeteu.eu\/wp-content\/uploads\/2022\/09\/Slovenia.JPG.jpg\"\n                                                \/>\n                                            <\/div>\n                                        <\/div>\n\n                                        <header class=\"entry-header\">\n                                            <h4 class=\"entry-title\">\n                                                Slovenya D\u00f6nem Ba\u015fkanl\u0131\u011f\u0131: Temel \u00f6ncelikler nelerdir?                                            <\/h4>\n                                        <\/header>\n\n                                        <div class=\"entry-main\">\n                                            <div class=\"entry-info\">\n                                                <div class=\"event-date\">\n                                                                                                            <i class=\"fas fa-calendar-alt\"><\/i>&nbsp;\n                                                    \n                                                                                                            <span>6 Temmuz 2021<\/span>\n                                                                                                        \n                                                    \n                                                                                                                                                        <\/div>\n\n                                                                                            <\/div>\n\n                                            <div class=\"entry-content\">\n                                                <p>\n<p>Slovenya 1 Temmuz'da Avrupa Birli\u011fi Konseyi d\u00f6nem ba\u015fkanl\u0131\u011f\u0131n\u0131 devrald\u0131 ve Avrupa'daki siyasi olaylar\u0131n merkezine yerle\u015fti. Ancak d\u00f6nem ba\u015fkanl\u0131\u011f\u0131, Korona krizinin y\u00f6netimi de dahil olmak \u00fczere pek \u00e7ok \u00f6nemli konunun ele al\u0131nmas\u0131 gereken kritik bir d\u00f6neme denk geliyor. Slogan\u0131 alt\u0131nda \"Birlikte. Diren\u00e7li. Avrupa\" slogan\u0131 alt\u0131nda Slovenya D\u00f6nem Ba\u015fkanl\u0131\u011f\u0131 i\u00e7in d\u00f6rt \u00f6ncelik belirledi: AB'nin toparlanmas\u0131 ve daha diren\u00e7li hale getirilmesi, Avrupa'n\u0131n gelece\u011fi \u00fczerine d\u00fc\u015f\u00fcn\u00fclmesi, hukukun \u00fcst\u00fcnl\u00fc\u011f\u00fc ve Avrupa de\u011ferlerinin g\u00fc\u00e7lendirilmesi ve Avrupa kom\u015fulu\u011funda g\u00fcvenlik ve istikrar. Peki Slovenya i\u00e7in d\u00f6nem ba\u015fkanl\u0131\u011f\u0131 ne anlama geliyor? \u00d6nceliklerini nas\u0131l hayata ge\u00e7irecek? D\u00f6nem ba\u015fkanl\u0131\u011f\u0131nda kimler yer al\u0131yor? Bilmemiz gereken ba\u015fka neler var? Avrupa Parlamentosu'nun Ljubljana'daki \u0130rtibat B\u00fcrosu'ndan Nastja Klimencic Schmidt, 6 Temmuz Sal\u0131 g\u00fcn\u00fc saat 17:00'de Slovenya D\u00f6nem Ba\u015fkanl\u0131\u011f\u0131'n\u0131n \u00f6nceliklerini tan\u0131tacak ve konuyla ilgili t\u00fcm sorular\u0131n\u0131z\u0131 yan\u0131tlayacak. Online etkinlik WebEx \u00fczerinden \u0130ngilizce olarak ger\u00e7ekle\u015ftirilecektir.<\/p>\n<\/p>\n                                                <div class=\"clear\"><\/div>\n                                            <\/div>\n\n                                                                                    <\/div>\n                                    <\/article>\n                                <\/div>\n                            \n                                <div id=\"post-8543\" class=\"aux-col post-8543\">\n                                    <article class=\"post column-entry post-8543 event_listing type-event_listing status-expired has-post-thumbnail hentry\">\n                                        <div class=\"entry-media\">\n                                            <div class=\"aux-media-frame aux-media-image aux-image-mask\">\n                                                <img decoding=\"async\"\n                                                loading=\"lazy\"\n                                                src=\"https:\/\/meeteu.eu\/wp-content\/uploads\/2022\/09\/Travelling-in-the-EU.jpg\"\n                                                class=\"aux-attachment aux-featured-image aux-attachment-id-8544 aux-preload aux-has-preview\"\n                                                alt=\"\"\n                                                data-src=\"https:\/\/meeteu.eu\/wp-content\/uploads\/2022\/09\/Travelling-in-the-EU.jpg\"\n                                                \/>\n                                            <\/div>\n                                        <\/div>\n\n                                        <header class=\"entry-header\">\n                                            <h4 class=\"entry-title\">\n                                                Yaz geliyor - Nereye gidiyorsunuz?                                            <\/h4>\n                                        <\/header>\n\n                                        <div class=\"entry-main\">\n                                            <div class=\"entry-info\">\n                                                <div class=\"event-date\">\n                                                                                                            <i class=\"fas fa-calendar-alt\"><\/i>&nbsp;\n                                                    \n                                                                                                            <span>29 Haziran 2021<\/span>\n                                                                                                        \n                                                    \n                                                                                                                                                        <\/div>\n\n                                                                                            <\/div>\n\n                                            <div class=\"entry-content\">\n                                                <p>\n<p>K\u00fcresel salg\u0131n, seyahat k\u0131s\u0131tlamalar\u0131 ve sosyal mesafenin ya\u015fand\u0131\u011f\u0131 bir y\u0131l\u0131n ard\u0131ndan, bu y\u0131l yine AB s\u0131n\u0131rlar\u0131n\u0131 b\u00fcy\u00fck engeller olmadan ge\u00e7me ve Birli\u011fimizin \u00e7e\u015fitlili\u011fini deneyimleme f\u0131rsat\u0131na sahibiz.<\/p>\n\n\n\n<p>Son aylarda yapamad\u0131\u011f\u0131n\u0131z t\u00fcm seyahatlere yeti\u015fme f\u0131rsat\u0131n\u0131 de\u011ferlendirecek misiniz, yoksa yaz\u0131 evde dinlenerek mi ge\u00e7ireceksiniz?<\/p>\n\n\n\n<p>Rahat bir Sal\u0131 ak\u015fam\u0131 sohbeti i\u00e7in bize kat\u0131l\u0131n - ve di\u011fer herkesin ne planlad\u0131\u011f\u0131n\u0131 g\u00f6r\u00fcn.<\/p>\n\n\n\n<p><strong>Yeni \u00fcyeler i\u00e7in bu, MeetEU ekibiyle ba\u011flant\u0131 kurmak i\u00e7in m\u00fckemmel bir f\u0131rsatt\u0131r.<\/strong><\/p>\n\n\n\n<p>Bu etkinlik \u015fu tarihte ger\u00e7ekle\u015fecek&nbsp;<a href=\"https:\/\/meeteu.eu\/tr\/how-to-access-meeteu\/\">Discord \u00fczerinden payla\u015f\u0131n<\/a>.<\/p>\n<\/p>\n                                                <div class=\"clear\"><\/div>\n                                            <\/div>\n\n                                                                                    <\/div>\n                                    <\/article>\n                                <\/div>\n                            \n                                <div id=\"post-8545\" class=\"aux-col post-8545\">\n                                    <article class=\"post column-entry post-8545 event_listing type-event_listing status-expired has-post-thumbnail hentry\">\n                                        <div class=\"entry-media\">\n                                            <div class=\"aux-media-frame aux-media-image aux-image-mask\">\n                                                <img decoding=\"async\"\n                                                loading=\"lazy\"\n                                                src=\"https:\/\/meeteu.eu\/wp-content\/uploads\/2022\/09\/Samira_Rafaela.jpg\"\n                                                class=\"aux-attachment aux-featured-image aux-attachment-id-8546 aux-preload aux-has-preview\"\n                                                alt=\"\"\n                                                data-src=\"https:\/\/meeteu.eu\/wp-content\/uploads\/2022\/09\/Samira_Rafaela.jpg\"\n                                                \/>\n                                            <\/div>\n                                        <\/div>\n\n                                        <header class=\"entry-header\">\n                                            <h4 class=\"entry-title\">\n                                                <strong>Mercosur ve AB - Gelece\u011fe ne getirecek?<\/strong>                                            <\/h4>\n                                        <\/header>\n\n                                        <div class=\"entry-main\">\n                                            <div class=\"entry-info\">\n                                                <div class=\"event-date\">\n                                                                                                            <i class=\"fas fa-calendar-alt\"><\/i>&nbsp;\n                                                    \n                                                                                                            <span>22 Haziran 2021<\/span>\n                                                                                                        \n                                                    \n                                                                                                                                                        <\/div>\n\n                                                                                            <\/div>\n\n                                            <div class=\"entry-content\">\n                                                <p>\n<p>Haziran 2019'da Mercosur \u00fclkeleriyle (Brezilya, Arjantin, Paraguay, Bolivya ve Uruguay) bir ticaret anla\u015fmas\u0131na var\u0131ld\u0131. O zamandan bu yana, y\u00fcksek pestisit kullan\u0131m\u0131, g\u0131da g\u00fcvenli\u011fi tehlikesi ve b\u00f6lgelerdeki kapsaml\u0131 tar\u0131m\u0131n artan \u00e7evresel etkileri ile ilgili haberler birikmektedir. \u00d6zellikle Paris, resmi olarak \u00e7evresel kayg\u0131lar nedeniyle bask\u0131y\u0131 artt\u0131rd\u0131.<\/p>\n\n\n\n<p>Ayn\u0131 zamanda Portekiz D\u00f6nem Ba\u015fkanl\u0131\u011f\u0131 da anla\u015fmay\u0131 ilerletme hedefini s\u00fcrd\u00fcr\u00fcyor. D\u00f6nem Ba\u015fkanl\u0131\u011f\u0131n\u0131n sonunda ne bekleyebiliriz? Gecikme ticaret blo\u011fu ile genel ili\u015fki i\u00e7in ne anlama geliyor ve anla\u015fma iklim de\u011fi\u015fikli\u011fi ile m\u00fccadele ile uyumlu mu? Ve en \u00f6nemlisi, Br\u00fcksel etkisi G\u00fcney Amerika \u00fclkelerinde olumlu bir de\u011fi\u015fime (\u00f6rne\u011fin \u00fcretimde \u00e7evrenin korunmas\u0131) yol a\u00e7abilir mi?<\/p>\n\n\n\n<p>Bu etkinlik Zoom'da ger\u00e7ekle\u015fecektir.<\/p>\n\n\n\n<p><strong>Almak i\u00e7in buraya kaydolun&nbsp;<a href=\"https:\/\/meeteu.eu\/tr\/registration\/\">giri\u015f bilgilerini i\u00e7eren e-posta hat\u0131rlat\u0131c\u0131s\u0131.<\/a><\/strong><\/p>\n<\/p>\n                                                <div class=\"clear\"><\/div>\n                                            <\/div>\n\n                                                                                    <\/div>\n                                    <\/article>\n                                <\/div>\n                            \n                                <div id=\"post-8547\" class=\"aux-col post-8547\">\n                                    <article class=\"post column-entry post-8547 event_listing type-event_listing status-expired has-post-thumbnail hentry\">\n                                        <div class=\"entry-media\">\n                                            <div class=\"aux-media-frame aux-media-image aux-image-mask\">\n                                                <img decoding=\"async\"\n                                                loading=\"lazy\"\n                                                src=\"https:\/\/meeteu.eu\/wp-content\/uploads\/2022\/09\/Grant.jpg\"\n                                                class=\"aux-attachment aux-featured-image aux-attachment-id-8548 aux-preload aux-has-preview\"\n                                                alt=\"\"\n                                                data-src=\"https:\/\/meeteu.eu\/wp-content\/uploads\/2022\/09\/Grant.jpg\"\n                                                \/>\n                                            <\/div>\n                                        <\/div>\n\n                                        <header class=\"entry-header\">\n                                            <h4 class=\"entry-title\">\n                                                Avrupa'y\u0131 tekrar Grant's yap\u0131n                                            <\/h4>\n                                        <\/header>\n\n                                        <div class=\"entry-main\">\n                                            <div class=\"entry-info\">\n                                                <div class=\"event-date\">\n                                                                                                            <i class=\"fas fa-calendar-alt\"><\/i>&nbsp;\n                                                    \n                                                                                                            <span>15 Haziran 2021<\/span>\n                                                                                                        \n                                                    \n                                                                                                                                                        <\/div>\n\n                                                                                            <\/div>\n\n                                            <div class=\"entry-content\">\n                                                <p>\n<p>'Y\u0131l\u0131n \u0130sko\u00e7 Komedyeni' finalisti Grant Gallacher, son Avrupa turnesinden yeni \u00e7\u0131kt\u0131, BBC Radio Scotland ve STV'de de yer ald\u0131 ve son be\u015f y\u0131ld\u0131r Edinburgh Fringe ve Glasgow Uluslararas\u0131 Komedi Festivali'nde sahne ald\u0131.<\/p>\n\n\n\n<p>\u015eu anda Prag'da ya\u015f\u0131yor, Making Europe Grant's Again podcast'ine ve VisualPolitik adl\u0131 YouTube kanal\u0131na ev sahipli\u011fi yap\u0131yor ve Avrupa'n\u0131n d\u00f6rt bir yan\u0131nda komedi g\u00f6sterileri d\u00fczenliyor. Grant, \"Kesinlikle ka\u00e7\u0131r\u0131lmamas\u0131 gereken biri\" olarak tan\u0131mlan\u0131yor,&nbsp;<em>\u00e7o\u011funlukla annesi taraf\u0131ndan<\/em>.<\/p>\n\n\n\n<p>Bir sonraki etkinli\u011fimizi ka\u00e7\u0131rmay\u0131n! Sal\u0131&nbsp;<strong>15 Haziran<\/strong>18:00 CEST (Orta Avrupa Yaz Saati). Grant bize Brexit'ten nas\u0131l ka\u00e7t\u0131\u011f\u0131n\u0131, en ba\u015far\u0131l\u0131 siyasi YouTube kanallar\u0131ndan birinin (bir milyondan fazla takip\u00e7i) sunuculu\u011funa nas\u0131l geldi\u011fini, podcast'ini ve Prag'da biran\u0131n nas\u0131l oldu\u011funu anlatacak!<\/p>\n<\/p>\n                                                <div class=\"clear\"><\/div>\n                                            <\/div>\n\n                                                                                    <\/div>\n                                    <\/article>\n                                <\/div>\n                            \n                                <div id=\"post-8549\" class=\"aux-col post-8549\">\n                                    <article class=\"post column-entry post-8549 event_listing type-event_listing status-expired has-post-thumbnail hentry\">\n                                        <div class=\"entry-media\">\n                                            <div class=\"aux-media-frame aux-media-image aux-image-mask\">\n                                                <img decoding=\"async\"\n                                                loading=\"lazy\"\n                                                src=\"https:\/\/meeteu.eu\/wp-content\/uploads\/2022\/09\/Yana.png\"\n                                                class=\"aux-attachment aux-featured-image aux-attachment-id-8550 aux-preload aux-has-preview\"\n                                                alt=\"\"\n                                                data-src=\"https:\/\/meeteu.eu\/wp-content\/uploads\/2022\/09\/Yana.png\"\n                                                \/>\n                                            <\/div>\n                                        <\/div>\n\n                                        <header class=\"entry-header\">\n                                            <h4 class=\"entry-title\">\n                                                AB-Rusya \u0130li\u015fkileri Darmada\u011f\u0131n m\u0131?                                            <\/h4>\n                                        <\/header>\n\n                                        <div class=\"entry-main\">\n                                            <div class=\"entry-info\">\n                                                <div class=\"event-date\">\n                                                                                                            <i class=\"fas fa-calendar-alt\"><\/i>&nbsp;\n                                                    \n                                                                                                            <span>1 Haziran 2021<\/span>\n                                                                                                        \n                                                    \n                                                                                                                                                        <\/div>\n\n                                                                                            <\/div>\n\n                                            <div class=\"entry-content\">\n                                                <p>\n<p>AB ve Rusya aras\u0131ndaki \u00e7at\u0131\u015fmalar\u0131n s\u0131kl\u0131\u011f\u0131 bir kez daha artacak gibi g\u00f6r\u00fcn\u00fcyor.<\/p>\n\n\n\n<p>Estonya'dan ve AB-Rusya parlamento i\u015fbirli\u011fi komitesinin bir par\u00e7as\u0131 olan Say\u0131n Yana Toom bize neyin tehlikede oldu\u011funu a\u00e7\u0131klayacak.<\/p>\n\n\n\n<p>Durumu bir uzmandan dinlemek ve sorular\u0131n\u0131z\u0131 do\u011frudan bir MEP'e sormak i\u00e7in bu e\u015fsiz f\u0131rsat\u0131 ka\u00e7\u0131rmay\u0131n!<\/p>\n\n\n\n<p>Bu etkinlik \u015fu tarihte ger\u00e7ekle\u015fecek&nbsp;<a href=\"https:\/\/meeteu.eu\/tr\/how-to-access-meeteu\/\">Webex.<\/a><\/p>\n<\/p>\n                                                <div class=\"clear\"><\/div>\n                                            <\/div>\n\n                                                                                    <\/div>\n                                    <\/article>\n                                <\/div>\n                            \n                                <div id=\"post-8551\" class=\"aux-col post-8551\">\n                                    <article class=\"post column-entry post-8551 event_listing type-event_listing status-expired has-post-thumbnail hentry\">\n                                        <div class=\"entry-media\">\n                                            <div class=\"aux-media-frame aux-media-image aux-image-mask\">\n                                                <img decoding=\"async\"\n                                                loading=\"lazy\"\n                                                src=\"https:\/\/meeteu.eu\/wp-content\/uploads\/2022\/09\/Marques.png\"\n                                                class=\"aux-attachment aux-featured-image aux-attachment-id-8552 aux-preload aux-has-preview\"\n                                                alt=\"\"\n                                                data-src=\"https:\/\/meeteu.eu\/wp-content\/uploads\/2022\/09\/Marques.png\"\n                                                \/>\n                                            <\/div>\n                                        <\/div>\n\n                                        <header class=\"entry-header\">\n                                            <h4 class=\"entry-title\">\n                                                Avrupa'daki B\u00f6lgesel Farkl\u0131l\u0131klar - Bunlar\u0131n \u00dcstesinden Nas\u0131l Gelebiliriz?                                            <\/h4>\n                                        <\/header>\n\n                                        <div class=\"entry-main\">\n                                            <div class=\"entry-info\">\n                                                <div class=\"event-date\">\n                                                                                                            <i class=\"fas fa-calendar-alt\"><\/i>&nbsp;\n                                                    \n                                                                                                            <span>27 May\u0131s 2021<\/span>\n                                                                                                        \n                                                    \n                                                                                                                                                        <\/div>\n\n                                                                                            <\/div>\n\n                                            <div class=\"entry-content\">\n                                                <p>\n<p>Avrupa, Paris veya Roma gibi \u00fcnl\u00fc \u015fehirleriyle tan\u0131n\u0131r. \u00d6te yandan Alentejo ve Transilvanya gibi k\u0131rsal b\u00f6lgeler de var. Birle\u015fik bir Avrupa'da farkl\u0131 ekonomilere ve farkl\u0131 ihtiya\u00e7lara sahip farkl\u0131 b\u00f6lgelerin olmas\u0131 bizi b\u00fcy\u00fck zorluklarla kar\u015f\u0131 kar\u015f\u0131ya b\u0131rak\u0131yor.<\/p>\n\n\n\n<p>Bu dengesizlikleri d\u00fczeltmek i\u00e7in AB, Avrupa B\u00f6lgesel Kalk\u0131nma Fonu (ERDF) gibi ekonomik ve sosyal uyumu g\u00fc\u00e7lendirmeye y\u00f6nelik \u00e7e\u015fitli fonlar ba\u015flatm\u0131\u015ft\u0131r.<\/p>\n\n\n\n<p>Bu fonlar neyle ilgili ve para nereye gidiyor? Bu fonlar\u0131n \u015fimdiye kadar herhangi bir etkisi oldu mu? AP S&amp;D \u00fcyesi Pedro Marques ile sohbetimizde bize kat\u0131l\u0131n.<\/p>\n\n\n\n<p>Bu etkinlik \u015fu tarihte ger\u00e7ekle\u015fecek\u00a0<a href=\"https:\/\/meeteu.eu\/tr\/how-to-access-meeteu\/\">Webex.<\/a><\/p>\n<\/p>\n                                                <div class=\"clear\"><\/div>\n                                            <\/div>\n\n                                                                                    <\/div>\n                                    <\/article>\n                                <\/div>\n                            \n                                <div id=\"post-8553\" class=\"aux-col post-8553\">\n                                    <article class=\"post column-entry post-8553 event_listing type-event_listing status-expired has-post-thumbnail hentry\">\n                                        <div class=\"entry-media\">\n                                            <div class=\"aux-media-frame aux-media-image aux-image-mask\">\n                                                <img decoding=\"async\"\n                                                loading=\"lazy\"\n                                                src=\"https:\/\/meeteu.eu\/wp-content\/uploads\/2022\/09\/Garcia.jpg\"\n                                                class=\"aux-attachment aux-featured-image aux-attachment-id-8554 aux-preload aux-has-preview\"\n                                                alt=\"\"\n                                                data-src=\"https:\/\/meeteu.eu\/wp-content\/uploads\/2022\/09\/Garcia.jpg\"\n                                                \/>\n                                            <\/div>\n                                        <\/div>\n\n                                        <header class=\"entry-header\">\n                                            <h4 class=\"entry-title\">\n                                                Avrupa'n\u0131n Gelece\u011fi Konferans\u0131 - Ne Fark Yaratabilir?                                            <\/h4>\n                                        <\/header>\n\n                                        <div class=\"entry-main\">\n                                            <div class=\"entry-info\">\n                                                <div class=\"event-date\">\n                                                                                                            <i class=\"fas fa-calendar-alt\"><\/i>&nbsp;\n                                                    \n                                                                                                            <span>25 May\u0131s 2021<\/span>\n                                                                                                        \n                                                    \n                                                                                                                                                        <\/div>\n\n                                                                                            <\/div>\n\n                                            <div class=\"entry-content\">\n                                                <p>\n<p><em>\"Gelecek hepimize ait ve bu kararlar\u0131 Br\u00fcksel balonunda tek ba\u015f\u0131m\u0131za almamal\u0131y\u0131z\"<\/em>S&amp;D Grubu Ba\u015fkan\u0131 Iraxte Garc\u00eda-Perez, Avrupa'n\u0131n Gelece\u011fi Konferans\u0131na (CoFoE) at\u0131fta bulunarak \u015funlar\u0131 s\u00f6yledi<\/p>\n\n\n\n<p>Peki AB kurumlar\u0131 yasama yetkilerini AB vatanda\u015flar\u0131yla payla\u015fmak i\u00e7in bu b\u00fcy\u00fck f\u0131rsat\u0131 de\u011ferlendirecek mi? \u015eu ana kadar Avrupa Komisyonu, Avrupa Parlamentosu ve AB Konseyi, vatanda\u015flar\u0131n katk\u0131s\u0131na ili\u015fkin belirli bir yol haritas\u0131 olmaks\u0131z\u0131n, sadece nihai sonucu h\u0131zl\u0131 bir \u015fekilde incelemeyi taahh\u00fct etti. Bir\u00e7ok vatanda\u015f merak ediyor: Konferans basit \u00e7al\u0131\u015fma belgeleriyle mi sonu\u00e7lanacak yoksa antla\u015fma de\u011fi\u015fikliklerini mi ba\u015flatacak?<\/p>\n\n\n\n<p>CoFoE Y\u00f6netim Kurulu \u00fcyesi Bayan Garc\u00eda-Perez ile Avrupa'n\u0131n Gelece\u011fi Konferans\u0131 hakk\u0131ndaki umutlar\u0131n\u0131z\u0131 ve fikirlerinizi payla\u015f\u0131n: Konferans\u0131n nas\u0131l organize edildi\u011fini ve AB politikas\u0131nda nas\u0131l bir \"oyun de\u011fi\u015ftirici\" olabilece\u011fini \u00f6\u011frenin.<\/p>\n\n\n\n<p>Bu etkinlik \u015fu tarihte ger\u00e7ekle\u015fecek&nbsp;<a href=\"https:\/\/meeteu.eu\/tr\/how-to-access-meeteu\/\">Webex.<\/a><\/p>\n\n\n\n<p><strong>L\u00fctfen kay\u0131t olun&nbsp;<a href=\"https:\/\/meeteu.eu\/tr\/registration\/\">Burada<\/a>&nbsp;<\/strong>linki i\u00e7eren bir hat\u0131rlatma almak i\u00e7in.<\/p>\n<\/p>\n                                                <div class=\"clear\"><\/div>\n                                            <\/div>\n\n                                                                                    <\/div>\n                                    <\/article>\n                                <\/div>\n                            \n                                <div id=\"post-8555\" class=\"aux-col post-8555\">\n                                    <article class=\"post column-entry post-8555 event_listing type-event_listing status-expired has-post-thumbnail hentry\">\n                                        <div class=\"entry-media\">\n                                            <div class=\"aux-media-frame aux-media-image aux-image-mask\">\n                                                <img decoding=\"async\"\n                                                loading=\"lazy\"\n                                                src=\"https:\/\/meeteu.eu\/wp-content\/uploads\/2022\/09\/Daniel-Freund.png\"\n                                                class=\"aux-attachment aux-featured-image aux-attachment-id-8556 aux-preload aux-has-preview\"\n                                                alt=\"\"\n                                                data-src=\"https:\/\/meeteu.eu\/wp-content\/uploads\/2022\/09\/Daniel-Freund.png\"\n                                                \/>\n                                            <\/div>\n                                        <\/div>\n\n                                        <header class=\"entry-header\">\n                                            <h4 class=\"entry-title\">\n                                                Se\u00e7im S\u00fcrecini D\u00fczelterek Birle\u015fik Avrupa'y\u0131 Kurtarmak                                            <\/h4>\n                                        <\/header>\n\n                                        <div class=\"entry-main\">\n                                            <div class=\"entry-info\">\n                                                <div class=\"event-date\">\n                                                                                                            <i class=\"fas fa-calendar-alt\"><\/i>&nbsp;\n                                                    \n                                                                                                            <span>18 May\u0131s 2021<\/span>\n                                                                                                        \n                                                    \n                                                                                                                                                        <\/div>\n\n                                                                                            <\/div>\n\n                                            <div class=\"entry-content\">\n                                                <p>\n<p>Ye\u015filler Partisi'nden 2019 y\u0131l\u0131nda AP milletvekili se\u00e7ilen Daniel Freund ile 18 May\u0131s'ta bu konuyu konu\u015faca\u011f\u0131z.<\/p>\n\n\n\n<p>Avrupa Parlamentosu se\u00e7imleri Avrupa'ya odaklanmamaktad\u0131r. Ulusal politikac\u0131lar taraf\u0131ndan, ulusal konulara odaklanan ulusal kampanya platformlar\u0131nda ulusal olarak y\u00fcr\u00fct\u00fclmektedir.<br>Konu\u015fmam\u0131zda bunu de\u011fi\u015ftirmeye y\u00f6nelik iki spesifik \u00f6neri \u00fczerinde duraca\u011f\u0131z: Birincisi, 90'l\u0131 y\u0131llardan beri \u00fczerinde \u00e7al\u0131\u015f\u0131lan bir kavram olan \"Ulus\u00f6tesi Se\u00e7im Listeleri \"nin uygulamaya konulmas\u0131. \u0130kincisi, \"Ulus\u00f6tesi Se\u00e7im&nbsp;<a href=\"https:\/\/futureu.europa.eu\/processes\/Democracy\/f\/6\/proposals\/203\" rel=\"noopener\">\"Ulus\u00f6tesi Kampanya Platformlar\u0131\"<\/a>MeetEU ekibi taraf\u0131ndan geli\u015ftirilen ve Avrupa'n\u0131n Gelece\u011fi Konferans\u0131 platformuna bir \u00f6neri olarak sunulan bir fikir.<\/p>\n\n\n\n<p>Daniel Freund ile yapt\u0131\u011f\u0131m\u0131z g\u00f6r\u00fc\u015fmede, bu \u00f6nerilerin art\u0131lar\u0131n\u0131 ve eksilerini ve bunlar\u0131n benimsenme olas\u0131l\u0131\u011f\u0131n\u0131 ilk elden bir siyaset\u00e7iden dinlemeyi umuyoruz.<\/p>\n\n\n\n<p>Dinlemek ve d\u00fc\u015f\u00fcncelerinizi masaya yat\u0131rmak i\u00e7in 18 May\u0131s'ta TS\u0130 20:00'deki konu\u015fmam\u0131za kat\u0131l\u0131n.<\/p>\n\n\n\n<p>Bu etkinlik \u015fu tarihte ger\u00e7ekle\u015fecek&nbsp;<a href=\"https:\/\/meeteu.eu\/tr\/how-to-access-meeteu\/\">Webex.<\/a><\/p>\n<\/p>\n                                                <div class=\"clear\"><\/div>\n                                            <\/div>\n\n                                                                                    <\/div>\n                                    <\/article>\n                                <\/div>\n                            \n                                <div id=\"post-8557\" class=\"aux-col post-8557\">\n                                    <article class=\"post column-entry post-8557 event_listing type-event_listing status-expired has-post-thumbnail hentry\">\n                                        <div class=\"entry-media\">\n                                            <div class=\"aux-media-frame aux-media-image aux-image-mask\">\n                                                <img decoding=\"async\"\n                                                loading=\"lazy\"\n                                                src=\"https:\/\/meeteu.eu\/wp-content\/uploads\/2022\/09\/Walsh.png\"\n                                                class=\"aux-attachment aux-featured-image aux-attachment-id-8558 aux-preload aux-has-preview\"\n                                                alt=\"\"\n                                                data-src=\"https:\/\/meeteu.eu\/wp-content\/uploads\/2022\/09\/Walsh.png\"\n                                                \/>\n                                            <\/div>\n                                        <\/div>\n\n                                        <header class=\"entry-header\">\n                                            <h4 class=\"entry-title\">\n                                                AB'nin LGBTQI+ Ayr\u0131mc\u0131l\u0131\u011f\u0131na Kar\u015f\u0131 M\u00fccadelesi                                            <\/h4>\n                                        <\/header>\n\n                                        <div class=\"entry-main\">\n                                            <div class=\"entry-info\">\n                                                <div class=\"event-date\">\n                                                                                                            <i class=\"fas fa-calendar-alt\"><\/i>&nbsp;\n                                                    \n                                                                                                            <span>12 May\u0131s 2021<\/span>\n                                                                                                        \n                                                    \n                                                                                                                                                        <\/div>\n\n                                                                                            <\/div>\n\n                                            <div class=\"entry-content\">\n                                                <p>\n<p>12 May\u0131s'ta, \u0130rlandal\u0131 LGBTQI+ toplulu\u011funun bir \u00fcyesi olan ve 2019'da AP milletvekili se\u00e7ilen Maria Walsh (EPP) ile konu\u015fuyoruz.<\/p>\n\n\n\n<p>Konu\u015fmam\u0131z ne hakk\u0131nda? AB, insan onuruna ve insan haklar\u0131na sayg\u0131, \u00f6zg\u00fcrl\u00fck, demokrasi, e\u015fitlik ve hukukun \u00fcst\u00fcnl\u00fc\u011f\u00fc gibi temel de\u011ferler \u00fczerine in\u015fa edilmi\u015ftir. Bu de\u011ferler t\u00fcm \u00fcye \u00fclkeleri birle\u015ftiren de\u011ferlerdir. Ne yaz\u0131k ki pek \u00e7ok AB vatanda\u015f\u0131 e\u015fit muamele g\u00f6rmemektedir. AB \u00fcye devletleri, LGBTQI+ toplulu\u011funun \u00fcyesi olan AB vatanda\u015flar\u0131na kar\u015f\u0131 ayr\u0131mc\u0131l\u0131k yapmak i\u00e7in hukukun \u00fcst\u00fcnl\u00fc\u011f\u00fcn\u00fc g\u00f6z ard\u0131 etmektedir.<\/p>\n\n\n\n<p>B\u00f6lgedeki pek \u00e7ok aktivist ve milletvekilinin bask\u0131s\u0131na ra\u011fmen AB hala ayak s\u00fcr\u00fcmeye devam ediyor. Avrupa'n\u0131n Gelece\u011fi Konferans\u0131 (CoFoE), vatanda\u015flar\u0131n AB vatanda\u015flar\u0131n\u0131n kimliklerine dayal\u0131 muameleye ili\u015fkin endi\u015felerini dile getirmeleri i\u00e7in bir f\u0131rsatt\u0131r. CoFoE, AB vatanda\u015flar\u0131n\u0131n bunu ba\u015farmas\u0131na nas\u0131l yard\u0131mc\u0131 olabilir?<\/p>\n\n\n\n<p>Maria ile 12 May\u0131s \u00c7ar\u015famba \u00f6\u011fleden sonra ger\u00e7ekle\u015ftirece\u011fimiz s\u00f6yle\u015fiye kat\u0131l\u0131n.<\/p>\n\n\n\n<p>Bu etkinlik \u015fu tarihte ger\u00e7ekle\u015fecek&nbsp;<a href=\"https:\/\/meeteu.eu\/tr\/how-to-access-meeteu\/\">Webex.<\/a><\/p>\n\n\n\n<p><\/p>\n<\/p>\n                                                <div class=\"clear\"><\/div>\n                                            <\/div>\n\n                                                                                    <\/div>\n                                    <\/article>\n                                <\/div>\n                            \n                                <div id=\"post-8559\" class=\"aux-col post-8559\">\n                                    <article class=\"post column-entry post-8559 event_listing type-event_listing status-expired has-post-thumbnail hentry\">\n                                        <div class=\"entry-media\">\n                                            <div class=\"aux-media-frame aux-media-image aux-image-mask\">\n                                                <img decoding=\"async\"\n                                                loading=\"lazy\"\n                                                src=\"https:\/\/meeteu.eu\/wp-content\/uploads\/2022\/09\/English.jpg\"\n                                                class=\"aux-attachment aux-featured-image aux-attachment-id-8560 aux-preload aux-has-preview\"\n                                                alt=\"\"\n                                                data-src=\"https:\/\/meeteu.eu\/wp-content\/uploads\/2022\/09\/English.jpg\"\n                                                \/>\n                                            <\/div>\n                                        <\/div>\n\n                                        <header class=\"entry-header\">\n                                            <h4 class=\"entry-title\">\n                                                Toplumsal cinsiyet e\u015fitli\u011fi i\u00e7in aktif! AB ne yap\u0131yor ve yeterli mi?                                            <\/h4>\n                                        <\/header>\n\n                                        <div class=\"entry-main\">\n                                            <div class=\"entry-info\">\n                                                <div class=\"event-date\">\n                                                                                                            <i class=\"fas fa-calendar-alt\"><\/i>&nbsp;\n                                                    \n                                                                                                            <span>4 May\u0131s 2021<\/span>\n                                                                                                        \n                                                    \n                                                                                                                                                        <\/div>\n\n                                                                                            <\/div>\n\n                                            <div class=\"entry-content\">\n                                                <p>\n<p>\"Ailemdeki karde\u015fler aras\u0131nda tam bir e\u015fitlik duygusunu, ilk \u00e7ocu\u011fumun do\u011fumundan sonra so\u011fuk bir hayal k\u0131r\u0131kl\u0131\u011f\u0131 banyosu izledi. Gen\u00e7 bir yeti\u015fkin kad\u0131n olarak kad\u0131na y\u00f6nelik \u015fiddetle m\u00fccadele etmeye karar verdim ve Rosenheim'da di\u011fer kad\u0131nlarla birlikte Kad\u0131n ve K\u0131z \u00c7ocuklar\u0131 Acil Yard\u0131m Hatt\u0131'n\u0131 kurdum. O zamandan beri d\u00fc\u015f\u00fcn\u00fcyorum: Bilgi ac\u0131y\u0131 artt\u0131r\u0131r. Ama g\u00f6rmezden gelmek art\u0131k m\u00fcmk\u00fcn de\u011fil.\"<\/p>\n\n\n\n<p><em>- Maria Noichl, Rosenheim'l\u0131 Avrupal\u0131 politikac\u0131, 1967 do\u011fumlu, iki o\u011flu, d\u00f6rt torunu var, beslenme ve tasar\u0131m konusunda uzman \u00f6\u011fretmenlik e\u011fitimi alm\u0131\u015f.<\/em><\/p>\n\n\n\n<p>Korona krizi toplumsal cinsiyet e\u015fitsizli\u011finin alt\u0131n\u0131 \u00e7izerken, ayn\u0131 zamanda mevcut nesil \"E\u015fit Nesil\" ad\u0131yla b\u00fcy\u00fcyor. Bu bir \u00e7eli\u015fki, \u00e7\u00fcnk\u00fc ayn\u0131 i\u015f i\u00e7in e\u015fit olmayan \u00fccret ve aile durumu nedeniyle i\u015fg\u00fcc\u00fc piyasas\u0131nda dezavantajlar gibi bir\u00e7ok ma\u011fduriyet pandemiden \u00f6nce de vard\u0131.<\/p>\n\n\n\n<p>\"Herkes i\u00e7in e\u015fitlik ve her anlamda e\u015fitlik\" Ursula von der Leyen'in ilkelerinden biridir. Buna uygun olarak Avrupa Komisyonu, mevcut eksiklikleri ele alan bir Toplumsal Cinsiyet E\u015fitli\u011fi Stratejisi 2020-2025 olu\u015fturmu\u015ftur. Kendi t\u00fcr\u00fcnde ikinci program olan bu strateji, artan kad\u0131n cinayetleri ve b\u00fcy\u00fcyen ekonomik e\u015fitsizlik gibi \u00e7e\u015fitli zorluklar\u0131 ele almak zorunda kalacakt\u0131r.<\/p>\n\n\n\n<p>AB kurumlar\u0131 taraf\u0131ndan ne gibi tedbirler al\u0131n\u0131yor ve bunlar 1957 Roma Antla\u015fmalar\u0131nda \u00f6ng\u00f6r\u00fclen toplumsal cinsiyet e\u015fitli\u011fini sa\u011flamak i\u00e7in yeterli mi? Bu konuyu Avrupa Parlamentosu S&amp;D \u00fcyesi Maria Noichl ile konu\u015fal\u0131m.<\/p>\n\n\n\n<p>Konu\u015fmac\u0131:<br>Maria Noichl (AP S&amp;D)&nbsp;<\/p>\n<\/p>\n                                                <div class=\"clear\"><\/div>\n                                            <\/div>\n\n                                                                                    <\/div>\n                                    <\/article>\n                                <\/div>\n                            \n                                <div id=\"post-8561\" class=\"aux-col post-8561\">\n                                    <article class=\"post column-entry post-8561 event_listing type-event_listing status-expired has-post-thumbnail hentry\">\n                                        <div class=\"entry-media\">\n                                            <div class=\"aux-media-frame aux-media-image aux-image-mask\">\n                                                <img decoding=\"async\"\n                                                loading=\"lazy\"\n                                                src=\"https:\/\/meeteu.eu\/wp-content\/uploads\/2022\/09\/One-Year-MeetEU.jpg\"\n                                                class=\"aux-attachment aux-featured-image aux-attachment-id-8562 aux-preload aux-has-preview\"\n                                                alt=\"\"\n                                                data-src=\"https:\/\/meeteu.eu\/wp-content\/uploads\/2022\/09\/One-Year-MeetEU.jpg\"\n                                                \/>\n                                            <\/div>\n                                        <\/div>\n\n                                        <header class=\"entry-header\">\n                                            <h4 class=\"entry-title\">\n                                                Bir Y\u0131ll\u0131k MeetEU - Gelece\u011fin Getirdikleri                                            <\/h4>\n                                        <\/header>\n\n                                        <div class=\"entry-main\">\n                                            <div class=\"entry-info\">\n                                                <div class=\"event-date\">\n                                                                                                            <i class=\"fas fa-calendar-alt\"><\/i>&nbsp;\n                                                    \n                                                                                                            <span>20 Nisan 2021<\/span>\n                                                                                                        \n                                                    \n                                                                                                                                                        <\/div>\n\n                                                                                            <\/div>\n\n                                            <div class=\"entry-content\">\n                                                <p>\n<p>&#8220;<em>Sevgili MeetEU dostlar\u0131, bir y\u0131l \u00f6nce bu projeye ba\u015flad\u0131k ve o zaman bu kadar \u00e7ok say\u0131da ilgin\u00e7 Avrupal\u0131y\u0131 bir araya getirebilece\u011fimizi hayal bile edemezdik. Bu projeyi bug\u00fcnk\u00fc haline getiren sadece konuklar\u0131m\u0131z de\u011fil - ister AP \u00fcyeleri, ister aktivistler, ister bilim insanlar\u0131 veya AB uzmanlar\u0131 olsun - \u00f6zellikle de \u00fcyelerimizdir.<\/em><\/p>\n\n\n\n<p><em>MeetEU'nun arkas\u0131ndaki ekip bir\u00e7ok sorunla u\u011fra\u015ft\u0131, her \u015fey her zaman planland\u0131\u011f\u0131 gibi gitmedi, ancak geriye d\u00f6n\u00fcp bakt\u0131\u011f\u0131m\u0131zda harika bir zaman ge\u00e7irdik.&nbsp;<strong>sen<\/strong>&nbsp;bize devam etmemiz i\u00e7in motivasyon verdi.<\/em><\/p>\n\n\n\n<p><em>\"Devam etmek\" g\u00fcn\u00fcn s\u00f6z\u00fcd\u00fcr, her proje s\u0131n\u0131rl\u0131d\u0131r - MeetEU da \u00f6yle. Ancak \u015fu anda bunu d\u00fc\u015f\u00fcnm\u00fcyoruz, bunun yerine t\u00fcm deneyimlerimizi Avrupa'n\u0131n gelece\u011fine ili\u015fkin konferans ba\u011flam\u0131nda aktif hale gelmek i\u00e7in kullanmal\u0131 ve biriktirdi\u011fimiz t\u00fcm bu bilgiyi \u015fimdi eyleme d\u00f6n\u00fc\u015ft\u00fcrmeliyiz.<\/em><\/p>\n\n\n\n<p><em>Gelin bu ad\u0131m\u0131 birlikte atal\u0131m, her birimiz kendisi i\u00e7in \u00f6zellikle \u00f6nemli olan alanlarda. Avrupa hakk\u0131nda konu\u015fal\u0131m, onu ileriye ta\u015f\u0131yal\u0131m! Bu AB'ye ba\u011fl\u0131!\"<\/em><\/p>\n\n\n\n<p>- MeetEU Ekibiniz<\/p>\n\n\n\n<p>Bu etkinlikte ge\u00e7mi\u015f hakk\u0131nda konu\u015fmak ve ayn\u0131 zamanda gelecek hakk\u0131nda d\u00fc\u015f\u00fcnmek istiyoruz. MeetEU'ya bir\u00e7ok yeni f\u0131rsat sunacak olan May\u0131s ay\u0131n\u0131 sizlere tan\u0131taca\u011f\u0131z. Sizi dinlemek i\u00e7in sab\u0131rs\u0131zlan\u0131yoruz, kek getirin!<\/p>\n<\/p>\n                                                <div class=\"clear\"><\/div>\n                                            <\/div>\n\n                                                                                    <\/div>\n                                    <\/article>\n                                <\/div>\n                            \n                                <div id=\"post-8563\" class=\"aux-col post-8563\">\n                                    <article class=\"post column-entry post-8563 event_listing type-event_listing status-expired has-post-thumbnail hentry\">\n                                        <div class=\"entry-media\">\n                                            <div class=\"aux-media-frame aux-media-image aux-image-mask\">\n                                                <img decoding=\"async\"\n                                                loading=\"lazy\"\n                                                src=\"https:\/\/meeteu.eu\/wp-content\/uploads\/2022\/09\/EU-Migration-Policy-2.jpg\"\n                                                class=\"aux-attachment aux-featured-image aux-attachment-id-8564 aux-preload aux-has-preview\"\n                                                alt=\"\"\n                                                data-src=\"https:\/\/meeteu.eu\/wp-content\/uploads\/2022\/09\/EU-Migration-Policy-2.jpg\"\n                                                \/>\n                                            <\/div>\n                                        <\/div>\n\n                                        <header class=\"entry-header\">\n                                            <h4 class=\"entry-title\">\n                                                AB G\u00f6\u00e7 Politikas\u0131 - Avrupa (siyasi) Aile Dram\u0131\u00a0                                            <\/h4>\n                                        <\/header>\n\n                                        <div class=\"entry-main\">\n                                            <div class=\"entry-info\">\n                                                <div class=\"event-date\">\n                                                                                                            <i class=\"fas fa-calendar-alt\"><\/i>&nbsp;\n                                                    \n                                                                                                            <span>15 Nisan 2021<\/span>\n                                                                                                        \n                                                    \n                                                                                                                                                        <\/div>\n\n                                                                                            <\/div>\n\n                                            <div class=\"entry-content\">\n                                                <p>\n<p>G\u00f6\u00e7, b\u00fcy\u00fck umutlar\u0131 ve derin korkular\u0131 beraberinde getirmektedir: g\u00f6\u00e7\u00fcn genellikle daha iyi bir gelecek vaadini temsil etti\u011fi g\u00f6\u00e7menlerin kendileri i\u00e7in umutlar (Haas, s.1, 2019). Ayn\u0131 zamanda g\u00f6\u00e7, bir\u00e7ok Avrupa \u00dcye Devletinde belirsizlikle kar\u015f\u0131lanmaktad\u0131r ve son birka\u00e7 y\u0131lda Avrupa vatanda\u015flar\u0131 aras\u0131nda g\u00f6\u00e7 kar\u015f\u0131t\u0131 g\u00f6r\u00fc\u015fler artm\u0131\u015ft\u0131r.<\/p>\n\n\n\n<p>Avrupa Birli\u011fi 2015 y\u0131l\u0131ndan bu yana g\u00f6\u00e7 ak\u0131mlar\u0131n\u0131 daha iyi kontrol edebilmek i\u00e7in \u00e7e\u015fitli tedbirler uygulamaya koymu\u015ftur (Avrupa Konseyi, 2021). Avrupa, AB-T\u00fcrkiye G\u00f6\u00e7 Anla\u015fmas\u0131 gibi anla\u015fmalarla AB G\u00f6\u00e7 Politikas\u0131n\u0131 yeniden \u015fekillendiriyor, s\u0131n\u0131r koruma ajans\u0131 Frontex'i geni\u015fletiyor ve g\u00f6\u00e7menleri \u00dcye Devletler aras\u0131nda e\u015fit olarak da\u011f\u0131tmaya \u00e7al\u0131\u015f\u0131yor.<\/p>\n\n\n\n<p>AB G\u00f6\u00e7 Politikas\u0131 nedir, AB ne t\u00fcr anla\u015fmalar yap\u0131yor ve bunlar i\u015fe yar\u0131yor mu? MeetEU'daki bu ilk oturumda g\u00fcncel politikalar\u0131 ve g\u00fcncel olaylar\u0131 tart\u0131\u015faca\u011f\u0131z ve farkl\u0131 g\u00f6\u00e7 t\u00fcrlerini a\u00e7\u0131klayaca\u011f\u0131z. \u0130kinci oturumumuzda ise bir Avrupa Parlamentosu \u00fcyesini davet ederek daha iyi bir g\u00f6\u00e7 politikas\u0131 i\u00e7in \u00e7\u00f6z\u00fcmler \u00fcretmeye \u00e7al\u0131\u015faca\u011f\u0131z.<\/p>\n<\/p>\n                                                <div class=\"clear\"><\/div>\n                                            <\/div>\n\n                                                                                    <\/div>\n                                    <\/article>\n                                <\/div>\n                            \n                                <div id=\"post-8565\" class=\"aux-col post-8565\">\n                                    <article class=\"post column-entry post-8565 event_listing type-event_listing status-expired has-post-thumbnail hentry\">\n                                        <div class=\"entry-media\">\n                                            <div class=\"aux-media-frame aux-media-image aux-image-mask\">\n                                                <img decoding=\"async\"\n                                                loading=\"lazy\"\n                                                src=\"https:\/\/meeteu.eu\/wp-content\/uploads\/2022\/09\/Climate-Education-2.jpg\"\n                                                class=\"aux-attachment aux-featured-image aux-attachment-id-8566 aux-preload aux-has-preview\"\n                                                alt=\"\"\n                                                data-src=\"https:\/\/meeteu.eu\/wp-content\/uploads\/2022\/09\/Climate-Education-2.jpg\"\n                                                \/>\n                                            <\/div>\n                                        <\/div>\n\n                                        <header class=\"entry-header\">\n                                            <h4 class=\"entry-title\">\n                                                FFF \u0130klim E\u011fitim Ekibi                                            <\/h4>\n                                        <\/header>\n\n                                        <div class=\"entry-main\">\n                                            <div class=\"entry-info\">\n                                                <div class=\"event-date\">\n                                                                                                            <i class=\"fas fa-calendar-alt\"><\/i>&nbsp;\n                                                    \n                                                                                                            <span>8 Nisan 2021<\/span>\n                                                                                                        \n                                                    \n                                                                                                                                                        <\/div>\n\n                                                                                            <\/div>\n\n                                            <div class=\"entry-content\">\n                                                <p>\n<p>\u00d6\u011frenciler iklim krizini t\u00fcm boyutlar\u0131 ve karma\u015f\u0131kl\u0131\u011f\u0131yla anl\u0131yorlar m\u0131? Cevap hay\u0131r.<br>De\u011fi\u015fimimizde, iklim kriziyle m\u00fccadele i\u00e7in ayr\u0131nt\u0131l\u0131 bir y\u00f6ntem geli\u015ftirmenin ara\u00e7lar\u0131n\u0131 ke\u015ffedece\u011fiz.<br>\u0130klim e\u011fitimi y\u0131llard\u0131r k\u00fc\u00e7\u00fcmsenen bir konu olmu\u015ftur - biz bunu sonsuza kadar de\u011fi\u015ftirmek i\u00e7in buraday\u0131z. Taleplerimiz ve Avrupa h\u00fck\u00fcmetleri \u00fczerinde kurmay\u0131 planlad\u0131\u011f\u0131m\u0131z bask\u0131 hakk\u0131nda bilgi edinmek i\u00e7in sunumumuza kat\u0131l\u0131n.<br>Kimse bunu basit\u00e7e ka\u00e7\u0131ramaz!<\/p>\n\n\n\n<p>Biz kimiz?<br><a href=\"https:\/\/fffclimateedu.com\/\" rel=\"noopener\">\u0130klim E\u011fitim Ekibi<\/a>&nbsp;35 Avrupa \u00fclkesinden 80 gen\u00e7 aktivistten olu\u015fan bir grup olarak Fridays for Future hareketinin bir par\u00e7as\u0131y\u0131z. Projemizin amac\u0131, Avrupa'daki her e\u011fitim kurumunda kapsaml\u0131 iklim e\u011fitiminin uygulanmas\u0131n\u0131 sa\u011flamakt\u0131r. \u0130klim e\u011fitimi vizyonumuz, s\u00fcrd\u00fcr\u00fclebilirli\u011fe dayanan ve insanl\u0131\u011f\u0131n do\u011fayla olan ba\u011f\u0131n\u0131 g\u00fc\u00e7lendiren kapsaml\u0131 bir m\u00fcfredatt\u0131r. Devam etmekte olan iklim ve biyo\u00e7e\u015fitlilik krizinin ve bunun alt\u0131nda yatan neden ve sonu\u00e7lar\u0131n b\u00fct\u00fcnc\u00fcl bir \u015fekilde anla\u015f\u0131lmas\u0131n\u0131 sa\u011flamay\u0131, s\u00fcrd\u00fcr\u00fclebilir yeniliklerin ve \u00e7\u00f6z\u00fcmlerin geli\u015ftirilmesini kolayla\u015ft\u0131rmay\u0131 ve \u00f6\u011frencileri adil, s\u00fcrd\u00fcr\u00fclebilir bir toplum yaratmaya aktif olarak kat\u0131lmalar\u0131 i\u00e7in g\u00fc\u00e7lendirmeyi ama\u00e7lamaktad\u0131r.<\/p>\n\n\n\n<p>Bilim insanlar\u0131yla i\u015fbirli\u011fi i\u00e7inde, Avrupa \u00fclkelerinin h\u00fck\u00fcmetlerine y\u00f6nelik iklim e\u011fitimiyle ilgili alt\u0131 ana talep form\u00fcle ettik. Sunumumuz s\u0131ras\u0131nda iklim e\u011fitimine ili\u015fkin uzun vadeli planlar\u0131m\u0131z\u0131 ve vizyonlar\u0131m\u0131z\u0131 sunaca\u011f\u0131z.<\/p>\n<\/p>\n                                                <div class=\"clear\"><\/div>\n                                            <\/div>\n\n                                                                                    <\/div>\n                                    <\/article>\n                                <\/div>\n                            \n                                <div id=\"post-8567\" class=\"aux-col post-8567\">\n                                    <article class=\"post column-entry post-8567 event_listing type-event_listing status-expired has-post-thumbnail hentry\">\n                                        <div class=\"entry-media\">\n                                            <div class=\"aux-media-frame aux-media-image aux-image-mask\">\n                                                <img decoding=\"async\"\n                                                loading=\"lazy\"\n                                                src=\"https:\/\/meeteu.eu\/wp-content\/uploads\/2022\/09\/ERASMUS-sdfdsfgsdg.jpg\"\n                                                class=\"aux-attachment aux-featured-image aux-attachment-id-8568 aux-preload aux-has-preview\"\n                                                alt=\"\"\n                                                data-src=\"https:\/\/meeteu.eu\/wp-content\/uploads\/2022\/09\/ERASMUS-sdfdsfgsdg.jpg\"\n                                                \/>\n                                            <\/div>\n                                        <\/div>\n\n                                        <header class=\"entry-header\">\n                                            <h4 class=\"entry-title\">\n                                                ERASMUS - Birle\u015fik Krall\u0131k ve AB aras\u0131nda \u00f6\u011frenci de\u011fi\u015fiminin g\u00f6r\u00fcn\u00fcm\u00fc nedir?                                            <\/h4>\n                                        <\/header>\n\n                                        <div class=\"entry-main\">\n                                            <div class=\"entry-info\">\n                                                <div class=\"event-date\">\n                                                                                                            <i class=\"fas fa-calendar-alt\"><\/i>&nbsp;\n                                                    \n                                                                                                            <span>6 Nisan 2021<\/span>\n                                                                                                        \n                                                    \n                                                                                                                                                        <\/div>\n\n                                                                                            <\/div>\n\n                                            <div class=\"entry-content\">\n                                                <p>\n<p>Bu y\u0131l\u0131n ba\u015flar\u0131nda Birle\u015fik Krall\u0131k sadece Avrupa Birli\u011fi'nden ayr\u0131lmakla kalmad\u0131, ayn\u0131 zamanda Erasmus+ program\u0131ndan da \u00e7ekildi. Birle\u015fik Krall\u0131k 33 y\u0131l ve y\u00fcz binlerce kat\u0131l\u0131mc\u0131n\u0131n ard\u0131ndan Erasmus'tan ayr\u0131ld\u0131. Bunun yerine Birle\u015fik Krall\u0131k, bir\u00e7ok ki\u015fi taraf\u0131ndan yeterli bir ikame olarak g\u00f6r\u00fclmeyen Turing-scheme'i uygulamaya koydu. Erasmus \u00d6\u011frenci A\u011f\u0131 ile birlikte, Birle\u015fik Krall\u0131k ve Avrupa aras\u0131ndaki \u00f6\u011frenci de\u011fi\u015fiminin gelecekteki g\u00f6r\u00fcn\u00fcm\u00fc hakk\u0131nda konu\u015fmak istiyoruz.<\/p>\n\n\n\n<p>Misafirlerimiz:<\/p>\n\n\n\n<ul class=\"wp-block-list\"><li>Kostis Giannidis, Ba\u015fkan, Erasmus \u00d6\u011frenci A\u011f\u0131;<\/li><li>Jacob Duane, Ba\u015fkan, ESN UK;<\/li><li>Natalia Flis, E\u011fitim Sorumlusu, ESN UK<\/li><\/ul>\n\n\n\n<p><strong>Bu etkinlik \u015fu tarihte ger\u00e7ekle\u015fecek&nbsp;<a href=\"https:\/\/meeteu.eu\/tr\/how-to-access-meeteu\/\">WebEx<\/a>. Kat\u0131lmak i\u00e7in l\u00fctfen \u00f6nceden kay\u0131t yapt\u0131r\u0131n&nbsp;<\/strong><\/p>\n<\/p>\n                                                <div class=\"clear\"><\/div>\n                                            <\/div>\n\n                                                                                    <\/div>\n                                    <\/article>\n                                <\/div>\n                            \n                                <div id=\"post-8569\" class=\"aux-col post-8569\">\n                                    <article class=\"post column-entry post-8569 event_listing type-event_listing status-expired has-post-thumbnail hentry\">\n                                        <div class=\"entry-media\">\n                                            <div class=\"aux-media-frame aux-media-image aux-image-mask\">\n                                                <img decoding=\"async\"\n                                                loading=\"lazy\"\n                                                src=\"https:\/\/meeteu.eu\/wp-content\/uploads\/2022\/09\/Bulgarien-Wahlen.jpg\"\n                                                class=\"aux-attachment aux-featured-image aux-attachment-id-8570 aux-preload aux-has-preview\"\n                                                alt=\"\"\n                                                data-src=\"https:\/\/meeteu.eu\/wp-content\/uploads\/2022\/09\/Bulgarien-Wahlen.jpg\"\n                                                \/>\n                                            <\/div>\n                                        <\/div>\n\n                                        <header class=\"entry-header\">\n                                            <h4 class=\"entry-title\">\n                                                Bulgaristan Parlamento Se\u00e7imleri - Kim Kimdir?                                            <\/h4>\n                                        <\/header>\n\n                                        <div class=\"entry-main\">\n                                            <div class=\"entry-info\">\n                                                <div class=\"event-date\">\n                                                                                                            <i class=\"fas fa-calendar-alt\"><\/i>&nbsp;\n                                                    \n                                                                                                            <span>30 Mart 2021<\/span>\n                                                                                                        \n                                                    \n                                                                                                                                                        <\/div>\n\n                                                                                            <\/div>\n\n                                            <div class=\"entry-content\">\n                                                <p>\n<p>Bulgaristan'da 4 Nisan'da yap\u0131lacak parlamento se\u00e7imleri \u00f6ncesinde se\u00e7im sistemine, ulusal partilere ve Avrupa i\u00e7in nelerin tehlikede oldu\u011funa bir g\u00f6z at\u0131yoruz.<\/p>\n<\/p>\n                                                <div class=\"clear\"><\/div>\n                                            <\/div>\n\n                                                                                    <\/div>\n                                    <\/article>\n                                <\/div>\n                            \n                                <div id=\"post-8571\" class=\"aux-col post-8571\">\n                                    <article class=\"post column-entry post-8571 event_listing type-event_listing status-expired has-post-thumbnail hentry\">\n                                        <div class=\"entry-media\">\n                                            <div class=\"aux-media-frame aux-media-image aux-image-mask\">\n                                                <img decoding=\"async\"\n                                                loading=\"lazy\"\n                                                src=\"https:\/\/meeteu.eu\/wp-content\/uploads\/2022\/09\/MEP-Assistant.jpg\"\n                                                class=\"aux-attachment aux-featured-image aux-attachment-id-8572 aux-preload aux-has-preview\"\n                                                alt=\"\"\n                                                data-src=\"https:\/\/meeteu.eu\/wp-content\/uploads\/2022\/09\/MEP-Assistant.jpg\"\n                                                \/>\n                                            <\/div>\n                                        <\/div>\n\n                                        <header class=\"entry-header\">\n                                            <h4 class=\"entry-title\">\n                                                Eurobubble Twitch'te mi? Bir Parlamento Asistan\u0131 Projesini Sunuyor                                            <\/h4>\n                                        <\/header>\n\n                                        <div class=\"entry-main\">\n                                            <div class=\"entry-info\">\n                                                <div class=\"event-date\">\n                                                                                                            <i class=\"fas fa-calendar-alt\"><\/i>&nbsp;\n                                                    \n                                                                                                            <span>25 Mart 2021<\/span>\n                                                                                                        \n                                                    \n                                                                                                                                                        <\/div>\n\n                                                                                            <\/div>\n\n                                            <div class=\"entry-content\">\n                                                <p>\n<p>\u0130lk olarak bir parlamento asistan\u0131 olarak ya\u015fam hakk\u0131nda biraz g\u00fclmek i\u00e7in yarat\u0131lan Mepassistant, Eurobubble Twittosphere'in ana hiciv fig\u00fcrlerinden biri haline geldi (ama sadece de\u011fil).<\/p>\n\n\n\n<p>Avrupa Parlamentosu'ndan ayr\u0131ld\u0131ktan sonra k\u0131sa bir s\u00fcre \u00f6nce pop\u00fcler canl\u0131 yay\u0131n platformu Twitch'te ilk Eurobubble kanal\u0131n\u0131 kurdu. Bu kanal, r\u00f6portajlar ve di\u011fer etkinlikler arac\u0131l\u0131\u011f\u0131yla, Avrupa Birli\u011fi'ne y\u00fczler koymay\u0131, onun hakk\u0131nda bilgi edinmeyi ve AB uzmanlar\u0131 ile AB vatanda\u015flar\u0131 aras\u0131nda olumlu temas ve etkile\u015fimi yeniden yaratmay\u0131 ama\u00e7lamaktad\u0131r.<\/p>\n\n\n\n<p>Bu proje nas\u0131l ortaya \u00e7\u0131kt\u0131? Neden Twitch? Organizasyon arka planda nas\u0131l \u00e7al\u0131\u015f\u0131yor ve motivasyonu nedir?<\/p>\n\n\n\n<p>Onunla projesini nas\u0131l ger\u00e7ekle\u015ftirdi\u011fi ve kar\u015f\u0131la\u015ft\u0131\u011f\u0131 zorluklar hakk\u0131nda konu\u015fal\u0131m. Sorular\u0131n\u0131z\u0131 yan\u0131tlayacak ve fikirlerinizi kullanacak!<\/p>\n\n\n\n<p>Konu\u015fmac\u0131:<br><a href=\"https:\/\/www.twitch.tv\/mepassistant\" rel=\"noopener\">MEPAssistant<\/a><\/p>\n\n\n\n<p><strong>Bu etkinlik \u015fu tarihte ger\u00e7ekle\u015fecek&nbsp;<a href=\"https:\/\/meeteu.eu\/tr\/how-to-access-meeteu\/\">Anla\u015fmazl\u0131k.<\/a><\/strong><\/p>\n<\/p>\n                                                <div class=\"clear\"><\/div>\n                                            <\/div>\n\n                                                                                    <\/div>\n                                    <\/article>\n                                <\/div>\n                            \n                                <div id=\"post-8573\" class=\"aux-col post-8573\">\n                                    <article class=\"post column-entry post-8573 event_listing type-event_listing status-expired has-post-thumbnail hentry\">\n                                        <div class=\"entry-media\">\n                                            <div class=\"aux-media-frame aux-media-image aux-image-mask\">\n                                                <img decoding=\"async\"\n                                                loading=\"lazy\"\n                                                src=\"https:\/\/meeteu.eu\/wp-content\/uploads\/2022\/09\/EU-Elections-Do-they-Lack-Focus-on-Europe.jpg\"\n                                                class=\"aux-attachment aux-featured-image aux-attachment-id-8574 aux-preload aux-has-preview\"\n                                                alt=\"\"\n                                                data-src=\"https:\/\/meeteu.eu\/wp-content\/uploads\/2022\/09\/EU-Elections-Do-they-Lack-Focus-on-Europe.jpg\"\n                                                \/>\n                                            <\/div>\n                                        <\/div>\n\n                                        <header class=\"entry-header\">\n                                            <h4 class=\"entry-title\">\n                                                AB Se\u00e7imleri - Avrupa Oda\u011f\u0131ndan Yoksunlar m\u0131 (2\/2)                                            <\/h4>\n                                        <\/header>\n\n                                        <div class=\"entry-main\">\n                                            <div class=\"entry-info\">\n                                                <div class=\"event-date\">\n                                                                                                            <i class=\"fas fa-calendar-alt\"><\/i>&nbsp;\n                                                    \n                                                                                                            <span>23 Mart 2021<\/span>\n                                                                                                        \n                                                    \n                                                                                                                                                        <\/div>\n\n                                                                                            <\/div>\n\n                                            <div class=\"entry-content\">\n                                                <p>\n<p>3 hafta \u00f6nce birlikte Avrupa'n\u0131n gelece\u011fini \u015fekillendirmekle g\u00f6revli ki\u015filerin se\u00e7ilmesi s\u00fcrecini inceledik. Ve s\u00fcre\u00e7te baz\u0131 zay\u0131f noktalar tespit etmi\u015ftik. Bu kez s\u00fcreci iyile\u015ftirmek ve Avrupa meselelerine daha iyi odaklanmas\u0131n\u0131 sa\u011flamak i\u00e7in birka\u00e7 fikir \u00fczerinde duraca\u011f\u0131z.<\/p>\n\n\n\n<p>Fikirlerinizi getirdi\u011finizden ve bize kat\u0131ld\u0131\u011f\u0131n\u0131zdan emin olun!&nbsp;<\/p>\n\n\n\n<p>Konu\u015fmac\u0131:<br>Pulse of Europe'dan Klaus<\/p>\n<\/p>\n                                                <div class=\"clear\"><\/div>\n                                            <\/div>\n\n                                                                                    <\/div>\n                                    <\/article>\n                                <\/div>\n                            \n                                <div id=\"post-8575\" class=\"aux-col post-8575\">\n                                    <article class=\"post column-entry post-8575 event_listing type-event_listing status-expired has-post-thumbnail hentry\">\n                                        <div class=\"entry-media\">\n                                            <div class=\"aux-media-frame aux-media-image aux-image-mask\">\n                                                <img decoding=\"async\"\n                                                loading=\"lazy\"\n                                                src=\"https:\/\/meeteu.eu\/wp-content\/uploads\/2022\/09\/Climate-Lets-Act-Now-ENG.jpg\"\n                                                class=\"aux-attachment aux-featured-image aux-attachment-id-8576 aux-preload aux-has-preview\"\n                                                alt=\"\"\n                                                data-src=\"https:\/\/meeteu.eu\/wp-content\/uploads\/2022\/09\/Climate-Lets-Act-Now-ENG.jpg\"\n                                                \/>\n                                            <\/div>\n                                        <\/div>\n\n                                        <header class=\"entry-header\">\n                                            <h4 class=\"entry-title\">\n                                                \u0130klim i\u00e7in AB - \u015eimdi Harekete Ge\u00e7elim!                                            <\/h4>\n                                        <\/header>\n\n                                        <div class=\"entry-main\">\n                                            <div class=\"entry-info\">\n                                                <div class=\"event-date\">\n                                                                                                            <i class=\"fas fa-calendar-alt\"><\/i>&nbsp;\n                                                    \n                                                                                                            <span>16 Mart 2021<\/span>\n                                                                                                        \n                                                    \n                                                                                                                                                        <\/div>\n\n                                                                                            <\/div>\n\n                                            <div class=\"entry-content\">\n                                                <p>\n<p><em>ile \u0130\u015fbirli\u011fi \u0130\u00e7inde Bir Etkinlik&nbsp;<a href=\"https:\/\/fridaysforfuture.org\/\" rel=\"noopener\">Fridays for Future<\/a>&nbsp;ve&nbsp;<a href=\"https:\/\/youthforclimate.fr\/\" rel=\"noopener\">\u0130klim i\u00e7in Gen\u00e7lik<\/a><\/em>.&nbsp;&nbsp;<\/p>\n\n\n\n<p>19 Mart'ta d\u00fcnyan\u0131n d\u00f6rt bir yan\u0131ndaki insanlar, pandemi s\u0131ras\u0131nda bile 1.5 s\u0131n\u0131r\u0131n\u0131 mutlak bir zorunluluk olarak g\u00f6rmeyen h\u00fck\u00fcmet politikalar\u0131na kar\u015f\u0131 \u00e7\u0131kman\u0131n \u00f6nemi konusunda bir kez daha fark\u0131ndal\u0131k yaratmak i\u00e7in sokaklara \u00e7\u0131kacak. Sadece AB'de \u00e7e\u015fitli \u015fehirlerde 130'dan fazla miting planlan\u0131yor.<\/p>\n\n\n\n<p>Avrupa siyasetinden ne talep ediyorlar, korkular\u0131 ve umutlar\u0131 neler? \"\u0130klim adaleti\" talebi neden \u00e7ok \u00f6nemli ve neleri i\u00e7eriyor? Ve iklim de\u011fi\u015fikli\u011fine kar\u015f\u0131 ki\u015fisel olarak ne yapabiliriz?<\/p>\n\n\n\n<p>Farkl\u0131 Avrupa \u00fclkelerinden iklim aktivistleriyle birlikte toplum ve siyaset i\u00e7in mevcut zorluklar hakk\u0131nda konu\u015faca\u011f\u0131m\u0131z bir sohbete ba\u015flayal\u0131m.<\/p>\n<\/p>\n                                                <div class=\"clear\"><\/div>\n                                            <\/div>\n\n                                                                                    <\/div>\n                                    <\/article>\n                                <\/div>\n                            \n                                <div id=\"post-8578\" class=\"aux-col post-8578\">\n                                    <article class=\"post column-entry post-8578 event_listing type-event_listing status-expired has-post-thumbnail hentry\">\n                                        <div class=\"entry-media\">\n                                            <div class=\"aux-media-frame aux-media-image aux-image-mask\">\n                                                <img decoding=\"async\"\n                                                loading=\"lazy\"\n                                                src=\"https:\/\/meeteu.eu\/wp-content\/uploads\/2022\/09\/Portugal-2.jpg\"\n                                                class=\"aux-attachment aux-featured-image aux-attachment-id-8579 aux-preload aux-has-preview\"\n                                                alt=\"\"\n                                                data-src=\"https:\/\/meeteu.eu\/wp-content\/uploads\/2022\/09\/Portugal-2.jpg\"\n                                                \/>\n                                            <\/div>\n                                        <\/div>\n\n                                        <header class=\"entry-header\">\n                                            <h4 class=\"entry-title\">\n                                                Portekiz D\u00f6nem Ba\u015fkanl\u0131\u011f\u0131: Temel \u00f6ncelikler nelerdir?                                            <\/h4>\n                                        <\/header>\n\n                                        <div class=\"entry-main\">\n                                            <div class=\"entry-info\">\n                                                <div class=\"event-date\">\n                                                                                                            <i class=\"fas fa-calendar-alt\"><\/i>&nbsp;\n                                                    \n                                                                                                            <span>9 Mart 2021<\/span>\n                                                                                                        \n                                                    \n                                                                                                                                                        <\/div>\n\n                                                                                            <\/div>\n\n                                            <div class=\"entry-content\">\n                                                <p>\n<p>Konu\u015fmac\u0131:<br>Pedro Valente da Silva, Avrupa Parlamentosu Portekiz \u0130rtibat B\u00fcrosu Ba\u015fkan\u0131<\/p>\n\n\n\n<p>Portekiz D\u00f6nem Ba\u015fkanl\u0131\u011f\u0131nda AB \u00fc\u00e7 \u00f6nceli\u011fe odaklanmal\u0131d\u0131r: \"ye\u015fil ve dijital ge\u00e7i\u015flerle desteklenen\" bir toparlanman\u0131n te\u015fvik edilmesi, \"adil ve kapsay\u0131c\u0131 bir ye\u015fil ve dijital ge\u00e7i\u015fin sa\u011flanmas\u0131nda kilit bir unsur olan Sosyal S\u00fctunun\" hayata ge\u00e7irilmesi ve \"d\u00fcnyaya a\u00e7\u0131k bir Avrupa'n\u0131n stratejik \u00f6zerkli\u011finin g\u00fc\u00e7lendirilmesi.\"<\/p>\n\n\n\n<p>Bu hedeflere, \u00f6zellikle de sosyal s\u00fctunla ilgili olanlara nas\u0131l ula\u015f\u0131labilir?<\/p>\n\n\n\n<p>Konuyu Portekiz'deki Avrupa Parlamentosu \u0130rtibat B\u00fcrosu Ba\u015fkan\u0131 Pedro Valente da Silva ile konu\u015fal\u0131m.<\/p>\n\n\n\n<p>Bu etkinlik \u015fu tarihte ger\u00e7ekle\u015fecek&nbsp;<a href=\"https:\/\/meeteu.eu\/tr\/how-to-access-meeteu\/\">Webex.<\/a><\/p>\n<\/p>\n                                                <div class=\"clear\"><\/div>\n                                            <\/div>\n\n                                                                                    <\/div>\n                                    <\/article>\n                                <\/div>\n                            \n                                <div id=\"post-8580\" class=\"aux-col post-8580\">\n                                    <article class=\"post column-entry post-8580 event_listing type-event_listing status-expired has-post-thumbnail hentry\">\n                                        <div class=\"entry-media\">\n                                            <div class=\"aux-media-frame aux-media-image aux-image-mask\">\n                                                <img decoding=\"async\"\n                                                loading=\"lazy\"\n                                                src=\"https:\/\/meeteu.eu\/wp-content\/uploads\/2022\/09\/EU-Elections-Do-they-Lack-Focus-on-Europe-1.jpg\"\n                                                class=\"aux-attachment aux-featured-image aux-attachment-id-8581 aux-preload aux-has-preview\"\n                                                alt=\"\"\n                                                data-src=\"https:\/\/meeteu.eu\/wp-content\/uploads\/2022\/09\/EU-Elections-Do-they-Lack-Focus-on-Europe-1.jpg\"\n                                                \/>\n                                            <\/div>\n                                        <\/div>\n\n                                        <header class=\"entry-header\">\n                                            <h4 class=\"entry-title\">\n                                                AB Se\u00e7imleri: \ufffcAvrupa'ya odaklanam\u0131yorlar m\u0131? (1\/2)                                            <\/h4>\n                                        <\/header>\n\n                                        <div class=\"entry-main\">\n                                            <div class=\"entry-info\">\n                                                <div class=\"event-date\">\n                                                                                                            <i class=\"fas fa-calendar-alt\"><\/i>&nbsp;\n                                                    \n                                                                                                            <span>2 Mart 2021<\/span>\n                                                                                                        \n                                                    \n                                                                                                                                                        <\/div>\n\n                                                                                            <\/div>\n\n                                            <div class=\"entry-content\">\n                                                <p>\n<p>Birlikte, Avrupa'n\u0131n gelece\u011fini \u015fekillendirmekle g\u00f6revli ki\u015fileri se\u00e7me s\u00fcrecine bir g\u00f6z ataca\u011f\u0131z ve s\u00fcre\u00e7te yap\u0131lacak de\u011fi\u015fiklikleri tart\u0131\u015faca\u011f\u0131z. Fikirlerinizi getirdi\u011finizden ve bize kat\u0131ld\u0131\u011f\u0131n\u0131zdan emin olun!&nbsp;<\/p>\n\n\n\n<p>Konu\u015fmac\u0131:<br>Pulse of Europe'dan Klaus<\/p>\n\n\n\n<p><strong>Bu etkinlik Discord'da ger\u00e7ekle\u015fti.&nbsp;<\/strong><\/p>\n<\/p>\n                                                <div class=\"clear\"><\/div>\n                                            <\/div>\n\n                                                                                    <\/div>\n                                    <\/article>\n                                <\/div>\n                            \n                                <div id=\"post-8582\" class=\"aux-col post-8582\">\n                                    <article class=\"post column-entry post-8582 event_listing type-event_listing status-expired has-post-thumbnail hentry\">\n                                        <div class=\"entry-media\">\n                                            <div class=\"aux-media-frame aux-media-image aux-image-mask\">\n                                                <img decoding=\"async\"\n                                                loading=\"lazy\"\n                                                src=\"https:\/\/meeteu.eu\/wp-content\/uploads\/2022\/09\/Corruption-causes-effects-methods-to-prevent.jpg\"\n                                                class=\"aux-attachment aux-featured-image aux-attachment-id-8583 aux-preload aux-has-preview\"\n                                                alt=\"\"\n                                                data-src=\"https:\/\/meeteu.eu\/wp-content\/uploads\/2022\/09\/Corruption-causes-effects-methods-to-prevent.jpg\"\n                                                \/>\n                                            <\/div>\n                                        <\/div>\n\n                                        <header class=\"entry-header\">\n                                            <h4 class=\"entry-title\">\n                                                Yolsuzluk - nedenleri, etkileri, \u00f6nleme y\u00f6ntemleri                                            <\/h4>\n                                        <\/header>\n\n                                        <div class=\"entry-main\">\n                                            <div class=\"entry-info\">\n                                                <div class=\"event-date\">\n                                                                                                            <i class=\"fas fa-calendar-alt\"><\/i>&nbsp;\n                                                    \n                                                                                                            <span>23 \u015eubat 2021<\/span>\n                                                                                                        \n                                                    \n                                                                                                                                                        <\/div>\n\n                                                                                            <\/div>\n\n                                            <div class=\"entry-content\">\n                                                <p>\n<p>Yolsuzluk karma\u015f\u0131k bir olgudur. Siyasi sistemi, b\u00f6lgesi ya da dini ne olursa olsun t\u00fcm toplumlarda g\u00f6r\u00fcl\u00fcr. \u0130nsanlar\u0131n b\u00fcy\u00fck \u00e7o\u011funlu\u011fu yolsuzluktan nefret eder. O halde nas\u0131l oluyor da bu kadar diren\u00e7li olabiliyor? Bu sunumda yolsuzlu\u011fun bir\u00e7ok nedeni, etkileri ve nas\u0131l m\u00fccadele edilebilece\u011fine dair y\u00f6ntemler ele al\u0131nmaktad\u0131r.<\/p>\n\n\n\n<p>Konu\u015fmac\u0131:<br>Dr. Michael Heisel, Uluslararas\u0131 \u015eeffafl\u0131k \u00d6rg\u00fct\u00fc<\/p>\n\n\n\n<p><strong>Bu etkinlik Zoom'da ger\u00e7ekle\u015fecektir.<\/strong><\/p>\n<\/p>\n                                                <div class=\"clear\"><\/div>\n                                            <\/div>\n\n                                                                                    <\/div>\n                                    <\/article>\n                                <\/div>\n                            \n                                <div id=\"post-8584\" class=\"aux-col post-8584\">\n                                    <article class=\"post column-entry post-8584 event_listing type-event_listing status-expired has-post-thumbnail hentry\">\n                                        <div class=\"entry-media\">\n                                            <div class=\"aux-media-frame aux-media-image aux-image-mask\">\n                                                <img decoding=\"async\"\n                                                loading=\"lazy\"\n                                                src=\"https:\/\/meeteu.eu\/wp-content\/uploads\/2022\/09\/U.-Franke-9.2.21-Visual-ENG.jpg\"\n                                                class=\"aux-attachment aux-featured-image aux-attachment-id-8585 aux-preload aux-has-preview\"\n                                                alt=\"\"\n                                                data-src=\"https:\/\/meeteu.eu\/wp-content\/uploads\/2022\/09\/U.-Franke-9.2.21-Visual-ENG.jpg\"\n                                                \/>\n                                            <\/div>\n                                        <\/div>\n\n                                        <header class=\"entry-header\">\n                                            <h4 class=\"entry-title\">\n                                                BREXIT Sonras\u0131 Birle\u015fik Krall\u0131k-AB Savunma ve G\u00fcvenlik \u0130\u015fbirli\u011fi                                            <\/h4>\n                                        <\/header>\n\n                                        <div class=\"entry-main\">\n                                            <div class=\"entry-info\">\n                                                <div class=\"event-date\">\n                                                                                                            <i class=\"fas fa-calendar-alt\"><\/i>&nbsp;\n                                                    \n                                                                                                            <span>9 \u015eubat 2021<\/span>\n                                                                                                        \n                                                    \n                                                                                                                                                        <\/div>\n\n                                                                                            <\/div>\n\n                                            <div class=\"entry-content\">\n                                                <p>\n<p>Konu\u015fmac\u0131: Dr. Ulrike Franke,\u00a0<a href=\"https:\/\/ecfr.eu\/\" rel=\"noopener\">Avrupa D\u0131\u015f \u0130li\u015fkiler Konseyi<\/a><\/p>\n\n\n\n<p>Brexit ger\u00e7ekle\u015fti ancak stratejik g\u00fcvenlik ve savunma konular\u0131 s\u00f6z konusu oldu\u011funda AB ve Birle\u015fik Krall\u0131k'\u0131n i\u015fbirli\u011fine devam etmesi gerekecek. Birle\u015fik Krall\u0131k NATO'da kalmaya ve AB ve \u00fcye devletleriyle bir\u00e7ok stratejik \u00e7\u0131kar\u0131 payla\u015fmaya devam etmektedir.<\/p>\n\n\n\n<p>Peki Brexit ile ger\u00e7ekte ne de\u011fi\u015fti? AB ilerledi ve PESCO'dan (kal\u0131c\u0131 yap\u0131land\u0131r\u0131lm\u0131\u015f i\u015fbirli\u011fi) Avrupa Savunma Fonu EDF'ye kadar \u00e7e\u015fitli savunma i\u015fbirli\u011fi projeleri olu\u015fturdu. Bu k\u0131smen Birle\u015fik Krall\u0131k'\u0131n AB'den ayr\u0131lmas\u0131yla m\u00fcmk\u00fcn oldu zira Birle\u015fik Krall\u0131k daha kapsaml\u0131 bir Avrupa savunma i\u015fbirli\u011fini ele\u015ftiriyordu.<\/p>\n\n\n\n<p>Savunma alan\u0131nda Birle\u015fik Krall\u0131k-AB i\u015fbirli\u011finin gelece\u011fi nas\u0131l olacak? Birle\u015fik Krall\u0131k PESCO ve EDF gibi AB projelerine kat\u0131lmakla ilgileniyor mu, yoksa tek tek AB \u00fcye \u00fclkeleriyle i\u015fbirli\u011fi yapmay\u0131 m\u0131 tercih edecek? Yak\u0131n i\u015fbirli\u011finin arkas\u0131ndaki ekonomik \u00e7\u0131karlar nelerdir ve ba\u015fka bir alternatif var m\u0131d\u0131r?<\/p>\n\n\n\n<p>ABD'de Donald Trump'\u0131n ba\u015fkanl\u0131\u011f\u0131ndan bu yana AB \u00fclkeleri de\u011fi\u015fen d\u00fcnyan\u0131n zorluklar\u0131na daha ba\u011f\u0131ms\u0131z bir \u015fekilde haz\u0131rlanmalar\u0131 gerekti\u011finin fark\u0131na vard\u0131lar. \u0130ngiltere, Brexit'e ra\u011fmen, h\u0131zla de\u011fi\u015fen bu d\u00fcnyada AB ile birlikte g\u00fcvenlik a\u00e7\u0131s\u0131ndan kendini konumland\u0131rmaya \u00e7al\u0131\u015facak m\u0131? Bu konuyu Dr. Ulrike Franke ile konu\u015fal\u0131m.<\/p>\n\n\n\n<p><strong>Bu etkinlik Discord'da ger\u00e7ekle\u015fecektir,<\/strong>&nbsp;Nas\u0131l kat\u0131laca\u011f\u0131n\u0131z hakk\u0131nda daha fazla bilgi i\u00e7in t\u0131klay\u0131n&nbsp;<a href=\"https:\/\/meeteu.eu\/tr\/how-to-access-meeteu\/\">Burada<\/a>.<\/p>\n<\/p>\n                                                <div class=\"clear\"><\/div>\n                                            <\/div>\n\n                                                                                    <\/div>\n                                    <\/article>\n                                <\/div>\n                            \n                                <div id=\"post-8586\" class=\"aux-col post-8586\">\n                                    <article class=\"post column-entry post-8586 event_listing type-event_listing status-expired has-post-thumbnail hentry\">\n                                        <div class=\"entry-media\">\n                                            <div class=\"aux-media-frame aux-media-image aux-image-mask\">\n                                                <img decoding=\"async\"\n                                                loading=\"lazy\"\n                                                src=\"https:\/\/meeteu.eu\/wp-content\/uploads\/2022\/09\/M.-Gahler-2.2.21-Visual-ENG.jpg\"\n                                                class=\"aux-attachment aux-featured-image aux-attachment-id-8587 aux-preload aux-has-preview\"\n                                                alt=\"\"\n                                                data-src=\"https:\/\/meeteu.eu\/wp-content\/uploads\/2022\/09\/M.-Gahler-2.2.21-Visual-ENG.jpg\"\n                                                \/>\n                                            <\/div>\n                                        <\/div>\n\n                                        <header class=\"entry-header\">\n                                            <h4 class=\"entry-title\">\n                                                Almanya'n\u0131n Konsey Ba\u015fkanl\u0131\u011f\u0131 - Devasa Zorluklar, Tarihi \u00c7\u00f6z\u00fcmler?                                            <\/h4>\n                                        <\/header>\n\n                                        <div class=\"entry-main\">\n                                            <div class=\"entry-info\">\n                                                <div class=\"event-date\">\n                                                                                                            <i class=\"fas fa-calendar-alt\"><\/i>&nbsp;\n                                                    \n                                                                                                            <span>2 \u015eubat 2021<\/span>\n                                                                                                        \n                                                    \n                                                                                                                                                        <\/div>\n\n                                                                                            <\/div>\n\n                                            <div class=\"entry-content\">\n                                                <p>\n<p>-Michael Gahler (EPP Grubu Milletvekili)<\/p>\n\n\n\n<p>Temmuz 2020'de, Avrupa Parlamentosu'nun Berlin'deki \u0130rtibat B\u00fcrosu'ndan Thilo'yu a\u011f\u0131rlad\u0131k ve bize Almanya D\u00f6nem Ba\u015fkanl\u0131\u011f\u0131'n\u0131n \u00f6n\u00fcm\u00fczdeki alt\u0131 ay\u0131n\u0131n hedefleri ve zorluklar\u0131 hakk\u0131nda bilgi verdi. \u015eimdi, yedi ay sonra, Almanya D\u00f6nem Ba\u015fkanl\u0131\u011f\u0131 s\u0131ras\u0131nda kaydedilen ilerlemeyi g\u00f6zden ge\u00e7irmek istiyoruz. Konu\u011fumuz pandeminin AB i\u00e7in yaratt\u0131\u011f\u0131 zorluklar\u0131 ele alacak ve Almanya D\u00f6nem Ba\u015fkanl\u0131\u011f\u0131'n\u0131n bu zorluklara nas\u0131l yan\u0131t verdi\u011fini a\u00e7\u0131klayacak. Sorunlara ne gibi \u00e7\u00f6z\u00fcmler bulundu ve al\u0131nan kararlar yeni bir \u00e7\u0131\u011f\u0131r a\u00e7t\u0131 m\u0131? Di\u011fer hedeflere ne kadar ula\u015f\u0131ld\u0131?&nbsp;<em>(\u00f6rne\u011fin AB-\u00c7in yat\u0131r\u0131m anla\u015fmas\u0131)<\/em>&nbsp;pandemiden \u00e7ok \u00f6nce belirlenmi\u015f olan hedeflere ula\u015f\u0131ld\u0131 m\u0131?<\/p>\n\n\n\n<p><strong>Bu konuyu Avrupa Parlamentosu Milletvekili Michael Gahler ile konu\u015fal\u0131m...<\/strong><\/p>\n\n\n\n<p>... 1999'da Avrupa Parlamentosu'na ilk se\u00e7ilmesinden bu yana baz\u0131 k\u00fcresel zorluklarla kar\u015f\u0131la\u015ft\u0131. Bug\u00fcn EPP grubunun d\u0131\u015f politika s\u00f6zc\u00fcs\u00fcd\u00fcr.<\/p>\n\n\n\n<p><strong>Bu etkinlik WebEx \u00fczerinden ger\u00e7ekle\u015ftirilecektir,<\/strong>&nbsp;Nas\u0131l kat\u0131laca\u011f\u0131n\u0131z hakk\u0131nda daha fazla bilgi i\u00e7in t\u0131klay\u0131n&nbsp;<a href=\"https:\/\/meeteu.eu\/wp-content\/uploads\/2021\/01\/How-to-use-webex.pdf\">Burada<\/a>.<\/p>\n<\/p>\n                                                <div class=\"clear\"><\/div>\n                                            <\/div>\n\n                                                                                    <\/div>\n                                    <\/article>\n                                <\/div>\n                            \n                                <div id=\"post-8588\" class=\"aux-col post-8588\">\n                                    <article class=\"post column-entry post-8588 event_listing type-event_listing status-expired has-post-thumbnail hentry\">\n                                        <div class=\"entry-media\">\n                                            <div class=\"aux-media-frame aux-media-image aux-image-mask\">\n                                                <img decoding=\"async\"\n                                                loading=\"lazy\"\n                                                src=\"https:\/\/meeteu.eu\/wp-content\/uploads\/2022\/09\/S.-Gerhardt-26.1.21-Visual-DE.jpg\"\n                                                class=\"aux-attachment aux-featured-image aux-attachment-id-8589 aux-preload aux-has-preview\"\n                                                alt=\"\"\n                                                data-src=\"https:\/\/meeteu.eu\/wp-content\/uploads\/2022\/09\/S.-Gerhardt-26.1.21-Visual-DE.jpg\"\n                                                \/>\n                                            <\/div>\n                                        <\/div>\n\n                                        <header class=\"entry-header\">\n                                            <h4 class=\"entry-title\">\n                                                Belarus'taki Durum - AB i\u00e7in Ne \u00d6nem Ta\u015f\u0131yor?                                            <\/h4>\n                                        <\/header>\n\n                                        <div class=\"entry-main\">\n                                            <div class=\"entry-info\">\n                                                <div class=\"event-date\">\n                                                                                                            <i class=\"fas fa-calendar-alt\"><\/i>&nbsp;\n                                                    \n                                                                                                            <span>26 Ocak 2021<\/span>\n                                                                                                        \n                                                    \n                                                                                                                                                        <\/div>\n\n                                                                                            <\/div>\n\n                                            <div class=\"entry-content\">\n                                                <p>\n<p>- Sebastian Gerhardt (Almanya'n\u0131n AB Daimi Temsilcili\u011fi'nde diplomat)<\/p>\n\n\n\n<p>Belarus'taki g\u00f6steriler devam ediyor ve Minsk'teki h\u00fck\u00fcmet, yo\u011fun uluslararas\u0131 bask\u0131ya ra\u011fmen, yeni, \u00f6zg\u00fcr ve adil bir se\u00e7im ve hatta istifa taleplerini yerine getirmeye yana\u015fm\u0131yor. Bu durum nas\u0131l ortaya \u00e7\u0131kt\u0131? AB'nin ge\u00e7mi\u015fteki tutumu neydi ve \u00fclkenin Avrupa Birli\u011fi i\u00e7in \u00f6nemi nedir?<\/p>\n\n\n\n<p>Bu konuyu Federal Almanya Cumhuriyeti D\u0131\u015fi\u015fleri Bakanl\u0131\u011f\u0131 i\u00e7in Moskova'da Do\u011fu Avrupa uzman\u0131 olarak \u00e7al\u0131\u015fan ve \u015fimdi bu bilgisini Almanya'n\u0131n AB Daimi Temsilcili\u011fi i\u00e7in kullanan Sebastian Gerhardt ile konu\u015fal\u0131m.<\/p>\n<\/p>\n                                                <div class=\"clear\"><\/div>\n                                            <\/div>\n\n                                                                                    <\/div>\n                                    <\/article>\n                                <\/div>\n                            \n                                <div id=\"post-8590\" class=\"aux-col post-8590\">\n                                    <article class=\"post column-entry post-8590 event_listing type-event_listing status-expired has-post-thumbnail hentry\">\n                                        <div class=\"entry-media\">\n                                            <div class=\"aux-media-frame aux-media-image aux-image-mask\">\n                                                <img decoding=\"async\"\n                                                loading=\"lazy\"\n                                                src=\"https:\/\/meeteu.eu\/wp-content\/uploads\/2022\/09\/BIG-TECH.jpg\"\n                                                class=\"aux-attachment aux-featured-image aux-attachment-id-8591 aux-preload aux-has-preview\"\n                                                alt=\"\"\n                                                data-src=\"https:\/\/meeteu.eu\/wp-content\/uploads\/2022\/09\/BIG-TECH.jpg\"\n                                                \/>\n                                            <\/div>\n                                        <\/div>\n\n                                        <header class=\"entry-header\">\n                                            <h4 class=\"entry-title\">\n                                                Avrupa'y\u0131 izleyelim! AVRUPA'DA B\u00dcY\u00dcK TEKNOLOJ\u0130 D\u00fczenlemeler ve F\u0131rsatlar\u00a0\u00a0                                            <\/h4>\n                                        <\/header>\n\n                                        <div class=\"entry-main\">\n                                            <div class=\"entry-info\">\n                                                <div class=\"event-date\">\n                                                                                                            <i class=\"fas fa-calendar-alt\"><\/i>&nbsp;\n                                                    \n                                                                                                            <span>19 Ocak 2021<\/span>\n                                                                                                        \n                                                    \n                                                                                                                                                        <\/div>\n\n                                                                                            <\/div>\n\n                                            <div class=\"entry-content\">\n                                                <p>\n<p>Son y\u0131llarda b\u00fcy\u00fck be\u015fli (Google, Amazon, Facebook, Microsoft ve Apple) ile ilgili tart\u0131\u015fmalar artarken, ayn\u0131 zamanda rekor para cezalar\u0131 ve rekabet ihlalleri ile ilgili haberler de \u00e7o\u011fald\u0131.<\/p>\n\n\n\n<p>Birlikte TLDR Europe'dan bir video izleyece\u011fiz ve ard\u0131ndan AB'nin b\u00fcy\u00fck teknoloji \u015firketlerini d\u00fczenleyip d\u00fczenlememesi ve nas\u0131l d\u00fczenlemesi gerekti\u011fi hakk\u0131nda konu\u015faca\u011f\u0131z.<\/p>\n<\/p>\n                                                <div class=\"clear\"><\/div>\n                                            <\/div>\n\n                                                                                    <\/div>\n                                    <\/article>\n                                <\/div>\n                            \n                                <div id=\"post-8592\" class=\"aux-col post-8592\">\n                                    <article class=\"post column-entry post-8592 event_listing type-event_listing status-expired has-post-thumbnail hentry\">\n                                        <div class=\"entry-media\">\n                                            <div class=\"aux-media-frame aux-media-image aux-image-mask\">\n                                                <img decoding=\"async\"\n                                                loading=\"lazy\"\n                                                src=\"https:\/\/meeteu.eu\/wp-content\/uploads\/2022\/09\/Strategic-Autonomy.jpg\"\n                                                class=\"aux-attachment aux-featured-image aux-attachment-id-8593 aux-preload aux-has-preview\"\n                                                alt=\"\"\n                                                data-src=\"https:\/\/meeteu.eu\/wp-content\/uploads\/2022\/09\/Strategic-Autonomy.jpg\"\n                                                \/>\n                                            <\/div>\n                                        <\/div>\n\n                                        <header class=\"entry-header\">\n                                            <h4 class=\"entry-title\">\n                                                Stratejik \u00f6zerklik - Birle\u015fik bir Avrupa onsuz yapabilir mi?                                            <\/h4>\n                                        <\/header>\n\n                                        <div class=\"entry-main\">\n                                            <div class=\"entry-info\">\n                                                <div class=\"event-date\">\n                                                                                                            <i class=\"fas fa-calendar-alt\"><\/i>&nbsp;\n                                                    \n                                                                                                            <span>12 Ocak 2021<\/span>\n                                                                                                        \n                                                    \n                                                                                                                                                        <\/div>\n\n                                                                                            <\/div>\n\n                                            <div class=\"entry-content\">\n                                                <p>\n<p>Avrupa Komisyonu Ba\u015fkan\u0131 Charles Michel \"Stratejik ba\u011f\u0131ms\u0131zl\u0131k bu y\u00fczy\u0131l i\u00e7in yeni ortak projemizdir\" dedi. Emmanuel Macron, stratejik \u00f6zerkli\u011fi Fransa'n\u0131n savunma sekt\u00f6r\u00fcnden Avrupa sanayisine kadar her \u015feye uyguluyor ...<\/p>\n\n\n\n<p>Nedir o? Ne de\u011fildir?<\/p>\n\n\n\n<p>Gelin, AB'nin en son slogan\u0131n\u0131 ke\u015ffetmemize kat\u0131l\u0131n. Her zaman oldu\u011fu gibi, kararl\u0131 Avrupa vatanda\u015flar\u0131 aras\u0131nda canl\u0131 bir tart\u0131\u015fma ile takip edilecektir.<\/p>\n\n\n\n<p>Bu etkinli\u011fi d\u00fczenledi\u011fi i\u00e7in Klaus'a (Pulse of Europe) te\u015fekk\u00fcr ederiz!<\/p>\n<\/p>\n                                                <div class=\"clear\"><\/div>\n                                            <\/div>\n\n                                                                                    <\/div>\n                                    <\/article>\n                                <\/div>\n                            \n                                <div id=\"post-8594\" class=\"aux-col post-8594\">\n                                    <article class=\"post column-entry post-8594 event_listing type-event_listing status-expired has-post-thumbnail hentry\">\n                                        <div class=\"entry-media\">\n                                            <div class=\"aux-media-frame aux-media-image aux-image-mask\">\n                                                <img decoding=\"async\"\n                                                loading=\"lazy\"\n                                                src=\"https:\/\/meeteu.eu\/wp-content\/uploads\/2022\/09\/Exampe-Background-without-Guest-3.png\"\n                                                class=\"aux-attachment aux-featured-image aux-attachment-id-8595 aux-preload aux-has-preview\"\n                                                alt=\"\"\n                                                data-src=\"https:\/\/meeteu.eu\/wp-content\/uploads\/2022\/09\/Exampe-Background-without-Guest-3.png\"\n                                                \/>\n                                            <\/div>\n                                        <\/div>\n\n                                        <header class=\"entry-header\">\n                                            <h4 class=\"entry-title\">\n                                                ERASMUS Litvanya'da - Balt\u0131k \u00fclkelerindeki maceram                                            <\/h4>\n                                        <\/header>\n\n                                        <div class=\"entry-main\">\n                                            <div class=\"entry-info\">\n                                                <div class=\"event-date\">\n                                                                                                            <i class=\"fas fa-calendar-alt\"><\/i>&nbsp;\n                                                    \n                                                                                                            <span>23 Aral\u0131k 2020<\/span>\n                                                                                                        \n                                                    \n                                                                                                                                                        <\/div>\n\n                                                                                            <\/div>\n\n                                            <div class=\"entry-content\">\n                                                <p>\n<p>Hollanda'dan ERASMUS \u00f6\u011frencisi Lars Berndt ile<strong><\/strong><\/p>\n\n\n\n<p>\"Litvanya, pek \u00e7ok Avrupal\u0131 taraf\u0131ndan bilinmeyen bir yer. \u00dc\u00e7 Balt\u0131k \u00fclkesinden biri, Avrupa'n\u0131n kuzeydo\u011fusunda bir m\u00fccevher. Yakla\u015f\u0131k 2,7 milyonluk bir n\u00fcfusa sahip ve bu n\u00fcfusun \u00e7o\u011fu ba\u015fkent Vilnius'ta ya\u015f\u0131yor. Di\u011fer bir\u00e7ok Erasmus \u00f6\u011frencisiyle birlikte benim hikayem de burada ba\u015fl\u0131yor. Benim ad\u0131m Lars Berndt, Hollanda'dan Avrupa \u00c7al\u0131\u015fmalar\u0131 \u00f6\u011frencisiyim. Litvanya'da neredeyse tam bir d\u00f6nem kald\u0131m, tarihlerini, k\u00fclt\u00fcrlerini \u00f6\u011frendim, g\u00fczel vah\u015fi do\u011fay\u0131 g\u00f6rd\u00fcm ve Avrupa k\u0131tas\u0131n\u0131n her yerinden yeni insanlarla tan\u0131\u015ft\u0131m.\"<\/p>\n<\/p>\n                                                <div class=\"clear\"><\/div>\n                                            <\/div>\n\n                                                                                    <\/div>\n                                    <\/article>\n                                <\/div>\n                            \n                                <div id=\"post-8596\" class=\"aux-col post-8596\">\n                                    <article class=\"post column-entry post-8596 event_listing type-event_listing status-expired has-post-thumbnail hentry\">\n                                        <div class=\"entry-media\">\n                                            <div class=\"aux-media-frame aux-media-image aux-image-mask\">\n                                                <img decoding=\"async\"\n                                                loading=\"lazy\"\n                                                src=\"https:\/\/meeteu.eu\/wp-content\/uploads\/2022\/09\/Christmasgift.png\"\n                                                class=\"aux-attachment aux-featured-image aux-attachment-id-8597 aux-preload aux-has-preview\"\n                                                alt=\"\"\n                                                data-src=\"https:\/\/meeteu.eu\/wp-content\/uploads\/2022\/09\/Christmasgift.png\"\n                                                \/>\n                                            <\/div>\n                                        <\/div>\n\n                                        <header class=\"entry-header\">\n                                            <h4 class=\"entry-title\">\n                                                MeetEU Noel Bilgi Yar\u0131\u015fmas\u0131                                            <\/h4>\n                                        <\/header>\n\n                                        <div class=\"entry-main\">\n                                            <div class=\"entry-info\">\n                                                <div class=\"event-date\">\n                                                                                                            <i class=\"fas fa-calendar-alt\"><\/i>&nbsp;\n                                                    \n                                                                                                            <span>15 Aral\u0131k 2020<\/span>\n                                                                                                        \n                                                    \n                                                                                                                                                        <\/div>\n\n                                                                                            <\/div>\n\n                                            <div class=\"entry-content\">\n                                                <p>\n<p>AB hakk\u0131nda ne kadar \u015fey biliyorsunuz? MeetEU Noel Yar\u0131\u015fmas\u0131'nda \u00f6\u011frenin! Bir\u00e7ok ilgin\u00e7 sorunun (... ve cevaplar\u0131n) yan\u0131 s\u0131ra harika together.eu \u00fcr\u00fcnleri kazanma \u015fans\u0131n\u0131z var.<\/p>\n\n\n\n<p>E\u011fer ilk 3'e girmeyi ba\u015far\u0131rsan\u0131z, bir<\/p>\n\n\n\n<p><strong>AB Noel paketi\u00a0<\/strong>markal\u0131 rozetler, \u00e7antalar, konserve a\u00e7acaklar\u0131, bayraklar vb. \u00d6d\u00fcl sponsorumuz Berlin'deki Avrupa \u0130rtibat B\u00fcrosu'na \u00e7ok te\u015fekk\u00fcr ederiz.<\/p>\n\n\n\n<p><strong>Haz\u0131rlaman\u0131z gerekenler:<\/strong><\/p>\n\n\n\n<ul class=\"wp-block-list\"><li>Ak\u0131ll\u0131 telefonunuza (cevaplar\u0131 se\u00e7mek i\u00e7in) ve Discord uygulamas\u0131n\u0131n y\u00fckl\u00fc oldu\u011fu PC veya diz\u00fcst\u00fc bilgisayar gibi ba\u015fka bir cihaza (sorular\u0131 g\u00f6rmek i\u00e7in) ihtiyac\u0131n\u0131z var.<\/li><li>Discord y\u00fckl\u00fc cihaz\u0131n\u0131zda Talkroom 1'deki canl\u0131 yay\u0131n\u0131m\u0131za kat\u0131lman\u0131z gerekir. Bunu yapmak i\u00e7in CANLI d\u00fc\u011fmesine t\u0131klay\u0131n.<\/li><li>Ak\u0131ll\u0131 telefonunuzda \u015fu adrese gidin&nbsp;<a href=\"https:\/\/kahoot.it\/\" rel=\"noopener\">https:\/\/kahoot.it<\/a>&nbsp;ve canl\u0131 yay\u0131n\u0131m\u0131zda g\u00f6r\u00fcnt\u00fclenecek oyun kodunu girin (Talkroom 1)<\/li><li>Kahoot'ta l\u00fctfen Discord'da kulland\u0131\u011f\u0131n\u0131z ad\u0131 se\u00e7in.<\/li><\/ul>\n<\/p>\n                                                <div class=\"clear\"><\/div>\n                                            <\/div>\n\n                                                                                    <\/div>\n                                    <\/article>\n                                <\/div>\n                            \n                                <div id=\"post-8598\" class=\"aux-col post-8598\">\n                                    <article class=\"post column-entry post-8598 event_listing type-event_listing status-expired has-post-thumbnail hentry\">\n                                        <div class=\"entry-media\">\n                                            <div class=\"aux-media-frame aux-media-image aux-image-mask\">\n                                                <img decoding=\"async\"\n                                                loading=\"lazy\"\n                                                src=\"https:\/\/meeteu.eu\/wp-content\/uploads\/2022\/09\/EU-Adventures-2.png\"\n                                                class=\"aux-attachment aux-featured-image aux-attachment-id-8599 aux-preload aux-has-preview\"\n                                                alt=\"\"\n                                                data-src=\"https:\/\/meeteu.eu\/wp-content\/uploads\/2022\/09\/EU-Adventures-2.png\"\n                                                \/>\n                                            <\/div>\n                                        <\/div>\n\n                                        <header class=\"entry-header\">\n                                            <h4 class=\"entry-title\">\n                                                <strong>Avrupa hikayeleri - Maceralar\u0131m\u0131z!<\/strong>                                            <\/h4>\n                                        <\/header>\n\n                                        <div class=\"entry-main\">\n                                            <div class=\"entry-info\">\n                                                <div class=\"event-date\">\n                                                                                                            <i class=\"fas fa-calendar-alt\"><\/i>&nbsp;\n                                                    \n                                                                                                            <span>8 Aral\u0131k 2020<\/span>\n                                                                                                        \n                                                    \n                                                                                                                                                        <\/div>\n\n                                                                                            <\/div>\n\n                                            <div class=\"entry-content\">\n                                                <p>\n<p>\u0130ster i\u015f, ister e\u011fitim ya da sadece ke\u015ffetmek i\u00e7in olsun. Hepimiz Avrupa'da seyahat ettik ve heyecan verici hikayeler ya\u015fad\u0131k. Hadi onlar hakk\u0131nda konu\u015fal\u0131m! MeetEU'da ilgin\u00e7 insanlarla tan\u0131\u015f\u0131n, heyecan verici durumlar\u0131 dinleyin ve kendi favori maceran\u0131z\u0131 bizimle payla\u015f\u0131n!<\/p>\n<\/p>\n                                                <div class=\"clear\"><\/div>\n                                            <\/div>\n\n                                                                                    <\/div>\n                                    <\/article>\n                                <\/div>\n                            \n                                <div id=\"post-8600\" class=\"aux-col post-8600\">\n                                    <article class=\"post column-entry post-8600 event_listing type-event_listing status-expired has-post-thumbnail hentry\">\n                                        <div class=\"entry-media\">\n                                            <div class=\"aux-media-frame aux-media-image aux-image-mask\">\n                                                <img decoding=\"async\"\n                                                loading=\"lazy\"\n                                                src=\"https:\/\/meeteu.eu\/wp-content\/uploads\/2022\/09\/Climate_crisis-ENG.png\"\n                                                class=\"aux-attachment aux-featured-image aux-attachment-id-8601 aux-preload aux-has-preview\"\n                                                alt=\"\"\n                                                data-src=\"https:\/\/meeteu.eu\/wp-content\/uploads\/2022\/09\/Climate_crisis-ENG.png\"\n                                                \/>\n                                            <\/div>\n                                        <\/div>\n\n                                        <header class=\"entry-header\">\n                                            <h4 class=\"entry-title\">\n                                                Avrupa'n\u0131n iklim krizine katk\u0131s\u0131. AB emisyonlar\u0131 gerekli oranda azaltacak m\u0131?                                            <\/h4>\n                                        <\/header>\n\n                                        <div class=\"entry-main\">\n                                            <div class=\"entry-info\">\n                                                <div class=\"event-date\">\n                                                                                                            <i class=\"fas fa-calendar-alt\"><\/i>&nbsp;\n                                                    \n                                                                                                            <span>3 Aral\u0131k 2020<\/span>\n                                                                                                        \n                                                    \n                                                                                                                                                        <\/div>\n\n                                                                                            <\/div>\n\n                                            <div class=\"entry-content\">\n                                                <p>\n<p>Martin Hojs\u00edk (Slovakya), Avrupa Parlamentosu \u00dcyesi Renew Europe<\/p>\n\n\n\n<p>Timoth\u00e9e Galvaire, Pierre Larrouturou'nun Asistan\u0131 (Fransa), AP Sosyalistler ve Demokratlar Milletvekili<\/p>\n\n\n\n<p>Bu bizim gelece\u011fimizle ilgili! Aral\u0131k ay\u0131nda, \u00f6n\u00fcm\u00fczdeki on y\u0131llar\u0131n hedeflerini belirleyecek iklim politikas\u0131 kararlar\u0131 al\u0131nacak. G\u00f6r\u00fc\u015fleriniz bizi ilgilendiriyor! Avrupa Parlamentosu temsilcileriyle birlikte yakla\u015fan siyasi atamalar\u0131 tart\u0131\u015fma f\u0131rsat\u0131na sahipsiniz:<\/p>\n\n\n\n<ul class=\"wp-block-list\"><li>12 Aral\u0131k'ta Paris Anla\u015fmas\u0131n\u0131n 5. y\u0131ld\u00f6n\u00fcm\u00fcn\u00fc kutlayaca\u011f\u0131z, ancak kutlanacak ne var? Avrupa \u00fclkeleri, COP 21 toplant\u0131s\u0131ndan 5 y\u0131l sonra ula\u015fmam\u0131z gereken iklim hedefine yakla\u015fabildiler mi?<\/li><li>10-11 Aral\u0131k tarihlerinde Br\u00fcksel'de d\u00fczenlenecek olan AB Konseyi Zirvesinde, 27 \u00fclkenin devlet ve h\u00fck\u00fcmet ba\u015fkanlar\u0131 2030 emisyon azalt\u0131m hedefine karar vermek \u00fczere bir araya gelecek. AB Konseyi, kar\u015f\u0131 kar\u015f\u0131ya oldu\u011fumuz g\u00fc\u00e7l\u00fc\u011f\u00fcn aciliyetini ve \u00f6l\u00e7e\u011fini kar\u015f\u0131layan cesur bir hedef ortaya koyabilecek mi?<\/li><li>Ayr\u0131ca, bir TFT'nin tan\u0131t\u0131l\u0131p tan\u0131t\u0131lmayaca\u011f\u0131na da karar verilecektir (=&nbsp;<a href=\"https:\/\/meeteu.eu\/wp-content\/uploads\/2020\/11\/Information-on-the-TFT.pdf\">Finansal \u0130\u015flemler Vergisi<\/a>) iklim, sa\u011fl\u0131k ve sosyal konular\u0131n finansman\u0131 i\u00e7in kullan\u0131lacak: Avrupa Parlamentosu'nun mevcut b\u00fct\u00e7e raport\u00f6r\u00fc Pierre Larrouturou, Frans\u0131z ve Alman h\u00fck\u00fcmetlerinin bu verginin uygulanmas\u0131na kar\u015f\u0131 direncini k\u0131rmak i\u00e7in Br\u00fcksel'de 18 g\u00fcn boyunca a\u00e7l\u0131k grevi yapt\u0131.<\/li><\/ul>\n\n\n\n<p>Konuklar\u0131m\u0131zdan d\u00fc\u015f\u00fcncelerini birbirini takip eden \u00fc\u00e7 turda aktarmalar\u0131 istenecek - her turdan sonra t\u00fcm kat\u0131l\u0131mc\u0131lar\u0131n onlarla temasa ge\u00e7mesi ve do\u011frudan soru sormas\u0131 i\u00e7in bolca zaman olacak. Var m\u0131s\u0131n\u0131z?<\/p>\n\n\n\n<p>__<\/p>\n\n\n\n<p>TFT hakk\u0131nda k\u0131sa bir genel bak\u0131\u015f\u0131 burada bulabilirsiniz:&nbsp;<a href=\"https:\/\/meeteu.eu\/wp-content\/uploads\/2020\/11\/Information-on-the-TFT.pdf\">Finansal \u0130\u015flemler Vergisi&nbsp;<\/a><\/p>\n\n\n\n<p>Payla\u015ft\u0131\u011f\u0131n i\u00e7in te\u015fekk\u00fcrler Claudine!&nbsp;<\/p>\n<\/p>\n                                                <div class=\"clear\"><\/div>\n                                            <\/div>\n\n                                                                                    <\/div>\n                                    <\/article>\n                                <\/div>\n                            \n                                <div id=\"post-8602\" class=\"aux-col post-8602\">\n                                    <article class=\"post column-entry post-8602 event_listing type-event_listing status-expired has-post-thumbnail hentry\">\n                                        <div class=\"entry-media\">\n                                            <div class=\"aux-media-frame aux-media-image aux-image-mask\">\n                                                <img decoding=\"async\"\n                                                loading=\"lazy\"\n                                                src=\"https:\/\/meeteu.eu\/wp-content\/uploads\/2022\/09\/Bentele_ENG.png\"\n                                                class=\"aux-attachment aux-featured-image aux-attachment-id-8603 aux-preload aux-has-preview\"\n                                                alt=\"\"\n                                                data-src=\"https:\/\/meeteu.eu\/wp-content\/uploads\/2022\/09\/Bentele_ENG.png\"\n                                                \/>\n                                            <\/div>\n                                        <\/div>\n\n                                        <header class=\"entry-header\">\n                                            <h4 class=\"entry-title\">\n                                                Afrika ve AB - Birlikte daha iyi bir gelece\u011fe do\u011fru mu?                                            <\/h4>\n                                        <\/header>\n\n                                        <div class=\"entry-main\">\n                                            <div class=\"entry-info\">\n                                                <div class=\"event-date\">\n                                                                                                            <i class=\"fas fa-calendar-alt\"><\/i>&nbsp;\n                                                    \n                                                                                                            <span>17 Kas\u0131m 2020<\/span>\n                                                                                                        \n                                                    \n                                                                                                                                                        <\/div>\n\n                                                                                            <\/div>\n\n                                            <div class=\"entry-content\">\n                                                <p>\n<p>ile&nbsp;<a href=\"https:\/\/www.hildegard-bentele.eu\/\" rel=\"noopener\">Hildegard Bentele<\/a>, MEP,<br>Avrupa Halk Partisi Grubu, Kalk\u0131nma Komitesi \u00dcyesi<\/p>\n\n\n\n<p>Afrika k\u0131tas\u0131 d\u00fcnyan\u0131n en h\u0131zl\u0131 b\u00fcy\u00fcyen k\u0131tas\u0131d\u0131r, n\u00fcfus gelece\u011fe umutla bakmaktad\u0131r ve \u00c7in gibi \u00fclkeler b\u00f6lge \u00fclkeleriyle ili\u015fkilerini giderek yo\u011funla\u015ft\u0131rmaktad\u0131r. Son iki y\u0131lda AB'nin Afrika'daki \u00f6ncelikleri \u00f6zellikle pan-Afrika birli\u011finin kurulmas\u0131, \u00f6rne\u011fin e\u011fitimin te\u015fvik edilmesi yoluyla n\u00fcfusa yat\u0131r\u0131m yap\u0131lmas\u0131 ve ortak bir Afrika pazar\u0131n\u0131n entegre edilmesi \u00fczerinde yo\u011funla\u015fm\u0131\u015ft\u0131r. Afrika devletleri ile Avrupa Birli\u011fi aras\u0131ndaki i\u015fbirli\u011finin gelece\u011fi nas\u0131l g\u00f6r\u00fcn\u00fcyor ve hangi ortak \u00e7\u0131karlar taraf\u0131ndan y\u00f6nlendiriliyor? Afrika'n\u0131n AB i\u00e7in d\u0131\u015f politikadaki \u00f6nemi nedir?<\/p>\n<\/p>\n                                                <div class=\"clear\"><\/div>\n                                            <\/div>\n\n                                                                                    <\/div>\n                                    <\/article>\n                                <\/div>\n                            \n                                <div id=\"post-8604\" class=\"aux-col post-8604\">\n                                    <article class=\"post column-entry post-8604 event_listing type-event_listing status-expired has-post-thumbnail hentry\">\n                                        <div class=\"entry-media\">\n                                            <div class=\"aux-media-frame aux-media-image aux-image-mask\">\n                                                <img decoding=\"async\"\n                                                loading=\"lazy\"\n                                                src=\"https:\/\/meeteu.eu\/wp-content\/uploads\/2022\/09\/graph-7.png\"\n                                                class=\"aux-attachment aux-featured-image aux-attachment-id-8408 aux-preload aux-has-preview\"\n                                                alt=\"\"\n                                                data-src=\"https:\/\/meeteu.eu\/wp-content\/uploads\/2022\/09\/graph-7.png\"\n                                                \/>\n                                            <\/div>\n                                        <\/div>\n\n                                        <header class=\"entry-header\">\n                                            <h4 class=\"entry-title\">\n                                                \u0130fade \u00f6zg\u00fcrl\u00fc\u011f\u00fc - toplumumuz i\u00e7in \u00f6nceden belirlenmi\u015f bir k\u0131r\u0131lma noktas\u0131 m\u0131?                                            <\/h4>\n                                        <\/header>\n\n                                        <div class=\"entry-main\">\n                                            <div class=\"entry-info\">\n                                                <div class=\"event-date\">\n                                                                                                            <i class=\"fas fa-calendar-alt\"><\/i>&nbsp;\n                                                    \n                                                                                                            <span>10 Kas\u0131m 2020<\/span>\n                                                                                                        \n                                                    \n                                                                                                                                                        <\/div>\n\n                                                                                            <\/div>\n\n                                            <div class=\"entry-content\">\n                                                <p>\n<p>Oturum Klaus taraf\u0131ndan d\u00fczenlenmektedir.&nbsp;<a href=\"https:\/\/pulseofeurope.eu\/en\/\" rel=\"noopener\">Avrupa'n\u0131n Nabz\u0131<\/a>.<\/p>\n\n\n\n<p>Fransa'da Samuel Paty'nin \u00f6ld\u00fcr\u00fclmesi, temel insan hakk\u0131 olan \u0130fade \u00d6zg\u00fcrl\u00fc\u011f\u00fcne ve bu hakk\u0131 kullanan biri taraf\u0131ndan duygular\u0131 incitildi\u011finde \u00f6ld\u00fcrme hakk\u0131n\u0131 sakl\u0131 tutanlara bir kez daha \u0131\u015f\u0131k tutmu\u015ftur. Ancak siyasi g\u00f6r\u00fc\u015flerin bast\u0131r\u0131lmas\u0131ndan nefret s\u00f6ylemine, bilimin ge\u00e7erlili\u011fine ili\u015fkin sava\u015ftan sosyal medya d\u00f6nemindeki kat\u0131ks\u0131z manip\u00fclasyona kadar pek \u00e7ok konu var.<\/p>\n\n\n\n<p>Bu oturumu, ger\u00e7ekte nerede durdu\u011fumuzu, neyin tehlikede oldu\u011funu anlamak ve meseleleri tart\u0131\u015fmak i\u00e7in harcamak istiyoruz.<\/p>\n<\/p>\n                                                <div class=\"clear\"><\/div>\n                                            <\/div>\n\n                                                                                    <\/div>\n                                    <\/article>\n                                <\/div>\n                            \n                                <div id=\"post-8605\" class=\"aux-col post-8605\">\n                                    <article class=\"post column-entry post-8605 event_listing type-event_listing status-expired has-post-thumbnail hentry\">\n                                        <div class=\"entry-media\">\n                                            <div class=\"aux-media-frame aux-media-image aux-image-mask\">\n                                                <img decoding=\"async\"\n                                                loading=\"lazy\"\n                                                src=\"https:\/\/meeteu.eu\/wp-content\/uploads\/2022\/09\/Michael-Bloss_Announcement-Visual_en_19hrs-360x360-1.png\"\n                                                class=\"aux-attachment aux-featured-image aux-attachment-id-8606 aux-preload aux-has-preview\"\n                                                alt=\"\"\n                                                data-src=\"https:\/\/meeteu.eu\/wp-content\/uploads\/2022\/09\/Michael-Bloss_Announcement-Visual_en_19hrs-360x360-1.png\"\n                                                \/>\n                                            <\/div>\n                                        <\/div>\n\n                                        <header class=\"entry-header\">\n                                            <h4 class=\"entry-title\">\n                                                Br\u00fcksel'den Canl\u0131 Rapor: Yeni AB \u0130klim Yasas\u0131                                            <\/h4>\n                                        <\/header>\n\n                                        <div class=\"entry-main\">\n                                            <div class=\"entry-info\">\n                                                <div class=\"event-date\">\n                                                                                                            <i class=\"fas fa-calendar-alt\"><\/i>&nbsp;\n                                                    \n                                                                                                            <span>3 Kas\u0131m 2020<\/span>\n                                                                                                        \n                                                    \n                                                                                                                                                        <\/div>\n\n                                                                                                    <div class=\"event-location\">\n                                                                                                                    <i class=\"fas fa-thumbtack\"><\/i>&nbsp;\n                                                            <span>Zoom'da sanal etkinlik<\/span>\n                                                                                                            <\/div>\n\n                                                    <div class=\"event-language\">\n                                                                                                                    <i class=\"fas fa-globe\"><\/i>&nbsp;\n                                                            <span>\u0130ngilizce, \u00e7ok dilli altyaz\u0131larla<\/span>\n                                                                                                            <\/div>\n                                                                                            <\/div>\n\n                                            <div class=\"entry-content\">\n                                                <p>\n<p>Konu\u015fmac\u0131:<br><a href=\"https:\/\/michaelbloss.eu\/\" rel=\"noopener\">Michael Bloss<\/a>, AP Milletvekili, Ye\u015filler\/Avrupa \u00d6zg\u00fcr \u0130ttifak\u0131<\/p>\n\n\n\n<p>AB, 2050 y\u0131l\u0131na kadar net s\u0131f\u0131r sera gaz\u0131 emisyonuna ula\u015fmay\u0131 hedeflemektedir. Yeni AB iklim yasas\u0131 ye\u015fil ekonomiye ge\u00e7i\u015fin temelini olu\u015fturacak. Tahmin edebilece\u011finiz gibi \u00fcye devletlerde bu konuda farkl\u0131 g\u00f6r\u00fc\u015fler var;) M\u00fczakerecilerden biri de AP Milletvekili Michael Bloss. Sal\u0131 ak\u015fam\u0131 bize \u015fu anda nerede oldu\u011fumuzu ve en b\u00fcy\u00fck anla\u015fmazl\u0131k noktalar\u0131n\u0131n neler oldu\u011funu anlatacak.<\/p>\n<\/p>\n                                                <div class=\"clear\"><\/div>\n                                            <\/div>\n\n                                                                                    <\/div>\n                                    <\/article>\n                                <\/div>\n                            \n                                <div id=\"post-8609\" class=\"aux-col post-8609\">\n                                    <article class=\"post column-entry post-8609 event_listing type-event_listing status-expired has-post-thumbnail hentry\">\n                                        <div class=\"entry-media\">\n                                            <div class=\"aux-media-frame aux-media-image aux-image-mask\">\n                                                <img decoding=\"async\"\n                                                loading=\"lazy\"\n                                                src=\"https:\/\/meeteu.eu\/wp-content\/uploads\/2020\/09\/European_Home_Parliaments_Pulse_of_Europe.jpg\"\n                                                class=\"aux-attachment aux-featured-image aux-attachment-id-1670 aux-preload aux-has-preview\"\n                                                alt=\"\"\n                                                data-src=\"https:\/\/meeteu.eu\/wp-content\/uploads\/2020\/09\/European_Home_Parliaments_Pulse_of_Europe.jpg\"\n                                                \/>\n                                            <\/div>\n                                        <\/div>\n\n                                        <header class=\"entry-header\">\n                                            <h4 class=\"entry-title\">\n                                                Ulus\u00f6tesi Avrupa Ana Parlamentosu                                            <\/h4>\n                                        <\/header>\n\n                                        <div class=\"entry-main\">\n                                            <div class=\"entry-info\">\n                                                <div class=\"event-date\">\n                                                                                                            <i class=\"fas fa-calendar-alt\"><\/i>&nbsp;\n                                                    \n                                                                                                            <span>20 Ekim 2020<\/span>\n                                                                                                        \n                                                    \n                                                                                                                                                        <\/div>\n\n                                                                                            <\/div>\n\n                                            <div class=\"entry-content\">\n                                                <p>\n<p>Sivil toplum kurulu\u015fu taraf\u0131ndan olu\u015fturulan proje&nbsp;<a href=\"https:\/\/homeparliaments.eu\/\" rel=\"noopener\">Avrupa'n\u0131n Nabz\u0131<\/a>&nbsp;- Cumhurba\u015fkan\u0131 Ursula von der Leyen'in himayesinde d\u00fczenlenmektedir.<\/p>\n\n\n\n<p>Ne hakk\u0131nda? 4-8 ki\u015filik gruplar halinde, a\u015fa\u011f\u0131daki konular\u0131 tart\u0131\u015facaks\u0131n\u0131z&nbsp;<strong>Avrupa Dayan\u0131\u015fmas\u0131n\u0131n Gelece\u011fi<\/strong>.<\/p>\n\n\n\n<p>3 temel soru \u015funlard\u0131r:<\/p>\n\n\n\n<ul class=\"wp-block-list\"><li>Zengin AB \u00fcye \u00fclkeleri, krizlerden \u00f6zellikle zor etkilenen \u00fcye \u00fclkelere daha fazla ekonomik destek sa\u011flamal\u0131 m\u0131?<\/li><li>AB, \u00fcye \u00fclkeler aras\u0131ndaki sosyal e\u015fitsizli\u011fi gidermek i\u00e7in sosyal politika \u00f6nlemlerine daha fazla yat\u0131r\u0131m yapmal\u0131 m\u0131?<\/li><li>AB, gelecek nesillerin menfaati i\u00e7in \u00f6ncelikle \u00e7evre dostu inovasyon ve istihdam konular\u0131na m\u0131 odaklanmal\u0131d\u0131r?<\/li><\/ul>\n\n\n\n<p><a href=\"https:\/\/www.openpetition.de\/pdf\/hausparlament\/participation_forms\/Participant_Result_Form.pdf\" rel=\"noopener\">Kat\u0131l\u0131mc\u0131lar i\u00e7in indirin<\/a><\/p>\n\n\n\n<p>Bu&nbsp;<strong>G\u00f6r\u00fc\u015fmelerin sonu\u00e7lar\u0131 Bayan von der Leyen'e g\u00f6nderilmi\u015ftir.<\/strong>&nbsp;Manfred Weber, Othmar Karas, Gabriele Bischoff, Fabienne Keller, Gwendoline Delbos-Corfield, Martin Schirdewan, Ska Keller, Pedro Marques, Lukasz Kohut ve Damian Boeselager gibi 29 Avrupa Parlamentosu \u00fcyesi. Sonu\u00e7lar\u0131 dijital bir platformda yorumlayacaklar ve sizi de bu tart\u0131\u015fmaya davet edecekler.<\/p>\n<\/p>\n                                                <div class=\"clear\"><\/div>\n                                            <\/div>\n\n                                                                                    <\/div>\n                                    <\/article>\n                                <\/div>\n                            \n                                <div id=\"post-8607\" class=\"aux-col post-8607\">\n                                    <article class=\"post column-entry post-8607 event_listing type-event_listing status-expired has-post-thumbnail hentry\">\n                                        <div class=\"entry-media\">\n                                            <div class=\"aux-media-frame aux-media-image aux-image-mask\">\n                                                <img decoding=\"async\"\n                                                loading=\"lazy\"\n                                                src=\"https:\/\/meeteu.eu\/wp-content\/uploads\/2022\/09\/08-Mar.jpg\"\n                                                class=\"aux-attachment aux-featured-image aux-attachment-id-8608 aux-preload aux-has-preview\"\n                                                alt=\"\"\n                                                data-src=\"https:\/\/meeteu.eu\/wp-content\/uploads\/2022\/09\/08-Mar.jpg\"\n                                                \/>\n                                            <\/div>\n                                        <\/div>\n\n                                        <header class=\"entry-header\">\n                                            <h4 class=\"entry-title\">\n                                                Nini Tsiklauri yeni kitab\u0131n\u0131 tan\u0131t\u0131yor: 'Lasst uns um Europa k\u00e4mpfen'                                            <\/h4>\n                                        <\/header>\n\n                                        <div class=\"entry-main\">\n                                            <div class=\"entry-info\">\n                                                <div class=\"event-date\">\n                                                                                                            <i class=\"fas fa-calendar-alt\"><\/i>&nbsp;\n                                                    \n                                                                                                            <span>18 Ekim 2020<\/span>\n                                                                                                        \n                                                    \n                                                                                                                                                        <\/div>\n\n                                                                                            <\/div>\n\n                                            <div class=\"entry-content\">\n                                                <p>\n<p><a href=\"http:\/\/ninitsiklauri.eu\/\" rel=\"noopener\">Nini Tsiklauri<\/a>&nbsp;Macaristan, G\u00fcrcistan ve Almanya'da b\u00fcy\u00fcm\u00fc\u015f bir oyuncu, yazar, siyasi aktivist ve tutkulu bir Avrupal\u0131. Oyuncu olarak 'Die Wilden Kerle' ve 'Schloss Einstein' filmleriyle tan\u0131nmaktad\u0131r.<\/p>\n\n\n\n<p>Nini Avusturya'da siyasal bilimler e\u011fitimi alm\u0131\u015ft\u0131r. Kendisi ayn\u0131 zamanda Avusturya'daki PulseofEurope hareketinin ba\u015flat\u0131c\u0131lar\u0131ndand\u0131r. Yeni kitab\u0131 \"Lasst uns um Europa k\u00e4mpfen\" (Avrupa i\u00e7in sava\u015fal\u0131m) Avrupa Birli\u011fi'ni anlamak ve hissetmek i\u00e7in yeni bir bak\u0131\u015f a\u00e7\u0131s\u0131 sunuyor. Nini, Avrupa'ya g\u00fc\u00e7l\u00fc duygularla y\u00fckleniyor ve AB i\u00e7in bir kendin yap kurtarma plan\u0131 sunuyor. \u00c7ok \u00f6zel ve ayn\u0131 zamanda son derece politik bir kitap.<\/p>\n\n\n\n<p>L\u00fctfen okuman\u0131n Almanca oldu\u011funu unutmay\u0131n. Sorular \u0130ngilizce olarak sorulabilir.<\/p>\n<\/p>\n                                                <div class=\"clear\"><\/div>\n                                            <\/div>\n\n                                                                                    <\/div>\n                                    <\/article>\n                                <\/div>\n                            \n                                <div id=\"post-8610\" class=\"aux-col post-8610\">\n                                    <article class=\"post column-entry post-8610 event_listing type-event_listing status-expired has-post-thumbnail hentry\">\n                                        <div class=\"entry-media\">\n                                            <div class=\"aux-media-frame aux-media-image aux-image-mask\">\n                                                <img decoding=\"async\"\n                                                loading=\"lazy\"\n                                                src=\"https:\/\/meeteu.eu\/wp-content\/uploads\/2022\/09\/Dalara-Burkhardt-ENG.png\"\n                                                class=\"aux-attachment aux-featured-image aux-attachment-id-8611 aux-preload aux-has-preview\"\n                                                alt=\"\"\n                                                data-src=\"https:\/\/meeteu.eu\/wp-content\/uploads\/2022\/09\/Dalara-Burkhardt-ENG.png\"\n                                                \/>\n                                            <\/div>\n                                        <\/div>\n\n                                        <header class=\"entry-header\">\n                                            <h4 class=\"entry-title\">\n                                                Ye\u015fil Anla\u015fma: Pandemi ye\u015file mi d\u00f6necek?                                            <\/h4>\n                                        <\/header>\n\n                                        <div class=\"entry-main\">\n                                            <div class=\"entry-info\">\n                                                <div class=\"event-date\">\n                                                                                                            <i class=\"fas fa-calendar-alt\"><\/i>&nbsp;\n                                                    \n                                                                                                            <span>14 Ekim 2020<\/span>\n                                                                                                        \n                                                    \n                                                                                                                                                        <\/div>\n\n                                                                                            <\/div>\n\n                                            <div class=\"entry-content\">\n                                                <p>\n<p>Konu\u015fmac\u0131:<br><a href=\"https:\/\/www.delara-burkhardt.eu\/\" rel=\"noopener\">Delara Burkhardt<\/a>, AP Milletvekili, Sosyalistler ve Demokratlar \u0130lerici \u0130ttifak\u0131 Grubu<\/p>\n\n\n\n<p>Avrupa Komisyonu, Ye\u015fil Anla\u015fma'y\u0131 Avrupa'y\u0131 2050 y\u0131l\u0131na kadar s\u00fcrd\u00fcr\u00fclebilir ve karbon n\u00f6tr bir k\u0131taya d\u00f6n\u00fc\u015ft\u00fcrecek bir yol haritas\u0131 olarak tan\u0131mlad\u0131.<\/p>\n\n\n\n<p>Ancak pandemi bu hedefi geri plana itecek mi? Yoksa COVID-19 krizi radikal ve acil \u00f6nlemler alabilece\u011fimizi mi g\u00f6sterdi? Avrupa Parlamentosu \u00c7evre, Halk Sa\u011fl\u0131\u011f\u0131 ve G\u0131da G\u00fcvenli\u011fi Komitesi \u00fcyesi ve AP Milletvekili Delara Burkhardt ile bu konuyu tart\u0131\u015fmak istiyoruz.<\/p>\n<\/p>\n                                                <div class=\"clear\"><\/div>\n                                            <\/div>\n\n                                                                                    <\/div>\n                                    <\/article>\n                                <\/div>\n                            \n                                <div id=\"post-8612\" class=\"aux-col post-8612\">\n                                    <article class=\"post column-entry post-8612 event_listing type-event_listing status-expired has-post-thumbnail hentry\">\n                                        <div class=\"entry-media\">\n                                            <div class=\"aux-media-frame aux-media-image aux-image-mask\">\n                                                <img decoding=\"async\"\n                                                loading=\"lazy\"\n                                                src=\"https:\/\/meeteu.eu\/wp-content\/uploads\/2022\/09\/Visual-Child-Rights-and-Germanys-2020-EU-Council-Presidency.png\"\n                                                class=\"aux-attachment aux-featured-image aux-attachment-id-8613 aux-preload aux-has-preview\"\n                                                alt=\"\"\n                                                data-src=\"https:\/\/meeteu.eu\/wp-content\/uploads\/2022\/09\/Visual-Child-Rights-and-Germanys-2020-EU-Council-Presidency.png\"\n                                                \/>\n                                            <\/div>\n                                        <\/div>\n\n                                        <header class=\"entry-header\">\n                                            <h4 class=\"entry-title\">\n                                                \u00c7ocuk Haklar\u0131 ve Almanya'n\u0131n 2020 AB Konseyi D\u00f6nem Ba\u015fkanl\u0131\u011f\u0131                                            <\/h4>\n                                        <\/header>\n\n                                        <div class=\"entry-main\">\n                                            <div class=\"entry-info\">\n                                                <div class=\"event-date\">\n                                                                                                            <i class=\"fas fa-calendar-alt\"><\/i>&nbsp;\n                                                    \n                                                                                                            <span>6 Ekim 2020<\/span>\n                                                                                                        \n                                                    \n                                                                                                                                                        <\/div>\n\n                                                                                            <\/div>\n\n                                            <div class=\"entry-content\">\n                                                <p>\n<p>Almanya'n\u0131n 2020 y\u0131l\u0131n\u0131n ikinci yar\u0131s\u0131nda \u00fcstlenece\u011fi Avrupa Birli\u011fi Konseyi D\u00f6nem Ba\u015fkanl\u0131\u011f\u0131, \u00e7ocuklar i\u00e7in \u00e7ok \u00f6nemli bir d\u00f6neme denk geliyor: COVID-19 salg\u0131n\u0131 nedeniyle benzeri g\u00f6r\u00fclmemi\u015f bir krizle kar\u015f\u0131 kar\u015f\u0131yay\u0131z ve 2030'a kadar SKH'lerin ger\u00e7ekle\u015ftirilmesi i\u00e7in Eylem On Y\u0131l\u0131na giriyoruz. \u00c7ocuklar i\u00e7in k\u00fcresel \u00f6l\u00e7ekte \u00f6nemli ilerlemeler kaydedilmi\u015ftir, ancak ba\u015fta en savunmas\u0131z olanlar olmak \u00fczere her yerdeki t\u00fcm \u00e7ocuklar i\u00e7in t\u00fcm haklar\u0131n hayata ge\u00e7irilmesi \u00f6n\u00fcndeki zorluklar devam etmektedir.<\/p>\n\n\n\n<p>UNICEF'in Almanya'n\u0131n AB D\u00f6nem Ba\u015fkanl\u0131\u011f\u0131na y\u00f6nelik kapsaml\u0131 bir AB \u00c7ocuk Haklar\u0131 Stratejisi, AB ve Afrika aras\u0131nda \u00e7ocuklar i\u00e7in etkili bir ortakl\u0131k ve \u00e7ocuk odakl\u0131 bir insani yard\u0131m m\u00fcdahalesi gibi tavsiyelerini tart\u0131\u015fmak istiyoruz<\/p>\n\n\n\n<p>Konu\u015fmac\u0131:<br>Lydia Berneburg, UNICEF Almanya<\/p>\n<\/p>\n                                                <div class=\"clear\"><\/div>\n                                            <\/div>\n\n                                                                                    <\/div>\n                                    <\/article>\n                                <\/div>\n                            \n                                <div id=\"post-8614\" class=\"aux-col post-8614\">\n                                    <article class=\"post column-entry post-8614 event_listing type-event_listing status-expired has-post-thumbnail hentry\">\n                                        <div class=\"entry-media\">\n                                            <div class=\"aux-media-frame aux-media-image aux-image-mask\">\n                                                <img decoding=\"async\"\n                                                loading=\"lazy\"\n                                                src=\"https:\/\/meeteu.eu\/wp-content\/uploads\/2020\/09\/European_Home_Parliaments_Pulse_of_Europe.jpg\"\n                                                class=\"aux-attachment aux-featured-image aux-attachment-id-1670 aux-preload aux-has-preview\"\n                                                alt=\"\"\n                                                data-src=\"https:\/\/meeteu.eu\/wp-content\/uploads\/2020\/09\/European_Home_Parliaments_Pulse_of_Europe.jpg\"\n                                                \/>\n                                            <\/div>\n                                        <\/div>\n\n                                        <header class=\"entry-header\">\n                                            <h4 class=\"entry-title\">\n                                                European HomeAvrupa'n\u0131n Nabz\u0131na G\u00f6re Parlamentolar                                            <\/h4>\n                                        <\/header>\n\n                                        <div class=\"entry-main\">\n                                            <div class=\"entry-info\">\n                                                <div class=\"event-date\">\n                                                                                                            <i class=\"fas fa-calendar-alt\"><\/i>&nbsp;\n                                                    \n                                                                                                            <span>29 Eyl\u00fcl 2020<\/span>\n                                                                                                        \n                                                    \n                                                                                                                                                        <\/div>\n\n                                                                                            <\/div>\n\n                                            <div class=\"entry-content\">\n                                                <p>\n<p>Size harika bir giri\u015fim sunmak istiyoruz: Pulse of Europe'un Avrupa Ev Parlamentolar\u0131.<\/p>\n\n\n\n<p>Ne hakk\u0131nda? A&nbsp;<a href=\"https:\/\/homeparliaments.eu\/\" rel=\"noopener\">Ana SayfaParlamento<\/a>&nbsp;bir Avrupa sorununu tart\u0131\u015fan 4 ila 8 ki\u015filik bir toplant\u0131d\u0131r. Herkes b\u00f6yle bir HomeParliament'in ev sahibi olabilir. Avrupa'n\u0131n Nabz\u0131 yurtta\u015f hareketi size t\u00fcm belgeleri sa\u011flar.<\/p>\n\n\n\n<p>G\u00f6r\u00fc\u015fmelerinizin sonu\u00e7lar\u0131 bir \u00e7ekmecede durmuyor, Ursula von der Leyen, Manfred Weber, Ska Keller veya Damian Boeselager gibi AB politika yap\u0131c\u0131lar\u0131na g\u00f6nderiliyor.<\/p>\n\n\n\n<p>Pulse Of Europe Frankfurt'tan Hendrik Michel size nas\u0131l \u00e7al\u0131\u015ft\u0131\u011f\u0131n\u0131 ve nas\u0131l kat\u0131labilece\u011finizi g\u00f6sterecek.<\/p>\n\n\n\n<p>Avrupa Ev Parlamentolar\u0131n\u0131n 3. turu 19 Eyl\u00fcl - 1 Kas\u0131m 2020 tarihleri aras\u0131nda ger\u00e7ekle\u015ftirilecektir.<\/p>\n\n\n\n<p>Konu\u015fmac\u0131:<br>Hendrik Michel,<a href=\"https:\/\/pulseofeurope.eu\/\" rel=\"noopener\">&nbsp;Avrupa'n\u0131n Nabz\u0131<\/a>&nbsp;Frankfurt<\/p>\n<\/p>\n                                                <div class=\"clear\"><\/div>\n                                            <\/div>\n\n                                                                                    <\/div>\n                                    <\/article>\n                                <\/div>\n                            \n                                <div id=\"post-8615\" class=\"aux-col post-8615\">\n                                    <article class=\"post column-entry post-8615 event_listing type-event_listing status-expired has-post-thumbnail hentry\">\n                                        <div class=\"entry-media\">\n                                            <div class=\"aux-media-frame aux-media-image aux-image-mask\">\n                                                <img decoding=\"async\"\n                                                loading=\"lazy\"\n                                                src=\"https:\/\/meeteu.eu\/wp-content\/uploads\/2022\/09\/Lets-meet-MeetEU.png\"\n                                                class=\"aux-attachment aux-featured-image aux-attachment-id-8616 aux-preload aux-has-preview\"\n                                                alt=\"\"\n                                                data-src=\"https:\/\/meeteu.eu\/wp-content\/uploads\/2022\/09\/Lets-meet-MeetEU.png\"\n                                                \/>\n                                            <\/div>\n                                        <\/div>\n\n                                        <header class=\"entry-header\">\n                                            <h4 class=\"entry-title\">\n                                                Tan\u0131\u015fal\u0131m, MeetEU!                                            <\/h4>\n                                        <\/header>\n\n                                        <div class=\"entry-main\">\n                                            <div class=\"entry-info\">\n                                                <div class=\"event-date\">\n                                                                                                            <i class=\"fas fa-calendar-alt\"><\/i>&nbsp;\n                                                    \n                                                                                                            <span>22 Eyl\u00fcl 2020<\/span>\n                                                                                                        \n                                                    \n                                                                                                                                                        <\/div>\n\n                                                                                            <\/div>\n\n                                            <div class=\"entry-content\">\n                                                <p>\n<p>Bir yar\u0131 y\u0131l geride kald\u0131, bu f\u0131rsat\u0131 sizlerle birlikte ge\u00e7ti\u011fimiz aylara bakmak ve MeetEU'nun gelece\u011fi hakk\u0131nda konu\u015fmak i\u00e7in kullanmak istiyoruz.<\/p>\n<\/p>\n                                                <div class=\"clear\"><\/div>\n                                            <\/div>\n\n                                                                                    <\/div>\n                                    <\/article>\n                                <\/div>\n                            \n                                <div id=\"post-8617\" class=\"aux-col post-8617\">\n                                    <article class=\"post column-entry post-8617 event_listing type-event_listing status-expired has-post-thumbnail hentry\">\n                                        <div class=\"entry-media\">\n                                            <div class=\"aux-media-frame aux-media-image aux-image-mask\">\n                                                <img decoding=\"async\"\n                                                loading=\"lazy\"\n                                                src=\"https:\/\/meeteu.eu\/wp-content\/uploads\/2022\/09\/15.9-SOTEU-MeetEU-EN-360x360-1.png\"\n                                                class=\"aux-attachment aux-featured-image aux-attachment-id-8618 aux-preload aux-has-preview\"\n                                                alt=\"\"\n                                                data-src=\"https:\/\/meeteu.eu\/wp-content\/uploads\/2022\/09\/15.9-SOTEU-MeetEU-EN-360x360-1.png\"\n                                                \/>\n                                            <\/div>\n                                        <\/div>\n\n                                        <header class=\"entry-header\">\n                                            <h4 class=\"entry-title\">\n                                                Ursula von der Leyen'in Avrupa Parlamentosu \u00f6n\u00fcnde yapt\u0131\u011f\u0131 Birli\u011fin Durumu konu\u015fmas\u0131                                            <\/h4>\n                                        <\/header>\n\n                                        <div class=\"entry-main\">\n                                            <div class=\"entry-info\">\n                                                <div class=\"event-date\">\n                                                                                                            <i class=\"fas fa-calendar-alt\"><\/i>&nbsp;\n                                                    \n                                                                                                            <span>15 Eyl\u00fcl 2020<\/span>\n                                                                                                        \n                                                    \n                                                                                                                                                        <\/div>\n\n                                                                                            <\/div>\n\n                                            <div class=\"entry-content\">\n                                                <p>\n<p>16 Eyl\u00fcl'de Komisyon Ba\u015fkan\u0131 Ursula von der Leyen, Avrupa Parlamentosu'nda y\u0131ll\u0131k Birli\u011fin Durumu konu\u015fmas\u0131n\u0131 yapacak. Daha sonra Avrupa Parlamentosu \u00dcyeleri \u00f6n\u00fcm\u00fczdeki y\u0131l\u0131n temel zorluklar\u0131n\u0131 tart\u0131\u015facaklar. Konu\u015fmadan bir g\u00fcn \u00f6nce, Avrupa Parlamentosu Almanya \u0130rtibat B\u00fcrosu Ba\u015fkan\u0131 Georg Pfeifer ve Avrupa Komisyonu Almanya Temsilcisi J\u00f6rg Wojahn, yakla\u015fan konu\u015fma hakk\u0131nda online bir brifing verecek ve sorular\u0131n\u0131z\u0131 yan\u0131tlayacaklar.<\/p>\n<\/p>\n                                                <div class=\"clear\"><\/div>\n                                            <\/div>\n\n                                                                                    <\/div>\n                                    <\/article>\n                                <\/div>\n                            \n                                <div id=\"post-8623\" class=\"aux-col post-8623\">\n                                    <article class=\"post column-entry post-8623 event_listing type-event_listing status-expired has-post-thumbnail hentry\">\n                                        <div class=\"entry-media\">\n                                            <div class=\"aux-media-frame aux-media-image aux-image-mask\">\n                                                <img decoding=\"async\"\n                                                loading=\"lazy\"\n                                                src=\"https:\/\/meeteu.eu\/wp-content\/uploads\/2022\/09\/EU-Workshop2-260x300-1.png\"\n                                                class=\"aux-attachment aux-featured-image aux-attachment-id-8624 aux-preload aux-has-preview\"\n                                                alt=\"\"\n                                                data-src=\"https:\/\/meeteu.eu\/wp-content\/uploads\/2022\/09\/EU-Workshop2-260x300-1.png\"\n                                                \/>\n                                            <\/div>\n                                        <\/div>\n\n                                        <header class=\"entry-header\">\n                                            <h4 class=\"entry-title\">\n                                                \u00c7al\u0131\u015ftay: AB kurumlar\u0131na giri\u015f                                            <\/h4>\n                                        <\/header>\n\n                                        <div class=\"entry-main\">\n                                            <div class=\"entry-info\">\n                                                <div class=\"event-date\">\n                                                                                                            <i class=\"fas fa-calendar-alt\"><\/i>&nbsp;\n                                                    \n                                                                                                            <span>11 Eyl\u00fcl 2020<\/span>\n                                                                                                        \n                                                    \n                                                                                                                                                        <\/div>\n\n                                                                                            <\/div>\n\n                                            <div class=\"entry-content\">\n                                                <p>\n<p>Avrupa Parlamentosu nas\u0131l se\u00e7ilir? AB Kurumlar\u0131 birlikte nas\u0131l \u00e7al\u0131\u015f\u0131r? Ve AB yeni yasalar\u0131 nas\u0131l kabul ediyor?<\/p>\n\n\n\n<p>Bu ve benzeri sorulara at\u00f6lye \u00e7al\u0131\u015fmam\u0131zda de\u011finece\u011fiz. Avrupa Birli\u011fi ve kurumlar\u0131 hakk\u0131nda de\u011ferli bilgiler edinecek veya sahip oldu\u011funuz bilgileri tazeleyeceksiniz. Bu da sizi AB siyasetini daha yak\u0131ndan takip etmeye ve Br\u00fcksel'de ya\u015fanan s\u00fcre\u00e7leri anlamaya haz\u0131rlayacakt\u0131r.<\/p>\n\n\n\n<p>Bu nedenle 11 A\u011fustos 2020 tarihinde TS\u0130 18:00'de bize kat\u0131l\u0131n ve AB-Kurumlar\u0131 hakk\u0131nda daha fazla bilgi edinin.<\/p>\n\n\n\n<p>Her kat\u0131l\u0131mc\u0131ya bir&nbsp;<strong>Avrupa Parlamentosu taraf\u0131ndan verilen kat\u0131l\u0131m belgesi<\/strong>&nbsp;Almanya'daki \u0130rtibat B\u00fcrosu.<\/p>\n\n\n\n<p>Konu\u015fmac\u0131:<br>Frank Burgd\u00f6rfer, Avrupa Komisyonu Avrupa Ekibi Uzman\u0131, Koblenz-Landau \u00dcniversitesi Avrupa Politikas\u0131 \u00d6\u011fretim G\u00f6revlisi<\/p>\n<\/p>\n                                                <div class=\"clear\"><\/div>\n                                            <\/div>\n\n                                                                                    <\/div>\n                                    <\/article>\n                                <\/div>\n                            \n                                <div id=\"post-8619\" class=\"aux-col post-8619\">\n                                    <article class=\"post column-entry post-8619 event_listing type-event_listing status-expired has-post-thumbnail hentry\">\n                                        <div class=\"entry-media\">\n                                            <div class=\"aux-media-frame aux-media-image aux-image-mask\">\n                                                <img decoding=\"async\"\n                                                loading=\"lazy\"\n                                                src=\"https:\/\/meeteu.eu\/wp-content\/uploads\/2022\/09\/Verschworungstheotheotheotheotheotheotheotheotheotheotheotheotheotheohrie.png\"\n                                                class=\"aux-attachment aux-featured-image aux-attachment-id-8620 aux-preload aux-has-preview\"\n                                                alt=\"\"\n                                                data-src=\"https:\/\/meeteu.eu\/wp-content\/uploads\/2022\/09\/Verschworungstheotheotheotheotheotheotheotheotheotheotheotheotheotheohrie.png\"\n                                                \/>\n                                            <\/div>\n                                        <\/div>\n\n                                        <header class=\"entry-header\">\n                                            <h4 class=\"entry-title\">\n                                                Koronavir\u00fcs Salg\u0131n\u0131nda Komplo Teorileri                                            <\/h4>\n                                        <\/header>\n\n                                        <div class=\"entry-main\">\n                                            <div class=\"entry-info\">\n                                                <div class=\"event-date\">\n                                                                                                            <i class=\"fas fa-calendar-alt\"><\/i>&nbsp;\n                                                    \n                                                                                                            <span>8 Eyl\u00fcl 2020<\/span>\n                                                                                                        \n                                                    \n                                                                                                                                                        <\/div>\n\n                                                                                            <\/div>\n\n                                            <div class=\"entry-content\">\n                                                <p>\n<p>Dr. Butter, \"Komplo Teorilerinin Kar\u015f\u0131la\u015ft\u0131rmal\u0131 Analizi\" ba\u015fl\u0131kl\u0131 COST Aksiyonunun Ba\u015fkan Yard\u0131mc\u0131s\u0131 ve Avrupa Ara\u015ft\u0131rma Konseyi (ERC) taraf\u0131ndan finanse edilen \"Pop\u00fclizm ve Komplo Teorisi (PACT)\" projesinin Ba\u015f Ara\u015ft\u0131rmac\u0131s\u0131d\u0131r. Proje, komplo teorilerinin farkl\u0131 Avrupa \u00fclkeleri (Avusturya, Macaristan, \u0130talya, Polonya), Brezilya ve Amerika Birle\u015fik Devletleri'ndeki pop\u00fclist hareketler i\u00e7in \u00f6nemini ara\u015ft\u0131rmaktad\u0131r.<\/p>\n\n\n\n<p>Konu\u015fmac\u0131:<br>Dr. Michael Butter (Tuebingen \u00dcniversitesi)<\/p>\n<\/p>\n                                                <div class=\"clear\"><\/div>\n                                            <\/div>\n\n                                                                                    <\/div>\n                                    <\/article>\n                                <\/div>\n                            \n                                <div id=\"post-8621\" class=\"aux-col post-8621\">\n                                    <article class=\"post column-entry post-8621 event_listing type-event_listing status-expired has-post-thumbnail hentry\">\n                                        <div class=\"entry-media\">\n                                            <div class=\"aux-media-frame aux-media-image aux-image-mask\">\n                                                <img decoding=\"async\"\n                                                loading=\"lazy\"\n                                                src=\"https:\/\/meeteu.eu\/wp-content\/uploads\/2022\/09\/Gahler-Visual.png\"\n                                                class=\"aux-attachment aux-featured-image aux-attachment-id-8622 aux-preload aux-has-preview\"\n                                                alt=\"\"\n                                                data-src=\"https:\/\/meeteu.eu\/wp-content\/uploads\/2022\/09\/Gahler-Visual.png\"\n                                                \/>\n                                            <\/div>\n                                        <\/div>\n\n                                        <header class=\"entry-header\">\n                                            <h4 class=\"entry-title\">\n                                                Bat\u0131 Balkanlar: Yar\u0131n\u0131n AB \u00fcyeleri? - Kat\u0131l\u0131m s\u00fcrecinde ilerleme ve zorluklar                                            <\/h4>\n                                        <\/header>\n\n                                        <div class=\"entry-main\">\n                                            <div class=\"entry-info\">\n                                                <div class=\"event-date\">\n                                                                                                            <i class=\"fas fa-calendar-alt\"><\/i>&nbsp;\n                                                    \n                                                                                                            <span>1 Eyl\u00fcl 2020<\/span>\n                                                                                                        \n                                                    \n                                                                                                                                                        <\/div>\n\n                                                                                            <\/div>\n\n                                            <div class=\"entry-content\">\n                                                <p>\n<p>Bat\u0131 Balkanlar AB'nin geni\u015fleme planlar\u0131nda merkezi bir rol oynamaktad\u0131r, ancak di\u011fer k\u00fcresel akt\u00f6rlerin giderek daha fazla \u00e7\u0131karlar\u0131n\u0131 korumaya \u00e7al\u0131\u015ft\u0131\u011f\u0131 bir b\u00f6lgede kat\u0131l\u0131m ko\u015fullar\u0131n\u0131n yerine getirilmesi ne kadar olas\u0131d\u0131r?<\/p>\n\n\n\n<p>Bu konuyu EPP Milletvekili ve D\u0131\u015f Politika S\u00f6zc\u00fcs\u00fc Michael Gahler ile konu\u015fal\u0131m<strong><\/strong><\/p>\n\n\n\n<p>Konu\u015fmac\u0131:<br>Michael Gahler, Avrupa Parlamentosu \u00dcyesi<\/p>\n<\/p>\n                                                <div class=\"clear\"><\/div>\n                                            <\/div>\n\n                                                                                    <\/div>\n                                    <\/article>\n                                <\/div>\n                            \n                                <div id=\"post-8625\" class=\"aux-col post-8625\">\n                                    <article class=\"post column-entry post-8625 event_listing type-event_listing status-expired has-post-thumbnail hentry\">\n                                        <div class=\"entry-media\">\n                                            <div class=\"aux-media-frame aux-media-image aux-image-mask\">\n                                                <img decoding=\"async\"\n                                                loading=\"lazy\"\n                                                src=\"https:\/\/meeteu.eu\/wp-content\/uploads\/2022\/09\/Brexit-Talk-Madeleina-Kay-360x360-1.png\"\n                                                class=\"aux-attachment aux-featured-image aux-attachment-id-8626 aux-preload aux-has-preview\"\n                                                alt=\"\"\n                                                data-src=\"https:\/\/meeteu.eu\/wp-content\/uploads\/2022\/09\/Brexit-Talk-Madeleina-Kay-360x360-1.png\"\n                                                \/>\n                                            <\/div>\n                                        <\/div>\n\n                                        <header class=\"entry-header\">\n                                            <h4 class=\"entry-title\">\n                                                #EUsupergirl Madeleina Kay ile Brexit Konu\u015fmas\u0131                                            <\/h4>\n                                        <\/header>\n\n                                        <div class=\"entry-main\">\n                                            <div class=\"entry-info\">\n                                                <div class=\"event-date\">\n                                                                                                            <i class=\"fas fa-calendar-alt\"><\/i>&nbsp;\n                                                    \n                                                                                                            <span>4 A\u011fustos 2020<\/span>\n                                                                                                        \n                                                    \n                                                                                                                                                        <\/div>\n\n                                                                                            <\/div>\n\n                                            <div class=\"entry-content\">\n                                                <p>\n<p>Birle\u015fik Krall\u0131k 31 Ocak 2020'de AB'den resmen ayr\u0131lm\u0131\u015fken gen\u00e7, Avrupa yanl\u0131s\u0131 ve Britanyal\u0131 olmak nas\u0131l bir \u015fey? Brexit olarak bilinen Birle\u015fik Krall\u0131k'\u0131n AB'den ayr\u0131lmas\u0131, \u0130ngiliz toplumunu bir\u00e7ok y\u00f6nden tedirgin etti. Brexit s\u00fcrecinde Madeleina Kay, \u00fclkesinde #EUSupergirl ad\u0131n\u0131 almas\u0131n\u0131 sa\u011flayan Avrupa yanl\u0131s\u0131 bir aktivist oldu.<\/p>\n\n\n\n<p>4 A\u011fustos 2020'de TS\u0130 18:00'de son y\u0131llardaki deneyimlerini payla\u015facak ve size Brexit'i \u00e7ok ki\u015fisel bir a\u00e7\u0131dan g\u00f6sterecek.<\/p>\n<\/p>\n                                                <div class=\"clear\"><\/div>\n                                            <\/div>\n\n                                                                                    <\/div>\n                                    <\/article>\n                                <\/div>\n                            \n                                <div id=\"post-8627\" class=\"aux-col post-8627\">\n                                    <article class=\"post column-entry post-8627 event_listing type-event_listing status-expired has-post-thumbnail hentry\">\n                                        <div class=\"entry-media\">\n                                            <div class=\"aux-media-frame aux-media-image aux-image-mask\">\n                                                <img decoding=\"async\"\n                                                loading=\"lazy\"\n                                                src=\"https:\/\/meeteu.eu\/wp-content\/uploads\/2022\/09\/graph-7.png\"\n                                                class=\"aux-attachment aux-featured-image aux-attachment-id-8408 aux-preload aux-has-preview\"\n                                                alt=\"\"\n                                                data-src=\"https:\/\/meeteu.eu\/wp-content\/uploads\/2022\/09\/graph-7.png\"\n                                                \/>\n                                            <\/div>\n                                        <\/div>\n\n                                        <header class=\"entry-header\">\n                                            <h4 class=\"entry-title\">\n                                                Avrupa kurtarma ve b\u00fct\u00e7e paketinin de\u011ferlendirilmesi - Barda\u011f\u0131n yar\u0131s\u0131 dolu mu yoksa yar\u0131s\u0131 bo\u015f mu?                                            <\/h4>\n                                        <\/header>\n\n                                        <div class=\"entry-main\">\n                                            <div class=\"entry-info\">\n                                                <div class=\"event-date\">\n                                                                                                            <i class=\"fas fa-calendar-alt\"><\/i>&nbsp;\n                                                    \n                                                                                                            <span>21 Temmuz 2020<\/span>\n                                                                                                        \n                                                    \n                                                                                                                                                        <\/div>\n\n                                                                                            <\/div>\n\n                                            <div class=\"entry-content\">\n                                                <p><\/p>\n                                                <div class=\"clear\"><\/div>\n                                            <\/div>\n\n                                                                                    <\/div>\n                                    <\/article>\n                                <\/div>\n                            \n                                <div id=\"post-8628\" class=\"aux-col post-8628\">\n                                    <article class=\"post column-entry post-8628 event_listing type-event_listing status-expired has-post-thumbnail hentry\">\n                                        <div class=\"entry-media\">\n                                            <div class=\"aux-media-frame aux-media-image aux-image-mask\">\n                                                <img decoding=\"async\"\n                                                loading=\"lazy\"\n                                                src=\"https:\/\/meeteu.eu\/wp-content\/uploads\/2022\/09\/graph-15.png\"\n                                                class=\"aux-attachment aux-featured-image aux-attachment-id-8405 aux-preload aux-has-preview\"\n                                                alt=\"\"\n                                                data-src=\"https:\/\/meeteu.eu\/wp-content\/uploads\/2022\/09\/graph-15.png\"\n                                                \/>\n                                            <\/div>\n                                        <\/div>\n\n                                        <header class=\"entry-header\">\n                                            <h4 class=\"entry-title\">\n                                                Columbus laboratuvar\u0131 ve di\u011fer ESA projeleri hakk\u0131nda bilmeniz gerekenler                                            <\/h4>\n                                        <\/header>\n\n                                        <div class=\"entry-main\">\n                                            <div class=\"entry-info\">\n                                                <div class=\"event-date\">\n                                                                                                            <i class=\"fas fa-calendar-alt\"><\/i>&nbsp;\n                                                    \n                                                                                                            <span>14 Temmuz 2020<\/span>\n                                                                                                        \n                                                    \n                                                                                                                                                        <\/div>\n\n                                                                                            <\/div>\n\n                                            <div class=\"entry-content\">\n                                                <p>\n<p>Avrupa uzayda ger\u00e7ekte ne yap\u0131yor? Columbus mod\u00fcl\u00fc nedir? Ve ESA nedir?<\/p>\n\n\n\n<p>Konu\u015fmac\u0131:<br>Lucas, Alman Havac\u0131l\u0131k ve Uzay Merkezi (DLR)<\/p>\n<\/p>\n                                                <div class=\"clear\"><\/div>\n                                            <\/div>\n\n                                                                                    <\/div>\n                                    <\/article>\n                                <\/div>\n                            \n                                <div id=\"post-8539\" class=\"aux-col post-8539\">\n                                    <article class=\"post column-entry post-8539 event_listing type-event_listing status-expired has-post-thumbnail hentry\">\n                                        <div class=\"entry-media\">\n                                            <div class=\"aux-media-frame aux-media-image aux-image-mask\">\n                                                <img decoding=\"async\"\n                                                loading=\"lazy\"\n                                                src=\"https:\/\/meeteu.eu\/wp-content\/uploads\/2022\/09\/EU-Election-Proposal-1.jpg\"\n                                                class=\"aux-attachment aux-featured-image aux-attachment-id-8540 aux-preload aux-has-preview\"\n                                                alt=\"\"\n                                                data-src=\"https:\/\/meeteu.eu\/wp-content\/uploads\/2022\/09\/EU-Election-Proposal-1.jpg\"\n                                                \/>\n                                            <\/div>\n                                        <\/div>\n\n                                        <header class=\"entry-header\">\n                                            <h4 class=\"entry-title\">\n                                                AB Se\u00e7im \u00d6nerisi - Bug\u00fcn nerede duruyoruz?                                            <\/h4>\n                                        <\/header>\n\n                                        <div class=\"entry-main\">\n                                            <div class=\"entry-info\">\n                                                <div class=\"event-date\">\n                                                                                                            <i class=\"fas fa-calendar-alt\"><\/i>&nbsp;\n                                                    \n                                                                                                            <span>13 Temmuz 2020<\/span>\n                                                                                                        \n                                                    \n                                                                                                                                                        <\/div>\n\n                                                                                            <\/div>\n\n                                            <div class=\"entry-content\">\n                                                <p>\n<p>Teklifi geli\u015ftirmeye ba\u015flad\u0131\u011f\u0131m\u0131zdan bu yana \u00e7ok \u015fey oldu: AP \u00fcyesi Daniel Freund ile bir fikir al\u0131\u015fveri\u015fi, ayr\u0131nt\u0131l\u0131 bir \u00e7al\u0131\u015fma belgesi, sizinle ve Avrupa hukuku uzmanlar\u0131yla \u00e7ok say\u0131da tart\u0131\u015fma - yolumuza devam ediyoruz.<\/p>\n\n\n\n<p>Geri bildirimler bizi \u015fu soruyla ba\u015f ba\u015fa b\u0131rakt\u0131: Avrupa siyasi partileri \u00f6nerimizde nas\u0131l bir rol oynuyor? Sadece Avrupal\u0131 siyasi gruplara bakmak yeterli mi? Bu sorulara cevap ar\u0131yoruz ve siz de bulmam\u0131za yard\u0131mc\u0131 olabilirsiniz!<\/p>\n\n\n\n<p>Teklifi okuyun ve etkinlik s\u0131ras\u0131nda g\u00f6r\u00fc\u015flerinizi payla\u015f\u0131n.<\/p>\n<\/p>\n                                                <div class=\"clear\"><\/div>\n                                            <\/div>\n\n                                                                                    <\/div>\n                                    <\/article>\n                                <\/div>\n                            \n                                <div id=\"post-8629\" class=\"aux-col post-8629\">\n                                    <article class=\"post column-entry post-8629 event_listing type-event_listing status-expired has-post-thumbnail hentry\">\n                                        <div class=\"entry-media\">\n                                            <div class=\"aux-media-frame aux-media-image aux-image-mask\">\n                                                <img decoding=\"async\"\n                                                loading=\"lazy\"\n                                                src=\"https:\/\/meeteu.eu\/wp-content\/uploads\/2022\/09\/Visual_EN-MeetEU_Event_July7_16hrs-300x300-1.png\"\n                                                class=\"aux-attachment aux-featured-image aux-attachment-id-8630 aux-preload aux-has-preview\"\n                                                alt=\"\"\n                                                data-src=\"https:\/\/meeteu.eu\/wp-content\/uploads\/2022\/09\/Visual_EN-MeetEU_Event_July7_16hrs-300x300-1.png\"\n                                                \/>\n                                            <\/div>\n                                        <\/div>\n\n                                        <header class=\"entry-header\">\n                                            <h4 class=\"entry-title\">\n                                                Almanya'n\u0131n AB Konseyi D\u00f6nem Ba\u015fkanl\u0131\u011f\u0131                                            <\/h4>\n                                        <\/header>\n\n                                        <div class=\"entry-main\">\n                                            <div class=\"entry-info\">\n                                                <div class=\"event-date\">\n                                                                                                            <i class=\"fas fa-calendar-alt\"><\/i>&nbsp;\n                                                    \n                                                                                                            <span>7 Temmuz 2020<\/span>\n                                                                                                        \n                                                    \n                                                                                                                                                        <\/div>\n\n                                                                                            <\/div>\n\n                                            <div class=\"entry-content\">\n                                                <p>\n<p>Almanya 1 Temmuz 2020'den itibaren AB Konseyi d\u00f6nem ba\u015fkanl\u0131\u011f\u0131n\u0131 y\u00fcr\u00fctecek. Brexit, AB'nin uzun vadeli b\u00fct\u00e7esi ve Koronavir\u00fcs pandemisinin sonu\u00e7lar\u0131 gibi pek \u00e7ok acil konunun \u00e7\u00f6z\u00fcme kavu\u015fturulmas\u0131 gerekiyor. Almanya'n\u0131n AB Konseyi'ne ba\u015fkanl\u0131k etmesi ne anlama geliyor? D\u00f6nem ba\u015fkanl\u0131\u011f\u0131n\u0131 nas\u0131l \u015fekillendirebilir? \u0130\u015fin i\u00e7inde kimler var? Neler \u00f6nemli olacak?<\/p>\n\n\n\n<p>Konu\u015fmac\u0131:<br>Thilo, Berlin'deki Avrupa Parlamentosu \u0130rtibat B\u00fcrosu Bas\u0131n Sorumlusu<\/p>\n<\/p>\n                                                <div class=\"clear\"><\/div>\n                                            <\/div>\n\n                                                                                    <\/div>\n                                    <\/article>\n                                <\/div>\n                            \n                                <div id=\"post-8631\" class=\"aux-col post-8631\">\n                                    <article class=\"post column-entry post-8631 event_listing type-event_listing status-expired has-post-thumbnail hentry\">\n                                        <div class=\"entry-media\">\n                                            <div class=\"aux-media-frame aux-media-image aux-image-mask\">\n                                                <img decoding=\"async\"\n                                                loading=\"lazy\"\n                                                src=\"https:\/\/meeteu.eu\/wp-content\/uploads\/2022\/09\/graph-14.png\"\n                                                class=\"aux-attachment aux-featured-image aux-attachment-id-8404 aux-preload aux-has-preview\"\n                                                alt=\"\"\n                                                data-src=\"https:\/\/meeteu.eu\/wp-content\/uploads\/2022\/09\/graph-14.png\"\n                                                \/>\n                                            <\/div>\n                                        <\/div>\n\n                                        <header class=\"entry-header\">\n                                            <h4 class=\"entry-title\">\n                                                Avrupa k\u00f6pr\u00fcs\u00fc kurucular\u0131 olarak birinci ku\u015fak akademisyenler? - AB kurumlar\u0131nda sosyal \u00e7e\u015fitlilik neden \u00f6nemli?                                            <\/h4>\n                                        <\/header>\n\n                                        <div class=\"entry-main\">\n                                            <div class=\"entry-info\">\n                                                <div class=\"event-date\">\n                                                                                                            <i class=\"fas fa-calendar-alt\"><\/i>&nbsp;\n                                                    \n                                                                                                            <span>30 Haziran 2020<\/span>\n                                                                                                        \n                                                    \n                                                                                                                                                        <\/div>\n\n                                                                                            <\/div>\n\n                                            <div class=\"entry-content\">\n                                                <p>\n<p>G\u00f6\u00e7men k\u00f6kenli ve akademisyen olmayan ailelerden gelen ki\u015filer, AB'nin \u00e7al\u0131\u015fma ortam\u0131nda \u00e7arp\u0131c\u0131 bir \u015fekilde yetersiz temsil edilmektedir. \"ArbeiterKind Br\u00fcssel\" giri\u015fimi, daha fazla birinci ku\u015fak akademisyeni Br\u00fcksel'de okumaya veya \u00e7al\u0131\u015fmaya te\u015fvik etmeyi ve ayn\u0131 zamanda Avrupa mahallesinde, \u00f6rne\u011fin AB meselelerini toplumun daha geni\u015f kesimlerine anla\u015f\u0131l\u0131r bir \u015fekilde a\u00e7\u0131klayabilen Avrupa fikrinin el\u00e7ileri olarak, \u00f6zel becerileri ve nitelikleri konusunda fark\u0131ndal\u0131\u011f\u0131 artt\u0131rmay\u0131 ama\u00e7lamaktad\u0131r.<\/p>\n\n\n\n<p>Konu\u015fmac\u0131:<br>Benedikt \"ArbeiterKind Br\u00fcssel\" (kelimenin tam anlam\u0131yla '\u0130\u015f\u00e7i s\u0131n\u0131f\u0131 \u00e7ocu\u011fu Br\u00fcksel') giri\u015fiminden.<\/p>\n<\/p>\n                                                <div class=\"clear\"><\/div>\n                                            <\/div>\n\n                                                                                    <\/div>\n                                    <\/article>\n                                <\/div>\n                            \n                                <div id=\"post-8632\" class=\"aux-col post-8632\">\n                                    <article class=\"post column-entry post-8632 event_listing type-event_listing status-expired has-post-thumbnail hentry\">\n                                        <div class=\"entry-media\">\n                                            <div class=\"aux-media-frame aux-media-image aux-image-mask\">\n                                                <img decoding=\"async\"\n                                                loading=\"lazy\"\n                                                src=\"https:\/\/meeteu.eu\/wp-content\/uploads\/2022\/09\/graph-12.png\"\n                                                class=\"aux-attachment aux-featured-image aux-attachment-id-8402 aux-preload aux-has-preview\"\n                                                alt=\"\"\n                                                data-src=\"https:\/\/meeteu.eu\/wp-content\/uploads\/2022\/09\/graph-12.png\"\n                                                \/>\n                                            <\/div>\n                                        <\/div>\n\n                                        <header class=\"entry-header\">\n                                            <h4 class=\"entry-title\">\n                                                Polonya'da Yarg\u0131n\u0131n Durumu                                            <\/h4>\n                                        <\/header>\n\n                                        <div class=\"entry-main\">\n                                            <div class=\"entry-info\">\n                                                <div class=\"event-date\">\n                                                                                                            <i class=\"fas fa-calendar-alt\"><\/i>&nbsp;\n                                                    \n                                                                                                            <span>24 Haziran 2020<\/span>\n                                                                                                        \n                                                    \n                                                                                                                                                        <\/div>\n\n                                                                                            <\/div>\n\n                                            <div class=\"entry-content\">\n                                                <p>\n<p>Birlikte analiz edelim: Ne durumday\u0131z? Oraya nas\u0131l ula\u015ft\u0131k?<\/p>\n\n\n\n<p>Konu\u015fmac\u0131:<br>Klaus, Avrupa'n\u0131n Nabz\u0131<\/p>\n<\/p>\n                                                <div class=\"clear\"><\/div>\n                                            <\/div>\n\n                                                                                    <\/div>\n                                    <\/article>\n                                <\/div>\n                            \n                                <div id=\"post-8633\" class=\"aux-col post-8633\">\n                                    <article class=\"post column-entry post-8633 event_listing type-event_listing status-expired has-post-thumbnail hentry\">\n                                        <div class=\"entry-media\">\n                                            <div class=\"aux-media-frame aux-media-image aux-image-mask\">\n                                                <img decoding=\"async\"\n                                                loading=\"lazy\"\n                                                src=\"https:\/\/meeteu.eu\/wp-content\/uploads\/2022\/09\/graph-14.png\"\n                                                class=\"aux-attachment aux-featured-image aux-attachment-id-8404 aux-preload aux-has-preview\"\n                                                alt=\"\"\n                                                data-src=\"https:\/\/meeteu.eu\/wp-content\/uploads\/2022\/09\/graph-14.png\"\n                                                \/>\n                                            <\/div>\n                                        <\/div>\n\n                                        <header class=\"entry-header\">\n                                            <h4 class=\"entry-title\">\n                                                AB Ba\u011f\u0131\u015f\u0131kl\u0131k Sistemi: \u0130hlal Prosed\u00fcr\u00fc Nas\u0131l \u00c7al\u0131\u015f\u0131r? \u0130\u015fe yar\u0131yor mu?                                            <\/h4>\n                                        <\/header>\n\n                                        <div class=\"entry-main\">\n                                            <div class=\"entry-info\">\n                                                <div class=\"event-date\">\n                                                                                                            <i class=\"fas fa-calendar-alt\"><\/i>&nbsp;\n                                                    \n                                                                                                            <span>16 Haziran 2020<\/span>\n                                                                                                        \n                                                    \n                                                                                                                                                        <\/div>\n\n                                                                                            <\/div>\n\n                                            <div class=\"entry-content\">\n                                                <p>\n<p>Neden bahsetti\u011fimiz hakk\u0131nda hi\u00e7bir fikriniz yok mu? Harika. Gelecek haftaki konu\u015fmam\u0131za kesinlikle kat\u0131lmal\u0131s\u0131n\u0131z;)<\/p>\n\n\n\n<p>Konu\u015fmac\u0131:<br>Klaus, Avrupa'n\u0131n Nabz\u0131<\/p>\n<\/p>\n                                                <div class=\"clear\"><\/div>\n                                            <\/div>\n\n                                                                                    <\/div>\n                                    <\/article>\n                                <\/div>\n                            \n                                <div id=\"post-8634\" class=\"aux-col post-8634\">\n                                    <article class=\"post column-entry post-8634 event_listing type-event_listing status-expired has-post-thumbnail hentry\">\n                                        <div class=\"entry-media\">\n                                            <div class=\"aux-media-frame aux-media-image aux-image-mask\">\n                                                <img decoding=\"async\"\n                                                loading=\"lazy\"\n                                                src=\"https:\/\/meeteu.eu\/wp-content\/uploads\/2022\/09\/graph-12.png\"\n                                                class=\"aux-attachment aux-featured-image aux-attachment-id-8402 aux-preload aux-has-preview\"\n                                                alt=\"\"\n                                                data-src=\"https:\/\/meeteu.eu\/wp-content\/uploads\/2022\/09\/graph-12.png\"\n                                                \/>\n                                            <\/div>\n                                        <\/div>\n\n                                        <header class=\"entry-header\">\n                                            <h4 class=\"entry-title\">\n                                                Avrupa Kurumlar\u0131nda Kariyer F\u0131rsatlar\u0131                                            <\/h4>\n                                        <\/header>\n\n                                        <div class=\"entry-main\">\n                                            <div class=\"entry-info\">\n                                                <div class=\"event-date\">\n                                                                                                            <i class=\"fas fa-calendar-alt\"><\/i>&nbsp;\n                                                    \n                                                                                                            <span>9 Haziran 2020<\/span>\n                                                                                                        \n                                                    \n                                                                                                                                                        <\/div>\n\n                                                                                            <\/div>\n\n                                            <div class=\"entry-content\">\n                                                <p>\n<p>AB kurumlar\u0131nda kariyer yapmakla ilgileniyorsan\u0131z, Talkroom 1'de bize kat\u0131lmay\u0131 unutmay\u0131n.<\/p>\n\n\n\n<p>Konu\u015fmac\u0131:<br>Berlin'deki Avrupa Parlamentosu \u0130rtibat B\u00fcrosundan Jill (Halkla \u0130li\u015fkiler Sorumlusu), Astrid (Halkla \u0130li\u015fkiler Sorumlusu) ve Annika (Stajyer)<\/p>\n<\/p>\n                                                <div class=\"clear\"><\/div>\n                                            <\/div>\n\n                                                                                    <\/div>\n                                    <\/article>\n                                <\/div>\n                            \n                                <div id=\"post-8635\" class=\"aux-col post-8635\">\n                                    <article class=\"post column-entry post-8635 event_listing type-event_listing status-expired has-post-thumbnail hentry\">\n                                        <div class=\"entry-media\">\n                                            <div class=\"aux-media-frame aux-media-image aux-image-mask\">\n                                                <img decoding=\"async\"\n                                                loading=\"lazy\"\n                                                src=\"https:\/\/meeteu.eu\/wp-content\/uploads\/2022\/09\/graph-6.png\"\n                                                class=\"aux-attachment aux-featured-image aux-attachment-id-8407 aux-preload aux-has-preview\"\n                                                alt=\"\"\n                                                data-src=\"https:\/\/meeteu.eu\/wp-content\/uploads\/2022\/09\/graph-6.png\"\n                                                \/>\n                                            <\/div>\n                                        <\/div>\n\n                                        <header class=\"entry-header\">\n                                            <h4 class=\"entry-title\">\n                                                Avrupa Birli\u011fi herkes i\u00e7in e\u015fit e\u011fitimi nas\u0131l sa\u011flayabilir?                                            <\/h4>\n                                        <\/header>\n\n                                        <div class=\"entry-main\">\n                                            <div class=\"entry-info\">\n                                                <div class=\"event-date\">\n                                                                                                            <i class=\"fas fa-calendar-alt\"><\/i>&nbsp;\n                                                    \n                                                                                                            <span>26 May\u0131s 2020<\/span>\n                                                                                                        \n                                                    \n                                                                                                                                                        <\/div>\n\n                                                                                            <\/div>\n\n                                            <div class=\"entry-content\">\n                                                <p>\n<p>Yoksulluk ve sosyal d\u0131\u015flanma pek \u00e7ok Avrupal\u0131 \u00e7ocu\u011fu e\u011fitim f\u0131rsatlar\u0131ndan mahrum b\u0131rak\u0131yor. Avrupa Birli\u011fi her \u00e7ocu\u011fun hayata adil bir ba\u015flang\u0131\u00e7 yapmas\u0131n\u0131 garanti alt\u0131na almak i\u00e7in ne yapabilir? Herkes i\u00e7in y\u00fcksek\u00f6\u011fretime eri\u015fimi nas\u0131l sa\u011flayabilir?<\/p>\n\n\n\n<p>Konu\u015fmac\u0131:<br>Moritz Wille, Almanya'da lise \u00f6\u011frencisi<\/p>\n<\/p>\n                                                <div class=\"clear\"><\/div>\n                                            <\/div>\n\n                                                                                    <\/div>\n                                    <\/article>\n                                <\/div>\n                            \n                                <div id=\"post-8636\" class=\"aux-col post-8636\">\n                                    <article class=\"post column-entry post-8636 event_listing type-event_listing status-expired has-post-thumbnail hentry\">\n                                        <div class=\"entry-media\">\n                                            <div class=\"aux-media-frame aux-media-image aux-image-mask\">\n                                                <img decoding=\"async\"\n                                                loading=\"lazy\"\n                                                src=\"https:\/\/meeteu.eu\/wp-content\/uploads\/2022\/09\/graph-7.png\"\n                                                class=\"aux-attachment aux-featured-image aux-attachment-id-8408 aux-preload aux-has-preview\"\n                                                alt=\"\"\n                                                data-src=\"https:\/\/meeteu.eu\/wp-content\/uploads\/2022\/09\/graph-7.png\"\n                                                \/>\n                                            <\/div>\n                                        <\/div>\n\n                                        <header class=\"entry-header\">\n                                            <h4 class=\"entry-title\">\n                                                AB'nin Korona krizine y\u00f6nelik mali m\u00fcdahalesine ili\u015fkin olgusal genel bak\u0131\u015f                                            <\/h4>\n                                        <\/header>\n\n                                        <div class=\"entry-main\">\n                                            <div class=\"entry-info\">\n                                                <div class=\"event-date\">\n                                                                                                            <i class=\"fas fa-calendar-alt\"><\/i>&nbsp;\n                                                    \n                                                                                                            <span>19 May\u0131s 2020<\/span>\n                                                                                                        \n                                                    \n                                                                                                                                                        <\/div>\n\n                                                                                            <\/div>\n\n                                            <div class=\"entry-content\">\n                                                <p>\n<p>Konu\u015fman\u0131n ard\u0131ndan sorular\u0131n\u0131z\u0131 sorabilir ve bizimle ekonomik \u00e7\u00f6k\u00fc\u015fle nas\u0131l m\u00fccadele edebilece\u011fimizi, hangi uzun vadeli toparlanma stratejisine ihtiyac\u0131m\u0131z oldu\u011funu ve AB d\u00fczeyinde bir harcama kontrol\u00fc olup olmamas\u0131 gerekti\u011fini tart\u0131\u015fabilirsiniz.<\/p>\n\n\n\n<p>Konu\u015fmac\u0131:<br>Willemijn de Jong, Halkla \u0130li\u015fkiler Sorumlusu ve Avrupa Parlamentosu Ekonomik ve Parasal \u0130\u015fler Komitesi (ECON) Sekretaryas\u0131 eski yetkilisi, Hollanda<\/p>\n<\/p>\n                                                <div class=\"clear\"><\/div>\n                                            <\/div>\n\n                                                                                    <\/div>\n                                    <\/article>\n                                <\/div>\n                            \n                                <div id=\"post-8637\" class=\"aux-col post-8637\">\n                                    <article class=\"post column-entry post-8637 event_listing type-event_listing status-expired has-post-thumbnail hentry\">\n                                        <div class=\"entry-media\">\n                                            <div class=\"aux-media-frame aux-media-image aux-image-mask\">\n                                                <img decoding=\"async\"\n                                                loading=\"lazy\"\n                                                src=\"https:\/\/meeteu.eu\/wp-content\/uploads\/2022\/09\/graph-15.png\"\n                                                class=\"aux-attachment aux-featured-image aux-attachment-id-8405 aux-preload aux-has-preview\"\n                                                alt=\"\"\n                                                data-src=\"https:\/\/meeteu.eu\/wp-content\/uploads\/2022\/09\/graph-15.png\"\n                                                \/>\n                                            <\/div>\n                                        <\/div>\n\n                                        <header class=\"entry-header\">\n                                            <h4 class=\"entry-title\">\n                                                Pandemi ve Ekonomik Etkilerini Birlikte Y\u00f6netme Zorlu\u011fu                                            <\/h4>\n                                        <\/header>\n\n                                        <div class=\"entry-main\">\n                                            <div class=\"entry-info\">\n                                                <div class=\"event-date\">\n                                                                                                            <i class=\"fas fa-calendar-alt\"><\/i>&nbsp;\n                                                    \n                                                                                                            <span>12 May\u0131s 2020<\/span>\n                                                                                                        \n                                                    \n                                                                                                                                                        <\/div>\n\n                                                                                            <\/div>\n\n                                            <div class=\"entry-content\">\n                                                <p>\n<p>Size biraz arka plan vermek i\u00e7in: 19 May\u0131s'ta (TS\u0130 18:00) Avrupa Parlamentosu Hollanda \u0130rtibat B\u00fcrosu Halkla \u0130li\u015fkiler Sorumlusu Willemijn de Jong ile AB'nin Korona krizine verdi\u011fi mali yan\u0131t hakk\u0131nda \u00f6zel bir konu\u015fma f\u0131rsat\u0131na sahip olaca\u011f\u0131z. Bu etkinli\u011fe haz\u0131rlan\u0131rken, bu AB Halkla \u0130li\u015fkiler Sorumlusunun m\u00fcsaitli\u011finden ger\u00e7ek anlamda faydalanabilmek i\u00e7in kilit sorular olarak g\u00f6rd\u00fc\u011f\u00fcm\u00fcz sorular\u0131 belirlemek istiyoruz.<\/p>\n<\/p>\n                                                <div class=\"clear\"><\/div>\n                                            <\/div>\n\n                                                                                    <\/div>\n                                    <\/article>\n                                <\/div>\n                            \n                                <div id=\"post-8638\" class=\"aux-col post-8638\">\n                                    <article class=\"post column-entry post-8638 event_listing type-event_listing status-expired has-post-thumbnail hentry\">\n                                        <div class=\"entry-media\">\n                                            <div class=\"aux-media-frame aux-media-image aux-image-mask\">\n                                                <img decoding=\"async\"\n                                                loading=\"lazy\"\n                                                src=\"https:\/\/meeteu.eu\/wp-content\/uploads\/2022\/09\/graph-14.png\"\n                                                class=\"aux-attachment aux-featured-image aux-attachment-id-8404 aux-preload aux-has-preview\"\n                                                alt=\"\"\n                                                data-src=\"https:\/\/meeteu.eu\/wp-content\/uploads\/2022\/09\/graph-14.png\"\n                                                \/>\n                                            <\/div>\n                                        <\/div>\n\n                                        <header class=\"entry-header\">\n                                            <h4 class=\"entry-title\">\n                                                G\u00f6r ve De\u011fi\u015ftir \/ Leonhard Hepermann ile Kitap Okuma                                            <\/h4>\n                                        <\/header>\n\n                                        <div class=\"entry-main\">\n                                            <div class=\"entry-info\">\n                                                <div class=\"event-date\">\n                                                                                                            <i class=\"fas fa-calendar-alt\"><\/i>&nbsp;\n                                                    \n                                                                                                            <span>7 May\u0131s 2020<\/span>\n                                                                                                        \n                                                    \n                                                                                                                                                        <\/div>\n\n                                                                                            <\/div>\n\n                                            <div class=\"entry-content\">\n                                                <p>\n<p>Konu\u015fmac\u0131:<br>Leonard Hepermann, gen\u00e7 bir Alman together.eu g\u00f6n\u00fcll\u00fcs\u00fc. Kitab\u0131 yeni Avrupa'n\u0131n neye benzemesi gerekti\u011fi ile ilgili. Ekolojik d\u00f6n\u00fc\u015f\u00fcm\u00fc nas\u0131l y\u00f6netece\u011fiz? Okumadan sonra Leonhard'a sorular sorabilir ve gelecekteki bir Avrupa i\u00e7in vizyonlar\u0131 tart\u0131\u015fabilirsiniz.<\/p>\n<\/p>\n                                                <div class=\"clear\"><\/div>\n                                            <\/div>\n\n                                                                                    <\/div>\n                                    <\/article>\n                                <\/div>\n                            \n                                <div id=\"post-8639\" class=\"aux-col post-8639\">\n                                    <article class=\"post column-entry post-8639 event_listing type-event_listing status-expired has-post-thumbnail hentry\">\n                                        <div class=\"entry-media\">\n                                            <div class=\"aux-media-frame aux-media-image aux-image-mask\">\n                                                <img decoding=\"async\"\n                                                loading=\"lazy\"\n                                                src=\"https:\/\/meeteu.eu\/wp-content\/uploads\/2022\/09\/graph-13.png\"\n                                                class=\"aux-attachment aux-featured-image aux-attachment-id-8403 aux-preload aux-has-preview\"\n                                                alt=\"\"\n                                                data-src=\"https:\/\/meeteu.eu\/wp-content\/uploads\/2022\/09\/graph-13.png\"\n                                                \/>\n                                            <\/div>\n                                        <\/div>\n\n                                        <header class=\"entry-header\">\n                                            <h4 class=\"entry-title\">\n                                                Koronavir\u00fcs uygulamas\u0131 - \u00fclkenizde neler oluyor?                                            <\/h4>\n                                        <\/header>\n\n                                        <div class=\"entry-main\">\n                                            <div class=\"entry-info\">\n                                                <div class=\"event-date\">\n                                                                                                            <i class=\"fas fa-calendar-alt\"><\/i>&nbsp;\n                                                    \n                                                                                                            <span>5 May\u0131s 2020<\/span>\n                                                                                                        \n                                                    \n                                                                                                                                                        <\/div>\n\n                                                                                            <\/div>\n\n                                            <div class=\"entry-content\">\n                                                <p>\n<p>Baz\u0131 AB \u00fcye \u00fclkeleri Covid-19'un yay\u0131lmas\u0131n\u0131 takip etmeye yard\u0131mc\u0131 olacak ak\u0131ll\u0131 telefon uygulamalar\u0131 tasarl\u0131yor. Bize kendi \u00fclkenizdeki durumun ne oldu\u011funu s\u00f6yleyin? Uygulama zorunlu mu yoksa g\u00f6n\u00fcll\u00fc m\u00fc olmal\u0131? Veri gizlili\u011fine kar\u015f\u0131 halk sa\u011fl\u0131\u011f\u0131 ne olacak? Avrupa ortak bir standart olu\u015fturmay\u0131 ba\u015farabilecek mi?<\/p>\n\n\n\n<p>Klaus'un sunu\u015fu, Avrupa'n\u0131n Nabz\u0131<\/p>\n<\/p>\n                                                <div class=\"clear\"><\/div>\n                                            <\/div>\n\n                                                                                    <\/div>\n                                    <\/article>\n                                <\/div>\n                            \n                                <div id=\"post-8640\" class=\"aux-col post-8640\">\n                                    <article class=\"post column-entry post-8640 event_listing type-event_listing status-expired has-post-thumbnail hentry\">\n                                        <div class=\"entry-media\">\n                                            <div class=\"aux-media-frame aux-media-image aux-image-mask\">\n                                                <img decoding=\"async\"\n                                                loading=\"lazy\"\n                                                src=\"https:\/\/meeteu.eu\/wp-content\/uploads\/2022\/09\/graph-12.png\"\n                                                class=\"aux-attachment aux-featured-image aux-attachment-id-8402 aux-preload aux-has-preview\"\n                                                alt=\"\"\n                                                data-src=\"https:\/\/meeteu.eu\/wp-content\/uploads\/2022\/09\/graph-12.png\"\n                                                \/>\n                                            <\/div>\n                                        <\/div>\n\n                                        <header class=\"entry-header\">\n                                            <h4 class=\"entry-title\">\n                                                Pandemi daha iklim dostu bir Avrupa i\u00e7in yeni bir ba\u015flang\u0131\u00e7 m\u0131?                                            <\/h4>\n                                        <\/header>\n\n                                        <div class=\"entry-main\">\n                                            <div class=\"entry-info\">\n                                                <div class=\"event-date\">\n                                                                                                            <i class=\"fas fa-calendar-alt\"><\/i>&nbsp;\n                                                    \n                                                                                                            <span>28 Nisan 2020<\/span>\n                                                                                                        \n                                                    \n                                                                                                                                                        <\/div>\n\n                                                                                            <\/div>\n\n                                            <div class=\"entry-content\">\n                                                <p>\n<p>Konu\u015fmac\u0131:<br>Lars, Lisans \u00f6\u011frencisi Avrupa \u00c7al\u0131\u015fmalar\u0131, Hollanda<\/p>\n<\/p>\n                                                <div class=\"clear\"><\/div>\n                                            <\/div>\n\n                                                                                    <\/div>\n                                    <\/article>\n                                <\/div>\n                            \n                                <div id=\"post-8491\" class=\"aux-col post-8491\">\n                                    <article class=\"post column-entry post-8491 event_listing type-event_listing status-expired has-post-thumbnail hentry\">\n                                        <div class=\"entry-media\">\n                                            <div class=\"aux-media-frame aux-media-image aux-image-mask\">\n                                                <img decoding=\"async\"\n                                                loading=\"lazy\"\n                                                src=\"https:\/\/meeteu.eu\/wp-content\/uploads\/2022\/09\/graph-7.png\"\n                                                class=\"aux-attachment aux-featured-image aux-attachment-id-8408 aux-preload aux-has-preview\"\n                                                alt=\"\"\n                                                data-src=\"https:\/\/meeteu.eu\/wp-content\/uploads\/2022\/09\/graph-7.png\"\n                                                \/>\n                                            <\/div>\n                                        <\/div>\n\n                                        <header class=\"entry-header\">\n                                            <h4 class=\"entry-title\">\n                                                Pandemi daha iklim dostu bir Avrupa i\u00e7in yeni bir ba\u015flang\u0131\u00e7 m\u0131?                                            <\/h4>\n                                        <\/header>\n\n                                        <div class=\"entry-main\">\n                                            <div class=\"entry-info\">\n                                                <div class=\"event-date\">\n                                                                                                            <i class=\"fas fa-calendar-alt\"><\/i>&nbsp;\n                                                    \n                                                                                                            <span>28 Nisan 2020<\/span>\n                                                                                                        \n                                                    \n                                                                                                                                                        <\/div>\n\n                                                                                            <\/div>\n\n                                            <div class=\"entry-content\">\n                                                <p>\n<p>Konu\u015fmac\u0131:<br>Lars, Lisans \u00f6\u011frencisi Avrupa \u00c7al\u0131\u015fmalar\u0131, Hollanda<\/p>\n<\/p>\n                                                <div class=\"clear\"><\/div>\n                                            <\/div>\n\n                                                                                    <\/div>\n                                    <\/article>\n                                <\/div>\n                            \n                                <div id=\"post-8641\" class=\"aux-col post-8641\">\n                                    <article class=\"post column-entry post-8641 event_listing type-event_listing status-expired has-post-thumbnail hentry\">\n                                        <div class=\"entry-media\">\n                                            <div class=\"aux-media-frame aux-media-image aux-image-mask\">\n                                                <img decoding=\"async\"\n                                                loading=\"lazy\"\n                                                src=\"https:\/\/meeteu.eu\/wp-content\/uploads\/2022\/09\/graph-6.png\"\n                                                class=\"aux-attachment aux-featured-image aux-attachment-id-8407 aux-preload aux-has-preview\"\n                                                alt=\"\"\n                                                data-src=\"https:\/\/meeteu.eu\/wp-content\/uploads\/2022\/09\/graph-6.png\"\n                                                \/>\n                                            <\/div>\n                                        <\/div>\n\n                                        <header class=\"entry-header\">\n                                            <h4 class=\"entry-title\">\n                                                Kendini ne kadar Avrupal\u0131 hissediyorsun?                                            <\/h4>\n                                        <\/header>\n\n                                        <div class=\"entry-main\">\n                                            <div class=\"entry-info\">\n                                                <div class=\"event-date\">\n                                                                                                            <i class=\"fas fa-calendar-alt\"><\/i>&nbsp;\n                                                    \n                                                                                                            <span>26 Nisan 2020<\/span>\n                                                                                                        \n                                                    \n                                                                                                                                                        <\/div>\n\n                                                                                                    <div class=\"event-location\">\n                                                                                                                    <i class=\"fas fa-thumbtack\"><\/i>&nbsp;\n                                                            <span>Zoom'da sanal etkinlik<\/span>\n                                                                                                            <\/div>\n\n                                                    <div class=\"event-language\">\n                                                                                                                    <i class=\"fas fa-globe\"><\/i>&nbsp;\n                                                            <span>\u0130ngilizce, \u00e7ok dilli altyaz\u0131larla<\/span>\n                                                                                                            <\/div>\n                                                                                            <\/div>\n\n                                            <div class=\"entry-content\">\n                                                <p>\n<p>Bu sunucudaki \u00e7o\u011fumuz Avrupa vatanda\u015f\u0131y\u0131z - ama Avrupal\u0131 hissetmek ne anlama geliyor? Kendinize so\u011fuk bir i\u00e7ecek (veya s\u0131cak bir kahve) al\u0131n ve bize anlat\u0131n.<\/p>\n<\/p>\n                                                <div class=\"clear\"><\/div>\n                                            <\/div>\n\n                                                                                    <\/div>\n                                    <\/article>\n                                <\/div>\n                            \n                                <div id=\"post-8647\" class=\"aux-col post-8647\">\n                                    <article class=\"post column-entry post-8647 event_listing type-event_listing status-expired has-post-thumbnail hentry\">\n                                        <div class=\"entry-media\">\n                                            <div class=\"aux-media-frame aux-media-image aux-image-mask\">\n                                                <img decoding=\"async\"\n                                                loading=\"lazy\"\n                                                src=\"https:\/\/meeteu.eu\/wp-content\/uploads\/2022\/09\/graph-13.png\"\n                                                class=\"aux-attachment aux-featured-image aux-attachment-id-8403 aux-preload aux-has-preview\"\n                                                alt=\"\"\n                                                data-src=\"https:\/\/meeteu.eu\/wp-content\/uploads\/2022\/09\/graph-13.png\"\n                                                \/>\n                                            <\/div>\n                                        <\/div>\n\n                                        <header class=\"entry-header\">\n                                            <h4 class=\"entry-title\">\n                                                ERASMUS ve Covid-19 - Sorular\u0131n\u0131z l\u00fctfen!                                            <\/h4>\n                                        <\/header>\n\n                                        <div class=\"entry-main\">\n                                            <div class=\"entry-info\">\n                                                <div class=\"event-date\">\n                                                                                                            <i class=\"fas fa-calendar-alt\"><\/i>&nbsp;\n                                                    \n                                                                                                            <span>21 Nisan 2020<\/span>\n                                                                                                        \n                                                    \n                                                                                                                                                        <\/div>\n\n                                                                                            <\/div>\n\n                                            <div class=\"entry-content\">\n                                                <p>\n<p>\"Bu yaz ERASMUS'a gitmek istiyorum - \u00fclkeyi terk edebilir miyim?\" - \"ERASMUS d\u00f6nemime ba\u015flamak i\u00e7in seyahat rezervasyonumu yapt\u0131rd\u0131m - ancak ev sahibi \u00fclkem s\u0131n\u0131rlar\u0131n\u0131 kapatt\u0131. Param iade edilecek mi?\" Koronavir\u00fcs d\u00f6neminde ERASMUS bir\u00e7ok soruyu g\u00fcndeme getiriyor.<\/p>\n\n\n\n<p>Konu\u015fmac\u0131:<br>ERASMUS \u00d6\u011frenci A\u011f\u0131 Almanya'dan (ESN) Michel Boehm<\/p>\n<\/p>\n                                                <div class=\"clear\"><\/div>\n                                            <\/div>\n\n                                                                                    <\/div>\n                                    <\/article>\n                                <\/div>\n                                                    <\/div>\n                        <\/section>\n                        <!-- widget-container -->\n                    <\/div>\n                <\/div>\n            <\/div>\n            <\/div>\n        <\/div>\n    <\/div>\n<\/div>\n\n<\/div>\n\t\t\t\t\t\t<\/div>\n\t\t\t\t<\/div>\n\t\t\t\t\t<\/div>\n\t\t<\/div>\n\t\t\t\t\t<\/div>\n\t\t<\/section>\n\t\t\t\t<section class=\"elementor-section elementor-top-section elementor-element elementor-element-06bc852 elementor-section-boxed elementor-section-height-default elementor-section-height-default\" data-id=\"06bc852\" data-element_type=\"section\">\n\t\t\t\t\t\t<div class=\"elementor-container elementor-column-gap-default\">\n\t\t\t\t\t<div class=\"aux-parallax-section elementor-column elementor-col-100 elementor-top-column elementor-element elementor-element-4727587\" data-id=\"4727587\" data-element_type=\"column\">\n\t\t\t<div class=\"elementor-widget-wrap elementor-element-populated\">\n\t\t\t\t\t\t<div class=\"elementor-element elementor-element-db68fd3 elementor-widget elementor-widget-aux_modern_button\" data-id=\"db68fd3\" data-element_type=\"widget\" data-widget_type=\"aux_modern_button.default\">\n\t\t\t\t<div class=\"elementor-widget-container\">\n\t\t\t\t\t    <div class=\"aux-modern-button-wrapper aux-modern-button-align-center\" >\n                    <a class=\"aux-modern-button aux-white aux-modern-button-md aux-modern-button-normal aux-modern-button-default aux-icon-left\" href=\"https:\/\/meeteu.eu\/tr\/events\/\">\n                <div class=\"aux-overlay\"><\/div>\n                                    <div class=\"aux-icon\">\n                        <i aria-hidden=\"true\" class=\"fas fa-archive\"><\/i>                    <\/div>\n                                <div class=\"aux-text\">\n<span class=\"aux-text-before\">G\u00fcncel Etkinlikler<\/span>                <\/div>\n            <\/a>\n            \n    <\/div>\n\n    \t\t\t\t<\/div>\n\t\t\t\t<\/div>\n\t\t\t\t\t<\/div>\n\t\t<\/div>\n\t\t\t\t\t<\/div>\n\t\t<\/section>\n\t\t\t\t<\/div>","protected":false},"excerpt":{"rendered":"<p>G\u00fcncel Etkinlikler<\/p>","protected":false},"author":1,"featured_media":0,"parent":0,"menu_order":0,"comment_status":"closed","ping_status":"closed","template":"","meta":{"iawp_total_views":0,"footnotes":""},"class_list":["post-8203","page","type-page","status-publish","hentry"],"_links":{"self":[{"href":"https:\/\/meeteu.eu\/tr\/wp-json\/wp\/v2\/pages\/8203","targetHints":{"allow":["GET"]}}],"collection":[{"href":"https:\/\/meeteu.eu\/tr\/wp-json\/wp\/v2\/pages"}],"about":[{"href":"https:\/\/meeteu.eu\/tr\/wp-json\/wp\/v2\/types\/page"}],"author":[{"embeddable":true,"href":"https:\/\/meeteu.eu\/tr\/wp-json\/wp\/v2\/users\/1"}],"replies":[{"embeddable":true,"href":"https:\/\/meeteu.eu\/tr\/wp-json\/wp\/v2\/comments?post=8203"}],"version-history":[{"count":0,"href":"https:\/\/meeteu.eu\/tr\/wp-json\/wp\/v2\/pages\/8203\/revisions"}],"wp:attachment":[{"href":"https:\/\/meeteu.eu\/tr\/wp-json\/wp\/v2\/media?parent=8203"}],"curies":[{"name":"wp","href":"https:\/\/api.w.org\/{rel}","templated":true}]}}