{"id":12281,"date":"2025-05-06T22:42:12","date_gmt":"2025-05-06T20:42:12","guid":{"rendered":"https:\/\/meeteu.eu\/?page_id=12281"},"modified":"2025-05-07T00:18:06","modified_gmt":"2025-05-06T22:18:06","slug":"berlin-changemakers","status":"publish","type":"page","link":"https:\/\/meeteu.eu\/tr\/berlin-changemakers\/","title":{"rendered":"Berlin Changemakers at the #EYE25"},"content":{"rendered":"<div data-elementor-type=\"wp-page\" data-elementor-id=\"12281\" class=\"elementor elementor-12281\" data-elementor-post-type=\"page\">\n\t\t\t\t\t\t<section class=\"elementor-section elementor-top-section elementor-element elementor-element-163e1bb elementor-section-content-middle elementor-section-boxed elementor-section-height-default elementor-section-height-default\" data-id=\"163e1bb\" data-element_type=\"section\">\n\t\t\t\t\t\t<div class=\"elementor-container elementor-column-gap-default\">\n\t\t\t\t\t<div class=\"aux-parallax-section elementor-column elementor-col-50 elementor-top-column elementor-element elementor-element-a51a0e4 bdt-motion-effect-wrapper\" data-id=\"a51a0e4\" data-element_type=\"column\" data-settings=\"{&quot;background_background&quot;:&quot;slideshow&quot;,&quot;background_slideshow_gallery&quot;:[{&quot;id&quot;:12287,&quot;url&quot;:&quot;https:\\\/\\\/meeteu.eu\\\/wp-content\\\/uploads\\\/2025\\\/05\\\/1686417022612_20230610_EP-145857H_DEN_0296-scaled.jpg&quot;}],&quot;background_slideshow_loop&quot;:&quot;yes&quot;,&quot;background_slideshow_slide_duration&quot;:5000,&quot;background_slideshow_slide_transition&quot;:&quot;fade&quot;,&quot;background_slideshow_transition_duration&quot;:500}\">\n\t\t\t<div class=\"elementor-widget-wrap elementor-element-populated\">\n\t\t\t\t\t<div class=\"elementor-background-overlay\"><\/div>\n\t\t\t\t\t\t<div class=\"elementor-element elementor-element-3a26417 elementor-widget elementor-widget-heading\" data-id=\"3a26417\" data-element_type=\"widget\" data-widget_type=\"heading.default\">\n\t\t\t\t<div class=\"elementor-widget-container\">\n\t\t\t\t\t<span class=\"elementor-heading-title elementor-size-default\">Resim: \u00a9 Avrupa Birli\u011fi 2023 - Kaynak : AP - Mathieu CUGNOT<\/span>\t\t\t\t<\/div>\n\t\t\t\t<\/div>\n\t\t\t\t\t<\/div>\n\t\t<\/div>\n\t\t\t\t<div class=\"aux-parallax-section elementor-column elementor-col-50 elementor-top-column elementor-element elementor-element-0b939a1\" data-id=\"0b939a1\" data-element_type=\"column\">\n\t\t\t<div class=\"elementor-widget-wrap elementor-element-populated\">\n\t\t\t\t\t\t<div class=\"elementor-element elementor-element-79afd3a aux-appear-watch-animation aux-fade-in-up-1 bdt-cursor-effects-yes elementor-widget elementor-widget-aux_modern_heading\" data-id=\"79afd3a\" data-element_type=\"widget\" data-settings=\"{&quot;element_pack_cursor_effects_show&quot;:&quot;yes&quot;,&quot;element_pack_cursor_effects_source&quot;:&quot;default&quot;,&quot;element_pack_cursor_effects_style&quot;:&quot;ep-cursor-style-1&quot;,&quot;element_pack_cursor_effects_speed&quot;:{&quot;unit&quot;:&quot;px&quot;,&quot;size&quot;:0.07499999999999999722444243843710864894092082977294921875,&quot;sizes&quot;:[]}}\" data-widget_type=\"aux_modern_heading.default\">\n\t\t\t\t<div class=\"elementor-widget-container\">\n\t\t\t\t\t<section class=\"aux-widget-modern-heading\">\n            <div class=\"aux-widget-inner\"><h1 class=\"aux-modern-heading-primary\">#EYE2025<\/h1><h3 class=\"aux-modern-heading-secondary\"><span class=\"aux-head-highlight\">Berlin Fark Yaratanlar Avrupa Gen\u00e7lik Etkinli\u011fi 2025'te<\/span><\/h3><div class=\"aux-modern-heading-description\"><p>18-30 ya\u015f aras\u0131 bir g\u00f6n\u00fcll\u00fc m\u00fcs\u00fcn\u00fcz? O zaman bizimle Strazburg'a gelin! 12-15 Haziran 2025 tarihleri aras\u0131nda Berlin'den bir grup genci Avrupa'n\u0131n en b\u00fcy\u00fck gen\u00e7lik demokrasi festivali olan Avrupa Gen\u00e7lik Etkinli\u011fi'ne (EYE) g\u00f6t\u00fcrece\u011fiz.<\/p><p>G\u00f6n\u00fcll\u00fc \u00e7al\u0131\u015fmalarda yer alan herkes kat\u0131labilir: spor kul\u00fcb\u00fcnde, k\u00fclt\u00fcrde, itfaiyede, gen\u00e7lik \u00e7al\u0131\u015fmalar\u0131nda, m\u00fcltecilere yard\u0131mda, kurtarma hizmetlerinde, kom\u015fulara yard\u0131mda, \u00e7evre korumada ...<\/p><\/div><\/div>\n        <\/section>\t\t\t\t<\/div>\n\t\t\t\t<\/div>\n\t\t\t\t<div class=\"elementor-element elementor-element-43529a4 elementor-widget elementor-widget-button\" data-id=\"43529a4\" data-element_type=\"widget\" data-widget_type=\"button.default\">\n\t\t\t\t<div class=\"elementor-widget-container\">\n\t\t\t\t\t\t\t\t\t<div class=\"elementor-button-wrapper\">\n\t\t\t\t\t<a class=\"elementor-button elementor-button-link elementor-size-sm\" href=\"https:\/\/forms.gle\/PANutxLcYq6qvrDK9\" rel=\"noopener\">\n\t\t\t\t\t\t<span class=\"elementor-button-content-wrapper\">\n\t\t\t\t\t\t\t\t\t<span class=\"elementor-button-text\">Buradan kay\u0131t olun<\/span>\n\t\t\t\t\t<\/span>\n\t\t\t\t\t<\/a>\n\t\t\t\t<\/div>\n\t\t\t\t\t\t\t\t<\/div>\n\t\t\t\t<\/div>\n\t\t\t\t\t<\/div>\n\t\t<\/div>\n\t\t\t\t\t<\/div>\n\t\t<\/section>\n\t\t<div class=\"aux-parallax-section elementor-element elementor-element-8e2c327 e-flex e-con-boxed e-con e-parent\" data-id=\"8e2c327\" data-element_type=\"container\">\n\t\t\t\t\t<div class=\"e-con-inner\">\n\t\t\t\t<div class=\"elementor-element elementor-element-3275b13 elementor-widget-divider--separator-type-pattern elementor-widget-divider--no-spacing elementor-widget-divider--view-line elementor-widget elementor-widget-divider\" data-id=\"3275b13\" data-element_type=\"widget\" data-widget_type=\"divider.default\">\n\t\t\t\t<div class=\"elementor-widget-container\">\n\t\t\t\t\t\t\t<div class=\"elementor-divider\" style=\"--divider-pattern-url: url(&quot;data:image\/svg+xml,%3Csvg xmlns=&#039;http:\/\/www.w3.org\/2000\/svg&#039; preserveAspectRatio=&#039;xMidYMid meet&#039; overflow=&#039;visible&#039; height=&#039;100%&#039; viewBox=&#039;0 0 126 26&#039; fill=&#039;black&#039; stroke=&#039;none&#039;%3E%3Cpath d=&#039;M3,10.2c2.6,0,2.6,2,2.6,3.2S4.4,16.5,3,16.5s-3-1.4-3-3.2S0.4,10.2,3,10.2z M18.8,10.2c1.7,0,3.2,1.4,3.2,3.2s-1.4,3.2-3.2,3.2c-1.7,0-3.2-1.4-3.2-3.2S17,10.2,18.8,10.2z M34.6,10.2c1.5,0,2.6,1.4,2.6,3.2s-0.5,3.2-1.9,3.2c-1.5,0-3.4-1.4-3.4-3.2S33.1,10.2,34.6,10.2z M50.5,10.2c1.7,0,3.2,1.4,3.2,3.2s-1.4,3.2-3.2,3.2c-1.7,0-3.3-0.9-3.3-2.6S48.7,10.2,50.5,10.2z M66.2,10.2c1.5,0,3.4,1.4,3.4,3.2s-1.9,3.2-3.4,3.2c-1.5,0-2.6-0.4-2.6-2.1S64.8,10.2,66.2,10.2z M82.2,10.2c1.7,0.8,2.6,1.4,2.6,3.2s-0.1,3.2-1.6,3.2c-1.5,0-3.7-1.4-3.7-3.2S80.5,9.4,82.2,10.2zM98.6,10.2c1.5,0,2.6,0.4,2.6,2.1s-1.2,4.2-2.6,4.2c-1.5,0-3.7-0.4-3.7-2.1S97.1,10.2,98.6,10.2z M113.4,10.2c1.2,0,2.2,0.9,2.2,3.2s-0.1,3.2-1.3,3.2s-3.1-1.4-3.1-3.2S112.2,10.2,113.4,10.2z&#039;\/%3E%3C\/svg%3E&quot;);\">\n\t\t\t<span class=\"elementor-divider-separator\">\n\t\t\t\t\t\t<\/span>\n\t\t<\/div>\n\t\t\t\t\t\t<\/div>\n\t\t\t\t<\/div>\n\t\t\t\t\t<\/div>\n\t\t\t\t<\/div>\n\t\t\t\t<section class=\"elementor-section elementor-top-section elementor-element elementor-element-7d2db0e elementor-section-boxed elementor-section-height-default elementor-section-height-default\" data-id=\"7d2db0e\" data-element_type=\"section\">\n\t\t\t\t\t\t<div class=\"elementor-container elementor-column-gap-default\">\n\t\t\t\t\t<div class=\"aux-parallax-section elementor-column elementor-col-100 elementor-top-column elementor-element elementor-element-e4b28c8\" data-id=\"e4b28c8\" data-element_type=\"column\">\n\t\t\t<div class=\"elementor-widget-wrap elementor-element-populated\">\n\t\t\t\t\t\t<section class=\"elementor-section elementor-inner-section elementor-element elementor-element-ca8a7b3 elementor-section-boxed elementor-section-height-default elementor-section-height-default\" data-id=\"ca8a7b3\" data-element_type=\"section\">\n\t\t\t\t\t\t<div class=\"elementor-container elementor-column-gap-default\">\n\t\t\t\t\t<div class=\"aux-parallax-section elementor-column elementor-col-33 elementor-inner-column elementor-element elementor-element-0fcf138 aux-appear-watch-animation aux-fade-in-right-2\" data-id=\"0fcf138\" data-element_type=\"column\">\n\t\t\t<div class=\"elementor-widget-wrap elementor-element-populated\">\n\t\t\t\t\t\t<div class=\"elementor-element elementor-element-62cf1b4 elementor-widget elementor-widget-aux_text\" data-id=\"62cf1b4\" data-element_type=\"widget\" data-widget_type=\"aux_text.default\">\n\t\t\t\t<div class=\"elementor-widget-container\">\n\t\t\t\t\t<section class=\"widget-container aux-widget-text aux-parent-au14fbbbca\">        <div class=\"aux-widget-advanced-text aux-wrap-style-simple aux-ico-pos- aux-text-left aux-text-resp- aux-text-color-dark aux-text-widget-bg-center\" >\n        \n            \n            <div class=\"aux-text-inner aux-text-widget-content\">\n                                <h4 class=\"col-title\">BERLIN SEYAHAT GRUBU EYE2025'E<\/h4>\n                                <h5 class=\"col-subtitle\">12.06 - 15.06 Strasbourg, Fransa<\/h5>\n\n                                <div class=\"widget-content\">\n                                        <p>Bizimle seyahat etmek, Berlin'in farkl\u0131 b\u00f6lgelerinden gelen di\u011fer gen\u00e7 g\u00f6n\u00fcll\u00fclerin yan\u0131 s\u0131ra Strazburg'da k\u0131tan\u0131n d\u00f6rt bir yan\u0131ndan gelen binlerce de\u011fi\u015fim yarat\u0131c\u0131s\u0131yla tan\u0131\u015fmak anlam\u0131na geliyor. Yolculu\u011fun yan\u0131 s\u0131ra MeetEU ayr\u0131ca\u00a0<\/p><p>\u00a0<\/p><p>\u00a0<\/p>                <\/div>\n                            <\/div>\n        <\/div>\n                    <div class=\"aux-text-widget-footer\">\n                <div class=\"aux-border-shape-none\">\n                                <\/div>\n            <\/div>\n        \n<\/section><!-- widget-container -->\t\t\t\t<\/div>\n\t\t\t\t<\/div>\n\t\t\t\t\t<\/div>\n\t\t<\/div>\n\t\t\t\t<div class=\"aux-parallax-section elementor-column elementor-col-33 elementor-inner-column elementor-element elementor-element-a87dad8 aux-appear-watch-animation aux-fade-in-right-2\" data-id=\"a87dad8\" data-element_type=\"column\">\n\t\t\t<div class=\"elementor-widget-wrap elementor-element-populated\">\n\t\t\t\t\t\t<div class=\"elementor-element elementor-element-5bd1092 elementor-widget elementor-widget-aux_text\" data-id=\"5bd1092\" data-element_type=\"widget\" data-widget_type=\"aux_text.default\">\n\t\t\t\t<div class=\"elementor-widget-container\">\n\t\t\t\t\t<section class=\"widget-container aux-widget-text aux-parent-aufb5036af\">        <div class=\"aux-widget-advanced-text aux-wrap-style-simple aux-ico-pos-top aux-text-left aux-text-resp- aux-text-color-dark aux-text-widget-bg-center\" >\n        \n                            <div class=\"aux-text-widget-header\"  >\n                        <div class=\"aux-ico-box aux-ico-large aux-ico-shape-round-rect aux-ico-clear\">\n                            <i aria-hidden=\"true\" class=\"aux-ico auxicon auxicon-cook-pan-pot-streamline\"><\/i>                        <\/div>\n                <\/div>\n            \n            <div class=\"aux-text-inner aux-text-widget-content\">\n                                <h4 class=\"col-title\">1. BIRLIKTE YEMEK PI\u015eIRMEK<\/h4>\n                                <div class=\"widget-content\">\n                                        <p>10 Haziran ak\u015fam\u0131, birlikte lezzetli bir yemek pi\u015firirken birbirimizi tan\u0131mak i\u00e7in Berlin'de bulu\u015faca\u011f\u0131z. Burada MeetEU'nun uluslararas\u0131 ekibinin bir b\u00f6l\u00fcm\u00fcyle de tan\u0131\u015facaks\u0131n\u0131z.\u00a0<\/p><p>\u00a0<\/p><p>\u00a0<\/p>                <\/div>\n                            <\/div>\n        <\/div>\n                    <div class=\"aux-text-widget-footer\">\n                <div class=\"aux-border-shape-none\">\n                                <\/div>\n            <\/div>\n        \n<\/section><!-- widget-container -->\t\t\t\t<\/div>\n\t\t\t\t<\/div>\n\t\t\t\t\t<\/div>\n\t\t<\/div>\n\t\t\t\t<div class=\"aux-parallax-section elementor-column elementor-col-33 elementor-inner-column elementor-element elementor-element-6362af2 aux-appear-watch-animation aux-fade-in-right-2\" data-id=\"6362af2\" data-element_type=\"column\">\n\t\t\t<div class=\"elementor-widget-wrap elementor-element-populated\">\n\t\t\t\t\t\t<div class=\"elementor-element elementor-element-ceec17e elementor-widget elementor-widget-aux_text\" data-id=\"ceec17e\" data-element_type=\"widget\" data-widget_type=\"aux_text.default\">\n\t\t\t\t<div class=\"elementor-widget-container\">\n\t\t\t\t\t<section class=\"widget-container aux-widget-text aux-parent-auc3715834\">        <div class=\"aux-widget-advanced-text aux-wrap-style-simple aux-ico-pos-top aux-text-left aux-text-resp- aux-text-color-dark aux-text-widget-bg-center\" >\n        \n                            <div class=\"aux-text-widget-header\"  >\n                        <div class=\"aux-ico-box aux-ico-large aux-ico-shape-round-rect aux-ico-clear\">\n                            <i aria-hidden=\"true\" class=\"aux-ico fas fa-train\"><\/i>                        <\/div>\n                <\/div>\n            \n            <div class=\"aux-text-inner aux-text-widget-content\">\n                                <h4 class=\"col-title\">2. G\u00d6ZLE ILGILENMEK2025<\/h4>\n                                <div class=\"widget-content\">\n                                        <p>Hep birlikte 12 Haziran Per\u015fembe sabah\u0131 trenle Strazburg'a gitmek \u00fczere bulu\u015faca\u011f\u0131z. \u0130ki g\u00fcn boyunca Strazburg'daki t\u00fcm heyecan verici etkinliklere kat\u0131lma f\u0131rsat\u0131n\u0131z olacak. Ay\u0131n 15'inde geri d\u00f6nece\u011fiz.<\/p>                <\/div>\n                            <\/div>\n        <\/div>\n                    <div class=\"aux-text-widget-footer\">\n                <div class=\"aux-border-shape-none\">\n                                <\/div>\n            <\/div>\n        \n<\/section><!-- widget-container -->\t\t\t\t<\/div>\n\t\t\t\t<\/div>\n\t\t\t\t\t<\/div>\n\t\t<\/div>\n\t\t\t\t\t<\/div>\n\t\t<\/section>\n\t\t\t\t\t<\/div>\n\t\t<\/div>\n\t\t\t\t\t<\/div>\n\t\t<\/section>\n\t\t<div class=\"aux-parallax-section elementor-element elementor-element-93dfdfa e-flex e-con-boxed e-con e-parent\" data-id=\"93dfdfa\" data-element_type=\"container\">\n\t\t\t\t\t<div class=\"e-con-inner\">\n\t\t\t\t<div class=\"elementor-element elementor-element-a1e874f elementor-widget-divider--separator-type-pattern elementor-widget-divider--no-spacing elementor-widget-divider--view-line elementor-widget elementor-widget-divider\" data-id=\"a1e874f\" data-element_type=\"widget\" data-widget_type=\"divider.default\">\n\t\t\t\t<div class=\"elementor-widget-container\">\n\t\t\t\t\t\t\t<div class=\"elementor-divider\" style=\"--divider-pattern-url: url(&quot;data:image\/svg+xml,%3Csvg xmlns=&#039;http:\/\/www.w3.org\/2000\/svg&#039; preserveAspectRatio=&#039;xMidYMid meet&#039; overflow=&#039;visible&#039; height=&#039;100%&#039; viewBox=&#039;0 0 126 26&#039; fill=&#039;black&#039; stroke=&#039;none&#039;%3E%3Cpath d=&#039;M3,10.2c2.6,0,2.6,2,2.6,3.2S4.4,16.5,3,16.5s-3-1.4-3-3.2S0.4,10.2,3,10.2z M18.8,10.2c1.7,0,3.2,1.4,3.2,3.2s-1.4,3.2-3.2,3.2c-1.7,0-3.2-1.4-3.2-3.2S17,10.2,18.8,10.2z M34.6,10.2c1.5,0,2.6,1.4,2.6,3.2s-0.5,3.2-1.9,3.2c-1.5,0-3.4-1.4-3.4-3.2S33.1,10.2,34.6,10.2z M50.5,10.2c1.7,0,3.2,1.4,3.2,3.2s-1.4,3.2-3.2,3.2c-1.7,0-3.3-0.9-3.3-2.6S48.7,10.2,50.5,10.2z M66.2,10.2c1.5,0,3.4,1.4,3.4,3.2s-1.9,3.2-3.4,3.2c-1.5,0-2.6-0.4-2.6-2.1S64.8,10.2,66.2,10.2z M82.2,10.2c1.7,0.8,2.6,1.4,2.6,3.2s-0.1,3.2-1.6,3.2c-1.5,0-3.7-1.4-3.7-3.2S80.5,9.4,82.2,10.2zM98.6,10.2c1.5,0,2.6,0.4,2.6,2.1s-1.2,4.2-2.6,4.2c-1.5,0-3.7-0.4-3.7-2.1S97.1,10.2,98.6,10.2z M113.4,10.2c1.2,0,2.2,0.9,2.2,3.2s-0.1,3.2-1.3,3.2s-3.1-1.4-3.1-3.2S112.2,10.2,113.4,10.2z&#039;\/%3E%3C\/svg%3E&quot;);\">\n\t\t\t<span class=\"elementor-divider-separator\">\n\t\t\t\t\t\t<\/span>\n\t\t<\/div>\n\t\t\t\t\t\t<\/div>\n\t\t\t\t<\/div>\n\t\t\t\t\t<\/div>\n\t\t\t\t<\/div>\n\t\t\t\t<\/div>","protected":false},"excerpt":{"rendered":"<p>Picture: \u00a9 European Union 2023 &#8211; Source : EP &#8211; Mathieu CUGNOT #EYE2025 Berlin Changemakers at the European Youth Event 2025 You&#8217;re a volunteer between 18 and 30? Then come with us to Strasbourg! From June 12 to 15, 2025, we will be taking a group of young people from Berlin to the European Youth [&hellip;]<\/p>","protected":false},"author":2,"featured_media":0,"parent":0,"menu_order":0,"comment_status":"closed","ping_status":"closed","template":"","meta":{"iawp_total_views":0,"footnotes":""},"class_list":["post-12281","page","type-page","status-publish","hentry"],"_links":{"self":[{"href":"https:\/\/meeteu.eu\/tr\/wp-json\/wp\/v2\/pages\/12281","targetHints":{"allow":["GET"]}}],"collection":[{"href":"https:\/\/meeteu.eu\/tr\/wp-json\/wp\/v2\/pages"}],"about":[{"href":"https:\/\/meeteu.eu\/tr\/wp-json\/wp\/v2\/types\/page"}],"author":[{"embeddable":true,"href":"https:\/\/meeteu.eu\/tr\/wp-json\/wp\/v2\/users\/2"}],"replies":[{"embeddable":true,"href":"https:\/\/meeteu.eu\/tr\/wp-json\/wp\/v2\/comments?post=12281"}],"version-history":[{"count":15,"href":"https:\/\/meeteu.eu\/tr\/wp-json\/wp\/v2\/pages\/12281\/revisions"}],"predecessor-version":[{"id":12930,"href":"https:\/\/meeteu.eu\/tr\/wp-json\/wp\/v2\/pages\/12281\/revisions\/12930"}],"wp:attachment":[{"href":"https:\/\/meeteu.eu\/tr\/wp-json\/wp\/v2\/media?parent=12281"}],"curies":[{"name":"wp","href":"https:\/\/api.w.org\/{rel}","templated":true}]}}