{"id":12067,"date":"2024-10-01T22:52:28","date_gmt":"2024-10-01T20:52:28","guid":{"rendered":"https:\/\/meeteu.eu\/?post_type=event_listing&#038;p=12067"},"modified":"2024-12-07T17:35:28","modified_gmt":"2024-12-07T16:35:28","slug":"how-to-stop-all-this-hate","status":"expired","type":"event_listing","link":"https:\/\/meeteu.eu\/pl\/wydarzenie\/how-to-stop-all-this-hate\/","title":{"rendered":"Jak powstrzyma\u0107 nienawi\u015b\u0107?"},"content":{"rendered":"<p>Rasistowskie komentarze w mediach spo\u0142eczno\u015bciowych, przemoc na tle p\u0142ciowym w przestrzeni publicznej czy ekstremizm polityczny: To tylko kilka przyk\u0142ad\u00f3w nienawi\u015bci w spo\u0142ecze\u0144stwie. Nienawi\u015b\u0107 ta powoduje wykluczenie i strach, stanowi\u0105c zagro\u017cenie dla naszego demokratycznego stylu \u017cycia. To niedopuszczalne. Dlatego musimy dzia\u0142a\u0107 teraz. <\/p>\n\n\n\n<p>W naszym demokratycznym spo\u0142ecze\u0144stwie ka\u017cdy musi mie\u0107 mo\u017cliwo\u015b\u0107 swobodnego wypowiadania si\u0119 bez obawy o przemoc s\u0142own\u0105 lub fizyczn\u0105. Dlatego musimy dzia\u0142a\u0107 teraz. <\/p>\n\n\n\n<p>Wsp\u00f3lnie z Arunem Mansukhanim, prelegentem TED-Talk i ekspertem w dziedzinie psychologii traumy, oraz Tommasso Chiamparino, ekspertem ds. polityki w Komisji Europejskiej, chcemy opracowa\u0107 konkretne propozycje rozwi\u0105zania problemu rosn\u0105cej nienawi\u015bci w Europie. <\/p>\n\n\n\n<p>Przeka\u017cemy te propozycje Platformie Zaanga\u017cowania Obywatelskiego Komisji Europejskiej. Je\u015bli uzyskaj\u0105 one wystarczaj\u0105ce poparcie, zostan\u0105 uwzgl\u0119dnione przy tworzeniu nowych przepis\u00f3w maj\u0105cych na celu zwalczanie nienawi\u015bci spo\u0142ecznej.<\/p>\n\n\n\n<figure class=\"wp-block-image size-large is-resized\"><img decoding=\"async\" width=\"105\" height=\"28\" src=\"https:\/\/meeteu.eu\/wp-content\/uploads\/2024\/04\/Logo_Eurometropole_Strasbourg.svg\" alt=\"\" class=\"wp-image-11694\" style=\"width:302px;height:auto\"\/><figcaption class=\"wp-element-caption\"><em>Wydarzenie to by\u0142o mo\u017cliwe dzi\u0119ki wsparciu miasta Strasburg<\/em><\/figcaption><\/figure>\n\n\n\n<p><\/p>","protected":false},"featured_media":12068,"template":"","meta":{"iawp_total_views":0},"event_listing_category":[],"event_listing_type":[],"class_list":["post-12067","event_listing","type-event_listing","status-expired","has-post-thumbnail","hentry"],"_links":{"self":[{"href":"https:\/\/meeteu.eu\/pl\/wp-json\/wp\/v2\/event_listing\/12067","targetHints":{"allow":["GET"]}}],"collection":[{"href":"https:\/\/meeteu.eu\/pl\/wp-json\/wp\/v2\/event_listing"}],"about":[{"href":"https:\/\/meeteu.eu\/pl\/wp-json\/wp\/v2\/types\/event_listing"}],"wp:featuredmedia":[{"embeddable":true,"href":"https:\/\/meeteu.eu\/pl\/wp-json\/wp\/v2\/media\/12068"}],"wp:attachment":[{"href":"https:\/\/meeteu.eu\/pl\/wp-json\/wp\/v2\/media?parent=12067"}],"wp:term":[{"taxonomy":"event_listing_category","embeddable":true,"href":"https:\/\/meeteu.eu\/pl\/wp-json\/wp\/v2\/event_listing_category?post=12067"},{"taxonomy":"event_listing_type","embeddable":true,"href":"https:\/\/meeteu.eu\/pl\/wp-json\/wp\/v2\/event_listing_type?post=12067"}],"curies":[{"name":"wp","href":"https:\/\/api.w.org\/{rel}","templated":true}]}}