{"id":8203,"date":"2022-09-08T02:25:22","date_gmt":"2022-09-08T01:25:22","guid":{"rendered":"http:\/\/dev.meeteu.eu\/?page_id=8203"},"modified":"2022-10-10T10:35:46","modified_gmt":"2022-10-10T08:35:46","slug":"events-archive","status":"publish","type":"page","link":"https:\/\/meeteu.eu\/nl\/events-archive\/","title":{"rendered":"Events Archive"},"content":{"rendered":"<div data-elementor-type=\"wp-page\" data-elementor-id=\"8203\" class=\"elementor elementor-8203\" data-elementor-post-type=\"page\">\n\t\t\t\t\t\t<section class=\"elementor-section elementor-top-section elementor-element elementor-element-1af6f7e elementor-section-boxed elementor-section-height-default elementor-section-height-default\" data-id=\"1af6f7e\" data-element_type=\"section\">\n\t\t\t\t\t\t<div class=\"elementor-container elementor-column-gap-default\">\n\t\t\t\t\t<div class=\"aux-parallax-section elementor-column elementor-col-100 elementor-top-column elementor-element elementor-element-76bfb25\" data-id=\"76bfb25\" data-element_type=\"column\">\n\t\t\t<div class=\"elementor-widget-wrap elementor-element-populated\">\n\t\t\t\t\t\t<div class=\"elementor-element elementor-element-dab1756 elementor-widget elementor-widget-shortcode\" data-id=\"dab1756\" data-element_type=\"widget\" data-widget_type=\"shortcode.default\">\n\t\t\t\t<div class=\"elementor-widget-container\">\n\t\t\t\t\t\t\t<div class=\"elementor-shortcode\">\n<div class=\"elementor-container elementor-column-gap-default\">\n    <div class=\"elementor-row\">\n        <div class=\"aux-parallax-section elementor-column elementor-col-100 elementor-top-column elementor-element elementor-element-meeteu-events-page-1\" data-id=\"meeteu-events-page-1\" data-element_type=\"column\">\n            <div class=\"elementor-column-wrap elementor-element-populated\">\n            <div class=\"elementor-widget-wrap\">\n                <div class=\"elementor-element elementor-element-meeteu-events-page-2 elementor-widget elementor-widget-aux_recent_posts_land_style\" data-id=\"meeteu-events-page-2\" data-element_type=\"widget\" data-widget_type=\"aux_recent_posts_land_style.default\">\n                    <div class=\"elementor-widget-container\">\n                        <section class=\"widget-container aux-widget-recent-posts-land aux-parent-meeteu\">\n                        <div data-element-id=\"meeteu\" class=\"aux-blog-land-style aux-ajax-view\">\n\n                            \n                                <div id=\"post-12863\" class=\"aux-col post-12863\">\n                                    <article class=\"post column-entry post-12863 event_listing type-event_listing status-expired has-post-thumbnail hentry\">\n                                        <div class=\"entry-media\">\n                                            <div class=\"aux-media-frame aux-media-image aux-image-mask\">\n                                                <img decoding=\"async\"\n                                                loading=\"lazy\"\n                                                src=\"https:\/\/meeteu.eu\/wp-content\/uploads\/2026\/01\/Decoding-The-Digital-Background.png\"\n                                                class=\"aux-attachment aux-featured-image aux-attachment-id-12864 aux-preload aux-has-preview\"\n                                                alt=\"\"\n                                                data-src=\"https:\/\/meeteu.eu\/wp-content\/uploads\/2026\/01\/Decoding-The-Digital-Background.png\"\n                                                \/>\n                                            <\/div>\n                                        <\/div>\n\n                                        <header class=\"entry-header\">\n                                            <h4 class=\"entry-title\">\n                                                Het digitale decoderen. AI-Deepfakes, Clickbait en Jij                                            <\/h4>\n                                        <\/header>\n\n                                        <div class=\"entry-main\">\n                                            <div class=\"entry-info\">\n                                                <div class=\"event-date\">\n                                                                                                            <i class=\"fas fa-calendar-alt\"><\/i>&nbsp;\n                                                    \n                                                                                                            <span>27 januari 2026<\/span>\n                                                                                                                                                                <span>19:00 (CEST)<\/span>\n                                                    \n                                                                                                            <span> - <\/span>\n                                                    \n                                                                                                            <span>27 januari 2026<\/span>\n                                                                                                                                                                <span>20:30 (CEST)<\/span>\n                                                                                                    <\/div>\n\n                                                                                                    <div class=\"event-location\">\n                                                                                                                    <i class=\"fas fa-thumbtack\"><\/i>&nbsp;\n                                                            <span>Virtueel evenement op Zoom<\/span>\n                                                                                                            <\/div>\n\n                                                    <div class=\"event-language\">\n                                                                                                                    <i class=\"fas fa-globe\"><\/i>&nbsp;\n                                                            <span>In het Engels, met meertalige bijschriften<\/span>\n                                                                                                            <\/div>\n                                                                                            <\/div>\n\n                                            <div class=\"entry-content\">\n                                                <p>\n<p>AI kan nieuws, stemmen en beelden binnen een paar seconden vervalsen en het wordt steeds moeilijker om te bepalen wat echt is. Doe mee aan deze interactieve sessie en leer de snelle controles waarmee je AI-gestuurde desinformatie kunt herkennen voordat je het deelt. <br><br>Je zult zien hoe deepfakes en synthetische media werken, hoe koppen en afbeeldingen subtiel worden gemanipuleerd en hoe context kan worden verdraaid. Geen technische achtergrond nodig, alleen praktische gewoonten die je meteen kunt gebruiken tijdens het scrollen of in groepschats. <br><br>Met als gast AI-beveiligingsexpert Eoin Reid, met voorbeelden uit de praktijk en praktische tips. Je zult vertrekken met een eenvoudige toolkit om te beslissen wat je moet vertrouwen, wat je moet verifi\u00ebren en wat je moet doen als je het niet zeker weet. Eoin werkt als beveiligingsanalist bij Vectra AI, een cyberbeveiligingsbedrijf dat organisaties helpt om aanvallen op te sporen en te stoppen.<\/p>\n\n\n\n<p>Dit is de derde van <strong>zes speciale ERASMUS+ evenementen<\/strong> over hoe je de digitale wereld de jouwe maakt, gefinancierd door het ERASMUS+ programma van de EU.<\/p>\n\n\n\n<p><em>Alle deelnemers onder de 30 kunnen een <a href=\"https:\/\/www.youthpass.eu\" rel=\"noopener\">Jongerenpas<\/a> Certificaat - een Europese erkenning van niet-formeel leren die goed staat op je CV.<\/em><\/p>\n\n\n\n<p><\/p>\n<\/p>\n                                                <div class=\"clear\"><\/div>\n                                            <\/div>\n\n                                                                                    <\/div>\n                                    <\/article>\n                                <\/div>\n                            \n                                <div id=\"post-12653\" class=\"aux-col post-12653\">\n                                    <article class=\"post column-entry post-12653 event_listing type-event_listing status-expired has-post-thumbnail hentry\">\n                                        <div class=\"entry-media\">\n                                            <div class=\"aux-media-frame aux-media-image aux-image-mask\">\n                                                <img decoding=\"async\"\n                                                loading=\"lazy\"\n                                                src=\"https:\/\/meeteu.eu\/wp-content\/uploads\/2025\/10\/Impartial-Political-Analysis_background.png\"\n                                                class=\"aux-attachment aux-featured-image aux-attachment-id-12654 aux-preload aux-has-preview\"\n                                                alt=\"\"\n                                                data-src=\"https:\/\/meeteu.eu\/wp-content\/uploads\/2025\/10\/Impartial-Political-Analysis_background.png\"\n                                                \/>\n                                            <\/div>\n                                        <\/div>\n\n                                        <header class=\"entry-header\">\n                                            <h4 class=\"entry-title\">\n                                                Helder zien in een gepolariseerde wereld                                            <\/h4>\n                                        <\/header>\n\n                                        <div class=\"entry-main\">\n                                            <div class=\"entry-info\">\n                                                <div class=\"event-date\">\n                                                                                                            <i class=\"fas fa-calendar-alt\"><\/i>&nbsp;\n                                                    \n                                                                                                            <span>16 december 2025<\/span>\n                                                                                                                                                                <span>19:00 (CEST)<\/span>\n                                                    \n                                                                                                            <span> - <\/span>\n                                                    \n                                                                                                            <span>16 december 2025<\/span>\n                                                                                                                                                                <span>20:00 (CEST)<\/span>\n                                                                                                    <\/div>\n\n                                                                                                    <div class=\"event-location\">\n                                                                                                                    <i class=\"fas fa-thumbtack\"><\/i>&nbsp;\n                                                            <span>Virtueel evenement op Zoom<\/span>\n                                                                                                            <\/div>\n\n                                                    <div class=\"event-language\">\n                                                                                                                    <i class=\"fas fa-globe\"><\/i>&nbsp;\n                                                            <span>In het Engels, met meertalige bijschriften<\/span>\n                                                                                                            <\/div>\n                                                                                            <\/div>\n\n                                            <div class=\"entry-content\">\n                                                <p>\n<p>Hoe kun je het volledige plaatje zien achter de politieke gebeurtenissen van vandaag? Hoe kun je kritisch beoordelen wat politici zeggen en eenzijdige argumenten herkennen? En hoe kun je narratieve valkuilen en persoonlijke vooroordelen vermijden?<\/p>\n\n\n\n<p>Chavdar Vlachkov, politiek econoom en analist, verschijnt regelmatig op de Bulgaarse tv als onafhankelijke stem. Hij heeft de kunst van onpartijdige analyse grondig bestudeerd en zal de belangrijkste vragen met je delen die je moet stellen om dichter bij de waarheid te komen.<\/p>\n\n\n\n<p><\/p>\n<\/p>\n                                                <div class=\"clear\"><\/div>\n                                            <\/div>\n\n                                                                                    <\/div>\n                                    <\/article>\n                                <\/div>\n                            \n                                <div id=\"post-12849\" class=\"aux-col post-12849\">\n                                    <article class=\"post column-entry post-12849 event_listing type-event_listing status-expired has-post-thumbnail hentry\">\n                                        <div class=\"entry-media\">\n                                            <div class=\"aux-media-frame aux-media-image aux-image-mask\">\n                                                <img decoding=\"async\"\n                                                loading=\"lazy\"\n                                                src=\"https:\/\/meeteu.eu\/wp-content\/uploads\/2025\/12\/Copy-of-Background-C-Green_Blue.png\"\n                                                class=\"aux-attachment aux-featured-image aux-attachment-id-12850 aux-preload aux-has-preview\"\n                                                alt=\"\"\n                                                data-src=\"https:\/\/meeteu.eu\/wp-content\/uploads\/2025\/12\/Copy-of-Background-C-Green_Blue.png\"\n                                                \/>\n                                            <\/div>\n                                        <\/div>\n\n                                        <header class=\"entry-header\">\n                                            <h4 class=\"entry-title\">\n                                                Word jij de volgende Europese Youtuber?                                            <\/h4>\n                                        <\/header>\n\n                                        <div class=\"entry-main\">\n                                            <div class=\"entry-info\">\n                                                <div class=\"event-date\">\n                                                                                                            <i class=\"fas fa-calendar-alt\"><\/i>&nbsp;\n                                                    \n                                                                                                            <span>9 december 2025<\/span>\n                                                                                                                                                                <span>19:00 (CEST)<\/span>\n                                                    \n                                                                                                            <span> - <\/span>\n                                                    \n                                                                                                            <span>9 december 2025<\/span>\n                                                                                                                                                                <span>20:00 (CEST)<\/span>\n                                                                                                    <\/div>\n\n                                                                                                    <div class=\"event-location\">\n                                                                                                                    <i class=\"fas fa-thumbtack\"><\/i>&nbsp;\n                                                            <span>Virtueel evenement op Zoom<\/span>\n                                                                                                            <\/div>\n\n                                                    <div class=\"event-language\">\n                                                                                                                    <i class=\"fas fa-globe\"><\/i>&nbsp;\n                                                            <span>In het Engels, met meertalige bijschriften<\/span>\n                                                                                                            <\/div>\n                                                                                            <\/div>\n\n                                            <div class=\"entry-content\">\n                                                <p>\n<p>Heb je er ooit over nagedacht om YouTuber te worden? Wat is er nodig om die droom te vervullen? Welke fouten kun je vermijden? Dinsdag, Lambertus van \"<a href=\"https:\/\/www.youtube.com\/c\/theeumadesimple\" rel=\"noopener\">EU eenvoudig gemaakt<\/a>\" (EUMS) zal ons alles vertellen over zijn reis. Doe mee en leer van zijn verhaal om een succesvolle Europese YouTuber te worden. EU Made Simple is een van de grootste YouTube-kanalen over Europese politiek.<\/p>\n\n\n\n<p><\/p>\n\n\n\n<p><\/p>\n\n\n\n<p><\/p>\n<\/p>\n                                                <div class=\"clear\"><\/div>\n                                            <\/div>\n\n                                                                                    <\/div>\n                                    <\/article>\n                                <\/div>\n                            \n                                <div id=\"post-12816\" class=\"aux-col post-12816\">\n                                    <article class=\"post column-entry post-12816 event_listing type-event_listing status-expired has-post-thumbnail hentry\">\n                                        <div class=\"entry-media\">\n                                            <div class=\"aux-media-frame aux-media-image aux-image-mask\">\n                                                <img decoding=\"async\"\n                                                loading=\"lazy\"\n                                                src=\"https:\/\/meeteu.eu\/wp-content\/uploads\/2025\/11\/Copy-of-Background-B-Yellow_Blue-12.png\"\n                                                class=\"aux-attachment aux-featured-image aux-attachment-id-12818 aux-preload aux-has-preview\"\n                                                alt=\"\"\n                                                data-src=\"https:\/\/meeteu.eu\/wp-content\/uploads\/2025\/11\/Copy-of-Background-B-Yellow_Blue-12.png\"\n                                                \/>\n                                            <\/div>\n                                        <\/div>\n\n                                        <header class=\"entry-header\">\n                                            <h4 class=\"entry-title\">\n                                                Estland - Waar Europa Rusland ontmoet                                            <\/h4>\n                                        <\/header>\n\n                                        <div class=\"entry-main\">\n                                            <div class=\"entry-info\">\n                                                <div class=\"event-date\">\n                                                                                                            <i class=\"fas fa-calendar-alt\"><\/i>&nbsp;\n                                                    \n                                                                                                            <span>25 november 2025<\/span>\n                                                                                                                                                                <span>19:00 (CEST)<\/span>\n                                                    \n                                                    \n                                                                                                                                                        <\/div>\n\n                                                                                                    <div class=\"event-location\">\n                                                                                                                    <i class=\"fas fa-thumbtack\"><\/i>&nbsp;\n                                                            <span>Virtueel evenement op Zoom<\/span>\n                                                                                                            <\/div>\n\n                                                    <div class=\"event-language\">\n                                                                                                                    <i class=\"fas fa-globe\"><\/i>&nbsp;\n                                                            <span>In het Engels, met meertalige bijschriften<\/span>\n                                                                                                            <\/div>\n                                                                                            <\/div>\n\n                                            <div class=\"entry-content\">\n                                                <p>\n<p>Met de toetreding van de Baltische staten in 2004 hadden de EU en de NAVO voor het eerst een directe grens met de opvolgerstaat van de voormalige Sovjet-Unie, de Russische Federatie, en ook met lidstaten met een aanzienlijke Russische minderheidsbevolking. De Baltische staten beschouwden deze toetredingsstap begrijpelijkerwijs als een levensverzekering tegen Russische pogingen om na de ineenstorting van de Sovjet-Unie opnieuw hegemonie over hun landen te krijgen. Ten laatste vanaf 2007 maakte de Russische Federatie duidelijk dat ze de toetreding van de Baltische staten tot de EU en de NAVO als een veiligheidsbedreiging beschouwde.<\/p>\n\n\n\n<p>In de jaren daarna zijn de spanningen tussen de EU\/NAVO en Rusland toegenomen en hebben een nieuw hoogtepunt bereikt met de Russische aanval op Oekra\u00efne in 2014 en 2022, en de toetreding van de voorheen neutrale landen Zweden en Finland tot de NAVO.<\/p>\n\n\n\n<p>In deze situatie hebben we Maris Hellrand, een prominente freelance journaliste uit Tallinn, Estland, uitgenodigd om met ons te praten over het leven op een brandpunt van nieuwe Oost-West-spanningen.<\/p>\n\n\n\n<p><\/p>\n<\/p>\n                                                <div class=\"clear\"><\/div>\n                                            <\/div>\n\n                                                                                    <\/div>\n                                    <\/article>\n                                <\/div>\n                            \n                                <div id=\"post-12814\" class=\"aux-col post-12814\">\n                                    <article class=\"post column-entry post-12814 event_listing type-event_listing status-expired has-post-thumbnail hentry\">\n                                        <div class=\"entry-media\">\n                                            <div class=\"aux-media-frame aux-media-image aux-image-mask\">\n                                                <img decoding=\"async\"\n                                                loading=\"lazy\"\n                                                src=\"https:\/\/meeteu.eu\/wp-content\/uploads\/2025\/11\/MERCOSUR-Trade-Agreement-Event-2025-2.png\"\n                                                class=\"aux-attachment aux-featured-image aux-attachment-id-12815 aux-preload aux-has-preview\"\n                                                alt=\"\"\n                                                data-src=\"https:\/\/meeteu.eu\/wp-content\/uploads\/2025\/11\/MERCOSUR-Trade-Agreement-Event-2025-2.png\"\n                                                \/>\n                                            <\/div>\n                                        <\/div>\n\n                                        <header class=\"entry-header\">\n                                            <h4 class=\"entry-title\">\n                                                De handelsovereenkomst met Mercosur - een reddingslijn voor de EU?                                            <\/h4>\n                                        <\/header>\n\n                                        <div class=\"entry-main\">\n                                            <div class=\"entry-info\">\n                                                <div class=\"event-date\">\n                                                                                                            <i class=\"fas fa-calendar-alt\"><\/i>&nbsp;\n                                                    \n                                                                                                            <span>18 november 2025<\/span>\n                                                                                                                                                                <span>19:00 (CEST)<\/span>\n                                                    \n                                                    \n                                                                                                                                                        <\/div>\n\n                                                                                                    <div class=\"event-location\">\n                                                                                                                    <i class=\"fas fa-thumbtack\"><\/i>&nbsp;\n                                                            <span>Virtueel evenement op Zoom<\/span>\n                                                                                                            <\/div>\n\n                                                    <div class=\"event-language\">\n                                                                                                                    <i class=\"fas fa-globe\"><\/i>&nbsp;\n                                                            <span>In het Engels, met meertalige bijschriften<\/span>\n                                                                                                            <\/div>\n                                                                                            <\/div>\n\n                                            <div class=\"entry-content\">\n                                                <p>\n<p>De handelsbesprekingen tussen de EU en Mercosur zijn in 1999 begonnen en in 2019 is er een principeakkoord bereikt. Uiteindelijk werd in december 2024 een overeenkomst over de vrijhandelsovereenkomst aangekondigd, die wacht op goedkeuring\/goedkeuring van ten minste 15 van de 27 EU-lidstaten.&nbsp;<\/p>\n\n\n\n<p>Het protectionistische handels- en tarievenbeleid van de nieuwe Amerikaanse regering onder president Trump heeft nu voor beide partijen een nieuwe stimulans en urgentie toegevoegd om de laatste obstakels voor het sluiten van de overeenkomst uit de weg te ruimen.<\/p>\n\n\n\n<p>We hebben Paolo Garzotti van de Europese Commissie (DG Handel) uitgenodigd om ons vertrouwd te maken met de huidige status, de resterende obstakels en de potenti\u00eble voordelen voor beide partijen.<\/p>\n\n\n\n<p><sup><a href=\"https:\/\/en.wikipedia.org\/wiki\/EU%E2%80%93Mercosur_Association_Agreement#cite_note-:0-7\" rel=\"noopener\"><\/a><\/sup><\/p>\n\n\n\n<p><\/p>\n<\/p>\n                                                <div class=\"clear\"><\/div>\n                                            <\/div>\n\n                                                                                    <\/div>\n                                    <\/article>\n                                <\/div>\n                            \n                                <div id=\"post-12810\" class=\"aux-col post-12810\">\n                                    <article class=\"post column-entry post-12810 event_listing type-event_listing status-expired has-post-thumbnail hentry\">\n                                        <div class=\"entry-media\">\n                                            <div class=\"aux-media-frame aux-media-image aux-image-mask\">\n                                                <img decoding=\"async\"\n                                                loading=\"lazy\"\n                                                src=\"https:\/\/meeteu.eu\/wp-content\/uploads\/2025\/11\/Copy-of-Background-A-Pink_Blue-9.png\"\n                                                class=\"aux-attachment aux-featured-image aux-attachment-id-12812 aux-preload aux-has-preview\"\n                                                alt=\"\"\n                                                data-src=\"https:\/\/meeteu.eu\/wp-content\/uploads\/2025\/11\/Copy-of-Background-A-Pink_Blue-9.png\"\n                                                \/>\n                                            <\/div>\n                                        <\/div>\n\n                                        <header class=\"entry-header\">\n                                            <h4 class=\"entry-title\">\n                                                Herfstvakantie - We nemen een week vrij                                            <\/h4>\n                                        <\/header>\n\n                                        <div class=\"entry-main\">\n                                            <div class=\"entry-info\">\n                                                <div class=\"event-date\">\n                                                                                                            <i class=\"fas fa-calendar-alt\"><\/i>&nbsp;\n                                                    \n                                                                                                            <span>11 november 2025<\/span>\n                                                                                                        \n                                                    \n                                                                                                                                                        <\/div>\n\n                                                                                                    <div class=\"event-location\">\n                                                                                                                    <i class=\"fas fa-thumbtack\"><\/i>&nbsp;\n                                                            <span>Virtueel evenement op Zoom<\/span>\n                                                                                                            <\/div>\n\n                                                    <div class=\"event-language\">\n                                                                                                                    <i class=\"fas fa-globe\"><\/i>&nbsp;\n                                                            <span>In het Engels, met meertalige bijschriften<\/span>\n                                                                                                            <\/div>\n                                                                                            <\/div>\n\n                                            <div class=\"entry-content\">\n                                                <p>\n<p>Wist je dat onze wekelijkse Events worden aangedreven door 100% vrijwilligers? Op dit moment heeft iedereen in het team het erg druk: Familiebezoek, examenfase, deadlines op het werk... Daarom hebben we besloten om elkaar een week pauze te gunnen, waarin we kunnen genieten van de kleurrijke vroege novemberdagen. Volgende week zijn we er weer voor jullie!<\/p>\n\n\n\n<p><\/p>\n<\/p>\n                                                <div class=\"clear\"><\/div>\n                                            <\/div>\n\n                                                                                    <\/div>\n                                    <\/article>\n                                <\/div>\n                            \n                                <div id=\"post-12805\" class=\"aux-col post-12805\">\n                                    <article class=\"post column-entry post-12805 event_listing type-event_listing status-expired has-post-thumbnail hentry\">\n                                        <div class=\"entry-media\">\n                                            <div class=\"aux-media-frame aux-media-image aux-image-mask\">\n                                                <img decoding=\"async\"\n                                                loading=\"lazy\"\n                                                src=\"https:\/\/meeteu.eu\/wp-content\/uploads\/2025\/10\/Norway-Elections-2025-1.png\"\n                                                class=\"aux-attachment aux-featured-image aux-attachment-id-12804 aux-preload aux-has-preview\"\n                                                alt=\"\"\n                                                data-src=\"https:\/\/meeteu.eu\/wp-content\/uploads\/2025\/10\/Norway-Elections-2025-1.png\"\n                                                \/>\n                                            <\/div>\n                                        <\/div>\n\n                                        <header class=\"entry-header\">\n                                            <h4 class=\"entry-title\">\n                                                Verkiezingsschok in Noorwegen: wat is er net gebeurd?!                                            <\/h4>\n                                        <\/header>\n\n                                        <div class=\"entry-main\">\n                                            <div class=\"entry-info\">\n                                                <div class=\"event-date\">\n                                                                                                            <i class=\"fas fa-calendar-alt\"><\/i>&nbsp;\n                                                    \n                                                                                                            <span>4 november 2025<\/span>\n                                                                                                                                                                <span>19:00 (CEST)<\/span>\n                                                    \n                                                    \n                                                                                                                                                        <\/div>\n\n                                                                                                    <div class=\"event-location\">\n                                                                                                                    <i class=\"fas fa-thumbtack\"><\/i>&nbsp;\n                                                            <span>Virtueel evenement op Zoom<\/span>\n                                                                                                            <\/div>\n\n                                                    <div class=\"event-language\">\n                                                                                                                    <i class=\"fas fa-globe\"><\/i>&nbsp;\n                                                            <span>In het Engels, met meertalige bijschriften<\/span>\n                                                                                                            <\/div>\n                                                                                            <\/div>\n\n                                            <div class=\"entry-content\">\n                                                <p>\n<p>Record opkomst. Een linkse premier die tegen de verwachtingen in overleeft. Een rechts-populistische partij die explodeert in steun en de luidste oppositiestem wordt. En dat alles beslist door een handvol zetels. Dat was Noorwegen op 8 september 2025.<\/p>\n\n\n\n<p><\/p>\n<\/p>\n                                                <div class=\"clear\"><\/div>\n                                            <\/div>\n\n                                                                                    <\/div>\n                                    <\/article>\n                                <\/div>\n                            \n                                <div id=\"post-12723\" class=\"aux-col post-12723\">\n                                    <article class=\"post column-entry post-12723 event_listing type-event_listing status-expired has-post-thumbnail hentry\">\n                                        <div class=\"entry-media\">\n                                            <div class=\"aux-media-frame aux-media-image aux-image-mask\">\n                                                <img decoding=\"async\"\n                                                loading=\"lazy\"\n                                                src=\"https:\/\/meeteu.eu\/wp-content\/uploads\/2025\/10\/Copy-of-Background-C-Green_Blue-9.png\"\n                                                class=\"aux-attachment aux-featured-image aux-attachment-id-12795 aux-preload aux-has-preview\"\n                                                alt=\"\"\n                                                data-src=\"https:\/\/meeteu.eu\/wp-content\/uploads\/2025\/10\/Copy-of-Background-C-Green_Blue-9.png\"\n                                                \/>\n                                            <\/div>\n                                        <\/div>\n\n                                        <header class=\"entry-header\">\n                                            <h4 class=\"entry-title\">\n                                                Je digitale jij                                            <\/h4>\n                                        <\/header>\n\n                                        <div class=\"entry-main\">\n                                            <div class=\"entry-info\">\n                                                <div class=\"event-date\">\n                                                                                                            <i class=\"fas fa-calendar-alt\"><\/i>&nbsp;\n                                                    \n                                                                                                            <span>28 oktober 2025<\/span>\n                                                                                                                                                                <span>19:00 (CEST)<\/span>\n                                                    \n                                                                                                            <span> - <\/span>\n                                                    \n                                                                                                            <span>28 oktober 2025<\/span>\n                                                                                                                                                                <span>20:30 (CEST)<\/span>\n                                                                                                    <\/div>\n\n                                                                                                    <div class=\"event-location\">\n                                                                                                                    <i class=\"fas fa-thumbtack\"><\/i>&nbsp;\n                                                            <span>Virtueel evenement op Zoom<\/span>\n                                                                                                            <\/div>\n\n                                                    <div class=\"event-language\">\n                                                                                                                    <i class=\"fas fa-globe\"><\/i>&nbsp;\n                                                            <span>In het Engels, met meertalige bijschriften<\/span>\n                                                                                                            <\/div>\n                                                                                            <\/div>\n\n                                            <div class=\"entry-content\">\n                                                <p>\n<p>Wat onthult jouw digitale voetafdruk over jou en wie volgt die? Samen met jongeren uit heel Europa ontdek je hoe jouw gegevens worden verzameld, wie ervan profiteert en hoe je de digitale wereld de jouwe kunt maken. Je zult een persoonlijk Privacy Actieplan meekrijgen waarmee je veilig en zelfverzekerd door de digitale wereld kunt navigeren.<\/p>\n\n\n\n<p>Onder leiding van Elina Eickst\u00e4dt, software-ingenieur, computerwetenschapper en woordvoerder bij <a href=\"https:\/\/www.ccc.de\/en\" rel=\"noopener\">Chaos Computer Club<\/a> (CCC), Europa's grootste vereniging van ethische hackers.<br><br>Dit is de eerste van <strong>zes speciale ERASMUS+ evenementen<\/strong> over hoe je de digitale wereld de jouwe maakt, gefinancierd door het Erasmus+ programma van de EU.<\/p>\n\n\n\n<p><em>Alle deelnemers onder de 30 jaar ontvangen een <a href=\"https:\/\/www.youthpass.eu\" rel=\"noopener\">Jongerenpas<\/a> Certificaat - een Europese erkenning van niet-formeel leren die goed staat op je CV.<\/em><\/p>\n\n\n\n<p><\/p>\n\n\n<div class=\"wp-block-image\">\n<figure class=\"alignright size-full\"><img decoding=\"async\" width=\"300\" height=\"63\" src=\"https:\/\/meeteu.eu\/wp-content\/uploads\/2025\/10\/grafik-2.png\" alt=\"Funded by the European Union\" class=\"wp-image-12758\" srcset=\"https:\/\/meeteu.eu\/wp-content\/uploads\/2025\/10\/grafik-2.png 300w, https:\/\/meeteu.eu\/wp-content\/uploads\/2025\/10\/grafik-2-18x4.png 18w\" sizes=\"(max-width: 300px) 100vw, 300px\" \/><\/figure>\n<\/div>\n\n\n<p><\/p>\n<\/p>\n                                                <div class=\"clear\"><\/div>\n                                            <\/div>\n\n                                                                                    <\/div>\n                                    <\/article>\n                                <\/div>\n                            \n                                <div id=\"post-12424\" class=\"aux-col post-12424\">\n                                    <article class=\"post column-entry post-12424 event_listing type-event_listing status-expired has-post-thumbnail hentry\">\n                                        <div class=\"entry-media\">\n                                            <div class=\"aux-media-frame aux-media-image aux-image-mask\">\n                                                <img decoding=\"async\"\n                                                loading=\"lazy\"\n                                                src=\"https:\/\/meeteu.eu\/wp-content\/uploads\/2025\/10\/Copy-of-Background-A-Pink_Blue-8.png\"\n                                                class=\"aux-attachment aux-featured-image aux-attachment-id-12425 aux-preload aux-has-preview\"\n                                                alt=\"\"\n                                                data-src=\"https:\/\/meeteu.eu\/wp-content\/uploads\/2025\/10\/Copy-of-Background-A-Pink_Blue-8.png\"\n                                                \/>\n                                            <\/div>\n                                        <\/div>\n\n                                        <header class=\"entry-header\">\n                                            <h4 class=\"entry-title\">\n                                                Burgerpanel: Maak Europa eerlijker voor alle generaties                                            <\/h4>\n                                        <\/header>\n\n                                        <div class=\"entry-main\">\n                                            <div class=\"entry-info\">\n                                                <div class=\"event-date\">\n                                                                                                            <i class=\"fas fa-calendar-alt\"><\/i>&nbsp;\n                                                    \n                                                                                                            <span>14 oktober 2025<\/span>\n                                                                                                                                                                <span>19:00 (CEST)<\/span>\n                                                    \n                                                                                                            <span> - <\/span>\n                                                    \n                                                                                                            <span>1 november 2025<\/span>\n                                                                                                                                                        <\/div>\n\n                                                                                                    <div class=\"event-location\">\n                                                                                                                    <i class=\"fas fa-thumbtack\"><\/i>&nbsp;\n                                                            <span>Virtueel evenement op Zoom<\/span>\n                                                                                                            <\/div>\n\n                                                    <div class=\"event-language\">\n                                                                                                                    <i class=\"fas fa-globe\"><\/i>&nbsp;\n                                                            <span>In het Engels, met meertalige bijschriften<\/span>\n                                                                                                            <\/div>\n                                                                                            <\/div>\n\n                                            <div class=\"entry-content\">\n                                                <p>\n<p>Klimaatverandering, pensioenstelsels &amp; leeftijdsdiscriminatie - In heel Europa bespreken we hoe onze samenlevingen moeten worden ingericht om ervoor te zorgen dat ze voor alle generaties even leefbaar en vol kansen zijn. De meesten van ons zijn het erover eens: Samenlevingen moeten eerlijk zijn. Maar je kijk op wat eerlijk is met betrekking tot de verdeling van middelen en toegang tot besluitvorming kan verschillen op basis van je leeftijdsgroep en levenservaring.<\/p>\n\n\n\n<p>Om eerlijkheid tussen de generaties te bevorderen en te bespreken, heeft de Europese Commissie een EU-brede online en persoonlijke raadpleging gelanceerd: Een Europees Burgerpanel. We hebben 2 van de 150 deelnemers uitgenodigd die in Brussel bijeenkwamen om te praten over rechtvaardigheid tussen generaties in Europa. Zij zullen vertellen waar zij aan hebben gewerkt.<\/p>\n\n\n\n<p>Daarna is het jouw beurt om je stem te laten horen. In breakout rooms wordt je gevraagd idee\u00ebn te ontwikkelen over hoe je de rechtvaardigheid tussen de generaties kunt verbeteren en deze te delen op het digitale \"Have Your Say\" platform van de Europese Commissie.<\/p>\n<\/p>\n                                                <div class=\"clear\"><\/div>\n                                            <\/div>\n\n                                                                                    <\/div>\n                                    <\/article>\n                                <\/div>\n                            \n                                <div id=\"post-12417\" class=\"aux-col post-12417\">\n                                    <article class=\"post column-entry post-12417 event_listing type-event_listing status-expired has-post-thumbnail hentry\">\n                                        <div class=\"entry-media\">\n                                            <div class=\"aux-media-frame aux-media-image aux-image-mask\">\n                                                <img decoding=\"async\"\n                                                loading=\"lazy\"\n                                                src=\"https:\/\/meeteu.eu\/wp-content\/uploads\/2025\/10\/AI_event_BACKGROUND.png\"\n                                                class=\"aux-attachment aux-featured-image aux-attachment-id-12419 aux-preload aux-has-preview\"\n                                                alt=\"\"\n                                                data-src=\"https:\/\/meeteu.eu\/wp-content\/uploads\/2025\/10\/AI_event_BACKGROUND.png\"\n                                                \/>\n                                            <\/div>\n                                        <\/div>\n\n                                        <header class=\"entry-header\">\n                                            <h4 class=\"entry-title\">\n                                                AI - of het einde van werk zoals we het kennen?                                            <\/h4>\n                                        <\/header>\n\n                                        <div class=\"entry-main\">\n                                            <div class=\"entry-info\">\n                                                <div class=\"event-date\">\n                                                                                                            <i class=\"fas fa-calendar-alt\"><\/i>&nbsp;\n                                                    \n                                                                                                            <span>7 oktober 2025<\/span>\n                                                                                                                                                                <span>19:00 (CEST)<\/span>\n                                                    \n                                                                                                            <span> - <\/span>\n                                                    \n                                                                                                            <span>7 oktober 2025<\/span>\n                                                                                                                                                                <span>20:00 (CEST)<\/span>\n                                                                                                    <\/div>\n\n                                                                                                    <div class=\"event-location\">\n                                                                                                                    <i class=\"fas fa-thumbtack\"><\/i>&nbsp;\n                                                            <span>Virtueel evenement op Zoom<\/span>\n                                                                                                            <\/div>\n\n                                                    <div class=\"event-language\">\n                                                                                                                    <i class=\"fas fa-globe\"><\/i>&nbsp;\n                                                            <span>In het Engels, met meertalige bijschriften<\/span>\n                                                                                                            <\/div>\n                                                                                            <\/div>\n\n                                            <div class=\"entry-content\">\n                                                <p>\n<p>Komt AI onze banen opeisen? Zal het massale werkloosheid veroorzaken of een enorme deur openen naar nieuwe soorten werk? Moeten we allemaal omscholen? Hoe moeten scholen en universiteiten zich hierop voorbereiden? Kan AI ons bevrijden van routinetaken en het leven zinvoller maken? Zo ja, hoe motiveren we werknemers om banen aan te nemen die AI niet kan doen? Hebben we een onvoorwaardelijk basisinkomen nodig? En welke rol moet het EU-beleid spelen in deze grote transformatie van de arbeidsmarkt? <\/p>\n\n\n\n<p>We stellen deze vragen aan Drago\u0219 Ad\u0103sc\u0103li\u021bei, onderzoeksmedewerker bij het EU-agentschap <a href=\"https:\/\/www.eurofound.europa.eu\/en\/home\" rel=\"noopener\">Eurofound<\/a> (Europese Stichting tot verbetering van de levens- en arbeidsomstandigheden). Drago\u0219 bestudeert de toekomst van werk: de invloed van AI op banen en de effecten van automatisering op de werkgelegenheid.<\/p>\n\n\n\n<p><\/p>\n<\/p>\n                                                <div class=\"clear\"><\/div>\n                                            <\/div>\n\n                                                                                    <\/div>\n                                    <\/article>\n                                <\/div>\n                            \n                                <div id=\"post-12412\" class=\"aux-col post-12412\">\n                                    <article class=\"post column-entry post-12412 event_listing type-event_listing status-expired has-post-thumbnail hentry\">\n                                        <div class=\"entry-media\">\n                                            <div class=\"aux-media-frame aux-media-image aux-image-mask\">\n                                                <img decoding=\"async\"\n                                                loading=\"lazy\"\n                                                src=\"https:\/\/meeteu.eu\/wp-content\/uploads\/2025\/09\/Copy-of-Background-C-Green_Blue-7.png\"\n                                                class=\"aux-attachment aux-featured-image aux-attachment-id-12414 aux-preload aux-has-preview\"\n                                                alt=\"\"\n                                                data-src=\"https:\/\/meeteu.eu\/wp-content\/uploads\/2025\/09\/Copy-of-Background-C-Green_Blue-7.png\"\n                                                \/>\n                                            <\/div>\n                                        <\/div>\n\n                                        <header class=\"entry-header\">\n                                            <h4 class=\"entry-title\">\n                                                Gemeenschapsevenement: Geo-Gebed EU Vakantiebestemmingen                                            <\/h4>\n                                        <\/header>\n\n                                        <div class=\"entry-main\">\n                                            <div class=\"entry-info\">\n                                                <div class=\"event-date\">\n                                                                                                            <i class=\"fas fa-calendar-alt\"><\/i>&nbsp;\n                                                    \n                                                                                                            <span>30 september 2025<\/span>\n                                                                                                                                                                <span>19:00 (CEST)<\/span>\n                                                    \n                                                    \n                                                                                                                                                        <\/div>\n\n                                                                                                    <div class=\"event-location\">\n                                                                                                                    <i class=\"fas fa-thumbtack\"><\/i>&nbsp;\n                                                            <span>Virtueel evenement op Zoom<\/span>\n                                                                                                            <\/div>\n\n                                                    <div class=\"event-language\">\n                                                                                                                    <i class=\"fas fa-globe\"><\/i>&nbsp;\n                                                            <span>In het Engels, met meertalige bijschriften<\/span>\n                                                                                                            <\/div>\n                                                                                            <\/div>\n\n                                            <div class=\"entry-content\">\n                                                <p>\n<p>Hoe goed ben jij in het geo-gokken van Europese steden? Veel van onze communityleden gebruikten de MeetEU zomervakantie om nieuwe horizonten te ontdekken. Ze verkenden, wandelden en genoten van steden en plaatsen die ze nog nooit eerder hadden gezien en van wat Europa te bieden heeft. We hebben ze gevraagd om wat foto's met ons te delen. En nu is het aan jou om te raden waar ze zijn geweest.<\/p>\n\n\n\n<p>We nodigen je uit om deel te nemen aan ons community-evenement en een aantal vakantiebestemmingen van onze community te geo-gokken.<\/p>\n<\/p>\n                                                <div class=\"clear\"><\/div>\n                                            <\/div>\n\n                                                                                    <\/div>\n                                    <\/article>\n                                <\/div>\n                            \n                                <div id=\"post-12401\" class=\"aux-col post-12401\">\n                                    <article class=\"post column-entry post-12401 event_listing type-event_listing status-expired has-post-thumbnail hentry\">\n                                        <div class=\"entry-media\">\n                                            <div class=\"aux-media-frame aux-media-image aux-image-mask\">\n                                                <img decoding=\"async\"\n                                                loading=\"lazy\"\n                                                src=\"https:\/\/meeteu.eu\/wp-content\/uploads\/2025\/09\/Copy-of-Background-A-Pink_Blue-6.png\"\n                                                class=\"aux-attachment aux-featured-image aux-attachment-id-12402 aux-preload aux-has-preview\"\n                                                alt=\"\"\n                                                data-src=\"https:\/\/meeteu.eu\/wp-content\/uploads\/2025\/09\/Copy-of-Background-A-Pink_Blue-6.png\"\n                                                \/>\n                                            <\/div>\n                                        <\/div>\n\n                                        <header class=\"entry-header\">\n                                            <h4 class=\"entry-title\">\n                                                Wacht... Social Media Made in Europe?                                            <\/h4>\n                                        <\/header>\n\n                                        <div class=\"entry-main\">\n                                            <div class=\"entry-info\">\n                                                <div class=\"event-date\">\n                                                                                                            <i class=\"fas fa-calendar-alt\"><\/i>&nbsp;\n                                                    \n                                                                                                            <span>23 september 2025<\/span>\n                                                                                                                                                                <span>19:00 (CEST)<\/span>\n                                                    \n                                                    \n                                                                                                                                                        <\/div>\n\n                                                                                                    <div class=\"event-location\">\n                                                                                                                    <i class=\"fas fa-thumbtack\"><\/i>&nbsp;\n                                                            <span>Virtueel evenement op Zoom<\/span>\n                                                                                                            <\/div>\n\n                                                    <div class=\"event-language\">\n                                                                                                                    <i class=\"fas fa-globe\"><\/i>&nbsp;\n                                                            <span>In het Engels, met meertalige bijschriften<\/span>\n                                                                                                            <\/div>\n                                                                                            <\/div>\n\n                                            <div class=\"entry-content\">\n                                                <p>\n<p>Het is het jaar 2025. <br>Sociale media worden gedomineerd door de VS en China. <br>De hele wereld gebruikt hun apps. <br><br>...De hele wereld?<br><br>Niet helemaal.<\/p>\n\n\n\n<p>Een klein, vastberaden team van Europese idealisten slaat terug - en mikt groots: Social Media, Made in Europe. <\/p>\n\n\n\n<p>Onder leiding van Christos Floros bouwen ze aan een alternatief voor Instagram en Facebook - geen verslavende algoritmes, geen eindeloze advertenties, geen verborgen politieke vooringenomenheid. Tenminste, zo beschrijft Christos het. <br><br>Maar kan het ook echt werken?<br>Welke functies biedt het?<br>En hoe ziet een \"human-first\" social media platform er eigenlijk uit?<br><br>We praten met Christos om erachter te komen - en jij bent uitgenodigd.<\/p>\n\n\n\n<p><\/p>\n\n\n\n<p><\/p>\n<\/p>\n                                                <div class=\"clear\"><\/div>\n                                            <\/div>\n\n                                                                                    <\/div>\n                                    <\/article>\n                                <\/div>\n                            \n                                <div id=\"post-12386\" class=\"aux-col post-12386\">\n                                    <article class=\"post column-entry post-12386 event_listing type-event_listing status-expired has-post-thumbnail hentry\">\n                                        <div class=\"entry-media\">\n                                            <div class=\"aux-media-frame aux-media-image aux-image-mask\">\n                                                <img decoding=\"async\"\n                                                loading=\"lazy\"\n                                                src=\"https:\/\/meeteu.eu\/wp-content\/uploads\/2025\/07\/Background-B-Yellow_Blue-1.png\"\n                                                class=\"aux-attachment aux-featured-image aux-attachment-id-12387 aux-preload aux-has-preview\"\n                                                alt=\"\"\n                                                data-src=\"https:\/\/meeteu.eu\/wp-content\/uploads\/2025\/07\/Background-B-Yellow_Blue-1.png\"\n                                                \/>\n                                            <\/div>\n                                        <\/div>\n\n                                        <header class=\"entry-header\">\n                                            <h4 class=\"entry-title\">\n                                                ERASMUS+ voor jeugdprojecten: Hoe werkt het?                                            <\/h4>\n                                        <\/header>\n\n                                        <div class=\"entry-main\">\n                                            <div class=\"entry-info\">\n                                                <div class=\"event-date\">\n                                                                                                            <i class=\"fas fa-calendar-alt\"><\/i>&nbsp;\n                                                    \n                                                                                                            <span>29 juli 2025<\/span>\n                                                                                                                                                                <span>19:00 (CEST)<\/span>\n                                                    \n                                                                                                            <span> - <\/span>\n                                                    \n                                                                                                            <span>29 juli 2025<\/span>\n                                                                                                                                                                <span>20:00 (CEST)<\/span>\n                                                                                                    <\/div>\n\n                                                                                                    <div class=\"event-location\">\n                                                                                                                    <i class=\"fas fa-thumbtack\"><\/i>&nbsp;\n                                                            <span>Virtueel evenement op Zoom<\/span>\n                                                                                                            <\/div>\n\n                                                    <div class=\"event-language\">\n                                                                                                                    <i class=\"fas fa-globe\"><\/i>&nbsp;\n                                                            <span>In het Engels, met meertalige bijschriften<\/span>\n                                                                                                            <\/div>\n                                                                                            <\/div>\n\n                                            <div class=\"entry-content\">\n                                                <p>\n<p>Geld vinden om jongeren in staat te stellen elkaar te ontmoeten en samen te leren kan soms een hele uitdaging zijn. Maar goed nieuws: in veel gevallen kan ERASMUS+ helpen. En het is misschien wel makkelijker om ervan te profiteren dan je denkt.<\/p>\n\n\n\n<p>Samen met Katarina van de Europese Commissie duiken we in de wereld van subsidieaanvragen en oproepen. Zij zal ons een beknopt overzicht geven van de verschillende manieren waarop ERASMUS+ de realisatie van jouw jeugdprojectidee kan ondersteunen.<\/p>\n\n\n\n<p>De beste: Katarina heeft jarenlange ervaring! Vergeet niet je vragen op te schrijven, want na haar presentatie houden we een vraag- en antwoordsessie met haar.<\/p>\n\n\n\n<p><\/p>\n<\/p>\n                                                <div class=\"clear\"><\/div>\n                                            <\/div>\n\n                                                                                    <\/div>\n                                    <\/article>\n                                <\/div>\n                            \n                                <div id=\"post-12382\" class=\"aux-col post-12382\">\n                                    <article class=\"post column-entry post-12382 event_listing type-event_listing status-expired has-post-thumbnail hentry\">\n                                        <div class=\"entry-media\">\n                                            <div class=\"aux-media-frame aux-media-image aux-image-mask\">\n                                                <img decoding=\"async\"\n                                                loading=\"lazy\"\n                                                src=\"https:\/\/meeteu.eu\/wp-content\/uploads\/2025\/07\/Copy-of-Background-C-Green_Blue-5.png\"\n                                                class=\"aux-attachment aux-featured-image aux-attachment-id-12383 aux-preload aux-has-preview\"\n                                                alt=\"\"\n                                                data-src=\"https:\/\/meeteu.eu\/wp-content\/uploads\/2025\/07\/Copy-of-Background-C-Green_Blue-5.png\"\n                                                \/>\n                                            <\/div>\n                                        <\/div>\n\n                                        <header class=\"entry-header\">\n                                            <h4 class=\"entry-title\">\n                                                Georgi\u00eb's strijd voor democratie: Waarom jij er iets toe zou moeten doen!                                            <\/h4>\n                                        <\/header>\n\n                                        <div class=\"entry-main\">\n                                            <div class=\"entry-info\">\n                                                <div class=\"event-date\">\n                                                                                                            <i class=\"fas fa-calendar-alt\"><\/i>&nbsp;\n                                                    \n                                                                                                            <span>22 juli 2025<\/span>\n                                                                                                                                                                <span>19:00 (CEST)<\/span>\n                                                    \n                                                                                                            <span> - <\/span>\n                                                    \n                                                                                                            <span>22 juli 2025<\/span>\n                                                                                                                                                                <span>20:00 (CEST)<\/span>\n                                                                                                    <\/div>\n\n                                                                                                    <div class=\"event-location\">\n                                                                                                                    <i class=\"fas fa-thumbtack\"><\/i>&nbsp;\n                                                            <span>Virtueel evenement op Zoom<\/span>\n                                                                                                            <\/div>\n\n                                                    <div class=\"event-language\">\n                                                                                                                    <i class=\"fas fa-globe\"><\/i>&nbsp;\n                                                            <span>In het Engels, met meertalige bijschriften<\/span>\n                                                                                                            <\/div>\n                                                                                            <\/div>\n\n                                            <div class=\"entry-content\">\n                                                <p>\n<p>Toen in heel Georgi\u00eb protesten uitbraken als reactie op het sluipende autoritarisme, vocht de burgermaatschappij terug en de wereld trok de aandacht. Maar wat gebeurde er echt, wat werkte precies, wat werkte niet en wat kunnen anderen ervan leren? <\/p>\n\n\n\n<p>Samen met onze gastsprekers zullen we meer te weten komen over de Georgische ervaring en onderzoeken hoe burgers, bewegingen en democratie\u00ebn in heel Europa op soortgelijke uitdagingen kunnen reageren. Van proteststrategie\u00ebn tot burgerbetrokkenheid op de lange termijn, wat is er nodig om weerstand te bieden aan democratische achteruitgang?<\/p>\n<\/p>\n                                                <div class=\"clear\"><\/div>\n                                            <\/div>\n\n                                                                                    <\/div>\n                                    <\/article>\n                                <\/div>\n                            \n                                <div id=\"post-12341\" class=\"aux-col post-12341\">\n                                    <article class=\"post column-entry post-12341 event_listing type-event_listing status-expired has-post-thumbnail hentry\">\n                                        <div class=\"entry-media\">\n                                            <div class=\"aux-media-frame aux-media-image aux-image-mask\">\n                                                <img decoding=\"async\"\n                                                loading=\"lazy\"\n                                                src=\"https:\/\/meeteu.eu\/wp-content\/uploads\/2025\/07\/Visual-ENISA-1A.png\"\n                                                class=\"aux-attachment aux-featured-image aux-attachment-id-12342 aux-preload aux-has-preview\"\n                                                alt=\"\"\n                                                data-src=\"https:\/\/meeteu.eu\/wp-content\/uploads\/2025\/07\/Visual-ENISA-1A.png\"\n                                                \/>\n                                            <\/div>\n                                        <\/div>\n\n                                        <header class=\"entry-header\">\n                                            <h4 class=\"entry-title\">\n                                                Cyberbeveiliging: Wie beschermt de infrastructuur waarop je vertrouwt?                                            <\/h4>\n                                        <\/header>\n\n                                        <div class=\"entry-main\">\n                                            <div class=\"entry-info\">\n                                                <div class=\"event-date\">\n                                                                                                            <i class=\"fas fa-calendar-alt\"><\/i>&nbsp;\n                                                    \n                                                                                                            <span>15 juli 2025<\/span>\n                                                                                                                                                                <span>19:00 (CEST)<\/span>\n                                                    \n                                                                                                            <span> - <\/span>\n                                                    \n                                                                                                            <span>15 juli 2025<\/span>\n                                                                                                                                                                <span>20:00 (CEST)<\/span>\n                                                                                                    <\/div>\n\n                                                                                                    <div class=\"event-location\">\n                                                                                                                    <i class=\"fas fa-thumbtack\"><\/i>&nbsp;\n                                                            <span>Virtueel evenement op Zoom<\/span>\n                                                                                                            <\/div>\n\n                                                    <div class=\"event-language\">\n                                                                                                                    <i class=\"fas fa-globe\"><\/i>&nbsp;\n                                                            <span>In het Engels, met meertalige bijschriften<\/span>\n                                                                                                            <\/div>\n                                                                                            <\/div>\n\n                                            <div class=\"entry-content\">\n                                                <p>\n<p>In 2024 vormden duizenden digitale aanvallen een gevaar voor het dagelijks leven dat we allemaal kennen. Ze tastten de betrouwbaarheid van ziekenhuizen aan, vertraagden overheidsdiensten en brachten ons in gevaar om de controle te verliezen over wie toegang heeft tot onze meest persoonlijke gegevens. Elke cyberaanval vormt een directe bedreiging voor ons allemaal. Maar wie beschermt ons?<\/p>\n\n\n\n<p>Naast nationale instellingen is het Agentschap voor Cyberbeveiliging van de Europese Unie (ENISA) een van de belangrijkste actoren op Europees niveau. Het werkt samen met lidstaten en EU-organen en helpt Europa zich voor te bereiden op de cyberuitdagingen van morgen.<\/p>\n\n\n\n<p>Neem deel aan onze uitwisseling met ENISA-experts Laura Heuvinck en Evangelos Kantas en ontdek wat de Europese Unie van plan is om onze - cyberspace - en levens veiliger te maken.<\/p>\n\n\n\n<p><\/p>\n<\/p>\n                                                <div class=\"clear\"><\/div>\n                                            <\/div>\n\n                                                                                    <\/div>\n                                    <\/article>\n                                <\/div>\n                            \n                                <div id=\"post-12335\" class=\"aux-col post-12335\">\n                                    <article class=\"post column-entry post-12335 event_listing type-event_listing status-expired has-post-thumbnail hentry\">\n                                        <div class=\"entry-media\">\n                                            <div class=\"aux-media-frame aux-media-image aux-image-mask\">\n                                                <img decoding=\"async\"\n                                                loading=\"lazy\"\n                                                src=\"https:\/\/meeteu.eu\/wp-content\/uploads\/2025\/06\/Background-B-Yellow_Blue.png\"\n                                                class=\"aux-attachment aux-featured-image aux-attachment-id-12336 aux-preload aux-has-preview\"\n                                                alt=\"\"\n                                                data-src=\"https:\/\/meeteu.eu\/wp-content\/uploads\/2025\/06\/Background-B-Yellow_Blue.png\"\n                                                \/>\n                                            <\/div>\n                                        <\/div>\n\n                                        <header class=\"entry-header\">\n                                            <h4 class=\"entry-title\">\n                                                Kun je de 1,5\u00b0C-doelstelling halen? Een simulatie van klimaatbeleid                                            <\/h4>\n                                        <\/header>\n\n                                        <div class=\"entry-main\">\n                                            <div class=\"entry-info\">\n                                                <div class=\"event-date\">\n                                                                                                            <i class=\"fas fa-calendar-alt\"><\/i>&nbsp;\n                                                    \n                                                                                                            <span>8 juli 2025<\/span>\n                                                                                                                                                                <span>19:00 (CEST)<\/span>\n                                                    \n                                                                                                            <span> - <\/span>\n                                                    \n                                                                                                            <span>8 juli 2025<\/span>\n                                                                                                                                                                <span>20:00 (CEST)<\/span>\n                                                                                                    <\/div>\n\n                                                                                                    <div class=\"event-location\">\n                                                                                                                    <i class=\"fas fa-thumbtack\"><\/i>&nbsp;\n                                                            <span>Virtueel evenement op Zoom<\/span>\n                                                                                                            <\/div>\n\n                                                    <div class=\"event-language\">\n                                                                                                                    <i class=\"fas fa-globe\"><\/i>&nbsp;\n                                                            <span>In het Engels, met meertalige bijschriften<\/span>\n                                                                                                            <\/div>\n                                                                                            <\/div>\n\n                                            <div class=\"entry-content\">\n                                                <p>\n<p>Wat als jij de wereldleider was die de klimaatcrisis moest oplossen? Test je idee\u00ebn in de&nbsp;<a href=\"https:\/\/www.climateinteractive.org\/en-roads\/\" rel=\"noopener\">En-ROADS klimaatsimulatie<\/a>&nbsp;workshop. Stel oplossingen voor zoals energie-effici\u00ebntie, koolstoftarieven, belastingen op fossiele brandstoffen, het terugdringen van ontbossing of het verwijderen van kooldioxide, en bekijk hun realtime impact op de wereldwijde temperatuur. Kun jij het doel van 1,5\u00b0C halen?<\/p>\n\n\n\n<p>Meer dan 6.500 leiders uit de overheid, NGO's, het bedrijfsleven en de academische wereld hebben deelgenomen aan deze workshop.<\/p>\n\n\n\n<p>Uw facilitator, En-ROADS ambassadeur&nbsp;<a href=\"https:\/\/www.climateinteractive.org\/en-roads\/climate-ambassadors\/ambassador\/bas-tuenter\/\" rel=\"noopener\">Bas Tuenter<\/a>is de oprichter van Sustainables, een start-up die zich richt op het hergebruiken van wegwerpartikelen uit het lab. Hij ontdekte de En-ROADS simulator tijdens zijn vrijwilligerswerk in de VN-klimaatruimte voor jongeren tijdens COP25.<\/p>\n<\/p>\n                                                <div class=\"clear\"><\/div>\n                                            <\/div>\n\n                                                                                    <\/div>\n                                    <\/article>\n                                <\/div>\n                            \n                                <div id=\"post-12333\" class=\"aux-col post-12333\">\n                                    <article class=\"post column-entry post-12333 event_listing type-event_listing status-expired has-post-thumbnail hentry\">\n                                        <div class=\"entry-media\">\n                                            <div class=\"aux-media-frame aux-media-image aux-image-mask\">\n                                                <img decoding=\"async\"\n                                                loading=\"lazy\"\n                                                src=\"https:\/\/meeteu.eu\/wp-content\/uploads\/2025\/06\/Copy-of-Background-C-Green_Blue-4.png\"\n                                                class=\"aux-attachment aux-featured-image aux-attachment-id-12334 aux-preload aux-has-preview\"\n                                                alt=\"\"\n                                                data-src=\"https:\/\/meeteu.eu\/wp-content\/uploads\/2025\/06\/Copy-of-Background-C-Green_Blue-4.png\"\n                                                \/>\n                                            <\/div>\n                                        <\/div>\n\n                                        <header class=\"entry-header\">\n                                            <h4 class=\"entry-title\">\n                                                Europees Jeugdevenement 2025: Lange rijen, grote momenten, echte verhalen                                            <\/h4>\n                                        <\/header>\n\n                                        <div class=\"entry-main\">\n                                            <div class=\"entry-info\">\n                                                <div class=\"event-date\">\n                                                                                                            <i class=\"fas fa-calendar-alt\"><\/i>&nbsp;\n                                                    \n                                                                                                            <span>1 juli 2025<\/span>\n                                                                                                                                                                <span>19:00 (CEST)<\/span>\n                                                    \n                                                                                                            <span> - <\/span>\n                                                    \n                                                                                                            <span>1 juli 2025<\/span>\n                                                                                                                                                                <span>20:00 (CEST)<\/span>\n                                                                                                    <\/div>\n\n                                                                                                    <div class=\"event-location\">\n                                                                                                                    <i class=\"fas fa-thumbtack\"><\/i>&nbsp;\n                                                            <span>Virtueel evenement op Zoom<\/span>\n                                                                                                            <\/div>\n\n                                                    <div class=\"event-language\">\n                                                                                                                    <i class=\"fas fa-globe\"><\/i>&nbsp;\n                                                            <span>In het Engels, met meertalige bijschriften<\/span>\n                                                                                                            <\/div>\n                                                                                            <\/div>\n\n                                            <div class=\"entry-content\">\n                                                <p>\n<p>Twee weken geleden reisde een groep jonge Berlijners tussen de 18 en 30 jaar samen met MeetEU naar het grootste democratische festival van Europa. Allemaal zetten ze zich vrijwillig in voor een zaak die hen na aan het hart ligt: taallessen geven aan migranten, Oekra\u00efne steunen of openbare ruimtes leefbaarder maken met kunst. <\/p>\n\n\n\n<p>Samen met het internationale team van MeetEU reisden ze naar het Europees Parlement in Straatsburg om persoonlijk te ervaren wat \"in verscheidenheid verenigd\" betekent op EU-niveau: Ze ontmoetten duizenden vrijwilligers en jonge betrokken mensen van over het hele continent en daarbuiten.<\/p>\n\n\n\n<p>Tijdens het evenement van deze week zullen we met jullie delen hoe de reis is verlopen, wat het European Youth Event is en wat het idee achter deze reis was. <\/p>\n\n\n\n<p><\/p>\n<\/p>\n                                                <div class=\"clear\"><\/div>\n                                            <\/div>\n\n                                                                                    <\/div>\n                                    <\/article>\n                                <\/div>\n                            \n                                <div id=\"post-12311\" class=\"aux-col post-12311\">\n                                    <article class=\"post column-entry post-12311 event_listing type-event_listing status-expired has-post-thumbnail hentry\">\n                                        <div class=\"entry-media\">\n                                            <div class=\"aux-media-frame aux-media-image aux-image-mask\">\n                                                <img decoding=\"async\"\n                                                loading=\"lazy\"\n                                                src=\"https:\/\/meeteu.eu\/wp-content\/uploads\/2025\/06\/Buy_European_pink_background.png\"\n                                                class=\"aux-attachment aux-featured-image aux-attachment-id-12312 aux-preload aux-has-preview\"\n                                                alt=\"\"\n                                                data-src=\"https:\/\/meeteu.eu\/wp-content\/uploads\/2025\/06\/Buy_European_pink_background.png\"\n                                                \/>\n                                            <\/div>\n                                        <\/div>\n\n                                        <header class=\"entry-header\">\n                                            <h4 class=\"entry-title\">\n                                                Europees kopen - een nieuwe consumentenbeweging?                                            <\/h4>\n                                        <\/header>\n\n                                        <div class=\"entry-main\">\n                                            <div class=\"entry-info\">\n                                                <div class=\"event-date\">\n                                                                                                            <i class=\"fas fa-calendar-alt\"><\/i>&nbsp;\n                                                    \n                                                                                                            <span>24 juni 2025<\/span>\n                                                                                                                                                                <span>19:00 (CEST)<\/span>\n                                                    \n                                                                                                            <span> - <\/span>\n                                                    \n                                                                                                            <span>24 juni 2025<\/span>\n                                                                                                                                                                <span>20:00 (CEST)<\/span>\n                                                                                                    <\/div>\n\n                                                                                                    <div class=\"event-location\">\n                                                                                                                    <i class=\"fas fa-thumbtack\"><\/i>&nbsp;\n                                                            <span>Virtueel evenement op Zoom<\/span>\n                                                                                                            <\/div>\n\n                                                    <div class=\"event-language\">\n                                                                                                                    <i class=\"fas fa-globe\"><\/i>&nbsp;\n                                                            <span>In het Engels, met meertalige bijschriften<\/span>\n                                                                                                            <\/div>\n                                                                                            <\/div>\n\n                                            <div class=\"entry-content\">\n                                                <p>\n<p>Sinds president Trump de wereld begon te dreigen met tarieven, is consumptie eens politiek geworden. In reactie daarop zijn leden van een Reddit-forum op zoek gegaan naar Europese alternatieven voor Amerikaanse producten.<\/p>\n\n\n\n<p>Marketingmanager Laura Catz heeft samen met 60 vrijwilligers deze verzameling idee\u00ebn omgezet in de online gids <em>Ga voor Europees<\/em>. Vandaag de dag biedt het meer dan 2300 suggesties voor Europese vervangers, vari\u00ebrend van e-maildiensten tot sportkleding.<\/p>\n\n\n\n<p>We spreken met Laura Catz over haar project, de impact van de \"Koop Europa\"-beweging, of Europese producten kunnen concurreren op prijs, hoe belangrijk duurzaamheid is en in welke sectoren Europa nog steeds niet zelfvoorzienend is.<\/p>\n\n\n\n<p><\/p>\n<\/p>\n                                                <div class=\"clear\"><\/div>\n                                            <\/div>\n\n                                                                                    <\/div>\n                                    <\/article>\n                                <\/div>\n                            \n                                <div id=\"post-12314\" class=\"aux-col post-12314\">\n                                    <article class=\"post column-entry post-12314 event_listing type-event_listing status-expired has-post-thumbnail hentry\">\n                                        <div class=\"entry-media\">\n                                            <div class=\"aux-media-frame aux-media-image aux-image-mask\">\n                                                <img decoding=\"async\"\n                                                loading=\"lazy\"\n                                                src=\"https:\/\/meeteu.eu\/wp-content\/uploads\/2025\/06\/Copy-of-Background-B-Yellow_Blue-7.png\"\n                                                class=\"aux-attachment aux-featured-image aux-attachment-id-12315 aux-preload aux-has-preview\"\n                                                alt=\"\"\n                                                data-src=\"https:\/\/meeteu.eu\/wp-content\/uploads\/2025\/06\/Copy-of-Background-B-Yellow_Blue-7.png\"\n                                                \/>\n                                            <\/div>\n                                        <\/div>\n\n                                        <header class=\"entry-header\">\n                                            <h4 class=\"entry-title\">\n                                                We brachten Berlijn naar het Europese Jeugdevenement                                            <\/h4>\n                                        <\/header>\n\n                                        <div class=\"entry-main\">\n                                            <div class=\"entry-info\">\n                                                <div class=\"event-date\">\n                                                                                                            <i class=\"fas fa-calendar-alt\"><\/i>&nbsp;\n                                                    \n                                                                                                            <span>12 juni 2025<\/span>\n                                                                                                                                                                <span>10:00 (CEST)<\/span>\n                                                    \n                                                                                                            <span> - <\/span>\n                                                    \n                                                                                                            <span>15 juni 2025<\/span>\n                                                                                                                                                                <span>22:30 (CEST)<\/span>\n                                                                                                    <\/div>\n\n                                                                                            <\/div>\n\n                                            <div class=\"entry-content\">\n                                                <p>\n<p>Meer dan 8.000 mensen namen dit jaar digitaal en persoonlijk deel aan het European Youth Event 2025. Met de steun van de Senat van Berlijn nodigde MeetEU 20 jonge Berlijners tussen de 18 en 30 jaar uit om deel te nemen aan Europa's grootste Democratiefestival voor jongeren.<\/p>\n\n\n\n<p>Elke deelnemer doet vrijwilligerswerk voor een doel dat hem of haar na aan het hart ligt: Talen onderwijzen, vluchtelingen helpen of kunst maken. Het European Youth Event was een unieke gelegenheid om mede-Europeanen te ontmoeten die actief zijn op soortgelijke gebieden, maar in verschillende landen, om te inspireren en ge\u00efnspireerd te raken.<\/p>\n\n\n\n<p><em>Ondersteund door de Berlijnse Staatskanselarij voor Europa<\/em><\/p>\n<\/p>\n                                                <div class=\"clear\"><\/div>\n                                            <\/div>\n\n                                                                                    <\/div>\n                                    <\/article>\n                                <\/div>\n                            \n                                <div id=\"post-12316\" class=\"aux-col post-12316\">\n                                    <article class=\"post column-entry post-12316 event_listing type-event_listing status-expired has-post-thumbnail hentry\">\n                                        <div class=\"entry-media\">\n                                            <div class=\"aux-media-frame aux-media-image aux-image-mask\">\n                                                <img decoding=\"async\"\n                                                loading=\"lazy\"\n                                                src=\"https:\/\/meeteu.eu\/wp-content\/uploads\/2025\/06\/Copy-of-Background-B-Yellow_Blue-8.png\"\n                                                class=\"aux-attachment aux-featured-image aux-attachment-id-12319 aux-preload aux-has-preview\"\n                                                alt=\"\"\n                                                data-src=\"https:\/\/meeteu.eu\/wp-content\/uploads\/2025\/06\/Copy-of-Background-B-Yellow_Blue-8.png\"\n                                                \/>\n                                            <\/div>\n                                        <\/div>\n\n                                        <header class=\"entry-header\">\n                                            <h4 class=\"entry-title\">\n                                                Koken met vrienden in Berlijn                                            <\/h4>\n                                        <\/header>\n\n                                        <div class=\"entry-main\">\n                                            <div class=\"entry-info\">\n                                                <div class=\"event-date\">\n                                                                                                            <i class=\"fas fa-calendar-alt\"><\/i>&nbsp;\n                                                    \n                                                                                                            <span>10 juni 2025<\/span>\n                                                                                                                                                                <span>19:00 (CEST)<\/span>\n                                                    \n                                                                                                            <span> - <\/span>\n                                                    \n                                                                                                            <span>10 juni 2025<\/span>\n                                                                                                                                                                <span>23:00 (CEST)<\/span>\n                                                                                                    <\/div>\n\n                                                                                            <\/div>\n\n                                            <div class=\"entry-content\">\n                                                <p>\n<p>Als onderdeel van #BerlinGoesEYE25 organiseerden we een handige bijeenkomst met vrijwilligers uit Berlijn. Onze doelstellingen: Elkaar leren kennen, meer leren over de Europese Unie en de beste PadThai koken. <\/p>\n\n\n\n<p>Het evenement werd georganiseerd in samenwerking met Polis180, een in Berlijn gevestigde grassroots denktank voor buitenlandse betrekkingen. We waren verheugd Georg Pfeifer, hoofd van het Verbindingsbureau van het Europees Parlement in Berlijn, als onze deskundige gast te mogen verwelkomen. <\/p>\n\n\n\n<p><em>Ondersteund door de Berlijnse Staatskanselarij voor Europa<\/em><\/p>\n\n\n\n<p><\/p>\n<\/p>\n                                                <div class=\"clear\"><\/div>\n                                            <\/div>\n\n                                                                                    <\/div>\n                                    <\/article>\n                                <\/div>\n                            \n                                <div id=\"post-12306\" class=\"aux-col post-12306\">\n                                    <article class=\"post column-entry post-12306 event_listing type-event_listing status-expired has-post-thumbnail hentry\">\n                                        <div class=\"entry-media\">\n                                            <div class=\"aux-media-frame aux-media-image aux-image-mask\">\n                                                <img decoding=\"async\"\n                                                loading=\"lazy\"\n                                                src=\"https:\/\/meeteu.eu\/wp-content\/uploads\/2025\/05\/EU-Turkey-Relations-II.png\"\n                                                class=\"aux-attachment aux-featured-image aux-attachment-id-12307 aux-preload aux-has-preview\"\n                                                alt=\"\"\n                                                data-src=\"https:\/\/meeteu.eu\/wp-content\/uploads\/2025\/05\/EU-Turkey-Relations-II.png\"\n                                                \/>\n                                            <\/div>\n                                        <\/div>\n\n                                        <header class=\"entry-header\">\n                                            <h4 class=\"entry-title\">\n                                                T\u00fcrkiye en de Europese Unie: 2025 en daarna                                            <\/h4>\n                                        <\/header>\n\n                                        <div class=\"entry-main\">\n                                            <div class=\"entry-info\">\n                                                <div class=\"event-date\">\n                                                                                                            <i class=\"fas fa-calendar-alt\"><\/i>&nbsp;\n                                                    \n                                                                                                            <span>27 mei 2025<\/span>\n                                                                                                                                                                <span>19:00 (CEST)<\/span>\n                                                    \n                                                                                                            <span> - <\/span>\n                                                    \n                                                                                                            <span>27 mei 2025<\/span>\n                                                                                                                                                                <span>20:00 (CEST)<\/span>\n                                                                                                    <\/div>\n\n                                                                                                    <div class=\"event-location\">\n                                                                                                                    <i class=\"fas fa-thumbtack\"><\/i>&nbsp;\n                                                            <span>Virtueel evenement op Zoom<\/span>\n                                                                                                            <\/div>\n\n                                                    <div class=\"event-language\">\n                                                                                                                    <i class=\"fas fa-globe\"><\/i>&nbsp;\n                                                            <span>In het Engels, met meertalige bijschriften<\/span>\n                                                                                                            <\/div>\n                                                                                            <\/div>\n\n                                            <div class=\"entry-content\">\n                                                <p>\n<p>Terwijl de mondiale dynamiek zich verder ontwikkelt, gaat de relatie tussen T\u00fcrkiye en de Europese Unie een nieuw hoofdstuk in. Welke krachten zullen deze volgende fase vormgeven? <br><br>Discussieer mee over het heden en de toekomst van de betrekkingen tussen T\u00fcrkiye en de EU, vanuit een politieke, economische en sociale invalshoek. Co\u015fkun Soysal van de Universiteit van Gaziantep (GAUN) zal waardevolle inzichten geven in dit belangrijke partnerschap.<\/p>\n<\/p>\n                                                <div class=\"clear\"><\/div>\n                                            <\/div>\n\n                                                                                    <\/div>\n                                    <\/article>\n                                <\/div>\n                            \n                                <div id=\"post-12300\" class=\"aux-col post-12300\">\n                                    <article class=\"post column-entry post-12300 event_listing type-event_listing status-expired has-post-thumbnail hentry\">\n                                        <div class=\"entry-media\">\n                                            <div class=\"aux-media-frame aux-media-image aux-image-mask\">\n                                                <img decoding=\"async\"\n                                                loading=\"lazy\"\n                                                src=\"https:\/\/meeteu.eu\/wp-content\/uploads\/2025\/05\/European-Draft-Web-2.png\"\n                                                class=\"aux-attachment aux-featured-image aux-attachment-id-12303 aux-preload aux-has-preview\"\n                                                alt=\"\"\n                                                data-src=\"https:\/\/meeteu.eu\/wp-content\/uploads\/2025\/05\/European-Draft-Web-2.png\"\n                                                \/>\n                                            <\/div>\n                                        <\/div>\n\n                                        <header class=\"entry-header\">\n                                            <h4 class=\"entry-title\">\n                                                Call to Arms - Brengt Europa de dienstplicht terug?                                            <\/h4>\n                                        <\/header>\n\n                                        <div class=\"entry-main\">\n                                            <div class=\"entry-info\">\n                                                <div class=\"event-date\">\n                                                                                                            <i class=\"fas fa-calendar-alt\"><\/i>&nbsp;\n                                                    \n                                                                                                            <span>20 mei 2025<\/span>\n                                                                                                                                                                <span>19:00 (CEST)<\/span>\n                                                    \n                                                                                                            <span> - <\/span>\n                                                    \n                                                                                                            <span>20 mei 2025<\/span>\n                                                                                                                                                                <span>20:00 (CEST)<\/span>\n                                                                                                    <\/div>\n\n                                                                                                    <div class=\"event-location\">\n                                                                                                                    <i class=\"fas fa-thumbtack\"><\/i>&nbsp;\n                                                            <span>Virtueel evenement op Zoom<\/span>\n                                                                                                            <\/div>\n\n                                                    <div class=\"event-language\">\n                                                                                                                    <i class=\"fas fa-globe\"><\/i>&nbsp;\n                                                            <span>In het Engels, met meertalige bijschriften<\/span>\n                                                                                                            <\/div>\n                                                                                            <\/div>\n\n                                            <div class=\"entry-content\">\n                                                <p>\n<p>Dienstplicht was ooit iets uit het verleden in veel Europese landen. Maar met nieuwe wereldwijde dreigingen en toenemende zorgen over veiligheid, maakt het een comeback in het gesprek. Moet iedereen klaar zijn om te dienen? Zou dit deel kunnen uitmaken van een groter plan voor de verdediging van Europa?<\/p>\n\n\n\n<p>Panos Politis Lamprou schuift aan voor een live gesprek. Hij is Junior Research Fellow bij de Hellenic Foundation for European &amp; Foreign Policy (ELIAMEP). Tijdens zijn Robert Schuman stage bij de European Parliamentary Research Service was hij co-auteur van een briefing getiteld \"Conscription as an Element in European Union Preparedness\".<\/p>\n\n\n\n<p>Hij laat zien hoe de dienstplicht tegenwoordig in Europa werkt en bespreekt of een aanpak op EU-niveau mogelijk is.<\/p>\n\n\n\n<p>We duiken in vragen als:<\/p>\n\n\n\n<ul class=\"wp-block-list\">\n<li>Moet de dienstplicht een nationale aangelegenheid blijven of een Europese kwestie worden?<\/li>\n\n\n\n<li>Zou de dienstplicht kunnen helpen om een sterker, onafhankelijker Europa op te bouwen?<\/li>\n\n\n\n<li>Hebben we eerst een Europees leger nodig voordat we gaan nadenken over dienstplicht op EU-niveau?<\/li>\n<\/ul>\n\n\n\n<p>Of je nu helemaal voor, helemaal tegen of gewoon nieuwsgierig bent, neem deel aan ons gesprek over de toekomst van defensie en wat het voor Europa betekent om \"voorbereid\" te zijn.<\/p>\n\n\n\n<p><\/p>\n<\/p>\n                                                <div class=\"clear\"><\/div>\n                                            <\/div>\n\n                                                                                    <\/div>\n                                    <\/article>\n                                <\/div>\n                            \n                                <div id=\"post-12275\" class=\"aux-col post-12275\">\n                                    <article class=\"post column-entry post-12275 event_listing type-event_listing status-expired has-post-thumbnail hentry\">\n                                        <div class=\"entry-media\">\n                                            <div class=\"aux-media-frame aux-media-image aux-image-mask\">\n                                                <img decoding=\"async\"\n                                                loading=\"lazy\"\n                                                src=\"https:\/\/meeteu.eu\/wp-content\/uploads\/2025\/04\/Copy-of-Background-A-Pink_Blue-4.png\"\n                                                class=\"aux-attachment aux-featured-image aux-attachment-id-12276 aux-preload aux-has-preview\"\n                                                alt=\"\"\n                                                data-src=\"https:\/\/meeteu.eu\/wp-content\/uploads\/2025\/04\/Copy-of-Background-A-Pink_Blue-4.png\"\n                                                \/>\n                                            <\/div>\n                                        <\/div>\n\n                                        <header class=\"entry-header\">\n                                            <h4 class=\"entry-title\">\n                                                De toekomst van de Europese defensie                                            <\/h4>\n                                        <\/header>\n\n                                        <div class=\"entry-main\">\n                                            <div class=\"entry-info\">\n                                                <div class=\"event-date\">\n                                                                                                            <i class=\"fas fa-calendar-alt\"><\/i>&nbsp;\n                                                    \n                                                                                                            <span>29 april 2025<\/span>\n                                                                                                                                                                <span>19:00 (CEST)<\/span>\n                                                    \n                                                                                                            <span> - <\/span>\n                                                    \n                                                                                                            <span>29 april 2025<\/span>\n                                                                                                                                                                <span>20:00 (CEST)<\/span>\n                                                                                                    <\/div>\n\n                                                                                                    <div class=\"event-location\">\n                                                                                                                    <i class=\"fas fa-thumbtack\"><\/i>&nbsp;\n                                                            <span>Virtueel evenement op Zoom<\/span>\n                                                                                                            <\/div>\n\n                                                    <div class=\"event-language\">\n                                                                                                                    <i class=\"fas fa-globe\"><\/i>&nbsp;\n                                                            <span>In het Engels, met meertalige bijschriften<\/span>\n                                                                                                            <\/div>\n                                                                                            <\/div>\n\n                                            <div class=\"entry-content\">\n                                                <p>\n<p>Het geopolitieke landschap is de afgelopen jaren drastisch veranderd. De inval van Rusland in Oekra\u00efne en het beleid van de regering Trump hebben de Europese veiligheidsdynamiek fundamenteel veranderd. Ondertussen discussi\u00ebren leiders als Macron over een nucleaire paraplu voor Europese bondgenoten en overweegt Tusk uit de verdragen van Ottawa en Dublin te stappen. <\/p>\n\n\n\n<p>Dit gebeurt allemaal terwijl de defensie-uitgaven aanzienlijk stijgen. Wat betekent dit voor de toekomst van de Europese en EU defensie? Welke veranderingen vinden er nu plaats en wat kunnen we de komende jaren verwachten? <\/p>\n\n\n\n<p>Sluit je bij ons aan voor een inzichtelijke discussie met Rafael Loss, een expert op het gebied van defensie- en veiligheidsbeleid van de Council on Foreign Relations. Samen zullen we de huidige gebeurtenissen onderzoeken, feiten van speculaties scheiden en een duidelijker beeld krijgen van wat ons te wachten staat voor de Europese defensie.\"<\/p>\n<\/p>\n                                                <div class=\"clear\"><\/div>\n                                            <\/div>\n\n                                                                                    <\/div>\n                                    <\/article>\n                                <\/div>\n                            \n                                <div id=\"post-12278\" class=\"aux-col post-12278\">\n                                    <article class=\"post column-entry post-12278 event_listing type-event_listing status-expired has-post-thumbnail hentry\">\n                                        <div class=\"entry-media\">\n                                            <div class=\"aux-media-frame aux-media-image aux-image-mask\">\n                                                <img decoding=\"async\"\n                                                loading=\"lazy\"\n                                                src=\"https:\/\/meeteu.eu\/wp-content\/uploads\/2025\/04\/Copy-of-Background-B-Yellow_Blue-4.png\"\n                                                class=\"aux-attachment aux-featured-image aux-attachment-id-12279 aux-preload aux-has-preview\"\n                                                alt=\"\"\n                                                data-src=\"https:\/\/meeteu.eu\/wp-content\/uploads\/2025\/04\/Copy-of-Background-B-Yellow_Blue-4.png\"\n                                                \/>\n                                            <\/div>\n                                        <\/div>\n\n                                        <header class=\"entry-header\">\n                                            <h4 class=\"entry-title\">\n                                                We hebben paasvakantie                                            <\/h4>\n                                        <\/header>\n\n                                        <div class=\"entry-main\">\n                                            <div class=\"entry-info\">\n                                                <div class=\"event-date\">\n                                                                                                            <i class=\"fas fa-calendar-alt\"><\/i>&nbsp;\n                                                    \n                                                                                                            <span>15 april 2025<\/span>\n                                                                                                        \n                                                                                                            <span> - <\/span>\n                                                    \n                                                                                                            <span>22 april 2025<\/span>\n                                                                                                                                                        <\/div>\n\n                                                                                            <\/div>\n\n                                            <div class=\"entry-content\">\n                                                <p>\n<p>We nemen twee weken de tijd om te genieten van de eerste zonnige weken van 2025 en de feestdagen door te brengen met onze familie en geliefden. Om in contact te blijven, kun je ons volgen op Discord. <\/p>\n<\/p>\n                                                <div class=\"clear\"><\/div>\n                                            <\/div>\n\n                                                                                    <\/div>\n                                    <\/article>\n                                <\/div>\n                            \n                                <div id=\"post-12262\" class=\"aux-col post-12262\">\n                                    <article class=\"post column-entry post-12262 event_listing type-event_listing status-expired has-post-thumbnail hentry\">\n                                        <div class=\"entry-media\">\n                                            <div class=\"aux-media-frame aux-media-image aux-image-mask\">\n                                                <img decoding=\"async\"\n                                                loading=\"lazy\"\n                                                src=\"https:\/\/meeteu.eu\/wp-content\/uploads\/2025\/03\/EUDA-Event-2-1.png\"\n                                                class=\"aux-attachment aux-featured-image aux-attachment-id-12269 aux-preload aux-has-preview\"\n                                                alt=\"\"\n                                                data-src=\"https:\/\/meeteu.eu\/wp-content\/uploads\/2025\/03\/EUDA-Event-2-1.png\"\n                                                \/>\n                                            <\/div>\n                                        <\/div>\n\n                                        <header class=\"entry-header\">\n                                            <h4 class=\"entry-title\">\n                                                Europa en drugs: Welke invloed hebben illegale drugs op jou?                                            <\/h4>\n                                        <\/header>\n\n                                        <div class=\"entry-main\">\n                                            <div class=\"entry-info\">\n                                                <div class=\"event-date\">\n                                                                                                            <i class=\"fas fa-calendar-alt\"><\/i>&nbsp;\n                                                    \n                                                                                                            <span>1 april 2025<\/span>\n                                                                                                                                                                <span>19:00 (CEST)<\/span>\n                                                    \n                                                                                                            <span> - <\/span>\n                                                    \n                                                                                                                                                                <span>20:00 (CEST)<\/span>\n                                                                                                    <\/div>\n\n                                                                                                    <div class=\"event-location\">\n                                                                                                                    <i class=\"fas fa-thumbtack\"><\/i>&nbsp;\n                                                            <span>Virtueel evenement op Zoom<\/span>\n                                                                                                            <\/div>\n\n                                                    <div class=\"event-language\">\n                                                                                                                    <i class=\"fas fa-globe\"><\/i>&nbsp;\n                                                            <span>In het Engels, met meertalige bijschriften<\/span>\n                                                                                                            <\/div>\n                                                                                            <\/div>\n\n                                            <div class=\"entry-content\">\n                                                <p>\n<p><a id=\"_msocom_1\"><\/a><\/p>\n\n\n\n<p>Het aantal drugsvangsten in Europese havens neemt toe. Tegelijkertijd worden er meer soorten illegale stoffen geproduceerd en gebruikt binnen Europa. Dit wijst op een groeiend probleem: Illegale drugs kunnen iedereen in de EU treffen - ook jou.<\/p>\n\n\n\n<p>Misschien maak je je zorgen over de stijgende criminaliteit, vooral onder kwetsbare jongeren. Misschien maak je je ook zorgen over het feit dat er meer geld naar de gezondheidszorg gaat door de stijgende behandelingskosten. Illegale drugs schaden niet alleen mensen die ze gebruiken; ze hebben invloed op de hele samenleving.<\/p>\n\n\n\n<p>Discussieer met ons mee <strong>Alexis Goosdeel, uitvoerend directeur van het Europees Geneesmiddelenbureau.<\/strong> Hij zal updates geven over de rol van Europa in de wereldwijde stroom van illegale drugs, de reactie van de EUDA en wat deze trends voor ons allemaal betekenen.<\/p>\n\n\n\n<p><\/p>\n<\/p>\n                                                <div class=\"clear\"><\/div>\n                                            <\/div>\n\n                                                                                    <\/div>\n                                    <\/article>\n                                <\/div>\n                            \n                                <div id=\"post-12258\" class=\"aux-col post-12258\">\n                                    <article class=\"post column-entry post-12258 event_listing type-event_listing status-expired has-post-thumbnail hentry\">\n                                        <div class=\"entry-media\">\n                                            <div class=\"aux-media-frame aux-media-image aux-image-mask\">\n                                                <img decoding=\"async\"\n                                                loading=\"lazy\"\n                                                src=\"https:\/\/meeteu.eu\/wp-content\/uploads\/2025\/03\/Copy-of-Background-C-Green_Blue.png\"\n                                                class=\"aux-attachment aux-featured-image aux-attachment-id-12261 aux-preload aux-has-preview\"\n                                                alt=\"\"\n                                                data-src=\"https:\/\/meeteu.eu\/wp-content\/uploads\/2025\/03\/Copy-of-Background-C-Green_Blue.png\"\n                                                \/>\n                                            <\/div>\n                                        <\/div>\n\n                                        <header class=\"entry-header\">\n                                            <h4 class=\"entry-title\">\n                                                Jaarvergadering MeetEU                                            <\/h4>\n                                        <\/header>\n\n                                        <div class=\"entry-main\">\n                                            <div class=\"entry-info\">\n                                                <div class=\"event-date\">\n                                                                                                            <i class=\"fas fa-calendar-alt\"><\/i>&nbsp;\n                                                    \n                                                                                                            <span>25 maart 2025<\/span>\n                                                                                                                                                                <span>19:00 (CEST)<\/span>\n                                                    \n                                                                                                            <span> - <\/span>\n                                                    \n                                                                                                            <span>25 maart 2025<\/span>\n                                                                                                                                                                <span>22:00 (CEST)<\/span>\n                                                                                                    <\/div>\n\n                                                                                                    <div class=\"event-location\">\n                                                                                                                    <i class=\"fas fa-thumbtack\"><\/i>&nbsp;\n                                                            <span>Virtueel evenement op Zoom<\/span>\n                                                                                                            <\/div>\n\n                                                    <div class=\"event-language\">\n                                                                                                                    <i class=\"fas fa-globe\"><\/i>&nbsp;\n                                                            <span>In het Engels, met meertalige bijschriften<\/span>\n                                                                                                            <\/div>\n                                                                                            <\/div>\n\n                                            <div class=\"entry-content\">\n                                                <p>\n<p>Eens per jaar komen onze leden bij elkaar om te stemmen over belangrijke beslissingen die van invloed zijn op de toekomst van MeetEU. We houden je op de hoogte. Blijf op de hoogte van de komende evenementen en lees binnenkort ons verslag!<\/p>\n\n\n\n<p><strong>Intern evenement alleen voor leden.<\/strong><\/p>\n\n\n\n<p><\/p>\n<\/p>\n                                                <div class=\"clear\"><\/div>\n                                            <\/div>\n\n                                                                                    <\/div>\n                                    <\/article>\n                                <\/div>\n                            \n                                <div id=\"post-12251\" class=\"aux-col post-12251\">\n                                    <article class=\"post column-entry post-12251 event_listing type-event_listing status-expired has-post-thumbnail hentry\">\n                                        <div class=\"entry-media\">\n                                            <div class=\"aux-media-frame aux-media-image aux-image-mask\">\n                                                <img decoding=\"async\"\n                                                loading=\"lazy\"\n                                                src=\"https:\/\/meeteu.eu\/wp-content\/uploads\/2025\/03\/Central_Asia_Background_Rahmen.png\"\n                                                class=\"aux-attachment aux-featured-image aux-attachment-id-12252 aux-preload aux-has-preview\"\n                                                alt=\"\"\n                                                data-src=\"https:\/\/meeteu.eu\/wp-content\/uploads\/2025\/03\/Central_Asia_Background_Rahmen.png\"\n                                                \/>\n                                            <\/div>\n                                        <\/div>\n\n                                        <header class=\"entry-header\">\n                                            <h4 class=\"entry-title\">\n                                                Strategische autonomie van de EU: Lessen uit Centraal-Azi\u00eb                                            <\/h4>\n                                        <\/header>\n\n                                        <div class=\"entry-main\">\n                                            <div class=\"entry-info\">\n                                                <div class=\"event-date\">\n                                                                                                            <i class=\"fas fa-calendar-alt\"><\/i>&nbsp;\n                                                    \n                                                                                                            <span>11 maart 2025<\/span>\n                                                                                                                                                                <span>18:30 (CEST)<\/span>\n                                                    \n                                                                                                            <span> - <\/span>\n                                                    \n                                                                                                            <span>11 maart 2025<\/span>\n                                                                                                                                                                <span>19:30 (CEST)<\/span>\n                                                                                                    <\/div>\n\n                                                                                                    <div class=\"event-location\">\n                                                                                                                    <i class=\"fas fa-thumbtack\"><\/i>&nbsp;\n                                                            <span>Virtueel evenement op Zoom<\/span>\n                                                                                                            <\/div>\n\n                                                    <div class=\"event-language\">\n                                                                                                                    <i class=\"fas fa-globe\"><\/i>&nbsp;\n                                                            <span>In het Engels, met meertalige bijschriften<\/span>\n                                                                                                            <\/div>\n                                                                                            <\/div>\n\n                                            <div class=\"entry-content\">\n                                                <p>\n<p>Balanceren tussen de invloed van China, Rusland en de VS - klinkt dat bekend? Het is een geopolitiek koord dat Tadzjikistan, Kirgizi\u00eb en Oezbekistan al tientallen jaren bewandelen. Hun ervaring biedt waardevolle inzichten voor de Europese Unie in haar streven naar strategische autonomie.<\/p>\n\n\n\n<p>Ga met ons mee op verkenning:<\/p>\n\n\n\n<p>Lessen die de EU uit hun ervaringen kan trekken en kan toepassen op haar eigen geopolitieke positie<br>Het groeiende strategische belang van Europa in de regio<br>De historische relatie van de EU met Centraal-Azi\u00eb<\/p>\n\n\n\n<p>Spreker: Richard Schmidt, Centrum voor Oost-Europese en Internationale Studies, Berlijn<\/p>\n\n\n\n<p>Kies je tijdzone: <br>18:30 Centraal Europese Tijd | 17:30 Ierland, Portugal, VK | 19:30 Bulgarije, Cyprus, Estland, Finland, Griekenland, Letland, Litouwen, Roemeni\u00eb<\/p>\n\n\n\n<p><\/p>\n<\/p>\n                                                <div class=\"clear\"><\/div>\n                                            <\/div>\n\n                                                                                    <\/div>\n                                    <\/article>\n                                <\/div>\n                            \n                                <div id=\"post-12241\" class=\"aux-col post-12241\">\n                                    <article class=\"post column-entry post-12241 event_listing type-event_listing status-expired has-post-thumbnail hentry\">\n                                        <div class=\"entry-media\">\n                                            <div class=\"aux-media-frame aux-media-image aux-image-mask\">\n                                                <img decoding=\"async\"\n                                                loading=\"lazy\"\n                                                src=\"https:\/\/meeteu.eu\/wp-content\/uploads\/2025\/02\/Copy-of-Background-C-Green_Blue.png\"\n                                                class=\"aux-attachment aux-featured-image aux-attachment-id-12242 aux-preload aux-has-preview\"\n                                                alt=\"\"\n                                                data-src=\"https:\/\/meeteu.eu\/wp-content\/uploads\/2025\/02\/Copy-of-Background-C-Green_Blue.png\"\n                                                \/>\n                                            <\/div>\n                                        <\/div>\n\n                                        <header class=\"entry-header\">\n                                            <h4 class=\"entry-title\">\n                                                Van YouTube naar Brussel. De politiek ontwrichten of gewoon een virale stunt?                                            <\/h4>\n                                        <\/header>\n\n                                        <div class=\"entry-main\">\n                                            <div class=\"entry-info\">\n                                                <div class=\"event-date\">\n                                                                                                            <i class=\"fas fa-calendar-alt\"><\/i>&nbsp;\n                                                    \n                                                                                                            <span>4 maart 2025<\/span>\n                                                                                                        \n                                                                                                            <span> - <\/span>\n                                                    \n                                                                                                            <span>4 maart 2025<\/span>\n                                                                                                                                                        <\/div>\n\n                                                                                                    <div class=\"event-location\">\n                                                                                                                    <i class=\"fas fa-thumbtack\"><\/i>&nbsp;\n                                                            <span>Virtueel evenement op Zoom<\/span>\n                                                                                                            <\/div>\n\n                                                    <div class=\"event-language\">\n                                                                                                                    <i class=\"fas fa-globe\"><\/i>&nbsp;\n                                                            <span>In het Engels, met meertalige bijschriften<\/span>\n                                                                                                            <\/div>\n                                                                                            <\/div>\n\n                                            <div class=\"entry-content\">\n                                                <p>\n<p>Hoe kwam een wilde YouTuber met 2,7 miljoen abonnees in de Europese politiek terecht? Met zijn 24 jaar is Fidias Panayiotou de meest onconventionele nieuwe Cypriotische Europarlementari\u00ebr. Van het laten stemmen van zijn publiek over beslissingen via online polls tot het aansluiten bij de standpunten van Elon Musk over digitale vrijheid en het verminderen van bureaucratie, Fidias schudt Straatsburg en Brussel door elkaar. <\/p>\n\n\n\n<p>Wat inspireerde hem om zich verkiesbaar te stellen? Wat heeft hem het meest verrast in zijn leven als lid van het Europees Parlement? En waar staat hij echt voor als gekozen ambtenaar?<\/p>\n<\/p>\n                                                <div class=\"clear\"><\/div>\n                                            <\/div>\n\n                                                                                    <\/div>\n                                    <\/article>\n                                <\/div>\n                            \n                                <div id=\"post-12212\" class=\"aux-col post-12212\">\n                                    <article class=\"post column-entry post-12212 event_listing type-event_listing status-expired has-post-thumbnail hentry\">\n                                        <div class=\"entry-media\">\n                                            <div class=\"aux-media-frame aux-media-image aux-image-mask\">\n                                                <img decoding=\"async\"\n                                                loading=\"lazy\"\n                                                src=\"https:\/\/meeteu.eu\/wp-content\/uploads\/2025\/02\/Copy-of-Background-A-Pink_Blue-1.png\"\n                                                class=\"aux-attachment aux-featured-image aux-attachment-id-12213 aux-preload aux-has-preview\"\n                                                alt=\"\"\n                                                data-src=\"https:\/\/meeteu.eu\/wp-content\/uploads\/2025\/02\/Copy-of-Background-A-Pink_Blue-1.png\"\n                                                \/>\n                                            <\/div>\n                                        <\/div>\n\n                                        <header class=\"entry-header\">\n                                            <h4 class=\"entry-title\">\n                                                De EU Begroting voor 2025 - Wat betekent het voor jou?                                            <\/h4>\n                                        <\/header>\n\n                                        <div class=\"entry-main\">\n                                            <div class=\"entry-info\">\n                                                <div class=\"event-date\">\n                                                                                                            <i class=\"fas fa-calendar-alt\"><\/i>&nbsp;\n                                                    \n                                                                                                            <span>18 februari 2025<\/span>\n                                                                                                                                                                <span>19:00 (CEST)<\/span>\n                                                    \n                                                                                                            <span> - <\/span>\n                                                    \n                                                                                                            <span>18 februari 2025<\/span>\n                                                                                                                                                                <span>20:00 (CEST)<\/span>\n                                                                                                    <\/div>\n\n                                                                                                    <div class=\"event-location\">\n                                                                                                                    <i class=\"fas fa-thumbtack\"><\/i>&nbsp;\n                                                            <span>Virtueel evenement op Zoom<\/span>\n                                                                                                            <\/div>\n\n                                                    <div class=\"event-language\">\n                                                                                                                    <i class=\"fas fa-globe\"><\/i>&nbsp;\n                                                            <span>In het Engels, met meertalige bijschriften<\/span>\n                                                                                                            <\/div>\n                                                                                            <\/div>\n\n                                            <div class=\"entry-content\">\n                                                <p>\n<p>In 2025 is de Europese Unie van plan om 199 miljard euro uit te geven \u2013 dat komt neer op ongeveer 444\u20ac per inwoner. Hoe de EU haar budget verdeelt, heeft een grote invloed op ons dagelijks leven. Denk bijvoorbeeld aan het betaalbaar houden van boodschappen, het ondersteunen van bedrijven in moeilijke tijden, het stimuleren van Europa\u2019s beste onderzoekers en het bevorderen van de ecologische transitie.<\/p>\n\n\n\n<p>Het is moeilijk om je zulke hoge bedragen voor te stellen, en het opstellen van de begroting is nog uitdagender. Daarom hebben we Kai, lid van het Europees Parlement (Volt Duitsland), uitgenodigd om zijn insiderperspectief te delen over hoe de EU haar jaarlijkse begroting opstelt. Als een van de besluitvormers die hierover stemt en debatteert, zal Kai ook ingaan op de terechte vraag: wat betekent dit voor jou?<\/p>\n\n\n\n<p>Deze begroting raakt elke burger in de Europese Unie. Doe mee aan ons gesprek met Kai, stel je vragen direct aan een lid van het Europees Parlement en discussieer met mensen uit heel Europa!<\/p>\n<\/p>\n                                                <div class=\"clear\"><\/div>\n                                            <\/div>\n\n                                                                                    <\/div>\n                                    <\/article>\n                                <\/div>\n                            \n                                <div id=\"post-12203\" class=\"aux-col post-12203\">\n                                    <article class=\"post column-entry post-12203 event_listing type-event_listing status-expired has-post-thumbnail hentry\">\n                                        <div class=\"entry-media\">\n                                            <div class=\"aux-media-frame aux-media-image aux-image-mask\">\n                                                <img decoding=\"async\"\n                                                loading=\"lazy\"\n                                                src=\"https:\/\/meeteu.eu\/wp-content\/uploads\/2025\/02\/Copy-of-Background-B-Yellow_Blue.png\"\n                                                class=\"aux-attachment aux-featured-image aux-attachment-id-12204 aux-preload aux-has-preview\"\n                                                alt=\"\"\n                                                data-src=\"https:\/\/meeteu.eu\/wp-content\/uploads\/2025\/02\/Copy-of-Background-B-Yellow_Blue.png\"\n                                                \/>\n                                            <\/div>\n                                        <\/div>\n\n                                        <header class=\"entry-header\">\n                                            <h4 class=\"entry-title\">\n                                                Je volgende avontuur: Europees Solidariteitskorps                                            <\/h4>\n                                        <\/header>\n\n                                        <div class=\"entry-main\">\n                                            <div class=\"entry-info\">\n                                                <div class=\"event-date\">\n                                                                                                            <i class=\"fas fa-calendar-alt\"><\/i>&nbsp;\n                                                    \n                                                                                                            <span>11 februari 2025<\/span>\n                                                                                                                                                                <span>19:00 (CEST)<\/span>\n                                                    \n                                                                                                            <span> - <\/span>\n                                                    \n                                                                                                            <span>11 februari 2025<\/span>\n                                                                                                                                                                <span>20:00 (CEST)<\/span>\n                                                                                                    <\/div>\n\n                                                                                                    <div class=\"event-location\">\n                                                                                                                    <i class=\"fas fa-thumbtack\"><\/i>&nbsp;\n                                                            <span>Virtueel evenement op Zoom<\/span>\n                                                                                                            <\/div>\n\n                                                    <div class=\"event-language\">\n                                                                                                                    <i class=\"fas fa-globe\"><\/i>&nbsp;\n                                                            <span>In het Engels, met meertalige bijschriften<\/span>\n                                                                                                            <\/div>\n                                                                                            <\/div>\n\n                                            <div class=\"entry-content\">\n                                                <p>\n<p><strong>Heb je er ooit van gedroomd om in het buitenland te wonen, een impact te hebben en geweldige mensen te ontmoeten? Het Europees Solidariteitskorps biedt jongeren de kans om vrijwilligerswerk te doen of deel te nemen aan projecten in en buiten Europa. Maar hoe werkt het eigenlijk?<\/strong><\/p>\n\n\n\n<p>Doe mee met ons op onze&nbsp;<strong>Zoom<\/strong>&nbsp;<strong>Q&amp;A<\/strong>&nbsp;over het Europees Solidariteitskorps<strong>&nbsp;<\/strong>om al je vragen beantwoord te krijgen:<\/p>\n\n\n\n<ul class=\"wp-block-list\">\n<li>Bij wat voor soort activiteiten word ik betrokken?<\/li>\n\n\n\n<li>Waar kan ik heen en voor hoe lang?<\/li>\n\n\n\n<li>Krijg ik financi\u00eble steun?<\/li>\n\n\n\n<li>Is taal een barri\u00e8re?<\/li>\n\n\n\n<li>Hoe kan deze ervaring mijn toekomst vormgeven?<\/li>\n<\/ul>\n\n\n\n<p><strong>Spreker: Katarina Brajdic,<\/strong>&nbsp;Directoraat-generaal Onderwijs, Jeugdzaken, Sport en Cultuur, Europese Commissie<\/p>\n\n\n\n<p><strong>Dinsdag 11 februari | 19:00-20:00 CET<\/strong><br>Meld je hier aan voor je Zoom-link:&nbsp;<a href=\"https:\/\/urldefense.com\/v3\/__https:\/meeteu.eu\/registration__;!!DOxrgLBm!Ar41SpOUknvneeyJ8r9IXKnC5vh_T2CLo6sNlwX8aMnqRfpkmE-4WIS8zxGQZjcy6BVjytKCnluHBxmd_0-rOE4$\">https:\/\/meeteu.eu\/registration<\/a><\/p>\n<\/p>\n                                                <div class=\"clear\"><\/div>\n                                            <\/div>\n\n                                                                                    <\/div>\n                                    <\/article>\n                                <\/div>\n                            \n                                <div id=\"post-12187\" class=\"aux-col post-12187\">\n                                    <article class=\"post column-entry post-12187 event_listing type-event_listing status-expired has-post-thumbnail hentry\">\n                                        <div class=\"entry-media\">\n                                            <div class=\"aux-media-frame aux-media-image aux-image-mask\">\n                                                <img decoding=\"async\"\n                                                loading=\"lazy\"\n                                                src=\"https:\/\/meeteu.eu\/wp-content\/uploads\/2025\/01\/Milad-2.png\"\n                                                class=\"aux-attachment aux-featured-image aux-attachment-id-12188 aux-preload aux-has-preview\"\n                                                alt=\"\"\n                                                data-src=\"https:\/\/meeteu.eu\/wp-content\/uploads\/2025\/01\/Milad-2.png\"\n                                                \/>\n                                            <\/div>\n                                        <\/div>\n\n                                        <header class=\"entry-header\">\n                                            <h4 class=\"entry-title\">\n                                                Kan de EU het risico lopen de Westelijke Balkan uit te sluiten? Casus: Noord-Macedoni\u00eb                                            <\/h4>\n                                        <\/header>\n\n                                        <div class=\"entry-main\">\n                                            <div class=\"entry-info\">\n                                                <div class=\"event-date\">\n                                                                                                            <i class=\"fas fa-calendar-alt\"><\/i>&nbsp;\n                                                    \n                                                                                                            <span>4 februari 2025<\/span>\n                                                                                                                                                                <span>19:00 (CEST)<\/span>\n                                                    \n                                                                                                            <span> - <\/span>\n                                                    \n                                                                                                            <span>4 februari 2025<\/span>\n                                                                                                                                                                <span>20:00 (CEST)<\/span>\n                                                                                                    <\/div>\n\n                                                                                                    <div class=\"event-location\">\n                                                                                                                    <i class=\"fas fa-thumbtack\"><\/i>&nbsp;\n                                                            <span>Virtueel evenement op Zoom<\/span>\n                                                                                                            <\/div>\n\n                                                    <div class=\"event-language\">\n                                                                                                                    <i class=\"fas fa-globe\"><\/i>&nbsp;\n                                                            <span>In het Engels, met meertalige bijschriften<\/span>\n                                                                                                            <\/div>\n                                                                                            <\/div>\n\n                                            <div class=\"entry-content\">\n                                                <p>\n<p>Rusland en China strijden actief om invloed in de Westelijke Balkan, waar vijf landen streven naar EU-lidmaatschap. Ondanks de brede publieke steun hiervoor groeit de frustratie, omdat de strenge toelatingscriteria de vooruitgang van deze kandidaat-lidstaten vertragen.<\/p>\n\n\n\n<p>Om ons te helpen deze dynamiek beter te begrijpen, hebben we Aleksandar Kr\u017ealovski uitgenodigd, directeur van het Macedonian Center for International Cooperation (MCIC). MCIC is een maatschappelijke organisatie die zich inzet voor de toetreding van Noord-Macedoni\u00eb tot de EU en internationale integratie. Kr\u017ealovski zal ons inzicht geven in de complexiteit van dit proces en de hoop en frustraties van de burgers van zijn land met ons delen.<\/p>\n\n\n\n<p><\/p>\n<\/p>\n                                                <div class=\"clear\"><\/div>\n                                            <\/div>\n\n                                                                                    <\/div>\n                                    <\/article>\n                                <\/div>\n                            \n                                <div id=\"post-12195\" class=\"aux-col post-12195\">\n                                    <article class=\"post column-entry post-12195 event_listing type-event_listing status-expired has-post-thumbnail hentry\">\n                                        <div class=\"entry-media\">\n                                            <div class=\"aux-media-frame aux-media-image aux-image-mask\">\n                                                <img decoding=\"async\"\n                                                loading=\"lazy\"\n                                                src=\"https:\/\/meeteu.eu\/wp-content\/uploads\/2025\/01\/Copy-of-Background-A-Pink_Blue.jpg\"\n                                                class=\"aux-attachment aux-featured-image aux-attachment-id-12196 aux-preload aux-has-preview\"\n                                                alt=\"\"\n                                                data-src=\"https:\/\/meeteu.eu\/wp-content\/uploads\/2025\/01\/Copy-of-Background-A-Pink_Blue.jpg\"\n                                                \/>\n                                            <\/div>\n                                        <\/div>\n\n                                        <header class=\"entry-header\">\n                                            <h4 class=\"entry-title\">\n                                                Nieuwe Europese media in een verdeelde wereld                                            <\/h4>\n                                        <\/header>\n\n                                        <div class=\"entry-main\">\n                                            <div class=\"entry-info\">\n                                                <div class=\"event-date\">\n                                                                                                            <i class=\"fas fa-calendar-alt\"><\/i>&nbsp;\n                                                    \n                                                                                                            <span>28 januari 2025<\/span>\n                                                                                                                                                                <span>19:00 (CEST)<\/span>\n                                                    \n                                                                                                            <span> - <\/span>\n                                                    \n                                                                                                            <span>28 januari 2025<\/span>\n                                                                                                                                                                <span>20:00 (CEST)<\/span>\n                                                                                                    <\/div>\n\n                                                                                                    <div class=\"event-location\">\n                                                                                                                    <i class=\"fas fa-thumbtack\"><\/i>&nbsp;\n                                                            <span>Virtueel evenement op Zoom<\/span>\n                                                                                                            <\/div>\n\n                                                    <div class=\"event-language\">\n                                                                                                                    <i class=\"fas fa-globe\"><\/i>&nbsp;\n                                                            <span>In het Engels, met meertalige bijschriften<\/span>\n                                                                                                            <\/div>\n                                                                                            <\/div>\n\n                                            <div class=\"entry-content\">\n                                                <p>\n<p>Coen en zijn vrienden hebben \"Forum Gotterfunken\" opgericht, een groot netwerk van EU-gerichte Reddit-groepen met meer dan 100.000 volgers. In subreddits als r\/EuropeanArmy, r\/europeanunion en r\/EuropeanCulture gebruiken ze bots om gecureerd nieuws van gerenommeerde bronnen te delen, waardoor EU-nieuws toegankelijker wordt. Op deze plekken ontstaan ook levendige debatten over de EU.<\/p>\n\n\n\n<p>Naast het beheren van de subreddits hosten ze podcasts op hun Discord-server om actuele onderwerpen te bespreken. Deze week nemen ze deel aan onze Zoom-sessie om \"EU Media in een verdeelde wereld\" te onderzoeken. Kom luisteren, leren, je gedachten delen en vragen stellen!<\/p>\n<\/p>\n                                                <div class=\"clear\"><\/div>\n                                            <\/div>\n\n                                                                                    <\/div>\n                                    <\/article>\n                                <\/div>\n                            \n                                <div id=\"post-12176\" class=\"aux-col post-12176\">\n                                    <article class=\"post column-entry post-12176 event_listing type-event_listing status-expired has-post-thumbnail hentry\">\n                                        <div class=\"entry-media\">\n                                            <div class=\"aux-media-frame aux-media-image aux-image-mask\">\n                                                <img decoding=\"async\"\n                                                loading=\"lazy\"\n                                                src=\"https:\/\/meeteu.eu\/wp-content\/uploads\/2025\/01\/Copy-of-Background-B-Yellow_Blue-2.png\"\n                                                class=\"aux-attachment aux-featured-image aux-attachment-id-12177 aux-preload aux-has-preview\"\n                                                alt=\"\"\n                                                data-src=\"https:\/\/meeteu.eu\/wp-content\/uploads\/2025\/01\/Copy-of-Background-B-Yellow_Blue-2.png\"\n                                                \/>\n                                            <\/div>\n                                        <\/div>\n\n                                        <header class=\"entry-header\">\n                                            <h4 class=\"entry-title\">\n                                                Onderwijs als schild tegen nationalisme in Europa                                            <\/h4>\n                                        <\/header>\n\n                                        <div class=\"entry-main\">\n                                            <div class=\"entry-info\">\n                                                <div class=\"event-date\">\n                                                                                                            <i class=\"fas fa-calendar-alt\"><\/i>&nbsp;\n                                                    \n                                                                                                            <span>21 januari 2025<\/span>\n                                                                                                                                                                <span>19:00 (CEST)<\/span>\n                                                    \n                                                                                                            <span> - <\/span>\n                                                    \n                                                                                                            <span>21 januari 2025<\/span>\n                                                                                                                                                                <span>20:00 (CEST)<\/span>\n                                                                                                    <\/div>\n\n                                                                                                    <div class=\"event-location\">\n                                                                                                                    <i class=\"fas fa-thumbtack\"><\/i>&nbsp;\n                                                            <span>Virtueel evenement op Zoom<\/span>\n                                                                                                            <\/div>\n\n                                                    <div class=\"event-language\">\n                                                                                                                    <i class=\"fas fa-globe\"><\/i>&nbsp;\n                                                            <span>In het Engels, met meertalige bijschriften<\/span>\n                                                                                                            <\/div>\n                                                                                            <\/div>\n\n                                            <div class=\"entry-content\">\n                                                <p>\n<p><br>Milad Tabesch is op een missie: studenten betrekken bij het idee van Europa en hun weerbaarheid tegen extreemrechts nationalisme versterken.<br><br>Sinds 2023 bezoeken hij en zijn team van \"Ruhrpott f\u00fcr Europa\" scholen om jongeren te interesseren voor politiek en maatschappelijke betrokkenheid.<br><br>Hoe trekken ze de aandacht van leerlingen? Welke impact hebben ze?<br><br>Of je nu student of activist bent, of gewoon nieuwsgierig hoe je kunt bijdragen aan een meer verenigd Europa, dit evenement zal je inspireren om een verschil te maken in jouw gemeenschap.<\/p>\n\n\n\n<p><\/p>\n<\/p>\n                                                <div class=\"clear\"><\/div>\n                                            <\/div>\n\n                                                                                    <\/div>\n                                    <\/article>\n                                <\/div>\n                            \n                                <div id=\"post-12174\" class=\"aux-col post-12174\">\n                                    <article class=\"post column-entry post-12174 event_listing type-event_listing status-expired has-post-thumbnail hentry\">\n                                        <div class=\"entry-media\">\n                                            <div class=\"aux-media-frame aux-media-image aux-image-mask\">\n                                                <img decoding=\"async\"\n                                                loading=\"lazy\"\n                                                src=\"https:\/\/meeteu.eu\/wp-content\/uploads\/2025\/01\/HousingCrisis.png\"\n                                                class=\"aux-attachment aux-featured-image aux-attachment-id-12175 aux-preload aux-has-preview\"\n                                                alt=\"\"\n                                                data-src=\"https:\/\/meeteu.eu\/wp-content\/uploads\/2025\/01\/HousingCrisis.png\"\n                                                \/>\n                                            <\/div>\n                                        <\/div>\n\n                                        <header class=\"entry-header\">\n                                            <h4 class=\"entry-title\">\n                                                Hoe lossen we de EU huisvestingscrisis op?                                            <\/h4>\n                                        <\/header>\n\n                                        <div class=\"entry-main\">\n                                            <div class=\"entry-info\">\n                                                <div class=\"event-date\">\n                                                                                                            <i class=\"fas fa-calendar-alt\"><\/i>&nbsp;\n                                                    \n                                                                                                            <span>14 januari 2025<\/span>\n                                                                                                                                                                <span>19:00 (CEST)<\/span>\n                                                    \n                                                                                                            <span> - <\/span>\n                                                    \n                                                                                                            <span>14 januari 2025<\/span>\n                                                                                                                                                                <span>20:00 (CEST)<\/span>\n                                                                                                    <\/div>\n\n                                                                                                    <div class=\"event-location\">\n                                                                                                                    <i class=\"fas fa-thumbtack\"><\/i>&nbsp;\n                                                            <span>Virtueel evenement op Zoom<\/span>\n                                                                                                            <\/div>\n\n                                                    <div class=\"event-language\">\n                                                                                                                    <i class=\"fas fa-globe\"><\/i>&nbsp;\n                                                            <span>In het Engels, met meertalige bijschriften<\/span>\n                                                                                                            <\/div>\n                                                                                            <\/div>\n\n                                            <div class=\"entry-content\">\n                                                <p>\n<p>Gezinnen groeien, maar het vinden van een betaalbare woning blijft buiten bereik. Studenten werken hard om hun gedeelde flat te kunnen betalen. Gepensioneerden vrezen hun vertrouwde buurt te verliezen nu de huren blijven stijgen. <\/p>\n\n\n\n<p>Hoe kunnen we ervoor zorgen dat onze steden een plek blijven voor iedereen - niet alleen voor de bevoorrechte enkeling? Is het mogelijk om huisvesting zowel betaalbaar als duurzaam te maken zonder te berusten in levenloze betonnen jungles?<\/p>\n\n\n\n<p>Praat met ons mee met Marcos Ros Sempere, architect, stedenbouwkundige en sinds 2020 lid van het Europees Parlement. Laten we ons samen steden voorstellen waar iedereen zich echt thuis kan voelen.<\/p>\n\n\n\n<p><\/p>\n<\/p>\n                                                <div class=\"clear\"><\/div>\n                                            <\/div>\n\n                                                                                    <\/div>\n                                    <\/article>\n                                <\/div>\n                            \n                                <div id=\"post-12143\" class=\"aux-col post-12143\">\n                                    <article class=\"post column-entry post-12143 event_listing type-event_listing status-expired has-post-thumbnail hentry\">\n                                        <div class=\"entry-media\">\n                                            <div class=\"aux-media-frame aux-media-image aux-image-mask\">\n                                                <img decoding=\"async\"\n                                                loading=\"lazy\"\n                                                src=\"https:\/\/meeteu.eu\/wp-content\/uploads\/2024\/12\/Klaus-Event-Identity-Website.jpg\"\n                                                class=\"aux-attachment aux-featured-image aux-attachment-id-12145 aux-preload aux-has-preview\"\n                                                alt=\"\"\n                                                data-src=\"https:\/\/meeteu.eu\/wp-content\/uploads\/2024\/12\/Klaus-Event-Identity-Website.jpg\"\n                                                \/>\n                                            <\/div>\n                                        <\/div>\n\n                                        <header class=\"entry-header\">\n                                            <h4 class=\"entry-title\">\n                                                Uw identiteit: Europees, nationaal of beide?                                            <\/h4>\n                                        <\/header>\n\n                                        <div class=\"entry-main\">\n                                            <div class=\"entry-info\">\n                                                <div class=\"event-date\">\n                                                                                                            <i class=\"fas fa-calendar-alt\"><\/i>&nbsp;\n                                                    \n                                                                                                            <span>17 december 2024<\/span>\n                                                                                                                                                                <span>19:00 (CEST)<\/span>\n                                                    \n                                                                                                            <span> - <\/span>\n                                                    \n                                                                                                            <span>17 december 2024<\/span>\n                                                                                                                                                                <span>20:00 (CEST)<\/span>\n                                                                                                    <\/div>\n\n                                                                                                    <div class=\"event-location\">\n                                                                                                                    <i class=\"fas fa-thumbtack\"><\/i>&nbsp;\n                                                            <span>Virtueel evenement op Zoom<\/span>\n                                                                                                            <\/div>\n\n                                                    <div class=\"event-language\">\n                                                                                                                    <i class=\"fas fa-globe\"><\/i>&nbsp;\n                                                            <span>In het Engels, met meertalige bijschriften<\/span>\n                                                                                                            <\/div>\n                                                                                            <\/div>\n\n                                            <div class=\"entry-content\">\n                                                <p>\n<p>Na een fase van enthousiasme voor globalisering en internationale samenwerking is het nationalisme teruggekeerd in Europa.<\/p>\n\n\n\n<p>Hoe denk je over je identiteit - nationaal, Europees of beide? Wat betekent de heropleving van het nationalisme voor Europa? Vormt het onvermijdelijk een uitdaging voor de visie van een werkelijk verenigd Europa? <br><br>Neem deel aan het gesprek en discussieer mee met mensen uit heel Europa!<br><\/p>\n\n\n\n<p><\/p>\n<\/p>\n                                                <div class=\"clear\"><\/div>\n                                            <\/div>\n\n                                                                                    <\/div>\n                                    <\/article>\n                                <\/div>\n                            \n                                <div id=\"post-12139\" class=\"aux-col post-12139\">\n                                    <article class=\"post column-entry post-12139 event_listing type-event_listing status-expired has-post-thumbnail hentry\">\n                                        <div class=\"entry-media\">\n                                            <div class=\"aux-media-frame aux-media-image aux-image-mask\">\n                                                <img decoding=\"async\"\n                                                loading=\"lazy\"\n                                                src=\"https:\/\/meeteu.eu\/wp-content\/uploads\/2024\/12\/ERASMUS_event_10Dec2024_web.png\"\n                                                class=\"aux-attachment aux-featured-image aux-attachment-id-12140 aux-preload aux-has-preview\"\n                                                alt=\"\"\n                                                data-src=\"https:\/\/meeteu.eu\/wp-content\/uploads\/2024\/12\/ERASMUS_event_10Dec2024_web.png\"\n                                                \/>\n                                            <\/div>\n                                        <\/div>\n\n                                        <header class=\"entry-header\">\n                                            <h4 class=\"entry-title\">\n                                                Uw ERASMUS+ avontuur: Alles wat u moet weten                                            <\/h4>\n                                        <\/header>\n\n                                        <div class=\"entry-main\">\n                                            <div class=\"entry-info\">\n                                                <div class=\"event-date\">\n                                                                                                            <i class=\"fas fa-calendar-alt\"><\/i>&nbsp;\n                                                    \n                                                                                                            <span>10 december 2024<\/span>\n                                                                                                                                                                <span>19:00 (CEST)<\/span>\n                                                    \n                                                                                                            <span> - <\/span>\n                                                    \n                                                                                                            <span>10 december 2024<\/span>\n                                                                                                                                                                <span>20:00 (CEST)<\/span>\n                                                                                                    <\/div>\n\n                                                                                                    <div class=\"event-location\">\n                                                                                                                    <i class=\"fas fa-thumbtack\"><\/i>&nbsp;\n                                                            <span>Virtueel evenement op Zoom<\/span>\n                                                                                                            <\/div>\n\n                                                    <div class=\"event-language\">\n                                                                                                                    <i class=\"fas fa-globe\"><\/i>&nbsp;\n                                                            <span>In het Engels, met meertalige bijschriften<\/span>\n                                                                                                            <\/div>\n                                                                                            <\/div>\n\n                                            <div class=\"entry-content\">\n                                                <p>\n<p>Nieuwsgierig naar het ERASMUS+ studentenuitwisselingsprogramma? Ga met ons mee naar een Zoom-sessie waar je:<\/p>\n\n\n\n<p>Ontdek wat u van ERASMUS+ kunt verwachten<br>Ontdek hoe het je leven kan be\u00efnvloeden, van het verbeteren van taalvaardigheden tot persoonlijke groei<br>\u2705 Krijg antwoord op brandende vragen zoals: Zijn er subsidies voor huur en levensonderhoud? Wat voor soort accommodatie is er beschikbaar? Zijn korte verblijven mogelijk? Is een ziektekostenverzekering inbegrepen? Kan ik deelnemen als ik de lokale taal niet spreek? Hoe verloopt de aanmeldingsprocedure? ...<\/p>\n\n\n\n<p><strong>Speciale gast:<\/strong> Giuliana van het ERASMUS Student Network zal aanwezig zijn om deskundige antwoorden en waardevolle inzichten te geven.<\/p>\n\n\n\n<p><\/p>\n<\/p>\n                                                <div class=\"clear\"><\/div>\n                                            <\/div>\n\n                                                                                    <\/div>\n                                    <\/article>\n                                <\/div>\n                            \n                                <div id=\"post-12095\" class=\"aux-col post-12095\">\n                                    <article class=\"post column-entry post-12095 event_listing type-event_listing status-expired has-post-thumbnail hentry\">\n                                        <div class=\"entry-media\">\n                                            <div class=\"aux-media-frame aux-media-image aux-image-mask\">\n                                                <img decoding=\"async\"\n                                                loading=\"lazy\"\n                                                src=\"https:\/\/meeteu.eu\/wp-content\/uploads\/2024\/10\/Evin-Incir-B.jpg\"\n                                                class=\"aux-attachment aux-featured-image aux-attachment-id-12096 aux-preload aux-has-preview\"\n                                                alt=\"\"\n                                                data-src=\"https:\/\/meeteu.eu\/wp-content\/uploads\/2024\/10\/Evin-Incir-B.jpg\"\n                                                \/>\n                                            <\/div>\n                                        <\/div>\n\n                                        <header class=\"entry-header\">\n                                            <h4 class=\"entry-title\">\n                                                Hoe pakt Europa etnische ongelijkheid aan?                                            <\/h4>\n                                        <\/header>\n\n                                        <div class=\"entry-main\">\n                                            <div class=\"entry-info\">\n                                                <div class=\"event-date\">\n                                                                                                            <i class=\"fas fa-calendar-alt\"><\/i>&nbsp;\n                                                    \n                                                                                                            <span>29 oktober 2024<\/span>\n                                                                                                                                                                <span>19:00 (CEST)<\/span>\n                                                    \n                                                                                                            <span> - <\/span>\n                                                    \n                                                                                                            <span>29 oktober 2024<\/span>\n                                                                                                                                                                <span>20:00 (CEST)<\/span>\n                                                                                                    <\/div>\n\n                                                                                                    <div class=\"event-location\">\n                                                                                                                    <i class=\"fas fa-thumbtack\"><\/i>&nbsp;\n                                                            <span>Virtueel evenement op Zoom<\/span>\n                                                                                                            <\/div>\n\n                                                    <div class=\"event-language\">\n                                                                                                                    <i class=\"fas fa-globe\"><\/i>&nbsp;\n                                                            <span>In het Engels, met meertalige bijschriften<\/span>\n                                                                                                            <\/div>\n                                                                                            <\/div>\n\n                                            <div class=\"entry-content\">\n                                                <p>\n<p>Heb jij je ooit veroordeeld gevoeld, alleen maar om wie je bent? Etnische discriminatie is nog steeds een dagelijkse realiteit voor velen in Europa. Sluit je aan bij het Zweedse Europarlementslid Evin Incir als ze de EU aanspoort om doortastender op te treden tegen racisme. <\/p>\n\n\n\n<p>#Desondanks het motto van de EU, \"Verenigd in Verscheidenheid\", blijft racisme wijdverspreid en houdt het mensen weg van banen, huisvesting en kansen - niet vanwege hun vaardigheden, maar vanwege hun huidskleur. <\/p>\n\n\n\n<p>Kom meer te weten over de vooruitgang die wordt geboekt in de strijd tegen racisme en welke acties lidstaten ondernemen om racisme aan te pakken.<\/p>\n\n\n\n<p><\/p>\n<\/p>\n                                                <div class=\"clear\"><\/div>\n                                            <\/div>\n\n                                                                                    <\/div>\n                                    <\/article>\n                                <\/div>\n                            \n                                <div id=\"post-12092\" class=\"aux-col post-12092\">\n                                    <article class=\"post column-entry post-12092 event_listing type-event_listing status-expired has-post-thumbnail hentry\">\n                                        <div class=\"entry-media\">\n                                            <div class=\"aux-media-frame aux-media-image aux-image-mask\">\n                                                <img decoding=\"async\"\n                                                loading=\"lazy\"\n                                                src=\"https:\/\/meeteu.eu\/wp-content\/uploads\/2024\/10\/Timea-Szabo-Event-B-1.png\"\n                                                class=\"aux-attachment aux-featured-image aux-attachment-id-12094 aux-preload aux-has-preview\"\n                                                alt=\"\"\n                                                data-src=\"https:\/\/meeteu.eu\/wp-content\/uploads\/2024\/10\/Timea-Szabo-Event-B-1.png\"\n                                                \/>\n                                            <\/div>\n                                        <\/div>\n\n                                        <header class=\"entry-header\">\n                                            <h4 class=\"entry-title\">\n                                                Hongarije en de EU - Een conflictueus voorzitterschap van de Raad                                            <\/h4>\n                                        <\/header>\n\n                                        <div class=\"entry-main\">\n                                            <div class=\"entry-info\">\n                                                <div class=\"event-date\">\n                                                                                                            <i class=\"fas fa-calendar-alt\"><\/i>&nbsp;\n                                                    \n                                                                                                            <span>22 oktober 2024<\/span>\n                                                                                                        \n                                                                                                            <span> - <\/span>\n                                                    \n                                                                                                            <span>22 oktober 2024<\/span>\n                                                                                                                                                        <\/div>\n\n                                                                                                    <div class=\"event-location\">\n                                                                                                                    <i class=\"fas fa-thumbtack\"><\/i>&nbsp;\n                                                            <span>Virtueel evenement op Zoom<\/span>\n                                                                                                            <\/div>\n\n                                                    <div class=\"event-language\">\n                                                                                                                    <i class=\"fas fa-globe\"><\/i>&nbsp;\n                                                            <span>In het Engels, met meertalige bijschriften<\/span>\n                                                                                                            <\/div>\n                                                                                            <\/div>\n\n                                            <div class=\"entry-content\">\n                                                <p>\n<p>Mis dit gesprek met T\u00edmea Szab\u00f3, Hongaars parlementslid van de partij Dialog, niet! Zij zal het hebben over het concept van hybride democratie en de impact van Hongarijes huidige voorzitterschap van de EU-Raad op de toekomst van Europa. <\/p>\n\n\n\n<p>Wat is er veranderd? T\u00edmea reflecteert op de belangrijkste inzichten uit een recente documentaire over democratie in Hongarije en wat er is veranderd sinds de release.<\/p>\n\n\n\n<p>Hongarije vandaag - Hoe verandert het politieke landschap van Hongarije en wat betekent het Hongaarse voorzitterschap van de EU-Raad voor de rest van Europa? We onderzoeken hoe deze veranderingen het beleid in de hele EU kunnen be\u00efnvloeden.<\/p>\n\n\n\n<p>Vooruitblik - Wat hoopt T\u00edmea voor de toekomst van Hongarije? Hoe kan Hongarije de EU de komende jaren vormgeven? Bekijk haar visie voor Hongarije en de Europese Unie op de eerste rij. <\/p>\n\n\n\n<p>Dinsdag 22 oktober om 19:00 CEST op Zoom | 18:00 Ierland, Portugal, VK | 20:00 Bulgarije, Cyprus, Estland, Finland, Griekenland, Letland, Litouwen, Roemeni\u00eb<\/p>\n<\/p>\n                                                <div class=\"clear\"><\/div>\n                                            <\/div>\n\n                                                                                    <\/div>\n                                    <\/article>\n                                <\/div>\n                            \n                                <div id=\"post-12067\" class=\"aux-col post-12067\">\n                                    <article class=\"post column-entry post-12067 event_listing type-event_listing status-expired has-post-thumbnail hentry\">\n                                        <div class=\"entry-media\">\n                                            <div class=\"aux-media-frame aux-media-image aux-image-mask\">\n                                                <img decoding=\"async\"\n                                                loading=\"lazy\"\n                                                src=\"https:\/\/meeteu.eu\/wp-content\/uploads\/2024\/10\/Copy-of-Background-B-Yellow_Blue-1.png\"\n                                                class=\"aux-attachment aux-featured-image aux-attachment-id-12068 aux-preload aux-has-preview\"\n                                                alt=\"\"\n                                                data-src=\"https:\/\/meeteu.eu\/wp-content\/uploads\/2024\/10\/Copy-of-Background-B-Yellow_Blue-1.png\"\n                                                \/>\n                                            <\/div>\n                                        <\/div>\n\n                                        <header class=\"entry-header\">\n                                            <h4 class=\"entry-title\">\n                                                Hoe al deze haat te stoppen?                                            <\/h4>\n                                        <\/header>\n\n                                        <div class=\"entry-main\">\n                                            <div class=\"entry-info\">\n                                                <div class=\"event-date\">\n                                                                                                            <i class=\"fas fa-calendar-alt\"><\/i>&nbsp;\n                                                    \n                                                                                                            <span>10 oktober 2024<\/span>\n                                                                                                                                                                <span>19:00 (CEST)<\/span>\n                                                    \n                                                                                                            <span> - <\/span>\n                                                    \n                                                                                                            <span>10 oktober 2024<\/span>\n                                                                                                                                                                <span>20:00 (CEST)<\/span>\n                                                                                                    <\/div>\n\n                                                                                                    <div class=\"event-location\">\n                                                                                                                    <i class=\"fas fa-thumbtack\"><\/i>&nbsp;\n                                                            <span>Virtueel evenement op Zoom<\/span>\n                                                                                                            <\/div>\n\n                                                    <div class=\"event-language\">\n                                                                                                                    <i class=\"fas fa-globe\"><\/i>&nbsp;\n                                                            <span>In het Engels, met meertalige bijschriften<\/span>\n                                                                                                            <\/div>\n                                                                                            <\/div>\n\n                                            <div class=\"entry-content\">\n                                                <p>\n<p>Of het nu gaat om racistische opmerkingen in sociale media, gendergerelateerd geweld in de openbare ruimte of politiek extremisme: Dit zijn slechts enkele voorbeelden van haat in de samenleving. Deze haat veroorzaakt uitsluiting en angst en vormt een bedreiging voor onze democratische manier van leven. Dit is onaanvaardbaar. Daarom moeten we nu in actie komen. <\/p>\n\n\n\n<p>In onze democratische samenleving moet iedereen vrijuit kunnen spreken zonder bang te hoeven zijn voor verbaal of fysiek geweld. Daarom moeten we nu in actie komen. <\/p>\n\n\n\n<p>Samen met Arun Mansukhani, TED-Talk spreker en expert in traumapsychologie, en Tommasso Chiamparino, beleidsexpert bij de Europese Commissie, willen we concrete voorstellen ontwikkelen om deze groeiende haat in Europa aan te pakken. <\/p>\n\n\n\n<p>We zullen deze voorstellen indienen bij het Citizen Engagement Platform van de Europese Commissie. Als ze genoeg steun krijgen, zullen ze in overweging worden genomen voor het maken van nieuwe wetten om maatschappelijke haat aan te pakken.<\/p>\n\n\n\n<figure class=\"wp-block-image size-large is-resized\"><img decoding=\"async\" width=\"105\" height=\"28\" src=\"https:\/\/meeteu.eu\/wp-content\/uploads\/2024\/04\/Logo_Eurometropole_Strasbourg.svg\" alt=\"\" class=\"wp-image-11694\" style=\"width:302px;height:auto\"\/><figcaption class=\"wp-element-caption\"><em>Dit evenement werd mogelijk gemaakt met de steun van de stad Straatsburg<\/em><\/figcaption><\/figure>\n\n\n\n<p><\/p>\n<\/p>\n                                                <div class=\"clear\"><\/div>\n                                            <\/div>\n\n                                                                                    <\/div>\n                                    <\/article>\n                                <\/div>\n                            \n                                <div id=\"post-12065\" class=\"aux-col post-12065\">\n                                    <article class=\"post column-entry post-12065 event_listing type-event_listing status-expired has-post-thumbnail hentry\">\n                                        <div class=\"entry-media\">\n                                            <div class=\"aux-media-frame aux-media-image aux-image-mask\">\n                                                <img decoding=\"async\"\n                                                loading=\"lazy\"\n                                                src=\"https:\/\/meeteu.eu\/wp-content\/uploads\/2024\/09\/Copy-of-Background-C-Green_Blue.png\"\n                                                class=\"aux-attachment aux-featured-image aux-attachment-id-12066 aux-preload aux-has-preview\"\n                                                alt=\"\"\n                                                data-src=\"https:\/\/meeteu.eu\/wp-content\/uploads\/2024\/09\/Copy-of-Background-C-Green_Blue.png\"\n                                                \/>\n                                            <\/div>\n                                        <\/div>\n\n                                        <header class=\"entry-header\">\n                                            <h4 class=\"entry-title\">\n                                                OntmoetEU &amp; Greet op Discord                                            <\/h4>\n                                        <\/header>\n\n                                        <div class=\"entry-main\">\n                                            <div class=\"entry-info\">\n                                                <div class=\"event-date\">\n                                                                                                            <i class=\"fas fa-calendar-alt\"><\/i>&nbsp;\n                                                    \n                                                                                                            <span>1 oktober 2024<\/span>\n                                                                                                                                                                <span>19:00 (CEST)<\/span>\n                                                    \n                                                                                                            <span> - <\/span>\n                                                    \n                                                                                                            <span>1 oktober 2024<\/span>\n                                                                                                                                                                <span>20:00 (CEST)<\/span>\n                                                                                                    <\/div>\n\n                                                                                                    <div class=\"event-location\">\n                                                                                                                    <i class=\"fas fa-thumbtack\"><\/i>&nbsp;\n                                                            <span>Virtueel evenement op Zoom<\/span>\n                                                                                                            <\/div>\n\n                                                    <div class=\"event-language\">\n                                                                                                                    <i class=\"fas fa-globe\"><\/i>&nbsp;\n                                                            <span>In het Engels, met meertalige bijschriften<\/span>\n                                                                                                            <\/div>\n                                                                                            <\/div>\n\n                                            <div class=\"entry-content\">\n                                                <p>\n<p>Nadat we vorige week een topspreker in ons midden hadden, gebruiken we de dinsdag van deze week voor een informeel samenzijn om een van de belangrijkste onderwerpen in het leven te bespreken: eten. Dus vergeet je favoriete lokale recept niet! <br><br>Volg ons op Discord, ons Community-platform, en chat met een aantal van de meer dan 700 leden uit alle hoeken van het continent.<\/p>\n<\/p>\n                                                <div class=\"clear\"><\/div>\n                                            <\/div>\n\n                                                                                    <\/div>\n                                    <\/article>\n                                <\/div>\n                            \n                                <div id=\"post-12059\" class=\"aux-col post-12059\">\n                                    <article class=\"post column-entry post-12059 event_listing type-event_listing status-expired has-post-thumbnail hentry\">\n                                        <div class=\"entry-media\">\n                                            <div class=\"aux-media-frame aux-media-image aux-image-mask\">\n                                                <img decoding=\"async\"\n                                                loading=\"lazy\"\n                                                src=\"https:\/\/meeteu.eu\/wp-content\/uploads\/2024\/09\/Copy-of-Background-A-Pink_Blue.jpg\"\n                                                class=\"aux-attachment aux-featured-image aux-attachment-id-12062 aux-preload aux-has-preview\"\n                                                alt=\"\"\n                                                data-src=\"https:\/\/meeteu.eu\/wp-content\/uploads\/2024\/09\/Copy-of-Background-A-Pink_Blue.jpg\"\n                                                \/>\n                                            <\/div>\n                                        <\/div>\n\n                                        <header class=\"entry-header\">\n                                            <h4 class=\"entry-title\">\n                                                Een lange weg naar de Europese geschiedenis                                            <\/h4>\n                                        <\/header>\n\n                                        <div class=\"entry-main\">\n                                            <div class=\"entry-info\">\n                                                <div class=\"event-date\">\n                                                                                                            <i class=\"fas fa-calendar-alt\"><\/i>&nbsp;\n                                                    \n                                                                                                            <span>24 september 2024<\/span>\n                                                                                                                                                                <span>19:00 (CEST)<\/span>\n                                                    \n                                                                                                            <span> - <\/span>\n                                                    \n                                                                                                            <span>24 september 2024<\/span>\n                                                                                                                                                                <span>20:00 (CEST)<\/span>\n                                                                                                    <\/div>\n\n                                                                                                    <div class=\"event-location\">\n                                                                                                                    <i class=\"fas fa-thumbtack\"><\/i>&nbsp;\n                                                            <span>Virtueel evenement op Zoom<\/span>\n                                                                                                            <\/div>\n\n                                                    <div class=\"event-language\">\n                                                                                                                    <i class=\"fas fa-globe\"><\/i>&nbsp;\n                                                            <span>In het Engels, met meertalige bijschriften<\/span>\n                                                                                                            <\/div>\n                                                                                            <\/div>\n\n                                            <div class=\"entry-content\">\n                                                <p>\n<p>In Brussel vind je het Huis van de Europese geschiedenis. Het zoveelste museum? Absoluut niet. Het is een ruimte voor verkenning en discussie over het verleden van Europa. Waarom? Omdat de Europese geschiedenis niet \u00e9\u00e9n verhaal is, maar een verzameling van verschillende perspectieven op het verleden. Hoe kunnen we deze verschillende visies aan de orde stellen? Hoe worden verschillende verhalen \u00e9\u00e9n verhaal? En hoe reageren bezoekers op de feiten die daar worden gepresenteerd? Constanze Itzel, directeur van het Huis van de Europese geschiedenis, geeft een kijkje achter de schermen van haar werk.<\/p>\n<\/p>\n                                                <div class=\"clear\"><\/div>\n                                            <\/div>\n\n                                                                                    <\/div>\n                                    <\/article>\n                                <\/div>\n                            \n                                <div id=\"post-12047\" class=\"aux-col post-12047\">\n                                    <article class=\"post column-entry post-12047 event_listing type-event_listing status-expired has-post-thumbnail hentry\">\n                                        <div class=\"entry-media\">\n                                            <div class=\"aux-media-frame aux-media-image aux-image-mask\">\n                                                <img decoding=\"async\"\n                                                loading=\"lazy\"\n                                                src=\"https:\/\/meeteu.eu\/wp-content\/uploads\/2024\/08\/Summer-Break-2024-scaled.jpg\"\n                                                class=\"aux-attachment aux-featured-image aux-attachment-id-12048 aux-preload aux-has-preview\"\n                                                alt=\"\"\n                                                data-src=\"https:\/\/meeteu.eu\/wp-content\/uploads\/2024\/08\/Summer-Break-2024-scaled.jpg\"\n                                                \/>\n                                            <\/div>\n                                        <\/div>\n\n                                        <header class=\"entry-header\">\n                                            <h4 class=\"entry-title\">\n                                                Vakantie - Zomer voor MeetEU                                            <\/h4>\n                                        <\/header>\n\n                                        <div class=\"entry-main\">\n                                            <div class=\"entry-info\">\n                                                <div class=\"event-date\">\n                                                                                                            <i class=\"fas fa-calendar-alt\"><\/i>&nbsp;\n                                                    \n                                                                                                            <span>30 juli 2024<\/span>\n                                                                                                        \n                                                                                                            <span> - <\/span>\n                                                    \n                                                                                                            <span>17 september 2024<\/span>\n                                                                                                                                                        <\/div>\n\n                                                                                                    <div class=\"event-location\">\n                                                                                                                    <i class=\"fas fa-thumbtack\"><\/i>&nbsp;\n                                                            <span>Virtueel evenement op Zoom<\/span>\n                                                                                                            <\/div>\n\n                                                    <div class=\"event-language\">\n                                                                                                                    <i class=\"fas fa-globe\"><\/i>&nbsp;\n                                                            <span>In het Engels, met meertalige bijschriften<\/span>\n                                                                                                            <\/div>\n                                                                                            <\/div>\n\n                                            <div class=\"entry-content\">\n                                                <p>\n<p>Beste vrienden,<\/p>\n\n\n\n<p>Bedankt voor dit fantastische jaar 2023\/2024. Samen met u hebben we Europeanen van over het hele continent met elkaar in contact gebracht om elkaar digitaal en persoonlijk te ontmoeten. We gingen rechtstreeks in gesprek met besluitvormers en slaagden erin politieke, generatie- en taalgrenzen te overschrijden. Laten we dit in het volgende seizoen voortzetten!<\/p>\n\n\n\n<p>~Het MeetEU-team<\/p>\n<\/p>\n                                                <div class=\"clear\"><\/div>\n                                            <\/div>\n\n                                                                                    <\/div>\n                                    <\/article>\n                                <\/div>\n                            \n                                <div id=\"post-11971\" class=\"aux-col post-11971\">\n                                    <article class=\"post column-entry post-11971 event_listing type-event_listing status-expired has-post-thumbnail hentry\">\n                                        <div class=\"entry-media\">\n                                            <div class=\"aux-media-frame aux-media-image aux-image-mask\">\n                                                <img decoding=\"async\"\n                                                loading=\"lazy\"\n                                                src=\"https:\/\/meeteu.eu\/wp-content\/uploads\/2024\/06\/Visual-Cliamte-Change-Risk-Visual-Website_1-.jpg\"\n                                                class=\"aux-attachment aux-featured-image aux-attachment-id-12004 aux-preload aux-has-preview\"\n                                                alt=\"\"\n                                                data-src=\"https:\/\/meeteu.eu\/wp-content\/uploads\/2024\/06\/Visual-Cliamte-Change-Risk-Visual-Website_1-.jpg\"\n                                                \/>\n                                            <\/div>\n                                        <\/div>\n\n                                        <header class=\"entry-header\">\n                                            <h4 class=\"entry-title\">\n                                                Maakt klimaatverandering ons ziek?                                            <\/h4>\n                                        <\/header>\n\n                                        <div class=\"entry-main\">\n                                            <div class=\"entry-info\">\n                                                <div class=\"event-date\">\n                                                                                                            <i class=\"fas fa-calendar-alt\"><\/i>&nbsp;\n                                                    \n                                                                                                            <span>23 juli 2024<\/span>\n                                                                                                                                                                <span>19:00 (CEST)<\/span>\n                                                    \n                                                                                                            <span> - <\/span>\n                                                    \n                                                                                                            <span>23 juli 2024<\/span>\n                                                                                                                                                                <span>20:00 (CEST)<\/span>\n                                                                                                    <\/div>\n\n                                                                                                    <div class=\"event-location\">\n                                                                                                                    <i class=\"fas fa-thumbtack\"><\/i>&nbsp;\n                                                            <span>Virtueel evenement op Zoom<\/span>\n                                                                                                            <\/div>\n\n                                                    <div class=\"event-language\">\n                                                                                                                    <i class=\"fas fa-globe\"><\/i>&nbsp;\n                                                            <span>In het Engels, met meertalige bijschriften<\/span>\n                                                                                                            <\/div>\n                                                                                            <\/div>\n\n                                            <div class=\"entry-content\">\n                                                <p>\n<p>Bij klimaatverandering denken de meeste mensen aan een stijgende zeespiegel, maar slechts weinigen denken aan de gevolgen voor hun gezondheid. Het Europees Milieuagentschap (EEA) heeft onderzoek gedaan naar de gezondheidsrisico's van een opwarmende atmosfeer. Sommige risico's liggen voor de hand, zoals vaker voorkomende en hevigere overstromingen, hittegolven en bosbranden, maar ze omvatten ook toenemende infecties en belangrijke psychische problemen. <\/p>\n\n\n\n<p>Hans-Martin Fuessel, expert op het gebied van risico's van en aanpassing aan klimaatverandering bij het EMA, legt uit op welke toekomstige uitdagingen we ons moeten voorbereiden en welke maatregelen we kunnen nemen om ons welzijn te waarborgen.<\/p>\n<\/p>\n                                                <div class=\"clear\"><\/div>\n                                            <\/div>\n\n                                                                                    <\/div>\n                                    <\/article>\n                                <\/div>\n                            \n                                <div id=\"post-12032\" class=\"aux-col post-12032\">\n                                    <article class=\"post column-entry post-12032 event_listing type-event_listing status-expired has-post-thumbnail hentry\">\n                                        <div class=\"entry-media\">\n                                            <div class=\"aux-media-frame aux-media-image aux-image-mask\">\n                                                <img decoding=\"async\"\n                                                loading=\"lazy\"\n                                                src=\"https:\/\/meeteu.eu\/wp-content\/uploads\/2024\/07\/Event-ERASMUS-Consultant-1-Website.jpg\"\n                                                class=\"aux-attachment aux-featured-image aux-attachment-id-12033 aux-preload aux-has-preview\"\n                                                alt=\"\"\n                                                data-src=\"https:\/\/meeteu.eu\/wp-content\/uploads\/2024\/07\/Event-ERASMUS-Consultant-1-Website.jpg\"\n                                                \/>\n                                            <\/div>\n                                        <\/div>\n\n                                        <header class=\"entry-header\">\n                                            <h4 class=\"entry-title\">\n                                                Jong en Europees: een mooie toekomst in het verschiet?                                            <\/h4>\n                                        <\/header>\n\n                                        <div class=\"entry-main\">\n                                            <div class=\"entry-info\">\n                                                <div class=\"event-date\">\n                                                                                                            <i class=\"fas fa-calendar-alt\"><\/i>&nbsp;\n                                                    \n                                                                                                            <span>16 juli 2024<\/span>\n                                                                                                                                                                <span>19:00 (CEST)<\/span>\n                                                    \n                                                                                                            <span> - <\/span>\n                                                    \n                                                                                                            <span>16 juli 2024<\/span>\n                                                                                                                                                                <span>20:00 (CEST)<\/span>\n                                                                                                    <\/div>\n\n                                                                                                    <div class=\"event-location\">\n                                                                                                                    <i class=\"fas fa-thumbtack\"><\/i>&nbsp;\n                                                            <span>Virtueel evenement op Zoom<\/span>\n                                                                                                            <\/div>\n\n                                                    <div class=\"event-language\">\n                                                                                                                    <i class=\"fas fa-globe\"><\/i>&nbsp;\n                                                            <span>In het Engels, met meertalige bijschriften<\/span>\n                                                                                                            <\/div>\n                                                                                            <\/div>\n\n                                            <div class=\"entry-content\">\n                                                <p>\n<p>Discussieer mee over de inzet van jongeren in Europa. Ontdek hoe jongeren zoals jij betrokken raken en een verschil maken. Kom meer te weten over verschillende programma's, waaronder ERASMUS+, die geweldige mogelijkheden bieden voor studenten en jonge professionals. Ontdek hoe de EU jouw passies en toekomstplannen ondersteunt. Lees wie er profiteert van ERASMUS+ en hoe meer jongeren zonder universitair diploma kunnen worden aangemoedigd om gebruik te maken van de programma's.<\/p>\n<\/p>\n                                                <div class=\"clear\"><\/div>\n                                            <\/div>\n\n                                                                                    <\/div>\n                                    <\/article>\n                                <\/div>\n                            \n                                <div id=\"post-11999\" class=\"aux-col post-11999\">\n                                    <article class=\"post column-entry post-11999 event_listing type-event_listing status-expired has-post-thumbnail hentry\">\n                                        <div class=\"entry-media\">\n                                            <div class=\"aux-media-frame aux-media-image aux-image-mask\">\n                                                <img decoding=\"async\"\n                                                loading=\"lazy\"\n                                                src=\"https:\/\/meeteu.eu\/wp-content\/uploads\/2024\/07\/Visual-NextGenEu.jpg\"\n                                                class=\"aux-attachment aux-featured-image aux-attachment-id-12000 aux-preload aux-has-preview\"\n                                                alt=\"\"\n                                                data-src=\"https:\/\/meeteu.eu\/wp-content\/uploads\/2024\/07\/Visual-NextGenEu.jpg\"\n                                                \/>\n                                            <\/div>\n                                        <\/div>\n\n                                        <header class=\"entry-header\">\n                                            <h4 class=\"entry-title\">\n                                                Hoe NextGenerationEU de toekomst van Europa verandert                                            <\/h4>\n                                        <\/header>\n\n                                        <div class=\"entry-main\">\n                                            <div class=\"entry-info\">\n                                                <div class=\"event-date\">\n                                                                                                            <i class=\"fas fa-calendar-alt\"><\/i>&nbsp;\n                                                    \n                                                                                                            <span>9 juli 2024<\/span>\n                                                                                                                                                                <span>19:00 (CEST)<\/span>\n                                                    \n                                                                                                            <span> - <\/span>\n                                                    \n                                                                                                            <span>9 juli 2024<\/span>\n                                                                                                                                                                <span>20:00 (CEST)<\/span>\n                                                                                                    <\/div>\n\n                                                                                                    <div class=\"event-location\">\n                                                                                                                    <i class=\"fas fa-thumbtack\"><\/i>&nbsp;\n                                                            <span>Virtueel evenement op Zoom<\/span>\n                                                                                                            <\/div>\n\n                                                    <div class=\"event-language\">\n                                                                                                                    <i class=\"fas fa-globe\"><\/i>&nbsp;\n                                                            <span>In het Engels, met meertalige bijschriften<\/span>\n                                                                                                            <\/div>\n                                                                                            <\/div>\n\n                                            <div class=\"entry-content\">\n                                                <p>\n<p>In juli 2024 is het vier jaar geleden dat de Raad overeenstemming bereikte over 'NextGenerationEU', een ongekend plan van 750 miljard euro om landen te helpen zich te herstellen van de pandemie en een betere toekomst op te bouwen voor de volgende Europese generatie. Hoeveel vooruitgang is er in deze vier jaar geboekt en welke uitdagingen liggen er nog in het verschiet?<br> <br>Maria Teresa Fabregas Fernandez, directeur van de taskforce die verantwoordelijk is voor de uitvoering van het herstelplan NextGenerationEU, zal inzicht geven in hun lopende werkzaamheden en resultaten.<\/p>\n<\/p>\n                                                <div class=\"clear\"><\/div>\n                                            <\/div>\n\n                                                                                    <\/div>\n                                    <\/article>\n                                <\/div>\n                            \n                                <div id=\"post-12003\" class=\"aux-col post-12003\">\n                                    <article class=\"post column-entry post-12003 event_listing type-event_listing status-expired has-post-thumbnail hentry\">\n                                        <div class=\"entry-media\">\n                                            <div class=\"aux-media-frame aux-media-image aux-image-mask\">\n                                                <img decoding=\"async\"\n                                                loading=\"lazy\"\n                                                src=\"https:\/\/meeteu.eu\/wp-content\/uploads\/2024\/02\/Mardi-Gras-Break.jpg\"\n                                                class=\"aux-attachment aux-featured-image aux-attachment-id-11572 aux-preload aux-has-preview\"\n                                                alt=\"\"\n                                                data-src=\"https:\/\/meeteu.eu\/wp-content\/uploads\/2024\/02\/Mardi-Gras-Break.jpg\"\n                                                \/>\n                                            <\/div>\n                                        <\/div>\n\n                                        <header class=\"entry-header\">\n                                            <h4 class=\"entry-title\">\n                                                We hebben pauze!                                            <\/h4>\n                                        <\/header>\n\n                                        <div class=\"entry-main\">\n                                            <div class=\"entry-info\">\n                                                <div class=\"event-date\">\n                                                                                                            <i class=\"fas fa-calendar-alt\"><\/i>&nbsp;\n                                                    \n                                                                                                            <span>2 juli 2024<\/span>\n                                                                                                        \n                                                                                                            <span> - <\/span>\n                                                    \n                                                                                                            <span>2 juli 2024<\/span>\n                                                                                                                                                        <\/div>\n\n                                                                                                    <div class=\"event-location\">\n                                                                                                                    <i class=\"fas fa-thumbtack\"><\/i>&nbsp;\n                                                            <span>Virtueel evenement op Zoom<\/span>\n                                                                                                            <\/div>\n\n                                                    <div class=\"event-language\">\n                                                                                                                    <i class=\"fas fa-globe\"><\/i>&nbsp;\n                                                            <span>In het Engels, met meertalige bijschriften<\/span>\n                                                                                                            <\/div>\n                                                                                            <\/div>\n\n                                            <div class=\"entry-content\">\n                                                <p>\n<p>Maar maak je geen zorgen; we werken nog steeds aan spannende evenementen voor jou. Kijk de komende dagen op onze website voor meer spannende mogelijkheden. <\/p>\n<\/p>\n                                                <div class=\"clear\"><\/div>\n                                            <\/div>\n\n                                                                                    <\/div>\n                                    <\/article>\n                                <\/div>\n                            \n                                <div id=\"post-11975\" class=\"aux-col post-11975\">\n                                    <article class=\"post column-entry post-11975 event_listing type-event_listing status-expired has-post-thumbnail hentry\">\n                                        <div class=\"entry-media\">\n                                            <div class=\"aux-media-frame aux-media-image aux-image-mask\">\n                                                <img decoding=\"async\"\n                                                loading=\"lazy\"\n                                                src=\"https:\/\/meeteu.eu\/wp-content\/uploads\/2024\/06\/Dirk-Visual-Website.jpg\"\n                                                class=\"aux-attachment aux-featured-image aux-attachment-id-11976 aux-preload aux-has-preview\"\n                                                alt=\"\"\n                                                data-src=\"https:\/\/meeteu.eu\/wp-content\/uploads\/2024\/06\/Dirk-Visual-Website.jpg\"\n                                                \/>\n                                            <\/div>\n                                        <\/div>\n\n                                        <header class=\"entry-header\">\n                                            <h4 class=\"entry-title\">\n                                                H\u00e9 Europa - De wereld is beter dan je denkt                                            <\/h4>\n                                        <\/header>\n\n                                        <div class=\"entry-main\">\n                                            <div class=\"entry-info\">\n                                                <div class=\"event-date\">\n                                                                                                            <i class=\"fas fa-calendar-alt\"><\/i>&nbsp;\n                                                    \n                                                                                                            <span>25 juni 2024<\/span>\n                                                                                                                                                                <span>19:00 (CEST)<\/span>\n                                                    \n                                                                                                            <span> - <\/span>\n                                                    \n                                                                                                            <span>25 juni 2024<\/span>\n                                                                                                                                                                <span>20:00 (CEST)<\/span>\n                                                                                                    <\/div>\n\n                                                                                                    <div class=\"event-location\">\n                                                                                                                    <i class=\"fas fa-thumbtack\"><\/i>&nbsp;\n                                                            <span>Virtueel evenement op Zoom<\/span>\n                                                                                                            <\/div>\n\n                                                    <div class=\"event-language\">\n                                                                                                                    <i class=\"fas fa-globe\"><\/i>&nbsp;\n                                                            <span>In het Engels, met meertalige bijschriften<\/span>\n                                                                                                            <\/div>\n                                                                                            <\/div>\n\n                                            <div class=\"entry-content\">\n                                                <p>\n<p>Oorlog, klimaatverandering en politieke crises - Europa is onrustig. Dit is ook de schuld van veel media die alleen het slechte zien en op zoek zijn naar schuldigen en sensatiezucht in plaats van oplossingen. Het \"Enge Wereld Syndroom\" kan mensen aanzetten tot aangeleerde hulpeloosheid of in de armen van demagogen drijven. Constructieve journalistiek doet het anders en vraagt: \"Hoe kunnen we verder?\".<\/p>\n\n\n\n<p>Perspective Daily brengt al 7 jaar constructieve journalistiek naar Duitsland. Auteur Dirk Walbr\u00fchl legt uit hoe deze nieuwe vorm van journalistiek werkt, wat de uitdagingen zijn en hoe een verandering van perspectief onze democratie kan versterken.<\/p>\n<\/p>\n                                                <div class=\"clear\"><\/div>\n                                            <\/div>\n\n                                                                                    <\/div>\n                                    <\/article>\n                                <\/div>\n                            \n                                <div id=\"post-11931\" class=\"aux-col post-11931\">\n                                    <article class=\"post column-entry post-11931 event_listing type-event_listing status-expired has-post-thumbnail hentry\">\n                                        <div class=\"entry-media\">\n                                            <div class=\"aux-media-frame aux-media-image aux-image-mask\">\n                                                <img decoding=\"async\"\n                                                loading=\"lazy\"\n                                                src=\"https:\/\/meeteu.eu\/wp-content\/uploads\/2024\/06\/Simulation-Climate-Visual_Website-.jpg\"\n                                                class=\"aux-attachment aux-featured-image aux-attachment-id-11932 aux-preload aux-has-preview\"\n                                                alt=\"\"\n                                                data-src=\"https:\/\/meeteu.eu\/wp-content\/uploads\/2024\/06\/Simulation-Climate-Visual_Website-.jpg\"\n                                                \/>\n                                            <\/div>\n                                        <\/div>\n\n                                        <header class=\"entry-header\">\n                                            <h4 class=\"entry-title\">\n                                                Kun je de 1,5\u00b0C-doelstelling halen? Een simulatie van klimaatbeleid                                            <\/h4>\n                                        <\/header>\n\n                                        <div class=\"entry-main\">\n                                            <div class=\"entry-info\">\n                                                <div class=\"event-date\">\n                                                                                                            <i class=\"fas fa-calendar-alt\"><\/i>&nbsp;\n                                                    \n                                                                                                            <span>18 juni 2024<\/span>\n                                                                                                                                                                <span>19:00 (CEST)<\/span>\n                                                    \n                                                                                                            <span> - <\/span>\n                                                    \n                                                                                                                                                                <span>20:00 (CEST)<\/span>\n                                                                                                    <\/div>\n\n                                                                                                    <div class=\"event-location\">\n                                                                                                                    <i class=\"fas fa-thumbtack\"><\/i>&nbsp;\n                                                            <span>Virtueel evenement op Zoom<\/span>\n                                                                                                            <\/div>\n\n                                                    <div class=\"event-language\">\n                                                                                                                    <i class=\"fas fa-globe\"><\/i>&nbsp;\n                                                            <span>In het Engels, met meertalige bijschriften<\/span>\n                                                                                                            <\/div>\n                                                                                            <\/div>\n\n                                            <div class=\"entry-content\">\n                                                <p>\n<p>Wat als jij de wereldleider was die de klimaatcrisis moest oplossen? Test je idee\u00ebn in de <a href=\"https:\/\/www.climateinteractive.org\/en-roads\/\" rel=\"noopener\">En-ROADS klimaatsimulatie<\/a> workshop. Stel oplossingen voor zoals energie-effici\u00ebntie, koolstoftarieven, belastingen op fossiele brandstoffen, het terugdringen van ontbossing of het verwijderen van kooldioxide, en bekijk hun realtime impact op de wereldwijde temperatuur. Kun jij het doel van 1,5\u00b0C halen? <\/p>\n\n\n\n<p>Meer dan 6.500 leiders uit de overheid, NGO's, het bedrijfsleven en de academische wereld hebben deelgenomen aan deze workshop.<\/p>\n\n\n\n<p>Uw facilitator, En-ROADS ambassadeur <a href=\"https:\/\/www.climateinteractive.org\/en-roads\/climate-ambassadors\/ambassador\/bas-tuenter\/\" rel=\"noopener\">Bas Tuenter<\/a>is de oprichter van Sustainables, een start-up die zich richt op het hergebruiken van wegwerpartikelen uit het lab. Hij ontdekte de En-ROADS simulator tijdens zijn vrijwilligerswerk in de VN-klimaatruimte voor jongeren tijdens COP25.<\/p>\n<\/p>\n                                                <div class=\"clear\"><\/div>\n                                            <\/div>\n\n                                                                                    <\/div>\n                                    <\/article>\n                                <\/div>\n                            \n                                <div id=\"post-11962\" class=\"aux-col post-11962\">\n                                    <article class=\"post column-entry post-11962 event_listing type-event_listing status-expired has-post-thumbnail hentry\">\n                                        <div class=\"entry-media\">\n                                            <div class=\"aux-media-frame aux-media-image aux-image-mask\">\n                                                <img decoding=\"async\"\n                                                loading=\"lazy\"\n                                                src=\"https:\/\/meeteu.eu\/wp-content\/uploads\/2024\/06\/Citzen-Panel-Event-Marie_Website.jpg\"\n                                                class=\"aux-attachment aux-featured-image aux-attachment-id-11963 aux-preload aux-has-preview\"\n                                                alt=\"\"\n                                                data-src=\"https:\/\/meeteu.eu\/wp-content\/uploads\/2024\/06\/Citzen-Panel-Event-Marie_Website.jpg\"\n                                                \/>\n                                            <\/div>\n                                        <\/div>\n\n                                        <header class=\"entry-header\">\n                                            <h4 class=\"entry-title\">\n                                                Burgers die wetten maken - hoe werkt dat?                                            <\/h4>\n                                        <\/header>\n\n                                        <div class=\"entry-main\">\n                                            <div class=\"entry-info\">\n                                                <div class=\"event-date\">\n                                                                                                            <i class=\"fas fa-calendar-alt\"><\/i>&nbsp;\n                                                    \n                                                                                                            <span>11 juni 2024<\/span>\n                                                                                                                                                                <span>19:00 (CEST)<\/span>\n                                                    \n                                                                                                            <span> - <\/span>\n                                                    \n                                                                                                                                                                <span>20:00 (CEST)<\/span>\n                                                                                                    <\/div>\n\n                                                                                                    <div class=\"event-location\">\n                                                                                                                    <i class=\"fas fa-thumbtack\"><\/i>&nbsp;\n                                                            <span>Virtueel evenement op Zoom<\/span>\n                                                                                                            <\/div>\n\n                                                    <div class=\"event-language\">\n                                                                                                                    <i class=\"fas fa-globe\"><\/i>&nbsp;\n                                                            <span>In het Engels, met meertalige bijschriften<\/span>\n                                                                                                            <\/div>\n                                                                                            <\/div>\n\n                                            <div class=\"entry-content\">\n                                                <p>\n<p>Eens in de 23.000 jaar - dat is de kans voor een Europeaan om geselecteerd te worden voor de burgerpanels van de Europese Commissie. Marie Louise werd gekozen. In november 2023 kreeg ze een uitnodiging om haar mening over energie-effici\u00ebntie te geven. Samen met 150 andere EU-burgers met verschillende achtergronden - tieners, ouders, gepensioneerden - ontwikkelde ze beleidsidee\u00ebn. Deze idee\u00ebn en aanbevelingen moeten de Europese Commissie helpen bij het maken van nieuwe wetten over energie-effici\u00ebntie.<br><br>Hoe werkt zo'n diverse groep samen, bespreekt ze onbekende onderwerpen en ontwikkelt ze voorstellen? Marie Luise was erbij en zal haar indrukken met ons delen.<\/p>\n<\/p>\n                                                <div class=\"clear\"><\/div>\n                                            <\/div>\n\n                                                                                    <\/div>\n                                    <\/article>\n                                <\/div>\n                            \n                                <div id=\"post-11876\" class=\"aux-col post-11876\">\n                                    <article class=\"post column-entry post-11876 event_listing type-event_listing status-expired has-post-thumbnail hentry\">\n                                        <div class=\"entry-media\">\n                                            <div class=\"aux-media-frame aux-media-image aux-image-mask\">\n                                                <img decoding=\"async\"\n                                                loading=\"lazy\"\n                                                src=\"https:\/\/meeteu.eu\/wp-content\/uploads\/2024\/05\/Klaus-Welle-Website.jpg\"\n                                                class=\"aux-attachment aux-featured-image aux-attachment-id-11877 aux-preload aux-has-preview\"\n                                                alt=\"\"\n                                                data-src=\"https:\/\/meeteu.eu\/wp-content\/uploads\/2024\/05\/Klaus-Welle-Website.jpg\"\n                                                \/>\n                                            <\/div>\n                                        <\/div>\n\n                                        <header class=\"entry-header\">\n                                            <h4 class=\"entry-title\">\n                                                Nieuwe uitdagingen - is de EU van vandaag klaar voor de toekomst?                                            <\/h4>\n                                        <\/header>\n\n                                        <div class=\"entry-main\">\n                                            <div class=\"entry-info\">\n                                                <div class=\"event-date\">\n                                                                                                            <i class=\"fas fa-calendar-alt\"><\/i>&nbsp;\n                                                    \n                                                                                                            <span>4 juni 2024<\/span>\n                                                                                                                                                                <span>19:00 (CEST)<\/span>\n                                                    \n                                                                                                            <span> - <\/span>\n                                                    \n                                                                                                                                                                <span>20:00 (CEST)<\/span>\n                                                                                                    <\/div>\n\n                                                                                                    <div class=\"event-location\">\n                                                                                                                    <i class=\"fas fa-thumbtack\"><\/i>&nbsp;\n                                                            <span>Virtueel evenement op Zoom<\/span>\n                                                                                                            <\/div>\n\n                                                    <div class=\"event-language\">\n                                                                                                                    <i class=\"fas fa-globe\"><\/i>&nbsp;\n                                                            <span>In het Engels, met meertalige bijschriften<\/span>\n                                                                                                            <\/div>\n                                                                                            <\/div>\n\n                                            <div class=\"entry-content\">\n                                                <p>\n<p>Deze week zullen zo'n 400 miljoen Europeanen de toekomst van hun continent vormgeven door te stemmen voor een nieuw Europees Parlement. Gedurende meer dan 13 jaar heeft Klaus Welle als secretaris-generaal van het Europees Parlement deze instelling bestuurlijk in het hart van de EU-democratie geplaatst.<\/p>\n\n\n\n<p>Terwijl hij pleit voor een sterker parlement met meer bevoegdheden, geeft Welle ook vorm aan het fysieke karakter van de instelling om deze transparanter te maken: The EP's House of History, het nieuwe bezoekerscentrum in Brussel. Politiek gezien roept hij op tot een duurzame Europese Unie die klaar is om lang mee te gaan, samen met de zeven D-Noties: Schuld, Defensie, Democratie, Demografie, Digitaal, Ontkoling en Ontglobalisering.<\/p>\n\n\n\n<p>Doe mee aan ons speciale verkiezingsevenement om de toekomst van de Europese Unie te bespreken met iemand die de werking van het Europees Parlement uit zijn hoofd kent. Deel je mening over wat er nodig is om van de Europese Unie een blijvend succes te maken voor toekomstige generaties. <\/p>\n<\/p>\n                                                <div class=\"clear\"><\/div>\n                                            <\/div>\n\n                                                                                    <\/div>\n                                    <\/article>\n                                <\/div>\n                            \n                                <div id=\"post-11875\" class=\"aux-col post-11875\">\n                                    <article class=\"post column-entry post-11875 event_listing type-event_listing status-expired has-post-thumbnail hentry\">\n                                        <div class=\"entry-media\">\n                                            <div class=\"aux-media-frame aux-media-image aux-image-mask\">\n                                                <img decoding=\"async\"\n                                                loading=\"lazy\"\n                                                src=\"https:\/\/meeteu.eu\/wp-content\/uploads\/2024\/02\/Mardi-Gras-Break.jpg\"\n                                                class=\"aux-attachment aux-featured-image aux-attachment-id-11572 aux-preload aux-has-preview\"\n                                                alt=\"\"\n                                                data-src=\"https:\/\/meeteu.eu\/wp-content\/uploads\/2024\/02\/Mardi-Gras-Break.jpg\"\n                                                \/>\n                                            <\/div>\n                                        <\/div>\n\n                                        <header class=\"entry-header\">\n                                            <h4 class=\"entry-title\">\n                                                We zijn een week weg                                            <\/h4>\n                                        <\/header>\n\n                                        <div class=\"entry-main\">\n                                            <div class=\"entry-info\">\n                                                <div class=\"event-date\">\n                                                                                                            <i class=\"fas fa-calendar-alt\"><\/i>&nbsp;\n                                                    \n                                                                                                            <span>28 mei 2024<\/span>\n                                                                                                        \n                                                                                                            <span> - <\/span>\n                                                    \n                                                                                                            <span>28 mei 2024<\/span>\n                                                                                                                                                        <\/div>\n\n                                                                                                    <div class=\"event-location\">\n                                                                                                                    <i class=\"fas fa-thumbtack\"><\/i>&nbsp;\n                                                            <span>Virtueel evenement op Zoom<\/span>\n                                                                                                            <\/div>\n\n                                                    <div class=\"event-language\">\n                                                                                                                    <i class=\"fas fa-globe\"><\/i>&nbsp;\n                                                            <span>In het Engels, met meertalige bijschriften<\/span>\n                                                                                                            <\/div>\n                                                                                            <\/div>\n\n                                            <div class=\"entry-content\">\n                                                <p>\n<p>We nemen een week vrij om ons voor te bereiden op de special voor de EU-verkiezingen van volgende week! Blijf kijken voor volgende week dinsdag en vertel het je vrienden. We zijn er nog steeds voor jullie op Discord en <\/p>\n<\/p>\n                                                <div class=\"clear\"><\/div>\n                                            <\/div>\n\n                                                                                    <\/div>\n                                    <\/article>\n                                <\/div>\n                            \n                                <div id=\"post-11868\" class=\"aux-col post-11868\">\n                                    <article class=\"post column-entry post-11868 event_listing type-event_listing status-expired has-post-thumbnail hentry\">\n                                        <div class=\"entry-media\">\n                                            <div class=\"aux-media-frame aux-media-image aux-image-mask\">\n                                                <img decoding=\"async\"\n                                                loading=\"lazy\"\n                                                src=\"https:\/\/meeteu.eu\/wp-content\/uploads\/2024\/05\/Website_Disinformation.jpg\"\n                                                class=\"aux-attachment aux-featured-image aux-attachment-id-11872 aux-preload aux-has-preview\"\n                                                alt=\"\"\n                                                data-src=\"https:\/\/meeteu.eu\/wp-content\/uploads\/2024\/05\/Website_Disinformation.jpg\"\n                                                \/>\n                                            <\/div>\n                                        <\/div>\n\n                                        <header class=\"entry-header\">\n                                            <h4 class=\"entry-title\">\n                                                EU-verkiezingen in tijden van desinformatie                                            <\/h4>\n                                        <\/header>\n\n                                        <div class=\"entry-main\">\n                                            <div class=\"entry-info\">\n                                                <div class=\"event-date\">\n                                                                                                            <i class=\"fas fa-calendar-alt\"><\/i>&nbsp;\n                                                    \n                                                                                                            <span>14 mei 2024<\/span>\n                                                                                                                                                                <span>19:00 (CEST)<\/span>\n                                                    \n                                                                                                            <span> - <\/span>\n                                                    \n                                                                                                            <span>14 mei 2024<\/span>\n                                                                                                                                                                <span>20:00 (CEST)<\/span>\n                                                                                                    <\/div>\n\n                                                                                                    <div class=\"event-location\">\n                                                                                                                    <i class=\"fas fa-thumbtack\"><\/i>&nbsp;\n                                                            <span>Virtueel evenement op Zoom<\/span>\n                                                                                                            <\/div>\n\n                                                    <div class=\"event-language\">\n                                                                                                                    <i class=\"fas fa-globe\"><\/i>&nbsp;\n                                                            <span>In het Engels, met meertalige bijschriften<\/span>\n                                                                                                            <\/div>\n                                                                                            <\/div>\n\n                                            <div class=\"entry-content\">\n                                                <p>\n<p>\ud83e\udd25\ud83d\uddf3De verkiezingscampagne voor het Europees Parlement van 2024 wordt overschaduwd door desinformatie, waardoor het fundament van de democratie wordt ondermijnd: de gedeelde realiteit van haar burgers.<\/p>\n\n\n\n<p>\ud83d\udd0d\ud83d\udd0eHet European Digital Media Observatory (EDMO) wil \"fungeren als referentiepunt voor gegevens en beleid over desinformatie, publiek vertrouwen, mediageletterdheid en kwaliteitsinformatie\". Het neemt het voortouw bij de aanpak van dit probleem.<\/p>\n\n\n\n<p>\ud83d\udee0\ud83d\udca1We hebben Paolo Cesarini, programmadirecteur EDMO, uitgenodigd om zijn strategie\u00ebn te bespreken en hoe gouvernementele en niet-gouvernementele instellingen samenwerken om de risico's van desinformatieaanvallen op de verkiezingen en democratie in de EU te minimaliseren.<\/p>\n\n\n\n<p>Kan deze \"oorlog\" tegen kwaadaardige acteurs, nepnieuwsfabrieken en AI worden gewonnen?<\/p>\n<\/p>\n                                                <div class=\"clear\"><\/div>\n                                            <\/div>\n\n                                                                                    <\/div>\n                                    <\/article>\n                                <\/div>\n                            \n                                <div id=\"post-11873\" class=\"aux-col post-11873\">\n                                    <article class=\"post column-entry post-11873 event_listing type-event_listing status-expired has-post-thumbnail hentry\">\n                                        <div class=\"entry-media\">\n                                            <div class=\"aux-media-frame aux-media-image aux-image-mask\">\n                                                <img decoding=\"async\"\n                                                loading=\"lazy\"\n                                                src=\"https:\/\/meeteu.eu\/wp-content\/uploads\/2024\/05\/Recipe.jpg\"\n                                                class=\"aux-attachment aux-featured-image aux-attachment-id-11874 aux-preload aux-has-preview\"\n                                                alt=\"\"\n                                                data-src=\"https:\/\/meeteu.eu\/wp-content\/uploads\/2024\/05\/Recipe.jpg\"\n                                                \/>\n                                            <\/div>\n                                        <\/div>\n\n                                        <header class=\"entry-header\">\n                                            <h4 class=\"entry-title\">\n                                                Eenvoudige recepten om de democratie in de EU te stimuleren                                            <\/h4>\n                                        <\/header>\n\n                                        <div class=\"entry-main\">\n                                            <div class=\"entry-info\">\n                                                <div class=\"event-date\">\n                                                                                                            <i class=\"fas fa-calendar-alt\"><\/i>&nbsp;\n                                                    \n                                                                                                            <span>14 mei 2024<\/span>\n                                                                                                                                                                <span>19:00 (CEST)<\/span>\n                                                    \n                                                                                                            <span> - <\/span>\n                                                    \n                                                                                                            <span>14 mei 2024<\/span>\n                                                                                                                                                                <span>20:00 (CEST)<\/span>\n                                                                                                    <\/div>\n\n                                                                                                    <div class=\"event-location\">\n                                                                                                                    <i class=\"fas fa-thumbtack\"><\/i>&nbsp;\n                                                            <span>Virtueel evenement op Zoom<\/span>\n                                                                                                            <\/div>\n\n                                                    <div class=\"event-language\">\n                                                                                                                    <i class=\"fas fa-globe\"><\/i>&nbsp;\n                                                            <span>In het Engels, met meertalige bijschriften<\/span>\n                                                                                                            <\/div>\n                                                                                            <\/div>\n\n                                            <div class=\"entry-content\">\n                                                <p>\n<p>Europa stemt in minder dan 30 dagen! Maar wie stemt er? Voornamelijk academici en mensen met een uitstekende sociaaleconomische positie. Jongeren en sociaal zwakkeren maken minder gebruik van hun stemrecht, maar alleen samen kunnen we de weg naar het Europa van morgen vinden.<\/p>\n\n\n\n<p>Tijdens het MeetEU DemocracyLab 2024, gefinancierd door de Senaat van Berlijn, ontwikkelden 35 Europeanen uit 16 landen idee\u00ebn om iedereen - ongeacht hun sociale achtergrond - te motiveren om te gaan stemmen.<\/p>\n\n\n\n<p>We presenteren deze recepten voor een sterke democratie zodat je ze kunt gebruiken in jouw stad, universiteit of dorp.<\/p>\n\n\n\n<p><\/p>\n<\/p>\n                                                <div class=\"clear\"><\/div>\n                                            <\/div>\n\n                                                                                    <\/div>\n                                    <\/article>\n                                <\/div>\n                            \n                                <div id=\"post-11861\" class=\"aux-col post-11861\">\n                                    <article class=\"post column-entry post-11861 event_listing type-event_listing status-expired has-post-thumbnail hentry\">\n                                        <div class=\"entry-media\">\n                                            <div class=\"aux-media-frame aux-media-image aux-image-mask\">\n                                                <img decoding=\"async\"\n                                                loading=\"lazy\"\n                                                src=\"https:\/\/meeteu.eu\/wp-content\/uploads\/2024\/04\/Adam_Website-Event.jpg\"\n                                                class=\"aux-attachment aux-featured-image aux-attachment-id-11863 aux-preload aux-has-preview\"\n                                                alt=\"\"\n                                                data-src=\"https:\/\/meeteu.eu\/wp-content\/uploads\/2024\/04\/Adam_Website-Event.jpg\"\n                                                \/>\n                                            <\/div>\n                                        <\/div>\n\n                                        <header class=\"entry-header\">\n                                            <h4 class=\"entry-title\">\n                                                Adam: De nieuwe horizon per trein verkennen                                            <\/h4>\n                                        <\/header>\n\n                                        <div class=\"entry-main\">\n                                            <div class=\"entry-info\">\n                                                <div class=\"event-date\">\n                                                                                                            <i class=\"fas fa-calendar-alt\"><\/i>&nbsp;\n                                                    \n                                                                                                            <span>7 mei 2024<\/span>\n                                                                                                                                                                <span>19:00 (CEST)<\/span>\n                                                    \n                                                                                                            <span> - <\/span>\n                                                    \n                                                                                                            <span>7 mei 2024<\/span>\n                                                                                                                                                                <span>20:00 (CEST)<\/span>\n                                                                                                    <\/div>\n\n                                                                                                    <div class=\"event-location\">\n                                                                                                                    <i class=\"fas fa-thumbtack\"><\/i>&nbsp;\n                                                            <span>Virtueel evenement op Zoom<\/span>\n                                                                                                            <\/div>\n\n                                                    <div class=\"event-language\">\n                                                                                                                    <i class=\"fas fa-globe\"><\/i>&nbsp;\n                                                            <span>In het Engels, met meertalige bijschriften<\/span>\n                                                                                                            <\/div>\n                                                                                            <\/div>\n\n                                            <div class=\"entry-content\">\n                                                <p>\n<p>Deze week hebben we Adam - een EU-jongere - uitgenodigd. En hij heeft een boodschap voor je: <\/p>\n\n\n\n<p>Hallo, ik ben Adam en ik kom helemaal uit Tsjechi\u00eb! Vorig jaar heb ik dit wilde 21-daagse treinavontuur door Europa gemaakt dankzij DiscoverEU! Deze dinsdag deel ik met jullie de meest inspirerende ervaringen die ik heb opgedaan en vertel ik wat er gebeurde toen ik \"Europa\" voor de eerste keer in mijn leven ontmoette! Geloof me, je wilt mijn verhalen, tips en algehele goede vibes niet missen. Dus, pak een stoel en laten we kletsen!<\/p>\n\n\n\n<p><\/p>\n<\/p>\n                                                <div class=\"clear\"><\/div>\n                                            <\/div>\n\n                                                                                    <\/div>\n                                    <\/article>\n                                <\/div>\n                            \n                                <div id=\"post-11865\" class=\"aux-col post-11865\">\n                                    <article class=\"post column-entry post-11865 event_listing type-event_listing status-expired has-post-thumbnail hentry\">\n                                        <div class=\"entry-media\">\n                                            <div class=\"aux-media-frame aux-media-image aux-image-mask\">\n                                                <img decoding=\"async\"\n                                                loading=\"lazy\"\n                                                src=\"https:\/\/meeteu.eu\/wp-content\/uploads\/2024\/04\/Break-Yellow.jpg\"\n                                                class=\"aux-attachment aux-featured-image aux-attachment-id-11866 aux-preload aux-has-preview\"\n                                                alt=\"\"\n                                                data-src=\"https:\/\/meeteu.eu\/wp-content\/uploads\/2024\/04\/Break-Yellow.jpg\"\n                                                \/>\n                                            <\/div>\n                                        <\/div>\n\n                                        <header class=\"entry-header\">\n                                            <h4 class=\"entry-title\">\n                                                Een kleine pauze voor ons team                                            <\/h4>\n                                        <\/header>\n\n                                        <div class=\"entry-main\">\n                                            <div class=\"entry-info\">\n                                                <div class=\"event-date\">\n                                                                                                            <i class=\"fas fa-calendar-alt\"><\/i>&nbsp;\n                                                    \n                                                                                                            <span>30 april 2024<\/span>\n                                                                                                        \n                                                                                                            <span> - <\/span>\n                                                    \n                                                                                                            <span>30 april 2024<\/span>\n                                                                                                                                                        <\/div>\n\n                                                                                                    <div class=\"event-location\">\n                                                                                                                    <i class=\"fas fa-thumbtack\"><\/i>&nbsp;\n                                                            <span>Virtueel evenement op Zoom<\/span>\n                                                                                                            <\/div>\n\n                                                    <div class=\"event-language\">\n                                                                                                                    <i class=\"fas fa-globe\"><\/i>&nbsp;\n                                                            <span>In het Engels, met meertalige bijschriften<\/span>\n                                                                                                            <\/div>\n                                                                                            <\/div>\n\n                                            <div class=\"entry-content\">\n                                                <p>\n<p>Wist u dat MeetEU 100% wordt georganiseerd door vrijwilligers? Samen werken mensen van over het hele continent om u te voorzien van spannende evenementen en mogelijkheden om EU-kwesties te bespreken met andere Europeanen. Als je het leuk vindt wat je doet, voel je dan vrij om ons te steunen. <\/p>\n\n\n\n<p>Alleen met jouw hulp kunnen we dit project draaiende houden. <\/p>\n<\/p>\n                                                <div class=\"clear\"><\/div>\n                                            <\/div>\n\n                                                                                    <\/div>\n                                    <\/article>\n                                <\/div>\n                            \n                                <div id=\"post-11669\" class=\"aux-col post-11669\">\n                                    <article class=\"post column-entry post-11669 event_listing type-event_listing status-expired has-post-thumbnail hentry\">\n                                        <div class=\"entry-media\">\n                                            <div class=\"aux-media-frame aux-media-image aux-image-mask\">\n                                                <img decoding=\"async\"\n                                                loading=\"lazy\"\n                                                src=\"https:\/\/meeteu.eu\/wp-content\/uploads\/2024\/04\/Adam-Visual-Website.jpg\"\n                                                class=\"aux-attachment aux-featured-image aux-attachment-id-11670 aux-preload aux-has-preview\"\n                                                alt=\"\"\n                                                data-src=\"https:\/\/meeteu.eu\/wp-content\/uploads\/2024\/04\/Adam-Visual-Website.jpg\"\n                                                \/>\n                                            <\/div>\n                                        <\/div>\n\n                                        <header class=\"entry-header\">\n                                            <h4 class=\"entry-title\">\n                                                Een nieuwe generatie voor Europa                                            <\/h4>\n                                        <\/header>\n\n                                        <div class=\"entry-main\">\n                                            <div class=\"entry-info\">\n                                                <div class=\"event-date\">\n                                                                                                            <i class=\"fas fa-calendar-alt\"><\/i>&nbsp;\n                                                    \n                                                                                                            <span>23 april 2024<\/span>\n                                                                                                                                                                <span>19:00 (CEST)<\/span>\n                                                    \n                                                                                                            <span> - <\/span>\n                                                    \n                                                                                                            <span>23 april 2024<\/span>\n                                                                                                                                                                <span>20:00 (CEST)<\/span>\n                                                                                                    <\/div>\n\n                                                                                                    <div class=\"event-location\">\n                                                                                                                    <i class=\"fas fa-thumbtack\"><\/i>&nbsp;\n                                                            <span>Virtueel evenement op Zoom<\/span>\n                                                                                                            <\/div>\n\n                                                    <div class=\"event-language\">\n                                                                                                                    <i class=\"fas fa-globe\"><\/i>&nbsp;\n                                                            <span>In het Engels, met meertalige bijschriften<\/span>\n                                                                                                            <\/div>\n                                                                                            <\/div>\n\n                                            <div class=\"entry-content\">\n                                                <p>\n<p>Praat met Adam Trune\u010dka, een 24-jarige Tsjechische kandidaat voor het Europees Parlement, over zijn reis van activisme naar politiek. Ontdek wat hem drijft om te pleiten voor jongerenperspectieven in het Europees Parlement en wat zijn visie is op het Europa van morgen. <\/p>\n\n\n\n<p>Zoals gebruikelijk houden we een ontspannen babbel waarin je Adam over van alles en nog wat kunt vragen, of het nu gaat om zijn mening over zaken als de Green Deal van de EU of LGBTQ-rechten.<\/p>\n<\/p>\n                                                <div class=\"clear\"><\/div>\n                                            <\/div>\n\n                                                                                    <\/div>\n                                    <\/article>\n                                <\/div>\n                            \n                                <div id=\"post-11623\" class=\"aux-col post-11623\">\n                                    <article class=\"post column-entry post-11623 event_listing type-event_listing status-expired has-post-thumbnail hentry\">\n                                        <div class=\"entry-media\">\n                                            <div class=\"aux-media-frame aux-media-image aux-image-mask\">\n                                                <img decoding=\"async\"\n                                                loading=\"lazy\"\n                                                src=\"https:\/\/meeteu.eu\/wp-content\/uploads\/2024\/03\/Lobbyist-in-the-EU_Website.jpg\"\n                                                class=\"aux-attachment aux-featured-image aux-attachment-id-11624 aux-preload aux-has-preview\"\n                                                alt=\"\"\n                                                data-src=\"https:\/\/meeteu.eu\/wp-content\/uploads\/2024\/03\/Lobbyist-in-the-EU_Website.jpg\"\n                                                \/>\n                                            <\/div>\n                                        <\/div>\n\n                                        <header class=\"entry-header\">\n                                            <h4 class=\"entry-title\">\n                                                Een inside perspectief op EU-lobbyisme                                            <\/h4>\n                                        <\/header>\n\n                                        <div class=\"entry-main\">\n                                            <div class=\"entry-info\">\n                                                <div class=\"event-date\">\n                                                                                                            <i class=\"fas fa-calendar-alt\"><\/i>&nbsp;\n                                                    \n                                                                                                            <span>16 april 2024<\/span>\n                                                                                                                                                                <span>19:00 (CEST)<\/span>\n                                                    \n                                                                                                            <span> - <\/span>\n                                                    \n                                                                                                            <span>16 april 2024<\/span>\n                                                                                                                                                                <span>20:00 (CEST)<\/span>\n                                                                                                    <\/div>\n\n                                                                                                    <div class=\"event-location\">\n                                                                                                                    <i class=\"fas fa-thumbtack\"><\/i>&nbsp;\n                                                            <span>Virtueel evenement op Zoom<\/span>\n                                                                                                            <\/div>\n\n                                                    <div class=\"event-language\">\n                                                                                                                    <i class=\"fas fa-globe\"><\/i>&nbsp;\n                                                            <span>In het Engels, met meertalige bijschriften<\/span>\n                                                                                                            <\/div>\n                                                                                            <\/div>\n\n                                            <div class=\"entry-content\">\n                                                <p>\n<p>Duik in het hart van het lobbyen bij de Europese Unie met Daniel Gu\u00e9guen tijdens ons exclusieve evenement \"EU - Lobbyisme: An Inside Perspective\" op 16 april. <\/p>\n\n\n\n<p>Gu\u00e9guen staat bekend om het afpellen van de lagen van de EU-beleidsvorming met zijn expertise en brengt zijn nieuwste inzichten rechtstreeks naar jou. Met een carri\u00e8re die het begrip van lobbyen in de EU heeft gevormd, is het werk van Gu\u00e9guen een baken voor iedereen die door de complexe gangen van de Europese macht wil navigeren. Van baanbrekende lobbystrategie\u00ebn tot het schrijven van essenti\u00eble boeken over EU-politiek, zijn inzichten bieden een zeldzame blik in de kunst van het be\u00efnvloeden in het hart van Europa. <\/p>\n\n\n\n<p>Hij beschouwt zichzelf als pro-Europees, maar met een kritische blik op het bestuur van de EU. Bereid je voor op een sessie die je kijk op het lobbyen bij de EU belooft te veranderen. Reserveer nu je plek voor het evenement!<\/p>\n<\/p>\n                                                <div class=\"clear\"><\/div>\n                                            <\/div>\n\n                                                                                    <\/div>\n                                    <\/article>\n                                <\/div>\n                            \n                                <div id=\"post-11626\" class=\"aux-col post-11626\">\n                                    <article class=\"post column-entry post-11626 event_listing type-event_listing status-expired has-post-thumbnail hentry\">\n                                        <div class=\"entry-media\">\n                                            <div class=\"aux-media-frame aux-media-image aux-image-mask\">\n                                                <img decoding=\"async\"\n                                                loading=\"lazy\"\n                                                src=\"https:\/\/meeteu.eu\/wp-content\/uploads\/2024\/03\/First-time-MEP-Austria_Website.jpg\"\n                                                class=\"aux-attachment aux-featured-image aux-attachment-id-11625 aux-preload aux-has-preview\"\n                                                alt=\"\"\n                                                data-src=\"https:\/\/meeteu.eu\/wp-content\/uploads\/2024\/03\/First-time-MEP-Austria_Website.jpg\"\n                                                \/>\n                                            <\/div>\n                                        <\/div>\n\n                                        <header class=\"entry-header\">\n                                            <h4 class=\"entry-title\">\n                                                Jong, nieuw lid van het Europees Parlement?                                            <\/h4>\n                                        <\/header>\n\n                                        <div class=\"entry-main\">\n                                            <div class=\"entry-info\">\n                                                <div class=\"event-date\">\n                                                                                                            <i class=\"fas fa-calendar-alt\"><\/i>&nbsp;\n                                                    \n                                                                                                            <span>9 april 2024<\/span>\n                                                                                                                                                                <span>19:00 (CEST)<\/span>\n                                                    \n                                                                                                            <span> - <\/span>\n                                                    \n                                                                                                            <span>9 april 2024<\/span>\n                                                                                                                                                                <span>20:00 (CEST)<\/span>\n                                                                                                    <\/div>\n\n                                                                                                    <div class=\"event-location\">\n                                                                                                                    <i class=\"fas fa-thumbtack\"><\/i>&nbsp;\n                                                            <span>Virtueel evenement op Zoom<\/span>\n                                                                                                            <\/div>\n\n                                                    <div class=\"event-language\">\n                                                                                                                    <i class=\"fas fa-globe\"><\/i>&nbsp;\n                                                            <span>In het Engels, met meertalige bijschriften<\/span>\n                                                                                                            <\/div>\n                                                                                            <\/div>\n\n                                            <div class=\"entry-content\">\n                                                <p>\n<p>Heb je je ooit afgevraagd hoe het voelt om je voor het eerst kandidaat te stellen voor MEP? Heb je met de gedachte gespeeld om jezelf kandidaat te stellen? Doe dan mee aan de Zoom-sessie van dinsdag om het te bespreken met iemand die het ook doet. <\/p>\n\n\n\n<p>Anna St\u00fcrgkh staat tweede op de lijst voor haar partij en wordt misschien lid van het Europees Parlement tijdens de verkiezingen voor het Europees Parlement in juni. Stem af en ontdek Anna's uitdagingen, verwachtingen en hoop.<\/p>\n<\/p>\n                                                <div class=\"clear\"><\/div>\n                                            <\/div>\n\n                                                                                    <\/div>\n                                    <\/article>\n                                <\/div>\n                            \n                                <div id=\"post-11616\" class=\"aux-col post-11616\">\n                                    <article class=\"post column-entry post-11616 event_listing type-event_listing status-expired has-post-thumbnail hentry\">\n                                        <div class=\"entry-media\">\n                                            <div class=\"aux-media-frame aux-media-image aux-image-mask\">\n                                                <img decoding=\"async\"\n                                                loading=\"lazy\"\n                                                src=\"https:\/\/meeteu.eu\/wp-content\/uploads\/2024\/03\/MeetEU-Easter-Bunny.jpg\"\n                                                class=\"aux-attachment aux-featured-image aux-attachment-id-11617 aux-preload aux-has-preview\"\n                                                alt=\"\"\n                                                data-src=\"https:\/\/meeteu.eu\/wp-content\/uploads\/2024\/03\/MeetEU-Easter-Bunny.jpg\"\n                                                \/>\n                                            <\/div>\n                                        <\/div>\n\n                                        <header class=\"entry-header\">\n                                            <h4 class=\"entry-title\">\n                                                We hebben paasvakantie - Tot volgende week!                                            <\/h4>\n                                        <\/header>\n\n                                        <div class=\"entry-main\">\n                                            <div class=\"entry-info\">\n                                                <div class=\"event-date\">\n                                                                                                            <i class=\"fas fa-calendar-alt\"><\/i>&nbsp;\n                                                    \n                                                                                                            <span>2 april 2024<\/span>\n                                                                                                                                                                <span>19:00 (CEST)<\/span>\n                                                    \n                                                                                                            <span> - <\/span>\n                                                    \n                                                                                                            <span>2 april 2024<\/span>\n                                                                                                                                                                <span>20:00 (CEST)<\/span>\n                                                                                                    <\/div>\n\n                                                                                                    <div class=\"event-location\">\n                                                                                                                    <i class=\"fas fa-thumbtack\"><\/i>&nbsp;\n                                                            <span>Virtueel evenement op Zoom<\/span>\n                                                                                                            <\/div>\n\n                                                    <div class=\"event-language\">\n                                                                                                                    <i class=\"fas fa-globe\"><\/i>&nbsp;\n                                                            <span>In het Engels, met meertalige bijschriften<\/span>\n                                                                                                            <\/div>\n                                                                                            <\/div>\n\n                                            <div class=\"entry-content\">\n                                                <p>\n<p>We wilden je een paasbriefkaart sturen, maar toen zagen we dat onze spaarpot leeg is. Als je onze paashaas wilt zijn, waarom schenk je ons dan geen koffie (linksonder)?<\/p>\n<\/p>\n                                                <div class=\"clear\"><\/div>\n                                            <\/div>\n\n                                                                                    <\/div>\n                                    <\/article>\n                                <\/div>\n                            \n                                <div id=\"post-11612\" class=\"aux-col post-11612\">\n                                    <article class=\"post column-entry post-11612 event_listing type-event_listing status-expired has-post-thumbnail hentry\">\n                                        <div class=\"entry-media\">\n                                            <div class=\"aux-media-frame aux-media-image aux-image-mask\">\n                                                <img decoding=\"async\"\n                                                loading=\"lazy\"\n                                                src=\"https:\/\/meeteu.eu\/wp-content\/uploads\/2024\/03\/eID_visual.jpg\"\n                                                class=\"aux-attachment aux-featured-image aux-attachment-id-11613 aux-preload aux-has-preview\"\n                                                alt=\"\"\n                                                data-src=\"https:\/\/meeteu.eu\/wp-content\/uploads\/2024\/03\/eID_visual.jpg\"\n                                                \/>\n                                            <\/div>\n                                        <\/div>\n\n                                        <header class=\"entry-header\">\n                                            <h4 class=\"entry-title\">\n                                                MEP Chat: eIDAS 2.0: Uw identiteit naar het digitale domein                                            <\/h4>\n                                        <\/header>\n\n                                        <div class=\"entry-main\">\n                                            <div class=\"entry-info\">\n                                                <div class=\"event-date\">\n                                                                                                            <i class=\"fas fa-calendar-alt\"><\/i>&nbsp;\n                                                    \n                                                                                                            <span>26 maart 2024<\/span>\n                                                                                                                                                                <span>19:00 (CEST)<\/span>\n                                                    \n                                                                                                            <span> - <\/span>\n                                                    \n                                                                                                            <span>26 maart 2024<\/span>\n                                                                                                                                                                <span>20:00 (CEST)<\/span>\n                                                                                                    <\/div>\n\n                                                                                                    <div class=\"event-location\">\n                                                                                                                    <i class=\"fas fa-thumbtack\"><\/i>&nbsp;\n                                                            <span>Virtueel evenement op Zoom<\/span>\n                                                                                                            <\/div>\n\n                                                    <div class=\"event-language\">\n                                                                                                                    <i class=\"fas fa-globe\"><\/i>&nbsp;\n                                                            <span>In het Engels, met meertalige bijschriften<\/span>\n                                                                                                            <\/div>\n                                                                                            <\/div>\n\n                                            <div class=\"entry-content\">\n                                                <p>\n<p>Solliciteren voor een universitaire opleiding in een ander EU-land? Op vakantie in het buitenland en je doktersvoorschrift vergeten? Weet je niet zeker of een online winkel authentiek is? Moet je bewijzen dat je mag autorijden zonder een andere kaart bij je te hebben? Ben je het beu om thuis papieren certificaten te verzamelen? <\/p>\n\n\n\n<p>Doe mee aan ons Zoom-event met Romana Jerkovi\u0107, lid van het Europees Parlement (S&amp;D) en verantwoordelijk voor het opstellen van eIDAS 2.0, het geactualiseerde identiteitskader van de EU. Leer hoe het helpt bij de genoemde scenario's en meer.<\/p>\n<\/p>\n                                                <div class=\"clear\"><\/div>\n                                            <\/div>\n\n                                                                                    <\/div>\n                                    <\/article>\n                                <\/div>\n                            \n                                <div id=\"post-11610\" class=\"aux-col post-11610\">\n                                    <article class=\"post column-entry post-11610 event_listing type-event_listing status-expired has-post-thumbnail hentry\">\n                                        <div class=\"entry-media\">\n                                            <div class=\"aux-media-frame aux-media-image aux-image-mask\">\n                                                <img decoding=\"async\"\n                                                loading=\"lazy\"\n                                                src=\"https:\/\/meeteu.eu\/wp-content\/uploads\/2024\/03\/Event-ILOT_Website.jpg\"\n                                                class=\"aux-attachment aux-featured-image aux-attachment-id-11611 aux-preload aux-has-preview\"\n                                                alt=\"\"\n                                                data-src=\"https:\/\/meeteu.eu\/wp-content\/uploads\/2024\/03\/Event-ILOT_Website.jpg\"\n                                                \/>\n                                            <\/div>\n                                        <\/div>\n\n                                        <header class=\"entry-header\">\n                                            <h4 class=\"entry-title\">\n                                                Barri\u00e8res doorbreken - van gevangenis naar rehabilitatie                                            <\/h4>\n                                        <\/header>\n\n                                        <div class=\"entry-main\">\n                                            <div class=\"entry-info\">\n                                                <div class=\"event-date\">\n                                                                                                            <i class=\"fas fa-calendar-alt\"><\/i>&nbsp;\n                                                    \n                                                                                                            <span>19 maart 2024<\/span>\n                                                                                                                                                                <span>19:00 (CEST)<\/span>\n                                                    \n                                                                                                            <span> - <\/span>\n                                                    \n                                                                                                            <span>19 maart 2024<\/span>\n                                                                                                                                                                <span>20:00 (CEST)<\/span>\n                                                                                                    <\/div>\n\n                                                                                                    <div class=\"event-location\">\n                                                                                                                    <i class=\"fas fa-thumbtack\"><\/i>&nbsp;\n                                                            <span>Virtueel evenement op Zoom<\/span>\n                                                                                                            <\/div>\n\n                                                    <div class=\"event-language\">\n                                                                                                                    <i class=\"fas fa-globe\"><\/i>&nbsp;\n                                                            <span>In het Engels, met meertalige bijschriften<\/span>\n                                                                                                            <\/div>\n                                                                                            <\/div>\n\n                                            <div class=\"entry-content\">\n                                                <p>\n<p>Wist je dat in Frankrijk elk jaar ongeveer 11,5% van de veroordeelden terugkeert naar de gevangenis, wat bijdraagt aan overbevolking? In combinatie met de ernstige onderfinanciering van Franse gevangenissen zorgt dit voor alarmerende uitdagingen voor zowel gevangenen als gevangenispersoneel. Vandaag willen we de stem versterken van degenen die meestal niet worden gehoord: de gemarginaliseerde leden van de samenleving die zelden worden vertegenwoordigd in de media en vaak worden afgedaan als verloren zaken.<\/p>\n\n\n\n<p>We willen weten of het mogelijk is om mensen met een gevangenisverleden succesvol te re-integreren in de maatschappij en hoe we dit alarmerende probleem van recidive kunnen aanpakken. Ga met ons in discussie met Olivier Caquineau, een expert op het gebied van het Franse rechtssysteem, de vereniging Ilot, die zich inzet voor de rehabilitatie van ex-gedetineerden, en Ludovic, een ex-gedetineerde. <\/p>\n\n\n\n<p>Krijg een idee van hoe het is om achter de tralies te leven en hoe het is om de uitdagingen bij het terugkeren in de maatschappij te overwinnen.<\/p>\n<\/p>\n                                                <div class=\"clear\"><\/div>\n                                            <\/div>\n\n                                                                                    <\/div>\n                                    <\/article>\n                                <\/div>\n                            \n                                <div id=\"post-11606\" class=\"aux-col post-11606\">\n                                    <article class=\"post column-entry post-11606 event_listing type-event_listing status-expired has-post-thumbnail hentry\">\n                                        <div class=\"entry-media\">\n                                            <div class=\"aux-media-frame aux-media-image aux-image-mask\">\n                                                <img decoding=\"async\"\n                                                loading=\"lazy\"\n                                                src=\"https:\/\/meeteu.eu\/wp-content\/uploads\/2024\/03\/Visual-Election-TALK-Website-.jpg\"\n                                                class=\"aux-attachment aux-featured-image aux-attachment-id-11607 aux-preload aux-has-preview\"\n                                                alt=\"\"\n                                                data-src=\"https:\/\/meeteu.eu\/wp-content\/uploads\/2024\/03\/Visual-Election-TALK-Website-.jpg\"\n                                                \/>\n                                            <\/div>\n                                        <\/div>\n\n                                        <header class=\"entry-header\">\n                                            <h4 class=\"entry-title\">\n                                                Stemmen bij de stemming: Digitale dialoog EU-verkiezingen                                            <\/h4>\n                                        <\/header>\n\n                                        <div class=\"entry-main\">\n                                            <div class=\"entry-info\">\n                                                <div class=\"event-date\">\n                                                                                                            <i class=\"fas fa-calendar-alt\"><\/i>&nbsp;\n                                                    \n                                                                                                            <span>5 maart 2024<\/span>\n                                                                                                                                                                <span>19:00 (CEST)<\/span>\n                                                    \n                                                                                                            <span> - <\/span>\n                                                    \n                                                                                                            <span>5 maart 2024<\/span>\n                                                                                                                                                                <span>20:00 (CEST)<\/span>\n                                                                                                    <\/div>\n\n                                                                                                    <div class=\"event-location\">\n                                                                                                                    <i class=\"fas fa-thumbtack\"><\/i>&nbsp;\n                                                            <span>Virtueel evenement op Zoom<\/span>\n                                                                                                            <\/div>\n\n                                                    <div class=\"event-language\">\n                                                                                                                    <i class=\"fas fa-globe\"><\/i>&nbsp;\n                                                            <span>In het Engels, met meertalige bijschriften<\/span>\n                                                                                                            <\/div>\n                                                                                            <\/div>\n\n                                            <div class=\"entry-content\">\n                                                <p>\n<p>Deze digitale sessie, die wordt gehouden op Zoom, gaat dieper in op de recente EU-verkiezingen en onderzoekt de resultaten, gevolgen en de cruciale rol die ze spelen bij het vormgeven van de toekomst van de Europese democratie. In dit interactieve forum komen EU-burgers samen om strategie\u00ebn te bespreken voor het vergroten van de betrokkenheid van de kiezers en het uitstippelen van de weg naar een meer participatieve EU. Neem deel aan levendige discussies, deel uw inzichten en kom in contact met een gemeenschap die gepassioneerd is over het versterken van de democratie in heel Europa.<\/p>\n\n\n\n<p>Mis deze kans niet om bij te dragen aan een kritisch gesprek over de toekomst van democratische participatie en bestuur in de EU. Uw stem is belangrijk in onze collectieve inspanningen voor een meer inclusieve, levendige en democratische Europese Unie.<\/p>\n<\/p>\n                                                <div class=\"clear\"><\/div>\n                                            <\/div>\n\n                                                                                    <\/div>\n                                    <\/article>\n                                <\/div>\n                            \n                                <div id=\"post-11574\" class=\"aux-col post-11574\">\n                                    <article class=\"post column-entry post-11574 event_listing type-event_listing status-expired has-post-thumbnail hentry\">\n                                        <div class=\"entry-media\">\n                                            <div class=\"aux-media-frame aux-media-image aux-image-mask\">\n                                                <img decoding=\"async\"\n                                                loading=\"lazy\"\n                                                src=\"https:\/\/meeteu.eu\/wp-content\/uploads\/2024\/02\/Guy-Webseite-Visual.jpg\"\n                                                class=\"aux-attachment aux-featured-image aux-attachment-id-11576 aux-preload aux-has-preview\"\n                                                alt=\"\"\n                                                data-src=\"https:\/\/meeteu.eu\/wp-content\/uploads\/2024\/02\/Guy-Webseite-Visual.jpg\"\n                                                \/>\n                                            <\/div>\n                                        <\/div>\n\n                                        <header class=\"entry-header\">\n                                            <h4 class=\"entry-title\">\n                                                Gesprek met Guy Verhofstadt: De Verenigde Staten van Europa - Een must in de huidige geopolitiek                                            <\/h4>\n                                        <\/header>\n\n                                        <div class=\"entry-main\">\n                                            <div class=\"entry-info\">\n                                                <div class=\"event-date\">\n                                                                                                            <i class=\"fas fa-calendar-alt\"><\/i>&nbsp;\n                                                    \n                                                                                                            <span>20 februari 2024<\/span>\n                                                                                                                                                                <span>19:00 (CEST)<\/span>\n                                                    \n                                                                                                            <span> - <\/span>\n                                                    \n                                                                                                            <span>20 februari 2024<\/span>\n                                                                                                                                                                <span>20:00 (CEST)<\/span>\n                                                                                                    <\/div>\n\n                                                                                                    <div class=\"event-location\">\n                                                                                                                    <i class=\"fas fa-thumbtack\"><\/i>&nbsp;\n                                                            <span>Virtueel evenement op Zoom<\/span>\n                                                                                                            <\/div>\n\n                                                    <div class=\"event-language\">\n                                                                                                                    <i class=\"fas fa-globe\"><\/i>&nbsp;\n                                                            <span>In het Engels, met meertalige bijschriften<\/span>\n                                                                                                            <\/div>\n                                                                                            <\/div>\n\n                                            <div class=\"entry-content\">\n                                                <p>\n<p>China wil Taiwan en de controle over de Zuid-Chinese Zee. Rusland probeert zijn hegemonie uit het Sovjettijdperk in Oost-Europa te herstellen. Ondertussen zegt presidentskandidaat Donald Trump dat hij kleine NAVO-bondgenoten of landen die niet genoeg uitgeven aan defensie misschien niet zal verdedigen.<\/p>\n\n\n\n<p> Wat als de Verenigde Staten zich terugtrekken uit Europa? Kan de EU veiligheid garanderen voor Oost-Europese leden? Kan de EU in haar huidige vorm standhouden in deze mondiale krokodillenvijver? Velen stellen dat we een krachtige nieuwe visie voor het continent nodig hebben. Is het nu tijd om de Europese Unie opnieuw op te bouwen als \"de Verenigde Staten van Europa\"? <\/p>\n\n\n\n<p>Van wie kunnen we beter leren over deze kwesties dan van <strong>Vernieuwen Europees Parlementslid Guy Verhofstadt<\/strong>, voormalig premier van Belgi\u00eb, en bestuurslid van de Spinelli Groep van de Europese Federalisten.<\/p>\n<\/p>\n                                                <div class=\"clear\"><\/div>\n                                            <\/div>\n\n                                                                                    <\/div>\n                                    <\/article>\n                                <\/div>\n                            \n                                <div id=\"post-11614\" class=\"aux-col post-11614\">\n                                    <article class=\"post column-entry post-11614 event_listing type-event_listing status-expired has-post-thumbnail hentry\">\n                                        <div class=\"entry-media\">\n                                            <div class=\"aux-media-frame aux-media-image aux-image-mask\">\n                                                <img decoding=\"async\"\n                                                loading=\"lazy\"\n                                                src=\"https:\/\/meeteu.eu\/wp-content\/uploads\/2024\/03\/DemocracyLab-Website.jpg\"\n                                                class=\"aux-attachment aux-featured-image aux-attachment-id-11615 aux-preload aux-has-preview\"\n                                                alt=\"\"\n                                                data-src=\"https:\/\/meeteu.eu\/wp-content\/uploads\/2024\/03\/DemocracyLab-Website.jpg\"\n                                                \/>\n                                            <\/div>\n                                        <\/div>\n\n                                        <header class=\"entry-header\">\n                                            <h4 class=\"entry-title\">\n                                                DemocracyLab2024 - Samen voor het Europa van morgen                                            <\/h4>\n                                        <\/header>\n\n                                        <div class=\"entry-main\">\n                                            <div class=\"entry-info\">\n                                                <div class=\"event-date\">\n                                                                                                            <i class=\"fas fa-calendar-alt\"><\/i>&nbsp;\n                                                    \n                                                                                                            <span>18 februari 2024<\/span>\n                                                                                                                                                                <span>08:00 (CEST)<\/span>\n                                                    \n                                                                                                            <span> - <\/span>\n                                                    \n                                                                                                            <span>22 februari 2024<\/span>\n                                                                                                                                                                <span>20:00 (CEST)<\/span>\n                                                                                                    <\/div>\n\n                                                                                            <\/div>\n\n                                            <div class=\"entry-content\">\n                                                <p>\n<p>In de leeftijd van 16 tot 75 jaar hebben 35 Europeanen uit meer dan 17 verschillende landen hun idee\u00ebn ontwikkeld over hoe de opkomst voor de EU-verkiezingen van 2024 kan worden verhoogd.<\/p>\n<\/p>\n                                                <div class=\"clear\"><\/div>\n                                            <\/div>\n\n                                                                                    <\/div>\n                                    <\/article>\n                                <\/div>\n                            \n                                <div id=\"post-11571\" class=\"aux-col post-11571\">\n                                    <article class=\"post column-entry post-11571 event_listing type-event_listing status-expired has-post-thumbnail hentry\">\n                                        <div class=\"entry-media\">\n                                            <div class=\"aux-media-frame aux-media-image aux-image-mask\">\n                                                <img decoding=\"async\"\n                                                loading=\"lazy\"\n                                                src=\"https:\/\/meeteu.eu\/wp-content\/uploads\/2024\/02\/Mardi-Gras-Break.jpg\"\n                                                class=\"aux-attachment aux-featured-image aux-attachment-id-11572 aux-preload aux-has-preview\"\n                                                alt=\"\"\n                                                data-src=\"https:\/\/meeteu.eu\/wp-content\/uploads\/2024\/02\/Mardi-Gras-Break.jpg\"\n                                                \/>\n                                            <\/div>\n                                        <\/div>\n\n                                        <header class=\"entry-header\">\n                                            <h4 class=\"entry-title\">\n                                                Mardi Gras - We nemen een pauze                                            <\/h4>\n                                        <\/header>\n\n                                        <div class=\"entry-main\">\n                                            <div class=\"entry-info\">\n                                                <div class=\"event-date\">\n                                                                                                            <i class=\"fas fa-calendar-alt\"><\/i>&nbsp;\n                                                    \n                                                                                                            <span>13 februari 2024<\/span>\n                                                                                                                                                                <span>19:00 (CEST)<\/span>\n                                                    \n                                                                                                            <span> - <\/span>\n                                                    \n                                                                                                            <span>13 februari 2024<\/span>\n                                                                                                                                                                <span>20:00 (CEST)<\/span>\n                                                                                                    <\/div>\n\n                                                                                                    <div class=\"event-location\">\n                                                                                                                    <i class=\"fas fa-thumbtack\"><\/i>&nbsp;\n                                                            <span>Virtueel evenement op Zoom<\/span>\n                                                                                                            <\/div>\n\n                                                    <div class=\"event-language\">\n                                                                                                                    <i class=\"fas fa-globe\"><\/i>&nbsp;\n                                                            <span>In het Engels, met meertalige bijschriften<\/span>\n                                                                                                            <\/div>\n                                                                                            <\/div>\n\n                                            <div class=\"entry-content\">\n                                                <p>\n<p>Zoals elk jaar verkleden de leden van het MeetEU-team zich als EU-politici om een EU-Raadstop te simuleren. Helaas zijn de kaarten voor dit spektakel al uitverkocht - sorry. Maar u kunt onze geweldige creativiteit, en al het werk dat we daarnaast doen, steunen door ons een donatie te sturen.<\/p>\n<\/p>\n                                                <div class=\"clear\"><\/div>\n                                            <\/div>\n\n                                                                                    <\/div>\n                                    <\/article>\n                                <\/div>\n                            \n                                <div id=\"post-11336\" class=\"aux-col post-11336\">\n                                    <article class=\"post column-entry post-11336 event_listing type-event_listing status-expired has-post-thumbnail hentry\">\n                                        <div class=\"entry-media\">\n                                            <div class=\"aux-media-frame aux-media-image aux-image-mask\">\n                                                <img decoding=\"async\"\n                                                loading=\"lazy\"\n                                                src=\"https:\/\/meeteu.eu\/wp-content\/uploads\/2024\/01\/ANotherrussia-.jpg\"\n                                                class=\"aux-attachment aux-featured-image aux-attachment-id-11337 aux-preload aux-has-preview\"\n                                                alt=\"\"\n                                                data-src=\"https:\/\/meeteu.eu\/wp-content\/uploads\/2024\/01\/ANotherrussia-.jpg\"\n                                                \/>\n                                            <\/div>\n                                        <\/div>\n\n                                        <header class=\"entry-header\">\n                                            <h4 class=\"entry-title\">\n                                                Er is een ander Rusland - Inzichten in de Russische burgermaatschappij                                            <\/h4>\n                                        <\/header>\n\n                                        <div class=\"entry-main\">\n                                            <div class=\"entry-info\">\n                                                <div class=\"event-date\">\n                                                                                                            <i class=\"fas fa-calendar-alt\"><\/i>&nbsp;\n                                                    \n                                                                                                            <span>6 februari 2024<\/span>\n                                                                                                                                                                <span>19:00 (CEST)<\/span>\n                                                    \n                                                                                                            <span> - <\/span>\n                                                    \n                                                                                                            <span>6 februari 2024<\/span>\n                                                                                                                                                                <span>20:00 (CEST)<\/span>\n                                                                                                    <\/div>\n\n                                                                                                    <div class=\"event-location\">\n                                                                                                                    <i class=\"fas fa-thumbtack\"><\/i>&nbsp;\n                                                            <span>Virtueel evenement op Zoom<\/span>\n                                                                                                            <\/div>\n\n                                                    <div class=\"event-language\">\n                                                                                                                    <i class=\"fas fa-globe\"><\/i>&nbsp;\n                                                            <span>In het Engels, met meertalige bijschriften<\/span>\n                                                                                                            <\/div>\n                                                                                            <\/div>\n\n                                            <div class=\"entry-content\">\n                                                <p>\n<p>Met de Russische annexatie van de Krim, de Russische inmenging in Oost-Oekra\u00efne in 2014 en uiteindelijk met de grootschalige aanvalsoorlog tegen Oekra\u00efne in februari 2022 zijn alle dromen van een levensvatbaar partnerschap met Rusland grondig om zeep geholpen. Rusland is weer in de rol gestapt die het voor 1989 innam: de monolythische systeemvijand van de Europese Unie. Poetin controleert het veld. De oppositie wordt meedogenloos onderdrukt.<\/p>\n\n\n\n<p>Tijdens het evenement van vanavond praten we met Elizaveta Shlosberg, vertegenwoordiger van \"Alliantie voor een vrij en democratisch Rusland\", een Duitse organisatie van voornamelijk Russische emigranten gevestigd in Neurenberg. Zij zal ons inzicht geven in de activiteiten van Russische emigrantenorganisaties in Europa en de ontwikkelingen in het maatschappelijk middenveld in het Rusland van voor de presidentsverkiezingen.<\/p>\n<\/p>\n                                                <div class=\"clear\"><\/div>\n                                            <\/div>\n\n                                                                                    <\/div>\n                                    <\/article>\n                                <\/div>\n                            \n                                <div id=\"post-11330\" class=\"aux-col post-11330\">\n                                    <article class=\"post column-entry post-11330 event_listing type-event_listing status-expired has-post-thumbnail hentry\">\n                                        <div class=\"entry-media\">\n                                            <div class=\"aux-media-frame aux-media-image aux-image-mask\">\n                                                <img decoding=\"async\"\n                                                loading=\"lazy\"\n                                                src=\"https:\/\/meeteu.eu\/wp-content\/uploads\/2024\/01\/EU-Turkey-Relations_website-1.jpg\"\n                                                class=\"aux-attachment aux-featured-image aux-attachment-id-11339 aux-preload aux-has-preview\"\n                                                alt=\"\"\n                                                data-src=\"https:\/\/meeteu.eu\/wp-content\/uploads\/2024\/01\/EU-Turkey-Relations_website-1.jpg\"\n                                                \/>\n                                            <\/div>\n                                        <\/div>\n\n                                        <header class=\"entry-header\">\n                                            <h4 class=\"entry-title\">\n                                                Relatie EU-Turkije, einde van een droom?                                            <\/h4>\n                                        <\/header>\n\n                                        <div class=\"entry-main\">\n                                            <div class=\"entry-info\">\n                                                <div class=\"event-date\">\n                                                                                                            <i class=\"fas fa-calendar-alt\"><\/i>&nbsp;\n                                                    \n                                                                                                            <span>30 januari 2024<\/span>\n                                                                                                                                                                <span>19:00 (CEST)<\/span>\n                                                    \n                                                                                                            <span> - <\/span>\n                                                    \n                                                                                                            <span>30 januari 2024<\/span>\n                                                                                                                                                                <span>20:00 (CEST)<\/span>\n                                                                                                    <\/div>\n\n                                                                                                    <div class=\"event-location\">\n                                                                                                                    <i class=\"fas fa-thumbtack\"><\/i>&nbsp;\n                                                            <span>Virtueel evenement op Zoom<\/span>\n                                                                                                            <\/div>\n\n                                                    <div class=\"event-language\">\n                                                                                                                    <i class=\"fas fa-globe\"><\/i>&nbsp;\n                                                            <span>In het Engels, met meertalige bijschriften<\/span>\n                                                                                                            <\/div>\n                                                                                            <\/div>\n\n                                            <div class=\"entry-content\">\n                                                <p>\n<p>Welke droom loopt mogelijk ten einde? De droom van Turkije om lid te worden van de EU? Of de droom van Europa om een sterke partner te hebben die een brug slaat tussen Europa en Azi\u00eb? En waar gaat Turkije heen onder president Erdogan? Dit zijn de vragen die we tijdens dit evenement willen bespreken. Om het Turkse perspectief te vertegenwoordigen zal ons teamlid Hira uit Turkije ons voorzien van inzichten vanuit Turks perspectief.<\/p>\n\n\n\n<p><\/p>\n<\/p>\n                                                <div class=\"clear\"><\/div>\n                                            <\/div>\n\n                                                                                    <\/div>\n                                    <\/article>\n                                <\/div>\n                            \n                                <div id=\"post-11327\" class=\"aux-col post-11327\">\n                                    <article class=\"post column-entry post-11327 event_listing type-event_listing status-expired has-post-thumbnail hentry\">\n                                        <div class=\"entry-media\">\n                                            <div class=\"aux-media-frame aux-media-image aux-image-mask\">\n                                                <img decoding=\"async\"\n                                                loading=\"lazy\"\n                                                src=\"https:\/\/meeteu.eu\/wp-content\/uploads\/2024\/01\/butikofer-evetnt-visual-website-.jpg\"\n                                                class=\"aux-attachment aux-featured-image aux-attachment-id-11328 aux-preload aux-has-preview\"\n                                                alt=\"\"\n                                                data-src=\"https:\/\/meeteu.eu\/wp-content\/uploads\/2024\/01\/butikofer-evetnt-visual-website-.jpg\"\n                                                \/>\n                                            <\/div>\n                                        <\/div>\n\n                                        <header class=\"entry-header\">\n                                            <h4 class=\"entry-title\">\n                                                MEP Talk: Betrekkingen EU-China: Wat ligt er in het verschiet?                                            <\/h4>\n                                        <\/header>\n\n                                        <div class=\"entry-main\">\n                                            <div class=\"entry-info\">\n                                                <div class=\"event-date\">\n                                                                                                            <i class=\"fas fa-calendar-alt\"><\/i>&nbsp;\n                                                    \n                                                                                                            <span>23 januari 2024<\/span>\n                                                                                                                                                                <span>19:00 (CEST)<\/span>\n                                                    \n                                                                                                            <span> - <\/span>\n                                                    \n                                                                                                            <span>23 januari 2024<\/span>\n                                                                                                                                                                <span>20:00 (CEST)<\/span>\n                                                                                                    <\/div>\n\n                                                                                                    <div class=\"event-location\">\n                                                                                                                    <i class=\"fas fa-thumbtack\"><\/i>&nbsp;\n                                                            <span>Virtueel evenement op Zoom<\/span>\n                                                                                                            <\/div>\n\n                                                    <div class=\"event-language\">\n                                                                                                                    <i class=\"fas fa-globe\"><\/i>&nbsp;\n                                                            <span>In het Engels, met meertalige bijschriften<\/span>\n                                                                                                            <\/div>\n                                                                                            <\/div>\n\n                                            <div class=\"entry-content\">\n                                                <p><p>China en de EU zijn het op twee na grootste exportknooppunt van de EU en delen een sterke handelsband. Ondanks de economische banden blijft de waakzame blik van het Europees Parlement gericht op de mensenrechtenkwesties in China. Deze delicate dans weerspiegelt de inzet van de EU om handel en principes met elkaar in evenwicht te brengen door middel van een voortdurende diplomatieke dialoog met China.<\/p>\n<p>Ga met ons mee voor een Zoomgesprek met de heer Reinhard B\u00dcTIKOFER, lid van het Europees Parlement en voorzitter van de Delegaties voor de betrekkingen met de Volksrepubliek China. Op zoek naar begrip zal dit evenement licht werpen op de zich ontwikkelende dynamiek tussen Europa en China.<\/p>\n<\/p>\n                                                <div class=\"clear\"><\/div>\n                                            <\/div>\n\n                                                                                    <\/div>\n                                    <\/article>\n                                <\/div>\n                            \n                                <div id=\"post-11322\" class=\"aux-col post-11322\">\n                                    <article class=\"post column-entry post-11322 event_listing type-event_listing status-expired has-post-thumbnail hentry\">\n                                        <div class=\"entry-media\">\n                                            <div class=\"aux-media-frame aux-media-image aux-image-mask\">\n                                                <img decoding=\"async\"\n                                                loading=\"lazy\"\n                                                src=\"https:\/\/meeteu.eu\/wp-content\/uploads\/2023\/12\/Visual-Christmas-Website.jpg\"\n                                                class=\"aux-attachment aux-featured-image aux-attachment-id-11323 aux-preload aux-has-preview\"\n                                                alt=\"\"\n                                                data-src=\"https:\/\/meeteu.eu\/wp-content\/uploads\/2023\/12\/Visual-Christmas-Website.jpg\"\n                                                \/>\n                                            <\/div>\n                                        <\/div>\n\n                                        <header class=\"entry-header\">\n                                            <h4 class=\"entry-title\">\n                                                Kerstchillen met de MeetEU-community                                            <\/h4>\n                                        <\/header>\n\n                                        <div class=\"entry-main\">\n                                            <div class=\"entry-info\">\n                                                <div class=\"event-date\">\n                                                                                                            <i class=\"fas fa-calendar-alt\"><\/i>&nbsp;\n                                                    \n                                                                                                            <span>19 december 2023<\/span>\n                                                                                                                                                                <span>19:00 (CEST)<\/span>\n                                                    \n                                                                                                            <span> - <\/span>\n                                                    \n                                                                                                            <span>19 december 2023<\/span>\n                                                                                                                                                                <span>20:00 (CEST)<\/span>\n                                                                                                    <\/div>\n\n                                                                                                    <div class=\"event-location\">\n                                                                                                                    <i class=\"fas fa-thumbtack\"><\/i>&nbsp;\n                                                            <span>Virtueel evenement op Zoom<\/span>\n                                                                                                            <\/div>\n\n                                                    <div class=\"event-language\">\n                                                                                                                    <i class=\"fas fa-globe\"><\/i>&nbsp;\n                                                            <span>In het Engels, met meertalige bijschriften<\/span>\n                                                                                                            <\/div>\n                                                                                            <\/div>\n\n                                            <div class=\"entry-content\">\n                                                <p><p>In 2023 hebben we de wereld van de EU-politiek verkend. Vanavond richten we de schijnwerpers op onszelf. <\/p>\n<p>Laten we met elkaar delen hoe we Kerstmis vieren in onze landen, wat onze vakantieplannen zijn en wat ons hart nog meer vult. <\/p>\n<p>Pak een gezellig drankje en wat Panettone, Kerststol, Lebkuchen, B\u00fbche de No\u00ebl, Kourabiedes, Makowiec - noem maar op. Laten we ontspannen praten over van alles en nog wat (en ook een beetje Europa). <\/p>\n<p>Jullie steun gedurende het hele jaar betekent heel veel voor ons. Bedankt voor alles! <\/p>\n<p>Ik kijk uit naar onze tijd samen vanavond! <\/p>\n<\/p>\n                                                <div class=\"clear\"><\/div>\n                                            <\/div>\n\n                                                                                    <\/div>\n                                    <\/article>\n                                <\/div>\n                            \n                                <div id=\"post-11142\" class=\"aux-col post-11142\">\n                                    <article class=\"post column-entry post-11142 event_listing type-event_listing status-expired has-post-thumbnail hentry\">\n                                        <div class=\"entry-media\">\n                                            <div class=\"aux-media-frame aux-media-image aux-image-mask\">\n                                                <img decoding=\"async\"\n                                                loading=\"lazy\"\n                                                src=\"https:\/\/meeteu.eu\/wp-content\/uploads\/2023\/11\/Platform-Workers-Website.jpg\"\n                                                class=\"aux-attachment aux-featured-image aux-attachment-id-11141 aux-preload aux-has-preview\"\n                                                alt=\"\"\n                                                data-src=\"https:\/\/meeteu.eu\/wp-content\/uploads\/2023\/11\/Platform-Workers-Website.jpg\"\n                                                \/>\n                                            <\/div>\n                                        <\/div>\n\n                                        <header class=\"entry-header\">\n                                            <h4 class=\"entry-title\">\n                                                De echte leveringskosten - de jeugd van Europa betaalt de prijs                                            <\/h4>\n                                        <\/header>\n\n                                        <div class=\"entry-main\">\n                                            <div class=\"entry-info\">\n                                                <div class=\"event-date\">\n                                                                                                            <i class=\"fas fa-calendar-alt\"><\/i>&nbsp;\n                                                    \n                                                                                                            <span>12 december 2023<\/span>\n                                                                                                                                                                <span>19:00 (CEST)<\/span>\n                                                    \n                                                                                                            <span> - <\/span>\n                                                    \n                                                                                                            <span>12 december 2023<\/span>\n                                                                                                                                                                <span>20:00 (CEST)<\/span>\n                                                                                                    <\/div>\n\n                                                                                                    <div class=\"event-location\">\n                                                                                                                    <i class=\"fas fa-thumbtack\"><\/i>&nbsp;\n                                                            <span>Virtueel evenement op Zoom<\/span>\n                                                                                                            <\/div>\n\n                                                    <div class=\"event-language\">\n                                                                                                                    <i class=\"fas fa-globe\"><\/i>&nbsp;\n                                                            <span>In het Engels, met meertalige bijschriften<\/span>\n                                                                                                            <\/div>\n                                                                                            <\/div>\n\n                                            <div class=\"entry-content\">\n                                                <p><p>Na een lange dag werken lijkt eten thuis laten bezorgen een gemakkelijk alternatief. Je legt je voeten op tafel terwijl je de bezorgstatus van je app in realtime volgt. En het prijskaartje is laag: Veel platforms bieden zelfs gratis bezorging. Dus, wie betaalt de prijs?<\/p>\n<p>In veel gevallen zijn het Europese jongeren. Vijf van de tien zogenaamde platformwerkers - degenen die op de fiets zitten en het eten bezorgen - zijn jonge Europeanen, zo blijkt uit onderzoek van het Europees Jeugdforum. <\/p>\n<p>Door economische en sociale marginalisatie worden velen gedwongen om deze onzekere baan zonder sociale zekerheid en onveilige werkomstandigheden aan te nemen. Wat kan er gedaan worden om de jeugd te beschermen? Is schuldgevoel inherent aan bezorgdiensten of zijn er oplossingen?<\/p>\n<p>Laten we deze vragen bespreken met Alex; hij pleit voor positieve verandering als specialist en beleidsadviseur voor het Europees Jeugdforum. <\/p>\n<\/p>\n                                                <div class=\"clear\"><\/div>\n                                            <\/div>\n\n                                                                                    <\/div>\n                                    <\/article>\n                                <\/div>\n                            \n                                <div id=\"post-11143\" class=\"aux-col post-11143\">\n                                    <article class=\"post column-entry post-11143 event_listing type-event_listing status-expired has-post-thumbnail hentry\">\n                                        <div class=\"entry-media\">\n                                            <div class=\"aux-media-frame aux-media-image aux-image-mask\">\n                                                <img decoding=\"async\"\n                                                loading=\"lazy\"\n                                                src=\"https:\/\/meeteu.eu\/wp-content\/uploads\/2023\/11\/Knaus_Website__.jpg\"\n                                                class=\"aux-attachment aux-featured-image aux-attachment-id-11140 aux-preload aux-has-preview\"\n                                                alt=\"\"\n                                                data-src=\"https:\/\/meeteu.eu\/wp-content\/uploads\/2023\/11\/Knaus_Website__.jpg\"\n                                                \/>\n                                            <\/div>\n                                        <\/div>\n\n                                        <header class=\"entry-header\">\n                                            <h4 class=\"entry-title\">\n                                                Migratieparadigmaverschuiving 2024 - Angst, vluchtelingen en liberale democratie                                            <\/h4>\n                                        <\/header>\n\n                                        <div class=\"entry-main\">\n                                            <div class=\"entry-info\">\n                                                <div class=\"event-date\">\n                                                                                                            <i class=\"fas fa-calendar-alt\"><\/i>&nbsp;\n                                                    \n                                                                                                            <span>5 december 2023<\/span>\n                                                                                                                                                                <span>19:00 (CEST)<\/span>\n                                                    \n                                                                                                            <span> - <\/span>\n                                                    \n                                                                                                            <span>5 december 2023<\/span>\n                                                                                                                                                                <span>20:00 (CEST)<\/span>\n                                                                                                    <\/div>\n\n                                                                                                    <div class=\"event-location\">\n                                                                                                                    <i class=\"fas fa-thumbtack\"><\/i>&nbsp;\n                                                            <span>Virtueel evenement op Zoom<\/span>\n                                                                                                            <\/div>\n\n                                                    <div class=\"event-language\">\n                                                                                                                    <i class=\"fas fa-globe\"><\/i>&nbsp;\n                                                            <span>In het Engels, met meertalige bijschriften<\/span>\n                                                                                                            <\/div>\n                                                                                            <\/div>\n\n                                            <div class=\"entry-content\">\n                                                <p><p>Met Gerald Knaus, voorzitter van de denktank European Stability Initiative en architect van de EU-Turkije verklaring over migratie.<\/p>\n<p>Illegale migratie blijft een uitdaging voor zowel de EU als haar lidstaten en geeft aanleiding tot rechts-populistische partijen met een onliberale visie op het continent. Toch is de EU nog steeds op zoek naar een strategie.<\/p>\n<p>Knaus stelt dat \"we een paradigmaverschuiving nodig hebben in het migratiebeleid van de EU, om de golf van asielaanvragen en illegale oversteek van de Middellandse Zee aan te pakken. Tot de belangrijkste maatregelen behoren het steunen van Oekra\u00efne, het versterken van de Europese solidariteit met Oekra\u00efense vluchtelingen en het ontmoedigen van illegale migratie naar de EU. Om dit te bereiken hebben we een hernieuwde samenwerking met Turkije nodig, strategische uitzettingen na sluitingsdata, serieuze aanbiedingen van legale mobiliteit en asielprocedures in veilige derde landen.\"<\/p>\n<\/p>\n                                                <div class=\"clear\"><\/div>\n                                            <\/div>\n\n                                                                                    <\/div>\n                                    <\/article>\n                                <\/div>\n                            \n                                <div id=\"post-10772\" class=\"aux-col post-10772\">\n                                    <article class=\"post column-entry post-10772 event_listing type-event_listing status-expired has-post-thumbnail hentry\">\n                                        <div class=\"entry-media\">\n                                            <div class=\"aux-media-frame aux-media-image aux-image-mask\">\n                                                <img decoding=\"async\"\n                                                loading=\"lazy\"\n                                                src=\"https:\/\/meeteu.eu\/wp-content\/uploads\/2023\/11\/trump-2-ecr-website.jpg\"\n                                                class=\"aux-attachment aux-featured-image aux-attachment-id-10773 aux-preload aux-has-preview\"\n                                                alt=\"\"\n                                                data-src=\"https:\/\/meeteu.eu\/wp-content\/uploads\/2023\/11\/trump-2-ecr-website.jpg\"\n                                                \/>\n                                            <\/div>\n                                        <\/div>\n\n                                        <header class=\"entry-header\">\n                                            <h4 class=\"entry-title\">\n                                                Is Europa klaar voor Trump 2.0?                                            <\/h4>\n                                        <\/header>\n\n                                        <div class=\"entry-main\">\n                                            <div class=\"entry-info\">\n                                                <div class=\"event-date\">\n                                                                                                            <i class=\"fas fa-calendar-alt\"><\/i>&nbsp;\n                                                    \n                                                                                                            <span>28 november 2023<\/span>\n                                                                                                                                                                <span>19:00 (CEST)<\/span>\n                                                    \n                                                                                                            <span> - <\/span>\n                                                    \n                                                                                                            <span>28 november 2023<\/span>\n                                                                                                                                                                <span>20:00 (CEST)<\/span>\n                                                                                                    <\/div>\n\n                                                                                                    <div class=\"event-location\">\n                                                                                                                    <i class=\"fas fa-thumbtack\"><\/i>&nbsp;\n                                                            <span>Virtueel evenement op Zoom<\/span>\n                                                                                                            <\/div>\n\n                                                    <div class=\"event-language\">\n                                                                                                                    <i class=\"fas fa-globe\"><\/i>&nbsp;\n                                                            <span>In het Engels, met meertalige bijschriften<\/span>\n                                                                                                            <\/div>\n                                                                                            <\/div>\n\n                                            <div class=\"entry-content\">\n                                                <p><p>Met de volgende Amerikaanse verkiezingen over slechts een jaar zijn velen in Europa nerveus: Wat als Trump opnieuw wint? Hoe zou het Amerikaanse buitenlandse en handelsbeleid kunnen veranderen? En wat zou dat voor Europa kunnen betekenen? <\/p>\n<p>In een wereld waarin Trump de wereldpolitiek opnieuw in beroering zou kunnen brengen, verdiepen we ons in de mogelijke verschuivingen in het Amerikaanse beleid en of Europa er klaar voor is.<\/p>\n<p>Ga met ons mee voor een Zoomgesprek met Jeremy Shapiro, directeur van het VS-programma bij de European Council on Foreign Relations. Jeremy brengt een schat aan expertise mee, waaronder het adviseren van het Amerikaanse ministerie van Buitenlandse Zaken over het beleid in Noord-Afrika en de Levant. Hij zal ons inzicht geven in deze dringende vragen.<\/p>\n<\/p>\n                                                <div class=\"clear\"><\/div>\n                                            <\/div>\n\n                                                                                    <\/div>\n                                    <\/article>\n                                <\/div>\n                            \n                                <div id=\"post-10779\" class=\"aux-col post-10779\">\n                                    <article class=\"post column-entry post-10779 event_listing type-event_listing status-expired has-post-thumbnail hentry\">\n                                        <div class=\"entry-media\">\n                                            <div class=\"aux-media-frame aux-media-image aux-image-mask\">\n                                                <img decoding=\"async\"\n                                                loading=\"lazy\"\n                                                src=\"https:\/\/meeteu.eu\/wp-content\/uploads\/2023\/11\/Ukraine-Bookclub-1-.jpg\"\n                                                class=\"aux-attachment aux-featured-image aux-attachment-id-10780 aux-preload aux-has-preview\"\n                                                alt=\"\"\n                                                data-src=\"https:\/\/meeteu.eu\/wp-content\/uploads\/2023\/11\/Ukraine-Bookclub-1-.jpg\"\n                                                \/>\n                                            <\/div>\n                                        <\/div>\n\n                                        <header class=\"entry-header\">\n                                            <h4 class=\"entry-title\">\n                                                Dingen die logisch zijn in een schuilkelder                                            <\/h4>\n                                        <\/header>\n\n                                        <div class=\"entry-main\">\n                                            <div class=\"entry-info\">\n                                                <div class=\"event-date\">\n                                                                                                            <i class=\"fas fa-calendar-alt\"><\/i>&nbsp;\n                                                    \n                                                                                                            <span>21 november 2023<\/span>\n                                                                                                                                                                <span>19:00 (CEST)<\/span>\n                                                    \n                                                                                                            <span> - <\/span>\n                                                    \n                                                                                                            <span>21 november 2023<\/span>\n                                                                                                                                                                <span>20:00 (CEST)<\/span>\n                                                                                                    <\/div>\n\n                                                                                                    <div class=\"event-location\">\n                                                                                                                    <i class=\"fas fa-thumbtack\"><\/i>&nbsp;\n                                                            <span>Virtueel evenement op Zoom<\/span>\n                                                                                                            <\/div>\n\n                                                    <div class=\"event-language\">\n                                                                                                                    <i class=\"fas fa-globe\"><\/i>&nbsp;\n                                                            <span>In het Engels, met meertalige bijschriften<\/span>\n                                                                                                            <\/div>\n                                                                                            <\/div>\n\n                                            <div class=\"entry-content\">\n                                                <p><p>\"Toen Rusland mijn land, Oekra\u00efne, binnenviel, vluchtten mijn ouders, mijn hond en ik naar een schuilkelder die me meer dan bizar leek. En omdat er wifi was en de dagen verdomd lang en ook saai waren, postte ik video's [op TikTok] om mijn nieuwe thuis voor te stellen - sommige gingen zelfs de wereld rond.\" <\/p>\n<p>Valeria Shashenok, een 21-jarige Oekra\u00efense, postte video's op TikTok waarvan we nooit hadden gedacht dat we ze in het Europa van vandaag zouden zien. Meer dan 1,3 miljoen mensen volgden haar verhaal over bommen, evacuaties, leven, dood en dingen die alleen zin hebben in een schuilkelder.<\/p>\n<p>Nu ze veilig in West-Europa is, heeft ze van haar dagboek en foto's een boek gemaakt. Luister naar haar verhaal op dinsdag 21 november om 19:00 CET op Zoom<\/p>\n<\/p>\n                                                <div class=\"clear\"><\/div>\n                                            <\/div>\n\n                                                                                    <\/div>\n                                    <\/article>\n                                <\/div>\n                            \n                                <div id=\"post-10724\" class=\"aux-col post-10724\">\n                                    <article class=\"post column-entry post-10724 event_listing type-event_listing status-expired has-post-thumbnail hentry\">\n                                        <div class=\"entry-media\">\n                                            <div class=\"aux-media-frame aux-media-image aux-image-mask\">\n                                                <img decoding=\"async\"\n                                                loading=\"lazy\"\n                                                src=\"https:\/\/meeteu.eu\/wp-content\/uploads\/2023\/11\/Deliberative-Democracy_W.jpg\"\n                                                class=\"aux-attachment aux-featured-image aux-attachment-id-10722 aux-preload aux-has-preview\"\n                                                alt=\"\"\n                                                data-src=\"https:\/\/meeteu.eu\/wp-content\/uploads\/2023\/11\/Deliberative-Democracy_W.jpg\"\n                                                \/>\n                                            <\/div>\n                                        <\/div>\n\n                                        <header class=\"entry-header\">\n                                            <h4 class=\"entry-title\">\n                                                Directe democratie - spelwisselaar of doos van Pandora?                                            <\/h4>\n                                        <\/header>\n\n                                        <div class=\"entry-main\">\n                                            <div class=\"entry-info\">\n                                                <div class=\"event-date\">\n                                                                                                            <i class=\"fas fa-calendar-alt\"><\/i>&nbsp;\n                                                    \n                                                                                                            <span>14 november 2023<\/span>\n                                                                                                                                                                <span>19:00 (CEST)<\/span>\n                                                    \n                                                                                                            <span> - <\/span>\n                                                    \n                                                                                                            <span>14 november 2023<\/span>\n                                                                                                                                                                <span>20:00 (CEST)<\/span>\n                                                                                                    <\/div>\n\n                                                                                                    <div class=\"event-location\">\n                                                                                                                    <i class=\"fas fa-thumbtack\"><\/i>&nbsp;\n                                                            <span>Virtueel evenement op Zoom<\/span>\n                                                                                                            <\/div>\n\n                                                    <div class=\"event-language\">\n                                                                                                                    <i class=\"fas fa-globe\"><\/i>&nbsp;\n                                                            <span>In het Engels, met meertalige bijschriften<\/span>\n                                                                                                            <\/div>\n                                                                                            <\/div>\n\n                                            <div class=\"entry-content\">\n                                                <p><p>Heb je de laatste verkiezingen gestemd? Hoge onthoudingspercentages, een verlies aan vertrouwen in democratische instellingen en toenemende politieke polarisatie - de democratie staat vandaag voor veel uitdagingen. Voor sommigen is een directere betrokkenheid van burgers de oplossing. Maar is dit de oplossing die we nodig hebben?<\/p>\n<p>Burgers worden deel van het expliciete besluitvormingsproces door deel te nemen aan referenda, deel uit te maken van raadplegingen of rechtstreeks te stemmen voor verschillende beleidslijnen. Aan de andere kant stellen sommigen dat dit de kloof tussen reeds betrokken en passieve burgers zou vergroten.<\/p>\n<p>Samen met jou nemen we een duik in de wereld van deliberatieve democratie en analyseren we een tussenoplossing: Burgerraadplegingen.<\/p>\n<\/p>\n                                                <div class=\"clear\"><\/div>\n                                            <\/div>\n\n                                                                                    <\/div>\n                                    <\/article>\n                                <\/div>\n                            \n                                <div id=\"post-10720\" class=\"aux-col post-10720\">\n                                    <article class=\"post column-entry post-10720 event_listing type-event_listing status-expired has-post-thumbnail hentry\">\n                                        <div class=\"entry-media\">\n                                            <div class=\"aux-media-frame aux-media-image aux-image-mask\">\n                                                <img decoding=\"async\"\n                                                loading=\"lazy\"\n                                                src=\"https:\/\/meeteu.eu\/wp-content\/uploads\/2023\/11\/Event-Look-Behind-the-Scene_W.jpg\"\n                                                class=\"aux-attachment aux-featured-image aux-attachment-id-10721 aux-preload aux-has-preview\"\n                                                alt=\"\"\n                                                data-src=\"https:\/\/meeteu.eu\/wp-content\/uploads\/2023\/11\/Event-Look-Behind-the-Scene_W.jpg\"\n                                                \/>\n                                            <\/div>\n                                        <\/div>\n\n                                        <header class=\"entry-header\">\n                                            <h4 class=\"entry-title\">\n                                                Maak kennis met het MeetEU-team - Wat gebeurt er achter de schermen?                                            <\/h4>\n                                        <\/header>\n\n                                        <div class=\"entry-main\">\n                                            <div class=\"entry-info\">\n                                                <div class=\"event-date\">\n                                                                                                            <i class=\"fas fa-calendar-alt\"><\/i>&nbsp;\n                                                    \n                                                                                                            <span>7 november 2023<\/span>\n                                                                                                                                                                <span>19:00 (CEST)<\/span>\n                                                    \n                                                                                                            <span> - <\/span>\n                                                    \n                                                                                                            <span>7 november 2023<\/span>\n                                                                                                                                                                <span>20:00 (CEST)<\/span>\n                                                                                                    <\/div>\n\n                                                                                                    <div class=\"event-location\">\n                                                                                                                    <i class=\"fas fa-thumbtack\"><\/i>&nbsp;\n                                                            <span>Virtueel evenement op Zoom<\/span>\n                                                                                                            <\/div>\n\n                                                    <div class=\"event-language\">\n                                                                                                                    <i class=\"fas fa-globe\"><\/i>&nbsp;\n                                                            <span>In het Engels, met meertalige bijschriften<\/span>\n                                                                                                            <\/div>\n                                                                                            <\/div>\n\n                                            <div class=\"entry-content\">\n                                                <p><p>Ooit afgevraagd wat MeetEU precies is? Hoe het werkt? Wie de Events bedenkt en teksten als deze schrijft? Deze dinsdag vindt u de verrassende antwoorden.<\/p>\n<p>Onze vicevoorzitter Tina, die meestal onze wekelijkse evenementen modereert, zal je uit de eerste hand wat inzichten geven over huidige en toekomstige campagnes, de manier waarop vrijwilligers uit 15 landen samenwerken en wie we zijn. Zoveel gezegd hebbende, zal ze ook wat grappige verhalen met je delen over hoe MeetEU is begonnen en welke de meest veeleisende uitdagingen tot nu toe waren.<\/p>\n<p>Of u nu gewoon ge\u00efnteresseerd bent of erover denkt om deel uit te maken van het MeetEU-team, mis deze kans niet.<\/p>\n<\/p>\n                                                <div class=\"clear\"><\/div>\n                                            <\/div>\n\n                                                                                    <\/div>\n                                    <\/article>\n                                <\/div>\n                            \n                                <div id=\"post-10692\" class=\"aux-col post-10692\">\n                                    <article class=\"post column-entry post-10692 event_listing type-event_listing status-expired has-post-thumbnail hentry\">\n                                        <div class=\"entry-media\">\n                                            <div class=\"aux-media-frame aux-media-image aux-image-mask\">\n                                                <img decoding=\"async\"\n                                                loading=\"lazy\"\n                                                src=\"https:\/\/meeteu.eu\/wp-content\/uploads\/2023\/10\/Halloween-Website.-jpg.jpg\"\n                                                class=\"aux-attachment aux-featured-image aux-attachment-id-10688 aux-preload aux-has-preview\"\n                                                alt=\"\"\n                                                data-src=\"https:\/\/meeteu.eu\/wp-content\/uploads\/2023\/10\/Halloween-Website.-jpg.jpg\"\n                                                \/>\n                                            <\/div>\n                                        <\/div>\n\n                                        <header class=\"entry-header\">\n                                            <h4 class=\"entry-title\">\n                                                Halloween Halloween Halloween                                            <\/h4>\n                                        <\/header>\n\n                                        <div class=\"entry-main\">\n                                            <div class=\"entry-info\">\n                                                <div class=\"event-date\">\n                                                                                                            <i class=\"fas fa-calendar-alt\"><\/i>&nbsp;\n                                                    \n                                                                                                            <span>31 oktober 2023<\/span>\n                                                                                                        \n                                                                                                            <span> - <\/span>\n                                                    \n                                                                                                            <span>31 oktober 2023<\/span>\n                                                                                                                                                        <\/div>\n\n                                                                                                    <div class=\"event-location\">\n                                                                                                                    <i class=\"fas fa-thumbtack\"><\/i>&nbsp;\n                                                            <span>Virtueel evenement op Zoom<\/span>\n                                                                                                            <\/div>\n\n                                                    <div class=\"event-language\">\n                                                                                                                    <i class=\"fas fa-globe\"><\/i>&nbsp;\n                                                            <span>In het Engels, met meertalige bijschriften<\/span>\n                                                                                                            <\/div>\n                                                                                            <\/div>\n\n                                            <div class=\"entry-content\">\n                                                <p><p>Omdat we allemaal geen salaris krijgen, is Halloween de enige gelegenheid voor het MeetEU team om snoep te krijgen. Daarom komt het team bij elkaar voor de jaarlijkse trick-or-treating - misschien trekken we ook bij jou aan de bel? \ud83c\udf83<\/p>\n<\/p>\n                                                <div class=\"clear\"><\/div>\n                                            <\/div>\n\n                                                                                    <\/div>\n                                    <\/article>\n                                <\/div>\n                            \n                                <div id=\"post-10691\" class=\"aux-col post-10691\">\n                                    <article class=\"post column-entry post-10691 event_listing type-event_listing status-expired has-post-thumbnail hentry\">\n                                        <div class=\"entry-media\">\n                                            <div class=\"aux-media-frame aux-media-image aux-image-mask\">\n                                                <img decoding=\"async\"\n                                                loading=\"lazy\"\n                                                src=\"https:\/\/meeteu.eu\/wp-content\/uploads\/2023\/10\/Website_Hey-Europe-Where-are-you-going.jpg\"\n                                                class=\"aux-attachment aux-featured-image aux-attachment-id-10689 aux-preload aux-has-preview\"\n                                                alt=\"\"\n                                                data-src=\"https:\/\/meeteu.eu\/wp-content\/uploads\/2023\/10\/Website_Hey-Europe-Where-are-you-going.jpg\"\n                                                \/>\n                                            <\/div>\n                                        <\/div>\n\n                                        <header class=\"entry-header\">\n                                            <h4 class=\"entry-title\">\n                                                Hey EU - Waar ga je heen?                                            <\/h4>\n                                        <\/header>\n\n                                        <div class=\"entry-main\">\n                                            <div class=\"entry-info\">\n                                                <div class=\"event-date\">\n                                                                                                            <i class=\"fas fa-calendar-alt\"><\/i>&nbsp;\n                                                    \n                                                                                                            <span>24 oktober 2023<\/span>\n                                                                                                                                                                <span>19:00 (CEST)<\/span>\n                                                    \n                                                                                                            <span> - <\/span>\n                                                    \n                                                                                                            <span>24 oktober 2023<\/span>\n                                                                                                                                                                <span>20:00 (CEST)<\/span>\n                                                                                                    <\/div>\n\n                                                                                                    <div class=\"event-location\">\n                                                                                                                    <i class=\"fas fa-thumbtack\"><\/i>&nbsp;\n                                                            <span>Virtueel evenement op Zoom<\/span>\n                                                                                                            <\/div>\n\n                                                    <div class=\"event-language\">\n                                                                                                                    <i class=\"fas fa-globe\"><\/i>&nbsp;\n                                                            <span>In het Engels, met meertalige bijschriften<\/span>\n                                                                                                            <\/div>\n                                                                                            <\/div>\n\n                                            <div class=\"entry-content\">\n                                                <p><p>De wereld is in een fase van onrust beland en de EU is er nog niet helemaal klaar voor om zich in deze omgeving staande te houden. Of toch wel? Kan de EU haar idealen handhaven en nog steeds een belangrijke wereldspeler worden die bijdraagt aan het welzijn van de mensheid? Of zal de EU uiteenvallen onder de steeds sterker wordende aanval van nationalistische sentimenten in haar lidstaten?<br \/>\nVandaag willen we van jullie horen hoe jullie verwachten dat de EU er over 25 jaar uitziet. In kleine groepen krijgt u de kans om uw mening te geven en de daaruit voortvloeiende actieprioriteiten te bespreken.<\/p>\n<\/p>\n                                                <div class=\"clear\"><\/div>\n                                            <\/div>\n\n                                                                                    <\/div>\n                                    <\/article>\n                                <\/div>\n                            \n                                <div id=\"post-10687\" class=\"aux-col post-10687\">\n                                    <article class=\"post column-entry post-10687 event_listing type-event_listing status-expired has-post-thumbnail hentry\">\n                                        <div class=\"entry-media\">\n                                            <div class=\"aux-media-frame aux-media-image aux-image-mask\">\n                                                <img decoding=\"async\"\n                                                loading=\"lazy\"\n                                                src=\"https:\/\/meeteu.eu\/wp-content\/uploads\/2023\/10\/Proton-Event_Website.jpg\"\n                                                class=\"aux-attachment aux-featured-image aux-attachment-id-10690 aux-preload aux-has-preview\"\n                                                alt=\"\"\n                                                data-src=\"https:\/\/meeteu.eu\/wp-content\/uploads\/2023\/10\/Proton-Event_Website.jpg\"\n                                                \/>\n                                            <\/div>\n                                        <\/div>\n\n                                        <header class=\"entry-header\">\n                                            <h4 class=\"entry-title\">\n                                                TikTok en mijn privacy - wat maakt het uit?                                            <\/h4>\n                                        <\/header>\n\n                                        <div class=\"entry-main\">\n                                            <div class=\"entry-info\">\n                                                <div class=\"event-date\">\n                                                                                                            <i class=\"fas fa-calendar-alt\"><\/i>&nbsp;\n                                                    \n                                                                                                            <span>17 oktober 2023<\/span>\n                                                                                                                                                                <span>19:00 (CEST)<\/span>\n                                                    \n                                                                                                            <span> - <\/span>\n                                                    \n                                                                                                            <span>17 oktober 2023<\/span>\n                                                                                                                                                                <span>20:00 (CEST)<\/span>\n                                                                                                    <\/div>\n\n                                                                                                    <div class=\"event-location\">\n                                                                                                                    <i class=\"fas fa-thumbtack\"><\/i>&nbsp;\n                                                            <span>Virtueel evenement op Zoom<\/span>\n                                                                                                            <\/div>\n\n                                                    <div class=\"event-language\">\n                                                                                                                    <i class=\"fas fa-globe\"><\/i>&nbsp;\n                                                            <span>In het Engels, met meertalige bijschriften<\/span>\n                                                                                                            <\/div>\n                                                                                            <\/div>\n\n                                            <div class=\"entry-content\">\n                                                <p><p>Heb je je ooit afgevraagd of je gegevens voor het grijpen liggen? Bereid je voor op een eye-opening event met Marc van de koploper op het gebied van encryptie, Proton:<br \/>\nMogen TikTok, Instagram, BeReal en andere platforms mijn gegevens aan iedereen verkopen? Marc vertelt je wat de regels zijn<br \/>\nGDPR - wat? Ontdek de magie achter de General Data Protection Regulation van de EU. Begrijp de lagen van bescherming en verken de grenzen van uw digitale rechten.<br \/>\nWie zorgt ervoor dat de sociale platforms zich aan de wet houden? Ontdek wie uw digitale rechten beschermt.<br \/>\n\ud83d\udc49Leer hoe je je rechten als EU-burger kunt gebruiken. De keuze is aan u - word geen product.<\/p>\n<\/p>\n                                                <div class=\"clear\"><\/div>\n                                            <\/div>\n\n                                                                                    <\/div>\n                                    <\/article>\n                                <\/div>\n                            \n                                <div id=\"post-10679\" class=\"aux-col post-10679\">\n                                    <article class=\"post column-entry post-10679 event_listing type-event_listing status-expired has-post-thumbnail hentry\">\n                                        <div class=\"entry-media\">\n                                            <div class=\"aux-media-frame aux-media-image aux-image-mask\">\n                                                <img decoding=\"async\"\n                                                loading=\"lazy\"\n                                                src=\"https:\/\/meeteu.eu\/wp-content\/uploads\/2023\/10\/Chemical-Risks-Website.jpg\"\n                                                class=\"aux-attachment aux-featured-image aux-attachment-id-10680 aux-preload aux-has-preview\"\n                                                alt=\"\"\n                                                data-src=\"https:\/\/meeteu.eu\/wp-content\/uploads\/2023\/10\/Chemical-Risks-Website.jpg\"\n                                                \/>\n                                            <\/div>\n                                        <\/div>\n\n                                        <header class=\"entry-header\">\n                                            <h4 class=\"entry-title\">\n                                                Hoe beheert de Europese Unie chemische risico's?                                            <\/h4>\n                                        <\/header>\n\n                                        <div class=\"entry-main\">\n                                            <div class=\"entry-info\">\n                                                <div class=\"event-date\">\n                                                                                                            <i class=\"fas fa-calendar-alt\"><\/i>&nbsp;\n                                                    \n                                                                                                            <span>10 oktober 2023<\/span>\n                                                                                                                                                                <span>19:00 (CEST)<\/span>\n                                                    \n                                                                                                            <span> - <\/span>\n                                                    \n                                                                                                            <span>10 oktober 2023<\/span>\n                                                                                                                                                                <span>20:00 (CEST)<\/span>\n                                                                                                    <\/div>\n\n                                                                                                    <div class=\"event-location\">\n                                                                                                                    <i class=\"fas fa-thumbtack\"><\/i>&nbsp;\n                                                            <span>Virtueel evenement op Zoom<\/span>\n                                                                                                            <\/div>\n\n                                                    <div class=\"event-language\">\n                                                                                                                    <i class=\"fas fa-globe\"><\/i>&nbsp;\n                                                            <span>In het Engels, met meertalige bijschriften<\/span>\n                                                                                                            <\/div>\n                                                                                            <\/div>\n\n                                            <div class=\"entry-content\">\n                                                <p><p>Chemicali\u00ebn zijn overal in ons leven, van gadgets \ud83d\udcf1 tot cosmetica\ud83e\uddf4 . Maar heb je je ooit afgevraagd hoe veilig ze zijn? Laten we het hebben over de beoordeling van chemische risico's, hoe beslissingen over chemische verboden worden genomen en waarom PFA's, die \"voor altijd chemische stoffen\", nog steeds worden gebruikt.<\/p>\n<p>Doe mee met Hanna-Kaisa Torkkeli van ECHA - het EU-agentschap voor chemische stoffen - voor inzichten.<\/p>\n<p>\ud83d\uddd3\ufe0f Datum: Dinsdag 10 oktober \ud83d\udd56 Tijd: 19:00 CEST<\/p>\n<\/p>\n                                                <div class=\"clear\"><\/div>\n                                            <\/div>\n\n                                                                                    <\/div>\n                                    <\/article>\n                                <\/div>\n                            \n                                <div id=\"post-10651\" class=\"aux-col post-10651\">\n                                    <article class=\"post column-entry post-10651 event_listing type-event_listing status-expired has-post-thumbnail hentry\">\n                                        <div class=\"entry-media\">\n                                            <div class=\"aux-media-frame aux-media-image aux-image-mask\">\n                                                <img decoding=\"async\"\n                                                loading=\"lazy\"\n                                                src=\"https:\/\/meeteu.eu\/wp-content\/uploads\/2023\/08\/Inclusive-Europe-Website.jpg\"\n                                                class=\"aux-attachment aux-featured-image aux-attachment-id-10648 aux-preload aux-has-preview\"\n                                                alt=\"\"\n                                                data-src=\"https:\/\/meeteu.eu\/wp-content\/uploads\/2023\/08\/Inclusive-Europe-Website.jpg\"\n                                                \/>\n                                            <\/div>\n                                        <\/div>\n\n                                        <header class=\"entry-header\">\n                                            <h4 class=\"entry-title\">\n                                                Samen naar een inclusieve toekomst: Strategie\u00ebn en oplossingen                                            <\/h4>\n                                        <\/header>\n\n                                        <div class=\"entry-main\">\n                                            <div class=\"entry-info\">\n                                                <div class=\"event-date\">\n                                                                                                            <i class=\"fas fa-calendar-alt\"><\/i>&nbsp;\n                                                    \n                                                                                                            <span>3 oktober 2023<\/span>\n                                                                                                                                                                <span>19:00 (CEST)<\/span>\n                                                    \n                                                                                                            <span> - <\/span>\n                                                    \n                                                                                                            <span>3 oktober 2023<\/span>\n                                                                                                                                                                <span>20:00 (CEST)<\/span>\n                                                                                                    <\/div>\n\n                                                                                                    <div class=\"event-location\">\n                                                                                                                    <i class=\"fas fa-thumbtack\"><\/i>&nbsp;\n                                                            <span>Virtueel evenement op Zoom<\/span>\n                                                                                                            <\/div>\n\n                                                    <div class=\"event-language\">\n                                                                                                                    <i class=\"fas fa-globe\"><\/i>&nbsp;\n                                                            <span>In het Engels, met meertalige bijschriften<\/span>\n                                                                                                            <\/div>\n                                                                                            <\/div>\n\n                                            <div class=\"entry-content\">\n                                                <p><p>\"We hebben meer inclusie nodig\" - een zin die iedereen graag zegt en hoort. Maar waarom leeft bijna de helft van de mensen met een handicap in armoede omdat ze werkloos zijn of in werkplaatsen werken waar je \u20ac1 per uur verdient? Waarom zijn er nog steeds aparte scholen en vrijetijdsvoorzieningen? Waar is de politieke vertegenwoordiging van mensen met een handicap? Hoewel er bindende wetten zijn, lijkt er niet veel te verbeteren in de EU.<\/p>\n<p>We praten hierover met Katrin Langensiepen, een groene Europarlementari\u00ebr. Zij is de eerste en enige Europarlementari\u00ebr met een zichtbare handicap in het Europees Parlement en wil ervoor zorgen dat degenen die geen politieke vertegenwoordiging hebben niet worden vergeten.<\/p>\n<p>Welke veranderingen hebben we nodig om echte inclusie te garanderen en hoe staat het eigenlijk met inclusie in de EU? Discussieer mee en stel uw vragen over dit belangrijke onderwerp.<\/p>\n<\/p>\n                                                <div class=\"clear\"><\/div>\n                                            <\/div>\n\n                                                                                    <\/div>\n                                    <\/article>\n                                <\/div>\n                            \n                                <div id=\"post-10612\" class=\"aux-col post-10612\">\n                                    <article class=\"post column-entry post-10612 event_listing type-event_listing status-expired has-post-thumbnail hentry\">\n                                        <div class=\"entry-media\">\n                                            <div class=\"aux-media-frame aux-media-image aux-image-mask\">\n                                                <img decoding=\"async\"\n                                                loading=\"lazy\"\n                                                src=\"https:\/\/meeteu.eu\/wp-content\/uploads\/2023\/08\/Updated-Visual-Media-Freedoom-Website.jpg\"\n                                                class=\"aux-attachment aux-featured-image aux-attachment-id-10650 aux-preload aux-has-preview\"\n                                                alt=\"\"\n                                                data-src=\"https:\/\/meeteu.eu\/wp-content\/uploads\/2023\/08\/Updated-Visual-Media-Freedoom-Website.jpg\"\n                                                \/>\n                                            <\/div>\n                                        <\/div>\n\n                                        <header class=\"entry-header\">\n                                            <h4 class=\"entry-title\">\n                                                Journalist zijn in Europa - Een pijler van de democratie in gevaar?                                            <\/h4>\n                                        <\/header>\n\n                                        <div class=\"entry-main\">\n                                            <div class=\"entry-info\">\n                                                <div class=\"event-date\">\n                                                                                                            <i class=\"fas fa-calendar-alt\"><\/i>&nbsp;\n                                                    \n                                                                                                            <span>26 september 2023<\/span>\n                                                                                                                                                                <span>20:00 (CEST)<\/span>\n                                                    \n                                                                                                            <span> - <\/span>\n                                                    \n                                                                                                            <span>26 september 2023<\/span>\n                                                                                                                                                                <span>21:00 (CEST)<\/span>\n                                                                                                    <\/div>\n\n                                                                                                    <div class=\"event-location\">\n                                                                                                                    <i class=\"fas fa-thumbtack\"><\/i>&nbsp;\n                                                            <span>Virtueel evenement op Zoom<\/span>\n                                                                                                            <\/div>\n\n                                                    <div class=\"event-language\">\n                                                                                                                    <i class=\"fas fa-globe\"><\/i>&nbsp;\n                                                            <span>In het Engels, met meertalige bijschriften<\/span>\n                                                                                                            <\/div>\n                                                                                            <\/div>\n\n                                            <div class=\"entry-content\">\n                                                <p><p>Ondanks de populariteit van sociale media vertrouwen 7 van de 10 Europeanen nog steeds op tv voor hun nieuws. Maar degenen die het nieuws brengen, de journalisten, worden vaak geconfronteerd met risico's zoals juridische problemen, financi\u00eble druk of zelfs geweld.<\/p>\n<p>Om dit probleem aan te pakken is de Media Freedom Act opgesteld. Het doel is om journalisten meer veiligheid te bieden, de transparantie voor burgers te vergroten en een Europese mediamarkt te reguleren die steeds meer wordt geconsolideerd.<\/p>\n<p>Onderzoek samen met ons de zorgen over de persvrijheid in Europa en mogelijke oplossingen. We zullen ons in deze zaak verdiepen met Irena Joveva, voormalig journalist en lid van het Europees Parlement voor Renew Europe.<\/p>\n<\/p>\n                                                <div class=\"clear\"><\/div>\n                                            <\/div>\n\n                                                                                    <\/div>\n                                    <\/article>\n                                <\/div>\n                            \n                                <div id=\"post-10643\" class=\"aux-col post-10643\">\n                                    <article class=\"post column-entry post-10643 event_listing type-event_listing status-expired has-post-thumbnail hentry\">\n                                        <div class=\"entry-media\">\n                                            <div class=\"aux-media-frame aux-media-image aux-image-mask\">\n                                                <img decoding=\"async\"\n                                                loading=\"lazy\"\n                                                src=\"https:\/\/meeteu.eu\/wp-content\/uploads\/2023\/09\/Citizens_SOTEU_19Sept.jpg\"\n                                                class=\"aux-attachment aux-featured-image aux-attachment-id-10645 aux-preload aux-has-preview\"\n                                                alt=\"\"\n                                                data-src=\"https:\/\/meeteu.eu\/wp-content\/uploads\/2023\/09\/Citizens_SOTEU_19Sept.jpg\"\n                                                \/>\n                                            <\/div>\n                                        <\/div>\n\n                                        <header class=\"entry-header\">\n                                            <h4 class=\"entry-title\">\n                                                De staat van de Europese Unie - gezien door de MeetEU-gemeenschap                                            <\/h4>\n                                        <\/header>\n\n                                        <div class=\"entry-main\">\n                                            <div class=\"entry-info\">\n                                                <div class=\"event-date\">\n                                                                                                            <i class=\"fas fa-calendar-alt\"><\/i>&nbsp;\n                                                    \n                                                                                                            <span>19 september 2023<\/span>\n                                                                                                                                                                <span>19:00 (CEST)<\/span>\n                                                    \n                                                                                                            <span> - <\/span>\n                                                    \n                                                                                                            <span>19 september 2023<\/span>\n                                                                                                                                                                <span>20:00 (CEST)<\/span>\n                                                                                                    <\/div>\n\n                                                                                                    <div class=\"event-location\">\n                                                                                                                    <i class=\"fas fa-thumbtack\"><\/i>&nbsp;\n                                                            <span>Virtueel evenement op Zoom<\/span>\n                                                                                                            <\/div>\n\n                                                    <div class=\"event-language\">\n                                                                                                                    <i class=\"fas fa-globe\"><\/i>&nbsp;\n                                                            <span>In het Engels, met meertalige bijschriften<\/span>\n                                                                                                            <\/div>\n                                                                                            <\/div>\n\n                                            <div class=\"entry-content\">\n                                                <p>\n<p>Volg ons voor een unieke kijk op de State of the European Union-toespraak! Vorige week deelde Ursula von der Leyen, voorzitter van de Europese Commissie, haar inzichten en plannen. Nu is het onze beurt.<\/p>\n\n\n\n<p>Bij MeetEU bekijken we de Europese Unie door de bril van de burger. Wat hebben we het afgelopen jaar bereikt en welke uitdagingen moeten we in de toekomst aangaan?<\/p>\n\n\n\n<p>In kleine groepjes maken we onze eigen Citizen's State of the European Union speech. Doe mee, laten we praten en plezier maken!<\/p>\n<\/p>\n                                                <div class=\"clear\"><\/div>\n                                            <\/div>\n\n                                                                                    <\/div>\n                                    <\/article>\n                                <\/div>\n                            \n                                <div id=\"post-10557\" class=\"aux-col post-10557\">\n                                    <article class=\"post column-entry post-10557 event_listing type-event_listing status-expired has-post-thumbnail hentry\">\n                                        <div class=\"entry-media\">\n                                            <div class=\"aux-media-frame aux-media-image aux-image-mask\">\n                                                <img decoding=\"async\"\n                                                loading=\"lazy\"\n                                                src=\"https:\/\/meeteu.eu\/wp-content\/uploads\/2023\/07\/Doppelbauer_RailAgency_Website_2.jpg\"\n                                                class=\"aux-attachment aux-featured-image aux-attachment-id-10562 aux-preload aux-has-preview\"\n                                                alt=\"\"\n                                                data-src=\"https:\/\/meeteu.eu\/wp-content\/uploads\/2023\/07\/Doppelbauer_RailAgency_Website_2.jpg\"\n                                                \/>\n                                            <\/div>\n                                        <\/div>\n\n                                        <header class=\"entry-header\">\n                                            <h4 class=\"entry-title\">\n                                                Groen spoorvervoer - zijn we op de goede weg?                                            <\/h4>\n                                        <\/header>\n\n                                        <div class=\"entry-main\">\n                                            <div class=\"entry-info\">\n                                                <div class=\"event-date\">\n                                                                                                            <i class=\"fas fa-calendar-alt\"><\/i>&nbsp;\n                                                    \n                                                                                                            <span>18 juli 2023<\/span>\n                                                                                                                                                                <span>19:00 (CEST)<\/span>\n                                                    \n                                                                                                            <span> - <\/span>\n                                                    \n                                                                                                            <span>18 juli 2023<\/span>\n                                                                                                                                                                <span>20:00 (CEST)<\/span>\n                                                                                                    <\/div>\n\n                                                                                                    <div class=\"event-location\">\n                                                                                                                    <i class=\"fas fa-thumbtack\"><\/i>&nbsp;\n                                                            <span>Virtueel evenement op Zoom<\/span>\n                                                                                                            <\/div>\n\n                                                    <div class=\"event-language\">\n                                                                                                                    <i class=\"fas fa-globe\"><\/i>&nbsp;\n                                                            <span>In het Engels, met meertalige bijschriften<\/span>\n                                                                                                            <\/div>\n                                                                                            <\/div>\n\n                                            <div class=\"entry-content\">\n                                                <p><p>Op de rails naar de toekomst! De meesten van ons zijn het erover eens - treinen zijn de groenste vorm van transport in vergelijking met vliegtuigen of auto's. Maar de reis van A naar B met de trein kan een uitdaging zijn: drie verschillende soorten sporen, incompatibele signaleringstechnologie en spanningsverschillen vertragen reizigers en het vervoer van goederen door heel Europa.<\/p>\n<p>Nu is het tijd om het spoor voor de toekomst te leggen! Grensoverschrijdende treinen bestaan al tientallen jaren en de volgende stappen zijn al duidelijk: een uniforme basis voor grensoverschrijdende ticketverkoop, compatibele waterstoftreinen en uniforme signaleringssystemen.<\/p>\n<p>Samen met de directeur van het Europees Spoorwegbureau, Josef Doppelbauer, maken we een reis over het Europese spoor en zien we waar de seinen op groen staan en waar ze nog op rood staan.<\/p>\n<p>Je kunt je koffers vullen met ervaringen en nieuwsgierigheid; wij zorgen voor de rest<\/p>\n<\/p>\n                                                <div class=\"clear\"><\/div>\n                                            <\/div>\n\n                                                                                    <\/div>\n                                    <\/article>\n                                <\/div>\n                            \n                                <div id=\"post-10614\" class=\"aux-col post-10614\">\n                                    <article class=\"post column-entry post-10614 event_listing type-event_listing status-expired has-post-thumbnail hentry\">\n                                        <div class=\"entry-media\">\n                                            <div class=\"aux-media-frame aux-media-image aux-image-mask\">\n                                                <img decoding=\"async\"\n                                                loading=\"lazy\"\n                                                src=\"https:\/\/meeteu.eu\/wp-content\/uploads\/2023\/08\/Summer1.jpg\"\n                                                class=\"aux-attachment aux-featured-image aux-attachment-id-10615 aux-preload aux-has-preview\"\n                                                alt=\"\"\n                                                data-src=\"https:\/\/meeteu.eu\/wp-content\/uploads\/2023\/08\/Summer1.jpg\"\n                                                \/>\n                                            <\/div>\n                                        <\/div>\n\n                                        <header class=\"entry-header\">\n                                            <h4 class=\"entry-title\">\n                                                U bent MeetEU!                                            <\/h4>\n                                        <\/header>\n\n                                        <div class=\"entry-main\">\n                                            <div class=\"entry-info\">\n                                                <div class=\"event-date\">\n                                                                                                            <i class=\"fas fa-calendar-alt\"><\/i>&nbsp;\n                                                    \n                                                                                                            <span>18 juli 2023<\/span>\n                                                                                                        \n                                                                                                            <span> - <\/span>\n                                                    \n                                                                                                            <span>18 juli 2023<\/span>\n                                                                                                                                                        <\/div>\n\n                                                                                                    <div class=\"event-location\">\n                                                                                                                    <i class=\"fas fa-thumbtack\"><\/i>&nbsp;\n                                                            <span>Virtueel evenement op Zoom<\/span>\n                                                                                                            <\/div>\n\n                                                    <div class=\"event-language\">\n                                                                                                                    <i class=\"fas fa-globe\"><\/i>&nbsp;\n                                                            <span>In het Engels, met meertalige bijschriften<\/span>\n                                                                                                            <\/div>\n                                                                                            <\/div>\n\n                                            <div class=\"entry-content\">\n                                                <p><p>Tijdens 150 evenementen bespraken we onze gemeenschappelijke toekomst in Europa. Het resultaat? Vriendschappen en relaties die geen grenzen kennen. Samen met jou brachten we Europa een beetje dichterbij. Bedankt om deel uit te maken van deze reis! Laten we samen verder gaan.<\/p>\n<\/p>\n                                                <div class=\"clear\"><\/div>\n                                            <\/div>\n\n                                                                                    <\/div>\n                                    <\/article>\n                                <\/div>\n                            \n                                <div id=\"post-10617\" class=\"aux-col post-10617\">\n                                    <article class=\"post column-entry post-10617 event_listing type-event_listing status-expired has-post-thumbnail hentry\">\n                                        <div class=\"entry-media\">\n                                            <div class=\"aux-media-frame aux-media-image aux-image-mask\">\n                                                <img decoding=\"async\"\n                                                loading=\"lazy\"\n                                                src=\"https:\/\/meeteu.eu\/wp-content\/uploads\/2023\/08\/Summer2.jpg\"\n                                                class=\"aux-attachment aux-featured-image aux-attachment-id-10618 aux-preload aux-has-preview\"\n                                                alt=\"\"\n                                                data-src=\"https:\/\/meeteu.eu\/wp-content\/uploads\/2023\/08\/Summer2.jpg\"\n                                                \/>\n                                            <\/div>\n                                        <\/div>\n\n                                        <header class=\"entry-header\">\n                                            <h4 class=\"entry-title\">\n                                                We hebben zomervakantie                                            <\/h4>\n                                        <\/header>\n\n                                        <div class=\"entry-main\">\n                                            <div class=\"entry-info\">\n                                                <div class=\"event-date\">\n                                                                                                            <i class=\"fas fa-calendar-alt\"><\/i>&nbsp;\n                                                    \n                                                                                                            <span>12 juli 2023<\/span>\n                                                                                                        \n                                                                                                            <span> - <\/span>\n                                                    \n                                                                                                            <span>12 september 2023<\/span>\n                                                                                                                                                        <\/div>\n\n                                                                                                    <div class=\"event-location\">\n                                                                                                                    <i class=\"fas fa-thumbtack\"><\/i>&nbsp;\n                                                            <span>Virtueel evenement op Zoom<\/span>\n                                                                                                            <\/div>\n\n                                                    <div class=\"event-language\">\n                                                                                                                    <i class=\"fas fa-globe\"><\/i>&nbsp;\n                                                            <span>In het Engels, met meertalige bijschriften<\/span>\n                                                                                                            <\/div>\n                                                                                            <\/div>\n\n                                            <div class=\"entry-content\">\n                                                <p><p>In de afgelopen drie jaar hebben we verschillende onderwerpen besproken, vari\u00ebrend van klimaatverandering, defensie, vrouwenrechten, burgerparticipatie en betrokkenheid van jongeren met jou en andere deelnemers uit meer dan 45 landen! We kunnen niet wachten op ons volgende seizoen... Tot die tijd genieten de MeetEU teams van hun zomerstop.<\/p>\n<\/p>\n                                                <div class=\"clear\"><\/div>\n                                            <\/div>\n\n                                                                                    <\/div>\n                                    <\/article>\n                                <\/div>\n                            \n                                <div id=\"post-10554\" class=\"aux-col post-10554\">\n                                    <article class=\"post column-entry post-10554 event_listing type-event_listing status-expired has-post-thumbnail hentry\">\n                                        <div class=\"entry-media\">\n                                            <div class=\"aux-media-frame aux-media-image aux-image-mask\">\n                                                <img decoding=\"async\"\n                                                loading=\"lazy\"\n                                                src=\"https:\/\/meeteu.eu\/wp-content\/uploads\/2023\/07\/Space-Agency-Website-Christina-Giannopapa.png\"\n                                                class=\"aux-attachment aux-featured-image aux-attachment-id-10556 aux-preload aux-has-preview\"\n                                                alt=\"\"\n                                                data-src=\"https:\/\/meeteu.eu\/wp-content\/uploads\/2023\/07\/Space-Agency-Website-Christina-Giannopapa.png\"\n                                                \/>\n                                            <\/div>\n                                        <\/div>\n\n                                        <header class=\"entry-header\">\n                                            <h4 class=\"entry-title\">\n                                                Europa en de sterren: Ontdek de ruimte in ons dagelijks leven                                            <\/h4>\n                                        <\/header>\n\n                                        <div class=\"entry-main\">\n                                            <div class=\"entry-info\">\n                                                <div class=\"event-date\">\n                                                                                                            <i class=\"fas fa-calendar-alt\"><\/i>&nbsp;\n                                                    \n                                                                                                            <span>11 juli 2023<\/span>\n                                                                                                                                                                <span>19:00 (CEST)<\/span>\n                                                    \n                                                                                                            <span> - <\/span>\n                                                    \n                                                                                                            <span>11 juli 2023<\/span>\n                                                                                                                                                                <span>20:00 (CEST)<\/span>\n                                                                                                    <\/div>\n\n                                                                                                    <div class=\"event-location\">\n                                                                                                                    <i class=\"fas fa-thumbtack\"><\/i>&nbsp;\n                                                            <span>Virtueel evenement op Zoom<\/span>\n                                                                                                            <\/div>\n\n                                                    <div class=\"event-language\">\n                                                                                                                    <i class=\"fas fa-globe\"><\/i>&nbsp;\n                                                            <span>In het Engels, met meertalige bijschriften<\/span>\n                                                                                                            <\/div>\n                                                                                            <\/div>\n\n                                            <div class=\"entry-content\">\n                                                <p>\n<p>Welke invloed heeft de ruimte op ons dagelijks leven? Van het gebruik van satellietsystemen voor navigatie in een nieuwe stad tot het inzetten van snelle reactiemogelijkheden bij natuurrampen zoals overstromingen en bosbranden, de ruimte speelt een cruciale rol. Hoe functioneert dit? En wat zegt een blik vanuit de ruimte over klimaatverandering? <\/p>\n\n\n\n<p>Doe met ons mee voor een vraag en antwoordgesprek met Dr. Christina Giannopapa van het <a href=\"https:\/\/www.euspa.europa.eu\/\" rel=\"noopener\">EU-agentschap voor het ruimtevaartprogramma<\/a>waar we de antwoorden onthullen. Registreer hier voor je gratis Zoom link.<\/p>\n<\/p>\n                                                <div class=\"clear\"><\/div>\n                                            <\/div>\n\n                                                                                    <\/div>\n                                    <\/article>\n                                <\/div>\n                            \n                                <div id=\"post-10551\" class=\"aux-col post-10551\">\n                                    <article class=\"post column-entry post-10551 event_listing type-event_listing status-expired has-post-thumbnail hentry\">\n                                        <div class=\"entry-media\">\n                                            <div class=\"aux-media-frame aux-media-image aux-image-mask\">\n                                                <img decoding=\"async\"\n                                                loading=\"lazy\"\n                                                src=\"https:\/\/meeteu.eu\/wp-content\/uploads\/2023\/07\/Huesmann_.jpg\"\n                                                class=\"aux-attachment aux-featured-image aux-attachment-id-10552 aux-preload aux-has-preview\"\n                                                alt=\"\"\n                                                data-src=\"https:\/\/meeteu.eu\/wp-content\/uploads\/2023\/07\/Huesmann_.jpg\"\n                                                \/>\n                                            <\/div>\n                                        <\/div>\n\n                                        <header class=\"entry-header\">\n                                            <h4 class=\"entry-title\">\n                                                Burgerparticipatie in de EU - Te versnipperd om impact te hebben?                                            <\/h4>\n                                        <\/header>\n\n                                        <div class=\"entry-main\">\n                                            <div class=\"entry-info\">\n                                                <div class=\"event-date\">\n                                                                                                            <i class=\"fas fa-calendar-alt\"><\/i>&nbsp;\n                                                    \n                                                                                                            <span>4 juli 2023<\/span>\n                                                                                                                                                                <span>19:00 (CEST)<\/span>\n                                                    \n                                                                                                            <span> - <\/span>\n                                                    \n                                                                                                            <span>4 juli 2023<\/span>\n                                                                                                                                                                <span>20:00 (CEST)<\/span>\n                                                                                                    <\/div>\n\n                                                                                                    <div class=\"event-location\">\n                                                                                                                    <i class=\"fas fa-thumbtack\"><\/i>&nbsp;\n                                                            <span>Virtueel evenement op Zoom<\/span>\n                                                                                                            <\/div>\n\n                                                    <div class=\"event-language\">\n                                                                                                                    <i class=\"fas fa-globe\"><\/i>&nbsp;\n                                                            <span>In het Engels, met meertalige bijschriften<\/span>\n                                                                                                            <\/div>\n                                                                                            <\/div>\n\n                                            <div class=\"entry-content\">\n                                                <p><p>Spreek je uit. Geef vorm aan onze toekomst. Ja, het is mogelijk in de EU!<br \/>\nMaar hoe kunnen we onze eigen idee\u00ebn inbrengen? Wat zijn effectieve manieren om dit te doen? Welke mogelijkheden hebben we om Europa in onze steden of regio's vorm te geven? En kunnen we echt een verschil maken? Of is burgerparticipatie in de EU te gefragmenteerd? En zo ja - hoe kunnen we het beter doen?<\/p>\n<p>Christian Huesmann, een expert op het gebied van democratie en burgerparticipatie van de Bertelsmann Foundation, zal zijn licht laten schijnen over deze vragen en met jou van gedachten wisselen over jouw idee\u00ebn.<\/p>\n<\/p>\n                                                <div class=\"clear\"><\/div>\n                                            <\/div>\n\n                                                                                    <\/div>\n                                    <\/article>\n                                <\/div>\n                            \n                                <div id=\"post-10530\" class=\"aux-col post-10530\">\n                                    <article class=\"post column-entry post-10530 event_listing type-event_listing status-expired has-post-thumbnail hentry\">\n                                        <div class=\"entry-media\">\n                                            <div class=\"aux-media-frame aux-media-image aux-image-mask\">\n                                                <img decoding=\"async\"\n                                                loading=\"lazy\"\n                                                src=\"https:\/\/meeteu.eu\/wp-content\/uploads\/2023\/06\/Sven-Mikser-Enlargement-Website.jpg\"\n                                                class=\"aux-attachment aux-featured-image aux-attachment-id-10529 aux-preload aux-has-preview\"\n                                                alt=\"\"\n                                                data-src=\"https:\/\/meeteu.eu\/wp-content\/uploads\/2023\/06\/Sven-Mikser-Enlargement-Website.jpg\"\n                                                \/>\n                                            <\/div>\n                                        <\/div>\n\n                                        <header class=\"entry-header\">\n                                            <h4 class=\"entry-title\">\n                                                Uitbreiding van de EU in onzekere tijden - Samen beter of Te veel risico's?                                            <\/h4>\n                                        <\/header>\n\n                                        <div class=\"entry-main\">\n                                            <div class=\"entry-info\">\n                                                <div class=\"event-date\">\n                                                                                                            <i class=\"fas fa-calendar-alt\"><\/i>&nbsp;\n                                                    \n                                                                                                            <span>27 juni 2023<\/span>\n                                                                                                                                                                <span>19:00 (CEST)<\/span>\n                                                    \n                                                                                                            <span> - <\/span>\n                                                    \n                                                                                                            <span>27 juni 2023<\/span>\n                                                                                                                                                                <span>20:00 (CEST)<\/span>\n                                                                                                    <\/div>\n\n                                                                                                    <div class=\"event-location\">\n                                                                                                                    <i class=\"fas fa-thumbtack\"><\/i>&nbsp;\n                                                            <span>Virtueel evenement op Zoom<\/span>\n                                                                                                            <\/div>\n\n                                                    <div class=\"event-language\">\n                                                                                                                    <i class=\"fas fa-globe\"><\/i>&nbsp;\n                                                            <span>In het Engels, met meertalige bijschriften<\/span>\n                                                                                                            <\/div>\n                                                                                            <\/div>\n\n                                            <div class=\"entry-content\">\n                                                <p><p>In 2004 diende Noord-Macedoni\u00eb voor het eerst een aanvraag in om lid te worden van de Europese Unie. 2020, meer dan 16 jaar later, begonnen de offici\u00eble onderhandelingen - uitbreiding van de EU is tijdrovend.<\/p>\n<p>De uitbreiding van de EU kwam echter in een stroomversnelling: een jaar na de Russische inval in Oekra\u00efne groeide de lijst van kandidaat-lidstaten van vijf naar acht. Voor sommige politieke hoofdsteden worden nieuwe EU-lidstaten echter nog steeds beschouwd als een extra financi\u00eble last die gepaard gaat met een verdere complexificatie van het politieke besluitvormingsproces.<\/p>\n<p>Is dit het juiste moment voor uitbreiding van de EU? Welke factoren be\u00efnvloeden het uitbreidingsproces extern en intern binnen de EU? Moet er een snelle toetredingsprocedure komen? En wat zijn de gevolgen als de Unie er niet in slaagt hen op te nemen?<\/p>\n<p>We zullen deze kwestie bespreken met Sven Mikser, lid van het Europees Parlement en voormalig minister van Defensie in Estland. Als lid van de commissie buitenlandse zaken en vicevoorzitter van de delegatie voor NAVO-betrekkingen zal zijn expertise ons een uitgebreid inzicht geven in het onderwerp.<\/p>\n<\/p>\n                                                <div class=\"clear\"><\/div>\n                                            <\/div>\n\n                                                                                    <\/div>\n                                    <\/article>\n                                <\/div>\n                            \n                                <div id=\"post-10523\" class=\"aux-col post-10523\">\n                                    <article class=\"post column-entry post-10523 event_listing type-event_listing status-expired has-post-thumbnail hentry\">\n                                        <div class=\"entry-media\">\n                                            <div class=\"aux-media-frame aux-media-image aux-image-mask\">\n                                                <img decoding=\"async\"\n                                                loading=\"lazy\"\n                                                src=\"https:\/\/meeteu.eu\/wp-content\/uploads\/2023\/06\/DemocracyAI_VWebsite_EngA.jpg\"\n                                                class=\"aux-attachment aux-featured-image aux-attachment-id-10524 aux-preload aux-has-preview\"\n                                                alt=\"\"\n                                                data-src=\"https:\/\/meeteu.eu\/wp-content\/uploads\/2023\/06\/DemocracyAI_VWebsite_EngA.jpg\"\n                                                \/>\n                                            <\/div>\n                                        <\/div>\n\n                                        <header class=\"entry-header\">\n                                            <h4 class=\"entry-title\">\n                                                AI &amp; democratie - welke kant gaat Europa op?                                            <\/h4>\n                                        <\/header>\n\n                                        <div class=\"entry-main\">\n                                            <div class=\"entry-info\">\n                                                <div class=\"event-date\">\n                                                                                                            <i class=\"fas fa-calendar-alt\"><\/i>&nbsp;\n                                                    \n                                                                                                            <span>15 juni 2023<\/span>\n                                                                                                                                                                <span>19:00 (CEST)<\/span>\n                                                    \n                                                                                                            <span> - <\/span>\n                                                    \n                                                                                                            <span>15 juni 2023<\/span>\n                                                                                                                                                                <span>20:00 (CEST)<\/span>\n                                                                                                    <\/div>\n\n                                                                                                    <div class=\"event-location\">\n                                                                                                                    <i class=\"fas fa-thumbtack\"><\/i>&nbsp;\n                                                            <span>Virtueel evenement op Zoom<\/span>\n                                                                                                            <\/div>\n\n                                                    <div class=\"event-language\">\n                                                                                                                    <i class=\"fas fa-globe\"><\/i>&nbsp;\n                                                            <span>In het Engels, met meertalige bijschriften<\/span>\n                                                                                                            <\/div>\n                                                                                            <\/div>\n\n                                            <div class=\"entry-content\">\n                                                <p><p>Kunstmatige intelligentie (AI) rukt snel op. Het is van cruciaal belang om de grondrechten te waarborgen en een kader te cre\u00ebren voor de verdere ontwikkeling ervan.<\/p>\n<p>De EU gaat de uitdaging aan en werkt aan 's werelds eerste allesomvattende regelgeving voor AI. Leidt dit ons in de juiste richting? Is het reguleren van potenti\u00eble risico's voldoende of welke aanvullende maatregelen zijn nodig om het democratisch potentieel van AI volledig te ontplooien?<\/p>\n<p>We zijn erg blij met de volgende sprekers:<br \/>\nAlexandra Ganzen, MEP, Groenen<br \/>\nDaniel Leisegang, co-hoofdredacteur van netzpolitik.org<br \/>\n? Lajla Fetic, AI-deskundige, Bertelsmann Stichting<br \/>\nFelix Karrte, EU-directeur, Reset.tech<\/p>\n<p>Evenement in het Duits, met live Engelse vertaling.<\/p>\n<\/p>\n                                                <div class=\"clear\"><\/div>\n                                            <\/div>\n\n                                                                                    <\/div>\n                                    <\/article>\n                                <\/div>\n                            \n                                <div id=\"post-10390\" class=\"aux-col post-10390\">\n                                    <article class=\"post column-entry post-10390 event_listing type-event_listing status-expired has-post-thumbnail hentry\">\n                                        <div class=\"entry-media\">\n                                            <div class=\"aux-media-frame aux-media-image aux-image-mask\">\n                                                <img decoding=\"async\"\n                                                loading=\"lazy\"\n                                                src=\"https:\/\/meeteu.eu\/wp-content\/uploads\/2023\/06\/AI_Act_Web.jpg\"\n                                                class=\"aux-attachment aux-featured-image aux-attachment-id-10389 aux-preload aux-has-preview\"\n                                                alt=\"\"\n                                                data-src=\"https:\/\/meeteu.eu\/wp-content\/uploads\/2023\/06\/AI_Act_Web.jpg\"\n                                                \/>\n                                            <\/div>\n                                        <\/div>\n\n                                        <header class=\"entry-header\">\n                                            <h4 class=\"entry-title\">\n                                                De AI-wet: Het concurrentievoordeel verliezen of de mensheid verdedigen?                                            <\/h4>\n                                        <\/header>\n\n                                        <div class=\"entry-main\">\n                                            <div class=\"entry-info\">\n                                                <div class=\"event-date\">\n                                                                                                            <i class=\"fas fa-calendar-alt\"><\/i>&nbsp;\n                                                    \n                                                                                                            <span>13 juni 2023<\/span>\n                                                                                                                                                                <span>19:00 (CEST)<\/span>\n                                                    \n                                                                                                            <span> - <\/span>\n                                                    \n                                                                                                            <span>13 juni 2023<\/span>\n                                                                                                                                                                <span>20:00 (CEST)<\/span>\n                                                                                                    <\/div>\n\n                                                                                                    <div class=\"event-location\">\n                                                                                                                    <i class=\"fas fa-thumbtack\"><\/i>&nbsp;\n                                                            <span>Virtueel evenement op Zoom<\/span>\n                                                                                                            <\/div>\n\n                                                    <div class=\"event-language\">\n                                                                                                                    <i class=\"fas fa-globe\"><\/i>&nbsp;\n                                                            <span>In het Engels, met meertalige bijschriften<\/span>\n                                                                                                            <\/div>\n                                                                                            <\/div>\n\n                                            <div class=\"entry-content\">\n                                                <p>\n<p>Moeten AI-gegenereerde teksten of afbeeldingen worden gelabeld? Is het legaal om AI-systemen te trainen met persoonlijke gebruikersgegevens? Wat gebeurt er als deze systemen worden gebruikt door criminelen, politieke campagnes of buitenlandse regeringen?<\/p>\n\n\n\n<p>Het is duidelijk dat kunstmatige intelligentie gereguleerd moet worden. Een nieuwe EU-wet genaamd de \"AI Act\" moet dit gaan doen. Het is echter cruciaal om een balans te vinden tussen effectieve maatregelen en het behouden van het concurrentievoordeel van Europa. Wat kunnen we verwachten van de nieuwe AI-wet? <\/p>\n\n\n\n<p>Krijg rechtstreeks inzichten van Martin Ulbrich van de Europese Commissie (DG Connect), die betrokken was bij het opstellen van de nieuwe AI-wet. Leer over de laatste ontwikkelingen en krijg antwoord op je vragen.<\/p>\n<\/p>\n                                                <div class=\"clear\"><\/div>\n                                            <\/div>\n\n                                                                                    <\/div>\n                                    <\/article>\n                                <\/div>\n                            \n                                <div id=\"post-10384\" class=\"aux-col post-10384\">\n                                    <article class=\"post column-entry post-10384 event_listing type-event_listing status-expired has-post-thumbnail hentry\">\n                                        <div class=\"entry-media\">\n                                            <div class=\"aux-media-frame aux-media-image aux-image-mask\">\n                                                <img decoding=\"async\"\n                                                loading=\"lazy\"\n                                                src=\"https:\/\/meeteu.eu\/wp-content\/uploads\/2023\/06\/CommownWebsite.jpg\"\n                                                class=\"aux-attachment aux-featured-image aux-attachment-id-10385 aux-preload aux-has-preview\"\n                                                alt=\"\"\n                                                data-src=\"https:\/\/meeteu.eu\/wp-content\/uploads\/2023\/06\/CommownWebsite.jpg\"\n                                                \/>\n                                            <\/div>\n                                        <\/div>\n\n                                        <header class=\"entry-header\">\n                                            <h4 class=\"entry-title\">\n                                                Tech Renting Made in EU - Zeg maar dag tegen E-Waste!                                            <\/h4>\n                                        <\/header>\n\n                                        <div class=\"entry-main\">\n                                            <div class=\"entry-info\">\n                                                <div class=\"event-date\">\n                                                                                                            <i class=\"fas fa-calendar-alt\"><\/i>&nbsp;\n                                                    \n                                                                                                            <span>6 juni 2023<\/span>\n                                                                                                                                                                <span>19:00 (CEST)<\/span>\n                                                    \n                                                                                                            <span> - <\/span>\n                                                    \n                                                                                                            <span>6 juni 2023<\/span>\n                                                                                                                                                                <span>20:00 (CEST)<\/span>\n                                                                                                    <\/div>\n\n                                                                                                    <div class=\"event-location\">\n                                                                                                                    <i class=\"fas fa-thumbtack\"><\/i>&nbsp;\n                                                            <span>Virtueel evenement op Zoom<\/span>\n                                                                                                            <\/div>\n\n                                                    <div class=\"event-language\">\n                                                                                                                    <i class=\"fas fa-globe\"><\/i>&nbsp;\n                                                            <span>In het Engels, met meertalige bijschriften<\/span>\n                                                                                                            <\/div>\n                                                                                            <\/div>\n\n                                            <div class=\"entry-content\">\n                                                <p><p>? In 2020 heeft de EU een negatief record gevestigd door genoeg elektronisch afval te produceren om 470 Eiffeltorens te bouwen. De gevolgen zijn verwoestend: giftig afval hoopt zich op in stortplaatsen of wordt naar ontwikkelingslanden gestuurd.<\/p>\n<p>\u267b\ufe0fRecognizing de behoefte aan actie, koos de Franse start-up en co\u00f6peratie Commown voor een andere aanpak: hergebruik in plaats van vervanging. Het in Straatsburg gevestigde bedrijf verhuurt duurzame en eerlijk geproduceerde notebooks en telefoons aan bedrijven en particulieren.<\/p>\n<p>Maar hoe werkt dit bedrijfsmodel? Zou het de toekomst van duurzame consumptie kunnen zijn? En wat verwachten de jonge starters van de Europese Unie? Om deze vragen te onderzoeken, zitten we aan tafel met Robin Angel\u00e9, een van de belangrijkste besluitvormers bij Commown.<\/p>\n<p>Dit evenement maakt deel uit van een reeks met verschillende Europese start-ups, met als doel het diverse landschap van de Europese tech-industrie en haar innovatieve oplossingen te laten zien.<\/p>\n<\/p>\n                                                <div class=\"clear\"><\/div>\n                                            <\/div>\n\n                                                                                    <\/div>\n                                    <\/article>\n                                <\/div>\n                            \n                                <div id=\"post-10345\" class=\"aux-col post-10345\">\n                                    <article class=\"post column-entry post-10345 event_listing type-event_listing status-expired has-post-thumbnail hentry\">\n                                        <div class=\"entry-media\">\n                                            <div class=\"aux-media-frame aux-media-image aux-image-mask\">\n                                                <img decoding=\"async\"\n                                                loading=\"lazy\"\n                                                src=\"https:\/\/meeteu.eu\/wp-content\/uploads\/2023\/05\/Lila-Break.jpg\"\n                                                class=\"aux-attachment aux-featured-image aux-attachment-id-10346 aux-preload aux-has-preview\"\n                                                alt=\"\"\n                                                data-src=\"https:\/\/meeteu.eu\/wp-content\/uploads\/2023\/05\/Lila-Break.jpg\"\n                                                \/>\n                                            <\/div>\n                                        <\/div>\n\n                                        <header class=\"entry-header\">\n                                            <h4 class=\"entry-title\">\n                                                We nemen een pauze!                                            <\/h4>\n                                        <\/header>\n\n                                        <div class=\"entry-main\">\n                                            <div class=\"entry-info\">\n                                                <div class=\"event-date\">\n                                                                                                            <i class=\"fas fa-calendar-alt\"><\/i>&nbsp;\n                                                    \n                                                                                                            <span>30 mei 2023<\/span>\n                                                                                                        \n                                                                                                            <span> - <\/span>\n                                                    \n                                                                                                            <span>30 mei 2023<\/span>\n                                                                                                                                                        <\/div>\n\n                                                                                                    <div class=\"event-location\">\n                                                                                                                    <i class=\"fas fa-thumbtack\"><\/i>&nbsp;\n                                                            <span>Virtueel evenement op Zoom<\/span>\n                                                                                                            <\/div>\n\n                                                    <div class=\"event-language\">\n                                                                                                                    <i class=\"fas fa-globe\"><\/i>&nbsp;\n                                                            <span>In het Engels, met meertalige bijschriften<\/span>\n                                                                                                            <\/div>\n                                                                                            <\/div>\n\n                                            <div class=\"entry-content\">\n                                                <p><p>Drie dagen weekend zijn goed, vier dagen zijn beter! We verlengen ons weekend een beetje, tot volgende week.<\/p>\n<\/p>\n                                                <div class=\"clear\"><\/div>\n                                            <\/div>\n\n                                                                                    <\/div>\n                                    <\/article>\n                                <\/div>\n                            \n                                <div id=\"post-10133\" class=\"aux-col post-10133\">\n                                    <article class=\"post column-entry post-10133 event_listing type-event_listing status-expired has-post-thumbnail hentry\">\n                                        <div class=\"entry-media\">\n                                            <div class=\"aux-media-frame aux-media-image aux-image-mask\">\n                                                <img decoding=\"async\"\n                                                loading=\"lazy\"\n                                                src=\"https:\/\/meeteu.eu\/wp-content\/uploads\/2023\/05\/Smart-Cities_.jpg\"\n                                                class=\"aux-attachment aux-featured-image aux-attachment-id-10134 aux-preload aux-has-preview\"\n                                                alt=\"\"\n                                                data-src=\"https:\/\/meeteu.eu\/wp-content\/uploads\/2023\/05\/Smart-Cities_.jpg\"\n                                                \/>\n                                            <\/div>\n                                        <\/div>\n\n                                        <header class=\"entry-header\">\n                                            <h4 class=\"entry-title\">\n                                                Smart Cities - Hoe het leven in de stad zal veranderen                                            <\/h4>\n                                        <\/header>\n\n                                        <div class=\"entry-main\">\n                                            <div class=\"entry-info\">\n                                                <div class=\"event-date\">\n                                                                                                            <i class=\"fas fa-calendar-alt\"><\/i>&nbsp;\n                                                    \n                                                                                                            <span>23 mei 2023<\/span>\n                                                                                                                                                                <span>19:00 (CEST)<\/span>\n                                                    \n                                                                                                            <span> - <\/span>\n                                                    \n                                                                                                            <span>23 mei 2023<\/span>\n                                                                                                                                                                <span>20:00 (CEST)<\/span>\n                                                                                                    <\/div>\n\n                                                                                                    <div class=\"event-location\">\n                                                                                                                    <i class=\"fas fa-thumbtack\"><\/i>&nbsp;\n                                                            <span>Virtueel evenement op Zoom<\/span>\n                                                                                                            <\/div>\n\n                                                    <div class=\"event-language\">\n                                                                                                                    <i class=\"fas fa-globe\"><\/i>&nbsp;\n                                                            <span>In het Engels, met meertalige bijschriften<\/span>\n                                                                                                            <\/div>\n                                                                                            <\/div>\n\n                                            <div class=\"entry-content\">\n                                                <p><p>Hoe slim zijn Europese steden? Ontdek hoe innovatieve technologie ons leven, werken en relaties in stedelijke omgevingen transformeert. Waar liggen de grenzen? Zijn er alleen maar voordelen? En hoe kunnen we ervoor zorgen dat niemand achterblijft?<\/p>\n<p>Discussieer met burgers uit heel Europa over de nieuwste trends, uitdagingen en kansen op dit spannende gebied. Mis deze kans niet om de grenzen van stedelijke innovatie te verkennen tijdens een boeiende presentatie en gezellige uitwisseling.<\/p>\n<p>Een van onze teamleden, Alessia, die momenteel voor een adviesbureau in Brussel werkt, zal deze sessie verzorgen. Ze wil graag een discussie op gang brengen en haar kennis met ons delen.<\/p>\n<\/p>\n                                                <div class=\"clear\"><\/div>\n                                            <\/div>\n\n                                                                                    <\/div>\n                                    <\/article>\n                                <\/div>\n                            \n                                <div id=\"post-10135\" class=\"aux-col post-10135\">\n                                    <article class=\"post column-entry post-10135 event_listing type-event_listing status-expired has-post-thumbnail hentry\">\n                                        <div class=\"entry-media\">\n                                            <div class=\"aux-media-frame aux-media-image aux-image-mask\">\n                                                <img decoding=\"async\"\n                                                loading=\"lazy\"\n                                                src=\"https:\/\/meeteu.eu\/wp-content\/uploads\/2023\/05\/Inviting_MEPs_Website.jpg\"\n                                                class=\"aux-attachment aux-featured-image aux-attachment-id-10136 aux-preload aux-has-preview\"\n                                                alt=\"\"\n                                                data-src=\"https:\/\/meeteu.eu\/wp-content\/uploads\/2023\/05\/Inviting_MEPs_Website.jpg\"\n                                                \/>\n                                            <\/div>\n                                        <\/div>\n\n                                        <header class=\"entry-header\">\n                                            <h4 class=\"entry-title\">\n                                                Europarlementari\u00ebrs uitnodigen is net zo eenvoudig als koken! (EU-Basics)                                            <\/h4>\n                                        <\/header>\n\n                                        <div class=\"entry-main\">\n                                            <div class=\"entry-info\">\n                                                <div class=\"event-date\">\n                                                                                                            <i class=\"fas fa-calendar-alt\"><\/i>&nbsp;\n                                                    \n                                                                                                            <span>16 mei 2023<\/span>\n                                                                                                                                                                <span>19:00 (CEST)<\/span>\n                                                    \n                                                                                                            <span> - <\/span>\n                                                    \n                                                                                                            <span>16 mei 2023<\/span>\n                                                                                                                                                                <span>20:00 (CEST)<\/span>\n                                                                                                    <\/div>\n\n                                                                                                    <div class=\"event-location\">\n                                                                                                                    <i class=\"fas fa-thumbtack\"><\/i>&nbsp;\n                                                            <span>Virtueel evenement op Zoom<\/span>\n                                                                                                            <\/div>\n\n                                                    <div class=\"event-language\">\n                                                                                                                    <i class=\"fas fa-globe\"><\/i>&nbsp;\n                                                            <span>In het Engels, met meertalige bijschriften<\/span>\n                                                                                                            <\/div>\n                                                                                            <\/div>\n\n                                            <div class=\"entry-content\">\n                                                <p><p>Verhoog je betrokkenheid! Doe mee aan een ontspannen sessie waarin we je leren hoe je MEP's kunt uitnodigen voor lokale en digitale evenementen. Onze teamleden delen hun strategie\u00ebn, laten je zien hoe je de perfecte MEP voor je spreker vindt en leggen uit hoe belangrijk het is om het juiste onderwerp voor je evenementen te kiezen.<\/p>\n<p>Onze workshop is als een kookles, waarbij we je stap voor stap begeleiden om het gewenste resultaat te bereiken. Mis deze kans niet om te leren en je evenementen naar een hoger niveau te tillen.<\/p>\n<p>Doe mee aan onze ontspannen workshop en community-event.<\/p>\n<\/p>\n                                                <div class=\"clear\"><\/div>\n                                            <\/div>\n\n                                                                                    <\/div>\n                                    <\/article>\n                                <\/div>\n                            \n                                <div id=\"post-10069\" class=\"aux-col post-10069\">\n                                    <article class=\"post column-entry post-10069 event_listing type-event_listing status-expired has-post-thumbnail hentry\">\n                                        <div class=\"entry-media\">\n                                            <div class=\"aux-media-frame aux-media-image aux-image-mask\">\n                                                <img decoding=\"async\"\n                                                loading=\"lazy\"\n                                                src=\"https:\/\/meeteu.eu\/wp-content\/uploads\/2023\/04\/EPPO_Website.jpg\"\n                                                class=\"aux-attachment aux-featured-image aux-attachment-id-10070 aux-preload aux-has-preview\"\n                                                alt=\"\"\n                                                data-src=\"https:\/\/meeteu.eu\/wp-content\/uploads\/2023\/04\/EPPO_Website.jpg\"\n                                                \/>\n                                            <\/div>\n                                        <\/div>\n\n                                        <header class=\"entry-header\">\n                                            <h4 class=\"entry-title\">\n                                                Het geld van Europese belastingbetalers beschermen tegen criminelen                                            <\/h4>\n                                        <\/header>\n\n                                        <div class=\"entry-main\">\n                                            <div class=\"entry-info\">\n                                                <div class=\"event-date\">\n                                                                                                            <i class=\"fas fa-calendar-alt\"><\/i>&nbsp;\n                                                    \n                                                                                                            <span>9 mei 2023<\/span>\n                                                                                                                                                                <span>19:00 (CEST)<\/span>\n                                                    \n                                                                                                            <span> - <\/span>\n                                                    \n                                                                                                            <span>9 mei 2023<\/span>\n                                                                                                                                                                <span>20:00 (CEST)<\/span>\n                                                                                                    <\/div>\n\n                                                                                                    <div class=\"event-location\">\n                                                                                                                    <i class=\"fas fa-thumbtack\"><\/i>&nbsp;\n                                                            <span>Virtueel evenement op Zoom<\/span>\n                                                                                                            <\/div>\n\n                                                    <div class=\"event-language\">\n                                                                                                                    <i class=\"fas fa-globe\"><\/i>&nbsp;\n                                                            <span>In het Engels, met meertalige bijschriften<\/span>\n                                                                                                            <\/div>\n                                                                                            <\/div>\n\n                                            <div class=\"entry-content\">\n                                                <p><p>Neem de kans waar om ons Zoom-evenement bij te wonen met Titus Poenaru, adviseur voor interinstitutionele betrekkingen bij het Europees Openbaar Ministerie (EPPO). EPPO is verantwoordelijk voor het onderzoeken en vervolgen van een breed scala aan witteboordencriminaliteit, waaronder misbruik van EU-fondsen, witwassen van geld en btw-fraude.<\/p>\n<p>Sinds de start in juni 2021 heeft de EPPO meer dan 4 000 meldingen van misdrijven ontvangen van EU-lidstaten en particuliere partijen. Alleen al in 2022 heeft het 359 miljoen euro bevroren van vermoedelijke criminelen.<\/p>\n<p>Kom op Zoom meer te weten over het werk van EPPO bij het beschermen van de financi\u00eble belangen van de EU. Titus Poenaru zal vragen beantwoorden over zijn rol en de uitdagingen van het aanpakken van dergelijke misdrijven.<\/p>\n\n\n<p><\/p>\n<\/p>\n                                                <div class=\"clear\"><\/div>\n                                            <\/div>\n\n                                                                                    <\/div>\n                                    <\/article>\n                                <\/div>\n                            \n                                <div id=\"post-10066\" class=\"aux-col post-10066\">\n                                    <article class=\"post column-entry post-10066 event_listing type-event_listing status-expired has-post-thumbnail hentry\">\n                                        <div class=\"entry-media\">\n                                            <div class=\"aux-media-frame aux-media-image aux-image-mask\">\n                                                <img decoding=\"async\"\n                                                loading=\"lazy\"\n                                                src=\"https:\/\/meeteu.eu\/wp-content\/uploads\/2023\/04\/Lobbyismintheep-Website.jpg\"\n                                                class=\"aux-attachment aux-featured-image aux-attachment-id-10068 aux-preload aux-has-preview\"\n                                                alt=\"\"\n                                                data-src=\"https:\/\/meeteu.eu\/wp-content\/uploads\/2023\/04\/Lobbyismintheep-Website.jpg\"\n                                                \/>\n                                            <\/div>\n                                        <\/div>\n\n                                        <header class=\"entry-header\">\n                                            <h4 class=\"entry-title\">\n                                                Invloed in de EU: Wie ontmoet uw Parlementslid?                                            <\/h4>\n                                        <\/header>\n\n                                        <div class=\"entry-main\">\n                                            <div class=\"entry-info\">\n                                                <div class=\"event-date\">\n                                                                                                            <i class=\"fas fa-calendar-alt\"><\/i>&nbsp;\n                                                    \n                                                                                                            <span>2 mei 2023<\/span>\n                                                                                                                                                                <span>19:00 (CEST)<\/span>\n                                                    \n                                                                                                            <span> - <\/span>\n                                                    \n                                                                                                            <span>2 mei 2023<\/span>\n                                                                                                                                                                <span>20:00 (CEST)<\/span>\n                                                                                                    <\/div>\n\n                                                                                                    <div class=\"event-location\">\n                                                                                                                    <i class=\"fas fa-thumbtack\"><\/i>&nbsp;\n                                                            <span>Virtueel evenement op Zoom<\/span>\n                                                                                                            <\/div>\n\n                                                    <div class=\"event-language\">\n                                                                                                                    <i class=\"fas fa-globe\"><\/i>&nbsp;\n                                                            <span>In het Engels, met meertalige bijschriften<\/span>\n                                                                                                            <\/div>\n                                                                                            <\/div>\n\n                                            <div class=\"entry-content\">\n                                                <p><p>Ben je nieuwsgierig naar de mysterieuze wereld van lobbyen in de EU? Doe mee aan een workshop over de nieuwe transparantieregels van het Europees Parlement. Samen bespreken we of ze effectief genoeg zijn. Bovendien laten we je zien hoe je erachter kunt komen met wie je Europarlementari\u00ebr vergadert.<\/p>\n<p>In kleine groepen brainstormen we over transparantieconcepten voor het Europees Parlement. Maak van de gelegenheid gebruik om idee\u00ebn te cre\u00ebren met anderen die jouw passie voor een transparantere EU delen.<\/p>\n<\/p>\n                                                <div class=\"clear\"><\/div>\n                                            <\/div>\n\n                                                                                    <\/div>\n                                    <\/article>\n                                <\/div>\n                            \n                                <div id=\"post-9933\" class=\"aux-col post-9933\">\n                                    <article class=\"post column-entry post-9933 event_listing type-event_listing status-expired has-post-thumbnail hentry\">\n                                        <div class=\"entry-media\">\n                                            <div class=\"aux-media-frame aux-media-image aux-image-mask\">\n                                                <img decoding=\"async\"\n                                                loading=\"lazy\"\n                                                src=\"https:\/\/meeteu.eu\/wp-content\/uploads\/2023\/04\/GlobalGatewayVisualWebsite.jpg\"\n                                                class=\"aux-attachment aux-featured-image aux-attachment-id-9935 aux-preload aux-has-preview\"\n                                                alt=\"\"\n                                                data-src=\"https:\/\/meeteu.eu\/wp-content\/uploads\/2023\/04\/GlobalGatewayVisualWebsite.jpg\"\n                                                \/>\n                                            <\/div>\n                                        <\/div>\n\n                                        <header class=\"entry-header\">\n                                            <h4 class=\"entry-title\">\n                                                Het EU-plan om de wereld met elkaar te verbinden - Hoe werkt het?                                            <\/h4>\n                                        <\/header>\n\n                                        <div class=\"entry-main\">\n                                            <div class=\"entry-info\">\n                                                <div class=\"event-date\">\n                                                                                                            <i class=\"fas fa-calendar-alt\"><\/i>&nbsp;\n                                                    \n                                                                                                            <span>25 april 2023<\/span>\n                                                                                                                                                                <span>19:00 (CEST)<\/span>\n                                                    \n                                                                                                            <span> - <\/span>\n                                                    \n                                                                                                            <span>25 april 2023<\/span>\n                                                                                                                                                                <span>20:00 (CEST)<\/span>\n                                                                                                    <\/div>\n\n                                                                                                    <div class=\"event-location\">\n                                                                                                                    <i class=\"fas fa-thumbtack\"><\/i>&nbsp;\n                                                            <span>Virtueel evenement op Zoom<\/span>\n                                                                                                            <\/div>\n\n                                                    <div class=\"event-language\">\n                                                                                                                    <i class=\"fas fa-globe\"><\/i>&nbsp;\n                                                            <span>In het Engels, met meertalige bijschriften<\/span>\n                                                                                                            <\/div>\n                                                                                            <\/div>\n\n                                            <div class=\"entry-content\">\n                                                <p><p>Democratie, transparantie, gelijke partnerschappen en duurzaamheid zijn enkele van de kernwaarden die de Europese Unie kenmerken. Een belangrijke rol van de EU is het waarborgen van deze beginselen in de EU, zodat de burgers een volledig democratische Unie kunnen leven.<\/p>\n<p>Buiten de EU-grenzen worden deze waarden echter vaak niet overal ter wereld gerespecteerd. De strategie van de Global Gateway (GG) heeft tot doel dit probleem aan te pakken door twee belangrijke functies van het externe optreden van de EU samen te voegen. Enerzijds worden partnerschappen opgezet met andere landen over de hele wereld, vooral met betrekking tot het Afrikaanse en Aziatische continent. Aan de andere kant is het doel van de GG om deze principes buiten de EU te stimuleren, waarbij waardevolle verbindingen en voordelen voor de betrokken lokale gemeenschappen worden gecre\u00eberd.<\/p>\n<p>Zal de EU erin slagen om in 2027 een volledig verbonden, democratisch en duurzaam netwerk te hebben? Hoe zal zij de moeilijkheden het hoofd bieden om verschillende landen in de wereld te benaderen? Hoe kan het concurreren met andere soortgelijke initiatieven? Wat voor soort projecten voert de GG op dit moment uit en wat zullen de effecten zijn in de nabije toekomst? David Ringrose, hoofd van de afdeling Global Gateway, verantwoordelijk voor connectiviteit en digitale transitie, zal ons meer vertellen over hoe de EU extern optreedt via de GG.<\/p>\n<\/p>\n                                                <div class=\"clear\"><\/div>\n                                            <\/div>\n\n                                                                                    <\/div>\n                                    <\/article>\n                                <\/div>\n                            \n                                <div id=\"post-9937\" class=\"aux-col post-9937\">\n                                    <article class=\"post column-entry post-9937 event_listing type-event_listing status-expired has-post-thumbnail hentry\">\n                                        <div class=\"entry-media\">\n                                            <div class=\"aux-media-frame aux-media-image aux-image-mask\">\n                                                <img decoding=\"async\"\n                                                loading=\"lazy\"\n                                                src=\"https:\/\/meeteu.eu\/wp-content\/uploads\/2023\/04\/CitizensPanelsEUCommissionW.jpg\"\n                                                class=\"aux-attachment aux-featured-image aux-attachment-id-9938 aux-preload aux-has-preview\"\n                                                alt=\"\"\n                                                data-src=\"https:\/\/meeteu.eu\/wp-content\/uploads\/2023\/04\/CitizensPanelsEUCommissionW.jpg\"\n                                                \/>\n                                            <\/div>\n                                        <\/div>\n\n                                        <header class=\"entry-header\">\n                                            <h4 class=\"entry-title\">\n                                                De burgerpanels van de EU - Hoe Europeanen hun beleid mee vormgeven                                            <\/h4>\n                                        <\/header>\n\n                                        <div class=\"entry-main\">\n                                            <div class=\"entry-info\">\n                                                <div class=\"event-date\">\n                                                                                                            <i class=\"fas fa-calendar-alt\"><\/i>&nbsp;\n                                                    \n                                                                                                            <span>18 april 2023<\/span>\n                                                                                                                                                                <span>19:00 (CEST)<\/span>\n                                                    \n                                                                                                            <span> - <\/span>\n                                                    \n                                                                                                            <span>18 april 2023<\/span>\n                                                                                                                                                                <span>20:00 (CEST)<\/span>\n                                                                                                    <\/div>\n\n                                                                                                    <div class=\"event-location\">\n                                                                                                                    <i class=\"fas fa-thumbtack\"><\/i>&nbsp;\n                                                            <span>Virtueel evenement op Zoom<\/span>\n                                                                                                            <\/div>\n\n                                                    <div class=\"event-language\">\n                                                                                                                    <i class=\"fas fa-globe\"><\/i>&nbsp;\n                                                            <span>In het Engels, met meertalige bijschriften<\/span>\n                                                                                                            <\/div>\n                                                                                            <\/div>\n\n                                            <div class=\"entry-content\">\n                                                <p><p>Het meest prominente democratieproject van Europa, de Conferentie over de toekomst van Europa, heeft honderdduizenden Europeanen samengebracht om idee\u00ebn te ontwikkelen over de EU van morgen. Er werden meer dan 18.800 voorstellen ontwikkeld. En wat nu?<\/p>\n<p>Het implementeren van voortdurende burgerparticipatie was een van de prioriteiten van de burgers. In december 2022 startte de Europese Commissie een nieuw raadplegingsproces waarbij Europeanen rechtstreeks worden betrokken bij de besluitvorming en het opstellen van wetgeving op specifieke gebieden, zoals het verminderen van voedselverspilling.<\/p>\n<p>Maar de belangrijkste vragen zijn nog niet beantwoord: Wat gebeurt er met de resultaten van die raadplegingen? Hoeveel van die panels zijn er gepland en hoe worden ze georganiseerd?<\/p>\n<p>Samen met Gaetane Ricard-Nihoul, als Senior-Expert bij de Europese Commissie, co\u00f6rdineert en begeleidt ze de nieuwe burgerpanels.<\/p>\n<\/p>\n                                                <div class=\"clear\"><\/div>\n                                            <\/div>\n\n                                                                                    <\/div>\n                                    <\/article>\n                                <\/div>\n                            \n                                <div id=\"post-9906\" class=\"aux-col post-9906\">\n                                    <article class=\"post column-entry post-9906 event_listing type-event_listing status-expired has-post-thumbnail hentry\">\n                                        <div class=\"entry-media\">\n                                            <div class=\"aux-media-frame aux-media-image aux-image-mask\">\n                                                <img decoding=\"async\"\n                                                loading=\"lazy\"\n                                                src=\"https:\/\/meeteu.eu\/wp-content\/uploads\/2023\/03\/Break-1104.jpg\"\n                                                class=\"aux-attachment aux-featured-image aux-attachment-id-9907 aux-preload aux-has-preview\"\n                                                alt=\"\"\n                                                data-src=\"https:\/\/meeteu.eu\/wp-content\/uploads\/2023\/03\/Break-1104.jpg\"\n                                                \/>\n                                            <\/div>\n                                        <\/div>\n\n                                        <header class=\"entry-header\">\n                                            <h4 class=\"entry-title\">\n                                                Paasvakantie, tot volgende week!                                            <\/h4>\n                                        <\/header>\n\n                                        <div class=\"entry-main\">\n                                            <div class=\"entry-info\">\n                                                <div class=\"event-date\">\n                                                                                                            <i class=\"fas fa-calendar-alt\"><\/i>&nbsp;\n                                                    \n                                                                                                            <span>11 april 2023<\/span>\n                                                                                                        \n                                                                                                            <span> - <\/span>\n                                                    \n                                                                                                            <span>11 april 2023<\/span>\n                                                                                                                                                        <\/div>\n\n                                                                                                    <div class=\"event-location\">\n                                                                                                                    <i class=\"fas fa-thumbtack\"><\/i>&nbsp;\n                                                            <span>Virtueel evenement op Zoom<\/span>\n                                                                                                            <\/div>\n\n                                                    <div class=\"event-language\">\n                                                                                                                    <i class=\"fas fa-globe\"><\/i>&nbsp;\n                                                            <span>In het Engels, met meertalige bijschriften<\/span>\n                                                                                                            <\/div>\n                                                                                            <\/div>\n\n                                            <div class=\"entry-content\">\n                                                <p><p>We wilden je een paasbriefkaart sturen, maar toen zagen we dat onze spaarpot leeg is. Als je onze paashaas wilt zijn, waarom schenk je ons dan geen koffie (linksonder)?<\/p>\n\n\n<p><\/p>\n<\/p>\n                                                <div class=\"clear\"><\/div>\n                                            <\/div>\n\n                                                                                    <\/div>\n                                    <\/article>\n                                <\/div>\n                            \n                                <div id=\"post-9903\" class=\"aux-col post-9903\">\n                                    <article class=\"post column-entry post-9903 event_listing type-event_listing status-expired has-post-thumbnail hentry\">\n                                        <div class=\"entry-media\">\n                                            <div class=\"aux-media-frame aux-media-image aux-image-mask\">\n                                                <img decoding=\"async\"\n                                                loading=\"lazy\"\n                                                src=\"https:\/\/meeteu.eu\/wp-content\/uploads\/2023\/03\/Visual_ClimatePact1_Website-1.jpg\"\n                                                class=\"aux-attachment aux-featured-image aux-attachment-id-9927 aux-preload aux-has-preview\"\n                                                alt=\"\"\n                                                data-src=\"https:\/\/meeteu.eu\/wp-content\/uploads\/2023\/03\/Visual_ClimatePact1_Website-1.jpg\"\n                                                \/>\n                                            <\/div>\n                                        <\/div>\n\n                                        <header class=\"entry-header\">\n                                            <h4 class=\"entry-title\">\n                                                Hoe breng je de groene revolutie naar jouw gemeenschap?                                            <\/h4>\n                                        <\/header>\n\n                                        <div class=\"entry-main\">\n                                            <div class=\"entry-info\">\n                                                <div class=\"event-date\">\n                                                                                                            <i class=\"fas fa-calendar-alt\"><\/i>&nbsp;\n                                                    \n                                                                                                            <span>4 april 2023<\/span>\n                                                                                                                                                                <span>19:00 (CEST)<\/span>\n                                                    \n                                                                                                            <span> - <\/span>\n                                                    \n                                                                                                            <span>4 april 2023<\/span>\n                                                                                                                                                                <span>20:00 (CEST)<\/span>\n                                                                                                    <\/div>\n\n                                                                                                    <div class=\"event-location\">\n                                                                                                                    <i class=\"fas fa-thumbtack\"><\/i>&nbsp;\n                                                            <span>Virtueel evenement op Zoom<\/span>\n                                                                                                            <\/div>\n\n                                                    <div class=\"event-language\">\n                                                                                                                    <i class=\"fas fa-globe\"><\/i>&nbsp;\n                                                            <span>In het Engels, met meertalige bijschriften<\/span>\n                                                                                                            <\/div>\n                                                                                            <\/div>\n\n                                            <div class=\"entry-content\">\n                                                <p><p>De EU Green Deal streeft al meer dan jaren naar het behalen van de doelstellingen op het gebied van milieu, klimaat en biodiversiteit. Maar hoe kunnen we mensen motiveren om mee te doen? Het Europese Klimaatpact is er om te helpen. Het is een EU-breed initiatief dat mensen in heel Europa in staat stelt om in hun dagelijkse routines actie te ondernemen voor het klimaat en bij te dragen aan een groener Europa.<\/p>\n<p>Ben je nieuwsgierig naar het 'Europees Klimaatpact' en hoe het werkt? Wie kan eraan deelnemen en hoe effectief is het in het versterken van de klimaatbeweging op (trans)nationaal niveau? En zijn de middelen voor groene acties gemakkelijk beschikbaar? En tot slot, kan sociale mobilisatie alleen ervoor zorgen dat we netto-nul bereiken?<\/p>\n<p>Fons Janssen, de ambassadeur van het Klimaatpact en landenco\u00f6rdinator voor Belgi\u00eb, Luxemburg en Nederland, heeft alle antwoorden. Hij legt uit hoe het programma de doeltreffendheid van je klimaatinspanningen kan verhogen.<\/p>\n<\/p>\n                                                <div class=\"clear\"><\/div>\n                                            <\/div>\n\n                                                                                    <\/div>\n                                    <\/article>\n                                <\/div>\n                            \n                                <div id=\"post-9796\" class=\"aux-col post-9796\">\n                                    <article class=\"post column-entry post-9796 event_listing type-event_listing status-expired has-post-thumbnail hentry\">\n                                        <div class=\"entry-media\">\n                                            <div class=\"aux-media-frame aux-media-image aux-image-mask\">\n                                                <img decoding=\"async\"\n                                                loading=\"lazy\"\n                                                src=\"https:\/\/meeteu.eu\/wp-content\/uploads\/2023\/03\/ESM_Wesbite.jpg\"\n                                                class=\"aux-attachment aux-featured-image aux-attachment-id-9797 aux-preload aux-has-preview\"\n                                                alt=\"\"\n                                                data-src=\"https:\/\/meeteu.eu\/wp-content\/uploads\/2023\/03\/ESM_Wesbite.jpg\"\n                                                \/>\n                                            <\/div>\n                                        <\/div>\n\n                                        <header class=\"entry-header\">\n                                            <h4 class=\"entry-title\">\n                                                Hoe maak je de eurozone crisisbestendig?                                            <\/h4>\n                                        <\/header>\n\n                                        <div class=\"entry-main\">\n                                            <div class=\"entry-info\">\n                                                <div class=\"event-date\">\n                                                                                                            <i class=\"fas fa-calendar-alt\"><\/i>&nbsp;\n                                                    \n                                                                                                            <span>28 maart 2023<\/span>\n                                                                                                                                                                <span>19:00 (CEST)<\/span>\n                                                    \n                                                                                                            <span> - <\/span>\n                                                    \n                                                                                                            <span>28 maart 2023<\/span>\n                                                                                                                                                                <span>20:00 (CEST)<\/span>\n                                                                                                    <\/div>\n\n                                                                                                    <div class=\"event-location\">\n                                                                                                                    <i class=\"fas fa-thumbtack\"><\/i>&nbsp;\n                                                            <span>Virtueel evenement op Zoom<\/span>\n                                                                                                            <\/div>\n\n                                                    <div class=\"event-language\">\n                                                                                                                    <i class=\"fas fa-globe\"><\/i>&nbsp;\n                                                            <span>In het Engels, met meertalige bijschriften<\/span>\n                                                                                                            <\/div>\n                                                                                            <\/div>\n\n                                            <div class=\"entry-content\">\n                                                <p>\n<p>Bijna 340 miljoen mensen delen de euro als hun gemeenschappelijke munt. Wat als onze monetaire unie getroffen wordt door een nieuwe crisis? Om hierop voorbereid te zijn, bespreken we <em>Hoe maken we de eurozone crisisbestendig?<\/em>&nbsp;met Rolf Strauch. Rolf is hoofdeconoom bij het eurocrisisfonds - Europees Stabiliteitsmechanisme (ESM) in Luxemburg.<\/p>\n\n\n\n<p>We zullen het hebben over: Wat zijn de ontbrekende stukken in de institutionele architectuur van de eurozone om crises in de toekomst goed te beheersen? Heeft Europa goed gereageerd op de pandemie? En welke instrumenten heeft het reddingsfonds voor de euro, ESM, achter de hand om deze economische hik te bestrijden?<\/p>\n\n\n\n<p>Samen zullen we de uitdagingen en oplossingen verkennen voor een welvarende en veilige toekomst voor ons allemaal.<\/p>\n\n\n\n<p>Mis deze kans niet om je vragen te stellen, je suggesties te delen of van gedachten te wisselen met Rolf!&nbsp;<\/p>\n\n\n\n<figure class=\"wp-block-image size-full is-resized\"><img decoding=\"async\" src=\"https:\/\/meeteu.eu\/wp-content\/uploads\/2023\/03\/download.png\" alt=\"\" class=\"wp-image-9799\" width=\"295\" height=\"101\"\/><\/figure>\n<\/p>\n                                                <div class=\"clear\"><\/div>\n                                            <\/div>\n\n                                                                                    <\/div>\n                                    <\/article>\n                                <\/div>\n                            \n                                <div id=\"post-9792\" class=\"aux-col post-9792\">\n                                    <article class=\"post column-entry post-9792 event_listing type-event_listing status-expired has-post-thumbnail hentry\">\n                                        <div class=\"entry-media\">\n                                            <div class=\"aux-media-frame aux-media-image aux-image-mask\">\n                                                <img decoding=\"async\"\n                                                loading=\"lazy\"\n                                                src=\"https:\/\/meeteu.eu\/wp-content\/uploads\/2023\/03\/voluteersfor.eu_wesbite.jpg\"\n                                                class=\"aux-attachment aux-featured-image aux-attachment-id-9794 aux-preload aux-has-preview\"\n                                                alt=\"\"\n                                                data-src=\"https:\/\/meeteu.eu\/wp-content\/uploads\/2023\/03\/voluteersfor.eu_wesbite.jpg\"\n                                                \/>\n                                            <\/div>\n                                        <\/div>\n\n                                        <header class=\"entry-header\">\n                                            <h4 class=\"entry-title\">\n                                                Een platform voor EU-activisten - hoe moet dat eruit zien?                                            <\/h4>\n                                        <\/header>\n\n                                        <div class=\"entry-main\">\n                                            <div class=\"entry-info\">\n                                                <div class=\"event-date\">\n                                                                                                            <i class=\"fas fa-calendar-alt\"><\/i>&nbsp;\n                                                    \n                                                                                                            <span>21 maart 2023<\/span>\n                                                                                                                                                                <span>19:00 (CEST)<\/span>\n                                                    \n                                                                                                            <span> - <\/span>\n                                                    \n                                                                                                            <span>21 maart 2023<\/span>\n                                                                                                                                                                <span>20:00 (CEST)<\/span>\n                                                                                                    <\/div>\n\n                                                                                                    <div class=\"event-location\">\n                                                                                                                    <i class=\"fas fa-thumbtack\"><\/i>&nbsp;\n                                                            <span>Virtueel evenement op Zoom<\/span>\n                                                                                                            <\/div>\n\n                                                    <div class=\"event-language\">\n                                                                                                                    <i class=\"fas fa-globe\"><\/i>&nbsp;\n                                                            <span>In het Engels, met meertalige bijschriften<\/span>\n                                                                                                            <\/div>\n                                                                                            <\/div>\n\n                                            <div class=\"entry-content\">\n                                                <p>\n<p>Maatschappelijke organisaties verbinden Europa: Of het nu gaat om het bevorderen van jongerenuitwisselingen, sociale projecten, lokaal Europees onderwijs of Europese participatievormen. Duizenden vrijwilligers dragen bij aan de Europese integratie door hun inzet.<\/p>\n\n\n\n<p>Maar waar ontmoeten deze duizenden vrijwilligers elkaar om lopende campagnes te bespreken? Waar kunnen ze nieuwe strijdmakkers vinden en samenwerkingsverbanden opbouwen? Ondanks het zeer actieve verenigingslandschap in de EU is er nog steeds geen centraal platform dat synergie\u00ebn tussen verenigingen, instellingen en stichtingen bevordert.<\/p>\n\n\n\n<p>Kunnen we dat veranderen? Samen met jou willen we een concept ontwikkelen dat een centrum voor innovatie wordt. Maak er deel van uit, breng je creativiteit mee en help Europa over de landsgrenzen heen met elkaar te verbinden,<\/p>\n<\/p>\n                                                <div class=\"clear\"><\/div>\n                                            <\/div>\n\n                                                                                    <\/div>\n                                    <\/article>\n                                <\/div>\n                            \n                                <div id=\"post-9790\" class=\"aux-col post-9790\">\n                                    <article class=\"post column-entry post-9790 event_listing type-event_listing status-expired has-post-thumbnail hentry\">\n                                        <div class=\"entry-media\">\n                                            <div class=\"aux-media-frame aux-media-image aux-image-mask\">\n                                                <img decoding=\"async\"\n                                                loading=\"lazy\"\n                                                src=\"https:\/\/meeteu.eu\/wp-content\/uploads\/2023\/03\/Digital-EU-Referendums_Website-.jpg\"\n                                                class=\"aux-attachment aux-featured-image aux-attachment-id-9791 aux-preload aux-has-preview\"\n                                                alt=\"\"\n                                                data-src=\"https:\/\/meeteu.eu\/wp-content\/uploads\/2023\/03\/Digital-EU-Referendums_Website-.jpg\"\n                                                \/>\n                                            <\/div>\n                                        <\/div>\n\n                                        <header class=\"entry-header\">\n                                            <h4 class=\"entry-title\">\n                                                Digitale EU-referenda - Democratieversterker of dom idee?                                            <\/h4>\n                                        <\/header>\n\n                                        <div class=\"entry-main\">\n                                            <div class=\"entry-info\">\n                                                <div class=\"event-date\">\n                                                                                                            <i class=\"fas fa-calendar-alt\"><\/i>&nbsp;\n                                                    \n                                                                                                            <span>14 maart 2023<\/span>\n                                                                                                                                                                <span>19:00 (CEST)<\/span>\n                                                    \n                                                                                                            <span> - <\/span>\n                                                    \n                                                                                                            <span>14 maart 2023<\/span>\n                                                                                                                                                                <span>20:00 (CEST)<\/span>\n                                                                                                    <\/div>\n\n                                                                                                    <div class=\"event-location\">\n                                                                                                                    <i class=\"fas fa-thumbtack\"><\/i>&nbsp;\n                                                            <span>Virtueel evenement op Zoom<\/span>\n                                                                                                            <\/div>\n\n                                                    <div class=\"event-language\">\n                                                                                                                    <i class=\"fas fa-globe\"><\/i>&nbsp;\n                                                            <span>In het Engels, met meertalige bijschriften<\/span>\n                                                                                                            <\/div>\n                                                                                            <\/div>\n\n                                            <div class=\"entry-content\">\n                                                <p>\n<p>Een week nadat digitaal stemmen in Estland bijdroeg aan een recordopkomst sinds de heronafhankelijkheid van het land, willen we op Europees niveau een doordachte stap in deze richting zetten: Moeten er digitale referenda komen op EU-niveau?<\/p>\n\n\n\n<p>In dit discussie-event van een uur zullen we samen met jou twee onderwerpen bespreken: De voor- en nadelen van referenda op Europees niveau en de mogelijke technische haalbaarheid. Zouden referenda op Europees niveau het machtsevenwicht in gevaar brengen? Kunnen ze een welkom platform bieden voor populisten? Moeten ze bindend zijn?<\/p>\n\n\n\n<p>Volgens de <em>motto door burgers, voor burgers<\/em>Voor dit evenement is geen voorkennis vereist.  Doe gewoon mee, neem een kopje thee en discussieer in een gezellige groep met Europeanen van over de hele hoek. <\/p>\n\n\n\n<p><\/p>\n<\/p>\n                                                <div class=\"clear\"><\/div>\n                                            <\/div>\n\n                                                                                    <\/div>\n                                    <\/article>\n                                <\/div>\n                            \n                                <div id=\"post-9787\" class=\"aux-col post-9787\">\n                                    <article class=\"post column-entry post-9787 event_listing type-event_listing status-expired has-post-thumbnail hentry\">\n                                        <div class=\"entry-media\">\n                                            <div class=\"aux-media-frame aux-media-image aux-image-mask\">\n                                                <img decoding=\"async\"\n                                                loading=\"lazy\"\n                                                src=\"https:\/\/meeteu.eu\/wp-content\/uploads\/2023\/03\/MeetEU-general-assambly_Website-.jpg\"\n                                                class=\"aux-attachment aux-featured-image aux-attachment-id-9788 aux-preload aux-has-preview\"\n                                                alt=\"\"\n                                                data-src=\"https:\/\/meeteu.eu\/wp-content\/uploads\/2023\/03\/MeetEU-general-assambly_Website-.jpg\"\n                                                \/>\n                                            <\/div>\n                                        <\/div>\n\n                                        <header class=\"entry-header\">\n                                            <h4 class=\"entry-title\">\n                                                Algemene jaarvergadering MeetEU                                            <\/h4>\n                                        <\/header>\n\n                                        <div class=\"entry-main\">\n                                            <div class=\"entry-info\">\n                                                <div class=\"event-date\">\n                                                                                                            <i class=\"fas fa-calendar-alt\"><\/i>&nbsp;\n                                                    \n                                                                                                            <span>7 maart 2023<\/span>\n                                                                                                                                                                <span>19:00 (CEST)<\/span>\n                                                    \n                                                                                                            <span> - <\/span>\n                                                    \n                                                                                                            <span>7 maart 2023<\/span>\n                                                                                                                                                                <span>20:00 (CEST)<\/span>\n                                                                                                    <\/div>\n\n                                                                                                    <div class=\"event-location\">\n                                                                                                                    <i class=\"fas fa-thumbtack\"><\/i>&nbsp;\n                                                            <span>Virtueel evenement op Zoom<\/span>\n                                                                                                            <\/div>\n\n                                                    <div class=\"event-language\">\n                                                                                                                    <i class=\"fas fa-globe\"><\/i>&nbsp;\n                                                            <span>In het Engels, met meertalige bijschriften<\/span>\n                                                                                                            <\/div>\n                                                                                            <\/div>\n\n                                            <div class=\"entry-content\">\n                                                <p>\n<p>Het Europees Jaar van de Vaardigheden, de Europese verkiezingen van 2024 en andere grote projecten houden MeetEU bezig. Tijdens onze jaarlijkse vergadering beslissen de leden van de MeetEU-vereniging over de financi\u00eble planning, strategische richtingen en administratieve planning.<\/p>\n\n\n\n<p>Daarnaast gebruiken we de jaarlijkse bijeenkomst ook om onze prestaties van het afgelopen jaar te herhalen en om oplossingen te vinden voor bestaande uitdagingen.<\/p>\n\n\n\n<p>Let op: Dit evenement is alleen toegankelijk voor MeetEU-leden en het MeetEU-team.<\/p>\n<\/p>\n                                                <div class=\"clear\"><\/div>\n                                            <\/div>\n\n                                                                                    <\/div>\n                                    <\/article>\n                                <\/div>\n                            \n                                <div id=\"post-9748\" class=\"aux-col post-9748\">\n                                    <article class=\"post column-entry post-9748 event_listing type-event_listing status-expired has-post-thumbnail hentry\">\n                                        <div class=\"entry-media\">\n                                            <div class=\"aux-media-frame aux-media-image aux-image-mask\">\n                                                <img decoding=\"async\"\n                                                loading=\"lazy\"\n                                                src=\"https:\/\/meeteu.eu\/wp-content\/uploads\/2023\/02\/The-Future-Of-Europe-Citizens-WEBSITE-1.jpg\"\n                                                class=\"aux-attachment aux-featured-image aux-attachment-id-9754 aux-preload aux-has-preview\"\n                                                alt=\"\"\n                                                data-src=\"https:\/\/meeteu.eu\/wp-content\/uploads\/2023\/02\/The-Future-Of-Europe-Citizens-WEBSITE-1.jpg\"\n                                                \/>\n                                            <\/div>\n                                        <\/div>\n\n                                        <header class=\"entry-header\">\n                                            <h4 class=\"entry-title\">\n                                                De toekomst van Europa: Wat zijn de visies van de burgers?                                            <\/h4>\n                                        <\/header>\n\n                                        <div class=\"entry-main\">\n                                            <div class=\"entry-info\">\n                                                <div class=\"event-date\">\n                                                                                                            <i class=\"fas fa-calendar-alt\"><\/i>&nbsp;\n                                                    \n                                                                                                            <span>28 februari 2023<\/span>\n                                                                                                                                                                <span>19:00 (CEST)<\/span>\n                                                    \n                                                                                                            <span> - <\/span>\n                                                    \n                                                                                                            <span>28 februari 2023<\/span>\n                                                                                                                                                                <span>20:00 (CEST)<\/span>\n                                                                                                    <\/div>\n\n                                                                                                    <div class=\"event-location\">\n                                                                                                                    <i class=\"fas fa-thumbtack\"><\/i>&nbsp;\n                                                            <span>Virtueel evenement op Zoom<\/span>\n                                                                                                            <\/div>\n\n                                                    <div class=\"event-language\">\n                                                                                                                    <i class=\"fas fa-globe\"><\/i>&nbsp;\n                                                            <span>In het Engels, met meertalige bijschriften<\/span>\n                                                                                                            <\/div>\n                                                                                            <\/div>\n\n                                            <div class=\"entry-content\">\n                                                <p>\n<p>Het meest prominente democratieproject van Europa, de Conferentie over de toekomst van Europa, heeft honderdduizenden Europeanen samengebracht om idee\u00ebn te ontwikkelen over de EU van morgen. Er werden meer dan 18.800 voorstellen ontwikkeld. En wat nu?<\/p>\n\n\n\n<p>Of het nu gaat om klimaatverandering, voedselveiligheid, buitenlands beleid of technologie. Een jaar lang werden EU-burgers aangemoedigd om hun idee\u00ebn te delen op alle gebieden die relevant zijn voor de toekomst. De samengevatte resultaten moeten nu door beleidsmakers op Europees niveau worden gerealiseerd. Hoe gaat dit in zijn werk? Zullen alle idee\u00ebn worden gerealiseerd en hoe kunnen we er zeker van zijn dat ze niet in ladekasten terechtkomen?<\/p>\n\n\n\n<p>Samen met Guillaume McLaughlin zullen we deze vragen bespreken. Als hoofd van de eenheid Interinstitutionele Toekomstreflectie van het Europees Parlement is hij actief betrokken geweest bij het vormgeven van het project.<\/p>\n<\/p>\n                                                <div class=\"clear\"><\/div>\n                                            <\/div>\n\n                                                                                    <\/div>\n                                    <\/article>\n                                <\/div>\n                            \n                                <div id=\"post-9672\" class=\"aux-col post-9672\">\n                                    <article class=\"post column-entry post-9672 event_listing type-event_listing status-expired has-post-thumbnail hentry\">\n                                        <div class=\"entry-media\">\n                                            <div class=\"aux-media-frame aux-media-image aux-image-mask\">\n                                                <img decoding=\"async\"\n                                                loading=\"lazy\"\n                                                src=\"https:\/\/meeteu.eu\/wp-content\/uploads\/2023\/02\/Visual-mardi-gras.jpg\"\n                                                class=\"aux-attachment aux-featured-image aux-attachment-id-9673 aux-preload aux-has-preview\"\n                                                alt=\"\"\n                                                data-src=\"https:\/\/meeteu.eu\/wp-content\/uploads\/2023\/02\/Visual-mardi-gras.jpg\"\n                                                \/>\n                                            <\/div>\n                                        <\/div>\n\n                                        <header class=\"entry-header\">\n                                            <h4 class=\"entry-title\">\n                                                Het is een feestdag!                                            <\/h4>\n                                        <\/header>\n\n                                        <div class=\"entry-main\">\n                                            <div class=\"entry-info\">\n                                                <div class=\"event-date\">\n                                                                                                            <i class=\"fas fa-calendar-alt\"><\/i>&nbsp;\n                                                    \n                                                                                                            <span>21 februari 2023<\/span>\n                                                                                                                                                                <span>19:00 (CEST)<\/span>\n                                                    \n                                                                                                            <span> - <\/span>\n                                                    \n                                                                                                            <span>21 februari 2023<\/span>\n                                                                                                                                                                <span>20:00 (CEST)<\/span>\n                                                                                                    <\/div>\n\n                                                                                                    <div class=\"event-location\">\n                                                                                                                    <i class=\"fas fa-thumbtack\"><\/i>&nbsp;\n                                                            <span>Virtueel evenement op Zoom<\/span>\n                                                                                                            <\/div>\n\n                                                    <div class=\"event-language\">\n                                                                                                                    <i class=\"fas fa-globe\"><\/i>&nbsp;\n                                                            <span>In het Engels, met meertalige bijschriften<\/span>\n                                                                                                            <\/div>\n                                                                                            <\/div>\n\n                                            <div class=\"entry-content\">\n                                                <p>\n<p>Deze dinsdag is er geen MeetEU-evenement, maar maak je geen zorgen. Op onze Discord-server vind je elke dag interessante discussies. Kom gerust langs!<\/p>\n<\/p>\n                                                <div class=\"clear\"><\/div>\n                                            <\/div>\n\n                                                                                    <\/div>\n                                    <\/article>\n                                <\/div>\n                            \n                                <div id=\"post-9615\" class=\"aux-col post-9615\">\n                                    <article class=\"post column-entry post-9615 event_listing type-event_listing status-expired has-post-thumbnail hentry\">\n                                        <div class=\"entry-media\">\n                                            <div class=\"aux-media-frame aux-media-image aux-image-mask\">\n                                                <img decoding=\"async\"\n                                                loading=\"lazy\"\n                                                src=\"https:\/\/meeteu.eu\/wp-content\/uploads\/2023\/02\/ENG-Banner-Visual-EUIntern.jpg\"\n                                                class=\"aux-attachment aux-featured-image aux-attachment-id-9616 aux-preload aux-has-preview\"\n                                                alt=\"\"\n                                                data-src=\"https:\/\/meeteu.eu\/wp-content\/uploads\/2023\/02\/ENG-Banner-Visual-EUIntern.jpg\"\n                                                \/>\n                                            <\/div>\n                                        <\/div>\n\n                                        <header class=\"entry-header\">\n                                            <h4 class=\"entry-title\">\n                                                Stagemogelijkheden bij EU-instellingen                                            <\/h4>\n                                        <\/header>\n\n                                        <div class=\"entry-main\">\n                                            <div class=\"entry-info\">\n                                                <div class=\"event-date\">\n                                                                                                            <i class=\"fas fa-calendar-alt\"><\/i>&nbsp;\n                                                    \n                                                                                                            <span>14 februari 2023<\/span>\n                                                                                                                                                                <span>19:00 (CEST)<\/span>\n                                                    \n                                                                                                            <span> - <\/span>\n                                                    \n                                                                                                            <span>14 februari 2023<\/span>\n                                                                                                                                                                <span>20:00 (CEST)<\/span>\n                                                                                                    <\/div>\n\n                                                                                                    <div class=\"event-location\">\n                                                                                                                    <i class=\"fas fa-thumbtack\"><\/i>&nbsp;\n                                                            <span>Virtueel evenement op Zoom<\/span>\n                                                                                                            <\/div>\n\n                                                    <div class=\"event-language\">\n                                                                                                                    <i class=\"fas fa-globe\"><\/i>&nbsp;\n                                                            <span>In het Engels, met meertalige bijschriften<\/span>\n                                                                                                            <\/div>\n                                                                                            <\/div>\n\n                                            <div class=\"entry-content\">\n                                                <p>\n<p>Je stage staat voor de deur en EU-zaken liggen je na aan het hart? Dan heb je er vast al over nagedacht om te solliciteren naar een stage bij een van de instellingen van de Europese Unie.<\/p>\n\n\n\n<p>Er zijn veel mogelijkheden en het kan moeilijk zijn om te weten welke de juiste is voor jou! Wat is het verschil tussen een Schumann en een Bluebook Traineeship? Hoe solliciteer ik? Wanneer moet ik solliciteren? Welke instelling past het beste bij mij?<\/p>\n\n\n\n<p>Tijdens ons evenement zullen Katharina, Verena, Marko en Mona jullie vragen beantwoorden en hun ervaringen delen bij de Europese Commissie, het Parlement, de Raad en de Permanente Vertegenwoordiging van de Bondsrepubliek Duitsland bij de EU.<\/p>\n\n\n\n<p>Ge\u00efnteresseerd? Doe mee!<\/p>\n<\/p>\n                                                <div class=\"clear\"><\/div>\n                                            <\/div>\n\n                                                                                    <\/div>\n                                    <\/article>\n                                <\/div>\n                            \n                                <div id=\"post-9479\" class=\"aux-col post-9479\">\n                                    <article class=\"post column-entry post-9479 event_listing type-event_listing status-expired has-post-thumbnail hentry\">\n                                        <div class=\"entry-media\">\n                                            <div class=\"aux-media-frame aux-media-image aux-image-mask\">\n                                                <img decoding=\"async\"\n                                                loading=\"lazy\"\n                                                src=\"https:\/\/meeteu.eu\/wp-content\/uploads\/2023\/01\/Ask-me-anything-visual-wesbite.jpg\"\n                                                class=\"aux-attachment aux-featured-image aux-attachment-id-9480 aux-preload aux-has-preview\"\n                                                alt=\"\"\n                                                data-src=\"https:\/\/meeteu.eu\/wp-content\/uploads\/2023\/01\/Ask-me-anything-visual-wesbite.jpg\"\n                                                \/>\n                                            <\/div>\n                                        <\/div>\n\n                                        <header class=\"entry-header\">\n                                            <h4 class=\"entry-title\">\n                                                Ik ben IT-projectmanager bij de EU. Vraag me alles                                            <\/h4>\n                                        <\/header>\n\n                                        <div class=\"entry-main\">\n                                            <div class=\"entry-info\">\n                                                <div class=\"event-date\">\n                                                                                                            <i class=\"fas fa-calendar-alt\"><\/i>&nbsp;\n                                                    \n                                                                                                            <span>7 februari 2023<\/span>\n                                                                                                                                                                <span>19:00 (CEST)<\/span>\n                                                    \n                                                                                                            <span> - <\/span>\n                                                    \n                                                                                                            <span>7 februari 2023<\/span>\n                                                                                                                                                                <span>20:00 (CEST)<\/span>\n                                                                                                    <\/div>\n\n                                                                                                    <div class=\"event-location\">\n                                                                                                                    <i class=\"fas fa-thumbtack\"><\/i>&nbsp;\n                                                            <span>Virtueel evenement op Zoom<\/span>\n                                                                                                            <\/div>\n\n                                                    <div class=\"event-language\">\n                                                                                                                    <i class=\"fas fa-globe\"><\/i>&nbsp;\n                                                            <span>In het Engels, met meertalige bijschriften<\/span>\n                                                                                                            <\/div>\n                                                                                            <\/div>\n\n                                            <div class=\"entry-content\">\n                                                <p>\n<p>Bastien is IT-projectmanager bij de Europese Commissie in Brussel. Hij maakt deel uit van een team dat werkt aan een tool die de Commissie gebruikt voor besluitvormingsprocessen. Wat houdt zijn werk in? Hoe kom je aan zo'n baan? Hoe is het om in Brussel te wonen? Tijdens de sessie van een uur beantwoordt Bastien alle vragen die je hebt over zijn werk, expertisegebieden en alles daartussenin. <\/p>\n\n\n\n<p>Mis deze kans niet om meer te weten te komen over het werk van een IT-professional bij de EU.<\/p>\n<\/p>\n                                                <div class=\"clear\"><\/div>\n                                            <\/div>\n\n                                                                                    <\/div>\n                                    <\/article>\n                                <\/div>\n                            \n                                <div id=\"post-9469\" class=\"aux-col post-9469\">\n                                    <article class=\"post column-entry post-9469 event_listing type-event_listing status-expired has-post-thumbnail hentry\">\n                                        <div class=\"entry-media\">\n                                            <div class=\"aux-media-frame aux-media-image aux-image-mask\">\n                                                <img decoding=\"async\"\n                                                loading=\"lazy\"\n                                                src=\"https:\/\/meeteu.eu\/wp-content\/uploads\/2023\/01\/Michal-Wiezik_Website.jpg\"\n                                                class=\"aux-attachment aux-featured-image aux-attachment-id-9468 aux-preload aux-has-preview\"\n                                                alt=\"\"\n                                                data-src=\"https:\/\/meeteu.eu\/wp-content\/uploads\/2023\/01\/Michal-Wiezik_Website.jpg\"\n                                                \/>\n                                            <\/div>\n                                        <\/div>\n\n                                        <header class=\"entry-header\">\n                                            <h4 class=\"entry-title\">\n                                                Waar zijn al onze bossen gebleven?                                            <\/h4>\n                                        <\/header>\n\n                                        <div class=\"entry-main\">\n                                            <div class=\"entry-info\">\n                                                <div class=\"event-date\">\n                                                                                                            <i class=\"fas fa-calendar-alt\"><\/i>&nbsp;\n                                                    \n                                                                                                            <span>31 januari 2023<\/span>\n                                                                                                                                                                <span>19:00 (CEST)<\/span>\n                                                    \n                                                                                                            <span> - <\/span>\n                                                    \n                                                                                                            <span>31 januari 2023<\/span>\n                                                                                                                                                                <span>20:00 (CEST)<\/span>\n                                                                                                    <\/div>\n\n                                                                                                    <div class=\"event-location\">\n                                                                                                                    <i class=\"fas fa-thumbtack\"><\/i>&nbsp;\n                                                            <span>Virtueel evenement op Zoom<\/span>\n                                                                                                            <\/div>\n\n                                                    <div class=\"event-language\">\n                                                                                                                    <i class=\"fas fa-globe\"><\/i>&nbsp;\n                                                            <span>In het Engels, met meertalige bijschriften<\/span>\n                                                                                                            <\/div>\n                                                                                            <\/div>\n\n                                            <div class=\"entry-content\">\n                                                <p>\n<p>In Centraal- en Oost-Europa worden bossen op grote schaal gekapt. Legaal en illegaal. Bomen worden louter gezien als handelswaar. De stijgende energieprijzen zouden deze winter ook de houtkap kunnen stimuleren. Vooral in lidstaten waar veel mensen hun huizen met hout verwarmen.<\/p>\n\n\n\n<p>Wat kunnen we doen om de kwetsbare bossen van Europa te beschermen? Daarover praten we met ecoloog Michal Wiezik, Slowaaks lid van het Europees Parlement voor de Renew Group en lid van de commissie Milieu (ENVI) in het Europees Parlement.<\/p>\n\n\n\n<p>Doe mee aan ons gesprek met Michal Wiezik!<\/p>\n<\/p>\n                                                <div class=\"clear\"><\/div>\n                                            <\/div>\n\n                                                                                    <\/div>\n                                    <\/article>\n                                <\/div>\n                            \n                                <div id=\"post-9466\" class=\"aux-col post-9466\">\n                                    <article class=\"post column-entry post-9466 event_listing type-event_listing status-expired has-post-thumbnail hentry\">\n                                        <div class=\"entry-media\">\n                                            <div class=\"aux-media-frame aux-media-image aux-image-mask\">\n                                                <img decoding=\"async\"\n                                                loading=\"lazy\"\n                                                src=\"https:\/\/meeteu.eu\/wp-content\/uploads\/2023\/01\/Ukraine_web_announcement.png\"\n                                                class=\"aux-attachment aux-featured-image aux-attachment-id-9510 aux-preload aux-has-preview\"\n                                                alt=\"\"\n                                                data-src=\"https:\/\/meeteu.eu\/wp-content\/uploads\/2023\/01\/Ukraine_web_announcement.png\"\n                                                \/>\n                                            <\/div>\n                                        <\/div>\n\n                                        <header class=\"entry-header\">\n                                            <h4 class=\"entry-title\">\n                                                Het EU-lidmaatschap van Oekra\u00efne: Perspectieven en uitdagingen                                            <\/h4>\n                                        <\/header>\n\n                                        <div class=\"entry-main\">\n                                            <div class=\"entry-info\">\n                                                <div class=\"event-date\">\n                                                                                                            <i class=\"fas fa-calendar-alt\"><\/i>&nbsp;\n                                                    \n                                                                                                            <span>24 januari 2023<\/span>\n                                                                                                                                                                <span>19:00 (CEST)<\/span>\n                                                    \n                                                                                                            <span> - <\/span>\n                                                    \n                                                                                                            <span>24 januari 2023<\/span>\n                                                                                                                                                                <span>20:00 (CEST)<\/span>\n                                                                                                    <\/div>\n\n                                                                                                    <div class=\"event-location\">\n                                                                                                                    <i class=\"fas fa-thumbtack\"><\/i>&nbsp;\n                                                            <span>Virtueel evenement op Zoom<\/span>\n                                                                                                            <\/div>\n\n                                                    <div class=\"event-language\">\n                                                                                                                    <i class=\"fas fa-globe\"><\/i>&nbsp;\n                                                            <span>In het Engels, met meertalige bijschriften<\/span>\n                                                                                                            <\/div>\n                                                                                            <\/div>\n\n                                            <div class=\"entry-content\">\n                                                <p>\n<p>Samen kijken we verder dan de huidige verslagen over het slagveld en kijken we naar de toekomst van Oekra\u00efne in de EU. Wat zijn de uitdagingen van de toetreding van Oekra\u00efne tot de EU? Wat zijn cruciale 'must-happen-events' om over 10 of 20 jaar een win-win-resultaat te bereiken? <\/p>\n\n\n\n<p>Ga met ons mee en wissel uit met Victoria Vdovychenko (universitair hoofddocent, faculteit rechten en internationale betrekkingen, Borys Grinchenko Universiteit van Kiev). Zij zal ons informatie uit de eerste hand geven. <\/p>\n<\/p>\n                                                <div class=\"clear\"><\/div>\n                                            <\/div>\n\n                                                                                    <\/div>\n                                    <\/article>\n                                <\/div>\n                            \n                                <div id=\"post-9458\" class=\"aux-col post-9458\">\n                                    <article class=\"post column-entry post-9458 event_listing type-event_listing status-expired has-post-thumbnail hentry\">\n                                        <div class=\"entry-media\">\n                                            <div class=\"aux-media-frame aux-media-image aux-image-mask\">\n                                                <img decoding=\"async\"\n                                                loading=\"lazy\"\n                                                src=\"https:\/\/meeteu.eu\/wp-content\/uploads\/2023\/01\/EU-Quiz-Fun-Edition-Website.jpg\"\n                                                class=\"aux-attachment aux-featured-image aux-attachment-id-9459 aux-preload aux-has-preview\"\n                                                alt=\"\"\n                                                data-src=\"https:\/\/meeteu.eu\/wp-content\/uploads\/2023\/01\/EU-Quiz-Fun-Edition-Website.jpg\"\n                                                \/>\n                                            <\/div>\n                                        <\/div>\n\n                                        <header class=\"entry-header\">\n                                            <h4 class=\"entry-title\">\n                                                EU-quiz - ludieke editie                                            <\/h4>\n                                        <\/header>\n\n                                        <div class=\"entry-main\">\n                                            <div class=\"entry-info\">\n                                                <div class=\"event-date\">\n                                                                                                            <i class=\"fas fa-calendar-alt\"><\/i>&nbsp;\n                                                    \n                                                                                                            <span>17 januari 2023<\/span>\n                                                                                                                                                                <span>19:00 (CEST)<\/span>\n                                                    \n                                                                                                            <span> - <\/span>\n                                                    \n                                                                                                            <span>17 januari 2023<\/span>\n                                                                                                                                                                <span>20:00 (CEST)<\/span>\n                                                                                                    <\/div>\n\n                                                                                                    <div class=\"event-location\">\n                                                                                                                    <i class=\"fas fa-thumbtack\"><\/i>&nbsp;\n                                                            <span>Virtueel evenement op Zoom<\/span>\n                                                                                                            <\/div>\n\n                                                    <div class=\"event-language\">\n                                                                                                                    <i class=\"fas fa-globe\"><\/i>&nbsp;\n                                                            <span>In het Engels, met meertalige bijschriften<\/span>\n                                                                                                            <\/div>\n                                                                                            <\/div>\n\n                                            <div class=\"entry-content\">\n                                                <p>\n<p>Ben je ge\u00efnteresseerd in Europa? Hou je van trivia uitdagingen? Noteer dan alvast 17 januari in je agenda, want MeetEU organiseert een Kahoot Quiz waarbij je je EU-kennis op de proef kunt stellen en fantastische prijzen kunt winnen! Van politiek tot cultuur en geschiedenis, deze quiz behandelt het allemaal. <\/p>\n\n\n\n<p>Bovendien is deelname gratis en wordt het evenement in het Engels gehouden. Mis deze kans niet om je EU-expertise te laten zien en weg te lopen met geweldige prijzen. Meld je nu aan om je plek te reserveren!<\/p>\n<\/p>\n                                                <div class=\"clear\"><\/div>\n                                            <\/div>\n\n                                                                                    <\/div>\n                                    <\/article>\n                                <\/div>\n                            \n                                <div id=\"post-9436\" class=\"aux-col post-9436\">\n                                    <article class=\"post column-entry post-9436 event_listing type-event_listing status-expired has-post-thumbnail hentry\">\n                                        <div class=\"entry-media\">\n                                            <div class=\"aux-media-frame aux-media-image aux-image-mask\">\n                                                <img decoding=\"async\"\n                                                loading=\"lazy\"\n                                                src=\"https:\/\/meeteu.eu\/wp-content\/uploads\/2022\/12\/Visual-Website.jpg\"\n                                                class=\"aux-attachment aux-featured-image aux-attachment-id-9437 aux-preload aux-has-preview\"\n                                                alt=\"\"\n                                                data-src=\"https:\/\/meeteu.eu\/wp-content\/uploads\/2022\/12\/Visual-Website.jpg\"\n                                                \/>\n                                            <\/div>\n                                        <\/div>\n\n                                        <header class=\"entry-header\">\n                                            <h4 class=\"entry-title\">\n                                                Laten we EUrope over generaties heen bespreken - maar hoe?                                            <\/h4>\n                                        <\/header>\n\n                                        <div class=\"entry-main\">\n                                            <div class=\"entry-info\">\n                                                <div class=\"event-date\">\n                                                                                                            <i class=\"fas fa-calendar-alt\"><\/i>&nbsp;\n                                                    \n                                                                                                            <span>20 december 2022<\/span>\n                                                                                                                                                                <span>19:00 (CEST)<\/span>\n                                                    \n                                                                                                            <span> - <\/span>\n                                                    \n                                                                                                            <span>20 december 2022<\/span>\n                                                                                                                                                                <span>20:00 (CEST)<\/span>\n                                                                                                    <\/div>\n\n                                                                                                    <div class=\"event-location\">\n                                                                                                                    <i class=\"fas fa-thumbtack\"><\/i>&nbsp;\n                                                            <span>Virtueel evenement op Zoom<\/span>\n                                                                                                            <\/div>\n\n                                                    <div class=\"event-language\">\n                                                                                                                    <i class=\"fas fa-globe\"><\/i>&nbsp;\n                                                            <span>In het Engels, met meertalige bijschriften<\/span>\n                                                                                                            <\/div>\n                                                                                            <\/div>\n\n                                            <div class=\"entry-content\">\n                                                <p>\n<p>Hoe zou je Europa willen bespreken met iemand die 30 jaar jonger of ouder is dan jij? In een caf\u00e9? Tijdens een wandeltocht? Op een Europafestival? Of via een willekeurig digitaal platform?<\/p>\n\n\n\n<p>Het Europa van morgen gaat ons allemaal aan! Daarom moeten we samen praten over hoe het eruit moet zien. Maar vaak discussi\u00ebren we met mensen van dezelfde leeftijd, op het werk, op de universiteit of onder vrienden...<\/p>\n\n\n\n<p><strong>Laten we uit deze zeepbel breken! Maar hoe? Samen met beleidsmakers, experts en u willen we idee\u00ebn ontwikkelen over hoe we een uitwisseling tussen generaties over onze gemeenschappelijke toekomst in de Europese Unie kunnen bevorderen.<\/strong><\/p>\n\n\n\n<p>Ben je geen EU-expert? Geen zorgen, dat is een voordeel. Breng gewoon je creativiteit mee en wij zorgen voor de rest.<\/p>\n\n\n\n<p><strong>Door burgers, met burgers, voor burgers - wees erbij en doe mee aan de workshop!<\/strong><\/p>\n<\/p>\n                                                <div class=\"clear\"><\/div>\n                                            <\/div>\n\n                                                                                    <\/div>\n                                    <\/article>\n                                <\/div>\n                            \n                                <div id=\"post-9399\" class=\"aux-col post-9399\">\n                                    <article class=\"post column-entry post-9399 event_listing type-event_listing status-expired has-post-thumbnail hentry\">\n                                        <div class=\"entry-media\">\n                                            <div class=\"aux-media-frame aux-media-image aux-image-mask\">\n                                                <img decoding=\"async\"\n                                                loading=\"lazy\"\n                                                src=\"https:\/\/meeteu.eu\/wp-content\/uploads\/2022\/12\/EU_Enlargement_Adnan_MeetEU_web.png\"\n                                                class=\"aux-attachment aux-featured-image aux-attachment-id-9400 aux-preload aux-has-preview\"\n                                                alt=\"\"\n                                                data-src=\"https:\/\/meeteu.eu\/wp-content\/uploads\/2022\/12\/EU_Enlargement_Adnan_MeetEU_web.png\"\n                                                \/>\n                                            <\/div>\n                                        <\/div>\n\n                                        <header class=\"entry-header\">\n                                            <h4 class=\"entry-title\">\n                                                Moeten we de uitbreiding van de EU versnellen?                                            <\/h4>\n                                        <\/header>\n\n                                        <div class=\"entry-main\">\n                                            <div class=\"entry-info\">\n                                                <div class=\"event-date\">\n                                                                                                            <i class=\"fas fa-calendar-alt\"><\/i>&nbsp;\n                                                    \n                                                                                                            <span>13 december 2022<\/span>\n                                                                                                                                                                <span>19:00 (CEST)<\/span>\n                                                    \n                                                                                                            <span> - <\/span>\n                                                    \n                                                                                                            <span>13 december 2022<\/span>\n                                                                                                                                                                <span>20:00 (CEST)<\/span>\n                                                                                                    <\/div>\n\n                                                                                                    <div class=\"event-location\">\n                                                                                                                    <i class=\"fas fa-thumbtack\"><\/i>&nbsp;\n                                                            <span>Virtueel evenement op Zoom<\/span>\n                                                                                                            <\/div>\n\n                                                    <div class=\"event-language\">\n                                                                                                                    <i class=\"fas fa-globe\"><\/i>&nbsp;\n                                                            <span>In het Engels, met meertalige bijschriften<\/span>\n                                                                                                            <\/div>\n                                                                                            <\/div>\n\n                                            <div class=\"entry-content\">\n                                                <p>\n<p>De inval van Rusland in Oekra\u00efne verandert het politieke landschap van Europa fundamenteel. Er wordt een nieuw ijzeren gordijn doorgetrokken dat het continent verdeelt. In reactie hierop heeft de Europese Unie een weg naar EU-lidmaatschap geopend voor Oekra\u00efne, Moldavi\u00eb en Georgi\u00eb. Hoe realistisch is dit? Een blik op de staten van de Westelijke Balkan geeft niet veel reden tot optimisme. Alle zes de westelijke Balkanstaten zitten vast.  Is het tijd voor de EU om dit te erkennen en het proces voor de Westelijke Balkan, Oekra\u00efne, Moldavi\u00eb en Georgi\u00eb te versterken? Hoe kan dit worden gedaan? En waarom zou de EU daarbij gebaat zijn?<\/p>\n\n\n\n<p>We bespreken deze vragen met Adnan \u0106erimagi\u0107 van de denktank <a href=\"https:\/\/www.esiweb.org\/\" data-type=\"URL\" data-id=\"https:\/\/www.esiweb.org\/\" rel=\"noopener\">Europees stabiliteitsinitiatief<\/a> (ESI). Adnan (uit Bosni\u00eb en Herzegovina) is Senior Analist voor de Westelijke Balkan bij ESI en doet onderzoek naar het EU-beleid voor de regio.<\/p>\n<\/p>\n                                                <div class=\"clear\"><\/div>\n                                            <\/div>\n\n                                                                                    <\/div>\n                                    <\/article>\n                                <\/div>\n                            \n                                <div id=\"post-9324\" class=\"aux-col post-9324\">\n                                    <article class=\"post column-entry post-9324 event_listing type-event_listing status-expired has-post-thumbnail hentry\">\n                                        <div class=\"entry-media\">\n                                            <div class=\"aux-media-frame aux-media-image aux-image-mask\">\n                                                <img decoding=\"async\"\n                                                loading=\"lazy\"\n                                                src=\"https:\/\/meeteu.eu\/wp-content\/uploads\/2022\/11\/2-EU-Citizen-Participation.jpg\"\n                                                class=\"aux-attachment aux-featured-image aux-attachment-id-9344 aux-preload aux-has-preview\"\n                                                alt=\"\"\n                                                data-src=\"https:\/\/meeteu.eu\/wp-content\/uploads\/2022\/11\/2-EU-Citizen-Participation.jpg\"\n                                                \/>\n                                            <\/div>\n                                        <\/div>\n\n                                        <header class=\"entry-header\">\n                                            <h4 class=\"entry-title\">\n                                                Burgerparticipatie in de EU - Democratieversterker of Flop?                                            <\/h4>\n                                        <\/header>\n\n                                        <div class=\"entry-main\">\n                                            <div class=\"entry-info\">\n                                                <div class=\"event-date\">\n                                                                                                            <i class=\"fas fa-calendar-alt\"><\/i>&nbsp;\n                                                    \n                                                                                                            <span>6 december 2022<\/span>\n                                                                                                                                                                <span>19:00 (CEST)<\/span>\n                                                    \n                                                                                                            <span> - <\/span>\n                                                    \n                                                                                                            <span>6 december 2022<\/span>\n                                                                                                                                                                <span>20:00 (CEST)<\/span>\n                                                                                                    <\/div>\n\n                                                                                                    <div class=\"event-location\">\n                                                                                                                    <i class=\"fas fa-thumbtack\"><\/i>&nbsp;\n                                                            <span>Virtueel evenement op Zoom<\/span>\n                                                                                                            <\/div>\n\n                                                    <div class=\"event-language\">\n                                                                                                                    <i class=\"fas fa-globe\"><\/i>&nbsp;\n                                                            <span>In het Engels, met meertalige bijschriften<\/span>\n                                                                                                            <\/div>\n                                                                                            <\/div>\n\n                                            <div class=\"entry-content\">\n                                                <p>\n<p>De <em>Conferentie over de toekomst van Europa<\/em> heeft veel voorstellen van burgers en ook veel foto's opgeleverd. Beelden die te vinden zijn op EU-websites, in de media en zelfs op onze website.<\/p>\n\n\n\n<p>Maar hoe zit het met de aanbevelingen van de burgers? Worden ze gebruikt om de toekomst van de Europese Unie vorm te geven? Hoe zit het met de uitvoering ervan? Of was het alleen maar burgerparticipatie voor de camera's?<\/p>\n\n\n\n<p>Hoe dan ook, met de <em>Conferentie<\/em>heeft de EU een nieuwe stap gezet in de richting van meer burgerparticipatie. Moet en zal deze koers worden voortgezet? En zo ja, hoe?<br> <br>Met Damian B\u00f6selager, lid van het Europees Parlement (Volt), willen we praten over de doelen, mogelijkheden en grenzen van burgerparticipatie. Hoe de resultaten van burgerpanels zich verhouden tot onze gekozen vertegenwoordigers in het Europees Parlement. En wat er moet gebeuren om burgerparticipatie te laten slagen.<\/p>\n<\/p>\n                                                <div class=\"clear\"><\/div>\n                                            <\/div>\n\n                                                                                    <\/div>\n                                    <\/article>\n                                <\/div>\n                            \n                                <div id=\"post-9313\" class=\"aux-col post-9313\">\n                                    <article class=\"post column-entry post-9313 event_listing type-event_listing status-expired has-post-thumbnail hentry\">\n                                        <div class=\"entry-media\">\n                                            <div class=\"aux-media-frame aux-media-image aux-image-mask\">\n                                                <img decoding=\"async\"\n                                                loading=\"lazy\"\n                                                src=\"https:\/\/meeteu.eu\/wp-content\/uploads\/2022\/11\/WEBSITE-Home-Parliament-Enlargement-Education....jpg\"\n                                                class=\"aux-attachment aux-featured-image aux-attachment-id-9312 aux-preload aux-has-preview\"\n                                                alt=\"\"\n                                                data-src=\"https:\/\/meeteu.eu\/wp-content\/uploads\/2022\/11\/WEBSITE-Home-Parliament-Enlargement-Education....jpg\"\n                                                \/>\n                                            <\/div>\n                                        <\/div>\n\n                                        <header class=\"entry-header\">\n                                            <h4 class=\"entry-title\">\n                                                Huisparlementen - Vakantie in de EU, Onderwijs en meer                                            <\/h4>\n                                        <\/header>\n\n                                        <div class=\"entry-main\">\n                                            <div class=\"entry-info\">\n                                                <div class=\"event-date\">\n                                                                                                            <i class=\"fas fa-calendar-alt\"><\/i>&nbsp;\n                                                    \n                                                                                                            <span>29 november 2022<\/span>\n                                                                                                                                                                <span>19:00 (CEST)<\/span>\n                                                    \n                                                                                                            <span> - <\/span>\n                                                    \n                                                                                                            <span>29 november 2022<\/span>\n                                                                                                                                                                <span>20:00 (CEST)<\/span>\n                                                                                                    <\/div>\n\n                                                                                                    <div class=\"event-location\">\n                                                                                                                    <i class=\"fas fa-thumbtack\"><\/i>&nbsp;\n                                                            <span>Virtueel evenement op Zoom<\/span>\n                                                                                                            <\/div>\n\n                                                    <div class=\"event-language\">\n                                                                                                                    <i class=\"fas fa-globe\"><\/i>&nbsp;\n                                                            <span>In het Engels, met meertalige bijschriften<\/span>\n                                                                                                            <\/div>\n                                                                                            <\/div>\n\n                                            <div class=\"entry-content\">\n                                                <p>\n<h3 class=\"wp-block-heading\">Besloten vergadering - voorafgaande registratie vereist!<\/h3>\n\n\n\n<p>De meesten van ons zijn voorstander van mogelijkheden voor burgerparticipatie. De organisatie Pulse of Europe heeft een proces ontwikkeld dat precies dit faciliteert met een proces dat zij \"thuisparlementen\" noemen. De huidige sessie duurt tot 6 december en gaat over de volgende 3 vragen:<\/p>\n\n\n\n<ol class=\"wp-block-list\">\n<li>Moet er een gezamenlijke Europese feestdag komen om de gedeelde geschiedenis en waarden van Europa te herdenken?<\/li>\n\n\n\n<li> Moet het geschiedenisonderwijs op Europese scholen meer gemeenschappelijke Europese inhoud bieden en verder gaan dan nationale verhalen? <\/li>\n\n\n\n<li>Moet de uitbreiding van de EU worden versneld voor landen met de status van kandidaat-lidstaat? <\/li>\n<\/ol>\n\n\n\n<p>Als iemand van jullie<strong> ge\u00efnteresseerd bent in het bespreken van deze onderwerpen en het voeden van de resultaten van onze discussies met hooggeplaatste Europese politici, schrijf ons dan niceto@meeteu.eu<\/strong>.<\/p>\n<\/p>\n                                                <div class=\"clear\"><\/div>\n                                            <\/div>\n\n                                                                                    <\/div>\n                                    <\/article>\n                                <\/div>\n                            \n                                <div id=\"post-9310\" class=\"aux-col post-9310\">\n                                    <article class=\"post column-entry post-9310 event_listing type-event_listing status-expired has-post-thumbnail hentry\">\n                                        <div class=\"entry-media\">\n                                            <div class=\"aux-media-frame aux-media-image aux-image-mask\">\n                                                <img decoding=\"async\"\n                                                loading=\"lazy\"\n                                                src=\"https:\/\/meeteu.eu\/wp-content\/uploads\/2022\/11\/WEBSITE-Africa-How-to-Create-Lasting-Change.jpg\"\n                                                class=\"aux-attachment aux-featured-image aux-attachment-id-9311 aux-preload aux-has-preview\"\n                                                alt=\"\"\n                                                data-src=\"https:\/\/meeteu.eu\/wp-content\/uploads\/2022\/11\/WEBSITE-Africa-How-to-Create-Lasting-Change.jpg\"\n                                                \/>\n                                            <\/div>\n                                        <\/div>\n\n                                        <header class=\"entry-header\">\n                                            <h4 class=\"entry-title\">\n                                                Buitenlandse hulp van de EU - hoe cre\u00eber je blijvende verandering?                                            <\/h4>\n                                        <\/header>\n\n                                        <div class=\"entry-main\">\n                                            <div class=\"entry-info\">\n                                                <div class=\"event-date\">\n                                                                                                            <i class=\"fas fa-calendar-alt\"><\/i>&nbsp;\n                                                    \n                                                                                                            <span>22 november 2022<\/span>\n                                                                                                                                                                <span>19:00 (CEST)<\/span>\n                                                    \n                                                                                                            <span> - <\/span>\n                                                    \n                                                                                                            <span>23 november 2022<\/span>\n                                                                                                                                                                <span>20:00 (CEST)<\/span>\n                                                                                                    <\/div>\n\n                                                                                                    <div class=\"event-location\">\n                                                                                                                    <i class=\"fas fa-thumbtack\"><\/i>&nbsp;\n                                                            <span>Virtueel evenement op Zoom<\/span>\n                                                                                                            <\/div>\n\n                                                    <div class=\"event-language\">\n                                                                                                                    <i class=\"fas fa-globe\"><\/i>&nbsp;\n                                                            <span>In het Engels, met meertalige bijschriften<\/span>\n                                                                                                            <\/div>\n                                                                                            <\/div>\n\n                                            <div class=\"entry-content\">\n                                                <p>\n<p>Of het nu gaat om het financieren van grote infrastructuurprojecten zoals windmolens in Egypte of het ondersteunen van boeren in Cameron, de Europese Unie financiert en co\u00f6rdineert een breed scala aan projecten met partners over de hele wereld. Laten we hierover praten met Maria van de Europese Commissie.<\/p>\n\n\n\n<p>De ontwikkelingssamenwerking van de EU is er niet alleen op gericht om het leven van mensen in ontwikkelingsregio's te verbeteren, maar ook om een klimaatvriendelijke toekomst te helpen cre\u00ebren door duurzame initiatieven te bevorderen.<\/p>\n\n\n\n<p>Hoe probeert de EU via haar projecten blijvende veranderingen teweeg te brengen? Wat zijn haar doelen en hoe werkt de financiering van een project in ontwikkelingsregio's?<\/p>\n\n\n\n<p>Doe mee en leer meer over de inspanningen van de EU op het gebied van ontwikkelingssamenwerking.<\/p>\n<\/p>\n                                                <div class=\"clear\"><\/div>\n                                            <\/div>\n\n                                                                                    <\/div>\n                                    <\/article>\n                                <\/div>\n                            \n                                <div id=\"post-9296\" class=\"aux-col post-9296\">\n                                    <article class=\"post column-entry post-9296 event_listing type-event_listing status-expired has-post-thumbnail hentry\">\n                                        <div class=\"entry-media\">\n                                            <div class=\"aux-media-frame aux-media-image aux-image-mask\">\n                                                <img decoding=\"async\"\n                                                loading=\"lazy\"\n                                                src=\"https:\/\/meeteu.eu\/wp-content\/uploads\/2022\/11\/Visual-13.11-Website.jpg\"\n                                                class=\"aux-attachment aux-featured-image aux-attachment-id-9297 aux-preload aux-has-preview\"\n                                                alt=\"\"\n                                                data-src=\"https:\/\/meeteu.eu\/wp-content\/uploads\/2022\/11\/Visual-13.11-Website.jpg\"\n                                                \/>\n                                            <\/div>\n                                        <\/div>\n\n                                        <header class=\"entry-header\">\n                                            <h4 class=\"entry-title\">\n                                                Groene waterstof - Hoe de overgang eruit zou moeten zien                                            <\/h4>\n                                        <\/header>\n\n                                        <div class=\"entry-main\">\n                                            <div class=\"entry-info\">\n                                                <div class=\"event-date\">\n                                                                                                            <i class=\"fas fa-calendar-alt\"><\/i>&nbsp;\n                                                    \n                                                                                                            <span>15 november 2022<\/span>\n                                                                                                                                                                <span>19:00 (CEST)<\/span>\n                                                    \n                                                                                                            <span> - <\/span>\n                                                    \n                                                                                                            <span>15 november 2022<\/span>\n                                                                                                                                                                <span>20:00 (CEST)<\/span>\n                                                                                                    <\/div>\n\n                                                                                                    <div class=\"event-location\">\n                                                                                                                    <i class=\"fas fa-thumbtack\"><\/i>&nbsp;\n                                                            <span>Virtueel evenement op Zoom<\/span>\n                                                                                                            <\/div>\n\n                                                    <div class=\"event-language\">\n                                                                                                                    <i class=\"fas fa-globe\"><\/i>&nbsp;\n                                                            <span>In het Engels, met meertalige bijschriften<\/span>\n                                                                                                            <\/div>\n                                                                                            <\/div>\n\n                                            <div class=\"entry-content\">\n                                                <p>\n<p>Iedereen praat over groene waterstof, of het nu brandstof is voor vliegtuigen en auto's, als gasvervanger of voor het opwekken en opslaan van elektriciteit. Deze sleuteltechnologie is ontworpen om de overgang van fossiele brandstoffen naar hernieuwbare energie mogelijk te maken en is een belangrijk element in de strijd tegen klimaatverandering. Maar wat is groene waterstof eigenlijk?<\/p>\n\n\n\n<p>We bespreken dit met Lars, die zich heeft verdiept in de ontwikkeling van waterstoftechnologie\u00ebn in Nederland. Hij zal ons uitleggen hoe het gebruik van waterstof als energiebron werkt, of het echt groen is en wanneer het volledig ge\u00efmplementeerd zal zijn.<\/p>\n\n\n\n<p>Wil je meer leren over dit onderwerp? Wij ook. Zorg dat je erbij bent en schrijf je in.<br><br>Zoek je tijdzone:<br>19:00 CET (Brusselse tijd) | 18:00 Ierland, Portugal, VK | 20:00 Bulgarije, Cyprus, Estland, Finland, Griekenland, Letland, Roemeni\u00eb, Litouwen<\/p>\n<\/p>\n                                                <div class=\"clear\"><\/div>\n                                            <\/div>\n\n                                                                                    <\/div>\n                                    <\/article>\n                                <\/div>\n                            \n                                <div id=\"post-9171\" class=\"aux-col post-9171\">\n                                    <article class=\"post column-entry post-9171 event_listing type-event_listing status-expired has-post-thumbnail hentry\">\n                                        <div class=\"entry-media\">\n                                            <div class=\"aux-media-frame aux-media-image aux-image-mask\">\n                                                <img decoding=\"async\"\n                                                loading=\"lazy\"\n                                                src=\"https:\/\/meeteu.eu\/wp-content\/uploads\/2022\/11\/National_Veto_MeetEU_website.png\"\n                                                class=\"aux-attachment aux-featured-image aux-attachment-id-9302 aux-preload aux-has-preview\"\n                                                alt=\"\"\n                                                data-src=\"https:\/\/meeteu.eu\/wp-content\/uploads\/2022\/11\/National_Veto_MeetEU_website.png\"\n                                                \/>\n                                            <\/div>\n                                        <\/div>\n\n                                        <header class=\"entry-header\">\n                                            <h4 class=\"entry-title\">\n                                                Een sterker Europa zonder nationale veto's?                                            <\/h4>\n                                        <\/header>\n\n                                        <div class=\"entry-main\">\n                                            <div class=\"entry-info\">\n                                                <div class=\"event-date\">\n                                                                                                            <i class=\"fas fa-calendar-alt\"><\/i>&nbsp;\n                                                    \n                                                                                                            <span>8 november 2022<\/span>\n                                                                                                                                                                <span>19:00 (CEST)<\/span>\n                                                    \n                                                                                                            <span> - <\/span>\n                                                    \n                                                                                                            <span>8 november 2022<\/span>\n                                                                                                                                                                <span>20:00 (CEST)<\/span>\n                                                                                                    <\/div>\n\n                                                                                                    <div class=\"event-location\">\n                                                                                                                    <i class=\"fas fa-thumbtack\"><\/i>&nbsp;\n                                                            <span>Virtueel evenement op Zoom<\/span>\n                                                                                                            <\/div>\n\n                                                    <div class=\"event-language\">\n                                                                                                                    <i class=\"fas fa-globe\"><\/i>&nbsp;\n                                                            <span>In het Engels, met meertalige bijschriften<\/span>\n                                                                                                            <\/div>\n                                                                                            <\/div>\n\n                                            <div class=\"entry-content\">\n                                                <p>\n<p>Of het nu gaat om het sanctiebeleid tegen Rusland of een gezamenlijke verklaring met kritiek op de 'veiligheidswet' van China in Hongkong - beslissingen van de EU worden regelmatig geblokkeerd door het veto van \u00e9\u00e9n lidstaat. Veel EU-burgers zeggen dat er een einde moet komen aan deze gijzeling van het buitenlands beleid. Ze roepen op om stemming bij meerderheid de regel te maken. Aan de andere kant zijn er kleinere EU-lidstaten die bang zijn om overstemd te worden. En er zijn eurosceptische regeringen die vinden dat de Europese integratie al te ver is gegaan.<\/p>\n\n\n\n<p>Wat is jouw mening? Zou de EU sterker zijn zonder nationale veto's? Of maken unanieme beslissingen de Europese integratie juist sterker?<\/p>\n\n\n\n<p>Laten we dit bespreken met onze gasten:<br>- Omri Preiss, directeur van Alliance4Europe<br>- Gabriele Bischoff, lid van het Europees Parlement (S&amp;D)<\/p>\n\n\n\n<p>? Dinsdag 08 november<br>? 19:00 CET (Brusselse tijd) op Zoom | 18:00 Ierland, Portugal, VK | 20:00 Bulgarije, Cyprus, Estland, Finland, Griekenland, Letland, Roemeni\u00eb, Litouwen<\/p>\n<\/p>\n                                                <div class=\"clear\"><\/div>\n                                            <\/div>\n\n                                                                                    <\/div>\n                                    <\/article>\n                                <\/div>\n                            \n                                <div id=\"post-9156\" class=\"aux-col post-9156\">\n                                    <article class=\"post column-entry post-9156 event_listing type-event_listing status-expired has-post-thumbnail hentry\">\n                                        <div class=\"entry-media\">\n                                            <div class=\"aux-media-frame aux-media-image aux-image-mask\">\n                                                <img decoding=\"async\"\n                                                loading=\"lazy\"\n                                                src=\"https:\/\/meeteu.eu\/wp-content\/uploads\/2022\/10\/MASK-Our-Trip-to-Brussels.jpg\"\n                                                class=\"aux-attachment aux-featured-image aux-attachment-id-9157 aux-preload aux-has-preview\"\n                                                alt=\"\"\n                                                data-src=\"https:\/\/meeteu.eu\/wp-content\/uploads\/2022\/10\/MASK-Our-Trip-to-Brussels.jpg\"\n                                                \/>\n                                            <\/div>\n                                        <\/div>\n\n                                        <header class=\"entry-header\">\n                                            <h4 class=\"entry-title\">\n                                                Onze reis naar Brussel - Ontdek onze ervaringen                                            <\/h4>\n                                        <\/header>\n\n                                        <div class=\"entry-main\">\n                                            <div class=\"entry-info\">\n                                                <div class=\"event-date\">\n                                                                                                            <i class=\"fas fa-calendar-alt\"><\/i>&nbsp;\n                                                    \n                                                                                                            <span>1 november 2022<\/span>\n                                                                                                                                                                <span>19:00 (CEST)<\/span>\n                                                    \n                                                                                                            <span> - <\/span>\n                                                    \n                                                                                                            <span>1 november 2022<\/span>\n                                                                                                                                                                <span>20:00 (CEST)<\/span>\n                                                                                                    <\/div>\n\n                                                                                                    <div class=\"event-location\">\n                                                                                                                    <i class=\"fas fa-thumbtack\"><\/i>&nbsp;\n                                                            <span>Virtueel evenement op Zoom<\/span>\n                                                                                                            <\/div>\n\n                                                    <div class=\"event-language\">\n                                                                                                                    <i class=\"fas fa-globe\"><\/i>&nbsp;\n                                                            <span>In het Engels, met meertalige bijschriften<\/span>\n                                                                                                            <\/div>\n                                                                                            <\/div>\n\n                                            <div class=\"entry-content\">\n                                                <p>\n<p>Vorige week nam het MeetEU team deel aan het LevelUp! Jeugdevenement in Brussel. Wat hebben we daar gedaan? Welke mensen hebben we ontmoet? Wat was de vibe? ...<\/p>\n\n\n\n<p>Doe mee aan onze informele babbel om het team achter MeetEU te ontmoeten en leer meer over onze ervaringen in Brussel. Vergeet niet om thee mee te nemen en deel te nemen aan de uitwisseling!<\/p>\n<\/p>\n                                                <div class=\"clear\"><\/div>\n                                            <\/div>\n\n                                                                                    <\/div>\n                                    <\/article>\n                                <\/div>\n                            \n                                <div id=\"post-8831\" class=\"aux-col post-8831\">\n                                    <article class=\"post column-entry post-8831 event_listing type-event_listing status-expired has-post-thumbnail hentry\">\n                                        <div class=\"entry-media\">\n                                            <div class=\"aux-media-frame aux-media-image aux-image-mask\">\n                                                <img decoding=\"async\"\n                                                loading=\"lazy\"\n                                                src=\"https:\/\/meeteu.eu\/wp-content\/uploads\/2022\/10\/MASK-VI.-Stability-in-Unstable-Times.jpg\"\n                                                class=\"aux-attachment aux-featured-image aux-attachment-id-9158 aux-preload aux-has-preview\"\n                                                alt=\"\"\n                                                data-src=\"https:\/\/meeteu.eu\/wp-content\/uploads\/2022\/10\/MASK-VI.-Stability-in-Unstable-Times.jpg\"\n                                                \/>\n                                            <\/div>\n                                        <\/div>\n\n                                        <header class=\"entry-header\">\n                                            <h4 class=\"entry-title\">\n                                                Stabiliteit in onstabiele tijden? Wat de ECB kan - en niet kan - doen                                            <\/h4>\n                                        <\/header>\n\n                                        <div class=\"entry-main\">\n                                            <div class=\"entry-info\">\n                                                <div class=\"event-date\">\n                                                                                                            <i class=\"fas fa-calendar-alt\"><\/i>&nbsp;\n                                                    \n                                                                                                            <span>18 oktober 2022<\/span>\n                                                                                                                                                                <span>19:00 (CEST)<\/span>\n                                                    \n                                                                                                            <span> - <\/span>\n                                                    \n                                                                                                            <span>18 oktober 2022<\/span>\n                                                                                                                                                                <span>20:00 (CEST)<\/span>\n                                                                                                    <\/div>\n\n                                                                                                    <div class=\"event-location\">\n                                                                                                                    <i class=\"fas fa-thumbtack\"><\/i>&nbsp;\n                                                            <span>Virtueel evenement op Zoom<\/span>\n                                                                                                            <\/div>\n\n                                                    <div class=\"event-language\">\n                                                                                                                    <i class=\"fas fa-globe\"><\/i>&nbsp;\n                                                            <span>In het Engels, met meertalige bijschriften<\/span>\n                                                                                                            <\/div>\n                                                                                            <\/div>\n\n                                            <div class=\"entry-content\">\n                                                <p>\n<p>In september 2022 zijn de consumentenprijzen in de Europese Unie met 10% (!) gestegen ten opzichte van dezelfde maand een jaar eerder. Inflatie vreet ons salaris en spaargeld op. Of het nu bij de kassa is of bij het betalen van de elektriciteitsrekening. <\/p>\n\n\n\n<p>Terwijl de VS en het VK de rentetarieven sterk hebben verhoogd, heeft de Europese Centrale Bank (ECB) relatief kleine verhogingen doorgevoerd. Zal dit genoeg zijn om de situatie te verbeteren? <\/p>\n\n\n\n<p>Kom voor meer informatie naar Zoom: Met Gabriel Gl\u00f6ckler, hoofdadviseur bij de ECB, bespreken we hoe de ECB met deze crisis omgaat, welke gevolgen we kunnen verwachten en waarom de ECB zo voorzichtig te werk gaat.<\/p>\n<\/p>\n                                                <div class=\"clear\"><\/div>\n                                            <\/div>\n\n                                                                                    <\/div>\n                                    <\/article>\n                                <\/div>\n                            \n                                <div id=\"post-8830\" class=\"aux-col post-8830\">\n                                    <article class=\"post column-entry post-8830 event_listing type-event_listing status-expired has-post-thumbnail hentry\">\n                                        <div class=\"entry-media\">\n                                            <div class=\"aux-media-frame aux-media-image aux-image-mask\">\n                                                <img decoding=\"async\"\n                                                loading=\"lazy\"\n                                                src=\"https:\/\/meeteu.eu\/wp-content\/uploads\/2022\/10\/MASK-Green-Sustainable-Flying-Dream-or-Reality.jpg\"\n                                                class=\"aux-attachment aux-featured-image aux-attachment-id-8826 aux-preload aux-has-preview\"\n                                                alt=\"\"\n                                                data-src=\"https:\/\/meeteu.eu\/wp-content\/uploads\/2022\/10\/MASK-Green-Sustainable-Flying-Dream-or-Reality.jpg\"\n                                                \/>\n                                            <\/div>\n                                        <\/div>\n\n                                        <header class=\"entry-header\">\n                                            <h4 class=\"entry-title\">\n                                                Groen en duurzaam vliegen - Mogelijk of droom?                                            <\/h4>\n                                        <\/header>\n\n                                        <div class=\"entry-main\">\n                                            <div class=\"entry-info\">\n                                                <div class=\"event-date\">\n                                                                                                            <i class=\"fas fa-calendar-alt\"><\/i>&nbsp;\n                                                    \n                                                                                                            <span>11 oktober 2022<\/span>\n                                                                                                                                                                <span>19:00 (CEST)<\/span>\n                                                    \n                                                                                                            <span> - <\/span>\n                                                    \n                                                                                                            <span>11 oktober 2022<\/span>\n                                                                                                                                                                <span>20:00 (CEST)<\/span>\n                                                                                                    <\/div>\n\n                                                                                                    <div class=\"event-location\">\n                                                                                                                    <i class=\"fas fa-thumbtack\"><\/i>&nbsp;\n                                                            <span>Virtueel evenement op Zoom<\/span>\n                                                                                                            <\/div>\n\n                                                    <div class=\"event-language\">\n                                                                                                                    <i class=\"fas fa-globe\"><\/i>&nbsp;\n                                                            <span>In het Engels, met meertalige bijschriften<\/span>\n                                                                                                            <\/div>\n                                                                                            <\/div>\n\n                                            <div class=\"entry-content\">\n                                                <p>\n<p>De laatste keer dat je op vakantie vloog was vijf jaar geleden en je voelt je nog steeds schuldig? Dat is begrijpelijk: vliegen is een van de meest milieubelastende manieren om je te verplaatsen, maar het is vaak ook de enige optie of goedkoper dan de treinreis...<\/p>\n\n\n\n<p>Samen met jou willen we opstijgen in de wereld van de luchtvaart en bespreken of vliegreizen in de toekomst milieuvriendelijker kunnen worden, of dat dit greenwashing is.<\/p>\n\n\n\n<p>We zijn blij de heer Pedro Castro (luchtvaartconsultant &amp; Portugees parlementslid) te mogen verwelkomen. Hij houdt zich dagelijks kritisch bezig met dit onderwerp en zal ons uitleggen dat CO2-uitstoot niet het enige probleem is in de luchtvaartindustrie.<\/p>\n\n\n\n<p>Tijdens dit evenement kun je geen mijlen verzamelen, maar wel interessante informatie. Registreer &amp; reserveer je plaats (gratis...)<\/p>\n<\/p>\n                                                <div class=\"clear\"><\/div>\n                                            <\/div>\n\n                                                                                    <\/div>\n                                    <\/article>\n                                <\/div>\n                            \n                                <div id=\"post-8825\" class=\"aux-col post-8825\">\n                                    <article class=\"post column-entry post-8825 event_listing type-event_listing status-expired has-post-thumbnail hentry\">\n                                        <div class=\"entry-media\">\n                                            <div class=\"aux-media-frame aux-media-image aux-image-mask\">\n                                                <img decoding=\"async\"\n                                                loading=\"lazy\"\n                                                src=\"https:\/\/meeteu.eu\/wp-content\/uploads\/2022\/10\/MASKJ5.10-Lobby-Greener-Social-Europe-Alex-Braley.jpg\"\n                                                class=\"aux-attachment aux-featured-image aux-attachment-id-8827 aux-preload aux-has-preview\"\n                                                alt=\"\"\n                                                data-src=\"https:\/\/meeteu.eu\/wp-content\/uploads\/2022\/10\/MASKJ5.10-Lobby-Greener-Social-Europe-Alex-Braley.jpg\"\n                                                \/>\n                                            <\/div>\n                                        <\/div>\n\n                                        <header class=\"entry-header\">\n                                            <h4 class=\"entry-title\">\n                                                Hoe te lobbyen voor een groener en sociaal Europa                                            <\/h4>\n                                        <\/header>\n\n                                        <div class=\"entry-main\">\n                                            <div class=\"entry-info\">\n                                                <div class=\"event-date\">\n                                                                                                            <i class=\"fas fa-calendar-alt\"><\/i>&nbsp;\n                                                    \n                                                                                                            <span>5 oktober 2022<\/span>\n                                                                                                                                                                <span>19:00 (CEST)<\/span>\n                                                    \n                                                                                                            <span> - <\/span>\n                                                    \n                                                                                                                                                                <span>20:00 (CEST)<\/span>\n                                                                                                    <\/div>\n\n                                                                                                    <div class=\"event-location\">\n                                                                                                                    <i class=\"fas fa-thumbtack\"><\/i>&nbsp;\n                                                            <span>Virtueel evenement op Zoom<\/span>\n                                                                                                            <\/div>\n\n                                                    <div class=\"event-language\">\n                                                                                                                    <i class=\"fas fa-globe\"><\/i>&nbsp;\n                                                            <span>In het Engels, met meertalige bijschriften<\/span>\n                                                                                                            <\/div>\n                                                                                            <\/div>\n\n                                            <div class=\"entry-content\">\n                                                <p>\n<p>Wat lobbyisten kiezen om te promoten, heeft gevolgen voor de samenleving. Alex Braley maakt deel uit van een nieuwe generatie lobbyisten in Brussel die innoveren en zich bezighouden met Sustainable Public Affairs - de praktijk van het lobbyen voor een ambitieuzer milieubeleid of een betere handhaving van de huidige regelgeving.<\/p>\n\n\n\n<p>Als Head of Practice for circular economy van adviesbureau #SustainablePublicAffairs is Alex dagelijks bezig om hogere duurzaamheidsambities en -benaderingen in EU-wetgeving te krijgen.<\/p>\n\n\n\n<p>Maar wat betekent dat eigenlijk: lobbyen? Wat is een circulaire economie? Hoe be\u00efnvloed je wetgeving en wat maakt deze vorm van belangenbehartiging zo belangrijk?<\/p>\n\n\n\n<p>We zijn blij dat Alex Braley ons een kijkje komt geven in zijn dagelijkse werk en de belangrijke kwesties waar hij voor pleit.<\/p>\n<\/p>\n                                                <div class=\"clear\"><\/div>\n                                            <\/div>\n\n                                                                                    <\/div>\n                                    <\/article>\n                                <\/div>\n                            \n                                <div id=\"post-8288\" class=\"aux-col post-8288\">\n                                    <article class=\"post column-entry post-8288 event_listing type-event_listing status-expired has-post-thumbnail hentry\">\n                                        <div class=\"entry-media\">\n                                            <div class=\"aux-media-frame aux-media-image aux-image-mask\">\n                                                <img decoding=\"async\"\n                                                loading=\"lazy\"\n                                                src=\"https:\/\/meeteu.eu\/wp-content\/uploads\/2022\/09\/Konig-DG-CONNECT-27.10.jpg\"\n                                                class=\"aux-attachment aux-featured-image aux-attachment-id-8289 aux-preload aux-has-preview\"\n                                                alt=\"\"\n                                                data-src=\"https:\/\/meeteu.eu\/wp-content\/uploads\/2022\/09\/Konig-DG-CONNECT-27.10.jpg\"\n                                                \/>\n                                            <\/div>\n                                        <\/div>\n\n                                        <header class=\"entry-header\">\n                                            <h4 class=\"entry-title\">\n                                                Wet digitale markten - kans of beperking?                                            <\/h4>\n                                        <\/header>\n\n                                        <div class=\"entry-main\">\n                                            <div class=\"entry-info\">\n                                                <div class=\"event-date\">\n                                                                                                            <i class=\"fas fa-calendar-alt\"><\/i>&nbsp;\n                                                    \n                                                                                                            <span>27 september 2022<\/span>\n                                                                                                                                                                <span>19:00 (CEST)<\/span>\n                                                    \n                                                    \n                                                                                                                                                        <\/div>\n\n                                                                                                    <div class=\"event-location\">\n                                                                                                                    <i class=\"fas fa-thumbtack\"><\/i>&nbsp;\n                                                            <span>Virtueel evenement op Zoom<\/span>\n                                                                                                            <\/div>\n\n                                                    <div class=\"event-language\">\n                                                                                                                    <i class=\"fas fa-globe\"><\/i>&nbsp;\n                                                            <span>In het Engels, met meertalige bijschriften<\/span>\n                                                                                                            <\/div>\n                                                                                            <\/div>\n\n                                            <div class=\"entry-content\">\n                                                <p>\n<p>De Digital Markets Act is een voorstel van de EU-Commissie, dat is aangenomen door het EU-parlement en de Raad van de Europese Unie. Het is bedoeld om problemen met zogenaamde \"gatekeepers\" aan te pakken en introduceert nieuwe regels voor grote platforms en hoe ze mogen opereren.<br><br>De DMA (Digital Markets Act) moet zorgen voor eerlijke en open markten voor alle digitale bedrijven, maar wat is precies een \"poortwachter\"? Welke regels zullen worden ge\u00efmplementeerd en wat betekenen ze voor de toekomst van de Europese Unie? Hoe verhoudt de wetgeving zich tot de rest van de wereld? Zal het de kansen brengen die het geacht wordt te bieden?<br><br>Kom naar dinsdag 27<sup>th<\/sup> van september (19:00 CEST) om dit alles te bespreken met Michael K\u00f6nig, de adviseur voor Platformregulering en de Digitale Markten Wet in de Europese Commissie DG CONNECT. Als eerstelijns onderhandelaar voor de Digital Markets Act kan hij ons helpen de DMA en de implicaties ervan te begrijpen.<\/p>\n\n\n\n<p><br>We zien je graag op dit gratis evenement?<\/p>\n<\/p>\n                                                <div class=\"clear\"><\/div>\n                                            <\/div>\n\n                                                                                    <\/div>\n                                    <\/article>\n                                <\/div>\n                            \n                                <div id=\"post-8246\" class=\"aux-col post-8246\">\n                                    <article class=\"post column-entry post-8246 event_listing type-event_listing status-expired has-post-thumbnail hentry\">\n                                        <div class=\"entry-media\">\n                                            <div class=\"aux-media-frame aux-media-image aux-image-mask\">\n                                                <img decoding=\"async\"\n                                                loading=\"lazy\"\n                                                src=\"https:\/\/meeteu.eu\/wp-content\/uploads\/2022\/09\/Minister-one-Day-2.jpg\"\n                                                class=\"aux-attachment aux-featured-image aux-attachment-id-8247 aux-preload aux-has-preview\"\n                                                alt=\"\"\n                                                data-src=\"https:\/\/meeteu.eu\/wp-content\/uploads\/2022\/09\/Minister-one-Day-2.jpg\"\n                                                \/>\n                                            <\/div>\n                                        <\/div>\n\n                                        <header class=\"entry-header\">\n                                            <h4 class=\"entry-title\">\n                                                Word voor \u00e9\u00e9n dag minister - Simulatie van de Raad van Ministers                                            <\/h4>\n                                        <\/header>\n\n                                        <div class=\"entry-main\">\n                                            <div class=\"entry-info\">\n                                                <div class=\"event-date\">\n                                                                                                            <i class=\"fas fa-calendar-alt\"><\/i>&nbsp;\n                                                    \n                                                                                                            <span>24 september 2022<\/span>\n                                                                                                                                                                <span>10:00 (CEST)<\/span>\n                                                    \n                                                    \n                                                                                                                                                        <\/div>\n\n                                                                                                    <div class=\"event-location\">\n                                                                                                                    <i class=\"fas fa-thumbtack\"><\/i>&nbsp;\n                                                            <span>Virtueel evenement op Zoom<\/span>\n                                                                                                            <\/div>\n\n                                                    <div class=\"event-language\">\n                                                                                                                    <i class=\"fas fa-globe\"><\/i>&nbsp;\n                                                            <span>In het Engels, met meertalige bijschriften<\/span>\n                                                                                                            <\/div>\n                                                                                            <\/div>\n\n                                            <div class=\"entry-content\">\n                                                <p>\n<p><strong>Word voor \u00e9\u00e9n dag minister - Simulatie van de Raad van Ministers<\/strong><\/p>\n<\/p>\n                                                <div class=\"clear\"><\/div>\n                                            <\/div>\n\n                                                                                    <\/div>\n                                    <\/article>\n                                <\/div>\n                            \n                                <div id=\"post-8244\" class=\"aux-col post-8244\">\n                                    <article class=\"post column-entry post-8244 event_listing type-event_listing status-expired has-post-thumbnail hentry\">\n                                        <div class=\"entry-media\">\n                                            <div class=\"aux-media-frame aux-media-image aux-image-mask\">\n                                                <img decoding=\"async\"\n                                                loading=\"lazy\"\n                                                src=\"https:\/\/meeteu.eu\/wp-content\/uploads\/2022\/09\/Minister-one-Day-1.jpg\"\n                                                class=\"aux-attachment aux-featured-image aux-attachment-id-8245 aux-preload aux-has-preview\"\n                                                alt=\"\"\n                                                data-src=\"https:\/\/meeteu.eu\/wp-content\/uploads\/2022\/09\/Minister-one-Day-1.jpg\"\n                                                \/>\n                                            <\/div>\n                                        <\/div>\n\n                                        <header class=\"entry-header\">\n                                            <h4 class=\"entry-title\">\n                                                Voorbereidingsbijeenkomst \"Voor \u00e9\u00e9n dag minister worden\"\ufffc                                            <\/h4>\n                                        <\/header>\n\n                                        <div class=\"entry-main\">\n                                            <div class=\"entry-info\">\n                                                <div class=\"event-date\">\n                                                                                                            <i class=\"fas fa-calendar-alt\"><\/i>&nbsp;\n                                                    \n                                                                                                            <span>20 september 2022<\/span>\n                                                                                                                                                                <span>19:00 (CEST)<\/span>\n                                                    \n                                                                                                            <span> - <\/span>\n                                                    \n                                                                                                                                                                <span>20:00 (CEST)<\/span>\n                                                                                                    <\/div>\n\n                                                                                                    <div class=\"event-location\">\n                                                                                                                    <i class=\"fas fa-thumbtack\"><\/i>&nbsp;\n                                                            <span>Virtueel evenement op Zoom<\/span>\n                                                                                                            <\/div>\n\n                                                    <div class=\"event-language\">\n                                                                                                                    <i class=\"fas fa-globe\"><\/i>&nbsp;\n                                                            <span>In het Engels, met meertalige bijschriften<\/span>\n                                                                                                            <\/div>\n                                                                                            <\/div>\n\n                                            <div class=\"entry-content\">\n                                                <p>\n<p>Heb jij een van de felbegeerde plaatsen voor onze simulatie van de Raad van de Europese Unie? Kom dan zeker naar onze kennismakingsvergadering. Hier krijg je alle belangrijke informatie - we kijken naar je uit!&nbsp;<\/p>\n\n\n\n<p>In samenwerking met BETA Servi\u00eb en BETA Polen.<\/p>\n<\/p>\n                                                <div class=\"clear\"><\/div>\n                                            <\/div>\n\n                                                                                    <\/div>\n                                    <\/article>\n                                <\/div>\n                            \n                                <div id=\"post-8242\" class=\"aux-col post-8242\">\n                                    <article class=\"post column-entry post-8242 event_listing type-event_listing status-expired has-post-thumbnail hentry\">\n                                        <div class=\"entry-media\">\n                                            <div class=\"aux-media-frame aux-media-image aux-image-mask\">\n                                                <img decoding=\"async\"\n                                                loading=\"lazy\"\n                                                src=\"https:\/\/meeteu.eu\/wp-content\/uploads\/2022\/09\/itly.jpg\"\n                                                class=\"aux-attachment aux-featured-image aux-attachment-id-8243 aux-preload aux-has-preview\"\n                                                alt=\"\"\n                                                data-src=\"https:\/\/meeteu.eu\/wp-content\/uploads\/2022\/09\/itly.jpg\"\n                                                \/>\n                                            <\/div>\n                                        <\/div>\n\n                                        <header class=\"entry-header\">\n                                            <h4 class=\"entry-title\">\n                                                Italiaanse verkiezingen - Waarom zijn ze belangrijk voor de EU?                                            <\/h4>\n                                        <\/header>\n\n                                        <div class=\"entry-main\">\n                                            <div class=\"entry-info\">\n                                                <div class=\"event-date\">\n                                                                                                            <i class=\"fas fa-calendar-alt\"><\/i>&nbsp;\n                                                    \n                                                                                                            <span>13 september 2022<\/span>\n                                                                                                                                                                <span>19:00 (CEST)<\/span>\n                                                    \n                                                                                                            <span> - <\/span>\n                                                    \n                                                                                                                                                                <span>20:00 (CEST)<\/span>\n                                                                                                    <\/div>\n\n                                                                                                    <div class=\"event-location\">\n                                                                                                                    <i class=\"fas fa-thumbtack\"><\/i>&nbsp;\n                                                            <span>Virtueel evenement op Zoom<\/span>\n                                                                                                            <\/div>\n\n                                                    <div class=\"event-language\">\n                                                                                                                    <i class=\"fas fa-globe\"><\/i>&nbsp;\n                                                            <span>In het Engels, met meertalige bijschriften<\/span>\n                                                                                                            <\/div>\n                                                                                            <\/div>\n\n                                            <div class=\"entry-content\">\n                                                <p>\n<p>Itali\u00eb stemt! De op twee na grootste economie van Europa staat voor verkiezingen die niet alleen de nationale politiek zullen be\u00efnvloeden, maar ook het Europa van morgen.<\/p>\n\n\n\n<p>Binnenlands liggen er grote uitdagingen in het verschiet: Werkloosheid, hoge energieprijzen, sociale verdeeldheid en stijgende kosten van levensonderhoud. Hoe zullen de partijen hierop reageren? Wat staat er in de verkiezingsprogramma's? En wat zijn de huidige opiniepeilingen?<\/p>\n\n\n\n<p>Kom erachter op ons community-event! Georganiseerd door MeetEU-leden uit Itali\u00eb.<\/p>\n<\/p>\n                                                <div class=\"clear\"><\/div>\n                                            <\/div>\n\n                                                                                    <\/div>\n                                    <\/article>\n                                <\/div>\n                            \n                                <div id=\"post-8453\" class=\"aux-col post-8453\">\n                                    <article class=\"post column-entry post-8453 event_listing type-event_listing status-expired has-post-thumbnail hentry\">\n                                        <div class=\"entry-media\">\n                                            <div class=\"aux-media-frame aux-media-image aux-image-mask\">\n                                                <img decoding=\"async\"\n                                                loading=\"lazy\"\n                                                src=\"https:\/\/meeteu.eu\/wp-content\/uploads\/2022\/09\/Draft-Euro-1-scaled.jpg\"\n                                                class=\"aux-attachment aux-featured-image aux-attachment-id-8454 aux-preload aux-has-preview\"\n                                                alt=\"\"\n                                                data-src=\"https:\/\/meeteu.eu\/wp-content\/uploads\/2022\/09\/Draft-Euro-1-scaled.jpg\"\n                                                \/>\n                                            <\/div>\n                                        <\/div>\n\n                                        <header class=\"entry-header\">\n                                            <h4 class=\"entry-title\">\n                                                De euro: ontstaan, beheer en huidige uitdagingen\ufffc                                            <\/h4>\n                                        <\/header>\n\n                                        <div class=\"entry-main\">\n                                            <div class=\"entry-info\">\n                                                <div class=\"event-date\">\n                                                                                                            <i class=\"fas fa-calendar-alt\"><\/i>&nbsp;\n                                                    \n                                                                                                            <span>12 juli 2022<\/span>\n                                                                                                        \n                                                    \n                                                                                                                                                        <\/div>\n\n                                                                                                    <div class=\"event-location\">\n                                                                                                                    <i class=\"fas fa-thumbtack\"><\/i>&nbsp;\n                                                            <span>Virtueel evenement op Zoom<\/span>\n                                                                                                            <\/div>\n\n                                                    <div class=\"event-language\">\n                                                                                                                    <i class=\"fas fa-globe\"><\/i>&nbsp;\n                                                            <span>In het Engels, met meertalige bijschriften<\/span>\n                                                                                                            <\/div>\n                                                                                            <\/div>\n\n                                            <div class=\"entry-content\">\n                                                <p>\n<p>Als je in een van de 19 eurolanden woont, heb je je waarschijnlijk al vaak afgevraagd waar dit stukje papier met een cijfer en het \u20ac-teken zijn waarde vandaan haalt. Tijdens dit evenement gaan we samen met de centrale bank van de Bondsrepubliek Duitsland deze vraag tot op de bodem uitzoeken.<\/p>\n\n\n\n<p>In het gezamenlijke evenement bekijken we hoe de euro sinds 2002 de nationale munteenheden heeft vervangen en een integraal onderdeel is geworden van het dagelijks leven van meer dan 300 miljoen Europeanen. Een alledaags onderdeel waarover men zich ook wel eens zorgen maakt. De Griekse crisis, Corona en de oorlog in Oekra\u00efne - de gemeenschappelijke munt heeft al veel crises overleefd.<\/p>\n\n\n\n<p>Hoe reageert het Europese financi\u00eble beleid op de huidige uitdagingen en stijgende prijzen? En welke rol spelen banken op Europees en nationaal niveau?<\/p>\n\n\n\n<p>Laten we het samen ontdekken!<\/p>\n\n\n\n<p>In samenwerking met de&nbsp;<strong>Centrale Bank van de Bondsrepubliek Duitsland<\/strong><\/p>\n<\/p>\n                                                <div class=\"clear\"><\/div>\n                                            <\/div>\n\n                                                                                    <\/div>\n                                    <\/article>\n                                <\/div>\n                            \n                                <div id=\"post-8455\" class=\"aux-col post-8455\">\n                                    <article class=\"post column-entry post-8455 event_listing type-event_listing status-expired has-post-thumbnail hentry\">\n                                        <div class=\"entry-media\">\n                                            <div class=\"aux-media-frame aux-media-image aux-image-mask\">\n                                                <img decoding=\"async\"\n                                                loading=\"lazy\"\n                                                src=\"https:\/\/meeteu.eu\/wp-content\/uploads\/2022\/09\/7th-july-EEAS-scaled.jpg\"\n                                                class=\"aux-attachment aux-featured-image aux-attachment-id-8457 aux-preload aux-has-preview\"\n                                                alt=\"\"\n                                                data-src=\"https:\/\/meeteu.eu\/wp-content\/uploads\/2022\/09\/7th-july-EEAS-scaled.jpg\"\n                                                \/>\n                                            <\/div>\n                                        <\/div>\n\n                                        <header class=\"entry-header\">\n                                            <h4 class=\"entry-title\">\n                                                Russische desinformatie in de Europese Unie\u00a0                                            <\/h4>\n                                        <\/header>\n\n                                        <div class=\"entry-main\">\n                                            <div class=\"entry-info\">\n                                                <div class=\"event-date\">\n                                                                                                            <i class=\"fas fa-calendar-alt\"><\/i>&nbsp;\n                                                    \n                                                                                                            <span>7 juli 2022<\/span>\n                                                                                                        \n                                                    \n                                                                                                                                                        <\/div>\n\n                                                                                            <\/div>\n\n                                            <div class=\"entry-content\">\n                                                <p>\n<p>Rusland heeft al sinds de invasie van Georgi\u00eb in 2008 desinformatiecampagnes gebruikt om verhalen te cre\u00ebren, zowel op mediakanalen als op sociale media. E\u00e9n strategie: Het verspreiden van tegenstrijdige verhalen over gebeurtenissen om onzekerheid te cre\u00ebren.<\/p>\n\n\n\n<p>De Russische regering gebruikt ook haar invloed op door de staat gefinancierde media in het Oekra\u00efneconflict. Sinds 2014 zijn al meer dan 5000 gevallen van desinformatie over Oekra\u00efne verzameld door EUvsDisinfo. Dit is een project van de Europese Dienst voor extern optreden om desinformatiecampagnes tegen te gaan.<\/p>\n\n\n\n<p>We willen graag meer te weten komen over hoe de Europese Unie reageert op deze campagnes en welke impact ze hebben buiten de continentale grenzen.<\/p>\n\n\n\n<p>Daarom zijn we erg blij om<strong>&nbsp;Lutz Guellner van de Europese Dienst voor extern optreden, een expert op het gebied van Russische<\/strong>&nbsp;desinformatie.<\/p>\n\n\n\n<p>Kom bij ons en leer meer over dit belangrijke onderwerp!<\/p>\n<\/p>\n                                                <div class=\"clear\"><\/div>\n                                            <\/div>\n\n                                                                                    <\/div>\n                                    <\/article>\n                                <\/div>\n                            \n                                <div id=\"post-8458\" class=\"aux-col post-8458\">\n                                    <article class=\"post column-entry post-8458 event_listing type-event_listing status-expired has-post-thumbnail hentry\">\n                                        <div class=\"entry-media\">\n                                            <div class=\"aux-media-frame aux-media-image aux-image-mask\">\n                                                <img decoding=\"async\"\n                                                loading=\"lazy\"\n                                                src=\"https:\/\/meeteu.eu\/wp-content\/uploads\/2022\/09\/05-07-Visual-Valerie-Drezet-Humez-French-EU-Presidency-3-EC-scaled.jpg\"\n                                                class=\"aux-attachment aux-featured-image aux-attachment-id-8459 aux-preload aux-has-preview\"\n                                                alt=\"\"\n                                                data-src=\"https:\/\/meeteu.eu\/wp-content\/uploads\/2022\/09\/05-07-Visual-Valerie-Drezet-Humez-French-EU-Presidency-3-EC-scaled.jpg\"\n                                                \/>\n                                            <\/div>\n                                        <\/div>\n\n                                        <header class=\"entry-header\">\n                                            <h4 class=\"entry-title\">\n                                                Frans voorzitterschap van de Raad 2022 - Wat is er in de EU gebeurd sinds januari?                                            <\/h4>\n                                        <\/header>\n\n                                        <div class=\"entry-main\">\n                                            <div class=\"entry-info\">\n                                                <div class=\"event-date\">\n                                                                                                            <i class=\"fas fa-calendar-alt\"><\/i>&nbsp;\n                                                    \n                                                                                                            <span>5 juli 2022<\/span>\n                                                                                                        \n                                                    \n                                                                                                                                                        <\/div>\n\n                                                                                            <\/div>\n\n                                            <div class=\"entry-content\">\n                                                <p>\n<p>Het Franse voorzitterschap van de EU (PFUE) staat in het teken van de oorlog in Oekra\u00efne, waardoor de prioriteiten in het huidige EU-beleid zijn verschoven. Tegelijkertijd werd het Franse voorzitterschap gezien als zeer ambitieus en wilde het grote projecten van de Europese Unie vooruit helpen, waaronder nieuwe wetten voor de digitale ruimte, een conferentie over de Westelijke Balkan en de versterking van de politiesamenwerking. In deze cruciale situatie moest(en) de Franse regering(en) reageren op de nieuwe uitdagingen op Europees niveau.&nbsp;<\/p>\n\n\n\n<p>Wat is de algemene balans van het zes maanden durende PFUE, welke successen zijn er geboekt en hoe heeft Frankrijk gereageerd op de oorlog in Oekra\u00efne tijdens het voorzitterschap?&nbsp;<\/p>\n\n\n\n<p>Als hoofd van de vertegenwoordiging van de Europese Commissie in Parijs heeft Val\u00e9rie Drezet-Humez een bijzonder inzicht in wat er gebeurt vanuit Europees perspectief. Doe mee aan het webinar en wissel met haar van gedachten.<\/p>\n\n\n\n<p>Met Ms.&nbsp;<strong>Val\u00e9rie DREZET-HUMEZ<\/strong>&nbsp;Hoofd van de Vertegenwoordiging van de Europese Commissie in Frankrijk&nbsp;<\/p>\n<\/p>\n                                                <div class=\"clear\"><\/div>\n                                            <\/div>\n\n                                                                                    <\/div>\n                                    <\/article>\n                                <\/div>\n                            \n                                <div id=\"post-8460\" class=\"aux-col post-8460\">\n                                    <article class=\"post column-entry post-8460 event_listing type-event_listing status-expired has-post-thumbnail hentry\">\n                                        <div class=\"entry-media\">\n                                            <div class=\"aux-media-frame aux-media-image aux-image-mask\">\n                                                <img decoding=\"async\"\n                                                loading=\"lazy\"\n                                                src=\"https:\/\/meeteu.eu\/wp-content\/uploads\/2022\/09\/Next-Gen-Democracy-Makers-2-scaled.jpg\"\n                                                class=\"aux-attachment aux-featured-image aux-attachment-id-8461 aux-preload aux-has-preview\"\n                                                alt=\"\"\n                                                data-src=\"https:\/\/meeteu.eu\/wp-content\/uploads\/2022\/09\/Next-Gen-Democracy-Makers-2-scaled.jpg\"\n                                                \/>\n                                            <\/div>\n                                        <\/div>\n\n                                        <header class=\"entry-header\">\n                                            <h4 class=\"entry-title\">\n                                                De volgende generatie democraten                                            <\/h4>\n                                        <\/header>\n\n                                        <div class=\"entry-main\">\n                                            <div class=\"entry-info\">\n                                                <div class=\"event-date\">\n                                                                                                            <i class=\"fas fa-calendar-alt\"><\/i>&nbsp;\n                                                    \n                                                                                                            <span>30 juni 2022<\/span>\n                                                                                                        \n                                                    \n                                                                                                                                                        <\/div>\n\n                                                                                            <\/div>\n\n                                            <div class=\"entry-content\">\n                                                <p>\n<p>Ja, al deze dingen zijn beschikbaar, gerealiseerd door vrijwilligers uit de hele EU.<\/p>\n\n\n\n<p>Maak kennis met de geesten achter deze (digitale) basisprojecten en stel je vragen.<\/p>\n\n\n\n<p>Met:<br><a href=\"https:\/\/www.twitch.tv\/mepassistant\" rel=\"noopener\">MEPAssistent<\/a><br><a href=\"https:\/\/www.youtube.com\/c\/Hoogromulus\" rel=\"noopener\">Hoog<\/a><br><a href=\"https:\/\/discord.gg\/pYb7a6P\" rel=\"noopener\">Forum G\u00f6tterfunken<\/a><br><a href=\"https:\/\/www.youtube.com\/c\/IntoEurope\" rel=\"noopener\">Naar Europa<\/a><br><a href=\"https:\/\/meeteu.eu\/nl\/\">MeetEU<\/a><\/p>\n\n\n\n<p><strong>Door burgers, met burgers, voor burgers - wees erbij en discussieer mee!<\/strong><\/p>\n\n\n\n<p>Op de bank zitten en discussi\u00ebren over Europa met mensen van over het hele continent? Kijken hoe Europarlementari\u00ebrs spelen en praten over actuele zaken? Slimmer worden met eenvoudig te begrijpen video's over complexe EU-kwesties? ...<\/p>\n\n\n\n<p>Ja, al deze dingen zijn beschikbaar, gerealiseerd door vrijwilligers uit de hele EU.<\/p>\n\n\n\n<p>Maak kennis met de geesten achter deze (digitale) basisprojecten en stel je vragen.<\/p>\n\n\n\n<p>Met:<br><a href=\"https:\/\/www.twitch.tv\/mepassistant\" rel=\"noopener\">MEPAssistent<\/a><br><a href=\"https:\/\/www.youtube.com\/c\/Hoogromulus\" rel=\"noopener\">Hoog<\/a><br><a href=\"https:\/\/discord.gg\/pYb7a6P\" rel=\"noopener\">Forum G\u00f6tterfunken<\/a><br><a href=\"https:\/\/www.youtube.com\/c\/IntoEurope\" rel=\"noopener\">Naar Europa<\/a><br><a href=\"https:\/\/meeteu.eu\/nl\/\">MeetEU<\/a><\/p>\n\n\n\n<p><strong>Door burgers, met burgers, voor burgers - wees erbij en discussieer mee!<\/strong><\/p>\n<\/p>\n                                                <div class=\"clear\"><\/div>\n                                            <\/div>\n\n                                                                                    <\/div>\n                                    <\/article>\n                                <\/div>\n                            \n                                <div id=\"post-8463\" class=\"aux-col post-8463\">\n                                    <article class=\"post column-entry post-8463 event_listing type-event_listing status-expired has-post-thumbnail hentry\">\n                                        <div class=\"entry-media\">\n                                            <div class=\"aux-media-frame aux-media-image aux-image-mask\">\n                                                <img decoding=\"async\"\n                                                loading=\"lazy\"\n                                                src=\"https:\/\/meeteu.eu\/wp-content\/uploads\/2022\/09\/21-6-Nuclear-scaled.jpg\"\n                                                class=\"aux-attachment aux-featured-image aux-attachment-id-8464 aux-preload aux-has-preview\"\n                                                alt=\"\"\n                                                data-src=\"https:\/\/meeteu.eu\/wp-content\/uploads\/2022\/09\/21-6-Nuclear-scaled.jpg\"\n                                                \/>\n                                            <\/div>\n                                        <\/div>\n\n                                        <header class=\"entry-header\">\n                                            <h4 class=\"entry-title\">\n                                                Onbetrouwbare hernieuwbare energie? Is kernenergie de oplossing?                                            <\/h4>\n                                        <\/header>\n\n                                        <div class=\"entry-main\">\n                                            <div class=\"entry-info\">\n                                                <div class=\"event-date\">\n                                                                                                            <i class=\"fas fa-calendar-alt\"><\/i>&nbsp;\n                                                    \n                                                                                                            <span>21 juni 2022<\/span>\n                                                                                                        \n                                                    \n                                                                                                                                                        <\/div>\n\n                                                                                            <\/div>\n\n                                            <div class=\"entry-content\">\n                                                <p>\n<p>In de Europese Unie is het gelukt om op veel gebieden een gemeenschappelijke aanpak te vinden. Maar als het gaat om de toekomst van een (groen), duurzaam energiebeleid, wordt \u00e9\u00e9n belangrijk onderwerp in de hoofdsteden heel anders aangepakt: kernenergie.<\/p>\n\n\n\n<p>Terwijl kernenergie in sommige landen wordt gezien als de enige manier om CO\u2082-arme betaalbare energie te produceren, hebben andere landen twijfels over de economische levensvatbaarheid en de verenigbaarheid met het milieu, naast de veiligheid.<\/p>\n\n\n\n<p>Maar hebben we kernenergie eigenlijk wel nodig? En hoe onafhankelijk maakt het ons?<\/p>\n\n\n\n<p>Laten we dit bespreken in een gemeenschapsevenement.<\/p>\n<\/p>\n                                                <div class=\"clear\"><\/div>\n                                            <\/div>\n\n                                                                                    <\/div>\n                                    <\/article>\n                                <\/div>\n                            \n                                <div id=\"post-8465\" class=\"aux-col post-8465\">\n                                    <article class=\"post column-entry post-8465 event_listing type-event_listing status-expired has-post-thumbnail hentry\">\n                                        <div class=\"entry-media\">\n                                            <div class=\"aux-media-frame aux-media-image aux-image-mask\">\n                                                <img decoding=\"async\"\n                                                loading=\"lazy\"\n                                                src=\"https:\/\/meeteu.eu\/wp-content\/uploads\/2022\/09\/7-June-The-Conference-Is-Over-Whats-Next-MeetEU-scaled.jpg\"\n                                                class=\"aux-attachment aux-featured-image aux-attachment-id-8466 aux-preload aux-has-preview\"\n                                                alt=\"\"\n                                                data-src=\"https:\/\/meeteu.eu\/wp-content\/uploads\/2022\/09\/7-June-The-Conference-Is-Over-Whats-Next-MeetEU-scaled.jpg\"\n                                                \/>\n                                            <\/div>\n                                        <\/div>\n\n                                        <header class=\"entry-header\">\n                                            <h4 class=\"entry-title\">\n                                                De conferentie is voorbij, wat nu?                                            <\/h4>\n                                        <\/header>\n\n                                        <div class=\"entry-main\">\n                                            <div class=\"entry-info\">\n                                                <div class=\"event-date\">\n                                                                                                            <i class=\"fas fa-calendar-alt\"><\/i>&nbsp;\n                                                    \n                                                                                                            <span>7 juni 2022<\/span>\n                                                                                                        \n                                                    \n                                                                                                                                                        <\/div>\n\n                                                                                            <\/div>\n\n                                            <div class=\"entry-content\">\n                                                <p>\n<p>Op 9 mei werd de Conferentie over de toekomst van Europa plechtig afgesloten met de woorden: \"<em>We bevinden ons op een beslissend moment in de Europese integratie en geen enkel voorstel voor verandering mag buiten schot blijven\".<\/em>&nbsp;door Roberta Metsola (Voorzitter van het Europees Parlement).<\/p>\n\n\n\n<p>Een jaar lang werd de burgers van de Europese Unie gevraagd hoe de EU van morgen eruit zou moeten zien. Honderdduizenden namen deel aan dit historische democratische project, bespraken hun idee\u00ebn, ontmoetten mede-Europeanen en ontwikkelden aanbevelingen voor huidige en toekomstige uitdagingen. &nbsp;<\/p>\n\n\n\n<p>Nu het eindverslag van de Conferentie over de toekomst van Europa is ingediend bij de EU-instellingen - wat nu?<\/p>\n\n\n\n<p>Wat gaat er gebeuren met al deze idee\u00ebn?<\/p>\n\n\n\n<p>We stellen deze vraag aan Richard Corbett. Hij is lid van het secretariaat van de Conferentie over de toekomst van Europa en een van de sleutelfiguren in dit proces.<\/p>\n<\/p>\n                                                <div class=\"clear\"><\/div>\n                                            <\/div>\n\n                                                                                    <\/div>\n                                    <\/article>\n                                <\/div>\n                            \n                                <div id=\"post-8467\" class=\"aux-col post-8467\">\n                                    <article class=\"post column-entry post-8467 event_listing type-event_listing status-expired has-post-thumbnail hentry\">\n                                        <div class=\"entry-media\">\n                                            <div class=\"aux-media-frame aux-media-image aux-image-mask\">\n                                                <img decoding=\"async\"\n                                                loading=\"lazy\"\n                                                src=\"https:\/\/meeteu.eu\/wp-content\/uploads\/2022\/09\/31-May-Communicating-the-EU-Asylum-and-Migration-Policy-2--scaled.jpg\"\n                                                class=\"aux-attachment aux-featured-image aux-attachment-id-8468 aux-preload aux-has-preview\"\n                                                alt=\"\"\n                                                data-src=\"https:\/\/meeteu.eu\/wp-content\/uploads\/2022\/09\/31-May-Communicating-the-EU-Asylum-and-Migration-Policy-2--scaled.jpg\"\n                                                \/>\n                                            <\/div>\n                                        <\/div>\n\n                                        <header class=\"entry-header\">\n                                            <h4 class=\"entry-title\">\n                                                Communiceren over het asiel- en migratiebeleid van de EU\u00a0\u00a0                                            <\/h4>\n                                        <\/header>\n\n                                        <div class=\"entry-main\">\n                                            <div class=\"entry-info\">\n                                                <div class=\"event-date\">\n                                                                                                            <i class=\"fas fa-calendar-alt\"><\/i>&nbsp;\n                                                    \n                                                                                                            <span>31 mei 2022<\/span>\n                                                                                                        \n                                                    \n                                                                                                                                                        <\/div>\n\n                                                                                            <\/div>\n\n                                            <div class=\"entry-content\">\n                                                <p>\n<p>De oorlog in Oekra\u00efne heeft geleid tot miljoenen vluchtelingen, vooral in Polen, Roemeni\u00eb en Bulgarije. Deze landen doen hun best om hen op te vangen en bewijzen de solidariteit tussen de lidstaten.<\/p>\n\n\n\n<p>Vormt de huidige situatie een keerpunt in het migratie- en asielbeleid van de Europese Unie? Hoe gaat de EU met deze crisis om en slaagt zij erin haar beleid aan de EU-burgers over te brengen?<\/p>\n\n\n\n<p>We praten erover met Tina Zournatzi van de afdeling 'Migratie en binnenlandse zaken' van de Europese Commissie.<\/p>\n<\/p>\n                                                <div class=\"clear\"><\/div>\n                                            <\/div>\n\n                                                                                    <\/div>\n                                    <\/article>\n                                <\/div>\n                            \n                                <div id=\"post-8469\" class=\"aux-col post-8469\">\n                                    <article class=\"post column-entry post-8469 event_listing type-event_listing status-expired has-post-thumbnail hentry\">\n                                        <div class=\"entry-media\">\n                                            <div class=\"aux-media-frame aux-media-image aux-image-mask\">\n                                                <img decoding=\"async\"\n                                                loading=\"lazy\"\n                                                src=\"https:\/\/meeteu.eu\/wp-content\/uploads\/2022\/09\/26-May-Lets-Reduce-EU-Educational-Inqualities-but-How-EYY--scaled.jpg\"\n                                                class=\"aux-attachment aux-featured-image aux-attachment-id-8472 aux-preload aux-has-preview\"\n                                                alt=\"\"\n                                                data-src=\"https:\/\/meeteu.eu\/wp-content\/uploads\/2022\/09\/26-May-Lets-Reduce-EU-Educational-Inqualities-but-How-EYY--scaled.jpg\"\n                                                \/>\n                                            <\/div>\n                                        <\/div>\n\n                                        <header class=\"entry-header\">\n                                            <h4 class=\"entry-title\">\n                                                Laten we de ongelijkheid in het onderwijs in de EU verkleinen - Maar hoe?                                            <\/h4>\n                                        <\/header>\n\n                                        <div class=\"entry-main\">\n                                            <div class=\"entry-info\">\n                                                <div class=\"event-date\">\n                                                                                                            <i class=\"fas fa-calendar-alt\"><\/i>&nbsp;\n                                                    \n                                                                                                            <span>26 mei 2022<\/span>\n                                                                                                        \n                                                    \n                                                                                                                                                        <\/div>\n\n                                                                                            <\/div>\n\n                                            <div class=\"entry-content\">\n                                                <p>\n<p>1 op de 4 kinderen in de EU loopt het risico op armoede of sociale uitsluiting. Deze kinderen hebben een grotere kans om ondermaats te presteren op school en hebben als volwassene moeite om een fatsoenlijke baan te vinden.<\/p>\n\n\n\n<p>Deze ongelijkheid werd versterkt door de sluiting van scholen tijdens de pandemie van het coronavirus. Kinderen uit kansarme gezinnen hebben vaak geen toegang tot internet, geen steun van de ouders of een geschikte onderwijsomgeving, waardoor leren voor hen moeilijker werd.<\/p>\n\n\n\n<p>Er moet een einde komen aan deze ongelijkheid. Want kinderen zijn onze toekomst. Wat kan de EU doen om gelijke onderwijskansen te bevorderen en een einde te maken aan sociale of geografische discriminatie?<\/p>\n\n\n\n<p>Laten we hierover discussi\u00ebren met Victor Negrescu (S&amp;D\/Europarlementari\u00ebr), vicevoorzitter van de Commissie cultuur en onderwijs. Stel uw vragen &amp; deel uw idee\u00ebn!<\/p>\n<\/p>\n                                                <div class=\"clear\"><\/div>\n                                            <\/div>\n\n                                                                                    <\/div>\n                                    <\/article>\n                                <\/div>\n                            \n                                <div id=\"post-8473\" class=\"aux-col post-8473\">\n                                    <article class=\"post column-entry post-8473 event_listing type-event_listing status-expired has-post-thumbnail hentry\">\n                                        <div class=\"entry-media\">\n                                            <div class=\"aux-media-frame aux-media-image aux-image-mask\">\n                                                <img decoding=\"async\"\n                                                loading=\"lazy\"\n                                                src=\"https:\/\/meeteu.eu\/wp-content\/uploads\/2022\/09\/Czech-ECP-Draft-scaled.jpg\"\n                                                class=\"aux-attachment aux-featured-image aux-attachment-id-8474 aux-preload aux-has-preview\"\n                                                alt=\"\"\n                                                data-src=\"https:\/\/meeteu.eu\/wp-content\/uploads\/2022\/09\/Czech-ECP-Draft-scaled.jpg\"\n                                                \/>\n                                            <\/div>\n                                        <\/div>\n\n                                        <header class=\"entry-header\">\n                                            <h4 class=\"entry-title\">\n                                                Het Tsjechische EU-voorzitterschap in 2022 - Wat kunnen we verwachten?                                            <\/h4>\n                                        <\/header>\n\n                                        <div class=\"entry-main\">\n                                            <div class=\"entry-info\">\n                                                <div class=\"event-date\">\n                                                                                                            <i class=\"fas fa-calendar-alt\"><\/i>&nbsp;\n                                                    \n                                                                                                            <span>17 mei 2022<\/span>\n                                                                                                        \n                                                    \n                                                                                                                                                        <\/div>\n\n                                                                                                    <div class=\"event-location\">\n                                                                                                                    <i class=\"fas fa-thumbtack\"><\/i>&nbsp;\n                                                            <span>Virtueel evenement op Zoom<\/span>\n                                                                                                            <\/div>\n\n                                                    <div class=\"event-language\">\n                                                                                                                    <i class=\"fas fa-globe\"><\/i>&nbsp;\n                                                            <span>In het Engels, met meertalige bijschriften<\/span>\n                                                                                                            <\/div>\n                                                                                            <\/div>\n\n                                            <div class=\"entry-content\">\n                                                <p>\n<p>Tsjechi\u00eb neemt vanaf juli 2022 het voorzitterschap van de Raad van de Europese Unie over. In de Raad&nbsp;<strong>regeringsministers van elk EU-land<\/strong>&nbsp;bijeenkomen om wetten aan te nemen en beleid te co\u00f6rdineren.<\/p>\n\n\n\n<p>Voor een EU-land is het voorzitterschap een belangrijk instrument om de EU-politiek te be\u00efnvloeden. Het land dat het voorzitterschap bekleedt, bepaalt de agenda en de prioriteiten van de EU tijdens deze periode. Met andere woorden, het wordt&nbsp;<strong>het centrum van de EU-beleidsvorming voor een half jaar.<\/strong><\/p>\n\n\n\n<p><strong>Wat staat er op de agenda van de Tsjechische republiek?<\/strong>&nbsp;Zal de nieuwe pro-Europese regering van Petr Fiala in staat en bereid zijn om een ambitieuze agenda op te stellen voor verdere integratie van de Westelijke Balkan? Hoe zal zij bijdragen aan de wederopbouw van Oekra\u00efne? En wat zijn haar plannen voor het versterken van de Europese defensiecapaciteiten?<\/p>\n\n\n\n<p>Met Martin Exner (STAN), parlementslid van Tsjechi\u00eb.<\/p>\n<\/p>\n                                                <div class=\"clear\"><\/div>\n                                            <\/div>\n\n                                                                                    <\/div>\n                                    <\/article>\n                                <\/div>\n                            \n                                <div id=\"post-8475\" class=\"aux-col post-8475\">\n                                    <article class=\"post column-entry post-8475 event_listing type-event_listing status-expired has-post-thumbnail hentry\">\n                                        <div class=\"entry-media\">\n                                            <div class=\"aux-media-frame aux-media-image aux-image-mask\">\n                                                <img decoding=\"async\"\n                                                loading=\"lazy\"\n                                                src=\"https:\/\/meeteu.eu\/wp-content\/uploads\/2022\/09\/Europe-Day-2022-scaled.jpg\"\n                                                class=\"aux-attachment aux-featured-image aux-attachment-id-8476 aux-preload aux-has-preview\"\n                                                alt=\"\"\n                                                data-src=\"https:\/\/meeteu.eu\/wp-content\/uploads\/2022\/09\/Europe-Day-2022-scaled.jpg\"\n                                                \/>\n                                            <\/div>\n                                        <\/div>\n\n                                        <header class=\"entry-header\">\n                                            <h4 class=\"entry-title\">\n                                                Europadag - Wat betekent dat voor jou?                                            <\/h4>\n                                        <\/header>\n\n                                        <div class=\"entry-main\">\n                                            <div class=\"entry-info\">\n                                                <div class=\"event-date\">\n                                                                                                            <i class=\"fas fa-calendar-alt\"><\/i>&nbsp;\n                                                    \n                                                                                                            <span>10 mei 2022<\/span>\n                                                                                                        \n                                                    \n                                                                                                                                                        <\/div>\n\n                                                                                            <\/div>\n\n                                            <div class=\"entry-content\">\n                                                <p>\n<p>Op 9 mei is het Europadag. Op deze dag vieren burgers in heel Europa de 'Schuman-verklaring', die wordt beschouwd als het begin van de huidige Europese Unie.<\/p>\n\n\n\n<p>Hoe heb jij Europadag 2022 doorgebracht? Heb je je vlag uitgehangen? Heb je Europa-evenementen of -vieringen bijgewoond? Ben je misschien zelf een activiteit begonnen? Of geef je gewoon niets om Europadag?<\/p>\n\n\n\n<p>Laten we eens praten over de betekenis van Europadag voor ons. Of het een goed idee zou zijn om van 9 mei een feestdag van de EU te maken. En of er zoiets bestaat als een gemeenschappelijke Europese identiteit die we vieren op Europadag.<\/p>\n<\/p>\n                                                <div class=\"clear\"><\/div>\n                                            <\/div>\n\n                                                                                    <\/div>\n                                    <\/article>\n                                <\/div>\n                            \n                                <div id=\"post-8478\" class=\"aux-col post-8478\">\n                                    <article class=\"post column-entry post-8478 event_listing type-event_listing status-expired has-post-thumbnail hentry\">\n                                        <div class=\"entry-media\">\n                                            <div class=\"aux-media-frame aux-media-image aux-image-mask\">\n                                                <img decoding=\"async\"\n                                                loading=\"lazy\"\n                                                src=\"https:\/\/meeteu.eu\/wp-content\/uploads\/2022\/09\/Oberthur3may-scaled.jpg\"\n                                                class=\"aux-attachment aux-featured-image aux-attachment-id-8479 aux-preload aux-has-preview\"\n                                                alt=\"\"\n                                                data-src=\"https:\/\/meeteu.eu\/wp-content\/uploads\/2022\/09\/Oberthur3may-scaled.jpg\"\n                                                \/>\n                                            <\/div>\n                                        <\/div>\n\n                                        <header class=\"entry-header\">\n                                            <h4 class=\"entry-title\">\n                                                Zijn we geschikt voor 55?                                            <\/h4>\n                                        <\/header>\n\n                                        <div class=\"entry-main\">\n                                            <div class=\"entry-info\">\n                                                <div class=\"event-date\">\n                                                                                                            <i class=\"fas fa-calendar-alt\"><\/i>&nbsp;\n                                                    \n                                                                                                            <span>3 mei 2022<\/span>\n                                                                                                        \n                                                    \n                                                                                                                                                        <\/div>\n\n                                                                                            <\/div>\n\n                                            <div class=\"entry-content\">\n                                                <p>\n<p>Al enige tijd horen we over het ambitieuze plan om de uitstoot van broeikasgassen tegen 2030 met minstens 55% te verminderen (in vergelijking met het niveau van 1990).<\/p>\n\n\n\n<p>Het fit for 55-pakket omvat verschillende voorstellen om de EU-wetgeving te herzien en bij te werken. Het is niet alleen bedoeld om de uitstoot van broeikasgassen te verminderen, maar ook om sociaal aanvaardbaar te zijn en het concurrentievermogen niet te beperken.<\/p>\n\n\n\n<p>Met de oorlog in Oekra\u00efne is de situatie opnieuw aanzienlijk veranderd. Wat kunnen we verwachten van het pakket? Om deze en andere (uw) vragen te beantwoorden, hebben we professor Sebastian Oberth\u00fcr uitgenodigd.<\/p>\n\n\n\n<p>Als expert op het gebied van internationaal milieubeleid zal hij ons helpen om het plan en de huidige situatie beter te begrijpen.<\/p>\n<\/p>\n                                                <div class=\"clear\"><\/div>\n                                            <\/div>\n\n                                                                                    <\/div>\n                                    <\/article>\n                                <\/div>\n                            \n                                <div id=\"post-8480\" class=\"aux-col post-8480\">\n                                    <article class=\"post column-entry post-8480 event_listing type-event_listing status-expired has-post-thumbnail hentry\">\n                                        <div class=\"entry-media\">\n                                            <div class=\"aux-media-frame aux-media-image aux-image-mask\">\n                                                <img decoding=\"async\"\n                                                loading=\"lazy\"\n                                                src=\"https:\/\/meeteu.eu\/wp-content\/uploads\/2022\/09\/apr-12-defense.jpg\"\n                                                class=\"aux-attachment aux-featured-image aux-attachment-id-8481 aux-preload aux-has-preview\"\n                                                alt=\"\"\n                                                data-src=\"https:\/\/meeteu.eu\/wp-content\/uploads\/2022\/09\/apr-12-defense.jpg\"\n                                                \/>\n                                            <\/div>\n                                        <\/div>\n\n                                        <header class=\"entry-header\">\n                                            <h4 class=\"entry-title\">\n                                                EU-defensie, wat betekent dat voor u?                                            <\/h4>\n                                        <\/header>\n\n                                        <div class=\"entry-main\">\n                                            <div class=\"entry-info\">\n                                                <div class=\"event-date\">\n                                                                                                            <i class=\"fas fa-calendar-alt\"><\/i>&nbsp;\n                                                    \n                                                                                                            <span>12 april 2022<\/span>\n                                                                                                        \n                                                    \n                                                                                                                                                        <\/div>\n\n                                                                                            <\/div>\n\n                                            <div class=\"entry-content\">\n                                                <p>\n<p>Europese gevechtsgroepen, meer samenwerking tussen lidstaten of zelfs een gemeenschappelijk Europees leger? De idee\u00ebn over hoe de EU haar defensie zou moeten regelen zijn divers.<\/p>\n\n\n\n<p>Maar het is uiterlijk sinds 2014 duidelijk dat een gemeenschappelijke militaire strategie van fundamenteel belang is om te kunnen reageren (afschrikken) op wereldwijde dreigingen. Het strategisch kompas dat in maart wordt gepubliceerd, is bedoeld om hiervoor het juiste kader te cre\u00ebren.<\/p>\n\n\n\n<p>Moet de EU nauwer samenwerken in de defensiesector? Welke vorm kan die samenwerking aannemen en welke uitdagingen brengt ze met zich mee? Discussieer met ons mee!<\/p>\n<\/p>\n                                                <div class=\"clear\"><\/div>\n                                            <\/div>\n\n                                                                                    <\/div>\n                                    <\/article>\n                                <\/div>\n                            \n                                <div id=\"post-8482\" class=\"aux-col post-8482\">\n                                    <article class=\"post column-entry post-8482 event_listing type-event_listing status-expired has-post-thumbnail hentry\">\n                                        <div class=\"entry-media\">\n                                            <div class=\"aux-media-frame aux-media-image aux-image-mask\">\n                                                <img decoding=\"async\"\n                                                loading=\"lazy\"\n                                                src=\"https:\/\/meeteu.eu\/wp-content\/uploads\/2022\/09\/6th-April-Klaus-scaled.jpg\"\n                                                class=\"aux-attachment aux-featured-image aux-attachment-id-8483 aux-preload aux-has-preview\"\n                                                alt=\"\"\n                                                data-src=\"https:\/\/meeteu.eu\/wp-content\/uploads\/2022\/09\/6th-April-Klaus-scaled.jpg\"\n                                                \/>\n                                            <\/div>\n                                        <\/div>\n\n                                        <header class=\"entry-header\">\n                                            <h4 class=\"entry-title\">\n                                                Orban heeft groots gewonnen! Quo vadis, Hongarije? De EU in moeilijke tijden!                                            <\/h4>\n                                        <\/header>\n\n                                        <div class=\"entry-main\">\n                                            <div class=\"entry-info\">\n                                                <div class=\"event-date\">\n                                                                                                            <i class=\"fas fa-calendar-alt\"><\/i>&nbsp;\n                                                    \n                                                                                                            <span>6 april 2022<\/span>\n                                                                                                        \n                                                    \n                                                                                                                                                        <\/div>\n\n                                                                                            <\/div>\n\n                                            <div class=\"entry-content\">\n                                                <p>\n<p>De Russische aanval op Oekra\u00efne domineert de nieuwscyclus. De EU staat voor een grote uitdaging op het gebied van eenheid en strategie, die haar voortbestaan in gevaar zou kunnen brengen. Onder de dekmantel van deze kritieke gebeurtenissen kregen de Hongaarse verkiezingen niet de aandacht die ze verdienen.<\/p>\n\n\n\n<p>Ondertussen kennen we de uitslag: Victor Orban, die de EU en Brussel altijd uitdaagt, heeft afgelopen weekend een beslissende overwinning behaald.<\/p>\n\n\n\n<p>Tijdens het MeetEU-evenement van vandaag willen we beter begrijpen waarom de Hongaarse verkiezingen zijn verlopen zoals ze zijn verlopen en wat we in de toekomst van Hongarije kunnen verwachten.<\/p>\n<\/p>\n                                                <div class=\"clear\"><\/div>\n                                            <\/div>\n\n                                                                                    <\/div>\n                                    <\/article>\n                                <\/div>\n                            \n                                <div id=\"post-8484\" class=\"aux-col post-8484\">\n                                    <article class=\"post column-entry post-8484 event_listing type-event_listing status-expired has-post-thumbnail hentry\">\n                                        <div class=\"entry-media\">\n                                            <div class=\"aux-media-frame aux-media-image aux-image-mask\">\n                                                <img decoding=\"async\"\n                                                loading=\"lazy\"\n                                                src=\"https:\/\/meeteu.eu\/wp-content\/uploads\/2022\/09\/5-April-AI.jpg\"\n                                                class=\"aux-attachment aux-featured-image aux-attachment-id-8485 aux-preload aux-has-preview\"\n                                                alt=\"\"\n                                                data-src=\"https:\/\/meeteu.eu\/wp-content\/uploads\/2022\/09\/5-April-AI.jpg\"\n                                                \/>\n                                            <\/div>\n                                        <\/div>\n\n                                        <header class=\"entry-header\">\n                                            <h4 class=\"entry-title\">\n                                                Kan er een AI zijn die gebaseerd is op Europese waarden?                                            <\/h4>\n                                        <\/header>\n\n                                        <div class=\"entry-main\">\n                                            <div class=\"entry-info\">\n                                                <div class=\"event-date\">\n                                                                                                            <i class=\"fas fa-calendar-alt\"><\/i>&nbsp;\n                                                    \n                                                                                                            <span>5 april 2022<\/span>\n                                                                                                        \n                                                    \n                                                                                                                                                        <\/div>\n\n                                                                                            <\/div>\n\n                                            <div class=\"entry-content\">\n                                                <p>\n<p>Kunstmatige intelligentie brengt veel voordelen met zich mee. Maar er zijn ook zorgen, bijvoorbeeld over gezichtsherkenning en algoritmen die verkiezingen be\u00efnvloeden.<\/p>\n\n\n\n<p>Hoe kan de EU haar burgers tegen deze risico's beschermen? Zal het mogelijk zijn om een AI te cre\u00ebren die gebaseerd is op Europese waarden - zonder achterop te raken in de mondiale technologiewedloop?<\/p>\n\n\n\n<p>Laten we erover praten met Brando Benifei, lid van het Europees Parlement en verantwoordelijk voor EU-wetgeving over AI.<\/p>\n<\/p>\n                                                <div class=\"clear\"><\/div>\n                                            <\/div>\n\n                                                                                    <\/div>\n                                    <\/article>\n                                <\/div>\n                            \n                                <div id=\"post-8487\" class=\"aux-col post-8487\">\n                                    <article class=\"post column-entry post-8487 event_listing type-event_listing status-expired has-post-thumbnail hentry\">\n                                        <div class=\"entry-media\">\n                                            <div class=\"aux-media-frame aux-media-image aux-image-mask\">\n                                                <img decoding=\"async\"\n                                                loading=\"lazy\"\n                                                src=\"https:\/\/meeteu.eu\/wp-content\/uploads\/2022\/09\/223-Sameday.jpg\"\n                                                class=\"aux-attachment aux-featured-image aux-attachment-id-8488 aux-preload aux-has-preview\"\n                                                alt=\"\"\n                                                data-src=\"https:\/\/meeteu.eu\/wp-content\/uploads\/2022\/09\/223-Sameday.jpg\"\n                                                \/>\n                                            <\/div>\n                                        <\/div>\n\n                                        <header class=\"entry-header\">\n                                            <h4 class=\"entry-title\">\n                                                Hoe kunnen we onze afhankelijkheid van Russische energie verminderen?                                            <\/h4>\n                                        <\/header>\n\n                                        <div class=\"entry-main\">\n                                            <div class=\"entry-info\">\n                                                <div class=\"event-date\">\n                                                                                                            <i class=\"fas fa-calendar-alt\"><\/i>&nbsp;\n                                                    \n                                                                                                            <span>22 maart 2022<\/span>\n                                                                                                        \n                                                    \n                                                                                                                                                        <\/div>\n\n                                                                                            <\/div>\n\n                                            <div class=\"entry-content\">\n                                                <p>\n<p>41% van het aardgas dat de Europese Unie importeert, komt uit Rusland (Eurostat 2019). De lidstaten van de EU sturen jaarlijks miljarden naar Moskou en besluiten tegelijkertijd tot economische sancties met als doel druk uit te oefenen op de regering van Poetin. Voor velen lijkt dit tegenstrijdig.<\/p>\n\n\n\n<p>Om het nog erger te maken: Rusland is ook een belangrijke leverancier van aardolie aan de EU. Dus wat kan de EU doen om onafhankelijker te worden? Hoe snel kunnen we onze importbronnen diversifi\u00ebren, en nog belangrijker: wat als Rusland morgen de gaskraan dichtdraait?<\/p>\n\n\n\n<p>Laten we erover praten met een expert van de Europese Commissie.<\/p>\n<\/p>\n                                                <div class=\"clear\"><\/div>\n                                            <\/div>\n\n                                                                                    <\/div>\n                                    <\/article>\n                                <\/div>\n                            \n                                <div id=\"post-8489\" class=\"aux-col post-8489\">\n                                    <article class=\"post column-entry post-8489 event_listing type-event_listing status-expired has-post-thumbnail hentry\">\n                                        <div class=\"entry-media\">\n                                            <div class=\"aux-media-frame aux-media-image aux-image-mask\">\n                                                <img decoding=\"async\"\n                                                loading=\"lazy\"\n                                                src=\"https:\/\/meeteu.eu\/wp-content\/uploads\/2022\/09\/15-March-CoFoE-Campaign.jpg\"\n                                                class=\"aux-attachment aux-featured-image aux-attachment-id-8490 aux-preload aux-has-preview\"\n                                                alt=\"\"\n                                                data-src=\"https:\/\/meeteu.eu\/wp-content\/uploads\/2022\/09\/15-March-CoFoE-Campaign.jpg\"\n                                                \/>\n                                            <\/div>\n                                        <\/div>\n\n                                        <header class=\"entry-header\">\n                                            <h4 class=\"entry-title\">\n                                                Hoe bereik je meer jongeren? Conferentie over de toekomst van Europa                                            <\/h4>\n                                        <\/header>\n\n                                        <div class=\"entry-main\">\n                                            <div class=\"entry-info\">\n                                                <div class=\"event-date\">\n                                                                                                            <i class=\"fas fa-calendar-alt\"><\/i>&nbsp;\n                                                    \n                                                                                                            <span>15 maart 2022<\/span>\n                                                                                                        \n                                                    \n                                                                                                                                                        <\/div>\n\n                                                                                            <\/div>\n\n                                            <div class=\"entry-content\">\n                                                <p>\n<p>In november hebben we een campagne gelanceerd om jonge Europeanen bewust te maken van de Conferentie over de toekomst van Europa. We hebben materiaal voorbereid zoals video's, een website voor leerkrachten en een e-mailsjabloon voor studenten in alle 24 talen van de EU. Maar we zijn nog niet klaar, kijk wat er nu komt en hoe je mee kunt doen!<\/p>\n<\/p>\n                                                <div class=\"clear\"><\/div>\n                                            <\/div>\n\n                                                                                    <\/div>\n                                    <\/article>\n                                <\/div>\n                            \n                                <div id=\"post-8492\" class=\"aux-col post-8492\">\n                                    <article class=\"post column-entry post-8492 event_listing type-event_listing status-expired has-post-thumbnail hentry\">\n                                        <div class=\"entry-media\">\n                                            <div class=\"aux-media-frame aux-media-image aux-image-mask\">\n                                                <img decoding=\"async\"\n                                                loading=\"lazy\"\n                                                src=\"https:\/\/meeteu.eu\/wp-content\/uploads\/2022\/09\/8-Mar-Ukraine.jpg\"\n                                                class=\"aux-attachment aux-featured-image aux-attachment-id-8493 aux-preload aux-has-preview\"\n                                                alt=\"\"\n                                                data-src=\"https:\/\/meeteu.eu\/wp-content\/uploads\/2022\/09\/8-Mar-Ukraine.jpg\"\n                                                \/>\n                                            <\/div>\n                                        <\/div>\n\n                                        <header class=\"entry-header\">\n                                            <h4 class=\"entry-title\">\n                                                Oorlog in Oekra\u00efne - Wat nu, EU?                                            <\/h4>\n                                        <\/header>\n\n                                        <div class=\"entry-main\">\n                                            <div class=\"entry-info\">\n                                                <div class=\"event-date\">\n                                                                                                            <i class=\"fas fa-calendar-alt\"><\/i>&nbsp;\n                                                    \n                                                                                                            <span>8 maart 2022<\/span>\n                                                                                                        \n                                                    \n                                                                                                                                                        <\/div>\n\n                                                                                            <\/div>\n\n                                            <div class=\"entry-content\">\n                                                <p>\n<p>De beelden uit Oekra\u00efne schokken ons allemaal en de situatie zal onvermijdelijk leiden tot veranderingen binnen de EU. Aan de ene kant gaat het om de integratie van vluchtelingen, aan de andere kant stelt de inval van Rusland ook het veiligheidsbeleid van Europa tot nu toe ter discussie.<\/p>\n\n\n\n<p>Zal het conflict leiden tot nauwere samenwerking tussen de lidstaten? Zal de huidige situatie de kwestie van Europese strategische autonomie en defensieve capaciteit op de voorgrond plaatsen?<\/p>\n<\/p>\n                                                <div class=\"clear\"><\/div>\n                                            <\/div>\n\n                                                                                    <\/div>\n                                    <\/article>\n                                <\/div>\n                            \n                                <div id=\"post-8494\" class=\"aux-col post-8494\">\n                                    <article class=\"post column-entry post-8494 event_listing type-event_listing status-expired has-post-thumbnail hentry\">\n                                        <div class=\"entry-media\">\n                                            <div class=\"aux-media-frame aux-media-image aux-image-mask\">\n                                                <img decoding=\"async\"\n                                                loading=\"lazy\"\n                                                src=\"https:\/\/meeteu.eu\/wp-content\/uploads\/2020\/09\/European_Home_Parliaments_Pulse_of_Europe.jpg\"\n                                                class=\"aux-attachment aux-featured-image aux-attachment-id-1670 aux-preload aux-has-preview\"\n                                                alt=\"\"\n                                                data-src=\"https:\/\/meeteu.eu\/wp-content\/uploads\/2020\/09\/European_Home_Parliaments_Pulse_of_Europe.jpg\"\n                                                \/>\n                                            <\/div>\n                                        <\/div>\n\n                                        <header class=\"entry-header\">\n                                            <h4 class=\"entry-title\">\n                                                Het Europa van morgen, laten we voorstellen uitwerken! Homeparlement door Pulse of Europe                                            <\/h4>\n                                        <\/header>\n\n                                        <div class=\"entry-main\">\n                                            <div class=\"entry-info\">\n                                                <div class=\"event-date\">\n                                                                                                            <i class=\"fas fa-calendar-alt\"><\/i>&nbsp;\n                                                    \n                                                                                                            <span>22 februari 2022<\/span>\n                                                                                                        \n                                                    \n                                                                                                                                                        <\/div>\n\n                                                                                            <\/div>\n\n                                            <div class=\"entry-content\">\n                                                <p>\n<p>Met Klaus, MeetEU teamlid en actief in Pulse of Europe zullen we deelnemen aan de volgende ronde van House Parliaments. Wat gaan we bespreken? De rol van de Raad, ecologische kwesties en meer. Je ontvangt een informatiepakket van Pulse of Europe wanneer je deelneemt.<\/p>\n\n\n\n<p>Dit evenement is uitzonderlijk geen inloop evenement, registreer je van tevoren op niceto@meeteu.eu.<\/p>\n<\/p>\n                                                <div class=\"clear\"><\/div>\n                                            <\/div>\n\n                                                                                    <\/div>\n                                    <\/article>\n                                <\/div>\n                            \n                                <div id=\"post-8496\" class=\"aux-col post-8496\">\n                                    <article class=\"post column-entry post-8496 event_listing type-event_listing status-expired has-post-thumbnail hentry\">\n                                        <div class=\"entry-media\">\n                                            <div class=\"aux-media-frame aux-media-image aux-image-mask\">\n                                                <img decoding=\"async\"\n                                                loading=\"lazy\"\n                                                src=\"https:\/\/meeteu.eu\/wp-content\/uploads\/2022\/09\/Feb.-15-Schumann.jpg\"\n                                                class=\"aux-attachment aux-featured-image aux-attachment-id-8497 aux-preload aux-has-preview\"\n                                                alt=\"\"\n                                                data-src=\"https:\/\/meeteu.eu\/wp-content\/uploads\/2022\/09\/Feb.-15-Schumann.jpg\"\n                                                \/>\n                                            <\/div>\n                                        <\/div>\n\n                                        <header class=\"entry-header\">\n                                            <h4 class=\"entry-title\">\n                                                Maak deel uit van de volgende generatie stagiairs van het Europees Parlement!\u00a0                                            <\/h4>\n                                        <\/header>\n\n                                        <div class=\"entry-main\">\n                                            <div class=\"entry-info\">\n                                                <div class=\"event-date\">\n                                                                                                            <i class=\"fas fa-calendar-alt\"><\/i>&nbsp;\n                                                    \n                                                                                                            <span>15 februari 2022<\/span>\n                                                                                                        \n                                                    \n                                                                                                                                                        <\/div>\n\n                                                                                            <\/div>\n\n                                            <div class=\"entry-content\">\n                                                <p>\n<h4 class=\"wp-block-heading\">Maak deel uit van de volgende generatie stagiairs van het Europees Parlement!\u00a0<\/h4>\n\n\n\n<p>Samen met een huidige stagiair van het Europees Parlement bij het verbindingskantoor in M\u00fcnchen nemen we een kijkje bij de Schumann-stage: Wat zijn de taken? Waarom zou je solliciteren en vooral: Hoe kun je solliciteren?<\/p>\n<\/p>\n                                                <div class=\"clear\"><\/div>\n                                            <\/div>\n\n                                                                                    <\/div>\n                                    <\/article>\n                                <\/div>\n                            \n                                <div id=\"post-8500\" class=\"aux-col post-8500\">\n                                    <article class=\"post column-entry post-8500 event_listing type-event_listing status-expired has-post-thumbnail hentry\">\n                                        <div class=\"entry-media\">\n                                            <div class=\"aux-media-frame aux-media-image aux-image-mask\">\n                                                <img decoding=\"async\"\n                                                loading=\"lazy\"\n                                                src=\"https:\/\/meeteu.eu\/wp-content\/uploads\/2022\/09\/Neumann_8-Feb.jpg\"\n                                                class=\"aux-attachment aux-featured-image aux-attachment-id-8501 aux-preload aux-has-preview\"\n                                                alt=\"\"\n                                                data-src=\"https:\/\/meeteu.eu\/wp-content\/uploads\/2022\/09\/Neumann_8-Feb.jpg\"\n                                                \/>\n                                            <\/div>\n                                        <\/div>\n\n                                        <header class=\"entry-header\">\n                                            <h4 class=\"entry-title\">\n                                                Afghanistan - Een wake-up call voor een feministisch buitenlands beleid van de EU?\u00a0                                            <\/h4>\n                                        <\/header>\n\n                                        <div class=\"entry-main\">\n                                            <div class=\"entry-info\">\n                                                <div class=\"event-date\">\n                                                                                                            <i class=\"fas fa-calendar-alt\"><\/i>&nbsp;\n                                                    \n                                                                                                            <span>8 februari 2022<\/span>\n                                                                                                        \n                                                    \n                                                                                                                                                        <\/div>\n\n                                                                                            <\/div>\n\n                                            <div class=\"entry-content\">\n                                                <p>\n<p>Traditioneel buitenlands beleid richt zich op militaire kracht en nationale belangen. Mensenrechten spelen een ondergeschikte rol. Steeds meer landen kiezen daarom voor een 'feministisch buitenlands beleid'. Maar wat houdt dat precies in? Wordt onze wereld er vreedzamer van? En was de machtsovername door de Taliban in augustus 2021 een wake-up call voor een nieuw feministisch buitenlands beleid van de EU?<\/p>\n\n\n\n<p>Een gesprek met&nbsp;<strong>Hannah Neumann, lid van het Europees Parlement<\/strong>&nbsp;(Verts\/ALE). Ze is vicevoorzitter van de mensenrechtencommissie van het Europees Parlement. Voordat ze bij het Europees Parlement kwam, werkte ze als consultant voor vredesprojecten.<\/p>\n<\/p>\n                                                <div class=\"clear\"><\/div>\n                                            <\/div>\n\n                                                                                    <\/div>\n                                    <\/article>\n                                <\/div>\n                            \n                                <div id=\"post-8502\" class=\"aux-col post-8502\">\n                                    <article class=\"post column-entry post-8502 event_listing type-event_listing status-expired has-post-thumbnail hentry\">\n                                        <div class=\"entry-media\">\n                                            <div class=\"aux-media-frame aux-media-image aux-image-mask\">\n                                                <img decoding=\"async\"\n                                                loading=\"lazy\"\n                                                src=\"https:\/\/meeteu.eu\/wp-content\/uploads\/2022\/09\/01-Feb.-I.jpg\"\n                                                class=\"aux-attachment aux-featured-image aux-attachment-id-8503 aux-preload aux-has-preview\"\n                                                alt=\"\"\n                                                data-src=\"https:\/\/meeteu.eu\/wp-content\/uploads\/2022\/09\/01-Feb.-I.jpg\"\n                                                \/>\n                                            <\/div>\n                                        <\/div>\n\n                                        <header class=\"entry-header\">\n                                            <h4 class=\"entry-title\">\n                                                Universeel basisinkomen in Europa - Is het mogelijk of een utopie?                                            <\/h4>\n                                        <\/header>\n\n                                        <div class=\"entry-main\">\n                                            <div class=\"entry-info\">\n                                                <div class=\"event-date\">\n                                                                                                            <i class=\"fas fa-calendar-alt\"><\/i>&nbsp;\n                                                    \n                                                                                                            <span>1 februari 2022<\/span>\n                                                                                                        \n                                                    \n                                                                                                                                                        <\/div>\n\n                                                                                            <\/div>\n\n                                            <div class=\"entry-content\">\n                                                <p>\n<p>Het universeel basisinkomen is een overheidsprogramma om armoede te verlichten door periodieke, vaste, directe betalingen aan elke burger. Is het mogelijk om dit op Europese schaal toe te passen? Welke voor- en nadelen heeft het?<\/p>\n\n\n\n<p>Kom dit onderwerp bespreken met Europarlementari\u00ebr Francisco Guerreiro (Verts\/ALE).<\/p>\n\n\n\n<p>Francisco Guerreiro heeft een documentaire van 12 afleveringen geproduceerd genaamd \"UBI: Een weg naar vrijheid\", waarin het onderwerp op een pragmatische manier wordt benaderd, met meer dan 50 ge\u00efnterviewden met verschillende perspectieven op het onderwerp.<\/p>\n<\/p>\n                                                <div class=\"clear\"><\/div>\n                                            <\/div>\n\n                                                                                    <\/div>\n                                    <\/article>\n                                <\/div>\n                            \n                                <div id=\"post-8504\" class=\"aux-col post-8504\">\n                                    <article class=\"post column-entry post-8504 event_listing type-event_listing status-expired has-post-thumbnail hentry\">\n                                        <div class=\"entry-media\">\n                                            <div class=\"aux-media-frame aux-media-image aux-image-mask\">\n                                                <img decoding=\"async\"\n                                                loading=\"lazy\"\n                                                src=\"https:\/\/meeteu.eu\/wp-content\/uploads\/2022\/09\/Klaus-25-Januar.jpg\"\n                                                class=\"aux-attachment aux-featured-image aux-attachment-id-8505 aux-preload aux-has-preview\"\n                                                alt=\"\"\n                                                data-src=\"https:\/\/meeteu.eu\/wp-content\/uploads\/2022\/09\/Klaus-25-Januar.jpg\"\n                                                \/>\n                                            <\/div>\n                                        <\/div>\n\n                                        <header class=\"entry-header\">\n                                            <h4 class=\"entry-title\">\n                                                Een groener Europa - Wat moet er gebeuren?                                            <\/h4>\n                                        <\/header>\n\n                                        <div class=\"entry-main\">\n                                            <div class=\"entry-info\">\n                                                <div class=\"event-date\">\n                                                                                                            <i class=\"fas fa-calendar-alt\"><\/i>&nbsp;\n                                                    \n                                                                                                            <span>25 januari 2022<\/span>\n                                                                                                        \n                                                    \n                                                                                                                                                        <\/div>\n\n                                                                                            <\/div>\n\n                                            <div class=\"entry-content\">\n                                                <p>\n<p>In mei 2020 lanceerde de Europese Unie de Conferentie over de toekomst van Europa, bijna 13000 idee\u00ebn werden gedeeld door burgers in 10 categorie\u00ebn. Tijdens ons evenement zullen we enkele van de meer dan 2000 idee\u00ebn over klimaatverandering en milieu bespreken.<\/p>\n\n\n\n<p>We zullen de populairste voorstellen onder de loep nemen en bekijken wat we kunnen ondersteunen en wat we misschien willen toevoegen. Breng gewoon je nieuwsgierigheid mee, wij zorgen voor de rest!<\/p>\n\n\n\n<p>Georganiseerd door MeetEU-lid Klaus.&nbsp;<\/p>\n<\/p>\n                                                <div class=\"clear\"><\/div>\n                                            <\/div>\n\n                                                                                    <\/div>\n                                    <\/article>\n                                <\/div>\n                            \n                                <div id=\"post-8506\" class=\"aux-col post-8506\">\n                                    <article class=\"post column-entry post-8506 event_listing type-event_listing status-expired has-post-thumbnail hentry\">\n                                        <div class=\"entry-media\">\n                                            <div class=\"aux-media-frame aux-media-image aux-image-mask\">\n                                                <img decoding=\"async\"\n                                                loading=\"lazy\"\n                                                src=\"https:\/\/meeteu.eu\/wp-content\/uploads\/2022\/09\/17.-Jan.jpg\"\n                                                class=\"aux-attachment aux-featured-image aux-attachment-id-8507 aux-preload aux-has-preview\"\n                                                alt=\"\"\n                                                data-src=\"https:\/\/meeteu.eu\/wp-content\/uploads\/2022\/09\/17.-Jan.jpg\"\n                                                \/>\n                                            <\/div>\n                                        <\/div>\n\n                                        <header class=\"entry-header\">\n                                            <h4 class=\"entry-title\">\n                                                Verkiezingen in Portugal - Hoe ziet de toekomst eruit?                                            <\/h4>\n                                        <\/header>\n\n                                        <div class=\"entry-main\">\n                                            <div class=\"entry-info\">\n                                                <div class=\"event-date\">\n                                                                                                            <i class=\"fas fa-calendar-alt\"><\/i>&nbsp;\n                                                    \n                                                                                                            <span>18 januari 2022<\/span>\n                                                                                                        \n                                                    \n                                                                                                                                                        <\/div>\n\n                                                                                            <\/div>\n\n                                            <div class=\"entry-content\">\n                                                <p>\n<p>Omdat de Portugese staatsbegroting niet werd goedgekeurd door het parlement, ontbond de president van Portugal het parlement en riep hij de burgers op om te stemmen op 30 januari.<\/p>\n\n\n\n<p>Zal de Socialistische Partij onder leiding van Ant\u00f3nio Costa in de regering kunnen blijven en een meerderheid halen, of krijgt Portugal een andere regering? Kom op 18 januari meer te weten over Portugal en zijn politieke partijen!<\/p>\n\n\n\n<p>Dit evenement wordt georganiseerd door twee studenten politieke wetenschappen en MeetEU-leden uit Portugal.<\/p>\n<\/p>\n                                                <div class=\"clear\"><\/div>\n                                            <\/div>\n\n                                                                                    <\/div>\n                                    <\/article>\n                                <\/div>\n                            \n                                <div id=\"post-8508\" class=\"aux-col post-8508\">\n                                    <article class=\"post column-entry post-8508 event_listing type-event_listing status-expired has-post-thumbnail hentry\">\n                                        <div class=\"entry-media\">\n                                            <div class=\"aux-media-frame aux-media-image aux-image-mask\">\n                                                <img decoding=\"async\"\n                                                loading=\"lazy\"\n                                                src=\"https:\/\/meeteu.eu\/wp-content\/uploads\/2022\/09\/21st-December-Conference.jpg\"\n                                                class=\"aux-attachment aux-featured-image aux-attachment-id-8509 aux-preload aux-has-preview\"\n                                                alt=\"\"\n                                                data-src=\"https:\/\/meeteu.eu\/wp-content\/uploads\/2022\/09\/21st-December-Conference.jpg\"\n                                                \/>\n                                            <\/div>\n                                        <\/div>\n\n                                        <header class=\"entry-header\">\n                                            <h4 class=\"entry-title\">\n                                                Conferentie over de toekomst van Europa - Vanuit het oogpunt van een deelnemer                                            <\/h4>\n                                        <\/header>\n\n                                        <div class=\"entry-main\">\n                                            <div class=\"entry-info\">\n                                                <div class=\"event-date\">\n                                                                                                            <i class=\"fas fa-calendar-alt\"><\/i>&nbsp;\n                                                    \n                                                                                                            <span>21 december 2021<\/span>\n                                                                                                        \n                                                    \n                                                                                                                                                        <\/div>\n\n                                                                                            <\/div>\n\n                                            <div class=\"entry-content\">\n                                                <p>\n<p>Honderden willekeurig gekozen burgers kwamen in verschillende Europese steden bijeen om te discussi\u00ebren over hoe onze toekomst in de EU eruit zou moeten zien. Tijdens de vier panels wisselden ze verschillende meningen uit en werkten ze aan voorstellen die later in de plenaire vergadering besproken zullen worden.&nbsp;<\/p>\n\n\n\n<p>Een van de deelnemers zal zijn ervaringen delen, ons vertellen wat hij leuk vond en wat moeilijk voor hem was.&nbsp;<\/p>\n\n\n\n<p>Vraag- en antwoordsessie met Vasco, willekeurig gekozen vertegenwoordiger van de Conferentie over de toekomst van Europa op het gebied van \"Digitale transformatie\".<\/p>\n\n\n\n<p><strong><a href=\"https:\/\/meeteu.eu\/nl\/registration\/\">Registreer hier<\/a>&nbsp;- en we sturen je vlak voor het evenement een herinneringse-mail met de inloggegevens.<\/strong><\/p>\n\n\n\n<p>(Let op: je krijgt geen bevestigingse-mail na je registratie. We sturen je alleen kort voor het evenement een herinneringse-mail met registratiegegevens).&nbsp;<\/p>\n<\/p>\n                                                <div class=\"clear\"><\/div>\n                                            <\/div>\n\n                                                                                    <\/div>\n                                    <\/article>\n                                <\/div>\n                            \n                                <div id=\"post-8510\" class=\"aux-col post-8510\">\n                                    <article class=\"post column-entry post-8510 event_listing type-event_listing status-expired has-post-thumbnail hentry\">\n                                        <div class=\"entry-media\">\n                                            <div class=\"aux-media-frame aux-media-image aux-image-mask\">\n                                                <img decoding=\"async\"\n                                                loading=\"lazy\"\n                                                src=\"https:\/\/meeteu.eu\/wp-content\/uploads\/2022\/09\/07-December-Walsh.jpg\"\n                                                class=\"aux-attachment aux-featured-image aux-attachment-id-8511 aux-preload aux-has-preview\"\n                                                alt=\"\"\n                                                data-src=\"https:\/\/meeteu.eu\/wp-content\/uploads\/2022\/09\/07-December-Walsh.jpg\"\n                                                \/>\n                                            <\/div>\n                                        <\/div>\n\n                                        <header class=\"entry-header\">\n                                            <h4 class=\"entry-title\">\n                                                Een dag in de schoenen van een lid van het Europees Parlement                                            <\/h4>\n                                        <\/header>\n\n                                        <div class=\"entry-main\">\n                                            <div class=\"entry-info\">\n                                                <div class=\"event-date\">\n                                                                                                            <i class=\"fas fa-calendar-alt\"><\/i>&nbsp;\n                                                    \n                                                                                                            <span>7 december 2021<\/span>\n                                                                                                        \n                                                    \n                                                                                                                                                        <\/div>\n\n                                                                                            <\/div>\n\n                                            <div class=\"entry-content\">\n                                                <p>\n<p>Europarlementari\u00ebrs zijn onze vertegenwoordigers in het Europees Parlement, een van de drie wetgevende takken van de EU. Maar wat betekent dat? Wat doet een lid van het Europees Parlement eigenlijk? En wat houdt een dag in de schoenen van een EP-lid in? Lees meer over een dag uit het leven van Maria Walsh, lid van het Europees Parlement voor de Europese Volkspartij in het kiesdistrict Midlands-Noordwest van Ierland, en stel haar uw vragen over de rol van een lid van het Europees Parlement.<\/p>\n<\/p>\n                                                <div class=\"clear\"><\/div>\n                                            <\/div>\n\n                                                                                    <\/div>\n                                    <\/article>\n                                <\/div>\n                            \n                                <div id=\"post-8512\" class=\"aux-col post-8512\">\n                                    <article class=\"post column-entry post-8512 event_listing type-event_listing status-expired has-post-thumbnail hentry\">\n                                        <div class=\"entry-media\">\n                                            <div class=\"aux-media-frame aux-media-image aux-image-mask\">\n                                                <img decoding=\"async\"\n                                                loading=\"lazy\"\n                                                src=\"https:\/\/meeteu.eu\/wp-content\/uploads\/2022\/09\/2-dec-Visual-1.jpg\"\n                                                class=\"aux-attachment aux-featured-image aux-attachment-id-8513 aux-preload aux-has-preview\"\n                                                alt=\"\"\n                                                data-src=\"https:\/\/meeteu.eu\/wp-content\/uploads\/2022\/09\/2-dec-Visual-1.jpg\"\n                                                \/>\n                                            <\/div>\n                                        <\/div>\n\n                                        <header class=\"entry-header\">\n                                            <h4 class=\"entry-title\">\n                                                Hoe buitenlandse inmenging tegengaan?                                            <\/h4>\n                                        <\/header>\n\n                                        <div class=\"entry-main\">\n                                            <div class=\"entry-info\">\n                                                <div class=\"event-date\">\n                                                                                                            <i class=\"fas fa-calendar-alt\"><\/i>&nbsp;\n                                                    \n                                                                                                            <span>2 december 2021<\/span>\n                                                                                                        \n                                                    \n                                                                                                                                                        <\/div>\n\n                                                                                            <\/div>\n\n                                            <div class=\"entry-content\">\n                                                <p>\n<p>Buitenlandse inmenging neemt wereldwijd toe. Zowel de EU als Taiwan staan voor ongekende uitdagingen en hybride bedreigingen. Wat doet de EU, wat doet Taiwan en wat kunnen we samen doen?<\/p>\n\n\n\n<p>Laten we erover praten met lid van het Europees Parlement&nbsp;<a href=\"https:\/\/www.europarl.europa.eu\/meps\/en\/197549\/MARKETA_GREGOROVA\/home\" rel=\"noopener\">Mark\u00e9ta Gregorov\u00e1<\/a>&nbsp;(Pir\u00e1ti Tsjechi\u00eb\/Groep De Groenen\/EVA). Onlangs nam ze deel aan het bezoek van het Europees Parlement aan Taiwan om daar desinformatie en buitenlandse inmenging te bespreken.<\/p>\n<\/p>\n                                                <div class=\"clear\"><\/div>\n                                            <\/div>\n\n                                                                                    <\/div>\n                                    <\/article>\n                                <\/div>\n                            \n                                <div id=\"post-8514\" class=\"aux-col post-8514\">\n                                    <article class=\"post column-entry post-8514 event_listing type-event_listing status-expired has-post-thumbnail hentry\">\n                                        <div class=\"entry-media\">\n                                            <div class=\"aux-media-frame aux-media-image aux-image-mask\">\n                                                <img decoding=\"async\"\n                                                loading=\"lazy\"\n                                                src=\"https:\/\/meeteu.eu\/wp-content\/uploads\/2022\/09\/Nov.-30-China-Propaganda.jpg\"\n                                                class=\"aux-attachment aux-featured-image aux-attachment-id-8515 aux-preload aux-has-preview\"\n                                                alt=\"\"\n                                                data-src=\"https:\/\/meeteu.eu\/wp-content\/uploads\/2022\/09\/Nov.-30-China-Propaganda.jpg\"\n                                                \/>\n                                            <\/div>\n                                        <\/div>\n\n                                        <header class=\"entry-header\">\n                                            <h4 class=\"entry-title\">\n                                                China's propaganda-inspanningen in de Europese Unie                                            <\/h4>\n                                        <\/header>\n\n                                        <div class=\"entry-main\">\n                                            <div class=\"entry-info\">\n                                                <div class=\"event-date\">\n                                                                                                            <i class=\"fas fa-calendar-alt\"><\/i>&nbsp;\n                                                    \n                                                                                                            <span>30 november 2021<\/span>\n                                                                                                        \n                                                    \n                                                                                                                                                        <\/div>\n\n                                                                                            <\/div>\n\n                                            <div class=\"entry-content\">\n                                                <p>\n<p>Welke invloed heeft de Chinese propagandamachine op de politieke opinie in Europa? Welke alternatieve verhalen probeert men op te zetten? Welke problemen laten ze verdwijnen? En hoe kan Europa reageren op deze pogingen?<\/p>\n\n\n\n<p>Laten we daarover praten met analist Ivana Kar\u00e1skov\u00e1, oprichter van&nbsp;<a href=\"https:\/\/mapinfluence.eu\/en\/\" rel=\"noopener\">KaartInfluenCE<\/a>een internationaal project dat de invloed van China in Centraal-Europa in kaart brengt. Ivana presenteerde haar onderzoek aan leden van het Europees Parlement en het Amerikaanse Congres. Haar onderzoeksresultaten verschenen in internationale kranten, zoals The New York Times en Le Monde.<\/p>\n<\/p>\n                                                <div class=\"clear\"><\/div>\n                                            <\/div>\n\n                                                                                    <\/div>\n                                    <\/article>\n                                <\/div>\n                            \n                                <div id=\"post-8516\" class=\"aux-col post-8516\">\n                                    <article class=\"post column-entry post-8516 event_listing type-event_listing status-expired has-post-thumbnail hentry\">\n                                        <div class=\"entry-media\">\n                                            <div class=\"aux-media-frame aux-media-image aux-image-mask\">\n                                                <img decoding=\"async\"\n                                                loading=\"lazy\"\n                                                src=\"https:\/\/meeteu.eu\/wp-content\/uploads\/2022\/09\/16.-Nov-CoFoE.jpg\"\n                                                class=\"aux-attachment aux-featured-image aux-attachment-id-8517 aux-preload aux-has-preview\"\n                                                alt=\"\"\n                                                data-src=\"https:\/\/meeteu.eu\/wp-content\/uploads\/2022\/09\/16.-Nov-CoFoE.jpg\"\n                                                \/>\n                                            <\/div>\n                                        <\/div>\n\n                                        <header class=\"entry-header\">\n                                            <h4 class=\"entry-title\">\n                                                Conferentie over de toekomst van Europa - Laten we de boodschap verspreiden                                            <\/h4>\n                                        <\/header>\n\n                                        <div class=\"entry-main\">\n                                            <div class=\"entry-info\">\n                                                <div class=\"event-date\">\n                                                                                                            <i class=\"fas fa-calendar-alt\"><\/i>&nbsp;\n                                                    \n                                                                                                            <span>16 november 2021<\/span>\n                                                                                                        \n                                                    \n                                                                                                                                                        <\/div>\n\n                                                                                            <\/div>\n\n                                            <div class=\"entry-content\">\n                                                <p>\n<p>Onze toekomst staat op het spel, maar hoeveel van onze vrienden en familie weten van de mogelijkheid om die toekomst vorm te geven? Niet genoeg! Ook al ligt een groot deel van het programma al achter ons, laten we ons richten op de laatste weken om nog meer burgers te motiveren om deel te nemen aan de Conferentie over de toekomst van Europa.<\/p>\n\n\n\n<p>Samen met jullie willen we bespreken wat de burgers van Europa kunnen doen om de conferentie meer bekendheid te geven. Tegelijkertijd nodigen we jullie uit om deel te nemen aan ons nieuwe advertentieproject, dat aanstaande dinsdag van start gaat!<\/p>\n<\/p>\n                                                <div class=\"clear\"><\/div>\n                                            <\/div>\n\n                                                                                    <\/div>\n                                    <\/article>\n                                <\/div>\n                            \n                                <div id=\"post-8518\" class=\"aux-col post-8518\">\n                                    <article class=\"post column-entry post-8518 event_listing type-event_listing status-expired has-post-thumbnail hentry\">\n                                        <div class=\"entry-media\">\n                                            <div class=\"aux-media-frame aux-media-image aux-image-mask\">\n                                                <img decoding=\"async\"\n                                                loading=\"lazy\"\n                                                src=\"https:\/\/meeteu.eu\/wp-content\/uploads\/2022\/09\/9n-11-Klaus-2.jpg\"\n                                                class=\"aux-attachment aux-featured-image aux-attachment-id-8519 aux-preload aux-has-preview\"\n                                                alt=\"\"\n                                                data-src=\"https:\/\/meeteu.eu\/wp-content\/uploads\/2022\/09\/9n-11-Klaus-2.jpg\"\n                                                \/>\n                                            <\/div>\n                                        <\/div>\n\n                                        <header class=\"entry-header\">\n                                            <h4 class=\"entry-title\">\n                                                Een federaal Europa - Waar heb je het over?                                            <\/h4>\n                                        <\/header>\n\n                                        <div class=\"entry-main\">\n                                            <div class=\"entry-info\">\n                                                <div class=\"event-date\">\n                                                                                                            <i class=\"fas fa-calendar-alt\"><\/i>&nbsp;\n                                                    \n                                                                                                            <span>9 november 2021<\/span>\n                                                                                                        \n                                                    \n                                                                                                                                                        <\/div>\n\n                                                                                            <\/div>\n\n                                            <div class=\"entry-content\">\n                                                <p>\n<p>Er wordt veel gesproken over een federaal Europa, een Verenigde Staten van Europa. Maar wat is dat precies? En waarom zouden we er meer of minder van willen? In dit evenement willen we verschillende nationale perspectieven verkennen en op zoek gaan naar een overlap. We nodigen je uit om deel te nemen!<\/p>\n<\/p>\n                                                <div class=\"clear\"><\/div>\n                                            <\/div>\n\n                                                                                    <\/div>\n                                    <\/article>\n                                <\/div>\n                            \n                                <div id=\"post-8520\" class=\"aux-col post-8520\">\n                                    <article class=\"post column-entry post-8520 event_listing type-event_listing status-expired has-post-thumbnail hentry\">\n                                        <div class=\"entry-media\">\n                                            <div class=\"aux-media-frame aux-media-image aux-image-mask\">\n                                                <img decoding=\"async\"\n                                                loading=\"lazy\"\n                                                src=\"https:\/\/meeteu.eu\/wp-content\/uploads\/2022\/09\/2n-11-Lars.jpg\"\n                                                class=\"aux-attachment aux-featured-image aux-attachment-id-8521 aux-preload aux-has-preview\"\n                                                alt=\"\"\n                                                data-src=\"https:\/\/meeteu.eu\/wp-content\/uploads\/2022\/09\/2n-11-Lars.jpg\"\n                                                \/>\n                                            <\/div>\n                                        <\/div>\n\n                                        <header class=\"entry-header\">\n                                            <h4 class=\"entry-title\">\n                                                Wat als de EU een federale staat zou worden?                                            <\/h4>\n                                        <\/header>\n\n                                        <div class=\"entry-main\">\n                                            <div class=\"entry-info\">\n                                                <div class=\"event-date\">\n                                                                                                            <i class=\"fas fa-calendar-alt\"><\/i>&nbsp;\n                                                    \n                                                                                                            <span>2 november 2021<\/span>\n                                                                                                        \n                                                    \n                                                                                                                                                        <\/div>\n\n                                                                                            <\/div>\n\n                                            <div class=\"entry-content\">\n                                                <p>\n<p>Een van de meest gesteunde idee\u00ebn op het Europese Jeugdevenement dit jaar was een Europese Federatie. Hoe zou deze functioneren? Wat zou zij implementeren? En wat zou het betekenen voor de toekomst van de Europese lidstaten?<\/p>\n\n\n\n<p>In onze workshop zullen we eerst de voor- en nadelen van dit scenario onderzoeken. Daarna gaan we samenwerken om de toekomst van Europa opnieuw vorm te geven met een Europese Federatie in gedachten.<\/p>\n<\/p>\n                                                <div class=\"clear\"><\/div>\n                                            <\/div>\n\n                                                                                    <\/div>\n                                    <\/article>\n                                <\/div>\n                            \n                                <div id=\"post-8522\" class=\"aux-col post-8522\">\n                                    <article class=\"post column-entry post-8522 event_listing type-event_listing status-expired has-post-thumbnail hentry\">\n                                        <div class=\"entry-media\">\n                                            <div class=\"aux-media-frame aux-media-image aux-image-mask\">\n                                                <img decoding=\"async\"\n                                                loading=\"lazy\"\n                                                src=\"https:\/\/meeteu.eu\/wp-content\/uploads\/2022\/09\/EYE2021.jpg\"\n                                                class=\"aux-attachment aux-featured-image aux-attachment-id-8523 aux-preload aux-has-preview\"\n                                                alt=\"\"\n                                                data-src=\"https:\/\/meeteu.eu\/wp-content\/uploads\/2022\/09\/EYE2021.jpg\"\n                                                \/>\n                                            <\/div>\n                                        <\/div>\n\n                                        <header class=\"entry-header\">\n                                            <h4 class=\"entry-title\">\n                                                EYE2021 - Een reis naar Europa: Wat hebben we gedaan en hoe nu verder?                                            <\/h4>\n                                        <\/header>\n\n                                        <div class=\"entry-main\">\n                                            <div class=\"entry-info\">\n                                                <div class=\"event-date\">\n                                                                                                            <i class=\"fas fa-calendar-alt\"><\/i>&nbsp;\n                                                    \n                                                                                                            <span>26 oktober 2021<\/span>\n                                                                                                        \n                                                    \n                                                                                                                                                        <\/div>\n\n                                                                                            <\/div>\n\n                                            <div class=\"entry-content\">\n                                                <p>\n<p>MeetEU had dit jaar de geweldige kans om deel te nemen aan het European Youth Event. Meer dan 4.500 jongeren kwamen bijeen in het Europees Parlement in Straatsburg om workshops te geven of bij te wonen, van gedachten te wisselen, EU-beleidsmakers te ontmoeten en elkaar te inspireren.<\/p>\n\n\n\n<p>Kom meer te weten over onze activiteiten daar - in het hart van de Europese democratie.<\/p>\n<\/p>\n                                                <div class=\"clear\"><\/div>\n                                            <\/div>\n\n                                                                                    <\/div>\n                                    <\/article>\n                                <\/div>\n                            \n                                <div id=\"post-8524\" class=\"aux-col post-8524\">\n                                    <article class=\"post column-entry post-8524 event_listing type-event_listing status-expired has-post-thumbnail hentry\">\n                                        <div class=\"entry-media\">\n                                            <div class=\"aux-media-frame aux-media-image aux-image-mask\">\n                                                <img decoding=\"async\"\n                                                loading=\"lazy\"\n                                                src=\"https:\/\/meeteu.eu\/wp-content\/uploads\/2022\/09\/Oct.-19-Mayor-Citizens-Talk-DE.jpg\"\n                                                class=\"aux-attachment aux-featured-image aux-attachment-id-8525 aux-preload aux-has-preview\"\n                                                alt=\"\"\n                                                data-src=\"https:\/\/meeteu.eu\/wp-content\/uploads\/2022\/09\/Oct.-19-Mayor-Citizens-Talk-DE.jpg\"\n                                                \/>\n                                            <\/div>\n                                        <\/div>\n\n                                        <header class=\"entry-header\">\n                                            <h4 class=\"entry-title\">\n                                                Burgerburgemeesters praten - Hoe de Green Deal in Europese steden te realiseren                                            <\/h4>\n                                        <\/header>\n\n                                        <div class=\"entry-main\">\n                                            <div class=\"entry-info\">\n                                                <div class=\"event-date\">\n                                                                                                            <i class=\"fas fa-calendar-alt\"><\/i>&nbsp;\n                                                    \n                                                                                                            <span>19 oktober 2021<\/span>\n                                                                                                        \n                                                    \n                                                                                                                                                        <\/div>\n\n                                                                                            <\/div>\n\n                                            <div class=\"entry-content\">\n                                                <p><p>Als onderdeel van de Conferentie over de toekomst van Europa organiseerde het transnationale project MeetEU.eu een burgemeestersbijeenkomst over de toekomst van Europa.<br \/>\nonline evenement over de implementatie van het Europees groen in de steden van Europa. Als sprekers verwelkomden we Jeanne<br \/>\nBarseghian, burgemeester van Straatsburg, en Katrin Habenschaden, tweede burgemeester van M\u00fcnchen. Het evenement bestond uit twee delen<br \/>\ndelen, eerst een uitwisseling van vragen en idee\u00ebn over deze vragen:<\/p>\n<p>I. Hoe behoudt of maximaliseert jouw stad groene open ruimtes?<br \/>\nruimtes?<br \/>\nII. Wat doet jouw stad om steden en voorsteden koolstofvrij te maken?<br \/>\nvervoer?<br \/>\nIII. Wat doet jouw stad om gebouwen koolstofvrij te maken?<\/p>\n<p>In de tweede helft van het evenement ontwikkelden burgers idee\u00ebn over de drie onderwerpen in breakout rooms. Daarna kwamen we terug naar de plenaire vergadering en bespraken we de idee\u00ebn met Katrin Habenschaden.<\/p>\n<p>I. Groene ruimten (bestaande beschermen en nieuwe cre\u00ebren)<br \/>\nII. Nieuwe mobiliteitsconcepten voor goederen en personen<br \/>\nIII. Gebouwen sneller koolstofvrij maken<\/p>\n<\/p>\n                                                <div class=\"clear\"><\/div>\n                                            <\/div>\n\n                                                                                    <\/div>\n                                    <\/article>\n                                <\/div>\n                            \n                                <div id=\"post-8528\" class=\"aux-col post-8528\">\n                                    <article class=\"post column-entry post-8528 event_listing type-event_listing status-expired has-post-thumbnail hentry\">\n                                        <div class=\"entry-media\">\n                                            <div class=\"aux-media-frame aux-media-image aux-image-mask\">\n                                                <img decoding=\"async\"\n                                                loading=\"lazy\"\n                                                src=\"https:\/\/meeteu.eu\/wp-content\/uploads\/2022\/09\/MeetEU_-_Czech_Republic_Elections_2021.jpg\"\n                                                class=\"aux-attachment aux-featured-image aux-attachment-id-8529 aux-preload aux-has-preview\"\n                                                alt=\"\"\n                                                data-src=\"https:\/\/meeteu.eu\/wp-content\/uploads\/2022\/09\/MeetEU_-_Czech_Republic_Elections_2021.jpg\"\n                                                \/>\n                                            <\/div>\n                                        <\/div>\n\n                                        <header class=\"entry-header\">\n                                            <h4 class=\"entry-title\">\n                                                Verkiezingen in Tsjechi\u00eb: Wat het betekent voor Europa                                            <\/h4>\n                                        <\/header>\n\n                                        <div class=\"entry-main\">\n                                            <div class=\"entry-info\">\n                                                <div class=\"event-date\">\n                                                                                                            <i class=\"fas fa-calendar-alt\"><\/i>&nbsp;\n                                                    \n                                                                                                            <span>5 oktober 2021<\/span>\n                                                                                                        \n                                                    \n                                                                                                                                                        <\/div>\n\n                                                                                            <\/div>\n\n                                            <div class=\"entry-content\">\n                                                <p>\n<p>Volgend weekend gaan de Tsjechen naar de stembus. We spreken met Adam Trune\u010dka, vicevoorzitter van Mlad\u00ed Evropan\u00e9 - YEF CZ, om uit de eerste hand te horen wat er op het spel staat bij deze verkiezingen.<\/p>\n\n\n\n<p>Adam legt je uit hoe de Tsjechische politiek eruitziet, wie de volgende regering zou kunnen vormen en wat de mogelijke gevolgen voor de EU zijn.<\/p>\n\n\n\n<p>Adam, 21 jaar, studeert politieke wetenschappen aan de Karelsuniversiteit in Praag. Momenteel is hij ook activist in de Stand For Something-campagne, die jongeren aanmoedigt om zich in te zetten voor de Conferentie over de toekomst van Europa.<\/p>\n<\/p>\n                                                <div class=\"clear\"><\/div>\n                                            <\/div>\n\n                                                                                    <\/div>\n                                    <\/article>\n                                <\/div>\n                            \n                                <div id=\"post-8530\" class=\"aux-col post-8530\">\n                                    <article class=\"post column-entry post-8530 event_listing type-event_listing status-expired has-post-thumbnail hentry\">\n                                        <div class=\"entry-media\">\n                                            <div class=\"aux-media-frame aux-media-image aux-image-mask\">\n                                                <img decoding=\"async\"\n                                                loading=\"lazy\"\n                                                src=\"https:\/\/meeteu.eu\/wp-content\/uploads\/2022\/09\/Stories-from-Europe.jpg\"\n                                                class=\"aux-attachment aux-featured-image aux-attachment-id-8531 aux-preload aux-has-preview\"\n                                                alt=\"\"\n                                                data-src=\"https:\/\/meeteu.eu\/wp-content\/uploads\/2022\/09\/Stories-from-Europe.jpg\"\n                                                \/>\n                                            <\/div>\n                                        <\/div>\n\n                                        <header class=\"entry-header\">\n                                            <h4 class=\"entry-title\">\n                                                Verhalen uit Europa - Vertel ons over jouw zomer!                                            <\/h4>\n                                        <\/header>\n\n                                        <div class=\"entry-main\">\n                                            <div class=\"entry-info\">\n                                                <div class=\"event-date\">\n                                                                                                            <i class=\"fas fa-calendar-alt\"><\/i>&nbsp;\n                                                    \n                                                                                                            <span>27 september 2021<\/span>\n                                                                                                        \n                                                    \n                                                                                                                                                        <\/div>\n\n                                                                                            <\/div>\n\n                                            <div class=\"entry-content\">\n                                                <p>\n<p>De meesten van ons genoten van de zomer, reizen was weer mogelijk, je kon familie en vrienden ontmoeten of de warme dagen in je eigen regio doorbrengen. Laten we erover praten! In een kleine ronde willen we foto's laten zien, samen lachen en jullie interessante verhalen horen.<\/p>\n\n\n\n<p>Als je niet hebt gereisd, maak je dan geen zorgen: je verhalen kunnen ouder zijn.<\/p>\n<\/p>\n                                                <div class=\"clear\"><\/div>\n                                            <\/div>\n\n                                                                                    <\/div>\n                                    <\/article>\n                                <\/div>\n                            \n                                <div id=\"post-8532\" class=\"aux-col post-8532\">\n                                    <article class=\"post column-entry post-8532 event_listing type-event_listing status-expired has-post-thumbnail hentry\">\n                                        <div class=\"entry-media\">\n                                            <div class=\"aux-media-frame aux-media-image aux-image-mask\">\n                                                <img decoding=\"async\"\n                                                loading=\"lazy\"\n                                                src=\"https:\/\/meeteu.eu\/wp-content\/uploads\/2022\/09\/Bundestagswahl.jpg\"\n                                                class=\"aux-attachment aux-featured-image aux-attachment-id-8533 aux-preload aux-has-preview\"\n                                                alt=\"\"\n                                                data-src=\"https:\/\/meeteu.eu\/wp-content\/uploads\/2022\/09\/Bundestagswahl.jpg\"\n                                                \/>\n                                            <\/div>\n                                        <\/div>\n\n                                        <header class=\"entry-header\">\n                                            <h4 class=\"entry-title\">\n                                                Europese verwachtingen - Wat de nieuwe Duitse kanselier moet leveren\u00a0                                            <\/h4>\n                                        <\/header>\n\n                                        <div class=\"entry-main\">\n                                            <div class=\"entry-info\">\n                                                <div class=\"event-date\">\n                                                                                                            <i class=\"fas fa-calendar-alt\"><\/i>&nbsp;\n                                                    \n                                                                                                            <span>21 september 2021<\/span>\n                                                                                                        \n                                                    \n                                                                                                                                                        <\/div>\n\n                                                                                            <\/div>\n\n                                            <div class=\"entry-content\">\n                                                <p>\n<p>Polen's vrijheidsicoon Lech Walesa gelooft dat grootmacht Duitsland een diep hervormde, of een volledig herbouwde Europese Unie moet leiden, in het kielzog van een mogelijke Brexit. (Euractive 2016)<\/p>\n\n\n\n<p>of<\/p>\n\n\n\n<p>Duitsland met zijn krenterige aanpak van euro-obligaties, gemeenschappelijke schulden en uitgaven zou zich uit de voeten moeten maken en het Europese leiderschap moeten overlaten aan progressievere landen als Frankrijk en Itali\u00eb.\u00a0<\/p>\n\n\n\n<p>Tussen deze twee standpunten vari\u00ebren de verwachtingen van de Europese burgers.<\/p>\n\n\n\n<p>Wees bereid om de verwachtingen van je landgenoten te bespreken! Na een korte introductie krijg je de gelegenheid om je mening te geven.<\/p>\n<\/p>\n                                                <div class=\"clear\"><\/div>\n                                            <\/div>\n\n                                                                                    <\/div>\n                                    <\/article>\n                                <\/div>\n                            \n                                <div id=\"post-8534\" class=\"aux-col post-8534\">\n                                    <article class=\"post column-entry post-8534 event_listing type-event_listing status-expired has-post-thumbnail hentry\">\n                                        <div class=\"entry-media\">\n                                            <div class=\"aux-media-frame aux-media-image aux-image-mask\">\n                                                <img decoding=\"async\"\n                                                loading=\"lazy\"\n                                                src=\"https:\/\/meeteu.eu\/wp-content\/uploads\/2022\/09\/15-Sept.-Norway-Elections.jpg\"\n                                                class=\"aux-attachment aux-featured-image aux-attachment-id-8535 aux-preload aux-has-preview\"\n                                                alt=\"\"\n                                                data-src=\"https:\/\/meeteu.eu\/wp-content\/uploads\/2022\/09\/15-Sept.-Norway-Elections.jpg\"\n                                                \/>\n                                            <\/div>\n                                        <\/div>\n\n                                        <header class=\"entry-header\">\n                                            <h4 class=\"entry-title\">\n                                                Noorse verkiezingen en een post-olie Europa                                            <\/h4>\n                                        <\/header>\n\n                                        <div class=\"entry-main\">\n                                            <div class=\"entry-info\">\n                                                <div class=\"event-date\">\n                                                                                                            <i class=\"fas fa-calendar-alt\"><\/i>&nbsp;\n                                                    \n                                                                                                            <span>15 september 2021<\/span>\n                                                                                                        \n                                                    \n                                                                                                                                                        <\/div>\n\n                                                                                            <\/div>\n\n                                            <div class=\"entry-content\">\n                                                <p>\n<p>Noorwegen is momenteel de op \u00e9\u00e9n na grootste exporteur van aardgas naar de EU, na Rusland. Hoewel Noorwegen geen lid is van de EU, speelt het via de EER en de EVA een belangrijke rol in het energiebeleid van de EU door olie te leveren en tussen 18%-25% van de vraag naar gas in de EU. Voor Noorwegen zijn olie en gas goed voor ongeveer de helft van de totale waarde van de Noorse export, waardoor ze de belangrijkste exportgoederen van de Noorse economie zijn.<\/p>\n\n\n\n<p>Met een versplinterd electoraat lijkt de vorming van een Noorse regeringscoalitie echter afhankelijk te zijn van de kleinere partijen, en zij roepen op tot een einde aan de olie- en gasexploratie. In een verrassende zet na een achterstand in de peilingen en met slechts twee weken voor de verkiezingen, stelde de regering van zittend premier Erna Solberg voor om de manier waarop ze belasting heft op bedrijven die aardolie winnen te herzien.<\/p>\n\n\n\n<p>Volgens sommigen dreigen de veranderingen de stabiliteit van de op aardolie gebaseerde basis van het Noorse belastingstelsel in twijfel te trekken en het huidige energiebeleid van de EU op zijn kop te zetten. Wat betekent dit voor een Europa na de oliewinning en hoe zal het de politiek van de Noorse olie- en gasimporteurs (Duitsland, Nederland, Zweden, Frankrijk, Belgi\u00eb, Denemarken en anderen) be\u00efnvloeden?<\/p>\n\n\n\n<p><\/p>\n<\/p>\n                                                <div class=\"clear\"><\/div>\n                                            <\/div>\n\n                                                                                    <\/div>\n                                    <\/article>\n                                <\/div>\n                            \n                                <div id=\"post-8537\" class=\"aux-col post-8537\">\n                                    <article class=\"post column-entry post-8537 event_listing type-event_listing status-expired has-post-thumbnail hentry\">\n                                        <div class=\"entry-media\">\n                                            <div class=\"aux-media-frame aux-media-image aux-image-mask\">\n                                                <img decoding=\"async\"\n                                                loading=\"lazy\"\n                                                src=\"https:\/\/meeteu.eu\/wp-content\/uploads\/2022\/09\/Bluebook.jpg\"\n                                                class=\"aux-attachment aux-featured-image aux-attachment-id-8538 aux-preload aux-has-preview\"\n                                                alt=\"\"\n                                                data-src=\"https:\/\/meeteu.eu\/wp-content\/uploads\/2022\/09\/Bluebook.jpg\"\n                                                \/>\n                                            <\/div>\n                                        <\/div>\n\n                                        <header class=\"entry-header\">\n                                            <h4 class=\"entry-title\">\n                                                <strong>Beleef de EU van binnenuit - Vraag en antwoord met Carolina, voormalig Blue Book-stagiair bij de Europese Commissie<\/strong>                                            <\/h4>\n                                        <\/header>\n\n                                        <div class=\"entry-main\">\n                                            <div class=\"entry-info\">\n                                                <div class=\"event-date\">\n                                                                                                            <i class=\"fas fa-calendar-alt\"><\/i>&nbsp;\n                                                    \n                                                                                                            <span>20 juli 2021<\/span>\n                                                                                                        \n                                                    \n                                                                                                                                                        <\/div>\n\n                                                                                            <\/div>\n\n                                            <div class=\"entry-content\">\n                                                <p>\n<p>Wil je werken in het hart van de Europese Unie? Vergaderingen en openbare hoorzittingen bijwonen in een multiculturele omgeving? Actuele politieke onderwerpen onderzoeken en het beheer van EU-overschrijdende projecten ondersteunen? Droom er niet over - probeer het! Iedereen, ongeacht leeftijd, kan solliciteren naar een Blue Book-stage bij de Europese Commissie. Een bachelordiploma en goede talenkennis zijn vereist. De duur van de stage is vijf maanden. Sollicitaties worden geaccepteerd vanaf 2 augustus.<\/p>\n\n\n\n<p>Carolina, een Blue Book-stagiair in 2020, vertelt je hoe je moet solliciteren, welke vaardigheden vereist zijn en wat je nog meer moet weten.<\/p>\n\n\n\n<p>Registreer om mee te doen!&nbsp;<a href=\"https:\/\/meeteu.eu\/nl\/registration\/\">https:\/\/meeteu.eu\/registration\/<\/a><\/p>\n\n\n\n<p>Carolina kijkt ernaar uit om je vragen te beantwoorden!<\/p>\n<\/p>\n                                                <div class=\"clear\"><\/div>\n                                            <\/div>\n\n                                                                                    <\/div>\n                                    <\/article>\n                                <\/div>\n                            \n                                <div id=\"post-8666\" class=\"aux-col post-8666\">\n                                    <article class=\"post column-entry post-8666 event_listing type-event_listing status-expired has-post-thumbnail hentry\">\n                                        <div class=\"entry-media\">\n                                            <div class=\"aux-media-frame aux-media-image aux-image-mask\">\n                                                <img decoding=\"async\"\n                                                loading=\"lazy\"\n                                                src=\"https:\/\/meeteu.eu\/wp-content\/uploads\/2022\/09\/EU-Elections.png\"\n                                                class=\"aux-attachment aux-featured-image aux-attachment-id-8667 aux-preload aux-has-preview\"\n                                                alt=\"\"\n                                                data-src=\"https:\/\/meeteu.eu\/wp-content\/uploads\/2022\/09\/EU-Elections.png\"\n                                                \/>\n                                            <\/div>\n                                        <\/div>\n\n                                        <header class=\"entry-header\">\n                                            <h4 class=\"entry-title\">\n                                                EU-verkiezingsvoorstel - Waar staan we vandaag?                                            <\/h4>\n                                        <\/header>\n\n                                        <div class=\"entry-main\">\n                                            <div class=\"entry-info\">\n                                                <div class=\"event-date\">\n                                                                                                            <i class=\"fas fa-calendar-alt\"><\/i>&nbsp;\n                                                    \n                                                                                                            <span>13 juli 2021<\/span>\n                                                                                                                                                                <span>19:00 (BST)<\/span>\n                                                    \n                                                    \n                                                                                                                                                        <\/div>\n\n                                                                                            <\/div>\n\n                                            <div class=\"entry-content\">\n                                                <p>\n<p>Er is veel gebeurd sinds we begonnen met het ontwikkelen van het voorstel: een uitwisseling met Europarlementari\u00ebr Daniel Freund, een gedetailleerd werkdocument, talloze discussies met u en experts op het gebied van Europees recht - we zijn goed op weg.<\/p>\n\n\n\n<p>De feedback heeft ons met de vraag opgezadeld: Welke rol spelen Europese politieke partijen in ons voorstel? Is het voldoende om alleen naar Europese fracties te kijken? We zijn op zoek naar antwoorden op deze vragen, en jij kunt ons helpen die te vinden!<\/p>\n\n\n\n<p>Lees het voorstel en deel je mening tijdens het evenement.<\/p>\n<\/p>\n                                                <div class=\"clear\"><\/div>\n                                            <\/div>\n\n                                                                                    <\/div>\n                                    <\/article>\n                                <\/div>\n                            \n                                <div id=\"post-8541\" class=\"aux-col post-8541\">\n                                    <article class=\"post column-entry post-8541 event_listing type-event_listing status-expired has-post-thumbnail hentry\">\n                                        <div class=\"entry-media\">\n                                            <div class=\"aux-media-frame aux-media-image aux-image-mask\">\n                                                <img decoding=\"async\"\n                                                loading=\"lazy\"\n                                                src=\"https:\/\/meeteu.eu\/wp-content\/uploads\/2022\/09\/Slovenia.JPG.jpg\"\n                                                class=\"aux-attachment aux-featured-image aux-attachment-id-8542 aux-preload aux-has-preview\"\n                                                alt=\"\"\n                                                data-src=\"https:\/\/meeteu.eu\/wp-content\/uploads\/2022\/09\/Slovenia.JPG.jpg\"\n                                                \/>\n                                            <\/div>\n                                        <\/div>\n\n                                        <header class=\"entry-header\">\n                                            <h4 class=\"entry-title\">\n                                                Sloveens voorzitterschap: Wat zijn de belangrijkste prioriteiten?                                            <\/h4>\n                                        <\/header>\n\n                                        <div class=\"entry-main\">\n                                            <div class=\"entry-info\">\n                                                <div class=\"event-date\">\n                                                                                                            <i class=\"fas fa-calendar-alt\"><\/i>&nbsp;\n                                                    \n                                                                                                            <span>6 juli 2021<\/span>\n                                                                                                        \n                                                    \n                                                                                                                                                        <\/div>\n\n                                                                                            <\/div>\n\n                                            <div class=\"entry-content\">\n                                                <p>\n<p>Sloveni\u00eb nam op 1 juli het voorzitterschap van de Raad van de Europese Unie over en kwam daarmee in het centrum van de Europese politieke gebeurtenissen te staan. Het voorzitterschap komt echter op een kritiek moment waarop veel belangrijke kwesties moeten worden aangepakt, waaronder het beheer van de Corona-crisis. Onder het motto \"Samen. Veerkrachtig. Europa.\" Sloveni\u00eb heeft vier prioriteiten gesteld voor het voorzitterschap: herstel en grotere veerkracht van de EU, nadenken over de toekomst van Europa, versterking van de rechtsstaat en de Europese waarden, en veiligheid en stabiliteit in de Europese nabuurschap. Dus wat betekent het voor Sloveni\u00eb om het voorzitterschap te bekleden? Hoe zal het zijn prioriteiten uitvoeren? Wie is betrokken bij het voorzitterschap? Wat is nog meer belangrijk om te weten? Op dinsdag 6 juli om 5:00 CET zal Nastja Klimencic Schmidt van het Verbindingsbureau van het Europees Parlement in Ljubljana de prioriteiten van het Sloveense voorzitterschap toelichten en al uw vragen over dit onderwerp beantwoorden. Het online evenement wordt in het Engels gehouden op WebEx.<\/p>\n<\/p>\n                                                <div class=\"clear\"><\/div>\n                                            <\/div>\n\n                                                                                    <\/div>\n                                    <\/article>\n                                <\/div>\n                            \n                                <div id=\"post-8543\" class=\"aux-col post-8543\">\n                                    <article class=\"post column-entry post-8543 event_listing type-event_listing status-expired has-post-thumbnail hentry\">\n                                        <div class=\"entry-media\">\n                                            <div class=\"aux-media-frame aux-media-image aux-image-mask\">\n                                                <img decoding=\"async\"\n                                                loading=\"lazy\"\n                                                src=\"https:\/\/meeteu.eu\/wp-content\/uploads\/2022\/09\/Travelling-in-the-EU.jpg\"\n                                                class=\"aux-attachment aux-featured-image aux-attachment-id-8544 aux-preload aux-has-preview\"\n                                                alt=\"\"\n                                                data-src=\"https:\/\/meeteu.eu\/wp-content\/uploads\/2022\/09\/Travelling-in-the-EU.jpg\"\n                                                \/>\n                                            <\/div>\n                                        <\/div>\n\n                                        <header class=\"entry-header\">\n                                            <h4 class=\"entry-title\">\n                                                De zomer komt eraan - Waar ga je heen?                                            <\/h4>\n                                        <\/header>\n\n                                        <div class=\"entry-main\">\n                                            <div class=\"entry-info\">\n                                                <div class=\"event-date\">\n                                                                                                            <i class=\"fas fa-calendar-alt\"><\/i>&nbsp;\n                                                    \n                                                                                                            <span>29 juni 2021<\/span>\n                                                                                                        \n                                                    \n                                                                                                                                                        <\/div>\n\n                                                                                            <\/div>\n\n                                            <div class=\"entry-content\">\n                                                <p>\n<p>Na een jaar van wereldwijde pandemie, reisbeperkingen en sociale afstand, hebben we dit jaar opnieuw de kans om zonder al te veel hindernissen de EU-grenzen over te steken en de diversiteit van onze Unie te ervaren.<\/p>\n\n\n\n<p>Maak je van de gelegenheid gebruik om alle uitstapjes in te halen die je de afgelopen maanden niet hebt kunnen maken, of blijf je lekker thuis relaxen?<\/p>\n\n\n\n<p>Kom op een ontspannen dinsdagavond met ons praten - en kijk wat de anderen van plan zijn.<\/p>\n\n\n\n<p><strong>Voor nieuwe leden is dit een uitstekende gelegenheid om in contact te komen met het MeetEU-team.<\/strong><\/p>\n\n\n\n<p>Dit evenement vindt plaats op&nbsp;<a href=\"https:\/\/meeteu.eu\/nl\/how-to-access-meeteu\/\">Discord<\/a>.<\/p>\n<\/p>\n                                                <div class=\"clear\"><\/div>\n                                            <\/div>\n\n                                                                                    <\/div>\n                                    <\/article>\n                                <\/div>\n                            \n                                <div id=\"post-8545\" class=\"aux-col post-8545\">\n                                    <article class=\"post column-entry post-8545 event_listing type-event_listing status-expired has-post-thumbnail hentry\">\n                                        <div class=\"entry-media\">\n                                            <div class=\"aux-media-frame aux-media-image aux-image-mask\">\n                                                <img decoding=\"async\"\n                                                loading=\"lazy\"\n                                                src=\"https:\/\/meeteu.eu\/wp-content\/uploads\/2022\/09\/Samira_Rafaela.jpg\"\n                                                class=\"aux-attachment aux-featured-image aux-attachment-id-8546 aux-preload aux-has-preview\"\n                                                alt=\"\"\n                                                data-src=\"https:\/\/meeteu.eu\/wp-content\/uploads\/2022\/09\/Samira_Rafaela.jpg\"\n                                                \/>\n                                            <\/div>\n                                        <\/div>\n\n                                        <header class=\"entry-header\">\n                                            <h4 class=\"entry-title\">\n                                                <strong>Mercosur &amp; de EU - Wat brengt de toekomst?<\/strong>                                            <\/h4>\n                                        <\/header>\n\n                                        <div class=\"entry-main\">\n                                            <div class=\"entry-info\">\n                                                <div class=\"event-date\">\n                                                                                                            <i class=\"fas fa-calendar-alt\"><\/i>&nbsp;\n                                                    \n                                                                                                            <span>22 juni 2021<\/span>\n                                                                                                        \n                                                    \n                                                                                                                                                        <\/div>\n\n                                                                                            <\/div>\n\n                                            <div class=\"entry-content\">\n                                                <p>\n<p>In juni 2019 werd een handelsakkoord bereikt met de Mercosur-landen (Brazili\u00eb, Argentini\u00eb, Paraguay, Bolivia en Uruguay). Sindsdien stapelen de berichten over het hoge gebruik van pesticiden, het gevaar voor de voedselveiligheid en de toenemende milieu-impact van de extensieve landbouw in de regio's zich op. Vooral Parijs heeft de druk opgevoerd, officieel vanwege bezorgdheid over het milieu.<\/p>\n\n\n\n<p>Tegelijkertijd streeft het Portugese voorzitterschap het doel na om vooruitgang te boeken met de overeenkomst. Wat kunnen we verwachten tegen het einde van het voorzitterschap? Wat betekent de vertraging voor de algemene relatie met het handelsblok en is de overeenkomst verenigbaar met de strijd tegen klimaatverandering? En nog belangrijker, zou het Brusselse effect kunnen leiden tot positieve veranderingen (bijv. milieubescherming in de productie) in de Zuid-Amerikaanse landen?<\/p>\n\n\n\n<p>Dit evenement vindt plaats op Zoom.<\/p>\n\n\n\n<p><strong>Registreer hier om een&nbsp;<a href=\"https:\/\/meeteu.eu\/nl\/registration\/\">herinneringse-mail met de inloggegevens.<\/a><\/strong><\/p>\n<\/p>\n                                                <div class=\"clear\"><\/div>\n                                            <\/div>\n\n                                                                                    <\/div>\n                                    <\/article>\n                                <\/div>\n                            \n                                <div id=\"post-8547\" class=\"aux-col post-8547\">\n                                    <article class=\"post column-entry post-8547 event_listing type-event_listing status-expired has-post-thumbnail hentry\">\n                                        <div class=\"entry-media\">\n                                            <div class=\"aux-media-frame aux-media-image aux-image-mask\">\n                                                <img decoding=\"async\"\n                                                loading=\"lazy\"\n                                                src=\"https:\/\/meeteu.eu\/wp-content\/uploads\/2022\/09\/Grant.jpg\"\n                                                class=\"aux-attachment aux-featured-image aux-attachment-id-8548 aux-preload aux-has-preview\"\n                                                alt=\"\"\n                                                data-src=\"https:\/\/meeteu.eu\/wp-content\/uploads\/2022\/09\/Grant.jpg\"\n                                                \/>\n                                            <\/div>\n                                        <\/div>\n\n                                        <header class=\"entry-header\">\n                                            <h4 class=\"entry-title\">\n                                                Maak van Europa weer Grant's                                            <\/h4>\n                                        <\/header>\n\n                                        <div class=\"entry-main\">\n                                            <div class=\"entry-info\">\n                                                <div class=\"event-date\">\n                                                                                                            <i class=\"fas fa-calendar-alt\"><\/i>&nbsp;\n                                                    \n                                                                                                            <span>15 juni 2021<\/span>\n                                                                                                        \n                                                    \n                                                                                                                                                        <\/div>\n\n                                                                                            <\/div>\n\n                                            <div class=\"entry-content\">\n                                                <p>\n<p>Grant Gallacher is een jonge 'Scottish Comedian Of the Year' finalist die net klaar is met zijn laatste uitverkochte Europese tournee. Hij is ook te zien geweest op BBC Radio Scotland, STV en heeft de afgelopen vijf jaar opgetreden op zowel het Edinburgh Fringe als het Glasgow International Comedy Festival.<\/p>\n\n\n\n<p>Hij woont nu in Praag en is gastheer van zowel de podcast Making Europe Grant's Again als het YouTube-kanaal VisualPolitik. Hij toert met comedyshows door heel Europa. Grant is beschreven als \"Zeker iemand die je niet mag missen\",&nbsp;<em>meestal door zijn moeder<\/em>.<\/p>\n\n\n\n<p>Mis ons volgende evenement niet! Dinsdag&nbsp;<strong>15 juni<\/strong>, 18:00 CEST (Central European Summer Time). Grant gaat ons vertellen hoe hij Brexit ontvluchtte, hoe hij gastheer werd van een van de meest succesvolle politieke YouTube-kanalen (meer dan een miljoen volgers), over zijn podcast en hoe het bier in Praag is!<\/p>\n<\/p>\n                                                <div class=\"clear\"><\/div>\n                                            <\/div>\n\n                                                                                    <\/div>\n                                    <\/article>\n                                <\/div>\n                            \n                                <div id=\"post-8549\" class=\"aux-col post-8549\">\n                                    <article class=\"post column-entry post-8549 event_listing type-event_listing status-expired has-post-thumbnail hentry\">\n                                        <div class=\"entry-media\">\n                                            <div class=\"aux-media-frame aux-media-image aux-image-mask\">\n                                                <img decoding=\"async\"\n                                                loading=\"lazy\"\n                                                src=\"https:\/\/meeteu.eu\/wp-content\/uploads\/2022\/09\/Yana.png\"\n                                                class=\"aux-attachment aux-featured-image aux-attachment-id-8550 aux-preload aux-has-preview\"\n                                                alt=\"\"\n                                                data-src=\"https:\/\/meeteu.eu\/wp-content\/uploads\/2022\/09\/Yana.png\"\n                                                \/>\n                                            <\/div>\n                                        <\/div>\n\n                                        <header class=\"entry-header\">\n                                            <h4 class=\"entry-title\">\n                                                Betrekkingen EU-Rusland in duigen?                                            <\/h4>\n                                        <\/header>\n\n                                        <div class=\"entry-main\">\n                                            <div class=\"entry-info\">\n                                                <div class=\"event-date\">\n                                                                                                            <i class=\"fas fa-calendar-alt\"><\/i>&nbsp;\n                                                    \n                                                                                                            <span>1 juni 2021<\/span>\n                                                                                                        \n                                                    \n                                                                                                                                                        <\/div>\n\n                                                                                            <\/div>\n\n                                            <div class=\"entry-content\">\n                                                <p>\n<p>De frequentie van de confrontaties tussen de EU en Rusland lijkt opnieuw toe te nemen.<\/p>\n\n\n\n<p>Mevrouw Yana Toom uit Estland en lid van de parlementaire samenwerkingscommissie EU-Rusland zal ons uitleggen wat er op het spel staat.<\/p>\n\n\n\n<p>Mis deze unieke kans niet om de situatie uitgelegd te krijgen door een expert en je vragen direct te stellen aan een MEP!<\/p>\n\n\n\n<p>Dit evenement vindt plaats op&nbsp;<a href=\"https:\/\/meeteu.eu\/nl\/how-to-access-meeteu\/\">Webex.<\/a><\/p>\n<\/p>\n                                                <div class=\"clear\"><\/div>\n                                            <\/div>\n\n                                                                                    <\/div>\n                                    <\/article>\n                                <\/div>\n                            \n                                <div id=\"post-8551\" class=\"aux-col post-8551\">\n                                    <article class=\"post column-entry post-8551 event_listing type-event_listing status-expired has-post-thumbnail hentry\">\n                                        <div class=\"entry-media\">\n                                            <div class=\"aux-media-frame aux-media-image aux-image-mask\">\n                                                <img decoding=\"async\"\n                                                loading=\"lazy\"\n                                                src=\"https:\/\/meeteu.eu\/wp-content\/uploads\/2022\/09\/Marques.png\"\n                                                class=\"aux-attachment aux-featured-image aux-attachment-id-8552 aux-preload aux-has-preview\"\n                                                alt=\"\"\n                                                data-src=\"https:\/\/meeteu.eu\/wp-content\/uploads\/2022\/09\/Marques.png\"\n                                                \/>\n                                            <\/div>\n                                        <\/div>\n\n                                        <header class=\"entry-header\">\n                                            <h4 class=\"entry-title\">\n                                                Regionale verschillen in Europa - Hoe kunnen we ze overwinnen?                                            <\/h4>\n                                        <\/header>\n\n                                        <div class=\"entry-main\">\n                                            <div class=\"entry-info\">\n                                                <div class=\"event-date\">\n                                                                                                            <i class=\"fas fa-calendar-alt\"><\/i>&nbsp;\n                                                    \n                                                                                                            <span>27 mei 2021<\/span>\n                                                                                                        \n                                                    \n                                                                                                                                                        <\/div>\n\n                                                                                            <\/div>\n\n                                            <div class=\"entry-content\">\n                                                <p>\n<p>Europa staat bekend om zijn beroemde steden zoals Parijs of Rome. Aan de andere kant zijn er landelijke gebieden zoals Alentejo en Transsylvani\u00eb. Het hebben van verschillende regio's met verschillende economie\u00ebn en verschillende behoeften in een verenigd Europa stelt ons voor grote uitdagingen.<\/p>\n\n\n\n<p>Om deze onevenwichtigheden te corrigeren heeft de EU verschillende fondsen gelanceerd om de economische en sociale cohesie te versterken, zoals het Europees Fonds voor Regionale Ontwikkeling (EFRO).<\/p>\n\n\n\n<p>Waar gaan deze fondsen over en waar gaat het geld naartoe? Hebben deze fondsen tot nu toe enig effect gehad? Praat mee met Pedro Marques, Europees Parlementslid S&amp;D.<\/p>\n\n\n\n<p>Dit evenement vindt plaats op\u00a0<a href=\"https:\/\/meeteu.eu\/nl\/how-to-access-meeteu\/\">Webex.<\/a><\/p>\n<\/p>\n                                                <div class=\"clear\"><\/div>\n                                            <\/div>\n\n                                                                                    <\/div>\n                                    <\/article>\n                                <\/div>\n                            \n                                <div id=\"post-8553\" class=\"aux-col post-8553\">\n                                    <article class=\"post column-entry post-8553 event_listing type-event_listing status-expired has-post-thumbnail hentry\">\n                                        <div class=\"entry-media\">\n                                            <div class=\"aux-media-frame aux-media-image aux-image-mask\">\n                                                <img decoding=\"async\"\n                                                loading=\"lazy\"\n                                                src=\"https:\/\/meeteu.eu\/wp-content\/uploads\/2022\/09\/Garcia.jpg\"\n                                                class=\"aux-attachment aux-featured-image aux-attachment-id-8554 aux-preload aux-has-preview\"\n                                                alt=\"\"\n                                                data-src=\"https:\/\/meeteu.eu\/wp-content\/uploads\/2022\/09\/Garcia.jpg\"\n                                                \/>\n                                            <\/div>\n                                        <\/div>\n\n                                        <header class=\"entry-header\">\n                                            <h4 class=\"entry-title\">\n                                                De conferentie over de toekomst van Europa - Wat kan het verschil maken?                                            <\/h4>\n                                        <\/header>\n\n                                        <div class=\"entry-main\">\n                                            <div class=\"entry-info\">\n                                                <div class=\"event-date\">\n                                                                                                            <i class=\"fas fa-calendar-alt\"><\/i>&nbsp;\n                                                    \n                                                                                                            <span>25 mei 2021<\/span>\n                                                                                                        \n                                                    \n                                                                                                                                                        <\/div>\n\n                                                                                            <\/div>\n\n                                            <div class=\"entry-content\">\n                                                <p>\n<p><em>\"De toekomst is van ons allemaal en we moeten deze beslissingen niet alleen in de Brusselse bubbel nemen\".<\/em>, zei Iraxte Garc\u00eda-Perez, voorzitter van de S&amp;D-Fractie, verwijzend naar de Conferentie over de toekomst van Europa (CoFoE).<\/p>\n\n\n\n<p>Maar zullen de EU-instellingen deze grote kans grijpen om hun wetgevende macht met de EU-burgers te delen? Tot nu toe hebben de Europese Commissie, het Europees Parlement en de Raad van de EU alleen toegezegd het eindresultaat snel te onderzoeken, zonder een specifiek stappenplan voor de inbreng van de burgers. Veel burgers vragen zich af: Zal de conferentie resulteren in eenvoudige werkdocumenten of de aanzet geven tot verdragswijzigingen?<\/p>\n\n\n\n<p>Deel je hoop en idee\u00ebn over de Conferentie over de toekomst van Europa met mevrouw Garc\u00eda-Perez, lid van de Raad van Bestuur van CoFoE: Leer hoe de conferentie wordt georganiseerd en hoe het een \"game changer\" in het EU-beleid kan worden.<\/p>\n\n\n\n<p>Dit evenement vindt plaats op&nbsp;<a href=\"https:\/\/meeteu.eu\/nl\/how-to-access-meeteu\/\">Webex.<\/a><\/p>\n\n\n\n<p><strong>Registreren&nbsp;<a href=\"https:\/\/meeteu.eu\/nl\/registration\/\">hier<\/a>&nbsp;<\/strong>om een herinnering met de link te ontvangen.<\/p>\n<\/p>\n                                                <div class=\"clear\"><\/div>\n                                            <\/div>\n\n                                                                                    <\/div>\n                                    <\/article>\n                                <\/div>\n                            \n                                <div id=\"post-8555\" class=\"aux-col post-8555\">\n                                    <article class=\"post column-entry post-8555 event_listing type-event_listing status-expired has-post-thumbnail hentry\">\n                                        <div class=\"entry-media\">\n                                            <div class=\"aux-media-frame aux-media-image aux-image-mask\">\n                                                <img decoding=\"async\"\n                                                loading=\"lazy\"\n                                                src=\"https:\/\/meeteu.eu\/wp-content\/uploads\/2022\/09\/Daniel-Freund.png\"\n                                                class=\"aux-attachment aux-featured-image aux-attachment-id-8556 aux-preload aux-has-preview\"\n                                                alt=\"\"\n                                                data-src=\"https:\/\/meeteu.eu\/wp-content\/uploads\/2022\/09\/Daniel-Freund.png\"\n                                                \/>\n                                            <\/div>\n                                        <\/div>\n\n                                        <header class=\"entry-header\">\n                                            <h4 class=\"entry-title\">\n                                                Europa redden door het verkiezingsproces te verbeteren                                            <\/h4>\n                                        <\/header>\n\n                                        <div class=\"entry-main\">\n                                            <div class=\"entry-info\">\n                                                <div class=\"event-date\">\n                                                                                                            <i class=\"fas fa-calendar-alt\"><\/i>&nbsp;\n                                                    \n                                                                                                            <span>18 mei 2021<\/span>\n                                                                                                        \n                                                    \n                                                                                                                                                        <\/div>\n\n                                                                                            <\/div>\n\n                                            <div class=\"entry-content\">\n                                                <p>\n<p>Dit is waar we het op 18 mei over zullen hebben met Daniel Freund, die in 2019 is gekozen tot lid van het Europees Parlement voor de Groene Partij.<\/p>\n\n\n\n<p>Bij verkiezingen voor het Europees Parlement ligt de nadruk niet op Europa. Ze worden nationaal gehouden, door nationale politici op nationale campagneplatforms die zich richten op nationale kwesties.<br>In onze lezing concentreren we ons op twee specifieke voorstellen om dat te veranderen: Ten eerste de invoering van \"transnationale kieslijsten\", een concept dat al sinds de jaren '90 in de maak is. Ten tweede, de invoering van&nbsp;<a href=\"https:\/\/futureu.europa.eu\/processes\/Democracy\/f\/6\/proposals\/203\" rel=\"noopener\">\"Transnationale campagneplatforms<\/a>, een idee ontwikkeld door het MeetEU-team en ingediend als voorstel voor het platform Conferentie over de toekomst van Europa.<\/p>\n\n\n\n<p>In ons gesprek met Daniel Freund verwachten we uit eerste hand van een politicus uit de frontlinie te horen hoe hij de voor- en nadelen van deze voorstellen beoordeelt en hoe waarschijnlijk het is dat ze worden aangenomen.<\/p>\n\n\n\n<p>Doe mee aan ons gesprek op 18 mei om 20:00 CEST om mee te luisteren en je gedachten mee te nemen.<\/p>\n\n\n\n<p>Dit evenement vindt plaats op&nbsp;<a href=\"https:\/\/meeteu.eu\/nl\/how-to-access-meeteu\/\">Webex.<\/a><\/p>\n<\/p>\n                                                <div class=\"clear\"><\/div>\n                                            <\/div>\n\n                                                                                    <\/div>\n                                    <\/article>\n                                <\/div>\n                            \n                                <div id=\"post-8557\" class=\"aux-col post-8557\">\n                                    <article class=\"post column-entry post-8557 event_listing type-event_listing status-expired has-post-thumbnail hentry\">\n                                        <div class=\"entry-media\">\n                                            <div class=\"aux-media-frame aux-media-image aux-image-mask\">\n                                                <img decoding=\"async\"\n                                                loading=\"lazy\"\n                                                src=\"https:\/\/meeteu.eu\/wp-content\/uploads\/2022\/09\/Walsh.png\"\n                                                class=\"aux-attachment aux-featured-image aux-attachment-id-8558 aux-preload aux-has-preview\"\n                                                alt=\"\"\n                                                data-src=\"https:\/\/meeteu.eu\/wp-content\/uploads\/2022\/09\/Walsh.png\"\n                                                \/>\n                                            <\/div>\n                                        <\/div>\n\n                                        <header class=\"entry-header\">\n                                            <h4 class=\"entry-title\">\n                                                De strijd van de EU tegen LGBTQI+-discriminatie                                            <\/h4>\n                                        <\/header>\n\n                                        <div class=\"entry-main\">\n                                            <div class=\"entry-info\">\n                                                <div class=\"event-date\">\n                                                                                                            <i class=\"fas fa-calendar-alt\"><\/i>&nbsp;\n                                                    \n                                                                                                            <span>12 mei 2021<\/span>\n                                                                                                        \n                                                    \n                                                                                                                                                        <\/div>\n\n                                                                                            <\/div>\n\n                                            <div class=\"entry-content\">\n                                                <p>\n<p>Op 12 mei praten we met Maria Walsh (EPP), een lid van de Ierse LGBTQI+-gemeenschap, die in 2019 werd verkozen tot lid van het Europees Parlement.<\/p>\n\n\n\n<p>Waar hebben we het over? De EU is gebouwd op de fundamentele waarden van respect voor de menselijke waardigheid en de mensenrechten, vrijheid, democratie, gelijkheid en de rechtsstaat. Deze waarden verenigen alle lidstaten. Helaas worden veel EU-burgers niet gelijk behandeld. EU-lidstaten negeren de rechtsstaat en discrimineren EU-burgers die lid zijn van de LGBTQI+-gemeenschap.<\/p>\n\n\n\n<p>Ondanks de druk van veel activisten en Europarlementari\u00ebrs in het gebied blijft de EU maar treuzelen. De Conferentie over de toekomst van Europa (CoFoE) is een kans voor burgers om hun zorgen te uiten over de behandeling van hun mede-EU-burgers op basis van hun identiteit. Hoe kan de CoFoE de EU-burgers hierbij helpen?<\/p>\n\n\n\n<p>Praat mee met Maria op woensdagmiddag 12 mei.<\/p>\n\n\n\n<p>Dit evenement vindt plaats op&nbsp;<a href=\"https:\/\/meeteu.eu\/nl\/how-to-access-meeteu\/\">Webex.<\/a><\/p>\n\n\n\n<p><\/p>\n<\/p>\n                                                <div class=\"clear\"><\/div>\n                                            <\/div>\n\n                                                                                    <\/div>\n                                    <\/article>\n                                <\/div>\n                            \n                                <div id=\"post-8559\" class=\"aux-col post-8559\">\n                                    <article class=\"post column-entry post-8559 event_listing type-event_listing status-expired has-post-thumbnail hentry\">\n                                        <div class=\"entry-media\">\n                                            <div class=\"aux-media-frame aux-media-image aux-image-mask\">\n                                                <img decoding=\"async\"\n                                                loading=\"lazy\"\n                                                src=\"https:\/\/meeteu.eu\/wp-content\/uploads\/2022\/09\/English.jpg\"\n                                                class=\"aux-attachment aux-featured-image aux-attachment-id-8560 aux-preload aux-has-preview\"\n                                                alt=\"\"\n                                                data-src=\"https:\/\/meeteu.eu\/wp-content\/uploads\/2022\/09\/English.jpg\"\n                                                \/>\n                                            <\/div>\n                                        <\/div>\n\n                                        <header class=\"entry-header\">\n                                            <h4 class=\"entry-title\">\n                                                Actief voor gendergelijkheid! Wat doet de EU en is het genoeg?                                            <\/h4>\n                                        <\/header>\n\n                                        <div class=\"entry-main\">\n                                            <div class=\"entry-info\">\n                                                <div class=\"event-date\">\n                                                                                                            <i class=\"fas fa-calendar-alt\"><\/i>&nbsp;\n                                                    \n                                                                                                            <span>4 mei 2021<\/span>\n                                                                                                        \n                                                    \n                                                                                                                                                        <\/div>\n\n                                                                                            <\/div>\n\n                                            <div class=\"entry-content\">\n                                                <p>\n<p>\"Het gevoel van volledige gelijkheid in de broer-zuslijn van mijn familie werd gevolgd door een koud bad van ontgoocheling na de geboorte van mijn eerste kind. Als jongvolwassen vrouw besloot ik te vechten tegen geweld tegen vrouwen en richtte ik samen met andere vrouwen in Rosenheim de Women's and Girls' Emergency Hotline op. Sinds die tijd denk ik: kennis doet pijn toenemen. Maar wegkijken is niet langer mogelijk.\"<\/p>\n\n\n\n<p><em>- Maria Noichl, Europees politica uit Rosenheim, geboren in 1967, twee zonen, vier kleinkinderen, opgeleide gespecialiseerde lerares voor voeding en design.<\/em><\/p>\n\n\n\n<p>De Corona-crisis heeft de ongelijkheid tussen mannen en vrouwen benadrukt, terwijl de huidige generatie opgroeit met de naam \"Generatie Gelijk\". Een tegenstrijdigheid, want veel grieven bestonden al voor de pandemie, zoals ongelijk loon voor hetzelfde werk en nadelen op de arbeidsmarkt door de gezinssituatie.<\/p>\n\n\n\n<p>\"Gelijkheid voor iedereen en gelijkheid in al haar betekenissen\" is een van de richtlijnen van Ursula von der Leyen. De Europese Commissie heeft dan ook een strategie voor gendergelijkheid 2020-2025 opgezet, die de huidige hiaten aanpakt. Als tweede programma in zijn soort zal het verschillende uitdagingen moeten aanpakken, zoals het stijgende aantal vrouwenmoorden en de groeiende economische ongelijkheid.<\/p>\n\n\n\n<p>Welke maatregelen nemen de EU-instellingen en zijn ze voldoende om de gendergelijkheid te bereiken die al is vastgelegd in de Verdragen van Rome uit 1957? We praten erover met Maria Noichl, Parlementslid S&amp;D.<\/p>\n\n\n\n<p>Spreker:<br>Maria Noichl (S&amp;D\/Europarlementari\u00ebr)&nbsp;<\/p>\n<\/p>\n                                                <div class=\"clear\"><\/div>\n                                            <\/div>\n\n                                                                                    <\/div>\n                                    <\/article>\n                                <\/div>\n                            \n                                <div id=\"post-8561\" class=\"aux-col post-8561\">\n                                    <article class=\"post column-entry post-8561 event_listing type-event_listing status-expired has-post-thumbnail hentry\">\n                                        <div class=\"entry-media\">\n                                            <div class=\"aux-media-frame aux-media-image aux-image-mask\">\n                                                <img decoding=\"async\"\n                                                loading=\"lazy\"\n                                                src=\"https:\/\/meeteu.eu\/wp-content\/uploads\/2022\/09\/One-Year-MeetEU.jpg\"\n                                                class=\"aux-attachment aux-featured-image aux-attachment-id-8562 aux-preload aux-has-preview\"\n                                                alt=\"\"\n                                                data-src=\"https:\/\/meeteu.eu\/wp-content\/uploads\/2022\/09\/One-Year-MeetEU.jpg\"\n                                                \/>\n                                            <\/div>\n                                        <\/div>\n\n                                        <header class=\"entry-header\">\n                                            <h4 class=\"entry-title\">\n                                                Een jaar MeetEU - Wat brengt de toekomst?                                            <\/h4>\n                                        <\/header>\n\n                                        <div class=\"entry-main\">\n                                            <div class=\"entry-info\">\n                                                <div class=\"event-date\">\n                                                                                                            <i class=\"fas fa-calendar-alt\"><\/i>&nbsp;\n                                                    \n                                                                                                            <span>20 april 2021<\/span>\n                                                                                                        \n                                                    \n                                                                                                                                                        <\/div>\n\n                                                                                            <\/div>\n\n                                            <div class=\"entry-content\">\n                                                <p>\n<p>&#8220;<em>Beste MeetEU-vrienden, een jaar geleden zijn we met dit project begonnen en we hadden toen nooit gedacht dat we zoveel interessante Europeanen met elkaar in contact zouden kunnen brengen. Het zijn niet alleen onze gasten - of het nu leden van het Europees Parlement, activisten, wetenschappers of EU-deskundigen zijn - maar vooral onze leden die dit project hebben gemaakt tot wat het nu is.<\/em><\/p>\n\n\n\n<p><em>Het team achter MeetEU heeft met veel problemen te maken gehad, niet alles is altijd gegaan zoals gepland, maar terugkijkend is het een geweldige tijd geweest waar&nbsp;<strong>jij<\/strong>&nbsp;hebben ons de motivatie gegeven om door te gaan.<\/em><\/p>\n\n\n\n<p><em>\"Doorgaan\" is het woord van het uur, elk project is eindig - ook MeetEU. Maar daar denken we nu niet aan, we moeten nu al onze ervaring gebruiken om actief te worden in de context van de conferentie over de toekomst van Europa en al die kennis die we hebben opgebouwd nu omzetten in actie.<\/em><\/p>\n\n\n\n<p><em>Laten we deze stap samen zetten, ieder van ons op de gebieden die voor hem of haar bijzonder belangrijk zijn. Laten we over Europa praten, laten we vooruitgang boeken! Het is aan de EU!\"<\/em><\/p>\n\n\n\n<p>- Uw MeetEU-team<\/p>\n\n\n\n<p>In dit evenement willen we praten over het verleden en tegelijkertijd nadenken over de toekomst. We laten u kennismaken met mei, dat MeetEU veel nieuwe mogelijkheden zal bieden. We horen graag van u, neem gebak mee!<\/p>\n<\/p>\n                                                <div class=\"clear\"><\/div>\n                                            <\/div>\n\n                                                                                    <\/div>\n                                    <\/article>\n                                <\/div>\n                            \n                                <div id=\"post-8563\" class=\"aux-col post-8563\">\n                                    <article class=\"post column-entry post-8563 event_listing type-event_listing status-expired has-post-thumbnail hentry\">\n                                        <div class=\"entry-media\">\n                                            <div class=\"aux-media-frame aux-media-image aux-image-mask\">\n                                                <img decoding=\"async\"\n                                                loading=\"lazy\"\n                                                src=\"https:\/\/meeteu.eu\/wp-content\/uploads\/2022\/09\/EU-Migration-Policy-2.jpg\"\n                                                class=\"aux-attachment aux-featured-image aux-attachment-id-8564 aux-preload aux-has-preview\"\n                                                alt=\"\"\n                                                data-src=\"https:\/\/meeteu.eu\/wp-content\/uploads\/2022\/09\/EU-Migration-Policy-2.jpg\"\n                                                \/>\n                                            <\/div>\n                                        <\/div>\n\n                                        <header class=\"entry-header\">\n                                            <h4 class=\"entry-title\">\n                                                EU-migratiebeleid - Europees (politiek) familiedrama\u00a0                                            <\/h4>\n                                        <\/header>\n\n                                        <div class=\"entry-main\">\n                                            <div class=\"entry-info\">\n                                                <div class=\"event-date\">\n                                                                                                            <i class=\"fas fa-calendar-alt\"><\/i>&nbsp;\n                                                    \n                                                                                                            <span>15 april 2021<\/span>\n                                                                                                        \n                                                    \n                                                                                                                                                        <\/div>\n\n                                                                                            <\/div>\n\n                                            <div class=\"entry-content\">\n                                                <p>\n<p>Migratie wekt hoge verwachtingen en diepe angsten op: hoop voor de migranten zelf, voor wie migratie vaak de belofte van een betere toekomst belichaamt (Haas, p.1, 2019). Tegelijkertijd wordt migratie in de verschillende Europese lidstaten met ambigu\u00efteit tegemoet getreden en in de afgelopen jaren zijn de anti-migratie standpunten onder de Europese burgers gegroeid.<\/p>\n\n\n\n<p>Sinds 2015 heeft de Europese Unie verschillende maatregelen genomen om de migratiestromen beter te beheersen (Europese Raad, 2021). Europa hervormt haar EU-migratiebeleid, met deals zoals de EU-Turkije migratiedeal, uitbreiding van het grensbewakingsagentschap Frontex en pogingen om migranten gelijk te verdelen over haar lidstaten.<\/p>\n\n\n\n<p>Wat is het migratiebeleid van de EU, wat voor afspraken heeft de EU gemaakt en werkt het? In deze eerste sessie op MeetEU bespreken we het huidige beleid en de huidige gebeurtenissen en leggen we de verschillende soorten migratie uit. In onze tweede sessie zullen we proberen een Europarlementari\u00ebr uit te nodigen en oplossingen te bedenken voor een beter migratiebeleid.<\/p>\n<\/p>\n                                                <div class=\"clear\"><\/div>\n                                            <\/div>\n\n                                                                                    <\/div>\n                                    <\/article>\n                                <\/div>\n                            \n                                <div id=\"post-8565\" class=\"aux-col post-8565\">\n                                    <article class=\"post column-entry post-8565 event_listing type-event_listing status-expired has-post-thumbnail hentry\">\n                                        <div class=\"entry-media\">\n                                            <div class=\"aux-media-frame aux-media-image aux-image-mask\">\n                                                <img decoding=\"async\"\n                                                loading=\"lazy\"\n                                                src=\"https:\/\/meeteu.eu\/wp-content\/uploads\/2022\/09\/Climate-Education-2.jpg\"\n                                                class=\"aux-attachment aux-featured-image aux-attachment-id-8566 aux-preload aux-has-preview\"\n                                                alt=\"\"\n                                                data-src=\"https:\/\/meeteu.eu\/wp-content\/uploads\/2022\/09\/Climate-Education-2.jpg\"\n                                                \/>\n                                            <\/div>\n                                        <\/div>\n\n                                        <header class=\"entry-header\">\n                                            <h4 class=\"entry-title\">\n                                                FFF Klimaat Educatie Team                                            <\/h4>\n                                        <\/header>\n\n                                        <div class=\"entry-main\">\n                                            <div class=\"entry-info\">\n                                                <div class=\"event-date\">\n                                                                                                            <i class=\"fas fa-calendar-alt\"><\/i>&nbsp;\n                                                    \n                                                                                                            <span>8 april 2021<\/span>\n                                                                                                        \n                                                    \n                                                                                                                                                        <\/div>\n\n                                                                                            <\/div>\n\n                                            <div class=\"entry-content\">\n                                                <p>\n<p>Begrijpen studenten de klimaatcrisis in zijn volle omvang en complexiteit? Het antwoord is nee.<br>In onze uitwisseling verkennen we de instrumenten om een uitgebreide manier te ontwikkelen om de klimaatcrisis te bestrijden.<br>Klimaatonderwijs is jarenlang een onderschat onderwerp geweest - wij zijn hier om dat voor eens en voor altijd te veranderen. Doe mee aan onze presentatie en kom meer te weten over onze eisen en de druk die we van plan zijn uit te oefenen op de Europese regeringen.<br>Dat mis je niet zomaar!<\/p>\n\n\n\n<p>Wie we zijn:<br><a href=\"https:\/\/fffclimateedu.com\/\" rel=\"noopener\">Het klimaatonderwijsteam<\/a>&nbsp;is een groep van 80 jonge activisten uit 35 Europese landen en maakt deel uit van de beweging Fridays for Future. Het doel van ons project is om uitgebreide klimaateducatie te implementeren in elke onderwijsinstelling in Europa. Onze visie op klimaateducatie is een uitgebreid curriculum geworteld in duurzaamheid en het bevorderen van de verbinding van de mensheid met de natuur. Het doel is om een holistisch begrip te geven van de voortdurende klimaat- en biodiversiteitscrisis en de onderliggende oorzaken en gevolgen, de ontwikkeling van duurzame innovaties en oplossingen te faciliteren en studenten in staat te stellen om zich actief in te zetten voor het cre\u00ebren van een rechtvaardige, duurzame samenleving.<\/p>\n\n\n\n<p>In samenwerking met wetenschappers hebben we zes belangrijke eisen geformuleerd over klimaateducatie, gericht aan de regeringen van Europese landen. Tijdens onze presentatie presenteren we onze langetermijnplannen en visies over klimaateducatie.<\/p>\n<\/p>\n                                                <div class=\"clear\"><\/div>\n                                            <\/div>\n\n                                                                                    <\/div>\n                                    <\/article>\n                                <\/div>\n                            \n                                <div id=\"post-8567\" class=\"aux-col post-8567\">\n                                    <article class=\"post column-entry post-8567 event_listing type-event_listing status-expired has-post-thumbnail hentry\">\n                                        <div class=\"entry-media\">\n                                            <div class=\"aux-media-frame aux-media-image aux-image-mask\">\n                                                <img decoding=\"async\"\n                                                loading=\"lazy\"\n                                                src=\"https:\/\/meeteu.eu\/wp-content\/uploads\/2022\/09\/ERASMUS-sdfdsfgsdg.jpg\"\n                                                class=\"aux-attachment aux-featured-image aux-attachment-id-8568 aux-preload aux-has-preview\"\n                                                alt=\"\"\n                                                data-src=\"https:\/\/meeteu.eu\/wp-content\/uploads\/2022\/09\/ERASMUS-sdfdsfgsdg.jpg\"\n                                                \/>\n                                            <\/div>\n                                        <\/div>\n\n                                        <header class=\"entry-header\">\n                                            <h4 class=\"entry-title\">\n                                                ERASMUS - Wat zijn de vooruitzichten voor studentenuitwisselingen tussen het VK en de EU?                                            <\/h4>\n                                        <\/header>\n\n                                        <div class=\"entry-main\">\n                                            <div class=\"entry-info\">\n                                                <div class=\"event-date\">\n                                                                                                            <i class=\"fas fa-calendar-alt\"><\/i>&nbsp;\n                                                    \n                                                                                                            <span>6 april 2021<\/span>\n                                                                                                        \n                                                    \n                                                                                                                                                        <\/div>\n\n                                                                                            <\/div>\n\n                                            <div class=\"entry-content\">\n                                                <p>\n<p>Eerder dit jaar verliet het Verenigd Koninkrijk niet alleen de Europese Unie, maar trok het zich ook terug uit het Erasmus+ programma. Het VK verliet Erasmus na 33 jaar en honderdduizenden deelnemers. In plaats daarvan heeft het VK het Turing-programma ge\u00efntroduceerd, dat door velen niet als een adequate vervanging wordt beschouwd. Samen met het Erasmus Student Network willen we praten over de toekomstige vooruitzichten van studentenuitwisseling tussen het VK en Europa.<\/p>\n\n\n\n<p>Onze gasten:<\/p>\n\n\n\n<ul class=\"wp-block-list\"><li>Kostis Giannidis, voorzitter, Erasmus Student Network;<\/li><li>Jacob Duane, voorzitter ESN UK;<\/li><li>Natalia Flis, Onderwijsfunctionaris, ESN VK<\/li><\/ul>\n\n\n\n<p><strong>Dit evenement vindt plaats op&nbsp;<a href=\"https:\/\/meeteu.eu\/nl\/how-to-access-meeteu\/\">WebEx<\/a>. Gelieve vooraf te registreren om deel te nemen&nbsp;<\/strong><\/p>\n<\/p>\n                                                <div class=\"clear\"><\/div>\n                                            <\/div>\n\n                                                                                    <\/div>\n                                    <\/article>\n                                <\/div>\n                            \n                                <div id=\"post-8569\" class=\"aux-col post-8569\">\n                                    <article class=\"post column-entry post-8569 event_listing type-event_listing status-expired has-post-thumbnail hentry\">\n                                        <div class=\"entry-media\">\n                                            <div class=\"aux-media-frame aux-media-image aux-image-mask\">\n                                                <img decoding=\"async\"\n                                                loading=\"lazy\"\n                                                src=\"https:\/\/meeteu.eu\/wp-content\/uploads\/2022\/09\/Bulgarien-Wahlen.jpg\"\n                                                class=\"aux-attachment aux-featured-image aux-attachment-id-8570 aux-preload aux-has-preview\"\n                                                alt=\"\"\n                                                data-src=\"https:\/\/meeteu.eu\/wp-content\/uploads\/2022\/09\/Bulgarien-Wahlen.jpg\"\n                                                \/>\n                                            <\/div>\n                                        <\/div>\n\n                                        <header class=\"entry-header\">\n                                            <h4 class=\"entry-title\">\n                                                Bulgaarse parlementsverkiezingen - Wie is wie?                                            <\/h4>\n                                        <\/header>\n\n                                        <div class=\"entry-main\">\n                                            <div class=\"entry-info\">\n                                                <div class=\"event-date\">\n                                                                                                            <i class=\"fas fa-calendar-alt\"><\/i>&nbsp;\n                                                    \n                                                                                                            <span>30 maart 2021<\/span>\n                                                                                                        \n                                                    \n                                                                                                                                                        <\/div>\n\n                                                                                            <\/div>\n\n                                            <div class=\"entry-content\">\n                                                <p>\n<p>De Bulgaarse parlementsverkiezingen worden gehouden op 4 april. Voor het zover is, kijken we naar het kiesstelsel, de nationale partijen en wat er op het spel staat voor Europa.<\/p>\n<\/p>\n                                                <div class=\"clear\"><\/div>\n                                            <\/div>\n\n                                                                                    <\/div>\n                                    <\/article>\n                                <\/div>\n                            \n                                <div id=\"post-8571\" class=\"aux-col post-8571\">\n                                    <article class=\"post column-entry post-8571 event_listing type-event_listing status-expired has-post-thumbnail hentry\">\n                                        <div class=\"entry-media\">\n                                            <div class=\"aux-media-frame aux-media-image aux-image-mask\">\n                                                <img decoding=\"async\"\n                                                loading=\"lazy\"\n                                                src=\"https:\/\/meeteu.eu\/wp-content\/uploads\/2022\/09\/MEP-Assistant.jpg\"\n                                                class=\"aux-attachment aux-featured-image aux-attachment-id-8572 aux-preload aux-has-preview\"\n                                                alt=\"\"\n                                                data-src=\"https:\/\/meeteu.eu\/wp-content\/uploads\/2022\/09\/MEP-Assistant.jpg\"\n                                                \/>\n                                            <\/div>\n                                        <\/div>\n\n                                        <header class=\"entry-header\">\n                                            <h4 class=\"entry-title\">\n                                                De eurobel op Twitch? Een Europarlementari\u00ebr presenteert zijn project                                            <\/h4>\n                                        <\/header>\n\n                                        <div class=\"entry-main\">\n                                            <div class=\"entry-info\">\n                                                <div class=\"event-date\">\n                                                                                                            <i class=\"fas fa-calendar-alt\"><\/i>&nbsp;\n                                                    \n                                                                                                            <span>25 maart 2021<\/span>\n                                                                                                        \n                                                    \n                                                                                                                                                        <\/div>\n\n                                                                                            <\/div>\n\n                                            <div class=\"entry-content\">\n                                                <p>\n<p>Mepassistant werd voor het eerst opgericht om een beetje te lachen over het leven als parlementair assistent en werd een van de belangrijkste satyrische (maar niet de enige) figuren van de Eurobubble Twittosphere.<\/p>\n\n\n\n<p>Na zijn vertrek uit het Europees Parlement lanceerde hij onlangs het allereerste Eurobubble-kanaal op het populaire live-streamingplatform Twitch. Dit kanaal heeft als doel om door middel van interviews en andere evenementen gezichten te geven aan de Europese Unie, er meer over te weten te komen en opnieuw positief contact en interactie te cre\u00ebren tussen EU-experts en EU-burgers.<\/p>\n\n\n\n<p>Hoe kwam hij op het project? Waarom Twitch? Hoe werkt de organisatie op de achtergrond en wat is zijn motivatie?<\/p>\n\n\n\n<p>Laten we met hem praten over hoe hij zijn project heeft gerealiseerd en voor welke uitdagingen hij stond. Hij zal je vragen beantwoorden en je idee\u00ebn gebruiken!<\/p>\n\n\n\n<p>Spreker:<br><a href=\"https:\/\/www.twitch.tv\/mepassistant\" rel=\"noopener\">MEPAssistent<\/a><\/p>\n\n\n\n<p><strong>Dit evenement vindt plaats op&nbsp;<a href=\"https:\/\/meeteu.eu\/nl\/how-to-access-meeteu\/\">Discord.<\/a><\/strong><\/p>\n<\/p>\n                                                <div class=\"clear\"><\/div>\n                                            <\/div>\n\n                                                                                    <\/div>\n                                    <\/article>\n                                <\/div>\n                            \n                                <div id=\"post-8573\" class=\"aux-col post-8573\">\n                                    <article class=\"post column-entry post-8573 event_listing type-event_listing status-expired has-post-thumbnail hentry\">\n                                        <div class=\"entry-media\">\n                                            <div class=\"aux-media-frame aux-media-image aux-image-mask\">\n                                                <img decoding=\"async\"\n                                                loading=\"lazy\"\n                                                src=\"https:\/\/meeteu.eu\/wp-content\/uploads\/2022\/09\/EU-Elections-Do-they-Lack-Focus-on-Europe.jpg\"\n                                                class=\"aux-attachment aux-featured-image aux-attachment-id-8574 aux-preload aux-has-preview\"\n                                                alt=\"\"\n                                                data-src=\"https:\/\/meeteu.eu\/wp-content\/uploads\/2022\/09\/EU-Elections-Do-they-Lack-Focus-on-Europe.jpg\"\n                                                \/>\n                                            <\/div>\n                                        <\/div>\n\n                                        <header class=\"entry-header\">\n                                            <h4 class=\"entry-title\">\n                                                EU-verkiezingen - ontbreekt de focus op Europa (2\/2)                                            <\/h4>\n                                        <\/header>\n\n                                        <div class=\"entry-main\">\n                                            <div class=\"entry-info\">\n                                                <div class=\"event-date\">\n                                                                                                            <i class=\"fas fa-calendar-alt\"><\/i>&nbsp;\n                                                    \n                                                                                                            <span>23 maart 2021<\/span>\n                                                                                                        \n                                                    \n                                                                                                                                                        <\/div>\n\n                                                                                            <\/div>\n\n                                            <div class=\"entry-content\">\n                                                <p>\n<p>3 weken geleden hebben we samen gekeken naar het proces voor het kiezen van de mensen die de toekomst van Europa vorm moeten geven. En we ontdekten een aantal zwakke plekken in het proces. Deze keer kijken we naar een paar idee\u00ebn om het proces te verbeteren en meer te richten op Europese kwesties.<\/p>\n\n\n\n<p>Breng je Idee\u00ebn mee en doe mee!&nbsp;<\/p>\n\n\n\n<p>Spreker:<br>Klaus van Pulse of Europe<\/p>\n<\/p>\n                                                <div class=\"clear\"><\/div>\n                                            <\/div>\n\n                                                                                    <\/div>\n                                    <\/article>\n                                <\/div>\n                            \n                                <div id=\"post-8575\" class=\"aux-col post-8575\">\n                                    <article class=\"post column-entry post-8575 event_listing type-event_listing status-expired has-post-thumbnail hentry\">\n                                        <div class=\"entry-media\">\n                                            <div class=\"aux-media-frame aux-media-image aux-image-mask\">\n                                                <img decoding=\"async\"\n                                                loading=\"lazy\"\n                                                src=\"https:\/\/meeteu.eu\/wp-content\/uploads\/2022\/09\/Climate-Lets-Act-Now-ENG.jpg\"\n                                                class=\"aux-attachment aux-featured-image aux-attachment-id-8576 aux-preload aux-has-preview\"\n                                                alt=\"\"\n                                                data-src=\"https:\/\/meeteu.eu\/wp-content\/uploads\/2022\/09\/Climate-Lets-Act-Now-ENG.jpg\"\n                                                \/>\n                                            <\/div>\n                                        <\/div>\n\n                                        <header class=\"entry-header\">\n                                            <h4 class=\"entry-title\">\n                                                EU voor Klimaat - Laten we nu handelen!                                            <\/h4>\n                                        <\/header>\n\n                                        <div class=\"entry-main\">\n                                            <div class=\"entry-info\">\n                                                <div class=\"event-date\">\n                                                                                                            <i class=\"fas fa-calendar-alt\"><\/i>&nbsp;\n                                                    \n                                                                                                            <span>16 maart 2021<\/span>\n                                                                                                        \n                                                    \n                                                                                                                                                        <\/div>\n\n                                                                                            <\/div>\n\n                                            <div class=\"entry-content\">\n                                                <p>\n<p><em>Een evenement in samenwerking met&nbsp;<a href=\"https:\/\/fridaysforfuture.org\/\" rel=\"noopener\">Vrijdagen voor de toekomst<\/a>&nbsp;en&nbsp;<a href=\"https:\/\/youthforclimate.fr\/\" rel=\"noopener\">Jongeren voor Klimaat<\/a><\/em>.&nbsp;&nbsp;<\/p>\n\n\n\n<p>Op 19 maart gaan mensen over de hele wereld de straat op om nogmaals te wijzen op het belang van verzet tegen regeringsbeleid dat de 1,5-grens nog steeds niet als een absolute must beschouwt, zelfs niet tijdens de pandemie. Alleen al in de EU zijn er meer dan 130 bijeenkomsten gepland in verschillende steden.<\/p>\n\n\n\n<p>Wat eisen ze van de Europese politiek, wat zijn hun angsten en verwachtingen? Waarom is de vraag naar \"klimaatrechtvaardigheid\" cruciaal en wat houdt dit in? En wat kunnen we persoonlijk doen tegen klimaatverandering?<\/p>\n\n\n\n<p>Laten we met elkaar in gesprek gaan, samen met klimaatactivisten uit verschillende Europese landen zullen we praten over de huidige uitdagingen voor de samenleving en de politiek.<\/p>\n<\/p>\n                                                <div class=\"clear\"><\/div>\n                                            <\/div>\n\n                                                                                    <\/div>\n                                    <\/article>\n                                <\/div>\n                            \n                                <div id=\"post-8578\" class=\"aux-col post-8578\">\n                                    <article class=\"post column-entry post-8578 event_listing type-event_listing status-expired has-post-thumbnail hentry\">\n                                        <div class=\"entry-media\">\n                                            <div class=\"aux-media-frame aux-media-image aux-image-mask\">\n                                                <img decoding=\"async\"\n                                                loading=\"lazy\"\n                                                src=\"https:\/\/meeteu.eu\/wp-content\/uploads\/2022\/09\/Portugal-2.jpg\"\n                                                class=\"aux-attachment aux-featured-image aux-attachment-id-8579 aux-preload aux-has-preview\"\n                                                alt=\"\"\n                                                data-src=\"https:\/\/meeteu.eu\/wp-content\/uploads\/2022\/09\/Portugal-2.jpg\"\n                                                \/>\n                                            <\/div>\n                                        <\/div>\n\n                                        <header class=\"entry-header\">\n                                            <h4 class=\"entry-title\">\n                                                Portugees voorzitterschap: Wat zijn de belangrijkste prioriteiten?                                            <\/h4>\n                                        <\/header>\n\n                                        <div class=\"entry-main\">\n                                            <div class=\"entry-info\">\n                                                <div class=\"event-date\">\n                                                                                                            <i class=\"fas fa-calendar-alt\"><\/i>&nbsp;\n                                                    \n                                                                                                            <span>9 maart 2021<\/span>\n                                                                                                        \n                                                    \n                                                                                                                                                        <\/div>\n\n                                                                                            <\/div>\n\n                                            <div class=\"entry-content\">\n                                                <p>\n<p>Spreker:<br>Pedro Valente da Silva, hoofd van het verbindingsbureau van het Europees Parlement in Portugal<\/p>\n\n\n\n<p>Onder het Portugese voorzitterschap zou de EU zich moeten richten op drie prioriteiten: het bevorderen van een herstel dat \"wordt gestimuleerd door de groene en digitale transitie\", \"het realiseren van de \"sociale pijler als sleutelelement voor het waarborgen van een eerlijke en inclusieve groene en digitale transitie\" en \"het versterken van de strategische autonomie van een Europa dat openstaat voor de wereld\".<\/p>\n\n\n\n<p>Hoe kunnen deze doelstellingen worden bereikt, in het bijzonder die met betrekking tot de sociale pijler?<\/p>\n\n\n\n<p>We praten erover met Pedro Valente da Silva, hoofd van het verbindingsbureau van het Europees Parlement in Portugal.<\/p>\n\n\n\n<p>Dit evenement vindt plaats op&nbsp;<a href=\"https:\/\/meeteu.eu\/nl\/how-to-access-meeteu\/\">Webex.<\/a><\/p>\n<\/p>\n                                                <div class=\"clear\"><\/div>\n                                            <\/div>\n\n                                                                                    <\/div>\n                                    <\/article>\n                                <\/div>\n                            \n                                <div id=\"post-8580\" class=\"aux-col post-8580\">\n                                    <article class=\"post column-entry post-8580 event_listing type-event_listing status-expired has-post-thumbnail hentry\">\n                                        <div class=\"entry-media\">\n                                            <div class=\"aux-media-frame aux-media-image aux-image-mask\">\n                                                <img decoding=\"async\"\n                                                loading=\"lazy\"\n                                                src=\"https:\/\/meeteu.eu\/wp-content\/uploads\/2022\/09\/EU-Elections-Do-they-Lack-Focus-on-Europe-1.jpg\"\n                                                class=\"aux-attachment aux-featured-image aux-attachment-id-8581 aux-preload aux-has-preview\"\n                                                alt=\"\"\n                                                data-src=\"https:\/\/meeteu.eu\/wp-content\/uploads\/2022\/09\/EU-Elections-Do-they-Lack-Focus-on-Europe-1.jpg\"\n                                                \/>\n                                            <\/div>\n                                        <\/div>\n\n                                        <header class=\"entry-header\">\n                                            <h4 class=\"entry-title\">\n                                                EU-verkiezingen: Is er te weinig aandacht voor Europa? (1\/2)                                            <\/h4>\n                                        <\/header>\n\n                                        <div class=\"entry-main\">\n                                            <div class=\"entry-info\">\n                                                <div class=\"event-date\">\n                                                                                                            <i class=\"fas fa-calendar-alt\"><\/i>&nbsp;\n                                                    \n                                                                                                            <span>2 maart 2021<\/span>\n                                                                                                        \n                                                    \n                                                                                                                                                        <\/div>\n\n                                                                                            <\/div>\n\n                                            <div class=\"entry-content\">\n                                                <p>\n<p>Samen bekijken we het proces voor het kiezen van de mensen die de toekomst van Europa vorm moeten geven en bespreken we aanpassingen aan het proces. Breng je idee\u00ebn mee en doe mee!&nbsp;<\/p>\n\n\n\n<p>Spreker:<br>Klaus van Pulse of Europe<\/p>\n\n\n\n<p><strong>Dit evenement vond plaats op Discord.&nbsp;<\/strong><\/p>\n<\/p>\n                                                <div class=\"clear\"><\/div>\n                                            <\/div>\n\n                                                                                    <\/div>\n                                    <\/article>\n                                <\/div>\n                            \n                                <div id=\"post-8582\" class=\"aux-col post-8582\">\n                                    <article class=\"post column-entry post-8582 event_listing type-event_listing status-expired has-post-thumbnail hentry\">\n                                        <div class=\"entry-media\">\n                                            <div class=\"aux-media-frame aux-media-image aux-image-mask\">\n                                                <img decoding=\"async\"\n                                                loading=\"lazy\"\n                                                src=\"https:\/\/meeteu.eu\/wp-content\/uploads\/2022\/09\/Corruption-causes-effects-methods-to-prevent.jpg\"\n                                                class=\"aux-attachment aux-featured-image aux-attachment-id-8583 aux-preload aux-has-preview\"\n                                                alt=\"\"\n                                                data-src=\"https:\/\/meeteu.eu\/wp-content\/uploads\/2022\/09\/Corruption-causes-effects-methods-to-prevent.jpg\"\n                                                \/>\n                                            <\/div>\n                                        <\/div>\n\n                                        <header class=\"entry-header\">\n                                            <h4 class=\"entry-title\">\n                                                Corruptie - oorzaken, gevolgen, methoden om te voorkomen                                            <\/h4>\n                                        <\/header>\n\n                                        <div class=\"entry-main\">\n                                            <div class=\"entry-info\">\n                                                <div class=\"event-date\">\n                                                                                                            <i class=\"fas fa-calendar-alt\"><\/i>&nbsp;\n                                                    \n                                                                                                            <span>23 februari 2021<\/span>\n                                                                                                        \n                                                    \n                                                                                                                                                        <\/div>\n\n                                                                                            <\/div>\n\n                                            <div class=\"entry-content\">\n                                                <p>\n<p>Corruptie is een complex verschijnsel. Het komt voor in alle samenlevingen, ongeacht het politieke systeem, de regio of de religie. De overgrote meerderheid van de mensen veracht corruptie. Hoe kan het dan dat het zo veerkrachtig is? De presentatie bespreekt een aantal aspecten van de vele oorzaken van corruptie, hun effecten en methoden om terug te vechten.<\/p>\n\n\n\n<p>Spreker:<br>Dr. Michael Heisel, Transparancy International<\/p>\n\n\n\n<p><strong>Dit evenement vindt plaats op Zoom.<\/strong><\/p>\n<\/p>\n                                                <div class=\"clear\"><\/div>\n                                            <\/div>\n\n                                                                                    <\/div>\n                                    <\/article>\n                                <\/div>\n                            \n                                <div id=\"post-8584\" class=\"aux-col post-8584\">\n                                    <article class=\"post column-entry post-8584 event_listing type-event_listing status-expired has-post-thumbnail hentry\">\n                                        <div class=\"entry-media\">\n                                            <div class=\"aux-media-frame aux-media-image aux-image-mask\">\n                                                <img decoding=\"async\"\n                                                loading=\"lazy\"\n                                                src=\"https:\/\/meeteu.eu\/wp-content\/uploads\/2022\/09\/U.-Franke-9.2.21-Visual-ENG.jpg\"\n                                                class=\"aux-attachment aux-featured-image aux-attachment-id-8585 aux-preload aux-has-preview\"\n                                                alt=\"\"\n                                                data-src=\"https:\/\/meeteu.eu\/wp-content\/uploads\/2022\/09\/U.-Franke-9.2.21-Visual-ENG.jpg\"\n                                                \/>\n                                            <\/div>\n                                        <\/div>\n\n                                        <header class=\"entry-header\">\n                                            <h4 class=\"entry-title\">\n                                                Defensie- en veiligheidssamenwerking VK-EU na BREXIT                                            <\/h4>\n                                        <\/header>\n\n                                        <div class=\"entry-main\">\n                                            <div class=\"entry-info\">\n                                                <div class=\"event-date\">\n                                                                                                            <i class=\"fas fa-calendar-alt\"><\/i>&nbsp;\n                                                    \n                                                                                                            <span>9 februari 2021<\/span>\n                                                                                                        \n                                                    \n                                                                                                                                                        <\/div>\n\n                                                                                            <\/div>\n\n                                            <div class=\"entry-content\">\n                                                <p>\n<p>Spreker: Dr. Ulrike Franke,\u00a0<a href=\"https:\/\/ecfr.eu\/\" rel=\"noopener\">Europese Raad voor Buitenlandse Betrekkingen<\/a><\/p>\n\n\n\n<p>Brexit heeft plaatsgevonden, maar als het gaat om kwesties van strategische veiligheid en defensie zullen de EU en het VK moeten blijven samenwerken. Het VK blijft lid van de NAVO en blijft veel strategische belangen delen met de EU en haar lidstaten.<\/p>\n\n\n\n<p>Wat is er eigenlijk veranderd met Brexit? De EU heeft vooruitgang geboekt en verschillende defensiesamenwerkingsprojecten opgezet, van PESCO (de permanente gestructureerde samenwerking) tot het Europees Defensiefonds EDF. Deels werd dit mogelijk gemaakt door de exit van het VK, omdat het VK kritisch was geweest over uitgebreidere Europese defensiesamenwerking.<\/p>\n\n\n\n<p>Hoe ziet de toekomstige samenwerking tussen het VK en de EU op het gebied van defensie eruit? Is het VK ge\u00efnteresseerd in deelname aan EU-projecten zoals PESCO en EDF, of zal het eerder proberen samen te werken met individuele EU-lidstaten? Wat zijn de economische belangen achter nauwe samenwerking en is er een alternatief?<\/p>\n\n\n\n<p>Sinds het presidentschap van Donald Trump in de VS beseffen de EU-landen dat ze zich onafhankelijker moeten voorbereiden op de uitdagingen van een veranderende wereld. Zal het VK, zelfs met de Brexit, ernaar streven om zich samen met de EU op veiligheidsgebied te positioneren in deze snel veranderende wereld? Laten we hierover praten met Dr. Ulrike Franke.<\/p>\n\n\n\n<p><strong>Dit evenement vindt plaats op Discord,<\/strong>&nbsp;voor meer informatie over hoe u lid kunt worden klikt u op&nbsp;<a href=\"https:\/\/meeteu.eu\/nl\/how-to-access-meeteu\/\">hier<\/a>.<\/p>\n<\/p>\n                                                <div class=\"clear\"><\/div>\n                                            <\/div>\n\n                                                                                    <\/div>\n                                    <\/article>\n                                <\/div>\n                            \n                                <div id=\"post-8586\" class=\"aux-col post-8586\">\n                                    <article class=\"post column-entry post-8586 event_listing type-event_listing status-expired has-post-thumbnail hentry\">\n                                        <div class=\"entry-media\">\n                                            <div class=\"aux-media-frame aux-media-image aux-image-mask\">\n                                                <img decoding=\"async\"\n                                                loading=\"lazy\"\n                                                src=\"https:\/\/meeteu.eu\/wp-content\/uploads\/2022\/09\/M.-Gahler-2.2.21-Visual-ENG.jpg\"\n                                                class=\"aux-attachment aux-featured-image aux-attachment-id-8587 aux-preload aux-has-preview\"\n                                                alt=\"\"\n                                                data-src=\"https:\/\/meeteu.eu\/wp-content\/uploads\/2022\/09\/M.-Gahler-2.2.21-Visual-ENG.jpg\"\n                                                \/>\n                                            <\/div>\n                                        <\/div>\n\n                                        <header class=\"entry-header\">\n                                            <h4 class=\"entry-title\">\n                                                Het Duitse Raadsvoorzitterschap - Enorme uitdagingen, historische oplossingen?                                            <\/h4>\n                                        <\/header>\n\n                                        <div class=\"entry-main\">\n                                            <div class=\"entry-info\">\n                                                <div class=\"event-date\">\n                                                                                                            <i class=\"fas fa-calendar-alt\"><\/i>&nbsp;\n                                                    \n                                                                                                            <span>2 februari 2021<\/span>\n                                                                                                        \n                                                    \n                                                                                                                                                        <\/div>\n\n                                                                                            <\/div>\n\n                                            <div class=\"entry-content\">\n                                                <p>\n<p>-Michael Gahler (Europees Parlementslid in de EPP-Fractie)<\/p>\n\n\n\n<p>In juli 2020 verwelkomden we Thilo van het Verbindingsbureau van het Europees Parlement in Berlijn, die ons vertelde over de doelen en uitdagingen van de komende zes maanden onder het Duitse voorzitterschap. Nu, zeven maanden later, willen we graag terugkijken op de vooruitgang die is geboekt tijdens het Duitse voorzitterschap. Onze gast zal ingaan op de uitdagingen van de pandemie voor de EU en uitleggen hoe het Duitse voorzitterschap heeft gereageerd. Welke oplossingen zijn er voor problemen gevonden en zijn er nieuwe wegen ingeslagen? In hoeverre zijn andere doelen&nbsp;<em>(bijvoorbeeld de investeringsovereenkomst tussen de EU en China)<\/em>&nbsp;zijn bereikt, die lang voor de pandemie waren vastgesteld?<\/p>\n\n\n\n<p><strong>Laten we hierover praten met Michael Gahler, lid van het Europees Parlement...<\/strong><\/p>\n\n\n\n<p>... die al een aantal mondiale uitdagingen heeft meegemaakt sinds zijn eerste verkiezing in het Europees Parlement in 1999. Tegenwoordig is hij woordvoerder buitenlands beleid van de EVP-fractie.<\/p>\n\n\n\n<p><strong>Dit evenement vindt plaats op WebEx,<\/strong>&nbsp;voor meer informatie over hoe u lid kunt worden klikt u op&nbsp;<a href=\"https:\/\/meeteu.eu\/wp-content\/uploads\/2021\/01\/How-to-use-webex.pdf\">hier<\/a>.<\/p>\n<\/p>\n                                                <div class=\"clear\"><\/div>\n                                            <\/div>\n\n                                                                                    <\/div>\n                                    <\/article>\n                                <\/div>\n                            \n                                <div id=\"post-8588\" class=\"aux-col post-8588\">\n                                    <article class=\"post column-entry post-8588 event_listing type-event_listing status-expired has-post-thumbnail hentry\">\n                                        <div class=\"entry-media\">\n                                            <div class=\"aux-media-frame aux-media-image aux-image-mask\">\n                                                <img decoding=\"async\"\n                                                loading=\"lazy\"\n                                                src=\"https:\/\/meeteu.eu\/wp-content\/uploads\/2022\/09\/S.-Gerhardt-26.1.21-Visual-DE.jpg\"\n                                                class=\"aux-attachment aux-featured-image aux-attachment-id-8589 aux-preload aux-has-preview\"\n                                                alt=\"\"\n                                                data-src=\"https:\/\/meeteu.eu\/wp-content\/uploads\/2022\/09\/S.-Gerhardt-26.1.21-Visual-DE.jpg\"\n                                                \/>\n                                            <\/div>\n                                        <\/div>\n\n                                        <header class=\"entry-header\">\n                                            <h4 class=\"entry-title\">\n                                                De situatie in Wit-Rusland - Wat betekent dit voor de EU?                                            <\/h4>\n                                        <\/header>\n\n                                        <div class=\"entry-main\">\n                                            <div class=\"entry-info\">\n                                                <div class=\"event-date\">\n                                                                                                            <i class=\"fas fa-calendar-alt\"><\/i>&nbsp;\n                                                    \n                                                                                                            <span>26 januari 2021<\/span>\n                                                                                                        \n                                                    \n                                                                                                                                                        <\/div>\n\n                                                                                            <\/div>\n\n                                            <div class=\"entry-content\">\n                                                <p>\n<p>- Sebastian Gerhardt (diplomaat bij de Permanente Vertegenwoordiging van Duitsland bij de EU)<\/p>\n\n\n\n<p>De demonstraties in Wit-Rusland gaan door en de regering in Minsk is, zelfs na massale internationale druk, niet bereid om in te gaan op de eisen voor nieuwe, vrije en eerlijke verkiezingen of zelfs een aftreden. Hoe is dit zo gekomen? Wat was het standpunt van de EU in het verleden en wat is de betekenis van het land voor de Europese Unie?<\/p>\n\n\n\n<p>Laten we hierover praten met Sebastian Gerhardt, die voor het Ministerie van Buitenlandse Zaken van de Bondsrepubliek Duitsland als Oost-Europees expert in Moskou werkte en zijn kennis nu gebruikt voor de Permanente Vertegenwoordiging van Duitsland bij de EU.<\/p>\n<\/p>\n                                                <div class=\"clear\"><\/div>\n                                            <\/div>\n\n                                                                                    <\/div>\n                                    <\/article>\n                                <\/div>\n                            \n                                <div id=\"post-8590\" class=\"aux-col post-8590\">\n                                    <article class=\"post column-entry post-8590 event_listing type-event_listing status-expired has-post-thumbnail hentry\">\n                                        <div class=\"entry-media\">\n                                            <div class=\"aux-media-frame aux-media-image aux-image-mask\">\n                                                <img decoding=\"async\"\n                                                loading=\"lazy\"\n                                                src=\"https:\/\/meeteu.eu\/wp-content\/uploads\/2022\/09\/BIG-TECH.jpg\"\n                                                class=\"aux-attachment aux-featured-image aux-attachment-id-8591 aux-preload aux-has-preview\"\n                                                alt=\"\"\n                                                data-src=\"https:\/\/meeteu.eu\/wp-content\/uploads\/2022\/09\/BIG-TECH.jpg\"\n                                                \/>\n                                            <\/div>\n                                        <\/div>\n\n                                        <header class=\"entry-header\">\n                                            <h4 class=\"entry-title\">\n                                                Laten we naar Europa kijken! BIG TECH In de EURegels &amp; mogelijkheden\u00a0\u00a0                                            <\/h4>\n                                        <\/header>\n\n                                        <div class=\"entry-main\">\n                                            <div class=\"entry-info\">\n                                                <div class=\"event-date\">\n                                                                                                            <i class=\"fas fa-calendar-alt\"><\/i>&nbsp;\n                                                    \n                                                                                                            <span>19 januari 2021<\/span>\n                                                                                                        \n                                                    \n                                                                                                                                                        <\/div>\n\n                                                                                            <\/div>\n\n                                            <div class=\"entry-content\">\n                                                <p>\n<p>De discussies over de grote vijf (Google, Amazon, Facebook, Microsoft en Apple) zijn de afgelopen jaren toegenomen, terwijl tegelijkertijd het nieuws over recordboetes en overtredingen van de mededingingsregels zich heeft opgestapeld.<\/p>\n\n\n\n<p>We kijken samen naar een video van TLDR Europe en praten dan over de vraag of en hoe de EU grote techbedrijven moet reguleren.<\/p>\n<\/p>\n                                                <div class=\"clear\"><\/div>\n                                            <\/div>\n\n                                                                                    <\/div>\n                                    <\/article>\n                                <\/div>\n                            \n                                <div id=\"post-8592\" class=\"aux-col post-8592\">\n                                    <article class=\"post column-entry post-8592 event_listing type-event_listing status-expired has-post-thumbnail hentry\">\n                                        <div class=\"entry-media\">\n                                            <div class=\"aux-media-frame aux-media-image aux-image-mask\">\n                                                <img decoding=\"async\"\n                                                loading=\"lazy\"\n                                                src=\"https:\/\/meeteu.eu\/wp-content\/uploads\/2022\/09\/Strategic-Autonomy.jpg\"\n                                                class=\"aux-attachment aux-featured-image aux-attachment-id-8593 aux-preload aux-has-preview\"\n                                                alt=\"\"\n                                                data-src=\"https:\/\/meeteu.eu\/wp-content\/uploads\/2022\/09\/Strategic-Autonomy.jpg\"\n                                                \/>\n                                            <\/div>\n                                        <\/div>\n\n                                        <header class=\"entry-header\">\n                                            <h4 class=\"entry-title\">\n                                                Strategische autonomie - kan een verenigd Europa zonder?                                            <\/h4>\n                                        <\/header>\n\n                                        <div class=\"entry-main\">\n                                            <div class=\"entry-info\">\n                                                <div class=\"event-date\">\n                                                                                                            <i class=\"fas fa-calendar-alt\"><\/i>&nbsp;\n                                                    \n                                                                                                            <span>12 januari 2021<\/span>\n                                                                                                        \n                                                    \n                                                                                                                                                        <\/div>\n\n                                                                                            <\/div>\n\n                                            <div class=\"entry-content\">\n                                                <p>\n<p>\"De strategische onafhankelijkheid is ons nieuwe gemeenschappelijke project voor deze eeuw\", zei EC-voorzitter Charles Michel. Emmanuel Macron heeft strategische autonomie toegepast op alles van de Franse defensiesector tot de Europese industrie ...<\/p>\n\n\n\n<p>Wat is het? Wat is het niet?<\/p>\n\n\n\n<p>Kom naar onze verkenning van de nieuwste slagzin van de EU. Zoals altijd gevolgd door een levendige discussie tussen betrokken Europese burgers.<\/p>\n\n\n\n<p>Bedankt Klaus (Pulse of Europe) voor het organiseren van dit evenement!<\/p>\n<\/p>\n                                                <div class=\"clear\"><\/div>\n                                            <\/div>\n\n                                                                                    <\/div>\n                                    <\/article>\n                                <\/div>\n                            \n                                <div id=\"post-8594\" class=\"aux-col post-8594\">\n                                    <article class=\"post column-entry post-8594 event_listing type-event_listing status-expired has-post-thumbnail hentry\">\n                                        <div class=\"entry-media\">\n                                            <div class=\"aux-media-frame aux-media-image aux-image-mask\">\n                                                <img decoding=\"async\"\n                                                loading=\"lazy\"\n                                                src=\"https:\/\/meeteu.eu\/wp-content\/uploads\/2022\/09\/Exampe-Background-without-Guest-3.png\"\n                                                class=\"aux-attachment aux-featured-image aux-attachment-id-8595 aux-preload aux-has-preview\"\n                                                alt=\"\"\n                                                data-src=\"https:\/\/meeteu.eu\/wp-content\/uploads\/2022\/09\/Exampe-Background-without-Guest-3.png\"\n                                                \/>\n                                            <\/div>\n                                        <\/div>\n\n                                        <header class=\"entry-header\">\n                                            <h4 class=\"entry-title\">\n                                                ERASMUS in Litouwen - mijn avontuur in de Baltische staten                                            <\/h4>\n                                        <\/header>\n\n                                        <div class=\"entry-main\">\n                                            <div class=\"entry-info\">\n                                                <div class=\"event-date\">\n                                                                                                            <i class=\"fas fa-calendar-alt\"><\/i>&nbsp;\n                                                    \n                                                                                                            <span>23 december 2020<\/span>\n                                                                                                        \n                                                    \n                                                                                                                                                        <\/div>\n\n                                                                                            <\/div>\n\n                                            <div class=\"entry-content\">\n                                                <p>\n<p>met Lars Berndt, ERASMUS-student uit Nederland<strong><\/strong><\/p>\n\n\n\n<p>\"Litouwen, een onbekende bestemming voor veel Europeanen. Een van de drie Baltische staten, een juweeltje in het noordoosten van Europa. Met slechts 2,7 miljoen inwoners, waarvan de meesten in de hoofdstad Vilnius wonen. Hier begint mijn verhaal, samen met dat van vele andere Erasmus-studenten. Mijn naam is Lars Berndt, een student Europese Studies uit Nederland. Ik ben bijna een heel semester in Litouwen gebleven, heb over hun geschiedenis en cultuur geleerd, de prachtige wildernis gezien en nieuwe mensen van over het hele Europese continent ontmoet.\"<\/p>\n<\/p>\n                                                <div class=\"clear\"><\/div>\n                                            <\/div>\n\n                                                                                    <\/div>\n                                    <\/article>\n                                <\/div>\n                            \n                                <div id=\"post-8596\" class=\"aux-col post-8596\">\n                                    <article class=\"post column-entry post-8596 event_listing type-event_listing status-expired has-post-thumbnail hentry\">\n                                        <div class=\"entry-media\">\n                                            <div class=\"aux-media-frame aux-media-image aux-image-mask\">\n                                                <img decoding=\"async\"\n                                                loading=\"lazy\"\n                                                src=\"https:\/\/meeteu.eu\/wp-content\/uploads\/2022\/09\/Christmasgift.png\"\n                                                class=\"aux-attachment aux-featured-image aux-attachment-id-8597 aux-preload aux-has-preview\"\n                                                alt=\"\"\n                                                data-src=\"https:\/\/meeteu.eu\/wp-content\/uploads\/2022\/09\/Christmasgift.png\"\n                                                \/>\n                                            <\/div>\n                                        <\/div>\n\n                                        <header class=\"entry-header\">\n                                            <h4 class=\"entry-title\">\n                                                MeetEU Kerstquiz                                            <\/h4>\n                                        <\/header>\n\n                                        <div class=\"entry-main\">\n                                            <div class=\"entry-info\">\n                                                <div class=\"event-date\">\n                                                                                                            <i class=\"fas fa-calendar-alt\"><\/i>&nbsp;\n                                                    \n                                                                                                            <span>15 december 2020<\/span>\n                                                                                                        \n                                                    \n                                                                                                                                                        <\/div>\n\n                                                                                            <\/div>\n\n                                            <div class=\"entry-content\">\n                                                <p>\n<p>Hoeveel weet jij over de EU? Kom erachter in de MeetEU Kerstquiz! Naast een heleboel interessante vragen (... en antwoorden) maak je kans op geweldige together.eu merch.<\/p>\n\n\n\n<p>Als je de top 3 haalt, kun je een<\/p>\n\n\n\n<p><strong>Kerstpakket EU\u00a0<\/strong>met merkbadges, tassen, blikopeners, vlaggen, enz. Hartelijk dank aan onze prijzensponsor: het Europees Verbindingsbureau in Berlijn.<\/p>\n\n\n\n<p><strong>Wat je moet voorbereiden:<\/strong><\/p>\n\n\n\n<ul class=\"wp-block-list\"><li>Je hebt je smartphone nodig (om de antwoorden te kiezen) en een ander apparaat, bijvoorbeeld een pc of notebook, waarop de Discord-app is ge\u00efnstalleerd (om de vragen te zien).<\/li><li>Op het apparaat waarop Discord is ge\u00efnstalleerd moet je deelnemen aan onze livestream in Talkroom 1. Klik hiervoor op de knop LIVE.<\/li><li>Ga op je smartphone naar&nbsp;<a href=\"https:\/\/kahoot.it\/\" rel=\"noopener\">https:\/\/kahoot.it<\/a>&nbsp;en voer de spelcode in die wordt weergegeven in onze livestream (Talkroom 1)<\/li><li>Kies op Kahoot dezelfde naam die je op Discord gebruikt.<\/li><\/ul>\n<\/p>\n                                                <div class=\"clear\"><\/div>\n                                            <\/div>\n\n                                                                                    <\/div>\n                                    <\/article>\n                                <\/div>\n                            \n                                <div id=\"post-8598\" class=\"aux-col post-8598\">\n                                    <article class=\"post column-entry post-8598 event_listing type-event_listing status-expired has-post-thumbnail hentry\">\n                                        <div class=\"entry-media\">\n                                            <div class=\"aux-media-frame aux-media-image aux-image-mask\">\n                                                <img decoding=\"async\"\n                                                loading=\"lazy\"\n                                                src=\"https:\/\/meeteu.eu\/wp-content\/uploads\/2022\/09\/EU-Adventures-2.png\"\n                                                class=\"aux-attachment aux-featured-image aux-attachment-id-8599 aux-preload aux-has-preview\"\n                                                alt=\"\"\n                                                data-src=\"https:\/\/meeteu.eu\/wp-content\/uploads\/2022\/09\/EU-Adventures-2.png\"\n                                                \/>\n                                            <\/div>\n                                        <\/div>\n\n                                        <header class=\"entry-header\">\n                                            <h4 class=\"entry-title\">\n                                                <strong>Europese verhalen - Onze avonturen!<\/strong>                                            <\/h4>\n                                        <\/header>\n\n                                        <div class=\"entry-main\">\n                                            <div class=\"entry-info\">\n                                                <div class=\"event-date\">\n                                                                                                            <i class=\"fas fa-calendar-alt\"><\/i>&nbsp;\n                                                    \n                                                                                                            <span>8 december 2020<\/span>\n                                                                                                        \n                                                    \n                                                                                                                                                        <\/div>\n\n                                                                                            <\/div>\n\n                                            <div class=\"entry-content\">\n                                                <p>\n<p>Of het nu voor werk, studie of gewoon om te ontdekken is. We hebben allemaal door Europa gereisd en spannende verhalen beleefd. Laten we erover praten! Ontmoet interessante mensen, luister naar spannende situaties en deel je eigen favoriete avontuur met ons op MeetEU!<\/p>\n<\/p>\n                                                <div class=\"clear\"><\/div>\n                                            <\/div>\n\n                                                                                    <\/div>\n                                    <\/article>\n                                <\/div>\n                            \n                                <div id=\"post-8600\" class=\"aux-col post-8600\">\n                                    <article class=\"post column-entry post-8600 event_listing type-event_listing status-expired has-post-thumbnail hentry\">\n                                        <div class=\"entry-media\">\n                                            <div class=\"aux-media-frame aux-media-image aux-image-mask\">\n                                                <img decoding=\"async\"\n                                                loading=\"lazy\"\n                                                src=\"https:\/\/meeteu.eu\/wp-content\/uploads\/2022\/09\/Climate_crisis-ENG.png\"\n                                                class=\"aux-attachment aux-featured-image aux-attachment-id-8601 aux-preload aux-has-preview\"\n                                                alt=\"\"\n                                                data-src=\"https:\/\/meeteu.eu\/wp-content\/uploads\/2022\/09\/Climate_crisis-ENG.png\"\n                                                \/>\n                                            <\/div>\n                                        <\/div>\n\n                                        <header class=\"entry-header\">\n                                            <h4 class=\"entry-title\">\n                                                De Europese bijdrage aan de klimaatcrisis. Zal de EU de uitstoot in het vereiste tempo verminderen?                                            <\/h4>\n                                        <\/header>\n\n                                        <div class=\"entry-main\">\n                                            <div class=\"entry-info\">\n                                                <div class=\"event-date\">\n                                                                                                            <i class=\"fas fa-calendar-alt\"><\/i>&nbsp;\n                                                    \n                                                                                                            <span>3 december 2020<\/span>\n                                                                                                        \n                                                    \n                                                                                                                                                        <\/div>\n\n                                                                                            <\/div>\n\n                                            <div class=\"entry-content\">\n                                                <p>\n<p>Martin Hojs\u00edk (Slowakije), Europarlementari\u00ebr Renew Europe<\/p>\n\n\n\n<p>Timoth\u00e9e Galvaire, assistent van Pierre Larrouturou (Frankrijk), Europees Parlementslid Socialisten &amp; Democraten<\/p>\n\n\n\n<p>Het gaat om onze toekomst! In december worden er beslissingen genomen over het klimaatbeleid die de doelen voor de komende decennia zullen bepalen. Jouw mening interesseert ons! Samen met vertegenwoordigers van het Europees Parlement heb je de kans om de komende politieke afspraken te bespreken:<\/p>\n\n\n\n<ul class=\"wp-block-list\"><li>Op 12 december vieren we de 5e verjaardag van de Overeenkomst van Parijs, maar wat valt er te vieren? Zijn de Europese landen ook maar in de buurt gekomen van het klimaatdoel dat we na 5 jaar COP 21 hadden moeten bereiken?<\/li><li>Op 10-11 december komen de staatshoofden en regeringsleiders van de 27 landen in Brussel bijeen om tijdens de top van de Raad van de EU te beslissen over de emissiereductiedoelstelling voor 2030. Zal de Raad van de EU met een gedurfde doelstelling komen die tegemoetkomt aan de urgentie en de omvang van de uitdaging waarvoor we staan?<\/li><li>Er zal ook worden beslist of er een TFT (=&nbsp;<a href=\"https:\/\/meeteu.eu\/wp-content\/uploads\/2020\/11\/Information-on-the-TFT.pdf\">Belasting op financi\u00eble transacties<\/a>) om klimaat-, gezondheids- en sociale kwesties te financieren: Pierre Larrouturou, de huidige begrotingsrapporteur van het Europees Parlement, ging in Brussel 18 dagen in hongerstaking om het verzet van de Franse en Duitse regeringen tegen de invoering van deze belasting te breken.<\/li><\/ul>\n\n\n\n<p>Onze gasten zullen in drie opeenvolgende rondes aan het woord komen - na elke ronde is er ruim de tijd voor alle deelnemers om met hen in contact te komen en rechtstreeks vragen te stellen. Doe je mee?<\/p>\n\n\n\n<p>__<\/p>\n\n\n\n<p>Een kort overzicht van de TFT vind je hier:&nbsp;<a href=\"https:\/\/meeteu.eu\/wp-content\/uploads\/2020\/11\/Information-on-the-TFT.pdf\">Belasting op financi\u00eble transacties&nbsp;<\/a><\/p>\n\n\n\n<p>Bedankt Claudine voor het delen!&nbsp;<\/p>\n<\/p>\n                                                <div class=\"clear\"><\/div>\n                                            <\/div>\n\n                                                                                    <\/div>\n                                    <\/article>\n                                <\/div>\n                            \n                                <div id=\"post-8602\" class=\"aux-col post-8602\">\n                                    <article class=\"post column-entry post-8602 event_listing type-event_listing status-expired has-post-thumbnail hentry\">\n                                        <div class=\"entry-media\">\n                                            <div class=\"aux-media-frame aux-media-image aux-image-mask\">\n                                                <img decoding=\"async\"\n                                                loading=\"lazy\"\n                                                src=\"https:\/\/meeteu.eu\/wp-content\/uploads\/2022\/09\/Bentele_ENG.png\"\n                                                class=\"aux-attachment aux-featured-image aux-attachment-id-8603 aux-preload aux-has-preview\"\n                                                alt=\"\"\n                                                data-src=\"https:\/\/meeteu.eu\/wp-content\/uploads\/2022\/09\/Bentele_ENG.png\"\n                                                \/>\n                                            <\/div>\n                                        <\/div>\n\n                                        <header class=\"entry-header\">\n                                            <h4 class=\"entry-title\">\n                                                Afrika en de EU - Samen naar een betere toekomst?                                            <\/h4>\n                                        <\/header>\n\n                                        <div class=\"entry-main\">\n                                            <div class=\"entry-info\">\n                                                <div class=\"event-date\">\n                                                                                                            <i class=\"fas fa-calendar-alt\"><\/i>&nbsp;\n                                                    \n                                                                                                            <span>17 november 2020<\/span>\n                                                                                                        \n                                                    \n                                                                                                                                                        <\/div>\n\n                                                                                            <\/div>\n\n                                            <div class=\"entry-content\">\n                                                <p>\n<p>Met&nbsp;<a href=\"https:\/\/www.hildegard-bentele.eu\/\" rel=\"noopener\">Hildegard Bentele<\/a>MEP,<br>Fractie van de Europese Volkspartij, lid van de Commissie ontwikkelingssamenwerking<\/p>\n\n\n\n<p>Het Afrikaanse continent groeit het snelst ter wereld, de bevolking verlangt naar perspectieven en landen als China intensiveren steeds meer hun betrekkingen met de landen in de regio. In de afgelopen twee jaar waren de prioriteiten van de EU in Afrika vooral gericht op het opbouwen van een pan-Afrikaanse unie, het investeren in de bevolking, bijvoorbeeld door het bevorderen van onderwijs, en het integreren van een gemeenschappelijke Afrikaanse markt. Hoe ziet de samenwerking tussen Afrikaanse staten en de Europese Unie er in de toekomst uit en door welke gemeenschappelijke belangen wordt deze gedreven? Welke betekenis heeft Afrika voor het buitenlands beleid van de EU?<\/p>\n<\/p>\n                                                <div class=\"clear\"><\/div>\n                                            <\/div>\n\n                                                                                    <\/div>\n                                    <\/article>\n                                <\/div>\n                            \n                                <div id=\"post-8604\" class=\"aux-col post-8604\">\n                                    <article class=\"post column-entry post-8604 event_listing type-event_listing status-expired has-post-thumbnail hentry\">\n                                        <div class=\"entry-media\">\n                                            <div class=\"aux-media-frame aux-media-image aux-image-mask\">\n                                                <img decoding=\"async\"\n                                                loading=\"lazy\"\n                                                src=\"https:\/\/meeteu.eu\/wp-content\/uploads\/2022\/09\/graph-7.png\"\n                                                class=\"aux-attachment aux-featured-image aux-attachment-id-8408 aux-preload aux-has-preview\"\n                                                alt=\"\"\n                                                data-src=\"https:\/\/meeteu.eu\/wp-content\/uploads\/2022\/09\/graph-7.png\"\n                                                \/>\n                                            <\/div>\n                                        <\/div>\n\n                                        <header class=\"entry-header\">\n                                            <h4 class=\"entry-title\">\n                                                Vrijheid van meningsuiting - een vooraf bepaald breekpunt voor onze samenleving?                                            <\/h4>\n                                        <\/header>\n\n                                        <div class=\"entry-main\">\n                                            <div class=\"entry-info\">\n                                                <div class=\"event-date\">\n                                                                                                            <i class=\"fas fa-calendar-alt\"><\/i>&nbsp;\n                                                    \n                                                                                                            <span>10 november 2020<\/span>\n                                                                                                        \n                                                    \n                                                                                                                                                        <\/div>\n\n                                                                                            <\/div>\n\n                                            <div class=\"entry-content\">\n                                                <p>\n<p>De sessie wordt georganiseerd door Klaus van&nbsp;<a href=\"https:\/\/pulseofeurope.eu\/en\/\" rel=\"noopener\">Hartslag van Europa<\/a>.<\/p>\n\n\n\n<p>De moord op Samuel Paty in Frankrijk heeft opnieuw de schijnwerpers gericht op het fundamentele mensenrecht van vrije meningsuiting en degenen die zich het recht voorbehouden om te doden als hun gevoelens worden gekwetst door iemand die dit recht uitoefent. Maar van het onderdrukken van politieke meningen, haatzaaien tot de strijd over de geldigheid van wetenschap en pure manipulatie in tijden van sociale media zijn er talloze kwesties daartussenin.<\/p>\n\n\n\n<p>We willen deze sessie gebruiken om te begrijpen waar we eigenlijk staan, wat er op het spel staat en om de kwesties te bespreken.<\/p>\n<\/p>\n                                                <div class=\"clear\"><\/div>\n                                            <\/div>\n\n                                                                                    <\/div>\n                                    <\/article>\n                                <\/div>\n                            \n                                <div id=\"post-8605\" class=\"aux-col post-8605\">\n                                    <article class=\"post column-entry post-8605 event_listing type-event_listing status-expired has-post-thumbnail hentry\">\n                                        <div class=\"entry-media\">\n                                            <div class=\"aux-media-frame aux-media-image aux-image-mask\">\n                                                <img decoding=\"async\"\n                                                loading=\"lazy\"\n                                                src=\"https:\/\/meeteu.eu\/wp-content\/uploads\/2022\/09\/Michael-Bloss_Announcement-Visual_en_19hrs-360x360-1.png\"\n                                                class=\"aux-attachment aux-featured-image aux-attachment-id-8606 aux-preload aux-has-preview\"\n                                                alt=\"\"\n                                                data-src=\"https:\/\/meeteu.eu\/wp-content\/uploads\/2022\/09\/Michael-Bloss_Announcement-Visual_en_19hrs-360x360-1.png\"\n                                                \/>\n                                            <\/div>\n                                        <\/div>\n\n                                        <header class=\"entry-header\">\n                                            <h4 class=\"entry-title\">\n                                                Live verslag vanuit Brussel: de nieuwe EU-klimaatwet                                            <\/h4>\n                                        <\/header>\n\n                                        <div class=\"entry-main\">\n                                            <div class=\"entry-info\">\n                                                <div class=\"event-date\">\n                                                                                                            <i class=\"fas fa-calendar-alt\"><\/i>&nbsp;\n                                                    \n                                                                                                            <span>3 november 2020<\/span>\n                                                                                                        \n                                                    \n                                                                                                                                                        <\/div>\n\n                                                                                                    <div class=\"event-location\">\n                                                                                                                    <i class=\"fas fa-thumbtack\"><\/i>&nbsp;\n                                                            <span>Virtueel evenement op Zoom<\/span>\n                                                                                                            <\/div>\n\n                                                    <div class=\"event-language\">\n                                                                                                                    <i class=\"fas fa-globe\"><\/i>&nbsp;\n                                                            <span>In het Engels, met meertalige bijschriften<\/span>\n                                                                                                            <\/div>\n                                                                                            <\/div>\n\n                                            <div class=\"entry-content\">\n                                                <p>\n<p>Spreker:<br><a href=\"https:\/\/michaelbloss.eu\/\" rel=\"noopener\">Michael Bloss<\/a>, MEP, Groenen\/Europese Vrije Alliantie<\/p>\n\n\n\n<p>De EU streeft naar een broeikasgasuitstoot van nul in 2050. De nieuwe klimaatwet van de EU zal de basis vormen voor de overgang naar een groene economie. Zoals je je kunt voorstellen, lopen de meningen hierover in de lidstaten uiteen;) Een van de onderhandelaars is Europarlementari\u00ebr Michael Bloss. Dinsdagavond zal hij ons vertellen waar we nu staan en wat de grootste knelpunten zijn.<\/p>\n<\/p>\n                                                <div class=\"clear\"><\/div>\n                                            <\/div>\n\n                                                                                    <\/div>\n                                    <\/article>\n                                <\/div>\n                            \n                                <div id=\"post-8609\" class=\"aux-col post-8609\">\n                                    <article class=\"post column-entry post-8609 event_listing type-event_listing status-expired has-post-thumbnail hentry\">\n                                        <div class=\"entry-media\">\n                                            <div class=\"aux-media-frame aux-media-image aux-image-mask\">\n                                                <img decoding=\"async\"\n                                                loading=\"lazy\"\n                                                src=\"https:\/\/meeteu.eu\/wp-content\/uploads\/2020\/09\/European_Home_Parliaments_Pulse_of_Europe.jpg\"\n                                                class=\"aux-attachment aux-featured-image aux-attachment-id-1670 aux-preload aux-has-preview\"\n                                                alt=\"\"\n                                                data-src=\"https:\/\/meeteu.eu\/wp-content\/uploads\/2020\/09\/European_Home_Parliaments_Pulse_of_Europe.jpg\"\n                                                \/>\n                                            <\/div>\n                                        <\/div>\n\n                                        <header class=\"entry-header\">\n                                            <h4 class=\"entry-title\">\n                                                Transnationaal Europees Huisparlement                                            <\/h4>\n                                        <\/header>\n\n                                        <div class=\"entry-main\">\n                                            <div class=\"entry-info\">\n                                                <div class=\"event-date\">\n                                                                                                            <i class=\"fas fa-calendar-alt\"><\/i>&nbsp;\n                                                    \n                                                                                                            <span>20 oktober 2020<\/span>\n                                                                                                        \n                                                    \n                                                                                                                                                        <\/div>\n\n                                                                                            <\/div>\n\n                                            <div class=\"entry-content\">\n                                                <p>\n<p>Het project - opgezet door de maatschappelijke organisatie&nbsp;<a href=\"https:\/\/homeparliaments.eu\/\" rel=\"noopener\">Hartslag van Europa<\/a>&nbsp;- wordt georganiseerd onder het beschermheerschap van President Ursula von der Leyen.<\/p>\n\n\n\n<p>Waar gaat het over? In groepen van 4-8 personen bespreken jullie de&nbsp;<strong>Toekomst van de Europese solidariteit<\/strong>.<\/p>\n\n\n\n<p>De 3 kernvragen zijn:<\/p>\n\n\n\n<ul class=\"wp-block-list\"><li>Moeten rijke EU-lidstaten meer economische steun geven aan lidstaten die bijzonder hard worden getroffen door crises?<\/li><li>Moet de EU meer investeren in sociaal beleid om de sociale ongelijkheid tussen de lidstaten aan te pakken?<\/li><li>Moet de EU zich in het belang van toekomstige generaties vooral richten op milieuvriendelijke innovatie en banen?<\/li><\/ul>\n\n\n\n<p><a href=\"https:\/\/www.openpetition.de\/pdf\/hausparlament\/participation_forms\/Participant_Result_Form.pdf\" rel=\"noopener\">Downloaden voor deelnemers<\/a><\/p>\n\n\n\n<p>De&nbsp;<strong>de resultaten van de besprekingen worden toegezonden aan mevrouw von der Leyen<\/strong>&nbsp;en 29 leden van het Europees Parlement, zoals Manfred Weber, Othmar Karas, Gabriele Bischoff, Fabienne Keller, Gwendoline Delbos-Corfield, Martin Schirdewan, Ska Keller, Pedro Marques, Lukasz Kohut en Damian Boeselager. Zij zullen de resultaten toelichten op een digitaal platform en nodigen jou uit voor deze discussie.<\/p>\n<\/p>\n                                                <div class=\"clear\"><\/div>\n                                            <\/div>\n\n                                                                                    <\/div>\n                                    <\/article>\n                                <\/div>\n                            \n                                <div id=\"post-8607\" class=\"aux-col post-8607\">\n                                    <article class=\"post column-entry post-8607 event_listing type-event_listing status-expired has-post-thumbnail hentry\">\n                                        <div class=\"entry-media\">\n                                            <div class=\"aux-media-frame aux-media-image aux-image-mask\">\n                                                <img decoding=\"async\"\n                                                loading=\"lazy\"\n                                                src=\"https:\/\/meeteu.eu\/wp-content\/uploads\/2022\/09\/08-Mar.jpg\"\n                                                class=\"aux-attachment aux-featured-image aux-attachment-id-8608 aux-preload aux-has-preview\"\n                                                alt=\"\"\n                                                data-src=\"https:\/\/meeteu.eu\/wp-content\/uploads\/2022\/09\/08-Mar.jpg\"\n                                                \/>\n                                            <\/div>\n                                        <\/div>\n\n                                        <header class=\"entry-header\">\n                                            <h4 class=\"entry-title\">\n                                                Nini Tsiklauri presenteert haar nieuwe boek:'Lasst uns um Europa k\u00e4mpfen'.                                            <\/h4>\n                                        <\/header>\n\n                                        <div class=\"entry-main\">\n                                            <div class=\"entry-info\">\n                                                <div class=\"event-date\">\n                                                                                                            <i class=\"fas fa-calendar-alt\"><\/i>&nbsp;\n                                                    \n                                                                                                            <span>18 oktober 2020<\/span>\n                                                                                                        \n                                                    \n                                                                                                                                                        <\/div>\n\n                                                                                            <\/div>\n\n                                            <div class=\"entry-content\">\n                                                <p>\n<p><a href=\"http:\/\/ninitsiklauri.eu\/\" rel=\"noopener\">Nini Tsiklauri<\/a>&nbsp;is een actrice, schrijfster, politiek activiste en gepassioneerde Europeaan, die opgroeide in Hongarije, Georgi\u00eb en Duitsland. Als actrice is ze bekend van 'Die Wilden Kerle' en 'Schloss Einstein'.<\/p>\n\n\n\n<p>Nini studeerde politieke wetenschappen in Oostenrijk. Ze is ook initiatiefneemster van de PulseofEurope beweging in Oostenrijk. Haar nieuwe boek \"Lasst uns um Europa k\u00e4mpfen\" (Laten we vechten voor Europa) biedt een nieuw perspectief om de Europese Unie te begrijpen en te voelen. Nini laadt Europa op met sterke emoties en biedt een doe-het-zelf reddingsplan voor de EU. Een zeer persoonlijk en tegelijkertijd zeer politiek boek.<\/p>\n\n\n\n<p>Houd er rekening mee dat de lezing in het Duits is. Vragen kunnen in het Engels worden gesteld.<\/p>\n<\/p>\n                                                <div class=\"clear\"><\/div>\n                                            <\/div>\n\n                                                                                    <\/div>\n                                    <\/article>\n                                <\/div>\n                            \n                                <div id=\"post-8610\" class=\"aux-col post-8610\">\n                                    <article class=\"post column-entry post-8610 event_listing type-event_listing status-expired has-post-thumbnail hentry\">\n                                        <div class=\"entry-media\">\n                                            <div class=\"aux-media-frame aux-media-image aux-image-mask\">\n                                                <img decoding=\"async\"\n                                                loading=\"lazy\"\n                                                src=\"https:\/\/meeteu.eu\/wp-content\/uploads\/2022\/09\/Dalara-Burkhardt-ENG.png\"\n                                                class=\"aux-attachment aux-featured-image aux-attachment-id-8611 aux-preload aux-has-preview\"\n                                                alt=\"\"\n                                                data-src=\"https:\/\/meeteu.eu\/wp-content\/uploads\/2022\/09\/Dalara-Burkhardt-ENG.png\"\n                                                \/>\n                                            <\/div>\n                                        <\/div>\n\n                                        <header class=\"entry-header\">\n                                            <h4 class=\"entry-title\">\n                                                Green Deal: Zal de pandemie groen uitpakken?                                            <\/h4>\n                                        <\/header>\n\n                                        <div class=\"entry-main\">\n                                            <div class=\"entry-info\">\n                                                <div class=\"event-date\">\n                                                                                                            <i class=\"fas fa-calendar-alt\"><\/i>&nbsp;\n                                                    \n                                                                                                            <span>14 oktober 2020<\/span>\n                                                                                                        \n                                                    \n                                                                                                                                                        <\/div>\n\n                                                                                            <\/div>\n\n                                            <div class=\"entry-content\">\n                                                <p>\n<p>Spreker:<br><a href=\"https:\/\/www.delara-burkhardt.eu\/\" rel=\"noopener\">Delara Burkhardt<\/a>, lid van het Europees Parlement, Fractie van de Progressieve Alliantie van Socialisten en Democraten<\/p>\n\n\n\n<p>De Europese Commissie heeft de Green Deal gedefinieerd als een routekaart om Europa tegen 2050 om te vormen tot een duurzaam en koolstofneutraal continent.<\/p>\n\n\n\n<p>Zal de pandemie dat doel echter naar de achtergrond verdringen? Of heeft de COVID-19-crisis aangetoond dat we radicale en onmiddellijke maatregelen kunnen nemen? Dat is wat we willen bespreken met Delara Burkhardt, lid van het Europees Parlement en lid van de Commissie milieubeheer, volksgezondheid en voedselveiligheid van het Europees Parlement.<\/p>\n<\/p>\n                                                <div class=\"clear\"><\/div>\n                                            <\/div>\n\n                                                                                    <\/div>\n                                    <\/article>\n                                <\/div>\n                            \n                                <div id=\"post-8612\" class=\"aux-col post-8612\">\n                                    <article class=\"post column-entry post-8612 event_listing type-event_listing status-expired has-post-thumbnail hentry\">\n                                        <div class=\"entry-media\">\n                                            <div class=\"aux-media-frame aux-media-image aux-image-mask\">\n                                                <img decoding=\"async\"\n                                                loading=\"lazy\"\n                                                src=\"https:\/\/meeteu.eu\/wp-content\/uploads\/2022\/09\/Visual-Child-Rights-and-Germanys-2020-EU-Council-Presidency.png\"\n                                                class=\"aux-attachment aux-featured-image aux-attachment-id-8613 aux-preload aux-has-preview\"\n                                                alt=\"\"\n                                                data-src=\"https:\/\/meeteu.eu\/wp-content\/uploads\/2022\/09\/Visual-Child-Rights-and-Germanys-2020-EU-Council-Presidency.png\"\n                                                \/>\n                                            <\/div>\n                                        <\/div>\n\n                                        <header class=\"entry-header\">\n                                            <h4 class=\"entry-title\">\n                                                Kinderrechten en het EU-Raadsvoorzitterschap 2020 van Duitsland                                            <\/h4>\n                                        <\/header>\n\n                                        <div class=\"entry-main\">\n                                            <div class=\"entry-info\">\n                                                <div class=\"event-date\">\n                                                                                                            <i class=\"fas fa-calendar-alt\"><\/i>&nbsp;\n                                                    \n                                                                                                            <span>6 oktober 2020<\/span>\n                                                                                                        \n                                                    \n                                                                                                                                                        <\/div>\n\n                                                                                            <\/div>\n\n                                            <div class=\"entry-content\">\n                                                <p>\n<p>Het Duitse voorzitterschap van de Raad van de Europese Unie in de tweede helft van 2020 komt op een cruciaal moment voor kinderen: We worden geconfronteerd met een ongekende crisis als gevolg van de COVID-19 pandemie en we gaan het Decennium van Actie in om de SDG's tot 2030 te realiseren. Wereldwijd is er aanzienlijke vooruitgang geboekt voor kinderen, maar er blijven uitdagingen bestaan voor de verwezenlijking van alle rechten voor alle kinderen overal ter wereld, in het bijzonder de meest kwetsbare kinderen.<\/p>\n\n\n\n<p>We willen de aanbevelingen van UNICEF voor het Duitse EU-voorzitterschap bespreken, zoals een uitgebreide EU-strategie voor kinderrechten, een effectief partnerschap tussen de EU en Afrika voor kinderen en een kindgerichte humanitaire respons.<\/p>\n\n\n\n<p>Spreker:<br>Lydia Berneburg, UNICEF Duitsland<\/p>\n<\/p>\n                                                <div class=\"clear\"><\/div>\n                                            <\/div>\n\n                                                                                    <\/div>\n                                    <\/article>\n                                <\/div>\n                            \n                                <div id=\"post-8614\" class=\"aux-col post-8614\">\n                                    <article class=\"post column-entry post-8614 event_listing type-event_listing status-expired has-post-thumbnail hentry\">\n                                        <div class=\"entry-media\">\n                                            <div class=\"aux-media-frame aux-media-image aux-image-mask\">\n                                                <img decoding=\"async\"\n                                                loading=\"lazy\"\n                                                src=\"https:\/\/meeteu.eu\/wp-content\/uploads\/2020\/09\/European_Home_Parliaments_Pulse_of_Europe.jpg\"\n                                                class=\"aux-attachment aux-featured-image aux-attachment-id-1670 aux-preload aux-has-preview\"\n                                                alt=\"\"\n                                                data-src=\"https:\/\/meeteu.eu\/wp-content\/uploads\/2020\/09\/European_Home_Parliaments_Pulse_of_Europe.jpg\"\n                                                \/>\n                                            <\/div>\n                                        <\/div>\n\n                                        <header class=\"entry-header\">\n                                            <h4 class=\"entry-title\">\n                                                Europese HomeParlementen per Pols van Europa                                            <\/h4>\n                                        <\/header>\n\n                                        <div class=\"entry-main\">\n                                            <div class=\"entry-info\">\n                                                <div class=\"event-date\">\n                                                                                                            <i class=\"fas fa-calendar-alt\"><\/i>&nbsp;\n                                                    \n                                                                                                            <span>29 september 2020<\/span>\n                                                                                                        \n                                                    \n                                                                                                                                                        <\/div>\n\n                                                                                            <\/div>\n\n                                            <div class=\"entry-content\">\n                                                <p>\n<p>We stellen je graag een cool initiatief voor: de Europese thuisparlementen van Pulse of Europe.<\/p>\n\n\n\n<p>Waar gaat het over? A&nbsp;<a href=\"https:\/\/homeparliaments.eu\/\" rel=\"noopener\">HomeParlement<\/a>&nbsp;is een bijeenkomst van 4 tot 8 mensen die een Europese kwestie bespreken. Iedereen kan gastheer worden van zo'n thuisparlement. De burgerbeweging Pulse of Europe voorziet je van alle documenten.<\/p>\n\n\n\n<p>De resultaten van je discussies belanden niet ergens in een la, maar worden naar EU-beleidsmakers gestuurd, zoals Ursula von der Leyen, Manfred Weber, Ska Keller of Damian Boeselager.<\/p>\n\n\n\n<p>Hendrik Michel van Pulse Of Europe Frankfurt laat je zien hoe het werkt en hoe je mee kunt doen.<\/p>\n\n\n\n<p>De 3e ronde van Europese thuisparlementen vindt plaats van 19 september tot 1 november 2020.<\/p>\n\n\n\n<p>Spreker:<br>Hendrik Michel,<a href=\"https:\/\/pulseofeurope.eu\/\" rel=\"noopener\">&nbsp;Hartslag van Europa<\/a>&nbsp;Frankfurt<\/p>\n<\/p>\n                                                <div class=\"clear\"><\/div>\n                                            <\/div>\n\n                                                                                    <\/div>\n                                    <\/article>\n                                <\/div>\n                            \n                                <div id=\"post-8615\" class=\"aux-col post-8615\">\n                                    <article class=\"post column-entry post-8615 event_listing type-event_listing status-expired has-post-thumbnail hentry\">\n                                        <div class=\"entry-media\">\n                                            <div class=\"aux-media-frame aux-media-image aux-image-mask\">\n                                                <img decoding=\"async\"\n                                                loading=\"lazy\"\n                                                src=\"https:\/\/meeteu.eu\/wp-content\/uploads\/2022\/09\/Lets-meet-MeetEU.png\"\n                                                class=\"aux-attachment aux-featured-image aux-attachment-id-8616 aux-preload aux-has-preview\"\n                                                alt=\"\"\n                                                data-src=\"https:\/\/meeteu.eu\/wp-content\/uploads\/2022\/09\/Lets-meet-MeetEU.png\"\n                                                \/>\n                                            <\/div>\n                                        <\/div>\n\n                                        <header class=\"entry-header\">\n                                            <h4 class=\"entry-title\">\n                                                Laten we elkaar ontmoeten, MeetEU!                                            <\/h4>\n                                        <\/header>\n\n                                        <div class=\"entry-main\">\n                                            <div class=\"entry-info\">\n                                                <div class=\"event-date\">\n                                                                                                            <i class=\"fas fa-calendar-alt\"><\/i>&nbsp;\n                                                    \n                                                                                                            <span>22 september 2020<\/span>\n                                                                                                        \n                                                    \n                                                                                                                                                        <\/div>\n\n                                                                                            <\/div>\n\n                                            <div class=\"entry-content\">\n                                                <p>\n<p>Een half jaar is voorbij, we willen graag van de gelegenheid gebruik maken om samen met u te kijken naar de afgelopen maanden en te praten over de toekomst van MeetEU.<\/p>\n<\/p>\n                                                <div class=\"clear\"><\/div>\n                                            <\/div>\n\n                                                                                    <\/div>\n                                    <\/article>\n                                <\/div>\n                            \n                                <div id=\"post-8617\" class=\"aux-col post-8617\">\n                                    <article class=\"post column-entry post-8617 event_listing type-event_listing status-expired has-post-thumbnail hentry\">\n                                        <div class=\"entry-media\">\n                                            <div class=\"aux-media-frame aux-media-image aux-image-mask\">\n                                                <img decoding=\"async\"\n                                                loading=\"lazy\"\n                                                src=\"https:\/\/meeteu.eu\/wp-content\/uploads\/2022\/09\/15.9-SOTEU-MeetEU-EN-360x360-1.png\"\n                                                class=\"aux-attachment aux-featured-image aux-attachment-id-8618 aux-preload aux-has-preview\"\n                                                alt=\"\"\n                                                data-src=\"https:\/\/meeteu.eu\/wp-content\/uploads\/2022\/09\/15.9-SOTEU-MeetEU-EN-360x360-1.png\"\n                                                \/>\n                                            <\/div>\n                                        <\/div>\n\n                                        <header class=\"entry-header\">\n                                            <h4 class=\"entry-title\">\n                                                De State of the Union-toespraak van Ursula von der Leyen voor het Europees Parlement                                            <\/h4>\n                                        <\/header>\n\n                                        <div class=\"entry-main\">\n                                            <div class=\"entry-info\">\n                                                <div class=\"event-date\">\n                                                                                                            <i class=\"fas fa-calendar-alt\"><\/i>&nbsp;\n                                                    \n                                                                                                            <span>15 september 2020<\/span>\n                                                                                                        \n                                                    \n                                                                                                                                                        <\/div>\n\n                                                                                            <\/div>\n\n                                            <div class=\"entry-content\">\n                                                <p>\n<p>Op 16 september zal Commissievoorzitter Ursula von der Leyen de jaarlijkse State of the Union toespraak houden voor het Europees Parlement. Daarna zullen de leden van het Europees Parlement de belangrijkste uitdagingen voor het komende jaar bespreken. De dag voor de toespraak zullen Georg Pfeifer, hoofd van het verbindingsbureau van het Europees Parlement in Duitsland, en J\u00f6rg Wojahn, vertegenwoordiger van de Europese Commissie in Duitsland, een online briefing geven over de komende toespraak en uw vragen beantwoorden.<\/p>\n<\/p>\n                                                <div class=\"clear\"><\/div>\n                                            <\/div>\n\n                                                                                    <\/div>\n                                    <\/article>\n                                <\/div>\n                            \n                                <div id=\"post-8623\" class=\"aux-col post-8623\">\n                                    <article class=\"post column-entry post-8623 event_listing type-event_listing status-expired has-post-thumbnail hentry\">\n                                        <div class=\"entry-media\">\n                                            <div class=\"aux-media-frame aux-media-image aux-image-mask\">\n                                                <img decoding=\"async\"\n                                                loading=\"lazy\"\n                                                src=\"https:\/\/meeteu.eu\/wp-content\/uploads\/2022\/09\/EU-Workshop2-260x300-1.png\"\n                                                class=\"aux-attachment aux-featured-image aux-attachment-id-8624 aux-preload aux-has-preview\"\n                                                alt=\"\"\n                                                data-src=\"https:\/\/meeteu.eu\/wp-content\/uploads\/2022\/09\/EU-Workshop2-260x300-1.png\"\n                                                \/>\n                                            <\/div>\n                                        <\/div>\n\n                                        <header class=\"entry-header\">\n                                            <h4 class=\"entry-title\">\n                                                Workshop: Inleiding tot de EU-instellingen                                            <\/h4>\n                                        <\/header>\n\n                                        <div class=\"entry-main\">\n                                            <div class=\"entry-info\">\n                                                <div class=\"event-date\">\n                                                                                                            <i class=\"fas fa-calendar-alt\"><\/i>&nbsp;\n                                                    \n                                                                                                            <span>11 september 2020<\/span>\n                                                                                                        \n                                                    \n                                                                                                                                                        <\/div>\n\n                                                                                            <\/div>\n\n                                            <div class=\"entry-content\">\n                                                <p>\n<p>Hoe wordt het Europees Parlement gekozen? Hoe werken de EU-instellingen samen? En hoe neemt de EU nieuwe wetten aan?<\/p>\n\n\n\n<p>Deze en nog veel meer vragen komen aan bod in onze workshop. Je zult waardevolle kennis opdoen over de Europese Unie en haar instellingen of de kennis die je al hebt opfrissen. Dit bereidt je voor om de EU-politiek van dichterbij te volgen en de processen in Brussel te begrijpen.<\/p>\n\n\n\n<p>Doe dus mee op 11 augustus 2020 om 18:00 CEST en kom meer te weten over de EU-instellingen.<\/p>\n\n\n\n<p>Elke deelnemer ontvangt een&nbsp;<strong>certificaat van aanwezigheid van het Europees Parlement<\/strong>&nbsp;Verbindingskantoor in Duitsland.<\/p>\n\n\n\n<p>Spreker:<br>Frank Burgd\u00f6rfer, Expert in Team Europa van de Europese Commissie, Docent Europees beleid aan de Universiteit van Koblenz-Landau<\/p>\n<\/p>\n                                                <div class=\"clear\"><\/div>\n                                            <\/div>\n\n                                                                                    <\/div>\n                                    <\/article>\n                                <\/div>\n                            \n                                <div id=\"post-8619\" class=\"aux-col post-8619\">\n                                    <article class=\"post column-entry post-8619 event_listing type-event_listing status-expired has-post-thumbnail hentry\">\n                                        <div class=\"entry-media\">\n                                            <div class=\"aux-media-frame aux-media-image aux-image-mask\">\n                                                <img decoding=\"async\"\n                                                loading=\"lazy\"\n                                                src=\"https:\/\/meeteu.eu\/wp-content\/uploads\/2022\/09\/Verschworungstheotheotheotheotheotheotheotheotheotheotheotheotheotheohrie.png\"\n                                                class=\"aux-attachment aux-featured-image aux-attachment-id-8620 aux-preload aux-has-preview\"\n                                                alt=\"\"\n                                                data-src=\"https:\/\/meeteu.eu\/wp-content\/uploads\/2022\/09\/Verschworungstheotheotheotheotheotheotheotheotheotheotheotheotheotheohrie.png\"\n                                                \/>\n                                            <\/div>\n                                        <\/div>\n\n                                        <header class=\"entry-header\">\n                                            <h4 class=\"entry-title\">\n                                                Samenzweringstheorie\u00ebn in de pandemie van het Coronavirus                                            <\/h4>\n                                        <\/header>\n\n                                        <div class=\"entry-main\">\n                                            <div class=\"entry-info\">\n                                                <div class=\"event-date\">\n                                                                                                            <i class=\"fas fa-calendar-alt\"><\/i>&nbsp;\n                                                    \n                                                                                                            <span>8 september 2020<\/span>\n                                                                                                        \n                                                    \n                                                                                                                                                        <\/div>\n\n                                                                                            <\/div>\n\n                                            <div class=\"entry-content\">\n                                                <p>\n<p>Prof. Butter is vicevoorzitter van de COST Action \"Comparative Analysis of Conspiracy Theories\" en hoofdonderzoeker van het door de European Research Council (ERC) gefinancierde project \"Populism and Conspiracy Theory (PACT). Het project onderzoekt de betekenis van samenzweringstheorie\u00ebn voor populistische bewegingen in verschillende Europese landen (Oostenrijk, Hongarije, Itali\u00eb, Polen), Brazili\u00eb en de Verenigde Staten.<\/p>\n\n\n\n<p>Spreker:<br>Prof. Dr. Michael Butter (Universiteit van Tuebingen)<\/p>\n<\/p>\n                                                <div class=\"clear\"><\/div>\n                                            <\/div>\n\n                                                                                    <\/div>\n                                    <\/article>\n                                <\/div>\n                            \n                                <div id=\"post-8621\" class=\"aux-col post-8621\">\n                                    <article class=\"post column-entry post-8621 event_listing type-event_listing status-expired has-post-thumbnail hentry\">\n                                        <div class=\"entry-media\">\n                                            <div class=\"aux-media-frame aux-media-image aux-image-mask\">\n                                                <img decoding=\"async\"\n                                                loading=\"lazy\"\n                                                src=\"https:\/\/meeteu.eu\/wp-content\/uploads\/2022\/09\/Gahler-Visual.png\"\n                                                class=\"aux-attachment aux-featured-image aux-attachment-id-8622 aux-preload aux-has-preview\"\n                                                alt=\"\"\n                                                data-src=\"https:\/\/meeteu.eu\/wp-content\/uploads\/2022\/09\/Gahler-Visual.png\"\n                                                \/>\n                                            <\/div>\n                                        <\/div>\n\n                                        <header class=\"entry-header\">\n                                            <h4 class=\"entry-title\">\n                                                De Westelijke Balkan: EU-leden van morgen? - Vooruitgang en uitdagingen in het toetredingsproces                                            <\/h4>\n                                        <\/header>\n\n                                        <div class=\"entry-main\">\n                                            <div class=\"entry-info\">\n                                                <div class=\"event-date\">\n                                                                                                            <i class=\"fas fa-calendar-alt\"><\/i>&nbsp;\n                                                    \n                                                                                                            <span>1 september 2020<\/span>\n                                                                                                        \n                                                    \n                                                                                                                                                        <\/div>\n\n                                                                                            <\/div>\n\n                                            <div class=\"entry-content\">\n                                                <p>\n<p>De Westelijke Balkan speelt een centrale rol in de uitbreidingsplannen van de EU, maar hoe waarschijnlijk is het dat aan de toetredingsvoorwaarden kan worden voldaan in een regio waar andere mondiale actoren steeds meer hun belangen proberen te laten gelden?<\/p>\n\n\n\n<p>Laten we hierover praten met Michael Gahler, Europees Parlementslid en woordvoerder buitenlands beleid van de EPP.<strong><\/strong><\/p>\n\n\n\n<p>Spreker:<br>Michael Gahler, lid van het Europees Parlement<\/p>\n<\/p>\n                                                <div class=\"clear\"><\/div>\n                                            <\/div>\n\n                                                                                    <\/div>\n                                    <\/article>\n                                <\/div>\n                            \n                                <div id=\"post-8625\" class=\"aux-col post-8625\">\n                                    <article class=\"post column-entry post-8625 event_listing type-event_listing status-expired has-post-thumbnail hentry\">\n                                        <div class=\"entry-media\">\n                                            <div class=\"aux-media-frame aux-media-image aux-image-mask\">\n                                                <img decoding=\"async\"\n                                                loading=\"lazy\"\n                                                src=\"https:\/\/meeteu.eu\/wp-content\/uploads\/2022\/09\/Brexit-Talk-Madeleina-Kay-360x360-1.png\"\n                                                class=\"aux-attachment aux-featured-image aux-attachment-id-8626 aux-preload aux-has-preview\"\n                                                alt=\"\"\n                                                data-src=\"https:\/\/meeteu.eu\/wp-content\/uploads\/2022\/09\/Brexit-Talk-Madeleina-Kay-360x360-1.png\"\n                                                \/>\n                                            <\/div>\n                                        <\/div>\n\n                                        <header class=\"entry-header\">\n                                            <h4 class=\"entry-title\">\n                                                Brexitgesprek met #EUsupergirl Madeleina Kay                                            <\/h4>\n                                        <\/header>\n\n                                        <div class=\"entry-main\">\n                                            <div class=\"entry-info\">\n                                                <div class=\"event-date\">\n                                                                                                            <i class=\"fas fa-calendar-alt\"><\/i>&nbsp;\n                                                    \n                                                                                                            <span>4 augustus 2020<\/span>\n                                                                                                        \n                                                    \n                                                                                                                                                        <\/div>\n\n                                                                                            <\/div>\n\n                                            <div class=\"entry-content\">\n                                                <p>\n<p>Hoe is het om jong, pro-Europees en Brits te zijn terwijl het Verenigd Koninkrijk op 31 januari 2020 officieel uit de EU stapt? De terugtrekking van het Verenigd Koninkrijk uit de EU, die algemeen bekend werd als Brexit, heeft de Britse samenleving op vele manieren in beroering gebracht. In de loop van Brexit werd Madeleina Kay een vocale pro-Europese activiste in haar land, wat haar de naam #EUSupergirl opleverde.<\/p>\n\n\n\n<p>Op 4 augustus 2020 om 18:00 CEST deelt ze haar ervaringen van de afgelopen jaren en laat ze je Brexit vanuit een heel persoonlijke invalshoek zien.<\/p>\n<\/p>\n                                                <div class=\"clear\"><\/div>\n                                            <\/div>\n\n                                                                                    <\/div>\n                                    <\/article>\n                                <\/div>\n                            \n                                <div id=\"post-8627\" class=\"aux-col post-8627\">\n                                    <article class=\"post column-entry post-8627 event_listing type-event_listing status-expired has-post-thumbnail hentry\">\n                                        <div class=\"entry-media\">\n                                            <div class=\"aux-media-frame aux-media-image aux-image-mask\">\n                                                <img decoding=\"async\"\n                                                loading=\"lazy\"\n                                                src=\"https:\/\/meeteu.eu\/wp-content\/uploads\/2022\/09\/graph-7.png\"\n                                                class=\"aux-attachment aux-featured-image aux-attachment-id-8408 aux-preload aux-has-preview\"\n                                                alt=\"\"\n                                                data-src=\"https:\/\/meeteu.eu\/wp-content\/uploads\/2022\/09\/graph-7.png\"\n                                                \/>\n                                            <\/div>\n                                        <\/div>\n\n                                        <header class=\"entry-header\">\n                                            <h4 class=\"entry-title\">\n                                                Evaluatie van het Europees herstel- en begrotingspakket - Een glas half vol of half leeg?                                            <\/h4>\n                                        <\/header>\n\n                                        <div class=\"entry-main\">\n                                            <div class=\"entry-info\">\n                                                <div class=\"event-date\">\n                                                                                                            <i class=\"fas fa-calendar-alt\"><\/i>&nbsp;\n                                                    \n                                                                                                            <span>21 juli 2020<\/span>\n                                                                                                        \n                                                    \n                                                                                                                                                        <\/div>\n\n                                                                                            <\/div>\n\n                                            <div class=\"entry-content\">\n                                                <p><\/p>\n                                                <div class=\"clear\"><\/div>\n                                            <\/div>\n\n                                                                                    <\/div>\n                                    <\/article>\n                                <\/div>\n                            \n                                <div id=\"post-8628\" class=\"aux-col post-8628\">\n                                    <article class=\"post column-entry post-8628 event_listing type-event_listing status-expired has-post-thumbnail hentry\">\n                                        <div class=\"entry-media\">\n                                            <div class=\"aux-media-frame aux-media-image aux-image-mask\">\n                                                <img decoding=\"async\"\n                                                loading=\"lazy\"\n                                                src=\"https:\/\/meeteu.eu\/wp-content\/uploads\/2022\/09\/graph-15.png\"\n                                                class=\"aux-attachment aux-featured-image aux-attachment-id-8405 aux-preload aux-has-preview\"\n                                                alt=\"\"\n                                                data-src=\"https:\/\/meeteu.eu\/wp-content\/uploads\/2022\/09\/graph-15.png\"\n                                                \/>\n                                            <\/div>\n                                        <\/div>\n\n                                        <header class=\"entry-header\">\n                                            <h4 class=\"entry-title\">\n                                                Wat je moet weten over het Columbus laboratorium en andere ESA-projecten                                            <\/h4>\n                                        <\/header>\n\n                                        <div class=\"entry-main\">\n                                            <div class=\"entry-info\">\n                                                <div class=\"event-date\">\n                                                                                                            <i class=\"fas fa-calendar-alt\"><\/i>&nbsp;\n                                                    \n                                                                                                            <span>14 juli 2020<\/span>\n                                                                                                        \n                                                    \n                                                                                                                                                        <\/div>\n\n                                                                                            <\/div>\n\n                                            <div class=\"entry-content\">\n                                                <p>\n<p>Wat doet Europa eigenlijk in de ruimte? Wat is de Columbus-module? En wat is ESA?<\/p>\n\n\n\n<p>Spreker:<br>Lucas, Duits lucht- en ruimtevaartcentrum (DLR)<\/p>\n<\/p>\n                                                <div class=\"clear\"><\/div>\n                                            <\/div>\n\n                                                                                    <\/div>\n                                    <\/article>\n                                <\/div>\n                            \n                                <div id=\"post-8539\" class=\"aux-col post-8539\">\n                                    <article class=\"post column-entry post-8539 event_listing type-event_listing status-expired has-post-thumbnail hentry\">\n                                        <div class=\"entry-media\">\n                                            <div class=\"aux-media-frame aux-media-image aux-image-mask\">\n                                                <img decoding=\"async\"\n                                                loading=\"lazy\"\n                                                src=\"https:\/\/meeteu.eu\/wp-content\/uploads\/2022\/09\/EU-Election-Proposal-1.jpg\"\n                                                class=\"aux-attachment aux-featured-image aux-attachment-id-8540 aux-preload aux-has-preview\"\n                                                alt=\"\"\n                                                data-src=\"https:\/\/meeteu.eu\/wp-content\/uploads\/2022\/09\/EU-Election-Proposal-1.jpg\"\n                                                \/>\n                                            <\/div>\n                                        <\/div>\n\n                                        <header class=\"entry-header\">\n                                            <h4 class=\"entry-title\">\n                                                EU-verkiezingsvoorstel - Waar staan we vandaag?                                            <\/h4>\n                                        <\/header>\n\n                                        <div class=\"entry-main\">\n                                            <div class=\"entry-info\">\n                                                <div class=\"event-date\">\n                                                                                                            <i class=\"fas fa-calendar-alt\"><\/i>&nbsp;\n                                                    \n                                                                                                            <span>13 juli 2020<\/span>\n                                                                                                        \n                                                    \n                                                                                                                                                        <\/div>\n\n                                                                                            <\/div>\n\n                                            <div class=\"entry-content\">\n                                                <p>\n<p>Er is veel gebeurd sinds we begonnen met het ontwikkelen van het voorstel: een uitwisseling met Europarlementari\u00ebr Daniel Freund, een gedetailleerd werkdocument, talloze discussies met u en experts op het gebied van Europees recht - we zijn goed op weg.<\/p>\n\n\n\n<p>De feedback heeft ons met de vraag opgezadeld: Welke rol spelen Europese politieke partijen in ons voorstel? Is het voldoende om alleen naar Europese fracties te kijken? We zijn op zoek naar antwoorden op deze vragen, en jij kunt ons helpen die te vinden!<\/p>\n\n\n\n<p>Lees het voorstel en deel je mening tijdens het evenement.<\/p>\n<\/p>\n                                                <div class=\"clear\"><\/div>\n                                            <\/div>\n\n                                                                                    <\/div>\n                                    <\/article>\n                                <\/div>\n                            \n                                <div id=\"post-8629\" class=\"aux-col post-8629\">\n                                    <article class=\"post column-entry post-8629 event_listing type-event_listing status-expired has-post-thumbnail hentry\">\n                                        <div class=\"entry-media\">\n                                            <div class=\"aux-media-frame aux-media-image aux-image-mask\">\n                                                <img decoding=\"async\"\n                                                loading=\"lazy\"\n                                                src=\"https:\/\/meeteu.eu\/wp-content\/uploads\/2022\/09\/Visual_EN-MeetEU_Event_July7_16hrs-300x300-1.png\"\n                                                class=\"aux-attachment aux-featured-image aux-attachment-id-8630 aux-preload aux-has-preview\"\n                                                alt=\"\"\n                                                data-src=\"https:\/\/meeteu.eu\/wp-content\/uploads\/2022\/09\/Visual_EN-MeetEU_Event_July7_16hrs-300x300-1.png\"\n                                                \/>\n                                            <\/div>\n                                        <\/div>\n\n                                        <header class=\"entry-header\">\n                                            <h4 class=\"entry-title\">\n                                                Duits voorzitterschap van de Raad van de EU                                            <\/h4>\n                                        <\/header>\n\n                                        <div class=\"entry-main\">\n                                            <div class=\"entry-info\">\n                                                <div class=\"event-date\">\n                                                                                                            <i class=\"fas fa-calendar-alt\"><\/i>&nbsp;\n                                                    \n                                                                                                            <span>7 juli 2020<\/span>\n                                                                                                        \n                                                    \n                                                                                                                                                        <\/div>\n\n                                                                                            <\/div>\n\n                                            <div class=\"entry-content\">\n                                                <p>\n<p>Duitsland zal vanaf 1 juli 2020 het roulerend voorzitterschap van de Raad van de EU bekleden. Er moeten veel dringende onderwerpen worden opgelost, zoals Brexit, de langetermijnbegroting van de EU en de gevolgen van de pandemie van het coronavirus. Wat kan het voor Duitsland betekenen om de Raad van de EU voor te zitten? Hoe kan het voorzitterschap worden vormgegeven? Wie is erbij betrokken? Wat zal belangrijk zijn?<\/p>\n\n\n\n<p>Spreker:<br>Thilo, persvoorlichter bij het verbindingsbureau van het Europees Parlement in Berlijn<\/p>\n<\/p>\n                                                <div class=\"clear\"><\/div>\n                                            <\/div>\n\n                                                                                    <\/div>\n                                    <\/article>\n                                <\/div>\n                            \n                                <div id=\"post-8631\" class=\"aux-col post-8631\">\n                                    <article class=\"post column-entry post-8631 event_listing type-event_listing status-expired has-post-thumbnail hentry\">\n                                        <div class=\"entry-media\">\n                                            <div class=\"aux-media-frame aux-media-image aux-image-mask\">\n                                                <img decoding=\"async\"\n                                                loading=\"lazy\"\n                                                src=\"https:\/\/meeteu.eu\/wp-content\/uploads\/2022\/09\/graph-14.png\"\n                                                class=\"aux-attachment aux-featured-image aux-attachment-id-8404 aux-preload aux-has-preview\"\n                                                alt=\"\"\n                                                data-src=\"https:\/\/meeteu.eu\/wp-content\/uploads\/2022\/09\/graph-14.png\"\n                                                \/>\n                                            <\/div>\n                                        <\/div>\n\n                                        <header class=\"entry-header\">\n                                            <h4 class=\"entry-title\">\n                                                Eerste generatie academici als Europese bruggenbouwers? - Waarom sociale diversiteit in EU-instellingen belangrijk is                                            <\/h4>\n                                        <\/header>\n\n                                        <div class=\"entry-main\">\n                                            <div class=\"entry-info\">\n                                                <div class=\"event-date\">\n                                                                                                            <i class=\"fas fa-calendar-alt\"><\/i>&nbsp;\n                                                    \n                                                                                                            <span>30 juni 2020<\/span>\n                                                                                                        \n                                                    \n                                                                                                                                                        <\/div>\n\n                                                                                            <\/div>\n\n                                            <div class=\"entry-content\">\n                                                <p>\n<p>Mensen met een migratieachtergrond en mensen uit niet-academische families zijn opvallend ondervertegenwoordigd in de werkomgeving van de EU. Het initiatief \"ArbeiterKind Br\u00fcssel\" wil meer academici van de eerste generatie aanmoedigen om in Brussel te studeren of te werken en tegelijkertijd het bewustzijn in de Europese wijk over hun speciale vaardigheden en kwaliteiten vergroten - bijvoorbeeld als ambassadeurs van de Europese gedachte die EU-aangelegenheden begrijpelijk kunnen uitleggen aan bredere delen van de samenleving.<\/p>\n\n\n\n<p>Spreker:<br>Benedikt van het initiatief \"ArbeiterKind Br\u00fcssel\" (letterlijk \"arbeiderskind Brussel\").<\/p>\n<\/p>\n                                                <div class=\"clear\"><\/div>\n                                            <\/div>\n\n                                                                                    <\/div>\n                                    <\/article>\n                                <\/div>\n                            \n                                <div id=\"post-8632\" class=\"aux-col post-8632\">\n                                    <article class=\"post column-entry post-8632 event_listing type-event_listing status-expired has-post-thumbnail hentry\">\n                                        <div class=\"entry-media\">\n                                            <div class=\"aux-media-frame aux-media-image aux-image-mask\">\n                                                <img decoding=\"async\"\n                                                loading=\"lazy\"\n                                                src=\"https:\/\/meeteu.eu\/wp-content\/uploads\/2022\/09\/graph-12.png\"\n                                                class=\"aux-attachment aux-featured-image aux-attachment-id-8402 aux-preload aux-has-preview\"\n                                                alt=\"\"\n                                                data-src=\"https:\/\/meeteu.eu\/wp-content\/uploads\/2022\/09\/graph-12.png\"\n                                                \/>\n                                            <\/div>\n                                        <\/div>\n\n                                        <header class=\"entry-header\">\n                                            <h4 class=\"entry-title\">\n                                                Situatie van de rechterlijke macht in Polen                                            <\/h4>\n                                        <\/header>\n\n                                        <div class=\"entry-main\">\n                                            <div class=\"entry-info\">\n                                                <div class=\"event-date\">\n                                                                                                            <i class=\"fas fa-calendar-alt\"><\/i>&nbsp;\n                                                    \n                                                                                                            <span>24 juni 2020<\/span>\n                                                                                                        \n                                                    \n                                                                                                                                                        <\/div>\n\n                                                                                            <\/div>\n\n                                            <div class=\"entry-content\">\n                                                <p>\n<p>Laten we samen analyseren: Waar staan we? Hoe zijn we daar gekomen?<\/p>\n\n\n\n<p>Spreker:<br>Klaus, Pols van Europa<\/p>\n<\/p>\n                                                <div class=\"clear\"><\/div>\n                                            <\/div>\n\n                                                                                    <\/div>\n                                    <\/article>\n                                <\/div>\n                            \n                                <div id=\"post-8633\" class=\"aux-col post-8633\">\n                                    <article class=\"post column-entry post-8633 event_listing type-event_listing status-expired has-post-thumbnail hentry\">\n                                        <div class=\"entry-media\">\n                                            <div class=\"aux-media-frame aux-media-image aux-image-mask\">\n                                                <img decoding=\"async\"\n                                                loading=\"lazy\"\n                                                src=\"https:\/\/meeteu.eu\/wp-content\/uploads\/2022\/09\/graph-14.png\"\n                                                class=\"aux-attachment aux-featured-image aux-attachment-id-8404 aux-preload aux-has-preview\"\n                                                alt=\"\"\n                                                data-src=\"https:\/\/meeteu.eu\/wp-content\/uploads\/2022\/09\/graph-14.png\"\n                                                \/>\n                                            <\/div>\n                                        <\/div>\n\n                                        <header class=\"entry-header\">\n                                            <h4 class=\"entry-title\">\n                                                Het immuunsysteem van de EU: De inbreukprocedure Hoe werkt het? Werkt het?                                            <\/h4>\n                                        <\/header>\n\n                                        <div class=\"entry-main\">\n                                            <div class=\"entry-info\">\n                                                <div class=\"event-date\">\n                                                                                                            <i class=\"fas fa-calendar-alt\"><\/i>&nbsp;\n                                                    \n                                                                                                            <span>16 juni 2020<\/span>\n                                                                                                        \n                                                    \n                                                                                                                                                        <\/div>\n\n                                                                                            <\/div>\n\n                                            <div class=\"entry-content\">\n                                                <p>\n<p>Je hebt geen idee waar we het over hebben? Geweldig. Je moet zeker meedoen aan ons gesprek volgende week;)<\/p>\n\n\n\n<p>Spreker:<br>Klaus, Pols van Europa<\/p>\n<\/p>\n                                                <div class=\"clear\"><\/div>\n                                            <\/div>\n\n                                                                                    <\/div>\n                                    <\/article>\n                                <\/div>\n                            \n                                <div id=\"post-8634\" class=\"aux-col post-8634\">\n                                    <article class=\"post column-entry post-8634 event_listing type-event_listing status-expired has-post-thumbnail hentry\">\n                                        <div class=\"entry-media\">\n                                            <div class=\"aux-media-frame aux-media-image aux-image-mask\">\n                                                <img decoding=\"async\"\n                                                loading=\"lazy\"\n                                                src=\"https:\/\/meeteu.eu\/wp-content\/uploads\/2022\/09\/graph-12.png\"\n                                                class=\"aux-attachment aux-featured-image aux-attachment-id-8402 aux-preload aux-has-preview\"\n                                                alt=\"\"\n                                                data-src=\"https:\/\/meeteu.eu\/wp-content\/uploads\/2022\/09\/graph-12.png\"\n                                                \/>\n                                            <\/div>\n                                        <\/div>\n\n                                        <header class=\"entry-header\">\n                                            <h4 class=\"entry-title\">\n                                                Carri\u00e8remogelijkheden binnen de Europese instellingen                                            <\/h4>\n                                        <\/header>\n\n                                        <div class=\"entry-main\">\n                                            <div class=\"entry-info\">\n                                                <div class=\"event-date\">\n                                                                                                            <i class=\"fas fa-calendar-alt\"><\/i>&nbsp;\n                                                    \n                                                                                                            <span>9 juni 2020<\/span>\n                                                                                                        \n                                                    \n                                                                                                                                                        <\/div>\n\n                                                                                            <\/div>\n\n                                            <div class=\"entry-content\">\n                                                <p>\n<p>Als je ge\u00efnteresseerd bent in een carri\u00e8re binnen de EU-instellingen, kom dan zeker naar Talkroom 1.<\/p>\n\n\n\n<p>Spreker:<br>Jill (PR-medewerker), Astrid (PR-medewerker) en Annika (stagiaire) van het verbindingsbureau van het Europees Parlement in Berlijn<\/p>\n<\/p>\n                                                <div class=\"clear\"><\/div>\n                                            <\/div>\n\n                                                                                    <\/div>\n                                    <\/article>\n                                <\/div>\n                            \n                                <div id=\"post-8635\" class=\"aux-col post-8635\">\n                                    <article class=\"post column-entry post-8635 event_listing type-event_listing status-expired has-post-thumbnail hentry\">\n                                        <div class=\"entry-media\">\n                                            <div class=\"aux-media-frame aux-media-image aux-image-mask\">\n                                                <img decoding=\"async\"\n                                                loading=\"lazy\"\n                                                src=\"https:\/\/meeteu.eu\/wp-content\/uploads\/2022\/09\/graph-6.png\"\n                                                class=\"aux-attachment aux-featured-image aux-attachment-id-8407 aux-preload aux-has-preview\"\n                                                alt=\"\"\n                                                data-src=\"https:\/\/meeteu.eu\/wp-content\/uploads\/2022\/09\/graph-6.png\"\n                                                \/>\n                                            <\/div>\n                                        <\/div>\n\n                                        <header class=\"entry-header\">\n                                            <h4 class=\"entry-title\">\n                                                Hoe kan de Europese Unie zorgen voor gelijk onderwijs voor iedereen?                                            <\/h4>\n                                        <\/header>\n\n                                        <div class=\"entry-main\">\n                                            <div class=\"entry-info\">\n                                                <div class=\"event-date\">\n                                                                                                            <i class=\"fas fa-calendar-alt\"><\/i>&nbsp;\n                                                    \n                                                                                                            <span>26 mei 2020<\/span>\n                                                                                                        \n                                                    \n                                                                                                                                                        <\/div>\n\n                                                                                            <\/div>\n\n                                            <div class=\"entry-content\">\n                                                <p>\n<p>Armoede en sociale uitsluiting ontnemen veel Europese kinderen onderwijskansen. Wat kan de Europese Unie doen om elk kind een eerlijke start in het leven te garanderen? Hoe kan ze ervoor zorgen dat iedereen toegang krijgt tot hoger onderwijs?<\/p>\n\n\n\n<p>Spreker:<br>Moritz Wille, middelbare scholier in Duitsland<\/p>\n<\/p>\n                                                <div class=\"clear\"><\/div>\n                                            <\/div>\n\n                                                                                    <\/div>\n                                    <\/article>\n                                <\/div>\n                            \n                                <div id=\"post-8636\" class=\"aux-col post-8636\">\n                                    <article class=\"post column-entry post-8636 event_listing type-event_listing status-expired has-post-thumbnail hentry\">\n                                        <div class=\"entry-media\">\n                                            <div class=\"aux-media-frame aux-media-image aux-image-mask\">\n                                                <img decoding=\"async\"\n                                                loading=\"lazy\"\n                                                src=\"https:\/\/meeteu.eu\/wp-content\/uploads\/2022\/09\/graph-7.png\"\n                                                class=\"aux-attachment aux-featured-image aux-attachment-id-8408 aux-preload aux-has-preview\"\n                                                alt=\"\"\n                                                data-src=\"https:\/\/meeteu.eu\/wp-content\/uploads\/2022\/09\/graph-7.png\"\n                                                \/>\n                                            <\/div>\n                                        <\/div>\n\n                                        <header class=\"entry-header\">\n                                            <h4 class=\"entry-title\">\n                                                Feitelijk overzicht van de financi\u00eble reactie van de EU op de Corona-crisis                                            <\/h4>\n                                        <\/header>\n\n                                        <div class=\"entry-main\">\n                                            <div class=\"entry-info\">\n                                                <div class=\"event-date\">\n                                                                                                            <i class=\"fas fa-calendar-alt\"><\/i>&nbsp;\n                                                    \n                                                                                                            <span>19 mei 2020<\/span>\n                                                                                                        \n                                                    \n                                                                                                                                                        <\/div>\n\n                                                                                            <\/div>\n\n                                            <div class=\"entry-content\">\n                                                <p>\n<p>Na de lezing kun je vragen stellen en met ons discussi\u00ebren over hoe we de economische neergang kunnen bestrijden, welke herstelstrategie we op de lange termijn nodig hebben en of er een uitgavencontrole op EU-niveau moet komen.<\/p>\n\n\n\n<p>Spreker:<br>Willemijn de Jong, PR-medewerker en voormalig ambtenaar bij het secretariaat van de Commissie Economische en Monetaire Zaken (ECON) van het Europees Parlement, Nederland<\/p>\n<\/p>\n                                                <div class=\"clear\"><\/div>\n                                            <\/div>\n\n                                                                                    <\/div>\n                                    <\/article>\n                                <\/div>\n                            \n                                <div id=\"post-8637\" class=\"aux-col post-8637\">\n                                    <article class=\"post column-entry post-8637 event_listing type-event_listing status-expired has-post-thumbnail hentry\">\n                                        <div class=\"entry-media\">\n                                            <div class=\"aux-media-frame aux-media-image aux-image-mask\">\n                                                <img decoding=\"async\"\n                                                loading=\"lazy\"\n                                                src=\"https:\/\/meeteu.eu\/wp-content\/uploads\/2022\/09\/graph-15.png\"\n                                                class=\"aux-attachment aux-featured-image aux-attachment-id-8405 aux-preload aux-has-preview\"\n                                                alt=\"\"\n                                                data-src=\"https:\/\/meeteu.eu\/wp-content\/uploads\/2022\/09\/graph-15.png\"\n                                                \/>\n                                            <\/div>\n                                        <\/div>\n\n                                        <header class=\"entry-header\">\n                                            <h4 class=\"entry-title\">\n                                                De uitdaging van het beheersen van de pandemie en de economische impact Gezamenlijk                                            <\/h4>\n                                        <\/header>\n\n                                        <div class=\"entry-main\">\n                                            <div class=\"entry-info\">\n                                                <div class=\"event-date\">\n                                                                                                            <i class=\"fas fa-calendar-alt\"><\/i>&nbsp;\n                                                    \n                                                                                                            <span>12 mei 2020<\/span>\n                                                                                                        \n                                                    \n                                                                                                                                                        <\/div>\n\n                                                                                            <\/div>\n\n                                            <div class=\"entry-content\">\n                                                <p>\n<p>Om je wat achtergrond te geven: Op 19 mei (18:00 CET) hebben we de exclusieve mogelijkheid om met Willemijn de Jong, PR Officer, Liaison Office European Parliament Netherlands, te praten over de financi\u00eble reactie van de EU op de Corona-crisis. Ter voorbereiding op dit evenement willen we vaststellen wat volgens ons de belangrijkste vragen zijn, zodat we echt kunnen profiteren van de beschikbaarheid van deze PR-functionaris van de EU.<\/p>\n<\/p>\n                                                <div class=\"clear\"><\/div>\n                                            <\/div>\n\n                                                                                    <\/div>\n                                    <\/article>\n                                <\/div>\n                            \n                                <div id=\"post-8638\" class=\"aux-col post-8638\">\n                                    <article class=\"post column-entry post-8638 event_listing type-event_listing status-expired has-post-thumbnail hentry\">\n                                        <div class=\"entry-media\">\n                                            <div class=\"aux-media-frame aux-media-image aux-image-mask\">\n                                                <img decoding=\"async\"\n                                                loading=\"lazy\"\n                                                src=\"https:\/\/meeteu.eu\/wp-content\/uploads\/2022\/09\/graph-14.png\"\n                                                class=\"aux-attachment aux-featured-image aux-attachment-id-8404 aux-preload aux-has-preview\"\n                                                alt=\"\"\n                                                data-src=\"https:\/\/meeteu.eu\/wp-content\/uploads\/2022\/09\/graph-14.png\"\n                                                \/>\n                                            <\/div>\n                                        <\/div>\n\n                                        <header class=\"entry-header\">\n                                            <h4 class=\"entry-title\">\n                                                Zien en veranderen \/ Boeklezing met Leonhard Hepermann                                            <\/h4>\n                                        <\/header>\n\n                                        <div class=\"entry-main\">\n                                            <div class=\"entry-info\">\n                                                <div class=\"event-date\">\n                                                                                                            <i class=\"fas fa-calendar-alt\"><\/i>&nbsp;\n                                                    \n                                                                                                            <span>7 mei 2020<\/span>\n                                                                                                        \n                                                    \n                                                                                                                                                        <\/div>\n\n                                                                                            <\/div>\n\n                                            <div class=\"entry-content\">\n                                                <p>\n<p>Spreker:<br>Leonard Hepermann, een jonge Duitse vrijwilliger van together.eu. Zijn boek gaat over hoe het nieuwe Europa eruit moet zien? Hoe gaan we om met de ecologische transformatie? Na het lezen kun je vragen stellen aan Leonhard en discussi\u00ebren over visies voor een toekomstig Europa.<\/p>\n<\/p>\n                                                <div class=\"clear\"><\/div>\n                                            <\/div>\n\n                                                                                    <\/div>\n                                    <\/article>\n                                <\/div>\n                            \n                                <div id=\"post-8639\" class=\"aux-col post-8639\">\n                                    <article class=\"post column-entry post-8639 event_listing type-event_listing status-expired has-post-thumbnail hentry\">\n                                        <div class=\"entry-media\">\n                                            <div class=\"aux-media-frame aux-media-image aux-image-mask\">\n                                                <img decoding=\"async\"\n                                                loading=\"lazy\"\n                                                src=\"https:\/\/meeteu.eu\/wp-content\/uploads\/2022\/09\/graph-13.png\"\n                                                class=\"aux-attachment aux-featured-image aux-attachment-id-8403 aux-preload aux-has-preview\"\n                                                alt=\"\"\n                                                data-src=\"https:\/\/meeteu.eu\/wp-content\/uploads\/2022\/09\/graph-13.png\"\n                                                \/>\n                                            <\/div>\n                                        <\/div>\n\n                                        <header class=\"entry-header\">\n                                            <h4 class=\"entry-title\">\n                                                Coronavirus-app - wat gebeurt er in jouw land?                                            <\/h4>\n                                        <\/header>\n\n                                        <div class=\"entry-main\">\n                                            <div class=\"entry-info\">\n                                                <div class=\"event-date\">\n                                                                                                            <i class=\"fas fa-calendar-alt\"><\/i>&nbsp;\n                                                    \n                                                                                                            <span>5 mei 2020<\/span>\n                                                                                                        \n                                                    \n                                                                                                                                                        <\/div>\n\n                                                                                            <\/div>\n\n                                            <div class=\"entry-content\">\n                                                <p>\n<p>Verschillende EU-lidstaten ontwikkelen smartphone-apps om de verspreiding van Covid-19 te helpen volgen. Vertel ons hoe de situatie in jouw land is? Moet de app verplicht of vrijwillig zijn? Hoe zit het met de privacy van gegevens versus de volksgezondheid? Zal Europa erin slagen een gemeenschappelijke standaard door te drukken?<\/p>\n\n\n\n<p>Inleiding door Klaus, Pulse of Europe<\/p>\n<\/p>\n                                                <div class=\"clear\"><\/div>\n                                            <\/div>\n\n                                                                                    <\/div>\n                                    <\/article>\n                                <\/div>\n                            \n                                <div id=\"post-8640\" class=\"aux-col post-8640\">\n                                    <article class=\"post column-entry post-8640 event_listing type-event_listing status-expired has-post-thumbnail hentry\">\n                                        <div class=\"entry-media\">\n                                            <div class=\"aux-media-frame aux-media-image aux-image-mask\">\n                                                <img decoding=\"async\"\n                                                loading=\"lazy\"\n                                                src=\"https:\/\/meeteu.eu\/wp-content\/uploads\/2022\/09\/graph-12.png\"\n                                                class=\"aux-attachment aux-featured-image aux-attachment-id-8402 aux-preload aux-has-preview\"\n                                                alt=\"\"\n                                                data-src=\"https:\/\/meeteu.eu\/wp-content\/uploads\/2022\/09\/graph-12.png\"\n                                                \/>\n                                            <\/div>\n                                        <\/div>\n\n                                        <header class=\"entry-header\">\n                                            <h4 class=\"entry-title\">\n                                                De pandemie als nieuwe start voor een klimaatvriendelijker Europa?                                            <\/h4>\n                                        <\/header>\n\n                                        <div class=\"entry-main\">\n                                            <div class=\"entry-info\">\n                                                <div class=\"event-date\">\n                                                                                                            <i class=\"fas fa-calendar-alt\"><\/i>&nbsp;\n                                                    \n                                                                                                            <span>28 april 2020<\/span>\n                                                                                                        \n                                                    \n                                                                                                                                                        <\/div>\n\n                                                                                            <\/div>\n\n                                            <div class=\"entry-content\">\n                                                <p>\n<p>Spreker:<br>Lars, Bachelorstudent Europese Studies, Nederland<\/p>\n<\/p>\n                                                <div class=\"clear\"><\/div>\n                                            <\/div>\n\n                                                                                    <\/div>\n                                    <\/article>\n                                <\/div>\n                            \n                                <div id=\"post-8491\" class=\"aux-col post-8491\">\n                                    <article class=\"post column-entry post-8491 event_listing type-event_listing status-expired has-post-thumbnail hentry\">\n                                        <div class=\"entry-media\">\n                                            <div class=\"aux-media-frame aux-media-image aux-image-mask\">\n                                                <img decoding=\"async\"\n                                                loading=\"lazy\"\n                                                src=\"https:\/\/meeteu.eu\/wp-content\/uploads\/2022\/09\/graph-7.png\"\n                                                class=\"aux-attachment aux-featured-image aux-attachment-id-8408 aux-preload aux-has-preview\"\n                                                alt=\"\"\n                                                data-src=\"https:\/\/meeteu.eu\/wp-content\/uploads\/2022\/09\/graph-7.png\"\n                                                \/>\n                                            <\/div>\n                                        <\/div>\n\n                                        <header class=\"entry-header\">\n                                            <h4 class=\"entry-title\">\n                                                De pandemie als nieuwe start voor een klimaatvriendelijker Europa?                                            <\/h4>\n                                        <\/header>\n\n                                        <div class=\"entry-main\">\n                                            <div class=\"entry-info\">\n                                                <div class=\"event-date\">\n                                                                                                            <i class=\"fas fa-calendar-alt\"><\/i>&nbsp;\n                                                    \n                                                                                                            <span>28 april 2020<\/span>\n                                                                                                        \n                                                    \n                                                                                                                                                        <\/div>\n\n                                                                                            <\/div>\n\n                                            <div class=\"entry-content\">\n                                                <p>\n<p>Spreker:<br>Lars, Bachelorstudent Europese Studies, Nederland<\/p>\n<\/p>\n                                                <div class=\"clear\"><\/div>\n                                            <\/div>\n\n                                                                                    <\/div>\n                                    <\/article>\n                                <\/div>\n                            \n                                <div id=\"post-8641\" class=\"aux-col post-8641\">\n                                    <article class=\"post column-entry post-8641 event_listing type-event_listing status-expired has-post-thumbnail hentry\">\n                                        <div class=\"entry-media\">\n                                            <div class=\"aux-media-frame aux-media-image aux-image-mask\">\n                                                <img decoding=\"async\"\n                                                loading=\"lazy\"\n                                                src=\"https:\/\/meeteu.eu\/wp-content\/uploads\/2022\/09\/graph-6.png\"\n                                                class=\"aux-attachment aux-featured-image aux-attachment-id-8407 aux-preload aux-has-preview\"\n                                                alt=\"\"\n                                                data-src=\"https:\/\/meeteu.eu\/wp-content\/uploads\/2022\/09\/graph-6.png\"\n                                                \/>\n                                            <\/div>\n                                        <\/div>\n\n                                        <header class=\"entry-header\">\n                                            <h4 class=\"entry-title\">\n                                                Hoe Europees voel je je?                                            <\/h4>\n                                        <\/header>\n\n                                        <div class=\"entry-main\">\n                                            <div class=\"entry-info\">\n                                                <div class=\"event-date\">\n                                                                                                            <i class=\"fas fa-calendar-alt\"><\/i>&nbsp;\n                                                    \n                                                                                                            <span>26 april 2020<\/span>\n                                                                                                        \n                                                    \n                                                                                                                                                        <\/div>\n\n                                                                                                    <div class=\"event-location\">\n                                                                                                                    <i class=\"fas fa-thumbtack\"><\/i>&nbsp;\n                                                            <span>Virtueel evenement op Zoom<\/span>\n                                                                                                            <\/div>\n\n                                                    <div class=\"event-language\">\n                                                                                                                    <i class=\"fas fa-globe\"><\/i>&nbsp;\n                                                            <span>In het Engels, met meertalige bijschriften<\/span>\n                                                                                                            <\/div>\n                                                                                            <\/div>\n\n                                            <div class=\"entry-content\">\n                                                <p>\n<p>De meesten van ons op deze server zijn Europese burgers - maar wat betekent het om je Europeaan te voelen? Neem een koud drankje (of een hete koffie) en vertel het ons.<\/p>\n<\/p>\n                                                <div class=\"clear\"><\/div>\n                                            <\/div>\n\n                                                                                    <\/div>\n                                    <\/article>\n                                <\/div>\n                            \n                                <div id=\"post-8647\" class=\"aux-col post-8647\">\n                                    <article class=\"post column-entry post-8647 event_listing type-event_listing status-expired has-post-thumbnail hentry\">\n                                        <div class=\"entry-media\">\n                                            <div class=\"aux-media-frame aux-media-image aux-image-mask\">\n                                                <img decoding=\"async\"\n                                                loading=\"lazy\"\n                                                src=\"https:\/\/meeteu.eu\/wp-content\/uploads\/2022\/09\/graph-13.png\"\n                                                class=\"aux-attachment aux-featured-image aux-attachment-id-8403 aux-preload aux-has-preview\"\n                                                alt=\"\"\n                                                data-src=\"https:\/\/meeteu.eu\/wp-content\/uploads\/2022\/09\/graph-13.png\"\n                                                \/>\n                                            <\/div>\n                                        <\/div>\n\n                                        <header class=\"entry-header\">\n                                            <h4 class=\"entry-title\">\n                                                ERASMUS en Covid-19 - Uw vragen!                                            <\/h4>\n                                        <\/header>\n\n                                        <div class=\"entry-main\">\n                                            <div class=\"entry-info\">\n                                                <div class=\"event-date\">\n                                                                                                            <i class=\"fas fa-calendar-alt\"><\/i>&nbsp;\n                                                    \n                                                                                                            <span>21 april 2020<\/span>\n                                                                                                        \n                                                    \n                                                                                                                                                        <\/div>\n\n                                                                                            <\/div>\n\n                                            <div class=\"entry-content\">\n                                                <p>\n<p>\"Ik wilde deze zomer met ERASMUS mee - kan ik het land uit?\" - \"Ik heb mijn reis al geboekt om mijn ERASMUS-semester te beginnen - maar mijn gastland heeft zijn grenzen gesloten. Krijg ik mijn geld terug?\" ERASMUS in de tijd van het coronavirus roept veel vragen op.<\/p>\n\n\n\n<p>Spreker:<br>Michel Boehm van ERASMUS Student Network Duitsland (ESN)<\/p>\n<\/p>\n                                                <div class=\"clear\"><\/div>\n                                            <\/div>\n\n                                                                                    <\/div>\n                                    <\/article>\n                                <\/div>\n                                                    <\/div>\n                        <\/section>\n                        <!-- widget-container -->\n                    <\/div>\n                <\/div>\n            <\/div>\n            <\/div>\n        <\/div>\n    <\/div>\n<\/div>\n\n<\/div>\n\t\t\t\t\t\t<\/div>\n\t\t\t\t<\/div>\n\t\t\t\t\t<\/div>\n\t\t<\/div>\n\t\t\t\t\t<\/div>\n\t\t<\/section>\n\t\t\t\t<section class=\"elementor-section elementor-top-section elementor-element elementor-element-06bc852 elementor-section-boxed elementor-section-height-default elementor-section-height-default\" data-id=\"06bc852\" data-element_type=\"section\">\n\t\t\t\t\t\t<div class=\"elementor-container elementor-column-gap-default\">\n\t\t\t\t\t<div class=\"aux-parallax-section elementor-column elementor-col-100 elementor-top-column elementor-element elementor-element-4727587\" data-id=\"4727587\" data-element_type=\"column\">\n\t\t\t<div class=\"elementor-widget-wrap elementor-element-populated\">\n\t\t\t\t\t\t<div class=\"elementor-element elementor-element-db68fd3 elementor-widget elementor-widget-aux_modern_button\" data-id=\"db68fd3\" data-element_type=\"widget\" data-widget_type=\"aux_modern_button.default\">\n\t\t\t\t<div class=\"elementor-widget-container\">\n\t\t\t\t\t    <div class=\"aux-modern-button-wrapper aux-modern-button-align-center\" >\n                    <a class=\"aux-modern-button aux-white aux-modern-button-md aux-modern-button-normal aux-modern-button-default aux-icon-left\" href=\"https:\/\/meeteu.eu\/nl\/events\/\">\n                <div class=\"aux-overlay\"><\/div>\n                                    <div class=\"aux-icon\">\n                        <i aria-hidden=\"true\" class=\"fas fa-archive\"><\/i>                    <\/div>\n                                <div class=\"aux-text\">\n<span class=\"aux-text-before\">Ga naar Actuele gebeurtenissen<\/span>                <\/div>\n            <\/a>\n            \n    <\/div>\n\n    \t\t\t\t<\/div>\n\t\t\t\t<\/div>\n\t\t\t\t\t<\/div>\n\t\t<\/div>\n\t\t\t\t\t<\/div>\n\t\t<\/section>\n\t\t\t\t<\/div>","protected":false},"excerpt":{"rendered":"<p>Ga naar Actuele gebeurtenissen<\/p>","protected":false},"author":1,"featured_media":0,"parent":0,"menu_order":0,"comment_status":"closed","ping_status":"closed","template":"","meta":{"iawp_total_views":0,"footnotes":""},"class_list":["post-8203","page","type-page","status-publish","hentry"],"_links":{"self":[{"href":"https:\/\/meeteu.eu\/nl\/wp-json\/wp\/v2\/pages\/8203","targetHints":{"allow":["GET"]}}],"collection":[{"href":"https:\/\/meeteu.eu\/nl\/wp-json\/wp\/v2\/pages"}],"about":[{"href":"https:\/\/meeteu.eu\/nl\/wp-json\/wp\/v2\/types\/page"}],"author":[{"embeddable":true,"href":"https:\/\/meeteu.eu\/nl\/wp-json\/wp\/v2\/users\/1"}],"replies":[{"embeddable":true,"href":"https:\/\/meeteu.eu\/nl\/wp-json\/wp\/v2\/comments?post=8203"}],"version-history":[{"count":0,"href":"https:\/\/meeteu.eu\/nl\/wp-json\/wp\/v2\/pages\/8203\/revisions"}],"wp:attachment":[{"href":"https:\/\/meeteu.eu\/nl\/wp-json\/wp\/v2\/media?parent=8203"}],"curies":[{"name":"wp","href":"https:\/\/api.w.org\/{rel}","templated":true}]}}