{"id":12067,"date":"2024-10-01T22:52:28","date_gmt":"2024-10-01T20:52:28","guid":{"rendered":"https:\/\/meeteu.eu\/?post_type=event_listing&#038;p=12067"},"modified":"2024-12-07T17:35:28","modified_gmt":"2024-12-07T16:35:28","slug":"how-to-stop-all-this-hate","status":"expired","type":"event_listing","link":"https:\/\/meeteu.eu\/lt\/ivykis\/how-to-stop-all-this-hate\/","title":{"rendered":"Kaip sustabdyti neapykant\u0105?"},"content":{"rendered":"<p>Nesvarbu, ar tai b\u016bt\u0173 rasistiniai komentarai socialiniuose tinkluose, smurtas d\u0117l lyties vie\u0161ojoje erdv\u0117je, ar politinis ekstremizmas: Tai tik keli neapykantos visuomen\u0117je pavyzd\u017eiai. \u0160i neapykanta sukelia atskirt\u012f ir baim\u0119, kelia gr\u0117sm\u0119 m\u016bs\u0173 demokratiniam gyvenimo b\u016bdui. Tai nepriimtina. Tod\u0117l turime veikti dabar. <\/p>\n\n\n\n<p>M\u016bs\u0173 demokratin\u0117je visuomen\u0117je kiekvienas turi tur\u0117ti galimyb\u0119 laisvai reik\u0161ti savo nuomon\u0119, nebijodamas \u017eodinio ar fizinio smurto. Tod\u0117l turime veikti dabar. <\/p>\n\n\n\n<p>Kartu su TED paskaitos prane\u0161\u0117ju ir traum\u0173 psichologijos ekspertu Arunu Mansukhani ir Europos Komisijos politikos ekspertu Tommasso Chiamparino norime parengti konkre\u010dius pasi\u016blymus, kaip kovoti su \u0161ia Europoje vis labiau plintan\u010dia neapykanta. <\/p>\n\n\n\n<p>\u0160iuos pasi\u016blymus pateiksime Europos Komisijos Pilie\u010di\u0173 dalyvavimo platformai. Jei jie sulauks pakankamo palaikymo, bus svarstoma galimyb\u0117 parengti naujus teis\u0117s aktus, skirtus kovai su visuomen\u0117s neapykanta.<\/p>\n\n\n\n<figure class=\"wp-block-image size-large is-resized\"><img decoding=\"async\" width=\"105\" height=\"28\" src=\"https:\/\/meeteu.eu\/wp-content\/uploads\/2024\/04\/Logo_Eurometropole_Strasbourg.svg\" alt=\"\" class=\"wp-image-11694\" style=\"width:302px;height:auto\"\/><figcaption class=\"wp-element-caption\"><em>\u0160\u012f rengin\u012f pad\u0117jo surengti Strasb\u016bro miestas<\/em><\/figcaption><\/figure>\n\n\n\n<p><\/p>","protected":false},"featured_media":12068,"template":"","meta":{"iawp_total_views":0},"event_listing_category":[],"event_listing_type":[],"class_list":["post-12067","event_listing","type-event_listing","status-expired","has-post-thumbnail","hentry"],"_links":{"self":[{"href":"https:\/\/meeteu.eu\/lt\/wp-json\/wp\/v2\/event_listing\/12067","targetHints":{"allow":["GET"]}}],"collection":[{"href":"https:\/\/meeteu.eu\/lt\/wp-json\/wp\/v2\/event_listing"}],"about":[{"href":"https:\/\/meeteu.eu\/lt\/wp-json\/wp\/v2\/types\/event_listing"}],"wp:featuredmedia":[{"embeddable":true,"href":"https:\/\/meeteu.eu\/lt\/wp-json\/wp\/v2\/media\/12068"}],"wp:attachment":[{"href":"https:\/\/meeteu.eu\/lt\/wp-json\/wp\/v2\/media?parent=12067"}],"wp:term":[{"taxonomy":"event_listing_category","embeddable":true,"href":"https:\/\/meeteu.eu\/lt\/wp-json\/wp\/v2\/event_listing_category?post=12067"},{"taxonomy":"event_listing_type","embeddable":true,"href":"https:\/\/meeteu.eu\/lt\/wp-json\/wp\/v2\/event_listing_type?post=12067"}],"curies":[{"name":"wp","href":"https:\/\/api.w.org\/{rel}","templated":true}]}}