{"id":12067,"date":"2024-10-01T22:52:28","date_gmt":"2024-10-01T20:52:28","guid":{"rendered":"https:\/\/meeteu.eu\/?post_type=event_listing&#038;p=12067"},"modified":"2024-12-07T17:35:28","modified_gmt":"2024-12-07T16:35:28","slug":"how-to-stop-all-this-hate","status":"expired","type":"event_listing","link":"https:\/\/meeteu.eu\/fr\/\u00e9v\u00e8nement\/how-to-stop-all-this-hate\/","title":{"rendered":"Comment mettre fin \u00e0 toute cette haine ?"},"content":{"rendered":"<p>Qu'il s'agisse de commentaires racistes sur les r\u00e9seaux sociaux, de violence sexiste dans l'espace public ou d'extr\u00e9misme politique : Ce ne sont l\u00e0 que quelques exemples de la haine dans la soci\u00e9t\u00e9. Cette haine provoque l'exclusion et la peur, et menace notre mode de vie d\u00e9mocratique. C'est inacceptable. C'est pourquoi nous devons agir maintenant. <\/p>\n\n\n\n<p>Dans notre soci\u00e9t\u00e9 d\u00e9mocratique, chacun doit pouvoir s'exprimer librement sans craindre la violence verbale ou physique. C'est pourquoi nous devons agir maintenant. <\/p>\n\n\n\n<p>Avec Arun Mansukhani, conf\u00e9rencier TED et expert en psychologie des traumatismes, et Tommasso Chiamparino, expert politique \u00e0 la Commission europ\u00e9enne, nous voulons \u00e9laborer des propositions concr\u00e8tes pour lutter contre cette haine croissante en Europe. <\/p>\n\n\n\n<p>Nous soumettrons ces propositions \u00e0 la plateforme d'engagement des citoyens de la Commission europ\u00e9enne. Si elles recueillent suffisamment de soutien, elles seront prises en consid\u00e9ration pour l'\u00e9laboration de nouvelles lois visant \u00e0 lutter contre la haine soci\u00e9tale.<\/p>\n\n\n\n<figure class=\"wp-block-image size-large is-resized\"><img decoding=\"async\" width=\"105\" height=\"28\" src=\"https:\/\/meeteu.eu\/wp-content\/uploads\/2024\/04\/Logo_Eurometropole_Strasbourg.svg\" alt=\"\" class=\"wp-image-11694\" style=\"width:302px;height:auto\"\/><figcaption class=\"wp-element-caption\"><em>Cet \u00e9v\u00e9nement a \u00e9t\u00e9 rendu possible gr\u00e2ce au soutien de la ville de Strasbourg.<\/em><\/figcaption><\/figure>\n\n\n\n<p><\/p>","protected":false},"featured_media":12068,"template":"","meta":{"iawp_total_views":0},"event_listing_category":[],"event_listing_type":[],"class_list":["post-12067","event_listing","type-event_listing","status-expired","has-post-thumbnail","hentry"],"_links":{"self":[{"href":"https:\/\/meeteu.eu\/fr\/wp-json\/wp\/v2\/event_listing\/12067","targetHints":{"allow":["GET"]}}],"collection":[{"href":"https:\/\/meeteu.eu\/fr\/wp-json\/wp\/v2\/event_listing"}],"about":[{"href":"https:\/\/meeteu.eu\/fr\/wp-json\/wp\/v2\/types\/event_listing"}],"wp:featuredmedia":[{"embeddable":true,"href":"https:\/\/meeteu.eu\/fr\/wp-json\/wp\/v2\/media\/12068"}],"wp:attachment":[{"href":"https:\/\/meeteu.eu\/fr\/wp-json\/wp\/v2\/media?parent=12067"}],"wp:term":[{"taxonomy":"event_listing_category","embeddable":true,"href":"https:\/\/meeteu.eu\/fr\/wp-json\/wp\/v2\/event_listing_category?post=12067"},{"taxonomy":"event_listing_type","embeddable":true,"href":"https:\/\/meeteu.eu\/fr\/wp-json\/wp\/v2\/event_listing_type?post=12067"}],"curies":[{"name":"wp","href":"https:\/\/api.w.org\/{rel}","templated":true}]}}