{"id":8203,"date":"2022-09-08T02:25:22","date_gmt":"2022-09-08T01:25:22","guid":{"rendered":"http:\/\/dev.meeteu.eu\/?page_id=8203"},"modified":"2022-10-10T10:35:46","modified_gmt":"2022-10-10T08:35:46","slug":"events-archive","status":"publish","type":"page","link":"https:\/\/meeteu.eu\/de\/events-archive\/","title":{"rendered":"Events Archive"},"content":{"rendered":"<div data-elementor-type=\"wp-page\" data-elementor-id=\"8203\" class=\"elementor elementor-8203\" data-elementor-post-type=\"page\">\n\t\t\t\t\t\t<section class=\"elementor-section elementor-top-section elementor-element elementor-element-1af6f7e elementor-section-boxed elementor-section-height-default elementor-section-height-default\" data-id=\"1af6f7e\" data-element_type=\"section\">\n\t\t\t\t\t\t<div class=\"elementor-container elementor-column-gap-default\">\n\t\t\t\t\t<div class=\"aux-parallax-section elementor-column elementor-col-100 elementor-top-column elementor-element elementor-element-76bfb25\" data-id=\"76bfb25\" data-element_type=\"column\">\n\t\t\t<div class=\"elementor-widget-wrap elementor-element-populated\">\n\t\t\t\t\t\t<div class=\"elementor-element elementor-element-dab1756 elementor-widget elementor-widget-shortcode\" data-id=\"dab1756\" data-element_type=\"widget\" data-widget_type=\"shortcode.default\">\n\t\t\t\t<div class=\"elementor-widget-container\">\n\t\t\t\t\t\t\t<div class=\"elementor-shortcode\">\n<div class=\"elementor-container elementor-column-gap-default\">\n    <div class=\"elementor-row\">\n        <div class=\"aux-parallax-section elementor-column elementor-col-100 elementor-top-column elementor-element elementor-element-meeteu-events-page-1\" data-id=\"meeteu-events-page-1\" data-element_type=\"column\">\n            <div class=\"elementor-column-wrap elementor-element-populated\">\n            <div class=\"elementor-widget-wrap\">\n                <div class=\"elementor-element elementor-element-meeteu-events-page-2 elementor-widget elementor-widget-aux_recent_posts_land_style\" data-id=\"meeteu-events-page-2\" data-element_type=\"widget\" data-widget_type=\"aux_recent_posts_land_style.default\">\n                    <div class=\"elementor-widget-container\">\n                        <section class=\"widget-container aux-widget-recent-posts-land aux-parent-meeteu\">\n                        <div data-element-id=\"meeteu\" class=\"aux-blog-land-style aux-ajax-view\">\n\n                            \n                                <div id=\"post-12863\" class=\"aux-col post-12863\">\n                                    <article class=\"post column-entry post-12863 event_listing type-event_listing status-expired has-post-thumbnail hentry\">\n                                        <div class=\"entry-media\">\n                                            <div class=\"aux-media-frame aux-media-image aux-image-mask\">\n                                                <img decoding=\"async\"\n                                                loading=\"lazy\"\n                                                src=\"https:\/\/meeteu.eu\/wp-content\/uploads\/2026\/01\/Decoding-The-Digital-Background.png\"\n                                                class=\"aux-attachment aux-featured-image aux-attachment-id-12864 aux-preload aux-has-preview\"\n                                                alt=\"\"\n                                                data-src=\"https:\/\/meeteu.eu\/wp-content\/uploads\/2026\/01\/Decoding-The-Digital-Background.png\"\n                                                \/>\n                                            <\/div>\n                                        <\/div>\n\n                                        <header class=\"entry-header\">\n                                            <h4 class=\"entry-title\">\n                                                Die Entschl\u00fcsselung des Digitalen. AI-Deepfakes, Clickbait und du                                            <\/h4>\n                                        <\/header>\n\n                                        <div class=\"entry-main\">\n                                            <div class=\"entry-info\">\n                                                <div class=\"event-date\">\n                                                                                                            <i class=\"fas fa-calendar-alt\"><\/i>&nbsp;\n                                                    \n                                                                                                            <span>27. Januar 2026<\/span>\n                                                                                                                                                                <span>19:00 (MESZ)<\/span>\n                                                    \n                                                                                                            <span> - <\/span>\n                                                    \n                                                                                                            <span>27. Januar 2026<\/span>\n                                                                                                                                                                <span>20:30 (MESZ)<\/span>\n                                                                                                    <\/div>\n\n                                                                                                    <div class=\"event-location\">\n                                                                                                                    <i class=\"fas fa-thumbtack\"><\/i>&nbsp;\n                                                            <span>Virtuelle Veranstaltung auf Zoom<\/span>\n                                                                                                            <\/div>\n\n                                                    <div class=\"event-language\">\n                                                                                                                    <i class=\"fas fa-globe\"><\/i>&nbsp;\n                                                            <span>Auf Englisch, mit mehrsprachigen Untertiteln<\/span>\n                                                                                                            <\/div>\n                                                                                            <\/div>\n\n                                            <div class=\"entry-content\">\n                                                <p>\n<p>KI kann Nachrichten, Stimmen und Bilder in Sekundenschnelle f\u00e4lschen, und es wird immer schwieriger, zu erkennen, was echt ist. In dieser interaktiven Veranstaltung lernst du, wie du KI-gesteuerte Fehlinformationen schnell erkennen kannst, bevor du sie weitergibst. <br><br>Du wirst sehen, wie Deepfakes und synthetische Medien funktionieren, wie Schlagzeilen und Bilder subtil manipuliert werden und wie der Kontext verdreht werden kann. Du brauchst keine technischen Vorkenntnisse, sondern nur praktische Gewohnheiten, die du sofort beim Scrollen oder in Gruppenchats anwenden kannst. <br><br>Zu Gast ist der KI-Sicherheitsexperte Eoin Reid, der Beispiele aus der Praxis und praktische Tipps gibt. Du bekommst ein einfaches Instrumentarium an die Hand, mit dem du entscheiden kannst, was du vertraust, was du \u00fcberpr\u00fcfst und was du tust, wenn du dir unsicher bist. Eoin arbeitet als Sicherheitsanalyst bei Vectra AI, einem Cybersicherheitsunternehmen, das Unternehmen hilft, Angriffe zu erkennen und zu stoppen.<\/p>\n\n\n\n<p>Dies ist die dritte von <strong>sechs ERASMUS+ Sonderveranstaltungen<\/strong> dar\u00fcber, wie du die digitale Welt zu deiner machen kannst, finanziert durch das ERASMUS+ Programm der EU.<\/p>\n\n\n\n<p><em>Alle Teilnehmer unter 30 Jahren k\u00f6nnen eine <a href=\"https:\/\/www.youthpass.eu\" rel=\"noopener\">Jugendpass<\/a> Zertifikat - eine europ\u00e4ische Anerkennung f\u00fcr nicht-formales Lernen, die sich gut in deinem Lebenslauf macht.<\/em><\/p>\n\n\n\n<p><\/p>\n<\/p>\n                                                <div class=\"clear\"><\/div>\n                                            <\/div>\n\n                                                                                    <\/div>\n                                    <\/article>\n                                <\/div>\n                            \n                                <div id=\"post-12653\" class=\"aux-col post-12653\">\n                                    <article class=\"post column-entry post-12653 event_listing type-event_listing status-expired has-post-thumbnail hentry\">\n                                        <div class=\"entry-media\">\n                                            <div class=\"aux-media-frame aux-media-image aux-image-mask\">\n                                                <img decoding=\"async\"\n                                                loading=\"lazy\"\n                                                src=\"https:\/\/meeteu.eu\/wp-content\/uploads\/2025\/10\/Impartial-Political-Analysis_background.png\"\n                                                class=\"aux-attachment aux-featured-image aux-attachment-id-12654 aux-preload aux-has-preview\"\n                                                alt=\"\"\n                                                data-src=\"https:\/\/meeteu.eu\/wp-content\/uploads\/2025\/10\/Impartial-Political-Analysis_background.png\"\n                                                \/>\n                                            <\/div>\n                                        <\/div>\n\n                                        <header class=\"entry-header\">\n                                            <h4 class=\"entry-title\">\n                                                Wie man in einer polarisierten Welt klar sieht                                            <\/h4>\n                                        <\/header>\n\n                                        <div class=\"entry-main\">\n                                            <div class=\"entry-info\">\n                                                <div class=\"event-date\">\n                                                                                                            <i class=\"fas fa-calendar-alt\"><\/i>&nbsp;\n                                                    \n                                                                                                            <span>16. Dezember 2025<\/span>\n                                                                                                                                                                <span>19:00 (MESZ)<\/span>\n                                                    \n                                                                                                            <span> - <\/span>\n                                                    \n                                                                                                            <span>16. Dezember 2025<\/span>\n                                                                                                                                                                <span>20:00 (MESZ)<\/span>\n                                                                                                    <\/div>\n\n                                                                                                    <div class=\"event-location\">\n                                                                                                                    <i class=\"fas fa-thumbtack\"><\/i>&nbsp;\n                                                            <span>Virtuelle Veranstaltung auf Zoom<\/span>\n                                                                                                            <\/div>\n\n                                                    <div class=\"event-language\">\n                                                                                                                    <i class=\"fas fa-globe\"><\/i>&nbsp;\n                                                            <span>Auf Englisch, mit mehrsprachigen Untertiteln<\/span>\n                                                                                                            <\/div>\n                                                                                            <\/div>\n\n                                            <div class=\"entry-content\">\n                                                <p>\n<p>Wie kannst du das Gesamtbild hinter den heutigen politischen Ereignissen erkennen? Wie kannst du die Aussagen von Politikern kritisch bewerten und einseitige Argumente erkennen? Und wie kannst du erz\u00e4hlerische Fallen und pers\u00f6nliche Voreingenommenheit vermeiden?<\/p>\n\n\n\n<p>Chavdar Vlachkov, politischer Wirtschaftswissenschaftler und Analyst, tritt regelm\u00e4\u00dfig im bulgarischen Fernsehen als unabh\u00e4ngige Stimme auf. Er hat sich eingehend mit der Kunst der unparteiischen Analyse befasst und wird dir die wichtigsten Fragen stellen, die du stellen solltest, um der Wahrheit n\u00e4her zu kommen.<\/p>\n\n\n\n<p><\/p>\n<\/p>\n                                                <div class=\"clear\"><\/div>\n                                            <\/div>\n\n                                                                                    <\/div>\n                                    <\/article>\n                                <\/div>\n                            \n                                <div id=\"post-12849\" class=\"aux-col post-12849\">\n                                    <article class=\"post column-entry post-12849 event_listing type-event_listing status-expired has-post-thumbnail hentry\">\n                                        <div class=\"entry-media\">\n                                            <div class=\"aux-media-frame aux-media-image aux-image-mask\">\n                                                <img decoding=\"async\"\n                                                loading=\"lazy\"\n                                                src=\"https:\/\/meeteu.eu\/wp-content\/uploads\/2025\/12\/Copy-of-Background-C-Green_Blue.png\"\n                                                class=\"aux-attachment aux-featured-image aux-attachment-id-12850 aux-preload aux-has-preview\"\n                                                alt=\"\"\n                                                data-src=\"https:\/\/meeteu.eu\/wp-content\/uploads\/2025\/12\/Copy-of-Background-C-Green_Blue.png\"\n                                                \/>\n                                            <\/div>\n                                        <\/div>\n\n                                        <header class=\"entry-header\">\n                                            <h4 class=\"entry-title\">\n                                                Willst du der n\u00e4chste europ\u00e4ische Youtuber sein?                                            <\/h4>\n                                        <\/header>\n\n                                        <div class=\"entry-main\">\n                                            <div class=\"entry-info\">\n                                                <div class=\"event-date\">\n                                                                                                            <i class=\"fas fa-calendar-alt\"><\/i>&nbsp;\n                                                    \n                                                                                                            <span>9. Dezember 2025<\/span>\n                                                                                                                                                                <span>19:00 (MESZ)<\/span>\n                                                    \n                                                                                                            <span> - <\/span>\n                                                    \n                                                                                                            <span>9. Dezember 2025<\/span>\n                                                                                                                                                                <span>20:00 (MESZ)<\/span>\n                                                                                                    <\/div>\n\n                                                                                                    <div class=\"event-location\">\n                                                                                                                    <i class=\"fas fa-thumbtack\"><\/i>&nbsp;\n                                                            <span>Virtuelle Veranstaltung auf Zoom<\/span>\n                                                                                                            <\/div>\n\n                                                    <div class=\"event-language\">\n                                                                                                                    <i class=\"fas fa-globe\"><\/i>&nbsp;\n                                                            <span>Auf Englisch, mit mehrsprachigen Untertiteln<\/span>\n                                                                                                            <\/div>\n                                                                                            <\/div>\n\n                                            <div class=\"entry-content\">\n                                                <p>\n<p>Hast du jemals dar\u00fcber nachgedacht, ein YouTuber zu werden? Was ist n\u00f6tig, um diesen Traum zu verwirklichen? Welche Fehler k\u00f6nnen vermieden werden? Dienstag, Lambertus von \"<a href=\"https:\/\/www.youtube.com\/c\/theeumadesimple\" rel=\"noopener\">EU einfach gemacht<\/a>\" (EUMS) wird uns alles \u00fcber seine Reise erz\u00e4hlen. Sei dabei und lerne von seiner Geschichte, wie er ein erfolgreicher europ\u00e4ischer YouTuber wurde. EU Made Simple ist einer der gr\u00f6\u00dften YouTube-Kan\u00e4le \u00fcber europ\u00e4ische Politik.<\/p>\n\n\n\n<p><\/p>\n\n\n\n<p><\/p>\n\n\n\n<p><\/p>\n<\/p>\n                                                <div class=\"clear\"><\/div>\n                                            <\/div>\n\n                                                                                    <\/div>\n                                    <\/article>\n                                <\/div>\n                            \n                                <div id=\"post-12816\" class=\"aux-col post-12816\">\n                                    <article class=\"post column-entry post-12816 event_listing type-event_listing status-expired has-post-thumbnail hentry\">\n                                        <div class=\"entry-media\">\n                                            <div class=\"aux-media-frame aux-media-image aux-image-mask\">\n                                                <img decoding=\"async\"\n                                                loading=\"lazy\"\n                                                src=\"https:\/\/meeteu.eu\/wp-content\/uploads\/2025\/11\/Copy-of-Background-B-Yellow_Blue-12.png\"\n                                                class=\"aux-attachment aux-featured-image aux-attachment-id-12818 aux-preload aux-has-preview\"\n                                                alt=\"\"\n                                                data-src=\"https:\/\/meeteu.eu\/wp-content\/uploads\/2025\/11\/Copy-of-Background-B-Yellow_Blue-12.png\"\n                                                \/>\n                                            <\/div>\n                                        <\/div>\n\n                                        <header class=\"entry-header\">\n                                            <h4 class=\"entry-title\">\n                                                Estland - Wo Europa auf Russland trifft                                            <\/h4>\n                                        <\/header>\n\n                                        <div class=\"entry-main\">\n                                            <div class=\"entry-info\">\n                                                <div class=\"event-date\">\n                                                                                                            <i class=\"fas fa-calendar-alt\"><\/i>&nbsp;\n                                                    \n                                                                                                            <span>25. November 2025<\/span>\n                                                                                                                                                                <span>19:00 (MESZ)<\/span>\n                                                    \n                                                    \n                                                                                                                                                        <\/div>\n\n                                                                                                    <div class=\"event-location\">\n                                                                                                                    <i class=\"fas fa-thumbtack\"><\/i>&nbsp;\n                                                            <span>Virtuelle Veranstaltung auf Zoom<\/span>\n                                                                                                            <\/div>\n\n                                                    <div class=\"event-language\">\n                                                                                                                    <i class=\"fas fa-globe\"><\/i>&nbsp;\n                                                            <span>Auf Englisch, mit mehrsprachigen Untertiteln<\/span>\n                                                                                                            <\/div>\n                                                                                            <\/div>\n\n                                            <div class=\"entry-content\">\n                                                <p>\n<p>Mit dem Beitritt der baltischen Staaten im Jahr 2004 hatten die EU und die NATO zum ersten Mal eine direkte Grenze mit dem Nachfolgestaat der ehemaligen Sowjetunion, der Russischen F\u00f6deration, sowie mit Mitgliedsstaaten mit einer gro\u00dfen russischen Minderheit in der Bev\u00f6lkerung. Die baltischen Staaten betrachteten diesen Beitrittsschritt verst\u00e4ndlicherweise als Lebensversicherung gegen russische Versuche, nach dem Zusammenbruch der Sowjetunion die Hegemonie \u00fcber ihre L\u00e4nder wiederherzustellen. Sp\u00e4testens ab 2007 machte die Russische F\u00f6deration dann deutlich, dass sie den EU- und NATO-Beitritt der baltischen Staaten als Sicherheitsbedrohung ansieht.<\/p>\n\n\n\n<p>In den Jahren danach haben die Spannungen zwischen der EU\/Nato und Russland zugenommen und mit Russlands Angriff auf die Ukraine 2014 und 2022 sowie dem Beitritt der ehemals neutralen L\u00e4nder Schweden und Finnland zur NATO einen neuen H\u00f6hepunkt erreicht.<\/p>\n\n\n\n<p>In dieser Situation haben wir Maris Hellrand, eine prominente freie Journalistin aus Tallinn, Estland, eingeladen, um mit uns \u00fcber das Leben an einem Brennpunkt der neuen OST-WEST-Spannung zu sprechen.<\/p>\n\n\n\n<p><\/p>\n<\/p>\n                                                <div class=\"clear\"><\/div>\n                                            <\/div>\n\n                                                                                    <\/div>\n                                    <\/article>\n                                <\/div>\n                            \n                                <div id=\"post-12814\" class=\"aux-col post-12814\">\n                                    <article class=\"post column-entry post-12814 event_listing type-event_listing status-expired has-post-thumbnail hentry\">\n                                        <div class=\"entry-media\">\n                                            <div class=\"aux-media-frame aux-media-image aux-image-mask\">\n                                                <img decoding=\"async\"\n                                                loading=\"lazy\"\n                                                src=\"https:\/\/meeteu.eu\/wp-content\/uploads\/2025\/11\/MERCOSUR-Trade-Agreement-Event-2025-2.png\"\n                                                class=\"aux-attachment aux-featured-image aux-attachment-id-12815 aux-preload aux-has-preview\"\n                                                alt=\"\"\n                                                data-src=\"https:\/\/meeteu.eu\/wp-content\/uploads\/2025\/11\/MERCOSUR-Trade-Agreement-Event-2025-2.png\"\n                                                \/>\n                                            <\/div>\n                                        <\/div>\n\n                                        <header class=\"entry-header\">\n                                            <h4 class=\"entry-title\">\n                                                Das Mercosur-Handelsabkommen - ein Rettungsanker f\u00fcr die EU?                                            <\/h4>\n                                        <\/header>\n\n                                        <div class=\"entry-main\">\n                                            <div class=\"entry-info\">\n                                                <div class=\"event-date\">\n                                                                                                            <i class=\"fas fa-calendar-alt\"><\/i>&nbsp;\n                                                    \n                                                                                                            <span>18. November 2025<\/span>\n                                                                                                                                                                <span>19:00 (MESZ)<\/span>\n                                                    \n                                                    \n                                                                                                                                                        <\/div>\n\n                                                                                                    <div class=\"event-location\">\n                                                                                                                    <i class=\"fas fa-thumbtack\"><\/i>&nbsp;\n                                                            <span>Virtuelle Veranstaltung auf Zoom<\/span>\n                                                                                                            <\/div>\n\n                                                    <div class=\"event-language\">\n                                                                                                                    <i class=\"fas fa-globe\"><\/i>&nbsp;\n                                                            <span>Auf Englisch, mit mehrsprachigen Untertiteln<\/span>\n                                                                                                            <\/div>\n                                                                                            <\/div>\n\n                                            <div class=\"entry-content\">\n                                                <p>\n<p>Die Handelsverhandlungen zwischen der EU und dem Mercosur begannen 1999 und die grunds\u00e4tzliche Einigung wurde 2019 erzielt, aber die Gespr\u00e4che sind noch nicht abgeschlossen. Im Dezember 2024 wurde schlie\u00dflich eine Einigung \u00fcber das Freihandelsabkommen verk\u00fcndet, die noch von mindestens 15 der 27 EU-Mitgliedstaaten gebilligt werden muss.&nbsp;<\/p>\n\n\n\n<p>Die protektionistische Handels- und Zollpolitik der neuen US-Regierung unter Pr\u00e4sident Trump hat nun f\u00fcr beide Seiten einen neuen Anreiz und neue Dringlichkeit geschaffen, die letzten Hindernisse f\u00fcr den Abschluss des Abkommens zu beseitigen.<\/p>\n\n\n\n<p>Wir haben Paolo Garzotti von der Europ\u00e4ischen Kommission (GD Handel) eingeladen, um uns mit dem aktuellen Stand, den verbleibenden Hindernissen und den m\u00f6glichen Vorteilen f\u00fcr beide Seiten vertraut zu machen.<\/p>\n\n\n\n<p><sup><a href=\"https:\/\/en.wikipedia.org\/wiki\/EU%E2%80%93Mercosur_Association_Agreement#cite_note-:0-7\" rel=\"noopener\"><\/a><\/sup><\/p>\n\n\n\n<p><\/p>\n<\/p>\n                                                <div class=\"clear\"><\/div>\n                                            <\/div>\n\n                                                                                    <\/div>\n                                    <\/article>\n                                <\/div>\n                            \n                                <div id=\"post-12810\" class=\"aux-col post-12810\">\n                                    <article class=\"post column-entry post-12810 event_listing type-event_listing status-expired has-post-thumbnail hentry\">\n                                        <div class=\"entry-media\">\n                                            <div class=\"aux-media-frame aux-media-image aux-image-mask\">\n                                                <img decoding=\"async\"\n                                                loading=\"lazy\"\n                                                src=\"https:\/\/meeteu.eu\/wp-content\/uploads\/2025\/11\/Copy-of-Background-A-Pink_Blue-9.png\"\n                                                class=\"aux-attachment aux-featured-image aux-attachment-id-12812 aux-preload aux-has-preview\"\n                                                alt=\"\"\n                                                data-src=\"https:\/\/meeteu.eu\/wp-content\/uploads\/2025\/11\/Copy-of-Background-A-Pink_Blue-9.png\"\n                                                \/>\n                                            <\/div>\n                                        <\/div>\n\n                                        <header class=\"entry-header\">\n                                            <h4 class=\"entry-title\">\n                                                Herbstpause - Wir machen eine Woche Pause                                            <\/h4>\n                                        <\/header>\n\n                                        <div class=\"entry-main\">\n                                            <div class=\"entry-info\">\n                                                <div class=\"event-date\">\n                                                                                                            <i class=\"fas fa-calendar-alt\"><\/i>&nbsp;\n                                                    \n                                                                                                            <span>11. November 2025<\/span>\n                                                                                                        \n                                                    \n                                                                                                                                                        <\/div>\n\n                                                                                                    <div class=\"event-location\">\n                                                                                                                    <i class=\"fas fa-thumbtack\"><\/i>&nbsp;\n                                                            <span>Virtuelle Veranstaltung auf Zoom<\/span>\n                                                                                                            <\/div>\n\n                                                    <div class=\"event-language\">\n                                                                                                                    <i class=\"fas fa-globe\"><\/i>&nbsp;\n                                                            <span>Auf Englisch, mit mehrsprachigen Untertiteln<\/span>\n                                                                                                            <\/div>\n                                                                                            <\/div>\n\n                                            <div class=\"entry-content\">\n                                                <p>\n<p>Wusstest du, dass unsere w\u00f6chentlichen Events von 100% Freiwilligen getragen werden? Im Moment sind wir alle im Team sehr besch\u00e4ftigt: Familienbesuche, Pr\u00fcfungsphase, Abgabetermine auf der Arbeit... Deshalb haben wir beschlossen, uns eine Woche Pause zu g\u00f6nnen, in der wir die bunten Tage Anfang November genie\u00dfen k\u00f6nnen. Wir sind n\u00e4chste Woche wieder f\u00fcr dich da!<\/p>\n\n\n\n<p><\/p>\n<\/p>\n                                                <div class=\"clear\"><\/div>\n                                            <\/div>\n\n                                                                                    <\/div>\n                                    <\/article>\n                                <\/div>\n                            \n                                <div id=\"post-12805\" class=\"aux-col post-12805\">\n                                    <article class=\"post column-entry post-12805 event_listing type-event_listing status-expired has-post-thumbnail hentry\">\n                                        <div class=\"entry-media\">\n                                            <div class=\"aux-media-frame aux-media-image aux-image-mask\">\n                                                <img decoding=\"async\"\n                                                loading=\"lazy\"\n                                                src=\"https:\/\/meeteu.eu\/wp-content\/uploads\/2025\/10\/Norway-Elections-2025-1.png\"\n                                                class=\"aux-attachment aux-featured-image aux-attachment-id-12804 aux-preload aux-has-preview\"\n                                                alt=\"\"\n                                                data-src=\"https:\/\/meeteu.eu\/wp-content\/uploads\/2025\/10\/Norway-Elections-2025-1.png\"\n                                                \/>\n                                            <\/div>\n                                        <\/div>\n\n                                        <header class=\"entry-header\">\n                                            <h4 class=\"entry-title\">\n                                                Norwegens Wahlschock: Was ist gerade passiert?!                                            <\/h4>\n                                        <\/header>\n\n                                        <div class=\"entry-main\">\n                                            <div class=\"entry-info\">\n                                                <div class=\"event-date\">\n                                                                                                            <i class=\"fas fa-calendar-alt\"><\/i>&nbsp;\n                                                    \n                                                                                                            <span>4. November 2025<\/span>\n                                                                                                                                                                <span>19:00 (MESZ)<\/span>\n                                                    \n                                                    \n                                                                                                                                                        <\/div>\n\n                                                                                                    <div class=\"event-location\">\n                                                                                                                    <i class=\"fas fa-thumbtack\"><\/i>&nbsp;\n                                                            <span>Virtuelle Veranstaltung auf Zoom<\/span>\n                                                                                                            <\/div>\n\n                                                    <div class=\"event-language\">\n                                                                                                                    <i class=\"fas fa-globe\"><\/i>&nbsp;\n                                                            <span>Auf Englisch, mit mehrsprachigen Untertiteln<\/span>\n                                                                                                            <\/div>\n                                                                                            <\/div>\n\n                                            <div class=\"entry-content\">\n                                                <p>\n<p>Rekordbeteiligung. Ein linker Premierminister, der trotz aller Widrigkeiten \u00fcberlebt. Eine rechtspopulistische Partei, die explosionsartig an Zustimmung gewinnt und die lauteste Stimme der Opposition wird. Und all das wird durch eine Handvoll Sitze entschieden. Das war Norwegen am 8. September 2025.<\/p>\n\n\n\n<p><\/p>\n<\/p>\n                                                <div class=\"clear\"><\/div>\n                                            <\/div>\n\n                                                                                    <\/div>\n                                    <\/article>\n                                <\/div>\n                            \n                                <div id=\"post-12723\" class=\"aux-col post-12723\">\n                                    <article class=\"post column-entry post-12723 event_listing type-event_listing status-expired has-post-thumbnail hentry\">\n                                        <div class=\"entry-media\">\n                                            <div class=\"aux-media-frame aux-media-image aux-image-mask\">\n                                                <img decoding=\"async\"\n                                                loading=\"lazy\"\n                                                src=\"https:\/\/meeteu.eu\/wp-content\/uploads\/2025\/10\/Copy-of-Background-C-Green_Blue-9.png\"\n                                                class=\"aux-attachment aux-featured-image aux-attachment-id-12795 aux-preload aux-has-preview\"\n                                                alt=\"\"\n                                                data-src=\"https:\/\/meeteu.eu\/wp-content\/uploads\/2025\/10\/Copy-of-Background-C-Green_Blue-9.png\"\n                                                \/>\n                                            <\/div>\n                                        <\/div>\n\n                                        <header class=\"entry-header\">\n                                            <h4 class=\"entry-title\">\n                                                Dein digitales Du                                            <\/h4>\n                                        <\/header>\n\n                                        <div class=\"entry-main\">\n                                            <div class=\"entry-info\">\n                                                <div class=\"event-date\">\n                                                                                                            <i class=\"fas fa-calendar-alt\"><\/i>&nbsp;\n                                                    \n                                                                                                            <span>28. Oktober 2025<\/span>\n                                                                                                                                                                <span>19:00 (MESZ)<\/span>\n                                                    \n                                                                                                            <span> - <\/span>\n                                                    \n                                                                                                            <span>28. Oktober 2025<\/span>\n                                                                                                                                                                <span>20:30 (MESZ)<\/span>\n                                                                                                    <\/div>\n\n                                                                                                    <div class=\"event-location\">\n                                                                                                                    <i class=\"fas fa-thumbtack\"><\/i>&nbsp;\n                                                            <span>Virtuelle Veranstaltung auf Zoom<\/span>\n                                                                                                            <\/div>\n\n                                                    <div class=\"event-language\">\n                                                                                                                    <i class=\"fas fa-globe\"><\/i>&nbsp;\n                                                            <span>Auf Englisch, mit mehrsprachigen Untertiteln<\/span>\n                                                                                                            <\/div>\n                                                                                            <\/div>\n\n                                            <div class=\"entry-content\">\n                                                <p>\n<p>Was verr\u00e4t dein digitaler Fu\u00dfabdruck \u00fcber dich, und wer verfolgt ihn? Gemeinsam mit jungen Menschen aus ganz Europa wirst du herausfinden, wie deine Daten gesammelt werden, wer davon profitiert und wie du die digitale Welt zu deiner eigenen machen kannst. Du wirst mit einem pers\u00f6nlichen Datenschutz-Aktionsplan nach Hause gehen, der dir hilft, dich sicher und selbstbewusst in der digitalen Welt zu bewegen.<\/p>\n\n\n\n<p>Unter der Leitung von Elina Eickst\u00e4dt, Softwareingenieurin, Informatikerin und Sprecherin bei <a href=\"https:\/\/www.ccc.de\/en\" rel=\"noopener\">Chaos Computer Club<\/a> (CCC), Europas gr\u00f6\u00dftem Verband f\u00fcr ethische Hackerinnen und Hacker.<br><br>Dies ist die erste von <strong>sechs ERASMUS+ Sonderveranstaltungen<\/strong> dar\u00fcber, wie du die digitale Welt zu deiner machen kannst, finanziert durch das Erasmus+ Programm der EU.<\/p>\n\n\n\n<p><em>Alle Teilnehmer unter 30 Jahren erhalten eine <a href=\"https:\/\/www.youthpass.eu\" rel=\"noopener\">Jugendpass<\/a> Zertifikat - eine europ\u00e4ische Anerkennung f\u00fcr nicht-formales Lernen, die sich gut in deinem Lebenslauf macht.<\/em><\/p>\n\n\n\n<p><\/p>\n\n\n<div class=\"wp-block-image\">\n<figure class=\"alignright size-full\"><img decoding=\"async\" width=\"300\" height=\"63\" src=\"https:\/\/meeteu.eu\/wp-content\/uploads\/2025\/10\/grafik-2.png\" alt=\"Funded by the European Union\" class=\"wp-image-12758\" srcset=\"https:\/\/meeteu.eu\/wp-content\/uploads\/2025\/10\/grafik-2.png 300w, https:\/\/meeteu.eu\/wp-content\/uploads\/2025\/10\/grafik-2-18x4.png 18w\" sizes=\"(max-width: 300px) 100vw, 300px\" \/><\/figure>\n<\/div>\n\n\n<p><\/p>\n<\/p>\n                                                <div class=\"clear\"><\/div>\n                                            <\/div>\n\n                                                                                    <\/div>\n                                    <\/article>\n                                <\/div>\n                            \n                                <div id=\"post-12424\" class=\"aux-col post-12424\">\n                                    <article class=\"post column-entry post-12424 event_listing type-event_listing status-expired has-post-thumbnail hentry\">\n                                        <div class=\"entry-media\">\n                                            <div class=\"aux-media-frame aux-media-image aux-image-mask\">\n                                                <img decoding=\"async\"\n                                                loading=\"lazy\"\n                                                src=\"https:\/\/meeteu.eu\/wp-content\/uploads\/2025\/10\/Copy-of-Background-A-Pink_Blue-8.png\"\n                                                class=\"aux-attachment aux-featured-image aux-attachment-id-12425 aux-preload aux-has-preview\"\n                                                alt=\"\"\n                                                data-src=\"https:\/\/meeteu.eu\/wp-content\/uploads\/2025\/10\/Copy-of-Background-A-Pink_Blue-8.png\"\n                                                \/>\n                                            <\/div>\n                                        <\/div>\n\n                                        <header class=\"entry-header\">\n                                            <h4 class=\"entry-title\">\n                                                B\u00fcrgerforum: Europa gerechter machen f\u00fcr alle Generationen                                            <\/h4>\n                                        <\/header>\n\n                                        <div class=\"entry-main\">\n                                            <div class=\"entry-info\">\n                                                <div class=\"event-date\">\n                                                                                                            <i class=\"fas fa-calendar-alt\"><\/i>&nbsp;\n                                                    \n                                                                                                            <span>14. Oktober 2025<\/span>\n                                                                                                                                                                <span>19:00 (MESZ)<\/span>\n                                                    \n                                                                                                            <span> - <\/span>\n                                                    \n                                                                                                            <span>1. November 2025<\/span>\n                                                                                                                                                        <\/div>\n\n                                                                                                    <div class=\"event-location\">\n                                                                                                                    <i class=\"fas fa-thumbtack\"><\/i>&nbsp;\n                                                            <span>Virtuelle Veranstaltung auf Zoom<\/span>\n                                                                                                            <\/div>\n\n                                                    <div class=\"event-language\">\n                                                                                                                    <i class=\"fas fa-globe\"><\/i>&nbsp;\n                                                            <span>Auf Englisch, mit mehrsprachigen Untertiteln<\/span>\n                                                                                                            <\/div>\n                                                                                            <\/div>\n\n                                            <div class=\"entry-content\">\n                                                <p>\n<p>Klimawandel, Rentensysteme und Altersdiskriminierung - In ganz Europa diskutieren wir dar\u00fcber, wie unsere Gesellschaften gestaltet sein sollten, damit sie f\u00fcr alle Generationen gleicherma\u00dfen lebenswert und chancenreich sind. Die meisten von uns sind sich einig: Gesellschaften m\u00fcssen fair sein. Doch je nach Altersgruppe und Lebenserfahrung kannst du unterschiedliche Vorstellungen davon haben, was fair ist, wenn es um die Verteilung von Ressourcen und den Zugang zu Entscheidungen geht.<\/p>\n\n\n\n<p>Um die Generationengerechtigkeit zu f\u00f6rdern und zu diskutieren, hat die Europ\u00e4ische Kommission eine EU-weite Online- und pers\u00f6nliche Konsultation gestartet: Ein europ\u00e4isches B\u00fcrgerpanel. Wir haben 2 der 150 Teilnehmer\/innen eingeladen, die sich in Br\u00fcssel getroffen haben, um \u00fcber Generationengerechtigkeit in Europa zu sprechen. Sie werden berichten, woran sie gearbeitet haben.<\/p>\n\n\n\n<p>Danach bist du an der Reihe, deine Stimme zu erheben. In Breakout-R\u00e4umen sollst du Ideen entwickeln, wie die Generationengerechtigkeit verbessert werden kann, und sie auf der digitalen Plattform \"Have Your Say\" der Europ\u00e4ischen Kommission teilen.<\/p>\n<\/p>\n                                                <div class=\"clear\"><\/div>\n                                            <\/div>\n\n                                                                                    <\/div>\n                                    <\/article>\n                                <\/div>\n                            \n                                <div id=\"post-12417\" class=\"aux-col post-12417\">\n                                    <article class=\"post column-entry post-12417 event_listing type-event_listing status-expired has-post-thumbnail hentry\">\n                                        <div class=\"entry-media\">\n                                            <div class=\"aux-media-frame aux-media-image aux-image-mask\">\n                                                <img decoding=\"async\"\n                                                loading=\"lazy\"\n                                                src=\"https:\/\/meeteu.eu\/wp-content\/uploads\/2025\/10\/AI_event_BACKGROUND.png\"\n                                                class=\"aux-attachment aux-featured-image aux-attachment-id-12419 aux-preload aux-has-preview\"\n                                                alt=\"\"\n                                                data-src=\"https:\/\/meeteu.eu\/wp-content\/uploads\/2025\/10\/AI_event_BACKGROUND.png\"\n                                                \/>\n                                            <\/div>\n                                        <\/div>\n\n                                        <header class=\"entry-header\">\n                                            <h4 class=\"entry-title\">\n                                                KI - oder das Ende der Arbeit, wie wir sie kennen?                                            <\/h4>\n                                        <\/header>\n\n                                        <div class=\"entry-main\">\n                                            <div class=\"entry-info\">\n                                                <div class=\"event-date\">\n                                                                                                            <i class=\"fas fa-calendar-alt\"><\/i>&nbsp;\n                                                    \n                                                                                                            <span>7. Oktober 2025<\/span>\n                                                                                                                                                                <span>19:00 (MESZ)<\/span>\n                                                    \n                                                                                                            <span> - <\/span>\n                                                    \n                                                                                                            <span>7. Oktober 2025<\/span>\n                                                                                                                                                                <span>20:00 (MESZ)<\/span>\n                                                                                                    <\/div>\n\n                                                                                                    <div class=\"event-location\">\n                                                                                                                    <i class=\"fas fa-thumbtack\"><\/i>&nbsp;\n                                                            <span>Virtuelle Veranstaltung auf Zoom<\/span>\n                                                                                                            <\/div>\n\n                                                    <div class=\"event-language\">\n                                                                                                                    <i class=\"fas fa-globe\"><\/i>&nbsp;\n                                                            <span>Auf Englisch, mit mehrsprachigen Untertiteln<\/span>\n                                                                                                            <\/div>\n                                                                                            <\/div>\n\n                                            <div class=\"entry-content\">\n                                                <p>\n<p>Wird uns die KI die Arbeitspl\u00e4tze wegnehmen? Wird sie zu Massenarbeitslosigkeit f\u00fchren oder eine riesige T\u00fcr zu neuen Arten von Arbeit \u00f6ffnen? M\u00fcssen wir uns alle neu qualifizieren? Wie sollten sich Schulen und Universit\u00e4ten vorbereiten? Kann KI uns von Routineaufgaben befreien und das Leben sinnvoller machen? Wenn ja, wie motivieren wir Arbeitnehmer\/innen, Aufgaben zu \u00fcbernehmen, die KI nicht \u00fcbernehmen kann? Brauchen wir ein bedingungsloses Grundeinkommen (UBI)? Und welche Rolle sollte die EU-Politik bei diesem gro\u00dfen Wandel auf dem Arbeitsmarkt spielen? <\/p>\n\n\n\n<p>Wir stellen diese Fragen an Drago\u0219 Ad\u0103sc\u0103li\u021bei, Forschungsbeauftragter der EU-Agentur <a href=\"https:\/\/www.eurofound.europa.eu\/en\/home\" rel=\"noopener\">Eurofound<\/a> (European Foundation for the Improvement of Living and Working Conditions). Drago\u0219 untersucht die Zukunft der Arbeit: die Auswirkungen der KI auf die Arbeitspl\u00e4tze und die Auswirkungen der Automatisierung auf die Besch\u00e4ftigung.<\/p>\n\n\n\n<p><\/p>\n<\/p>\n                                                <div class=\"clear\"><\/div>\n                                            <\/div>\n\n                                                                                    <\/div>\n                                    <\/article>\n                                <\/div>\n                            \n                                <div id=\"post-12412\" class=\"aux-col post-12412\">\n                                    <article class=\"post column-entry post-12412 event_listing type-event_listing status-expired has-post-thumbnail hentry\">\n                                        <div class=\"entry-media\">\n                                            <div class=\"aux-media-frame aux-media-image aux-image-mask\">\n                                                <img decoding=\"async\"\n                                                loading=\"lazy\"\n                                                src=\"https:\/\/meeteu.eu\/wp-content\/uploads\/2025\/09\/Copy-of-Background-C-Green_Blue-7.png\"\n                                                class=\"aux-attachment aux-featured-image aux-attachment-id-12414 aux-preload aux-has-preview\"\n                                                alt=\"\"\n                                                data-src=\"https:\/\/meeteu.eu\/wp-content\/uploads\/2025\/09\/Copy-of-Background-C-Green_Blue-7.png\"\n                                                \/>\n                                            <\/div>\n                                        <\/div>\n\n                                        <header class=\"entry-header\">\n                                            <h4 class=\"entry-title\">\n                                                Community Event: Georatene EU-Urlaubsziele                                            <\/h4>\n                                        <\/header>\n\n                                        <div class=\"entry-main\">\n                                            <div class=\"entry-info\">\n                                                <div class=\"event-date\">\n                                                                                                            <i class=\"fas fa-calendar-alt\"><\/i>&nbsp;\n                                                    \n                                                                                                            <span>30. September 2025<\/span>\n                                                                                                                                                                <span>19:00 (MESZ)<\/span>\n                                                    \n                                                    \n                                                                                                                                                        <\/div>\n\n                                                                                                    <div class=\"event-location\">\n                                                                                                                    <i class=\"fas fa-thumbtack\"><\/i>&nbsp;\n                                                            <span>Virtuelle Veranstaltung auf Zoom<\/span>\n                                                                                                            <\/div>\n\n                                                    <div class=\"event-language\">\n                                                                                                                    <i class=\"fas fa-globe\"><\/i>&nbsp;\n                                                            <span>Auf Englisch, mit mehrsprachigen Untertiteln<\/span>\n                                                                                                            <\/div>\n                                                                                            <\/div>\n\n                                            <div class=\"entry-content\">\n                                                <p>\n<p>Wie gut bist du darin, europ\u00e4ische St\u00e4dte zu erraten? Viele unserer Community-Mitglieder haben die MeetEU-Sommerpause genutzt, um neue Horizonte zu entdecken. Sie erkundeten, wanderten und genossen St\u00e4dte und Orte, die sie noch nie zuvor gesehen hatten, um zu sehen, was Europa zu bieten hat. Wir haben sie gebeten, einige Bilder mit uns zu teilen. Und jetzt ist es an dir zu erraten, wo sie waren.<\/p>\n\n\n\n<p>Wir laden dich ein, an unserem Community-Event teilzunehmen und einige der Urlaubsziele unserer Gemeinde zu erraten.<\/p>\n<\/p>\n                                                <div class=\"clear\"><\/div>\n                                            <\/div>\n\n                                                                                    <\/div>\n                                    <\/article>\n                                <\/div>\n                            \n                                <div id=\"post-12401\" class=\"aux-col post-12401\">\n                                    <article class=\"post column-entry post-12401 event_listing type-event_listing status-expired has-post-thumbnail hentry\">\n                                        <div class=\"entry-media\">\n                                            <div class=\"aux-media-frame aux-media-image aux-image-mask\">\n                                                <img decoding=\"async\"\n                                                loading=\"lazy\"\n                                                src=\"https:\/\/meeteu.eu\/wp-content\/uploads\/2025\/09\/Copy-of-Background-A-Pink_Blue-6.png\"\n                                                class=\"aux-attachment aux-featured-image aux-attachment-id-12402 aux-preload aux-has-preview\"\n                                                alt=\"\"\n                                                data-src=\"https:\/\/meeteu.eu\/wp-content\/uploads\/2025\/09\/Copy-of-Background-A-Pink_Blue-6.png\"\n                                                \/>\n                                            <\/div>\n                                        <\/div>\n\n                                        <header class=\"entry-header\">\n                                            <h4 class=\"entry-title\">\n                                                Moment mal... Social Media Made in Europe?                                            <\/h4>\n                                        <\/header>\n\n                                        <div class=\"entry-main\">\n                                            <div class=\"entry-info\">\n                                                <div class=\"event-date\">\n                                                                                                            <i class=\"fas fa-calendar-alt\"><\/i>&nbsp;\n                                                    \n                                                                                                            <span>23. September 2025<\/span>\n                                                                                                                                                                <span>19:00 (MESZ)<\/span>\n                                                    \n                                                    \n                                                                                                                                                        <\/div>\n\n                                                                                                    <div class=\"event-location\">\n                                                                                                                    <i class=\"fas fa-thumbtack\"><\/i>&nbsp;\n                                                            <span>Virtuelle Veranstaltung auf Zoom<\/span>\n                                                                                                            <\/div>\n\n                                                    <div class=\"event-language\">\n                                                                                                                    <i class=\"fas fa-globe\"><\/i>&nbsp;\n                                                            <span>Auf Englisch, mit mehrsprachigen Untertiteln<\/span>\n                                                                                                            <\/div>\n                                                                                            <\/div>\n\n                                            <div class=\"entry-content\">\n                                                <p>\n<p>Es ist das Jahr 2025. <br>Die sozialen Medien werden von den USA und China dominiert. <br>Die ganze Welt nutzt ihre Apps. <br><br>...die ganze Welt?<br><br>Nicht ganz.<\/p>\n\n\n\n<p>Ein kleines, entschlossenes Team von europ\u00e4ischen Idealisten setzt sich zur Wehr - und hat gro\u00dfe Ziele: Social Media, Made in Europe. <\/p>\n\n\n\n<p>Unter der Leitung von Christos Floros bauen sie eine Alternative zu Instagram und Facebook auf - ohne s\u00fcchtig machende Algorithmen, ohne endlose Werbung und ohne versteckte politische Vorurteile. Zumindest beschreibt Christos das so. <br><br>Aber kann das wirklich funktionieren?<br>Welche Funktionen wird es bieten?<br>Und wie sieht eine \"human-first\" Social Media Plattform wirklich aus?<br><br>Wir sprechen mit Christos, um das herauszufinden - und du bist eingeladen.<\/p>\n\n\n\n<p><\/p>\n\n\n\n<p><\/p>\n<\/p>\n                                                <div class=\"clear\"><\/div>\n                                            <\/div>\n\n                                                                                    <\/div>\n                                    <\/article>\n                                <\/div>\n                            \n                                <div id=\"post-12386\" class=\"aux-col post-12386\">\n                                    <article class=\"post column-entry post-12386 event_listing type-event_listing status-expired has-post-thumbnail hentry\">\n                                        <div class=\"entry-media\">\n                                            <div class=\"aux-media-frame aux-media-image aux-image-mask\">\n                                                <img decoding=\"async\"\n                                                loading=\"lazy\"\n                                                src=\"https:\/\/meeteu.eu\/wp-content\/uploads\/2025\/07\/Background-B-Yellow_Blue-1.png\"\n                                                class=\"aux-attachment aux-featured-image aux-attachment-id-12387 aux-preload aux-has-preview\"\n                                                alt=\"\"\n                                                data-src=\"https:\/\/meeteu.eu\/wp-content\/uploads\/2025\/07\/Background-B-Yellow_Blue-1.png\"\n                                                \/>\n                                            <\/div>\n                                        <\/div>\n\n                                        <header class=\"entry-header\">\n                                            <h4 class=\"entry-title\">\n                                                ERASMUS+ f\u00fcr Jugendprojekte: Wie funktioniert es?                                            <\/h4>\n                                        <\/header>\n\n                                        <div class=\"entry-main\">\n                                            <div class=\"entry-info\">\n                                                <div class=\"event-date\">\n                                                                                                            <i class=\"fas fa-calendar-alt\"><\/i>&nbsp;\n                                                    \n                                                                                                            <span>29 Juli 2025<\/span>\n                                                                                                                                                                <span>19:00 (MESZ)<\/span>\n                                                    \n                                                                                                            <span> - <\/span>\n                                                    \n                                                                                                            <span>29 Juli 2025<\/span>\n                                                                                                                                                                <span>20:00 (MESZ)<\/span>\n                                                                                                    <\/div>\n\n                                                                                                    <div class=\"event-location\">\n                                                                                                                    <i class=\"fas fa-thumbtack\"><\/i>&nbsp;\n                                                            <span>Virtuelle Veranstaltung auf Zoom<\/span>\n                                                                                                            <\/div>\n\n                                                    <div class=\"event-language\">\n                                                                                                                    <i class=\"fas fa-globe\"><\/i>&nbsp;\n                                                            <span>Auf Englisch, mit mehrsprachigen Untertiteln<\/span>\n                                                                                                            <\/div>\n                                                                                            <\/div>\n\n                                            <div class=\"entry-content\">\n                                                <p>\n<p>Geld zu finden, damit sich junge Menschen treffen und gemeinsam lernen k\u00f6nnen, kann manchmal eine echte Herausforderung sein. Aber gute Nachrichten: In vielen F\u00e4llen kann ERASMUS+ helfen. Und es ist vielleicht einfacher, davon zu profitieren, als du denkst.<\/p>\n\n\n\n<p>Gemeinsam mit Katarina von der Europ\u00e4ischen Kommission werden wir in die Welt der F\u00f6rderantr\u00e4ge und Ausschreibungen eintauchen. Sie wird uns einen pr\u00e4gnanten \u00dcberblick \u00fcber die verschiedenen M\u00f6glichkeiten geben, wie ERASMUS+ die Umsetzung deiner Jugendprojektidee unterst\u00fctzen kann.<\/p>\n\n\n\n<p>Das Beste: Katarina hat jahrelange Erfahrung! Vergiss nicht, deine Fragen aufzuschreiben, denn wir werden nach ihrem Vortrag eine Fragerunde mit ihr veranstalten.<\/p>\n\n\n\n<p><\/p>\n<\/p>\n                                                <div class=\"clear\"><\/div>\n                                            <\/div>\n\n                                                                                    <\/div>\n                                    <\/article>\n                                <\/div>\n                            \n                                <div id=\"post-12382\" class=\"aux-col post-12382\">\n                                    <article class=\"post column-entry post-12382 event_listing type-event_listing status-expired has-post-thumbnail hentry\">\n                                        <div class=\"entry-media\">\n                                            <div class=\"aux-media-frame aux-media-image aux-image-mask\">\n                                                <img decoding=\"async\"\n                                                loading=\"lazy\"\n                                                src=\"https:\/\/meeteu.eu\/wp-content\/uploads\/2025\/07\/Copy-of-Background-C-Green_Blue-5.png\"\n                                                class=\"aux-attachment aux-featured-image aux-attachment-id-12383 aux-preload aux-has-preview\"\n                                                alt=\"\"\n                                                data-src=\"https:\/\/meeteu.eu\/wp-content\/uploads\/2025\/07\/Copy-of-Background-C-Green_Blue-5.png\"\n                                                \/>\n                                            <\/div>\n                                        <\/div>\n\n                                        <header class=\"entry-header\">\n                                            <h4 class=\"entry-title\">\n                                                Georgiens Kampf f\u00fcr die Demokratie: Warum er f\u00fcr dich wichtig sein sollte!                                            <\/h4>\n                                        <\/header>\n\n                                        <div class=\"entry-main\">\n                                            <div class=\"entry-info\">\n                                                <div class=\"event-date\">\n                                                                                                            <i class=\"fas fa-calendar-alt\"><\/i>&nbsp;\n                                                    \n                                                                                                            <span>22 Juli 2025<\/span>\n                                                                                                                                                                <span>19:00 (MESZ)<\/span>\n                                                    \n                                                                                                            <span> - <\/span>\n                                                    \n                                                                                                            <span>22 Juli 2025<\/span>\n                                                                                                                                                                <span>20:00 (MESZ)<\/span>\n                                                                                                    <\/div>\n\n                                                                                                    <div class=\"event-location\">\n                                                                                                                    <i class=\"fas fa-thumbtack\"><\/i>&nbsp;\n                                                            <span>Virtuelle Veranstaltung auf Zoom<\/span>\n                                                                                                            <\/div>\n\n                                                    <div class=\"event-language\">\n                                                                                                                    <i class=\"fas fa-globe\"><\/i>&nbsp;\n                                                            <span>Auf Englisch, mit mehrsprachigen Untertiteln<\/span>\n                                                                                                            <\/div>\n                                                                                            <\/div>\n\n                                            <div class=\"entry-content\">\n                                                <p>\n<p>Als die Proteste gegen den schleichenden Autoritarismus in ganz Georgien ausbrachen, schlug die Zivilgesellschaft zur\u00fcck und die Welt nahm davon Notiz. Aber was ist wirklich passiert, was genau hat funktioniert, was nicht und was k\u00f6nnen andere daraus lernen? <\/p>\n\n\n\n<p>Gemeinsam mit unseren Gastrednern werden wir mehr \u00fcber die Erfahrungen in Georgien erfahren und untersuchen, wie B\u00fcrger, Bewegungen und Demokratien in ganz Europa auf \u00e4hnliche Herausforderungen reagieren k\u00f6nnen. Von Proteststrategien bis hin zu langfristigem b\u00fcrgerschaftlichem Engagement: Was braucht es, um dem demokratischen R\u00fcckschritt zu widerstehen?<\/p>\n<\/p>\n                                                <div class=\"clear\"><\/div>\n                                            <\/div>\n\n                                                                                    <\/div>\n                                    <\/article>\n                                <\/div>\n                            \n                                <div id=\"post-12341\" class=\"aux-col post-12341\">\n                                    <article class=\"post column-entry post-12341 event_listing type-event_listing status-expired has-post-thumbnail hentry\">\n                                        <div class=\"entry-media\">\n                                            <div class=\"aux-media-frame aux-media-image aux-image-mask\">\n                                                <img decoding=\"async\"\n                                                loading=\"lazy\"\n                                                src=\"https:\/\/meeteu.eu\/wp-content\/uploads\/2025\/07\/Visual-ENISA-1A.png\"\n                                                class=\"aux-attachment aux-featured-image aux-attachment-id-12342 aux-preload aux-has-preview\"\n                                                alt=\"\"\n                                                data-src=\"https:\/\/meeteu.eu\/wp-content\/uploads\/2025\/07\/Visual-ENISA-1A.png\"\n                                                \/>\n                                            <\/div>\n                                        <\/div>\n\n                                        <header class=\"entry-header\">\n                                            <h4 class=\"entry-title\">\n                                                Cybersecurity: Wer sch\u00fctzt die Infrastruktur, auf die du dich verl\u00e4sst?                                            <\/h4>\n                                        <\/header>\n\n                                        <div class=\"entry-main\">\n                                            <div class=\"entry-info\">\n                                                <div class=\"event-date\">\n                                                                                                            <i class=\"fas fa-calendar-alt\"><\/i>&nbsp;\n                                                    \n                                                                                                            <span>15 Juli 2025<\/span>\n                                                                                                                                                                <span>19:00 (MESZ)<\/span>\n                                                    \n                                                                                                            <span> - <\/span>\n                                                    \n                                                                                                            <span>15 Juli 2025<\/span>\n                                                                                                                                                                <span>20:00 (MESZ)<\/span>\n                                                                                                    <\/div>\n\n                                                                                                    <div class=\"event-location\">\n                                                                                                                    <i class=\"fas fa-thumbtack\"><\/i>&nbsp;\n                                                            <span>Virtuelle Veranstaltung auf Zoom<\/span>\n                                                                                                            <\/div>\n\n                                                    <div class=\"event-language\">\n                                                                                                                    <i class=\"fas fa-globe\"><\/i>&nbsp;\n                                                            <span>Auf Englisch, mit mehrsprachigen Untertiteln<\/span>\n                                                                                                            <\/div>\n                                                                                            <\/div>\n\n                                            <div class=\"entry-content\">\n                                                <p>\n<p>Im Jahr 2024 stellten Tausende von digitalen Angriffen eine Gefahr f\u00fcr den Alltag dar, den wir alle kennen. Sie beeintr\u00e4chtigten die Zuverl\u00e4ssigkeit von Krankenh\u00e4usern, verlangsamten staatliche Dienstleistungen und brachten uns in Gefahr, die Kontrolle dar\u00fcber zu verlieren, wer Zugriff auf unsere pers\u00f6nlichsten Daten hat. Jeder Cyberangriff stellt eine unmittelbare Bedrohung f\u00fcr uns alle dar. Aber wer sch\u00fctzt uns?<\/p>\n\n\n\n<p>Neben den nationalen Institutionen ist die Agentur der Europ\u00e4ischen Union f\u00fcr Cybersicherheit (ENISA) einer der wichtigsten Akteure auf europ\u00e4ischer Ebene. Sie arbeitet mit den Mitgliedstaaten und EU-Einrichtungen zusammen und hilft Europa, sich auf die Cyber-Herausforderungen von morgen vorzubereiten.<\/p>\n\n\n\n<p>Nimm an unserem Austausch mit den ENISA-Experten Laura Heuvinck und Evangelos Kantas teil und erfahre, was die Europ\u00e4ische Union plant, um unseren - Cyberspace - und unser Leben sicherer zu machen.<\/p>\n\n\n\n<p><\/p>\n<\/p>\n                                                <div class=\"clear\"><\/div>\n                                            <\/div>\n\n                                                                                    <\/div>\n                                    <\/article>\n                                <\/div>\n                            \n                                <div id=\"post-12335\" class=\"aux-col post-12335\">\n                                    <article class=\"post column-entry post-12335 event_listing type-event_listing status-expired has-post-thumbnail hentry\">\n                                        <div class=\"entry-media\">\n                                            <div class=\"aux-media-frame aux-media-image aux-image-mask\">\n                                                <img decoding=\"async\"\n                                                loading=\"lazy\"\n                                                src=\"https:\/\/meeteu.eu\/wp-content\/uploads\/2025\/06\/Background-B-Yellow_Blue.png\"\n                                                class=\"aux-attachment aux-featured-image aux-attachment-id-12336 aux-preload aux-has-preview\"\n                                                alt=\"\"\n                                                data-src=\"https:\/\/meeteu.eu\/wp-content\/uploads\/2025\/06\/Background-B-Yellow_Blue.png\"\n                                                \/>\n                                            <\/div>\n                                        <\/div>\n\n                                        <header class=\"entry-header\">\n                                            <h4 class=\"entry-title\">\n                                                Kann man das 1,5\u00b0C-Ziel erreichen? Eine Simulation der Klimapolitik                                            <\/h4>\n                                        <\/header>\n\n                                        <div class=\"entry-main\">\n                                            <div class=\"entry-info\">\n                                                <div class=\"event-date\">\n                                                                                                            <i class=\"fas fa-calendar-alt\"><\/i>&nbsp;\n                                                    \n                                                                                                            <span>8 Juli 2025<\/span>\n                                                                                                                                                                <span>19:00 (MESZ)<\/span>\n                                                    \n                                                                                                            <span> - <\/span>\n                                                    \n                                                                                                            <span>8 Juli 2025<\/span>\n                                                                                                                                                                <span>20:00 (MESZ)<\/span>\n                                                                                                    <\/div>\n\n                                                                                                    <div class=\"event-location\">\n                                                                                                                    <i class=\"fas fa-thumbtack\"><\/i>&nbsp;\n                                                            <span>Virtuelle Veranstaltung auf Zoom<\/span>\n                                                                                                            <\/div>\n\n                                                    <div class=\"event-language\">\n                                                                                                                    <i class=\"fas fa-globe\"><\/i>&nbsp;\n                                                            <span>Auf Englisch, mit mehrsprachigen Untertiteln<\/span>\n                                                                                                            <\/div>\n                                                                                            <\/div>\n\n                                            <div class=\"entry-content\">\n                                                <p>\n<p>Wie w\u00e4re es, wenn Sie der f\u00fchrende Politiker der Welt w\u00e4ren, der die Aufgabe h\u00e4tte, die Klimakrise zu l\u00f6sen? Testen Sie Ihre Ideen im&nbsp;<a href=\"https:\/\/www.climateinteractive.org\/en-roads\/\" rel=\"noopener\">En-ROADS-Klimasimulation<\/a>&nbsp;Workshop. Schlagen Sie L\u00f6sungen wie Energieeffizienz, Kohlenstoffpreise, Steuern auf fossile Brennstoffe, Verringerung der Abholzung oder Kohlendioxidabscheidung vor und sehen Sie, wie sich diese in Echtzeit auf die globale Temperatur auswirken. K\u00f6nnen Sie das 1,5\u00b0C-Ziel erreichen?<\/p>\n\n\n\n<p>Mehr als 6.500 F\u00fchrungskr\u00e4fte aus Beh\u00f6rden, Nichtregierungsorganisationen, Unternehmen und Hochschulen haben an diesem Workshop teilgenommen.<\/p>\n\n\n\n<p>Ihr Vermittler, En-ROADS-Botschafter&nbsp;<a href=\"https:\/\/www.climateinteractive.org\/en-roads\/climate-ambassadors\/ambassador\/bas-tuenter\/\" rel=\"noopener\">Bas T\u00fcnter<\/a>ist der Gr\u00fcnder von Sustainables, einem Start-up-Unternehmen, das sich auf die Wiederverwendung von Laboreinwegartikeln konzentriert. Er entdeckte den En-ROADS-Simulator, als er als Freiwilliger im UN-Jugendklimaraum auf der COP25 arbeitete.<\/p>\n<\/p>\n                                                <div class=\"clear\"><\/div>\n                                            <\/div>\n\n                                                                                    <\/div>\n                                    <\/article>\n                                <\/div>\n                            \n                                <div id=\"post-12333\" class=\"aux-col post-12333\">\n                                    <article class=\"post column-entry post-12333 event_listing type-event_listing status-expired has-post-thumbnail hentry\">\n                                        <div class=\"entry-media\">\n                                            <div class=\"aux-media-frame aux-media-image aux-image-mask\">\n                                                <img decoding=\"async\"\n                                                loading=\"lazy\"\n                                                src=\"https:\/\/meeteu.eu\/wp-content\/uploads\/2025\/06\/Copy-of-Background-C-Green_Blue-4.png\"\n                                                class=\"aux-attachment aux-featured-image aux-attachment-id-12334 aux-preload aux-has-preview\"\n                                                alt=\"\"\n                                                data-src=\"https:\/\/meeteu.eu\/wp-content\/uploads\/2025\/06\/Copy-of-Background-C-Green_Blue-4.png\"\n                                                \/>\n                                            <\/div>\n                                        <\/div>\n\n                                        <header class=\"entry-header\">\n                                            <h4 class=\"entry-title\">\n                                                Europ\u00e4isches Jugendevent 2025: Lange Schlangen, gro\u00dfe Momente, echte Geschichten                                            <\/h4>\n                                        <\/header>\n\n                                        <div class=\"entry-main\">\n                                            <div class=\"entry-info\">\n                                                <div class=\"event-date\">\n                                                                                                            <i class=\"fas fa-calendar-alt\"><\/i>&nbsp;\n                                                    \n                                                                                                            <span>1. Juli 2025<\/span>\n                                                                                                                                                                <span>19:00 (MESZ)<\/span>\n                                                    \n                                                                                                            <span> - <\/span>\n                                                    \n                                                                                                            <span>1. Juli 2025<\/span>\n                                                                                                                                                                <span>20:00 (MESZ)<\/span>\n                                                                                                    <\/div>\n\n                                                                                                    <div class=\"event-location\">\n                                                                                                                    <i class=\"fas fa-thumbtack\"><\/i>&nbsp;\n                                                            <span>Virtuelle Veranstaltung auf Zoom<\/span>\n                                                                                                            <\/div>\n\n                                                    <div class=\"event-language\">\n                                                                                                                    <i class=\"fas fa-globe\"><\/i>&nbsp;\n                                                            <span>Auf Englisch, mit mehrsprachigen Untertiteln<\/span>\n                                                                                                            <\/div>\n                                                                                            <\/div>\n\n                                            <div class=\"entry-content\">\n                                                <p>\n<p>Vor zwei Wochen reiste eine Gruppe junger Berlinerinnen und Berliner zwischen 18 und 30 Jahren gemeinsam mit MeetEU zu Europas gr\u00f6\u00dftem Demokratie-Festival. Sie alle engagieren sich freiwillig f\u00fcr eine Sache, die ihnen am Herzen liegt: Sie geben Sprachunterricht f\u00fcr Migranten, unterst\u00fctzen die Ukraine oder machen \u00f6ffentliche R\u00e4ume durch Kunst lebenswerter. <\/p>\n\n\n\n<p>Gemeinsam mit dem internationalen Team von MeetEU reisten sie zum Europ\u00e4ischen Parlament in Stra\u00dfburg, um pers\u00f6nlich zu erfahren, was \"in Vielfalt geeint\" auf EU-Ebene bedeutet: Sie trafen Tausende von Freiwilligen und jungen engagierten Menschen auf dem ganzen Kontinent und dar\u00fcber hinaus.<\/p>\n\n\n\n<p>Bei der Veranstaltung in dieser Woche werden wir mit dir teilen, wie die Reise verlief, was das European Youth Event ist und was die Idee hinter dieser Reise war. <\/p>\n\n\n\n<p><\/p>\n<\/p>\n                                                <div class=\"clear\"><\/div>\n                                            <\/div>\n\n                                                                                    <\/div>\n                                    <\/article>\n                                <\/div>\n                            \n                                <div id=\"post-12311\" class=\"aux-col post-12311\">\n                                    <article class=\"post column-entry post-12311 event_listing type-event_listing status-expired has-post-thumbnail hentry\">\n                                        <div class=\"entry-media\">\n                                            <div class=\"aux-media-frame aux-media-image aux-image-mask\">\n                                                <img decoding=\"async\"\n                                                loading=\"lazy\"\n                                                src=\"https:\/\/meeteu.eu\/wp-content\/uploads\/2025\/06\/Buy_European_pink_background.png\"\n                                                class=\"aux-attachment aux-featured-image aux-attachment-id-12312 aux-preload aux-has-preview\"\n                                                alt=\"\"\n                                                data-src=\"https:\/\/meeteu.eu\/wp-content\/uploads\/2025\/06\/Buy_European_pink_background.png\"\n                                                \/>\n                                            <\/div>\n                                        <\/div>\n\n                                        <header class=\"entry-header\">\n                                            <h4 class=\"entry-title\">\n                                                Europ\u00e4isch kaufen - eine neue Verbraucherbewegung?                                            <\/h4>\n                                        <\/header>\n\n                                        <div class=\"entry-main\">\n                                            <div class=\"entry-info\">\n                                                <div class=\"event-date\">\n                                                                                                            <i class=\"fas fa-calendar-alt\"><\/i>&nbsp;\n                                                    \n                                                                                                            <span>24 Juni 2025<\/span>\n                                                                                                                                                                <span>19:00 (MESZ)<\/span>\n                                                    \n                                                                                                            <span> - <\/span>\n                                                    \n                                                                                                            <span>24 Juni 2025<\/span>\n                                                                                                                                                                <span>20:00 (MESZ)<\/span>\n                                                                                                    <\/div>\n\n                                                                                                    <div class=\"event-location\">\n                                                                                                                    <i class=\"fas fa-thumbtack\"><\/i>&nbsp;\n                                                            <span>Virtuelle Veranstaltung auf Zoom<\/span>\n                                                                                                            <\/div>\n\n                                                    <div class=\"event-language\">\n                                                                                                                    <i class=\"fas fa-globe\"><\/i>&nbsp;\n                                                            <span>Auf Englisch, mit mehrsprachigen Untertiteln<\/span>\n                                                                                                            <\/div>\n                                                                                            <\/div>\n\n                                            <div class=\"entry-content\">\n                                                <p>\n<p>Seit Pr\u00e4sident Trump damit begonnen hat, der Welt mit Z\u00f6llen zu drohen, ist der Konsum einmal politisch geworden. Als Reaktion darauf haben die Mitglieder eines Reddit-Forums begonnen, nach europ\u00e4ischen Alternativen zu amerikanischen Produkten zu suchen.<\/p>\n\n\n\n<p>Marketingmanagerin Laura Catz hat zusammen mit 60 Freiwilligen diese Ideensammlung in das Online-Verzeichnis verwandelt <em>Europ\u00e4isch werden<\/em>. Heute bietet sie mehr als 2.300 Vorschl\u00e4ge f\u00fcr europ\u00e4ische Ersatzprodukte, die von E-Mail-Diensten bis zu Sportbekleidung reichen.<\/p>\n\n\n\n<p>Wir sprechen mit Laura Catz \u00fcber ihr Projekt, die Auswirkungen der \"Buy European\"-Bewegung, die Frage, ob europ\u00e4ische Produkte preislich konkurrenzf\u00e4hig sind, die Bedeutung von Nachhaltigkeit und die Sektoren, in denen Europa noch nicht autark ist.<\/p>\n\n\n\n<p><\/p>\n<\/p>\n                                                <div class=\"clear\"><\/div>\n                                            <\/div>\n\n                                                                                    <\/div>\n                                    <\/article>\n                                <\/div>\n                            \n                                <div id=\"post-12314\" class=\"aux-col post-12314\">\n                                    <article class=\"post column-entry post-12314 event_listing type-event_listing status-expired has-post-thumbnail hentry\">\n                                        <div class=\"entry-media\">\n                                            <div class=\"aux-media-frame aux-media-image aux-image-mask\">\n                                                <img decoding=\"async\"\n                                                loading=\"lazy\"\n                                                src=\"https:\/\/meeteu.eu\/wp-content\/uploads\/2025\/06\/Copy-of-Background-B-Yellow_Blue-7.png\"\n                                                class=\"aux-attachment aux-featured-image aux-attachment-id-12315 aux-preload aux-has-preview\"\n                                                alt=\"\"\n                                                data-src=\"https:\/\/meeteu.eu\/wp-content\/uploads\/2025\/06\/Copy-of-Background-B-Yellow_Blue-7.png\"\n                                                \/>\n                                            <\/div>\n                                        <\/div>\n\n                                        <header class=\"entry-header\">\n                                            <h4 class=\"entry-title\">\n                                                Wir haben Berlin zum European Youth Event gebracht                                            <\/h4>\n                                        <\/header>\n\n                                        <div class=\"entry-main\">\n                                            <div class=\"entry-info\">\n                                                <div class=\"event-date\">\n                                                                                                            <i class=\"fas fa-calendar-alt\"><\/i>&nbsp;\n                                                    \n                                                                                                            <span>12 Juni 2025<\/span>\n                                                                                                                                                                <span>10:00 (MESZ)<\/span>\n                                                    \n                                                                                                            <span> - <\/span>\n                                                    \n                                                                                                            <span>15 Juni 2025<\/span>\n                                                                                                                                                                <span>22:30 (MESZ)<\/span>\n                                                                                                    <\/div>\n\n                                                                                            <\/div>\n\n                                            <div class=\"entry-content\">\n                                                <p>\n<p>\u00dcber 8.000 Menschen haben in diesem Jahr digital und pers\u00f6nlich am European Youth Event 2025 teilgenommen. Mit Unterst\u00fctzung des Berliner Senats lud MeetEU 20 junge Berlinerinnen und Berliner zwischen 18 und 30 Jahren ein, an Europas gr\u00f6\u00dftem Demokratie-Festival f\u00fcr junge Menschen teilzunehmen.<\/p>\n\n\n\n<p>Jeder Teilnehmer engagiert sich freiwillig f\u00fcr eine Sache, die ihm am Herzen liegt: Sie unterrichten Sprachen, helfen Fl\u00fcchtlingen oder schaffen Kunst. Das Europ\u00e4ische Jugendevent war eine einmalige Gelegenheit, sich mit anderen Europ\u00e4ern zu treffen, die in \u00e4hnlichen Bereichen, aber in verschiedenen L\u00e4ndern aktiv sind, um sich zu inspirieren und inspirieren zu lassen.<\/p>\n\n\n\n<p><em>Unterst\u00fctzt von der Berliner Staatskanzlei f\u00fcr Europa<\/em><\/p>\n<\/p>\n                                                <div class=\"clear\"><\/div>\n                                            <\/div>\n\n                                                                                    <\/div>\n                                    <\/article>\n                                <\/div>\n                            \n                                <div id=\"post-12316\" class=\"aux-col post-12316\">\n                                    <article class=\"post column-entry post-12316 event_listing type-event_listing status-expired has-post-thumbnail hentry\">\n                                        <div class=\"entry-media\">\n                                            <div class=\"aux-media-frame aux-media-image aux-image-mask\">\n                                                <img decoding=\"async\"\n                                                loading=\"lazy\"\n                                                src=\"https:\/\/meeteu.eu\/wp-content\/uploads\/2025\/06\/Copy-of-Background-B-Yellow_Blue-8.png\"\n                                                class=\"aux-attachment aux-featured-image aux-attachment-id-12319 aux-preload aux-has-preview\"\n                                                alt=\"\"\n                                                data-src=\"https:\/\/meeteu.eu\/wp-content\/uploads\/2025\/06\/Copy-of-Background-B-Yellow_Blue-8.png\"\n                                                \/>\n                                            <\/div>\n                                        <\/div>\n\n                                        <header class=\"entry-header\">\n                                            <h4 class=\"entry-title\">\n                                                Mit Freunden kochen in Berlin                                            <\/h4>\n                                        <\/header>\n\n                                        <div class=\"entry-main\">\n                                            <div class=\"entry-info\">\n                                                <div class=\"event-date\">\n                                                                                                            <i class=\"fas fa-calendar-alt\"><\/i>&nbsp;\n                                                    \n                                                                                                            <span>10 Juni 2025<\/span>\n                                                                                                                                                                <span>19:00 (MESZ)<\/span>\n                                                    \n                                                                                                            <span> - <\/span>\n                                                    \n                                                                                                            <span>10 Juni 2025<\/span>\n                                                                                                                                                                <span>23:00 (MESZ)<\/span>\n                                                                                                    <\/div>\n\n                                                                                            <\/div>\n\n                                            <div class=\"entry-content\">\n                                                <p>\n<p>Im Rahmen von #BerlinGoesEYE25 haben wir ein gem\u00fctliches Treffen mit Freiwilligen aus Berlin organisiert. Unsere Ziele: Einander kennenzulernen, mehr \u00fcber die Europ\u00e4ische Union zu erfahren und das beste PadThai zu kochen. <\/p>\n\n\n\n<p>Die Veranstaltung wurde in Zusammenarbeit mit Polis180, einem Berliner Grassroots Think Tank f\u00fcr Au\u00dfenbeziehungen, organisiert. Wir haben uns sehr gefreut, Georg Pfeifer, den Leiter des Verbindungsb\u00fcros des Europ\u00e4ischen Parlaments in Berlin, als fachkundigen Gast begr\u00fc\u00dfen zu d\u00fcrfen. <\/p>\n\n\n\n<p><em>Unterst\u00fctzt von der Berliner Staatskanzlei f\u00fcr Europa<\/em><\/p>\n\n\n\n<p><\/p>\n<\/p>\n                                                <div class=\"clear\"><\/div>\n                                            <\/div>\n\n                                                                                    <\/div>\n                                    <\/article>\n                                <\/div>\n                            \n                                <div id=\"post-12306\" class=\"aux-col post-12306\">\n                                    <article class=\"post column-entry post-12306 event_listing type-event_listing status-expired has-post-thumbnail hentry\">\n                                        <div class=\"entry-media\">\n                                            <div class=\"aux-media-frame aux-media-image aux-image-mask\">\n                                                <img decoding=\"async\"\n                                                loading=\"lazy\"\n                                                src=\"https:\/\/meeteu.eu\/wp-content\/uploads\/2025\/05\/EU-Turkey-Relations-II.png\"\n                                                class=\"aux-attachment aux-featured-image aux-attachment-id-12307 aux-preload aux-has-preview\"\n                                                alt=\"\"\n                                                data-src=\"https:\/\/meeteu.eu\/wp-content\/uploads\/2025\/05\/EU-Turkey-Relations-II.png\"\n                                                \/>\n                                            <\/div>\n                                        <\/div>\n\n                                        <header class=\"entry-header\">\n                                            <h4 class=\"entry-title\">\n                                                T\u00fcrkiye und die Europ\u00e4ische Union: 2025 und dar\u00fcber hinaus                                            <\/h4>\n                                        <\/header>\n\n                                        <div class=\"entry-main\">\n                                            <div class=\"entry-info\">\n                                                <div class=\"event-date\">\n                                                                                                            <i class=\"fas fa-calendar-alt\"><\/i>&nbsp;\n                                                    \n                                                                                                            <span>27 Mai 2025<\/span>\n                                                                                                                                                                <span>19:00 (MESZ)<\/span>\n                                                    \n                                                                                                            <span> - <\/span>\n                                                    \n                                                                                                            <span>27 Mai 2025<\/span>\n                                                                                                                                                                <span>20:00 (MESZ)<\/span>\n                                                                                                    <\/div>\n\n                                                                                                    <div class=\"event-location\">\n                                                                                                                    <i class=\"fas fa-thumbtack\"><\/i>&nbsp;\n                                                            <span>Virtuelle Veranstaltung auf Zoom<\/span>\n                                                                                                            <\/div>\n\n                                                    <div class=\"event-language\">\n                                                                                                                    <i class=\"fas fa-globe\"><\/i>&nbsp;\n                                                            <span>Auf Englisch, mit mehrsprachigen Untertiteln<\/span>\n                                                                                                            <\/div>\n                                                                                            <\/div>\n\n                                            <div class=\"entry-content\">\n                                                <p>\n<p>W\u00e4hrend sich die globale Dynamik weiterentwickelt, beginnt f\u00fcr die Beziehungen zwischen der T\u00fcrkei und der Europ\u00e4ischen Union ein neues Kapitel. Welche Kr\u00e4fte werden diese n\u00e4chste Phase pr\u00e4gen? <br><br>Nimm an einer Diskussion \u00fcber die Gegenwart und Zukunft der Beziehungen zwischen der T\u00fcrkei und der EU teil, die aus politischer, wirtschaftlicher und sozialer Sicht beleuchtet wird. Co\u015fkun Soysal von der Universit\u00e4t Gaziantep (GAUN) wird wertvolle Einblicke in diese wichtige Partnerschaft geben.<\/p>\n<\/p>\n                                                <div class=\"clear\"><\/div>\n                                            <\/div>\n\n                                                                                    <\/div>\n                                    <\/article>\n                                <\/div>\n                            \n                                <div id=\"post-12300\" class=\"aux-col post-12300\">\n                                    <article class=\"post column-entry post-12300 event_listing type-event_listing status-expired has-post-thumbnail hentry\">\n                                        <div class=\"entry-media\">\n                                            <div class=\"aux-media-frame aux-media-image aux-image-mask\">\n                                                <img decoding=\"async\"\n                                                loading=\"lazy\"\n                                                src=\"https:\/\/meeteu.eu\/wp-content\/uploads\/2025\/05\/European-Draft-Web-2.png\"\n                                                class=\"aux-attachment aux-featured-image aux-attachment-id-12303 aux-preload aux-has-preview\"\n                                                alt=\"\"\n                                                data-src=\"https:\/\/meeteu.eu\/wp-content\/uploads\/2025\/05\/European-Draft-Web-2.png\"\n                                                \/>\n                                            <\/div>\n                                        <\/div>\n\n                                        <header class=\"entry-header\">\n                                            <h4 class=\"entry-title\">\n                                                Aufruf zu den Waffen - Bringt Europa die Wehrpflicht zur\u00fcck?                                            <\/h4>\n                                        <\/header>\n\n                                        <div class=\"entry-main\">\n                                            <div class=\"entry-info\">\n                                                <div class=\"event-date\">\n                                                                                                            <i class=\"fas fa-calendar-alt\"><\/i>&nbsp;\n                                                    \n                                                                                                            <span>20 Mai 2025<\/span>\n                                                                                                                                                                <span>19:00 (MESZ)<\/span>\n                                                    \n                                                                                                            <span> - <\/span>\n                                                    \n                                                                                                            <span>20 Mai 2025<\/span>\n                                                                                                                                                                <span>20:00 (MESZ)<\/span>\n                                                                                                    <\/div>\n\n                                                                                                    <div class=\"event-location\">\n                                                                                                                    <i class=\"fas fa-thumbtack\"><\/i>&nbsp;\n                                                            <span>Virtuelle Veranstaltung auf Zoom<\/span>\n                                                                                                            <\/div>\n\n                                                    <div class=\"event-language\">\n                                                                                                                    <i class=\"fas fa-globe\"><\/i>&nbsp;\n                                                            <span>Auf Englisch, mit mehrsprachigen Untertiteln<\/span>\n                                                                                                            <\/div>\n                                                                                            <\/div>\n\n                                            <div class=\"entry-content\">\n                                                <p>\n<p>Die Wehrpflicht geh\u00f6rte in vielen europ\u00e4ischen L\u00e4ndern einst der Vergangenheit an. Doch angesichts neuer globaler Bedrohungen und wachsender Sicherheitsbedenken kommt sie wieder ins Gespr\u00e4ch. Sollte jeder bereit sein, zu dienen? K\u00f6nnte dies Teil eines gr\u00f6\u00dferen Plans f\u00fcr die Verteidigung Europas sein?<\/p>\n\n\n\n<p>Panos Politis Lamprou wird uns f\u00fcr ein Live-Gespr\u00e4ch zur Verf\u00fcgung stehen. Er ist Junior Research Fellow bei der Hellenic Foundation for European &amp; Foreign Policy (ELIAMEP). W\u00e4hrend seines Robert-Schuman-Praktikums beim Europ\u00e4ischen Parlamentarischen Forschungsdienst war er Mitautor eines Briefings mit dem Titel \"Conscription as an Element in European Union Preparedness\".<\/p>\n\n\n\n<p>Er wird aufschl\u00fcsseln, wie die Wehrpflicht heute in Europa funktioniert und er\u00f6rtert, ob ein Ansatz auf EU-Ebene eingef\u00fchrt werden k\u00f6nnte.<\/p>\n\n\n\n<p>Wir werden uns mit Fragen wie diesen besch\u00e4ftigen:<\/p>\n\n\n\n<ul class=\"wp-block-list\">\n<li>Soll die Wehrpflicht eine nationale Sache bleiben oder eine europ\u00e4ische Angelegenheit werden?<\/li>\n\n\n\n<li>K\u00f6nnte die Wehrpflicht dazu beitragen, ein st\u00e4rkeres, unabh\u00e4ngigeres Europa aufzubauen?<\/li>\n\n\n\n<li>Brauchen wir erst eine europ\u00e4ische Armee, bevor wir \u00fcber eine Wehrpflicht auf EU-Ebene nachdenken?<\/li>\n<\/ul>\n\n\n\n<p>Egal, ob du daf\u00fcr, dagegen oder einfach nur neugierig bist, nimm an unserem Gespr\u00e4ch \u00fcber die Zukunft der Verteidigung teil und was es f\u00fcr Europa bedeutet, \"vorbereitet\" zu sein.<\/p>\n\n\n\n<p><\/p>\n<\/p>\n                                                <div class=\"clear\"><\/div>\n                                            <\/div>\n\n                                                                                    <\/div>\n                                    <\/article>\n                                <\/div>\n                            \n                                <div id=\"post-12275\" class=\"aux-col post-12275\">\n                                    <article class=\"post column-entry post-12275 event_listing type-event_listing status-expired has-post-thumbnail hentry\">\n                                        <div class=\"entry-media\">\n                                            <div class=\"aux-media-frame aux-media-image aux-image-mask\">\n                                                <img decoding=\"async\"\n                                                loading=\"lazy\"\n                                                src=\"https:\/\/meeteu.eu\/wp-content\/uploads\/2025\/04\/Copy-of-Background-A-Pink_Blue-4.png\"\n                                                class=\"aux-attachment aux-featured-image aux-attachment-id-12276 aux-preload aux-has-preview\"\n                                                alt=\"\"\n                                                data-src=\"https:\/\/meeteu.eu\/wp-content\/uploads\/2025\/04\/Copy-of-Background-A-Pink_Blue-4.png\"\n                                                \/>\n                                            <\/div>\n                                        <\/div>\n\n                                        <header class=\"entry-header\">\n                                            <h4 class=\"entry-title\">\n                                                Die Zukunft der europ\u00e4ischen Verteidigung                                            <\/h4>\n                                        <\/header>\n\n                                        <div class=\"entry-main\">\n                                            <div class=\"entry-info\">\n                                                <div class=\"event-date\">\n                                                                                                            <i class=\"fas fa-calendar-alt\"><\/i>&nbsp;\n                                                    \n                                                                                                            <span>29. April 2025<\/span>\n                                                                                                                                                                <span>19:00 (MESZ)<\/span>\n                                                    \n                                                                                                            <span> - <\/span>\n                                                    \n                                                                                                            <span>29. April 2025<\/span>\n                                                                                                                                                                <span>20:00 (MESZ)<\/span>\n                                                                                                    <\/div>\n\n                                                                                                    <div class=\"event-location\">\n                                                                                                                    <i class=\"fas fa-thumbtack\"><\/i>&nbsp;\n                                                            <span>Virtuelle Veranstaltung auf Zoom<\/span>\n                                                                                                            <\/div>\n\n                                                    <div class=\"event-language\">\n                                                                                                                    <i class=\"fas fa-globe\"><\/i>&nbsp;\n                                                            <span>Auf Englisch, mit mehrsprachigen Untertiteln<\/span>\n                                                                                                            <\/div>\n                                                                                            <\/div>\n\n                                            <div class=\"entry-content\">\n                                                <p>\n<p>Die geopolitische Landschaft hat sich in den letzten Jahren dramatisch ver\u00e4ndert. Russlands Einmarsch in der Ukraine und die Politik der Trump-Regierung haben die europ\u00e4ische Sicherheitsdynamik grundlegend ver\u00e4ndert. W\u00e4hrenddessen diskutieren f\u00fchrende Politiker wie Macron \u00fcber einen nuklearen Schutzschirm f\u00fcr europ\u00e4ische Verb\u00fcndete und Tusk erw\u00e4gt den Ausstieg aus den Abkommen von Ottawa und Dublin. <\/p>\n\n\n\n<p>All dies geschieht in einer Zeit, in der die Verteidigungsausgaben erheblich steigen. Was bedeutet das f\u00fcr die Zukunft der europ\u00e4ischen und EU-Verteidigung? Welche Ver\u00e4nderungen finden jetzt statt und was k\u00f6nnen wir in den kommenden Jahren erwarten? <\/p>\n\n\n\n<p>Komm zu einer aufschlussreichen Diskussion mit Rafael Loss, einem Experten f\u00fcr Verteidigungs- und Sicherheitspolitik vom Council on Foreign Relations. Gemeinsam werden wir aktuelle Ereignisse untersuchen, Fakten von Spekulationen trennen und uns ein klareres Bild davon machen, wie es um die europ\u00e4ische Verteidigung bestellt ist.\"<\/p>\n<\/p>\n                                                <div class=\"clear\"><\/div>\n                                            <\/div>\n\n                                                                                    <\/div>\n                                    <\/article>\n                                <\/div>\n                            \n                                <div id=\"post-12278\" class=\"aux-col post-12278\">\n                                    <article class=\"post column-entry post-12278 event_listing type-event_listing status-expired has-post-thumbnail hentry\">\n                                        <div class=\"entry-media\">\n                                            <div class=\"aux-media-frame aux-media-image aux-image-mask\">\n                                                <img decoding=\"async\"\n                                                loading=\"lazy\"\n                                                src=\"https:\/\/meeteu.eu\/wp-content\/uploads\/2025\/04\/Copy-of-Background-B-Yellow_Blue-4.png\"\n                                                class=\"aux-attachment aux-featured-image aux-attachment-id-12279 aux-preload aux-has-preview\"\n                                                alt=\"\"\n                                                data-src=\"https:\/\/meeteu.eu\/wp-content\/uploads\/2025\/04\/Copy-of-Background-B-Yellow_Blue-4.png\"\n                                                \/>\n                                            <\/div>\n                                        <\/div>\n\n                                        <header class=\"entry-header\">\n                                            <h4 class=\"entry-title\">\n                                                Wir sind in der Osterpause                                            <\/h4>\n                                        <\/header>\n\n                                        <div class=\"entry-main\">\n                                            <div class=\"entry-info\">\n                                                <div class=\"event-date\">\n                                                                                                            <i class=\"fas fa-calendar-alt\"><\/i>&nbsp;\n                                                    \n                                                                                                            <span>15. April 2025<\/span>\n                                                                                                        \n                                                                                                            <span> - <\/span>\n                                                    \n                                                                                                            <span>22. April 2025<\/span>\n                                                                                                                                                        <\/div>\n\n                                                                                            <\/div>\n\n                                            <div class=\"entry-content\">\n                                                <p>\n<p>Wir nehmen uns zwei Wochen Zeit, um die ersten sonnigen Wochen des Jahres 2025 zu genie\u00dfen und die Feiertage mit unserer Familie und unseren Lieben zu verbringen. Um in Kontakt zu bleiben, verbinde dich mit uns auf Discord. <\/p>\n<\/p>\n                                                <div class=\"clear\"><\/div>\n                                            <\/div>\n\n                                                                                    <\/div>\n                                    <\/article>\n                                <\/div>\n                            \n                                <div id=\"post-12262\" class=\"aux-col post-12262\">\n                                    <article class=\"post column-entry post-12262 event_listing type-event_listing status-expired has-post-thumbnail hentry\">\n                                        <div class=\"entry-media\">\n                                            <div class=\"aux-media-frame aux-media-image aux-image-mask\">\n                                                <img decoding=\"async\"\n                                                loading=\"lazy\"\n                                                src=\"https:\/\/meeteu.eu\/wp-content\/uploads\/2025\/03\/EUDA-Event-2-1.png\"\n                                                class=\"aux-attachment aux-featured-image aux-attachment-id-12269 aux-preload aux-has-preview\"\n                                                alt=\"\"\n                                                data-src=\"https:\/\/meeteu.eu\/wp-content\/uploads\/2025\/03\/EUDA-Event-2-1.png\"\n                                                \/>\n                                            <\/div>\n                                        <\/div>\n\n                                        <header class=\"entry-header\">\n                                            <h4 class=\"entry-title\">\n                                                Europa und Drogen: Wie wirken sich illegale Drogen auf dich aus?                                            <\/h4>\n                                        <\/header>\n\n                                        <div class=\"entry-main\">\n                                            <div class=\"entry-info\">\n                                                <div class=\"event-date\">\n                                                                                                            <i class=\"fas fa-calendar-alt\"><\/i>&nbsp;\n                                                    \n                                                                                                            <span>1. April 2025<\/span>\n                                                                                                                                                                <span>19:00 (MESZ)<\/span>\n                                                    \n                                                                                                            <span> - <\/span>\n                                                    \n                                                                                                                                                                <span>20:00 (MESZ)<\/span>\n                                                                                                    <\/div>\n\n                                                                                                    <div class=\"event-location\">\n                                                                                                                    <i class=\"fas fa-thumbtack\"><\/i>&nbsp;\n                                                            <span>Virtuelle Veranstaltung auf Zoom<\/span>\n                                                                                                            <\/div>\n\n                                                    <div class=\"event-language\">\n                                                                                                                    <i class=\"fas fa-globe\"><\/i>&nbsp;\n                                                            <span>Auf Englisch, mit mehrsprachigen Untertiteln<\/span>\n                                                                                                            <\/div>\n                                                                                            <\/div>\n\n                                            <div class=\"entry-content\">\n                                                <p>\n<p><a id=\"_msocom_1\"><\/a><\/p>\n\n\n\n<p>Die Beschlagnahmungen von Drogen in europ\u00e4ischen H\u00e4fen nehmen zu. Gleichzeitig werden immer mehr illegale Substanzen in Europa hergestellt und verwendet. Das deutet auf ein wachsendes Problem hin: Illegale Drogen k\u00f6nnen jeden in der EU betreffen - auch dich.<\/p>\n\n\n\n<p>Vielleicht bist du besorgt \u00fcber die steigende Kriminalit\u00e4t, vor allem unter gef\u00e4hrdeten Jugendlichen. Vielleicht machst du dir auch Sorgen dar\u00fcber, dass die Gesundheitssysteme aufgrund steigender Behandlungskosten immer mehr belastet werden. Illegale Drogen schaden nicht nur den Menschen, die sie konsumieren; sie haben Auswirkungen auf die gesamte Gesellschaft.<\/p>\n\n\n\n<p>Nimm an einer Diskussion mit <strong>Alexis Goosdeel, Exekutivdirektor der Drogenagentur der Europ\u00e4ischen Union.<\/strong> Er wird \u00fcber die Rolle Europas bei den weltweiten Drogenstr\u00f6men berichten, \u00fcber die Reaktion der EUDA und dar\u00fcber, was diese Trends f\u00fcr uns alle bedeuten.<\/p>\n\n\n\n<p><\/p>\n<\/p>\n                                                <div class=\"clear\"><\/div>\n                                            <\/div>\n\n                                                                                    <\/div>\n                                    <\/article>\n                                <\/div>\n                            \n                                <div id=\"post-12258\" class=\"aux-col post-12258\">\n                                    <article class=\"post column-entry post-12258 event_listing type-event_listing status-expired has-post-thumbnail hentry\">\n                                        <div class=\"entry-media\">\n                                            <div class=\"aux-media-frame aux-media-image aux-image-mask\">\n                                                <img decoding=\"async\"\n                                                loading=\"lazy\"\n                                                src=\"https:\/\/meeteu.eu\/wp-content\/uploads\/2025\/03\/Copy-of-Background-C-Green_Blue.png\"\n                                                class=\"aux-attachment aux-featured-image aux-attachment-id-12261 aux-preload aux-has-preview\"\n                                                alt=\"\"\n                                                data-src=\"https:\/\/meeteu.eu\/wp-content\/uploads\/2025\/03\/Copy-of-Background-C-Green_Blue.png\"\n                                                \/>\n                                            <\/div>\n                                        <\/div>\n\n                                        <header class=\"entry-header\">\n                                            <h4 class=\"entry-title\">\n                                                MeetEU Jahresversammlung                                            <\/h4>\n                                        <\/header>\n\n                                        <div class=\"entry-main\">\n                                            <div class=\"entry-info\">\n                                                <div class=\"event-date\">\n                                                                                                            <i class=\"fas fa-calendar-alt\"><\/i>&nbsp;\n                                                    \n                                                                                                            <span>25. M\u00e4rz 2025<\/span>\n                                                                                                                                                                <span>19:00 (MESZ)<\/span>\n                                                    \n                                                                                                            <span> - <\/span>\n                                                    \n                                                                                                            <span>25. M\u00e4rz 2025<\/span>\n                                                                                                                                                                <span>22:00 (MESZ)<\/span>\n                                                                                                    <\/div>\n\n                                                                                                    <div class=\"event-location\">\n                                                                                                                    <i class=\"fas fa-thumbtack\"><\/i>&nbsp;\n                                                            <span>Virtuelle Veranstaltung auf Zoom<\/span>\n                                                                                                            <\/div>\n\n                                                    <div class=\"event-language\">\n                                                                                                                    <i class=\"fas fa-globe\"><\/i>&nbsp;\n                                                            <span>Auf Englisch, mit mehrsprachigen Untertiteln<\/span>\n                                                                                                            <\/div>\n                                                                                            <\/div>\n\n                                            <div class=\"entry-content\">\n                                                <p>\n<p>Einmal im Jahr treffen sich unsere Mitglieder, um \u00fcber wichtige Entscheidungen abzustimmen, die die Zukunft von MeetEU beeinflussen. Wir werden dich auf dem Laufenden halten. Halte dich auf dem Laufenden \u00fcber die n\u00e4chsten Veranstaltungen und lies bald unseren Bericht!<\/p>\n\n\n\n<p><strong>Interne Veranstaltung nur f\u00fcr Mitglieder.<\/strong><\/p>\n\n\n\n<p><\/p>\n<\/p>\n                                                <div class=\"clear\"><\/div>\n                                            <\/div>\n\n                                                                                    <\/div>\n                                    <\/article>\n                                <\/div>\n                            \n                                <div id=\"post-12251\" class=\"aux-col post-12251\">\n                                    <article class=\"post column-entry post-12251 event_listing type-event_listing status-expired has-post-thumbnail hentry\">\n                                        <div class=\"entry-media\">\n                                            <div class=\"aux-media-frame aux-media-image aux-image-mask\">\n                                                <img decoding=\"async\"\n                                                loading=\"lazy\"\n                                                src=\"https:\/\/meeteu.eu\/wp-content\/uploads\/2025\/03\/Central_Asia_Background_Rahmen.png\"\n                                                class=\"aux-attachment aux-featured-image aux-attachment-id-12252 aux-preload aux-has-preview\"\n                                                alt=\"\"\n                                                data-src=\"https:\/\/meeteu.eu\/wp-content\/uploads\/2025\/03\/Central_Asia_Background_Rahmen.png\"\n                                                \/>\n                                            <\/div>\n                                        <\/div>\n\n                                        <header class=\"entry-header\">\n                                            <h4 class=\"entry-title\">\n                                                Die strategische Eigenst\u00e4ndigkeit der EU: Lektionen aus Zentralasien                                            <\/h4>\n                                        <\/header>\n\n                                        <div class=\"entry-main\">\n                                            <div class=\"entry-info\">\n                                                <div class=\"event-date\">\n                                                                                                            <i class=\"fas fa-calendar-alt\"><\/i>&nbsp;\n                                                    \n                                                                                                            <span>11. M\u00e4rz 2025<\/span>\n                                                                                                                                                                <span>18:30 (MESZ)<\/span>\n                                                    \n                                                                                                            <span> - <\/span>\n                                                    \n                                                                                                            <span>11. M\u00e4rz 2025<\/span>\n                                                                                                                                                                <span>19:30 (MESZ)<\/span>\n                                                                                                    <\/div>\n\n                                                                                                    <div class=\"event-location\">\n                                                                                                                    <i class=\"fas fa-thumbtack\"><\/i>&nbsp;\n                                                            <span>Virtuelle Veranstaltung auf Zoom<\/span>\n                                                                                                            <\/div>\n\n                                                    <div class=\"event-language\">\n                                                                                                                    <i class=\"fas fa-globe\"><\/i>&nbsp;\n                                                            <span>Auf Englisch, mit mehrsprachigen Untertiteln<\/span>\n                                                                                                            <\/div>\n                                                                                            <\/div>\n\n                                            <div class=\"entry-content\">\n                                                <p>\n<p>Das Gleichgewicht zwischen dem Einfluss Chinas, Russlands und der USA - kommt dir das bekannt vor? Es ist ein geopolitischer Drahtseilakt, den Tadschikistan, Kirgisistan und Usbekistan schon seit Jahrzehnten vollziehen. Ihre Erfahrungen bieten wertvolle Einblicke f\u00fcr die Europ\u00e4ische Union auf ihrem Weg zur strategischen Autonomie.<\/p>\n\n\n\n<p>Komm mit uns und erkunde:<\/p>\n\n\n\n<p>Lehren, die die EU aus ihren Erfahrungen ziehen und auf ihre eigene geopolitische Positionierung anwenden kann<br>\u26aaEuropas wachsendes strategisches Interesse an der Region<br>\u26aa Die historischen Beziehungen der EU zu Zentralasien<\/p>\n\n\n\n<p>Referent: Richard Schmidt, Zentrum f\u00fcr osteurop\u00e4ische und internationale Studien, Berlin<\/p>\n\n\n\n<p>W\u00e4hle deine Zeitzone: <br>18:30 Uhr mitteleurop\u00e4ische Zeit | 17:30 Uhr Irland, Portugal, Gro\u00dfbritannien | 19:30 Uhr Bulgarien, Zypern, Estland, Finnland, Griechenland, Lettland, Litauen, Rum\u00e4nien<\/p>\n\n\n\n<p><\/p>\n<\/p>\n                                                <div class=\"clear\"><\/div>\n                                            <\/div>\n\n                                                                                    <\/div>\n                                    <\/article>\n                                <\/div>\n                            \n                                <div id=\"post-12241\" class=\"aux-col post-12241\">\n                                    <article class=\"post column-entry post-12241 event_listing type-event_listing status-expired has-post-thumbnail hentry\">\n                                        <div class=\"entry-media\">\n                                            <div class=\"aux-media-frame aux-media-image aux-image-mask\">\n                                                <img decoding=\"async\"\n                                                loading=\"lazy\"\n                                                src=\"https:\/\/meeteu.eu\/wp-content\/uploads\/2025\/02\/Copy-of-Background-C-Green_Blue.png\"\n                                                class=\"aux-attachment aux-featured-image aux-attachment-id-12242 aux-preload aux-has-preview\"\n                                                alt=\"\"\n                                                data-src=\"https:\/\/meeteu.eu\/wp-content\/uploads\/2025\/02\/Copy-of-Background-C-Green_Blue.png\"\n                                                \/>\n                                            <\/div>\n                                        <\/div>\n\n                                        <header class=\"entry-header\">\n                                            <h4 class=\"entry-title\">\n                                                Von YouTube nach Br\u00fcssel. St\u00f6rung der Politik oder nur ein viraler Stunt?                                            <\/h4>\n                                        <\/header>\n\n                                        <div class=\"entry-main\">\n                                            <div class=\"entry-info\">\n                                                <div class=\"event-date\">\n                                                                                                            <i class=\"fas fa-calendar-alt\"><\/i>&nbsp;\n                                                    \n                                                                                                            <span>4. M\u00e4rz 2025<\/span>\n                                                                                                        \n                                                                                                            <span> - <\/span>\n                                                    \n                                                                                                            <span>4. M\u00e4rz 2025<\/span>\n                                                                                                                                                        <\/div>\n\n                                                                                                    <div class=\"event-location\">\n                                                                                                                    <i class=\"fas fa-thumbtack\"><\/i>&nbsp;\n                                                            <span>Virtuelle Veranstaltung auf Zoom<\/span>\n                                                                                                            <\/div>\n\n                                                    <div class=\"event-language\">\n                                                                                                                    <i class=\"fas fa-globe\"><\/i>&nbsp;\n                                                            <span>Auf Englisch, mit mehrsprachigen Untertiteln<\/span>\n                                                                                                            <\/div>\n                                                                                            <\/div>\n\n                                            <div class=\"entry-content\">\n                                                <p>\n<p>Wie hat es ein wilder YouTuber mit 2,7 Millionen Abonnenten in die europ\u00e4ische Politik geschafft? Mit nur 24 Jahren ist Fidias Panayiotou der unkonventionellste neue Europaabgeordnete Zyperns. Er l\u00e4sst sein Publikum per Online-Abstimmung \u00fcber Entscheidungen abstimmen und schlie\u00dft sich den Ansichten von Elon Musk \u00fcber digitale Freiheit und B\u00fcrokratieabbau an - Fidias mischt Stra\u00dfburg und Br\u00fcssel auf. <\/p>\n\n\n\n<p>Was hat ihn zur Kandidatur inspiriert? Was hat ihn in seinem Leben als Abgeordneter des Europ\u00e4ischen Parlaments am meisten \u00fcberrascht? Und wof\u00fcr steht er wirklich als gew\u00e4hlter Abgeordneter?<\/p>\n<\/p>\n                                                <div class=\"clear\"><\/div>\n                                            <\/div>\n\n                                                                                    <\/div>\n                                    <\/article>\n                                <\/div>\n                            \n                                <div id=\"post-12212\" class=\"aux-col post-12212\">\n                                    <article class=\"post column-entry post-12212 event_listing type-event_listing status-expired has-post-thumbnail hentry\">\n                                        <div class=\"entry-media\">\n                                            <div class=\"aux-media-frame aux-media-image aux-image-mask\">\n                                                <img decoding=\"async\"\n                                                loading=\"lazy\"\n                                                src=\"https:\/\/meeteu.eu\/wp-content\/uploads\/2025\/02\/Copy-of-Background-A-Pink_Blue-1.png\"\n                                                class=\"aux-attachment aux-featured-image aux-attachment-id-12213 aux-preload aux-has-preview\"\n                                                alt=\"\"\n                                                data-src=\"https:\/\/meeteu.eu\/wp-content\/uploads\/2025\/02\/Copy-of-Background-A-Pink_Blue-1.png\"\n                                                \/>\n                                            <\/div>\n                                        <\/div>\n\n                                        <header class=\"entry-header\">\n                                            <h4 class=\"entry-title\">\n                                                Der EU-Haushalt 2025 - Was ist f\u00fcr dich drin?                                            <\/h4>\n                                        <\/header>\n\n                                        <div class=\"entry-main\">\n                                            <div class=\"entry-info\">\n                                                <div class=\"event-date\">\n                                                                                                            <i class=\"fas fa-calendar-alt\"><\/i>&nbsp;\n                                                    \n                                                                                                            <span>18. Februar 2025<\/span>\n                                                                                                                                                                <span>19:00 (MESZ)<\/span>\n                                                    \n                                                                                                            <span> - <\/span>\n                                                    \n                                                                                                            <span>18. Februar 2025<\/span>\n                                                                                                                                                                <span>20:00 (MESZ)<\/span>\n                                                                                                    <\/div>\n\n                                                                                                    <div class=\"event-location\">\n                                                                                                                    <i class=\"fas fa-thumbtack\"><\/i>&nbsp;\n                                                            <span>Virtuelle Veranstaltung auf Zoom<\/span>\n                                                                                                            <\/div>\n\n                                                    <div class=\"event-language\">\n                                                                                                                    <i class=\"fas fa-globe\"><\/i>&nbsp;\n                                                            <span>Auf Englisch, mit mehrsprachigen Untertiteln<\/span>\n                                                                                                            <\/div>\n                                                                                            <\/div>\n\n                                            <div class=\"entry-content\">\n                                                <p>\n<p>Im Jahr 2025 plant die Europ\u00e4ische Union, 199 Milliarden Euro auszugeben - das sind rund 444 Euro pro B\u00fcrger. Die Art und Weise, wie die EU ihren Haushalt verteilt, hat einen gro\u00dfen Einfluss auf unser Leben, indem sie zum Beispiel daf\u00fcr sorgt, dass Lebensmittel erschwinglich bleiben, unsere Unternehmen in schwierigen Zeiten unterst\u00fctzt, die besten Forscher Europas f\u00f6rdert und den \u00f6kologischen Wandel vorantreibt.<\/p>\n\n\n\n<p>Sich solch hohe Zahlen vorzustellen ist schwierig, und die Entscheidung \u00fcber den Haushalt ist noch schwieriger. Deshalb haben wir Kai, ein Mitglied des Europ\u00e4ischen Parlaments (Volt Germany), eingeladen, um seine Insider-Perspektive zu teilen, wie die EU ihre j\u00e4hrlichen Haushaltspl\u00e4ne aufstellt. Da er zu den Entscheidungstr\u00e4gern geh\u00f6rt, die dar\u00fcber abstimmen und diskutieren, wird Kai auch die berechtigte Frage beantworten, was f\u00fcr dich drin ist.<\/p>\n\n\n\n<p>Dieser Haushalt betrifft jeden B\u00fcrger in der Europ\u00e4ischen Union. Mach mit bei unserem Austausch mit Kai, stelle deine Fragen direkt an einen Abgeordneten des Europ\u00e4ischen Parlaments und diskutiere mit Menschen aus dem ganzen Kontinent.<\/p>\n<\/p>\n                                                <div class=\"clear\"><\/div>\n                                            <\/div>\n\n                                                                                    <\/div>\n                                    <\/article>\n                                <\/div>\n                            \n                                <div id=\"post-12203\" class=\"aux-col post-12203\">\n                                    <article class=\"post column-entry post-12203 event_listing type-event_listing status-expired has-post-thumbnail hentry\">\n                                        <div class=\"entry-media\">\n                                            <div class=\"aux-media-frame aux-media-image aux-image-mask\">\n                                                <img decoding=\"async\"\n                                                loading=\"lazy\"\n                                                src=\"https:\/\/meeteu.eu\/wp-content\/uploads\/2025\/02\/Copy-of-Background-B-Yellow_Blue.png\"\n                                                class=\"aux-attachment aux-featured-image aux-attachment-id-12204 aux-preload aux-has-preview\"\n                                                alt=\"\"\n                                                data-src=\"https:\/\/meeteu.eu\/wp-content\/uploads\/2025\/02\/Copy-of-Background-B-Yellow_Blue.png\"\n                                                \/>\n                                            <\/div>\n                                        <\/div>\n\n                                        <header class=\"entry-header\">\n                                            <h4 class=\"entry-title\">\n                                                Ihr n\u00e4chstes Abenteuer: Europ\u00e4isches Solidarit\u00e4tskorps                                            <\/h4>\n                                        <\/header>\n\n                                        <div class=\"entry-main\">\n                                            <div class=\"entry-info\">\n                                                <div class=\"event-date\">\n                                                                                                            <i class=\"fas fa-calendar-alt\"><\/i>&nbsp;\n                                                    \n                                                                                                            <span>11. Februar 2025<\/span>\n                                                                                                                                                                <span>19:00 (MESZ)<\/span>\n                                                    \n                                                                                                            <span> - <\/span>\n                                                    \n                                                                                                            <span>11. Februar 2025<\/span>\n                                                                                                                                                                <span>20:00 (MESZ)<\/span>\n                                                                                                    <\/div>\n\n                                                                                                    <div class=\"event-location\">\n                                                                                                                    <i class=\"fas fa-thumbtack\"><\/i>&nbsp;\n                                                            <span>Virtuelle Veranstaltung auf Zoom<\/span>\n                                                                                                            <\/div>\n\n                                                    <div class=\"event-language\">\n                                                                                                                    <i class=\"fas fa-globe\"><\/i>&nbsp;\n                                                            <span>Auf Englisch, mit mehrsprachigen Untertiteln<\/span>\n                                                                                                            <\/div>\n                                                                                            <\/div>\n\n                                            <div class=\"entry-content\">\n                                                <p>\n<p><strong>Haben Sie schon immer davon getr\u00e4umt, im Ausland zu leben, etwas zu bewirken und tolle Menschen zu treffen? Das Europ\u00e4ische Solidarit\u00e4tskorps bietet jungen Menschen die M\u00f6glichkeit, als Freiwillige an Projekten in und au\u00dferhalb Europas teilzunehmen. Aber wie funktioniert das eigentlich?<\/strong><\/p>\n\n\n\n<p>Trete unserem Discord Server bei&nbsp;<strong>Vergr\u00f6\u00dfern<\/strong>&nbsp;<strong>FRAGEN UND ANTWORTEN<\/strong>&nbsp;\u00fcber das Europ\u00e4ische Solidarit\u00e4tskorps<strong>&nbsp;<\/strong>um alle Ihre Fragen beantwortet zu bekommen:<\/p>\n\n\n\n<ul class=\"wp-block-list\">\n<li>An welchen Aktivit\u00e4ten werde ich beteiligt sein?<\/li>\n\n\n\n<li>Wohin kann ich gehen, und wie lange?<\/li>\n\n\n\n<li>Bekomme ich finanzielle Unterst\u00fctzung?<\/li>\n\n\n\n<li>Ist die Sprache ein Hindernis?<\/li>\n\n\n\n<li>Wie kann diese Erfahrung meine Zukunft beeinflussen?<\/li>\n<\/ul>\n\n\n\n<p><strong>Sprecher: Katarina Brajdic,<\/strong>&nbsp;Generaldirektion Bildung, Jugend, Sport und Kultur, Europ\u00e4ische Kommission<\/p>\n\n\n\n<p><strong>Dienstag, 11. Februar | 19:00-20:00 Uhr MEZ<\/strong><br>Melden Sie sich hier f\u00fcr Ihren Zoom-Link an:&nbsp;<a href=\"https:\/\/urldefense.com\/v3\/__https:\/meeteu.eu\/registration__;!!DOxrgLBm!Ar41SpOUknvneeyJ8r9IXKnC5vh_T2CLo6sNlwX8aMnqRfpkmE-4WIS8zxGQZjcy6BVjytKCnluHBxmd_0-rOE4$\">https:\/\/meeteu.eu\/registration<\/a><\/p>\n<\/p>\n                                                <div class=\"clear\"><\/div>\n                                            <\/div>\n\n                                                                                    <\/div>\n                                    <\/article>\n                                <\/div>\n                            \n                                <div id=\"post-12187\" class=\"aux-col post-12187\">\n                                    <article class=\"post column-entry post-12187 event_listing type-event_listing status-expired has-post-thumbnail hentry\">\n                                        <div class=\"entry-media\">\n                                            <div class=\"aux-media-frame aux-media-image aux-image-mask\">\n                                                <img decoding=\"async\"\n                                                loading=\"lazy\"\n                                                src=\"https:\/\/meeteu.eu\/wp-content\/uploads\/2025\/01\/Milad-2.png\"\n                                                class=\"aux-attachment aux-featured-image aux-attachment-id-12188 aux-preload aux-has-preview\"\n                                                alt=\"\"\n                                                data-src=\"https:\/\/meeteu.eu\/wp-content\/uploads\/2025\/01\/Milad-2.png\"\n                                                \/>\n                                            <\/div>\n                                        <\/div>\n\n                                        <header class=\"entry-header\">\n                                            <h4 class=\"entry-title\">\n                                                Kann die EU riskieren, die westlichen Balkanl\u00e4nder auszuschlie\u00dfen? Fall: Nordmazedonien                                            <\/h4>\n                                        <\/header>\n\n                                        <div class=\"entry-main\">\n                                            <div class=\"entry-info\">\n                                                <div class=\"event-date\">\n                                                                                                            <i class=\"fas fa-calendar-alt\"><\/i>&nbsp;\n                                                    \n                                                                                                            <span>4. Februar 2025<\/span>\n                                                                                                                                                                <span>19:00 (MESZ)<\/span>\n                                                    \n                                                                                                            <span> - <\/span>\n                                                    \n                                                                                                            <span>4. Februar 2025<\/span>\n                                                                                                                                                                <span>20:00 (MESZ)<\/span>\n                                                                                                    <\/div>\n\n                                                                                                    <div class=\"event-location\">\n                                                                                                                    <i class=\"fas fa-thumbtack\"><\/i>&nbsp;\n                                                            <span>Virtuelle Veranstaltung auf Zoom<\/span>\n                                                                                                            <\/div>\n\n                                                    <div class=\"event-language\">\n                                                                                                                    <i class=\"fas fa-globe\"><\/i>&nbsp;\n                                                            <span>Auf Englisch, mit mehrsprachigen Untertiteln<\/span>\n                                                                                                            <\/div>\n                                                                                            <\/div>\n\n                                            <div class=\"entry-content\">\n                                                <p>\n<p>Russland und China wetteifern aktiv um Einfluss auf dem westlichen Balkan, wo sich f\u00fcnf L\u00e4nder um den Beitritt zur EU bem\u00fchen. Trotz der starken \u00f6ffentlichen Unterst\u00fctzung f\u00fcr die EU-Mitgliedschaft w\u00e4chst die Frustration, da die strengen Aufnahmekriterien den Fortschritt in diesen Kandidatenl\u00e4ndern verlangsamen.<\/p>\n\n\n\n<p>Um diese Dynamik zu verstehen, haben wir Herrn Aleksandar Kr\u017ealovski, den Direktor des Mazedonischen Zentrums f\u00fcr Internationale Zusammenarbeit (MCIC), zu Gast. MCIC ist eine zivilgesellschaftliche Organisation, die sich auf die F\u00f6rderung des EU-Beitritts und der internationalen Integration Nordmazedoniens konzentriert. Herr Kr\u017ealovski wird uns \u00fcber die Feinheiten des Prozesses sowie die Hoffnungen und Frustrationen der B\u00fcrger seines Heimatlandes berichten.<\/p>\n\n\n\n<p><\/p>\n<\/p>\n                                                <div class=\"clear\"><\/div>\n                                            <\/div>\n\n                                                                                    <\/div>\n                                    <\/article>\n                                <\/div>\n                            \n                                <div id=\"post-12195\" class=\"aux-col post-12195\">\n                                    <article class=\"post column-entry post-12195 event_listing type-event_listing status-expired has-post-thumbnail hentry\">\n                                        <div class=\"entry-media\">\n                                            <div class=\"aux-media-frame aux-media-image aux-image-mask\">\n                                                <img decoding=\"async\"\n                                                loading=\"lazy\"\n                                                src=\"https:\/\/meeteu.eu\/wp-content\/uploads\/2025\/01\/Copy-of-Background-A-Pink_Blue.jpg\"\n                                                class=\"aux-attachment aux-featured-image aux-attachment-id-12196 aux-preload aux-has-preview\"\n                                                alt=\"\"\n                                                data-src=\"https:\/\/meeteu.eu\/wp-content\/uploads\/2025\/01\/Copy-of-Background-A-Pink_Blue.jpg\"\n                                                \/>\n                                            <\/div>\n                                        <\/div>\n\n                                        <header class=\"entry-header\">\n                                            <h4 class=\"entry-title\">\n                                                Neue europ\u00e4ische Medien in einer geteilten Welt                                            <\/h4>\n                                        <\/header>\n\n                                        <div class=\"entry-main\">\n                                            <div class=\"entry-info\">\n                                                <div class=\"event-date\">\n                                                                                                            <i class=\"fas fa-calendar-alt\"><\/i>&nbsp;\n                                                    \n                                                                                                            <span>28. Januar 2025<\/span>\n                                                                                                                                                                <span>19:00 (MESZ)<\/span>\n                                                    \n                                                                                                            <span> - <\/span>\n                                                    \n                                                                                                            <span>28. Januar 2025<\/span>\n                                                                                                                                                                <span>20:00 (MESZ)<\/span>\n                                                                                                    <\/div>\n\n                                                                                                    <div class=\"event-location\">\n                                                                                                                    <i class=\"fas fa-thumbtack\"><\/i>&nbsp;\n                                                            <span>Virtuelle Veranstaltung auf Zoom<\/span>\n                                                                                                            <\/div>\n\n                                                    <div class=\"event-language\">\n                                                                                                                    <i class=\"fas fa-globe\"><\/i>&nbsp;\n                                                            <span>Auf Englisch, mit mehrsprachigen Untertiteln<\/span>\n                                                                                                            <\/div>\n                                                                                            <\/div>\n\n                                            <div class=\"entry-content\">\n                                                <p>\n<p>Coen und seine Freunde haben das \"Forum Gotterfunken\" ins Leben gerufen, ein gro\u00dfes Netzwerk von Reddit-Gruppen mit EU-Fokus und \u00fcber 100.000 Anh\u00e4ngern. In Subreddits wie r\/EuropeanArmy, r\/europeanunion und r\/EuropeanCulture setzen sie Bots ein, um kuratierte Nachrichten aus seri\u00f6sen Quellen zu verbreiten und so den Zugang zu EU-Nachrichten zu erleichtern. In diesen Bereichen werden auch lebhafte Debatten \u00fcber die EU gef\u00fchrt.<\/p>\n\n\n\n<p>Sie verwalten nicht nur die Subreddits, sondern hosten auch Podcasts auf ihrem Discord-Server, um aktuelle Themen zu diskutieren. Diese Woche nehmen sie an unserer Zoom-Sitzung zum Thema \"EU-Medien in einer gespaltenen Welt\" teil. H\u00f6ren Sie zu, lernen Sie, teilen Sie Ihre Gedanken und stellen Sie Fragen!<\/p>\n<\/p>\n                                                <div class=\"clear\"><\/div>\n                                            <\/div>\n\n                                                                                    <\/div>\n                                    <\/article>\n                                <\/div>\n                            \n                                <div id=\"post-12176\" class=\"aux-col post-12176\">\n                                    <article class=\"post column-entry post-12176 event_listing type-event_listing status-expired has-post-thumbnail hentry\">\n                                        <div class=\"entry-media\">\n                                            <div class=\"aux-media-frame aux-media-image aux-image-mask\">\n                                                <img decoding=\"async\"\n                                                loading=\"lazy\"\n                                                src=\"https:\/\/meeteu.eu\/wp-content\/uploads\/2025\/01\/Copy-of-Background-B-Yellow_Blue-2.png\"\n                                                class=\"aux-attachment aux-featured-image aux-attachment-id-12177 aux-preload aux-has-preview\"\n                                                alt=\"\"\n                                                data-src=\"https:\/\/meeteu.eu\/wp-content\/uploads\/2025\/01\/Copy-of-Background-B-Yellow_Blue-2.png\"\n                                                \/>\n                                            <\/div>\n                                        <\/div>\n\n                                        <header class=\"entry-header\">\n                                            <h4 class=\"entry-title\">\n                                                Bildung als Schutzschild gegen Nationalismus in Europa                                            <\/h4>\n                                        <\/header>\n\n                                        <div class=\"entry-main\">\n                                            <div class=\"entry-info\">\n                                                <div class=\"event-date\">\n                                                                                                            <i class=\"fas fa-calendar-alt\"><\/i>&nbsp;\n                                                    \n                                                                                                            <span>21. Januar 2025<\/span>\n                                                                                                                                                                <span>19:00 (MESZ)<\/span>\n                                                    \n                                                                                                            <span> - <\/span>\n                                                    \n                                                                                                            <span>21. Januar 2025<\/span>\n                                                                                                                                                                <span>20:00 (MESZ)<\/span>\n                                                                                                    <\/div>\n\n                                                                                                    <div class=\"event-location\">\n                                                                                                                    <i class=\"fas fa-thumbtack\"><\/i>&nbsp;\n                                                            <span>Virtuelle Veranstaltung auf Zoom<\/span>\n                                                                                                            <\/div>\n\n                                                    <div class=\"event-language\">\n                                                                                                                    <i class=\"fas fa-globe\"><\/i>&nbsp;\n                                                            <span>Auf Englisch, mit mehrsprachigen Untertiteln<\/span>\n                                                                                                            <\/div>\n                                                                                            <\/div>\n\n                                            <div class=\"entry-content\">\n                                                <p>\n<p><br>Milad Tabesch hat eine Mission: Er will Sch\u00fcler f\u00fcr die europ\u00e4ische Idee begeistern und ihre Widerstandskraft gegen rechtsextremen Nationalismus st\u00e4rken.<br><br>Seit 2023 besuchen er und sein Team von \"Ruhrpott f\u00fcr Europa\" Schulen und wecken bei jungen Menschen das Interesse an Politik und b\u00fcrgerschaftlichem Engagement.<br><br>Wie wecken sie die Aufmerksamkeit der Sch\u00fcler? Welche Wirkung erzielen sie?<br><br>Egal, ob Sie Student, Aktivist oder einfach nur neugierig darauf sind, einen Beitrag zu einem geeinteren Europa zu leisten, diese Veranstaltung wird Sie dazu inspirieren, in Ihrer Gemeinde etwas zu bewegen.<\/p>\n\n\n\n<p><\/p>\n<\/p>\n                                                <div class=\"clear\"><\/div>\n                                            <\/div>\n\n                                                                                    <\/div>\n                                    <\/article>\n                                <\/div>\n                            \n                                <div id=\"post-12174\" class=\"aux-col post-12174\">\n                                    <article class=\"post column-entry post-12174 event_listing type-event_listing status-expired has-post-thumbnail hentry\">\n                                        <div class=\"entry-media\">\n                                            <div class=\"aux-media-frame aux-media-image aux-image-mask\">\n                                                <img decoding=\"async\"\n                                                loading=\"lazy\"\n                                                src=\"https:\/\/meeteu.eu\/wp-content\/uploads\/2025\/01\/HousingCrisis.png\"\n                                                class=\"aux-attachment aux-featured-image aux-attachment-id-12175 aux-preload aux-has-preview\"\n                                                alt=\"\"\n                                                data-src=\"https:\/\/meeteu.eu\/wp-content\/uploads\/2025\/01\/HousingCrisis.png\"\n                                                \/>\n                                            <\/div>\n                                        <\/div>\n\n                                        <header class=\"entry-header\">\n                                            <h4 class=\"entry-title\">\n                                                Wie l\u00e4sst sich die EU-Wohnungskrise l\u00f6sen?                                            <\/h4>\n                                        <\/header>\n\n                                        <div class=\"entry-main\">\n                                            <div class=\"entry-info\">\n                                                <div class=\"event-date\">\n                                                                                                            <i class=\"fas fa-calendar-alt\"><\/i>&nbsp;\n                                                    \n                                                                                                            <span>14. Januar 2025<\/span>\n                                                                                                                                                                <span>19:00 (MESZ)<\/span>\n                                                    \n                                                                                                            <span> - <\/span>\n                                                    \n                                                                                                            <span>14. Januar 2025<\/span>\n                                                                                                                                                                <span>20:00 (MESZ)<\/span>\n                                                                                                    <\/div>\n\n                                                                                                    <div class=\"event-location\">\n                                                                                                                    <i class=\"fas fa-thumbtack\"><\/i>&nbsp;\n                                                            <span>Virtuelle Veranstaltung auf Zoom<\/span>\n                                                                                                            <\/div>\n\n                                                    <div class=\"event-language\">\n                                                                                                                    <i class=\"fas fa-globe\"><\/i>&nbsp;\n                                                            <span>Auf Englisch, mit mehrsprachigen Untertiteln<\/span>\n                                                                                                            <\/div>\n                                                                                            <\/div>\n\n                                            <div class=\"entry-content\">\n                                                <p>\n<p>Die Familien werden immer gr\u00f6\u00dfer, aber eine bezahlbare Wohnung ist nach wie vor unerreichbar. Studenten arbeiten hart, um sich ihre WG leisten zu k\u00f6nnen. Rentner f\u00fcrchten, ihre vertrauten Viertel zu verlieren, da die Mieten weiter steigen. <\/p>\n\n\n\n<p>Wie k\u00f6nnen wir sicherstellen, dass unsere St\u00e4dte ein Ort f\u00fcr alle bleiben - nicht nur f\u00fcr die wenigen Privilegierten? Ist es m\u00f6glich, Wohnraum sowohl erschwinglich als auch nachhaltig zu gestalten, ohne sich mit leblosen Betondschungeln abzufinden?<\/p>\n\n\n\n<p>Begleiten Sie uns zu einem Gespr\u00e4ch mit Marcos Ros Sempere, Architekt, Stadtplaner und Mitglied des Europ\u00e4ischen Parlaments seit 2020. Lassen Sie uns gemeinsam \u00fcber St\u00e4dte nachdenken, in denen sich jeder wirklich zu Hause f\u00fchlen kann.<\/p>\n\n\n\n<p><\/p>\n<\/p>\n                                                <div class=\"clear\"><\/div>\n                                            <\/div>\n\n                                                                                    <\/div>\n                                    <\/article>\n                                <\/div>\n                            \n                                <div id=\"post-12143\" class=\"aux-col post-12143\">\n                                    <article class=\"post column-entry post-12143 event_listing type-event_listing status-expired has-post-thumbnail hentry\">\n                                        <div class=\"entry-media\">\n                                            <div class=\"aux-media-frame aux-media-image aux-image-mask\">\n                                                <img decoding=\"async\"\n                                                loading=\"lazy\"\n                                                src=\"https:\/\/meeteu.eu\/wp-content\/uploads\/2024\/12\/Klaus-Event-Identity-Website.jpg\"\n                                                class=\"aux-attachment aux-featured-image aux-attachment-id-12145 aux-preload aux-has-preview\"\n                                                alt=\"\"\n                                                data-src=\"https:\/\/meeteu.eu\/wp-content\/uploads\/2024\/12\/Klaus-Event-Identity-Website.jpg\"\n                                                \/>\n                                            <\/div>\n                                        <\/div>\n\n                                        <header class=\"entry-header\">\n                                            <h4 class=\"entry-title\">\n                                                Ihre Identit\u00e4t: Europ\u00e4isch, national, oder beides?                                            <\/h4>\n                                        <\/header>\n\n                                        <div class=\"entry-main\">\n                                            <div class=\"entry-info\">\n                                                <div class=\"event-date\">\n                                                                                                            <i class=\"fas fa-calendar-alt\"><\/i>&nbsp;\n                                                    \n                                                                                                            <span>17. Dezember 2024<\/span>\n                                                                                                                                                                <span>19:00 (MESZ)<\/span>\n                                                    \n                                                                                                            <span> - <\/span>\n                                                    \n                                                                                                            <span>17. Dezember 2024<\/span>\n                                                                                                                                                                <span>20:00 (MESZ)<\/span>\n                                                                                                    <\/div>\n\n                                                                                                    <div class=\"event-location\">\n                                                                                                                    <i class=\"fas fa-thumbtack\"><\/i>&nbsp;\n                                                            <span>Virtuelle Veranstaltung auf Zoom<\/span>\n                                                                                                            <\/div>\n\n                                                    <div class=\"event-language\">\n                                                                                                                    <i class=\"fas fa-globe\"><\/i>&nbsp;\n                                                            <span>Auf Englisch, mit mehrsprachigen Untertiteln<\/span>\n                                                                                                            <\/div>\n                                                                                            <\/div>\n\n                                            <div class=\"entry-content\">\n                                                <p>\n<p>Nach einer Phase der Begeisterung f\u00fcr Globalisierung und internationale Zusammenarbeit ist der Nationalismus nach Europa zur\u00fcckgekehrt.<\/p>\n\n\n\n<p>Was denken Sie \u00fcber Ihre Identit\u00e4t - national, europ\u00e4isch oder beides? Was bedeutet das Wiederaufleben des Nationalismus f\u00fcr Europa? Stellt er unweigerlich die Vision eines wahrhaft geeinten Europas in Frage? <br><br>Beteiligen Sie sich am Gespr\u00e4ch und diskutieren Sie mit Menschen aus ganz Europa!<br><\/p>\n\n\n\n<p><\/p>\n<\/p>\n                                                <div class=\"clear\"><\/div>\n                                            <\/div>\n\n                                                                                    <\/div>\n                                    <\/article>\n                                <\/div>\n                            \n                                <div id=\"post-12139\" class=\"aux-col post-12139\">\n                                    <article class=\"post column-entry post-12139 event_listing type-event_listing status-expired has-post-thumbnail hentry\">\n                                        <div class=\"entry-media\">\n                                            <div class=\"aux-media-frame aux-media-image aux-image-mask\">\n                                                <img decoding=\"async\"\n                                                loading=\"lazy\"\n                                                src=\"https:\/\/meeteu.eu\/wp-content\/uploads\/2024\/12\/ERASMUS_event_10Dec2024_web.png\"\n                                                class=\"aux-attachment aux-featured-image aux-attachment-id-12140 aux-preload aux-has-preview\"\n                                                alt=\"\"\n                                                data-src=\"https:\/\/meeteu.eu\/wp-content\/uploads\/2024\/12\/ERASMUS_event_10Dec2024_web.png\"\n                                                \/>\n                                            <\/div>\n                                        <\/div>\n\n                                        <header class=\"entry-header\">\n                                            <h4 class=\"entry-title\">\n                                                Ihr ERASMUS+ Abenteuer: Alles, was Sie wissen m\u00fcssen                                            <\/h4>\n                                        <\/header>\n\n                                        <div class=\"entry-main\">\n                                            <div class=\"entry-info\">\n                                                <div class=\"event-date\">\n                                                                                                            <i class=\"fas fa-calendar-alt\"><\/i>&nbsp;\n                                                    \n                                                                                                            <span>10. Dezember 2024<\/span>\n                                                                                                                                                                <span>19:00 (MESZ)<\/span>\n                                                    \n                                                                                                            <span> - <\/span>\n                                                    \n                                                                                                            <span>10. Dezember 2024<\/span>\n                                                                                                                                                                <span>20:00 (MESZ)<\/span>\n                                                                                                    <\/div>\n\n                                                                                                    <div class=\"event-location\">\n                                                                                                                    <i class=\"fas fa-thumbtack\"><\/i>&nbsp;\n                                                            <span>Virtuelle Veranstaltung auf Zoom<\/span>\n                                                                                                            <\/div>\n\n                                                    <div class=\"event-language\">\n                                                                                                                    <i class=\"fas fa-globe\"><\/i>&nbsp;\n                                                            <span>Auf Englisch, mit mehrsprachigen Untertiteln<\/span>\n                                                                                                            <\/div>\n                                                                                            <\/div>\n\n                                            <div class=\"entry-content\">\n                                                <p>\n<p>Sind Sie neugierig auf das ERASMUS+ Studentenaustauschprogramm? Nehmen Sie an einer Zoom-Sitzung teil, in der Sie Folgendes erfahren:<\/p>\n\n\n\n<p>\u2705 Erfahren Sie, was Sie vom ERASMUS+ erwarten k\u00f6nnen<br>\u2705 Entdecken Sie, wie es sich auf Ihr Leben auswirken kann, von der Verbesserung der Sprachkenntnisse bis zur pers\u00f6nlichen Entwicklung<br>\u2705 Erhalten Sie Antworten auf brennende Fragen wie: Gibt es Zusch\u00fcsse f\u00fcr Miete und Lebenshaltungskosten? Welche Art von Unterkunft ist verf\u00fcgbar? Sind kurzfristige Aufenthalte m\u00f6glich? Ist eine Krankenversicherung enthalten? Kann ich teilnehmen, wenn ich die Landessprache nicht spreche? Wie l\u00e4uft das Bewerbungsverfahren ab? ...<\/p>\n\n\n\n<p><strong>Besonderer Gast:<\/strong> Giuliana vom ERASMUS-Studentennetzwerk wird vor Ort sein, um fachkundige Antworten und wertvolle Einblicke zu geben.<\/p>\n\n\n\n<p><\/p>\n<\/p>\n                                                <div class=\"clear\"><\/div>\n                                            <\/div>\n\n                                                                                    <\/div>\n                                    <\/article>\n                                <\/div>\n                            \n                                <div id=\"post-12095\" class=\"aux-col post-12095\">\n                                    <article class=\"post column-entry post-12095 event_listing type-event_listing status-expired has-post-thumbnail hentry\">\n                                        <div class=\"entry-media\">\n                                            <div class=\"aux-media-frame aux-media-image aux-image-mask\">\n                                                <img decoding=\"async\"\n                                                loading=\"lazy\"\n                                                src=\"https:\/\/meeteu.eu\/wp-content\/uploads\/2024\/10\/Evin-Incir-B.jpg\"\n                                                class=\"aux-attachment aux-featured-image aux-attachment-id-12096 aux-preload aux-has-preview\"\n                                                alt=\"\"\n                                                data-src=\"https:\/\/meeteu.eu\/wp-content\/uploads\/2024\/10\/Evin-Incir-B.jpg\"\n                                                \/>\n                                            <\/div>\n                                        <\/div>\n\n                                        <header class=\"entry-header\">\n                                            <h4 class=\"entry-title\">\n                                                Wie geht Europa mit ethnischer Ungleichheit um?                                            <\/h4>\n                                        <\/header>\n\n                                        <div class=\"entry-main\">\n                                            <div class=\"entry-info\">\n                                                <div class=\"event-date\">\n                                                                                                            <i class=\"fas fa-calendar-alt\"><\/i>&nbsp;\n                                                    \n                                                                                                            <span>29. Oktober 2024<\/span>\n                                                                                                                                                                <span>19:00 (MESZ)<\/span>\n                                                    \n                                                                                                            <span> - <\/span>\n                                                    \n                                                                                                            <span>29. Oktober 2024<\/span>\n                                                                                                                                                                <span>20:00 (MESZ)<\/span>\n                                                                                                    <\/div>\n\n                                                                                                    <div class=\"event-location\">\n                                                                                                                    <i class=\"fas fa-thumbtack\"><\/i>&nbsp;\n                                                            <span>Virtuelle Veranstaltung auf Zoom<\/span>\n                                                                                                            <\/div>\n\n                                                    <div class=\"event-language\">\n                                                                                                                    <i class=\"fas fa-globe\"><\/i>&nbsp;\n                                                            <span>Auf Englisch, mit mehrsprachigen Untertiteln<\/span>\n                                                                                                            <\/div>\n                                                                                            <\/div>\n\n                                            <div class=\"entry-content\">\n                                                <p>\n<p>Haben Sie sich schon einmal beurteilt gef\u00fchlt, nur weil Sie so sind, wie Sie sind? Ethnische Diskriminierung ist f\u00fcr viele Menschen in Europa immer noch eine t\u00e4gliche Realit\u00e4t. Schlie\u00dfen Sie sich der schwedischen Europaabgeordneten Evin Incir an, die die EU auffordert, entschiedener gegen Rassismus vorzugehen. <\/p>\n\n\n\n<p>#rotz des Mottos der EU \"In Vielfalt geeint\" ist Rassismus nach wie vor weit verbreitet und h\u00e4lt Menschen von Arbeitspl\u00e4tzen, Wohnungen und Chancen ab - nicht aufgrund ihrer F\u00e4higkeiten, sondern aufgrund ihrer Hautfarbe. <\/p>\n\n\n\n<p>Seien Sie dabei und erfahren Sie mehr \u00fcber die Fortschritte bei der Bek\u00e4mpfung von Rassismus und die Ma\u00dfnahmen, die die Mitgliedstaaten ergreifen, um dagegen vorzugehen.<\/p>\n\n\n\n<p><\/p>\n<\/p>\n                                                <div class=\"clear\"><\/div>\n                                            <\/div>\n\n                                                                                    <\/div>\n                                    <\/article>\n                                <\/div>\n                            \n                                <div id=\"post-12092\" class=\"aux-col post-12092\">\n                                    <article class=\"post column-entry post-12092 event_listing type-event_listing status-expired has-post-thumbnail hentry\">\n                                        <div class=\"entry-media\">\n                                            <div class=\"aux-media-frame aux-media-image aux-image-mask\">\n                                                <img decoding=\"async\"\n                                                loading=\"lazy\"\n                                                src=\"https:\/\/meeteu.eu\/wp-content\/uploads\/2024\/10\/Timea-Szabo-Event-B-1.png\"\n                                                class=\"aux-attachment aux-featured-image aux-attachment-id-12094 aux-preload aux-has-preview\"\n                                                alt=\"\"\n                                                data-src=\"https:\/\/meeteu.eu\/wp-content\/uploads\/2024\/10\/Timea-Szabo-Event-B-1.png\"\n                                                \/>\n                                            <\/div>\n                                        <\/div>\n\n                                        <header class=\"entry-header\">\n                                            <h4 class=\"entry-title\">\n                                                Ungarn und die EU - eine konfliktreiche Ratspr\u00e4sidentschaft                                            <\/h4>\n                                        <\/header>\n\n                                        <div class=\"entry-main\">\n                                            <div class=\"entry-info\">\n                                                <div class=\"event-date\">\n                                                                                                            <i class=\"fas fa-calendar-alt\"><\/i>&nbsp;\n                                                    \n                                                                                                            <span>22. Oktober 2024<\/span>\n                                                                                                        \n                                                                                                            <span> - <\/span>\n                                                    \n                                                                                                            <span>22. Oktober 2024<\/span>\n                                                                                                                                                        <\/div>\n\n                                                                                                    <div class=\"event-location\">\n                                                                                                                    <i class=\"fas fa-thumbtack\"><\/i>&nbsp;\n                                                            <span>Virtuelle Veranstaltung auf Zoom<\/span>\n                                                                                                            <\/div>\n\n                                                    <div class=\"event-language\">\n                                                                                                                    <i class=\"fas fa-globe\"><\/i>&nbsp;\n                                                            <span>Auf Englisch, mit mehrsprachigen Untertiteln<\/span>\n                                                                                                            <\/div>\n                                                                                            <\/div>\n\n                                            <div class=\"entry-content\">\n                                                <p>\n<p>Verpassen Sie nicht das Gespr\u00e4ch mit T\u00edmea Szab\u00f3, ungarische Parlamentsabgeordnete der Dialog-Partei! Sie wird \u00fcber das Konzept der hybriden Demokratie und die Auswirkungen der derzeitigen ungarischen EU-Ratspr\u00e4sidentschaft auf die Zukunft Europas sprechen. <\/p>\n\n\n\n<p>Was hat sich ge\u00e4ndert? T\u00edmea wird \u00fcber die wichtigsten Erkenntnisse aus einem k\u00fcrzlich erschienenen Dokumentarfilm \u00fcber die Demokratie in Ungarn nachdenken und dar\u00fcber, was sich seit seiner Ver\u00f6ffentlichung entwickelt hat.<\/p>\n\n\n\n<p>Ungarn heute - Wie ver\u00e4ndert sich die politische Landschaft Ungarns, und was bedeutet die ungarische EU-Ratspr\u00e4sidentschaft f\u00fcr den Rest Europas? Wir werden untersuchen, wie sich diese Ver\u00e4nderungen auf die EU-weite Politik auswirken k\u00f6nnten.<\/p>\n\n\n\n<p>Blick in die Zukunft - Welche Hoffnungen hegt T\u00edmea f\u00fcr Ungarns Zukunft? Wie k\u00f6nnte Ungarn die EU in den kommenden Jahren gestalten? Erleben Sie ihre Vision f\u00fcr Ungarn und die Europ\u00e4ische Union aus der ersten Reihe. <\/p>\n\n\n\n<p>Dienstag, 22. Oktober um 19:00 MESZ auf Zoom | 18:00 Uhr Irland, Portugal, UK | 20:00 Uhr Bulgarien, Zypern, Estland, Finnland, Griechenland, Lettland, Litauen, Rum\u00e4nien<\/p>\n<\/p>\n                                                <div class=\"clear\"><\/div>\n                                            <\/div>\n\n                                                                                    <\/div>\n                                    <\/article>\n                                <\/div>\n                            \n                                <div id=\"post-12067\" class=\"aux-col post-12067\">\n                                    <article class=\"post column-entry post-12067 event_listing type-event_listing status-expired has-post-thumbnail hentry\">\n                                        <div class=\"entry-media\">\n                                            <div class=\"aux-media-frame aux-media-image aux-image-mask\">\n                                                <img decoding=\"async\"\n                                                loading=\"lazy\"\n                                                src=\"https:\/\/meeteu.eu\/wp-content\/uploads\/2024\/10\/Copy-of-Background-B-Yellow_Blue-1.png\"\n                                                class=\"aux-attachment aux-featured-image aux-attachment-id-12068 aux-preload aux-has-preview\"\n                                                alt=\"\"\n                                                data-src=\"https:\/\/meeteu.eu\/wp-content\/uploads\/2024\/10\/Copy-of-Background-B-Yellow_Blue-1.png\"\n                                                \/>\n                                            <\/div>\n                                        <\/div>\n\n                                        <header class=\"entry-header\">\n                                            <h4 class=\"entry-title\">\n                                                Wie kann man diesen ganzen Hass stoppen?                                            <\/h4>\n                                        <\/header>\n\n                                        <div class=\"entry-main\">\n                                            <div class=\"entry-info\">\n                                                <div class=\"event-date\">\n                                                                                                            <i class=\"fas fa-calendar-alt\"><\/i>&nbsp;\n                                                    \n                                                                                                            <span>10. Oktober 2024<\/span>\n                                                                                                                                                                <span>19:00 (MESZ)<\/span>\n                                                    \n                                                                                                            <span> - <\/span>\n                                                    \n                                                                                                            <span>10. Oktober 2024<\/span>\n                                                                                                                                                                <span>20:00 (MESZ)<\/span>\n                                                                                                    <\/div>\n\n                                                                                                    <div class=\"event-location\">\n                                                                                                                    <i class=\"fas fa-thumbtack\"><\/i>&nbsp;\n                                                            <span>Virtuelle Veranstaltung auf Zoom<\/span>\n                                                                                                            <\/div>\n\n                                                    <div class=\"event-language\">\n                                                                                                                    <i class=\"fas fa-globe\"><\/i>&nbsp;\n                                                            <span>Auf Englisch, mit mehrsprachigen Untertiteln<\/span>\n                                                                                                            <\/div>\n                                                                                            <\/div>\n\n                                            <div class=\"entry-content\">\n                                                <p>\n<p>Ob rassistische Kommentare in den sozialen Medien, geschlechtsspezifische Gewalt im \u00f6ffentlichen Raum oder politischer Extremismus: Dies sind nur einige Beispiele f\u00fcr den Hass in der Gesellschaft. Dieser Hass verursacht Ausgrenzung und Angst und bedroht unsere demokratische Lebensweise. Das ist inakzeptabel. Deshalb m\u00fcssen wir jetzt handeln. <\/p>\n\n\n\n<p>In unserer demokratischen Gesellschaft muss jeder seine Meinung frei \u00e4u\u00dfern k\u00f6nnen, ohne verbale oder physische Gewalt bef\u00fcrchten zu m\u00fcssen. Deshalb m\u00fcssen wir jetzt handeln. <\/p>\n\n\n\n<p>Gemeinsam mit Arun Mansukhani, TED-Talk-Redner und Experte f\u00fcr Traumapsychologie, und Tommasso Chiamparino, Politikexperte bei der Europ\u00e4ischen Kommission, wollen wir konkrete Vorschl\u00e4ge entwickeln, wie wir diesem wachsenden Hass in Europa begegnen k\u00f6nnen. <\/p>\n\n\n\n<p>Wir werden diese Vorschl\u00e4ge der Plattform f\u00fcr b\u00fcrgerschaftliches Engagement der Europ\u00e4ischen Kommission vorlegen. Wenn sie gen\u00fcgend Unterst\u00fctzung finden, werden sie bei der Ausarbeitung neuer Gesetze zur Bek\u00e4mpfung von gesellschaftlichem Hass ber\u00fccksichtigt.<\/p>\n\n\n\n<figure class=\"wp-block-image size-large is-resized\"><img decoding=\"async\" width=\"105\" height=\"28\" src=\"https:\/\/meeteu.eu\/wp-content\/uploads\/2024\/04\/Logo_Eurometropole_Strasbourg.svg\" alt=\"\" class=\"wp-image-11694\" style=\"width:302px;height:auto\"\/><figcaption class=\"wp-element-caption\"><em>Diese Veranstaltung wurde durch die Unterst\u00fctzung der Stadt Stra\u00dfburg erm\u00f6glicht<\/em><\/figcaption><\/figure>\n\n\n\n<p><\/p>\n<\/p>\n                                                <div class=\"clear\"><\/div>\n                                            <\/div>\n\n                                                                                    <\/div>\n                                    <\/article>\n                                <\/div>\n                            \n                                <div id=\"post-12065\" class=\"aux-col post-12065\">\n                                    <article class=\"post column-entry post-12065 event_listing type-event_listing status-expired has-post-thumbnail hentry\">\n                                        <div class=\"entry-media\">\n                                            <div class=\"aux-media-frame aux-media-image aux-image-mask\">\n                                                <img decoding=\"async\"\n                                                loading=\"lazy\"\n                                                src=\"https:\/\/meeteu.eu\/wp-content\/uploads\/2024\/09\/Copy-of-Background-C-Green_Blue.png\"\n                                                class=\"aux-attachment aux-featured-image aux-attachment-id-12066 aux-preload aux-has-preview\"\n                                                alt=\"\"\n                                                data-src=\"https:\/\/meeteu.eu\/wp-content\/uploads\/2024\/09\/Copy-of-Background-C-Green_Blue.png\"\n                                                \/>\n                                            <\/div>\n                                        <\/div>\n\n                                        <header class=\"entry-header\">\n                                            <h4 class=\"entry-title\">\n                                                Community MeetEU &amp; Greet auf Discord                                            <\/h4>\n                                        <\/header>\n\n                                        <div class=\"entry-main\">\n                                            <div class=\"entry-info\">\n                                                <div class=\"event-date\">\n                                                                                                            <i class=\"fas fa-calendar-alt\"><\/i>&nbsp;\n                                                    \n                                                                                                            <span>1. Oktober 2024<\/span>\n                                                                                                                                                                <span>19:00 (MESZ)<\/span>\n                                                    \n                                                                                                            <span> - <\/span>\n                                                    \n                                                                                                            <span>1. Oktober 2024<\/span>\n                                                                                                                                                                <span>20:00 (MESZ)<\/span>\n                                                                                                    <\/div>\n\n                                                                                                    <div class=\"event-location\">\n                                                                                                                    <i class=\"fas fa-thumbtack\"><\/i>&nbsp;\n                                                            <span>Virtuelle Veranstaltung auf Zoom<\/span>\n                                                                                                            <\/div>\n\n                                                    <div class=\"event-language\">\n                                                                                                                    <i class=\"fas fa-globe\"><\/i>&nbsp;\n                                                            <span>Auf Englisch, mit mehrsprachigen Untertiteln<\/span>\n                                                                                                            <\/div>\n                                                                                            <\/div>\n\n                                            <div class=\"entry-content\">\n                                                <p>\n<p>Nachdem wir letzte Woche einen hochkar\u00e4tigen Redner bei uns hatten, nutzen wir den Dienstag dieser Woche f\u00fcr ein informelles Treffen der Gemeinschaft, um \u00fcber eines der wichtigsten Themen im Leben zu diskutieren: Essen. Vergessen Sie also nicht Ihr Lieblingsrezept aus der Region! <br><br>Schlie\u00dfen Sie sich unserer Community-Plattform Discord an und chatten Sie mit einigen der \u00fcber 700 Mitglieder aus allen Teilen des Kontinents.<\/p>\n<\/p>\n                                                <div class=\"clear\"><\/div>\n                                            <\/div>\n\n                                                                                    <\/div>\n                                    <\/article>\n                                <\/div>\n                            \n                                <div id=\"post-12059\" class=\"aux-col post-12059\">\n                                    <article class=\"post column-entry post-12059 event_listing type-event_listing status-expired has-post-thumbnail hentry\">\n                                        <div class=\"entry-media\">\n                                            <div class=\"aux-media-frame aux-media-image aux-image-mask\">\n                                                <img decoding=\"async\"\n                                                loading=\"lazy\"\n                                                src=\"https:\/\/meeteu.eu\/wp-content\/uploads\/2024\/09\/Copy-of-Background-A-Pink_Blue.jpg\"\n                                                class=\"aux-attachment aux-featured-image aux-attachment-id-12062 aux-preload aux-has-preview\"\n                                                alt=\"\"\n                                                data-src=\"https:\/\/meeteu.eu\/wp-content\/uploads\/2024\/09\/Copy-of-Background-A-Pink_Blue.jpg\"\n                                                \/>\n                                            <\/div>\n                                        <\/div>\n\n                                        <header class=\"entry-header\">\n                                            <h4 class=\"entry-title\">\n                                                Ein langer Weg zur europ\u00e4ischen Geschichte                                            <\/h4>\n                                        <\/header>\n\n                                        <div class=\"entry-main\">\n                                            <div class=\"entry-info\">\n                                                <div class=\"event-date\">\n                                                                                                            <i class=\"fas fa-calendar-alt\"><\/i>&nbsp;\n                                                    \n                                                                                                            <span>24. September 2024<\/span>\n                                                                                                                                                                <span>19:00 (MESZ)<\/span>\n                                                    \n                                                                                                            <span> - <\/span>\n                                                    \n                                                                                                            <span>24. September 2024<\/span>\n                                                                                                                                                                <span>20:00 (MESZ)<\/span>\n                                                                                                    <\/div>\n\n                                                                                                    <div class=\"event-location\">\n                                                                                                                    <i class=\"fas fa-thumbtack\"><\/i>&nbsp;\n                                                            <span>Virtuelle Veranstaltung auf Zoom<\/span>\n                                                                                                            <\/div>\n\n                                                    <div class=\"event-language\">\n                                                                                                                    <i class=\"fas fa-globe\"><\/i>&nbsp;\n                                                            <span>Auf Englisch, mit mehrsprachigen Untertiteln<\/span>\n                                                                                                            <\/div>\n                                                                                            <\/div>\n\n                                            <div class=\"entry-content\">\n                                                <p>\n<p>In Br\u00fcssel finden Sie das Haus der Europ\u00e4ischen Geschichte. Nur ein weiteres Museum? Ganz bestimmt nicht. Es ist ein Ort der Erkundung und Diskussion \u00fcber die europ\u00e4ische Vergangenheit. Und warum? Weil die europ\u00e4ische Geschichte nicht aus einer einzigen Geschichte besteht, sondern aus einer Sammlung verschiedener Perspektiven auf die Vergangenheit. Wie k\u00f6nnen wir uns mit diesen unterschiedlichen Sichtweisen auseinandersetzen? Wie werden verschiedene Geschichten zu einer einzigen? Und wie reagieren die Besucher auf die dort pr\u00e4sentierten Fakten? Constanze Itzel, Direktorin des Hauses der Europ\u00e4ischen Geschichte, wird einen Blick hinter die Kulissen ihrer Arbeit gew\u00e4hren.<\/p>\n<\/p>\n                                                <div class=\"clear\"><\/div>\n                                            <\/div>\n\n                                                                                    <\/div>\n                                    <\/article>\n                                <\/div>\n                            \n                                <div id=\"post-12047\" class=\"aux-col post-12047\">\n                                    <article class=\"post column-entry post-12047 event_listing type-event_listing status-expired has-post-thumbnail hentry\">\n                                        <div class=\"entry-media\">\n                                            <div class=\"aux-media-frame aux-media-image aux-image-mask\">\n                                                <img decoding=\"async\"\n                                                loading=\"lazy\"\n                                                src=\"https:\/\/meeteu.eu\/wp-content\/uploads\/2024\/08\/Summer-Break-2024-scaled.jpg\"\n                                                class=\"aux-attachment aux-featured-image aux-attachment-id-12048 aux-preload aux-has-preview\"\n                                                alt=\"\"\n                                                data-src=\"https:\/\/meeteu.eu\/wp-content\/uploads\/2024\/08\/Summer-Break-2024-scaled.jpg\"\n                                                \/>\n                                            <\/div>\n                                        <\/div>\n\n                                        <header class=\"entry-header\">\n                                            <h4 class=\"entry-title\">\n                                                Urlaub - Sommer f\u00fcr MeetEU                                            <\/h4>\n                                        <\/header>\n\n                                        <div class=\"entry-main\">\n                                            <div class=\"entry-info\">\n                                                <div class=\"event-date\">\n                                                                                                            <i class=\"fas fa-calendar-alt\"><\/i>&nbsp;\n                                                    \n                                                                                                            <span>30. Juli 2024<\/span>\n                                                                                                        \n                                                                                                            <span> - <\/span>\n                                                    \n                                                                                                            <span>17. September 2024<\/span>\n                                                                                                                                                        <\/div>\n\n                                                                                                    <div class=\"event-location\">\n                                                                                                                    <i class=\"fas fa-thumbtack\"><\/i>&nbsp;\n                                                            <span>Virtuelle Veranstaltung auf Zoom<\/span>\n                                                                                                            <\/div>\n\n                                                    <div class=\"event-language\">\n                                                                                                                    <i class=\"fas fa-globe\"><\/i>&nbsp;\n                                                            <span>Auf Englisch, mit mehrsprachigen Untertiteln<\/span>\n                                                                                                            <\/div>\n                                                                                            <\/div>\n\n                                            <div class=\"entry-content\">\n                                                <p>\n<p>Liebe Freunde,<\/p>\n\n\n\n<p>Ich danke Ihnen f\u00fcr dieses fantastische Jahr 2023\/2024. Gemeinsam mit Ihnen haben wir Europ\u00e4erinnen und Europ\u00e4er aus allen Teilen des Kontinents zusammengebracht, um sie digital und pers\u00f6nlich zu treffen. Wir sind direkt mit Entscheidungstr\u00e4gern in Kontakt getreten und haben es geschafft, politische, generationelle und sprachliche Grenzen zu \u00fcberwinden. Lassen Sie uns dies in der n\u00e4chsten Saison fortsetzen!<\/p>\n\n\n\n<p>~Das MeetEU-Team<\/p>\n<\/p>\n                                                <div class=\"clear\"><\/div>\n                                            <\/div>\n\n                                                                                    <\/div>\n                                    <\/article>\n                                <\/div>\n                            \n                                <div id=\"post-11971\" class=\"aux-col post-11971\">\n                                    <article class=\"post column-entry post-11971 event_listing type-event_listing status-expired has-post-thumbnail hentry\">\n                                        <div class=\"entry-media\">\n                                            <div class=\"aux-media-frame aux-media-image aux-image-mask\">\n                                                <img decoding=\"async\"\n                                                loading=\"lazy\"\n                                                src=\"https:\/\/meeteu.eu\/wp-content\/uploads\/2024\/06\/Visual-Cliamte-Change-Risk-Visual-Website_1-.jpg\"\n                                                class=\"aux-attachment aux-featured-image aux-attachment-id-12004 aux-preload aux-has-preview\"\n                                                alt=\"\"\n                                                data-src=\"https:\/\/meeteu.eu\/wp-content\/uploads\/2024\/06\/Visual-Cliamte-Change-Risk-Visual-Website_1-.jpg\"\n                                                \/>\n                                            <\/div>\n                                        <\/div>\n\n                                        <header class=\"entry-header\">\n                                            <h4 class=\"entry-title\">\n                                                Macht der Klimawandel uns krank?                                            <\/h4>\n                                        <\/header>\n\n                                        <div class=\"entry-main\">\n                                            <div class=\"entry-info\">\n                                                <div class=\"event-date\">\n                                                                                                            <i class=\"fas fa-calendar-alt\"><\/i>&nbsp;\n                                                    \n                                                                                                            <span>23 Juli 2024<\/span>\n                                                                                                                                                                <span>19:00 (MESZ)<\/span>\n                                                    \n                                                                                                            <span> - <\/span>\n                                                    \n                                                                                                            <span>23 Juli 2024<\/span>\n                                                                                                                                                                <span>20:00 (MESZ)<\/span>\n                                                                                                    <\/div>\n\n                                                                                                    <div class=\"event-location\">\n                                                                                                                    <i class=\"fas fa-thumbtack\"><\/i>&nbsp;\n                                                            <span>Virtuelle Veranstaltung auf Zoom<\/span>\n                                                                                                            <\/div>\n\n                                                    <div class=\"event-language\">\n                                                                                                                    <i class=\"fas fa-globe\"><\/i>&nbsp;\n                                                            <span>Auf Englisch, mit mehrsprachigen Untertiteln<\/span>\n                                                                                                            <\/div>\n                                                                                            <\/div>\n\n                                            <div class=\"entry-content\">\n                                                <p>\n<p>Wenn es um den Klimawandel geht, denken die meisten Menschen an den steigenden Meeresspiegel, aber nur wenige denken an die Auswirkungen auf ihre Gesundheit. Die Europ\u00e4ische Umweltagentur (EUA) hat die mit einer Erw\u00e4rmung der Atmosph\u00e4re verbundenen Gesundheitsrisiken untersucht. Einige sind offensichtlich, wie h\u00e4ufigere und schwerere \u00dcberschwemmungen, Hitzewellen und Waldbr\u00e4nde, aber sie umfassen auch zunehmende Infektionen und erhebliche psychische Probleme. <\/p>\n\n\n\n<p>Hans-Martin Fuessel, Experte f\u00fcr Risiken des Klimawandels und Anpassung an den Klimawandel bei der EUA, erkl\u00e4rt, auf welche k\u00fcnftigen Herausforderungen wir uns vorbereiten m\u00fcssen und welche Ma\u00dfnahmen wir ergreifen k\u00f6nnen, um unser Wohlergehen zu sichern.<\/p>\n<\/p>\n                                                <div class=\"clear\"><\/div>\n                                            <\/div>\n\n                                                                                    <\/div>\n                                    <\/article>\n                                <\/div>\n                            \n                                <div id=\"post-12032\" class=\"aux-col post-12032\">\n                                    <article class=\"post column-entry post-12032 event_listing type-event_listing status-expired has-post-thumbnail hentry\">\n                                        <div class=\"entry-media\">\n                                            <div class=\"aux-media-frame aux-media-image aux-image-mask\">\n                                                <img decoding=\"async\"\n                                                loading=\"lazy\"\n                                                src=\"https:\/\/meeteu.eu\/wp-content\/uploads\/2024\/07\/Event-ERASMUS-Consultant-1-Website.jpg\"\n                                                class=\"aux-attachment aux-featured-image aux-attachment-id-12033 aux-preload aux-has-preview\"\n                                                alt=\"\"\n                                                data-src=\"https:\/\/meeteu.eu\/wp-content\/uploads\/2024\/07\/Event-ERASMUS-Consultant-1-Website.jpg\"\n                                                \/>\n                                            <\/div>\n                                        <\/div>\n\n                                        <header class=\"entry-header\">\n                                            <h4 class=\"entry-title\">\n                                                Jung und europ\u00e4isch: Eine gl\u00e4nzende Zukunft?                                            <\/h4>\n                                        <\/header>\n\n                                        <div class=\"entry-main\">\n                                            <div class=\"entry-info\">\n                                                <div class=\"event-date\">\n                                                                                                            <i class=\"fas fa-calendar-alt\"><\/i>&nbsp;\n                                                    \n                                                                                                            <span>16. Juli 2024<\/span>\n                                                                                                                                                                <span>19:00 (MESZ)<\/span>\n                                                    \n                                                                                                            <span> - <\/span>\n                                                    \n                                                                                                            <span>16. Juli 2024<\/span>\n                                                                                                                                                                <span>20:00 (MESZ)<\/span>\n                                                                                                    <\/div>\n\n                                                                                                    <div class=\"event-location\">\n                                                                                                                    <i class=\"fas fa-thumbtack\"><\/i>&nbsp;\n                                                            <span>Virtuelle Veranstaltung auf Zoom<\/span>\n                                                                                                            <\/div>\n\n                                                    <div class=\"event-language\">\n                                                                                                                    <i class=\"fas fa-globe\"><\/i>&nbsp;\n                                                            <span>Auf Englisch, mit mehrsprachigen Untertiteln<\/span>\n                                                                                                            <\/div>\n                                                                                            <\/div>\n\n                                            <div class=\"entry-content\">\n                                                <p>\n<p>Nehmen Sie an einer Diskussion \u00fcber das Engagement junger Menschen in Europa teil. Entdecken Sie, wie junge Menschen wie Sie sich engagieren und etwas bewirken. Lernen Sie verschiedene Programme kennen, darunter ERASMUS+, die Studenten und jungen Berufst\u00e4tigen tolle M\u00f6glichkeiten bieten. Finden Sie heraus, wie die EU Ihre Leidenschaften und Zukunftspl\u00e4ne unterst\u00fctzt. Erfahren Sie, wer von ERASMUS+ profitiert und wie mehr junge Menschen ohne Hochschulabschluss ermutigt werden k\u00f6nnten, die Programme zu nutzen.<\/p>\n<\/p>\n                                                <div class=\"clear\"><\/div>\n                                            <\/div>\n\n                                                                                    <\/div>\n                                    <\/article>\n                                <\/div>\n                            \n                                <div id=\"post-11999\" class=\"aux-col post-11999\">\n                                    <article class=\"post column-entry post-11999 event_listing type-event_listing status-expired has-post-thumbnail hentry\">\n                                        <div class=\"entry-media\">\n                                            <div class=\"aux-media-frame aux-media-image aux-image-mask\">\n                                                <img decoding=\"async\"\n                                                loading=\"lazy\"\n                                                src=\"https:\/\/meeteu.eu\/wp-content\/uploads\/2024\/07\/Visual-NextGenEu.jpg\"\n                                                class=\"aux-attachment aux-featured-image aux-attachment-id-12000 aux-preload aux-has-preview\"\n                                                alt=\"\"\n                                                data-src=\"https:\/\/meeteu.eu\/wp-content\/uploads\/2024\/07\/Visual-NextGenEu.jpg\"\n                                                \/>\n                                            <\/div>\n                                        <\/div>\n\n                                        <header class=\"entry-header\">\n                                            <h4 class=\"entry-title\">\n                                                Wie NextGenerationEU die Zukunft Europas ver\u00e4ndert                                            <\/h4>\n                                        <\/header>\n\n                                        <div class=\"entry-main\">\n                                            <div class=\"entry-info\">\n                                                <div class=\"event-date\">\n                                                                                                            <i class=\"fas fa-calendar-alt\"><\/i>&nbsp;\n                                                    \n                                                                                                            <span>9. Juli 2024<\/span>\n                                                                                                                                                                <span>19:00 (MESZ)<\/span>\n                                                    \n                                                                                                            <span> - <\/span>\n                                                    \n                                                                                                            <span>9. Juli 2024<\/span>\n                                                                                                                                                                <span>20:00 (MESZ)<\/span>\n                                                                                                    <\/div>\n\n                                                                                                    <div class=\"event-location\">\n                                                                                                                    <i class=\"fas fa-thumbtack\"><\/i>&nbsp;\n                                                            <span>Virtuelle Veranstaltung auf Zoom<\/span>\n                                                                                                            <\/div>\n\n                                                    <div class=\"event-language\">\n                                                                                                                    <i class=\"fas fa-globe\"><\/i>&nbsp;\n                                                            <span>Auf Englisch, mit mehrsprachigen Untertiteln<\/span>\n                                                                                                            <\/div>\n                                                                                            <\/div>\n\n                                            <div class=\"entry-content\">\n                                                <p>\n<p>Im Juli 2024 j\u00e4hrt sich die Einigung des Rates \u00fcber die \"NextGenerationEU\", einen beispiellosen Plan mit einem Volumen von 750 Mrd. EUR, der den L\u00e4ndern helfen soll, sich von der Pandemie zu erholen und eine bessere Zukunft f\u00fcr die n\u00e4chste europ\u00e4ische Generation aufzubauen, zum vierten Mal. Welche Fortschritte wurden in diesen vier Jahren erzielt, und welche Herausforderungen liegen noch vor uns?<br> <br>Maria Teresa Fabregas Fernandez, Direktorin der Task Force, die f\u00fcr die Umsetzung des NextGenerationEU-Konjunkturprogramms zust\u00e4ndig ist, wird Einblicke in die laufenden Arbeiten und Erfolge geben.<\/p>\n<\/p>\n                                                <div class=\"clear\"><\/div>\n                                            <\/div>\n\n                                                                                    <\/div>\n                                    <\/article>\n                                <\/div>\n                            \n                                <div id=\"post-12003\" class=\"aux-col post-12003\">\n                                    <article class=\"post column-entry post-12003 event_listing type-event_listing status-expired has-post-thumbnail hentry\">\n                                        <div class=\"entry-media\">\n                                            <div class=\"aux-media-frame aux-media-image aux-image-mask\">\n                                                <img decoding=\"async\"\n                                                loading=\"lazy\"\n                                                src=\"https:\/\/meeteu.eu\/wp-content\/uploads\/2024\/02\/Mardi-Gras-Break.jpg\"\n                                                class=\"aux-attachment aux-featured-image aux-attachment-id-11572 aux-preload aux-has-preview\"\n                                                alt=\"\"\n                                                data-src=\"https:\/\/meeteu.eu\/wp-content\/uploads\/2024\/02\/Mardi-Gras-Break.jpg\"\n                                                \/>\n                                            <\/div>\n                                        <\/div>\n\n                                        <header class=\"entry-header\">\n                                            <h4 class=\"entry-title\">\n                                                Wir sind in der Pause!                                            <\/h4>\n                                        <\/header>\n\n                                        <div class=\"entry-main\">\n                                            <div class=\"entry-info\">\n                                                <div class=\"event-date\">\n                                                                                                            <i class=\"fas fa-calendar-alt\"><\/i>&nbsp;\n                                                    \n                                                                                                            <span>2. Juli 2024<\/span>\n                                                                                                        \n                                                                                                            <span> - <\/span>\n                                                    \n                                                                                                            <span>2. Juli 2024<\/span>\n                                                                                                                                                        <\/div>\n\n                                                                                                    <div class=\"event-location\">\n                                                                                                                    <i class=\"fas fa-thumbtack\"><\/i>&nbsp;\n                                                            <span>Virtuelle Veranstaltung auf Zoom<\/span>\n                                                                                                            <\/div>\n\n                                                    <div class=\"event-language\">\n                                                                                                                    <i class=\"fas fa-globe\"><\/i>&nbsp;\n                                                            <span>Auf Englisch, mit mehrsprachigen Untertiteln<\/span>\n                                                                                                            <\/div>\n                                                                                            <\/div>\n\n                                            <div class=\"entry-content\">\n                                                <p>\n<p>Aber keine Sorge, wir arbeiten weiterhin an spannenden Veranstaltungen f\u00fcr Sie. Schauen Sie in den n\u00e4chsten Tagen auf unserer Website nach weiteren spannenden M\u00f6glichkeiten. <\/p>\n<\/p>\n                                                <div class=\"clear\"><\/div>\n                                            <\/div>\n\n                                                                                    <\/div>\n                                    <\/article>\n                                <\/div>\n                            \n                                <div id=\"post-11975\" class=\"aux-col post-11975\">\n                                    <article class=\"post column-entry post-11975 event_listing type-event_listing status-expired has-post-thumbnail hentry\">\n                                        <div class=\"entry-media\">\n                                            <div class=\"aux-media-frame aux-media-image aux-image-mask\">\n                                                <img decoding=\"async\"\n                                                loading=\"lazy\"\n                                                src=\"https:\/\/meeteu.eu\/wp-content\/uploads\/2024\/06\/Dirk-Visual-Website.jpg\"\n                                                class=\"aux-attachment aux-featured-image aux-attachment-id-11976 aux-preload aux-has-preview\"\n                                                alt=\"\"\n                                                data-src=\"https:\/\/meeteu.eu\/wp-content\/uploads\/2024\/06\/Dirk-Visual-Website.jpg\"\n                                                \/>\n                                            <\/div>\n                                        <\/div>\n\n                                        <header class=\"entry-header\">\n                                            <h4 class=\"entry-title\">\n                                                Hey Europa - Die Welt ist besser als du denkst                                            <\/h4>\n                                        <\/header>\n\n                                        <div class=\"entry-main\">\n                                            <div class=\"entry-info\">\n                                                <div class=\"event-date\">\n                                                                                                            <i class=\"fas fa-calendar-alt\"><\/i>&nbsp;\n                                                    \n                                                                                                            <span>25 Juni 2024<\/span>\n                                                                                                                                                                <span>19:00 (MESZ)<\/span>\n                                                    \n                                                                                                            <span> - <\/span>\n                                                    \n                                                                                                            <span>25 Juni 2024<\/span>\n                                                                                                                                                                <span>20:00 (MESZ)<\/span>\n                                                                                                    <\/div>\n\n                                                                                                    <div class=\"event-location\">\n                                                                                                                    <i class=\"fas fa-thumbtack\"><\/i>&nbsp;\n                                                            <span>Virtuelle Veranstaltung auf Zoom<\/span>\n                                                                                                            <\/div>\n\n                                                    <div class=\"event-language\">\n                                                                                                                    <i class=\"fas fa-globe\"><\/i>&nbsp;\n                                                            <span>Auf Englisch, mit mehrsprachigen Untertiteln<\/span>\n                                                                                                            <\/div>\n                                                                                            <\/div>\n\n                                            <div class=\"entry-content\">\n                                                <p>\n<p>Krieg, Klimawandel und politische Krisen - Europa ist verunsichert. Schuld daran sind auch viele Medien, die immer nur das Schlechte sehen und nach Schuldigen und Sensationen suchen, statt nach L\u00f6sungen. Das \"Weltangstsyndrom\" kann Menschen in erlernte Hilflosigkeit oder in die Arme von Demagogen treiben. Konstruktiver Journalismus macht es anders und fragt: \"Wie k\u00f6nnen wir weitermachen?\"<\/p>\n\n\n\n<p>Perspective Daily bringt seit 7 Jahren konstruktiven Journalismus nach Deutschland. Autor Dirk Walbr\u00fchl erkl\u00e4rt, wie diese neue Art von Journalismus funktioniert, welche Herausforderungen damit verbunden sind und wie ein Perspektivwechsel unsere Demokratie st\u00e4rken kann.<\/p>\n<\/p>\n                                                <div class=\"clear\"><\/div>\n                                            <\/div>\n\n                                                                                    <\/div>\n                                    <\/article>\n                                <\/div>\n                            \n                                <div id=\"post-11931\" class=\"aux-col post-11931\">\n                                    <article class=\"post column-entry post-11931 event_listing type-event_listing status-expired has-post-thumbnail hentry\">\n                                        <div class=\"entry-media\">\n                                            <div class=\"aux-media-frame aux-media-image aux-image-mask\">\n                                                <img decoding=\"async\"\n                                                loading=\"lazy\"\n                                                src=\"https:\/\/meeteu.eu\/wp-content\/uploads\/2024\/06\/Simulation-Climate-Visual_Website-.jpg\"\n                                                class=\"aux-attachment aux-featured-image aux-attachment-id-11932 aux-preload aux-has-preview\"\n                                                alt=\"\"\n                                                data-src=\"https:\/\/meeteu.eu\/wp-content\/uploads\/2024\/06\/Simulation-Climate-Visual_Website-.jpg\"\n                                                \/>\n                                            <\/div>\n                                        <\/div>\n\n                                        <header class=\"entry-header\">\n                                            <h4 class=\"entry-title\">\n                                                Kann man das 1,5\u00b0C-Ziel erreichen? Eine Simulation der Klimapolitik                                            <\/h4>\n                                        <\/header>\n\n                                        <div class=\"entry-main\">\n                                            <div class=\"entry-info\">\n                                                <div class=\"event-date\">\n                                                                                                            <i class=\"fas fa-calendar-alt\"><\/i>&nbsp;\n                                                    \n                                                                                                            <span>18 Juni 2024<\/span>\n                                                                                                                                                                <span>19:00 (MESZ)<\/span>\n                                                    \n                                                                                                            <span> - <\/span>\n                                                    \n                                                                                                                                                                <span>20:00 (MESZ)<\/span>\n                                                                                                    <\/div>\n\n                                                                                                    <div class=\"event-location\">\n                                                                                                                    <i class=\"fas fa-thumbtack\"><\/i>&nbsp;\n                                                            <span>Virtuelle Veranstaltung auf Zoom<\/span>\n                                                                                                            <\/div>\n\n                                                    <div class=\"event-language\">\n                                                                                                                    <i class=\"fas fa-globe\"><\/i>&nbsp;\n                                                            <span>Auf Englisch, mit mehrsprachigen Untertiteln<\/span>\n                                                                                                            <\/div>\n                                                                                            <\/div>\n\n                                            <div class=\"entry-content\">\n                                                <p>\n<p>Wie w\u00e4re es, wenn Sie der f\u00fchrende Politiker der Welt w\u00e4ren, der die Aufgabe h\u00e4tte, die Klimakrise zu l\u00f6sen? Testen Sie Ihre Ideen im <a href=\"https:\/\/www.climateinteractive.org\/en-roads\/\" rel=\"noopener\">En-ROADS-Klimasimulation<\/a> Workshop. Schlagen Sie L\u00f6sungen wie Energieeffizienz, Kohlenstoffpreise, Steuern auf fossile Brennstoffe, Verringerung der Abholzung oder Kohlendioxidabscheidung vor und sehen Sie, wie sich diese in Echtzeit auf die globale Temperatur auswirken. K\u00f6nnen Sie das 1,5\u00b0C-Ziel erreichen? <\/p>\n\n\n\n<p>Mehr als 6.500 F\u00fchrungskr\u00e4fte aus Beh\u00f6rden, Nichtregierungsorganisationen, Unternehmen und Hochschulen haben an diesem Workshop teilgenommen.<\/p>\n\n\n\n<p>Ihr Vermittler, En-ROADS-Botschafter <a href=\"https:\/\/www.climateinteractive.org\/en-roads\/climate-ambassadors\/ambassador\/bas-tuenter\/\" rel=\"noopener\">Bas T\u00fcnter<\/a>ist der Gr\u00fcnder von Sustainables, einem Start-up-Unternehmen, das sich auf die Wiederverwendung von Laboreinwegartikeln konzentriert. Er entdeckte den En-ROADS-Simulator, als er als Freiwilliger im UN-Jugendklimaraum auf der COP25 arbeitete.<\/p>\n<\/p>\n                                                <div class=\"clear\"><\/div>\n                                            <\/div>\n\n                                                                                    <\/div>\n                                    <\/article>\n                                <\/div>\n                            \n                                <div id=\"post-11962\" class=\"aux-col post-11962\">\n                                    <article class=\"post column-entry post-11962 event_listing type-event_listing status-expired has-post-thumbnail hentry\">\n                                        <div class=\"entry-media\">\n                                            <div class=\"aux-media-frame aux-media-image aux-image-mask\">\n                                                <img decoding=\"async\"\n                                                loading=\"lazy\"\n                                                src=\"https:\/\/meeteu.eu\/wp-content\/uploads\/2024\/06\/Citzen-Panel-Event-Marie_Website.jpg\"\n                                                class=\"aux-attachment aux-featured-image aux-attachment-id-11963 aux-preload aux-has-preview\"\n                                                alt=\"\"\n                                                data-src=\"https:\/\/meeteu.eu\/wp-content\/uploads\/2024\/06\/Citzen-Panel-Event-Marie_Website.jpg\"\n                                                \/>\n                                            <\/div>\n                                        <\/div>\n\n                                        <header class=\"entry-header\">\n                                            <h4 class=\"entry-title\">\n                                                B\u00fcrger machen Gesetze - wie funktioniert das?                                            <\/h4>\n                                        <\/header>\n\n                                        <div class=\"entry-main\">\n                                            <div class=\"entry-info\">\n                                                <div class=\"event-date\">\n                                                                                                            <i class=\"fas fa-calendar-alt\"><\/i>&nbsp;\n                                                    \n                                                                                                            <span>11 Juni 2024<\/span>\n                                                                                                                                                                <span>19:00 (MESZ)<\/span>\n                                                    \n                                                                                                            <span> - <\/span>\n                                                    \n                                                                                                                                                                <span>20:00 (MESZ)<\/span>\n                                                                                                    <\/div>\n\n                                                                                                    <div class=\"event-location\">\n                                                                                                                    <i class=\"fas fa-thumbtack\"><\/i>&nbsp;\n                                                            <span>Virtuelle Veranstaltung auf Zoom<\/span>\n                                                                                                            <\/div>\n\n                                                    <div class=\"event-language\">\n                                                                                                                    <i class=\"fas fa-globe\"><\/i>&nbsp;\n                                                            <span>Auf Englisch, mit mehrsprachigen Untertiteln<\/span>\n                                                                                                            <\/div>\n                                                                                            <\/div>\n\n                                            <div class=\"entry-content\">\n                                                <p>\n<p>Einmal alle 23.000 Jahre hat ein Europ\u00e4er die Chance, f\u00fcr die B\u00fcrgerpanels der Europ\u00e4ischen Kommission ausgew\u00e4hlt zu werden. Marie Louise wurde ausgew\u00e4hlt. Im November 2023 erhielt sie einen Anruf, in dem sie eingeladen wurde, ihre Ansichten zur Energieeffizienz mitzuteilen. Zusammen mit 150 anderen EU-B\u00fcrgern mit unterschiedlichem Hintergrund - Teenager, Eltern, Rentner - entwickelte sie politische Ideen. Diese Ideen und Empfehlungen sollen die Europ\u00e4ische Kommission bei der Ausarbeitung neuer Gesetze zur Energieeffizienz leiten.<br><br>Wie arbeitet eine so heterogene Gruppe zusammen, diskutiert ungewohnte Themen und entwickelt Vorschl\u00e4ge? Marie Luise war dabei und wird ihre Eindr\u00fccke mit uns teilen.<\/p>\n<\/p>\n                                                <div class=\"clear\"><\/div>\n                                            <\/div>\n\n                                                                                    <\/div>\n                                    <\/article>\n                                <\/div>\n                            \n                                <div id=\"post-11876\" class=\"aux-col post-11876\">\n                                    <article class=\"post column-entry post-11876 event_listing type-event_listing status-expired has-post-thumbnail hentry\">\n                                        <div class=\"entry-media\">\n                                            <div class=\"aux-media-frame aux-media-image aux-image-mask\">\n                                                <img decoding=\"async\"\n                                                loading=\"lazy\"\n                                                src=\"https:\/\/meeteu.eu\/wp-content\/uploads\/2024\/05\/Klaus-Welle-Website.jpg\"\n                                                class=\"aux-attachment aux-featured-image aux-attachment-id-11877 aux-preload aux-has-preview\"\n                                                alt=\"\"\n                                                data-src=\"https:\/\/meeteu.eu\/wp-content\/uploads\/2024\/05\/Klaus-Welle-Website.jpg\"\n                                                \/>\n                                            <\/div>\n                                        <\/div>\n\n                                        <header class=\"entry-header\">\n                                            <h4 class=\"entry-title\">\n                                                Neue Herausforderungen - Ist die EU von heute bereit, zu bestehen?                                            <\/h4>\n                                        <\/header>\n\n                                        <div class=\"entry-main\">\n                                            <div class=\"entry-info\">\n                                                <div class=\"event-date\">\n                                                                                                            <i class=\"fas fa-calendar-alt\"><\/i>&nbsp;\n                                                    \n                                                                                                            <span>4 Juni 2024<\/span>\n                                                                                                                                                                <span>19:00 (MESZ)<\/span>\n                                                    \n                                                                                                            <span> - <\/span>\n                                                    \n                                                                                                                                                                <span>20:00 (MESZ)<\/span>\n                                                                                                    <\/div>\n\n                                                                                                    <div class=\"event-location\">\n                                                                                                                    <i class=\"fas fa-thumbtack\"><\/i>&nbsp;\n                                                            <span>Virtuelle Veranstaltung auf Zoom<\/span>\n                                                                                                            <\/div>\n\n                                                    <div class=\"event-language\">\n                                                                                                                    <i class=\"fas fa-globe\"><\/i>&nbsp;\n                                                            <span>Auf Englisch, mit mehrsprachigen Untertiteln<\/span>\n                                                                                                            <\/div>\n                                                                                            <\/div>\n\n                                            <div class=\"entry-content\">\n                                                <p>\n<p>In dieser Woche werden rund 400 Millionen Europ\u00e4erinnen und Europ\u00e4er die Zukunft ihres Kontinents gestalten, indem sie ein neues Europ\u00e4isches Parlament w\u00e4hlen. Seit mehr als 13 Jahren hat Klaus Welle als Generalsekret\u00e4r des Europ\u00e4ischen Parlaments diese Institution zum Herzst\u00fcck der EU-Demokratie gemacht.<\/p>\n\n\n\n<p>W\u00e4hrend er f\u00fcr ein st\u00e4rkeres Parlament mit mehr Kompetenzen pl\u00e4diert, hat Welle auch den physischen Charakter der Institution gestaltet, um sie transparenter zu machen: Das Haus der Geschichte des EP, sein neues Besucherzentrum in Br\u00fcssel. Politisch pl\u00e4diert er f\u00fcr eine nachhaltige und zukunftsf\u00e4hige Europ\u00e4ische Union, die sich an den sieben D-Notationen orientiert: Verschuldung, Verteidigung, Demokratie, Demografie, Digitalisierung, Dekarbonisierung und Deglobalisierung.<\/p>\n\n\n\n<p>Nehmen Sie an unserer speziellen Wahlveranstaltung teil, um mit jemandem, der die Funktionsweise des Europ\u00e4ischen Parlaments in- und auswendig kennt, \u00fcber die Zukunft der Europ\u00e4ischen Union zu diskutieren. Teilen Sie Ihre Ansichten dar\u00fcber mit, was n\u00f6tig ist, um die Europ\u00e4ische Union zu einem dauerhaften Erfolg f\u00fcr k\u00fcnftige Generationen zu machen. <\/p>\n<\/p>\n                                                <div class=\"clear\"><\/div>\n                                            <\/div>\n\n                                                                                    <\/div>\n                                    <\/article>\n                                <\/div>\n                            \n                                <div id=\"post-11875\" class=\"aux-col post-11875\">\n                                    <article class=\"post column-entry post-11875 event_listing type-event_listing status-expired has-post-thumbnail hentry\">\n                                        <div class=\"entry-media\">\n                                            <div class=\"aux-media-frame aux-media-image aux-image-mask\">\n                                                <img decoding=\"async\"\n                                                loading=\"lazy\"\n                                                src=\"https:\/\/meeteu.eu\/wp-content\/uploads\/2024\/02\/Mardi-Gras-Break.jpg\"\n                                                class=\"aux-attachment aux-featured-image aux-attachment-id-11572 aux-preload aux-has-preview\"\n                                                alt=\"\"\n                                                data-src=\"https:\/\/meeteu.eu\/wp-content\/uploads\/2024\/02\/Mardi-Gras-Break.jpg\"\n                                                \/>\n                                            <\/div>\n                                        <\/div>\n\n                                        <header class=\"entry-header\">\n                                            <h4 class=\"entry-title\">\n                                                Wir sind eine Woche weg                                            <\/h4>\n                                        <\/header>\n\n                                        <div class=\"entry-main\">\n                                            <div class=\"entry-info\">\n                                                <div class=\"event-date\">\n                                                                                                            <i class=\"fas fa-calendar-alt\"><\/i>&nbsp;\n                                                    \n                                                                                                            <span>28 Mai 2024<\/span>\n                                                                                                        \n                                                                                                            <span> - <\/span>\n                                                    \n                                                                                                            <span>28 Mai 2024<\/span>\n                                                                                                                                                        <\/div>\n\n                                                                                                    <div class=\"event-location\">\n                                                                                                                    <i class=\"fas fa-thumbtack\"><\/i>&nbsp;\n                                                            <span>Virtuelle Veranstaltung auf Zoom<\/span>\n                                                                                                            <\/div>\n\n                                                    <div class=\"event-language\">\n                                                                                                                    <i class=\"fas fa-globe\"><\/i>&nbsp;\n                                                            <span>Auf Englisch, mit mehrsprachigen Untertiteln<\/span>\n                                                                                                            <\/div>\n                                                                                            <\/div>\n\n                                            <div class=\"entry-content\">\n                                                <p>\n<p>Wir machen eine Woche Pause, um uns auf das Special zu den EU-Wahlen n\u00e4chste Woche vorzubereiten! Bleibt dran f\u00fcr n\u00e4chsten Dienstag und erz\u00e4hlt euren Freunden davon. Wir sind immer noch f\u00fcr euch da auf Discord und <\/p>\n<\/p>\n                                                <div class=\"clear\"><\/div>\n                                            <\/div>\n\n                                                                                    <\/div>\n                                    <\/article>\n                                <\/div>\n                            \n                                <div id=\"post-11868\" class=\"aux-col post-11868\">\n                                    <article class=\"post column-entry post-11868 event_listing type-event_listing status-expired has-post-thumbnail hentry\">\n                                        <div class=\"entry-media\">\n                                            <div class=\"aux-media-frame aux-media-image aux-image-mask\">\n                                                <img decoding=\"async\"\n                                                loading=\"lazy\"\n                                                src=\"https:\/\/meeteu.eu\/wp-content\/uploads\/2024\/05\/Website_Disinformation.jpg\"\n                                                class=\"aux-attachment aux-featured-image aux-attachment-id-11872 aux-preload aux-has-preview\"\n                                                alt=\"\"\n                                                data-src=\"https:\/\/meeteu.eu\/wp-content\/uploads\/2024\/05\/Website_Disinformation.jpg\"\n                                                \/>\n                                            <\/div>\n                                        <\/div>\n\n                                        <header class=\"entry-header\">\n                                            <h4 class=\"entry-title\">\n                                                EU-Wahlen in Zeiten der Desinformation                                            <\/h4>\n                                        <\/header>\n\n                                        <div class=\"entry-main\">\n                                            <div class=\"entry-info\">\n                                                <div class=\"event-date\">\n                                                                                                            <i class=\"fas fa-calendar-alt\"><\/i>&nbsp;\n                                                    \n                                                                                                            <span>14 Mai 2024<\/span>\n                                                                                                                                                                <span>19:00 (MESZ)<\/span>\n                                                    \n                                                                                                            <span> - <\/span>\n                                                    \n                                                                                                            <span>14 Mai 2024<\/span>\n                                                                                                                                                                <span>20:00 (MESZ)<\/span>\n                                                                                                    <\/div>\n\n                                                                                                    <div class=\"event-location\">\n                                                                                                                    <i class=\"fas fa-thumbtack\"><\/i>&nbsp;\n                                                            <span>Virtuelle Veranstaltung auf Zoom<\/span>\n                                                                                                            <\/div>\n\n                                                    <div class=\"event-language\">\n                                                                                                                    <i class=\"fas fa-globe\"><\/i>&nbsp;\n                                                            <span>Auf Englisch, mit mehrsprachigen Untertiteln<\/span>\n                                                                                                            <\/div>\n                                                                                            <\/div>\n\n                                            <div class=\"entry-content\">\n                                                <p>\n<p>\ud83e\udd25\ud83d\uddf3Der Wahlkampf f\u00fcr die Wahlen zum Europ\u00e4ischen Parlament 2024 wird von Desinformation \u00fcberschattet, die das Fundament der Demokratie untergr\u00e4bt: die gemeinsame Realit\u00e4t der B\u00fcrger.<\/p>\n\n\n\n<p>\ud83d\udd0d\ud83d\udd0eDie Europ\u00e4ische Beobachtungsstelle f\u00fcr digitale Medien (EDMO) hat sich zum Ziel gesetzt, \"als Referenzpunkt f\u00fcr Daten und Strategien zu Desinformation, \u00f6ffentlichem Vertrauen, Medienkompetenz und Informationsqualit\u00e4t zu fungieren\". Sie steht bei der Behandlung dieses Themas an vorderster Front.<\/p>\n\n\n\n<p>Wir haben Paolo Cesarini, den Direktor des EDMO-Programms, eingeladen, um \u00fcber seine Strategien zu sprechen und dar\u00fcber, wie staatliche und nichtstaatliche Institutionen zusammenarbeiten, um die Risiken von Desinformationsangriffen auf die EU-Wahlen und die Demokratie zu minimieren.<\/p>\n\n\n\n<p>Kann dieser \"Krieg\" gegen b\u00f6se Akteure, Fake-News-Fabriken und KI gewonnen werden?<\/p>\n<\/p>\n                                                <div class=\"clear\"><\/div>\n                                            <\/div>\n\n                                                                                    <\/div>\n                                    <\/article>\n                                <\/div>\n                            \n                                <div id=\"post-11873\" class=\"aux-col post-11873\">\n                                    <article class=\"post column-entry post-11873 event_listing type-event_listing status-expired has-post-thumbnail hentry\">\n                                        <div class=\"entry-media\">\n                                            <div class=\"aux-media-frame aux-media-image aux-image-mask\">\n                                                <img decoding=\"async\"\n                                                loading=\"lazy\"\n                                                src=\"https:\/\/meeteu.eu\/wp-content\/uploads\/2024\/05\/Recipe.jpg\"\n                                                class=\"aux-attachment aux-featured-image aux-attachment-id-11874 aux-preload aux-has-preview\"\n                                                alt=\"\"\n                                                data-src=\"https:\/\/meeteu.eu\/wp-content\/uploads\/2024\/05\/Recipe.jpg\"\n                                                \/>\n                                            <\/div>\n                                        <\/div>\n\n                                        <header class=\"entry-header\">\n                                            <h4 class=\"entry-title\">\n                                                Einfache Rezepte zur St\u00e4rkung der EU-Demokratie                                            <\/h4>\n                                        <\/header>\n\n                                        <div class=\"entry-main\">\n                                            <div class=\"entry-info\">\n                                                <div class=\"event-date\">\n                                                                                                            <i class=\"fas fa-calendar-alt\"><\/i>&nbsp;\n                                                    \n                                                                                                            <span>14 Mai 2024<\/span>\n                                                                                                                                                                <span>19:00 (MESZ)<\/span>\n                                                    \n                                                                                                            <span> - <\/span>\n                                                    \n                                                                                                            <span>14 Mai 2024<\/span>\n                                                                                                                                                                <span>20:00 (MESZ)<\/span>\n                                                                                                    <\/div>\n\n                                                                                                    <div class=\"event-location\">\n                                                                                                                    <i class=\"fas fa-thumbtack\"><\/i>&nbsp;\n                                                            <span>Virtuelle Veranstaltung auf Zoom<\/span>\n                                                                                                            <\/div>\n\n                                                    <div class=\"event-language\">\n                                                                                                                    <i class=\"fas fa-globe\"><\/i>&nbsp;\n                                                            <span>Auf Englisch, mit mehrsprachigen Untertiteln<\/span>\n                                                                                                            <\/div>\n                                                                                            <\/div>\n\n                                            <div class=\"entry-content\">\n                                                <p>\n<p>Europa w\u00e4hlt in weniger als 30 Tagen! Aber wer geht zur Wahl? \u00dcberwiegend Akademiker und Menschen mit hervorragender sozio\u00f6konomischer Stellung. Junge und sozial benachteiligte Menschen machen weniger von ihrem Wahlrecht Gebrauch, aber nur gemeinsam k\u00f6nnen wir einen Weg zum Europa von morgen finden.<\/p>\n\n\n\n<p>W\u00e4hrend des MeetEU DemocracyLab 2024, das vom Berliner Senat finanziert wurde, entwickelten 35 Europ\u00e4er aus 16 L\u00e4ndern Ideen, um alle Menschen - unabh\u00e4ngig von ihrem sozialen Hintergrund - zur Wahl zu motivieren.<\/p>\n\n\n\n<p>Wir pr\u00e4sentieren diese Rezepte f\u00fcr eine starke Demokratie, damit Sie sie in Ihrer Stadt, Ihrer Universit\u00e4t oder Ihrem Dorf anwenden k\u00f6nnen.<\/p>\n\n\n\n<p><\/p>\n<\/p>\n                                                <div class=\"clear\"><\/div>\n                                            <\/div>\n\n                                                                                    <\/div>\n                                    <\/article>\n                                <\/div>\n                            \n                                <div id=\"post-11861\" class=\"aux-col post-11861\">\n                                    <article class=\"post column-entry post-11861 event_listing type-event_listing status-expired has-post-thumbnail hentry\">\n                                        <div class=\"entry-media\">\n                                            <div class=\"aux-media-frame aux-media-image aux-image-mask\">\n                                                <img decoding=\"async\"\n                                                loading=\"lazy\"\n                                                src=\"https:\/\/meeteu.eu\/wp-content\/uploads\/2024\/04\/Adam_Website-Event.jpg\"\n                                                class=\"aux-attachment aux-featured-image aux-attachment-id-11863 aux-preload aux-has-preview\"\n                                                alt=\"\"\n                                                data-src=\"https:\/\/meeteu.eu\/wp-content\/uploads\/2024\/04\/Adam_Website-Event.jpg\"\n                                                \/>\n                                            <\/div>\n                                        <\/div>\n\n                                        <header class=\"entry-header\">\n                                            <h4 class=\"entry-title\">\n                                                Adam: Neue Horizonte mit der Bahn erforschen                                            <\/h4>\n                                        <\/header>\n\n                                        <div class=\"entry-main\">\n                                            <div class=\"entry-info\">\n                                                <div class=\"event-date\">\n                                                                                                            <i class=\"fas fa-calendar-alt\"><\/i>&nbsp;\n                                                    \n                                                                                                            <span>7 Mai 2024<\/span>\n                                                                                                                                                                <span>19:00 (MESZ)<\/span>\n                                                    \n                                                                                                            <span> - <\/span>\n                                                    \n                                                                                                            <span>7 Mai 2024<\/span>\n                                                                                                                                                                <span>20:00 (MESZ)<\/span>\n                                                                                                    <\/div>\n\n                                                                                                    <div class=\"event-location\">\n                                                                                                                    <i class=\"fas fa-thumbtack\"><\/i>&nbsp;\n                                                            <span>Virtuelle Veranstaltung auf Zoom<\/span>\n                                                                                                            <\/div>\n\n                                                    <div class=\"event-language\">\n                                                                                                                    <i class=\"fas fa-globe\"><\/i>&nbsp;\n                                                            <span>Auf Englisch, mit mehrsprachigen Untertiteln<\/span>\n                                                                                                            <\/div>\n                                                                                            <\/div>\n\n                                            <div class=\"entry-content\">\n                                                <p>\n<p>Diese Woche haben wir Adam eingeladen - einen EU-Youngster. Und er hat eine Nachricht f\u00fcr dich: <\/p>\n\n\n\n<p>Hallo, ich bin Adam und komme aus der wundersch\u00f6nen Tschechischen Republik! Letztes Jahr habe ich dank DiscoverEU dieses wilde 21-t\u00e4gige Zugabenteuer quer durch Europa erlebt! Diesen Dienstag teile ich mit dir die inspirierendsten Erfahrungen, die ich gemacht habe, und erz\u00e4hle dir, was passiert ist, als ich \"Europa\" zum ersten Mal in meinem Leben getroffen habe! Glaubt mir, ihr wollt meine Geschichten, Tipps und meine gute Laune nicht verpassen. Also, schnapp dir einen Platz und lass uns plaudern!<\/p>\n\n\n\n<p><\/p>\n<\/p>\n                                                <div class=\"clear\"><\/div>\n                                            <\/div>\n\n                                                                                    <\/div>\n                                    <\/article>\n                                <\/div>\n                            \n                                <div id=\"post-11865\" class=\"aux-col post-11865\">\n                                    <article class=\"post column-entry post-11865 event_listing type-event_listing status-expired has-post-thumbnail hentry\">\n                                        <div class=\"entry-media\">\n                                            <div class=\"aux-media-frame aux-media-image aux-image-mask\">\n                                                <img decoding=\"async\"\n                                                loading=\"lazy\"\n                                                src=\"https:\/\/meeteu.eu\/wp-content\/uploads\/2024\/04\/Break-Yellow.jpg\"\n                                                class=\"aux-attachment aux-featured-image aux-attachment-id-11866 aux-preload aux-has-preview\"\n                                                alt=\"\"\n                                                data-src=\"https:\/\/meeteu.eu\/wp-content\/uploads\/2024\/04\/Break-Yellow.jpg\"\n                                                \/>\n                                            <\/div>\n                                        <\/div>\n\n                                        <header class=\"entry-header\">\n                                            <h4 class=\"entry-title\">\n                                                Eine kleine Pause f\u00fcr unser Team                                            <\/h4>\n                                        <\/header>\n\n                                        <div class=\"entry-main\">\n                                            <div class=\"entry-info\">\n                                                <div class=\"event-date\">\n                                                                                                            <i class=\"fas fa-calendar-alt\"><\/i>&nbsp;\n                                                    \n                                                                                                            <span>30. April 2024<\/span>\n                                                                                                        \n                                                                                                            <span> - <\/span>\n                                                    \n                                                                                                            <span>30. April 2024<\/span>\n                                                                                                                                                        <\/div>\n\n                                                                                                    <div class=\"event-location\">\n                                                                                                                    <i class=\"fas fa-thumbtack\"><\/i>&nbsp;\n                                                            <span>Virtuelle Veranstaltung auf Zoom<\/span>\n                                                                                                            <\/div>\n\n                                                    <div class=\"event-language\">\n                                                                                                                    <i class=\"fas fa-globe\"><\/i>&nbsp;\n                                                            <span>Auf Englisch, mit mehrsprachigen Untertiteln<\/span>\n                                                                                                            <\/div>\n                                                                                            <\/div>\n\n                                            <div class=\"entry-content\">\n                                                <p>\n<p>Wussten Sie, dass MeetEU 100% von Freiwilligen organisiert wird? Menschen aus allen Teilen des Kontinents arbeiten gemeinsam daran, Ihnen spannende Veranstaltungen und M\u00f6glichkeiten zu bieten, mit anderen Europ\u00e4ern \u00fcber EU-Themen zu diskutieren. Wenn Sie m\u00f6gen, was Sie tun, k\u00f6nnen Sie uns gerne unterst\u00fctzen. <\/p>\n\n\n\n<p>Nur mit Ihrer Hilfe k\u00f6nnen wir dieses Projekt am Laufen halten. <\/p>\n<\/p>\n                                                <div class=\"clear\"><\/div>\n                                            <\/div>\n\n                                                                                    <\/div>\n                                    <\/article>\n                                <\/div>\n                            \n                                <div id=\"post-11669\" class=\"aux-col post-11669\">\n                                    <article class=\"post column-entry post-11669 event_listing type-event_listing status-expired has-post-thumbnail hentry\">\n                                        <div class=\"entry-media\">\n                                            <div class=\"aux-media-frame aux-media-image aux-image-mask\">\n                                                <img decoding=\"async\"\n                                                loading=\"lazy\"\n                                                src=\"https:\/\/meeteu.eu\/wp-content\/uploads\/2024\/04\/Adam-Visual-Website.jpg\"\n                                                class=\"aux-attachment aux-featured-image aux-attachment-id-11670 aux-preload aux-has-preview\"\n                                                alt=\"\"\n                                                data-src=\"https:\/\/meeteu.eu\/wp-content\/uploads\/2024\/04\/Adam-Visual-Website.jpg\"\n                                                \/>\n                                            <\/div>\n                                        <\/div>\n\n                                        <header class=\"entry-header\">\n                                            <h4 class=\"entry-title\">\n                                                Eine neue Generation f\u00fcr Europa                                            <\/h4>\n                                        <\/header>\n\n                                        <div class=\"entry-main\">\n                                            <div class=\"entry-info\">\n                                                <div class=\"event-date\">\n                                                                                                            <i class=\"fas fa-calendar-alt\"><\/i>&nbsp;\n                                                    \n                                                                                                            <span>23. April 2024<\/span>\n                                                                                                                                                                <span>19:00 (MESZ)<\/span>\n                                                    \n                                                                                                            <span> - <\/span>\n                                                    \n                                                                                                            <span>23. April 2024<\/span>\n                                                                                                                                                                <span>20:00 (MESZ)<\/span>\n                                                                                                    <\/div>\n\n                                                                                                    <div class=\"event-location\">\n                                                                                                                    <i class=\"fas fa-thumbtack\"><\/i>&nbsp;\n                                                            <span>Virtuelle Veranstaltung auf Zoom<\/span>\n                                                                                                            <\/div>\n\n                                                    <div class=\"event-language\">\n                                                                                                                    <i class=\"fas fa-globe\"><\/i>&nbsp;\n                                                            <span>Auf Englisch, mit mehrsprachigen Untertiteln<\/span>\n                                                                                                            <\/div>\n                                                                                            <\/div>\n\n                                            <div class=\"entry-content\">\n                                                <p>\n<p>Begleiten Sie uns zu einem Gespr\u00e4ch mit Adam Trune\u010dka, einem 24-j\u00e4hrigen tschechischen MdEP-Kandidaten, der uns von seinem Weg vom Aktivismus zur Politik erz\u00e4hlt. Finden Sie heraus, was ihn antreibt, sich f\u00fcr die Perspektiven der Jugend im Europ\u00e4ischen Parlament einzusetzen, und welche Vorstellungen er vom Europa von morgen hat. <\/p>\n\n\n\n<p>Wie \u00fcblich werden wir ein lockeres Gespr\u00e4ch f\u00fchren, bei dem Sie Adam \u00fcber alles M\u00f6gliche befragen k\u00f6nnen, sei es seine Meinung zu Themen wie dem EU Green Deal oder den LGBTQ-Rechten.<\/p>\n<\/p>\n                                                <div class=\"clear\"><\/div>\n                                            <\/div>\n\n                                                                                    <\/div>\n                                    <\/article>\n                                <\/div>\n                            \n                                <div id=\"post-11623\" class=\"aux-col post-11623\">\n                                    <article class=\"post column-entry post-11623 event_listing type-event_listing status-expired has-post-thumbnail hentry\">\n                                        <div class=\"entry-media\">\n                                            <div class=\"aux-media-frame aux-media-image aux-image-mask\">\n                                                <img decoding=\"async\"\n                                                loading=\"lazy\"\n                                                src=\"https:\/\/meeteu.eu\/wp-content\/uploads\/2024\/03\/Lobbyist-in-the-EU_Website.jpg\"\n                                                class=\"aux-attachment aux-featured-image aux-attachment-id-11624 aux-preload aux-has-preview\"\n                                                alt=\"\"\n                                                data-src=\"https:\/\/meeteu.eu\/wp-content\/uploads\/2024\/03\/Lobbyist-in-the-EU_Website.jpg\"\n                                                \/>\n                                            <\/div>\n                                        <\/div>\n\n                                        <header class=\"entry-header\">\n                                            <h4 class=\"entry-title\">\n                                                Eine Innenperspektive auf den EU-Lobbyismus                                            <\/h4>\n                                        <\/header>\n\n                                        <div class=\"entry-main\">\n                                            <div class=\"entry-info\">\n                                                <div class=\"event-date\">\n                                                                                                            <i class=\"fas fa-calendar-alt\"><\/i>&nbsp;\n                                                    \n                                                                                                            <span>16. April 2024<\/span>\n                                                                                                                                                                <span>19:00 (MESZ)<\/span>\n                                                    \n                                                                                                            <span> - <\/span>\n                                                    \n                                                                                                            <span>16. April 2024<\/span>\n                                                                                                                                                                <span>20:00 (MESZ)<\/span>\n                                                                                                    <\/div>\n\n                                                                                                    <div class=\"event-location\">\n                                                                                                                    <i class=\"fas fa-thumbtack\"><\/i>&nbsp;\n                                                            <span>Virtuelle Veranstaltung auf Zoom<\/span>\n                                                                                                            <\/div>\n\n                                                    <div class=\"event-language\">\n                                                                                                                    <i class=\"fas fa-globe\"><\/i>&nbsp;\n                                                            <span>Auf Englisch, mit mehrsprachigen Untertiteln<\/span>\n                                                                                                            <\/div>\n                                                                                            <\/div>\n\n                                            <div class=\"entry-content\">\n                                                <p>\n<p>Tauchen Sie mit Daniel Gu\u00e9guen in das Herz der Lobbyarbeit der Europ\u00e4ischen Union ein, bei unserer exklusiven Veranstaltung \"EU - Lobbyismus: Eine Innenperspektive\" am 16. April. <\/p>\n\n\n\n<p>Gu\u00e9guen ist daf\u00fcr bekannt, dass er mit seinem Fachwissen die Schichten der EU-Politikgestaltung aufdeckt und seine neuesten Erkenntnisse direkt an Sie weitergibt. Mit einer Karriere, die das Verst\u00e4ndnis der EU-Lobbyarbeit gepr\u00e4gt hat, ist Gu\u00e9guens Arbeit ein Leuchtturm f\u00fcr alle, die sich in den komplexen Korridoren der europ\u00e4ischen Macht bewegen wollen. Von der Entwicklung bahnbrechender Lobbystrategien bis hin zum Verfassen grundlegender Lekt\u00fcre zur EU-Politik bieten seine Erkenntnisse einen seltenen Einblick in die Kunst der Einflussnahme im Herzen Europas. <\/p>\n\n\n\n<p>Er sieht sich selbst als Pro-Europ\u00e4er, aber mit einem kritischen Blick auf die EU-Governance. Bereiten Sie sich auf einen Vortrag vor, der Ihre Sicht auf die EU-Lobbyarbeit ver\u00e4ndern wird. Reservieren Sie jetzt Ihren Platz f\u00fcr die Veranstaltung!<\/p>\n<\/p>\n                                                <div class=\"clear\"><\/div>\n                                            <\/div>\n\n                                                                                    <\/div>\n                                    <\/article>\n                                <\/div>\n                            \n                                <div id=\"post-11626\" class=\"aux-col post-11626\">\n                                    <article class=\"post column-entry post-11626 event_listing type-event_listing status-expired has-post-thumbnail hentry\">\n                                        <div class=\"entry-media\">\n                                            <div class=\"aux-media-frame aux-media-image aux-image-mask\">\n                                                <img decoding=\"async\"\n                                                loading=\"lazy\"\n                                                src=\"https:\/\/meeteu.eu\/wp-content\/uploads\/2024\/03\/First-time-MEP-Austria_Website.jpg\"\n                                                class=\"aux-attachment aux-featured-image aux-attachment-id-11625 aux-preload aux-has-preview\"\n                                                alt=\"\"\n                                                data-src=\"https:\/\/meeteu.eu\/wp-content\/uploads\/2024\/03\/First-time-MEP-Austria_Website.jpg\"\n                                                \/>\n                                            <\/div>\n                                        <\/div>\n\n                                        <header class=\"entry-header\">\n                                            <h4 class=\"entry-title\">\n                                                Junges, erstmaliges MdEP?                                            <\/h4>\n                                        <\/header>\n\n                                        <div class=\"entry-main\">\n                                            <div class=\"entry-info\">\n                                                <div class=\"event-date\">\n                                                                                                            <i class=\"fas fa-calendar-alt\"><\/i>&nbsp;\n                                                    \n                                                                                                            <span>9. April 2024<\/span>\n                                                                                                                                                                <span>19:00 (MESZ)<\/span>\n                                                    \n                                                                                                            <span> - <\/span>\n                                                    \n                                                                                                            <span>9. April 2024<\/span>\n                                                                                                                                                                <span>20:00 (MESZ)<\/span>\n                                                                                                    <\/div>\n\n                                                                                                    <div class=\"event-location\">\n                                                                                                                    <i class=\"fas fa-thumbtack\"><\/i>&nbsp;\n                                                            <span>Virtuelle Veranstaltung auf Zoom<\/span>\n                                                                                                            <\/div>\n\n                                                    <div class=\"event-language\">\n                                                                                                                    <i class=\"fas fa-globe\"><\/i>&nbsp;\n                                                            <span>Auf Englisch, mit mehrsprachigen Untertiteln<\/span>\n                                                                                                            <\/div>\n                                                                                            <\/div>\n\n                                            <div class=\"entry-content\">\n                                                <p>\n<p>Haben Sie sich jemals gefragt, wie es sich anf\u00fchlt, zum ersten Mal f\u00fcr das Europ\u00e4ische Parlament zu kandidieren? Haben Sie schon einmal mit dem Gedanken gespielt, selbst zu kandidieren? Nehmen Sie an der Zoom-Sitzung am Dienstag teil, um mit jemandem dar\u00fcber zu sprechen, der dies tut. <\/p>\n\n\n\n<p>Anna St\u00fcrgkh steht auf dem zweiten Listenplatz ihrer Partei und k\u00f6nnte bei den EU-Parlamentswahlen im Juni Mitglied des Europ\u00e4ischen Parlaments werden. Schalten Sie ein und erfahren Sie mehr \u00fcber Annas Herausforderungen, Erwartungen und Hoffnungen.<\/p>\n<\/p>\n                                                <div class=\"clear\"><\/div>\n                                            <\/div>\n\n                                                                                    <\/div>\n                                    <\/article>\n                                <\/div>\n                            \n                                <div id=\"post-11616\" class=\"aux-col post-11616\">\n                                    <article class=\"post column-entry post-11616 event_listing type-event_listing status-expired has-post-thumbnail hentry\">\n                                        <div class=\"entry-media\">\n                                            <div class=\"aux-media-frame aux-media-image aux-image-mask\">\n                                                <img decoding=\"async\"\n                                                loading=\"lazy\"\n                                                src=\"https:\/\/meeteu.eu\/wp-content\/uploads\/2024\/03\/MeetEU-Easter-Bunny.jpg\"\n                                                class=\"aux-attachment aux-featured-image aux-attachment-id-11617 aux-preload aux-has-preview\"\n                                                alt=\"\"\n                                                data-src=\"https:\/\/meeteu.eu\/wp-content\/uploads\/2024\/03\/MeetEU-Easter-Bunny.jpg\"\n                                                \/>\n                                            <\/div>\n                                        <\/div>\n\n                                        <header class=\"entry-header\">\n                                            <h4 class=\"entry-title\">\n                                                Wir sind in der Osterpause - bis n\u00e4chste Woche!                                            <\/h4>\n                                        <\/header>\n\n                                        <div class=\"entry-main\">\n                                            <div class=\"entry-info\">\n                                                <div class=\"event-date\">\n                                                                                                            <i class=\"fas fa-calendar-alt\"><\/i>&nbsp;\n                                                    \n                                                                                                            <span>2. April 2024<\/span>\n                                                                                                                                                                <span>19:00 (MESZ)<\/span>\n                                                    \n                                                                                                            <span> - <\/span>\n                                                    \n                                                                                                            <span>2. April 2024<\/span>\n                                                                                                                                                                <span>20:00 (MESZ)<\/span>\n                                                                                                    <\/div>\n\n                                                                                                    <div class=\"event-location\">\n                                                                                                                    <i class=\"fas fa-thumbtack\"><\/i>&nbsp;\n                                                            <span>Virtuelle Veranstaltung auf Zoom<\/span>\n                                                                                                            <\/div>\n\n                                                    <div class=\"event-language\">\n                                                                                                                    <i class=\"fas fa-globe\"><\/i>&nbsp;\n                                                            <span>Auf Englisch, mit mehrsprachigen Untertiteln<\/span>\n                                                                                                            <\/div>\n                                                                                            <\/div>\n\n                                            <div class=\"entry-content\">\n                                                <p>\n<p>Wir wollten Ihnen eigentlich eine Osterpostkarte schicken, aber dann haben wir festgestellt, dass unser Sparschwein leer ist. Wenn Sie unser Osterhase sein m\u00f6chten, dann spenden Sie uns doch einen Kaffee (unten links).<\/p>\n<\/p>\n                                                <div class=\"clear\"><\/div>\n                                            <\/div>\n\n                                                                                    <\/div>\n                                    <\/article>\n                                <\/div>\n                            \n                                <div id=\"post-11612\" class=\"aux-col post-11612\">\n                                    <article class=\"post column-entry post-11612 event_listing type-event_listing status-expired has-post-thumbnail hentry\">\n                                        <div class=\"entry-media\">\n                                            <div class=\"aux-media-frame aux-media-image aux-image-mask\">\n                                                <img decoding=\"async\"\n                                                loading=\"lazy\"\n                                                src=\"https:\/\/meeteu.eu\/wp-content\/uploads\/2024\/03\/eID_visual.jpg\"\n                                                class=\"aux-attachment aux-featured-image aux-attachment-id-11613 aux-preload aux-has-preview\"\n                                                alt=\"\"\n                                                data-src=\"https:\/\/meeteu.eu\/wp-content\/uploads\/2024\/03\/eID_visual.jpg\"\n                                                \/>\n                                            <\/div>\n                                        <\/div>\n\n                                        <header class=\"entry-header\">\n                                            <h4 class=\"entry-title\">\n                                                MEP-Chat: eIDAS 2.0: Die Verlagerung Ihrer Identit\u00e4t in die digitale Welt                                            <\/h4>\n                                        <\/header>\n\n                                        <div class=\"entry-main\">\n                                            <div class=\"entry-info\">\n                                                <div class=\"event-date\">\n                                                                                                            <i class=\"fas fa-calendar-alt\"><\/i>&nbsp;\n                                                    \n                                                                                                            <span>26. M\u00e4rz 2024<\/span>\n                                                                                                                                                                <span>19:00 (MESZ)<\/span>\n                                                    \n                                                                                                            <span> - <\/span>\n                                                    \n                                                                                                            <span>26. M\u00e4rz 2024<\/span>\n                                                                                                                                                                <span>20:00 (MESZ)<\/span>\n                                                                                                    <\/div>\n\n                                                                                                    <div class=\"event-location\">\n                                                                                                                    <i class=\"fas fa-thumbtack\"><\/i>&nbsp;\n                                                            <span>Virtuelle Veranstaltung auf Zoom<\/span>\n                                                                                                            <\/div>\n\n                                                    <div class=\"event-language\">\n                                                                                                                    <i class=\"fas fa-globe\"><\/i>&nbsp;\n                                                            <span>Auf Englisch, mit mehrsprachigen Untertiteln<\/span>\n                                                                                                            <\/div>\n                                                                                            <\/div>\n\n                                            <div class=\"entry-content\">\n                                                <p>\n<p>Bewerben Sie sich f\u00fcr ein Universit\u00e4tsstudium in einem anderen EU-Land? Sie machen Urlaub im Ausland und haben Ihr \u00e4rztliches Rezept vergessen? Sind Sie unsicher, ob ein Online-Shop authentisch ist? Sie m\u00fcssen nachweisen, dass Sie Auto fahren d\u00fcrfen, ohne eine weitere Karte mit sich zu f\u00fchren? Sind Sie es leid, zu Hause Papierbescheinigungen zu sammeln? <\/p>\n\n\n\n<p>Nehmen Sie an unserem Zoom-Event mit Romana Jerkovi\u0107, Mitglied des Europ\u00e4ischen Parlaments (S&amp;D), teil, die f\u00fcr den Entwurf von eIDAS 2.0, dem aktualisierten EU-Identit\u00e4tsrahmen, verantwortlich ist. Erfahren Sie, wie er bei den genannten Szenarien und mehr hilft.<\/p>\n<\/p>\n                                                <div class=\"clear\"><\/div>\n                                            <\/div>\n\n                                                                                    <\/div>\n                                    <\/article>\n                                <\/div>\n                            \n                                <div id=\"post-11610\" class=\"aux-col post-11610\">\n                                    <article class=\"post column-entry post-11610 event_listing type-event_listing status-expired has-post-thumbnail hentry\">\n                                        <div class=\"entry-media\">\n                                            <div class=\"aux-media-frame aux-media-image aux-image-mask\">\n                                                <img decoding=\"async\"\n                                                loading=\"lazy\"\n                                                src=\"https:\/\/meeteu.eu\/wp-content\/uploads\/2024\/03\/Event-ILOT_Website.jpg\"\n                                                class=\"aux-attachment aux-featured-image aux-attachment-id-11611 aux-preload aux-has-preview\"\n                                                alt=\"\"\n                                                data-src=\"https:\/\/meeteu.eu\/wp-content\/uploads\/2024\/03\/Event-ILOT_Website.jpg\"\n                                                \/>\n                                            <\/div>\n                                        <\/div>\n\n                                        <header class=\"entry-header\">\n                                            <h4 class=\"entry-title\">\n                                                Barrieren \u00fcberwinden - Vom Gef\u00e4ngnis zur Rehabilitation                                            <\/h4>\n                                        <\/header>\n\n                                        <div class=\"entry-main\">\n                                            <div class=\"entry-info\">\n                                                <div class=\"event-date\">\n                                                                                                            <i class=\"fas fa-calendar-alt\"><\/i>&nbsp;\n                                                    \n                                                                                                            <span>19. M\u00e4rz 2024<\/span>\n                                                                                                                                                                <span>19:00 (MESZ)<\/span>\n                                                    \n                                                                                                            <span> - <\/span>\n                                                    \n                                                                                                            <span>19. M\u00e4rz 2024<\/span>\n                                                                                                                                                                <span>20:00 (MESZ)<\/span>\n                                                                                                    <\/div>\n\n                                                                                                    <div class=\"event-location\">\n                                                                                                                    <i class=\"fas fa-thumbtack\"><\/i>&nbsp;\n                                                            <span>Virtuelle Veranstaltung auf Zoom<\/span>\n                                                                                                            <\/div>\n\n                                                    <div class=\"event-language\">\n                                                                                                                    <i class=\"fas fa-globe\"><\/i>&nbsp;\n                                                            <span>Auf Englisch, mit mehrsprachigen Untertiteln<\/span>\n                                                                                                            <\/div>\n                                                                                            <\/div>\n\n                                            <div class=\"entry-content\">\n                                                <p>\n<p>Wussten Sie, dass in Frankreich etwa 11,5% der Verurteilten jedes Jahr ins Gef\u00e4ngnis zur\u00fcckkehren, was zu einer \u00dcberbelegung f\u00fchrt? In Verbindung mit der erheblichen Unterfinanzierung der franz\u00f6sischen Gef\u00e4ngnisse stellt dies sowohl die Insassen als auch das Gef\u00e4ngnispersonal vor alarmierende Herausforderungen. Heute wollen wir denjenigen eine Stimme geben, die normalerweise nicht geh\u00f6rt werden: den marginalisierten Mitgliedern der Gesellschaft, die in den Medien kaum vertreten sind und oft als hoffnungslose F\u00e4lle abgetan werden.<\/p>\n\n\n\n<p>Wir wollen herausfinden, ob eine erfolgreiche Wiedereingliederung in die Gesellschaft f\u00fcr Menschen, die schon einmal inhaftiert waren, m\u00f6glich ist und wie dieses alarmierende Problem der R\u00fcckf\u00e4lligkeit angegangen werden kann. Diskutieren Sie mit Olivier Caquineau, einem Experten f\u00fcr das franz\u00f6sische Justizsystem, dem Verein Ilot, der sich f\u00fcr die Rehabilitierung ehemaliger H\u00e4ftlinge einsetzt, und Ludovic, einem ehemaligen H\u00e4ftling. <\/p>\n\n\n\n<p>Gewinnen Sie einen Einblick in das Leben hinter Gittern und in den Prozess der Bew\u00e4ltigung der Herausforderungen, die sich bei der Wiedereingliederung in die Gesellschaft stellen.<\/p>\n<\/p>\n                                                <div class=\"clear\"><\/div>\n                                            <\/div>\n\n                                                                                    <\/div>\n                                    <\/article>\n                                <\/div>\n                            \n                                <div id=\"post-11606\" class=\"aux-col post-11606\">\n                                    <article class=\"post column-entry post-11606 event_listing type-event_listing status-expired has-post-thumbnail hentry\">\n                                        <div class=\"entry-media\">\n                                            <div class=\"aux-media-frame aux-media-image aux-image-mask\">\n                                                <img decoding=\"async\"\n                                                loading=\"lazy\"\n                                                src=\"https:\/\/meeteu.eu\/wp-content\/uploads\/2024\/03\/Visual-Election-TALK-Website-.jpg\"\n                                                class=\"aux-attachment aux-featured-image aux-attachment-id-11607 aux-preload aux-has-preview\"\n                                                alt=\"\"\n                                                data-src=\"https:\/\/meeteu.eu\/wp-content\/uploads\/2024\/03\/Visual-Election-TALK-Website-.jpg\"\n                                                \/>\n                                            <\/div>\n                                        <\/div>\n\n                                        <header class=\"entry-header\">\n                                            <h4 class=\"entry-title\">\n                                                Stimmen auf dem Stimmzettel: Digitaler Dialog zu den EU-Wahlen                                            <\/h4>\n                                        <\/header>\n\n                                        <div class=\"entry-main\">\n                                            <div class=\"entry-info\">\n                                                <div class=\"event-date\">\n                                                                                                            <i class=\"fas fa-calendar-alt\"><\/i>&nbsp;\n                                                    \n                                                                                                            <span>5. M\u00e4rz 2024<\/span>\n                                                                                                                                                                <span>19:00 (MESZ)<\/span>\n                                                    \n                                                                                                            <span> - <\/span>\n                                                    \n                                                                                                            <span>5. M\u00e4rz 2024<\/span>\n                                                                                                                                                                <span>20:00 (MESZ)<\/span>\n                                                                                                    <\/div>\n\n                                                                                                    <div class=\"event-location\">\n                                                                                                                    <i class=\"fas fa-thumbtack\"><\/i>&nbsp;\n                                                            <span>Virtuelle Veranstaltung auf Zoom<\/span>\n                                                                                                            <\/div>\n\n                                                    <div class=\"event-language\">\n                                                                                                                    <i class=\"fas fa-globe\"><\/i>&nbsp;\n                                                            <span>Auf Englisch, mit mehrsprachigen Untertiteln<\/span>\n                                                                                                            <\/div>\n                                                                                            <\/div>\n\n                                            <div class=\"entry-content\">\n                                                <p>\n<p>Diese digitale Sitzung, die \u00fcber Zoom veranstaltet wird, wird sich mit den j\u00fcngsten EU-Wahlen befassen und deren Ergebnisse, Auswirkungen und die entscheidende Rolle, die sie bei der Gestaltung der Zukunft der europ\u00e4ischen Demokratie spielen, untersuchen. In diesem interaktiven Forum werden EU-B\u00fcrger zusammenkommen, um Strategien f\u00fcr eine st\u00e4rkere Beteiligung der W\u00e4hler zu diskutieren und den Weg f\u00fcr eine partizipativere EU zu finden. Beteiligen Sie sich an lebhaften Diskussionen, teilen Sie Ihre Erkenntnisse mit und schlie\u00dfen Sie sich einer Gemeinschaft an, die sich f\u00fcr die St\u00e4rkung der Demokratie in ganz Europa einsetzt.<\/p>\n\n\n\n<p>Verpassen Sie nicht die Gelegenheit, sich an einer kritischen Diskussion \u00fcber die Zukunft der demokratischen Beteiligung und der Governance in der EU zu beteiligen. Ihre Stimme z\u00e4hlt in unserem gemeinsamen Bem\u00fchen, eine integrativere, lebendigere und demokratischere Europ\u00e4ische Union zu f\u00f6rdern.<\/p>\n<\/p>\n                                                <div class=\"clear\"><\/div>\n                                            <\/div>\n\n                                                                                    <\/div>\n                                    <\/article>\n                                <\/div>\n                            \n                                <div id=\"post-11574\" class=\"aux-col post-11574\">\n                                    <article class=\"post column-entry post-11574 event_listing type-event_listing status-expired has-post-thumbnail hentry\">\n                                        <div class=\"entry-media\">\n                                            <div class=\"aux-media-frame aux-media-image aux-image-mask\">\n                                                <img decoding=\"async\"\n                                                loading=\"lazy\"\n                                                src=\"https:\/\/meeteu.eu\/wp-content\/uploads\/2024\/02\/Guy-Webseite-Visual.jpg\"\n                                                class=\"aux-attachment aux-featured-image aux-attachment-id-11576 aux-preload aux-has-preview\"\n                                                alt=\"\"\n                                                data-src=\"https:\/\/meeteu.eu\/wp-content\/uploads\/2024\/02\/Guy-Webseite-Visual.jpg\"\n                                                \/>\n                                            <\/div>\n                                        <\/div>\n\n                                        <header class=\"entry-header\">\n                                            <h4 class=\"entry-title\">\n                                                Chat mit Guy Verhofstadt: Die Vereinigten Staaten von Europa - ein Muss in der heutigen Geopolitik                                            <\/h4>\n                                        <\/header>\n\n                                        <div class=\"entry-main\">\n                                            <div class=\"entry-info\">\n                                                <div class=\"event-date\">\n                                                                                                            <i class=\"fas fa-calendar-alt\"><\/i>&nbsp;\n                                                    \n                                                                                                            <span>20. Februar 2024<\/span>\n                                                                                                                                                                <span>19:00 (MESZ)<\/span>\n                                                    \n                                                                                                            <span> - <\/span>\n                                                    \n                                                                                                            <span>20. Februar 2024<\/span>\n                                                                                                                                                                <span>20:00 (MESZ)<\/span>\n                                                                                                    <\/div>\n\n                                                                                                    <div class=\"event-location\">\n                                                                                                                    <i class=\"fas fa-thumbtack\"><\/i>&nbsp;\n                                                            <span>Virtuelle Veranstaltung auf Zoom<\/span>\n                                                                                                            <\/div>\n\n                                                    <div class=\"event-language\">\n                                                                                                                    <i class=\"fas fa-globe\"><\/i>&nbsp;\n                                                            <span>Auf Englisch, mit mehrsprachigen Untertiteln<\/span>\n                                                                                                            <\/div>\n                                                                                            <\/div>\n\n                                            <div class=\"entry-content\">\n                                                <p>\n<p>China will Taiwan und die Kontrolle \u00fcber das S\u00fcdchinesische Meer. Russland ist bestrebt, seine Hegemonie aus der Sowjet\u00e4ra in Osteuropa wiederherzustellen. Derweil sagt Pr\u00e4sidentschaftskandidat Donald Trump, dass er kleine NATO-Verb\u00fcndete oder solche, die nicht genug f\u00fcr die Verteidigung ausgeben, m\u00f6glicherweise nicht verteidigen wird.<\/p>\n\n\n\n<p> Was passiert, wenn die Vereinigten Staaten sich aus Europa zur\u00fcckziehen? Kann die EU die Sicherheit der osteurop\u00e4ischen Mitglieder garantieren? Ist die EU in ihrer jetzigen Form in der Lage, sich in diesem globalen Alligatorteich zu behaupten? Viele argumentieren, dass wir eine starke neue Vision f\u00fcr den Kontinent brauchen. Ist es jetzt an der Zeit, die Europ\u00e4ische Union als \"Vereinigte Staaten von Europa\" neu zu gestalten? <\/p>\n\n\n\n<p>Von wem k\u00f6nnte man besser \u00fcber diese Themen lernen als von <strong>Erneuerung des Europaabgeordneten Guy Verhofstadt<\/strong>, ehemaliger belgischer Premierminister und Vorstandsmitglied der Spinelli-Gruppe der Europ\u00e4ischen F\u00f6deralisten.<\/p>\n<\/p>\n                                                <div class=\"clear\"><\/div>\n                                            <\/div>\n\n                                                                                    <\/div>\n                                    <\/article>\n                                <\/div>\n                            \n                                <div id=\"post-11614\" class=\"aux-col post-11614\">\n                                    <article class=\"post column-entry post-11614 event_listing type-event_listing status-expired has-post-thumbnail hentry\">\n                                        <div class=\"entry-media\">\n                                            <div class=\"aux-media-frame aux-media-image aux-image-mask\">\n                                                <img decoding=\"async\"\n                                                loading=\"lazy\"\n                                                src=\"https:\/\/meeteu.eu\/wp-content\/uploads\/2024\/03\/DemocracyLab-Website.jpg\"\n                                                class=\"aux-attachment aux-featured-image aux-attachment-id-11615 aux-preload aux-has-preview\"\n                                                alt=\"\"\n                                                data-src=\"https:\/\/meeteu.eu\/wp-content\/uploads\/2024\/03\/DemocracyLab-Website.jpg\"\n                                                \/>\n                                            <\/div>\n                                        <\/div>\n\n                                        <header class=\"entry-header\">\n                                            <h4 class=\"entry-title\">\n                                                DemocracyLab2024 - Gemeinsam f\u00fcr das Europa von morgen                                            <\/h4>\n                                        <\/header>\n\n                                        <div class=\"entry-main\">\n                                            <div class=\"entry-info\">\n                                                <div class=\"event-date\">\n                                                                                                            <i class=\"fas fa-calendar-alt\"><\/i>&nbsp;\n                                                    \n                                                                                                            <span>18. Februar 2024<\/span>\n                                                                                                                                                                <span>08:00 (MESZ)<\/span>\n                                                    \n                                                                                                            <span> - <\/span>\n                                                    \n                                                                                                            <span>22. Februar 2024<\/span>\n                                                                                                                                                                <span>20:00 (MESZ)<\/span>\n                                                                                                    <\/div>\n\n                                                                                            <\/div>\n\n                                            <div class=\"entry-content\">\n                                                <p>\n<p>35 Europ\u00e4er im Alter von 16 bis 75 Jahren aus mehr als 17 verschiedenen L\u00e4ndern haben ihre Ideen entwickelt, wie die Wahlbeteiligung bei den EU-Wahlen 2024 erh\u00f6ht werden kann.<\/p>\n<\/p>\n                                                <div class=\"clear\"><\/div>\n                                            <\/div>\n\n                                                                                    <\/div>\n                                    <\/article>\n                                <\/div>\n                            \n                                <div id=\"post-11571\" class=\"aux-col post-11571\">\n                                    <article class=\"post column-entry post-11571 event_listing type-event_listing status-expired has-post-thumbnail hentry\">\n                                        <div class=\"entry-media\">\n                                            <div class=\"aux-media-frame aux-media-image aux-image-mask\">\n                                                <img decoding=\"async\"\n                                                loading=\"lazy\"\n                                                src=\"https:\/\/meeteu.eu\/wp-content\/uploads\/2024\/02\/Mardi-Gras-Break.jpg\"\n                                                class=\"aux-attachment aux-featured-image aux-attachment-id-11572 aux-preload aux-has-preview\"\n                                                alt=\"\"\n                                                data-src=\"https:\/\/meeteu.eu\/wp-content\/uploads\/2024\/02\/Mardi-Gras-Break.jpg\"\n                                                \/>\n                                            <\/div>\n                                        <\/div>\n\n                                        <header class=\"entry-header\">\n                                            <h4 class=\"entry-title\">\n                                                Mardi Gras - Wir machen eine Pause                                            <\/h4>\n                                        <\/header>\n\n                                        <div class=\"entry-main\">\n                                            <div class=\"entry-info\">\n                                                <div class=\"event-date\">\n                                                                                                            <i class=\"fas fa-calendar-alt\"><\/i>&nbsp;\n                                                    \n                                                                                                            <span>13. Februar 2024<\/span>\n                                                                                                                                                                <span>19:00 (MESZ)<\/span>\n                                                    \n                                                                                                            <span> - <\/span>\n                                                    \n                                                                                                            <span>13. Februar 2024<\/span>\n                                                                                                                                                                <span>20:00 (MESZ)<\/span>\n                                                                                                    <\/div>\n\n                                                                                                    <div class=\"event-location\">\n                                                                                                                    <i class=\"fas fa-thumbtack\"><\/i>&nbsp;\n                                                            <span>Virtuelle Veranstaltung auf Zoom<\/span>\n                                                                                                            <\/div>\n\n                                                    <div class=\"event-language\">\n                                                                                                                    <i class=\"fas fa-globe\"><\/i>&nbsp;\n                                                            <span>Auf Englisch, mit mehrsprachigen Untertiteln<\/span>\n                                                                                                            <\/div>\n                                                                                            <\/div>\n\n                                            <div class=\"entry-content\">\n                                                <p>\n<p>Wie jedes Jahr verkleiden sich die Mitglieder des MeetEU-Teams als EU-Politiker, um einen EU-Ratsgipfel zu simulieren. Leider sind die Tickets f\u00fcr dieses Spektakel bereits ausverkauft - sorry. Aber Sie k\u00f6nnen unsere gro\u00dfartige Kreativit\u00e4t und all unsere Arbeit unterst\u00fctzen, indem Sie uns eine Spende zukommen lassen.<\/p>\n<\/p>\n                                                <div class=\"clear\"><\/div>\n                                            <\/div>\n\n                                                                                    <\/div>\n                                    <\/article>\n                                <\/div>\n                            \n                                <div id=\"post-11336\" class=\"aux-col post-11336\">\n                                    <article class=\"post column-entry post-11336 event_listing type-event_listing status-expired has-post-thumbnail hentry\">\n                                        <div class=\"entry-media\">\n                                            <div class=\"aux-media-frame aux-media-image aux-image-mask\">\n                                                <img decoding=\"async\"\n                                                loading=\"lazy\"\n                                                src=\"https:\/\/meeteu.eu\/wp-content\/uploads\/2024\/01\/ANotherrussia-.jpg\"\n                                                class=\"aux-attachment aux-featured-image aux-attachment-id-11337 aux-preload aux-has-preview\"\n                                                alt=\"\"\n                                                data-src=\"https:\/\/meeteu.eu\/wp-content\/uploads\/2024\/01\/ANotherrussia-.jpg\"\n                                                \/>\n                                            <\/div>\n                                        <\/div>\n\n                                        <header class=\"entry-header\">\n                                            <h4 class=\"entry-title\">\n                                                Es gibt ein anderes Russland - Einblicke in die russische Zivilgesellschaft                                            <\/h4>\n                                        <\/header>\n\n                                        <div class=\"entry-main\">\n                                            <div class=\"entry-info\">\n                                                <div class=\"event-date\">\n                                                                                                            <i class=\"fas fa-calendar-alt\"><\/i>&nbsp;\n                                                    \n                                                                                                            <span>6. Februar 2024<\/span>\n                                                                                                                                                                <span>19:00 (MESZ)<\/span>\n                                                    \n                                                                                                            <span> - <\/span>\n                                                    \n                                                                                                            <span>6. Februar 2024<\/span>\n                                                                                                                                                                <span>20:00 (MESZ)<\/span>\n                                                                                                    <\/div>\n\n                                                                                                    <div class=\"event-location\">\n                                                                                                                    <i class=\"fas fa-thumbtack\"><\/i>&nbsp;\n                                                            <span>Virtuelle Veranstaltung auf Zoom<\/span>\n                                                                                                            <\/div>\n\n                                                    <div class=\"event-language\">\n                                                                                                                    <i class=\"fas fa-globe\"><\/i>&nbsp;\n                                                            <span>Auf Englisch, mit mehrsprachigen Untertiteln<\/span>\n                                                                                                            <\/div>\n                                                                                            <\/div>\n\n                                            <div class=\"entry-content\">\n                                                <p>\n<p>Mit der russischen Annexion der Krim, der russischen Einmischung in der Ostukraine im Jahr 2014 und schlie\u00dflich mit dem umfassenden Angriffskrieg gegen die Ukraine im Februar 2022 sind alle Tr\u00e4ume von einer tragf\u00e4higen Partnerschaft mit Russland gr\u00fcndlich zerst\u00f6rt worden. Russland ist wieder in die Rolle geschl\u00fcpft, die es vor 1989 innehatte: Der monolythische Systemfeind der Europ\u00e4ischen Union. Putin kontrolliert das Feld. Die Opposition wird brutal unterdr\u00fcckt.<\/p>\n\n\n\n<p>Bei der Veranstaltung heute Abend sprechen wir mit Elizaveta Shlosberg, Vertreterin der \"Allianz f\u00fcr ein freies und demokratisches Russland\", einer deutschen Organisation \u00fcberwiegend russischer Emigranten mit Sitz in N\u00fcrnberg. Sie wird uns Einblicke in die Aktivit\u00e4ten russischer Emigrantenorganisationen in Europa und in die Entwicklungen der Zivilgesellschaft im Vorfeld der Pr\u00e4sidentschaftswahlen in Russland geben.<\/p>\n<\/p>\n                                                <div class=\"clear\"><\/div>\n                                            <\/div>\n\n                                                                                    <\/div>\n                                    <\/article>\n                                <\/div>\n                            \n                                <div id=\"post-11330\" class=\"aux-col post-11330\">\n                                    <article class=\"post column-entry post-11330 event_listing type-event_listing status-expired has-post-thumbnail hentry\">\n                                        <div class=\"entry-media\">\n                                            <div class=\"aux-media-frame aux-media-image aux-image-mask\">\n                                                <img decoding=\"async\"\n                                                loading=\"lazy\"\n                                                src=\"https:\/\/meeteu.eu\/wp-content\/uploads\/2024\/01\/EU-Turkey-Relations_website-1.jpg\"\n                                                class=\"aux-attachment aux-featured-image aux-attachment-id-11339 aux-preload aux-has-preview\"\n                                                alt=\"\"\n                                                data-src=\"https:\/\/meeteu.eu\/wp-content\/uploads\/2024\/01\/EU-Turkey-Relations_website-1.jpg\"\n                                                \/>\n                                            <\/div>\n                                        <\/div>\n\n                                        <header class=\"entry-header\">\n                                            <h4 class=\"entry-title\">\n                                                Die Beziehungen zwischen der EU und der T\u00fcrkei - das Ende eines Traums?                                            <\/h4>\n                                        <\/header>\n\n                                        <div class=\"entry-main\">\n                                            <div class=\"entry-info\">\n                                                <div class=\"event-date\">\n                                                                                                            <i class=\"fas fa-calendar-alt\"><\/i>&nbsp;\n                                                    \n                                                                                                            <span>30. Januar 2024<\/span>\n                                                                                                                                                                <span>19:00 (MESZ)<\/span>\n                                                    \n                                                                                                            <span> - <\/span>\n                                                    \n                                                                                                            <span>30. Januar 2024<\/span>\n                                                                                                                                                                <span>20:00 (MESZ)<\/span>\n                                                                                                    <\/div>\n\n                                                                                                    <div class=\"event-location\">\n                                                                                                                    <i class=\"fas fa-thumbtack\"><\/i>&nbsp;\n                                                            <span>Virtuelle Veranstaltung auf Zoom<\/span>\n                                                                                                            <\/div>\n\n                                                    <div class=\"event-language\">\n                                                                                                                    <i class=\"fas fa-globe\"><\/i>&nbsp;\n                                                            <span>Auf Englisch, mit mehrsprachigen Untertiteln<\/span>\n                                                                                                            <\/div>\n                                                                                            <\/div>\n\n                                            <div class=\"entry-content\">\n                                                <p>\n<p>Welcher Traum neigt sich m\u00f6glicherweise dem Ende zu? Der Traum der T\u00fcrkei, Mitglied der EU zu werden? Oder der Traum Europas, einen starken Partner zu haben, der eine Br\u00fccke zwischen Europa und Asien schl\u00e4gt? Und wohin steuert die T\u00fcrkei unter Pr\u00e4sident Erdogan? Das sind die Fragen, die wir auf dieser Veranstaltung diskutieren wollen. Um die t\u00fcrkische Perspektive zu vertreten, wird unser Teammitglied Hira aus der T\u00fcrkei uns Einblicke aus t\u00fcrkischer Sicht geben.<\/p>\n\n\n\n<p><\/p>\n<\/p>\n                                                <div class=\"clear\"><\/div>\n                                            <\/div>\n\n                                                                                    <\/div>\n                                    <\/article>\n                                <\/div>\n                            \n                                <div id=\"post-11327\" class=\"aux-col post-11327\">\n                                    <article class=\"post column-entry post-11327 event_listing type-event_listing status-expired has-post-thumbnail hentry\">\n                                        <div class=\"entry-media\">\n                                            <div class=\"aux-media-frame aux-media-image aux-image-mask\">\n                                                <img decoding=\"async\"\n                                                loading=\"lazy\"\n                                                src=\"https:\/\/meeteu.eu\/wp-content\/uploads\/2024\/01\/butikofer-evetnt-visual-website-.jpg\"\n                                                class=\"aux-attachment aux-featured-image aux-attachment-id-11328 aux-preload aux-has-preview\"\n                                                alt=\"\"\n                                                data-src=\"https:\/\/meeteu.eu\/wp-content\/uploads\/2024\/01\/butikofer-evetnt-visual-website-.jpg\"\n                                                \/>\n                                            <\/div>\n                                        <\/div>\n\n                                        <header class=\"entry-header\">\n                                            <h4 class=\"entry-title\">\n                                                MEP-Gespr\u00e4ch: Die Beziehungen zwischen der EU und China: Was kommt auf uns zu?                                            <\/h4>\n                                        <\/header>\n\n                                        <div class=\"entry-main\">\n                                            <div class=\"entry-info\">\n                                                <div class=\"event-date\">\n                                                                                                            <i class=\"fas fa-calendar-alt\"><\/i>&nbsp;\n                                                    \n                                                                                                            <span>23. Januar 2024<\/span>\n                                                                                                                                                                <span>19:00 (MESZ)<\/span>\n                                                    \n                                                                                                            <span> - <\/span>\n                                                    \n                                                                                                            <span>23. Januar 2024<\/span>\n                                                                                                                                                                <span>20:00 (MESZ)<\/span>\n                                                                                                    <\/div>\n\n                                                                                                    <div class=\"event-location\">\n                                                                                                                    <i class=\"fas fa-thumbtack\"><\/i>&nbsp;\n                                                            <span>Virtuelle Veranstaltung auf Zoom<\/span>\n                                                                                                            <\/div>\n\n                                                    <div class=\"event-language\">\n                                                                                                                    <i class=\"fas fa-globe\"><\/i>&nbsp;\n                                                            <span>Auf Englisch, mit mehrsprachigen Untertiteln<\/span>\n                                                                                                            <\/div>\n                                                                                            <\/div>\n\n                                            <div class=\"entry-content\">\n                                                <p><p>Als drittgr\u00f6\u00dftes Exportzentrum der EU verbindet China und die EU eine starke Handelsbeziehung. Doch inmitten der wirtschaftlichen Beziehungen bleibt das wachsame Auge des EU-Parlaments auf die Menschenrechtsprobleme in China gerichtet. Dieser heikle Tanz spiegelt das Engagement der EU wider, durch einen st\u00e4ndigen diplomatischen Dialog mit China ein Gleichgewicht zwischen Handel und Prinzipien herzustellen.<\/p>\n<p>Nehmen Sie teil an einem Zoom-Gespr\u00e4ch mit Herrn Reinhard B\u00dcTIKOFER, Mitglied des Europ\u00e4ischen Parlaments und Vorsitzender der Delegationen f\u00fcr die Beziehungen zur Volksrepublik China. Auf der Suche nach Verst\u00e4ndnis wird diese Veranstaltung die sich entwickelnde Dynamik zwischen Europa und China erhellen.<\/p>\n<\/p>\n                                                <div class=\"clear\"><\/div>\n                                            <\/div>\n\n                                                                                    <\/div>\n                                    <\/article>\n                                <\/div>\n                            \n                                <div id=\"post-11322\" class=\"aux-col post-11322\">\n                                    <article class=\"post column-entry post-11322 event_listing type-event_listing status-expired has-post-thumbnail hentry\">\n                                        <div class=\"entry-media\">\n                                            <div class=\"aux-media-frame aux-media-image aux-image-mask\">\n                                                <img decoding=\"async\"\n                                                loading=\"lazy\"\n                                                src=\"https:\/\/meeteu.eu\/wp-content\/uploads\/2023\/12\/Visual-Christmas-Website.jpg\"\n                                                class=\"aux-attachment aux-featured-image aux-attachment-id-11323 aux-preload aux-has-preview\"\n                                                alt=\"\"\n                                                data-src=\"https:\/\/meeteu.eu\/wp-content\/uploads\/2023\/12\/Visual-Christmas-Website.jpg\"\n                                                \/>\n                                            <\/div>\n                                        <\/div>\n\n                                        <header class=\"entry-header\">\n                                            <h4 class=\"entry-title\">\n                                                Weihnachtliches Chillen mit der MeetEU-Gemeinschaft                                            <\/h4>\n                                        <\/header>\n\n                                        <div class=\"entry-main\">\n                                            <div class=\"entry-info\">\n                                                <div class=\"event-date\">\n                                                                                                            <i class=\"fas fa-calendar-alt\"><\/i>&nbsp;\n                                                    \n                                                                                                            <span>19. Dezember 2023<\/span>\n                                                                                                                                                                <span>19:00 (MESZ)<\/span>\n                                                    \n                                                                                                            <span> - <\/span>\n                                                    \n                                                                                                            <span>19. Dezember 2023<\/span>\n                                                                                                                                                                <span>20:00 (MESZ)<\/span>\n                                                                                                    <\/div>\n\n                                                                                                    <div class=\"event-location\">\n                                                                                                                    <i class=\"fas fa-thumbtack\"><\/i>&nbsp;\n                                                            <span>Virtuelle Veranstaltung auf Zoom<\/span>\n                                                                                                            <\/div>\n\n                                                    <div class=\"event-language\">\n                                                                                                                    <i class=\"fas fa-globe\"><\/i>&nbsp;\n                                                            <span>Auf Englisch, mit mehrsprachigen Untertiteln<\/span>\n                                                                                                            <\/div>\n                                                                                            <\/div>\n\n                                            <div class=\"entry-content\">\n                                                <p><p>Im Laufe des Jahres 2023 haben wir die Welt der EU-Politik erkundet. Heute Abend werden wir uns selbst in den Mittelpunkt stellen. <\/p>\n<p>Lassen Sie uns dar\u00fcber sprechen, wie wir in unseren L\u00e4ndern Weihnachten feiern, welche Pl\u00e4ne wir f\u00fcr die Feiertage haben und was uns sonst noch auf dem Herzen liegt. <\/p>\n<p>Nehmen Sie ein gem\u00fctliches Getr\u00e4nk und etwas Panettone, Kerststol, Lebkuchen, B\u00fbche de No\u00ebl, Kourabiedes, Makowiec - was immer Sie wollen. Lassen Sie uns in entspannter Atmosph\u00e4re \u00fcber alles M\u00f6gliche reden (und auch ein bisschen \u00fcber Europa). <\/p>\n<p>Ihre Unterst\u00fctzung w\u00e4hrend des ganzen Jahres bedeutet f\u00fcr uns die Welt. Wir danken Ihnen f\u00fcr alles! <\/p>\n<p>Ich freue mich auf unsere gemeinsame Zeit heute Abend! <\/p>\n<\/p>\n                                                <div class=\"clear\"><\/div>\n                                            <\/div>\n\n                                                                                    <\/div>\n                                    <\/article>\n                                <\/div>\n                            \n                                <div id=\"post-11142\" class=\"aux-col post-11142\">\n                                    <article class=\"post column-entry post-11142 event_listing type-event_listing status-expired has-post-thumbnail hentry\">\n                                        <div class=\"entry-media\">\n                                            <div class=\"aux-media-frame aux-media-image aux-image-mask\">\n                                                <img decoding=\"async\"\n                                                loading=\"lazy\"\n                                                src=\"https:\/\/meeteu.eu\/wp-content\/uploads\/2023\/11\/Platform-Workers-Website.jpg\"\n                                                class=\"aux-attachment aux-featured-image aux-attachment-id-11141 aux-preload aux-has-preview\"\n                                                alt=\"\"\n                                                data-src=\"https:\/\/meeteu.eu\/wp-content\/uploads\/2023\/11\/Platform-Workers-Website.jpg\"\n                                                \/>\n                                            <\/div>\n                                        <\/div>\n\n                                        <header class=\"entry-header\">\n                                            <h4 class=\"entry-title\">\n                                                Die wahren Lieferkosten - Europas Jugend zahlt den Preis                                            <\/h4>\n                                        <\/header>\n\n                                        <div class=\"entry-main\">\n                                            <div class=\"entry-info\">\n                                                <div class=\"event-date\">\n                                                                                                            <i class=\"fas fa-calendar-alt\"><\/i>&nbsp;\n                                                    \n                                                                                                            <span>12. Dezember 2023<\/span>\n                                                                                                                                                                <span>19:00 (MESZ)<\/span>\n                                                    \n                                                                                                            <span> - <\/span>\n                                                    \n                                                                                                            <span>12. Dezember 2023<\/span>\n                                                                                                                                                                <span>20:00 (MESZ)<\/span>\n                                                                                                    <\/div>\n\n                                                                                                    <div class=\"event-location\">\n                                                                                                                    <i class=\"fas fa-thumbtack\"><\/i>&nbsp;\n                                                            <span>Virtuelle Veranstaltung auf Zoom<\/span>\n                                                                                                            <\/div>\n\n                                                    <div class=\"event-language\">\n                                                                                                                    <i class=\"fas fa-globe\"><\/i>&nbsp;\n                                                            <span>Auf Englisch, mit mehrsprachigen Untertiteln<\/span>\n                                                                                                            <\/div>\n                                                                                            <\/div>\n\n                                            <div class=\"entry-content\">\n                                                <p><p>Nach einem langen Arbeitstag scheint es eine entspannte Alternative zu sein, sich das Essen nach Hause liefern zu lassen. Legen Sie die F\u00fc\u00dfe auf den Tisch und verfolgen Sie den Lieferstatus Ihrer App in Echtzeit. Und der Preis ist niedrig: Viele Plattformen bieten sogar eine kostenlose Lieferung an. Wer zahlt also den Preis?<\/p>\n<p>In vielen F\u00e4llen ist es die Jugend Europas. F\u00fcnf von zehn sogenannten Plattformarbeitern - die auf dem Fahrrad sitzen und das Essen ausliefern - sind junge Europ\u00e4er, wie Untersuchungen des Europ\u00e4ischen Jugendforums gezeigt haben. <\/p>\n<p>Aufgrund der wirtschaftlichen und sozialen Ausgrenzung sind viele gezwungen, diese unsichere Arbeit ohne soziale Absicherung und unter unsicheren Arbeitsbedingungen anzunehmen. Was kann also getan werden, um die Jugend zu sch\u00fctzen? Ist das Schuldgef\u00fchl bei den Lieferdiensten inh\u00e4rent, oder gibt es L\u00f6sungen?<\/p>\n<p>Diskutieren wir diese Fragen mit Alex, der sich als Experte und politischer Berater des Europ\u00e4ischen Jugendforums f\u00fcr positive Ver\u00e4nderungen einsetzt. <\/p>\n<\/p>\n                                                <div class=\"clear\"><\/div>\n                                            <\/div>\n\n                                                                                    <\/div>\n                                    <\/article>\n                                <\/div>\n                            \n                                <div id=\"post-11143\" class=\"aux-col post-11143\">\n                                    <article class=\"post column-entry post-11143 event_listing type-event_listing status-expired has-post-thumbnail hentry\">\n                                        <div class=\"entry-media\">\n                                            <div class=\"aux-media-frame aux-media-image aux-image-mask\">\n                                                <img decoding=\"async\"\n                                                loading=\"lazy\"\n                                                src=\"https:\/\/meeteu.eu\/wp-content\/uploads\/2023\/11\/Knaus_Website__.jpg\"\n                                                class=\"aux-attachment aux-featured-image aux-attachment-id-11140 aux-preload aux-has-preview\"\n                                                alt=\"\"\n                                                data-src=\"https:\/\/meeteu.eu\/wp-content\/uploads\/2023\/11\/Knaus_Website__.jpg\"\n                                                \/>\n                                            <\/div>\n                                        <\/div>\n\n                                        <header class=\"entry-header\">\n                                            <h4 class=\"entry-title\">\n                                                Migrationsparadigmenwechsel 2024 - Angst, Fl\u00fcchtlinge und liberale Demokratie                                            <\/h4>\n                                        <\/header>\n\n                                        <div class=\"entry-main\">\n                                            <div class=\"entry-info\">\n                                                <div class=\"event-date\">\n                                                                                                            <i class=\"fas fa-calendar-alt\"><\/i>&nbsp;\n                                                    \n                                                                                                            <span>5. Dezember 2023<\/span>\n                                                                                                                                                                <span>19:00 (MESZ)<\/span>\n                                                    \n                                                                                                            <span> - <\/span>\n                                                    \n                                                                                                            <span>5. Dezember 2023<\/span>\n                                                                                                                                                                <span>20:00 (MESZ)<\/span>\n                                                                                                    <\/div>\n\n                                                                                                    <div class=\"event-location\">\n                                                                                                                    <i class=\"fas fa-thumbtack\"><\/i>&nbsp;\n                                                            <span>Virtuelle Veranstaltung auf Zoom<\/span>\n                                                                                                            <\/div>\n\n                                                    <div class=\"event-language\">\n                                                                                                                    <i class=\"fas fa-globe\"><\/i>&nbsp;\n                                                            <span>Auf Englisch, mit mehrsprachigen Untertiteln<\/span>\n                                                                                                            <\/div>\n                                                                                            <\/div>\n\n                                            <div class=\"entry-content\">\n                                                <p><p>Mit Gerald Knaus, Vorsitzender des Thinktanks Europ\u00e4ische Stabilit\u00e4tsinitiative und Architekt der EU-T\u00fcrkei-Erkl\u00e4rung zur Migration.<\/p>\n<p>Die irregul\u00e4re Migration ist nach wie vor eine Herausforderung f\u00fcr die EU und ihre Mitgliedstaaten und gibt rechtspopulistischen Parteien mit einer illiberalen Vision f\u00fcr den Kontinent Auftrieb. Dennoch ist die EU auf der Suche nach einer Strategie.<\/p>\n<p>Knaus argumentiert, dass \"wir einen Paradigmenwechsel in der EU-Migrationspolitik brauchen, um dem Anstieg der Asylantr\u00e4ge und der irregul\u00e4ren \u00dcberquerung des Mittelmeers zu begegnen. Zu den wichtigsten Ma\u00dfnahmen geh\u00f6ren die Unterst\u00fctzung der Ukraine, die St\u00e4rkung der europ\u00e4ischen Solidarit\u00e4t mit ukrainischen Fl\u00fcchtlingen und die Abschreckung von irregul\u00e4rer Migration in die EU. Um dies zu erreichen, brauchen wir eine erneuerte Zusammenarbeit mit der T\u00fcrkei, strategische Abschiebungen nach Stichtagen, ernsthafte Angebote zur legalen Mobilit\u00e4t und Asylverfahren in sicheren Drittstaaten.\"<\/p>\n<\/p>\n                                                <div class=\"clear\"><\/div>\n                                            <\/div>\n\n                                                                                    <\/div>\n                                    <\/article>\n                                <\/div>\n                            \n                                <div id=\"post-10772\" class=\"aux-col post-10772\">\n                                    <article class=\"post column-entry post-10772 event_listing type-event_listing status-expired has-post-thumbnail hentry\">\n                                        <div class=\"entry-media\">\n                                            <div class=\"aux-media-frame aux-media-image aux-image-mask\">\n                                                <img decoding=\"async\"\n                                                loading=\"lazy\"\n                                                src=\"https:\/\/meeteu.eu\/wp-content\/uploads\/2023\/11\/trump-2-ecr-website.jpg\"\n                                                class=\"aux-attachment aux-featured-image aux-attachment-id-10773 aux-preload aux-has-preview\"\n                                                alt=\"\"\n                                                data-src=\"https:\/\/meeteu.eu\/wp-content\/uploads\/2023\/11\/trump-2-ecr-website.jpg\"\n                                                \/>\n                                            <\/div>\n                                        <\/div>\n\n                                        <header class=\"entry-header\">\n                                            <h4 class=\"entry-title\">\n                                                Ist Europa bereit f\u00fcr Trump 2.0?                                            <\/h4>\n                                        <\/header>\n\n                                        <div class=\"entry-main\">\n                                            <div class=\"entry-info\">\n                                                <div class=\"event-date\">\n                                                                                                            <i class=\"fas fa-calendar-alt\"><\/i>&nbsp;\n                                                    \n                                                                                                            <span>28. November 2023<\/span>\n                                                                                                                                                                <span>19:00 (MESZ)<\/span>\n                                                    \n                                                                                                            <span> - <\/span>\n                                                    \n                                                                                                            <span>28. November 2023<\/span>\n                                                                                                                                                                <span>20:00 (MESZ)<\/span>\n                                                                                                    <\/div>\n\n                                                                                                    <div class=\"event-location\">\n                                                                                                                    <i class=\"fas fa-thumbtack\"><\/i>&nbsp;\n                                                            <span>Virtuelle Veranstaltung auf Zoom<\/span>\n                                                                                                            <\/div>\n\n                                                    <div class=\"event-language\">\n                                                                                                                    <i class=\"fas fa-globe\"><\/i>&nbsp;\n                                                            <span>Auf Englisch, mit mehrsprachigen Untertiteln<\/span>\n                                                                                                            <\/div>\n                                                                                            <\/div>\n\n                                            <div class=\"entry-content\">\n                                                <p><p>Die n\u00e4chsten US-Wahlen sind nur noch ein Jahr entfernt, und viele in Europa sind nerv\u00f6s: Was ist, wenn Trump erneut gewinnt? Wie k\u00f6nnte sich die amerikanische Au\u00dfen- und Handelspolitik \u00e4ndern? Und was k\u00f6nnte das f\u00fcr Europa bedeuten? <\/p>\n<p>In einer Welt, in der Trump die Weltpolitik erneut aufmischen k\u00f6nnte, befassen wir uns mit den m\u00f6glichen Ver\u00e4nderungen in der amerikanischen Politik und der Frage, ob Europa darauf vorbereitet ist.<\/p>\n<p>Nehmen Sie an einem Zoom-Gespr\u00e4ch mit Jeremy Shapiro, Direktor des US-Programms beim European Council on Foreign Relations, teil. Jeremy Shapiro bringt eine F\u00fclle von Fachkenntnissen mit, unter anderem als Berater des US-Au\u00dfenministeriums f\u00fcr die Politik in Nordafrika und der Levante. Er wird uns Einblicke in diese dr\u00e4ngenden Fragen geben.<\/p>\n<\/p>\n                                                <div class=\"clear\"><\/div>\n                                            <\/div>\n\n                                                                                    <\/div>\n                                    <\/article>\n                                <\/div>\n                            \n                                <div id=\"post-10779\" class=\"aux-col post-10779\">\n                                    <article class=\"post column-entry post-10779 event_listing type-event_listing status-expired has-post-thumbnail hentry\">\n                                        <div class=\"entry-media\">\n                                            <div class=\"aux-media-frame aux-media-image aux-image-mask\">\n                                                <img decoding=\"async\"\n                                                loading=\"lazy\"\n                                                src=\"https:\/\/meeteu.eu\/wp-content\/uploads\/2023\/11\/Ukraine-Bookclub-1-.jpg\"\n                                                class=\"aux-attachment aux-featured-image aux-attachment-id-10780 aux-preload aux-has-preview\"\n                                                alt=\"\"\n                                                data-src=\"https:\/\/meeteu.eu\/wp-content\/uploads\/2023\/11\/Ukraine-Bookclub-1-.jpg\"\n                                                \/>\n                                            <\/div>\n                                        <\/div>\n\n                                        <header class=\"entry-header\">\n                                            <h4 class=\"entry-title\">\n                                                Dinge, die in einem Luftschutzbunker einfach Sinn machen                                            <\/h4>\n                                        <\/header>\n\n                                        <div class=\"entry-main\">\n                                            <div class=\"entry-info\">\n                                                <div class=\"event-date\">\n                                                                                                            <i class=\"fas fa-calendar-alt\"><\/i>&nbsp;\n                                                    \n                                                                                                            <span>21. November 2023<\/span>\n                                                                                                                                                                <span>19:00 (MESZ)<\/span>\n                                                    \n                                                                                                            <span> - <\/span>\n                                                    \n                                                                                                            <span>21. November 2023<\/span>\n                                                                                                                                                                <span>20:00 (MESZ)<\/span>\n                                                                                                    <\/div>\n\n                                                                                                    <div class=\"event-location\">\n                                                                                                                    <i class=\"fas fa-thumbtack\"><\/i>&nbsp;\n                                                            <span>Virtuelle Veranstaltung auf Zoom<\/span>\n                                                                                                            <\/div>\n\n                                                    <div class=\"event-language\">\n                                                                                                                    <i class=\"fas fa-globe\"><\/i>&nbsp;\n                                                            <span>Auf Englisch, mit mehrsprachigen Untertiteln<\/span>\n                                                                                                            <\/div>\n                                                                                            <\/div>\n\n                                            <div class=\"entry-content\">\n                                                <p><p>\"Als Russland in mein Land, die Ukraine, einmarschierte, flohen meine Eltern, mein Hund und ich in einen Luftschutzkeller, der mir mehr als bizarr vorkam. Und weil es dort WiFi gab und die Tage verdammt lang und auch langweilig waren, postete ich Videos [auf TikTok], um mein neues Zuhause vorzustellen - einige davon gingen sogar um die Welt.\" <\/p>\n<p>Valeria Shashenok, eine 21-J\u00e4hrige aus der Ukraine, hat auf TikTok Videos gepostet, von denen wir nie gedacht h\u00e4tten, dass wir sie im heutigen Europa sehen w\u00fcrden. \u00dcber 1,3 Millionen Menschen verfolgten ihre Geschichte \u00fcber Bomben, Evakuierungen, Leben, Tod und Dinge, die nur in einem Bunker Sinn machen.<\/p>\n<p>Jetzt, wo sie sicher in Westeuropa ist, hat sie ihr Tagebuch und ihre Fotos in einem Buch verarbeitet. H\u00f6ren Sie sich ihre Geschichte am Dienstag, 21. November, um 19:00 Uhr MEZ auf Zoom an.<\/p>\n<\/p>\n                                                <div class=\"clear\"><\/div>\n                                            <\/div>\n\n                                                                                    <\/div>\n                                    <\/article>\n                                <\/div>\n                            \n                                <div id=\"post-10724\" class=\"aux-col post-10724\">\n                                    <article class=\"post column-entry post-10724 event_listing type-event_listing status-expired has-post-thumbnail hentry\">\n                                        <div class=\"entry-media\">\n                                            <div class=\"aux-media-frame aux-media-image aux-image-mask\">\n                                                <img decoding=\"async\"\n                                                loading=\"lazy\"\n                                                src=\"https:\/\/meeteu.eu\/wp-content\/uploads\/2023\/11\/Deliberative-Democracy_W.jpg\"\n                                                class=\"aux-attachment aux-featured-image aux-attachment-id-10722 aux-preload aux-has-preview\"\n                                                alt=\"\"\n                                                data-src=\"https:\/\/meeteu.eu\/wp-content\/uploads\/2023\/11\/Deliberative-Democracy_W.jpg\"\n                                                \/>\n                                            <\/div>\n                                        <\/div>\n\n                                        <header class=\"entry-header\">\n                                            <h4 class=\"entry-title\">\n                                                Direkte Demokratie - Spielver\u00e4nderung oder B\u00fcchse der Pandora?                                            <\/h4>\n                                        <\/header>\n\n                                        <div class=\"entry-main\">\n                                            <div class=\"entry-info\">\n                                                <div class=\"event-date\">\n                                                                                                            <i class=\"fas fa-calendar-alt\"><\/i>&nbsp;\n                                                    \n                                                                                                            <span>14. November 2023<\/span>\n                                                                                                                                                                <span>19:00 (MESZ)<\/span>\n                                                    \n                                                                                                            <span> - <\/span>\n                                                    \n                                                                                                            <span>14. November 2023<\/span>\n                                                                                                                                                                <span>20:00 (MESZ)<\/span>\n                                                                                                    <\/div>\n\n                                                                                                    <div class=\"event-location\">\n                                                                                                                    <i class=\"fas fa-thumbtack\"><\/i>&nbsp;\n                                                            <span>Virtuelle Veranstaltung auf Zoom<\/span>\n                                                                                                            <\/div>\n\n                                                    <div class=\"event-language\">\n                                                                                                                    <i class=\"fas fa-globe\"><\/i>&nbsp;\n                                                            <span>Auf Englisch, mit mehrsprachigen Untertiteln<\/span>\n                                                                                                            <\/div>\n                                                                                            <\/div>\n\n                                            <div class=\"entry-content\">\n                                                <p><p>Haben Sie bei Ihrer letzten Wahl gew\u00e4hlt? Hohe Wahlenthaltung, ein Vertrauensverlust in die demokratischen Institutionen und eine zunehmende politische Polarisierung - die Demokratie steht heute vor vielen Herausforderungen. F\u00fcr einige ist mehr direktes B\u00fcrgerengagement die L\u00f6sung. Aber ist das die L\u00f6sung, die wir brauchen?<\/p>\n<p>Die B\u00fcrgerinnen und B\u00fcrger werden in den expliziten Entscheidungsprozess einbezogen, indem sie an Volksabstimmungen teilnehmen, sich an Konsultationen beteiligen oder direkt f\u00fcr verschiedene Ma\u00dfnahmen stimmen. Auf der anderen Seite argumentieren einige, dass dies die Kluft zwischen bereits engagierten und passiven B\u00fcrgern vergr\u00f6\u00dfern w\u00fcrde.<\/p>\n<p>Gemeinsam mit Ihnen werden wir in die Welt der deliberativen Demokratie eintauchen und eine Zwischenl\u00f6sung analysieren: B\u00fcrgerbefragungen.<\/p>\n<\/p>\n                                                <div class=\"clear\"><\/div>\n                                            <\/div>\n\n                                                                                    <\/div>\n                                    <\/article>\n                                <\/div>\n                            \n                                <div id=\"post-10720\" class=\"aux-col post-10720\">\n                                    <article class=\"post column-entry post-10720 event_listing type-event_listing status-expired has-post-thumbnail hentry\">\n                                        <div class=\"entry-media\">\n                                            <div class=\"aux-media-frame aux-media-image aux-image-mask\">\n                                                <img decoding=\"async\"\n                                                loading=\"lazy\"\n                                                src=\"https:\/\/meeteu.eu\/wp-content\/uploads\/2023\/11\/Event-Look-Behind-the-Scene_W.jpg\"\n                                                class=\"aux-attachment aux-featured-image aux-attachment-id-10721 aux-preload aux-has-preview\"\n                                                alt=\"\"\n                                                data-src=\"https:\/\/meeteu.eu\/wp-content\/uploads\/2023\/11\/Event-Look-Behind-the-Scene_W.jpg\"\n                                                \/>\n                                            <\/div>\n                                        <\/div>\n\n                                        <header class=\"entry-header\">\n                                            <h4 class=\"entry-title\">\n                                                Treffen Sie das MeetEU-Team - Was passiert hinter den Kulissen?                                            <\/h4>\n                                        <\/header>\n\n                                        <div class=\"entry-main\">\n                                            <div class=\"entry-info\">\n                                                <div class=\"event-date\">\n                                                                                                            <i class=\"fas fa-calendar-alt\"><\/i>&nbsp;\n                                                    \n                                                                                                            <span>7. November 2023<\/span>\n                                                                                                                                                                <span>19:00 (MESZ)<\/span>\n                                                    \n                                                                                                            <span> - <\/span>\n                                                    \n                                                                                                            <span>7. November 2023<\/span>\n                                                                                                                                                                <span>20:00 (MESZ)<\/span>\n                                                                                                    <\/div>\n\n                                                                                                    <div class=\"event-location\">\n                                                                                                                    <i class=\"fas fa-thumbtack\"><\/i>&nbsp;\n                                                            <span>Virtuelle Veranstaltung auf Zoom<\/span>\n                                                                                                            <\/div>\n\n                                                    <div class=\"event-language\">\n                                                                                                                    <i class=\"fas fa-globe\"><\/i>&nbsp;\n                                                            <span>Auf Englisch, mit mehrsprachigen Untertiteln<\/span>\n                                                                                                            <\/div>\n                                                                                            <\/div>\n\n                                            <div class=\"entry-content\">\n                                                <p><p>Haben Sie sich jemals gefragt, was MeetEU genau ist? Wie es funktioniert? Wer denkt sich die Veranstaltungen aus und schreibt Texte wie diesen? Diesen Dienstag finden Sie die \u00fcberraschenden Antworten.<\/p>\n<p>Unsere Vizepr\u00e4sidentin Tina, die normalerweise unsere w\u00f6chentlichen Veranstaltungen moderiert, wird Ihnen aus erster Hand Einblicke in aktuelle und k\u00fcnftige Kampagnen geben, in die Art und Weise, wie Freiwillige aus 15 L\u00e4ndern zusammenarbeiten, und wer wir sind. Dabei wird sie auch einige lustige Geschichten \u00fcber die Anf\u00e4nge von MeetEU und die bisher gr\u00f6\u00dften Herausforderungen erz\u00e4hlen.<\/p>\n<p>Egal, ob Sie einfach nur interessiert sind oder dar\u00fcber nachdenken, dem MeetEU-Team beizutreten, verpassen Sie diese Gelegenheit nicht.<\/p>\n<\/p>\n                                                <div class=\"clear\"><\/div>\n                                            <\/div>\n\n                                                                                    <\/div>\n                                    <\/article>\n                                <\/div>\n                            \n                                <div id=\"post-10692\" class=\"aux-col post-10692\">\n                                    <article class=\"post column-entry post-10692 event_listing type-event_listing status-expired has-post-thumbnail hentry\">\n                                        <div class=\"entry-media\">\n                                            <div class=\"aux-media-frame aux-media-image aux-image-mask\">\n                                                <img decoding=\"async\"\n                                                loading=\"lazy\"\n                                                src=\"https:\/\/meeteu.eu\/wp-content\/uploads\/2023\/10\/Halloween-Website.-jpg.jpg\"\n                                                class=\"aux-attachment aux-featured-image aux-attachment-id-10688 aux-preload aux-has-preview\"\n                                                alt=\"\"\n                                                data-src=\"https:\/\/meeteu.eu\/wp-content\/uploads\/2023\/10\/Halloween-Website.-jpg.jpg\"\n                                                \/>\n                                            <\/div>\n                                        <\/div>\n\n                                        <header class=\"entry-header\">\n                                            <h4 class=\"entry-title\">\n                                                Halloween S\u00fc\u00dfes-oder-Saures                                            <\/h4>\n                                        <\/header>\n\n                                        <div class=\"entry-main\">\n                                            <div class=\"entry-info\">\n                                                <div class=\"event-date\">\n                                                                                                            <i class=\"fas fa-calendar-alt\"><\/i>&nbsp;\n                                                    \n                                                                                                            <span>31. Oktober 2023<\/span>\n                                                                                                        \n                                                                                                            <span> - <\/span>\n                                                    \n                                                                                                            <span>31. Oktober 2023<\/span>\n                                                                                                                                                        <\/div>\n\n                                                                                                    <div class=\"event-location\">\n                                                                                                                    <i class=\"fas fa-thumbtack\"><\/i>&nbsp;\n                                                            <span>Virtuelle Veranstaltung auf Zoom<\/span>\n                                                                                                            <\/div>\n\n                                                    <div class=\"event-language\">\n                                                                                                                    <i class=\"fas fa-globe\"><\/i>&nbsp;\n                                                            <span>Auf Englisch, mit mehrsprachigen Untertiteln<\/span>\n                                                                                                            <\/div>\n                                                                                            <\/div>\n\n                                            <div class=\"entry-content\">\n                                                <p><p>Da wir alle kein Gehalt bekommen, ist Halloween die einzige Gelegenheit f\u00fcr das MeetEU-Team, S\u00fc\u00dfigkeiten zu bekommen. Deshalb trifft sich das Team zum allj\u00e4hrlichen S\u00fc\u00dfes-oder-Saures-Treffen - vielleicht klingeln wir ja auch bei dir? \ud83c\udf83<\/p>\n<\/p>\n                                                <div class=\"clear\"><\/div>\n                                            <\/div>\n\n                                                                                    <\/div>\n                                    <\/article>\n                                <\/div>\n                            \n                                <div id=\"post-10691\" class=\"aux-col post-10691\">\n                                    <article class=\"post column-entry post-10691 event_listing type-event_listing status-expired has-post-thumbnail hentry\">\n                                        <div class=\"entry-media\">\n                                            <div class=\"aux-media-frame aux-media-image aux-image-mask\">\n                                                <img decoding=\"async\"\n                                                loading=\"lazy\"\n                                                src=\"https:\/\/meeteu.eu\/wp-content\/uploads\/2023\/10\/Website_Hey-Europe-Where-are-you-going.jpg\"\n                                                class=\"aux-attachment aux-featured-image aux-attachment-id-10689 aux-preload aux-has-preview\"\n                                                alt=\"\"\n                                                data-src=\"https:\/\/meeteu.eu\/wp-content\/uploads\/2023\/10\/Website_Hey-Europe-Where-are-you-going.jpg\"\n                                                \/>\n                                            <\/div>\n                                        <\/div>\n\n                                        <header class=\"entry-header\">\n                                            <h4 class=\"entry-title\">\n                                                Hey EU - Wohin gehst du?                                            <\/h4>\n                                        <\/header>\n\n                                        <div class=\"entry-main\">\n                                            <div class=\"entry-info\">\n                                                <div class=\"event-date\">\n                                                                                                            <i class=\"fas fa-calendar-alt\"><\/i>&nbsp;\n                                                    \n                                                                                                            <span>24. Oktober 2023<\/span>\n                                                                                                                                                                <span>19:00 (MESZ)<\/span>\n                                                    \n                                                                                                            <span> - <\/span>\n                                                    \n                                                                                                            <span>24. Oktober 2023<\/span>\n                                                                                                                                                                <span>20:00 (MESZ)<\/span>\n                                                                                                    <\/div>\n\n                                                                                                    <div class=\"event-location\">\n                                                                                                                    <i class=\"fas fa-thumbtack\"><\/i>&nbsp;\n                                                            <span>Virtuelle Veranstaltung auf Zoom<\/span>\n                                                                                                            <\/div>\n\n                                                    <div class=\"event-language\">\n                                                                                                                    <i class=\"fas fa-globe\"><\/i>&nbsp;\n                                                            <span>Auf Englisch, mit mehrsprachigen Untertiteln<\/span>\n                                                                                                            <\/div>\n                                                                                            <\/div>\n\n                                            <div class=\"entry-content\">\n                                                <p><p>Die Welt ist in eine Phase des Aufruhrs eingetreten, und die EU ist nicht ganz bereit, sich in diesem Umfeld zu behaupten. Oder ist sie es doch? Kann die EU ihre Ideale aufrechterhalten und trotzdem ein wichtiger globaler Akteur werden, der zum Wohl der Menschheit beitr\u00e4gt? Oder wird die EU unter dem immer st\u00e4rker werdenden Ansturm nationalistischer Gef\u00fchle in ihren Mitgliedsl\u00e4ndern auseinanderfallen?<br \/>\nIn der heutigen Veranstaltung m\u00f6chten wir von Ihnen erfahren, wie die EU Ihrer Meinung nach in 25 Jahren aussehen wird. In kleinen Gruppen werden Sie die M\u00f6glichkeit haben, Ihre Meinung zu \u00e4u\u00dfern und die sich daraus ergebenden Handlungspriorit\u00e4ten zu diskutieren.<\/p>\n<\/p>\n                                                <div class=\"clear\"><\/div>\n                                            <\/div>\n\n                                                                                    <\/div>\n                                    <\/article>\n                                <\/div>\n                            \n                                <div id=\"post-10687\" class=\"aux-col post-10687\">\n                                    <article class=\"post column-entry post-10687 event_listing type-event_listing status-expired has-post-thumbnail hentry\">\n                                        <div class=\"entry-media\">\n                                            <div class=\"aux-media-frame aux-media-image aux-image-mask\">\n                                                <img decoding=\"async\"\n                                                loading=\"lazy\"\n                                                src=\"https:\/\/meeteu.eu\/wp-content\/uploads\/2023\/10\/Proton-Event_Website.jpg\"\n                                                class=\"aux-attachment aux-featured-image aux-attachment-id-10690 aux-preload aux-has-preview\"\n                                                alt=\"\"\n                                                data-src=\"https:\/\/meeteu.eu\/wp-content\/uploads\/2023\/10\/Proton-Event_Website.jpg\"\n                                                \/>\n                                            <\/div>\n                                        <\/div>\n\n                                        <header class=\"entry-header\">\n                                            <h4 class=\"entry-title\">\n                                                TikTok und meine Privatsph\u00e4re - wen interessiert das?                                            <\/h4>\n                                        <\/header>\n\n                                        <div class=\"entry-main\">\n                                            <div class=\"entry-info\">\n                                                <div class=\"event-date\">\n                                                                                                            <i class=\"fas fa-calendar-alt\"><\/i>&nbsp;\n                                                    \n                                                                                                            <span>17. Oktober 2023<\/span>\n                                                                                                                                                                <span>19:00 (MESZ)<\/span>\n                                                    \n                                                                                                            <span> - <\/span>\n                                                    \n                                                                                                            <span>17. Oktober 2023<\/span>\n                                                                                                                                                                <span>20:00 (MESZ)<\/span>\n                                                                                                    <\/div>\n\n                                                                                                    <div class=\"event-location\">\n                                                                                                                    <i class=\"fas fa-thumbtack\"><\/i>&nbsp;\n                                                            <span>Virtuelle Veranstaltung auf Zoom<\/span>\n                                                                                                            <\/div>\n\n                                                    <div class=\"event-language\">\n                                                                                                                    <i class=\"fas fa-globe\"><\/i>&nbsp;\n                                                            <span>Auf Englisch, mit mehrsprachigen Untertiteln<\/span>\n                                                                                                            <\/div>\n                                                                                            <\/div>\n\n                                            <div class=\"entry-content\">\n                                                <p><p>Haben Sie sich jemals gefragt, ob Ihre Daten in Gefahr sind? Machen Sie sich bereit f\u00fcr eine augen\u00f6ffnende Veranstaltung mit Marc von Proton, dem Spitzenreiter im Bereich der Verschl\u00fcsselung:<br \/>\n\ud83c\udf10 K\u00f6nnen TikTok, Instagram, BeReal und andere Plattformen meine Daten an alle verkaufen? Marc sagt dir, was die Vorschriften sind<br \/>\n\ud83d\udd2e GDPR - was? Entschl\u00fcsseln Sie die Magie hinter der Allgemeinen Datenschutzverordnung der EU. Verstehen Sie die verschiedenen Ebenen des Schutzes und erkunden Sie die Grenzen Ihrer digitalen Rechte.<br \/>\n\ud83d\udd12 Wer sorgt daf\u00fcr, dass sich die sozialen Plattformen an das Gesetz halten? Entdecken Sie, wer Ihre digitalen Rechte sch\u00fctzt.<br \/>\n\ud83d\udc49Lernen Sie, wie Sie Ihre Rechte als EU-B\u00fcrger nutzen k\u00f6nnen. Sie haben die Wahl - werden Sie nicht zum Produkt.<\/p>\n<\/p>\n                                                <div class=\"clear\"><\/div>\n                                            <\/div>\n\n                                                                                    <\/div>\n                                    <\/article>\n                                <\/div>\n                            \n                                <div id=\"post-10679\" class=\"aux-col post-10679\">\n                                    <article class=\"post column-entry post-10679 event_listing type-event_listing status-expired has-post-thumbnail hentry\">\n                                        <div class=\"entry-media\">\n                                            <div class=\"aux-media-frame aux-media-image aux-image-mask\">\n                                                <img decoding=\"async\"\n                                                loading=\"lazy\"\n                                                src=\"https:\/\/meeteu.eu\/wp-content\/uploads\/2023\/10\/Chemical-Risks-Website.jpg\"\n                                                class=\"aux-attachment aux-featured-image aux-attachment-id-10680 aux-preload aux-has-preview\"\n                                                alt=\"\"\n                                                data-src=\"https:\/\/meeteu.eu\/wp-content\/uploads\/2023\/10\/Chemical-Risks-Website.jpg\"\n                                                \/>\n                                            <\/div>\n                                        <\/div>\n\n                                        <header class=\"entry-header\">\n                                            <h4 class=\"entry-title\">\n                                                Wie geht die Europ\u00e4ische Union mit chemischen Risiken um?                                            <\/h4>\n                                        <\/header>\n\n                                        <div class=\"entry-main\">\n                                            <div class=\"entry-info\">\n                                                <div class=\"event-date\">\n                                                                                                            <i class=\"fas fa-calendar-alt\"><\/i>&nbsp;\n                                                    \n                                                                                                            <span>10. Oktober 2023<\/span>\n                                                                                                                                                                <span>19:00 (MESZ)<\/span>\n                                                    \n                                                                                                            <span> - <\/span>\n                                                    \n                                                                                                            <span>10. Oktober 2023<\/span>\n                                                                                                                                                                <span>20:00 (MESZ)<\/span>\n                                                                                                    <\/div>\n\n                                                                                                    <div class=\"event-location\">\n                                                                                                                    <i class=\"fas fa-thumbtack\"><\/i>&nbsp;\n                                                            <span>Virtuelle Veranstaltung auf Zoom<\/span>\n                                                                                                            <\/div>\n\n                                                    <div class=\"event-language\">\n                                                                                                                    <i class=\"fas fa-globe\"><\/i>&nbsp;\n                                                            <span>Auf Englisch, mit mehrsprachigen Untertiteln<\/span>\n                                                                                                            <\/div>\n                                                                                            <\/div>\n\n                                            <div class=\"entry-content\">\n                                                <p><p>Chemikalien sind in unserem Leben allgegenw\u00e4rtig, von Haushaltsger\u00e4ten \ud83d\udcf1 bis hin zu Kosmetika\ud83e\uddf4. Aber haben Sie sich jemals Gedanken \u00fcber ihre Sicherheit gemacht? Lassen Sie uns \u00fcber die Bewertung chemischer Risiken sprechen, dar\u00fcber, wie Entscheidungen \u00fcber ein Verbot von Chemikalien getroffen werden, und dar\u00fcber, warum PFAs, diese \"ewigen Chemikalien\", immer noch verwendet werden.<\/p>\n<p>Verschaffen Sie sich mit Hanna-Kaisa Torkkeli von der ECHA, der Chemikalienagentur der EU, einen \u00dcberblick.<\/p>\n<p>\ud83d\uddd3\ufe0f Datum: Dienstag, 10. Oktober \ud83d\udd56 Uhrzeit: 19:00 MESZ<\/p>\n<\/p>\n                                                <div class=\"clear\"><\/div>\n                                            <\/div>\n\n                                                                                    <\/div>\n                                    <\/article>\n                                <\/div>\n                            \n                                <div id=\"post-10651\" class=\"aux-col post-10651\">\n                                    <article class=\"post column-entry post-10651 event_listing type-event_listing status-expired has-post-thumbnail hentry\">\n                                        <div class=\"entry-media\">\n                                            <div class=\"aux-media-frame aux-media-image aux-image-mask\">\n                                                <img decoding=\"async\"\n                                                loading=\"lazy\"\n                                                src=\"https:\/\/meeteu.eu\/wp-content\/uploads\/2023\/08\/Inclusive-Europe-Website.jpg\"\n                                                class=\"aux-attachment aux-featured-image aux-attachment-id-10648 aux-preload aux-has-preview\"\n                                                alt=\"\"\n                                                data-src=\"https:\/\/meeteu.eu\/wp-content\/uploads\/2023\/08\/Inclusive-Europe-Website.jpg\"\n                                                \/>\n                                            <\/div>\n                                        <\/div>\n\n                                        <header class=\"entry-header\">\n                                            <h4 class=\"entry-title\">\n                                                Gemeinsam f\u00fcr eine integrative Zukunft: Strategien und L\u00f6sungen                                            <\/h4>\n                                        <\/header>\n\n                                        <div class=\"entry-main\">\n                                            <div class=\"entry-info\">\n                                                <div class=\"event-date\">\n                                                                                                            <i class=\"fas fa-calendar-alt\"><\/i>&nbsp;\n                                                    \n                                                                                                            <span>3. Oktober 2023<\/span>\n                                                                                                                                                                <span>19:00 (MESZ)<\/span>\n                                                    \n                                                                                                            <span> - <\/span>\n                                                    \n                                                                                                            <span>3. Oktober 2023<\/span>\n                                                                                                                                                                <span>20:00 (MESZ)<\/span>\n                                                                                                    <\/div>\n\n                                                                                                    <div class=\"event-location\">\n                                                                                                                    <i class=\"fas fa-thumbtack\"><\/i>&nbsp;\n                                                            <span>Virtuelle Veranstaltung auf Zoom<\/span>\n                                                                                                            <\/div>\n\n                                                    <div class=\"event-language\">\n                                                                                                                    <i class=\"fas fa-globe\"><\/i>&nbsp;\n                                                            <span>Auf Englisch, mit mehrsprachigen Untertiteln<\/span>\n                                                                                                            <\/div>\n                                                                                            <\/div>\n\n                                            <div class=\"entry-content\">\n                                                <p><p>\"Wir brauchen mehr Inklusion\" - ein Satz, den jeder gerne sagt und h\u00f6rt. Aber warum lebt fast die H\u00e4lfte der Menschen mit Behinderungen in Armut, weil sie arbeitslos sind oder in Werkst\u00e4tten arbeiten, in denen man 1 \u20ac pro Stunde verdient? Warum gibt es immer noch getrennte Schulen und Freizeiteinrichtungen? Wo ist die politische Vertretung von Menschen mit Behinderungen? Auch wenn es verbindliche Gesetze gibt, scheint sich in der EU nicht viel zu verbessern.<\/p>\n<p>Dar\u00fcber sprechen wir mit Katrin Langensiepen, einer gr\u00fcnen Europaabgeordneten. Sie ist die erste und einzige Abgeordnete mit einer sichtbaren Behinderung im Europ\u00e4ischen Parlament und m\u00f6chte sicherstellen, dass diejenigen, die keine politische Vertretung haben, nicht vergessen werden.<\/p>\n<p>Welche \u00c4nderungen brauchen wir, um eine echte Inklusion zu gew\u00e4hrleisten, und wie steht es tats\u00e4chlich um die Inklusion in der EU? Diskutieren Sie mit uns und stellen Sie Ihre Fragen zu diesem wichtigen Thema.<\/p>\n<\/p>\n                                                <div class=\"clear\"><\/div>\n                                            <\/div>\n\n                                                                                    <\/div>\n                                    <\/article>\n                                <\/div>\n                            \n                                <div id=\"post-10612\" class=\"aux-col post-10612\">\n                                    <article class=\"post column-entry post-10612 event_listing type-event_listing status-expired has-post-thumbnail hentry\">\n                                        <div class=\"entry-media\">\n                                            <div class=\"aux-media-frame aux-media-image aux-image-mask\">\n                                                <img decoding=\"async\"\n                                                loading=\"lazy\"\n                                                src=\"https:\/\/meeteu.eu\/wp-content\/uploads\/2023\/08\/Updated-Visual-Media-Freedoom-Website.jpg\"\n                                                class=\"aux-attachment aux-featured-image aux-attachment-id-10650 aux-preload aux-has-preview\"\n                                                alt=\"\"\n                                                data-src=\"https:\/\/meeteu.eu\/wp-content\/uploads\/2023\/08\/Updated-Visual-Media-Freedoom-Website.jpg\"\n                                                \/>\n                                            <\/div>\n                                        <\/div>\n\n                                        <header class=\"entry-header\">\n                                            <h4 class=\"entry-title\">\n                                                Journalist sein in Europa - eine S\u00e4ule der Demokratie in Gefahr?                                            <\/h4>\n                                        <\/header>\n\n                                        <div class=\"entry-main\">\n                                            <div class=\"entry-info\">\n                                                <div class=\"event-date\">\n                                                                                                            <i class=\"fas fa-calendar-alt\"><\/i>&nbsp;\n                                                    \n                                                                                                            <span>26. September 2023<\/span>\n                                                                                                                                                                <span>20:00 (MESZ)<\/span>\n                                                    \n                                                                                                            <span> - <\/span>\n                                                    \n                                                                                                            <span>26. September 2023<\/span>\n                                                                                                                                                                <span>21:00 (MESZ)<\/span>\n                                                                                                    <\/div>\n\n                                                                                                    <div class=\"event-location\">\n                                                                                                                    <i class=\"fas fa-thumbtack\"><\/i>&nbsp;\n                                                            <span>Virtuelle Veranstaltung auf Zoom<\/span>\n                                                                                                            <\/div>\n\n                                                    <div class=\"event-language\">\n                                                                                                                    <i class=\"fas fa-globe\"><\/i>&nbsp;\n                                                            <span>Auf Englisch, mit mehrsprachigen Untertiteln<\/span>\n                                                                                                            <\/div>\n                                                                                            <\/div>\n\n                                            <div class=\"entry-content\">\n                                                <p><p>Trotz der Popularit\u00e4t der sozialen Medien verlassen sich 7 von 10 Europ\u00e4ern immer noch auf das Fernsehen, um Nachrichten zu erhalten. Diejenigen, die die Nachrichten liefern, die Journalisten, sind jedoch oft mit Risiken wie rechtlichen Problemen, finanziellem Druck oder sogar Gewalt konfrontiert.<\/p>\n<p>Um dieses Problem anzugehen, wurde das Gesetz \u00fcber die Medienfreiheit ausgearbeitet. Sein Ziel ist es, Journalisten mehr Sicherheit zu bieten, die Transparenz f\u00fcr die B\u00fcrger zu erh\u00f6hen und einen europ\u00e4ischen Medienmarkt zu regulieren, der sich immer mehr konsolidiert.<\/p>\n<p>Untersuchen Sie mit uns die Probleme im Zusammenhang mit der Pressefreiheit in Europa und m\u00f6gliche L\u00f6sungen. Wir werden dieses Thema mit Irena Joveva, einer ehemaligen Journalistin und einem Mitglied des Europ\u00e4ischen Parlaments von Renew Europe, vertiefen.<\/p>\n<\/p>\n                                                <div class=\"clear\"><\/div>\n                                            <\/div>\n\n                                                                                    <\/div>\n                                    <\/article>\n                                <\/div>\n                            \n                                <div id=\"post-10643\" class=\"aux-col post-10643\">\n                                    <article class=\"post column-entry post-10643 event_listing type-event_listing status-expired has-post-thumbnail hentry\">\n                                        <div class=\"entry-media\">\n                                            <div class=\"aux-media-frame aux-media-image aux-image-mask\">\n                                                <img decoding=\"async\"\n                                                loading=\"lazy\"\n                                                src=\"https:\/\/meeteu.eu\/wp-content\/uploads\/2023\/09\/Citizens_SOTEU_19Sept.jpg\"\n                                                class=\"aux-attachment aux-featured-image aux-attachment-id-10645 aux-preload aux-has-preview\"\n                                                alt=\"\"\n                                                data-src=\"https:\/\/meeteu.eu\/wp-content\/uploads\/2023\/09\/Citizens_SOTEU_19Sept.jpg\"\n                                                \/>\n                                            <\/div>\n                                        <\/div>\n\n                                        <header class=\"entry-header\">\n                                            <h4 class=\"entry-title\">\n                                                Der Zustand der Europ\u00e4ischen Union - aus Sicht der MeetEU-Community                                            <\/h4>\n                                        <\/header>\n\n                                        <div class=\"entry-main\">\n                                            <div class=\"entry-info\">\n                                                <div class=\"event-date\">\n                                                                                                            <i class=\"fas fa-calendar-alt\"><\/i>&nbsp;\n                                                    \n                                                                                                            <span>19. September 2023<\/span>\n                                                                                                                                                                <span>19:00 (MESZ)<\/span>\n                                                    \n                                                                                                            <span> - <\/span>\n                                                    \n                                                                                                            <span>19. September 2023<\/span>\n                                                                                                                                                                <span>20:00 (MESZ)<\/span>\n                                                                                                    <\/div>\n\n                                                                                                    <div class=\"event-location\">\n                                                                                                                    <i class=\"fas fa-thumbtack\"><\/i>&nbsp;\n                                                            <span>Virtuelle Veranstaltung auf Zoom<\/span>\n                                                                                                            <\/div>\n\n                                                    <div class=\"event-language\">\n                                                                                                                    <i class=\"fas fa-globe\"><\/i>&nbsp;\n                                                            <span>Auf Englisch, mit mehrsprachigen Untertiteln<\/span>\n                                                                                                            <\/div>\n                                                                                            <\/div>\n\n                                            <div class=\"entry-content\">\n                                                <p>\n<p>Erleben Sie mit uns eine einzigartige Perspektive auf die Rede zur Lage der Europ\u00e4ischen Union! Letzte Woche hat Ursula von der Leyen, Pr\u00e4sidentin der Europ\u00e4ischen Kommission, ihre Erkenntnisse und Pl\u00e4ne mitgeteilt. Jetzt sind wir dran.<\/p>\n\n\n\n<p>Bei MeetEU betrachten wir die Europ\u00e4ische Union durch die Brille der B\u00fcrger. Was haben wir im vergangenen Jahr erreicht, und welche Herausforderungen sollten in Zukunft angegangen werden?<\/p>\n\n\n\n<p>In kleinen Gruppen werden wir unsere eigene Rede zur Lage der Europ\u00e4ischen Union verfassen. Macht mit, lasst uns ein Gespr\u00e4ch f\u00fchren und Spa\u00df haben!<\/p>\n<\/p>\n                                                <div class=\"clear\"><\/div>\n                                            <\/div>\n\n                                                                                    <\/div>\n                                    <\/article>\n                                <\/div>\n                            \n                                <div id=\"post-10557\" class=\"aux-col post-10557\">\n                                    <article class=\"post column-entry post-10557 event_listing type-event_listing status-expired has-post-thumbnail hentry\">\n                                        <div class=\"entry-media\">\n                                            <div class=\"aux-media-frame aux-media-image aux-image-mask\">\n                                                <img decoding=\"async\"\n                                                loading=\"lazy\"\n                                                src=\"https:\/\/meeteu.eu\/wp-content\/uploads\/2023\/07\/Doppelbauer_RailAgency_Website_2.jpg\"\n                                                class=\"aux-attachment aux-featured-image aux-attachment-id-10562 aux-preload aux-has-preview\"\n                                                alt=\"\"\n                                                data-src=\"https:\/\/meeteu.eu\/wp-content\/uploads\/2023\/07\/Doppelbauer_RailAgency_Website_2.jpg\"\n                                                \/>\n                                            <\/div>\n                                        <\/div>\n\n                                        <header class=\"entry-header\">\n                                            <h4 class=\"entry-title\">\n                                                Gr\u00fcner Schienenverkehr - Sind wir auf dem richtigen Weg?                                            <\/h4>\n                                        <\/header>\n\n                                        <div class=\"entry-main\">\n                                            <div class=\"entry-info\">\n                                                <div class=\"event-date\">\n                                                                                                            <i class=\"fas fa-calendar-alt\"><\/i>&nbsp;\n                                                    \n                                                                                                            <span>18. Juli 2023<\/span>\n                                                                                                                                                                <span>19:00 (MESZ)<\/span>\n                                                    \n                                                                                                            <span> - <\/span>\n                                                    \n                                                                                                            <span>18. Juli 2023<\/span>\n                                                                                                                                                                <span>20:00 (MESZ)<\/span>\n                                                                                                    <\/div>\n\n                                                                                                    <div class=\"event-location\">\n                                                                                                                    <i class=\"fas fa-thumbtack\"><\/i>&nbsp;\n                                                            <span>Virtuelle Veranstaltung auf Zoom<\/span>\n                                                                                                            <\/div>\n\n                                                    <div class=\"event-language\">\n                                                                                                                    <i class=\"fas fa-globe\"><\/i>&nbsp;\n                                                            <span>Auf Englisch, mit mehrsprachigen Untertiteln<\/span>\n                                                                                                            <\/div>\n                                                                                            <\/div>\n\n                                            <div class=\"entry-content\">\n                                                <p><p>Auf den Schienen in die Zukunft! Die meisten von uns sind sich einig: Z\u00fcge sind im Vergleich zu Flugzeugen oder Autos das umweltfreundlichste Verkehrsmittel. Aber die Reise von A nach B mit dem Zug kann eine Herausforderung sein: drei verschiedene Arten von Gleisen, nicht kompatible Signaltechnik sowie Spannungsunterschiede bremsen Reisende und den Transport von G\u00fctern in ganz Europa.<\/p>\n<p>Jetzt ist es an der Zeit, die Weichen f\u00fcr die Zukunft zu stellen! Grenz\u00fcberschreitende Z\u00fcge gibt es schon seit Jahrzehnten, und die n\u00e4chsten Schritte sind bereits klar: eine einheitliche Basis f\u00fcr grenz\u00fcberschreitendes Ticketing, kompatible Wasserstoffz\u00fcge und einheitliche Signalsysteme.<\/p>\n<p>Gemeinsam mit dem Direktor der Europ\u00e4ischen Eisenbahnnetzagentur, Josef Doppelbauer, begeben wir uns auf eine Reise \u00fcber Europas Schienen und sehen, wo die Signale auf Gr\u00fcn stehen und wo sie noch rot sind.<\/p>\n<p>Sie k\u00f6nnen Ihre Koffer mit Erfahrungen und Neugier packen, wir bringen den Rest<\/p>\n<\/p>\n                                                <div class=\"clear\"><\/div>\n                                            <\/div>\n\n                                                                                    <\/div>\n                                    <\/article>\n                                <\/div>\n                            \n                                <div id=\"post-10614\" class=\"aux-col post-10614\">\n                                    <article class=\"post column-entry post-10614 event_listing type-event_listing status-expired has-post-thumbnail hentry\">\n                                        <div class=\"entry-media\">\n                                            <div class=\"aux-media-frame aux-media-image aux-image-mask\">\n                                                <img decoding=\"async\"\n                                                loading=\"lazy\"\n                                                src=\"https:\/\/meeteu.eu\/wp-content\/uploads\/2023\/08\/Summer1.jpg\"\n                                                class=\"aux-attachment aux-featured-image aux-attachment-id-10615 aux-preload aux-has-preview\"\n                                                alt=\"\"\n                                                data-src=\"https:\/\/meeteu.eu\/wp-content\/uploads\/2023\/08\/Summer1.jpg\"\n                                                \/>\n                                            <\/div>\n                                        <\/div>\n\n                                        <header class=\"entry-header\">\n                                            <h4 class=\"entry-title\">\n                                                Sie sind MeetEU!                                            <\/h4>\n                                        <\/header>\n\n                                        <div class=\"entry-main\">\n                                            <div class=\"entry-info\">\n                                                <div class=\"event-date\">\n                                                                                                            <i class=\"fas fa-calendar-alt\"><\/i>&nbsp;\n                                                    \n                                                                                                            <span>18. Juli 2023<\/span>\n                                                                                                        \n                                                                                                            <span> - <\/span>\n                                                    \n                                                                                                            <span>18. Juli 2023<\/span>\n                                                                                                                                                        <\/div>\n\n                                                                                                    <div class=\"event-location\">\n                                                                                                                    <i class=\"fas fa-thumbtack\"><\/i>&nbsp;\n                                                            <span>Virtuelle Veranstaltung auf Zoom<\/span>\n                                                                                                            <\/div>\n\n                                                    <div class=\"event-language\">\n                                                                                                                    <i class=\"fas fa-globe\"><\/i>&nbsp;\n                                                            <span>Auf Englisch, mit mehrsprachigen Untertiteln<\/span>\n                                                                                                            <\/div>\n                                                                                            <\/div>\n\n                                            <div class=\"entry-content\">\n                                                <p><p>Auf 150 Veranstaltungen haben wir \u00fcber unsere gemeinsame Zukunft in Europa diskutiert. Das Ergebnis? Freundschaften und Beziehungen, die keine Grenzen kennen. Gemeinsam mit Ihnen haben wir Europa ein St\u00fcckchen n\u00e4her gebracht. Danke, dass Sie Teil dieser Reise waren! Lassen Sie uns gemeinsam weitermachen.<\/p>\n<\/p>\n                                                <div class=\"clear\"><\/div>\n                                            <\/div>\n\n                                                                                    <\/div>\n                                    <\/article>\n                                <\/div>\n                            \n                                <div id=\"post-10617\" class=\"aux-col post-10617\">\n                                    <article class=\"post column-entry post-10617 event_listing type-event_listing status-expired has-post-thumbnail hentry\">\n                                        <div class=\"entry-media\">\n                                            <div class=\"aux-media-frame aux-media-image aux-image-mask\">\n                                                <img decoding=\"async\"\n                                                loading=\"lazy\"\n                                                src=\"https:\/\/meeteu.eu\/wp-content\/uploads\/2023\/08\/Summer2.jpg\"\n                                                class=\"aux-attachment aux-featured-image aux-attachment-id-10618 aux-preload aux-has-preview\"\n                                                alt=\"\"\n                                                data-src=\"https:\/\/meeteu.eu\/wp-content\/uploads\/2023\/08\/Summer2.jpg\"\n                                                \/>\n                                            <\/div>\n                                        <\/div>\n\n                                        <header class=\"entry-header\">\n                                            <h4 class=\"entry-title\">\n                                                Wir sind in der Sommerpause                                            <\/h4>\n                                        <\/header>\n\n                                        <div class=\"entry-main\">\n                                            <div class=\"entry-info\">\n                                                <div class=\"event-date\">\n                                                                                                            <i class=\"fas fa-calendar-alt\"><\/i>&nbsp;\n                                                    \n                                                                                                            <span>12. Juli 2023<\/span>\n                                                                                                        \n                                                                                                            <span> - <\/span>\n                                                    \n                                                                                                            <span>12. September 2023<\/span>\n                                                                                                                                                        <\/div>\n\n                                                                                                    <div class=\"event-location\">\n                                                                                                                    <i class=\"fas fa-thumbtack\"><\/i>&nbsp;\n                                                            <span>Virtuelle Veranstaltung auf Zoom<\/span>\n                                                                                                            <\/div>\n\n                                                    <div class=\"event-language\">\n                                                                                                                    <i class=\"fas fa-globe\"><\/i>&nbsp;\n                                                            <span>Auf Englisch, mit mehrsprachigen Untertiteln<\/span>\n                                                                                                            <\/div>\n                                                                                            <\/div>\n\n                                            <div class=\"entry-content\">\n                                                <p><p>In den letzten drei Jahren haben wir mit Ihnen und anderen Teilnehmern aus mehr als 45 L\u00e4ndern \u00fcber verschiedene Themen wie Klimawandel, Verteidigung, Frauenrechte, B\u00fcrgerbeteiligung und das Engagement der Jugend diskutiert! Wir k\u00f6nnen die n\u00e4chste Saison kaum erwarten... Bis dahin genie\u00dft das MeetEU-Team seine Sommerpause.<\/p>\n<\/p>\n                                                <div class=\"clear\"><\/div>\n                                            <\/div>\n\n                                                                                    <\/div>\n                                    <\/article>\n                                <\/div>\n                            \n                                <div id=\"post-10554\" class=\"aux-col post-10554\">\n                                    <article class=\"post column-entry post-10554 event_listing type-event_listing status-expired has-post-thumbnail hentry\">\n                                        <div class=\"entry-media\">\n                                            <div class=\"aux-media-frame aux-media-image aux-image-mask\">\n                                                <img decoding=\"async\"\n                                                loading=\"lazy\"\n                                                src=\"https:\/\/meeteu.eu\/wp-content\/uploads\/2023\/07\/Space-Agency-Website-Christina-Giannopapa.png\"\n                                                class=\"aux-attachment aux-featured-image aux-attachment-id-10556 aux-preload aux-has-preview\"\n                                                alt=\"\"\n                                                data-src=\"https:\/\/meeteu.eu\/wp-content\/uploads\/2023\/07\/Space-Agency-Website-Christina-Giannopapa.png\"\n                                                \/>\n                                            <\/div>\n                                        <\/div>\n\n                                        <header class=\"entry-header\">\n                                            <h4 class=\"entry-title\">\n                                                Europa und die Sterne: Die Entdeckung des Weltraums in unserem Alltag                                            <\/h4>\n                                        <\/header>\n\n                                        <div class=\"entry-main\">\n                                            <div class=\"entry-info\">\n                                                <div class=\"event-date\">\n                                                                                                            <i class=\"fas fa-calendar-alt\"><\/i>&nbsp;\n                                                    \n                                                                                                            <span>11. Juli 2023<\/span>\n                                                                                                                                                                <span>19:00 (MESZ)<\/span>\n                                                    \n                                                                                                            <span> - <\/span>\n                                                    \n                                                                                                            <span>11. Juli 2023<\/span>\n                                                                                                                                                                <span>20:00 (MESZ)<\/span>\n                                                                                                    <\/div>\n\n                                                                                                    <div class=\"event-location\">\n                                                                                                                    <i class=\"fas fa-thumbtack\"><\/i>&nbsp;\n                                                            <span>Virtuelle Veranstaltung auf Zoom<\/span>\n                                                                                                            <\/div>\n\n                                                    <div class=\"event-language\">\n                                                                                                                    <i class=\"fas fa-globe\"><\/i>&nbsp;\n                                                            <span>Auf Englisch, mit mehrsprachigen Untertiteln<\/span>\n                                                                                                            <\/div>\n                                                                                            <\/div>\n\n                                            <div class=\"entry-content\">\n                                                <p>\n<p>Wie wirkt sich der Weltraum auf unser t\u00e4gliches Leben aus? Von der Nutzung von Satellitensystemen f\u00fcr die Navigation in einer neuen Stadt bis hin zur Bereitstellung schneller Reaktionsm\u00f6glichkeiten bei Naturkatastrophen wie \u00dcberschwemmungen und Waldbr\u00e4nden spielt der Weltraum eine entscheidende Rolle. Wie funktioniert das? Und was verr\u00e4t der Blick aus dem All \u00fcber den Klimawandel? <\/p>\n\n\n\n<p>Fragen und Antworten mit Dr. Christina Giannopapa von der <a href=\"https:\/\/www.euspa.europa.eu\/\" rel=\"noopener\">EU-Agentur f\u00fcr das Raumfahrtprogramm<\/a>, wo wir die Antworten aufdecken. Registrieren Sie sich hier f\u00fcr Ihren kostenlosen Zoom-Link.<\/p>\n<\/p>\n                                                <div class=\"clear\"><\/div>\n                                            <\/div>\n\n                                                                                    <\/div>\n                                    <\/article>\n                                <\/div>\n                            \n                                <div id=\"post-10551\" class=\"aux-col post-10551\">\n                                    <article class=\"post column-entry post-10551 event_listing type-event_listing status-expired has-post-thumbnail hentry\">\n                                        <div class=\"entry-media\">\n                                            <div class=\"aux-media-frame aux-media-image aux-image-mask\">\n                                                <img decoding=\"async\"\n                                                loading=\"lazy\"\n                                                src=\"https:\/\/meeteu.eu\/wp-content\/uploads\/2023\/07\/Huesmann_.jpg\"\n                                                class=\"aux-attachment aux-featured-image aux-attachment-id-10552 aux-preload aux-has-preview\"\n                                                alt=\"\"\n                                                data-src=\"https:\/\/meeteu.eu\/wp-content\/uploads\/2023\/07\/Huesmann_.jpg\"\n                                                \/>\n                                            <\/div>\n                                        <\/div>\n\n                                        <header class=\"entry-header\">\n                                            <h4 class=\"entry-title\">\n                                                EU-B\u00fcrgerbeteiligung - zu zersplittert, um Wirkung zu zeigen?                                            <\/h4>\n                                        <\/header>\n\n                                        <div class=\"entry-main\">\n                                            <div class=\"entry-info\">\n                                                <div class=\"event-date\">\n                                                                                                            <i class=\"fas fa-calendar-alt\"><\/i>&nbsp;\n                                                    \n                                                                                                            <span>4. Juli 2023<\/span>\n                                                                                                                                                                <span>19:00 (MESZ)<\/span>\n                                                    \n                                                                                                            <span> - <\/span>\n                                                    \n                                                                                                            <span>4. Juli 2023<\/span>\n                                                                                                                                                                <span>20:00 (MESZ)<\/span>\n                                                                                                    <\/div>\n\n                                                                                                    <div class=\"event-location\">\n                                                                                                                    <i class=\"fas fa-thumbtack\"><\/i>&nbsp;\n                                                            <span>Virtuelle Veranstaltung auf Zoom<\/span>\n                                                                                                            <\/div>\n\n                                                    <div class=\"event-language\">\n                                                                                                                    <i class=\"fas fa-globe\"><\/i>&nbsp;\n                                                            <span>Auf Englisch, mit mehrsprachigen Untertiteln<\/span>\n                                                                                                            <\/div>\n                                                                                            <\/div>\n\n                                            <div class=\"entry-content\">\n                                                <p><p>\u270bSpeak up. ?Shape our Future. Ja, es ist m\u00f6glich in der EU!<br \/>\nAber wie k\u00f6nnen wir unsere eigenen Ideen einbringen? Was sind wirksame Wege, dies zu tun? Welche M\u00f6glichkeiten haben wir, Europa in unseren St\u00e4dten oder Regionen zu gestalten? Und k\u00f6nnen wir wirklich etwas bewirken? Oder ist die B\u00fcrgerbeteiligung in der EU zu zersplittert? Und wenn ja - wie k\u00f6nnen wir es besser machen?<\/p>\n<p>Christian Huesmann, Experte f\u00fcr Demokratie und B\u00fcrgerbeteiligung von der Bertelsmann Stiftung, wird diese Fragen beleuchten und mit Ihnen diskutieren.<\/p>\n<\/p>\n                                                <div class=\"clear\"><\/div>\n                                            <\/div>\n\n                                                                                    <\/div>\n                                    <\/article>\n                                <\/div>\n                            \n                                <div id=\"post-10530\" class=\"aux-col post-10530\">\n                                    <article class=\"post column-entry post-10530 event_listing type-event_listing status-expired has-post-thumbnail hentry\">\n                                        <div class=\"entry-media\">\n                                            <div class=\"aux-media-frame aux-media-image aux-image-mask\">\n                                                <img decoding=\"async\"\n                                                loading=\"lazy\"\n                                                src=\"https:\/\/meeteu.eu\/wp-content\/uploads\/2023\/06\/Sven-Mikser-Enlargement-Website.jpg\"\n                                                class=\"aux-attachment aux-featured-image aux-attachment-id-10529 aux-preload aux-has-preview\"\n                                                alt=\"\"\n                                                data-src=\"https:\/\/meeteu.eu\/wp-content\/uploads\/2023\/06\/Sven-Mikser-Enlargement-Website.jpg\"\n                                                \/>\n                                            <\/div>\n                                        <\/div>\n\n                                        <header class=\"entry-header\">\n                                            <h4 class=\"entry-title\">\n                                                EU-Erweiterung in unsicheren Zeiten - Gemeinsam besser oder zu viele Risiken?                                            <\/h4>\n                                        <\/header>\n\n                                        <div class=\"entry-main\">\n                                            <div class=\"entry-info\">\n                                                <div class=\"event-date\">\n                                                                                                            <i class=\"fas fa-calendar-alt\"><\/i>&nbsp;\n                                                    \n                                                                                                            <span>27 Juni 2023<\/span>\n                                                                                                                                                                <span>19:00 (MESZ)<\/span>\n                                                    \n                                                                                                            <span> - <\/span>\n                                                    \n                                                                                                            <span>27 Juni 2023<\/span>\n                                                                                                                                                                <span>20:00 (MESZ)<\/span>\n                                                                                                    <\/div>\n\n                                                                                                    <div class=\"event-location\">\n                                                                                                                    <i class=\"fas fa-thumbtack\"><\/i>&nbsp;\n                                                            <span>Virtuelle Veranstaltung auf Zoom<\/span>\n                                                                                                            <\/div>\n\n                                                    <div class=\"event-language\">\n                                                                                                                    <i class=\"fas fa-globe\"><\/i>&nbsp;\n                                                            <span>Auf Englisch, mit mehrsprachigen Untertiteln<\/span>\n                                                                                                            <\/div>\n                                                                                            <\/div>\n\n                                            <div class=\"entry-content\">\n                                                <p><p>2004 beantragte Nordmazedonien zum ersten Mal den Beitritt zur Europ\u00e4ischen Union. 2020, \u00fcber 16 Jahre sp\u00e4ter, begannen die offiziellen Verhandlungen - die EU-Erweiterung ist zeitaufw\u00e4ndig.<\/p>\n<p>Die EU-Erweiterung gewann jedoch an Dynamik - ein Jahr nach dem Einmarsch Russlands in die Ukraine wuchs die Liste der EU-Kandidatenl\u00e4nder von f\u00fcnf auf acht. Dennoch betrachten einige politische Hauptst\u00e4dte die neuen EU-Mitgliedstaaten immer noch als zus\u00e4tzliche finanzielle Belastung, die den politischen Entscheidungsprozess weiter verkompliziert.<\/p>\n<p>Ist es der richtige Zeitpunkt f\u00fcr die EU-Erweiterung? Welche Faktoren beeinflussen den Erweiterungsprozess extern und intern innerhalb der EU? Sollte es ein beschleunigtes Beitrittsverfahren geben? Und was sind die Folgen, wenn die Union sie nicht aufnimmt?<\/p>\n<p>Wir werden dieses Thema mit Sven Mikser, Mitglied des Europ\u00e4ischen Parlaments und ehemaliger Verteidigungsminister Estlands, diskutieren. Als Mitglied des Ausschusses f\u00fcr ausw\u00e4rtige Angelegenheiten und stellvertretender Vorsitzender der Delegation f\u00fcr die Beziehungen zur NATO wird er uns mit seiner Expertise einen umfassenden Einblick in das Thema geben.<\/p>\n<\/p>\n                                                <div class=\"clear\"><\/div>\n                                            <\/div>\n\n                                                                                    <\/div>\n                                    <\/article>\n                                <\/div>\n                            \n                                <div id=\"post-10523\" class=\"aux-col post-10523\">\n                                    <article class=\"post column-entry post-10523 event_listing type-event_listing status-expired has-post-thumbnail hentry\">\n                                        <div class=\"entry-media\">\n                                            <div class=\"aux-media-frame aux-media-image aux-image-mask\">\n                                                <img decoding=\"async\"\n                                                loading=\"lazy\"\n                                                src=\"https:\/\/meeteu.eu\/wp-content\/uploads\/2023\/06\/DemocracyAI_VWebsite_EngA.jpg\"\n                                                class=\"aux-attachment aux-featured-image aux-attachment-id-10524 aux-preload aux-has-preview\"\n                                                alt=\"\"\n                                                data-src=\"https:\/\/meeteu.eu\/wp-content\/uploads\/2023\/06\/DemocracyAI_VWebsite_EngA.jpg\"\n                                                \/>\n                                            <\/div>\n                                        <\/div>\n\n                                        <header class=\"entry-header\">\n                                            <h4 class=\"entry-title\">\n                                                KI und Demokratie - Welchen Weg geht Europa?                                            <\/h4>\n                                        <\/header>\n\n                                        <div class=\"entry-main\">\n                                            <div class=\"entry-info\">\n                                                <div class=\"event-date\">\n                                                                                                            <i class=\"fas fa-calendar-alt\"><\/i>&nbsp;\n                                                    \n                                                                                                            <span>15 Juni 2023<\/span>\n                                                                                                                                                                <span>19:00 (MESZ)<\/span>\n                                                    \n                                                                                                            <span> - <\/span>\n                                                    \n                                                                                                            <span>15 Juni 2023<\/span>\n                                                                                                                                                                <span>20:00 (MESZ)<\/span>\n                                                                                                    <\/div>\n\n                                                                                                    <div class=\"event-location\">\n                                                                                                                    <i class=\"fas fa-thumbtack\"><\/i>&nbsp;\n                                                            <span>Virtuelle Veranstaltung auf Zoom<\/span>\n                                                                                                            <\/div>\n\n                                                    <div class=\"event-language\">\n                                                                                                                    <i class=\"fas fa-globe\"><\/i>&nbsp;\n                                                            <span>Auf Englisch, mit mehrsprachigen Untertiteln<\/span>\n                                                                                                            <\/div>\n                                                                                            <\/div>\n\n                                            <div class=\"entry-content\">\n                                                <p><p>K\u00fcnstliche Intelligenz (KI) ist auf dem Vormarsch. Der Schutz der Grundrechte und die Schaffung eines Rahmens f\u00fcr ihre weitere Entwicklung sind von entscheidender Bedeutung.<\/p>\n<p>Die EU stellt sich der Herausforderung und arbeitet an der weltweit ersten umfassenden Regulierung der KI. F\u00fchrt sie uns in die richtige Richtung? Reicht es aus, potenzielle Risiken zu regulieren, oder welche zus\u00e4tzlichen Ma\u00dfnahmen sind erforderlich, um das demokratische Potenzial der KI voll auszusch\u00f6pfen?<\/p>\n<p>Wir freuen uns, die folgenden Referenten begr\u00fc\u00dfen zu k\u00f6nnen:<br \/>\nAlexandra Geese, Europaabgeordnete, Gr\u00fcne<br \/>\nDaniel Leisegang, Co-Chefredakteur von netzpolitik.org<br \/>\n? Lajla Fetic, KI-Expertin, Bertelsmann Stiftung<br \/>\nFelix Karrte, EU-Direktor, Reset.tech<\/p>\n<p>Die Veranstaltung findet auf Deutsch statt und wird live ins Englische \u00fcbersetzt.<\/p>\n<\/p>\n                                                <div class=\"clear\"><\/div>\n                                            <\/div>\n\n                                                                                    <\/div>\n                                    <\/article>\n                                <\/div>\n                            \n                                <div id=\"post-10390\" class=\"aux-col post-10390\">\n                                    <article class=\"post column-entry post-10390 event_listing type-event_listing status-expired has-post-thumbnail hentry\">\n                                        <div class=\"entry-media\">\n                                            <div class=\"aux-media-frame aux-media-image aux-image-mask\">\n                                                <img decoding=\"async\"\n                                                loading=\"lazy\"\n                                                src=\"https:\/\/meeteu.eu\/wp-content\/uploads\/2023\/06\/AI_Act_Web.jpg\"\n                                                class=\"aux-attachment aux-featured-image aux-attachment-id-10389 aux-preload aux-has-preview\"\n                                                alt=\"\"\n                                                data-src=\"https:\/\/meeteu.eu\/wp-content\/uploads\/2023\/06\/AI_Act_Web.jpg\"\n                                                \/>\n                                            <\/div>\n                                        <\/div>\n\n                                        <header class=\"entry-header\">\n                                            <h4 class=\"entry-title\">\n                                                Das KI-Gesetz: Verlust des Wettbewerbsvorteils oder Verteidigung der Menschheit?                                            <\/h4>\n                                        <\/header>\n\n                                        <div class=\"entry-main\">\n                                            <div class=\"entry-info\">\n                                                <div class=\"event-date\">\n                                                                                                            <i class=\"fas fa-calendar-alt\"><\/i>&nbsp;\n                                                    \n                                                                                                            <span>13 Juni 2023<\/span>\n                                                                                                                                                                <span>19:00 (MESZ)<\/span>\n                                                    \n                                                                                                            <span> - <\/span>\n                                                    \n                                                                                                            <span>13 Juni 2023<\/span>\n                                                                                                                                                                <span>20:00 (MESZ)<\/span>\n                                                                                                    <\/div>\n\n                                                                                                    <div class=\"event-location\">\n                                                                                                                    <i class=\"fas fa-thumbtack\"><\/i>&nbsp;\n                                                            <span>Virtuelle Veranstaltung auf Zoom<\/span>\n                                                                                                            <\/div>\n\n                                                    <div class=\"event-language\">\n                                                                                                                    <i class=\"fas fa-globe\"><\/i>&nbsp;\n                                                            <span>Auf Englisch, mit mehrsprachigen Untertiteln<\/span>\n                                                                                                            <\/div>\n                                                                                            <\/div>\n\n                                            <div class=\"entry-content\">\n                                                <p>\n<p>M\u00fcssen KI-generierte Texte oder Bilder beschriftet werden? Ist es legal, KI-Systeme mit pers\u00f6nlichen Nutzerdaten zu trainieren? Was passiert, wenn diese Systeme von Kriminellen, politischen Kampagnen oder ausl\u00e4ndischen Regierungen genutzt werden?<\/p>\n\n\n\n<p>Es ist offensichtlich, dass k\u00fcnstliche Intelligenz reguliert werden muss. Ein neues EU-Gesetz namens \"AI Act\" soll dies tun. Es ist jedoch von entscheidender Bedeutung, ein Gleichgewicht zwischen wirksamen Ma\u00dfnahmen und dem Erhalt des europ\u00e4ischen Wettbewerbsvorteils zu finden. Was k\u00f6nnen wir also von dem neuen KI-Gesetz erwarten? <\/p>\n\n\n\n<p>Erhalten Sie Einblicke direkt von Martin Ulbrich von der Europ\u00e4ischen Kommission (GD Connect), der an der Ausarbeitung des neuen KI-Gesetzes beteiligt war. Erfahren Sie mehr \u00fcber die neuesten Entwicklungen und erhalten Sie Antworten auf Ihre Fragen.<\/p>\n<\/p>\n                                                <div class=\"clear\"><\/div>\n                                            <\/div>\n\n                                                                                    <\/div>\n                                    <\/article>\n                                <\/div>\n                            \n                                <div id=\"post-10384\" class=\"aux-col post-10384\">\n                                    <article class=\"post column-entry post-10384 event_listing type-event_listing status-expired has-post-thumbnail hentry\">\n                                        <div class=\"entry-media\">\n                                            <div class=\"aux-media-frame aux-media-image aux-image-mask\">\n                                                <img decoding=\"async\"\n                                                loading=\"lazy\"\n                                                src=\"https:\/\/meeteu.eu\/wp-content\/uploads\/2023\/06\/CommownWebsite.jpg\"\n                                                class=\"aux-attachment aux-featured-image aux-attachment-id-10385 aux-preload aux-has-preview\"\n                                                alt=\"\"\n                                                data-src=\"https:\/\/meeteu.eu\/wp-content\/uploads\/2023\/06\/CommownWebsite.jpg\"\n                                                \/>\n                                            <\/div>\n                                        <\/div>\n\n                                        <header class=\"entry-header\">\n                                            <h4 class=\"entry-title\">\n                                                Tech Renting Made in EU - Verabschieden Sie sich vom Elektroschrott!                                            <\/h4>\n                                        <\/header>\n\n                                        <div class=\"entry-main\">\n                                            <div class=\"entry-info\">\n                                                <div class=\"event-date\">\n                                                                                                            <i class=\"fas fa-calendar-alt\"><\/i>&nbsp;\n                                                    \n                                                                                                            <span>6 Juni 2023<\/span>\n                                                                                                                                                                <span>19:00 (MESZ)<\/span>\n                                                    \n                                                                                                            <span> - <\/span>\n                                                    \n                                                                                                            <span>6 Juni 2023<\/span>\n                                                                                                                                                                <span>20:00 (MESZ)<\/span>\n                                                                                                    <\/div>\n\n                                                                                                    <div class=\"event-location\">\n                                                                                                                    <i class=\"fas fa-thumbtack\"><\/i>&nbsp;\n                                                            <span>Virtuelle Veranstaltung auf Zoom<\/span>\n                                                                                                            <\/div>\n\n                                                    <div class=\"event-language\">\n                                                                                                                    <i class=\"fas fa-globe\"><\/i>&nbsp;\n                                                            <span>Auf Englisch, mit mehrsprachigen Untertiteln<\/span>\n                                                                                                            <\/div>\n                                                                                            <\/div>\n\n                                            <div class=\"entry-content\">\n                                                <p><p>? Im Jahr 2020 stellte die EU einen Negativrekord auf, indem sie so viel Elektronikschrott produzierte, dass man damit 470 Eiffelt\u00fcrme bauen k\u00f6nnte. Die Folgen sind verheerend: Giftige Abf\u00e4lle sammeln sich auf M\u00fclldeponien an oder werden in Entwicklungsl\u00e4nder verschickt.<\/p>\n<p>\u267b\ufe0fRecognizing die Notwendigkeit zum Handeln erkannt und einen anderen Ansatz gew\u00e4hlt: Wiederverwendung statt Ersatz. Das in Stra\u00dfburg ans\u00e4ssige Unternehmen vermietet nachhaltig und fair produzierte Notebooks und Telefone an Unternehmen und Privatpersonen.<\/p>\n<p>Doch wie funktioniert dieses Gesch\u00e4ftsmodell? K\u00f6nnte es die Zukunft des nachhaltigen Konsums sein? Und was erwarten die jungen Start-up-F\u00fchrungskr\u00e4fte von der Europ\u00e4ischen Union? Um diesen Fragen nachzugehen, haben wir uns mit Robin Angel\u00e9, einem der wichtigsten Entscheidungstr\u00e4ger bei Commown, zusammengesetzt.<\/p>\n<p>Diese Veranstaltung ist Teil einer Reihe, bei der verschiedene europ\u00e4ische Start-ups vorgestellt werden, um die vielf\u00e4ltige Landschaft der europ\u00e4ischen Tech-Industrie und ihre innovativen L\u00f6sungen zu pr\u00e4sentieren.<\/p>\n<\/p>\n                                                <div class=\"clear\"><\/div>\n                                            <\/div>\n\n                                                                                    <\/div>\n                                    <\/article>\n                                <\/div>\n                            \n                                <div id=\"post-10345\" class=\"aux-col post-10345\">\n                                    <article class=\"post column-entry post-10345 event_listing type-event_listing status-expired has-post-thumbnail hentry\">\n                                        <div class=\"entry-media\">\n                                            <div class=\"aux-media-frame aux-media-image aux-image-mask\">\n                                                <img decoding=\"async\"\n                                                loading=\"lazy\"\n                                                src=\"https:\/\/meeteu.eu\/wp-content\/uploads\/2023\/05\/Lila-Break.jpg\"\n                                                class=\"aux-attachment aux-featured-image aux-attachment-id-10346 aux-preload aux-has-preview\"\n                                                alt=\"\"\n                                                data-src=\"https:\/\/meeteu.eu\/wp-content\/uploads\/2023\/05\/Lila-Break.jpg\"\n                                                \/>\n                                            <\/div>\n                                        <\/div>\n\n                                        <header class=\"entry-header\">\n                                            <h4 class=\"entry-title\">\n                                                Wir machen eine Pause!                                            <\/h4>\n                                        <\/header>\n\n                                        <div class=\"entry-main\">\n                                            <div class=\"entry-info\">\n                                                <div class=\"event-date\">\n                                                                                                            <i class=\"fas fa-calendar-alt\"><\/i>&nbsp;\n                                                    \n                                                                                                            <span>30 Mai 2023<\/span>\n                                                                                                        \n                                                                                                            <span> - <\/span>\n                                                    \n                                                                                                            <span>30 Mai 2023<\/span>\n                                                                                                                                                        <\/div>\n\n                                                                                                    <div class=\"event-location\">\n                                                                                                                    <i class=\"fas fa-thumbtack\"><\/i>&nbsp;\n                                                            <span>Virtuelle Veranstaltung auf Zoom<\/span>\n                                                                                                            <\/div>\n\n                                                    <div class=\"event-language\">\n                                                                                                                    <i class=\"fas fa-globe\"><\/i>&nbsp;\n                                                            <span>Auf Englisch, mit mehrsprachigen Untertiteln<\/span>\n                                                                                                            <\/div>\n                                                                                            <\/div>\n\n                                            <div class=\"entry-content\">\n                                                <p><p>Drei Tage Wochenende sind gut, vier Tage sind besser! Wir werden unser Wochenende ein wenig verl\u00e4ngern, wir sehen uns n\u00e4chste Woche wieder.<\/p>\n<\/p>\n                                                <div class=\"clear\"><\/div>\n                                            <\/div>\n\n                                                                                    <\/div>\n                                    <\/article>\n                                <\/div>\n                            \n                                <div id=\"post-10133\" class=\"aux-col post-10133\">\n                                    <article class=\"post column-entry post-10133 event_listing type-event_listing status-expired has-post-thumbnail hentry\">\n                                        <div class=\"entry-media\">\n                                            <div class=\"aux-media-frame aux-media-image aux-image-mask\">\n                                                <img decoding=\"async\"\n                                                loading=\"lazy\"\n                                                src=\"https:\/\/meeteu.eu\/wp-content\/uploads\/2023\/05\/Smart-Cities_.jpg\"\n                                                class=\"aux-attachment aux-featured-image aux-attachment-id-10134 aux-preload aux-has-preview\"\n                                                alt=\"\"\n                                                data-src=\"https:\/\/meeteu.eu\/wp-content\/uploads\/2023\/05\/Smart-Cities_.jpg\"\n                                                \/>\n                                            <\/div>\n                                        <\/div>\n\n                                        <header class=\"entry-header\">\n                                            <h4 class=\"entry-title\">\n                                                Intelligente St\u00e4dte - Wie sich das st\u00e4dtische Leben ver\u00e4ndern wird                                            <\/h4>\n                                        <\/header>\n\n                                        <div class=\"entry-main\">\n                                            <div class=\"entry-info\">\n                                                <div class=\"event-date\">\n                                                                                                            <i class=\"fas fa-calendar-alt\"><\/i>&nbsp;\n                                                    \n                                                                                                            <span>23 Mai 2023<\/span>\n                                                                                                                                                                <span>19:00 (MESZ)<\/span>\n                                                    \n                                                                                                            <span> - <\/span>\n                                                    \n                                                                                                            <span>23 Mai 2023<\/span>\n                                                                                                                                                                <span>20:00 (MESZ)<\/span>\n                                                                                                    <\/div>\n\n                                                                                                    <div class=\"event-location\">\n                                                                                                                    <i class=\"fas fa-thumbtack\"><\/i>&nbsp;\n                                                            <span>Virtuelle Veranstaltung auf Zoom<\/span>\n                                                                                                            <\/div>\n\n                                                    <div class=\"event-language\">\n                                                                                                                    <i class=\"fas fa-globe\"><\/i>&nbsp;\n                                                            <span>Auf Englisch, mit mehrsprachigen Untertiteln<\/span>\n                                                                                                            <\/div>\n                                                                                            <\/div>\n\n                                            <div class=\"entry-content\">\n                                                <p><p>Wie intelligent sind Europas St\u00e4dte? Entdecken Sie, wie innovative Technologien unser Leben, unsere Arbeit und unsere Beziehungen im st\u00e4dtischen Umfeld ver\u00e4ndern. Wo liegen die Grenzen? Gibt es nur Vorteile? Und wie kann sichergestellt werden, dass niemand zur\u00fcckgelassen wird?<\/p>\n<p>Diskutieren Sie mit B\u00fcrgern aus ganz Europa \u00fcber die neuesten Trends, Herausforderungen und M\u00f6glichkeiten in diesem spannenden Bereich. Verpassen Sie nicht die Gelegenheit, die Grenzen der st\u00e4dtischen Innovation bei einer \u00fcberzeugenden Pr\u00e4sentation und einem gem\u00fctlichen Austausch zu erkunden.<\/p>\n<p>Eines unserer Teammitglieder, Alessia, die derzeit f\u00fcr ein Beratungsunternehmen in Br\u00fcssel arbeitet, wird diese Sitzung moderieren. Sie freut sich darauf, eine Diskussion anzuregen und ihr Wissen mit uns zu teilen.<\/p>\n<\/p>\n                                                <div class=\"clear\"><\/div>\n                                            <\/div>\n\n                                                                                    <\/div>\n                                    <\/article>\n                                <\/div>\n                            \n                                <div id=\"post-10135\" class=\"aux-col post-10135\">\n                                    <article class=\"post column-entry post-10135 event_listing type-event_listing status-expired has-post-thumbnail hentry\">\n                                        <div class=\"entry-media\">\n                                            <div class=\"aux-media-frame aux-media-image aux-image-mask\">\n                                                <img decoding=\"async\"\n                                                loading=\"lazy\"\n                                                src=\"https:\/\/meeteu.eu\/wp-content\/uploads\/2023\/05\/Inviting_MEPs_Website.jpg\"\n                                                class=\"aux-attachment aux-featured-image aux-attachment-id-10136 aux-preload aux-has-preview\"\n                                                alt=\"\"\n                                                data-src=\"https:\/\/meeteu.eu\/wp-content\/uploads\/2023\/05\/Inviting_MEPs_Website.jpg\"\n                                                \/>\n                                            <\/div>\n                                        <\/div>\n\n                                        <header class=\"entry-header\">\n                                            <h4 class=\"entry-title\">\n                                                MEPs einladen ist so einfach wie kochen! (EU-Grundlagen)                                            <\/h4>\n                                        <\/header>\n\n                                        <div class=\"entry-main\">\n                                            <div class=\"entry-info\">\n                                                <div class=\"event-date\">\n                                                                                                            <i class=\"fas fa-calendar-alt\"><\/i>&nbsp;\n                                                    \n                                                                                                            <span>16 Mai 2023<\/span>\n                                                                                                                                                                <span>19:00 (MESZ)<\/span>\n                                                    \n                                                                                                            <span> - <\/span>\n                                                    \n                                                                                                            <span>16 Mai 2023<\/span>\n                                                                                                                                                                <span>20:00 (MESZ)<\/span>\n                                                                                                    <\/div>\n\n                                                                                                    <div class=\"event-location\">\n                                                                                                                    <i class=\"fas fa-thumbtack\"><\/i>&nbsp;\n                                                            <span>Virtuelle Veranstaltung auf Zoom<\/span>\n                                                                                                            <\/div>\n\n                                                    <div class=\"event-language\">\n                                                                                                                    <i class=\"fas fa-globe\"><\/i>&nbsp;\n                                                            <span>Auf Englisch, mit mehrsprachigen Untertiteln<\/span>\n                                                                                                            <\/div>\n                                                                                            <\/div>\n\n                                            <div class=\"entry-content\">\n                                                <p><p>Verbessern Sie Ihr Engagement! Nehmen Sie an einer entspannten Sitzung teil, in der wir Ihnen zeigen, wie Sie Europaabgeordnete f\u00fcr lokale und digitale Veranstaltungen einladen k\u00f6nnen. Unsere Teammitglieder werden ihre Strategien mit Ihnen teilen, Ihnen zeigen, wie Sie das perfekte MdEP f\u00fcr Ihren Redner finden, und erkl\u00e4ren, wie wichtig es ist, das richtige Thema f\u00fcr Ihre Veranstaltungen zu w\u00e4hlen.<\/p>\n<p>Unser Workshop ist wie ein Kochkurs, bei dem wir Sie Schritt f\u00fcr Schritt anleiten, um das gew\u00fcnschte Ergebnis zu erzielen. Lassen Sie sich diese Gelegenheit nicht entgehen, um zu lernen und Ihre Veranstaltungen auf die n\u00e4chste Stufe zu heben.<\/p>\n<p>Nehmen Sie an unserem entspannten Workshop und Community-Event teil.<\/p>\n<\/p>\n                                                <div class=\"clear\"><\/div>\n                                            <\/div>\n\n                                                                                    <\/div>\n                                    <\/article>\n                                <\/div>\n                            \n                                <div id=\"post-10069\" class=\"aux-col post-10069\">\n                                    <article class=\"post column-entry post-10069 event_listing type-event_listing status-expired has-post-thumbnail hentry\">\n                                        <div class=\"entry-media\">\n                                            <div class=\"aux-media-frame aux-media-image aux-image-mask\">\n                                                <img decoding=\"async\"\n                                                loading=\"lazy\"\n                                                src=\"https:\/\/meeteu.eu\/wp-content\/uploads\/2023\/04\/EPPO_Website.jpg\"\n                                                class=\"aux-attachment aux-featured-image aux-attachment-id-10070 aux-preload aux-has-preview\"\n                                                alt=\"\"\n                                                data-src=\"https:\/\/meeteu.eu\/wp-content\/uploads\/2023\/04\/EPPO_Website.jpg\"\n                                                \/>\n                                            <\/div>\n                                        <\/div>\n\n                                        <header class=\"entry-header\">\n                                            <h4 class=\"entry-title\">\n                                                Das Geld der europ\u00e4ischen Steuerzahler vor Kriminellen sch\u00fctzen                                            <\/h4>\n                                        <\/header>\n\n                                        <div class=\"entry-main\">\n                                            <div class=\"entry-info\">\n                                                <div class=\"event-date\">\n                                                                                                            <i class=\"fas fa-calendar-alt\"><\/i>&nbsp;\n                                                    \n                                                                                                            <span>9 Mai 2023<\/span>\n                                                                                                                                                                <span>19:00 (MESZ)<\/span>\n                                                    \n                                                                                                            <span> - <\/span>\n                                                    \n                                                                                                            <span>9 Mai 2023<\/span>\n                                                                                                                                                                <span>20:00 (MESZ)<\/span>\n                                                                                                    <\/div>\n\n                                                                                                    <div class=\"event-location\">\n                                                                                                                    <i class=\"fas fa-thumbtack\"><\/i>&nbsp;\n                                                            <span>Virtuelle Veranstaltung auf Zoom<\/span>\n                                                                                                            <\/div>\n\n                                                    <div class=\"event-language\">\n                                                                                                                    <i class=\"fas fa-globe\"><\/i>&nbsp;\n                                                            <span>Auf Englisch, mit mehrsprachigen Untertiteln<\/span>\n                                                                                                            <\/div>\n                                                                                            <\/div>\n\n                                            <div class=\"entry-content\">\n                                                <p><p>Nutzen Sie die Gelegenheit, an unserer Zoom-Veranstaltung mit Titus Poenaru, Berater f\u00fcr interinstitutionelle Beziehungen bei der Europ\u00e4ischen Staatsanwaltschaft (EPPO), teilzunehmen. EPPO ist f\u00fcr die Ermittlung und Verfolgung einer Vielzahl von Wirtschaftsdelikten zust\u00e4ndig, darunter Missbrauch von EU-Mitteln, Geldw\u00e4sche und Mehrwertsteuerbetrug.<\/p>\n<p>Seit ihrem Start im Juni 2021 hat die EPPO \u00fcber 4.000 Meldungen von Straftaten aus den EU-Mitgliedstaaten und von privater Seite erhalten. Allein im Jahr 2022 hat sie 359 Millionen EUR von mutma\u00dflichen Straft\u00e4tern eingefroren.<\/p>\n<p>Besuchen Sie uns auf Zoom und erfahren Sie mehr \u00fcber die Arbeit von EPPO zum Schutz der finanziellen Interessen der EU. Titus Poenaru wird Fragen zu seiner Rolle und den Herausforderungen bei der Bek\u00e4mpfung solcher Straftaten beantworten.<\/p>\n\n\n<p><\/p>\n<\/p>\n                                                <div class=\"clear\"><\/div>\n                                            <\/div>\n\n                                                                                    <\/div>\n                                    <\/article>\n                                <\/div>\n                            \n                                <div id=\"post-10066\" class=\"aux-col post-10066\">\n                                    <article class=\"post column-entry post-10066 event_listing type-event_listing status-expired has-post-thumbnail hentry\">\n                                        <div class=\"entry-media\">\n                                            <div class=\"aux-media-frame aux-media-image aux-image-mask\">\n                                                <img decoding=\"async\"\n                                                loading=\"lazy\"\n                                                src=\"https:\/\/meeteu.eu\/wp-content\/uploads\/2023\/04\/Lobbyismintheep-Website.jpg\"\n                                                class=\"aux-attachment aux-featured-image aux-attachment-id-10068 aux-preload aux-has-preview\"\n                                                alt=\"\"\n                                                data-src=\"https:\/\/meeteu.eu\/wp-content\/uploads\/2023\/04\/Lobbyismintheep-Website.jpg\"\n                                                \/>\n                                            <\/div>\n                                        <\/div>\n\n                                        <header class=\"entry-header\">\n                                            <h4 class=\"entry-title\">\n                                                Den Einfluss in der EU verfolgen: Wen trifft Ihr Europaabgeordneter?                                            <\/h4>\n                                        <\/header>\n\n                                        <div class=\"entry-main\">\n                                            <div class=\"entry-info\">\n                                                <div class=\"event-date\">\n                                                                                                            <i class=\"fas fa-calendar-alt\"><\/i>&nbsp;\n                                                    \n                                                                                                            <span>2 Mai 2023<\/span>\n                                                                                                                                                                <span>19:00 (MESZ)<\/span>\n                                                    \n                                                                                                            <span> - <\/span>\n                                                    \n                                                                                                            <span>2 Mai 2023<\/span>\n                                                                                                                                                                <span>20:00 (MESZ)<\/span>\n                                                                                                    <\/div>\n\n                                                                                                    <div class=\"event-location\">\n                                                                                                                    <i class=\"fas fa-thumbtack\"><\/i>&nbsp;\n                                                            <span>Virtuelle Veranstaltung auf Zoom<\/span>\n                                                                                                            <\/div>\n\n                                                    <div class=\"event-language\">\n                                                                                                                    <i class=\"fas fa-globe\"><\/i>&nbsp;\n                                                            <span>Auf Englisch, mit mehrsprachigen Untertiteln<\/span>\n                                                                                                            <\/div>\n                                                                                            <\/div>\n\n                                            <div class=\"entry-content\">\n                                                <p><p>Sind Sie neugierig auf die geheimnisvolle Welt des EU-Lobbyismus? Nehmen Sie an einem Workshop teil, in dem wir die neuen Transparenzregeln des Europ\u00e4ischen Parlaments erkunden. Gemeinsam werden wir diskutieren, ob sie effektiv genug sind. Au\u00dferdem zeigen wir Ihnen, wie Sie herausfinden k\u00f6nnen, mit wem sich Ihr Europaabgeordneter trifft.<\/p>\n<p>In kleinen Gruppen werden wir ein Brainstorming zu Transparenzkonzepten f\u00fcr das Europ\u00e4ische Parlament durchf\u00fchren. Nutzen Sie die Gelegenheit, Ideen mit anderen zu entwickeln, die Ihre Leidenschaft f\u00fcr eine transparentere EU teilen.<\/p>\n<\/p>\n                                                <div class=\"clear\"><\/div>\n                                            <\/div>\n\n                                                                                    <\/div>\n                                    <\/article>\n                                <\/div>\n                            \n                                <div id=\"post-9933\" class=\"aux-col post-9933\">\n                                    <article class=\"post column-entry post-9933 event_listing type-event_listing status-expired has-post-thumbnail hentry\">\n                                        <div class=\"entry-media\">\n                                            <div class=\"aux-media-frame aux-media-image aux-image-mask\">\n                                                <img decoding=\"async\"\n                                                loading=\"lazy\"\n                                                src=\"https:\/\/meeteu.eu\/wp-content\/uploads\/2023\/04\/GlobalGatewayVisualWebsite.jpg\"\n                                                class=\"aux-attachment aux-featured-image aux-attachment-id-9935 aux-preload aux-has-preview\"\n                                                alt=\"\"\n                                                data-src=\"https:\/\/meeteu.eu\/wp-content\/uploads\/2023\/04\/GlobalGatewayVisualWebsite.jpg\"\n                                                \/>\n                                            <\/div>\n                                        <\/div>\n\n                                        <header class=\"entry-header\">\n                                            <h4 class=\"entry-title\">\n                                                Der Plan der EU zur Vernetzung der Welt - wie funktioniert er?                                            <\/h4>\n                                        <\/header>\n\n                                        <div class=\"entry-main\">\n                                            <div class=\"entry-info\">\n                                                <div class=\"event-date\">\n                                                                                                            <i class=\"fas fa-calendar-alt\"><\/i>&nbsp;\n                                                    \n                                                                                                            <span>25. April 2023<\/span>\n                                                                                                                                                                <span>19:00 (MESZ)<\/span>\n                                                    \n                                                                                                            <span> - <\/span>\n                                                    \n                                                                                                            <span>25. April 2023<\/span>\n                                                                                                                                                                <span>20:00 (MESZ)<\/span>\n                                                                                                    <\/div>\n\n                                                                                                    <div class=\"event-location\">\n                                                                                                                    <i class=\"fas fa-thumbtack\"><\/i>&nbsp;\n                                                            <span>Virtuelle Veranstaltung auf Zoom<\/span>\n                                                                                                            <\/div>\n\n                                                    <div class=\"event-language\">\n                                                                                                                    <i class=\"fas fa-globe\"><\/i>&nbsp;\n                                                            <span>Auf Englisch, mit mehrsprachigen Untertiteln<\/span>\n                                                                                                            <\/div>\n                                                                                            <\/div>\n\n                                            <div class=\"entry-content\">\n                                                <p><p>Demokratie, Transparenz, gleichberechtigte Partnerschaften und Nachhaltigkeit sind einige der zentralen Werte, die die Europ\u00e4ische Union kennzeichnen. Eine Schl\u00fcsselrolle der EU besteht darin, diese Grunds\u00e4tze im EU-Raum zu gew\u00e4hrleisten und die Schaffung einer vollst\u00e4ndig demokratischen Union zu erm\u00f6glichen, die von ihren B\u00fcrgern gelebt wird.<\/p>\n<p>Au\u00dferhalb der EU-Grenzen werden diese Werte jedoch oft nicht beachtet. Die Global-Gateway-Strategie (GG) zielt darauf ab, dieses Problem anzugehen, indem sie zwei wichtige Funktionen des ausw\u00e4rtigen Handelns der EU miteinander verbindet. Einerseits baut sie Partnerschaften mit anderen L\u00e4ndern in der ganzen Welt auf, insbesondere mit dem afrikanischen und asiatischen Kontinent. Andererseits zielt die GG darauf ab, diese Prinzipien au\u00dferhalb der EU zu f\u00f6rdern und wertvolle Verbindungen und Vorteile f\u00fcr die beteiligten lokalen Gemeinschaften zu schaffen.<\/p>\n<p>Wird es der EU gelingen, bis 2027 ein vollst\u00e4ndig verbundenes, demokratisches und nachhaltiges Netz zu schaffen? Wie wird sie die Schwierigkeiten bew\u00e4ltigen, die sich aus der Ann\u00e4herung an verschiedene L\u00e4nder in der Welt ergeben? Wie wird sie es schaffen, mit anderen \u00e4hnlichen Initiativen zu konkurrieren? Welche Art von Projekten f\u00fchrt die EU derzeit durch und welche Auswirkungen wird dies in der Zukunft haben? David Ringrose, Abteilungsleiter des Global Gateway, zust\u00e4ndig f\u00fcr Konnektivit\u00e4t und digitalen Wandel, wird uns mehr dar\u00fcber erz\u00e4hlen, wie die EU durch die GG nach au\u00dfen agiert.<\/p>\n<\/p>\n                                                <div class=\"clear\"><\/div>\n                                            <\/div>\n\n                                                                                    <\/div>\n                                    <\/article>\n                                <\/div>\n                            \n                                <div id=\"post-9937\" class=\"aux-col post-9937\">\n                                    <article class=\"post column-entry post-9937 event_listing type-event_listing status-expired has-post-thumbnail hentry\">\n                                        <div class=\"entry-media\">\n                                            <div class=\"aux-media-frame aux-media-image aux-image-mask\">\n                                                <img decoding=\"async\"\n                                                loading=\"lazy\"\n                                                src=\"https:\/\/meeteu.eu\/wp-content\/uploads\/2023\/04\/CitizensPanelsEUCommissionW.jpg\"\n                                                class=\"aux-attachment aux-featured-image aux-attachment-id-9938 aux-preload aux-has-preview\"\n                                                alt=\"\"\n                                                data-src=\"https:\/\/meeteu.eu\/wp-content\/uploads\/2023\/04\/CitizensPanelsEUCommissionW.jpg\"\n                                                \/>\n                                            <\/div>\n                                        <\/div>\n\n                                        <header class=\"entry-header\">\n                                            <h4 class=\"entry-title\">\n                                                Die EU-B\u00fcrgerpanels - Wie die Europ\u00e4er ihre Politik mitgestalten                                            <\/h4>\n                                        <\/header>\n\n                                        <div class=\"entry-main\">\n                                            <div class=\"entry-info\">\n                                                <div class=\"event-date\">\n                                                                                                            <i class=\"fas fa-calendar-alt\"><\/i>&nbsp;\n                                                    \n                                                                                                            <span>18. April 2023<\/span>\n                                                                                                                                                                <span>19:00 (MESZ)<\/span>\n                                                    \n                                                                                                            <span> - <\/span>\n                                                    \n                                                                                                            <span>18. April 2023<\/span>\n                                                                                                                                                                <span>20:00 (MESZ)<\/span>\n                                                                                                    <\/div>\n\n                                                                                                    <div class=\"event-location\">\n                                                                                                                    <i class=\"fas fa-thumbtack\"><\/i>&nbsp;\n                                                            <span>Virtuelle Veranstaltung auf Zoom<\/span>\n                                                                                                            <\/div>\n\n                                                    <div class=\"event-language\">\n                                                                                                                    <i class=\"fas fa-globe\"><\/i>&nbsp;\n                                                            <span>Auf Englisch, mit mehrsprachigen Untertiteln<\/span>\n                                                                                                            <\/div>\n                                                                                            <\/div>\n\n                                            <div class=\"entry-content\">\n                                                <p><p>Das bedeutendste Demokratieprojekt Europas, die Konferenz \u00fcber die Zukunft Europas, hat Hunderttausende von Europ\u00e4ern zusammengebracht, um Ideen f\u00fcr die EU von morgen zu entwickeln. Mehr als 18.800 Vorschl\u00e4ge wurden entwickelt. Und was nun?<\/p>\n<p>Die Einf\u00fchrung einer kontinuierlichen B\u00fcrgerbeteiligung war eine der Priorit\u00e4ten der B\u00fcrger. Im Dezember 2022 startete die Europ\u00e4ische Kommission einen neuen Konsultationsprozess, bei dem die B\u00fcrgerinnen und B\u00fcrger direkt in die Entscheidungsfindung und die Ausarbeitung von Gesetzen in bestimmten Bereichen, wie z. B. der Reduzierung von Lebensmittelabf\u00e4llen, einbezogen werden.<\/p>\n<p>Aber die wichtigsten Fragen sind noch offen: Was geschieht mit den Ergebnissen dieser Konsultationen? Wie viele solcher Gremien sind geplant, und wie werden sie organisiert?<\/p>\n<p>Gemeinsam mit Gaetane Ricard-Nihoul, die als Senior-Expertin bei der Europ\u00e4ischen Kommission t\u00e4tig ist, koordiniert und betreut sie die neuen B\u00fcrgerpanels.<\/p>\n<\/p>\n                                                <div class=\"clear\"><\/div>\n                                            <\/div>\n\n                                                                                    <\/div>\n                                    <\/article>\n                                <\/div>\n                            \n                                <div id=\"post-9906\" class=\"aux-col post-9906\">\n                                    <article class=\"post column-entry post-9906 event_listing type-event_listing status-expired has-post-thumbnail hentry\">\n                                        <div class=\"entry-media\">\n                                            <div class=\"aux-media-frame aux-media-image aux-image-mask\">\n                                                <img decoding=\"async\"\n                                                loading=\"lazy\"\n                                                src=\"https:\/\/meeteu.eu\/wp-content\/uploads\/2023\/03\/Break-1104.jpg\"\n                                                class=\"aux-attachment aux-featured-image aux-attachment-id-9907 aux-preload aux-has-preview\"\n                                                alt=\"\"\n                                                data-src=\"https:\/\/meeteu.eu\/wp-content\/uploads\/2023\/03\/Break-1104.jpg\"\n                                                \/>\n                                            <\/div>\n                                        <\/div>\n\n                                        <header class=\"entry-header\">\n                                            <h4 class=\"entry-title\">\n                                                Osterferien, wir sehen uns n\u00e4chste Woche!                                            <\/h4>\n                                        <\/header>\n\n                                        <div class=\"entry-main\">\n                                            <div class=\"entry-info\">\n                                                <div class=\"event-date\">\n                                                                                                            <i class=\"fas fa-calendar-alt\"><\/i>&nbsp;\n                                                    \n                                                                                                            <span>11. April 2023<\/span>\n                                                                                                        \n                                                                                                            <span> - <\/span>\n                                                    \n                                                                                                            <span>11. April 2023<\/span>\n                                                                                                                                                        <\/div>\n\n                                                                                                    <div class=\"event-location\">\n                                                                                                                    <i class=\"fas fa-thumbtack\"><\/i>&nbsp;\n                                                            <span>Virtuelle Veranstaltung auf Zoom<\/span>\n                                                                                                            <\/div>\n\n                                                    <div class=\"event-language\">\n                                                                                                                    <i class=\"fas fa-globe\"><\/i>&nbsp;\n                                                            <span>Auf Englisch, mit mehrsprachigen Untertiteln<\/span>\n                                                                                                            <\/div>\n                                                                                            <\/div>\n\n                                            <div class=\"entry-content\">\n                                                <p><p>Wir wollten Ihnen eigentlich eine Osterpostkarte schicken, aber dann haben wir festgestellt, dass unser Sparschwein leer ist. Wenn Sie unser Osterhase sein m\u00f6chten, dann spenden Sie uns doch einen Kaffee (unten links).<\/p>\n\n\n<p><\/p>\n<\/p>\n                                                <div class=\"clear\"><\/div>\n                                            <\/div>\n\n                                                                                    <\/div>\n                                    <\/article>\n                                <\/div>\n                            \n                                <div id=\"post-9903\" class=\"aux-col post-9903\">\n                                    <article class=\"post column-entry post-9903 event_listing type-event_listing status-expired has-post-thumbnail hentry\">\n                                        <div class=\"entry-media\">\n                                            <div class=\"aux-media-frame aux-media-image aux-image-mask\">\n                                                <img decoding=\"async\"\n                                                loading=\"lazy\"\n                                                src=\"https:\/\/meeteu.eu\/wp-content\/uploads\/2023\/03\/Visual_ClimatePact1_Website-1.jpg\"\n                                                class=\"aux-attachment aux-featured-image aux-attachment-id-9927 aux-preload aux-has-preview\"\n                                                alt=\"\"\n                                                data-src=\"https:\/\/meeteu.eu\/wp-content\/uploads\/2023\/03\/Visual_ClimatePact1_Website-1.jpg\"\n                                                \/>\n                                            <\/div>\n                                        <\/div>\n\n                                        <header class=\"entry-header\">\n                                            <h4 class=\"entry-title\">\n                                                Wie Sie die Gr\u00fcne Revolution in Ihre Gemeinde bringen                                            <\/h4>\n                                        <\/header>\n\n                                        <div class=\"entry-main\">\n                                            <div class=\"entry-info\">\n                                                <div class=\"event-date\">\n                                                                                                            <i class=\"fas fa-calendar-alt\"><\/i>&nbsp;\n                                                    \n                                                                                                            <span>4. April 2023<\/span>\n                                                                                                                                                                <span>19:00 (MESZ)<\/span>\n                                                    \n                                                                                                            <span> - <\/span>\n                                                    \n                                                                                                            <span>4. April 2023<\/span>\n                                                                                                                                                                <span>20:00 (MESZ)<\/span>\n                                                                                                    <\/div>\n\n                                                                                                    <div class=\"event-location\">\n                                                                                                                    <i class=\"fas fa-thumbtack\"><\/i>&nbsp;\n                                                            <span>Virtuelle Veranstaltung auf Zoom<\/span>\n                                                                                                            <\/div>\n\n                                                    <div class=\"event-language\">\n                                                                                                                    <i class=\"fas fa-globe\"><\/i>&nbsp;\n                                                            <span>Auf Englisch, mit mehrsprachigen Untertiteln<\/span>\n                                                                                                            <\/div>\n                                                                                            <\/div>\n\n                                            <div class=\"entry-content\">\n                                                <p><p>Seit mehr als Jahren bem\u00fcht sich der EU-Green Deal um die Erreichung seiner Umwelt-, Klima- und Biodiversit\u00e4tsziele. Aber wie k\u00f6nnen wir die Menschen motivieren, sich zu engagieren? Nun, der Europ\u00e4ische Klimapakt kann hier helfen. Dabei handelt es sich um eine EU-weite Initiative, die Einzelpersonen in ganz Europa dazu bef\u00e4higt, in ihrem Alltag Ma\u00dfnahmen f\u00fcr das Klima zu ergreifen und zu einem gr\u00fcneren Europa beizutragen.<\/p>\n<p>Sind Sie neugierig auf den \"Europ\u00e4ischen Klimapakt\" und wie er funktioniert? Wer kann daran teilnehmen, und wie wirksam ist er bei der St\u00e4rkung der Klimabewegung auf (trans)nationaler Ebene? Sind die Ressourcen f\u00fcr gr\u00fcne Aktionen leicht verf\u00fcgbar? Und schlie\u00dflich: Kann die soziale Mobilisierung allein daf\u00fcr sorgen, dass wir Netto-Null erreichen?<\/p>\n<p>Fons Janssen, der Klimapakt-Botschafter und L\u00e4nderkoordinator f\u00fcr Belgien, Luxemburg und die Niederlande, hat alle Antworten. Er wird Ihnen erkl\u00e4ren, wie das Programm die Wirksamkeit Ihrer Klimaschutzbem\u00fchungen steigern kann<\/p>\n<\/p>\n                                                <div class=\"clear\"><\/div>\n                                            <\/div>\n\n                                                                                    <\/div>\n                                    <\/article>\n                                <\/div>\n                            \n                                <div id=\"post-9796\" class=\"aux-col post-9796\">\n                                    <article class=\"post column-entry post-9796 event_listing type-event_listing status-expired has-post-thumbnail hentry\">\n                                        <div class=\"entry-media\">\n                                            <div class=\"aux-media-frame aux-media-image aux-image-mask\">\n                                                <img decoding=\"async\"\n                                                loading=\"lazy\"\n                                                src=\"https:\/\/meeteu.eu\/wp-content\/uploads\/2023\/03\/ESM_Wesbite.jpg\"\n                                                class=\"aux-attachment aux-featured-image aux-attachment-id-9797 aux-preload aux-has-preview\"\n                                                alt=\"\"\n                                                data-src=\"https:\/\/meeteu.eu\/wp-content\/uploads\/2023\/03\/ESM_Wesbite.jpg\"\n                                                \/>\n                                            <\/div>\n                                        <\/div>\n\n                                        <header class=\"entry-header\">\n                                            <h4 class=\"entry-title\">\n                                                Wie kann die Eurozone krisensicher gemacht werden?                                            <\/h4>\n                                        <\/header>\n\n                                        <div class=\"entry-main\">\n                                            <div class=\"entry-info\">\n                                                <div class=\"event-date\">\n                                                                                                            <i class=\"fas fa-calendar-alt\"><\/i>&nbsp;\n                                                    \n                                                                                                            <span>28. M\u00e4rz 2023<\/span>\n                                                                                                                                                                <span>19:00 (MESZ)<\/span>\n                                                    \n                                                                                                            <span> - <\/span>\n                                                    \n                                                                                                            <span>28. M\u00e4rz 2023<\/span>\n                                                                                                                                                                <span>20:00 (MESZ)<\/span>\n                                                                                                    <\/div>\n\n                                                                                                    <div class=\"event-location\">\n                                                                                                                    <i class=\"fas fa-thumbtack\"><\/i>&nbsp;\n                                                            <span>Virtuelle Veranstaltung auf Zoom<\/span>\n                                                                                                            <\/div>\n\n                                                    <div class=\"event-language\">\n                                                                                                                    <i class=\"fas fa-globe\"><\/i>&nbsp;\n                                                            <span>Auf Englisch, mit mehrsprachigen Untertiteln<\/span>\n                                                                                                            <\/div>\n                                                                                            <\/div>\n\n                                            <div class=\"entry-content\">\n                                                <p>\n<p>Fast 340 Millionen Menschen haben den Euro als gemeinsame W\u00e4hrung. Was ist, wenn unsere W\u00e4hrungsunion von einer neuen Krise getroffen wird? Um darauf vorbereitet zu sein, diskutieren wir <em>Wie kann der Euroraum krisenfest gemacht werden?<\/em>&nbsp;mit Rolf Strauch. Rolf Strauch ist Chef\u00f6konom des Euro-Krisenfonds - Europ\u00e4ischer Stabilit\u00e4tsmechanismus (ESM) in Luxemburg.<\/p>\n\n\n\n<p>Wir werden dar\u00fcber sprechen: Was fehlt in der institutionellen Architektur des Euroraums, um Krisen in Zukunft gut zu meistern? Ob Europa gut auf die Pandemie reagiert hat? Und welche Instrumente stehen dem Euro-Rettungsfonds ESM zur Verf\u00fcgung, um diese wirtschaftlichen Krisen zu bek\u00e4mpfen?<\/p>\n\n\n\n<p>Gemeinsam werden wir die Herausforderungen und L\u00f6sungen f\u00fcr eine wohlhabende und sichere Zukunft f\u00fcr uns alle erkunden.<\/p>\n\n\n\n<p>Verpassen Sie nicht die Gelegenheit, Ihre Fragen zu stellen, Ihre Anregungen mitzuteilen oder Ihre Ansichten mit Rolf auszutauschen!&nbsp;<\/p>\n\n\n\n<figure class=\"wp-block-image size-full is-resized\"><img decoding=\"async\" src=\"https:\/\/meeteu.eu\/wp-content\/uploads\/2023\/03\/download.png\" alt=\"\" class=\"wp-image-9799\" width=\"295\" height=\"101\"\/><\/figure>\n<\/p>\n                                                <div class=\"clear\"><\/div>\n                                            <\/div>\n\n                                                                                    <\/div>\n                                    <\/article>\n                                <\/div>\n                            \n                                <div id=\"post-9792\" class=\"aux-col post-9792\">\n                                    <article class=\"post column-entry post-9792 event_listing type-event_listing status-expired has-post-thumbnail hentry\">\n                                        <div class=\"entry-media\">\n                                            <div class=\"aux-media-frame aux-media-image aux-image-mask\">\n                                                <img decoding=\"async\"\n                                                loading=\"lazy\"\n                                                src=\"https:\/\/meeteu.eu\/wp-content\/uploads\/2023\/03\/voluteersfor.eu_wesbite.jpg\"\n                                                class=\"aux-attachment aux-featured-image aux-attachment-id-9794 aux-preload aux-has-preview\"\n                                                alt=\"\"\n                                                data-src=\"https:\/\/meeteu.eu\/wp-content\/uploads\/2023\/03\/voluteersfor.eu_wesbite.jpg\"\n                                                \/>\n                                            <\/div>\n                                        <\/div>\n\n                                        <header class=\"entry-header\">\n                                            <h4 class=\"entry-title\">\n                                                Eine Plattform f\u00fcr EU-Aktivisten - wie sollte sie aussehen?                                            <\/h4>\n                                        <\/header>\n\n                                        <div class=\"entry-main\">\n                                            <div class=\"entry-info\">\n                                                <div class=\"event-date\">\n                                                                                                            <i class=\"fas fa-calendar-alt\"><\/i>&nbsp;\n                                                    \n                                                                                                            <span>21. M\u00e4rz 2023<\/span>\n                                                                                                                                                                <span>19:00 (MESZ)<\/span>\n                                                    \n                                                                                                            <span> - <\/span>\n                                                    \n                                                                                                            <span>21. M\u00e4rz 2023<\/span>\n                                                                                                                                                                <span>20:00 (MESZ)<\/span>\n                                                                                                    <\/div>\n\n                                                                                                    <div class=\"event-location\">\n                                                                                                                    <i class=\"fas fa-thumbtack\"><\/i>&nbsp;\n                                                            <span>Virtuelle Veranstaltung auf Zoom<\/span>\n                                                                                                            <\/div>\n\n                                                    <div class=\"event-language\">\n                                                                                                                    <i class=\"fas fa-globe\"><\/i>&nbsp;\n                                                            <span>Auf Englisch, mit mehrsprachigen Untertiteln<\/span>\n                                                                                                            <\/div>\n                                                                                            <\/div>\n\n                                            <div class=\"entry-content\">\n                                                <p>\n<p>Zivilgesellschaftliche Organisationen verbinden Europa: Ob durch die F\u00f6rderung von Jugendaustausch, sozialen Projekten, lokaler europ\u00e4ischer Bildung oder europaweiten Beteiligungsformaten. Tausende von Freiwilligen tragen durch ihr Engagement zur europ\u00e4ischen Integration bei.<\/p>\n\n\n\n<p>Aber wo treffen sich diese Tausende von Freiwilligen, um aktuelle Kampagnen zu besprechen? Wo k\u00f6nnen sie neue Mitstreiter finden und Partnerschaften aufbauen? Trotz der sehr aktiven Vereinslandschaft in der EU gibt es immer noch keine zentrale Plattform, die Synergien zwischen Vereinen, Institutionen und Stiftungen f\u00f6rdert.<\/p>\n\n\n\n<p>K\u00f6nnen wir das \u00e4ndern? Gemeinsam mit Ihnen wollen wir ein Konzept entwickeln, das sich als Drehscheibe f\u00fcr Innovation erweist. Seien Sie dabei, bringen Sie Ihre Kreativit\u00e4t ein und helfen Sie mit, Europa \u00fcber L\u00e4ndergrenzen hinweg zu verbinden,<\/p>\n<\/p>\n                                                <div class=\"clear\"><\/div>\n                                            <\/div>\n\n                                                                                    <\/div>\n                                    <\/article>\n                                <\/div>\n                            \n                                <div id=\"post-9790\" class=\"aux-col post-9790\">\n                                    <article class=\"post column-entry post-9790 event_listing type-event_listing status-expired has-post-thumbnail hentry\">\n                                        <div class=\"entry-media\">\n                                            <div class=\"aux-media-frame aux-media-image aux-image-mask\">\n                                                <img decoding=\"async\"\n                                                loading=\"lazy\"\n                                                src=\"https:\/\/meeteu.eu\/wp-content\/uploads\/2023\/03\/Digital-EU-Referendums_Website-.jpg\"\n                                                class=\"aux-attachment aux-featured-image aux-attachment-id-9791 aux-preload aux-has-preview\"\n                                                alt=\"\"\n                                                data-src=\"https:\/\/meeteu.eu\/wp-content\/uploads\/2023\/03\/Digital-EU-Referendums_Website-.jpg\"\n                                                \/>\n                                            <\/div>\n                                        <\/div>\n\n                                        <header class=\"entry-header\">\n                                            <h4 class=\"entry-title\">\n                                                Digitale EU-Volksabstimmungen - Demokratief\u00f6rderung oder dumme Idee?                                            <\/h4>\n                                        <\/header>\n\n                                        <div class=\"entry-main\">\n                                            <div class=\"entry-info\">\n                                                <div class=\"event-date\">\n                                                                                                            <i class=\"fas fa-calendar-alt\"><\/i>&nbsp;\n                                                    \n                                                                                                            <span>14. M\u00e4rz 2023<\/span>\n                                                                                                                                                                <span>19:00 (MESZ)<\/span>\n                                                    \n                                                                                                            <span> - <\/span>\n                                                    \n                                                                                                            <span>14. M\u00e4rz 2023<\/span>\n                                                                                                                                                                <span>20:00 (MESZ)<\/span>\n                                                                                                    <\/div>\n\n                                                                                                    <div class=\"event-location\">\n                                                                                                                    <i class=\"fas fa-thumbtack\"><\/i>&nbsp;\n                                                            <span>Virtuelle Veranstaltung auf Zoom<\/span>\n                                                                                                            <\/div>\n\n                                                    <div class=\"event-language\">\n                                                                                                                    <i class=\"fas fa-globe\"><\/i>&nbsp;\n                                                            <span>Auf Englisch, mit mehrsprachigen Untertiteln<\/span>\n                                                                                                            <\/div>\n                                                                                            <\/div>\n\n                                            <div class=\"entry-content\">\n                                                <p>\n<p>Eine Woche nachdem die digitale Stimmabgabe in Estland zu einer Rekordbeteiligung seit der Wiedererlangung der Unabh\u00e4ngigkeit des Landes beigetragen hat, wollen wir einen nachdenklichen Schritt in diese Richtung auf europ\u00e4ischer Ebene machen: Sollte es digitale Volksabstimmungen auf EU-Ebene geben?<\/p>\n\n\n\n<p>Gemeinsam mit Ihnen werden wir in dieser einst\u00fcndigen Diskussionsveranstaltung zwei Bereiche diskutieren: Die Vor- und Nachteile von Volksabstimmungen auf europ\u00e4ischer Ebene und die m\u00f6gliche technische Machbarkeit. W\u00fcrden europaweite Volksabstimmungen das Gleichgewicht der Kr\u00e4fte gef\u00e4hrden? K\u00f6nnen sie eine willkommene Plattform f\u00fcr Populisten sein? Sollten sie verbindlich sein?<\/p>\n\n\n\n<p>Nach Angaben der <em>Motto von B\u00fcrgern, f\u00fcr B\u00fcrger<\/em>F\u00fcr diese Veranstaltung sind keine Vorkenntnisse erforderlich.  Nehmen Sie einfach an der Veranstaltung teil, trinken Sie einen Tee und diskutieren Sie mit Europ\u00e4ern aus der ganzen Welt in einer gem\u00fctlichen Gruppe. <\/p>\n\n\n\n<p><\/p>\n<\/p>\n                                                <div class=\"clear\"><\/div>\n                                            <\/div>\n\n                                                                                    <\/div>\n                                    <\/article>\n                                <\/div>\n                            \n                                <div id=\"post-9787\" class=\"aux-col post-9787\">\n                                    <article class=\"post column-entry post-9787 event_listing type-event_listing status-expired has-post-thumbnail hentry\">\n                                        <div class=\"entry-media\">\n                                            <div class=\"aux-media-frame aux-media-image aux-image-mask\">\n                                                <img decoding=\"async\"\n                                                loading=\"lazy\"\n                                                src=\"https:\/\/meeteu.eu\/wp-content\/uploads\/2023\/03\/MeetEU-general-assambly_Website-.jpg\"\n                                                class=\"aux-attachment aux-featured-image aux-attachment-id-9788 aux-preload aux-has-preview\"\n                                                alt=\"\"\n                                                data-src=\"https:\/\/meeteu.eu\/wp-content\/uploads\/2023\/03\/MeetEU-general-assambly_Website-.jpg\"\n                                                \/>\n                                            <\/div>\n                                        <\/div>\n\n                                        <header class=\"entry-header\">\n                                            <h4 class=\"entry-title\">\n                                                MeetEU General Annual Assembly                                            <\/h4>\n                                        <\/header>\n\n                                        <div class=\"entry-main\">\n                                            <div class=\"entry-info\">\n                                                <div class=\"event-date\">\n                                                                                                            <i class=\"fas fa-calendar-alt\"><\/i>&nbsp;\n                                                    \n                                                                                                            <span>7. M\u00e4rz 2023<\/span>\n                                                                                                                                                                <span>19:00 (MESZ)<\/span>\n                                                    \n                                                                                                            <span> - <\/span>\n                                                    \n                                                                                                            <span>7. M\u00e4rz 2023<\/span>\n                                                                                                                                                                <span>20:00 (MESZ)<\/span>\n                                                                                                    <\/div>\n\n                                                                                                    <div class=\"event-location\">\n                                                                                                                    <i class=\"fas fa-thumbtack\"><\/i>&nbsp;\n                                                            <span>Virtuelle Veranstaltung auf Zoom<\/span>\n                                                                                                            <\/div>\n\n                                                    <div class=\"event-language\">\n                                                                                                                    <i class=\"fas fa-globe\"><\/i>&nbsp;\n                                                            <span>Auf Englisch, mit mehrsprachigen Untertiteln<\/span>\n                                                                                                            <\/div>\n                                                                                            <\/div>\n\n                                            <div class=\"entry-content\">\n                                                <p>\n<p>Das Europ\u00e4ische Jahr der Kompetenzen, die Europawahlen 2024 und andere gro\u00dfe Projekte halten MeetEU auf Trab. Auf unserer Jahresversammlung entscheiden die Mitglieder des Vereins MeetEU \u00fcber die Finanzplanung, die strategische Ausrichtung und die Verwaltungsplanung.<\/p>\n\n\n\n<p>Au\u00dferdem nutzen wir die Jahrestagung, um die Erfolge des vergangenen Jahres Revue passieren zu lassen und L\u00f6sungen f\u00fcr bestehende Herausforderungen zu finden.<\/p>\n\n\n\n<p>Bitte beachten Sie: Diese Veranstaltung ist nur f\u00fcr MeetEU-Mitglieder und das MeetEU-Team zug\u00e4nglich.<\/p>\n<\/p>\n                                                <div class=\"clear\"><\/div>\n                                            <\/div>\n\n                                                                                    <\/div>\n                                    <\/article>\n                                <\/div>\n                            \n                                <div id=\"post-9748\" class=\"aux-col post-9748\">\n                                    <article class=\"post column-entry post-9748 event_listing type-event_listing status-expired has-post-thumbnail hentry\">\n                                        <div class=\"entry-media\">\n                                            <div class=\"aux-media-frame aux-media-image aux-image-mask\">\n                                                <img decoding=\"async\"\n                                                loading=\"lazy\"\n                                                src=\"https:\/\/meeteu.eu\/wp-content\/uploads\/2023\/02\/The-Future-Of-Europe-Citizens-WEBSITE-1.jpg\"\n                                                class=\"aux-attachment aux-featured-image aux-attachment-id-9754 aux-preload aux-has-preview\"\n                                                alt=\"\"\n                                                data-src=\"https:\/\/meeteu.eu\/wp-content\/uploads\/2023\/02\/The-Future-Of-Europe-Citizens-WEBSITE-1.jpg\"\n                                                \/>\n                                            <\/div>\n                                        <\/div>\n\n                                        <header class=\"entry-header\">\n                                            <h4 class=\"entry-title\">\n                                                Die Zukunft Europas: Was sind die Visionen der B\u00fcrger?                                            <\/h4>\n                                        <\/header>\n\n                                        <div class=\"entry-main\">\n                                            <div class=\"entry-info\">\n                                                <div class=\"event-date\">\n                                                                                                            <i class=\"fas fa-calendar-alt\"><\/i>&nbsp;\n                                                    \n                                                                                                            <span>28. Februar 2023<\/span>\n                                                                                                                                                                <span>19:00 (MESZ)<\/span>\n                                                    \n                                                                                                            <span> - <\/span>\n                                                    \n                                                                                                            <span>28. Februar 2023<\/span>\n                                                                                                                                                                <span>20:00 (MESZ)<\/span>\n                                                                                                    <\/div>\n\n                                                                                                    <div class=\"event-location\">\n                                                                                                                    <i class=\"fas fa-thumbtack\"><\/i>&nbsp;\n                                                            <span>Virtuelle Veranstaltung auf Zoom<\/span>\n                                                                                                            <\/div>\n\n                                                    <div class=\"event-language\">\n                                                                                                                    <i class=\"fas fa-globe\"><\/i>&nbsp;\n                                                            <span>Auf Englisch, mit mehrsprachigen Untertiteln<\/span>\n                                                                                                            <\/div>\n                                                                                            <\/div>\n\n                                            <div class=\"entry-content\">\n                                                <p>\n<p>Das bedeutendste Demokratieprojekt Europas, die Konferenz \u00fcber die Zukunft Europas, hat Hunderttausende von Europ\u00e4ern zusammengebracht, um Ideen f\u00fcr die EU von morgen zu entwickeln. Mehr als 18.800 Vorschl\u00e4ge wurden entwickelt. Und was nun?<\/p>\n\n\n\n<p>Ob Klimawandel, Lebensmittelsicherheit, Au\u00dfenpolitik oder Technologie. Ein Jahr lang waren die B\u00fcrgerinnen und B\u00fcrger der EU aufgefordert, ihre Ideen in allen zukunftsrelevanten Bereichen einzubringen. Die zusammengefassten Ergebnisse m\u00fcssen nun von den politischen Entscheidungstr\u00e4gern auf europ\u00e4ischer Ebene umgesetzt werden. Wie l\u00e4uft das ab? Werden alle Ideen umgesetzt, und wie k\u00f6nnen wir sicher sein, dass sie nicht in Schubladen landen?<\/p>\n\n\n\n<p>Gemeinsam mit Guillaume McLaughlin werden wir diese Fragen diskutieren. Als Referatsleiter im Interinstitutionellen Referat f\u00fcr Zukunftsfragen des Europ\u00e4ischen Parlaments war er aktiv an der Gestaltung des Projekts beteiligt.<\/p>\n<\/p>\n                                                <div class=\"clear\"><\/div>\n                                            <\/div>\n\n                                                                                    <\/div>\n                                    <\/article>\n                                <\/div>\n                            \n                                <div id=\"post-9672\" class=\"aux-col post-9672\">\n                                    <article class=\"post column-entry post-9672 event_listing type-event_listing status-expired has-post-thumbnail hentry\">\n                                        <div class=\"entry-media\">\n                                            <div class=\"aux-media-frame aux-media-image aux-image-mask\">\n                                                <img decoding=\"async\"\n                                                loading=\"lazy\"\n                                                src=\"https:\/\/meeteu.eu\/wp-content\/uploads\/2023\/02\/Visual-mardi-gras.jpg\"\n                                                class=\"aux-attachment aux-featured-image aux-attachment-id-9673 aux-preload aux-has-preview\"\n                                                alt=\"\"\n                                                data-src=\"https:\/\/meeteu.eu\/wp-content\/uploads\/2023\/02\/Visual-mardi-gras.jpg\"\n                                                \/>\n                                            <\/div>\n                                        <\/div>\n\n                                        <header class=\"entry-header\">\n                                            <h4 class=\"entry-title\">\n                                                Es ist ein Feiertag!                                            <\/h4>\n                                        <\/header>\n\n                                        <div class=\"entry-main\">\n                                            <div class=\"entry-info\">\n                                                <div class=\"event-date\">\n                                                                                                            <i class=\"fas fa-calendar-alt\"><\/i>&nbsp;\n                                                    \n                                                                                                            <span>21. Februar 2023<\/span>\n                                                                                                                                                                <span>19:00 (MESZ)<\/span>\n                                                    \n                                                                                                            <span> - <\/span>\n                                                    \n                                                                                                            <span>21. Februar 2023<\/span>\n                                                                                                                                                                <span>20:00 (MESZ)<\/span>\n                                                                                                    <\/div>\n\n                                                                                                    <div class=\"event-location\">\n                                                                                                                    <i class=\"fas fa-thumbtack\"><\/i>&nbsp;\n                                                            <span>Virtuelle Veranstaltung auf Zoom<\/span>\n                                                                                                            <\/div>\n\n                                                    <div class=\"event-language\">\n                                                                                                                    <i class=\"fas fa-globe\"><\/i>&nbsp;\n                                                            <span>Auf Englisch, mit mehrsprachigen Untertiteln<\/span>\n                                                                                                            <\/div>\n                                                                                            <\/div>\n\n                                            <div class=\"entry-content\">\n                                                <p>\n<p>Diesen Dienstag findet kein MeetEU-Event statt, aber keine Sorge. Auf unserem Discord-Server finden Sie jeden Tag interessante Diskussionen. Schauen Sie doch einfach mal rein!<\/p>\n<\/p>\n                                                <div class=\"clear\"><\/div>\n                                            <\/div>\n\n                                                                                    <\/div>\n                                    <\/article>\n                                <\/div>\n                            \n                                <div id=\"post-9615\" class=\"aux-col post-9615\">\n                                    <article class=\"post column-entry post-9615 event_listing type-event_listing status-expired has-post-thumbnail hentry\">\n                                        <div class=\"entry-media\">\n                                            <div class=\"aux-media-frame aux-media-image aux-image-mask\">\n                                                <img decoding=\"async\"\n                                                loading=\"lazy\"\n                                                src=\"https:\/\/meeteu.eu\/wp-content\/uploads\/2023\/02\/ENG-Banner-Visual-EUIntern.jpg\"\n                                                class=\"aux-attachment aux-featured-image aux-attachment-id-9616 aux-preload aux-has-preview\"\n                                                alt=\"\"\n                                                data-src=\"https:\/\/meeteu.eu\/wp-content\/uploads\/2023\/02\/ENG-Banner-Visual-EUIntern.jpg\"\n                                                \/>\n                                            <\/div>\n                                        <\/div>\n\n                                        <header class=\"entry-header\">\n                                            <h4 class=\"entry-title\">\n                                                Ihre Praktikumsm\u00f6glichkeiten bei den EU-Institutionen                                            <\/h4>\n                                        <\/header>\n\n                                        <div class=\"entry-main\">\n                                            <div class=\"entry-info\">\n                                                <div class=\"event-date\">\n                                                                                                            <i class=\"fas fa-calendar-alt\"><\/i>&nbsp;\n                                                    \n                                                                                                            <span>14. Februar 2023<\/span>\n                                                                                                                                                                <span>19:00 (MESZ)<\/span>\n                                                    \n                                                                                                            <span> - <\/span>\n                                                    \n                                                                                                            <span>14. Februar 2023<\/span>\n                                                                                                                                                                <span>20:00 (MESZ)<\/span>\n                                                                                                    <\/div>\n\n                                                                                                    <div class=\"event-location\">\n                                                                                                                    <i class=\"fas fa-thumbtack\"><\/i>&nbsp;\n                                                            <span>Virtuelle Veranstaltung auf Zoom<\/span>\n                                                                                                            <\/div>\n\n                                                    <div class=\"event-language\">\n                                                                                                                    <i class=\"fas fa-globe\"><\/i>&nbsp;\n                                                            <span>Auf Englisch, mit mehrsprachigen Untertiteln<\/span>\n                                                                                                            <\/div>\n                                                                                            <\/div>\n\n                                            <div class=\"entry-content\">\n                                                <p>\n<p>Ihr Praktikum steht vor der T\u00fcr und EU-Themen liegen Ihnen am Herzen? Dann haben Sie sicher schon dar\u00fcber nachgedacht, sich f\u00fcr ein Praktikum bei einer der Institutionen der Europ\u00e4ischen Union zu bewerben.<\/p>\n\n\n\n<p>Es gibt viele M\u00f6glichkeiten, und es kann schwierig sein zu wissen, welche die richtige f\u00fcr Sie ist! Was ist der Unterschied zwischen einem Schumann-Praktikum und einem Bluebook-Praktikum? Wie bewerbe ich mich? Wann kann ich mich bewerben? Welche Einrichtung passt am besten zu mir?<\/p>\n\n\n\n<p>W\u00e4hrend unserer Veranstaltung werden Katharina, Verena, Marko und Mona Ihre Fragen beantworten und \u00fcber ihre Erfahrungen bei der Europ\u00e4ischen Kommission, dem Parlament, dem Rat und der St\u00e4ndigen Vertretung der Bundesrepublik Deutschland bei der EU berichten.<\/p>\n\n\n\n<p>Interessiert? Schlie\u00dfen Sie sich uns an!<\/p>\n<\/p>\n                                                <div class=\"clear\"><\/div>\n                                            <\/div>\n\n                                                                                    <\/div>\n                                    <\/article>\n                                <\/div>\n                            \n                                <div id=\"post-9479\" class=\"aux-col post-9479\">\n                                    <article class=\"post column-entry post-9479 event_listing type-event_listing status-expired has-post-thumbnail hentry\">\n                                        <div class=\"entry-media\">\n                                            <div class=\"aux-media-frame aux-media-image aux-image-mask\">\n                                                <img decoding=\"async\"\n                                                loading=\"lazy\"\n                                                src=\"https:\/\/meeteu.eu\/wp-content\/uploads\/2023\/01\/Ask-me-anything-visual-wesbite.jpg\"\n                                                class=\"aux-attachment aux-featured-image aux-attachment-id-9480 aux-preload aux-has-preview\"\n                                                alt=\"\"\n                                                data-src=\"https:\/\/meeteu.eu\/wp-content\/uploads\/2023\/01\/Ask-me-anything-visual-wesbite.jpg\"\n                                                \/>\n                                            <\/div>\n                                        <\/div>\n\n                                        <header class=\"entry-header\">\n                                            <h4 class=\"entry-title\">\n                                                Ich bin ein IT-Projektmanager bei der EU. Frag mich was auch immer                                            <\/h4>\n                                        <\/header>\n\n                                        <div class=\"entry-main\">\n                                            <div class=\"entry-info\">\n                                                <div class=\"event-date\">\n                                                                                                            <i class=\"fas fa-calendar-alt\"><\/i>&nbsp;\n                                                    \n                                                                                                            <span>7. Februar 2023<\/span>\n                                                                                                                                                                <span>19:00 (MESZ)<\/span>\n                                                    \n                                                                                                            <span> - <\/span>\n                                                    \n                                                                                                            <span>7. Februar 2023<\/span>\n                                                                                                                                                                <span>20:00 (MESZ)<\/span>\n                                                                                                    <\/div>\n\n                                                                                                    <div class=\"event-location\">\n                                                                                                                    <i class=\"fas fa-thumbtack\"><\/i>&nbsp;\n                                                            <span>Virtuelle Veranstaltung auf Zoom<\/span>\n                                                                                                            <\/div>\n\n                                                    <div class=\"event-language\">\n                                                                                                                    <i class=\"fas fa-globe\"><\/i>&nbsp;\n                                                            <span>Auf Englisch, mit mehrsprachigen Untertiteln<\/span>\n                                                                                                            <\/div>\n                                                                                            <\/div>\n\n                                            <div class=\"entry-content\">\n                                                <p>\n<p>Bastien ist ein IT-Projektmanager bei der Europ\u00e4ischen Kommission in Br\u00fcssel. Er geh\u00f6rt zu einem Team, das an einem Tool arbeitet, das von der Kommission f\u00fcr Entscheidungsprozesse verwendet wird. Wie sieht seine Arbeit aus? Wie kommt man an einen solchen Job? Wie ist es, in Br\u00fcssel zu leben? W\u00e4hrend des einst\u00fcndigen Gespr\u00e4chs wird Bastien alle Ihre Fragen zu seiner Arbeit, seinen Fachgebieten und allem, was dazwischen liegt, beantworten. <\/p>\n\n\n\n<p>Verpassen Sie nicht die Gelegenheit, mehr \u00fcber die Arbeit eines IT-Fachmanns bei der EU zu erfahren.<\/p>\n<\/p>\n                                                <div class=\"clear\"><\/div>\n                                            <\/div>\n\n                                                                                    <\/div>\n                                    <\/article>\n                                <\/div>\n                            \n                                <div id=\"post-9469\" class=\"aux-col post-9469\">\n                                    <article class=\"post column-entry post-9469 event_listing type-event_listing status-expired has-post-thumbnail hentry\">\n                                        <div class=\"entry-media\">\n                                            <div class=\"aux-media-frame aux-media-image aux-image-mask\">\n                                                <img decoding=\"async\"\n                                                loading=\"lazy\"\n                                                src=\"https:\/\/meeteu.eu\/wp-content\/uploads\/2023\/01\/Michal-Wiezik_Website.jpg\"\n                                                class=\"aux-attachment aux-featured-image aux-attachment-id-9468 aux-preload aux-has-preview\"\n                                                alt=\"\"\n                                                data-src=\"https:\/\/meeteu.eu\/wp-content\/uploads\/2023\/01\/Michal-Wiezik_Website.jpg\"\n                                                \/>\n                                            <\/div>\n                                        <\/div>\n\n                                        <header class=\"entry-header\">\n                                            <h4 class=\"entry-title\">\n                                                Wo sind all unsere W\u00e4lder geblieben?                                            <\/h4>\n                                        <\/header>\n\n                                        <div class=\"entry-main\">\n                                            <div class=\"entry-info\">\n                                                <div class=\"event-date\">\n                                                                                                            <i class=\"fas fa-calendar-alt\"><\/i>&nbsp;\n                                                    \n                                                                                                            <span>31. Januar 2023<\/span>\n                                                                                                                                                                <span>19:00 (MESZ)<\/span>\n                                                    \n                                                                                                            <span> - <\/span>\n                                                    \n                                                                                                            <span>31. Januar 2023<\/span>\n                                                                                                                                                                <span>20:00 (MESZ)<\/span>\n                                                                                                    <\/div>\n\n                                                                                                    <div class=\"event-location\">\n                                                                                                                    <i class=\"fas fa-thumbtack\"><\/i>&nbsp;\n                                                            <span>Virtuelle Veranstaltung auf Zoom<\/span>\n                                                                                                            <\/div>\n\n                                                    <div class=\"event-language\">\n                                                                                                                    <i class=\"fas fa-globe\"><\/i>&nbsp;\n                                                            <span>Auf Englisch, mit mehrsprachigen Untertiteln<\/span>\n                                                                                                            <\/div>\n                                                                                            <\/div>\n\n                                            <div class=\"entry-content\">\n                                                <p>\n<p>In Mittel- und Osteuropa werden in gro\u00dfem Umfang W\u00e4lder gerodet. Auf legale und illegale Weise. B\u00e4ume werden nur noch als Handelsware betrachtet. Die steigenden Energiepreise k\u00f6nnten auch in diesem Winter die Abholzung ankurbeln. Vor allem in den Mitgliedstaaten, in denen viele Menschen ihre H\u00e4user mit Holz heizen.<\/p>\n\n\n\n<p>Was k\u00f6nnen wir tun, um die gef\u00e4hrdeten W\u00e4lder in Europa zu sch\u00fctzen? Dar\u00fcber sprechen wir mit dem \u00d6kologen Michal Wiezik, slowakischer Europaabgeordneter f\u00fcr die Erneuerungsgruppe und Mitglied des Umweltausschusses (ENVI) im Europ\u00e4ischen Parlament.<\/p>\n\n\n\n<p>Nehmen Sie an unserem Gespr\u00e4ch mit Michal Wiezik teil!<\/p>\n<\/p>\n                                                <div class=\"clear\"><\/div>\n                                            <\/div>\n\n                                                                                    <\/div>\n                                    <\/article>\n                                <\/div>\n                            \n                                <div id=\"post-9466\" class=\"aux-col post-9466\">\n                                    <article class=\"post column-entry post-9466 event_listing type-event_listing status-expired has-post-thumbnail hentry\">\n                                        <div class=\"entry-media\">\n                                            <div class=\"aux-media-frame aux-media-image aux-image-mask\">\n                                                <img decoding=\"async\"\n                                                loading=\"lazy\"\n                                                src=\"https:\/\/meeteu.eu\/wp-content\/uploads\/2023\/01\/Ukraine_web_announcement.png\"\n                                                class=\"aux-attachment aux-featured-image aux-attachment-id-9510 aux-preload aux-has-preview\"\n                                                alt=\"\"\n                                                data-src=\"https:\/\/meeteu.eu\/wp-content\/uploads\/2023\/01\/Ukraine_web_announcement.png\"\n                                                \/>\n                                            <\/div>\n                                        <\/div>\n\n                                        <header class=\"entry-header\">\n                                            <h4 class=\"entry-title\">\n                                                Die EU-Mitgliedschaft der Ukraine: Perspektiven und Herausforderungen                                            <\/h4>\n                                        <\/header>\n\n                                        <div class=\"entry-main\">\n                                            <div class=\"entry-info\">\n                                                <div class=\"event-date\">\n                                                                                                            <i class=\"fas fa-calendar-alt\"><\/i>&nbsp;\n                                                    \n                                                                                                            <span>24. Januar 2023<\/span>\n                                                                                                                                                                <span>19:00 (MESZ)<\/span>\n                                                    \n                                                                                                            <span> - <\/span>\n                                                    \n                                                                                                            <span>24. Januar 2023<\/span>\n                                                                                                                                                                <span>20:00 (MESZ)<\/span>\n                                                                                                    <\/div>\n\n                                                                                                    <div class=\"event-location\">\n                                                                                                                    <i class=\"fas fa-thumbtack\"><\/i>&nbsp;\n                                                            <span>Virtuelle Veranstaltung auf Zoom<\/span>\n                                                                                                            <\/div>\n\n                                                    <div class=\"event-language\">\n                                                                                                                    <i class=\"fas fa-globe\"><\/i>&nbsp;\n                                                            <span>Auf Englisch, mit mehrsprachigen Untertiteln<\/span>\n                                                                                                            <\/div>\n                                                                                            <\/div>\n\n                                            <div class=\"entry-content\">\n                                                <p>\n<p>Gemeinsam werden wir einen Blick \u00fcber die aktuellen Schlachtfeldberichte hinaus auf die Zukunft der Ukraine in der EU werfen. Was sind die Herausforderungen des EU-Beitritts der Ukraine? Was sind die entscheidenden Ereignisse, die passieren m\u00fcssen, um in 10 oder 20 Jahren eine Win-Win-Situation zu schaffen? <\/p>\n\n\n\n<p>Seien Sie dabei und tauschen Sie sich mit Victoria Vdovychenko (Au\u00dferordentliche Professorin, Fakult\u00e4t f\u00fcr Recht und Internationale Beziehungen, Borys Grinchenko Universit\u00e4t Kiew) aus. Sie wird uns mit Informationen aus erster Hand versorgen. <\/p>\n<\/p>\n                                                <div class=\"clear\"><\/div>\n                                            <\/div>\n\n                                                                                    <\/div>\n                                    <\/article>\n                                <\/div>\n                            \n                                <div id=\"post-9458\" class=\"aux-col post-9458\">\n                                    <article class=\"post column-entry post-9458 event_listing type-event_listing status-expired has-post-thumbnail hentry\">\n                                        <div class=\"entry-media\">\n                                            <div class=\"aux-media-frame aux-media-image aux-image-mask\">\n                                                <img decoding=\"async\"\n                                                loading=\"lazy\"\n                                                src=\"https:\/\/meeteu.eu\/wp-content\/uploads\/2023\/01\/EU-Quiz-Fun-Edition-Website.jpg\"\n                                                class=\"aux-attachment aux-featured-image aux-attachment-id-9459 aux-preload aux-has-preview\"\n                                                alt=\"\"\n                                                data-src=\"https:\/\/meeteu.eu\/wp-content\/uploads\/2023\/01\/EU-Quiz-Fun-Edition-Website.jpg\"\n                                                \/>\n                                            <\/div>\n                                        <\/div>\n\n                                        <header class=\"entry-header\">\n                                            <h4 class=\"entry-title\">\n                                                EU-Quiz - Spa\u00dfausgabe                                            <\/h4>\n                                        <\/header>\n\n                                        <div class=\"entry-main\">\n                                            <div class=\"entry-info\">\n                                                <div class=\"event-date\">\n                                                                                                            <i class=\"fas fa-calendar-alt\"><\/i>&nbsp;\n                                                    \n                                                                                                            <span>17. Januar 2023<\/span>\n                                                                                                                                                                <span>19:00 (MESZ)<\/span>\n                                                    \n                                                                                                            <span> - <\/span>\n                                                    \n                                                                                                            <span>17. Januar 2023<\/span>\n                                                                                                                                                                <span>20:00 (MESZ)<\/span>\n                                                                                                    <\/div>\n\n                                                                                                    <div class=\"event-location\">\n                                                                                                                    <i class=\"fas fa-thumbtack\"><\/i>&nbsp;\n                                                            <span>Virtuelle Veranstaltung auf Zoom<\/span>\n                                                                                                            <\/div>\n\n                                                    <div class=\"event-language\">\n                                                                                                                    <i class=\"fas fa-globe\"><\/i>&nbsp;\n                                                            <span>Auf Englisch, mit mehrsprachigen Untertiteln<\/span>\n                                                                                                            <\/div>\n                                                                                            <\/div>\n\n                                            <div class=\"entry-content\">\n                                                <p>\n<p>Interessieren Sie sich f\u00fcr Europa? Haben Sie Spa\u00df an Quizsituationen? Dann sollten Sie sich den 17. Januar vormerken, denn MeetEU veranstaltet ein Kahoot-Quiz, bei dem Sie Ihr EU-Wissen unter Beweis stellen und tolle Preise gewinnen k\u00f6nnen! Von Politik \u00fcber Kultur bis hin zu Geschichte deckt dieses Quiz alles ab. <\/p>\n\n\n\n<p>Das Beste ist, dass die Teilnahme kostenlos ist und die Veranstaltung in englischer Sprache durchgef\u00fchrt wird. Lassen Sie sich diese spannende Gelegenheit nicht entgehen, Ihr EU-Fachwissen zu pr\u00e4sentieren und tolle Preise zu gewinnen. Melden Sie sich jetzt an, um Ihren Platz zu reservieren!<\/p>\n<\/p>\n                                                <div class=\"clear\"><\/div>\n                                            <\/div>\n\n                                                                                    <\/div>\n                                    <\/article>\n                                <\/div>\n                            \n                                <div id=\"post-9436\" class=\"aux-col post-9436\">\n                                    <article class=\"post column-entry post-9436 event_listing type-event_listing status-expired has-post-thumbnail hentry\">\n                                        <div class=\"entry-media\">\n                                            <div class=\"aux-media-frame aux-media-image aux-image-mask\">\n                                                <img decoding=\"async\"\n                                                loading=\"lazy\"\n                                                src=\"https:\/\/meeteu.eu\/wp-content\/uploads\/2022\/12\/Visual-Website.jpg\"\n                                                class=\"aux-attachment aux-featured-image aux-attachment-id-9437 aux-preload aux-has-preview\"\n                                                alt=\"\"\n                                                data-src=\"https:\/\/meeteu.eu\/wp-content\/uploads\/2022\/12\/Visual-Website.jpg\"\n                                                \/>\n                                            <\/div>\n                                        <\/div>\n\n                                        <header class=\"entry-header\">\n                                            <h4 class=\"entry-title\">\n                                                Diskutieren wir EUrope generationen\u00fcbergreifend - aber wie?                                            <\/h4>\n                                        <\/header>\n\n                                        <div class=\"entry-main\">\n                                            <div class=\"entry-info\">\n                                                <div class=\"event-date\">\n                                                                                                            <i class=\"fas fa-calendar-alt\"><\/i>&nbsp;\n                                                    \n                                                                                                            <span>20. Dezember 2022<\/span>\n                                                                                                                                                                <span>19:00 (MESZ)<\/span>\n                                                    \n                                                                                                            <span> - <\/span>\n                                                    \n                                                                                                            <span>20. Dezember 2022<\/span>\n                                                                                                                                                                <span>20:00 (MESZ)<\/span>\n                                                                                                    <\/div>\n\n                                                                                                    <div class=\"event-location\">\n                                                                                                                    <i class=\"fas fa-thumbtack\"><\/i>&nbsp;\n                                                            <span>Virtuelle Veranstaltung auf Zoom<\/span>\n                                                                                                            <\/div>\n\n                                                    <div class=\"event-language\">\n                                                                                                                    <i class=\"fas fa-globe\"><\/i>&nbsp;\n                                                            <span>Auf Englisch, mit mehrsprachigen Untertiteln<\/span>\n                                                                                                            <\/div>\n                                                                                            <\/div>\n\n                                            <div class=\"entry-content\">\n                                                <p>\n<p>Wie w\u00fcrden Sie gerne mit einer Person \u00fcber Europa diskutieren, die 30 Jahre j\u00fcnger oder \u00e4lter ist als Sie? In einem Kaffeehaus? Bei einer Wanderung? Auf einem Europafest? Oder \u00fcber eine beliebige digitale Plattform?<\/p>\n\n\n\n<p>Das Europa, in dem wir morgen leben, geht uns alle an! Deshalb m\u00fcssen wir gemeinsam dar\u00fcber reden, wie es aussehen soll. Aber oft diskutieren wir mit Gleichaltrigen, sei es am Arbeitsplatz, an der Universit\u00e4t oder unter Freunden...<\/p>\n\n\n\n<p><strong>Lasst uns aus dieser Blase ausbrechen! Aber wie? Gemeinsam mit Entscheidungstr\u00e4gern, Experten und Ihnen wollen wir Ideen entwickeln, wie wir den Austausch zwischen den Generationen \u00fcber unsere gemeinsame Zukunft in der Europ\u00e4ischen Union f\u00f6rdern k\u00f6nnen.<\/strong><\/p>\n\n\n\n<p>Sie sind kein EU-Experte? Keine Sorge, das ist ein Vorteil. Bringen Sie einfach Ihre Kreativit\u00e4t mit, und wir k\u00fcmmern uns um den Rest.<\/p>\n\n\n\n<p><strong>Von B\u00fcrgern, mit B\u00fcrgern, f\u00fcr B\u00fcrger - seien Sie dabei und nehmen Sie am Workshop teil!<\/strong><\/p>\n<\/p>\n                                                <div class=\"clear\"><\/div>\n                                            <\/div>\n\n                                                                                    <\/div>\n                                    <\/article>\n                                <\/div>\n                            \n                                <div id=\"post-9399\" class=\"aux-col post-9399\">\n                                    <article class=\"post column-entry post-9399 event_listing type-event_listing status-expired has-post-thumbnail hentry\">\n                                        <div class=\"entry-media\">\n                                            <div class=\"aux-media-frame aux-media-image aux-image-mask\">\n                                                <img decoding=\"async\"\n                                                loading=\"lazy\"\n                                                src=\"https:\/\/meeteu.eu\/wp-content\/uploads\/2022\/12\/EU_Enlargement_Adnan_MeetEU_web.png\"\n                                                class=\"aux-attachment aux-featured-image aux-attachment-id-9400 aux-preload aux-has-preview\"\n                                                alt=\"\"\n                                                data-src=\"https:\/\/meeteu.eu\/wp-content\/uploads\/2022\/12\/EU_Enlargement_Adnan_MeetEU_web.png\"\n                                                \/>\n                                            <\/div>\n                                        <\/div>\n\n                                        <header class=\"entry-header\">\n                                            <h4 class=\"entry-title\">\n                                                Sollten wir die EU-Erweiterung beschleunigen?                                            <\/h4>\n                                        <\/header>\n\n                                        <div class=\"entry-main\">\n                                            <div class=\"entry-info\">\n                                                <div class=\"event-date\">\n                                                                                                            <i class=\"fas fa-calendar-alt\"><\/i>&nbsp;\n                                                    \n                                                                                                            <span>13. Dezember 2022<\/span>\n                                                                                                                                                                <span>19:00 (MESZ)<\/span>\n                                                    \n                                                                                                            <span> - <\/span>\n                                                    \n                                                                                                            <span>13. Dezember 2022<\/span>\n                                                                                                                                                                <span>20:00 (MESZ)<\/span>\n                                                                                                    <\/div>\n\n                                                                                                    <div class=\"event-location\">\n                                                                                                                    <i class=\"fas fa-thumbtack\"><\/i>&nbsp;\n                                                            <span>Virtuelle Veranstaltung auf Zoom<\/span>\n                                                                                                            <\/div>\n\n                                                    <div class=\"event-language\">\n                                                                                                                    <i class=\"fas fa-globe\"><\/i>&nbsp;\n                                                            <span>Auf Englisch, mit mehrsprachigen Untertiteln<\/span>\n                                                                                                            <\/div>\n                                                                                            <\/div>\n\n                                            <div class=\"entry-content\">\n                                                <p>\n<p>Der Einmarsch Russlands in die Ukraine ver\u00e4ndert die politische Landschaft Europas grundlegend. Ein neuer eiserner Vorhang wird gezogen, der den Kontinent durchzieht und spaltet. Als Reaktion darauf hat die Europ\u00e4ische Union der Ukraine, Moldawien und Georgien den Weg zur EU-Mitgliedschaft geebnet. Wie realistisch ist das? Ein Blick auf die westlichen Balkanstaaten gibt wenig Anlass zu Optimismus. Alle sechs westlichen Balkanstaaten stecken fest.  Ist es f\u00fcr die EU an der Zeit, dies anzuerkennen und den Prozess f\u00fcr den westlichen Balkan, die Ukraine, Moldawien und Georgien zu verbessern? Wie k\u00f6nnte dies geschehen? Und warum sollte die EU davon profitieren?<\/p>\n\n\n\n<p>Wir diskutieren diese Fragen mit Adnan \u0106erimagi\u0107 von der Denkfabrik <a href=\"https:\/\/www.esiweb.org\/\" data-type=\"URL\" data-id=\"https:\/\/www.esiweb.org\/\" rel=\"noopener\">Europ\u00e4ische Stabilit\u00e4tsinitiative<\/a> (ESI). Adnan (aus Bosnien und Herzegowina) ist leitender Analyst f\u00fcr den westlichen Balkan bei ESI und erforscht die EU-Politik gegen\u00fcber dieser Region.<\/p>\n<\/p>\n                                                <div class=\"clear\"><\/div>\n                                            <\/div>\n\n                                                                                    <\/div>\n                                    <\/article>\n                                <\/div>\n                            \n                                <div id=\"post-9324\" class=\"aux-col post-9324\">\n                                    <article class=\"post column-entry post-9324 event_listing type-event_listing status-expired has-post-thumbnail hentry\">\n                                        <div class=\"entry-media\">\n                                            <div class=\"aux-media-frame aux-media-image aux-image-mask\">\n                                                <img decoding=\"async\"\n                                                loading=\"lazy\"\n                                                src=\"https:\/\/meeteu.eu\/wp-content\/uploads\/2022\/11\/2-EU-Citizen-Participation.jpg\"\n                                                class=\"aux-attachment aux-featured-image aux-attachment-id-9344 aux-preload aux-has-preview\"\n                                                alt=\"\"\n                                                data-src=\"https:\/\/meeteu.eu\/wp-content\/uploads\/2022\/11\/2-EU-Citizen-Participation.jpg\"\n                                                \/>\n                                            <\/div>\n                                        <\/div>\n\n                                        <header class=\"entry-header\">\n                                            <h4 class=\"entry-title\">\n                                                EU-B\u00fcrgerbeteiligung - Demokratief\u00f6rderung oder Flop?                                            <\/h4>\n                                        <\/header>\n\n                                        <div class=\"entry-main\">\n                                            <div class=\"entry-info\">\n                                                <div class=\"event-date\">\n                                                                                                            <i class=\"fas fa-calendar-alt\"><\/i>&nbsp;\n                                                    \n                                                                                                            <span>6. Dezember 2022<\/span>\n                                                                                                                                                                <span>19:00 (MESZ)<\/span>\n                                                    \n                                                                                                            <span> - <\/span>\n                                                    \n                                                                                                            <span>6. Dezember 2022<\/span>\n                                                                                                                                                                <span>20:00 (MESZ)<\/span>\n                                                                                                    <\/div>\n\n                                                                                                    <div class=\"event-location\">\n                                                                                                                    <i class=\"fas fa-thumbtack\"><\/i>&nbsp;\n                                                            <span>Virtuelle Veranstaltung auf Zoom<\/span>\n                                                                                                            <\/div>\n\n                                                    <div class=\"event-language\">\n                                                                                                                    <i class=\"fas fa-globe\"><\/i>&nbsp;\n                                                            <span>Auf Englisch, mit mehrsprachigen Untertiteln<\/span>\n                                                                                                            <\/div>\n                                                                                            <\/div>\n\n                                            <div class=\"entry-content\">\n                                                <p>\n<p>Die <em>Konferenz \u00fcber die Zukunft Europas<\/em> hat viele B\u00fcrgervorschl\u00e4ge und zahlreiche Bilder hervorgebracht. Bilder, die auf EU-Websites, in den Medien und sogar auf unserer Website zu finden sind.<\/p>\n\n\n\n<p>Aber was ist mit den Empfehlungen der B\u00fcrgerinnen und B\u00fcrger? Werden sie genutzt, um die Zukunft der Europ\u00e4ischen Union zu gestalten? Wie sieht es mit ihrer Umsetzung aus? Oder war es nur eine B\u00fcrgerbeteiligung f\u00fcr die Kameras?<\/p>\n\n\n\n<p>In jedem Fall wird mit der <em>Konferenz<\/em>hat die EU einen neuen Schritt hin zu mehr B\u00fcrgerbeteiligung getan. Soll und wird dieser Kurs fortgesetzt werden? Und wenn ja, wie?<br> <br>Mit Damian B\u00f6selager, Mitglied des Europ\u00e4ischen Parlaments (Volt), wollen wir \u00fcber die Ziele, M\u00f6glichkeiten und Grenzen der B\u00fcrgerbeteiligung sprechen. Wie sich die Ergebnisse von B\u00fcrgerpanels auf unsere gew\u00e4hlten Vertreter im Europ\u00e4ischen Parlament auswirken. Und was passieren muss, damit B\u00fcrgerbeteiligung erfolgreich ist.<\/p>\n<\/p>\n                                                <div class=\"clear\"><\/div>\n                                            <\/div>\n\n                                                                                    <\/div>\n                                    <\/article>\n                                <\/div>\n                            \n                                <div id=\"post-9313\" class=\"aux-col post-9313\">\n                                    <article class=\"post column-entry post-9313 event_listing type-event_listing status-expired has-post-thumbnail hentry\">\n                                        <div class=\"entry-media\">\n                                            <div class=\"aux-media-frame aux-media-image aux-image-mask\">\n                                                <img decoding=\"async\"\n                                                loading=\"lazy\"\n                                                src=\"https:\/\/meeteu.eu\/wp-content\/uploads\/2022\/11\/WEBSITE-Home-Parliament-Enlargement-Education....jpg\"\n                                                class=\"aux-attachment aux-featured-image aux-attachment-id-9312 aux-preload aux-has-preview\"\n                                                alt=\"\"\n                                                data-src=\"https:\/\/meeteu.eu\/wp-content\/uploads\/2022\/11\/WEBSITE-Home-Parliament-Enlargement-Education....jpg\"\n                                                \/>\n                                            <\/div>\n                                        <\/div>\n\n                                        <header class=\"entry-header\">\n                                            <h4 class=\"entry-title\">\n                                                Heimatparlamente - EU-Urlaub, Bildung und mehr                                            <\/h4>\n                                        <\/header>\n\n                                        <div class=\"entry-main\">\n                                            <div class=\"entry-info\">\n                                                <div class=\"event-date\">\n                                                                                                            <i class=\"fas fa-calendar-alt\"><\/i>&nbsp;\n                                                    \n                                                                                                            <span>29. November 2022<\/span>\n                                                                                                                                                                <span>19:00 (MESZ)<\/span>\n                                                    \n                                                                                                            <span> - <\/span>\n                                                    \n                                                                                                            <span>29. November 2022<\/span>\n                                                                                                                                                                <span>20:00 (MESZ)<\/span>\n                                                                                                    <\/div>\n\n                                                                                                    <div class=\"event-location\">\n                                                                                                                    <i class=\"fas fa-thumbtack\"><\/i>&nbsp;\n                                                            <span>Virtuelle Veranstaltung auf Zoom<\/span>\n                                                                                                            <\/div>\n\n                                                    <div class=\"event-language\">\n                                                                                                                    <i class=\"fas fa-globe\"><\/i>&nbsp;\n                                                            <span>Auf Englisch, mit mehrsprachigen Untertiteln<\/span>\n                                                                                                            <\/div>\n                                                                                            <\/div>\n\n                                            <div class=\"entry-content\">\n                                                <p>\n<h3 class=\"wp-block-heading\">Geschlossene Sitzung - vorherige Anmeldung erforderlich!<\/h3>\n\n\n\n<p>Die meisten von uns sind f\u00fcr M\u00f6glichkeiten der B\u00fcrgerbeteiligung. Die Organisation Pulse of Europe hat ein Verfahren entwickelt, das genau dies mit einem Prozess, den sie \"Home Parliaments\" nennt, erleichtert. Die aktuelle Sitzung dauert bis zum 6. Dezember und befasst sich mit den folgenden drei Fragen:<\/p>\n\n\n\n<ol class=\"wp-block-list\">\n<li>Sollte es einen gemeinsamen europ\u00e4ischen Feiertag zum Gedenken an die gemeinsame Geschichte und die gemeinsamen Werte Europas geben?<\/li>\n\n\n\n<li> Sollte der Geschichtsunterricht in den europ\u00e4ischen Schulen mehr gemeinsame europ\u00e4ische Inhalte vermitteln und \u00fcber nationale Narrative hinausgehen? <\/li>\n\n\n\n<li>Sollte die EU-Erweiterung f\u00fcr L\u00e4nder mit Kandidatenstatus beschleunigt werden? <\/li>\n<\/ol>\n\n\n\n<p>Wenn jemand von Ihnen<strong> daran interessiert sind, diese Themen zu diskutieren und die Ergebnisse unserer Diskussionen an hochrangige europ\u00e4ische Politiker weiterzuleiten, schreiben Sie uns an niceto@meeteu.eu<\/strong>.<\/p>\n<\/p>\n                                                <div class=\"clear\"><\/div>\n                                            <\/div>\n\n                                                                                    <\/div>\n                                    <\/article>\n                                <\/div>\n                            \n                                <div id=\"post-9310\" class=\"aux-col post-9310\">\n                                    <article class=\"post column-entry post-9310 event_listing type-event_listing status-expired has-post-thumbnail hentry\">\n                                        <div class=\"entry-media\">\n                                            <div class=\"aux-media-frame aux-media-image aux-image-mask\">\n                                                <img decoding=\"async\"\n                                                loading=\"lazy\"\n                                                src=\"https:\/\/meeteu.eu\/wp-content\/uploads\/2022\/11\/WEBSITE-Africa-How-to-Create-Lasting-Change.jpg\"\n                                                class=\"aux-attachment aux-featured-image aux-attachment-id-9311 aux-preload aux-has-preview\"\n                                                alt=\"\"\n                                                data-src=\"https:\/\/meeteu.eu\/wp-content\/uploads\/2022\/11\/WEBSITE-Africa-How-to-Create-Lasting-Change.jpg\"\n                                                \/>\n                                            <\/div>\n                                        <\/div>\n\n                                        <header class=\"entry-header\">\n                                            <h4 class=\"entry-title\">\n                                                Die Auslandshilfe der EU - Wie l\u00e4sst sich ein dauerhafter Wandel herbeif\u00fchren?                                            <\/h4>\n                                        <\/header>\n\n                                        <div class=\"entry-main\">\n                                            <div class=\"entry-info\">\n                                                <div class=\"event-date\">\n                                                                                                            <i class=\"fas fa-calendar-alt\"><\/i>&nbsp;\n                                                    \n                                                                                                            <span>22. November 2022<\/span>\n                                                                                                                                                                <span>19:00 (MESZ)<\/span>\n                                                    \n                                                                                                            <span> - <\/span>\n                                                    \n                                                                                                            <span>23. November 2022<\/span>\n                                                                                                                                                                <span>20:00 (MESZ)<\/span>\n                                                                                                    <\/div>\n\n                                                                                                    <div class=\"event-location\">\n                                                                                                                    <i class=\"fas fa-thumbtack\"><\/i>&nbsp;\n                                                            <span>Virtuelle Veranstaltung auf Zoom<\/span>\n                                                                                                            <\/div>\n\n                                                    <div class=\"event-language\">\n                                                                                                                    <i class=\"fas fa-globe\"><\/i>&nbsp;\n                                                            <span>Auf Englisch, mit mehrsprachigen Untertiteln<\/span>\n                                                                                                            <\/div>\n                                                                                            <\/div>\n\n                                            <div class=\"entry-content\">\n                                                <p>\n<p>Ob es um die Finanzierung gro\u00dfer Infrastrukturprojekte wie Windturbinen in \u00c4gypten oder die Unterst\u00fctzung von Landwirten in Kamerun geht - die Europ\u00e4ische Union finanziert und koordiniert eine Vielzahl von Projekten mit Partnern in der ganzen Welt. Lassen Sie uns dar\u00fcber mit Maria von der Europ\u00e4ischen Kommission sprechen.<\/p>\n\n\n\n<p>Die Entwicklungszusammenarbeit der EU zielt nicht nur darauf ab, das Leben der Menschen in den Entwicklungsregionen zu verbessern, sondern auch durch die F\u00f6rderung nachhaltiger Initiativen einen Beitrag zur Schaffung einer klimafreundlichen Zukunft zu leisten.<\/p>\n\n\n\n<p>Wie versucht die EU, mit ihren Projekten nachhaltige Ver\u00e4nderungen zu bewirken? Welche Ziele werden verfolgt, und wie funktioniert die Finanzierung eines Projekts in Entwicklungsregionen?<\/p>\n\n\n\n<p>Seien Sie dabei und erfahren Sie mehr \u00fcber die Bem\u00fchungen der EU im Bereich der Entwicklungszusammenarbeit.<\/p>\n<\/p>\n                                                <div class=\"clear\"><\/div>\n                                            <\/div>\n\n                                                                                    <\/div>\n                                    <\/article>\n                                <\/div>\n                            \n                                <div id=\"post-9296\" class=\"aux-col post-9296\">\n                                    <article class=\"post column-entry post-9296 event_listing type-event_listing status-expired has-post-thumbnail hentry\">\n                                        <div class=\"entry-media\">\n                                            <div class=\"aux-media-frame aux-media-image aux-image-mask\">\n                                                <img decoding=\"async\"\n                                                loading=\"lazy\"\n                                                src=\"https:\/\/meeteu.eu\/wp-content\/uploads\/2022\/11\/Visual-13.11-Website.jpg\"\n                                                class=\"aux-attachment aux-featured-image aux-attachment-id-9297 aux-preload aux-has-preview\"\n                                                alt=\"\"\n                                                data-src=\"https:\/\/meeteu.eu\/wp-content\/uploads\/2022\/11\/Visual-13.11-Website.jpg\"\n                                                \/>\n                                            <\/div>\n                                        <\/div>\n\n                                        <header class=\"entry-header\">\n                                            <h4 class=\"entry-title\">\n                                                Gr\u00fcner Wasserstoff - Wie der \u00dcbergang aussehen sollte                                            <\/h4>\n                                        <\/header>\n\n                                        <div class=\"entry-main\">\n                                            <div class=\"entry-info\">\n                                                <div class=\"event-date\">\n                                                                                                            <i class=\"fas fa-calendar-alt\"><\/i>&nbsp;\n                                                    \n                                                                                                            <span>15. November 2022<\/span>\n                                                                                                                                                                <span>19:00 (MESZ)<\/span>\n                                                    \n                                                                                                            <span> - <\/span>\n                                                    \n                                                                                                            <span>15. November 2022<\/span>\n                                                                                                                                                                <span>20:00 (MESZ)<\/span>\n                                                                                                    <\/div>\n\n                                                                                                    <div class=\"event-location\">\n                                                                                                                    <i class=\"fas fa-thumbtack\"><\/i>&nbsp;\n                                                            <span>Virtuelle Veranstaltung auf Zoom<\/span>\n                                                                                                            <\/div>\n\n                                                    <div class=\"event-language\">\n                                                                                                                    <i class=\"fas fa-globe\"><\/i>&nbsp;\n                                                            <span>Auf Englisch, mit mehrsprachigen Untertiteln<\/span>\n                                                                                                            <\/div>\n                                                                                            <\/div>\n\n                                            <div class=\"entry-content\">\n                                                <p>\n<p>Gr\u00fcner Wasserstoff ist in aller Munde, ob als Treibstoff f\u00fcr Flugzeuge und Autos, als Gasersatz oder zur Stromerzeugung und -speicherung. Diese Schl\u00fcsseltechnologie soll den \u00dcbergang von fossilen Brennstoffen zu erneuerbaren Energien erm\u00f6glichen und ist ein wichtiges Element im Kampf gegen den Klimawandel. Aber was ist gr\u00fcner Wasserstoff \u00fcberhaupt?<\/p>\n\n\n\n<p>Wir werden dar\u00fcber mit Lars sprechen, der die Einf\u00fchrung von Wasserstofftechnologien in den Niederlanden untersucht hat. Er wird uns erkl\u00e4ren, wie die Nutzung von Wasserstoff als Energiequelle funktioniert, ob sie wirklich umweltfreundlich ist und wann sie vollst\u00e4ndig eingef\u00fchrt sein wird.<\/p>\n\n\n\n<p>Sie m\u00f6chten mehr \u00fcber dieses Thema erfahren? Das wollen wir auch. Seien Sie dabei und melden Sie sich an.<br><br>Finden Sie Ihre Zeitzone:<br>19:00 MEZ (Br\u00fcsseler Zeit) | 18:00 Uhr Irland, Portugal, UK | 20:00 Uhr Bulgarien, Zypern, Estland, Finnland, Griechenland, Lettland, Rum\u00e4nien, Litauen<\/p>\n<\/p>\n                                                <div class=\"clear\"><\/div>\n                                            <\/div>\n\n                                                                                    <\/div>\n                                    <\/article>\n                                <\/div>\n                            \n                                <div id=\"post-9171\" class=\"aux-col post-9171\">\n                                    <article class=\"post column-entry post-9171 event_listing type-event_listing status-expired has-post-thumbnail hentry\">\n                                        <div class=\"entry-media\">\n                                            <div class=\"aux-media-frame aux-media-image aux-image-mask\">\n                                                <img decoding=\"async\"\n                                                loading=\"lazy\"\n                                                src=\"https:\/\/meeteu.eu\/wp-content\/uploads\/2022\/11\/National_Veto_MeetEU_website.png\"\n                                                class=\"aux-attachment aux-featured-image aux-attachment-id-9302 aux-preload aux-has-preview\"\n                                                alt=\"\"\n                                                data-src=\"https:\/\/meeteu.eu\/wp-content\/uploads\/2022\/11\/National_Veto_MeetEU_website.png\"\n                                                \/>\n                                            <\/div>\n                                        <\/div>\n\n                                        <header class=\"entry-header\">\n                                            <h4 class=\"entry-title\">\n                                                Ein st\u00e4rkeres Europa ohne nationale Vetos?                                            <\/h4>\n                                        <\/header>\n\n                                        <div class=\"entry-main\">\n                                            <div class=\"entry-info\">\n                                                <div class=\"event-date\">\n                                                                                                            <i class=\"fas fa-calendar-alt\"><\/i>&nbsp;\n                                                    \n                                                                                                            <span>8. November 2022<\/span>\n                                                                                                                                                                <span>19:00 (MESZ)<\/span>\n                                                    \n                                                                                                            <span> - <\/span>\n                                                    \n                                                                                                            <span>8. November 2022<\/span>\n                                                                                                                                                                <span>20:00 (MESZ)<\/span>\n                                                                                                    <\/div>\n\n                                                                                                    <div class=\"event-location\">\n                                                                                                                    <i class=\"fas fa-thumbtack\"><\/i>&nbsp;\n                                                            <span>Virtuelle Veranstaltung auf Zoom<\/span>\n                                                                                                            <\/div>\n\n                                                    <div class=\"event-language\">\n                                                                                                                    <i class=\"fas fa-globe\"><\/i>&nbsp;\n                                                            <span>Auf Englisch, mit mehrsprachigen Untertiteln<\/span>\n                                                                                                            <\/div>\n                                                                                            <\/div>\n\n                                            <div class=\"entry-content\">\n                                                <p>\n<p>Ob Sanktionspolitik gegen Russland oder eine gemeinsame Erkl\u00e4rung, in der Chinas \"Sicherheitsgesetz\" f\u00fcr Hongkong kritisiert wird - regelm\u00e4\u00dfig werden EU-Entscheidungen durch das Veto eines einzelnen Mitgliedstaates blockiert. Diese Geiselnahme in der Au\u00dfenpolitik muss ein Ende haben, sagen viele EU-B\u00fcrger. Sie fordern, dass Mehrheitsentscheidungen die Regel werden. Auf der anderen Seite gibt es kleinere EU-Mitgliedstaaten, die bef\u00fcrchten, \u00fcberstimmt zu werden. Und es gibt die euroskeptischen Regierungen, die der Meinung sind, dass die europ\u00e4ische Integration bereits zu weit fortgeschritten ist.<\/p>\n\n\n\n<p>Was ist Ihre Meinung? W\u00e4re die EU ohne nationale Vetos st\u00e4rker? Oder st\u00e4rken einstimmige Beschl\u00fcsse tats\u00e4chlich die europ\u00e4ische Integration?<\/p>\n\n\n\n<p>Lassen Sie uns mit unseren G\u00e4sten dar\u00fcber diskutieren:<br>- Omri Preiss, Gesch\u00e4ftsf\u00fchrer von Alliance4Europe<br>- Gabriele Bischoff, Mitglied des Europ\u00e4ischen Parlaments (S&amp;D)<\/p>\n\n\n\n<p>? Dienstag, 08. November<br>? 19:00 MEZ (Br\u00fcsseler Zeit) auf Zoom | 18:00 Uhr Irland, Portugal, UK | 20:00 Uhr Bulgarien, Zypern, Estland, Finnland, Griechenland, Lettland, Rum\u00e4nien, Litauen<\/p>\n<\/p>\n                                                <div class=\"clear\"><\/div>\n                                            <\/div>\n\n                                                                                    <\/div>\n                                    <\/article>\n                                <\/div>\n                            \n                                <div id=\"post-9156\" class=\"aux-col post-9156\">\n                                    <article class=\"post column-entry post-9156 event_listing type-event_listing status-expired has-post-thumbnail hentry\">\n                                        <div class=\"entry-media\">\n                                            <div class=\"aux-media-frame aux-media-image aux-image-mask\">\n                                                <img decoding=\"async\"\n                                                loading=\"lazy\"\n                                                src=\"https:\/\/meeteu.eu\/wp-content\/uploads\/2022\/10\/MASK-Our-Trip-to-Brussels.jpg\"\n                                                class=\"aux-attachment aux-featured-image aux-attachment-id-9157 aux-preload aux-has-preview\"\n                                                alt=\"\"\n                                                data-src=\"https:\/\/meeteu.eu\/wp-content\/uploads\/2022\/10\/MASK-Our-Trip-to-Brussels.jpg\"\n                                                \/>\n                                            <\/div>\n                                        <\/div>\n\n                                        <header class=\"entry-header\">\n                                            <h4 class=\"entry-title\">\n                                                Unsere Reise nach Br\u00fcssel - Erfahren Sie, was wir erlebt haben                                            <\/h4>\n                                        <\/header>\n\n                                        <div class=\"entry-main\">\n                                            <div class=\"entry-info\">\n                                                <div class=\"event-date\">\n                                                                                                            <i class=\"fas fa-calendar-alt\"><\/i>&nbsp;\n                                                    \n                                                                                                            <span>1. November 2022<\/span>\n                                                                                                                                                                <span>19:00 (MESZ)<\/span>\n                                                    \n                                                                                                            <span> - <\/span>\n                                                    \n                                                                                                            <span>1. November 2022<\/span>\n                                                                                                                                                                <span>20:00 (MESZ)<\/span>\n                                                                                                    <\/div>\n\n                                                                                                    <div class=\"event-location\">\n                                                                                                                    <i class=\"fas fa-thumbtack\"><\/i>&nbsp;\n                                                            <span>Virtuelle Veranstaltung auf Zoom<\/span>\n                                                                                                            <\/div>\n\n                                                    <div class=\"event-language\">\n                                                                                                                    <i class=\"fas fa-globe\"><\/i>&nbsp;\n                                                            <span>Auf Englisch, mit mehrsprachigen Untertiteln<\/span>\n                                                                                                            <\/div>\n                                                                                            <\/div>\n\n                                            <div class=\"entry-content\">\n                                                <p>\n<p>Letzte Woche nahm das MeetEU-Team an der LevelUp! Jugendveranstaltung in Br\u00fcssel teil. Was haben wir dort gemacht? Welche Leute haben wir getroffen? Wie war die Stimmung? ...<\/p>\n\n\n\n<p>Nehmen Sie an unserem informellen Gespr\u00e4ch teil, um das Team hinter MeetEU kennenzulernen und zu erfahren, was wir in Br\u00fcssel erlebt haben. Vergessen Sie nicht, einen Tee mitzubringen und am Austausch teilzunehmen!<\/p>\n<\/p>\n                                                <div class=\"clear\"><\/div>\n                                            <\/div>\n\n                                                                                    <\/div>\n                                    <\/article>\n                                <\/div>\n                            \n                                <div id=\"post-8831\" class=\"aux-col post-8831\">\n                                    <article class=\"post column-entry post-8831 event_listing type-event_listing status-expired has-post-thumbnail hentry\">\n                                        <div class=\"entry-media\">\n                                            <div class=\"aux-media-frame aux-media-image aux-image-mask\">\n                                                <img decoding=\"async\"\n                                                loading=\"lazy\"\n                                                src=\"https:\/\/meeteu.eu\/wp-content\/uploads\/2022\/10\/MASK-VI.-Stability-in-Unstable-Times.jpg\"\n                                                class=\"aux-attachment aux-featured-image aux-attachment-id-9158 aux-preload aux-has-preview\"\n                                                alt=\"\"\n                                                data-src=\"https:\/\/meeteu.eu\/wp-content\/uploads\/2022\/10\/MASK-VI.-Stability-in-Unstable-Times.jpg\"\n                                                \/>\n                                            <\/div>\n                                        <\/div>\n\n                                        <header class=\"entry-header\">\n                                            <h4 class=\"entry-title\">\n                                                Stabilit\u00e4t in instabilen Zeiten? Was die EZB tun kann - und was nicht                                            <\/h4>\n                                        <\/header>\n\n                                        <div class=\"entry-main\">\n                                            <div class=\"entry-info\">\n                                                <div class=\"event-date\">\n                                                                                                            <i class=\"fas fa-calendar-alt\"><\/i>&nbsp;\n                                                    \n                                                                                                            <span>18. Oktober 2022<\/span>\n                                                                                                                                                                <span>19:00 (MESZ)<\/span>\n                                                    \n                                                                                                            <span> - <\/span>\n                                                    \n                                                                                                            <span>18. Oktober 2022<\/span>\n                                                                                                                                                                <span>20:00 (MESZ)<\/span>\n                                                                                                    <\/div>\n\n                                                                                                    <div class=\"event-location\">\n                                                                                                                    <i class=\"fas fa-thumbtack\"><\/i>&nbsp;\n                                                            <span>Virtuelle Veranstaltung auf Zoom<\/span>\n                                                                                                            <\/div>\n\n                                                    <div class=\"event-language\">\n                                                                                                                    <i class=\"fas fa-globe\"><\/i>&nbsp;\n                                                            <span>Auf Englisch, mit mehrsprachigen Untertiteln<\/span>\n                                                                                                            <\/div>\n                                                                                            <\/div>\n\n                                            <div class=\"entry-content\">\n                                                <p>\n<p>Im September 2022 stiegen die Verbraucherpreise in der Europ\u00e4ischen Union im Vergleich zum Vorjahresmonat um 10% (!). Die Inflation frisst unsere Geh\u00e4lter und Ersparnisse auf. Sei es an der Kasse oder beim Bezahlen der Stromrechnung. <\/p>\n\n\n\n<p>W\u00e4hrend die USA oder das Vereinigte K\u00f6nigreich die Zinss\u00e4tze stark angehoben haben, hat die Europ\u00e4ische Zentralbank (EZB) vergleichsweise geringe Erh\u00f6hungen vorgenommen. Wird dies ausreichen, um die Situation zu verbessern? <\/p>\n\n\n\n<p>Um mehr zu erfahren, schalten Sie zu uns auf Zoom: Mit Gabriel Gl\u00f6ckler, Principal Advisor bei der EZB, werden wir dar\u00fcber diskutieren, wie die EZB mit dieser Krise umgeht, welche Konsequenzen wir erwarten k\u00f6nnen und warum sie so vorsichtig vorgeht.<\/p>\n<\/p>\n                                                <div class=\"clear\"><\/div>\n                                            <\/div>\n\n                                                                                    <\/div>\n                                    <\/article>\n                                <\/div>\n                            \n                                <div id=\"post-8830\" class=\"aux-col post-8830\">\n                                    <article class=\"post column-entry post-8830 event_listing type-event_listing status-expired has-post-thumbnail hentry\">\n                                        <div class=\"entry-media\">\n                                            <div class=\"aux-media-frame aux-media-image aux-image-mask\">\n                                                <img decoding=\"async\"\n                                                loading=\"lazy\"\n                                                src=\"https:\/\/meeteu.eu\/wp-content\/uploads\/2022\/10\/MASK-Green-Sustainable-Flying-Dream-or-Reality.jpg\"\n                                                class=\"aux-attachment aux-featured-image aux-attachment-id-8826 aux-preload aux-has-preview\"\n                                                alt=\"\"\n                                                data-src=\"https:\/\/meeteu.eu\/wp-content\/uploads\/2022\/10\/MASK-Green-Sustainable-Flying-Dream-or-Reality.jpg\"\n                                                \/>\n                                            <\/div>\n                                        <\/div>\n\n                                        <header class=\"entry-header\">\n                                            <h4 class=\"entry-title\">\n                                                Gr\u00fcnes und nachhaltiges Fliegen - m\u00f6glich oder ein Traum?                                            <\/h4>\n                                        <\/header>\n\n                                        <div class=\"entry-main\">\n                                            <div class=\"entry-info\">\n                                                <div class=\"event-date\">\n                                                                                                            <i class=\"fas fa-calendar-alt\"><\/i>&nbsp;\n                                                    \n                                                                                                            <span>11. Oktober 2022<\/span>\n                                                                                                                                                                <span>19:00 (MESZ)<\/span>\n                                                    \n                                                                                                            <span> - <\/span>\n                                                    \n                                                                                                            <span>11. Oktober 2022<\/span>\n                                                                                                                                                                <span>20:00 (MESZ)<\/span>\n                                                                                                    <\/div>\n\n                                                                                                    <div class=\"event-location\">\n                                                                                                                    <i class=\"fas fa-thumbtack\"><\/i>&nbsp;\n                                                            <span>Virtuelle Veranstaltung auf Zoom<\/span>\n                                                                                                            <\/div>\n\n                                                    <div class=\"event-language\">\n                                                                                                                    <i class=\"fas fa-globe\"><\/i>&nbsp;\n                                                            <span>Auf Englisch, mit mehrsprachigen Untertiteln<\/span>\n                                                                                                            <\/div>\n                                                                                            <\/div>\n\n                                            <div class=\"entry-content\">\n                                                <p>\n<p>Das letzte Mal, dass Sie in den Urlaub geflogen sind, ist f\u00fcnf Jahre her, und Sie haben immer noch ein schlechtes Gewissen? Das ist verst\u00e4ndlich: Flugreisen sind eine der umweltsch\u00e4dlichsten Arten der Fortbewegung, aber sie sind auch oft die einzige M\u00f6glichkeit oder billiger als eine Zugfahrt...<\/p>\n\n\n\n<p>Gemeinsam mit Ihnen wollen wir in die Welt der Luftfahrt abheben und diskutieren, ob der Flugverkehr in Zukunft umweltfreundlicher werden kann oder ob es sich um Greenwashing handelt.<\/p>\n\n\n\n<p>Wir freuen uns, Herrn Pedro Castro (Luftfahrtberater und portugiesischer Abgeordneter) begr\u00fc\u00dfen zu d\u00fcrfen. Er befasst sich tagt\u00e4glich mit diesem Thema und wird uns erkl\u00e4ren, dass die CO2-Emissionen nicht das einzige Problem in der Luftfahrtindustrie sind.<\/p>\n\n\n\n<p>Bei dieser Veranstaltung k\u00f6nnen Sie zwar keine Meilen sammeln, aber interessante Informationen. Registrieren Sie sich und buchen Sie Ihren Platz (kostenlos...)<\/p>\n<\/p>\n                                                <div class=\"clear\"><\/div>\n                                            <\/div>\n\n                                                                                    <\/div>\n                                    <\/article>\n                                <\/div>\n                            \n                                <div id=\"post-8825\" class=\"aux-col post-8825\">\n                                    <article class=\"post column-entry post-8825 event_listing type-event_listing status-expired has-post-thumbnail hentry\">\n                                        <div class=\"entry-media\">\n                                            <div class=\"aux-media-frame aux-media-image aux-image-mask\">\n                                                <img decoding=\"async\"\n                                                loading=\"lazy\"\n                                                src=\"https:\/\/meeteu.eu\/wp-content\/uploads\/2022\/10\/MASKJ5.10-Lobby-Greener-Social-Europe-Alex-Braley.jpg\"\n                                                class=\"aux-attachment aux-featured-image aux-attachment-id-8827 aux-preload aux-has-preview\"\n                                                alt=\"\"\n                                                data-src=\"https:\/\/meeteu.eu\/wp-content\/uploads\/2022\/10\/MASKJ5.10-Lobby-Greener-Social-Europe-Alex-Braley.jpg\"\n                                                \/>\n                                            <\/div>\n                                        <\/div>\n\n                                        <header class=\"entry-header\">\n                                            <h4 class=\"entry-title\">\n                                                Wie man sich f\u00fcr ein gr\u00fcneres und sozialeres Europa einsetzt                                            <\/h4>\n                                        <\/header>\n\n                                        <div class=\"entry-main\">\n                                            <div class=\"entry-info\">\n                                                <div class=\"event-date\">\n                                                                                                            <i class=\"fas fa-calendar-alt\"><\/i>&nbsp;\n                                                    \n                                                                                                            <span>5. Oktober 2022<\/span>\n                                                                                                                                                                <span>19:00 (MESZ)<\/span>\n                                                    \n                                                                                                            <span> - <\/span>\n                                                    \n                                                                                                                                                                <span>20:00 (MESZ)<\/span>\n                                                                                                    <\/div>\n\n                                                                                                    <div class=\"event-location\">\n                                                                                                                    <i class=\"fas fa-thumbtack\"><\/i>&nbsp;\n                                                            <span>Virtuelle Veranstaltung auf Zoom<\/span>\n                                                                                                            <\/div>\n\n                                                    <div class=\"event-language\">\n                                                                                                                    <i class=\"fas fa-globe\"><\/i>&nbsp;\n                                                            <span>Auf Englisch, mit mehrsprachigen Untertiteln<\/span>\n                                                                                                            <\/div>\n                                                                                            <\/div>\n\n                                            <div class=\"entry-content\">\n                                                <p>\n<p>Was Lobbyisten f\u00f6rdern, hat Folgen f\u00fcr die Gesellschaft. Alex Braley geh\u00f6rt zu einer neuen Generation von Lobbyisten in Br\u00fcssel, die innovativ sind und nachhaltige \u00f6ffentliche Angelegenheiten betreiben - die Praxis der Lobbyarbeit f\u00fcr eine ehrgeizigere Umweltpolitik oder eine bessere Durchsetzung der geltenden Vorschriften.<\/p>\n\n\n\n<p>Als Head of Practice f\u00fcr Kreislaufwirtschaft bei der Beratungsfirma #SustainablePublicAffairs arbeitet Alex jeden Tag daran, h\u00f6here Nachhaltigkeitsziele und -ans\u00e4tze in die EU-Gesetzgebung einzubringen.<\/p>\n\n\n\n<p>Aber was bedeutet das eigentlich: Lobbyarbeit? Was ist eine Kreislaufwirtschaft? Wie nimmt man Einfluss auf die Gesetzgebung und was macht diese Art der Lobbyarbeit so wichtig?<\/p>\n\n\n\n<p>Wir freuen uns, dass Alex Braley uns einen Einblick in seine t\u00e4gliche Arbeit und in die wichtigen Themen, f\u00fcr die er sich einsetzt, geben wird.<\/p>\n<\/p>\n                                                <div class=\"clear\"><\/div>\n                                            <\/div>\n\n                                                                                    <\/div>\n                                    <\/article>\n                                <\/div>\n                            \n                                <div id=\"post-8288\" class=\"aux-col post-8288\">\n                                    <article class=\"post column-entry post-8288 event_listing type-event_listing status-expired has-post-thumbnail hentry\">\n                                        <div class=\"entry-media\">\n                                            <div class=\"aux-media-frame aux-media-image aux-image-mask\">\n                                                <img decoding=\"async\"\n                                                loading=\"lazy\"\n                                                src=\"https:\/\/meeteu.eu\/wp-content\/uploads\/2022\/09\/Konig-DG-CONNECT-27.10.jpg\"\n                                                class=\"aux-attachment aux-featured-image aux-attachment-id-8289 aux-preload aux-has-preview\"\n                                                alt=\"\"\n                                                data-src=\"https:\/\/meeteu.eu\/wp-content\/uploads\/2022\/09\/Konig-DG-CONNECT-27.10.jpg\"\n                                                \/>\n                                            <\/div>\n                                        <\/div>\n\n                                        <header class=\"entry-header\">\n                                            <h4 class=\"entry-title\">\n                                                Gesetz \u00fcber digitale M\u00e4rkte - Chance oder Einschr\u00e4nkung?                                            <\/h4>\n                                        <\/header>\n\n                                        <div class=\"entry-main\">\n                                            <div class=\"entry-info\">\n                                                <div class=\"event-date\">\n                                                                                                            <i class=\"fas fa-calendar-alt\"><\/i>&nbsp;\n                                                    \n                                                                                                            <span>27. September 2022<\/span>\n                                                                                                                                                                <span>19:00 (MESZ)<\/span>\n                                                    \n                                                    \n                                                                                                                                                        <\/div>\n\n                                                                                                    <div class=\"event-location\">\n                                                                                                                    <i class=\"fas fa-thumbtack\"><\/i>&nbsp;\n                                                            <span>Virtuelle Veranstaltung auf Zoom<\/span>\n                                                                                                            <\/div>\n\n                                                    <div class=\"event-language\">\n                                                                                                                    <i class=\"fas fa-globe\"><\/i>&nbsp;\n                                                            <span>Auf Englisch, mit mehrsprachigen Untertiteln<\/span>\n                                                                                                            <\/div>\n                                                                                            <\/div>\n\n                                            <div class=\"entry-content\">\n                                                <p>\n<p>Der Rechtsakt \u00fcber digitale M\u00e4rkte ist ein Vorschlag der EU-Kommission, der vom EU-Parlament und dem Rat der Europ\u00e4ischen Union angenommen wurde. Er zielt darauf ab, Probleme mit sogenannten \"Gatekeepern\" zu l\u00f6sen und f\u00fchrt neue Regeln f\u00fcr gro\u00dfe Plattformen und deren Betriebserlaubnis ein.<br><br>Der DMA (Digital Markets Act) soll faire und offene M\u00e4rkte f\u00fcr alle digitalen Unternehmen gew\u00e4hrleisten, aber was genau ist ein \"Gatekeeper\"? Welche Regeln werden umgesetzt und was bedeuten sie f\u00fcr die Zukunft der Europ\u00e4ischen Union? Wie sieht die Gesetzgebung im weltweiten Vergleich aus? Wird sie die Chancen bringen, die sie verspricht?<br><br>Besuchen Sie uns am Dienstag, den 27.<sup>th<\/sup> September (19:00 Uhr MESZ), um all dies mit Michael K\u00f6nig, dem Berater f\u00fcr Plattformregulierung und das Gesetz \u00fcber digitale M\u00e4rkte in der GD CONNECT der Europ\u00e4ischen Kommission, zu diskutieren. Als Hauptverhandlungsf\u00fchrer f\u00fcr den Digital Markets Act wird er uns helfen k\u00f6nnen, den DMA und seine Auswirkungen zu verstehen.<\/p>\n\n\n\n<p><br>Wir freuen uns darauf, Sie bei dieser kostenlosen Veranstaltung zu sehen ?<\/p>\n<\/p>\n                                                <div class=\"clear\"><\/div>\n                                            <\/div>\n\n                                                                                    <\/div>\n                                    <\/article>\n                                <\/div>\n                            \n                                <div id=\"post-8246\" class=\"aux-col post-8246\">\n                                    <article class=\"post column-entry post-8246 event_listing type-event_listing status-expired has-post-thumbnail hentry\">\n                                        <div class=\"entry-media\">\n                                            <div class=\"aux-media-frame aux-media-image aux-image-mask\">\n                                                <img decoding=\"async\"\n                                                loading=\"lazy\"\n                                                src=\"https:\/\/meeteu.eu\/wp-content\/uploads\/2022\/09\/Minister-one-Day-2.jpg\"\n                                                class=\"aux-attachment aux-featured-image aux-attachment-id-8247 aux-preload aux-has-preview\"\n                                                alt=\"\"\n                                                data-src=\"https:\/\/meeteu.eu\/wp-content\/uploads\/2022\/09\/Minister-one-Day-2.jpg\"\n                                                \/>\n                                            <\/div>\n                                        <\/div>\n\n                                        <header class=\"entry-header\">\n                                            <h4 class=\"entry-title\">\n                                                Werden Sie f\u00fcr einen Tag Minister - Simulation des Ministerrats                                            <\/h4>\n                                        <\/header>\n\n                                        <div class=\"entry-main\">\n                                            <div class=\"entry-info\">\n                                                <div class=\"event-date\">\n                                                                                                            <i class=\"fas fa-calendar-alt\"><\/i>&nbsp;\n                                                    \n                                                                                                            <span>24. September 2022<\/span>\n                                                                                                                                                                <span>10:00 (MESZ)<\/span>\n                                                    \n                                                    \n                                                                                                                                                        <\/div>\n\n                                                                                                    <div class=\"event-location\">\n                                                                                                                    <i class=\"fas fa-thumbtack\"><\/i>&nbsp;\n                                                            <span>Virtuelle Veranstaltung auf Zoom<\/span>\n                                                                                                            <\/div>\n\n                                                    <div class=\"event-language\">\n                                                                                                                    <i class=\"fas fa-globe\"><\/i>&nbsp;\n                                                            <span>Auf Englisch, mit mehrsprachigen Untertiteln<\/span>\n                                                                                                            <\/div>\n                                                                                            <\/div>\n\n                                            <div class=\"entry-content\">\n                                                <p>\n<p><strong>Werden Sie f\u00fcr einen Tag Minister - Simulation des Ministerrats<\/strong><\/p>\n<\/p>\n                                                <div class=\"clear\"><\/div>\n                                            <\/div>\n\n                                                                                    <\/div>\n                                    <\/article>\n                                <\/div>\n                            \n                                <div id=\"post-8244\" class=\"aux-col post-8244\">\n                                    <article class=\"post column-entry post-8244 event_listing type-event_listing status-expired has-post-thumbnail hentry\">\n                                        <div class=\"entry-media\">\n                                            <div class=\"aux-media-frame aux-media-image aux-image-mask\">\n                                                <img decoding=\"async\"\n                                                loading=\"lazy\"\n                                                src=\"https:\/\/meeteu.eu\/wp-content\/uploads\/2022\/09\/Minister-one-Day-1.jpg\"\n                                                class=\"aux-attachment aux-featured-image aux-attachment-id-8245 aux-preload aux-has-preview\"\n                                                alt=\"\"\n                                                data-src=\"https:\/\/meeteu.eu\/wp-content\/uploads\/2022\/09\/Minister-one-Day-1.jpg\"\n                                                \/>\n                                            <\/div>\n                                        <\/div>\n\n                                        <header class=\"entry-header\">\n                                            <h4 class=\"entry-title\">\n                                                Vorbereitungstreffen \"Werde Minister f\u00fcr einen Tag\"\ufffc                                            <\/h4>\n                                        <\/header>\n\n                                        <div class=\"entry-main\">\n                                            <div class=\"entry-info\">\n                                                <div class=\"event-date\">\n                                                                                                            <i class=\"fas fa-calendar-alt\"><\/i>&nbsp;\n                                                    \n                                                                                                            <span>20. September 2022<\/span>\n                                                                                                                                                                <span>19:00 (MESZ)<\/span>\n                                                    \n                                                                                                            <span> - <\/span>\n                                                    \n                                                                                                                                                                <span>20:00 (MESZ)<\/span>\n                                                                                                    <\/div>\n\n                                                                                                    <div class=\"event-location\">\n                                                                                                                    <i class=\"fas fa-thumbtack\"><\/i>&nbsp;\n                                                            <span>Virtuelle Veranstaltung auf Zoom<\/span>\n                                                                                                            <\/div>\n\n                                                    <div class=\"event-language\">\n                                                                                                                    <i class=\"fas fa-globe\"><\/i>&nbsp;\n                                                            <span>Auf Englisch, mit mehrsprachigen Untertiteln<\/span>\n                                                                                                            <\/div>\n                                                                                            <\/div>\n\n                                            <div class=\"entry-content\">\n                                                <p>\n<p>Sie haben einen der begehrten Pl\u00e4tze f\u00fcr unsere Simulation des Rates der Europ\u00e4ischen Union? Dann kommen Sie unbedingt zu unserer Einf\u00fchrungsveranstaltung. Hier erhalten Sie alle wichtigen Informationen - wir freuen uns auf Sie!&nbsp;<\/p>\n\n\n\n<p>In Zusammenarbeit mit BETA Serbien und BETA Polen.<\/p>\n<\/p>\n                                                <div class=\"clear\"><\/div>\n                                            <\/div>\n\n                                                                                    <\/div>\n                                    <\/article>\n                                <\/div>\n                            \n                                <div id=\"post-8242\" class=\"aux-col post-8242\">\n                                    <article class=\"post column-entry post-8242 event_listing type-event_listing status-expired has-post-thumbnail hentry\">\n                                        <div class=\"entry-media\">\n                                            <div class=\"aux-media-frame aux-media-image aux-image-mask\">\n                                                <img decoding=\"async\"\n                                                loading=\"lazy\"\n                                                src=\"https:\/\/meeteu.eu\/wp-content\/uploads\/2022\/09\/itly.jpg\"\n                                                class=\"aux-attachment aux-featured-image aux-attachment-id-8243 aux-preload aux-has-preview\"\n                                                alt=\"\"\n                                                data-src=\"https:\/\/meeteu.eu\/wp-content\/uploads\/2022\/09\/itly.jpg\"\n                                                \/>\n                                            <\/div>\n                                        <\/div>\n\n                                        <header class=\"entry-header\">\n                                            <h4 class=\"entry-title\">\n                                                Italienische Wahlen - Warum sind sie f\u00fcr die EU wichtig?                                            <\/h4>\n                                        <\/header>\n\n                                        <div class=\"entry-main\">\n                                            <div class=\"entry-info\">\n                                                <div class=\"event-date\">\n                                                                                                            <i class=\"fas fa-calendar-alt\"><\/i>&nbsp;\n                                                    \n                                                                                                            <span>13. September 2022<\/span>\n                                                                                                                                                                <span>19:00 (MESZ)<\/span>\n                                                    \n                                                                                                            <span> - <\/span>\n                                                    \n                                                                                                                                                                <span>20:00 (MESZ)<\/span>\n                                                                                                    <\/div>\n\n                                                                                                    <div class=\"event-location\">\n                                                                                                                    <i class=\"fas fa-thumbtack\"><\/i>&nbsp;\n                                                            <span>Virtuelle Veranstaltung auf Zoom<\/span>\n                                                                                                            <\/div>\n\n                                                    <div class=\"event-language\">\n                                                                                                                    <i class=\"fas fa-globe\"><\/i>&nbsp;\n                                                            <span>Auf Englisch, mit mehrsprachigen Untertiteln<\/span>\n                                                                                                            <\/div>\n                                                                                            <\/div>\n\n                                            <div class=\"entry-content\">\n                                                <p>\n<p>Italien w\u00e4hlt! Die drittgr\u00f6\u00dfte Volkswirtschaft Europas steht vor einer Wahl, die nicht nur die nationale Politik, sondern auch das Europa von morgen beeinflussen wird.<\/p>\n\n\n\n<p>Innenpolitisch stehen wir vor gro\u00dfen Herausforderungen: Arbeitslosigkeit, hohe Energiepreise, soziale Spaltung und steigende Lebenshaltungskosten. Wie werden die Parteien darauf reagieren? Was steht in den Wahlprogrammen? Und wie lauten die aktuellen Umfrageergebnisse?<\/p>\n\n\n\n<p>Finden Sie es bei unserer Gemeinschaftsveranstaltung heraus! Organisiert von MeetEU-Mitgliedern aus Italien.<\/p>\n<\/p>\n                                                <div class=\"clear\"><\/div>\n                                            <\/div>\n\n                                                                                    <\/div>\n                                    <\/article>\n                                <\/div>\n                            \n                                <div id=\"post-8453\" class=\"aux-col post-8453\">\n                                    <article class=\"post column-entry post-8453 event_listing type-event_listing status-expired has-post-thumbnail hentry\">\n                                        <div class=\"entry-media\">\n                                            <div class=\"aux-media-frame aux-media-image aux-image-mask\">\n                                                <img decoding=\"async\"\n                                                loading=\"lazy\"\n                                                src=\"https:\/\/meeteu.eu\/wp-content\/uploads\/2022\/09\/Draft-Euro-1-scaled.jpg\"\n                                                class=\"aux-attachment aux-featured-image aux-attachment-id-8454 aux-preload aux-has-preview\"\n                                                alt=\"\"\n                                                data-src=\"https:\/\/meeteu.eu\/wp-content\/uploads\/2022\/09\/Draft-Euro-1-scaled.jpg\"\n                                                \/>\n                                            <\/div>\n                                        <\/div>\n\n                                        <header class=\"entry-header\">\n                                            <h4 class=\"entry-title\">\n                                                Der Euro: Entstehung, Verwaltung und aktuelle Herausforderungen\ufffc                                            <\/h4>\n                                        <\/header>\n\n                                        <div class=\"entry-main\">\n                                            <div class=\"entry-info\">\n                                                <div class=\"event-date\">\n                                                                                                            <i class=\"fas fa-calendar-alt\"><\/i>&nbsp;\n                                                    \n                                                                                                            <span>12. Juli 2022<\/span>\n                                                                                                        \n                                                    \n                                                                                                                                                        <\/div>\n\n                                                                                                    <div class=\"event-location\">\n                                                                                                                    <i class=\"fas fa-thumbtack\"><\/i>&nbsp;\n                                                            <span>Virtuelle Veranstaltung auf Zoom<\/span>\n                                                                                                            <\/div>\n\n                                                    <div class=\"event-language\">\n                                                                                                                    <i class=\"fas fa-globe\"><\/i>&nbsp;\n                                                            <span>Auf Englisch, mit mehrsprachigen Untertiteln<\/span>\n                                                                                                            <\/div>\n                                                                                            <\/div>\n\n                                            <div class=\"entry-content\">\n                                                <p>\n<p>Wenn Sie in einem der 19 Euro-L\u00e4nder leben, haben Sie sich wahrscheinlich schon oft gefragt, woher dieses St\u00fcck Papier mit einer Zahl und dem \u20ac-Zeichen seinen Wert hat. Bei dieser Veranstaltung werden wir dieser Frage gemeinsam mit der Deutschen Bundesbank auf den Grund gehen.<\/p>\n\n\n\n<p>In der gemeinsamen Veranstaltung werden wir uns damit besch\u00e4ftigen, wie der Euro seit 2002 die nationalen W\u00e4hrungen abgel\u00f6st hat und f\u00fcr \u00fcber 300 Millionen Europ\u00e4er zu einem festen Bestandteil des Alltags geworden ist. Ein allt\u00e4glicher Bestandteil, um den man sich auch manchmal Sorgen macht. Griechenlandkrise, Corona und der Krieg in der Ukraine - die Gemeinschaftsw\u00e4hrung hat schon viele Krisen \u00fcberstanden.<\/p>\n\n\n\n<p>Wie reagiert die europ\u00e4ische Finanzpolitik auf die aktuellen Herausforderungen und steigenden Preise? Und welche Rolle spielen die Banken auf europ\u00e4ischer und nationaler Ebene?<\/p>\n\n\n\n<p>Lassen Sie es uns gemeinsam herausfinden!<\/p>\n\n\n\n<p>In Zusammenarbeit mit der&nbsp;<strong>Zentralbank der Bundesrepublik Deutschland<\/strong><\/p>\n<\/p>\n                                                <div class=\"clear\"><\/div>\n                                            <\/div>\n\n                                                                                    <\/div>\n                                    <\/article>\n                                <\/div>\n                            \n                                <div id=\"post-8455\" class=\"aux-col post-8455\">\n                                    <article class=\"post column-entry post-8455 event_listing type-event_listing status-expired has-post-thumbnail hentry\">\n                                        <div class=\"entry-media\">\n                                            <div class=\"aux-media-frame aux-media-image aux-image-mask\">\n                                                <img decoding=\"async\"\n                                                loading=\"lazy\"\n                                                src=\"https:\/\/meeteu.eu\/wp-content\/uploads\/2022\/09\/7th-july-EEAS-scaled.jpg\"\n                                                class=\"aux-attachment aux-featured-image aux-attachment-id-8457 aux-preload aux-has-preview\"\n                                                alt=\"\"\n                                                data-src=\"https:\/\/meeteu.eu\/wp-content\/uploads\/2022\/09\/7th-july-EEAS-scaled.jpg\"\n                                                \/>\n                                            <\/div>\n                                        <\/div>\n\n                                        <header class=\"entry-header\">\n                                            <h4 class=\"entry-title\">\n                                                Russische Desinformation in der Europ\u00e4ischen Union\u00a0                                            <\/h4>\n                                        <\/header>\n\n                                        <div class=\"entry-main\">\n                                            <div class=\"entry-info\">\n                                                <div class=\"event-date\">\n                                                                                                            <i class=\"fas fa-calendar-alt\"><\/i>&nbsp;\n                                                    \n                                                                                                            <span>7. Juli 2022<\/span>\n                                                                                                        \n                                                    \n                                                                                                                                                        <\/div>\n\n                                                                                            <\/div>\n\n                                            <div class=\"entry-content\">\n                                                <p>\n<p>Ob in den Medien oder in den sozialen Medien, Russland hat schon bei der Invasion in Georgien 2008 Desinformationskampagnen zur Schaffung von Narrativen eingesetzt. Eine Strategie: Die Verbreitung widerspr\u00fcchlicher Geschichten \u00fcber Ereignisse, um Unsicherheit zu erzeugen.<\/p>\n\n\n\n<p>Die russische Regierung nutzt im Ukraine-Konflikt auch ihren Einfluss auf staatlich finanzierte Medienh\u00e4user. Seit 2014 wurden bereits mehr als 5000 F\u00e4lle von Desinformation im Zusammenhang mit der Ukraine von EUvsDisinfo gesammelt. Dies ist ein Projekt des Europ\u00e4ischen Ausw\u00e4rtigen Dienstes zur Bek\u00e4mpfung von Desinformationskampagnen.<\/p>\n\n\n\n<p>Wir w\u00fcrden gerne mehr dar\u00fcber erfahren, wie die Europ\u00e4ische Union auf diese Kampagnen reagiert und welche Auswirkungen sie \u00fcber die Grenzen des Kontinents hinaus haben.<\/p>\n\n\n\n<p>Daher freuen wir uns sehr \u00fcber den Besuch<strong>&nbsp;Lutz Guellner vom Europ\u00e4ischen Ausw\u00e4rtigen Dienst, ein Experte f\u00fcr russische<\/strong>&nbsp;Desinformation.<\/p>\n\n\n\n<p>Seien Sie dabei und erfahren Sie mehr \u00fcber dieses wichtige Thema!<\/p>\n<\/p>\n                                                <div class=\"clear\"><\/div>\n                                            <\/div>\n\n                                                                                    <\/div>\n                                    <\/article>\n                                <\/div>\n                            \n                                <div id=\"post-8458\" class=\"aux-col post-8458\">\n                                    <article class=\"post column-entry post-8458 event_listing type-event_listing status-expired has-post-thumbnail hentry\">\n                                        <div class=\"entry-media\">\n                                            <div class=\"aux-media-frame aux-media-image aux-image-mask\">\n                                                <img decoding=\"async\"\n                                                loading=\"lazy\"\n                                                src=\"https:\/\/meeteu.eu\/wp-content\/uploads\/2022\/09\/05-07-Visual-Valerie-Drezet-Humez-French-EU-Presidency-3-EC-scaled.jpg\"\n                                                class=\"aux-attachment aux-featured-image aux-attachment-id-8459 aux-preload aux-has-preview\"\n                                                alt=\"\"\n                                                data-src=\"https:\/\/meeteu.eu\/wp-content\/uploads\/2022\/09\/05-07-Visual-Valerie-Drezet-Humez-French-EU-Presidency-3-EC-scaled.jpg\"\n                                                \/>\n                                            <\/div>\n                                        <\/div>\n\n                                        <header class=\"entry-header\">\n                                            <h4 class=\"entry-title\">\n                                                Franz\u00f6sische Ratspr\u00e4sidentschaft 2022 - Was ist seit Januar in der EU passiert?                                            <\/h4>\n                                        <\/header>\n\n                                        <div class=\"entry-main\">\n                                            <div class=\"entry-info\">\n                                                <div class=\"event-date\">\n                                                                                                            <i class=\"fas fa-calendar-alt\"><\/i>&nbsp;\n                                                    \n                                                                                                            <span>5. Juli 2022<\/span>\n                                                                                                        \n                                                    \n                                                                                                                                                        <\/div>\n\n                                                                                            <\/div>\n\n                                            <div class=\"entry-content\">\n                                                <p>\n<p>Die franz\u00f6sische EU-Ratspr\u00e4sidentschaft (PFUE) ist durch den Krieg in der Ukraine gepr\u00e4gt, der die Priorit\u00e4ten in der aktuellen EU-Politik verschoben hat. Gleichzeitig galt die franz\u00f6sische Ratspr\u00e4sidentschaft als \u00e4u\u00dferst ehrgeizig und wollte wichtige Projekte der Europ\u00e4ischen Union voranbringen, darunter neue Gesetze f\u00fcr den digitalen Raum, eine Westbalkan-Konferenz und die St\u00e4rkung der polizeilichen Zusammenarbeit. In dieser entscheidenden Situation musste die franz\u00f6sische(n) Regierung(en) auf die neuen Herausforderungen auf europ\u00e4ischer Ebene reagieren.&nbsp;<\/p>\n\n\n\n<p>Wie sieht die Gesamtbilanz der sechsmonatigen PFUE aus, welche Erfolge wurden erzielt, und wie hat Frankreich w\u00e4hrend der Pr\u00e4sidentschaft auf den Krieg in der Ukraine reagiert?&nbsp;<\/p>\n\n\n\n<p>Als Leiterin der Vertretung der Europ\u00e4ischen Kommission in Paris hat Val\u00e9rie Drezet-Humez einen besonderen Einblick in das Geschehen aus europ\u00e4ischer Sicht. Nehmen Sie an dem Webinar teil und tauschen Sie sich mit ihr aus.<\/p>\n\n\n\n<p>Mit Ms.&nbsp;<strong>Val\u00e9rie DREZET-HUMEZ<\/strong>&nbsp;Leiter der Vertretung der Europ\u00e4ischen Kommission in Frankreich&nbsp;<\/p>\n<\/p>\n                                                <div class=\"clear\"><\/div>\n                                            <\/div>\n\n                                                                                    <\/div>\n                                    <\/article>\n                                <\/div>\n                            \n                                <div id=\"post-8460\" class=\"aux-col post-8460\">\n                                    <article class=\"post column-entry post-8460 event_listing type-event_listing status-expired has-post-thumbnail hentry\">\n                                        <div class=\"entry-media\">\n                                            <div class=\"aux-media-frame aux-media-image aux-image-mask\">\n                                                <img decoding=\"async\"\n                                                loading=\"lazy\"\n                                                src=\"https:\/\/meeteu.eu\/wp-content\/uploads\/2022\/09\/Next-Gen-Democracy-Makers-2-scaled.jpg\"\n                                                class=\"aux-attachment aux-featured-image aux-attachment-id-8461 aux-preload aux-has-preview\"\n                                                alt=\"\"\n                                                data-src=\"https:\/\/meeteu.eu\/wp-content\/uploads\/2022\/09\/Next-Gen-Democracy-Makers-2-scaled.jpg\"\n                                                \/>\n                                            <\/div>\n                                        <\/div>\n\n                                        <header class=\"entry-header\">\n                                            <h4 class=\"entry-title\">\n                                                Die n\u00e4chste Generation der Demokratief\u00f6rderer                                            <\/h4>\n                                        <\/header>\n\n                                        <div class=\"entry-main\">\n                                            <div class=\"entry-info\">\n                                                <div class=\"event-date\">\n                                                                                                            <i class=\"fas fa-calendar-alt\"><\/i>&nbsp;\n                                                    \n                                                                                                            <span>30 Juni 2022<\/span>\n                                                                                                        \n                                                    \n                                                                                                                                                        <\/div>\n\n                                                                                            <\/div>\n\n                                            <div class=\"entry-content\">\n                                                <p>\n<p>Ja, all diese Dinge sind vorhanden und werden von Freiwilligen aus der ganzen EU umgesetzt.<\/p>\n\n\n\n<p>Lernen Sie die K\u00f6pfe hinter diesen (digitalen) Basisprojekten kennen und stellen Sie Ihre Fragen.<\/p>\n\n\n\n<p>Mit:<br><a href=\"https:\/\/www.twitch.tv\/mepassistant\" rel=\"noopener\">MEPAs Assistent<\/a><br><a href=\"https:\/\/www.youtube.com\/c\/Hoogromulus\" rel=\"noopener\">Hoog<\/a><br><a href=\"https:\/\/discord.gg\/pYb7a6P\" rel=\"noopener\">Forum G\u00f6tterfunken<\/a><br><a href=\"https:\/\/www.youtube.com\/c\/IntoEurope\" rel=\"noopener\">Nach Europa<\/a><br><a href=\"https:\/\/meeteu.eu\/de\/\">MeetEU<\/a><\/p>\n\n\n\n<p><strong>Von B\u00fcrgern, mit B\u00fcrgern, f\u00fcr B\u00fcrger - seien Sie dabei und beteiligen Sie sich an der Diskussion!<\/strong><\/p>\n\n\n\n<p>Auf dem Sofa sitzen und mit Menschen aus allen Teilen des Kontinents \u00fcber Europa diskutieren? Den Europaabgeordneten beim Spielen zusehen und \u00fcber aktuelle Themen sprechen? Mit leicht verst\u00e4ndlichen Videos \u00fcber komplexe EU-Themen schlauer werden? ...<\/p>\n\n\n\n<p>Ja, all diese Dinge sind vorhanden und werden von Freiwilligen aus der ganzen EU umgesetzt.<\/p>\n\n\n\n<p>Lernen Sie die K\u00f6pfe hinter diesen (digitalen) Basisprojekten kennen und stellen Sie Ihre Fragen.<\/p>\n\n\n\n<p>Mit:<br><a href=\"https:\/\/www.twitch.tv\/mepassistant\" rel=\"noopener\">MEPAs Assistent<\/a><br><a href=\"https:\/\/www.youtube.com\/c\/Hoogromulus\" rel=\"noopener\">Hoog<\/a><br><a href=\"https:\/\/discord.gg\/pYb7a6P\" rel=\"noopener\">Forum G\u00f6tterfunken<\/a><br><a href=\"https:\/\/www.youtube.com\/c\/IntoEurope\" rel=\"noopener\">Nach Europa<\/a><br><a href=\"https:\/\/meeteu.eu\/de\/\">MeetEU<\/a><\/p>\n\n\n\n<p><strong>Von B\u00fcrgern, mit B\u00fcrgern, f\u00fcr B\u00fcrger - seien Sie dabei und beteiligen Sie sich an der Diskussion!<\/strong><\/p>\n<\/p>\n                                                <div class=\"clear\"><\/div>\n                                            <\/div>\n\n                                                                                    <\/div>\n                                    <\/article>\n                                <\/div>\n                            \n                                <div id=\"post-8463\" class=\"aux-col post-8463\">\n                                    <article class=\"post column-entry post-8463 event_listing type-event_listing status-expired has-post-thumbnail hentry\">\n                                        <div class=\"entry-media\">\n                                            <div class=\"aux-media-frame aux-media-image aux-image-mask\">\n                                                <img decoding=\"async\"\n                                                loading=\"lazy\"\n                                                src=\"https:\/\/meeteu.eu\/wp-content\/uploads\/2022\/09\/21-6-Nuclear-scaled.jpg\"\n                                                class=\"aux-attachment aux-featured-image aux-attachment-id-8464 aux-preload aux-has-preview\"\n                                                alt=\"\"\n                                                data-src=\"https:\/\/meeteu.eu\/wp-content\/uploads\/2022\/09\/21-6-Nuclear-scaled.jpg\"\n                                                \/>\n                                            <\/div>\n                                        <\/div>\n\n                                        <header class=\"entry-header\">\n                                            <h4 class=\"entry-title\">\n                                                Unzuverl\u00e4ssige erneuerbare Energien? Ist Kernenergie die L\u00f6sung?                                            <\/h4>\n                                        <\/header>\n\n                                        <div class=\"entry-main\">\n                                            <div class=\"entry-info\">\n                                                <div class=\"event-date\">\n                                                                                                            <i class=\"fas fa-calendar-alt\"><\/i>&nbsp;\n                                                    \n                                                                                                            <span>21 Juni 2022<\/span>\n                                                                                                        \n                                                    \n                                                                                                                                                        <\/div>\n\n                                                                                            <\/div>\n\n                                            <div class=\"entry-content\">\n                                                <p>\n<p>In der Europ\u00e4ischen Union ist es gelungen, in vielen Bereichen einen gemeinsamen Ansatz zu finden. Doch wenn es um die Zukunft einer (gr\u00fcnen), nachhaltigen Energiepolitik geht, werden die Ans\u00e4tze zu einem zentralen Thema in den Hauptst\u00e4dten v\u00f6llig unterschiedlich gehandhabt: die Kernenergie.<\/p>\n\n\n\n<p>W\u00e4hrend in einigen L\u00e4ndern die Kernenergie als einzige M\u00f6glichkeit gesehen wird, CO\u2082-arme, erschwingliche Energie zu erzeugen, bezweifeln andere ihre Wirtschaftlichkeit und Umweltvertr\u00e4glichkeit sowie ihre Sicherheit.<\/p>\n\n\n\n<p>Aber brauchen wir die Kernenergie \u00fcberhaupt? Und wie unabh\u00e4ngig macht sie uns?<\/p>\n\n\n\n<p>Lassen Sie uns dies in einer Gemeinschaftsveranstaltung diskutieren.<\/p>\n<\/p>\n                                                <div class=\"clear\"><\/div>\n                                            <\/div>\n\n                                                                                    <\/div>\n                                    <\/article>\n                                <\/div>\n                            \n                                <div id=\"post-8465\" class=\"aux-col post-8465\">\n                                    <article class=\"post column-entry post-8465 event_listing type-event_listing status-expired has-post-thumbnail hentry\">\n                                        <div class=\"entry-media\">\n                                            <div class=\"aux-media-frame aux-media-image aux-image-mask\">\n                                                <img decoding=\"async\"\n                                                loading=\"lazy\"\n                                                src=\"https:\/\/meeteu.eu\/wp-content\/uploads\/2022\/09\/7-June-The-Conference-Is-Over-Whats-Next-MeetEU-scaled.jpg\"\n                                                class=\"aux-attachment aux-featured-image aux-attachment-id-8466 aux-preload aux-has-preview\"\n                                                alt=\"\"\n                                                data-src=\"https:\/\/meeteu.eu\/wp-content\/uploads\/2022\/09\/7-June-The-Conference-Is-Over-Whats-Next-MeetEU-scaled.jpg\"\n                                                \/>\n                                            <\/div>\n                                        <\/div>\n\n                                        <header class=\"entry-header\">\n                                            <h4 class=\"entry-title\">\n                                                Die Konferenz ist vorbei, was kommt jetzt?                                            <\/h4>\n                                        <\/header>\n\n                                        <div class=\"entry-main\">\n                                            <div class=\"entry-info\">\n                                                <div class=\"event-date\">\n                                                                                                            <i class=\"fas fa-calendar-alt\"><\/i>&nbsp;\n                                                    \n                                                                                                            <span>7 Juni 2022<\/span>\n                                                                                                        \n                                                    \n                                                                                                                                                        <\/div>\n\n                                                                                            <\/div>\n\n                                            <div class=\"entry-content\">\n                                                <p>\n<p>Am 9. Mai wurde die Konferenz \u00fcber die Zukunft Europas feierlich mit den Worten beendet: \"<em>Wir befinden uns in einem entscheidenden Moment der europ\u00e4ischen Integration, und kein Vorschlag f\u00fcr Ver\u00e4nderungen sollte unzul\u00e4ssig sein.<\/em>&nbsp;von Roberta Metsola (Pr\u00e4sidentin des Europ\u00e4ischen Parlaments).<\/p>\n\n\n\n<p>Ein Jahr lang wurden die B\u00fcrger der Europ\u00e4ischen Union gefragt, wie die EU von morgen aussehen soll. Hunderttausende nahmen an diesem historischen demokratischen Projekt teil, diskutierten ihre Ideen, trafen sich mit anderen Europ\u00e4ern und entwickelten Empfehlungen zu aktuellen und k\u00fcnftigen Herausforderungen. &nbsp;<\/p>\n\n\n\n<p>Der Abschlussbericht der Konferenz \u00fcber die Zukunft Europas wurde den EU-Institutionen vorgelegt - wie geht es nun weiter?<\/p>\n\n\n\n<p>Was soll mit all diesen Ideen geschehen?<\/p>\n\n\n\n<p>Wir werden diese Frage an Richard Corbett stellen. Er ist Mitglied des Gemeinsamen Sekretariats der Konferenz \u00fcber die Zukunft Europas und eine der Schl\u00fcsselfiguren in diesem Prozess.<\/p>\n<\/p>\n                                                <div class=\"clear\"><\/div>\n                                            <\/div>\n\n                                                                                    <\/div>\n                                    <\/article>\n                                <\/div>\n                            \n                                <div id=\"post-8467\" class=\"aux-col post-8467\">\n                                    <article class=\"post column-entry post-8467 event_listing type-event_listing status-expired has-post-thumbnail hentry\">\n                                        <div class=\"entry-media\">\n                                            <div class=\"aux-media-frame aux-media-image aux-image-mask\">\n                                                <img decoding=\"async\"\n                                                loading=\"lazy\"\n                                                src=\"https:\/\/meeteu.eu\/wp-content\/uploads\/2022\/09\/31-May-Communicating-the-EU-Asylum-and-Migration-Policy-2--scaled.jpg\"\n                                                class=\"aux-attachment aux-featured-image aux-attachment-id-8468 aux-preload aux-has-preview\"\n                                                alt=\"\"\n                                                data-src=\"https:\/\/meeteu.eu\/wp-content\/uploads\/2022\/09\/31-May-Communicating-the-EU-Asylum-and-Migration-Policy-2--scaled.jpg\"\n                                                \/>\n                                            <\/div>\n                                        <\/div>\n\n                                        <header class=\"entry-header\">\n                                            <h4 class=\"entry-title\">\n                                                Kommunikation der EU-Asyl- und Migrationspolitik\u00a0\u00a0                                            <\/h4>\n                                        <\/header>\n\n                                        <div class=\"entry-main\">\n                                            <div class=\"entry-info\">\n                                                <div class=\"event-date\">\n                                                                                                            <i class=\"fas fa-calendar-alt\"><\/i>&nbsp;\n                                                    \n                                                                                                            <span>31 Mai 2022<\/span>\n                                                                                                        \n                                                    \n                                                                                                                                                        <\/div>\n\n                                                                                            <\/div>\n\n                                            <div class=\"entry-content\">\n                                                <p>\n<p>Der Krieg in der Ukraine hat zu Millionen von Fl\u00fcchtlingen gef\u00fchrt, insbesondere in Polen, Rum\u00e4nien und Bulgarien. Diese L\u00e4nder tun ihr Bestes, um sie aufzunehmen und gleichzeitig die Solidarit\u00e4t zwischen den Mitgliedstaaten unter Beweis zu stellen.<\/p>\n\n\n\n<p>Stellt die aktuelle Situation einen Wendepunkt in der Migrations- und Asylpolitik der Europ\u00e4ischen Union dar? Wie geht die EU mit dieser Krise um und gelingt es ihr, den EU-B\u00fcrgern ihre Politik zu vermitteln?<\/p>\n\n\n\n<p>Sprechen wir dar\u00fcber mit Tina Zournatzi von der Abteilung \"Migration und Inneres\" der Europ\u00e4ischen Kommission.<\/p>\n<\/p>\n                                                <div class=\"clear\"><\/div>\n                                            <\/div>\n\n                                                                                    <\/div>\n                                    <\/article>\n                                <\/div>\n                            \n                                <div id=\"post-8469\" class=\"aux-col post-8469\">\n                                    <article class=\"post column-entry post-8469 event_listing type-event_listing status-expired has-post-thumbnail hentry\">\n                                        <div class=\"entry-media\">\n                                            <div class=\"aux-media-frame aux-media-image aux-image-mask\">\n                                                <img decoding=\"async\"\n                                                loading=\"lazy\"\n                                                src=\"https:\/\/meeteu.eu\/wp-content\/uploads\/2022\/09\/26-May-Lets-Reduce-EU-Educational-Inqualities-but-How-EYY--scaled.jpg\"\n                                                class=\"aux-attachment aux-featured-image aux-attachment-id-8472 aux-preload aux-has-preview\"\n                                                alt=\"\"\n                                                data-src=\"https:\/\/meeteu.eu\/wp-content\/uploads\/2022\/09\/26-May-Lets-Reduce-EU-Educational-Inqualities-but-How-EYY--scaled.jpg\"\n                                                \/>\n                                            <\/div>\n                                        <\/div>\n\n                                        <header class=\"entry-header\">\n                                            <h4 class=\"entry-title\">\n                                                Verringerung der Bildungsungleichheiten in der EU - aber wie?                                            <\/h4>\n                                        <\/header>\n\n                                        <div class=\"entry-main\">\n                                            <div class=\"entry-info\">\n                                                <div class=\"event-date\">\n                                                                                                            <i class=\"fas fa-calendar-alt\"><\/i>&nbsp;\n                                                    \n                                                                                                            <span>26 Mai 2022<\/span>\n                                                                                                        \n                                                    \n                                                                                                                                                        <\/div>\n\n                                                                                            <\/div>\n\n                                            <div class=\"entry-content\">\n                                                <p>\n<p>Eines von vier Kindern in der EU ist von Armut oder sozialer Ausgrenzung bedroht. Bei diesen Kindern ist die Wahrscheinlichkeit gr\u00f6\u00dfer, dass sie in der Schule schlechtere Leistungen erbringen und als Erwachsene Schwierigkeiten haben, einen angemessenen Arbeitsplatz zu finden.<\/p>\n\n\n\n<p>Diese Ungerechtigkeit wurde durch die Schlie\u00dfung von Schulen w\u00e4hrend der Coronavirus-Pandemie noch verst\u00e4rkt. Kinder aus benachteiligten Familien haben oft keinen Internetzugang, keine elterliche Unterst\u00fctzung oder kein angemessenes Bildungsumfeld, was das Lernen f\u00fcr sie erschwert.<\/p>\n\n\n\n<p>Diese Ungleichheit muss ein Ende haben. Denn Kinder sind unsere Zukunft. Was kann die EU tun, um gleiche Bildungschancen zu f\u00f6rdern und soziale oder geografische Diskriminierung zu beenden?<\/p>\n\n\n\n<p>Diskutieren Sie mit Victor Negrescu (MdEP S&amp;D), stellvertretender Vorsitzender des Ausschusses f\u00fcr Kultur und Bildung. Stellen Sie Ihre Fragen und teilen Sie Ihre Ideen!<\/p>\n<\/p>\n                                                <div class=\"clear\"><\/div>\n                                            <\/div>\n\n                                                                                    <\/div>\n                                    <\/article>\n                                <\/div>\n                            \n                                <div id=\"post-8473\" class=\"aux-col post-8473\">\n                                    <article class=\"post column-entry post-8473 event_listing type-event_listing status-expired has-post-thumbnail hentry\">\n                                        <div class=\"entry-media\">\n                                            <div class=\"aux-media-frame aux-media-image aux-image-mask\">\n                                                <img decoding=\"async\"\n                                                loading=\"lazy\"\n                                                src=\"https:\/\/meeteu.eu\/wp-content\/uploads\/2022\/09\/Czech-ECP-Draft-scaled.jpg\"\n                                                class=\"aux-attachment aux-featured-image aux-attachment-id-8474 aux-preload aux-has-preview\"\n                                                alt=\"\"\n                                                data-src=\"https:\/\/meeteu.eu\/wp-content\/uploads\/2022\/09\/Czech-ECP-Draft-scaled.jpg\"\n                                                \/>\n                                            <\/div>\n                                        <\/div>\n\n                                        <header class=\"entry-header\">\n                                            <h4 class=\"entry-title\">\n                                                Die tschechische EU-Ratspr\u00e4sidentschaft im Jahr 2022 - Was k\u00f6nnen wir erwarten?                                            <\/h4>\n                                        <\/header>\n\n                                        <div class=\"entry-main\">\n                                            <div class=\"entry-info\">\n                                                <div class=\"event-date\">\n                                                                                                            <i class=\"fas fa-calendar-alt\"><\/i>&nbsp;\n                                                    \n                                                                                                            <span>17 Mai 2022<\/span>\n                                                                                                        \n                                                    \n                                                                                                                                                        <\/div>\n\n                                                                                                    <div class=\"event-location\">\n                                                                                                                    <i class=\"fas fa-thumbtack\"><\/i>&nbsp;\n                                                            <span>Virtuelle Veranstaltung auf Zoom<\/span>\n                                                                                                            <\/div>\n\n                                                    <div class=\"event-language\">\n                                                                                                                    <i class=\"fas fa-globe\"><\/i>&nbsp;\n                                                            <span>Auf Englisch, mit mehrsprachigen Untertiteln<\/span>\n                                                                                                            <\/div>\n                                                                                            <\/div>\n\n                                            <div class=\"entry-content\">\n                                                <p>\n<p>Die Tschechische Republik wird ab Juli 2022 den Vorsitz im Rat der Europ\u00e4ischen Union \u00fcbernehmen. Im \"Rat&nbsp;<strong>Regierungsminister aus jedem EU-Land<\/strong>&nbsp;treffen sich, um Gesetze zu verabschieden und die Politik zu koordinieren.<\/p>\n\n\n\n<p>F\u00fcr ein EU-Land ist die Pr\u00e4sidentschaft ein wichtiges Instrument, um die EU-Politik zu beeinflussen. Das Land, das den Ratsvorsitz innehat, bestimmt die Agenda und die Priorit\u00e4ten der EU in dieser Zeit. Mit anderen Worten, es wird&nbsp;<strong>ein halbes Jahr lang im Mittelpunkt der EU-Politik.<\/strong><\/p>\n\n\n\n<p><strong>Was steht also auf der Agenda der tschechischen Republik?<\/strong>&nbsp;Wird die neue pro-europ\u00e4ische Regierung von Petr Fiala in der Lage und willens sein, eine ehrgeizige Agenda f\u00fcr die weitere Integration der westlichen Balkanstaaten aufzustellen? Wie wird sie zum Wiederaufbau der Ukraine beitragen? Und wie sehen ihre Pl\u00e4ne zur St\u00e4rkung der europ\u00e4ischen Verteidigungskapazit\u00e4ten aus?<\/p>\n\n\n\n<p>Mit Martin Exner (STAN), Mitglied des Parlaments der Tschechischen Republik.<\/p>\n<\/p>\n                                                <div class=\"clear\"><\/div>\n                                            <\/div>\n\n                                                                                    <\/div>\n                                    <\/article>\n                                <\/div>\n                            \n                                <div id=\"post-8475\" class=\"aux-col post-8475\">\n                                    <article class=\"post column-entry post-8475 event_listing type-event_listing status-expired has-post-thumbnail hentry\">\n                                        <div class=\"entry-media\">\n                                            <div class=\"aux-media-frame aux-media-image aux-image-mask\">\n                                                <img decoding=\"async\"\n                                                loading=\"lazy\"\n                                                src=\"https:\/\/meeteu.eu\/wp-content\/uploads\/2022\/09\/Europe-Day-2022-scaled.jpg\"\n                                                class=\"aux-attachment aux-featured-image aux-attachment-id-8476 aux-preload aux-has-preview\"\n                                                alt=\"\"\n                                                data-src=\"https:\/\/meeteu.eu\/wp-content\/uploads\/2022\/09\/Europe-Day-2022-scaled.jpg\"\n                                                \/>\n                                            <\/div>\n                                        <\/div>\n\n                                        <header class=\"entry-header\">\n                                            <h4 class=\"entry-title\">\n                                                Europatag - Was bedeutet er f\u00fcr Sie?                                            <\/h4>\n                                        <\/header>\n\n                                        <div class=\"entry-main\">\n                                            <div class=\"entry-info\">\n                                                <div class=\"event-date\">\n                                                                                                            <i class=\"fas fa-calendar-alt\"><\/i>&nbsp;\n                                                    \n                                                                                                            <span>10 Mai 2022<\/span>\n                                                                                                        \n                                                    \n                                                                                                                                                        <\/div>\n\n                                                                                            <\/div>\n\n                                            <div class=\"entry-content\">\n                                                <p>\n<p>Am 9. Mai ist der Europatag. An diesem Tag feiern die B\u00fcrgerinnen und B\u00fcrger in ganz Europa die \"Schuman-Erkl\u00e4rung\", die als Beginn der heutigen Europ\u00e4ischen Union gilt.<\/p>\n\n\n\n<p>Wie haben Sie den Europatag 2022 verbracht? Haben Sie Ihre Flagge gehisst? Haben Sie an europ\u00e4ischen Veranstaltungen oder Feiern teilgenommen? Haben Sie vielleicht sogar selbst eine Aktivit\u00e4t gestartet? Oder ist Ihnen der Europatag einfach egal?<\/p>\n\n\n\n<p>Lassen Sie uns \u00fcber die Bedeutung des Europatages f\u00fcr uns sprechen. Ob es eine gute Idee w\u00e4re, den 9. Mai zu einem gesetzlichen EU-Feiertag zu machen. Und ob es so etwas wie eine gemeinsame europ\u00e4ische Identit\u00e4t gibt, die wir am Europatag feiern.<\/p>\n<\/p>\n                                                <div class=\"clear\"><\/div>\n                                            <\/div>\n\n                                                                                    <\/div>\n                                    <\/article>\n                                <\/div>\n                            \n                                <div id=\"post-8478\" class=\"aux-col post-8478\">\n                                    <article class=\"post column-entry post-8478 event_listing type-event_listing status-expired has-post-thumbnail hentry\">\n                                        <div class=\"entry-media\">\n                                            <div class=\"aux-media-frame aux-media-image aux-image-mask\">\n                                                <img decoding=\"async\"\n                                                loading=\"lazy\"\n                                                src=\"https:\/\/meeteu.eu\/wp-content\/uploads\/2022\/09\/Oberthur3may-scaled.jpg\"\n                                                class=\"aux-attachment aux-featured-image aux-attachment-id-8479 aux-preload aux-has-preview\"\n                                                alt=\"\"\n                                                data-src=\"https:\/\/meeteu.eu\/wp-content\/uploads\/2022\/09\/Oberthur3may-scaled.jpg\"\n                                                \/>\n                                            <\/div>\n                                        <\/div>\n\n                                        <header class=\"entry-header\">\n                                            <h4 class=\"entry-title\">\n                                                Sind wir fit f\u00fcr 55?                                            <\/h4>\n                                        <\/header>\n\n                                        <div class=\"entry-main\">\n                                            <div class=\"entry-info\">\n                                                <div class=\"event-date\">\n                                                                                                            <i class=\"fas fa-calendar-alt\"><\/i>&nbsp;\n                                                    \n                                                                                                            <span>3 Mai 2022<\/span>\n                                                                                                        \n                                                    \n                                                                                                                                                        <\/div>\n\n                                                                                            <\/div>\n\n                                            <div class=\"entry-content\">\n                                                <p>\n<p>Seit einiger Zeit h\u00f6ren wir von dem ehrgeizigen Plan, die Treibhausgasemissionen bis 2030 um mindestens 55% (im Vergleich zu 1990) zu reduzieren.<\/p>\n\n\n\n<p>Das Fit-for-55-Paket enth\u00e4lt mehrere Vorschl\u00e4ge zur \u00dcberarbeitung und Aktualisierung der EU-Rechtsvorschriften. Es zielt nicht nur auf die Verringerung der Treibhausgasemissionen ab, sondern auch darauf, sozialvertr\u00e4glich zu sein und die Wettbewerbsf\u00e4higkeit nicht zu beeintr\u00e4chtigen.<\/p>\n\n\n\n<p>Mit dem Krieg in der Ukraine hat sich die Situation noch einmal deutlich ver\u00e4ndert. Was k\u00f6nnen wir also von dem Paket erwarten? Um diese und andere (Ihre) Fragen zu beantworten, haben wir Professor Sebastian Oberth\u00fcr eingeladen.<\/p>\n\n\n\n<p>Als Experte f\u00fcr internationale Umweltpolitik wird er uns helfen, den Plan und die aktuelle Situation besser zu verstehen.<\/p>\n<\/p>\n                                                <div class=\"clear\"><\/div>\n                                            <\/div>\n\n                                                                                    <\/div>\n                                    <\/article>\n                                <\/div>\n                            \n                                <div id=\"post-8480\" class=\"aux-col post-8480\">\n                                    <article class=\"post column-entry post-8480 event_listing type-event_listing status-expired has-post-thumbnail hentry\">\n                                        <div class=\"entry-media\">\n                                            <div class=\"aux-media-frame aux-media-image aux-image-mask\">\n                                                <img decoding=\"async\"\n                                                loading=\"lazy\"\n                                                src=\"https:\/\/meeteu.eu\/wp-content\/uploads\/2022\/09\/apr-12-defense.jpg\"\n                                                class=\"aux-attachment aux-featured-image aux-attachment-id-8481 aux-preload aux-has-preview\"\n                                                alt=\"\"\n                                                data-src=\"https:\/\/meeteu.eu\/wp-content\/uploads\/2022\/09\/apr-12-defense.jpg\"\n                                                \/>\n                                            <\/div>\n                                        <\/div>\n\n                                        <header class=\"entry-header\">\n                                            <h4 class=\"entry-title\">\n                                                EU-Verteidigung, was bedeutet das f\u00fcr Sie?                                            <\/h4>\n                                        <\/header>\n\n                                        <div class=\"entry-main\">\n                                            <div class=\"entry-info\">\n                                                <div class=\"event-date\">\n                                                                                                            <i class=\"fas fa-calendar-alt\"><\/i>&nbsp;\n                                                    \n                                                                                                            <span>12. April 2022<\/span>\n                                                                                                        \n                                                    \n                                                                                                                                                        <\/div>\n\n                                                                                            <\/div>\n\n                                            <div class=\"entry-content\">\n                                                <p>\n<p>Europ\u00e4ische Gefechtsverb\u00e4nde, eine st\u00e4rkere Zusammenarbeit zwischen den Mitgliedstaaten oder gar eine gemeinsame europ\u00e4ische Armee? Die Vorstellungen dar\u00fcber, wie die EU ihre Verteidigung regeln sollte, sind vielf\u00e4ltig.<\/p>\n\n\n\n<p>Sp\u00e4testens seit 2014 ist aber klar, dass eine gemeinsame Milit\u00e4rstrategie grundlegend ist, um auf globale Bedrohungen zu reagieren (abzuschrecken). Der strategische Kompass, der im M\u00e4rz ver\u00f6ffentlicht werden soll, soll den entsprechenden Rahmen daf\u00fcr schaffen.<\/p>\n\n\n\n<p>Sollte die EU im Bereich der Verteidigung enger zusammenarbeiten? Wie kann die Zusammenarbeit aussehen, und welche Herausforderungen bringt sie mit sich? Diskutieren Sie mit uns!<\/p>\n<\/p>\n                                                <div class=\"clear\"><\/div>\n                                            <\/div>\n\n                                                                                    <\/div>\n                                    <\/article>\n                                <\/div>\n                            \n                                <div id=\"post-8482\" class=\"aux-col post-8482\">\n                                    <article class=\"post column-entry post-8482 event_listing type-event_listing status-expired has-post-thumbnail hentry\">\n                                        <div class=\"entry-media\">\n                                            <div class=\"aux-media-frame aux-media-image aux-image-mask\">\n                                                <img decoding=\"async\"\n                                                loading=\"lazy\"\n                                                src=\"https:\/\/meeteu.eu\/wp-content\/uploads\/2022\/09\/6th-April-Klaus-scaled.jpg\"\n                                                class=\"aux-attachment aux-featured-image aux-attachment-id-8483 aux-preload aux-has-preview\"\n                                                alt=\"\"\n                                                data-src=\"https:\/\/meeteu.eu\/wp-content\/uploads\/2022\/09\/6th-April-Klaus-scaled.jpg\"\n                                                \/>\n                                            <\/div>\n                                        <\/div>\n\n                                        <header class=\"entry-header\">\n                                            <h4 class=\"entry-title\">\n                                                Orban hat gro\u00df gewonnen! Quo vadis, Hungaria? Die EU in schwierigen Zeiten!                                            <\/h4>\n                                        <\/header>\n\n                                        <div class=\"entry-main\">\n                                            <div class=\"entry-info\">\n                                                <div class=\"event-date\">\n                                                                                                            <i class=\"fas fa-calendar-alt\"><\/i>&nbsp;\n                                                    \n                                                                                                            <span>6. April 2022<\/span>\n                                                                                                        \n                                                    \n                                                                                                                                                        <\/div>\n\n                                                                                            <\/div>\n\n                                            <div class=\"entry-content\">\n                                                <p>\n<p>Der russische Angriff auf die Ukraine beherrscht die Nachrichtenlage. Die EU steht vor einer gro\u00dfen Herausforderung in Bezug auf Einheit und Strategie, die ihr \u00dcberleben in Frage stellen k\u00f6nnte. Unter dem Deckmantel dieser kritischen Ereignisse erhielten die ungarischen Wahlen nicht die Aufmerksamkeit, die sie verdienen.<\/p>\n\n\n\n<p>Inzwischen kennen wir das Ergebnis: Victor Orban, der die EU und Br\u00fcssel schon immer herausgefordert hat, hat am vergangenen Wochenende einen entscheidenden Sieg errungen.<\/p>\n\n\n\n<p>Im Rahmen der heutigen MeetEU-Veranstaltung wollen wir ein besseres Verst\u00e4ndnis daf\u00fcr entwickeln, warum die ungarischen Wahlen so ausgefallen sind und was wir von Ungarn in Zukunft erwarten k\u00f6nnen.<\/p>\n<\/p>\n                                                <div class=\"clear\"><\/div>\n                                            <\/div>\n\n                                                                                    <\/div>\n                                    <\/article>\n                                <\/div>\n                            \n                                <div id=\"post-8484\" class=\"aux-col post-8484\">\n                                    <article class=\"post column-entry post-8484 event_listing type-event_listing status-expired has-post-thumbnail hentry\">\n                                        <div class=\"entry-media\">\n                                            <div class=\"aux-media-frame aux-media-image aux-image-mask\">\n                                                <img decoding=\"async\"\n                                                loading=\"lazy\"\n                                                src=\"https:\/\/meeteu.eu\/wp-content\/uploads\/2022\/09\/5-April-AI.jpg\"\n                                                class=\"aux-attachment aux-featured-image aux-attachment-id-8485 aux-preload aux-has-preview\"\n                                                alt=\"\"\n                                                data-src=\"https:\/\/meeteu.eu\/wp-content\/uploads\/2022\/09\/5-April-AI.jpg\"\n                                                \/>\n                                            <\/div>\n                                        <\/div>\n\n                                        <header class=\"entry-header\">\n                                            <h4 class=\"entry-title\">\n                                                Kann es eine KI geben, die auf europ\u00e4ischen Werten basiert?                                            <\/h4>\n                                        <\/header>\n\n                                        <div class=\"entry-main\">\n                                            <div class=\"entry-info\">\n                                                <div class=\"event-date\">\n                                                                                                            <i class=\"fas fa-calendar-alt\"><\/i>&nbsp;\n                                                    \n                                                                                                            <span>5. April 2022<\/span>\n                                                                                                        \n                                                    \n                                                                                                                                                        <\/div>\n\n                                                                                            <\/div>\n\n                                            <div class=\"entry-content\">\n                                                <p>\n<p>K\u00fcnstliche Intelligenz bringt viele Vorteile mit sich. Aber es gibt auch Bedenken, z. B. hinsichtlich der Gesichtserkennung und der Beeinflussung von Wahlen durch Algorithmen.<\/p>\n\n\n\n<p>Wie kann die EU ihre B\u00fcrger vor diesen Risiken sch\u00fctzen? Wird es m\u00f6glich sein, eine KI zu schaffen, die auf europ\u00e4ischen Werten beruht - ohne im globalen technologischen Wettlauf zur\u00fcckzufallen?<\/p>\n\n\n\n<p>Sprechen wir dar\u00fcber mit Brando Benifei, Mitglied des Europ\u00e4ischen Parlaments und zust\u00e4ndig f\u00fcr die EU-Gesetzgebung zur KI.<\/p>\n<\/p>\n                                                <div class=\"clear\"><\/div>\n                                            <\/div>\n\n                                                                                    <\/div>\n                                    <\/article>\n                                <\/div>\n                            \n                                <div id=\"post-8487\" class=\"aux-col post-8487\">\n                                    <article class=\"post column-entry post-8487 event_listing type-event_listing status-expired has-post-thumbnail hentry\">\n                                        <div class=\"entry-media\">\n                                            <div class=\"aux-media-frame aux-media-image aux-image-mask\">\n                                                <img decoding=\"async\"\n                                                loading=\"lazy\"\n                                                src=\"https:\/\/meeteu.eu\/wp-content\/uploads\/2022\/09\/223-Sameday.jpg\"\n                                                class=\"aux-attachment aux-featured-image aux-attachment-id-8488 aux-preload aux-has-preview\"\n                                                alt=\"\"\n                                                data-src=\"https:\/\/meeteu.eu\/wp-content\/uploads\/2022\/09\/223-Sameday.jpg\"\n                                                \/>\n                                            <\/div>\n                                        <\/div>\n\n                                        <header class=\"entry-header\">\n                                            <h4 class=\"entry-title\">\n                                                Wie k\u00f6nnen wir unsere Abh\u00e4ngigkeit von russischen Energielieferungen verringern?                                            <\/h4>\n                                        <\/header>\n\n                                        <div class=\"entry-main\">\n                                            <div class=\"entry-info\">\n                                                <div class=\"event-date\">\n                                                                                                            <i class=\"fas fa-calendar-alt\"><\/i>&nbsp;\n                                                    \n                                                                                                            <span>22. M\u00e4rz 2022<\/span>\n                                                                                                        \n                                                    \n                                                                                                                                                        <\/div>\n\n                                                                                            <\/div>\n\n                                            <div class=\"entry-content\">\n                                                <p>\n<p>41% der Erdgasimporte der Europ\u00e4ischen Union kommen aus Russland (Eurostat 2019). Die Mitgliedsstaaten der EU schicken jedes Jahr Milliarden nach Moskau und beschlie\u00dfen gleichzeitig Wirtschaftssanktionen, um Druck auf Putins Regierung auszu\u00fcben. F\u00fcr viele scheint dies widerspr\u00fcchlich.<\/p>\n\n\n\n<p>Um die Sache noch schlimmer zu machen: Russland ist auch ein wichtiger Lieferant von Erd\u00f6l f\u00fcr die EU. Was kann die EU also tun, um unabh\u00e4ngiger zu werden? Wie schnell k\u00f6nnen unsere Importquellen diversifiziert werden, und vor allem: Was ist, wenn Russland morgen den Gashahn zudreht?<\/p>\n\n\n\n<p>Lassen Sie uns dar\u00fcber mit einem Experten der Europ\u00e4ischen Kommission sprechen.<\/p>\n<\/p>\n                                                <div class=\"clear\"><\/div>\n                                            <\/div>\n\n                                                                                    <\/div>\n                                    <\/article>\n                                <\/div>\n                            \n                                <div id=\"post-8489\" class=\"aux-col post-8489\">\n                                    <article class=\"post column-entry post-8489 event_listing type-event_listing status-expired has-post-thumbnail hentry\">\n                                        <div class=\"entry-media\">\n                                            <div class=\"aux-media-frame aux-media-image aux-image-mask\">\n                                                <img decoding=\"async\"\n                                                loading=\"lazy\"\n                                                src=\"https:\/\/meeteu.eu\/wp-content\/uploads\/2022\/09\/15-March-CoFoE-Campaign.jpg\"\n                                                class=\"aux-attachment aux-featured-image aux-attachment-id-8490 aux-preload aux-has-preview\"\n                                                alt=\"\"\n                                                data-src=\"https:\/\/meeteu.eu\/wp-content\/uploads\/2022\/09\/15-March-CoFoE-Campaign.jpg\"\n                                                \/>\n                                            <\/div>\n                                        <\/div>\n\n                                        <header class=\"entry-header\">\n                                            <h4 class=\"entry-title\">\n                                                Wie erreicht man mehr junge Menschen? Konferenz \u00fcber die Zukunft Europas                                            <\/h4>\n                                        <\/header>\n\n                                        <div class=\"entry-main\">\n                                            <div class=\"entry-info\">\n                                                <div class=\"event-date\">\n                                                                                                            <i class=\"fas fa-calendar-alt\"><\/i>&nbsp;\n                                                    \n                                                                                                            <span>15. M\u00e4rz 2022<\/span>\n                                                                                                        \n                                                    \n                                                                                                                                                        <\/div>\n\n                                                                                            <\/div>\n\n                                            <div class=\"entry-content\">\n                                                <p>\n<p>Im November haben wir eine Kampagne gestartet, um junge Europ\u00e4er f\u00fcr die Konferenz \u00fcber die Zukunft Europas zu sensibilisieren. Wir haben Material wie Videos, eine Website f\u00fcr Lehrer und eine E-Mail-Vorlage f\u00fcr Sch\u00fcler in allen 24 EU-Sprachen vorbereitet. Aber wir sind noch nicht fertig. Finden Sie heraus, was als n\u00e4chstes ansteht und wie Sie sich beteiligen k\u00f6nnen!<\/p>\n<\/p>\n                                                <div class=\"clear\"><\/div>\n                                            <\/div>\n\n                                                                                    <\/div>\n                                    <\/article>\n                                <\/div>\n                            \n                                <div id=\"post-8492\" class=\"aux-col post-8492\">\n                                    <article class=\"post column-entry post-8492 event_listing type-event_listing status-expired has-post-thumbnail hentry\">\n                                        <div class=\"entry-media\">\n                                            <div class=\"aux-media-frame aux-media-image aux-image-mask\">\n                                                <img decoding=\"async\"\n                                                loading=\"lazy\"\n                                                src=\"https:\/\/meeteu.eu\/wp-content\/uploads\/2022\/09\/8-Mar-Ukraine.jpg\"\n                                                class=\"aux-attachment aux-featured-image aux-attachment-id-8493 aux-preload aux-has-preview\"\n                                                alt=\"\"\n                                                data-src=\"https:\/\/meeteu.eu\/wp-content\/uploads\/2022\/09\/8-Mar-Ukraine.jpg\"\n                                                \/>\n                                            <\/div>\n                                        <\/div>\n\n                                        <header class=\"entry-header\">\n                                            <h4 class=\"entry-title\">\n                                                Krieg in der Ukraine - Was kommt als N\u00e4chstes, EU?                                            <\/h4>\n                                        <\/header>\n\n                                        <div class=\"entry-main\">\n                                            <div class=\"entry-info\">\n                                                <div class=\"event-date\">\n                                                                                                            <i class=\"fas fa-calendar-alt\"><\/i>&nbsp;\n                                                    \n                                                                                                            <span>8. M\u00e4rz 2022<\/span>\n                                                                                                        \n                                                    \n                                                                                                                                                        <\/div>\n\n                                                                                            <\/div>\n\n                                            <div class=\"entry-content\">\n                                                <p>\n<p>Die Bilder aus der Ukraine schockieren uns alle, und die Situation wird unweigerlich zu Ver\u00e4nderungen innerhalb der EU f\u00fchren. Zum einen geht es um die Integration von Fl\u00fcchtlingen, zum anderen stellt der Einmarsch Russlands auch die bisherige europ\u00e4ische Sicherheitspolitik in Frage.<\/p>\n\n\n\n<p>Wird der Konflikt zu einer engeren Zusammenarbeit zwischen den Mitgliedsstaaten f\u00fchren? Wird die aktuelle Situation die Frage der europ\u00e4ischen strategischen Autonomie und Verteidigungsf\u00e4higkeit in den Vordergrund r\u00fccken?<\/p>\n<\/p>\n                                                <div class=\"clear\"><\/div>\n                                            <\/div>\n\n                                                                                    <\/div>\n                                    <\/article>\n                                <\/div>\n                            \n                                <div id=\"post-8494\" class=\"aux-col post-8494\">\n                                    <article class=\"post column-entry post-8494 event_listing type-event_listing status-expired has-post-thumbnail hentry\">\n                                        <div class=\"entry-media\">\n                                            <div class=\"aux-media-frame aux-media-image aux-image-mask\">\n                                                <img decoding=\"async\"\n                                                loading=\"lazy\"\n                                                src=\"https:\/\/meeteu.eu\/wp-content\/uploads\/2020\/09\/European_Home_Parliaments_Pulse_of_Europe.jpg\"\n                                                class=\"aux-attachment aux-featured-image aux-attachment-id-1670 aux-preload aux-has-preview\"\n                                                alt=\"\"\n                                                data-src=\"https:\/\/meeteu.eu\/wp-content\/uploads\/2020\/09\/European_Home_Parliaments_Pulse_of_Europe.jpg\"\n                                                \/>\n                                            <\/div>\n                                        <\/div>\n\n                                        <header class=\"entry-header\">\n                                            <h4 class=\"entry-title\">\n                                                Das Europa von morgen, lasst uns Vorschl\u00e4ge ausarbeiten! Homeparliament von Pulse of Europe                                            <\/h4>\n                                        <\/header>\n\n                                        <div class=\"entry-main\">\n                                            <div class=\"entry-info\">\n                                                <div class=\"event-date\">\n                                                                                                            <i class=\"fas fa-calendar-alt\"><\/i>&nbsp;\n                                                    \n                                                                                                            <span>22. Februar 2022<\/span>\n                                                                                                        \n                                                    \n                                                                                                                                                        <\/div>\n\n                                                                                            <\/div>\n\n                                            <div class=\"entry-content\">\n                                                <p>\n<p>Mit Klaus, MeetEU-Teammitglied und aktiv bei Pulse of Europe, werden wir an der n\u00e4chsten Runde der House Parliaments teilnehmen. Wor\u00fcber werden wir diskutieren? Die Rolle des Rates, \u00f6kologische Fragen und mehr. Wenn Sie teilnehmen, erhalten Sie ein von Pulse of Europe vorbereitetes Informationspaket.<\/p>\n\n\n\n<p>Diese Veranstaltung ist ausnahmsweise nicht begehbar, bitte melden Sie sich im Voraus unter niceto@meeteu.eu an.<\/p>\n<\/p>\n                                                <div class=\"clear\"><\/div>\n                                            <\/div>\n\n                                                                                    <\/div>\n                                    <\/article>\n                                <\/div>\n                            \n                                <div id=\"post-8496\" class=\"aux-col post-8496\">\n                                    <article class=\"post column-entry post-8496 event_listing type-event_listing status-expired has-post-thumbnail hentry\">\n                                        <div class=\"entry-media\">\n                                            <div class=\"aux-media-frame aux-media-image aux-image-mask\">\n                                                <img decoding=\"async\"\n                                                loading=\"lazy\"\n                                                src=\"https:\/\/meeteu.eu\/wp-content\/uploads\/2022\/09\/Feb.-15-Schumann.jpg\"\n                                                class=\"aux-attachment aux-featured-image aux-attachment-id-8497 aux-preload aux-has-preview\"\n                                                alt=\"\"\n                                                data-src=\"https:\/\/meeteu.eu\/wp-content\/uploads\/2022\/09\/Feb.-15-Schumann.jpg\"\n                                                \/>\n                                            <\/div>\n                                        <\/div>\n\n                                        <header class=\"entry-header\">\n                                            <h4 class=\"entry-title\">\n                                                Geh\u00f6ren Sie zur n\u00e4chsten Generation der Praktikanten des Europ\u00e4ischen Parlaments!\u00a0                                            <\/h4>\n                                        <\/header>\n\n                                        <div class=\"entry-main\">\n                                            <div class=\"entry-info\">\n                                                <div class=\"event-date\">\n                                                                                                            <i class=\"fas fa-calendar-alt\"><\/i>&nbsp;\n                                                    \n                                                                                                            <span>15. Februar 2022<\/span>\n                                                                                                        \n                                                    \n                                                                                                                                                        <\/div>\n\n                                                                                            <\/div>\n\n                                            <div class=\"entry-content\">\n                                                <p>\n<h4 class=\"wp-block-heading\">Geh\u00f6ren Sie zur n\u00e4chsten Generation der Praktikanten des Europ\u00e4ischen Parlaments!\u00a0<\/h4>\n\n\n\n<p>Gemeinsam mit einer aktuellen Praktikantin des Europ\u00e4ischen Parlaments im Verbindungsb\u00fcro in M\u00fcnchen werfen wir einen Blick auf das Schumann-Praktikum: Was sind die Aufgaben? Warum sollten Sie sich bewerben, und vor allem: Wie k\u00f6nnen Sie sich bewerben?<\/p>\n<\/p>\n                                                <div class=\"clear\"><\/div>\n                                            <\/div>\n\n                                                                                    <\/div>\n                                    <\/article>\n                                <\/div>\n                            \n                                <div id=\"post-8500\" class=\"aux-col post-8500\">\n                                    <article class=\"post column-entry post-8500 event_listing type-event_listing status-expired has-post-thumbnail hentry\">\n                                        <div class=\"entry-media\">\n                                            <div class=\"aux-media-frame aux-media-image aux-image-mask\">\n                                                <img decoding=\"async\"\n                                                loading=\"lazy\"\n                                                src=\"https:\/\/meeteu.eu\/wp-content\/uploads\/2022\/09\/Neumann_8-Feb.jpg\"\n                                                class=\"aux-attachment aux-featured-image aux-attachment-id-8501 aux-preload aux-has-preview\"\n                                                alt=\"\"\n                                                data-src=\"https:\/\/meeteu.eu\/wp-content\/uploads\/2022\/09\/Neumann_8-Feb.jpg\"\n                                                \/>\n                                            <\/div>\n                                        <\/div>\n\n                                        <header class=\"entry-header\">\n                                            <h4 class=\"entry-title\">\n                                                Afghanistan - ein Weckruf f\u00fcr eine feministische Au\u00dfenpolitik der EU?\u00a0                                            <\/h4>\n                                        <\/header>\n\n                                        <div class=\"entry-main\">\n                                            <div class=\"entry-info\">\n                                                <div class=\"event-date\">\n                                                                                                            <i class=\"fas fa-calendar-alt\"><\/i>&nbsp;\n                                                    \n                                                                                                            <span>8. Februar 2022<\/span>\n                                                                                                        \n                                                    \n                                                                                                                                                        <\/div>\n\n                                                                                            <\/div>\n\n                                            <div class=\"entry-content\">\n                                                <p>\n<p>Die traditionelle Au\u00dfenpolitik konzentriert sich auf milit\u00e4rische St\u00e4rke und nationale Interessen. Die Menschenrechte spielen eine untergeordnete Rolle. Immer mehr L\u00e4nder setzen daher auf eine \"feministische Au\u00dfenpolitik\". Aber was genau soll das sein? Wird sie unsere Welt friedlicher machen? Und war die Macht\u00fcbernahme der Taliban im August 2021 ein Weckruf f\u00fcr eine neue feministische EU-Au\u00dfenpolitik?<\/p>\n\n\n\n<p>Ein Gespr\u00e4ch mit&nbsp;<strong>Hannah Neumann, Mitglied des Europ\u00e4ischen Parlaments<\/strong>&nbsp;(Gr\u00fcne\/EFA). Sie ist stellvertretende Vorsitzende des Menschenrechtsausschusses des Europ\u00e4ischen Parlaments. Bevor sie ins Europ\u00e4ische Parlament kam, arbeitete sie als Beraterin f\u00fcr Friedensprojekte.<\/p>\n<\/p>\n                                                <div class=\"clear\"><\/div>\n                                            <\/div>\n\n                                                                                    <\/div>\n                                    <\/article>\n                                <\/div>\n                            \n                                <div id=\"post-8502\" class=\"aux-col post-8502\">\n                                    <article class=\"post column-entry post-8502 event_listing type-event_listing status-expired has-post-thumbnail hentry\">\n                                        <div class=\"entry-media\">\n                                            <div class=\"aux-media-frame aux-media-image aux-image-mask\">\n                                                <img decoding=\"async\"\n                                                loading=\"lazy\"\n                                                src=\"https:\/\/meeteu.eu\/wp-content\/uploads\/2022\/09\/01-Feb.-I.jpg\"\n                                                class=\"aux-attachment aux-featured-image aux-attachment-id-8503 aux-preload aux-has-preview\"\n                                                alt=\"\"\n                                                data-src=\"https:\/\/meeteu.eu\/wp-content\/uploads\/2022\/09\/01-Feb.-I.jpg\"\n                                                \/>\n                                            <\/div>\n                                        <\/div>\n\n                                        <header class=\"entry-header\">\n                                            <h4 class=\"entry-title\">\n                                                Universelles Grundeinkommen in Europa - Ist es m\u00f6glich oder eine Utopie?                                            <\/h4>\n                                        <\/header>\n\n                                        <div class=\"entry-main\">\n                                            <div class=\"entry-info\">\n                                                <div class=\"event-date\">\n                                                                                                            <i class=\"fas fa-calendar-alt\"><\/i>&nbsp;\n                                                    \n                                                                                                            <span>1. Februar 2022<\/span>\n                                                                                                        \n                                                    \n                                                                                                                                                        <\/div>\n\n                                                                                            <\/div>\n\n                                            <div class=\"entry-content\">\n                                                <p>\n<p>Das universelle Grundeinkommen ist ein Regierungsprogramm zur Linderung der Armut durch regelm\u00e4\u00dfige, feste, direkte Zahlungen an jeden B\u00fcrger. Ist es m\u00f6glich, dies auf europ\u00e4ischer Ebene umzusetzen? Welche Vor- und Nachteile bringt es mit sich?<\/p>\n\n\n\n<p>Diskutieren Sie mit dem Europaabgeordneten Francisco Guerreiro (Gr\u00fcne\/EFA) \u00fcber dieses Thema.<\/p>\n\n\n\n<p>Francisco Guerreiro hat eine 12-teilige Dokumentation mit dem Titel \"UBI: Ein Weg in die Freiheit\", der sich dem Thema auf pragmatische Weise n\u00e4hert und mehr als 50 Interviewpartner mit unterschiedlichen Sichtweisen zu diesem Thema befragt.<\/p>\n<\/p>\n                                                <div class=\"clear\"><\/div>\n                                            <\/div>\n\n                                                                                    <\/div>\n                                    <\/article>\n                                <\/div>\n                            \n                                <div id=\"post-8504\" class=\"aux-col post-8504\">\n                                    <article class=\"post column-entry post-8504 event_listing type-event_listing status-expired has-post-thumbnail hentry\">\n                                        <div class=\"entry-media\">\n                                            <div class=\"aux-media-frame aux-media-image aux-image-mask\">\n                                                <img decoding=\"async\"\n                                                loading=\"lazy\"\n                                                src=\"https:\/\/meeteu.eu\/wp-content\/uploads\/2022\/09\/Klaus-25-Januar.jpg\"\n                                                class=\"aux-attachment aux-featured-image aux-attachment-id-8505 aux-preload aux-has-preview\"\n                                                alt=\"\"\n                                                data-src=\"https:\/\/meeteu.eu\/wp-content\/uploads\/2022\/09\/Klaus-25-Januar.jpg\"\n                                                \/>\n                                            <\/div>\n                                        <\/div>\n\n                                        <header class=\"entry-header\">\n                                            <h4 class=\"entry-title\">\n                                                Ein gr\u00fcneres Europa - Was ist zu tun?                                            <\/h4>\n                                        <\/header>\n\n                                        <div class=\"entry-main\">\n                                            <div class=\"entry-info\">\n                                                <div class=\"event-date\">\n                                                                                                            <i class=\"fas fa-calendar-alt\"><\/i>&nbsp;\n                                                    \n                                                                                                            <span>25. Januar 2022<\/span>\n                                                                                                        \n                                                    \n                                                                                                                                                        <\/div>\n\n                                                                                            <\/div>\n\n                                            <div class=\"entry-content\">\n                                                <p>\n<p>Im Mai 2020 startete die Europ\u00e4ische Union die Konferenz \u00fcber die Zukunft Europas. Fast 13000 Ideen wurden von den B\u00fcrgern in 10 Kategorien eingereicht. W\u00e4hrend unserer Veranstaltung werden wir einige der mehr als 2000 Ideen zum Thema Klimawandel und Umwelt diskutieren.<\/p>\n\n\n\n<p>Wir werden uns die beliebtesten Vorschl\u00e4ge genauer ansehen und pr\u00fcfen, was wir unterst\u00fctzen k\u00f6nnen und was wir vielleicht hinzuf\u00fcgen wollen. Bringen Sie einfach Neugierde mit, wir bereiten den Rest vor!<\/p>\n\n\n\n<p>Organisiert von MeetEU-Mitglied Klaus.&nbsp;<\/p>\n<\/p>\n                                                <div class=\"clear\"><\/div>\n                                            <\/div>\n\n                                                                                    <\/div>\n                                    <\/article>\n                                <\/div>\n                            \n                                <div id=\"post-8506\" class=\"aux-col post-8506\">\n                                    <article class=\"post column-entry post-8506 event_listing type-event_listing status-expired has-post-thumbnail hentry\">\n                                        <div class=\"entry-media\">\n                                            <div class=\"aux-media-frame aux-media-image aux-image-mask\">\n                                                <img decoding=\"async\"\n                                                loading=\"lazy\"\n                                                src=\"https:\/\/meeteu.eu\/wp-content\/uploads\/2022\/09\/17.-Jan.jpg\"\n                                                class=\"aux-attachment aux-featured-image aux-attachment-id-8507 aux-preload aux-has-preview\"\n                                                alt=\"\"\n                                                data-src=\"https:\/\/meeteu.eu\/wp-content\/uploads\/2022\/09\/17.-Jan.jpg\"\n                                                \/>\n                                            <\/div>\n                                        <\/div>\n\n                                        <header class=\"entry-header\">\n                                            <h4 class=\"entry-title\">\n                                                Stichwahlen in Portugal - Wie sieht die Zukunft aus?                                            <\/h4>\n                                        <\/header>\n\n                                        <div class=\"entry-main\">\n                                            <div class=\"entry-info\">\n                                                <div class=\"event-date\">\n                                                                                                            <i class=\"fas fa-calendar-alt\"><\/i>&nbsp;\n                                                    \n                                                                                                            <span>18. Januar 2022<\/span>\n                                                                                                        \n                                                    \n                                                                                                                                                        <\/div>\n\n                                                                                            <\/div>\n\n                                            <div class=\"entry-content\">\n                                                <p>\n<p>Da der portugiesische Staatshaushalt vom Parlament nicht genehmigt wurde, l\u00f6ste der portugiesische Pr\u00e4sident das Parlament auf und rief die B\u00fcrger am 30. Januar zur Abstimmung auf.<\/p>\n\n\n\n<p>Wird die von Ant\u00f3nio Costa gef\u00fchrte Sozialistische Partei in der Lage sein, in der Regierung zu bleiben und eine Mehrheit zu erreichen, oder wird Portugal eine andere Regierung bekommen? Erfahren Sie mehr \u00fcber Portugal und seine politischen Parteien am 18. Januar!<\/p>\n\n\n\n<p>Diese Veranstaltung wird von zwei Studenten der Politikwissenschaften und MeetEU-Mitgliedern aus Portugal organisiert.<\/p>\n<\/p>\n                                                <div class=\"clear\"><\/div>\n                                            <\/div>\n\n                                                                                    <\/div>\n                                    <\/article>\n                                <\/div>\n                            \n                                <div id=\"post-8508\" class=\"aux-col post-8508\">\n                                    <article class=\"post column-entry post-8508 event_listing type-event_listing status-expired has-post-thumbnail hentry\">\n                                        <div class=\"entry-media\">\n                                            <div class=\"aux-media-frame aux-media-image aux-image-mask\">\n                                                <img decoding=\"async\"\n                                                loading=\"lazy\"\n                                                src=\"https:\/\/meeteu.eu\/wp-content\/uploads\/2022\/09\/21st-December-Conference.jpg\"\n                                                class=\"aux-attachment aux-featured-image aux-attachment-id-8509 aux-preload aux-has-preview\"\n                                                alt=\"\"\n                                                data-src=\"https:\/\/meeteu.eu\/wp-content\/uploads\/2022\/09\/21st-December-Conference.jpg\"\n                                                \/>\n                                            <\/div>\n                                        <\/div>\n\n                                        <header class=\"entry-header\">\n                                            <h4 class=\"entry-title\">\n                                                Konferenz \u00fcber die Zukunft Europas - Aus der Sicht eines Teilnehmers                                            <\/h4>\n                                        <\/header>\n\n                                        <div class=\"entry-main\">\n                                            <div class=\"entry-info\">\n                                                <div class=\"event-date\">\n                                                                                                            <i class=\"fas fa-calendar-alt\"><\/i>&nbsp;\n                                                    \n                                                                                                            <span>21. Dezember 2021<\/span>\n                                                                                                        \n                                                    \n                                                                                                                                                        <\/div>\n\n                                                                                            <\/div>\n\n                                            <div class=\"entry-content\">\n                                                <p>\n<p>Hunderte von zuf\u00e4llig ausgew\u00e4hlten B\u00fcrgern trafen sich in verschiedenen europ\u00e4ischen St\u00e4dten, um dar\u00fcber zu diskutieren, wie unsere Zukunft in der EU aussehen sollte. In den vier Diskussionsrunden tauschten sie unterschiedliche Ansichten aus und erarbeiteten Vorschl\u00e4ge, die sp\u00e4ter im Plenum diskutiert werden sollen.&nbsp;<\/p>\n\n\n\n<p>Einer der Teilnehmer wird von seinen Erfahrungen berichten und uns sagen, was ihm Spa\u00df gemacht hat und was ihm schwer gefallen ist.&nbsp;<\/p>\n\n\n\n<p>Fragerunde mit Vasco, zuf\u00e4llig ausgew\u00e4hlter Vertreter der Konferenz \u00fcber die Zukunft Europas im Bereich \"Digitale Transformation\".<\/p>\n\n\n\n<p><strong><a href=\"https:\/\/meeteu.eu\/de\/registration\/\">Hier anmelden<\/a>&nbsp;- und wir schicken Ihnen kurz vor der Veranstaltung eine Erinnerungs-E-Mail mit den Anmeldedaten.<\/strong><\/p>\n\n\n\n<p>(Bitte beachten Sie: Sie erhalten nach der Anmeldung keine Best\u00e4tigungs-E-Mail. Wir schicken Ihnen erst kurz vor der Veranstaltung eine Erinnerungs-E-Mail mit den Anmeldedaten).&nbsp;<\/p>\n<\/p>\n                                                <div class=\"clear\"><\/div>\n                                            <\/div>\n\n                                                                                    <\/div>\n                                    <\/article>\n                                <\/div>\n                            \n                                <div id=\"post-8510\" class=\"aux-col post-8510\">\n                                    <article class=\"post column-entry post-8510 event_listing type-event_listing status-expired has-post-thumbnail hentry\">\n                                        <div class=\"entry-media\">\n                                            <div class=\"aux-media-frame aux-media-image aux-image-mask\">\n                                                <img decoding=\"async\"\n                                                loading=\"lazy\"\n                                                src=\"https:\/\/meeteu.eu\/wp-content\/uploads\/2022\/09\/07-December-Walsh.jpg\"\n                                                class=\"aux-attachment aux-featured-image aux-attachment-id-8511 aux-preload aux-has-preview\"\n                                                alt=\"\"\n                                                data-src=\"https:\/\/meeteu.eu\/wp-content\/uploads\/2022\/09\/07-December-Walsh.jpg\"\n                                                \/>\n                                            <\/div>\n                                        <\/div>\n\n                                        <header class=\"entry-header\">\n                                            <h4 class=\"entry-title\">\n                                                Ein Tag in den Schuhen eines Mitglieds des Europ\u00e4ischen Parlaments                                            <\/h4>\n                                        <\/header>\n\n                                        <div class=\"entry-main\">\n                                            <div class=\"entry-info\">\n                                                <div class=\"event-date\">\n                                                                                                            <i class=\"fas fa-calendar-alt\"><\/i>&nbsp;\n                                                    \n                                                                                                            <span>7. Dezember 2021<\/span>\n                                                                                                        \n                                                    \n                                                                                                                                                        <\/div>\n\n                                                                                            <\/div>\n\n                                            <div class=\"entry-content\">\n                                                <p>\n<p>Die Europaabgeordneten sind unsere Vertreter im Europ\u00e4ischen Parlament, einem der drei gesetzgebenden Organe der EU. Aber was bedeutet das? Was macht ein Europaabgeordneter eigentlich? Und wie sieht ein Tag in den Schuhen eines Abgeordneten aus? Erfahren Sie mehr, indem wir einen Tag im Leben von Maria Walsh, Mitglied des Europ\u00e4ischen Parlaments f\u00fcr die Europ\u00e4ische Volkspartei im Wahlkreis Midlands-Nordwest in Irland, erleben und ihr Ihre Fragen zur Rolle eines Europaabgeordneten stellen.<\/p>\n<\/p>\n                                                <div class=\"clear\"><\/div>\n                                            <\/div>\n\n                                                                                    <\/div>\n                                    <\/article>\n                                <\/div>\n                            \n                                <div id=\"post-8512\" class=\"aux-col post-8512\">\n                                    <article class=\"post column-entry post-8512 event_listing type-event_listing status-expired has-post-thumbnail hentry\">\n                                        <div class=\"entry-media\">\n                                            <div class=\"aux-media-frame aux-media-image aux-image-mask\">\n                                                <img decoding=\"async\"\n                                                loading=\"lazy\"\n                                                src=\"https:\/\/meeteu.eu\/wp-content\/uploads\/2022\/09\/2-dec-Visual-1.jpg\"\n                                                class=\"aux-attachment aux-featured-image aux-attachment-id-8513 aux-preload aux-has-preview\"\n                                                alt=\"\"\n                                                data-src=\"https:\/\/meeteu.eu\/wp-content\/uploads\/2022\/09\/2-dec-Visual-1.jpg\"\n                                                \/>\n                                            <\/div>\n                                        <\/div>\n\n                                        <header class=\"entry-header\">\n                                            <h4 class=\"entry-title\">\n                                                Wie begegnet man ausl\u00e4ndischer Einmischung?                                            <\/h4>\n                                        <\/header>\n\n                                        <div class=\"entry-main\">\n                                            <div class=\"entry-info\">\n                                                <div class=\"event-date\">\n                                                                                                            <i class=\"fas fa-calendar-alt\"><\/i>&nbsp;\n                                                    \n                                                                                                            <span>2. Dezember 2021<\/span>\n                                                                                                        \n                                                    \n                                                                                                                                                        <\/div>\n\n                                                                                            <\/div>\n\n                                            <div class=\"entry-content\">\n                                                <p>\n<p>Die Einmischung von au\u00dfen ist weltweit auf dem Vormarsch. Sowohl die EU als auch Taiwan stehen vor noch nie dagewesenen Herausforderungen und hybriden Bedrohungen. Was unternimmt die EU, was unternimmt Taiwan, und was k\u00f6nnen wir gemeinsam tun?<\/p>\n\n\n\n<p>Sprechen wir dar\u00fcber mit einem Mitglied des Europ\u00e4ischen Parlaments&nbsp;<a href=\"https:\/\/www.europarl.europa.eu\/meps\/en\/197549\/MARKETA_GREGOROVA\/home\" rel=\"noopener\">Mark\u00e9ta Gregorov\u00e1<\/a>&nbsp;(Pir\u00e1ti Czechia\/Gruppe der Gr\u00fcnen\/EFA). K\u00fcrzlich nahm sie am Besuch des Europ\u00e4ischen Parlaments in Taiwan teil, um dort \u00fcber Desinformation und ausl\u00e4ndische Einmischung zu diskutieren.<\/p>\n<\/p>\n                                                <div class=\"clear\"><\/div>\n                                            <\/div>\n\n                                                                                    <\/div>\n                                    <\/article>\n                                <\/div>\n                            \n                                <div id=\"post-8514\" class=\"aux-col post-8514\">\n                                    <article class=\"post column-entry post-8514 event_listing type-event_listing status-expired has-post-thumbnail hentry\">\n                                        <div class=\"entry-media\">\n                                            <div class=\"aux-media-frame aux-media-image aux-image-mask\">\n                                                <img decoding=\"async\"\n                                                loading=\"lazy\"\n                                                src=\"https:\/\/meeteu.eu\/wp-content\/uploads\/2022\/09\/Nov.-30-China-Propaganda.jpg\"\n                                                class=\"aux-attachment aux-featured-image aux-attachment-id-8515 aux-preload aux-has-preview\"\n                                                alt=\"\"\n                                                data-src=\"https:\/\/meeteu.eu\/wp-content\/uploads\/2022\/09\/Nov.-30-China-Propaganda.jpg\"\n                                                \/>\n                                            <\/div>\n                                        <\/div>\n\n                                        <header class=\"entry-header\">\n                                            <h4 class=\"entry-title\">\n                                                Chinas Propagandabem\u00fchungen in der Europ\u00e4ischen Union                                            <\/h4>\n                                        <\/header>\n\n                                        <div class=\"entry-main\">\n                                            <div class=\"entry-info\">\n                                                <div class=\"event-date\">\n                                                                                                            <i class=\"fas fa-calendar-alt\"><\/i>&nbsp;\n                                                    \n                                                                                                            <span>30. November 2021<\/span>\n                                                                                                        \n                                                    \n                                                                                                                                                        <\/div>\n\n                                                                                            <\/div>\n\n                                            <div class=\"entry-content\">\n                                                <p>\n<p>Welchen Einfluss hat die chinesische Propagandamaschine auf die politische Meinung in Europa? Welche alternativen Narrative werden versucht, zu etablieren? Welche Probleme werden zum Verschwinden gebracht? Und wie kann Europa auf diese Versuche reagieren?<\/p>\n\n\n\n<p>Sprechen wir dar\u00fcber mit der Analystin Ivana Kar\u00e1skov\u00e1, Gr\u00fcnderin von&nbsp;<a href=\"https:\/\/mapinfluence.eu\/en\/\" rel=\"noopener\">KarteInfluenCE<\/a>ein internationales Projekt zur Kartierung des chinesischen Einflusses in Mitteleuropa. Ivana pr\u00e4sentierte ihre Forschungsergebnisse vor Mitgliedern des Europ\u00e4ischen Parlaments und des US-Kongresses. Ihre Forschungsergebnisse wurden in internationalen Zeitungen, wie der New York Times und Le Monde, ver\u00f6ffentlicht.<\/p>\n<\/p>\n                                                <div class=\"clear\"><\/div>\n                                            <\/div>\n\n                                                                                    <\/div>\n                                    <\/article>\n                                <\/div>\n                            \n                                <div id=\"post-8516\" class=\"aux-col post-8516\">\n                                    <article class=\"post column-entry post-8516 event_listing type-event_listing status-expired has-post-thumbnail hentry\">\n                                        <div class=\"entry-media\">\n                                            <div class=\"aux-media-frame aux-media-image aux-image-mask\">\n                                                <img decoding=\"async\"\n                                                loading=\"lazy\"\n                                                src=\"https:\/\/meeteu.eu\/wp-content\/uploads\/2022\/09\/16.-Nov-CoFoE.jpg\"\n                                                class=\"aux-attachment aux-featured-image aux-attachment-id-8517 aux-preload aux-has-preview\"\n                                                alt=\"\"\n                                                data-src=\"https:\/\/meeteu.eu\/wp-content\/uploads\/2022\/09\/16.-Nov-CoFoE.jpg\"\n                                                \/>\n                                            <\/div>\n                                        <\/div>\n\n                                        <header class=\"entry-header\">\n                                            <h4 class=\"entry-title\">\n                                                Konferenz \u00fcber die Zukunft Europas - Verbreiten wir die Botschaft                                            <\/h4>\n                                        <\/header>\n\n                                        <div class=\"entry-main\">\n                                            <div class=\"entry-info\">\n                                                <div class=\"event-date\">\n                                                                                                            <i class=\"fas fa-calendar-alt\"><\/i>&nbsp;\n                                                    \n                                                                                                            <span>16. November 2021<\/span>\n                                                                                                        \n                                                    \n                                                                                                                                                        <\/div>\n\n                                                                                            <\/div>\n\n                                            <div class=\"entry-content\">\n                                                <p>\n<p>Unsere Zukunft steht auf dem Spiel, aber wie viele unserer Freunde und Familienmitglieder wissen von der M\u00f6glichkeit, sie zu gestalten? Nicht genug! Auch wenn ein Gro\u00dfteil des Programms bereits hinter uns liegt, sollten wir uns auf die letzten Wochen konzentrieren, um noch mehr B\u00fcrger zur Teilnahme an der Konferenz \u00fcber die Zukunft Europas zu motivieren.<\/p>\n\n\n\n<p>Gemeinsam mit Ihnen wollen wir diskutieren, was die B\u00fcrger Europas tun k\u00f6nnen, um die Konferenz bekannter zu machen. Gleichzeitig laden wir Sie ein, sich an unserem neuen Werbeprojekt zu beteiligen, das am kommenden Dienstag startet!<\/p>\n<\/p>\n                                                <div class=\"clear\"><\/div>\n                                            <\/div>\n\n                                                                                    <\/div>\n                                    <\/article>\n                                <\/div>\n                            \n                                <div id=\"post-8518\" class=\"aux-col post-8518\">\n                                    <article class=\"post column-entry post-8518 event_listing type-event_listing status-expired has-post-thumbnail hentry\">\n                                        <div class=\"entry-media\">\n                                            <div class=\"aux-media-frame aux-media-image aux-image-mask\">\n                                                <img decoding=\"async\"\n                                                loading=\"lazy\"\n                                                src=\"https:\/\/meeteu.eu\/wp-content\/uploads\/2022\/09\/9n-11-Klaus-2.jpg\"\n                                                class=\"aux-attachment aux-featured-image aux-attachment-id-8519 aux-preload aux-has-preview\"\n                                                alt=\"\"\n                                                data-src=\"https:\/\/meeteu.eu\/wp-content\/uploads\/2022\/09\/9n-11-Klaus-2.jpg\"\n                                                \/>\n                                            <\/div>\n                                        <\/div>\n\n                                        <header class=\"entry-header\">\n                                            <h4 class=\"entry-title\">\n                                                Ein f\u00f6derales Europa - Wovon reden Sie?                                            <\/h4>\n                                        <\/header>\n\n                                        <div class=\"entry-main\">\n                                            <div class=\"entry-info\">\n                                                <div class=\"event-date\">\n                                                                                                            <i class=\"fas fa-calendar-alt\"><\/i>&nbsp;\n                                                    \n                                                                                                            <span>9. November 2021<\/span>\n                                                                                                        \n                                                    \n                                                                                                                                                        <\/div>\n\n                                                                                            <\/div>\n\n                                            <div class=\"entry-content\">\n                                                <p>\n<p>Es ist viel von einem f\u00f6deralen Europa die Rede, von den Vereinigten Staaten von Europa. Aber was ist das genau? Und warum wollen wir vielleicht mehr oder weniger davon? In dieser Veranstaltung wollen wir verschiedene nationale Perspektiven erkunden und nach \u00dcberschneidungen suchen. Wir laden Sie ein, daran teilzunehmen!<\/p>\n<\/p>\n                                                <div class=\"clear\"><\/div>\n                                            <\/div>\n\n                                                                                    <\/div>\n                                    <\/article>\n                                <\/div>\n                            \n                                <div id=\"post-8520\" class=\"aux-col post-8520\">\n                                    <article class=\"post column-entry post-8520 event_listing type-event_listing status-expired has-post-thumbnail hentry\">\n                                        <div class=\"entry-media\">\n                                            <div class=\"aux-media-frame aux-media-image aux-image-mask\">\n                                                <img decoding=\"async\"\n                                                loading=\"lazy\"\n                                                src=\"https:\/\/meeteu.eu\/wp-content\/uploads\/2022\/09\/2n-11-Lars.jpg\"\n                                                class=\"aux-attachment aux-featured-image aux-attachment-id-8521 aux-preload aux-has-preview\"\n                                                alt=\"\"\n                                                data-src=\"https:\/\/meeteu.eu\/wp-content\/uploads\/2022\/09\/2n-11-Lars.jpg\"\n                                                \/>\n                                            <\/div>\n                                        <\/div>\n\n                                        <header class=\"entry-header\">\n                                            <h4 class=\"entry-title\">\n                                                Was w\u00e4re, wenn die EU ein Bundesstaat w\u00fcrde?                                            <\/h4>\n                                        <\/header>\n\n                                        <div class=\"entry-main\">\n                                            <div class=\"entry-info\">\n                                                <div class=\"event-date\">\n                                                                                                            <i class=\"fas fa-calendar-alt\"><\/i>&nbsp;\n                                                    \n                                                                                                            <span>2. November 2021<\/span>\n                                                                                                        \n                                                    \n                                                                                                                                                        <\/div>\n\n                                                                                            <\/div>\n\n                                            <div class=\"entry-content\">\n                                                <p>\n<p>Eine der am meisten unterst\u00fctzten Ideen auf dem diesj\u00e4hrigen Europ\u00e4ischen Jugendevent war eine Europ\u00e4ische F\u00f6deration. Wie w\u00fcrde sie funktionieren? Was w\u00fcrde sie umsetzen? Und was w\u00fcrde sie f\u00fcr die Zukunft der europ\u00e4ischen Mitgliedsstaaten bedeuten?<\/p>\n\n\n\n<p>In unserem Workshop werden wir zun\u00e4chst die Vor- und Nachteile dieses Szenarios untersuchen. Dann werden wir gemeinsam daran arbeiten, die Zukunft Europas mit Blick auf eine Europ\u00e4ische F\u00f6deration neu zu gestalten.<\/p>\n<\/p>\n                                                <div class=\"clear\"><\/div>\n                                            <\/div>\n\n                                                                                    <\/div>\n                                    <\/article>\n                                <\/div>\n                            \n                                <div id=\"post-8522\" class=\"aux-col post-8522\">\n                                    <article class=\"post column-entry post-8522 event_listing type-event_listing status-expired has-post-thumbnail hentry\">\n                                        <div class=\"entry-media\">\n                                            <div class=\"aux-media-frame aux-media-image aux-image-mask\">\n                                                <img decoding=\"async\"\n                                                loading=\"lazy\"\n                                                src=\"https:\/\/meeteu.eu\/wp-content\/uploads\/2022\/09\/EYE2021.jpg\"\n                                                class=\"aux-attachment aux-featured-image aux-attachment-id-8523 aux-preload aux-has-preview\"\n                                                alt=\"\"\n                                                data-src=\"https:\/\/meeteu.eu\/wp-content\/uploads\/2022\/09\/EYE2021.jpg\"\n                                                \/>\n                                            <\/div>\n                                        <\/div>\n\n                                        <header class=\"entry-header\">\n                                            <h4 class=\"entry-title\">\n                                                EYE2021 - Eine Reise nach Europa: Was wir gemacht haben und wie geht es weiter?                                            <\/h4>\n                                        <\/header>\n\n                                        <div class=\"entry-main\">\n                                            <div class=\"entry-info\">\n                                                <div class=\"event-date\">\n                                                                                                            <i class=\"fas fa-calendar-alt\"><\/i>&nbsp;\n                                                    \n                                                                                                            <span>26. Oktober 2021<\/span>\n                                                                                                        \n                                                    \n                                                                                                                                                        <\/div>\n\n                                                                                            <\/div>\n\n                                            <div class=\"entry-content\">\n                                                <p>\n<p>MeetEU hatte die gro\u00dfartige Gelegenheit, an der diesj\u00e4hrigen Europ\u00e4ischen Jugendveranstaltung teilzunehmen. Mehr als 4.500 junge Menschen trafen sich im Europ\u00e4ischen Parlament in Stra\u00dfburg, um Workshops zu geben oder zu besuchen, sich auszutauschen, mit EU-Politikern zu treffen und sich gegenseitig zu inspirieren.<\/p>\n\n\n\n<p>Kommen Sie zu uns und erfahren Sie mehr \u00fcber unsere Aktivit\u00e4ten dort - mitten im Herzen der europ\u00e4ischen Demokratie.<\/p>\n<\/p>\n                                                <div class=\"clear\"><\/div>\n                                            <\/div>\n\n                                                                                    <\/div>\n                                    <\/article>\n                                <\/div>\n                            \n                                <div id=\"post-8524\" class=\"aux-col post-8524\">\n                                    <article class=\"post column-entry post-8524 event_listing type-event_listing status-expired has-post-thumbnail hentry\">\n                                        <div class=\"entry-media\">\n                                            <div class=\"aux-media-frame aux-media-image aux-image-mask\">\n                                                <img decoding=\"async\"\n                                                loading=\"lazy\"\n                                                src=\"https:\/\/meeteu.eu\/wp-content\/uploads\/2022\/09\/Oct.-19-Mayor-Citizens-Talk-DE.jpg\"\n                                                class=\"aux-attachment aux-featured-image aux-attachment-id-8525 aux-preload aux-has-preview\"\n                                                alt=\"\"\n                                                data-src=\"https:\/\/meeteu.eu\/wp-content\/uploads\/2022\/09\/Oct.-19-Mayor-Citizens-Talk-DE.jpg\"\n                                                \/>\n                                            <\/div>\n                                        <\/div>\n\n                                        <header class=\"entry-header\">\n                                            <h4 class=\"entry-title\">\n                                                B\u00fcrger-B\u00fcrgermeister-Gespr\u00e4ch - Wie der Green Deal in europ\u00e4ischen St\u00e4dten umgesetzt werden kann                                            <\/h4>\n                                        <\/header>\n\n                                        <div class=\"entry-main\">\n                                            <div class=\"entry-info\">\n                                                <div class=\"event-date\">\n                                                                                                            <i class=\"fas fa-calendar-alt\"><\/i>&nbsp;\n                                                    \n                                                                                                            <span>19. Oktober 2021<\/span>\n                                                                                                        \n                                                    \n                                                                                                                                                        <\/div>\n\n                                                                                            <\/div>\n\n                                            <div class=\"entry-content\">\n                                                <p><p>Im Rahmen der Konferenz \u00fcber die Zukunft Europas organisierte das transnationale Projekt MeetEU.eu ein B\u00fcrger-B\u00fcrgermeister-Treffen.<br \/>\nOnline-Veranstaltung \u00fcber die Umsetzung des europ\u00e4ischen Gr\u00fcns in den St\u00e4dten Europas. Als Redner begr\u00fc\u00dften wir Jeanne<br \/>\nBarseghian, B\u00fcrgermeister von Stra\u00dfburg, und Katrin Habenschaden, zweite B\u00fcrgermeisterin von M\u00fcnchen. Die Veranstaltung war in zwei Teile gegliedert<br \/>\nTeile, zun\u00e4chst eine Fragerunde und ein Gedankenaustausch zu diesen Fragen:<\/p>\n<p>I. Wie erh\u00e4lt oder maximiert Ihre Stadt gr\u00fcne Freifl\u00e4chen?<br \/>\nR\u00e4ume?<br \/>\nII. Was tut Ihre Stadt zur Dekarbonisierung von Stadt und Vorstadt<br \/>\nTransport?<br \/>\nIII. Was tut Ihre Stadt zur Dekarbonisierung von Geb\u00e4uden?<\/p>\n<p>In der zweiten H\u00e4lfte der Veranstaltung entwickelten die B\u00fcrgerinnen und B\u00fcrger in Breakout-R\u00e4umen Ideen zu den drei Themen. Danach kamen wir zur\u00fcck ins Plenum und diskutierten die Ideen mit Katrin Habenschaden.<\/p>\n<p>I. Gr\u00fcnfl\u00e4chen (Schutz bestehender und Schaffung neuer Gr\u00fcnfl\u00e4chen)<br \/>\nII. Neue Mobilit\u00e4tskonzepte f\u00fcr G\u00fcter und Personen<br \/>\nIII. Beschleunigung der Dekarbonisierung von Geb\u00e4uden<\/p>\n<\/p>\n                                                <div class=\"clear\"><\/div>\n                                            <\/div>\n\n                                                                                    <\/div>\n                                    <\/article>\n                                <\/div>\n                            \n                                <div id=\"post-8528\" class=\"aux-col post-8528\">\n                                    <article class=\"post column-entry post-8528 event_listing type-event_listing status-expired has-post-thumbnail hentry\">\n                                        <div class=\"entry-media\">\n                                            <div class=\"aux-media-frame aux-media-image aux-image-mask\">\n                                                <img decoding=\"async\"\n                                                loading=\"lazy\"\n                                                src=\"https:\/\/meeteu.eu\/wp-content\/uploads\/2022\/09\/MeetEU_-_Czech_Republic_Elections_2021.jpg\"\n                                                class=\"aux-attachment aux-featured-image aux-attachment-id-8529 aux-preload aux-has-preview\"\n                                                alt=\"\"\n                                                data-src=\"https:\/\/meeteu.eu\/wp-content\/uploads\/2022\/09\/MeetEU_-_Czech_Republic_Elections_2021.jpg\"\n                                                \/>\n                                            <\/div>\n                                        <\/div>\n\n                                        <header class=\"entry-header\">\n                                            <h4 class=\"entry-title\">\n                                                Wahlen in der Tschechischen Republik: Was sie f\u00fcr Europa bedeuten                                            <\/h4>\n                                        <\/header>\n\n                                        <div class=\"entry-main\">\n                                            <div class=\"entry-info\">\n                                                <div class=\"event-date\">\n                                                                                                            <i class=\"fas fa-calendar-alt\"><\/i>&nbsp;\n                                                    \n                                                                                                            <span>5. Oktober 2021<\/span>\n                                                                                                        \n                                                    \n                                                                                                                                                        <\/div>\n\n                                                                                            <\/div>\n\n                                            <div class=\"entry-content\">\n                                                <p>\n<p>Am kommenden Wochenende gehen die Tschechen an die Urnen. Wir sprechen mit Adam Trune\u010dka, Vizepr\u00e4sident von Mlad\u00ed Evropan\u00e9 - YEF CZ , um aus erster Hand zu erfahren, was bei diesen Wahlen auf dem Spiel steht.<\/p>\n\n\n\n<p>Adam wird Ihnen die tschechische politische Szene erkl\u00e4ren, wer die n\u00e4chste Regierung bilden k\u00f6nnte und welche Auswirkungen dies auf die EU haben k\u00f6nnte.<\/p>\n\n\n\n<p>Adam, 21, ist Student der Politikwissenschaften an der Karls-Universit\u00e4t in Prag. Derzeit ist er auch Aktivist der Kampagne \"Stand For Something\", die junge Menschen dazu ermutigt, sich mit der Konferenz \u00fcber die Zukunft Europas zu besch\u00e4ftigen.<\/p>\n<\/p>\n                                                <div class=\"clear\"><\/div>\n                                            <\/div>\n\n                                                                                    <\/div>\n                                    <\/article>\n                                <\/div>\n                            \n                                <div id=\"post-8530\" class=\"aux-col post-8530\">\n                                    <article class=\"post column-entry post-8530 event_listing type-event_listing status-expired has-post-thumbnail hentry\">\n                                        <div class=\"entry-media\">\n                                            <div class=\"aux-media-frame aux-media-image aux-image-mask\">\n                                                <img decoding=\"async\"\n                                                loading=\"lazy\"\n                                                src=\"https:\/\/meeteu.eu\/wp-content\/uploads\/2022\/09\/Stories-from-Europe.jpg\"\n                                                class=\"aux-attachment aux-featured-image aux-attachment-id-8531 aux-preload aux-has-preview\"\n                                                alt=\"\"\n                                                data-src=\"https:\/\/meeteu.eu\/wp-content\/uploads\/2022\/09\/Stories-from-Europe.jpg\"\n                                                \/>\n                                            <\/div>\n                                        <\/div>\n\n                                        <header class=\"entry-header\">\n                                            <h4 class=\"entry-title\">\n                                                Geschichten aus Europa - Erz\u00e4hlen Sie uns von Ihrem Sommer!                                            <\/h4>\n                                        <\/header>\n\n                                        <div class=\"entry-main\">\n                                            <div class=\"entry-info\">\n                                                <div class=\"event-date\">\n                                                                                                            <i class=\"fas fa-calendar-alt\"><\/i>&nbsp;\n                                                    \n                                                                                                            <span>27. September 2021<\/span>\n                                                                                                        \n                                                    \n                                                                                                                                                        <\/div>\n\n                                                                                            <\/div>\n\n                                            <div class=\"entry-content\">\n                                                <p>\n<p>Die meisten von uns haben den Sommer genossen, das Reisen war wieder m\u00f6glich, man konnte sich mit Familie und Freunden treffen oder die warmen Tage in seiner Region verbringen. Lasst uns dar\u00fcber reden! In einer kleinen Runde wollen wir Bilder zeigen, gemeinsam lachen und Ihre interessanten Geschichten h\u00f6ren.<\/p>\n\n\n\n<p>Wenn Sie noch nicht gereist sind, machen Sie sich keine Sorgen: Ihre Geschichten k\u00f6nnen \u00e4lter sein.<\/p>\n<\/p>\n                                                <div class=\"clear\"><\/div>\n                                            <\/div>\n\n                                                                                    <\/div>\n                                    <\/article>\n                                <\/div>\n                            \n                                <div id=\"post-8532\" class=\"aux-col post-8532\">\n                                    <article class=\"post column-entry post-8532 event_listing type-event_listing status-expired has-post-thumbnail hentry\">\n                                        <div class=\"entry-media\">\n                                            <div class=\"aux-media-frame aux-media-image aux-image-mask\">\n                                                <img decoding=\"async\"\n                                                loading=\"lazy\"\n                                                src=\"https:\/\/meeteu.eu\/wp-content\/uploads\/2022\/09\/Bundestagswahl.jpg\"\n                                                class=\"aux-attachment aux-featured-image aux-attachment-id-8533 aux-preload aux-has-preview\"\n                                                alt=\"\"\n                                                data-src=\"https:\/\/meeteu.eu\/wp-content\/uploads\/2022\/09\/Bundestagswahl.jpg\"\n                                                \/>\n                                            <\/div>\n                                        <\/div>\n\n                                        <header class=\"entry-header\">\n                                            <h4 class=\"entry-title\">\n                                                Europ\u00e4ische Erwartungen - Was der neue deutsche Bundeskanzler liefern sollte\u00a0                                            <\/h4>\n                                        <\/header>\n\n                                        <div class=\"entry-main\">\n                                            <div class=\"entry-info\">\n                                                <div class=\"event-date\">\n                                                                                                            <i class=\"fas fa-calendar-alt\"><\/i>&nbsp;\n                                                    \n                                                                                                            <span>21. September 2021<\/span>\n                                                                                                        \n                                                    \n                                                                                                                                                        <\/div>\n\n                                                                                            <\/div>\n\n                                            <div class=\"entry-content\">\n                                                <p>\n<p>Polens Freiheitsikone Lech Walesa ist der Meinung, dass das m\u00e4chtige Deutschland nach einem m\u00f6glichen Brexit entweder eine tiefgreifend reformierte oder eine v\u00f6llig neu aufgebaute Europ\u00e4ische Union anf\u00fchren sollte. (Euractive 2016)<\/p>\n\n\n\n<p>oder<\/p>\n\n\n\n<p>Deutschland mit seiner knauserigen Haltung zu Eurobonds, gemeinsamen Schulden und Ausgaben sollte aus dem Weg gehen und die europ\u00e4ische F\u00fchrung fortschrittlicheren L\u00e4ndern wie Frankreich und Italien \u00fcberlassen.\u00a0<\/p>\n\n\n\n<p>Zwischen diesen beiden Positionen liegen die Erwartungen der europ\u00e4ischen B\u00fcrger.<\/p>\n\n\n\n<p>Bitte seien Sie bereit, die Erwartungen Ihrer Landsleute zu diskutieren! Nach einer kurzen Einf\u00fchrung haben Sie die M\u00f6glichkeit, Ihre Meinung zu \u00e4u\u00dfern.<\/p>\n<\/p>\n                                                <div class=\"clear\"><\/div>\n                                            <\/div>\n\n                                                                                    <\/div>\n                                    <\/article>\n                                <\/div>\n                            \n                                <div id=\"post-8534\" class=\"aux-col post-8534\">\n                                    <article class=\"post column-entry post-8534 event_listing type-event_listing status-expired has-post-thumbnail hentry\">\n                                        <div class=\"entry-media\">\n                                            <div class=\"aux-media-frame aux-media-image aux-image-mask\">\n                                                <img decoding=\"async\"\n                                                loading=\"lazy\"\n                                                src=\"https:\/\/meeteu.eu\/wp-content\/uploads\/2022\/09\/15-Sept.-Norway-Elections.jpg\"\n                                                class=\"aux-attachment aux-featured-image aux-attachment-id-8535 aux-preload aux-has-preview\"\n                                                alt=\"\"\n                                                data-src=\"https:\/\/meeteu.eu\/wp-content\/uploads\/2022\/09\/15-Sept.-Norway-Elections.jpg\"\n                                                \/>\n                                            <\/div>\n                                        <\/div>\n\n                                        <header class=\"entry-header\">\n                                            <h4 class=\"entry-title\">\n                                                Norwegische Wahlen und ein Europa nach dem \u00d6l                                            <\/h4>\n                                        <\/header>\n\n                                        <div class=\"entry-main\">\n                                            <div class=\"entry-info\">\n                                                <div class=\"event-date\">\n                                                                                                            <i class=\"fas fa-calendar-alt\"><\/i>&nbsp;\n                                                    \n                                                                                                            <span>15. September 2021<\/span>\n                                                                                                        \n                                                    \n                                                                                                                                                        <\/div>\n\n                                                                                            <\/div>\n\n                                            <div class=\"entry-content\">\n                                                <p>\n<p>Norwegen ist heute der zweitgr\u00f6\u00dfte Erdgasexporteur in die EU, nach Russland. Obwohl Norwegen kein EU-Mitglied ist, spielt es \u00fcber den EWR und die EFTA eine wichtige Rolle in der EU-Energiepolitik, indem es \u00d6l und 18%-25% des EU-Gasbedarfs liefert. F\u00fcr Norwegen machen \u00d6l und Gas etwa die H\u00e4lfte des Gesamtwerts seiner Ausfuhren aus und sind damit die wichtigsten Exportg\u00fcter der norwegischen Wirtschaft.<\/p>\n\n\n\n<p>Da die W\u00e4hlerschaft jedoch zersplittert ist, d\u00fcrfte die Bildung einer norwegischen Regierungskoalition von den kleineren Parteien abh\u00e4ngen, die ein Ende der Erd\u00f6l- und Erdgasexploration fordern. Nach einem R\u00fcckstand in den Umfragen und nur zwei Wochen vor den Wahlen schlug die Regierung der amtierenden Ministerpr\u00e4sidentin Erna Solberg \u00fcberraschend vor, die Besteuerung von Unternehmen, die Erd\u00f6l f\u00f6rdern, zu \u00fcberarbeiten.<\/p>\n\n\n\n<p>Manche sagen, dass die \u00c4nderungen die Stabilit\u00e4t der auf Erd\u00f6l basierenden Grundlage des norwegischen Steuersystems in Frage stellen und die aktuelle EU-Energiepolitik auf den Kopf stellen k\u00f6nnten. Was bedeutet dies f\u00fcr ein Europa nach dem \u00d6l und wie wird es sich auf die Politik der norwegischen \u00d6l- und Gasimporteure (Deutschland, die Niederlande, Schweden, Frankreich, Belgien, D\u00e4nemark und andere) auswirken?<\/p>\n\n\n\n<p><\/p>\n<\/p>\n                                                <div class=\"clear\"><\/div>\n                                            <\/div>\n\n                                                                                    <\/div>\n                                    <\/article>\n                                <\/div>\n                            \n                                <div id=\"post-8537\" class=\"aux-col post-8537\">\n                                    <article class=\"post column-entry post-8537 event_listing type-event_listing status-expired has-post-thumbnail hentry\">\n                                        <div class=\"entry-media\">\n                                            <div class=\"aux-media-frame aux-media-image aux-image-mask\">\n                                                <img decoding=\"async\"\n                                                loading=\"lazy\"\n                                                src=\"https:\/\/meeteu.eu\/wp-content\/uploads\/2022\/09\/Bluebook.jpg\"\n                                                class=\"aux-attachment aux-featured-image aux-attachment-id-8538 aux-preload aux-has-preview\"\n                                                alt=\"\"\n                                                data-src=\"https:\/\/meeteu.eu\/wp-content\/uploads\/2022\/09\/Bluebook.jpg\"\n                                                \/>\n                                            <\/div>\n                                        <\/div>\n\n                                        <header class=\"entry-header\">\n                                            <h4 class=\"entry-title\">\n                                                <strong>Die EU von innen erleben - Frage und Antwort mit Carolina, ehemalige Blue Book Trainee bei der Europ\u00e4ischen Kommission<\/strong>                                            <\/h4>\n                                        <\/header>\n\n                                        <div class=\"entry-main\">\n                                            <div class=\"entry-info\">\n                                                <div class=\"event-date\">\n                                                                                                            <i class=\"fas fa-calendar-alt\"><\/i>&nbsp;\n                                                    \n                                                                                                            <span>20 Juli 2021<\/span>\n                                                                                                        \n                                                    \n                                                                                                                                                        <\/div>\n\n                                                                                            <\/div>\n\n                                            <div class=\"entry-content\">\n                                                <p>\n<p>W\u00fcrden Sie gerne im Herzen der Europ\u00e4ischen Union arbeiten? An Sitzungen und \u00f6ffentlichen Anh\u00f6rungen in einem multikulturellen Umfeld teilnehmen? \u00dcber aktuelle politische Themen recherchieren und das Management von EU-\u00fcbergreifenden Projekten unterst\u00fctzen? Tr\u00e4umen Sie nicht davon - probieren Sie es aus! Jeder, unabh\u00e4ngig vom Alter, kann sich f\u00fcr ein Blue Book-Praktikum bei der Europ\u00e4ischen Kommission bewerben. Ein Bachelor-Abschluss und gute Sprachkenntnisse sind erforderlich. Die Dauer des Praktikums betr\u00e4gt f\u00fcnf Monate. Bewerbungen werden ab dem 2. August entgegengenommen.<\/p>\n\n\n\n<p>Carolina, eine Blue-Book-Auszubildende im Jahr 2020, sagt Ihnen, wie Sie sich bewerben k\u00f6nnen, welche F\u00e4higkeiten erforderlich sind und was Sie sonst noch wissen sollten.<\/p>\n\n\n\n<p>Anmelden und mitmachen!&nbsp;<a href=\"https:\/\/meeteu.eu\/de\/registration\/\">https:\/\/meeteu.eu\/registration\/<\/a><\/p>\n\n\n\n<p>Carolina freut sich darauf, Ihre Fragen zu beantworten!<\/p>\n<\/p>\n                                                <div class=\"clear\"><\/div>\n                                            <\/div>\n\n                                                                                    <\/div>\n                                    <\/article>\n                                <\/div>\n                            \n                                <div id=\"post-8666\" class=\"aux-col post-8666\">\n                                    <article class=\"post column-entry post-8666 event_listing type-event_listing status-expired has-post-thumbnail hentry\">\n                                        <div class=\"entry-media\">\n                                            <div class=\"aux-media-frame aux-media-image aux-image-mask\">\n                                                <img decoding=\"async\"\n                                                loading=\"lazy\"\n                                                src=\"https:\/\/meeteu.eu\/wp-content\/uploads\/2022\/09\/EU-Elections.png\"\n                                                class=\"aux-attachment aux-featured-image aux-attachment-id-8667 aux-preload aux-has-preview\"\n                                                alt=\"\"\n                                                data-src=\"https:\/\/meeteu.eu\/wp-content\/uploads\/2022\/09\/EU-Elections.png\"\n                                                \/>\n                                            <\/div>\n                                        <\/div>\n\n                                        <header class=\"entry-header\">\n                                            <h4 class=\"entry-title\">\n                                                EU-Wahlvorschlag - Wo stehen wir heute?                                            <\/h4>\n                                        <\/header>\n\n                                        <div class=\"entry-main\">\n                                            <div class=\"entry-info\">\n                                                <div class=\"event-date\">\n                                                                                                            <i class=\"fas fa-calendar-alt\"><\/i>&nbsp;\n                                                    \n                                                                                                            <span>13 Juli 2021<\/span>\n                                                                                                                                                                <span>19:00 (BST)<\/span>\n                                                    \n                                                    \n                                                                                                                                                        <\/div>\n\n                                                                                            <\/div>\n\n                                            <div class=\"entry-content\">\n                                                <p>\n<p>Seit wir mit der Ausarbeitung des Vorschlags begonnen haben, ist viel passiert: ein Austausch mit dem Europaabgeordneten Daniel Freund, ein detailliertes Arbeitspapier, zahlreiche Diskussionen mit Ihnen und europ\u00e4ischen Rechtsexperten - wir sind auf einem guten Weg.<\/p>\n\n\n\n<p>Das Feedback hat uns die Frage aufgeworfen: Welche Rolle spielen die europ\u00e4ischen politischen Parteien in unserem Vorschlag? Reicht es aus, nur die europ\u00e4ischen Fraktionen zu betrachten? Wir suchen nach Antworten auf diese Fragen, und Sie k\u00f6nnen uns helfen, sie zu finden!<\/p>\n\n\n\n<p>Lesen Sie den Vorschlag und teilen Sie Ihre Meinung w\u00e4hrend der Veranstaltung mit.<\/p>\n<\/p>\n                                                <div class=\"clear\"><\/div>\n                                            <\/div>\n\n                                                                                    <\/div>\n                                    <\/article>\n                                <\/div>\n                            \n                                <div id=\"post-8541\" class=\"aux-col post-8541\">\n                                    <article class=\"post column-entry post-8541 event_listing type-event_listing status-expired has-post-thumbnail hentry\">\n                                        <div class=\"entry-media\">\n                                            <div class=\"aux-media-frame aux-media-image aux-image-mask\">\n                                                <img decoding=\"async\"\n                                                loading=\"lazy\"\n                                                src=\"https:\/\/meeteu.eu\/wp-content\/uploads\/2022\/09\/Slovenia.JPG.jpg\"\n                                                class=\"aux-attachment aux-featured-image aux-attachment-id-8542 aux-preload aux-has-preview\"\n                                                alt=\"\"\n                                                data-src=\"https:\/\/meeteu.eu\/wp-content\/uploads\/2022\/09\/Slovenia.JPG.jpg\"\n                                                \/>\n                                            <\/div>\n                                        <\/div>\n\n                                        <header class=\"entry-header\">\n                                            <h4 class=\"entry-title\">\n                                                Slowenischer Ratsvorsitz: Was sind die wichtigsten Priorit\u00e4ten?                                            <\/h4>\n                                        <\/header>\n\n                                        <div class=\"entry-main\">\n                                            <div class=\"entry-info\">\n                                                <div class=\"event-date\">\n                                                                                                            <i class=\"fas fa-calendar-alt\"><\/i>&nbsp;\n                                                    \n                                                                                                            <span>6. Juli 2021<\/span>\n                                                                                                        \n                                                    \n                                                                                                                                                        <\/div>\n\n                                                                                            <\/div>\n\n                                            <div class=\"entry-content\">\n                                                <p>\n<p>Slowenien hat am 1. Juli die Pr\u00e4sidentschaft des Rates der Europ\u00e4ischen Union \u00fcbernommen und ist damit in den Mittelpunkt des politischen Geschehens in Europa ger\u00fcckt. Die Pr\u00e4sidentschaft kommt jedoch zu einem kritischen Zeitpunkt, an dem viele wichtige Fragen, darunter auch die Bew\u00e4ltigung der Corona-Krise, behandelt werden m\u00fcssen. Unter dem Motto \"Gemeinsam. Resilient. Europa.\" hat Slowenien vier Priorit\u00e4ten f\u00fcr die Ratspr\u00e4sidentschaft gesetzt: Erholung und gr\u00f6\u00dfere Widerstandsf\u00e4higkeit der EU, \u00dcberlegungen zur Zukunft Europas, St\u00e4rkung der Rechtsstaatlichkeit und der europ\u00e4ischen Werte sowie Sicherheit und Stabilit\u00e4t in der europ\u00e4ischen Nachbarschaft. Was bedeutet nun die slowenische Ratspr\u00e4sidentschaft f\u00fcr das Land? Wie wird es seine Priorit\u00e4ten umsetzen? Wer ist an der Ratspr\u00e4sidentschaft beteiligt? Was ist sonst noch wichtig zu wissen? Am Dienstag, den 6. Juli um 17:00 Uhr MEZ wird Nastja Klimencic Schmidt vom Verbindungsb\u00fcro des Europ\u00e4ischen Parlaments in Ljubljana die Priorit\u00e4ten der slowenischen Ratspr\u00e4sidentschaft vorstellen und alle Ihre Fragen zu diesem Thema beantworten. Die Online-Veranstaltung wird auf Englisch \u00fcber WebEx abgehalten.<\/p>\n<\/p>\n                                                <div class=\"clear\"><\/div>\n                                            <\/div>\n\n                                                                                    <\/div>\n                                    <\/article>\n                                <\/div>\n                            \n                                <div id=\"post-8543\" class=\"aux-col post-8543\">\n                                    <article class=\"post column-entry post-8543 event_listing type-event_listing status-expired has-post-thumbnail hentry\">\n                                        <div class=\"entry-media\">\n                                            <div class=\"aux-media-frame aux-media-image aux-image-mask\">\n                                                <img decoding=\"async\"\n                                                loading=\"lazy\"\n                                                src=\"https:\/\/meeteu.eu\/wp-content\/uploads\/2022\/09\/Travelling-in-the-EU.jpg\"\n                                                class=\"aux-attachment aux-featured-image aux-attachment-id-8544 aux-preload aux-has-preview\"\n                                                alt=\"\"\n                                                data-src=\"https:\/\/meeteu.eu\/wp-content\/uploads\/2022\/09\/Travelling-in-the-EU.jpg\"\n                                                \/>\n                                            <\/div>\n                                        <\/div>\n\n                                        <header class=\"entry-header\">\n                                            <h4 class=\"entry-title\">\n                                                Der Sommer kommt - Wohin gehst du?                                            <\/h4>\n                                        <\/header>\n\n                                        <div class=\"entry-main\">\n                                            <div class=\"entry-info\">\n                                                <div class=\"event-date\">\n                                                                                                            <i class=\"fas fa-calendar-alt\"><\/i>&nbsp;\n                                                    \n                                                                                                            <span>29 Juni 2021<\/span>\n                                                                                                        \n                                                    \n                                                                                                                                                        <\/div>\n\n                                                                                            <\/div>\n\n                                            <div class=\"entry-content\">\n                                                <p>\n<p>Nach einem Jahr der weltweiten Pandemie, der Reisebeschr\u00e4nkungen und der sozialen Distanzierung haben wir in diesem Jahr wieder die M\u00f6glichkeit, die EU-Grenzen ohne gro\u00dfe H\u00fcrden zu \u00fcberschreiten und die Vielfalt unserer Union zu erleben.<\/p>\n\n\n\n<p>Werden Sie die Gelegenheit nutzen, um all die Reisen nachzuholen, die Sie in den letzten Monaten nicht machen konnten, oder werden Sie den Sommer entspannt zu Hause verbringen?<\/p>\n\n\n\n<p>Kommen Sie zu einem entspannten Gespr\u00e4ch am Dienstagabend - und sehen Sie, was alle anderen planen.<\/p>\n\n\n\n<p><strong>F\u00fcr neue Mitglieder ist dies eine hervorragende Gelegenheit, mit dem MeetEU-Team in Kontakt zu treten.<\/strong><\/p>\n\n\n\n<p>Diese Veranstaltung findet statt am&nbsp;<a href=\"https:\/\/meeteu.eu\/de\/how-to-access-meeteu\/\">Discord<\/a>.<\/p>\n<\/p>\n                                                <div class=\"clear\"><\/div>\n                                            <\/div>\n\n                                                                                    <\/div>\n                                    <\/article>\n                                <\/div>\n                            \n                                <div id=\"post-8545\" class=\"aux-col post-8545\">\n                                    <article class=\"post column-entry post-8545 event_listing type-event_listing status-expired has-post-thumbnail hentry\">\n                                        <div class=\"entry-media\">\n                                            <div class=\"aux-media-frame aux-media-image aux-image-mask\">\n                                                <img decoding=\"async\"\n                                                loading=\"lazy\"\n                                                src=\"https:\/\/meeteu.eu\/wp-content\/uploads\/2022\/09\/Samira_Rafaela.jpg\"\n                                                class=\"aux-attachment aux-featured-image aux-attachment-id-8546 aux-preload aux-has-preview\"\n                                                alt=\"\"\n                                                data-src=\"https:\/\/meeteu.eu\/wp-content\/uploads\/2022\/09\/Samira_Rafaela.jpg\"\n                                                \/>\n                                            <\/div>\n                                        <\/div>\n\n                                        <header class=\"entry-header\">\n                                            <h4 class=\"entry-title\">\n                                                <strong>Mercosur und die EU - Was bringt die Zukunft?<\/strong>                                            <\/h4>\n                                        <\/header>\n\n                                        <div class=\"entry-main\">\n                                            <div class=\"entry-info\">\n                                                <div class=\"event-date\">\n                                                                                                            <i class=\"fas fa-calendar-alt\"><\/i>&nbsp;\n                                                    \n                                                                                                            <span>22 Juni 2021<\/span>\n                                                                                                        \n                                                    \n                                                                                                                                                        <\/div>\n\n                                                                                            <\/div>\n\n                                            <div class=\"entry-content\">\n                                                <p>\n<p>Im Juni 2019 wurde ein Handelsabkommen mit den Mercosur-L\u00e4ndern (Brasilien, Argentinien, Paraguay, Bolivien und Uruguay) geschlossen. Seitdem h\u00e4ufen sich die Nachrichten \u00fcber den hohen Einsatz von Pestiziden, die Gefahr f\u00fcr die Lebensmittelsicherheit und die zunehmenden Umweltauswirkungen der extensiven Landwirtschaft in den Regionen. Vor allem Paris hat den Druck erh\u00f6ht, offiziell aufgrund von Umweltbedenken.<\/p>\n\n\n\n<p>Gleichzeitig verfolgt die portugiesische Pr\u00e4sidentschaft das Ziel, das Abkommen voranzubringen. Was k\u00f6nnen wir bis zum Ende des Ratsvorsitzes erwarten? Was bedeutet die Verz\u00f6gerung f\u00fcr die allgemeinen Beziehungen zum Handelsblock, und ist das Abkommen mit dem Kampf gegen den Klimawandel vereinbar? Und vor allem: K\u00f6nnte der Br\u00fcsseler Effekt zu positiven Ver\u00e4nderungen (z. B. Umweltschutz in der Produktion) in den s\u00fcdamerikanischen L\u00e4ndern f\u00fchren?<\/p>\n\n\n\n<p>Diese Veranstaltung findet auf Zoom statt.<\/p>\n\n\n\n<p><strong>Registrieren Sie sich hier und erhalten Sie eine&nbsp;<a href=\"https:\/\/meeteu.eu\/de\/registration\/\">E-Mail-Erinnerung mit den Anmeldedaten.<\/a><\/strong><\/p>\n<\/p>\n                                                <div class=\"clear\"><\/div>\n                                            <\/div>\n\n                                                                                    <\/div>\n                                    <\/article>\n                                <\/div>\n                            \n                                <div id=\"post-8547\" class=\"aux-col post-8547\">\n                                    <article class=\"post column-entry post-8547 event_listing type-event_listing status-expired has-post-thumbnail hentry\">\n                                        <div class=\"entry-media\">\n                                            <div class=\"aux-media-frame aux-media-image aux-image-mask\">\n                                                <img decoding=\"async\"\n                                                loading=\"lazy\"\n                                                src=\"https:\/\/meeteu.eu\/wp-content\/uploads\/2022\/09\/Grant.jpg\"\n                                                class=\"aux-attachment aux-featured-image aux-attachment-id-8548 aux-preload aux-has-preview\"\n                                                alt=\"\"\n                                                data-src=\"https:\/\/meeteu.eu\/wp-content\/uploads\/2022\/09\/Grant.jpg\"\n                                                \/>\n                                            <\/div>\n                                        <\/div>\n\n                                        <header class=\"entry-header\">\n                                            <h4 class=\"entry-title\">\n                                                Europa wieder zu Grant's machen                                            <\/h4>\n                                        <\/header>\n\n                                        <div class=\"entry-main\">\n                                            <div class=\"entry-info\">\n                                                <div class=\"event-date\">\n                                                                                                            <i class=\"fas fa-calendar-alt\"><\/i>&nbsp;\n                                                    \n                                                                                                            <span>15 Juni 2021<\/span>\n                                                                                                        \n                                                    \n                                                                                                                                                        <\/div>\n\n                                                                                            <\/div>\n\n                                            <div class=\"entry-content\">\n                                                <p>\n<p>Grant Gallacher ist ein junger \"Scottish Comedian of the Year\"-Finalist, frisch von seiner letzten ausverkauften Europatournee. Er ist auch bei BBC Radio Scotland und STV aufgetreten und hat in den letzten f\u00fcnf Jahren sowohl beim Edinburgh Fringe als auch beim Glasgow International Comedy Festival gespielt.<\/p>\n\n\n\n<p>Er lebt jetzt in Prag, ist Gastgeber des Podcasts Making Europe Grant's Again und des YouTube-Kanals VisualPolitik und tourt mit seinen Comedy-Shows durch ganz Europa. Grant wurde als \"Definitiv einer, den man nicht verpassen sollte\" beschrieben,&nbsp;<em>meist von seiner Mutter<\/em>.<\/p>\n\n\n\n<p>Verpassen Sie nicht unsere n\u00e4chste Veranstaltung! Dienstag&nbsp;<strong>15. Juni<\/strong>18:00 Uhr MESZ (Mitteleurop\u00e4ische Sommerzeit). Grant wird uns erz\u00e4hlen, wie er vor dem Brexit geflohen ist, wie er zum Gastgeber eines der erfolgreichsten politischen YouTube-Kan\u00e4le (\u00fcber eine Million Follower) wurde, \u00fcber seinen Podcast und wie das Bier in Prag ist!<\/p>\n<\/p>\n                                                <div class=\"clear\"><\/div>\n                                            <\/div>\n\n                                                                                    <\/div>\n                                    <\/article>\n                                <\/div>\n                            \n                                <div id=\"post-8549\" class=\"aux-col post-8549\">\n                                    <article class=\"post column-entry post-8549 event_listing type-event_listing status-expired has-post-thumbnail hentry\">\n                                        <div class=\"entry-media\">\n                                            <div class=\"aux-media-frame aux-media-image aux-image-mask\">\n                                                <img decoding=\"async\"\n                                                loading=\"lazy\"\n                                                src=\"https:\/\/meeteu.eu\/wp-content\/uploads\/2022\/09\/Yana.png\"\n                                                class=\"aux-attachment aux-featured-image aux-attachment-id-8550 aux-preload aux-has-preview\"\n                                                alt=\"\"\n                                                data-src=\"https:\/\/meeteu.eu\/wp-content\/uploads\/2022\/09\/Yana.png\"\n                                                \/>\n                                            <\/div>\n                                        <\/div>\n\n                                        <header class=\"entry-header\">\n                                            <h4 class=\"entry-title\">\n                                                Scherbenhaufen in den Beziehungen zwischen der EU und Russland?                                            <\/h4>\n                                        <\/header>\n\n                                        <div class=\"entry-main\">\n                                            <div class=\"entry-info\">\n                                                <div class=\"event-date\">\n                                                                                                            <i class=\"fas fa-calendar-alt\"><\/i>&nbsp;\n                                                    \n                                                                                                            <span>1 Juni 2021<\/span>\n                                                                                                        \n                                                    \n                                                                                                                                                        <\/div>\n\n                                                                                            <\/div>\n\n                                            <div class=\"entry-content\">\n                                                <p>\n<p>Die H\u00e4ufigkeit der Konfrontationen zwischen der EU und Russland scheint wieder zuzunehmen.<\/p>\n\n\n\n<p>Frau Yana Toom aus Estland, Mitglied des parlamentarischen Kooperationsausschusses EU-Russland, wird uns erkl\u00e4ren, was auf dem Spiel steht.<\/p>\n\n\n\n<p>Verpassen Sie nicht diese einmalige Gelegenheit, sich die Situation von einem Experten erkl\u00e4ren zu lassen und Ihre Fragen direkt an einen Abgeordneten zu stellen!<\/p>\n\n\n\n<p>Diese Veranstaltung findet statt am&nbsp;<a href=\"https:\/\/meeteu.eu\/de\/how-to-access-meeteu\/\">Webex.<\/a><\/p>\n<\/p>\n                                                <div class=\"clear\"><\/div>\n                                            <\/div>\n\n                                                                                    <\/div>\n                                    <\/article>\n                                <\/div>\n                            \n                                <div id=\"post-8551\" class=\"aux-col post-8551\">\n                                    <article class=\"post column-entry post-8551 event_listing type-event_listing status-expired has-post-thumbnail hentry\">\n                                        <div class=\"entry-media\">\n                                            <div class=\"aux-media-frame aux-media-image aux-image-mask\">\n                                                <img decoding=\"async\"\n                                                loading=\"lazy\"\n                                                src=\"https:\/\/meeteu.eu\/wp-content\/uploads\/2022\/09\/Marques.png\"\n                                                class=\"aux-attachment aux-featured-image aux-attachment-id-8552 aux-preload aux-has-preview\"\n                                                alt=\"\"\n                                                data-src=\"https:\/\/meeteu.eu\/wp-content\/uploads\/2022\/09\/Marques.png\"\n                                                \/>\n                                            <\/div>\n                                        <\/div>\n\n                                        <header class=\"entry-header\">\n                                            <h4 class=\"entry-title\">\n                                                Regionale Unterschiede in Europa - wie k\u00f6nnen wir sie \u00fcberwinden?                                            <\/h4>\n                                        <\/header>\n\n                                        <div class=\"entry-main\">\n                                            <div class=\"entry-info\">\n                                                <div class=\"event-date\">\n                                                                                                            <i class=\"fas fa-calendar-alt\"><\/i>&nbsp;\n                                                    \n                                                                                                            <span>27 Mai 2021<\/span>\n                                                                                                        \n                                                    \n                                                                                                                                                        <\/div>\n\n                                                                                            <\/div>\n\n                                            <div class=\"entry-content\">\n                                                <p>\n<p>Europa ist bekannt f\u00fcr seine ber\u00fchmten St\u00e4dte wie Paris oder Rom. Auf der anderen Seite gibt es l\u00e4ndliche Gebiete wie Alentejo und Transsylvanien. Verschiedene Regionen mit unterschiedlicher Wirtschaft und unterschiedlichen Bed\u00fcrfnissen in einem vereinten Europa stellen uns vor gro\u00dfe Herausforderungen.<\/p>\n\n\n\n<p>Um diese Ungleichgewichte zu korrigieren, hat die EU mehrere Fonds zur St\u00e4rkung des wirtschaftlichen und sozialen Zusammenhalts aufgelegt, z. B. den Europ\u00e4ischen Fonds f\u00fcr regionale Entwicklung (EFRE).<\/p>\n\n\n\n<p>Worum geht es bei diesen Fonds, und wohin flie\u00dft das Geld? Haben diese Fonds bisher irgendeine Wirkung gezeigt? Begleiten Sie uns zu unserem Gespr\u00e4ch mit Pedro Marques, MEP S&amp;D.<\/p>\n\n\n\n<p>Diese Veranstaltung findet statt am\u00a0<a href=\"https:\/\/meeteu.eu\/de\/how-to-access-meeteu\/\">Webex.<\/a><\/p>\n<\/p>\n                                                <div class=\"clear\"><\/div>\n                                            <\/div>\n\n                                                                                    <\/div>\n                                    <\/article>\n                                <\/div>\n                            \n                                <div id=\"post-8553\" class=\"aux-col post-8553\">\n                                    <article class=\"post column-entry post-8553 event_listing type-event_listing status-expired has-post-thumbnail hentry\">\n                                        <div class=\"entry-media\">\n                                            <div class=\"aux-media-frame aux-media-image aux-image-mask\">\n                                                <img decoding=\"async\"\n                                                loading=\"lazy\"\n                                                src=\"https:\/\/meeteu.eu\/wp-content\/uploads\/2022\/09\/Garcia.jpg\"\n                                                class=\"aux-attachment aux-featured-image aux-attachment-id-8554 aux-preload aux-has-preview\"\n                                                alt=\"\"\n                                                data-src=\"https:\/\/meeteu.eu\/wp-content\/uploads\/2022\/09\/Garcia.jpg\"\n                                                \/>\n                                            <\/div>\n                                        <\/div>\n\n                                        <header class=\"entry-header\">\n                                            <h4 class=\"entry-title\">\n                                                Die Konferenz \u00fcber die Zukunft Europas - Welchen Unterschied kann sie machen?                                            <\/h4>\n                                        <\/header>\n\n                                        <div class=\"entry-main\">\n                                            <div class=\"entry-info\">\n                                                <div class=\"event-date\">\n                                                                                                            <i class=\"fas fa-calendar-alt\"><\/i>&nbsp;\n                                                    \n                                                                                                            <span>25 Mai 2021<\/span>\n                                                                                                        \n                                                    \n                                                                                                                                                        <\/div>\n\n                                                                                            <\/div>\n\n                                            <div class=\"entry-content\">\n                                                <p>\n<p><em>\"Die Zukunft geh\u00f6rt uns allen und wir sollten diese Entscheidungen nicht allein in der Br\u00fcsseler Blase treffen.<\/em>sagte Iraxte Garc\u00eda-Perez, Vorsitzende der S&amp;D Fraktion, unter Bezugnahme auf die Konferenz \u00fcber die Zukunft Europas (CoFoE).<\/p>\n\n\n\n<p>Aber werden die EU-Institutionen diese gro\u00dfe Chance nutzen, um ihre gesetzgeberische Macht mit den EU-B\u00fcrgern zu teilen? Bislang haben sich die Europ\u00e4ische Kommission, das Europ\u00e4ische Parlament und der Rat der EU lediglich verpflichtet, das Endergebnis z\u00fcgig zu pr\u00fcfen, ohne einen konkreten Fahrplan f\u00fcr die Beteiligung der B\u00fcrger aufzustellen. Viele B\u00fcrger fragen sich das: Wird die Konferenz zu einfachen Arbeitsdokumenten f\u00fchren oder Vertrags\u00e4nderungen einleiten?<\/p>\n\n\n\n<p>Teilen Sie Ihre Hoffnungen und Ideen zur Konferenz \u00fcber die Zukunft Europas mit Frau Garc\u00eda-Perez, Mitglied des CoFoE-Vorstands: Erfahren Sie, wie die Konferenz organisiert wird und wie sie zu einem \"game changer\" in der EU-Politik werden k\u00f6nnte.<\/p>\n\n\n\n<p>Diese Veranstaltung findet statt am&nbsp;<a href=\"https:\/\/meeteu.eu\/de\/how-to-access-meeteu\/\">Webex.<\/a><\/p>\n\n\n\n<p><strong>Bitte registrieren&nbsp;<a href=\"https:\/\/meeteu.eu\/de\/registration\/\">hier<\/a>&nbsp;<\/strong>um eine Erinnerung mit dem Link zu erhalten.<\/p>\n<\/p>\n                                                <div class=\"clear\"><\/div>\n                                            <\/div>\n\n                                                                                    <\/div>\n                                    <\/article>\n                                <\/div>\n                            \n                                <div id=\"post-8555\" class=\"aux-col post-8555\">\n                                    <article class=\"post column-entry post-8555 event_listing type-event_listing status-expired has-post-thumbnail hentry\">\n                                        <div class=\"entry-media\">\n                                            <div class=\"aux-media-frame aux-media-image aux-image-mask\">\n                                                <img decoding=\"async\"\n                                                loading=\"lazy\"\n                                                src=\"https:\/\/meeteu.eu\/wp-content\/uploads\/2022\/09\/Daniel-Freund.png\"\n                                                class=\"aux-attachment aux-featured-image aux-attachment-id-8556 aux-preload aux-has-preview\"\n                                                alt=\"\"\n                                                data-src=\"https:\/\/meeteu.eu\/wp-content\/uploads\/2022\/09\/Daniel-Freund.png\"\n                                                \/>\n                                            <\/div>\n                                        <\/div>\n\n                                        <header class=\"entry-header\">\n                                            <h4 class=\"entry-title\">\n                                                Rettung des vereinten Europas durch Korrektur des Wahlprozesses                                            <\/h4>\n                                        <\/header>\n\n                                        <div class=\"entry-main\">\n                                            <div class=\"entry-info\">\n                                                <div class=\"event-date\">\n                                                                                                            <i class=\"fas fa-calendar-alt\"><\/i>&nbsp;\n                                                    \n                                                                                                            <span>18 Mai 2021<\/span>\n                                                                                                        \n                                                    \n                                                                                                                                                        <\/div>\n\n                                                                                            <\/div>\n\n                                            <div class=\"entry-content\">\n                                                <p>\n<p>Dar\u00fcber sprechen wir am 18. Mai mit Daniel Freund, der 2019 zum Europaabgeordneten der Gr\u00fcnen Partei gew\u00e4hlt wurde.<\/p>\n\n\n\n<p>Bei den Wahlen zum Europ\u00e4ischen Parlament liegt der Schwerpunkt nicht auf Europa. Sie werden auf nationaler Ebene durchgef\u00fchrt, von nationalen Politikern auf nationalen Wahlkampfplattformen, die sich auf nationale Themen konzentrieren.<br>In unserem Vortrag werden wir uns auf zwei konkrete Vorschl\u00e4ge zur \u00c4nderung dieser Situation konzentrieren: Erstens, die Einf\u00fchrung von \"Transnationalen Wahllisten\", ein Konzept, das seit den 90er Jahren entwickelt wurde. Zweitens, die Einf\u00fchrung von&nbsp;<a href=\"https:\/\/futureu.europa.eu\/processes\/Democracy\/f\/6\/proposals\/203\" rel=\"noopener\">\"Transnationale Kampagnenplattformen\"<\/a>Eine Idee, die vom MeetEU-Team entwickelt und als Vorschlag bei der Konferenz \u00fcber die Zukunft Europas eingereicht wurde.<\/p>\n\n\n\n<p>In unserem Gespr\u00e4ch mit Daniel Freund werden wir aus erster Hand von einem Politiker an vorderster Front erfahren, wie er die Vor- und Nachteile dieser Vorschl\u00e4ge sowie die Wahrscheinlichkeit ihrer Annahme bewertet.<\/p>\n\n\n\n<p>Nehmen Sie an unserem Gespr\u00e4ch am 18. Mai um 20:00 Uhr MESZ teil, um zuzuh\u00f6ren und Ihre Gedanken einzubringen.<\/p>\n\n\n\n<p>Diese Veranstaltung findet statt am&nbsp;<a href=\"https:\/\/meeteu.eu\/de\/how-to-access-meeteu\/\">Webex.<\/a><\/p>\n<\/p>\n                                                <div class=\"clear\"><\/div>\n                                            <\/div>\n\n                                                                                    <\/div>\n                                    <\/article>\n                                <\/div>\n                            \n                                <div id=\"post-8557\" class=\"aux-col post-8557\">\n                                    <article class=\"post column-entry post-8557 event_listing type-event_listing status-expired has-post-thumbnail hentry\">\n                                        <div class=\"entry-media\">\n                                            <div class=\"aux-media-frame aux-media-image aux-image-mask\">\n                                                <img decoding=\"async\"\n                                                loading=\"lazy\"\n                                                src=\"https:\/\/meeteu.eu\/wp-content\/uploads\/2022\/09\/Walsh.png\"\n                                                class=\"aux-attachment aux-featured-image aux-attachment-id-8558 aux-preload aux-has-preview\"\n                                                alt=\"\"\n                                                data-src=\"https:\/\/meeteu.eu\/wp-content\/uploads\/2022\/09\/Walsh.png\"\n                                                \/>\n                                            <\/div>\n                                        <\/div>\n\n                                        <header class=\"entry-header\">\n                                            <h4 class=\"entry-title\">\n                                                Der Kampf der EU gegen LGBTQI+-Diskriminierung                                            <\/h4>\n                                        <\/header>\n\n                                        <div class=\"entry-main\">\n                                            <div class=\"entry-info\">\n                                                <div class=\"event-date\">\n                                                                                                            <i class=\"fas fa-calendar-alt\"><\/i>&nbsp;\n                                                    \n                                                                                                            <span>12 Mai 2021<\/span>\n                                                                                                        \n                                                    \n                                                                                                                                                        <\/div>\n\n                                                                                            <\/div>\n\n                                            <div class=\"entry-content\">\n                                                <p>\n<p>Am 12. Mai sprechen wir mit Maria Walsh (EVP), einem Mitglied der irischen LGBTQI+-Gemeinschaft, die 2019 ins Europ\u00e4ische Parlament gew\u00e4hlt wurde.<\/p>\n\n\n\n<p>Worum geht es bei unserem Gespr\u00e4ch? Die EU wurde auf den Grundwerten der Achtung der Menschenw\u00fcrde und der Menschenrechte, der Freiheit, der Demokratie, der Gleichheit und der Rechtsstaatlichkeit aufgebaut. Diese Werte sind es, die alle Mitgliedsstaaten vereinen. Leider werden viele EU-B\u00fcrger nicht gleich behandelt. Die EU-Mitgliedstaaten ignorieren die Rechtsstaatlichkeit und diskriminieren EU-B\u00fcrger, die Mitglieder der LGBTQI+-Gemeinschaft sind.<\/p>\n\n\n\n<p>Trotz des Drucks vieler Aktivisten und Abgeordneter des Europ\u00e4ischen Parlaments in diesem Bereich ist die EU immer noch unt\u00e4tig. Die Konferenz \u00fcber die Zukunft Europas (CoFoE) bietet den B\u00fcrgerinnen und B\u00fcrgern die M\u00f6glichkeit, ihre Bedenken hinsichtlich der Behandlung ihrer Mitb\u00fcrgerinnen und Mitb\u00fcrger in der EU aufgrund ihrer Identit\u00e4t zu \u00e4u\u00dfern. Wie kann die CoFoE den EU-B\u00fcrgern helfen, dies zu erreichen?<\/p>\n\n\n\n<p>Nehmen Sie an unserem Gespr\u00e4ch mit Maria am Mittwochnachmittag, 12. Mai, teil.<\/p>\n\n\n\n<p>Diese Veranstaltung findet statt am&nbsp;<a href=\"https:\/\/meeteu.eu\/de\/how-to-access-meeteu\/\">Webex.<\/a><\/p>\n\n\n\n<p><\/p>\n<\/p>\n                                                <div class=\"clear\"><\/div>\n                                            <\/div>\n\n                                                                                    <\/div>\n                                    <\/article>\n                                <\/div>\n                            \n                                <div id=\"post-8559\" class=\"aux-col post-8559\">\n                                    <article class=\"post column-entry post-8559 event_listing type-event_listing status-expired has-post-thumbnail hentry\">\n                                        <div class=\"entry-media\">\n                                            <div class=\"aux-media-frame aux-media-image aux-image-mask\">\n                                                <img decoding=\"async\"\n                                                loading=\"lazy\"\n                                                src=\"https:\/\/meeteu.eu\/wp-content\/uploads\/2022\/09\/English.jpg\"\n                                                class=\"aux-attachment aux-featured-image aux-attachment-id-8560 aux-preload aux-has-preview\"\n                                                alt=\"\"\n                                                data-src=\"https:\/\/meeteu.eu\/wp-content\/uploads\/2022\/09\/English.jpg\"\n                                                \/>\n                                            <\/div>\n                                        <\/div>\n\n                                        <header class=\"entry-header\">\n                                            <h4 class=\"entry-title\">\n                                                Aktiv f\u00fcr die Gleichstellung der Geschlechter! Was tut die EU, und ist das genug?                                            <\/h4>\n                                        <\/header>\n\n                                        <div class=\"entry-main\">\n                                            <div class=\"entry-info\">\n                                                <div class=\"event-date\">\n                                                                                                            <i class=\"fas fa-calendar-alt\"><\/i>&nbsp;\n                                                    \n                                                                                                            <span>4 Mai 2021<\/span>\n                                                                                                        \n                                                    \n                                                                                                                                                        <\/div>\n\n                                                                                            <\/div>\n\n                                            <div class=\"entry-content\">\n                                                <p>\n<p>\"Auf das Gef\u00fchl der v\u00f6lligen Gleichberechtigung in der Geschwisterreihe meiner Familie folgte nach der Geburt meines ersten Kindes ein kaltes Bad der Ern\u00fcchterung. Als junge erwachsene Frau beschloss ich, gegen Gewalt an Frauen zu k\u00e4mpfen und gr\u00fcndete mit anderen Frauen den Frauen- und M\u00e4dchennotruf in Rosenheim. Seit dieser Zeit denke ich: Wissen erh\u00f6ht den Schmerz. Aber wegschauen ist nicht mehr m\u00f6glich.\"<\/p>\n\n\n\n<p><em>- Maria Noichl, Europapolitikerin aus Rosenheim, geboren 1967, zwei S\u00f6hne, vier Enkelkinder, ausgebildete Fachlehrerin f\u00fcr Ern\u00e4hrung und Gestaltung.<\/em><\/p>\n\n\n\n<p>Die Corona-Krise hat die Ungleichheit zwischen den Geschlechtern deutlich gemacht, w\u00e4hrend gleichzeitig die heutige Generation mit dem Namen \"Generation Equal\" aufw\u00e4chst. Ein Widerspruch, denn viele Missst\u00e4nde gab es schon vor der Pandemie, wie etwa ungleiche Bezahlung f\u00fcr gleiche Arbeit und Benachteiligungen auf dem Arbeitsmarkt aufgrund der famili\u00e4ren Situation.<\/p>\n\n\n\n<p>\"Gleichstellung f\u00fcr alle und Gleichstellung in allen ihren Facetten\" ist eine der Leitlinien von Ursula von der Leyen. Passend dazu hat die Europ\u00e4ische Kommission eine Gleichstellungsstrategie 2020-2025 aufgestellt, die sich mit den aktuellen L\u00fccken befasst. Als zweites Programm dieser Art wird sie sich mit verschiedenen Herausforderungen, der steigenden Zahl von Femiziden und der wachsenden wirtschaftlichen Ungleichheit befassen m\u00fcssen.<\/p>\n\n\n\n<p>Welche Ma\u00dfnahmen werden von den EU-Institutionen ergriffen und reichen sie aus, um die bereits in den R\u00f6mischen Vertr\u00e4gen von 1957 festgelegte Gleichstellung der Geschlechter zu erreichen? Sprechen wir dar\u00fcber mit Maria Noichl, MdEP S&amp;D.<\/p>\n\n\n\n<p>Sprecher:<br>Maria Noichl (MEP S&amp;D)&nbsp;<\/p>\n<\/p>\n                                                <div class=\"clear\"><\/div>\n                                            <\/div>\n\n                                                                                    <\/div>\n                                    <\/article>\n                                <\/div>\n                            \n                                <div id=\"post-8561\" class=\"aux-col post-8561\">\n                                    <article class=\"post column-entry post-8561 event_listing type-event_listing status-expired has-post-thumbnail hentry\">\n                                        <div class=\"entry-media\">\n                                            <div class=\"aux-media-frame aux-media-image aux-image-mask\">\n                                                <img decoding=\"async\"\n                                                loading=\"lazy\"\n                                                src=\"https:\/\/meeteu.eu\/wp-content\/uploads\/2022\/09\/One-Year-MeetEU.jpg\"\n                                                class=\"aux-attachment aux-featured-image aux-attachment-id-8562 aux-preload aux-has-preview\"\n                                                alt=\"\"\n                                                data-src=\"https:\/\/meeteu.eu\/wp-content\/uploads\/2022\/09\/One-Year-MeetEU.jpg\"\n                                                \/>\n                                            <\/div>\n                                        <\/div>\n\n                                        <header class=\"entry-header\">\n                                            <h4 class=\"entry-title\">\n                                                Ein Jahr MeetEU - Was bringt die Zukunft?                                            <\/h4>\n                                        <\/header>\n\n                                        <div class=\"entry-main\">\n                                            <div class=\"entry-info\">\n                                                <div class=\"event-date\">\n                                                                                                            <i class=\"fas fa-calendar-alt\"><\/i>&nbsp;\n                                                    \n                                                                                                            <span>20. April 2021<\/span>\n                                                                                                        \n                                                    \n                                                                                                                                                        <\/div>\n\n                                                                                            <\/div>\n\n                                            <div class=\"entry-content\">\n                                                <p>\n<p>&#8220;<em>Liebe MeetEU-Freunde, vor einem Jahr haben wir dieses Projekt ins Leben gerufen und damals h\u00e4tten wir uns nie vorstellen k\u00f6nnen, dass wir so viele interessante Europ\u00e4er miteinander verbinden k\u00f6nnen. Es sind nicht nur unsere G\u00e4ste - ob Europaabgeordnete, Aktivisten, Wissenschaftler oder EU-Experten - sondern vor allem unsere Mitglieder, die dieses Projekt zu dem gemacht haben, was es heute ist.<\/em><\/p>\n\n\n\n<p><em>Das Team hinter MeetEU hat sich mit vielen Problemen auseinandergesetzt, nicht immer ist alles wie geplant gelaufen, aber r\u00fcckblickend war es eine gro\u00dfartige Zeit, in der&nbsp;<strong>Sie<\/strong>&nbsp;haben uns die Motivation gegeben, weiterzumachen.<\/em><\/p>\n\n\n\n<p><em>\"Weitermachen\" ist das Wort der Stunde, jedes Projekt ist endlich - auch MeetEU. Aber daran denken wir im Moment nicht, sondern wir m\u00fcssen jetzt alle unsere Erfahrungen nutzen, um im Rahmen der Konferenz \u00fcber die Zukunft Europas aktiv zu werden und all das Wissen, das wir aufgebaut haben, jetzt in die Tat umzusetzen.<\/em><\/p>\n\n\n\n<p><em>Lassen Sie uns diesen Schritt gemeinsam gehen, jeder von uns in den Bereichen, die ihm oder ihr besonders wichtig sind. Lasst uns \u00fcber Europa reden, lasst uns es vorantreiben! Es liegt an der EU!\"<\/em><\/p>\n\n\n\n<p>- Ihr MeetEU-Team<\/p>\n\n\n\n<p>In dieser Veranstaltung wollen wir \u00fcber die Vergangenheit sprechen und gleichzeitig an die Zukunft denken. Wir werden Ihnen den Mai vorstellen, der MeetEU viele neue M\u00f6glichkeiten bieten wird. Wir freuen uns auf Sie, bringen Sie Torten mit!<\/p>\n<\/p>\n                                                <div class=\"clear\"><\/div>\n                                            <\/div>\n\n                                                                                    <\/div>\n                                    <\/article>\n                                <\/div>\n                            \n                                <div id=\"post-8563\" class=\"aux-col post-8563\">\n                                    <article class=\"post column-entry post-8563 event_listing type-event_listing status-expired has-post-thumbnail hentry\">\n                                        <div class=\"entry-media\">\n                                            <div class=\"aux-media-frame aux-media-image aux-image-mask\">\n                                                <img decoding=\"async\"\n                                                loading=\"lazy\"\n                                                src=\"https:\/\/meeteu.eu\/wp-content\/uploads\/2022\/09\/EU-Migration-Policy-2.jpg\"\n                                                class=\"aux-attachment aux-featured-image aux-attachment-id-8564 aux-preload aux-has-preview\"\n                                                alt=\"\"\n                                                data-src=\"https:\/\/meeteu.eu\/wp-content\/uploads\/2022\/09\/EU-Migration-Policy-2.jpg\"\n                                                \/>\n                                            <\/div>\n                                        <\/div>\n\n                                        <header class=\"entry-header\">\n                                            <h4 class=\"entry-title\">\n                                                EU-Migrationspolitik - Europ\u00e4isches (politisches) Familiendrama\u00a0                                            <\/h4>\n                                        <\/header>\n\n                                        <div class=\"entry-main\">\n                                            <div class=\"entry-info\">\n                                                <div class=\"event-date\">\n                                                                                                            <i class=\"fas fa-calendar-alt\"><\/i>&nbsp;\n                                                    \n                                                                                                            <span>15. April 2021<\/span>\n                                                                                                        \n                                                    \n                                                                                                                                                        <\/div>\n\n                                                                                            <\/div>\n\n                                            <div class=\"entry-content\">\n                                                <p>\n<p>Migration weckt gro\u00dfe Hoffnungen und tiefe \u00c4ngste: Hoffnungen f\u00fcr die Migranten selbst, f\u00fcr die Migration oft das Versprechen einer besseren Zukunft verk\u00f6rpert (Haas, S.1, 2019). Gleichzeitig st\u00f6\u00dft die Migration in mehreren europ\u00e4ischen Mitgliedstaaten auf Unklarheit, und in den letzten Jahren haben die migrationsfeindlichen Ansichten unter den europ\u00e4ischen B\u00fcrgern zugenommen.<\/p>\n\n\n\n<p>Seit 2015 hat die Europ\u00e4ische Union mehrere Ma\u00dfnahmen ergriffen, um die Migrationsstr\u00f6me besser zu kontrollieren (Europ\u00e4ischer Rat, 2021). Europa gestaltet seine EU-Migrationspolitik mit Abkommen wie dem EU-T\u00fcrkei-Migrationsdeal neu, baut die Grenzschutzagentur Frontex aus und versucht, Migranten gleichm\u00e4\u00dfig auf seine Mitgliedstaaten zu verteilen.<\/p>\n\n\n\n<p>Was ist die EU-Migrationspolitik, welche Vereinbarungen hat die EU getroffen und funktioniert sie? In dieser ersten Sitzung auf MeetEU werden wir die aktuelle Politik und aktuelle Ereignisse diskutieren und die verschiedenen Arten der Migration erkl\u00e4ren. In unserer zweiten Sitzung werden wir versuchen, einen Europaabgeordneten einzuladen und L\u00f6sungen f\u00fcr eine bessere Migrationspolitik zu finden.<\/p>\n<\/p>\n                                                <div class=\"clear\"><\/div>\n                                            <\/div>\n\n                                                                                    <\/div>\n                                    <\/article>\n                                <\/div>\n                            \n                                <div id=\"post-8565\" class=\"aux-col post-8565\">\n                                    <article class=\"post column-entry post-8565 event_listing type-event_listing status-expired has-post-thumbnail hentry\">\n                                        <div class=\"entry-media\">\n                                            <div class=\"aux-media-frame aux-media-image aux-image-mask\">\n                                                <img decoding=\"async\"\n                                                loading=\"lazy\"\n                                                src=\"https:\/\/meeteu.eu\/wp-content\/uploads\/2022\/09\/Climate-Education-2.jpg\"\n                                                class=\"aux-attachment aux-featured-image aux-attachment-id-8566 aux-preload aux-has-preview\"\n                                                alt=\"\"\n                                                data-src=\"https:\/\/meeteu.eu\/wp-content\/uploads\/2022\/09\/Climate-Education-2.jpg\"\n                                                \/>\n                                            <\/div>\n                                        <\/div>\n\n                                        <header class=\"entry-header\">\n                                            <h4 class=\"entry-title\">\n                                                FFF-Klimabildungsteam                                            <\/h4>\n                                        <\/header>\n\n                                        <div class=\"entry-main\">\n                                            <div class=\"entry-info\">\n                                                <div class=\"event-date\">\n                                                                                                            <i class=\"fas fa-calendar-alt\"><\/i>&nbsp;\n                                                    \n                                                                                                            <span>8. April 2021<\/span>\n                                                                                                        \n                                                    \n                                                                                                                                                        <\/div>\n\n                                                                                            <\/div>\n\n                                            <div class=\"entry-content\">\n                                                <p>\n<p>Verstehen die Sch\u00fcler die Klimakrise in ihrer ganzen Tragweite und Komplexit\u00e4t? Die Antwort ist nein.<br>Im Rahmen unseres Austauschs werden wir uns mit den Instrumenten zur Entwicklung eines durchdachten Konzepts zur Bek\u00e4mpfung der Klimakrise befassen.<br>Klimabildung ist seit Jahren ein untersch\u00e4tztes Thema - wir sind hier, um das ein f\u00fcr alle Mal zu \u00e4ndern. Nehmen Sie an unserer Pr\u00e4sentation teil und erfahren Sie mehr \u00fcber unsere Forderungen und den Druck, den wir auf die europ\u00e4ischen Regierungen aus\u00fcben wollen.<br>Das l\u00e4sst man sich nicht einfach entgehen!<\/p>\n\n\n\n<p>Wer wir sind:<br><a href=\"https:\/\/fffclimateedu.com\/\" rel=\"noopener\">Das Team f\u00fcr Klimabildung<\/a>&nbsp;ist eine Gruppe von 80 jungen Aktivisten aus 35 europ\u00e4ischen L\u00e4ndern. Wir sind Teil der Fridays for Future-Bewegung. Das Ziel unseres Projekts ist es, umfassende Klimabildung in jeder Bildungseinrichtung in Europa einzuf\u00fchren. Unsere Vision von Klimabildung ist ein umfassender Lehrplan, der auf Nachhaltigkeit beruht und die Verbindung der Menschheit zur Natur f\u00f6rdert. Es soll ein ganzheitliches Verst\u00e4ndnis der aktuellen Klima- und Biodiversit\u00e4tskrise und der ihr zugrunde liegenden Ursachen und Folgen vermitteln, die Entwicklung nachhaltiger Innovationen und L\u00f6sungen erleichtern und die Sch\u00fcler dazu bef\u00e4higen, sich aktiv an der Schaffung einer gerechten, nachhaltigen Gesellschaft zu beteiligen.<\/p>\n\n\n\n<p>In Zusammenarbeit mit Wissenschaftlern haben wir sechs Hauptforderungen zur Klimabildung formuliert, die sich an die Regierungen der europ\u00e4ischen L\u00e4nder richten. W\u00e4hrend unserer Pr\u00e4sentation werden wir unsere langfristigen Pl\u00e4ne und Visionen zur Klimabildung vorstellen.<\/p>\n<\/p>\n                                                <div class=\"clear\"><\/div>\n                                            <\/div>\n\n                                                                                    <\/div>\n                                    <\/article>\n                                <\/div>\n                            \n                                <div id=\"post-8567\" class=\"aux-col post-8567\">\n                                    <article class=\"post column-entry post-8567 event_listing type-event_listing status-expired has-post-thumbnail hentry\">\n                                        <div class=\"entry-media\">\n                                            <div class=\"aux-media-frame aux-media-image aux-image-mask\">\n                                                <img decoding=\"async\"\n                                                loading=\"lazy\"\n                                                src=\"https:\/\/meeteu.eu\/wp-content\/uploads\/2022\/09\/ERASMUS-sdfdsfgsdg.jpg\"\n                                                class=\"aux-attachment aux-featured-image aux-attachment-id-8568 aux-preload aux-has-preview\"\n                                                alt=\"\"\n                                                data-src=\"https:\/\/meeteu.eu\/wp-content\/uploads\/2022\/09\/ERASMUS-sdfdsfgsdg.jpg\"\n                                                \/>\n                                            <\/div>\n                                        <\/div>\n\n                                        <header class=\"entry-header\">\n                                            <h4 class=\"entry-title\">\n                                                ERASMUS - Wie sind die Aussichten f\u00fcr den Studentenaustausch zwischen dem Vereinigten K\u00f6nigreich und der EU?                                            <\/h4>\n                                        <\/header>\n\n                                        <div class=\"entry-main\">\n                                            <div class=\"entry-info\">\n                                                <div class=\"event-date\">\n                                                                                                            <i class=\"fas fa-calendar-alt\"><\/i>&nbsp;\n                                                    \n                                                                                                            <span>6. April 2021<\/span>\n                                                                                                        \n                                                    \n                                                                                                                                                        <\/div>\n\n                                                                                            <\/div>\n\n                                            <div class=\"entry-content\">\n                                                <p>\n<p>Zu Beginn dieses Jahres hat das Vereinigte K\u00f6nigreich nicht nur die Europ\u00e4ische Union verlassen, sondern sich auch aus dem Programm Erasmus+ zur\u00fcckgezogen. Das Vereinigte K\u00f6nigreich verlie\u00df Erasmus nach 33 Jahren und Hunderttausenden von Teilnehmern. Stattdessen hat das Vereinigte K\u00f6nigreich das Turing-Programm eingef\u00fchrt, das von vielen nicht als angemessener Ersatz angesehen wird. Gemeinsam mit dem Erasmus Student Network wollen wir \u00fcber die Zukunftsaussichten des Studentenaustauschs zwischen dem Vereinigten K\u00f6nigreich und Europa sprechen.<\/p>\n\n\n\n<p>Unsere G\u00e4ste:<\/p>\n\n\n\n<ul class=\"wp-block-list\"><li>Kostis Giannidis, Vorsitzender des Erasmus-Studentennetzwerks;<\/li><li>Jacob Duane, Pr\u00e4sident, ESN UK;<\/li><li>Natalia Flis, Bildungsbeauftragte, ESN UK<\/li><\/ul>\n\n\n\n<p><strong>Diese Veranstaltung findet statt am&nbsp;<a href=\"https:\/\/meeteu.eu\/de\/how-to-access-meeteu\/\">WebEx<\/a>. Bitte registrieren Sie sich im Voraus, bevor Sie teilnehmen&nbsp;<\/strong><\/p>\n<\/p>\n                                                <div class=\"clear\"><\/div>\n                                            <\/div>\n\n                                                                                    <\/div>\n                                    <\/article>\n                                <\/div>\n                            \n                                <div id=\"post-8569\" class=\"aux-col post-8569\">\n                                    <article class=\"post column-entry post-8569 event_listing type-event_listing status-expired has-post-thumbnail hentry\">\n                                        <div class=\"entry-media\">\n                                            <div class=\"aux-media-frame aux-media-image aux-image-mask\">\n                                                <img decoding=\"async\"\n                                                loading=\"lazy\"\n                                                src=\"https:\/\/meeteu.eu\/wp-content\/uploads\/2022\/09\/Bulgarien-Wahlen.jpg\"\n                                                class=\"aux-attachment aux-featured-image aux-attachment-id-8570 aux-preload aux-has-preview\"\n                                                alt=\"\"\n                                                data-src=\"https:\/\/meeteu.eu\/wp-content\/uploads\/2022\/09\/Bulgarien-Wahlen.jpg\"\n                                                \/>\n                                            <\/div>\n                                        <\/div>\n\n                                        <header class=\"entry-header\">\n                                            <h4 class=\"entry-title\">\n                                                Bulgarische Parlamentswahlen - Wer ist wer?                                            <\/h4>\n                                        <\/header>\n\n                                        <div class=\"entry-main\">\n                                            <div class=\"entry-info\">\n                                                <div class=\"event-date\">\n                                                                                                            <i class=\"fas fa-calendar-alt\"><\/i>&nbsp;\n                                                    \n                                                                                                            <span>30. M\u00e4rz 2021<\/span>\n                                                                                                        \n                                                    \n                                                                                                                                                        <\/div>\n\n                                                                                            <\/div>\n\n                                            <div class=\"entry-content\">\n                                                <p>\n<p>Am 4. April finden die bulgarischen Parlamentswahlen statt. Zuvor werfen wir einen Blick auf das Wahlsystem, die nationalen Parteien und darauf, was f\u00fcr Europa auf dem Spiel steht.<\/p>\n<\/p>\n                                                <div class=\"clear\"><\/div>\n                                            <\/div>\n\n                                                                                    <\/div>\n                                    <\/article>\n                                <\/div>\n                            \n                                <div id=\"post-8571\" class=\"aux-col post-8571\">\n                                    <article class=\"post column-entry post-8571 event_listing type-event_listing status-expired has-post-thumbnail hentry\">\n                                        <div class=\"entry-media\">\n                                            <div class=\"aux-media-frame aux-media-image aux-image-mask\">\n                                                <img decoding=\"async\"\n                                                loading=\"lazy\"\n                                                src=\"https:\/\/meeteu.eu\/wp-content\/uploads\/2022\/09\/MEP-Assistant.jpg\"\n                                                class=\"aux-attachment aux-featured-image aux-attachment-id-8572 aux-preload aux-has-preview\"\n                                                alt=\"\"\n                                                data-src=\"https:\/\/meeteu.eu\/wp-content\/uploads\/2022\/09\/MEP-Assistant.jpg\"\n                                                \/>\n                                            <\/div>\n                                        <\/div>\n\n                                        <header class=\"entry-header\">\n                                            <h4 class=\"entry-title\">\n                                                Die Euroblase auf Twitch? Ein MdEP-Assistent stellt sein Projekt vor                                            <\/h4>\n                                        <\/header>\n\n                                        <div class=\"entry-main\">\n                                            <div class=\"entry-info\">\n                                                <div class=\"event-date\">\n                                                                                                            <i class=\"fas fa-calendar-alt\"><\/i>&nbsp;\n                                                    \n                                                                                                            <span>25. M\u00e4rz 2021<\/span>\n                                                                                                        \n                                                    \n                                                                                                                                                        <\/div>\n\n                                                                                            <\/div>\n\n                                            <div class=\"entry-content\">\n                                                <p>\n<p>Urspr\u00fcnglich geschaffen, um sich \u00fcber das Leben eines parlamentarischen Assistenten lustig zu machen, wurde Mepassistant zu einer der wichtigsten satirischen (aber nicht nur) Figuren der Eurobubble-Twittosph\u00e4re.<\/p>\n\n\n\n<p>Nach seinem Ausscheiden aus dem Europ\u00e4ischen Parlament hat er k\u00fcrzlich den allerersten Eurobubble-Kanal auf der beliebten Live-Streaming-Plattform Twitch gestartet. Dieser Kanal zielt darauf ab, der Europ\u00e4ischen Union durch Interviews und andere Veranstaltungen ein Gesicht zu geben, etwas \u00fcber sie zu erfahren und einen positiven Kontakt und eine Interaktion zwischen EU-Experten und EU-B\u00fcrgern herzustellen.<\/p>\n\n\n\n<p>Wie ist er auf das Projekt gekommen? Warum Twitch? Wie funktioniert die Organisation im Hintergrund und was ist seine Motivation?<\/p>\n\n\n\n<p>Lassen Sie uns mit ihm dar\u00fcber sprechen, wie er sein Projekt realisiert hat und welche Herausforderungen er zu bew\u00e4ltigen hatte. Er wird Ihre Fragen beantworten und Ihre Ideen nutzen!<\/p>\n\n\n\n<p>Sprecher:<br><a href=\"https:\/\/www.twitch.tv\/mepassistant\" rel=\"noopener\">MEPAs Assistent<\/a><\/p>\n\n\n\n<p><strong>Diese Veranstaltung findet statt am&nbsp;<a href=\"https:\/\/meeteu.eu\/de\/how-to-access-meeteu\/\">Uneinigkeit.<\/a><\/strong><\/p>\n<\/p>\n                                                <div class=\"clear\"><\/div>\n                                            <\/div>\n\n                                                                                    <\/div>\n                                    <\/article>\n                                <\/div>\n                            \n                                <div id=\"post-8573\" class=\"aux-col post-8573\">\n                                    <article class=\"post column-entry post-8573 event_listing type-event_listing status-expired has-post-thumbnail hentry\">\n                                        <div class=\"entry-media\">\n                                            <div class=\"aux-media-frame aux-media-image aux-image-mask\">\n                                                <img decoding=\"async\"\n                                                loading=\"lazy\"\n                                                src=\"https:\/\/meeteu.eu\/wp-content\/uploads\/2022\/09\/EU-Elections-Do-they-Lack-Focus-on-Europe.jpg\"\n                                                class=\"aux-attachment aux-featured-image aux-attachment-id-8574 aux-preload aux-has-preview\"\n                                                alt=\"\"\n                                                data-src=\"https:\/\/meeteu.eu\/wp-content\/uploads\/2022\/09\/EU-Elections-Do-they-Lack-Focus-on-Europe.jpg\"\n                                                \/>\n                                            <\/div>\n                                        <\/div>\n\n                                        <header class=\"entry-header\">\n                                            <h4 class=\"entry-title\">\n                                                EU-Wahl - Fehlt ihnen der Fokus Europa (2\/2)                                            <\/h4>\n                                        <\/header>\n\n                                        <div class=\"entry-main\">\n                                            <div class=\"entry-info\">\n                                                <div class=\"event-date\">\n                                                                                                            <i class=\"fas fa-calendar-alt\"><\/i>&nbsp;\n                                                    \n                                                                                                            <span>23 M\u00e4rz 2021<\/span>\n                                                                                                        \n                                                    \n                                                                                                                                                        <\/div>\n\n                                                                                            <\/div>\n\n                                            <div class=\"entry-content\">\n                                                <p>\n<p>Vor drei Wochen haben wir gemeinsam das Verfahren zur Auswahl der Personen untersucht, die Europas Zukunft gestalten sollen. Dabei haben wir einige Schwachstellen in diesem Verfahren festgestellt. Dieses Mal werden wir uns einige Ideen ansehen, wie wir das Verfahren verbessern und besser auf europ\u00e4ische Themen ausrichten k\u00f6nnen.<\/p>\n\n\n\n<p>Bringen Sie auf jeden Fall Ihre Ideen mit und machen Sie mit!&nbsp;<\/p>\n\n\n\n<p>Sprecher:<br>Klaus von Pulse of Europe<\/p>\n<\/p>\n                                                <div class=\"clear\"><\/div>\n                                            <\/div>\n\n                                                                                    <\/div>\n                                    <\/article>\n                                <\/div>\n                            \n                                <div id=\"post-8575\" class=\"aux-col post-8575\">\n                                    <article class=\"post column-entry post-8575 event_listing type-event_listing status-expired has-post-thumbnail hentry\">\n                                        <div class=\"entry-media\">\n                                            <div class=\"aux-media-frame aux-media-image aux-image-mask\">\n                                                <img decoding=\"async\"\n                                                loading=\"lazy\"\n                                                src=\"https:\/\/meeteu.eu\/wp-content\/uploads\/2022\/09\/Climate-Lets-Act-Now-ENG.jpg\"\n                                                class=\"aux-attachment aux-featured-image aux-attachment-id-8576 aux-preload aux-has-preview\"\n                                                alt=\"\"\n                                                data-src=\"https:\/\/meeteu.eu\/wp-content\/uploads\/2022\/09\/Climate-Lets-Act-Now-ENG.jpg\"\n                                                \/>\n                                            <\/div>\n                                        <\/div>\n\n                                        <header class=\"entry-header\">\n                                            <h4 class=\"entry-title\">\n                                                EU f\u00fcr das Klima - Handeln wir jetzt!                                            <\/h4>\n                                        <\/header>\n\n                                        <div class=\"entry-main\">\n                                            <div class=\"entry-info\">\n                                                <div class=\"event-date\">\n                                                                                                            <i class=\"fas fa-calendar-alt\"><\/i>&nbsp;\n                                                    \n                                                                                                            <span>16. M\u00e4rz 2021<\/span>\n                                                                                                        \n                                                    \n                                                                                                                                                        <\/div>\n\n                                                                                            <\/div>\n\n                                            <div class=\"entry-content\">\n                                                <p>\n<p><em>Eine Veranstaltung in Zusammenarbeit mit&nbsp;<a href=\"https:\/\/fridaysforfuture.org\/\" rel=\"noopener\">Freitags f\u00fcr die Zukunft<\/a>&nbsp;und&nbsp;<a href=\"https:\/\/youthforclimate.fr\/\" rel=\"noopener\">Jugend f\u00fcr Klima<\/a><\/em>.&nbsp;&nbsp;<\/p>\n\n\n\n<p>Am 19. M\u00e4rz werden Menschen auf der ganzen Welt auf die Stra\u00dfe gehen, um einmal mehr darauf aufmerksam zu machen, wie wichtig es ist, sich einer Regierungspolitik entgegenzustellen, die den Grenzwert von 1,5 selbst w\u00e4hrend der Pandemie nicht als absolutes Muss ansieht. Allein in der EU sind mehr als 130 Kundgebungen in verschiedenen St\u00e4dten geplant.<\/p>\n\n\n\n<p>Was fordern sie von der europ\u00e4ischen Politik, was sind ihre \u00c4ngste und Hoffnungen? Warum ist die Forderung nach \"Klimagerechtigkeit\" so wichtig, und was beinhaltet sie? Und was k\u00f6nnen wir pers\u00f6nlich gegen den Klimawandel tun?<\/p>\n\n\n\n<p>Lassen Sie uns ins Gespr\u00e4ch kommen, gemeinsam mit Klimaaktivisten aus verschiedenen europ\u00e4ischen L\u00e4ndern werden wir \u00fcber die aktuellen Herausforderungen f\u00fcr Gesellschaft und Politik sprechen.<\/p>\n<\/p>\n                                                <div class=\"clear\"><\/div>\n                                            <\/div>\n\n                                                                                    <\/div>\n                                    <\/article>\n                                <\/div>\n                            \n                                <div id=\"post-8578\" class=\"aux-col post-8578\">\n                                    <article class=\"post column-entry post-8578 event_listing type-event_listing status-expired has-post-thumbnail hentry\">\n                                        <div class=\"entry-media\">\n                                            <div class=\"aux-media-frame aux-media-image aux-image-mask\">\n                                                <img decoding=\"async\"\n                                                loading=\"lazy\"\n                                                src=\"https:\/\/meeteu.eu\/wp-content\/uploads\/2022\/09\/Portugal-2.jpg\"\n                                                class=\"aux-attachment aux-featured-image aux-attachment-id-8579 aux-preload aux-has-preview\"\n                                                alt=\"\"\n                                                data-src=\"https:\/\/meeteu.eu\/wp-content\/uploads\/2022\/09\/Portugal-2.jpg\"\n                                                \/>\n                                            <\/div>\n                                        <\/div>\n\n                                        <header class=\"entry-header\">\n                                            <h4 class=\"entry-title\">\n                                                Portugiesische Pr\u00e4sidentschaft: Was sind die wichtigsten Priorit\u00e4ten?                                            <\/h4>\n                                        <\/header>\n\n                                        <div class=\"entry-main\">\n                                            <div class=\"entry-info\">\n                                                <div class=\"event-date\">\n                                                                                                            <i class=\"fas fa-calendar-alt\"><\/i>&nbsp;\n                                                    \n                                                                                                            <span>9. M\u00e4rz 2021<\/span>\n                                                                                                        \n                                                    \n                                                                                                                                                        <\/div>\n\n                                                                                            <\/div>\n\n                                            <div class=\"entry-content\">\n                                                <p>\n<p>Sprecher:<br>Pedro Valente da Silva, Leiter des Verbindungsb\u00fcros des Europ\u00e4ischen Parlaments in Portugal<\/p>\n\n\n\n<p>Unter der portugiesischen Ratspr\u00e4sidentschaft sollte sich die EU auf drei Priorit\u00e4ten konzentrieren: die F\u00f6rderung eines Aufschwungs, der \"durch den gr\u00fcnen und digitalen Wandel gest\u00e4rkt wird\", die Umsetzung der \"sozialen S\u00e4ule als Schl\u00fcsselelement zur Gew\u00e4hrleistung eines fairen und integrativen gr\u00fcnen und digitalen Wandels\" und die \"St\u00e4rkung der strategischen Autonomie eines weltoffenen Europas\".<\/p>\n\n\n\n<p>Wie k\u00f6nnen diese Ziele erreicht werden, insbesondere diejenigen, die sich auf den sozialen Pfeiler beziehen?<\/p>\n\n\n\n<p>Sprechen wir dar\u00fcber mit Pedro Valente da Silva, dem Leiter des Verbindungsb\u00fcros des Europ\u00e4ischen Parlaments in Portugal.<\/p>\n\n\n\n<p>Diese Veranstaltung findet statt am&nbsp;<a href=\"https:\/\/meeteu.eu\/de\/how-to-access-meeteu\/\">Webex.<\/a><\/p>\n<\/p>\n                                                <div class=\"clear\"><\/div>\n                                            <\/div>\n\n                                                                                    <\/div>\n                                    <\/article>\n                                <\/div>\n                            \n                                <div id=\"post-8580\" class=\"aux-col post-8580\">\n                                    <article class=\"post column-entry post-8580 event_listing type-event_listing status-expired has-post-thumbnail hentry\">\n                                        <div class=\"entry-media\">\n                                            <div class=\"aux-media-frame aux-media-image aux-image-mask\">\n                                                <img decoding=\"async\"\n                                                loading=\"lazy\"\n                                                src=\"https:\/\/meeteu.eu\/wp-content\/uploads\/2022\/09\/EU-Elections-Do-they-Lack-Focus-on-Europe-1.jpg\"\n                                                class=\"aux-attachment aux-featured-image aux-attachment-id-8581 aux-preload aux-has-preview\"\n                                                alt=\"\"\n                                                data-src=\"https:\/\/meeteu.eu\/wp-content\/uploads\/2022\/09\/EU-Elections-Do-they-Lack-Focus-on-Europe-1.jpg\"\n                                                \/>\n                                            <\/div>\n                                        <\/div>\n\n                                        <header class=\"entry-header\">\n                                            <h4 class=\"entry-title\">\n                                                EU-Wahlen: \ufffcMangelt es an Europa? (1\/2)                                            <\/h4>\n                                        <\/header>\n\n                                        <div class=\"entry-main\">\n                                            <div class=\"entry-info\">\n                                                <div class=\"event-date\">\n                                                                                                            <i class=\"fas fa-calendar-alt\"><\/i>&nbsp;\n                                                    \n                                                                                                            <span>2. M\u00e4rz 2021<\/span>\n                                                                                                        \n                                                    \n                                                                                                                                                        <\/div>\n\n                                                                                            <\/div>\n\n                                            <div class=\"entry-content\">\n                                                <p>\n<p>Gemeinsam werden wir das Verfahren zur Auswahl der Personen, die die Zukunft Europas gestalten sollen, unter die Lupe nehmen und \u00fcber eine Verbesserung des Verfahrens diskutieren. Bringen Sie Ihre Ideen mit und seien Sie dabei!&nbsp;<\/p>\n\n\n\n<p>Sprecher:<br>Klaus von Pulse of Europe<\/p>\n\n\n\n<p><strong>Diese Veranstaltung fand auf Discord statt.&nbsp;<\/strong><\/p>\n<\/p>\n                                                <div class=\"clear\"><\/div>\n                                            <\/div>\n\n                                                                                    <\/div>\n                                    <\/article>\n                                <\/div>\n                            \n                                <div id=\"post-8582\" class=\"aux-col post-8582\">\n                                    <article class=\"post column-entry post-8582 event_listing type-event_listing status-expired has-post-thumbnail hentry\">\n                                        <div class=\"entry-media\">\n                                            <div class=\"aux-media-frame aux-media-image aux-image-mask\">\n                                                <img decoding=\"async\"\n                                                loading=\"lazy\"\n                                                src=\"https:\/\/meeteu.eu\/wp-content\/uploads\/2022\/09\/Corruption-causes-effects-methods-to-prevent.jpg\"\n                                                class=\"aux-attachment aux-featured-image aux-attachment-id-8583 aux-preload aux-has-preview\"\n                                                alt=\"\"\n                                                data-src=\"https:\/\/meeteu.eu\/wp-content\/uploads\/2022\/09\/Corruption-causes-effects-methods-to-prevent.jpg\"\n                                                \/>\n                                            <\/div>\n                                        <\/div>\n\n                                        <header class=\"entry-header\">\n                                            <h4 class=\"entry-title\">\n                                                Korruption - Ursachen, Auswirkungen, Methoden zur Verhinderung                                            <\/h4>\n                                        <\/header>\n\n                                        <div class=\"entry-main\">\n                                            <div class=\"entry-info\">\n                                                <div class=\"event-date\">\n                                                                                                            <i class=\"fas fa-calendar-alt\"><\/i>&nbsp;\n                                                    \n                                                                                                            <span>23. Februar 2021<\/span>\n                                                                                                        \n                                                    \n                                                                                                                                                        <\/div>\n\n                                                                                            <\/div>\n\n                                            <div class=\"entry-content\">\n                                                <p>\n<p>Korruption ist ein komplexes Ph\u00e4nomen. Sie kommt in allen Gesellschaften vor, unabh\u00e4ngig vom politischen System, der Region oder der Religion. Die gro\u00dfe Mehrheit der Menschen verabscheut Korruption. Wie kann es dann sein, dass sie so widerstandsf\u00e4hig ist? Der Vortrag er\u00f6rtert einige Aspekte der zahlreichen Ursachen von Korruption, ihre Auswirkungen und Methoden zur Bek\u00e4mpfung.<\/p>\n\n\n\n<p>Sprecher:<br>Dr. Michael Heisel, Transparency International<\/p>\n\n\n\n<p><strong>Diese Veranstaltung findet auf Zoom statt.<\/strong><\/p>\n<\/p>\n                                                <div class=\"clear\"><\/div>\n                                            <\/div>\n\n                                                                                    <\/div>\n                                    <\/article>\n                                <\/div>\n                            \n                                <div id=\"post-8584\" class=\"aux-col post-8584\">\n                                    <article class=\"post column-entry post-8584 event_listing type-event_listing status-expired has-post-thumbnail hentry\">\n                                        <div class=\"entry-media\">\n                                            <div class=\"aux-media-frame aux-media-image aux-image-mask\">\n                                                <img decoding=\"async\"\n                                                loading=\"lazy\"\n                                                src=\"https:\/\/meeteu.eu\/wp-content\/uploads\/2022\/09\/U.-Franke-9.2.21-Visual-ENG.jpg\"\n                                                class=\"aux-attachment aux-featured-image aux-attachment-id-8585 aux-preload aux-has-preview\"\n                                                alt=\"\"\n                                                data-src=\"https:\/\/meeteu.eu\/wp-content\/uploads\/2022\/09\/U.-Franke-9.2.21-Visual-ENG.jpg\"\n                                                \/>\n                                            <\/div>\n                                        <\/div>\n\n                                        <header class=\"entry-header\">\n                                            <h4 class=\"entry-title\">\n                                                Verteidigungs- und Sicherheitskooperation zwischen dem Vereinigten K\u00f6nigreich und der EU nach dem BREXIT                                            <\/h4>\n                                        <\/header>\n\n                                        <div class=\"entry-main\">\n                                            <div class=\"entry-info\">\n                                                <div class=\"event-date\">\n                                                                                                            <i class=\"fas fa-calendar-alt\"><\/i>&nbsp;\n                                                    \n                                                                                                            <span>9. Februar 2021<\/span>\n                                                                                                        \n                                                    \n                                                                                                                                                        <\/div>\n\n                                                                                            <\/div>\n\n                                            <div class=\"entry-content\">\n                                                <p>\n<p>Sprecher: Dr. Ulrike Franke,\u00a0<a href=\"https:\/\/ecfr.eu\/\" rel=\"noopener\">Europ\u00e4ischer Rat f\u00fcr Ausw\u00e4rtige Beziehungen<\/a><\/p>\n\n\n\n<p>Der Brexit hat stattgefunden, aber wenn es um Fragen der strategischen Sicherheit und Verteidigung geht, m\u00fcssen die EU und das Vereinigte K\u00f6nigreich weiterhin zusammenarbeiten. Das Vereinigte K\u00f6nigreich bleibt in der NATO und teilt weiterhin viele strategische Interessen mit der EU und ihren Mitgliedstaaten.<\/p>\n\n\n\n<p>Was hat sich mit dem Brexit eigentlich ge\u00e4ndert? Die EU hat Fortschritte gemacht und mehrere Projekte der Verteidigungszusammenarbeit ins Leben gerufen, von PESCO (der st\u00e4ndigen strukturierten Zusammenarbeit) bis hin zum Europ\u00e4ischen Verteidigungsfonds EEF. Teilweise wurde dies durch den Austritt des Vereinigten K\u00f6nigreichs erm\u00f6glicht, da das Vereinigte K\u00f6nigreich einer umfassenderen europ\u00e4ischen Verteidigungszusammenarbeit kritisch gegen\u00fcberstand.<\/p>\n\n\n\n<p>Wie wird die k\u00fcnftige Zusammenarbeit zwischen dem Vereinigten K\u00f6nigreich und der EU im Verteidigungsbereich aussehen? Ist das Vereinigte K\u00f6nigreich daran interessiert, sich an EU-Projekten wie PESCO und EDF zu beteiligen, oder wird es eher eine Zusammenarbeit mit einzelnen EU-Mitgliedstaaten anstreben? Welche wirtschaftlichen Interessen stehen hinter einer engen Zusammenarbeit und gibt es eine Alternative?<\/p>\n\n\n\n<p>Seit der Pr\u00e4sidentschaft von Donald Trump in den USA haben die EU-L\u00e4nder erkannt, dass sie sich unabh\u00e4ngiger auf die Herausforderungen einer sich ver\u00e4ndernden Welt vorbereiten m\u00fcssen. Wird sich das Vereinigte K\u00f6nigreich trotz des Brexit bem\u00fchen, sich in dieser sich schnell ver\u00e4ndernden Welt sicherheitspolitisch mit der EU zu positionieren? Lassen Sie uns dar\u00fcber mit Dr. Ulrike Franke sprechen.<\/p>\n\n\n\n<p><strong>Diese Veranstaltung findet auf Discord statt,<\/strong>&nbsp;F\u00fcr weitere Informationen \u00fcber die Teilnahme klicken Sie bitte auf&nbsp;<a href=\"https:\/\/meeteu.eu\/de\/how-to-access-meeteu\/\">hier<\/a>.<\/p>\n<\/p>\n                                                <div class=\"clear\"><\/div>\n                                            <\/div>\n\n                                                                                    <\/div>\n                                    <\/article>\n                                <\/div>\n                            \n                                <div id=\"post-8586\" class=\"aux-col post-8586\">\n                                    <article class=\"post column-entry post-8586 event_listing type-event_listing status-expired has-post-thumbnail hentry\">\n                                        <div class=\"entry-media\">\n                                            <div class=\"aux-media-frame aux-media-image aux-image-mask\">\n                                                <img decoding=\"async\"\n                                                loading=\"lazy\"\n                                                src=\"https:\/\/meeteu.eu\/wp-content\/uploads\/2022\/09\/M.-Gahler-2.2.21-Visual-ENG.jpg\"\n                                                class=\"aux-attachment aux-featured-image aux-attachment-id-8587 aux-preload aux-has-preview\"\n                                                alt=\"\"\n                                                data-src=\"https:\/\/meeteu.eu\/wp-content\/uploads\/2022\/09\/M.-Gahler-2.2.21-Visual-ENG.jpg\"\n                                                \/>\n                                            <\/div>\n                                        <\/div>\n\n                                        <header class=\"entry-header\">\n                                            <h4 class=\"entry-title\">\n                                                Die deutsche Ratspr\u00e4sidentschaft - enorme Herausforderungen, historische L\u00f6sungen?                                            <\/h4>\n                                        <\/header>\n\n                                        <div class=\"entry-main\">\n                                            <div class=\"entry-info\">\n                                                <div class=\"event-date\">\n                                                                                                            <i class=\"fas fa-calendar-alt\"><\/i>&nbsp;\n                                                    \n                                                                                                            <span>2. Februar 2021<\/span>\n                                                                                                        \n                                                    \n                                                                                                                                                        <\/div>\n\n                                                                                            <\/div>\n\n                                            <div class=\"entry-content\">\n                                                <p>\n<p>-Michael Gahler (Mitglied des Europ\u00e4ischen Parlaments, EVP-Fraktion)<\/p>\n\n\n\n<p>Im Juli 2020 begr\u00fc\u00dften wir Thilo vom Verbindungsb\u00fcro des Europ\u00e4ischen Parlaments in Berlin, der uns \u00fcber die Ziele und Herausforderungen der n\u00e4chsten sechs Monate der deutschen Ratspr\u00e4sidentschaft berichtete. Jetzt, sieben Monate sp\u00e4ter, m\u00f6chten wir auf die Fortschritte w\u00e4hrend des deutschen Ratsvorsitzes zur\u00fcckblicken. Unser Gast wird auf die Herausforderungen eingehen, die die Pandemie f\u00fcr die EU mit sich bringt, und erkl\u00e4ren, wie der deutsche Ratsvorsitz darauf reagiert hat. Welche L\u00f6sungen wurden f\u00fcr Probleme gefunden und haben die getroffenen Entscheidungen Neuland betreten? Wie weit sind andere Ziele&nbsp;<em>(z.B. Investitionsabkommen EU-China)<\/em>&nbsp;erreicht wurden, die lange vor der Pandemie festgelegt wurden?<\/p>\n\n\n\n<p><strong>Lassen Sie uns dar\u00fcber mit dem Europaabgeordneten Michael Gahler sprechen...<\/strong><\/p>\n\n\n\n<p>... der seit seiner ersten Wahl ins Europ\u00e4ische Parlament im Jahr 1999 bereits einige globale Herausforderungen erlebt hat. Heute ist er der au\u00dfenpolitische Sprecher der EVP-Fraktion.<\/p>\n\n\n\n<p><strong>Diese Veranstaltung findet \u00fcber WebEx statt,<\/strong>&nbsp;F\u00fcr weitere Informationen \u00fcber die Teilnahme klicken Sie bitte auf&nbsp;<a href=\"https:\/\/meeteu.eu\/wp-content\/uploads\/2021\/01\/How-to-use-webex.pdf\">hier<\/a>.<\/p>\n<\/p>\n                                                <div class=\"clear\"><\/div>\n                                            <\/div>\n\n                                                                                    <\/div>\n                                    <\/article>\n                                <\/div>\n                            \n                                <div id=\"post-8588\" class=\"aux-col post-8588\">\n                                    <article class=\"post column-entry post-8588 event_listing type-event_listing status-expired has-post-thumbnail hentry\">\n                                        <div class=\"entry-media\">\n                                            <div class=\"aux-media-frame aux-media-image aux-image-mask\">\n                                                <img decoding=\"async\"\n                                                loading=\"lazy\"\n                                                src=\"https:\/\/meeteu.eu\/wp-content\/uploads\/2022\/09\/S.-Gerhardt-26.1.21-Visual-DE.jpg\"\n                                                class=\"aux-attachment aux-featured-image aux-attachment-id-8589 aux-preload aux-has-preview\"\n                                                alt=\"\"\n                                                data-src=\"https:\/\/meeteu.eu\/wp-content\/uploads\/2022\/09\/S.-Gerhardt-26.1.21-Visual-DE.jpg\"\n                                                \/>\n                                            <\/div>\n                                        <\/div>\n\n                                        <header class=\"entry-header\">\n                                            <h4 class=\"entry-title\">\n                                                Die Lage in Belarus - Welche Bedeutung hat sie f\u00fcr die EU?                                            <\/h4>\n                                        <\/header>\n\n                                        <div class=\"entry-main\">\n                                            <div class=\"entry-info\">\n                                                <div class=\"event-date\">\n                                                                                                            <i class=\"fas fa-calendar-alt\"><\/i>&nbsp;\n                                                    \n                                                                                                            <span>26. Januar 2021<\/span>\n                                                                                                        \n                                                    \n                                                                                                                                                        <\/div>\n\n                                                                                            <\/div>\n\n                                            <div class=\"entry-content\">\n                                                <p>\n<p>- Sebastian Gerhardt (Diplomat an der St\u00e4ndigen Vertretung Deutschlands bei der EU)<\/p>\n\n\n\n<p>Die Demonstrationen in Belarus gehen weiter, und die Regierung in Minsk ist auch nach massivem internationalem Druck nicht bereit, den Forderungen nach neuen, freien und fairen Wahlen oder gar einem R\u00fccktritt nachzukommen. Wie ist es dazu gekommen? Welche Position hat die EU in der Vergangenheit eingenommen und welche Bedeutung hat das Land f\u00fcr die Europ\u00e4ische Union?<\/p>\n\n\n\n<p>Sprechen wir dar\u00fcber mit Sebastian Gerhardt, der f\u00fcr das Ausw\u00e4rtige Amt der Bundesrepublik Deutschland als Osteuropa-Experte in Moskau gearbeitet hat und sein Wissen nun f\u00fcr die St\u00e4ndige Vertretung Deutschlands bei der EU einsetzt.<\/p>\n<\/p>\n                                                <div class=\"clear\"><\/div>\n                                            <\/div>\n\n                                                                                    <\/div>\n                                    <\/article>\n                                <\/div>\n                            \n                                <div id=\"post-8590\" class=\"aux-col post-8590\">\n                                    <article class=\"post column-entry post-8590 event_listing type-event_listing status-expired has-post-thumbnail hentry\">\n                                        <div class=\"entry-media\">\n                                            <div class=\"aux-media-frame aux-media-image aux-image-mask\">\n                                                <img decoding=\"async\"\n                                                loading=\"lazy\"\n                                                src=\"https:\/\/meeteu.eu\/wp-content\/uploads\/2022\/09\/BIG-TECH.jpg\"\n                                                class=\"aux-attachment aux-featured-image aux-attachment-id-8591 aux-preload aux-has-preview\"\n                                                alt=\"\"\n                                                data-src=\"https:\/\/meeteu.eu\/wp-content\/uploads\/2022\/09\/BIG-TECH.jpg\"\n                                                \/>\n                                            <\/div>\n                                        <\/div>\n\n                                        <header class=\"entry-header\">\n                                            <h4 class=\"entry-title\">\n                                                Schauen wir auf Europa! BIG TECH in den EURegulierungen und Chancen\u00a0\u00a0                                            <\/h4>\n                                        <\/header>\n\n                                        <div class=\"entry-main\">\n                                            <div class=\"entry-info\">\n                                                <div class=\"event-date\">\n                                                                                                            <i class=\"fas fa-calendar-alt\"><\/i>&nbsp;\n                                                    \n                                                                                                            <span>19. Januar 2021<\/span>\n                                                                                                        \n                                                    \n                                                                                                                                                        <\/div>\n\n                                                                                            <\/div>\n\n                                            <div class=\"entry-content\">\n                                                <p>\n<p>Die Debatten \u00fcber die gro\u00dfen F\u00fcnf (Google, Amazon, Facebook, Microsoft und Apple) haben in den letzten Jahren zugenommen, w\u00e4hrend sich gleichzeitig die Nachrichten \u00fcber Rekordstrafen und Wettbewerbsverst\u00f6\u00dfe h\u00e4ufen.<\/p>\n\n\n\n<p>Gemeinsam werden wir uns ein Video von TLDR Europe ansehen und anschlie\u00dfend dar\u00fcber sprechen, ob und wie die EU gro\u00dfe Technologieunternehmen regulieren sollte.<\/p>\n<\/p>\n                                                <div class=\"clear\"><\/div>\n                                            <\/div>\n\n                                                                                    <\/div>\n                                    <\/article>\n                                <\/div>\n                            \n                                <div id=\"post-8592\" class=\"aux-col post-8592\">\n                                    <article class=\"post column-entry post-8592 event_listing type-event_listing status-expired has-post-thumbnail hentry\">\n                                        <div class=\"entry-media\">\n                                            <div class=\"aux-media-frame aux-media-image aux-image-mask\">\n                                                <img decoding=\"async\"\n                                                loading=\"lazy\"\n                                                src=\"https:\/\/meeteu.eu\/wp-content\/uploads\/2022\/09\/Strategic-Autonomy.jpg\"\n                                                class=\"aux-attachment aux-featured-image aux-attachment-id-8593 aux-preload aux-has-preview\"\n                                                alt=\"\"\n                                                data-src=\"https:\/\/meeteu.eu\/wp-content\/uploads\/2022\/09\/Strategic-Autonomy.jpg\"\n                                                \/>\n                                            <\/div>\n                                        <\/div>\n\n                                        <header class=\"entry-header\">\n                                            <h4 class=\"entry-title\">\n                                                Strategische Autonomie - Kann ein Vereinigtes Europa ohne sie auskommen?                                            <\/h4>\n                                        <\/header>\n\n                                        <div class=\"entry-main\">\n                                            <div class=\"entry-info\">\n                                                <div class=\"event-date\">\n                                                                                                            <i class=\"fas fa-calendar-alt\"><\/i>&nbsp;\n                                                    \n                                                                                                            <span>12. Januar 2021<\/span>\n                                                                                                        \n                                                    \n                                                                                                                                                        <\/div>\n\n                                                                                            <\/div>\n\n                                            <div class=\"entry-content\">\n                                                <p>\n<p>\"Die strategische Unabh\u00e4ngigkeit ist unser neues gemeinsames Projekt f\u00fcr dieses Jahrhundert\", sagte EU-Kommissionspr\u00e4sident Charles Michel. Emmanuel Macron hat die strategische Autonomie auf alles angewandt, von Frankreichs Verteidigungssektor bis zur europ\u00e4ischen Industrie ...<\/p>\n\n\n\n<p>Was ist sie? Was ist es nicht?<\/p>\n\n\n\n<p>Seien Sie dabei, wenn wir das neueste Schlagwort der EU erforschen. Wie immer schlie\u00dft sich eine lebhafte Diskussion unter engagierten europ\u00e4ischen B\u00fcrgern an.<\/p>\n\n\n\n<p>Vielen Dank an Klaus (Pulse of Europe) f\u00fcr die Organisation dieser Veranstaltung!<\/p>\n<\/p>\n                                                <div class=\"clear\"><\/div>\n                                            <\/div>\n\n                                                                                    <\/div>\n                                    <\/article>\n                                <\/div>\n                            \n                                <div id=\"post-8594\" class=\"aux-col post-8594\">\n                                    <article class=\"post column-entry post-8594 event_listing type-event_listing status-expired has-post-thumbnail hentry\">\n                                        <div class=\"entry-media\">\n                                            <div class=\"aux-media-frame aux-media-image aux-image-mask\">\n                                                <img decoding=\"async\"\n                                                loading=\"lazy\"\n                                                src=\"https:\/\/meeteu.eu\/wp-content\/uploads\/2022\/09\/Exampe-Background-without-Guest-3.png\"\n                                                class=\"aux-attachment aux-featured-image aux-attachment-id-8595 aux-preload aux-has-preview\"\n                                                alt=\"\"\n                                                data-src=\"https:\/\/meeteu.eu\/wp-content\/uploads\/2022\/09\/Exampe-Background-without-Guest-3.png\"\n                                                \/>\n                                            <\/div>\n                                        <\/div>\n\n                                        <header class=\"entry-header\">\n                                            <h4 class=\"entry-title\">\n                                                ERASMUS in Litauen - mein Abenteuer im Baltikum                                            <\/h4>\n                                        <\/header>\n\n                                        <div class=\"entry-main\">\n                                            <div class=\"entry-info\">\n                                                <div class=\"event-date\">\n                                                                                                            <i class=\"fas fa-calendar-alt\"><\/i>&nbsp;\n                                                    \n                                                                                                            <span>23. Dezember 2020<\/span>\n                                                                                                        \n                                                    \n                                                                                                                                                        <\/div>\n\n                                                                                            <\/div>\n\n                                            <div class=\"entry-content\">\n                                                <p>\n<p>mit Lars Berndt, ERASMUS-Student aus den Niederlanden<strong><\/strong><\/p>\n\n\n\n<p>\"Litauen, ein f\u00fcr viele Europ\u00e4er unbekanntes Reiseziel. Einer der drei baltischen Staaten, ein Juwel im Nordosten Europas. Mit nur etwa 2,7 Millionen Einwohnern, von denen die meisten in der Hauptstadt Vilnius leben. Hier beginnt auch meine Geschichte, wie die vieler anderer Erasmus-Studenten. Mein Name ist Lars Berndt, ein Student der Europastudien aus den Niederlanden. Ich habe fast ein ganzes Semester in Litauen verbracht, etwas \u00fcber die Geschichte und die Kultur des Landes gelernt, die wundersch\u00f6ne Wildnis gesehen und neue Leute aus ganz Europa kennengelernt.\"<\/p>\n<\/p>\n                                                <div class=\"clear\"><\/div>\n                                            <\/div>\n\n                                                                                    <\/div>\n                                    <\/article>\n                                <\/div>\n                            \n                                <div id=\"post-8596\" class=\"aux-col post-8596\">\n                                    <article class=\"post column-entry post-8596 event_listing type-event_listing status-expired has-post-thumbnail hentry\">\n                                        <div class=\"entry-media\">\n                                            <div class=\"aux-media-frame aux-media-image aux-image-mask\">\n                                                <img decoding=\"async\"\n                                                loading=\"lazy\"\n                                                src=\"https:\/\/meeteu.eu\/wp-content\/uploads\/2022\/09\/Christmasgift.png\"\n                                                class=\"aux-attachment aux-featured-image aux-attachment-id-8597 aux-preload aux-has-preview\"\n                                                alt=\"\"\n                                                data-src=\"https:\/\/meeteu.eu\/wp-content\/uploads\/2022\/09\/Christmasgift.png\"\n                                                \/>\n                                            <\/div>\n                                        <\/div>\n\n                                        <header class=\"entry-header\">\n                                            <h4 class=\"entry-title\">\n                                                MeetEU-Weihnachtsquiz                                            <\/h4>\n                                        <\/header>\n\n                                        <div class=\"entry-main\">\n                                            <div class=\"entry-info\">\n                                                <div class=\"event-date\">\n                                                                                                            <i class=\"fas fa-calendar-alt\"><\/i>&nbsp;\n                                                    \n                                                                                                            <span>15. Dezember 2020<\/span>\n                                                                                                        \n                                                    \n                                                                                                                                                        <\/div>\n\n                                                                                            <\/div>\n\n                                            <div class=\"entry-content\">\n                                                <p>\n<p>Wie viel wissen Sie \u00fcber die EU? Finde es im MeetEU-Weihnachtsquiz heraus! Neben vielen interessanten Fragen (... und Antworten) hast du die Chance, tolle together.eu-Artikel zu gewinnen.<\/p>\n\n\n\n<p>Wenn Sie es unter die Top 3 schaffen, k\u00f6nnen Sie mit einer<\/p>\n\n\n\n<p><strong>EU-Weihnachtsp\u00e4ckchen\u00a0<\/strong>mit gebrandeten Ansteckern, Taschen, Dosen\u00f6ffnern, Fahnen usw. Ein gro\u00dfes Dankesch\u00f6n an unseren Preissponsor: das Europ\u00e4ische Verbindungsb\u00fcro in Berlin.<\/p>\n\n\n\n<p><strong>Was Sie vorbereiten m\u00fcssen:<\/strong><\/p>\n\n\n\n<ul class=\"wp-block-list\"><li>Sie ben\u00f6tigen Ihr Smartphone (zum Ausw\u00e4hlen der Antworten) und ein weiteres Ger\u00e4t, z.B. einen PC oder ein Notebook, auf dem die Discord-App installiert ist (um die Fragen zu sehen).<\/li><li>Auf dem Ger\u00e4t, auf dem Discord installiert ist, m\u00fcssen Sie unserem Live-Stream im Talkroom 1 beitreten. Klicken Sie dazu auf die Schaltfl\u00e4che LIVE.<\/li><li>Gehen Sie auf Ihrem Smartphone zu&nbsp;<a href=\"https:\/\/kahoot.it\/\" rel=\"noopener\">https:\/\/kahoot.it<\/a>&nbsp;und geben Sie den Spielcode ein, der in unserem Live-Stream angezeigt wird (Talkroom 1)<\/li><li>Bitte w\u00e4hlen Sie bei Kahoot denselben Namen, den Sie auch bei Discord verwenden.<\/li><\/ul>\n<\/p>\n                                                <div class=\"clear\"><\/div>\n                                            <\/div>\n\n                                                                                    <\/div>\n                                    <\/article>\n                                <\/div>\n                            \n                                <div id=\"post-8598\" class=\"aux-col post-8598\">\n                                    <article class=\"post column-entry post-8598 event_listing type-event_listing status-expired has-post-thumbnail hentry\">\n                                        <div class=\"entry-media\">\n                                            <div class=\"aux-media-frame aux-media-image aux-image-mask\">\n                                                <img decoding=\"async\"\n                                                loading=\"lazy\"\n                                                src=\"https:\/\/meeteu.eu\/wp-content\/uploads\/2022\/09\/EU-Adventures-2.png\"\n                                                class=\"aux-attachment aux-featured-image aux-attachment-id-8599 aux-preload aux-has-preview\"\n                                                alt=\"\"\n                                                data-src=\"https:\/\/meeteu.eu\/wp-content\/uploads\/2022\/09\/EU-Adventures-2.png\"\n                                                \/>\n                                            <\/div>\n                                        <\/div>\n\n                                        <header class=\"entry-header\">\n                                            <h4 class=\"entry-title\">\n                                                <strong>Europ\u00e4ische Geschichten - Unsere Abenteuer!<\/strong>                                            <\/h4>\n                                        <\/header>\n\n                                        <div class=\"entry-main\">\n                                            <div class=\"entry-info\">\n                                                <div class=\"event-date\">\n                                                                                                            <i class=\"fas fa-calendar-alt\"><\/i>&nbsp;\n                                                    \n                                                                                                            <span>8. Dezember 2020<\/span>\n                                                                                                        \n                                                    \n                                                                                                                                                        <\/div>\n\n                                                                                            <\/div>\n\n                                            <div class=\"entry-content\">\n                                                <p>\n<p>Egal ob f\u00fcr die Arbeit, zum Studieren oder einfach nur zum Entdecken. Wir alle sind durch Europa gereist und haben spannende Geschichten erlebt. Lass uns dar\u00fcber reden! Treffen Sie interessante Menschen, h\u00f6ren Sie von spannenden Situationen und teilen Sie Ihr eigenes Lieblingsabenteuer mit uns auf MeetEU!<\/p>\n<\/p>\n                                                <div class=\"clear\"><\/div>\n                                            <\/div>\n\n                                                                                    <\/div>\n                                    <\/article>\n                                <\/div>\n                            \n                                <div id=\"post-8600\" class=\"aux-col post-8600\">\n                                    <article class=\"post column-entry post-8600 event_listing type-event_listing status-expired has-post-thumbnail hentry\">\n                                        <div class=\"entry-media\">\n                                            <div class=\"aux-media-frame aux-media-image aux-image-mask\">\n                                                <img decoding=\"async\"\n                                                loading=\"lazy\"\n                                                src=\"https:\/\/meeteu.eu\/wp-content\/uploads\/2022\/09\/Climate_crisis-ENG.png\"\n                                                class=\"aux-attachment aux-featured-image aux-attachment-id-8601 aux-preload aux-has-preview\"\n                                                alt=\"\"\n                                                data-src=\"https:\/\/meeteu.eu\/wp-content\/uploads\/2022\/09\/Climate_crisis-ENG.png\"\n                                                \/>\n                                            <\/div>\n                                        <\/div>\n\n                                        <header class=\"entry-header\">\n                                            <h4 class=\"entry-title\">\n                                                Der europ\u00e4ische Beitrag zur Klimakrise. Wird die EU die Emissionen in der erforderlichen Geschwindigkeit reduzieren?                                            <\/h4>\n                                        <\/header>\n\n                                        <div class=\"entry-main\">\n                                            <div class=\"entry-info\">\n                                                <div class=\"event-date\">\n                                                                                                            <i class=\"fas fa-calendar-alt\"><\/i>&nbsp;\n                                                    \n                                                                                                            <span>3. Dezember 2020<\/span>\n                                                                                                        \n                                                    \n                                                                                                                                                        <\/div>\n\n                                                                                            <\/div>\n\n                                            <div class=\"entry-content\">\n                                                <p>\n<p>Martin Hojs\u00edk (Slowakei), MdEP Renew Europe<\/p>\n\n\n\n<p>Timoth\u00e9e Galvaire, Assistent von Pierre Larrouturou (Frankreich), Europaabgeordneter der Sozialisten &amp; Demokraten<\/p>\n\n\n\n<p>Es geht um unsere Zukunft! Im Dezember werden klimapolitische Entscheidungen getroffen, die die Ziele f\u00fcr die n\u00e4chsten Jahrzehnte festlegen. Ihre Meinung interessiert uns! Gemeinsam mit Vertretern des Europ\u00e4ischen Parlaments haben Sie die M\u00f6glichkeit, die anstehenden politischen Termine zu diskutieren:<\/p>\n\n\n\n<ul class=\"wp-block-list\"><li>Am 12. Dezember feiern wir den 5. Jahrestag des Pariser Abkommens, aber was gibt es zu feiern? Haben sich die europ\u00e4ischen L\u00e4nder dem Klimaziel, das wir nach 5 Jahren COP 21 erreichen sollten, \u00fcberhaupt gen\u00e4hert?<\/li><li>Am 10. und 11. Dezember treffen sich die Staats- und Regierungschefs der 27 L\u00e4nder auf dem EU-Ratsgipfel in Br\u00fcssel, um \u00fcber das Emissionsreduktionsziel f\u00fcr 2030 zu entscheiden. Wird der EU-Rat ein k\u00fchnes Ziel vorschlagen, das der Dringlichkeit und dem Ausma\u00df der Herausforderung gerecht wird, vor der wir stehen?<\/li><li>Es wird auch entschieden, ob ein TFT (=&nbsp;<a href=\"https:\/\/meeteu.eu\/wp-content\/uploads\/2020\/11\/Information-on-the-TFT.pdf\">Steuer auf Finanztransaktionen<\/a>) zur Finanzierung von Klima-, Gesundheits- und Sozialfragen: Pierre Larrouturou, der derzeitige Haushaltsberichterstatter des Europ\u00e4ischen Parlaments, trat in Br\u00fcssel 18 Tage lang in den Hungerstreik, um den Widerstand der franz\u00f6sischen und deutschen Regierungen gegen die Einf\u00fchrung dieser Steuer zu brechen.<\/li><\/ul>\n\n\n\n<p>Unsere G\u00e4ste werden in drei aufeinanderfolgenden Runden zu Wort kommen - nach jeder Runde gibt es ausreichend Zeit f\u00fcr alle Teilnehmer, mit ihnen in Kontakt zu treten und direkt Fragen zu stellen. Sie sind dabei?<\/p>\n\n\n\n<p>__<\/p>\n\n\n\n<p>Einen kurzen \u00dcberblick \u00fcber das TFT finden Sie hier:&nbsp;<a href=\"https:\/\/meeteu.eu\/wp-content\/uploads\/2020\/11\/Information-on-the-TFT.pdf\">Steuer auf Finanztransaktionen&nbsp;<\/a><\/p>\n\n\n\n<p>Vielen Dank, Claudine, dass du es mit uns geteilt hast!&nbsp;<\/p>\n<\/p>\n                                                <div class=\"clear\"><\/div>\n                                            <\/div>\n\n                                                                                    <\/div>\n                                    <\/article>\n                                <\/div>\n                            \n                                <div id=\"post-8602\" class=\"aux-col post-8602\">\n                                    <article class=\"post column-entry post-8602 event_listing type-event_listing status-expired has-post-thumbnail hentry\">\n                                        <div class=\"entry-media\">\n                                            <div class=\"aux-media-frame aux-media-image aux-image-mask\">\n                                                <img decoding=\"async\"\n                                                loading=\"lazy\"\n                                                src=\"https:\/\/meeteu.eu\/wp-content\/uploads\/2022\/09\/Bentele_ENG.png\"\n                                                class=\"aux-attachment aux-featured-image aux-attachment-id-8603 aux-preload aux-has-preview\"\n                                                alt=\"\"\n                                                data-src=\"https:\/\/meeteu.eu\/wp-content\/uploads\/2022\/09\/Bentele_ENG.png\"\n                                                \/>\n                                            <\/div>\n                                        <\/div>\n\n                                        <header class=\"entry-header\">\n                                            <h4 class=\"entry-title\">\n                                                Afrika und die EU - Gemeinsam in eine bessere Zukunft?                                            <\/h4>\n                                        <\/header>\n\n                                        <div class=\"entry-main\">\n                                            <div class=\"entry-info\">\n                                                <div class=\"event-date\">\n                                                                                                            <i class=\"fas fa-calendar-alt\"><\/i>&nbsp;\n                                                    \n                                                                                                            <span>17. November 2020<\/span>\n                                                                                                        \n                                                    \n                                                                                                                                                        <\/div>\n\n                                                                                            <\/div>\n\n                                            <div class=\"entry-content\">\n                                                <p>\n<p>Mit&nbsp;<a href=\"https:\/\/www.hildegard-bentele.eu\/\" rel=\"noopener\">Hildegard Bentele<\/a>, MEP,<br>Fraktion der Europ\u00e4ischen Volkspartei, Mitglied des Ausschusses f\u00fcr Entwicklung<\/p>\n\n\n\n<p>Der afrikanische Kontinent ist der am schnellsten wachsende der Welt, die Bev\u00f6lkerung sehnt sich nach Perspektiven und L\u00e4nder wie China intensivieren zunehmend ihre Beziehungen zu den L\u00e4ndern der Region. In den letzten zwei Jahren haben sich die Priorit\u00e4ten der EU in Afrika vor allem auf den Aufbau einer panafrikanischen Union, Investitionen in die Bev\u00f6lkerung, z. B. durch die F\u00f6rderung der Bildung, und die Integration eines gemeinsamen afrikanischen Marktes konzentriert. Wie sieht die zuk\u00fcnftige Zusammenarbeit zwischen afrikanischen Staaten und der Europ\u00e4ischen Union aus und von welchen gemeinsamen Interessen wird sie geleitet? Welche au\u00dfenpolitische Bedeutung hat Afrika f\u00fcr die EU?<\/p>\n<\/p>\n                                                <div class=\"clear\"><\/div>\n                                            <\/div>\n\n                                                                                    <\/div>\n                                    <\/article>\n                                <\/div>\n                            \n                                <div id=\"post-8604\" class=\"aux-col post-8604\">\n                                    <article class=\"post column-entry post-8604 event_listing type-event_listing status-expired has-post-thumbnail hentry\">\n                                        <div class=\"entry-media\">\n                                            <div class=\"aux-media-frame aux-media-image aux-image-mask\">\n                                                <img decoding=\"async\"\n                                                loading=\"lazy\"\n                                                src=\"https:\/\/meeteu.eu\/wp-content\/uploads\/2022\/09\/graph-7.png\"\n                                                class=\"aux-attachment aux-featured-image aux-attachment-id-8408 aux-preload aux-has-preview\"\n                                                alt=\"\"\n                                                data-src=\"https:\/\/meeteu.eu\/wp-content\/uploads\/2022\/09\/graph-7.png\"\n                                                \/>\n                                            <\/div>\n                                        <\/div>\n\n                                        <header class=\"entry-header\">\n                                            <h4 class=\"entry-title\">\n                                                Redefreiheit - eine Sollbruchstelle f\u00fcr unsere Gesellschaft?                                            <\/h4>\n                                        <\/header>\n\n                                        <div class=\"entry-main\">\n                                            <div class=\"entry-info\">\n                                                <div class=\"event-date\">\n                                                                                                            <i class=\"fas fa-calendar-alt\"><\/i>&nbsp;\n                                                    \n                                                                                                            <span>10. November 2020<\/span>\n                                                                                                        \n                                                    \n                                                                                                                                                        <\/div>\n\n                                                                                            <\/div>\n\n                                            <div class=\"entry-content\">\n                                                <p>\n<p>Die Sitzung wird organisiert von Klaus von&nbsp;<a href=\"https:\/\/pulseofeurope.eu\/en\/\" rel=\"noopener\">Der Puls von Europa<\/a>.<\/p>\n\n\n\n<p>Der Mord an Samuel Paty in Frankreich hat erneut das Blitzlicht auf das grundlegende Menschenrecht der freien Meinungs\u00e4u\u00dferung und auf diejenigen gerichtet, die sich das Recht vorbehalten zu t\u00f6ten, wenn ihre Gef\u00fchle durch die Aus\u00fcbung dieses Rechts verletzt werden. Doch von der Unterdr\u00fcckung politischer Meinungen und Hassreden bis hin zum Kampf um die G\u00fcltigkeit von Wissenschaft und schierer Manipulation in Zeiten sozialer Medien gibt es zahlreiche Themen dazwischen.<\/p>\n\n\n\n<p>Wir wollen diese Sitzung nutzen, um zu verstehen, wo wir eigentlich stehen, was auf dem Spiel steht, und um die Themen zu diskutieren.<\/p>\n<\/p>\n                                                <div class=\"clear\"><\/div>\n                                            <\/div>\n\n                                                                                    <\/div>\n                                    <\/article>\n                                <\/div>\n                            \n                                <div id=\"post-8605\" class=\"aux-col post-8605\">\n                                    <article class=\"post column-entry post-8605 event_listing type-event_listing status-expired has-post-thumbnail hentry\">\n                                        <div class=\"entry-media\">\n                                            <div class=\"aux-media-frame aux-media-image aux-image-mask\">\n                                                <img decoding=\"async\"\n                                                loading=\"lazy\"\n                                                src=\"https:\/\/meeteu.eu\/wp-content\/uploads\/2022\/09\/Michael-Bloss_Announcement-Visual_en_19hrs-360x360-1.png\"\n                                                class=\"aux-attachment aux-featured-image aux-attachment-id-8606 aux-preload aux-has-preview\"\n                                                alt=\"\"\n                                                data-src=\"https:\/\/meeteu.eu\/wp-content\/uploads\/2022\/09\/Michael-Bloss_Announcement-Visual_en_19hrs-360x360-1.png\"\n                                                \/>\n                                            <\/div>\n                                        <\/div>\n\n                                        <header class=\"entry-header\">\n                                            <h4 class=\"entry-title\">\n                                                Live-Bericht aus Br\u00fcssel: das neue EU-Klimagesetz                                            <\/h4>\n                                        <\/header>\n\n                                        <div class=\"entry-main\">\n                                            <div class=\"entry-info\">\n                                                <div class=\"event-date\">\n                                                                                                            <i class=\"fas fa-calendar-alt\"><\/i>&nbsp;\n                                                    \n                                                                                                            <span>3. November 2020<\/span>\n                                                                                                        \n                                                    \n                                                                                                                                                        <\/div>\n\n                                                                                                    <div class=\"event-location\">\n                                                                                                                    <i class=\"fas fa-thumbtack\"><\/i>&nbsp;\n                                                            <span>Virtuelle Veranstaltung auf Zoom<\/span>\n                                                                                                            <\/div>\n\n                                                    <div class=\"event-language\">\n                                                                                                                    <i class=\"fas fa-globe\"><\/i>&nbsp;\n                                                            <span>Auf Englisch, mit mehrsprachigen Untertiteln<\/span>\n                                                                                                            <\/div>\n                                                                                            <\/div>\n\n                                            <div class=\"entry-content\">\n                                                <p>\n<p>Sprecher:<br><a href=\"https:\/\/michaelbloss.eu\/\" rel=\"noopener\">Michael Bloss<\/a>, MdEP, Gr\u00fcne\/Freie Europ\u00e4ische Allianz<\/p>\n\n\n\n<p>Die EU hat sich zum Ziel gesetzt, die Treibhausgasemissionen bis 2050 auf Null zu reduzieren. Das neue EU-Klimagesetz wird die Grundlage f\u00fcr den \u00dcbergang zu einer gr\u00fcnen Wirtschaft bilden. Wie Sie sich vorstellen k\u00f6nnen, gibt es dazu unterschiedliche Meinungen in den Mitgliedsstaaten;) Einer der Verhandlungsf\u00fchrer ist der Europaabgeordnete Michael Bloss. Am Dienstagabend wird er uns sagen, wo wir jetzt stehen und was die gr\u00f6\u00dften Knackpunkte sind.<\/p>\n<\/p>\n                                                <div class=\"clear\"><\/div>\n                                            <\/div>\n\n                                                                                    <\/div>\n                                    <\/article>\n                                <\/div>\n                            \n                                <div id=\"post-8609\" class=\"aux-col post-8609\">\n                                    <article class=\"post column-entry post-8609 event_listing type-event_listing status-expired has-post-thumbnail hentry\">\n                                        <div class=\"entry-media\">\n                                            <div class=\"aux-media-frame aux-media-image aux-image-mask\">\n                                                <img decoding=\"async\"\n                                                loading=\"lazy\"\n                                                src=\"https:\/\/meeteu.eu\/wp-content\/uploads\/2020\/09\/European_Home_Parliaments_Pulse_of_Europe.jpg\"\n                                                class=\"aux-attachment aux-featured-image aux-attachment-id-1670 aux-preload aux-has-preview\"\n                                                alt=\"\"\n                                                data-src=\"https:\/\/meeteu.eu\/wp-content\/uploads\/2020\/09\/European_Home_Parliaments_Pulse_of_Europe.jpg\"\n                                                \/>\n                                            <\/div>\n                                        <\/div>\n\n                                        <header class=\"entry-header\">\n                                            <h4 class=\"entry-title\">\n                                                Transnationales Europ\u00e4isches HeimatParlament                                            <\/h4>\n                                        <\/header>\n\n                                        <div class=\"entry-main\">\n                                            <div class=\"entry-info\">\n                                                <div class=\"event-date\">\n                                                                                                            <i class=\"fas fa-calendar-alt\"><\/i>&nbsp;\n                                                    \n                                                                                                            <span>20. Oktober 2020<\/span>\n                                                                                                        \n                                                    \n                                                                                                                                                        <\/div>\n\n                                                                                            <\/div>\n\n                                            <div class=\"entry-content\">\n                                                <p>\n<p>Das von der Organisation der Zivilgesellschaft ins Leben gerufene Projekt&nbsp;<a href=\"https:\/\/homeparliaments.eu\/\" rel=\"noopener\">Der Puls von Europa<\/a>&nbsp;- wird unter der Schirmherrschaft von Bundespr\u00e4sidentin Ursula von der Leyen organisiert.<\/p>\n\n\n\n<p>Worum geht es dabei? In Gruppen von 4-8 Personen diskutieren Sie die&nbsp;<strong>Die Zukunft der europ\u00e4ischen Solidarit\u00e4t<\/strong>.<\/p>\n\n\n\n<p>Die 3 Kernfragen lauten:<\/p>\n\n\n\n<ul class=\"wp-block-list\"><li>Sollten wohlhabende EU-Mitgliedsstaaten Mitgliedstaaten, die besonders stark von Krisen betroffen sind, mehr wirtschaftliche Unterst\u00fctzung gew\u00e4hren?<\/li><li>Sollte die EU mehr in sozialpolitische Ma\u00dfnahmen investieren, um die soziale Ungleichheit zwischen den Mitgliedstaaten zu bek\u00e4mpfen?<\/li><li>Sollte die EU im Interesse k\u00fcnftiger Generationen vor allem auf umweltfreundliche Innovationen und Arbeitspl\u00e4tze setzen?<\/li><\/ul>\n\n\n\n<p><a href=\"https:\/\/www.openpetition.de\/pdf\/hausparlament\/participation_forms\/Participant_Result_Form.pdf\" rel=\"noopener\">Download f\u00fcr Teilnehmer<\/a><\/p>\n\n\n\n<p>Die&nbsp;<strong>die Ergebnisse der Gespr\u00e4che werden an Frau von der Leyen weitergeleitet<\/strong>&nbsp;und 29 Mitglieder des Europ\u00e4ischen Parlaments, wie Manfred Weber, Othmar Karas, Gabriele Bischoff, Fabienne Keller, Gwendoline Delbos-Corfield, Martin Schirdewan, Ska Keller, Pedro Marques, Lukasz Kohut und Damian Boeselager. Sie werden die Ergebnisse auf einer digitalen Plattform kommentieren und laden Sie zu dieser Diskussion ein.<\/p>\n<\/p>\n                                                <div class=\"clear\"><\/div>\n                                            <\/div>\n\n                                                                                    <\/div>\n                                    <\/article>\n                                <\/div>\n                            \n                                <div id=\"post-8607\" class=\"aux-col post-8607\">\n                                    <article class=\"post column-entry post-8607 event_listing type-event_listing status-expired has-post-thumbnail hentry\">\n                                        <div class=\"entry-media\">\n                                            <div class=\"aux-media-frame aux-media-image aux-image-mask\">\n                                                <img decoding=\"async\"\n                                                loading=\"lazy\"\n                                                src=\"https:\/\/meeteu.eu\/wp-content\/uploads\/2022\/09\/08-Mar.jpg\"\n                                                class=\"aux-attachment aux-featured-image aux-attachment-id-8608 aux-preload aux-has-preview\"\n                                                alt=\"\"\n                                                data-src=\"https:\/\/meeteu.eu\/wp-content\/uploads\/2022\/09\/08-Mar.jpg\"\n                                                \/>\n                                            <\/div>\n                                        <\/div>\n\n                                        <header class=\"entry-header\">\n                                            <h4 class=\"entry-title\">\n                                                Nini Tsiklauri stellt ihr neues Buch vor: 'Lasst uns um Europa k\u00e4mpfen'.                                            <\/h4>\n                                        <\/header>\n\n                                        <div class=\"entry-main\">\n                                            <div class=\"entry-info\">\n                                                <div class=\"event-date\">\n                                                                                                            <i class=\"fas fa-calendar-alt\"><\/i>&nbsp;\n                                                    \n                                                                                                            <span>18. Oktober 2020<\/span>\n                                                                                                        \n                                                    \n                                                                                                                                                        <\/div>\n\n                                                                                            <\/div>\n\n                                            <div class=\"entry-content\">\n                                                <p>\n<p><a href=\"http:\/\/ninitsiklauri.eu\/\" rel=\"noopener\">Nini Tsiklauri<\/a>&nbsp;ist eine Schauspielerin, Schriftstellerin, politische Aktivistin und leidenschaftliche Europ\u00e4erin, die in Ungarn, Georgien und Deutschland aufgewachsen ist. Als Schauspielerin ist sie bekannt f\u00fcr \"Die Wilden Kerle\" und \"Schloss Einstein\".<\/p>\n\n\n\n<p>Nini hat in \u00d6sterreich Politikwissenschaften studiert. Sie ist auch eine Initiatorin der PulseofEurope-Bewegung in \u00d6sterreich. Ihr neues Buch \"Lasst uns um Europa k\u00e4mpfen\" bietet eine neue Perspektive, um die Europ\u00e4ische Union zu verstehen und zu f\u00fchlen. Nini l\u00e4dt Europa mit starken Emotionen auf und liefert einen Do-it-yourself-Rettungsplan f\u00fcr die EU. Ein sehr privates und zugleich hochpolitisches Buch.<\/p>\n\n\n\n<p>Bitte beachten Sie, dass die Lesung auf Deutsch stattfindet. Fragen k\u00f6nnen auf Englisch gestellt werden.<\/p>\n<\/p>\n                                                <div class=\"clear\"><\/div>\n                                            <\/div>\n\n                                                                                    <\/div>\n                                    <\/article>\n                                <\/div>\n                            \n                                <div id=\"post-8610\" class=\"aux-col post-8610\">\n                                    <article class=\"post column-entry post-8610 event_listing type-event_listing status-expired has-post-thumbnail hentry\">\n                                        <div class=\"entry-media\">\n                                            <div class=\"aux-media-frame aux-media-image aux-image-mask\">\n                                                <img decoding=\"async\"\n                                                loading=\"lazy\"\n                                                src=\"https:\/\/meeteu.eu\/wp-content\/uploads\/2022\/09\/Dalara-Burkhardt-ENG.png\"\n                                                class=\"aux-attachment aux-featured-image aux-attachment-id-8611 aux-preload aux-has-preview\"\n                                                alt=\"\"\n                                                data-src=\"https:\/\/meeteu.eu\/wp-content\/uploads\/2022\/09\/Dalara-Burkhardt-ENG.png\"\n                                                \/>\n                                            <\/div>\n                                        <\/div>\n\n                                        <header class=\"entry-header\">\n                                            <h4 class=\"entry-title\">\n                                                Green Deal: Wird die Pandemie gr\u00fcn werden?                                            <\/h4>\n                                        <\/header>\n\n                                        <div class=\"entry-main\">\n                                            <div class=\"entry-info\">\n                                                <div class=\"event-date\">\n                                                                                                            <i class=\"fas fa-calendar-alt\"><\/i>&nbsp;\n                                                    \n                                                                                                            <span>14. Oktober 2020<\/span>\n                                                                                                        \n                                                    \n                                                                                                                                                        <\/div>\n\n                                                                                            <\/div>\n\n                                            <div class=\"entry-content\">\n                                                <p>\n<p>Sprecher:<br><a href=\"https:\/\/www.delara-burkhardt.eu\/\" rel=\"noopener\">Delara Burkhardt<\/a>MEP, Fraktion der Progressiven Allianz der Sozialisten &amp; Demokraten<\/p>\n\n\n\n<p>Die Europ\u00e4ische Kommission hat den Green Deal als Fahrplan f\u00fcr die Umwandlung Europas in einen nachhaltigen und kohlenstoffneutralen Kontinent bis 2050 definiert.<\/p>\n\n\n\n<p>Wird die Pandemie dieses Ziel jedoch in den Hintergrund dr\u00e4ngen? Oder hat die COVID-19-Krise gezeigt, dass wir radikale und sofortige Ma\u00dfnahmen ergreifen k\u00f6nnen? Dar\u00fcber m\u00f6chten wir mit Delara Burkhardt, MdEP und Mitglied des Ausschusses f\u00fcr Umweltfragen, Volksgesundheit und Lebensmittelsicherheit des Europ\u00e4ischen Parlaments, diskutieren.<\/p>\n<\/p>\n                                                <div class=\"clear\"><\/div>\n                                            <\/div>\n\n                                                                                    <\/div>\n                                    <\/article>\n                                <\/div>\n                            \n                                <div id=\"post-8612\" class=\"aux-col post-8612\">\n                                    <article class=\"post column-entry post-8612 event_listing type-event_listing status-expired has-post-thumbnail hentry\">\n                                        <div class=\"entry-media\">\n                                            <div class=\"aux-media-frame aux-media-image aux-image-mask\">\n                                                <img decoding=\"async\"\n                                                loading=\"lazy\"\n                                                src=\"https:\/\/meeteu.eu\/wp-content\/uploads\/2022\/09\/Visual-Child-Rights-and-Germanys-2020-EU-Council-Presidency.png\"\n                                                class=\"aux-attachment aux-featured-image aux-attachment-id-8613 aux-preload aux-has-preview\"\n                                                alt=\"\"\n                                                data-src=\"https:\/\/meeteu.eu\/wp-content\/uploads\/2022\/09\/Visual-Child-Rights-and-Germanys-2020-EU-Council-Presidency.png\"\n                                                \/>\n                                            <\/div>\n                                        <\/div>\n\n                                        <header class=\"entry-header\">\n                                            <h4 class=\"entry-title\">\n                                                Kinderrechte und die deutsche EU-Ratspr\u00e4sidentschaft 2020                                            <\/h4>\n                                        <\/header>\n\n                                        <div class=\"entry-main\">\n                                            <div class=\"entry-info\">\n                                                <div class=\"event-date\">\n                                                                                                            <i class=\"fas fa-calendar-alt\"><\/i>&nbsp;\n                                                    \n                                                                                                            <span>6. Oktober 2020<\/span>\n                                                                                                        \n                                                    \n                                                                                                                                                        <\/div>\n\n                                                                                            <\/div>\n\n                                            <div class=\"entry-content\">\n                                                <p>\n<p>Die deutsche EU-Ratspr\u00e4sidentschaft in der zweiten H\u00e4lfte des Jahres 2020 f\u00e4llt in eine f\u00fcr Kinder entscheidende Zeit: Wir stehen vor einer noch nie dagewesenen Krise aufgrund der COVID-19-Pandemie und treten in das Aktionsjahrzehnt ein, um die SDGs bis 2030 zu erreichen. Weltweit wurden bedeutende Fortschritte f\u00fcr Kinder erzielt, aber die Herausforderungen bei der Verwirklichung aller Rechte f\u00fcr alle Kinder \u00fcberall, insbesondere f\u00fcr die am meisten gef\u00e4hrdeten, bleiben bestehen.<\/p>\n\n\n\n<p>Wir wollen die UNICEF-Empfehlungen f\u00fcr die deutsche EU-Ratspr\u00e4sidentschaft diskutieren, wie z.B. eine umfassende EU-Kinderrechtsstrategie, eine wirksame Partnerschaft zwischen der EU und Afrika f\u00fcr Kinder und eine auf Kinder ausgerichtete humanit\u00e4re Hilfe.<\/p>\n\n\n\n<p>Sprecher:<br>Lydia Berneburg, UNICEF Deutschland<\/p>\n<\/p>\n                                                <div class=\"clear\"><\/div>\n                                            <\/div>\n\n                                                                                    <\/div>\n                                    <\/article>\n                                <\/div>\n                            \n                                <div id=\"post-8614\" class=\"aux-col post-8614\">\n                                    <article class=\"post column-entry post-8614 event_listing type-event_listing status-expired has-post-thumbnail hentry\">\n                                        <div class=\"entry-media\">\n                                            <div class=\"aux-media-frame aux-media-image aux-image-mask\">\n                                                <img decoding=\"async\"\n                                                loading=\"lazy\"\n                                                src=\"https:\/\/meeteu.eu\/wp-content\/uploads\/2020\/09\/European_Home_Parliaments_Pulse_of_Europe.jpg\"\n                                                class=\"aux-attachment aux-featured-image aux-attachment-id-1670 aux-preload aux-has-preview\"\n                                                alt=\"\"\n                                                data-src=\"https:\/\/meeteu.eu\/wp-content\/uploads\/2020\/09\/European_Home_Parliaments_Pulse_of_Europe.jpg\"\n                                                \/>\n                                            <\/div>\n                                        <\/div>\n\n                                        <header class=\"entry-header\">\n                                            <h4 class=\"entry-title\">\n                                                Europ\u00e4ische HomeParlamente von Pulse of Europe                                            <\/h4>\n                                        <\/header>\n\n                                        <div class=\"entry-main\">\n                                            <div class=\"entry-info\">\n                                                <div class=\"event-date\">\n                                                                                                            <i class=\"fas fa-calendar-alt\"><\/i>&nbsp;\n                                                    \n                                                                                                            <span>29. September 2020<\/span>\n                                                                                                        \n                                                    \n                                                                                                                                                        <\/div>\n\n                                                                                            <\/div>\n\n                                            <div class=\"entry-content\">\n                                                <p>\n<p>Wir m\u00f6chten Ihnen eine tolle Initiative vorstellen: die europ\u00e4ischen HomeParliaments von Pulse of Europe.<\/p>\n\n\n\n<p>Worum geht es dabei? A&nbsp;<a href=\"https:\/\/homeparliaments.eu\/\" rel=\"noopener\">StartseiteParlament<\/a>&nbsp;ist ein Treffen von 4 bis 8 Personen, die eine europ\u00e4ische Frage diskutieren. Jeder kann Gastgeber eines solchen HomeParliament werden. Die B\u00fcrgerbewegung Pulse of Europe stellt Ihnen alle Unterlagen zur Verf\u00fcgung.<\/p>\n\n\n\n<p>Die Ergebnisse Ihrer Diskussionen landen nicht irgendwo in einer Schublade, sondern werden an EU-Politiker wie Ursula von der Leyen, Manfred Weber, Ska Keller oder Damian Boeselager geschickt.<\/p>\n\n\n\n<p>Hendrik Michel von Pulse Of Europe Frankfurt wird Ihnen zeigen, wie es funktioniert und wie Sie teilnehmen k\u00f6nnen.<\/p>\n\n\n\n<p>Die 3. Runde der Europ\u00e4ischen Heimparlamente findet vom 19. September bis 1. November 2020 statt.<\/p>\n\n\n\n<p>Sprecher:<br>Hendrik Michel,<a href=\"https:\/\/pulseofeurope.eu\/\" rel=\"noopener\">&nbsp;Der Puls von Europa<\/a>&nbsp;Frankfurt<\/p>\n<\/p>\n                                                <div class=\"clear\"><\/div>\n                                            <\/div>\n\n                                                                                    <\/div>\n                                    <\/article>\n                                <\/div>\n                            \n                                <div id=\"post-8615\" class=\"aux-col post-8615\">\n                                    <article class=\"post column-entry post-8615 event_listing type-event_listing status-expired has-post-thumbnail hentry\">\n                                        <div class=\"entry-media\">\n                                            <div class=\"aux-media-frame aux-media-image aux-image-mask\">\n                                                <img decoding=\"async\"\n                                                loading=\"lazy\"\n                                                src=\"https:\/\/meeteu.eu\/wp-content\/uploads\/2022\/09\/Lets-meet-MeetEU.png\"\n                                                class=\"aux-attachment aux-featured-image aux-attachment-id-8616 aux-preload aux-has-preview\"\n                                                alt=\"\"\n                                                data-src=\"https:\/\/meeteu.eu\/wp-content\/uploads\/2022\/09\/Lets-meet-MeetEU.png\"\n                                                \/>\n                                            <\/div>\n                                        <\/div>\n\n                                        <header class=\"entry-header\">\n                                            <h4 class=\"entry-title\">\n                                                Treffen wir uns, MeetEU!                                            <\/h4>\n                                        <\/header>\n\n                                        <div class=\"entry-main\">\n                                            <div class=\"entry-info\">\n                                                <div class=\"event-date\">\n                                                                                                            <i class=\"fas fa-calendar-alt\"><\/i>&nbsp;\n                                                    \n                                                                                                            <span>22. September 2020<\/span>\n                                                                                                        \n                                                    \n                                                                                                                                                        <\/div>\n\n                                                                                            <\/div>\n\n                                            <div class=\"entry-content\">\n                                                <p>\n<p>Ein halbes Jahr ist vorbei, wir m\u00f6chten die Gelegenheit nutzen, um gemeinsam mit Ihnen auf die vergangenen Monate zur\u00fcckzublicken und \u00fcber die Zukunft von MeetEU zu sprechen.<\/p>\n<\/p>\n                                                <div class=\"clear\"><\/div>\n                                            <\/div>\n\n                                                                                    <\/div>\n                                    <\/article>\n                                <\/div>\n                            \n                                <div id=\"post-8617\" class=\"aux-col post-8617\">\n                                    <article class=\"post column-entry post-8617 event_listing type-event_listing status-expired has-post-thumbnail hentry\">\n                                        <div class=\"entry-media\">\n                                            <div class=\"aux-media-frame aux-media-image aux-image-mask\">\n                                                <img decoding=\"async\"\n                                                loading=\"lazy\"\n                                                src=\"https:\/\/meeteu.eu\/wp-content\/uploads\/2022\/09\/15.9-SOTEU-MeetEU-EN-360x360-1.png\"\n                                                class=\"aux-attachment aux-featured-image aux-attachment-id-8618 aux-preload aux-has-preview\"\n                                                alt=\"\"\n                                                data-src=\"https:\/\/meeteu.eu\/wp-content\/uploads\/2022\/09\/15.9-SOTEU-MeetEU-EN-360x360-1.png\"\n                                                \/>\n                                            <\/div>\n                                        <\/div>\n\n                                        <header class=\"entry-header\">\n                                            <h4 class=\"entry-title\">\n                                                Die Rede zur Lage der Union von Ursula von der Leyen vor dem Europ\u00e4ischen Parlament                                            <\/h4>\n                                        <\/header>\n\n                                        <div class=\"entry-main\">\n                                            <div class=\"entry-info\">\n                                                <div class=\"event-date\">\n                                                                                                            <i class=\"fas fa-calendar-alt\"><\/i>&nbsp;\n                                                    \n                                                                                                            <span>15. September 2020<\/span>\n                                                                                                        \n                                                    \n                                                                                                                                                        <\/div>\n\n                                                                                            <\/div>\n\n                                            <div class=\"entry-content\">\n                                                <p>\n<p>Am 16. September wird Kommissionspr\u00e4sidentin Ursula von der Leyen vor dem Europ\u00e4ischen Parlament die j\u00e4hrliche Rede zur Lage der Union halten. Anschlie\u00dfend werden die Abgeordneten des Europ\u00e4ischen Parlaments die wichtigsten Herausforderungen f\u00fcr das kommende Jahr diskutieren. Am Tag vor der Rede werden Georg Pfeifer, Leiter des Verbindungsb\u00fcros des Europ\u00e4ischen Parlaments in Deutschland, und J\u00f6rg Wojahn, Vertreter der Europ\u00e4ischen Kommission in Deutschland, ein Online-Briefing zur bevorstehenden Rede geben und Ihre Fragen beantworten.<\/p>\n<\/p>\n                                                <div class=\"clear\"><\/div>\n                                            <\/div>\n\n                                                                                    <\/div>\n                                    <\/article>\n                                <\/div>\n                            \n                                <div id=\"post-8623\" class=\"aux-col post-8623\">\n                                    <article class=\"post column-entry post-8623 event_listing type-event_listing status-expired has-post-thumbnail hentry\">\n                                        <div class=\"entry-media\">\n                                            <div class=\"aux-media-frame aux-media-image aux-image-mask\">\n                                                <img decoding=\"async\"\n                                                loading=\"lazy\"\n                                                src=\"https:\/\/meeteu.eu\/wp-content\/uploads\/2022\/09\/EU-Workshop2-260x300-1.png\"\n                                                class=\"aux-attachment aux-featured-image aux-attachment-id-8624 aux-preload aux-has-preview\"\n                                                alt=\"\"\n                                                data-src=\"https:\/\/meeteu.eu\/wp-content\/uploads\/2022\/09\/EU-Workshop2-260x300-1.png\"\n                                                \/>\n                                            <\/div>\n                                        <\/div>\n\n                                        <header class=\"entry-header\">\n                                            <h4 class=\"entry-title\">\n                                                Workshop: Einf\u00fchrung in die EU-Institutionen                                            <\/h4>\n                                        <\/header>\n\n                                        <div class=\"entry-main\">\n                                            <div class=\"entry-info\">\n                                                <div class=\"event-date\">\n                                                                                                            <i class=\"fas fa-calendar-alt\"><\/i>&nbsp;\n                                                    \n                                                                                                            <span>11. September 2020<\/span>\n                                                                                                        \n                                                    \n                                                                                                                                                        <\/div>\n\n                                                                                            <\/div>\n\n                                            <div class=\"entry-content\">\n                                                <p>\n<p>Wie wird das Europ\u00e4ische Parlament gew\u00e4hlt? Wie arbeiten die EU-Institutionen zusammen? Und wie verabschiedet die EU neue Gesetze?<\/p>\n\n\n\n<p>Diese und weitere Fragen werden in unserem Workshop behandelt. Sie werden wertvolles Wissen \u00fcber die Europ\u00e4ische Union und ihre Institutionen erwerben oder Ihr bereits vorhandenes Wissen auffrischen. Dies wird Sie darauf vorbereiten, die EU-Politik genauer zu verfolgen und die Prozesse, die in Br\u00fcssel ablaufen, zu verstehen.<\/p>\n\n\n\n<p>Seien Sie also am 11. August 2020 um 18:00 Uhr MESZ dabei und erfahren Sie mehr \u00fcber die EU-Institutionen.<\/p>\n\n\n\n<p>Jeder Teilnehmer erh\u00e4lt eine&nbsp;<strong>Teilnahmebescheinigung des Europ\u00e4ischen Parlaments<\/strong>&nbsp;Verbindungsb\u00fcro in Deutschland.<\/p>\n\n\n\n<p>Sprecher:<br>Frank Burgd\u00f6rfer, Experte im Team Europa der Europ\u00e4ischen Kommission, Lehrbeauftragter f\u00fcr Europapolitik an der Universit\u00e4t Koblenz-Landau<\/p>\n<\/p>\n                                                <div class=\"clear\"><\/div>\n                                            <\/div>\n\n                                                                                    <\/div>\n                                    <\/article>\n                                <\/div>\n                            \n                                <div id=\"post-8619\" class=\"aux-col post-8619\">\n                                    <article class=\"post column-entry post-8619 event_listing type-event_listing status-expired has-post-thumbnail hentry\">\n                                        <div class=\"entry-media\">\n                                            <div class=\"aux-media-frame aux-media-image aux-image-mask\">\n                                                <img decoding=\"async\"\n                                                loading=\"lazy\"\n                                                src=\"https:\/\/meeteu.eu\/wp-content\/uploads\/2022\/09\/Verschworungstheotheotheotheotheotheotheotheotheotheotheotheotheotheohrie.png\"\n                                                class=\"aux-attachment aux-featured-image aux-attachment-id-8620 aux-preload aux-has-preview\"\n                                                alt=\"\"\n                                                data-src=\"https:\/\/meeteu.eu\/wp-content\/uploads\/2022\/09\/Verschworungstheotheotheotheotheotheotheotheotheotheotheotheotheotheohrie.png\"\n                                                \/>\n                                            <\/div>\n                                        <\/div>\n\n                                        <header class=\"entry-header\">\n                                            <h4 class=\"entry-title\">\n                                                Verschw\u00f6rungstheorien im Zusammenhang mit der Coronavirus-Pandemie                                            <\/h4>\n                                        <\/header>\n\n                                        <div class=\"entry-main\">\n                                            <div class=\"entry-info\">\n                                                <div class=\"event-date\">\n                                                                                                            <i class=\"fas fa-calendar-alt\"><\/i>&nbsp;\n                                                    \n                                                                                                            <span>8. September 2020<\/span>\n                                                                                                        \n                                                    \n                                                                                                                                                        <\/div>\n\n                                                                                            <\/div>\n\n                                            <div class=\"entry-content\">\n                                                <p>\n<p>Prof. Butter ist stellvertretender Vorsitzender der COST-Aktion \"Comparative Analysis of Conspiracy Theories\" und Principal Investigator des vom Europ\u00e4ischen Forschungsrat (ERC) gef\u00f6rderten Projekts \"Populism and Conspiracy Theory (PACT)\". Das Projekt untersucht die Bedeutung von Verschw\u00f6rungstheorien f\u00fcr populistische Bewegungen in verschiedenen europ\u00e4ischen L\u00e4ndern (\u00d6sterreich, Ungarn, Italien, Polen), Brasilien und den Vereinigten Staaten.<\/p>\n\n\n\n<p>Sprecher:<br>Prof. Dr. Michael Butter (Universit\u00e4t T\u00fcbingen)<\/p>\n<\/p>\n                                                <div class=\"clear\"><\/div>\n                                            <\/div>\n\n                                                                                    <\/div>\n                                    <\/article>\n                                <\/div>\n                            \n                                <div id=\"post-8621\" class=\"aux-col post-8621\">\n                                    <article class=\"post column-entry post-8621 event_listing type-event_listing status-expired has-post-thumbnail hentry\">\n                                        <div class=\"entry-media\">\n                                            <div class=\"aux-media-frame aux-media-image aux-image-mask\">\n                                                <img decoding=\"async\"\n                                                loading=\"lazy\"\n                                                src=\"https:\/\/meeteu.eu\/wp-content\/uploads\/2022\/09\/Gahler-Visual.png\"\n                                                class=\"aux-attachment aux-featured-image aux-attachment-id-8622 aux-preload aux-has-preview\"\n                                                alt=\"\"\n                                                data-src=\"https:\/\/meeteu.eu\/wp-content\/uploads\/2022\/09\/Gahler-Visual.png\"\n                                                \/>\n                                            <\/div>\n                                        <\/div>\n\n                                        <header class=\"entry-header\">\n                                            <h4 class=\"entry-title\">\n                                                Der westliche Balkan: Die EU-Mitglieder von morgen? - Fortschritte und Herausforderungen im Beitrittsprozess                                            <\/h4>\n                                        <\/header>\n\n                                        <div class=\"entry-main\">\n                                            <div class=\"entry-info\">\n                                                <div class=\"event-date\">\n                                                                                                            <i class=\"fas fa-calendar-alt\"><\/i>&nbsp;\n                                                    \n                                                                                                            <span>1. September 2020<\/span>\n                                                                                                        \n                                                    \n                                                                                                                                                        <\/div>\n\n                                                                                            <\/div>\n\n                                            <div class=\"entry-content\">\n                                                <p>\n<p>Der westliche Balkan spielt die zentrale Rolle in den Erweiterungspl\u00e4nen der EU, aber wie wahrscheinlich ist es, dass die Beitrittsbedingungen in einer Region erf\u00fcllt werden k\u00f6nnen, in der andere globale Akteure zunehmend versuchen, ihre Interessen durchzusetzen?<\/p>\n\n\n\n<p>Sprechen wir dar\u00fcber mit Michael Gahler, MdEP und au\u00dfenpolitischer Sprecher der EVP<strong><\/strong><\/p>\n\n\n\n<p>Sprecher:<br>Michael Gahler, Mitglied des Europ\u00e4ischen Parlaments<\/p>\n<\/p>\n                                                <div class=\"clear\"><\/div>\n                                            <\/div>\n\n                                                                                    <\/div>\n                                    <\/article>\n                                <\/div>\n                            \n                                <div id=\"post-8625\" class=\"aux-col post-8625\">\n                                    <article class=\"post column-entry post-8625 event_listing type-event_listing status-expired has-post-thumbnail hentry\">\n                                        <div class=\"entry-media\">\n                                            <div class=\"aux-media-frame aux-media-image aux-image-mask\">\n                                                <img decoding=\"async\"\n                                                loading=\"lazy\"\n                                                src=\"https:\/\/meeteu.eu\/wp-content\/uploads\/2022\/09\/Brexit-Talk-Madeleina-Kay-360x360-1.png\"\n                                                class=\"aux-attachment aux-featured-image aux-attachment-id-8626 aux-preload aux-has-preview\"\n                                                alt=\"\"\n                                                data-src=\"https:\/\/meeteu.eu\/wp-content\/uploads\/2022\/09\/Brexit-Talk-Madeleina-Kay-360x360-1.png\"\n                                                \/>\n                                            <\/div>\n                                        <\/div>\n\n                                        <header class=\"entry-header\">\n                                            <h4 class=\"entry-title\">\n                                                Brexit-Gespr\u00e4ch mit #EUsupergirl Madeleina Kay                                            <\/h4>\n                                        <\/header>\n\n                                        <div class=\"entry-main\">\n                                            <div class=\"entry-info\">\n                                                <div class=\"event-date\">\n                                                                                                            <i class=\"fas fa-calendar-alt\"><\/i>&nbsp;\n                                                    \n                                                                                                            <span>4. August 2020<\/span>\n                                                                                                        \n                                                    \n                                                                                                                                                        <\/div>\n\n                                                                                            <\/div>\n\n                                            <div class=\"entry-content\">\n                                                <p>\n<p>Wie ist es, jung, pro-europ\u00e4isch und britisch zu sein, w\u00e4hrend das Vereinigte K\u00f6nigreich am 31. Januar 2020 offiziell die EU verl\u00e4sst? Der Austritt des Vereinigten K\u00f6nigreichs aus der EU, der allgemein als Brexit bekannt wurde, hat die britische Gesellschaft in vielerlei Hinsicht aufgew\u00fchlt. Im Zuge des Brexit wurde Madeleina Kay zu einer lautstarken pro-europ\u00e4ischen Aktivistin in ihrem Land, was ihr den Namen #EUSupergirl einbrachte.<\/p>\n\n\n\n<p>Am 4. August 2020 um 18:00 Uhr MESZ wird sie ihre Erfahrungen der letzten Jahre teilen und Ihnen den Brexit aus einem sehr pers\u00f6nlichen Blickwinkel zeigen.<\/p>\n<\/p>\n                                                <div class=\"clear\"><\/div>\n                                            <\/div>\n\n                                                                                    <\/div>\n                                    <\/article>\n                                <\/div>\n                            \n                                <div id=\"post-8627\" class=\"aux-col post-8627\">\n                                    <article class=\"post column-entry post-8627 event_listing type-event_listing status-expired has-post-thumbnail hentry\">\n                                        <div class=\"entry-media\">\n                                            <div class=\"aux-media-frame aux-media-image aux-image-mask\">\n                                                <img decoding=\"async\"\n                                                loading=\"lazy\"\n                                                src=\"https:\/\/meeteu.eu\/wp-content\/uploads\/2022\/09\/graph-7.png\"\n                                                class=\"aux-attachment aux-featured-image aux-attachment-id-8408 aux-preload aux-has-preview\"\n                                                alt=\"\"\n                                                data-src=\"https:\/\/meeteu.eu\/wp-content\/uploads\/2022\/09\/graph-7.png\"\n                                                \/>\n                                            <\/div>\n                                        <\/div>\n\n                                        <header class=\"entry-header\">\n                                            <h4 class=\"entry-title\">\n                                                Bewertung des europ\u00e4ischen Konjunktur- und Haushaltspakets - Ein halbvolles oder halbleeres Glas?                                            <\/h4>\n                                        <\/header>\n\n                                        <div class=\"entry-main\">\n                                            <div class=\"entry-info\">\n                                                <div class=\"event-date\">\n                                                                                                            <i class=\"fas fa-calendar-alt\"><\/i>&nbsp;\n                                                    \n                                                                                                            <span>21 Juli 2020<\/span>\n                                                                                                        \n                                                    \n                                                                                                                                                        <\/div>\n\n                                                                                            <\/div>\n\n                                            <div class=\"entry-content\">\n                                                <p><\/p>\n                                                <div class=\"clear\"><\/div>\n                                            <\/div>\n\n                                                                                    <\/div>\n                                    <\/article>\n                                <\/div>\n                            \n                                <div id=\"post-8628\" class=\"aux-col post-8628\">\n                                    <article class=\"post column-entry post-8628 event_listing type-event_listing status-expired has-post-thumbnail hentry\">\n                                        <div class=\"entry-media\">\n                                            <div class=\"aux-media-frame aux-media-image aux-image-mask\">\n                                                <img decoding=\"async\"\n                                                loading=\"lazy\"\n                                                src=\"https:\/\/meeteu.eu\/wp-content\/uploads\/2022\/09\/graph-15.png\"\n                                                class=\"aux-attachment aux-featured-image aux-attachment-id-8405 aux-preload aux-has-preview\"\n                                                alt=\"\"\n                                                data-src=\"https:\/\/meeteu.eu\/wp-content\/uploads\/2022\/09\/graph-15.png\"\n                                                \/>\n                                            <\/div>\n                                        <\/div>\n\n                                        <header class=\"entry-header\">\n                                            <h4 class=\"entry-title\">\n                                                Was Sie \u00fcber das Columbus-Labor und andere ESA-Projekte wissen m\u00fcssen                                            <\/h4>\n                                        <\/header>\n\n                                        <div class=\"entry-main\">\n                                            <div class=\"entry-info\">\n                                                <div class=\"event-date\">\n                                                                                                            <i class=\"fas fa-calendar-alt\"><\/i>&nbsp;\n                                                    \n                                                                                                            <span>14 Juli 2020<\/span>\n                                                                                                        \n                                                    \n                                                                                                                                                        <\/div>\n\n                                                                                            <\/div>\n\n                                            <div class=\"entry-content\">\n                                                <p>\n<p>Was macht Europa eigentlich im Weltraum? Was ist das Columbus-Modul? Und was ist die ESA?<\/p>\n\n\n\n<p>Sprecher:<br>Lucas, Deutsches Zentrum f\u00fcr Luft- und Raumfahrt (DLR)<\/p>\n<\/p>\n                                                <div class=\"clear\"><\/div>\n                                            <\/div>\n\n                                                                                    <\/div>\n                                    <\/article>\n                                <\/div>\n                            \n                                <div id=\"post-8539\" class=\"aux-col post-8539\">\n                                    <article class=\"post column-entry post-8539 event_listing type-event_listing status-expired has-post-thumbnail hentry\">\n                                        <div class=\"entry-media\">\n                                            <div class=\"aux-media-frame aux-media-image aux-image-mask\">\n                                                <img decoding=\"async\"\n                                                loading=\"lazy\"\n                                                src=\"https:\/\/meeteu.eu\/wp-content\/uploads\/2022\/09\/EU-Election-Proposal-1.jpg\"\n                                                class=\"aux-attachment aux-featured-image aux-attachment-id-8540 aux-preload aux-has-preview\"\n                                                alt=\"\"\n                                                data-src=\"https:\/\/meeteu.eu\/wp-content\/uploads\/2022\/09\/EU-Election-Proposal-1.jpg\"\n                                                \/>\n                                            <\/div>\n                                        <\/div>\n\n                                        <header class=\"entry-header\">\n                                            <h4 class=\"entry-title\">\n                                                EU-Wahlvorschlag - Wo stehen wir heute?                                            <\/h4>\n                                        <\/header>\n\n                                        <div class=\"entry-main\">\n                                            <div class=\"entry-info\">\n                                                <div class=\"event-date\">\n                                                                                                            <i class=\"fas fa-calendar-alt\"><\/i>&nbsp;\n                                                    \n                                                                                                            <span>13. Juli 2020<\/span>\n                                                                                                        \n                                                    \n                                                                                                                                                        <\/div>\n\n                                                                                            <\/div>\n\n                                            <div class=\"entry-content\">\n                                                <p>\n<p>Seit wir mit der Ausarbeitung des Vorschlags begonnen haben, ist viel passiert: ein Austausch mit dem Europaabgeordneten Daniel Freund, ein detailliertes Arbeitspapier, zahlreiche Diskussionen mit Ihnen und europ\u00e4ischen Rechtsexperten - wir sind auf einem guten Weg.<\/p>\n\n\n\n<p>Das Feedback hat uns die Frage aufgeworfen: Welche Rolle spielen die europ\u00e4ischen politischen Parteien in unserem Vorschlag? Reicht es aus, nur die europ\u00e4ischen Fraktionen zu betrachten? Wir suchen nach Antworten auf diese Fragen, und Sie k\u00f6nnen uns helfen, sie zu finden!<\/p>\n\n\n\n<p>Lesen Sie den Vorschlag und teilen Sie Ihre Meinung w\u00e4hrend der Veranstaltung mit.<\/p>\n<\/p>\n                                                <div class=\"clear\"><\/div>\n                                            <\/div>\n\n                                                                                    <\/div>\n                                    <\/article>\n                                <\/div>\n                            \n                                <div id=\"post-8629\" class=\"aux-col post-8629\">\n                                    <article class=\"post column-entry post-8629 event_listing type-event_listing status-expired has-post-thumbnail hentry\">\n                                        <div class=\"entry-media\">\n                                            <div class=\"aux-media-frame aux-media-image aux-image-mask\">\n                                                <img decoding=\"async\"\n                                                loading=\"lazy\"\n                                                src=\"https:\/\/meeteu.eu\/wp-content\/uploads\/2022\/09\/Visual_EN-MeetEU_Event_July7_16hrs-300x300-1.png\"\n                                                class=\"aux-attachment aux-featured-image aux-attachment-id-8630 aux-preload aux-has-preview\"\n                                                alt=\"\"\n                                                data-src=\"https:\/\/meeteu.eu\/wp-content\/uploads\/2022\/09\/Visual_EN-MeetEU_Event_July7_16hrs-300x300-1.png\"\n                                                \/>\n                                            <\/div>\n                                        <\/div>\n\n                                        <header class=\"entry-header\">\n                                            <h4 class=\"entry-title\">\n                                                Deutsche Ratspr\u00e4sidentschaft in der EU                                            <\/h4>\n                                        <\/header>\n\n                                        <div class=\"entry-main\">\n                                            <div class=\"entry-info\">\n                                                <div class=\"event-date\">\n                                                                                                            <i class=\"fas fa-calendar-alt\"><\/i>&nbsp;\n                                                    \n                                                                                                            <span>7. Juli 2020<\/span>\n                                                                                                        \n                                                    \n                                                                                                                                                        <\/div>\n\n                                                                                            <\/div>\n\n                                            <div class=\"entry-content\">\n                                                <p>\n<p>Deutschland wird ab dem 1. Juli 2020 die rotierende EU-Ratspr\u00e4sidentschaft innehaben. Viele dr\u00e4ngende Themen m\u00fcssen gel\u00f6st werden, wie der Brexit, der langfristige Haushalt der EU und die Folgen der Coronavirus-Pandemie. Was k\u00f6nnte es f\u00fcr Deutschland bedeuten, den Vorsitz im Rat der EU zu \u00fcbernehmen? Wie kann es die Pr\u00e4sidentschaft gestalten? Wer ist daran beteiligt? Was wird wichtig sein?<\/p>\n\n\n\n<p>Sprecher:<br>Thilo, Pressereferent im Verbindungsb\u00fcro des Europ\u00e4ischen Parlaments in Berlin<\/p>\n<\/p>\n                                                <div class=\"clear\"><\/div>\n                                            <\/div>\n\n                                                                                    <\/div>\n                                    <\/article>\n                                <\/div>\n                            \n                                <div id=\"post-8631\" class=\"aux-col post-8631\">\n                                    <article class=\"post column-entry post-8631 event_listing type-event_listing status-expired has-post-thumbnail hentry\">\n                                        <div class=\"entry-media\">\n                                            <div class=\"aux-media-frame aux-media-image aux-image-mask\">\n                                                <img decoding=\"async\"\n                                                loading=\"lazy\"\n                                                src=\"https:\/\/meeteu.eu\/wp-content\/uploads\/2022\/09\/graph-14.png\"\n                                                class=\"aux-attachment aux-featured-image aux-attachment-id-8404 aux-preload aux-has-preview\"\n                                                alt=\"\"\n                                                data-src=\"https:\/\/meeteu.eu\/wp-content\/uploads\/2022\/09\/graph-14.png\"\n                                                \/>\n                                            <\/div>\n                                        <\/div>\n\n                                        <header class=\"entry-header\">\n                                            <h4 class=\"entry-title\">\n                                                Akademiker der ersten Generation als europ\u00e4ische Br\u00fcckenbauer? - Warum soziale Vielfalt in den EU-Institutionen wichtig ist                                            <\/h4>\n                                        <\/header>\n\n                                        <div class=\"entry-main\">\n                                            <div class=\"entry-info\">\n                                                <div class=\"event-date\">\n                                                                                                            <i class=\"fas fa-calendar-alt\"><\/i>&nbsp;\n                                                    \n                                                                                                            <span>30 Juni 2020<\/span>\n                                                                                                        \n                                                    \n                                                                                                                                                        <\/div>\n\n                                                                                            <\/div>\n\n                                            <div class=\"entry-content\">\n                                                <p>\n<p>Menschen mit Migrationshintergrund und solche aus Nicht-Akademiker-Familien sind in der Arbeitswelt der EU auffallend unterrepr\u00e4sentiert. Die Initiative \"ArbeiterKind Br\u00fcssel\" will mehr Akademikerinnen und Akademiker der ersten Generation ermutigen, in Br\u00fcssel zu studieren oder zu arbeiten, und gleichzeitig das Bewusstsein im Europaviertel f\u00fcr ihre besonderen F\u00e4higkeiten und Qualit\u00e4ten sch\u00e4rfen - zum Beispiel als Botschafter der europ\u00e4ischen Idee, die EU-Angelegenheiten f\u00fcr breitere Teile der Gesellschaft verst\u00e4ndlich erkl\u00e4ren k\u00f6nnen.<\/p>\n\n\n\n<p>Sprecher:<br>Benedikt von der Initiative \"ArbeiterKind Br\u00fcssel\" (w\u00f6rtlich: \"Arbeiterkind Br\u00fcssel\").<\/p>\n<\/p>\n                                                <div class=\"clear\"><\/div>\n                                            <\/div>\n\n                                                                                    <\/div>\n                                    <\/article>\n                                <\/div>\n                            \n                                <div id=\"post-8632\" class=\"aux-col post-8632\">\n                                    <article class=\"post column-entry post-8632 event_listing type-event_listing status-expired has-post-thumbnail hentry\">\n                                        <div class=\"entry-media\">\n                                            <div class=\"aux-media-frame aux-media-image aux-image-mask\">\n                                                <img decoding=\"async\"\n                                                loading=\"lazy\"\n                                                src=\"https:\/\/meeteu.eu\/wp-content\/uploads\/2022\/09\/graph-12.png\"\n                                                class=\"aux-attachment aux-featured-image aux-attachment-id-8402 aux-preload aux-has-preview\"\n                                                alt=\"\"\n                                                data-src=\"https:\/\/meeteu.eu\/wp-content\/uploads\/2022\/09\/graph-12.png\"\n                                                \/>\n                                            <\/div>\n                                        <\/div>\n\n                                        <header class=\"entry-header\">\n                                            <h4 class=\"entry-title\">\n                                                Lage der Justiz in Polen                                            <\/h4>\n                                        <\/header>\n\n                                        <div class=\"entry-main\">\n                                            <div class=\"entry-info\">\n                                                <div class=\"event-date\">\n                                                                                                            <i class=\"fas fa-calendar-alt\"><\/i>&nbsp;\n                                                    \n                                                                                                            <span>24 Juni 2020<\/span>\n                                                                                                        \n                                                    \n                                                                                                                                                        <\/div>\n\n                                                                                            <\/div>\n\n                                            <div class=\"entry-content\">\n                                                <p>\n<p>Lassen Sie uns gemeinsam analysieren: Wo stehen wir? Wie sind wir dorthin gekommen?<\/p>\n\n\n\n<p>Sprecher:<br>Klaus, Pulse of Europe<\/p>\n<\/p>\n                                                <div class=\"clear\"><\/div>\n                                            <\/div>\n\n                                                                                    <\/div>\n                                    <\/article>\n                                <\/div>\n                            \n                                <div id=\"post-8633\" class=\"aux-col post-8633\">\n                                    <article class=\"post column-entry post-8633 event_listing type-event_listing status-expired has-post-thumbnail hentry\">\n                                        <div class=\"entry-media\">\n                                            <div class=\"aux-media-frame aux-media-image aux-image-mask\">\n                                                <img decoding=\"async\"\n                                                loading=\"lazy\"\n                                                src=\"https:\/\/meeteu.eu\/wp-content\/uploads\/2022\/09\/graph-14.png\"\n                                                class=\"aux-attachment aux-featured-image aux-attachment-id-8404 aux-preload aux-has-preview\"\n                                                alt=\"\"\n                                                data-src=\"https:\/\/meeteu.eu\/wp-content\/uploads\/2022\/09\/graph-14.png\"\n                                                \/>\n                                            <\/div>\n                                        <\/div>\n\n                                        <header class=\"entry-header\">\n                                            <h4 class=\"entry-title\">\n                                                Das EU-Immunsystem: Das Vertragsverletzungsverfahren Wie funktioniert es? Funktioniert es?                                            <\/h4>\n                                        <\/header>\n\n                                        <div class=\"entry-main\">\n                                            <div class=\"entry-info\">\n                                                <div class=\"event-date\">\n                                                                                                            <i class=\"fas fa-calendar-alt\"><\/i>&nbsp;\n                                                    \n                                                                                                            <span>16 Juni 2020<\/span>\n                                                                                                        \n                                                    \n                                                                                                                                                        <\/div>\n\n                                                                                            <\/div>\n\n                                            <div class=\"entry-content\">\n                                                <p>\n<p>Sie haben keine Ahnung, wovon wir sprechen? Na toll! Sie sollten auf jeden Fall an unserem Gespr\u00e4ch n\u00e4chste Woche teilnehmen;)<\/p>\n\n\n\n<p>Sprecher:<br>Klaus, Pulse of Europe<\/p>\n<\/p>\n                                                <div class=\"clear\"><\/div>\n                                            <\/div>\n\n                                                                                    <\/div>\n                                    <\/article>\n                                <\/div>\n                            \n                                <div id=\"post-8634\" class=\"aux-col post-8634\">\n                                    <article class=\"post column-entry post-8634 event_listing type-event_listing status-expired has-post-thumbnail hentry\">\n                                        <div class=\"entry-media\">\n                                            <div class=\"aux-media-frame aux-media-image aux-image-mask\">\n                                                <img decoding=\"async\"\n                                                loading=\"lazy\"\n                                                src=\"https:\/\/meeteu.eu\/wp-content\/uploads\/2022\/09\/graph-12.png\"\n                                                class=\"aux-attachment aux-featured-image aux-attachment-id-8402 aux-preload aux-has-preview\"\n                                                alt=\"\"\n                                                data-src=\"https:\/\/meeteu.eu\/wp-content\/uploads\/2022\/09\/graph-12.png\"\n                                                \/>\n                                            <\/div>\n                                        <\/div>\n\n                                        <header class=\"entry-header\">\n                                            <h4 class=\"entry-title\">\n                                                Karrierem\u00f6glichkeiten bei den Europ\u00e4ischen Institutionen                                            <\/h4>\n                                        <\/header>\n\n                                        <div class=\"entry-main\">\n                                            <div class=\"entry-info\">\n                                                <div class=\"event-date\">\n                                                                                                            <i class=\"fas fa-calendar-alt\"><\/i>&nbsp;\n                                                    \n                                                                                                            <span>9 Juni 2020<\/span>\n                                                                                                        \n                                                    \n                                                                                                                                                        <\/div>\n\n                                                                                            <\/div>\n\n                                            <div class=\"entry-content\">\n                                                <p>\n<p>Wenn Sie sich f\u00fcr eine Karriere bei den EU-Institutionen interessieren, sollten Sie unbedingt zu uns in den Talkroom 1 kommen.<\/p>\n\n\n\n<p>Sprecher:<br>Jill (PR-Referentin), Astrid (PR-Referentin) und Annika (Praktikantin) vom Verbindungsb\u00fcro des Europ\u00e4ischen Parlaments in Berlin<\/p>\n<\/p>\n                                                <div class=\"clear\"><\/div>\n                                            <\/div>\n\n                                                                                    <\/div>\n                                    <\/article>\n                                <\/div>\n                            \n                                <div id=\"post-8635\" class=\"aux-col post-8635\">\n                                    <article class=\"post column-entry post-8635 event_listing type-event_listing status-expired has-post-thumbnail hentry\">\n                                        <div class=\"entry-media\">\n                                            <div class=\"aux-media-frame aux-media-image aux-image-mask\">\n                                                <img decoding=\"async\"\n                                                loading=\"lazy\"\n                                                src=\"https:\/\/meeteu.eu\/wp-content\/uploads\/2022\/09\/graph-6.png\"\n                                                class=\"aux-attachment aux-featured-image aux-attachment-id-8407 aux-preload aux-has-preview\"\n                                                alt=\"\"\n                                                data-src=\"https:\/\/meeteu.eu\/wp-content\/uploads\/2022\/09\/graph-6.png\"\n                                                \/>\n                                            <\/div>\n                                        <\/div>\n\n                                        <header class=\"entry-header\">\n                                            <h4 class=\"entry-title\">\n                                                Wie kann die Europ\u00e4ische Union gleiche Bildung f\u00fcr alle erm\u00f6glichen?                                            <\/h4>\n                                        <\/header>\n\n                                        <div class=\"entry-main\">\n                                            <div class=\"entry-info\">\n                                                <div class=\"event-date\">\n                                                                                                            <i class=\"fas fa-calendar-alt\"><\/i>&nbsp;\n                                                    \n                                                                                                            <span>26 Mai 2020<\/span>\n                                                                                                        \n                                                    \n                                                                                                                                                        <\/div>\n\n                                                                                            <\/div>\n\n                                            <div class=\"entry-content\">\n                                                <p>\n<p>Armut und soziale Ausgrenzung berauben viele europ\u00e4ische Kinder ihrer Bildungschancen. Was kann die Europ\u00e4ische Union tun, um jedem Kind einen fairen Start ins Leben zu garantieren? Wie kann sie den Zugang zur Hochschulbildung f\u00fcr alle sicherstellen?<\/p>\n\n\n\n<p>Sprecher:<br>Moritz Wille, Gymnasiast in Deutschland<\/p>\n<\/p>\n                                                <div class=\"clear\"><\/div>\n                                            <\/div>\n\n                                                                                    <\/div>\n                                    <\/article>\n                                <\/div>\n                            \n                                <div id=\"post-8636\" class=\"aux-col post-8636\">\n                                    <article class=\"post column-entry post-8636 event_listing type-event_listing status-expired has-post-thumbnail hentry\">\n                                        <div class=\"entry-media\">\n                                            <div class=\"aux-media-frame aux-media-image aux-image-mask\">\n                                                <img decoding=\"async\"\n                                                loading=\"lazy\"\n                                                src=\"https:\/\/meeteu.eu\/wp-content\/uploads\/2022\/09\/graph-7.png\"\n                                                class=\"aux-attachment aux-featured-image aux-attachment-id-8408 aux-preload aux-has-preview\"\n                                                alt=\"\"\n                                                data-src=\"https:\/\/meeteu.eu\/wp-content\/uploads\/2022\/09\/graph-7.png\"\n                                                \/>\n                                            <\/div>\n                                        <\/div>\n\n                                        <header class=\"entry-header\">\n                                            <h4 class=\"entry-title\">\n                                                Fakten\u00fcbersicht \u00fcber die finanzielle Reaktion der EU auf die Corona-Krise                                            <\/h4>\n                                        <\/header>\n\n                                        <div class=\"entry-main\">\n                                            <div class=\"entry-info\">\n                                                <div class=\"event-date\">\n                                                                                                            <i class=\"fas fa-calendar-alt\"><\/i>&nbsp;\n                                                    \n                                                                                                            <span>19 Mai 2020<\/span>\n                                                                                                        \n                                                    \n                                                                                                                                                        <\/div>\n\n                                                                                            <\/div>\n\n                                            <div class=\"entry-content\">\n                                                <p>\n<p>Nach dem Vortrag k\u00f6nnen Sie Fragen stellen und mit uns dar\u00fcber diskutieren, wie wir die wirtschaftlichen Auswirkungen bek\u00e4mpfen k\u00f6nnen, welche langfristige Konjunkturstrategie wir brauchen und ob es eine Ausgabenkontrolle auf EU-Ebene geben sollte.<\/p>\n\n\n\n<p>Sprecher:<br>Willemijn de Jong, PR-Beauftragter und ehemaliger Beamter im Sekretariat des Wirtschafts- und W\u00e4hrungsausschusses (ECON) des Europ\u00e4ischen Parlaments, Niederlande<\/p>\n<\/p>\n                                                <div class=\"clear\"><\/div>\n                                            <\/div>\n\n                                                                                    <\/div>\n                                    <\/article>\n                                <\/div>\n                            \n                                <div id=\"post-8637\" class=\"aux-col post-8637\">\n                                    <article class=\"post column-entry post-8637 event_listing type-event_listing status-expired has-post-thumbnail hentry\">\n                                        <div class=\"entry-media\">\n                                            <div class=\"aux-media-frame aux-media-image aux-image-mask\">\n                                                <img decoding=\"async\"\n                                                loading=\"lazy\"\n                                                src=\"https:\/\/meeteu.eu\/wp-content\/uploads\/2022\/09\/graph-15.png\"\n                                                class=\"aux-attachment aux-featured-image aux-attachment-id-8405 aux-preload aux-has-preview\"\n                                                alt=\"\"\n                                                data-src=\"https:\/\/meeteu.eu\/wp-content\/uploads\/2022\/09\/graph-15.png\"\n                                                \/>\n                                            <\/div>\n                                        <\/div>\n\n                                        <header class=\"entry-header\">\n                                            <h4 class=\"entry-title\">\n                                                Die Herausforderung, die Pandemie und ihre wirtschaftlichen Auswirkungen gemeinsam zu bew\u00e4ltigen                                            <\/h4>\n                                        <\/header>\n\n                                        <div class=\"entry-main\">\n                                            <div class=\"entry-info\">\n                                                <div class=\"event-date\">\n                                                                                                            <i class=\"fas fa-calendar-alt\"><\/i>&nbsp;\n                                                    \n                                                                                                            <span>12 Mai 2020<\/span>\n                                                                                                        \n                                                    \n                                                                                                                                                        <\/div>\n\n                                                                                            <\/div>\n\n                                            <div class=\"entry-content\">\n                                                <p>\n<p>Um Ihnen einige Hintergrundinformationen zu geben: Am 19. Mai (18:00 Uhr MEZ) werden wir die exklusive Gelegenheit haben, mit Willemijn de Jong, PR-Beauftragter, Verbindungsb\u00fcro des Europ\u00e4ischen Parlaments in den Niederlanden, \u00fcber die finanzielle Reaktion der EU auf die Corona-Krise zu sprechen. In Vorbereitung auf diese Veranstaltung wollen wir herausfinden, was unserer Meinung nach die wichtigsten Fragen sind, damit wir von der Verf\u00fcgbarkeit dieses EU-PR-Beauftragten wirklich profitieren k\u00f6nnen.<\/p>\n<\/p>\n                                                <div class=\"clear\"><\/div>\n                                            <\/div>\n\n                                                                                    <\/div>\n                                    <\/article>\n                                <\/div>\n                            \n                                <div id=\"post-8638\" class=\"aux-col post-8638\">\n                                    <article class=\"post column-entry post-8638 event_listing type-event_listing status-expired has-post-thumbnail hentry\">\n                                        <div class=\"entry-media\">\n                                            <div class=\"aux-media-frame aux-media-image aux-image-mask\">\n                                                <img decoding=\"async\"\n                                                loading=\"lazy\"\n                                                src=\"https:\/\/meeteu.eu\/wp-content\/uploads\/2022\/09\/graph-14.png\"\n                                                class=\"aux-attachment aux-featured-image aux-attachment-id-8404 aux-preload aux-has-preview\"\n                                                alt=\"\"\n                                                data-src=\"https:\/\/meeteu.eu\/wp-content\/uploads\/2022\/09\/graph-14.png\"\n                                                \/>\n                                            <\/div>\n                                        <\/div>\n\n                                        <header class=\"entry-header\">\n                                            <h4 class=\"entry-title\">\n                                                Sehen und Ver\u00e4ndern \/ Buchlesung mit Leonhard Hepermann                                            <\/h4>\n                                        <\/header>\n\n                                        <div class=\"entry-main\">\n                                            <div class=\"entry-info\">\n                                                <div class=\"event-date\">\n                                                                                                            <i class=\"fas fa-calendar-alt\"><\/i>&nbsp;\n                                                    \n                                                                                                            <span>7 Mai 2020<\/span>\n                                                                                                        \n                                                    \n                                                                                                                                                        <\/div>\n\n                                                                                            <\/div>\n\n                                            <div class=\"entry-content\">\n                                                <p>\n<p>Sprecher:<br>Leonard Hepermann, ein junger deutscher together.eu-Freiwilliger. In seinem Buch geht es um die Frage: Wie soll das neue Europa aussehen? Wie schaffen wir den \u00f6kologischen Wandel? Nach der Lesung k\u00f6nnen Sie Fragen an Leonhard stellen und \u00fcber Visionen f\u00fcr ein zuk\u00fcnftiges Europa diskutieren.<\/p>\n<\/p>\n                                                <div class=\"clear\"><\/div>\n                                            <\/div>\n\n                                                                                    <\/div>\n                                    <\/article>\n                                <\/div>\n                            \n                                <div id=\"post-8639\" class=\"aux-col post-8639\">\n                                    <article class=\"post column-entry post-8639 event_listing type-event_listing status-expired has-post-thumbnail hentry\">\n                                        <div class=\"entry-media\">\n                                            <div class=\"aux-media-frame aux-media-image aux-image-mask\">\n                                                <img decoding=\"async\"\n                                                loading=\"lazy\"\n                                                src=\"https:\/\/meeteu.eu\/wp-content\/uploads\/2022\/09\/graph-13.png\"\n                                                class=\"aux-attachment aux-featured-image aux-attachment-id-8403 aux-preload aux-has-preview\"\n                                                alt=\"\"\n                                                data-src=\"https:\/\/meeteu.eu\/wp-content\/uploads\/2022\/09\/graph-13.png\"\n                                                \/>\n                                            <\/div>\n                                        <\/div>\n\n                                        <header class=\"entry-header\">\n                                            <h4 class=\"entry-title\">\n                                                Coronavirus-App - was ist in Ihrem Land los?                                            <\/h4>\n                                        <\/header>\n\n                                        <div class=\"entry-main\">\n                                            <div class=\"entry-info\">\n                                                <div class=\"event-date\">\n                                                                                                            <i class=\"fas fa-calendar-alt\"><\/i>&nbsp;\n                                                    \n                                                                                                            <span>5 Mai 2020<\/span>\n                                                                                                        \n                                                    \n                                                                                                                                                        <\/div>\n\n                                                                                            <\/div>\n\n                                            <div class=\"entry-content\">\n                                                <p>\n<p>Mehrere EU-Mitgliedstaaten entwickeln derzeit Smartphone-Apps, um die Verbreitung von Covid-19 zu verfolgen. Sagen Sie uns, wie die Situation in Ihrem Heimatland ist? Sollte die App obligatorisch oder freiwillig sein? Wie steht es um den Datenschutz und die \u00f6ffentliche Gesundheit? Wird es Europa gelingen, einen gemeinsamen Standard durchzusetzen?<\/p>\n\n\n\n<p>Einf\u00fchrung von Klaus, Pulse of Europe<\/p>\n<\/p>\n                                                <div class=\"clear\"><\/div>\n                                            <\/div>\n\n                                                                                    <\/div>\n                                    <\/article>\n                                <\/div>\n                            \n                                <div id=\"post-8640\" class=\"aux-col post-8640\">\n                                    <article class=\"post column-entry post-8640 event_listing type-event_listing status-expired has-post-thumbnail hentry\">\n                                        <div class=\"entry-media\">\n                                            <div class=\"aux-media-frame aux-media-image aux-image-mask\">\n                                                <img decoding=\"async\"\n                                                loading=\"lazy\"\n                                                src=\"https:\/\/meeteu.eu\/wp-content\/uploads\/2022\/09\/graph-12.png\"\n                                                class=\"aux-attachment aux-featured-image aux-attachment-id-8402 aux-preload aux-has-preview\"\n                                                alt=\"\"\n                                                data-src=\"https:\/\/meeteu.eu\/wp-content\/uploads\/2022\/09\/graph-12.png\"\n                                                \/>\n                                            <\/div>\n                                        <\/div>\n\n                                        <header class=\"entry-header\">\n                                            <h4 class=\"entry-title\">\n                                                Die Pandemie als Neuanfang f\u00fcr ein klimafreundlicheres Europa?                                            <\/h4>\n                                        <\/header>\n\n                                        <div class=\"entry-main\">\n                                            <div class=\"entry-info\">\n                                                <div class=\"event-date\">\n                                                                                                            <i class=\"fas fa-calendar-alt\"><\/i>&nbsp;\n                                                    \n                                                                                                            <span>28. April 2020<\/span>\n                                                                                                        \n                                                    \n                                                                                                                                                        <\/div>\n\n                                                                                            <\/div>\n\n                                            <div class=\"entry-content\">\n                                                <p>\n<p>Sprecher:<br>Lars, Bachelor-Student Europ\u00e4ische Studien, Niederlande<\/p>\n<\/p>\n                                                <div class=\"clear\"><\/div>\n                                            <\/div>\n\n                                                                                    <\/div>\n                                    <\/article>\n                                <\/div>\n                            \n                                <div id=\"post-8491\" class=\"aux-col post-8491\">\n                                    <article class=\"post column-entry post-8491 event_listing type-event_listing status-expired has-post-thumbnail hentry\">\n                                        <div class=\"entry-media\">\n                                            <div class=\"aux-media-frame aux-media-image aux-image-mask\">\n                                                <img decoding=\"async\"\n                                                loading=\"lazy\"\n                                                src=\"https:\/\/meeteu.eu\/wp-content\/uploads\/2022\/09\/graph-7.png\"\n                                                class=\"aux-attachment aux-featured-image aux-attachment-id-8408 aux-preload aux-has-preview\"\n                                                alt=\"\"\n                                                data-src=\"https:\/\/meeteu.eu\/wp-content\/uploads\/2022\/09\/graph-7.png\"\n                                                \/>\n                                            <\/div>\n                                        <\/div>\n\n                                        <header class=\"entry-header\">\n                                            <h4 class=\"entry-title\">\n                                                Die Pandemie als Neuanfang f\u00fcr ein klimafreundlicheres Europa?                                            <\/h4>\n                                        <\/header>\n\n                                        <div class=\"entry-main\">\n                                            <div class=\"entry-info\">\n                                                <div class=\"event-date\">\n                                                                                                            <i class=\"fas fa-calendar-alt\"><\/i>&nbsp;\n                                                    \n                                                                                                            <span>28. April 2020<\/span>\n                                                                                                        \n                                                    \n                                                                                                                                                        <\/div>\n\n                                                                                            <\/div>\n\n                                            <div class=\"entry-content\">\n                                                <p>\n<p>Sprecher:<br>Lars, Bachelor-Student Europ\u00e4ische Studien, Niederlande<\/p>\n<\/p>\n                                                <div class=\"clear\"><\/div>\n                                            <\/div>\n\n                                                                                    <\/div>\n                                    <\/article>\n                                <\/div>\n                            \n                                <div id=\"post-8641\" class=\"aux-col post-8641\">\n                                    <article class=\"post column-entry post-8641 event_listing type-event_listing status-expired has-post-thumbnail hentry\">\n                                        <div class=\"entry-media\">\n                                            <div class=\"aux-media-frame aux-media-image aux-image-mask\">\n                                                <img decoding=\"async\"\n                                                loading=\"lazy\"\n                                                src=\"https:\/\/meeteu.eu\/wp-content\/uploads\/2022\/09\/graph-6.png\"\n                                                class=\"aux-attachment aux-featured-image aux-attachment-id-8407 aux-preload aux-has-preview\"\n                                                alt=\"\"\n                                                data-src=\"https:\/\/meeteu.eu\/wp-content\/uploads\/2022\/09\/graph-6.png\"\n                                                \/>\n                                            <\/div>\n                                        <\/div>\n\n                                        <header class=\"entry-header\">\n                                            <h4 class=\"entry-title\">\n                                                Wie europ\u00e4isch f\u00fchlen Sie sich?                                            <\/h4>\n                                        <\/header>\n\n                                        <div class=\"entry-main\">\n                                            <div class=\"entry-info\">\n                                                <div class=\"event-date\">\n                                                                                                            <i class=\"fas fa-calendar-alt\"><\/i>&nbsp;\n                                                    \n                                                                                                            <span>26. April 2020<\/span>\n                                                                                                        \n                                                    \n                                                                                                                                                        <\/div>\n\n                                                                                                    <div class=\"event-location\">\n                                                                                                                    <i class=\"fas fa-thumbtack\"><\/i>&nbsp;\n                                                            <span>Virtuelle Veranstaltung auf Zoom<\/span>\n                                                                                                            <\/div>\n\n                                                    <div class=\"event-language\">\n                                                                                                                    <i class=\"fas fa-globe\"><\/i>&nbsp;\n                                                            <span>Auf Englisch, mit mehrsprachigen Untertiteln<\/span>\n                                                                                                            <\/div>\n                                                                                            <\/div>\n\n                                            <div class=\"entry-content\">\n                                                <p>\n<p>Die meisten von uns auf diesem Server sind europ\u00e4ische B\u00fcrger - aber was bedeutet es, sich als Europ\u00e4er zu f\u00fchlen? Holt euch ein kaltes Getr\u00e4nk (oder einen hei\u00dfen Kaffee) und sagt es uns.<\/p>\n<\/p>\n                                                <div class=\"clear\"><\/div>\n                                            <\/div>\n\n                                                                                    <\/div>\n                                    <\/article>\n                                <\/div>\n                            \n                                <div id=\"post-8647\" class=\"aux-col post-8647\">\n                                    <article class=\"post column-entry post-8647 event_listing type-event_listing status-expired has-post-thumbnail hentry\">\n                                        <div class=\"entry-media\">\n                                            <div class=\"aux-media-frame aux-media-image aux-image-mask\">\n                                                <img decoding=\"async\"\n                                                loading=\"lazy\"\n                                                src=\"https:\/\/meeteu.eu\/wp-content\/uploads\/2022\/09\/graph-13.png\"\n                                                class=\"aux-attachment aux-featured-image aux-attachment-id-8403 aux-preload aux-has-preview\"\n                                                alt=\"\"\n                                                data-src=\"https:\/\/meeteu.eu\/wp-content\/uploads\/2022\/09\/graph-13.png\"\n                                                \/>\n                                            <\/div>\n                                        <\/div>\n\n                                        <header class=\"entry-header\">\n                                            <h4 class=\"entry-title\">\n                                                ERASMUS und Covid-19 - Ihre Fragen bitte!                                            <\/h4>\n                                        <\/header>\n\n                                        <div class=\"entry-main\">\n                                            <div class=\"entry-info\">\n                                                <div class=\"event-date\">\n                                                                                                            <i class=\"fas fa-calendar-alt\"><\/i>&nbsp;\n                                                    \n                                                                                                            <span>21. April 2020<\/span>\n                                                                                                        \n                                                    \n                                                                                                                                                        <\/div>\n\n                                                                                            <\/div>\n\n                                            <div class=\"entry-content\">\n                                                <p>\n<p>\"Ich wollte diesen Sommer zu ERASMUS gehen - kann ich das Land verlassen?\" - \"Ich habe meine Reise bereits gebucht, um mein ERASMUS-Semester zu beginnen - aber mein Gastland hat seine Grenzen geschlossen. Bekomme ich mein Geld zur\u00fcck?\" ERASMUS in Zeiten des Coronavirus wirft viele Fragen auf.<\/p>\n\n\n\n<p>Sprecher:<br>Michel Boehm vom ERASMUS-Studentennetzwerk Deutschland (ESN)<\/p>\n<\/p>\n                                                <div class=\"clear\"><\/div>\n                                            <\/div>\n\n                                                                                    <\/div>\n                                    <\/article>\n                                <\/div>\n                                                    <\/div>\n                        <\/section>\n                        <!-- widget-container -->\n                    <\/div>\n                <\/div>\n            <\/div>\n            <\/div>\n        <\/div>\n    <\/div>\n<\/div>\n\n<\/div>\n\t\t\t\t\t\t<\/div>\n\t\t\t\t<\/div>\n\t\t\t\t\t<\/div>\n\t\t<\/div>\n\t\t\t\t\t<\/div>\n\t\t<\/section>\n\t\t\t\t<section class=\"elementor-section elementor-top-section elementor-element elementor-element-06bc852 elementor-section-boxed elementor-section-height-default elementor-section-height-default\" data-id=\"06bc852\" data-element_type=\"section\">\n\t\t\t\t\t\t<div class=\"elementor-container elementor-column-gap-default\">\n\t\t\t\t\t<div class=\"aux-parallax-section elementor-column elementor-col-100 elementor-top-column elementor-element elementor-element-4727587\" data-id=\"4727587\" data-element_type=\"column\">\n\t\t\t<div class=\"elementor-widget-wrap elementor-element-populated\">\n\t\t\t\t\t\t<div class=\"elementor-element elementor-element-db68fd3 elementor-widget elementor-widget-aux_modern_button\" data-id=\"db68fd3\" data-element_type=\"widget\" data-widget_type=\"aux_modern_button.default\">\n\t\t\t\t<div class=\"elementor-widget-container\">\n\t\t\t\t\t    <div class=\"aux-modern-button-wrapper aux-modern-button-align-center\" >\n                    <a class=\"aux-modern-button aux-white aux-modern-button-md aux-modern-button-normal aux-modern-button-default aux-icon-left\" href=\"https:\/\/meeteu.eu\/de\/events\/\">\n                <div class=\"aux-overlay\"><\/div>\n                                    <div class=\"aux-icon\">\n                        <i aria-hidden=\"true\" class=\"fas fa-archive\"><\/i>                    <\/div>\n                                <div class=\"aux-text\">\n<span class=\"aux-text-before\">Gehe zu Aktuelle Ereignisse<\/span>                <\/div>\n            <\/a>\n            \n    <\/div>\n\n    \t\t\t\t<\/div>\n\t\t\t\t<\/div>\n\t\t\t\t\t<\/div>\n\t\t<\/div>\n\t\t\t\t\t<\/div>\n\t\t<\/section>\n\t\t\t\t<\/div>","protected":false},"excerpt":{"rendered":"<p>Gehe zu Aktuelle Ereignisse<\/p>","protected":false},"author":1,"featured_media":0,"parent":0,"menu_order":0,"comment_status":"closed","ping_status":"closed","template":"","meta":{"iawp_total_views":0,"footnotes":""},"class_list":["post-8203","page","type-page","status-publish","hentry"],"_links":{"self":[{"href":"https:\/\/meeteu.eu\/de\/wp-json\/wp\/v2\/pages\/8203","targetHints":{"allow":["GET"]}}],"collection":[{"href":"https:\/\/meeteu.eu\/de\/wp-json\/wp\/v2\/pages"}],"about":[{"href":"https:\/\/meeteu.eu\/de\/wp-json\/wp\/v2\/types\/page"}],"author":[{"embeddable":true,"href":"https:\/\/meeteu.eu\/de\/wp-json\/wp\/v2\/users\/1"}],"replies":[{"embeddable":true,"href":"https:\/\/meeteu.eu\/de\/wp-json\/wp\/v2\/comments?post=8203"}],"version-history":[{"count":0,"href":"https:\/\/meeteu.eu\/de\/wp-json\/wp\/v2\/pages\/8203\/revisions"}],"wp:attachment":[{"href":"https:\/\/meeteu.eu\/de\/wp-json\/wp\/v2\/media?parent=8203"}],"curies":[{"name":"wp","href":"https:\/\/api.w.org\/{rel}","templated":true}]}}