{"id":12306,"date":"2025-05-23T22:49:17","date_gmt":"2025-05-23T20:49:17","guid":{"rendered":"https:\/\/meeteu.eu\/?post_type=event_listing&#038;p=12306"},"modified":"2025-06-30T14:18:03","modified_gmt":"2025-06-30T12:18:03","slug":"turkiye-and-the-european-union-2025-and-beyond","status":"expired","type":"event_listing","link":"https:\/\/meeteu.eu\/de\/veranstaltung\/turkiye-and-the-european-union-2025-and-beyond\/","title":{"rendered":"T\u00fcrkiye und die Europ\u00e4ische Union: 2025 und dar\u00fcber hinaus"},"content":{"rendered":"<p>W\u00e4hrend sich die globale Dynamik weiterentwickelt, beginnt f\u00fcr die Beziehungen zwischen der T\u00fcrkei und der Europ\u00e4ischen Union ein neues Kapitel. Welche Kr\u00e4fte werden diese n\u00e4chste Phase pr\u00e4gen? <br><br>Nimm an einer Diskussion \u00fcber die Gegenwart und Zukunft der Beziehungen zwischen der T\u00fcrkei und der EU teil, die aus politischer, wirtschaftlicher und sozialer Sicht beleuchtet wird. Co\u015fkun Soysal von der Universit\u00e4t Gaziantep (GAUN) wird wertvolle Einblicke in diese wichtige Partnerschaft geben.<\/p>","protected":false},"featured_media":12307,"template":"","meta":{"iawp_total_views":0},"event_listing_category":[],"event_listing_type":[],"class_list":["post-12306","event_listing","type-event_listing","status-expired","has-post-thumbnail","hentry"],"_links":{"self":[{"href":"https:\/\/meeteu.eu\/de\/wp-json\/wp\/v2\/event_listing\/12306","targetHints":{"allow":["GET"]}}],"collection":[{"href":"https:\/\/meeteu.eu\/de\/wp-json\/wp\/v2\/event_listing"}],"about":[{"href":"https:\/\/meeteu.eu\/de\/wp-json\/wp\/v2\/types\/event_listing"}],"wp:featuredmedia":[{"embeddable":true,"href":"https:\/\/meeteu.eu\/de\/wp-json\/wp\/v2\/media\/12307"}],"wp:attachment":[{"href":"https:\/\/meeteu.eu\/de\/wp-json\/wp\/v2\/media?parent=12306"}],"wp:term":[{"taxonomy":"event_listing_category","embeddable":true,"href":"https:\/\/meeteu.eu\/de\/wp-json\/wp\/v2\/event_listing_category?post=12306"},{"taxonomy":"event_listing_type","embeddable":true,"href":"https:\/\/meeteu.eu\/de\/wp-json\/wp\/v2\/event_listing_type?post=12306"}],"curies":[{"name":"wp","href":"https:\/\/api.w.org\/{rel}","templated":true}]}}