{"id":12067,"date":"2024-10-01T22:52:28","date_gmt":"2024-10-01T20:52:28","guid":{"rendered":"https:\/\/meeteu.eu\/?post_type=event_listing&#038;p=12067"},"modified":"2024-12-07T17:35:28","modified_gmt":"2024-12-07T16:35:28","slug":"how-to-stop-all-this-hate","status":"expired","type":"event_listing","link":"https:\/\/meeteu.eu\/de\/veranstaltung\/how-to-stop-all-this-hate\/","title":{"rendered":"Wie kann man diesen ganzen Hass stoppen?"},"content":{"rendered":"<p>Ob rassistische Kommentare in den sozialen Medien, geschlechtsspezifische Gewalt im \u00f6ffentlichen Raum oder politischer Extremismus: Dies sind nur einige Beispiele f\u00fcr den Hass in der Gesellschaft. Dieser Hass verursacht Ausgrenzung und Angst und bedroht unsere demokratische Lebensweise. Das ist inakzeptabel. Deshalb m\u00fcssen wir jetzt handeln. <\/p>\n\n\n\n<p>In unserer demokratischen Gesellschaft muss jeder seine Meinung frei \u00e4u\u00dfern k\u00f6nnen, ohne verbale oder physische Gewalt bef\u00fcrchten zu m\u00fcssen. Deshalb m\u00fcssen wir jetzt handeln. <\/p>\n\n\n\n<p>Gemeinsam mit Arun Mansukhani, TED-Talk-Redner und Experte f\u00fcr Traumapsychologie, und Tommasso Chiamparino, Politikexperte bei der Europ\u00e4ischen Kommission, wollen wir konkrete Vorschl\u00e4ge entwickeln, wie wir diesem wachsenden Hass in Europa begegnen k\u00f6nnen. <\/p>\n\n\n\n<p>Wir werden diese Vorschl\u00e4ge der Plattform f\u00fcr b\u00fcrgerschaftliches Engagement der Europ\u00e4ischen Kommission vorlegen. Wenn sie gen\u00fcgend Unterst\u00fctzung finden, werden sie bei der Ausarbeitung neuer Gesetze zur Bek\u00e4mpfung von gesellschaftlichem Hass ber\u00fccksichtigt.<\/p>\n\n\n\n<figure class=\"wp-block-image size-large is-resized\"><img decoding=\"async\" width=\"105\" height=\"28\" src=\"https:\/\/meeteu.eu\/wp-content\/uploads\/2024\/04\/Logo_Eurometropole_Strasbourg.svg\" alt=\"\" class=\"wp-image-11694\" style=\"width:302px;height:auto\"\/><figcaption class=\"wp-element-caption\"><em>Diese Veranstaltung wurde durch die Unterst\u00fctzung der Stadt Stra\u00dfburg erm\u00f6glicht<\/em><\/figcaption><\/figure>\n\n\n\n<p><\/p>","protected":false},"featured_media":12068,"template":"","meta":{"iawp_total_views":0},"event_listing_category":[],"event_listing_type":[],"class_list":["post-12067","event_listing","type-event_listing","status-expired","has-post-thumbnail","hentry"],"_links":{"self":[{"href":"https:\/\/meeteu.eu\/de\/wp-json\/wp\/v2\/event_listing\/12067","targetHints":{"allow":["GET"]}}],"collection":[{"href":"https:\/\/meeteu.eu\/de\/wp-json\/wp\/v2\/event_listing"}],"about":[{"href":"https:\/\/meeteu.eu\/de\/wp-json\/wp\/v2\/types\/event_listing"}],"wp:featuredmedia":[{"embeddable":true,"href":"https:\/\/meeteu.eu\/de\/wp-json\/wp\/v2\/media\/12068"}],"wp:attachment":[{"href":"https:\/\/meeteu.eu\/de\/wp-json\/wp\/v2\/media?parent=12067"}],"wp:term":[{"taxonomy":"event_listing_category","embeddable":true,"href":"https:\/\/meeteu.eu\/de\/wp-json\/wp\/v2\/event_listing_category?post=12067"},{"taxonomy":"event_listing_type","embeddable":true,"href":"https:\/\/meeteu.eu\/de\/wp-json\/wp\/v2\/event_listing_type?post=12067"}],"curies":[{"name":"wp","href":"https:\/\/api.w.org\/{rel}","templated":true}]}}